{"id":28725,"date":"2026-01-28T09:09:33","date_gmt":"2026-01-28T14:09:33","guid":{"rendered":"https:\/\/www.uartes.edu.ec\/sitio\/agua\/?post_type=tribe_events&#038;p=28725"},"modified":"2026-01-28T09:09:50","modified_gmt":"2026-01-28T14:09:50","slug":"concierto-de-titulacion-villancicos-y-motetes","status":"publish","type":"tribe_events","link":"https:\/\/www.uartes.edu.ec\/sitio\/agua\/evento\/concierto-de-titulacion-villancicos-y-motetes\/","title":{"rendered":"Concierto de titulaci\u00f3n: Villancicos y motetes"},"content":{"rendered":"<div  class=\"tribe-events-schedule tribe-clearfix\" >\n\t<p class=\"tribe-events-schedule__datetime\">\n\t\t<span class=\"tribe-events-schedule__date tribe-events-schedule__date--start\">\n\t\t\tenero 29\t\t<\/span>\n\n\t\t\t\t\t<span class=\"tribe-events-schedule__separator tribe-events-schedule__separator--date\">\n\t\t\t\t @ \t\t\t<\/span>\n\t\t\t<span class=\"tribe-events-schedule__time tribe-events-schedule__time--start\">\n\t\t\t\t5:15 pm\t\t\t<\/span>\n\t\t\n\t\t\t\t\t\t\t\t\t<span class=\"tribe-events-schedule__separator tribe-events-schedule__separator--time\">\n\t\t\t\t\t &#8211; \t\t\t\t<\/span>\n\t\t\t\n\t\t\t\t\t\t\t<span class=\"tribe-events-schedule__time tribe-events-schedule__time--end\">\n\t\t\t\t\t6:15 pm\t\t\t\t<\/span>\n\t\t\t\n\t\t\t\t\t\t<\/p>\n<\/div>\n\n\n<div  class=\"tribe-block tribe-block__event-price\" >\n\t\t\t<span class=\"tribe-block__event-price__cost\"> Gratuito <\/span>\n\t\t<\/div>\n\n\n<div class=\"tribe-events-event-image\"><img fetchpriority=\"high\" decoding=\"async\" width=\"1000\" height=\"1000\" src=\"https:\/\/www.uartes.edu.ec\/sitio\/agua\/wp-content\/uploads\/sites\/7\/NINFA-ALVAREZ.jpg\" class=\"attachment-full size-full wp-post-image\" alt=\"\" srcset=\"https:\/\/www.uartes.edu.ec\/sitio\/agua\/wp-content\/uploads\/sites\/7\/NINFA-ALVAREZ.jpg 1000w, https:\/\/www.uartes.edu.ec\/sitio\/agua\/wp-content\/uploads\/sites\/7\/NINFA-ALVAREZ-400x400.jpg 400w, https:\/\/www.uartes.edu.ec\/sitio\/agua\/wp-content\/uploads\/sites\/7\/NINFA-ALVAREZ-644x644.jpg 644w, https:\/\/www.uartes.edu.ec\/sitio\/agua\/wp-content\/uploads\/sites\/7\/NINFA-ALVAREZ-150x150.jpg 150w, https:\/\/www.uartes.edu.ec\/sitio\/agua\/wp-content\/uploads\/sites\/7\/NINFA-ALVAREZ-768x768.jpg 768w, https:\/\/www.uartes.edu.ec\/sitio\/agua\/wp-content\/uploads\/sites\/7\/NINFA-ALVAREZ-600x600.jpg 600w\" sizes=\"(max-width: 1000px) 100vw, 1000px\" \/><\/div>\n\n\n<p>Concierto de titulaci\u00f3n: Sincretismo musical e instrumental entre la cultura Mante\u00f1o-huancavilca tard\u00eda y la m\u00fasica europea secular del siglo XVI: Villancicos y motetes, de Ninfa \u00c1lvarez.<\/p>\n\n\n\n<p>El presente proyecto explora el encuentro sonoro entre las pr\u00e1cticas musicales prehisp\u00e1nicas de la cultura Mante\u00f1o-Huancavilca y las formas musicales europeas introducidas durante el per\u00edodo colonial temprano en el territorio ecuatoriano. Situado en la costa del siglo XVI, el trabajo reflexiona sobre la m\u00fasica como espacio de intercambio cultural, evangelizaci\u00f3n y resignificaci\u00f3n simb\u00f3lica. A partir del di\u00e1logo entre tradiciones ind\u00edgenas y occidentales, se indagan las posibilidades sonoras resultantes de la convergencia de timbres, instrumentos y concepciones est\u00e9ticas. Como resultado creativo, se desarrollan cuatro obras originales \u2014dos motetes y dos villancicos\u2014 que proponen una interpretaci\u00f3n art\u00edstica del mestizaje musical temprano hist\u00f3rico.<\/p>\n\n\n<div  class=\"tribe-block tribe-block__venue tribe-clearfix tribe-block__venue--has-map\" >\n\t\n\t\n<div class=\"tribe-block__venue__meta\">\n\t<div class=\"tribe-block__venue__name\">\n\t\t<h3><a href=\"http:\/\/www.uartes.edu.ec\/sitio\/agua\/mz14\/salon-patrimonial\/\" title=\"Sal\u00f3n Patrimonial\">Sal\u00f3n Patrimonial<\/a><\/h3>\n\t<\/div>\n\n\t\n\t\t\t\t\t\t<address class=\"tribe-block__venue__address\">\n\t\t\t\t<span class=\"tribe-address\">\n\n<span class=\"tribe-street-address\">MZ14, Panam\u00e1 y 9 de Octubre esquina<\/span>\n\t\n\t\t<br>\n\t\t<span class=\"tribe-locality\">Guayaquil<\/span><span class=\"tribe-delimiter\">,<\/span>\n\n\n\n\t<span class=\"tribe-country-name\">Ecuador<\/span>\n\n<\/span>\n\n\t\t\t\t\t\t\t\t\t<a class=\"tribe-events-gmap\" href=\"https:\/\/www.google.com\/maps\/search\/?api=1&#038;query=-2.192061169799%2C-79.880202669053\" title=\"Haz clic para ver un mapa de Google\" target=\"_blank\" rel=\"noreferrer noopener\">+ Google Map<\/a>\t\t\t\t\t\t\t<\/address>\n\t\t\n\t\t\n\t\t\t\n\t<\/div>\n\t\n<div class=\"tribe-block__venue__map\">\n\t\n<iframe\n  title=\"Iframe de Google Maps mostrando la direcci\u00f3n a Sal\u00f3n Patrimonial\"\n  aria-label=\"Mapa de ubicaci\u00f3n del recinto\"\n  width=\"310px\"\n  height=\"256px\"\n  frameborder=\"0\" style=\"border:0\"\n  src=\"https:\/\/www.google.com\/maps\/embed\/v1\/place?key=AIzaSyDNsicAsP6-VuGtAb1O9riI3oc_NOb7IOU&#038;q=MZ14%2C+Panam%C3%A1+y+9+de+Octubre+esquina+Guayaquil+Ecuador+&#038;zoom=15\" allowfullscreen>\n<\/iframe>\n<\/div>\n\n\t<\/div>\n","protected":false},"excerpt":{"rendered":"<p>Concierto de titulaci\u00f3n: Sincretismo musical e instrumental entre la cultura Mante\u00f1o-huancavilca tard\u00eda y la m\u00fasica europea secular del siglo XVI: Villancicos y motetes, de Ninfa \u00c1lvarez. El presente proyecto explora [&hellip;]<\/p>\n","protected":false},"author":1,"featured_media":28716,"template":"","meta":{"_tec_requires_first_save":false,"_uag_custom_page_level_css":"","_monsterinsights_skip_tracking":false,"_monsterinsights_sitenote_active":false,"_monsterinsights_sitenote_note":"","_monsterinsights_sitenote_category":0,"_EventAllDay":false,"_EventTimezone":"America\/Guayaquil","_EventStartDate":"2026-01-29 17:15:00","_EventEndDate":"2026-01-29 18:15:00","_EventStartDateUTC":"2026-01-29 22:15:00","_EventEndDateUTC":"2026-01-29 23:15:00","_EventShowMap":false,"_EventShowMapLink":false,"_EventURL":"","_EventCost":"0","_EventCostDescription":"","_EventCurrencySymbol":"$","_EventCurrencyCode":"USD","_EventCurrencyPosition":"prefix","_EventDateTimeSeparator":" @ ","_EventTimeRangeSeparator":" - ","_EventOrganizerID":[],"_EventVenueID":[17519],"_OrganizerEmail":"","_OrganizerPhone":"","_OrganizerWebsite":"","_VenueAddress":"","_VenueCity":"","_VenueCountry":"","_VenueProvince":"","_VenueState":"","_VenueZip":"","_VenuePhone":"","_VenueURL":"","_VenueStateProvince":"","_VenueLat":"","_VenueLng":"","_VenueShowMap":false,"_VenueShowMapLink":false,"_tribe_blocks_recurrence_rules":"","_tribe_blocks_recurrence_description":"","_tribe_blocks_recurrence_exclusions":"","cybocfi_hide_featured_image":"","_tribe_events_status":"","_tribe_events_status_reason":"","_tribe_events_is_hybrid":"","_tribe_events_is_virtual":"","_tribe_events_virtual_video_source":"","_tribe_events_virtual_embed_video":"","_tribe_events_virtual_linked_button_text":"","_tribe_events_virtual_linked_button":"","_tribe_events_virtual_show_embed_at":"","_tribe_events_virtual_show_embed_to":[],"_tribe_events_virtual_show_on_event":"","_tribe_events_virtual_show_on_views":"","_tribe_events_virtual_url":"","footnotes":""},"tags":[],"tribe_events_cat":[398,406],"class_list":["post-28725","tribe_events","type-tribe_events","status-publish","has-post-thumbnail","hentry","tribe_events_cat-concierto","tribe_events_cat-mz14","cat_concierto","cat_mz14"],"uagb_featured_image_src":{"full":["https:\/\/www.uartes.edu.ec\/sitio\/agua\/wp-content\/uploads\/sites\/7\/NINFA-ALVAREZ.jpg",1000,1000,false],"thumbnail":["https:\/\/www.uartes.edu.ec\/sitio\/agua\/wp-content\/uploads\/sites\/7\/NINFA-ALVAREZ-150x150.jpg",150,150,true],"medium":["https:\/\/www.uartes.edu.ec\/sitio\/agua\/wp-content\/uploads\/sites\/7\/NINFA-ALVAREZ-400x400.jpg",400,400,true],"medium_large":["https:\/\/www.uartes.edu.ec\/sitio\/agua\/wp-content\/uploads\/sites\/7\/NINFA-ALVAREZ-768x768.jpg",768,768,true],"large":["https:\/\/www.uartes.edu.ec\/sitio\/agua\/wp-content\/uploads\/sites\/7\/NINFA-ALVAREZ-644x644.jpg",644,644,true],"1536x1536":["https:\/\/www.uartes.edu.ec\/sitio\/agua\/wp-content\/uploads\/sites\/7\/NINFA-ALVAREZ.jpg",1000,1000,false],"2048x2048":["https:\/\/www.uartes.edu.ec\/sitio\/agua\/wp-content\/uploads\/sites\/7\/NINFA-ALVAREZ.jpg",1000,1000,false],"gb-block-post-grid-landscape":["https:\/\/www.uartes.edu.ec\/sitio\/agua\/wp-content\/uploads\/sites\/7\/NINFA-ALVAREZ-600x400.jpg",600,400,true],"gb-block-post-grid-square":["https:\/\/www.uartes.edu.ec\/sitio\/agua\/wp-content\/uploads\/sites\/7\/NINFA-ALVAREZ-600x600.jpg",600,600,true]},"uagb_author_info":{"display_name":"Universidad de las Artes","author_link":"https:\/\/www.uartes.edu.ec\/sitio\/agua\/author\/dircomadm\/"},"uagb_comment_info":0,"uagb_excerpt":"Concierto de titulaci\u00f3n: Sincretismo musical e instrumental entre la cultura Mante\u00f1o-huancavilca tard\u00eda y la m\u00fasica europea secular del siglo XVI: Villancicos y motetes, de Ninfa \u00c1lvarez. El presente proyecto explora [&hellip;]","distributor_meta":false,"distributor_terms":false,"distributor_media":false,"distributor_original_site_name":"Agua","distributor_original_site_url":"https:\/\/www.uartes.edu.ec\/sitio\/agua","push-errors":false,"_links":{"self":[{"href":"https:\/\/www.uartes.edu.ec\/sitio\/agua\/wp-json\/wp\/v2\/tribe_events\/28725","targetHints":{"allow":["GET"]}}],"collection":[{"href":"https:\/\/www.uartes.edu.ec\/sitio\/agua\/wp-json\/wp\/v2\/tribe_events"}],"about":[{"href":"https:\/\/www.uartes.edu.ec\/sitio\/agua\/wp-json\/wp\/v2\/types\/tribe_events"}],"author":[{"embeddable":true,"href":"https:\/\/www.uartes.edu.ec\/sitio\/agua\/wp-json\/wp\/v2\/users\/1"}],"version-history":[{"count":2,"href":"https:\/\/www.uartes.edu.ec\/sitio\/agua\/wp-json\/wp\/v2\/tribe_events\/28725\/revisions"}],"predecessor-version":[{"id":28731,"href":"https:\/\/www.uartes.edu.ec\/sitio\/agua\/wp-json\/wp\/v2\/tribe_events\/28725\/revisions\/28731"}],"wp:featuredmedia":[{"embeddable":true,"href":"https:\/\/www.uartes.edu.ec\/sitio\/agua\/wp-json\/wp\/v2\/media\/28716"}],"wp:attachment":[{"href":"https:\/\/www.uartes.edu.ec\/sitio\/agua\/wp-json\/wp\/v2\/media?parent=28725"}],"wp:term":[{"taxonomy":"post_tag","embeddable":true,"href":"https:\/\/www.uartes.edu.ec\/sitio\/agua\/wp-json\/wp\/v2\/tags?post=28725"},{"taxonomy":"tribe_events_cat","embeddable":true,"href":"https:\/\/www.uartes.edu.ec\/sitio\/agua\/wp-json\/wp\/v2\/tribe_events_cat?post=28725"}],"curies":[{"name":"wp","href":"https:\/\/api.w.org\/{rel}","templated":true}]}}