{"id":17923,"date":"2021-12-20T15:51:09","date_gmt":"2021-12-20T20:51:09","guid":{"rendered":"http:\/\/www.uartes.edu.ec\/sitio\/?post_type=docs&#038;p=17923"},"modified":"2026-01-29T16:03:36","modified_gmt":"2026-01-29T21:03:36","password":"","slug":"angela-arboleda-jimenez","status":"publish","type":"docs","link":"https:\/\/www.uartes.edu.ec\/sitio\/en\/docs\/angela-arboleda-jimenez\/","title":{"rendered":"\u00c1ngela Arboleda"},"content":{"rendered":"","protected":false},"excerpt":{"rendered":"<p>Gestora y artista &#8211; ECU<\/p>","protected":false},"author":1,"featured_media":84874,"comment_status":"open","ping_status":"closed","template":"","meta":{"_acf_changed":false,"_uag_custom_page_level_css":"","_monsterinsights_skip_tracking":false,"_monsterinsights_sitenote_active":false,"_monsterinsights_sitenote_note":"","_monsterinsights_sitenote_category":0,"cybocfi_hide_featured_image":"","footnotes":""},"doc_category":[585,263],"doc_tag":[812,1372],"class_list":["post-17923","docs","type-docs","status-publish","has-post-thumbnail","hentry","doc_category-creacion-teatral","doc_category-maestria-politicas-culturales","doc_tag-coordinador-politicas","doc_tag-interno"],"year_month":"2026-05","word_count":0,"total_views":0,"reactions":{"happy":0,"normal":0,"sad":0},"author_info":{"name":"Universidad de las Artes","author_nicename":"dircomadm","author_url":"https:\/\/www.uartes.edu.ec\/sitio\/en\/blog\/author\/dircomadm\/"},"doc_category_info":[{"term_name":"Creaci\u00f3n Teatral","term_url":"https:\/\/www.uartes.edu.ec\/sitio\/en\/docs-category\/creacion-teatral\/"},{"term_name":"Maestr\u00eda Politicas Culturales","term_url":"https:\/\/www.uartes.edu.ec\/sitio\/en\/docs-category\/maestria-politicas-culturales\/"}],"doc_tag_info":[{"term_name":"Coordinador Pol\u00edticas","term_url":"https:\/\/www.uartes.edu.ec\/sitio\/en\/docs-tag\/coordinador-politicas\/"},{"term_name":"Interno","term_url":"https:\/\/www.uartes.edu.ec\/sitio\/en\/docs-tag\/interno\/"}],"acf":{"dp_ciudad":"Guayaquil, Ecuador.","dp_email":"<a href=\"mailto:angela.arboleda@uartes.edu.ec\">angela.arboleda@uartes.edu.ec<\/a>","dp_cargo":["Docente"],"dp_perfil":"Fundadora de Corporaci\u00f3n Cultural Imaginario, trabajo en la investigaci\u00f3n y puesta en valor de la tradici\u00f3n oral, especialmente de la costa ecuatoriana. Con este material he creado diversidad de productos literarios, audiovisuales y esc\u00e9nicos. Debido a este inter\u00e9s he viajado por diversidad de g\u00e9neros (narraci\u00f3n oral esc\u00e9nica, danza teatro, danza contempor\u00e1nea, tango, flamenco, literatura, improvisaci\u00f3n esc\u00e9nica) buscando enriquecerme de cuanto me sea posible.\r\n\r\nHe trabajado por m\u00e1s de una d\u00e9cada en gesti\u00f3n cultural. Entre los productos que mayor reconocimiento han recibido est\u00e1n los encuentros internacionales \u201cUn cerro de cuentos\u201d y \u201cUn cerrito de cuentos\u201d, la Beca de formaci\u00f3n de narradores orales infantiles, \u201cAl Teatro en Bici\u201d y Ensamble de improvisaci\u00f3n interdisciplinar \u201cCulebra Cascabel\u201d","dp_estudios":"<ul>\r\n \t<li>Universidad de las Artes \u2013 Ecuador. M\u00e1ster en escritura creativa (en curso)<\/li>\r\n \t<li>Universidad de las Artes \u2013 Ecuador. Carrera de danza (en curso)<\/li>\r\n \t<li>Universidad de Barcelona - Espa\u00f1a. M\u00e1ster en construcci\u00f3n y representaci\u00f3n de identidades culturales con especialidad en Literatura, g\u00e9nero e identidad.<\/li>\r\n \t<li>Universidad Internacional de Catalu\u00f1a \u2013 Espa\u00f1a. Postrado en Gesti\u00f3n cultural.<\/li>\r\n \t<li>Universidad de Guayaquil \u2013 Ecuador. Licenciatura en Publicidad y Mercadotecnia.<\/li>\r\n \t<li>Universidad de Guayaquil \u2013 Ecuador. Licenciatura en Comunicaci\u00f3n Social<\/li>\r\n<\/ul>","dp_participaciones":"","dp_publicaciones":"<u>Publicaciones<\/u>\r\n<ul>\r\n \t<li><strong>Representaciones de mujer y miedo en la narraci\u00f3n oral ecuatoriana. <\/strong>(texto te\u00f3rico) Editorial de la Universidad de las Artes<\/li>\r\n \t<li><strong>Tu\u00e9tano. <\/strong>(texto literario) Editorial Doble Rostro<\/li>\r\n \t<li><strong>Hab\u00eda una vez en Samborond\u00f3n<\/strong>. (investigaci\u00f3n y recopilaci\u00f3n de cuentos y tradiciones.) Teatro S\u00e1nchez Aguilar, Municipio de Samborond\u00f3n<\/li>\r\n \t<li><strong>Historias de abuelos y cirg\u00fcelas<\/strong>, (investigaci\u00f3n y recopilaci\u00f3n de tradici\u00f3n oral).<\/li>\r\n \t<li><strong>Nadie sabe qu\u00e9 har\u00e1 ma\u00f1ana<\/strong>. (cuentos) Colecci\u00f3n Talleres Literarios del MAAC,<\/li>\r\n \t<li><strong>Leyendas y tradiciones orales del Ecuador<\/strong> (investigaci\u00f3n y recopilaci\u00f3n de tradici\u00f3n oral), Editorial Eskeletra<\/li>\r\n \t<li><strong>Mensaje en una botella<\/strong> (cuentos), Taller Literario del Banco Central del Ecuador<\/li>\r\n<\/ul>\r\n<u>Esc\u00e9nicas:<\/u>\r\n<ul>\r\n \t<li><strong>Esa mujer es la muerte<\/strong>, narraci\u00f3n oral comentada. (narradora) 2019<\/li>\r\n \t<li><strong>Vuelos<\/strong>, narraci\u00f3n oral y teatro, (narradora), premios Ministerio de Cultura 2017, 2018 y 2019.<\/li>\r\n \t<li><strong>Somos<\/strong>, narraci\u00f3n oral y teatro, (productora) 2018<\/li>\r\n \t<li><strong>Cuentos de elefantes y otros seres gigantes<\/strong>, narraci\u00f3n oral infantil (narradora) 2020<\/li>\r\n \t<li><strong>Una noche de cuentos<\/strong>, narraci\u00f3n oral esc\u00e9nica (directora) 2020<\/li>\r\n \t<li><strong>Por qu\u00e9 los hombres no juega<\/strong>, narraci\u00f3n oral esc\u00e9nica (productora) 2020<\/li>\r\n \t<li><strong>Cuentos para curar la ternura<\/strong>, narraci\u00f3n oral esc\u00e9nica (productora) 2020<\/li>\r\n \t<li><strong>El rev\u00e9s de la verdad<\/strong>, narraci\u00f3n oral esc\u00e9nica (productora) 2020<\/li>\r\n \t<li><strong>Ya no cuento como antes<\/strong>, narraci\u00f3n oral esc\u00e9nica (productora) 2020<\/li>\r\n<\/ul>","dp_intereses":"Me encuentro trabajando con la herramienta del teatro foro para poner en discusi\u00f3n ,entre las nuevas generaciones, temas relacionados a violencia de g\u00e9nero. As\u00ed mismo, conjuntando mi carrera de danza y mi maestr\u00eda en escritura creativa estoy trabajando en la creaci\u00f3n de un producto h\u00edbrido que d\u00e9 cuenta del cuerpo femenino y su envejecimiento en la escena.","dp_sitio_web":""},"yoast_head":"<!-- This site is optimized with the Yoast SEO plugin v27.4 - https:\/\/yoast.com\/product\/yoast-seo-wordpress\/ -->\n<title>\u00c1ngela Arboleda - Universidad de las Artes<\/title>\n<meta name=\"robots\" content=\"index, follow, max-snippet:-1, max-image-preview:large, max-video-preview:-1\" \/>\n<link rel=\"canonical\" href=\"https:\/\/www.uartes.edu.ec\/sitio\/en\/docs\/angela-arboleda-jimenez\/\" \/>\n<meta property=\"og:locale\" content=\"en_US\" \/>\n<meta property=\"og:type\" content=\"article\" \/>\n<meta property=\"og:title\" content=\"\u00c1ngela Arboleda - Universidad de las Artes\" \/>\n<meta property=\"og:description\" content=\"Gestora y artista - ECU\" \/>\n<meta property=\"og:url\" content=\"https:\/\/www.uartes.edu.ec\/sitio\/en\/docs\/angela-arboleda-jimenez\/\" \/>\n<meta property=\"og:site_name\" content=\"Universidad de las Artes\" \/>\n<meta property=\"article:publisher\" content=\"https:\/\/www.facebook.com\/uartesec\" \/>\n<meta property=\"article:modified_time\" content=\"2026-01-29T21:03:36+00:00\" \/>\n<meta property=\"og:image\" content=\"https:\/\/www.uartes.edu.ec\/sitio\/wp-content\/uploads\/2021\/12\/Angela-Arboleda.jpg\" \/>\n\t<meta property=\"og:image:width\" content=\"800\" \/>\n\t<meta property=\"og:image:height\" content=\"800\" \/>\n\t<meta property=\"og:image:type\" content=\"image\/jpeg\" \/>\n<meta name=\"twitter:card\" content=\"summary_large_image\" \/>\n<meta name=\"twitter:site\" content=\"@uartesec\" \/>\n<meta name=\"twitter:label1\" content=\"Est. reading time\" \/>\n\t<meta name=\"twitter:data1\" content=\"1 minute\" \/>\n<script type=\"application\/ld+json\" class=\"yoast-schema-graph\">{\"@context\":\"https:\\\/\\\/schema.org\",\"@graph\":[{\"@type\":\"WebPage\",\"@id\":\"https:\\\/\\\/www.uartes.edu.ec\\\/sitio\\\/en\\\/docs\\\/angela-arboleda-jimenez\\\/\",\"url\":\"https:\\\/\\\/www.uartes.edu.ec\\\/sitio\\\/en\\\/docs\\\/angela-arboleda-jimenez\\\/\",\"name\":\"\u00c1ngela Arboleda - Universidad de las Artes\",\"isPartOf\":{\"@id\":\"https:\\\/\\\/www.uartes.edu.ec\\\/sitio\\\/en\\\/#website\"},\"primaryImageOfPage\":{\"@id\":\"https:\\\/\\\/www.uartes.edu.ec\\\/sitio\\\/en\\\/docs\\\/angela-arboleda-jimenez\\\/#primaryimage\"},\"image\":{\"@id\":\"https:\\\/\\\/www.uartes.edu.ec\\\/sitio\\\/en\\\/docs\\\/angela-arboleda-jimenez\\\/#primaryimage\"},\"thumbnailUrl\":\"https:\\\/\\\/www.uartes.edu.ec\\\/sitio\\\/wp-content\\\/uploads\\\/2021\\\/12\\\/Coordinadora-MGCA-Angela-Arboleda.jpg\",\"datePublished\":\"2021-12-20T20:51:09+00:00\",\"dateModified\":\"2026-01-29T21:03:36+00:00\",\"breadcrumb\":{\"@id\":\"https:\\\/\\\/www.uartes.edu.ec\\\/sitio\\\/en\\\/docs\\\/angela-arboleda-jimenez\\\/#breadcrumb\"},\"inLanguage\":\"en-US\",\"potentialAction\":[{\"@type\":\"ReadAction\",\"target\":[\"https:\\\/\\\/www.uartes.edu.ec\\\/sitio\\\/en\\\/docs\\\/angela-arboleda-jimenez\\\/\"]}]},{\"@type\":\"ImageObject\",\"inLanguage\":\"en-US\",\"@id\":\"https:\\\/\\\/www.uartes.edu.ec\\\/sitio\\\/en\\\/docs\\\/angela-arboleda-jimenez\\\/#primaryimage\",\"url\":\"https:\\\/\\\/www.uartes.edu.ec\\\/sitio\\\/wp-content\\\/uploads\\\/2021\\\/12\\\/Coordinadora-MGCA-Angela-Arboleda.jpg\",\"contentUrl\":\"https:\\\/\\\/www.uartes.edu.ec\\\/sitio\\\/wp-content\\\/uploads\\\/2021\\\/12\\\/Coordinadora-MGCA-Angela-Arboleda.jpg\",\"width\":1000,\"height\":1000},{\"@type\":\"BreadcrumbList\",\"@id\":\"https:\\\/\\\/www.uartes.edu.ec\\\/sitio\\\/en\\\/docs\\\/angela-arboleda-jimenez\\\/#breadcrumb\",\"itemListElement\":[{\"@type\":\"ListItem\",\"position\":1,\"name\":\"Inicio\",\"item\":\"https:\\\/\\\/www.uartes.edu.ec\\\/sitio\\\/\"},{\"@type\":\"ListItem\",\"position\":2,\"name\":\"Docs\",\"item\":\"https:\\\/\\\/www.uartes.edu.ec\\\/sitio\\\/docs\\\/\"},{\"@type\":\"ListItem\",\"position\":3,\"name\":\"\u00c1ngela Arboleda Jim\u00e9nez\"}]},{\"@type\":\"WebSite\",\"@id\":\"https:\\\/\\\/www.uartes.edu.ec\\\/sitio\\\/en\\\/#website\",\"url\":\"https:\\\/\\\/www.uartes.edu.ec\\\/sitio\\\/en\\\/\",\"name\":\"Universidad de las Artes\",\"description\":\"Sitio oficial de la Universidad Nacional de las Artes del Ecuador\",\"publisher\":{\"@id\":\"https:\\\/\\\/www.uartes.edu.ec\\\/sitio\\\/en\\\/#organization\"},\"potentialAction\":[{\"@type\":\"SearchAction\",\"target\":{\"@type\":\"EntryPoint\",\"urlTemplate\":\"https:\\\/\\\/www.uartes.edu.ec\\\/sitio\\\/en\\\/?s={search_term_string}\"},\"query-input\":{\"@type\":\"PropertyValueSpecification\",\"valueRequired\":true,\"valueName\":\"search_term_string\"}}],\"inLanguage\":\"en-US\"},{\"@type\":\"Organization\",\"@id\":\"https:\\\/\\\/www.uartes.edu.ec\\\/sitio\\\/en\\\/#organization\",\"name\":\"Universidad de las Artes\",\"url\":\"https:\\\/\\\/www.uartes.edu.ec\\\/sitio\\\/en\\\/\",\"logo\":{\"@type\":\"ImageObject\",\"inLanguage\":\"en-US\",\"@id\":\"https:\\\/\\\/www.uartes.edu.ec\\\/sitio\\\/en\\\/#\\\/schema\\\/logo\\\/image\\\/\",\"url\":\"https:\\\/\\\/www.uartes.edu.ec\\\/sitio\\\/wp-content\\\/uploads\\\/2022\\\/07\\\/logo-ua-horizontal.png\",\"contentUrl\":\"https:\\\/\\\/www.uartes.edu.ec\\\/sitio\\\/wp-content\\\/uploads\\\/2022\\\/07\\\/logo-ua-horizontal.png\",\"width\":800,\"height\":276,\"caption\":\"Universidad de las Artes\"},\"image\":{\"@id\":\"https:\\\/\\\/www.uartes.edu.ec\\\/sitio\\\/en\\\/#\\\/schema\\\/logo\\\/image\\\/\"},\"sameAs\":[\"https:\\\/\\\/www.facebook.com\\\/uartesec\",\"https:\\\/\\\/x.com\\\/uartesec\",\"https:\\\/\\\/www.tiktok.com\\\/@uartesec\"]}]}<\/script>\n<!-- \/ Yoast SEO plugin. -->","yoast_head_json":{"title":"\u00c1ngela Arboleda - Universidad de las Artes","robots":{"index":"index","follow":"follow","max-snippet":"max-snippet:-1","max-image-preview":"max-image-preview:large","max-video-preview":"max-video-preview:-1"},"canonical":"https:\/\/www.uartes.edu.ec\/sitio\/en\/docs\/angela-arboleda-jimenez\/","og_locale":"en_US","og_type":"article","og_title":"\u00c1ngela Arboleda - Universidad de las Artes","og_description":"Gestora y artista - ECU","og_url":"https:\/\/www.uartes.edu.ec\/sitio\/en\/docs\/angela-arboleda-jimenez\/","og_site_name":"Universidad de las Artes","article_publisher":"https:\/\/www.facebook.com\/uartesec","article_modified_time":"2026-01-29T21:03:36+00:00","og_image":[{"width":800,"height":800,"url":"https:\/\/www.uartes.edu.ec\/sitio\/wp-content\/uploads\/2021\/12\/Angela-Arboleda.jpg","type":"image\/jpeg"}],"twitter_card":"summary_large_image","twitter_site":"@uartesec","twitter_misc":{"Est. reading time":"1 minute"},"schema":{"@context":"https:\/\/schema.org","@graph":[{"@type":"WebPage","@id":"https:\/\/www.uartes.edu.ec\/sitio\/en\/docs\/angela-arboleda-jimenez\/","url":"https:\/\/www.uartes.edu.ec\/sitio\/en\/docs\/angela-arboleda-jimenez\/","name":"\u00c1ngela Arboleda - Universidad de las Artes","isPartOf":{"@id":"https:\/\/www.uartes.edu.ec\/sitio\/en\/#website"},"primaryImageOfPage":{"@id":"https:\/\/www.uartes.edu.ec\/sitio\/en\/docs\/angela-arboleda-jimenez\/#primaryimage"},"image":{"@id":"https:\/\/www.uartes.edu.ec\/sitio\/en\/docs\/angela-arboleda-jimenez\/#primaryimage"},"thumbnailUrl":"https:\/\/www.uartes.edu.ec\/sitio\/wp-content\/uploads\/2021\/12\/Coordinadora-MGCA-Angela-Arboleda.jpg","datePublished":"2021-12-20T20:51:09+00:00","dateModified":"2026-01-29T21:03:36+00:00","breadcrumb":{"@id":"https:\/\/www.uartes.edu.ec\/sitio\/en\/docs\/angela-arboleda-jimenez\/#breadcrumb"},"inLanguage":"en-US","potentialAction":[{"@type":"ReadAction","target":["https:\/\/www.uartes.edu.ec\/sitio\/en\/docs\/angela-arboleda-jimenez\/"]}]},{"@type":"ImageObject","inLanguage":"en-US","@id":"https:\/\/www.uartes.edu.ec\/sitio\/en\/docs\/angela-arboleda-jimenez\/#primaryimage","url":"https:\/\/www.uartes.edu.ec\/sitio\/wp-content\/uploads\/2021\/12\/Coordinadora-MGCA-Angela-Arboleda.jpg","contentUrl":"https:\/\/www.uartes.edu.ec\/sitio\/wp-content\/uploads\/2021\/12\/Coordinadora-MGCA-Angela-Arboleda.jpg","width":1000,"height":1000},{"@type":"BreadcrumbList","@id":"https:\/\/www.uartes.edu.ec\/sitio\/en\/docs\/angela-arboleda-jimenez\/#breadcrumb","itemListElement":[{"@type":"ListItem","position":1,"name":"Inicio","item":"https:\/\/www.uartes.edu.ec\/sitio\/"},{"@type":"ListItem","position":2,"name":"Docs","item":"https:\/\/www.uartes.edu.ec\/sitio\/docs\/"},{"@type":"ListItem","position":3,"name":"\u00c1ngela Arboleda Jim\u00e9nez"}]},{"@type":"WebSite","@id":"https:\/\/www.uartes.edu.ec\/sitio\/en\/#website","url":"https:\/\/www.uartes.edu.ec\/sitio\/en\/","name":"Universidad de las Artes","description":"Sitio oficial de la Universidad Nacional de las Artes del Ecuador","publisher":{"@id":"https:\/\/www.uartes.edu.ec\/sitio\/en\/#organization"},"potentialAction":[{"@type":"SearchAction","target":{"@type":"EntryPoint","urlTemplate":"https:\/\/www.uartes.edu.ec\/sitio\/en\/?s={search_term_string}"},"query-input":{"@type":"PropertyValueSpecification","valueRequired":true,"valueName":"search_term_string"}}],"inLanguage":"en-US"},{"@type":"Organization","@id":"https:\/\/www.uartes.edu.ec\/sitio\/en\/#organization","name":"Universidad de las Artes","url":"https:\/\/www.uartes.edu.ec\/sitio\/en\/","logo":{"@type":"ImageObject","inLanguage":"en-US","@id":"https:\/\/www.uartes.edu.ec\/sitio\/en\/#\/schema\/logo\/image\/","url":"https:\/\/www.uartes.edu.ec\/sitio\/wp-content\/uploads\/2022\/07\/logo-ua-horizontal.png","contentUrl":"https:\/\/www.uartes.edu.ec\/sitio\/wp-content\/uploads\/2022\/07\/logo-ua-horizontal.png","width":800,"height":276,"caption":"Universidad de las Artes"},"image":{"@id":"https:\/\/www.uartes.edu.ec\/sitio\/en\/#\/schema\/logo\/image\/"},"sameAs":["https:\/\/www.facebook.com\/uartesec","https:\/\/x.com\/uartesec","https:\/\/www.tiktok.com\/@uartesec"]}]}},"uagb_featured_image_src":{"full":["https:\/\/www.uartes.edu.ec\/sitio\/wp-content\/uploads\/2021\/12\/Coordinadora-MGCA-Angela-Arboleda.jpg",1000,1000,false],"thumbnail":["https:\/\/www.uartes.edu.ec\/sitio\/wp-content\/uploads\/2021\/12\/Coordinadora-MGCA-Angela-Arboleda-150x150.jpg",150,150,true],"medium":["https:\/\/www.uartes.edu.ec\/sitio\/wp-content\/uploads\/2021\/12\/Coordinadora-MGCA-Angela-Arboleda-300x300.jpg",300,300,true],"medium_large":["https:\/\/www.uartes.edu.ec\/sitio\/wp-content\/uploads\/2021\/12\/Coordinadora-MGCA-Angela-Arboleda-768x768.jpg",768,768,true],"large":["https:\/\/www.uartes.edu.ec\/sitio\/wp-content\/uploads\/2021\/12\/Coordinadora-MGCA-Angela-Arboleda-644x644.jpg",644,644,true],"1536x1536":["https:\/\/www.uartes.edu.ec\/sitio\/wp-content\/uploads\/2021\/12\/Coordinadora-MGCA-Angela-Arboleda.jpg",1000,1000,false],"2048x2048":["https:\/\/www.uartes.edu.ec\/sitio\/wp-content\/uploads\/2021\/12\/Coordinadora-MGCA-Angela-Arboleda.jpg",1000,1000,false],"trp-custom-language-flag":["https:\/\/www.uartes.edu.ec\/sitio\/wp-content\/uploads\/2021\/12\/Coordinadora-MGCA-Angela-Arboleda-12x12.jpg",12,12,true],"htmega_size_585x295":["https:\/\/www.uartes.edu.ec\/sitio\/wp-content\/uploads\/2021\/12\/Coordinadora-MGCA-Angela-Arboleda-585x295.jpg",585,295,true],"htmega_size_1170x536":["https:\/\/www.uartes.edu.ec\/sitio\/wp-content\/uploads\/2021\/12\/Coordinadora-MGCA-Angela-Arboleda-1000x536.jpg",1000,536,true],"htmega_size_396x360":["https:\/\/www.uartes.edu.ec\/sitio\/wp-content\/uploads\/2021\/12\/Coordinadora-MGCA-Angela-Arboleda-396x360.jpg",396,360,true],"gb-block-post-grid-landscape":["https:\/\/www.uartes.edu.ec\/sitio\/wp-content\/uploads\/2021\/12\/Coordinadora-MGCA-Angela-Arboleda-600x400.jpg",600,400,true],"gb-block-post-grid-square":["https:\/\/www.uartes.edu.ec\/sitio\/wp-content\/uploads\/2021\/12\/Coordinadora-MGCA-Angela-Arboleda-600x600.jpg",600,600,true],"university-hub-thumb":["https:\/\/www.uartes.edu.ec\/sitio\/wp-content\/uploads\/2021\/12\/Coordinadora-MGCA-Angela-Arboleda-300x300.jpg",300,300,true]},"uagb_author_info":{"display_name":"Universidad de las Artes","author_link":"https:\/\/www.uartes.edu.ec\/sitio\/en\/blog\/author\/dircomadm\/"},"uagb_comment_info":0,"uagb_excerpt":"Gestora y artista - ECU","publishpress_future_workflow_manual_trigger":{"enabledWorkflows":[]},"distributor_meta":false,"distributor_terms":false,"distributor_media":false,"distributor_original_site_name":"Universidad de las Artes","distributor_original_site_url":"https:\/\/www.uartes.edu.ec\/sitio\/en","push-errors":false,"_links":{"self":[{"href":"https:\/\/www.uartes.edu.ec\/sitio\/en\/wp-json\/wp\/v2\/docs\/17923","targetHints":{"allow":["GET"]}}],"collection":[{"href":"https:\/\/www.uartes.edu.ec\/sitio\/en\/wp-json\/wp\/v2\/docs"}],"about":[{"href":"https:\/\/www.uartes.edu.ec\/sitio\/en\/wp-json\/wp\/v2\/types\/docs"}],"author":[{"embeddable":true,"href":"https:\/\/www.uartes.edu.ec\/sitio\/en\/wp-json\/wp\/v2\/users\/1"}],"replies":[{"embeddable":true,"href":"https:\/\/www.uartes.edu.ec\/sitio\/en\/wp-json\/wp\/v2\/comments?post=17923"}],"version-history":[{"count":5,"href":"https:\/\/www.uartes.edu.ec\/sitio\/en\/wp-json\/wp\/v2\/docs\/17923\/revisions"}],"predecessor-version":[{"id":85401,"href":"https:\/\/www.uartes.edu.ec\/sitio\/en\/wp-json\/wp\/v2\/docs\/17923\/revisions\/85401"}],"wp:featuredmedia":[{"embeddable":true,"href":"https:\/\/www.uartes.edu.ec\/sitio\/en\/wp-json\/wp\/v2\/media\/84874"}],"wp:attachment":[{"href":"https:\/\/www.uartes.edu.ec\/sitio\/en\/wp-json\/wp\/v2\/media?parent=17923"}],"wp:term":[{"taxonomy":"doc_category","embeddable":true,"href":"https:\/\/www.uartes.edu.ec\/sitio\/en\/wp-json\/wp\/v2\/doc_category?post=17923"},{"taxonomy":"doc_tag","embeddable":true,"href":"https:\/\/www.uartes.edu.ec\/sitio\/en\/wp-json\/wp\/v2\/doc_tag?post=17923"}],"curies":[{"name":"wp","href":"https:\/\/api.w.org\/{rel}","templated":true}]}}