{"id":18033,"date":"2021-12-21T12:07:55","date_gmt":"2021-12-21T17:07:55","guid":{"rendered":"http:\/\/www.uartes.edu.ec\/sitio\/?post_type=docs&#038;p=18033"},"modified":"2024-07-04T11:24:52","modified_gmt":"2024-07-04T16:24:52","password":"","slug":"elizabeth-alicia-medina-de-arrieta","status":"publish","type":"docs","link":"https:\/\/www.uartes.edu.ec\/sitio\/en\/docs\/elizabeth-alicia-medina-de-arrieta\/","title":{"rendered":"Elizabeth Alicia Medina de Arrieta"},"content":{"rendered":"","protected":false},"excerpt":{"rendered":"","protected":false},"author":1,"featured_media":16803,"comment_status":"open","ping_status":"closed","template":"","meta":{"_acf_changed":false,"_uag_custom_page_level_css":"","_monsterinsights_skip_tracking":false,"_monsterinsights_sitenote_active":false,"_monsterinsights_sitenote_note":"","_monsterinsights_sitenote_category":0,"cybocfi_hide_featured_image":"","footnotes":""},"doc_category":[584],"doc_tag":[],"class_list":["post-18033","docs","type-docs","status-publish","has-post-thumbnail","hentry","doc_category-danza"],"year_month":"2026-05","word_count":0,"total_views":0,"reactions":{"happy":0,"normal":0,"sad":0},"author_info":{"name":"Universidad de las Artes","author_nicename":"dircomadm","author_url":"https:\/\/www.uartes.edu.ec\/sitio\/en\/blog\/author\/dircomadm\/"},"doc_category_info":[{"term_name":"Danza","term_url":"https:\/\/www.uartes.edu.ec\/sitio\/en\/docs-category\/danza\/"}],"doc_tag_info":[],"acf":{"dp_ciudad":"Ciudad Ojeda, Venezuela.","dp_email":"<a href=\"mailto:elizabeth.medina@uartes.edu.ec\">elizabeth.medina@uartes.edu.ec<\/a>","dp_cargo":["Docente"],"dp_perfil":"Bailarina, Docente, Core\u00f3grafa.\r\n\r\nBailarina profesional en Danzaluz desde el a\u00f1o 1985. Realizaci\u00f3n de coreograf\u00edas para la C\u00eda. Danzaluz de 1998 al 2015. Experiencia docente reconocida en el \u00e1mbito educativo universitario desde el a\u00f1o 2001. Experiencia en producci\u00f3n y coordinaci\u00f3n general en encuentros y festivales en la Universidad del ZuliaVenezuela (1998-2015). Desde 2017 docente en la Escuela de Artes Esc\u00e9nicas en UARTES.","dp_estudios":"Licenciada en Danza menci\u00f3n Danza Contempor\u00e1nea (UNEARTE) y MSc. en Gesti\u00f3n Educativa (URBE).","dp_participaciones":"<ul>\r\n \t<li>2001. Premio Municipal de Danza, como mejor int\u00e9rprete de danza contempor\u00e1nea. Caracas-Venezuela.<\/li>\r\n \t<li>2010. Orden al M\u00e9rito Dr. Jes\u00fas Enrique Lossada en su Primera Clase. Universidad del Zulia. Venezuela.<\/li>\r\n \t<li>2015. Maestra Homenajeada en el XVII Festival Nacional de Creadores en Danza Paraguan\u00e1. Estado Falc\u00f3n-Venezuela.<\/li>\r\n<\/ul>","dp_publicaciones":"<ul>\r\n \t<li>Investigaci\u00f3n, Concepto, Coordinaci\u00f3n y Supervisi\u00f3n de la Edici\u00f3n del libro Digital Memorias de Danzaluz 1995 a 2014 (2014).<\/li>\r\n \t<li>Colaboradora en la secci\u00f3n investigativa del cuaderno de Danza Folcl\u00f3rica y Popular en el Estado Zulia (1993).<\/li>\r\n<\/ul>","dp_intereses":"Docencia y direcci\u00f3n coreogr\u00e1fica.","dp_sitio_web":"https:\/\/uartesec-my.sharepoint.com\/:f:\/g\/personal\/elizabeth_medina_uartes_edu_ec\/ErXxeYHPLodNgUqV_aHZGlkBHRqjFFFS9EOqxuSAcK0gyQ?e=3q7ZbI"},"yoast_head":"<!-- This site is optimized with the Yoast SEO plugin v27.4 - https:\/\/yoast.com\/product\/yoast-seo-wordpress\/ -->\n<title>Elizabeth Alicia Medina de Arrieta - Universidad de las Artes<\/title>\n<meta name=\"robots\" content=\"index, follow, max-snippet:-1, max-image-preview:large, max-video-preview:-1\" \/>\n<link rel=\"canonical\" href=\"https:\/\/www.uartes.edu.ec\/sitio\/en\/docs\/elizabeth-alicia-medina-de-arrieta\/\" \/>\n<meta property=\"og:locale\" content=\"en_US\" \/>\n<meta property=\"og:type\" content=\"article\" \/>\n<meta property=\"og:title\" content=\"Elizabeth Alicia Medina de Arrieta - Universidad de las Artes\" \/>\n<meta property=\"og:url\" content=\"https:\/\/www.uartes.edu.ec\/sitio\/en\/docs\/elizabeth-alicia-medina-de-arrieta\/\" \/>\n<meta property=\"og:site_name\" content=\"Universidad de las Artes\" \/>\n<meta property=\"article:publisher\" content=\"https:\/\/www.facebook.com\/uartesec\" \/>\n<meta property=\"article:modified_time\" content=\"2024-07-04T16:24:52+00:00\" \/>\n<meta property=\"og:image\" content=\"https:\/\/www.uartes.edu.ec\/sitio\/wp-content\/uploads\/2021\/11\/Elizabeth-Medina.jpg\" \/>\n\t<meta property=\"og:image:width\" content=\"136\" \/>\n\t<meta property=\"og:image:height\" content=\"136\" \/>\n\t<meta property=\"og:image:type\" content=\"image\/jpeg\" \/>\n<meta name=\"twitter:card\" content=\"summary_large_image\" \/>\n<meta name=\"twitter:site\" content=\"@uartesec\" \/>\n<script type=\"application\/ld+json\" class=\"yoast-schema-graph\">{\"@context\":\"https:\\\/\\\/schema.org\",\"@graph\":[{\"@type\":\"WebPage\",\"@id\":\"https:\\\/\\\/www.uartes.edu.ec\\\/sitio\\\/en\\\/docs\\\/elizabeth-alicia-medina-de-arrieta\\\/\",\"url\":\"https:\\\/\\\/www.uartes.edu.ec\\\/sitio\\\/en\\\/docs\\\/elizabeth-alicia-medina-de-arrieta\\\/\",\"name\":\"Elizabeth Alicia Medina de Arrieta - Universidad de las Artes\",\"isPartOf\":{\"@id\":\"https:\\\/\\\/www.uartes.edu.ec\\\/sitio\\\/en\\\/#website\"},\"primaryImageOfPage\":{\"@id\":\"https:\\\/\\\/www.uartes.edu.ec\\\/sitio\\\/en\\\/docs\\\/elizabeth-alicia-medina-de-arrieta\\\/#primaryimage\"},\"image\":{\"@id\":\"https:\\\/\\\/www.uartes.edu.ec\\\/sitio\\\/en\\\/docs\\\/elizabeth-alicia-medina-de-arrieta\\\/#primaryimage\"},\"thumbnailUrl\":\"https:\\\/\\\/www.uartes.edu.ec\\\/sitio\\\/wp-content\\\/uploads\\\/2021\\\/11\\\/Elizabeth-Medina.jpg\",\"datePublished\":\"2021-12-21T17:07:55+00:00\",\"dateModified\":\"2024-07-04T16:24:52+00:00\",\"breadcrumb\":{\"@id\":\"https:\\\/\\\/www.uartes.edu.ec\\\/sitio\\\/en\\\/docs\\\/elizabeth-alicia-medina-de-arrieta\\\/#breadcrumb\"},\"inLanguage\":\"en-US\",\"potentialAction\":[{\"@type\":\"ReadAction\",\"target\":[\"https:\\\/\\\/www.uartes.edu.ec\\\/sitio\\\/en\\\/docs\\\/elizabeth-alicia-medina-de-arrieta\\\/\"]}]},{\"@type\":\"ImageObject\",\"inLanguage\":\"en-US\",\"@id\":\"https:\\\/\\\/www.uartes.edu.ec\\\/sitio\\\/en\\\/docs\\\/elizabeth-alicia-medina-de-arrieta\\\/#primaryimage\",\"url\":\"https:\\\/\\\/www.uartes.edu.ec\\\/sitio\\\/wp-content\\\/uploads\\\/2021\\\/11\\\/Elizabeth-Medina.jpg\",\"contentUrl\":\"https:\\\/\\\/www.uartes.edu.ec\\\/sitio\\\/wp-content\\\/uploads\\\/2021\\\/11\\\/Elizabeth-Medina.jpg\",\"width\":136,\"height\":136},{\"@type\":\"BreadcrumbList\",\"@id\":\"https:\\\/\\\/www.uartes.edu.ec\\\/sitio\\\/en\\\/docs\\\/elizabeth-alicia-medina-de-arrieta\\\/#breadcrumb\",\"itemListElement\":[{\"@type\":\"ListItem\",\"position\":1,\"name\":\"Inicio\",\"item\":\"https:\\\/\\\/www.uartes.edu.ec\\\/sitio\\\/\"},{\"@type\":\"ListItem\",\"position\":2,\"name\":\"Docs\",\"item\":\"https:\\\/\\\/www.uartes.edu.ec\\\/sitio\\\/docs\\\/\"},{\"@type\":\"ListItem\",\"position\":3,\"name\":\"Elizabeth Alicia Medina de Arrieta\"}]},{\"@type\":\"WebSite\",\"@id\":\"https:\\\/\\\/www.uartes.edu.ec\\\/sitio\\\/en\\\/#website\",\"url\":\"https:\\\/\\\/www.uartes.edu.ec\\\/sitio\\\/en\\\/\",\"name\":\"Universidad de las Artes\",\"description\":\"Sitio oficial de la Universidad Nacional de las Artes del Ecuador\",\"publisher\":{\"@id\":\"https:\\\/\\\/www.uartes.edu.ec\\\/sitio\\\/en\\\/#organization\"},\"potentialAction\":[{\"@type\":\"SearchAction\",\"target\":{\"@type\":\"EntryPoint\",\"urlTemplate\":\"https:\\\/\\\/www.uartes.edu.ec\\\/sitio\\\/en\\\/?s={search_term_string}\"},\"query-input\":{\"@type\":\"PropertyValueSpecification\",\"valueRequired\":true,\"valueName\":\"search_term_string\"}}],\"inLanguage\":\"en-US\"},{\"@type\":\"Organization\",\"@id\":\"https:\\\/\\\/www.uartes.edu.ec\\\/sitio\\\/en\\\/#organization\",\"name\":\"Universidad de las Artes\",\"url\":\"https:\\\/\\\/www.uartes.edu.ec\\\/sitio\\\/en\\\/\",\"logo\":{\"@type\":\"ImageObject\",\"inLanguage\":\"en-US\",\"@id\":\"https:\\\/\\\/www.uartes.edu.ec\\\/sitio\\\/en\\\/#\\\/schema\\\/logo\\\/image\\\/\",\"url\":\"https:\\\/\\\/www.uartes.edu.ec\\\/sitio\\\/wp-content\\\/uploads\\\/2022\\\/07\\\/logo-ua-horizontal.png\",\"contentUrl\":\"https:\\\/\\\/www.uartes.edu.ec\\\/sitio\\\/wp-content\\\/uploads\\\/2022\\\/07\\\/logo-ua-horizontal.png\",\"width\":800,\"height\":276,\"caption\":\"Universidad de las Artes\"},\"image\":{\"@id\":\"https:\\\/\\\/www.uartes.edu.ec\\\/sitio\\\/en\\\/#\\\/schema\\\/logo\\\/image\\\/\"},\"sameAs\":[\"https:\\\/\\\/www.facebook.com\\\/uartesec\",\"https:\\\/\\\/x.com\\\/uartesec\",\"https:\\\/\\\/www.tiktok.com\\\/@uartesec\"]}]}<\/script>\n<!-- \/ Yoast SEO plugin. -->","yoast_head_json":{"title":"Elizabeth Alicia Medina de Arrieta - Universidad de las Artes","robots":{"index":"index","follow":"follow","max-snippet":"max-snippet:-1","max-image-preview":"max-image-preview:large","max-video-preview":"max-video-preview:-1"},"canonical":"https:\/\/www.uartes.edu.ec\/sitio\/en\/docs\/elizabeth-alicia-medina-de-arrieta\/","og_locale":"en_US","og_type":"article","og_title":"Elizabeth Alicia Medina de Arrieta - Universidad de las Artes","og_url":"https:\/\/www.uartes.edu.ec\/sitio\/en\/docs\/elizabeth-alicia-medina-de-arrieta\/","og_site_name":"Universidad de las Artes","article_publisher":"https:\/\/www.facebook.com\/uartesec","article_modified_time":"2024-07-04T16:24:52+00:00","og_image":[{"width":136,"height":136,"url":"https:\/\/www.uartes.edu.ec\/sitio\/wp-content\/uploads\/2021\/11\/Elizabeth-Medina.jpg","type":"image\/jpeg"}],"twitter_card":"summary_large_image","twitter_site":"@uartesec","schema":{"@context":"https:\/\/schema.org","@graph":[{"@type":"WebPage","@id":"https:\/\/www.uartes.edu.ec\/sitio\/en\/docs\/elizabeth-alicia-medina-de-arrieta\/","url":"https:\/\/www.uartes.edu.ec\/sitio\/en\/docs\/elizabeth-alicia-medina-de-arrieta\/","name":"Elizabeth Alicia Medina de Arrieta - Universidad de las Artes","isPartOf":{"@id":"https:\/\/www.uartes.edu.ec\/sitio\/en\/#website"},"primaryImageOfPage":{"@id":"https:\/\/www.uartes.edu.ec\/sitio\/en\/docs\/elizabeth-alicia-medina-de-arrieta\/#primaryimage"},"image":{"@id":"https:\/\/www.uartes.edu.ec\/sitio\/en\/docs\/elizabeth-alicia-medina-de-arrieta\/#primaryimage"},"thumbnailUrl":"https:\/\/www.uartes.edu.ec\/sitio\/wp-content\/uploads\/2021\/11\/Elizabeth-Medina.jpg","datePublished":"2021-12-21T17:07:55+00:00","dateModified":"2024-07-04T16:24:52+00:00","breadcrumb":{"@id":"https:\/\/www.uartes.edu.ec\/sitio\/en\/docs\/elizabeth-alicia-medina-de-arrieta\/#breadcrumb"},"inLanguage":"en-US","potentialAction":[{"@type":"ReadAction","target":["https:\/\/www.uartes.edu.ec\/sitio\/en\/docs\/elizabeth-alicia-medina-de-arrieta\/"]}]},{"@type":"ImageObject","inLanguage":"en-US","@id":"https:\/\/www.uartes.edu.ec\/sitio\/en\/docs\/elizabeth-alicia-medina-de-arrieta\/#primaryimage","url":"https:\/\/www.uartes.edu.ec\/sitio\/wp-content\/uploads\/2021\/11\/Elizabeth-Medina.jpg","contentUrl":"https:\/\/www.uartes.edu.ec\/sitio\/wp-content\/uploads\/2021\/11\/Elizabeth-Medina.jpg","width":136,"height":136},{"@type":"BreadcrumbList","@id":"https:\/\/www.uartes.edu.ec\/sitio\/en\/docs\/elizabeth-alicia-medina-de-arrieta\/#breadcrumb","itemListElement":[{"@type":"ListItem","position":1,"name":"Inicio","item":"https:\/\/www.uartes.edu.ec\/sitio\/"},{"@type":"ListItem","position":2,"name":"Docs","item":"https:\/\/www.uartes.edu.ec\/sitio\/docs\/"},{"@type":"ListItem","position":3,"name":"Elizabeth Alicia Medina de Arrieta"}]},{"@type":"WebSite","@id":"https:\/\/www.uartes.edu.ec\/sitio\/en\/#website","url":"https:\/\/www.uartes.edu.ec\/sitio\/en\/","name":"Universidad de las Artes","description":"Sitio oficial de la Universidad Nacional de las Artes del Ecuador","publisher":{"@id":"https:\/\/www.uartes.edu.ec\/sitio\/en\/#organization"},"potentialAction":[{"@type":"SearchAction","target":{"@type":"EntryPoint","urlTemplate":"https:\/\/www.uartes.edu.ec\/sitio\/en\/?s={search_term_string}"},"query-input":{"@type":"PropertyValueSpecification","valueRequired":true,"valueName":"search_term_string"}}],"inLanguage":"en-US"},{"@type":"Organization","@id":"https:\/\/www.uartes.edu.ec\/sitio\/en\/#organization","name":"Universidad de las Artes","url":"https:\/\/www.uartes.edu.ec\/sitio\/en\/","logo":{"@type":"ImageObject","inLanguage":"en-US","@id":"https:\/\/www.uartes.edu.ec\/sitio\/en\/#\/schema\/logo\/image\/","url":"https:\/\/www.uartes.edu.ec\/sitio\/wp-content\/uploads\/2022\/07\/logo-ua-horizontal.png","contentUrl":"https:\/\/www.uartes.edu.ec\/sitio\/wp-content\/uploads\/2022\/07\/logo-ua-horizontal.png","width":800,"height":276,"caption":"Universidad de las Artes"},"image":{"@id":"https:\/\/www.uartes.edu.ec\/sitio\/en\/#\/schema\/logo\/image\/"},"sameAs":["https:\/\/www.facebook.com\/uartesec","https:\/\/x.com\/uartesec","https:\/\/www.tiktok.com\/@uartesec"]}]}},"uagb_featured_image_src":{"full":["https:\/\/www.uartes.edu.ec\/sitio\/wp-content\/uploads\/2021\/11\/Elizabeth-Medina.jpg",136,136,false],"thumbnail":["https:\/\/www.uartes.edu.ec\/sitio\/wp-content\/uploads\/2021\/11\/Elizabeth-Medina.jpg",136,136,false],"medium":["https:\/\/www.uartes.edu.ec\/sitio\/wp-content\/uploads\/2021\/11\/Elizabeth-Medina.jpg",136,136,false],"medium_large":["https:\/\/www.uartes.edu.ec\/sitio\/wp-content\/uploads\/2021\/11\/Elizabeth-Medina.jpg",136,136,false],"large":["https:\/\/www.uartes.edu.ec\/sitio\/wp-content\/uploads\/2021\/11\/Elizabeth-Medina.jpg",136,136,false],"1536x1536":["https:\/\/www.uartes.edu.ec\/sitio\/wp-content\/uploads\/2021\/11\/Elizabeth-Medina.jpg",136,136,false],"2048x2048":["https:\/\/www.uartes.edu.ec\/sitio\/wp-content\/uploads\/2021\/11\/Elizabeth-Medina.jpg",136,136,false],"trp-custom-language-flag":["https:\/\/www.uartes.edu.ec\/sitio\/wp-content\/uploads\/2021\/11\/Elizabeth-Medina.jpg",12,12,false],"htmega_size_585x295":["https:\/\/www.uartes.edu.ec\/sitio\/wp-content\/uploads\/2021\/11\/Elizabeth-Medina.jpg",136,136,false],"htmega_size_1170x536":["https:\/\/www.uartes.edu.ec\/sitio\/wp-content\/uploads\/2021\/11\/Elizabeth-Medina.jpg",136,136,false],"htmega_size_396x360":["https:\/\/www.uartes.edu.ec\/sitio\/wp-content\/uploads\/2021\/11\/Elizabeth-Medina.jpg",136,136,false],"gb-block-post-grid-landscape":["https:\/\/www.uartes.edu.ec\/sitio\/wp-content\/uploads\/2021\/11\/Elizabeth-Medina.jpg",136,136,false],"gb-block-post-grid-square":["https:\/\/www.uartes.edu.ec\/sitio\/wp-content\/uploads\/2021\/11\/Elizabeth-Medina.jpg",136,136,false],"university-hub-thumb":["https:\/\/www.uartes.edu.ec\/sitio\/wp-content\/uploads\/2021\/11\/Elizabeth-Medina.jpg",136,136,false]},"uagb_author_info":{"display_name":"Universidad de las Artes","author_link":"https:\/\/www.uartes.edu.ec\/sitio\/en\/blog\/author\/dircomadm\/"},"uagb_comment_info":0,"uagb_excerpt":null,"publishpress_future_workflow_manual_trigger":{"enabledWorkflows":[]},"distributor_meta":false,"distributor_terms":false,"distributor_media":false,"distributor_original_site_name":"Universidad de las Artes","distributor_original_site_url":"https:\/\/www.uartes.edu.ec\/sitio\/en","push-errors":false,"_links":{"self":[{"href":"https:\/\/www.uartes.edu.ec\/sitio\/en\/wp-json\/wp\/v2\/docs\/18033","targetHints":{"allow":["GET"]}}],"collection":[{"href":"https:\/\/www.uartes.edu.ec\/sitio\/en\/wp-json\/wp\/v2\/docs"}],"about":[{"href":"https:\/\/www.uartes.edu.ec\/sitio\/en\/wp-json\/wp\/v2\/types\/docs"}],"author":[{"embeddable":true,"href":"https:\/\/www.uartes.edu.ec\/sitio\/en\/wp-json\/wp\/v2\/users\/1"}],"replies":[{"embeddable":true,"href":"https:\/\/www.uartes.edu.ec\/sitio\/en\/wp-json\/wp\/v2\/comments?post=18033"}],"version-history":[{"count":3,"href":"https:\/\/www.uartes.edu.ec\/sitio\/en\/wp-json\/wp\/v2\/docs\/18033\/revisions"}],"predecessor-version":[{"id":18039,"href":"https:\/\/www.uartes.edu.ec\/sitio\/en\/wp-json\/wp\/v2\/docs\/18033\/revisions\/18039"}],"wp:featuredmedia":[{"embeddable":true,"href":"https:\/\/www.uartes.edu.ec\/sitio\/en\/wp-json\/wp\/v2\/media\/16803"}],"wp:attachment":[{"href":"https:\/\/www.uartes.edu.ec\/sitio\/en\/wp-json\/wp\/v2\/media?parent=18033"}],"wp:term":[{"taxonomy":"doc_category","embeddable":true,"href":"https:\/\/www.uartes.edu.ec\/sitio\/en\/wp-json\/wp\/v2\/doc_category?post=18033"},{"taxonomy":"doc_tag","embeddable":true,"href":"https:\/\/www.uartes.edu.ec\/sitio\/en\/wp-json\/wp\/v2\/doc_tag?post=18033"}],"curies":[{"name":"wp","href":"https:\/\/api.w.org\/{rel}","templated":true}]}}