{"id":18059,"date":"2021-12-21T14:54:21","date_gmt":"2021-12-21T19:54:21","guid":{"rendered":"http:\/\/www.uartes.edu.ec\/sitio\/?post_type=docs&#038;p=18059"},"modified":"2024-07-04T11:24:52","modified_gmt":"2024-07-04T16:24:52","password":"","slug":"gloria-febres-cordero-carlo","status":"publish","type":"docs","link":"https:\/\/www.uartes.edu.ec\/sitio\/en\/docs\/gloria-febres-cordero-carlo\/","title":{"rendered":"Gloria Febres-Cordero Carlo"},"content":{"rendered":"","protected":false},"excerpt":{"rendered":"","protected":false},"author":1,"featured_media":18003,"comment_status":"open","ping_status":"closed","template":"","meta":{"_acf_changed":false,"_uag_custom_page_level_css":"","_monsterinsights_skip_tracking":false,"_monsterinsights_sitenote_active":false,"_monsterinsights_sitenote_note":"","_monsterinsights_sitenote_category":0,"cybocfi_hide_featured_image":"","footnotes":""},"doc_category":[584],"doc_tag":[],"class_list":["post-18059","docs","type-docs","status-publish","has-post-thumbnail","hentry","doc_category-danza"],"year_month":"2026-05","word_count":0,"total_views":0,"reactions":{"happy":0,"normal":0,"sad":0},"author_info":{"name":"Universidad de las Artes","author_nicename":"dircomadm","author_url":"https:\/\/www.uartes.edu.ec\/sitio\/en\/blog\/author\/dircomadm\/"},"doc_category_info":[{"term_name":"Danza","term_url":"https:\/\/www.uartes.edu.ec\/sitio\/en\/docs-category\/danza\/"}],"doc_tag_info":[],"acf":{"dp_ciudad":"Guayaquil, Ecuador.","dp_email":"<a href=\"mailto:gloria.febrescordero@uartes.edu.ec\">gloria.febrescordero@uartes.edu.ec <\/a>","dp_cargo":["Docente"],"dp_perfil":"Bailarina y bailaora activa.","dp_estudios":"Licenciada en Pedagog\u00eda Musical (Ecuador); Especializada en Pol\u00edticas Culturales y Gesti\u00f3n Cultural (M\u00e9xico); Certificada en Metodolog\u00eda Cubana para la Ense\u00f1anza del Ballet (Ecuador); Master en Danza y Artes del Movimiento (Espa\u00f1a).","dp_participaciones":"Ha participado con sus obras en festivales como FAAL, Fragmentos de Junio, ESPOL en Sonido y Movimiento, Bienal de Flamenco de Maracaibo, Festival de Flamenco en Lo Ferro Espa\u00f1a (invitada especial), Festival Decorrido Espa\u00f1a y ha bailado en escenarios de prestigiosas pe\u00f1as flamencas de Espa\u00f1a como: Pe\u00f1a Murcia Flamenca, Pe\u00f1a Juanito Villar en C\u00e1diz, Pe\u00f1a La Perla de C\u00e1diz, La Guarida del \u00c1ngel en Jerez. Considerada actualmente como la mejor bailaora flamenca del Ecuador. Por su metodolog\u00eda, su ejecuci\u00f3n esc\u00e9nica y por su visi\u00f3n como directora, ha sido referente para bailarines y m\u00fasicos del pa\u00eds.","dp_publicaciones":"","dp_intereses":"Sus intereses se dividen por una parte en potenciar el flamenco tradicional y la danza acad\u00e9mica desde el aula de clases y los escenarios y por otra parte, investigar problem\u00e1ticas en torno a temas sociales, memoria cultural y formaci\u00f3n de p\u00fablicos para las artes esc\u00e9nicas y, plantear soluciones desde la gesti\u00f3n cultural, la docencia y la creaci\u00f3n esc\u00e9nica.","dp_sitio_web":"FB gloriafebres-cordero carlo \/ TW @febres_gloria \/ IG @gloriafebrescordero"},"yoast_head":"<!-- This site is optimized with the Yoast SEO plugin v27.4 - https:\/\/yoast.com\/product\/yoast-seo-wordpress\/ -->\n<title>Gloria Febres-Cordero Carlo - Universidad de las Artes<\/title>\n<meta name=\"robots\" content=\"index, follow, max-snippet:-1, max-image-preview:large, max-video-preview:-1\" \/>\n<link rel=\"canonical\" href=\"https:\/\/www.uartes.edu.ec\/sitio\/en\/docs\/gloria-febres-cordero-carlo\/\" \/>\n<meta property=\"og:locale\" content=\"en_US\" \/>\n<meta property=\"og:type\" content=\"article\" \/>\n<meta property=\"og:title\" content=\"Gloria Febres-Cordero Carlo - Universidad de las Artes\" \/>\n<meta property=\"og:url\" content=\"https:\/\/www.uartes.edu.ec\/sitio\/en\/docs\/gloria-febres-cordero-carlo\/\" \/>\n<meta property=\"og:site_name\" content=\"Universidad de las Artes\" \/>\n<meta property=\"article:publisher\" content=\"https:\/\/www.facebook.com\/uartesec\" \/>\n<meta property=\"article:modified_time\" content=\"2024-07-04T16:24:52+00:00\" \/>\n<meta property=\"og:image\" content=\"https:\/\/www.uartes.edu.ec\/sitio\/wp-content\/uploads\/2021\/12\/dp-Gloria-Febres-Cordero-6.jpg\" \/>\n\t<meta property=\"og:image:width\" content=\"377\" \/>\n\t<meta property=\"og:image:height\" content=\"377\" \/>\n\t<meta property=\"og:image:type\" content=\"image\/jpeg\" \/>\n<meta name=\"twitter:card\" content=\"summary_large_image\" \/>\n<meta name=\"twitter:site\" content=\"@uartesec\" \/>\n<script type=\"application\/ld+json\" class=\"yoast-schema-graph\">{\"@context\":\"https:\\\/\\\/schema.org\",\"@graph\":[{\"@type\":\"WebPage\",\"@id\":\"https:\\\/\\\/www.uartes.edu.ec\\\/sitio\\\/en\\\/docs\\\/gloria-febres-cordero-carlo\\\/\",\"url\":\"https:\\\/\\\/www.uartes.edu.ec\\\/sitio\\\/en\\\/docs\\\/gloria-febres-cordero-carlo\\\/\",\"name\":\"Gloria Febres-Cordero Carlo - Universidad de las Artes\",\"isPartOf\":{\"@id\":\"https:\\\/\\\/www.uartes.edu.ec\\\/sitio\\\/en\\\/#website\"},\"primaryImageOfPage\":{\"@id\":\"https:\\\/\\\/www.uartes.edu.ec\\\/sitio\\\/en\\\/docs\\\/gloria-febres-cordero-carlo\\\/#primaryimage\"},\"image\":{\"@id\":\"https:\\\/\\\/www.uartes.edu.ec\\\/sitio\\\/en\\\/docs\\\/gloria-febres-cordero-carlo\\\/#primaryimage\"},\"thumbnailUrl\":\"https:\\\/\\\/www.uartes.edu.ec\\\/sitio\\\/wp-content\\\/uploads\\\/2021\\\/12\\\/dp-Gloria-Febres-Cordero-6.jpg\",\"datePublished\":\"2021-12-21T19:54:21+00:00\",\"dateModified\":\"2024-07-04T16:24:52+00:00\",\"breadcrumb\":{\"@id\":\"https:\\\/\\\/www.uartes.edu.ec\\\/sitio\\\/en\\\/docs\\\/gloria-febres-cordero-carlo\\\/#breadcrumb\"},\"inLanguage\":\"en-US\",\"potentialAction\":[{\"@type\":\"ReadAction\",\"target\":[\"https:\\\/\\\/www.uartes.edu.ec\\\/sitio\\\/en\\\/docs\\\/gloria-febres-cordero-carlo\\\/\"]}]},{\"@type\":\"ImageObject\",\"inLanguage\":\"en-US\",\"@id\":\"https:\\\/\\\/www.uartes.edu.ec\\\/sitio\\\/en\\\/docs\\\/gloria-febres-cordero-carlo\\\/#primaryimage\",\"url\":\"https:\\\/\\\/www.uartes.edu.ec\\\/sitio\\\/wp-content\\\/uploads\\\/2021\\\/12\\\/dp-Gloria-Febres-Cordero-6.jpg\",\"contentUrl\":\"https:\\\/\\\/www.uartes.edu.ec\\\/sitio\\\/wp-content\\\/uploads\\\/2021\\\/12\\\/dp-Gloria-Febres-Cordero-6.jpg\",\"width\":377,\"height\":377},{\"@type\":\"BreadcrumbList\",\"@id\":\"https:\\\/\\\/www.uartes.edu.ec\\\/sitio\\\/en\\\/docs\\\/gloria-febres-cordero-carlo\\\/#breadcrumb\",\"itemListElement\":[{\"@type\":\"ListItem\",\"position\":1,\"name\":\"Inicio\",\"item\":\"https:\\\/\\\/www.uartes.edu.ec\\\/sitio\\\/\"},{\"@type\":\"ListItem\",\"position\":2,\"name\":\"Docs\",\"item\":\"https:\\\/\\\/www.uartes.edu.ec\\\/sitio\\\/docs\\\/\"},{\"@type\":\"ListItem\",\"position\":3,\"name\":\"Gloria Febres-Cordero Carlo\"}]},{\"@type\":\"WebSite\",\"@id\":\"https:\\\/\\\/www.uartes.edu.ec\\\/sitio\\\/en\\\/#website\",\"url\":\"https:\\\/\\\/www.uartes.edu.ec\\\/sitio\\\/en\\\/\",\"name\":\"Universidad de las Artes\",\"description\":\"Sitio oficial de la Universidad Nacional de las Artes del Ecuador\",\"publisher\":{\"@id\":\"https:\\\/\\\/www.uartes.edu.ec\\\/sitio\\\/en\\\/#organization\"},\"potentialAction\":[{\"@type\":\"SearchAction\",\"target\":{\"@type\":\"EntryPoint\",\"urlTemplate\":\"https:\\\/\\\/www.uartes.edu.ec\\\/sitio\\\/en\\\/?s={search_term_string}\"},\"query-input\":{\"@type\":\"PropertyValueSpecification\",\"valueRequired\":true,\"valueName\":\"search_term_string\"}}],\"inLanguage\":\"en-US\"},{\"@type\":\"Organization\",\"@id\":\"https:\\\/\\\/www.uartes.edu.ec\\\/sitio\\\/en\\\/#organization\",\"name\":\"Universidad de las Artes\",\"url\":\"https:\\\/\\\/www.uartes.edu.ec\\\/sitio\\\/en\\\/\",\"logo\":{\"@type\":\"ImageObject\",\"inLanguage\":\"en-US\",\"@id\":\"https:\\\/\\\/www.uartes.edu.ec\\\/sitio\\\/en\\\/#\\\/schema\\\/logo\\\/image\\\/\",\"url\":\"https:\\\/\\\/www.uartes.edu.ec\\\/sitio\\\/wp-content\\\/uploads\\\/2022\\\/07\\\/logo-ua-horizontal.png\",\"contentUrl\":\"https:\\\/\\\/www.uartes.edu.ec\\\/sitio\\\/wp-content\\\/uploads\\\/2022\\\/07\\\/logo-ua-horizontal.png\",\"width\":800,\"height\":276,\"caption\":\"Universidad de las Artes\"},\"image\":{\"@id\":\"https:\\\/\\\/www.uartes.edu.ec\\\/sitio\\\/en\\\/#\\\/schema\\\/logo\\\/image\\\/\"},\"sameAs\":[\"https:\\\/\\\/www.facebook.com\\\/uartesec\",\"https:\\\/\\\/x.com\\\/uartesec\",\"https:\\\/\\\/www.tiktok.com\\\/@uartesec\"]}]}<\/script>\n<!-- \/ Yoast SEO plugin. -->","yoast_head_json":{"title":"Gloria Febres-Cordero Carlo - Universidad de las Artes","robots":{"index":"index","follow":"follow","max-snippet":"max-snippet:-1","max-image-preview":"max-image-preview:large","max-video-preview":"max-video-preview:-1"},"canonical":"https:\/\/www.uartes.edu.ec\/sitio\/en\/docs\/gloria-febres-cordero-carlo\/","og_locale":"en_US","og_type":"article","og_title":"Gloria Febres-Cordero Carlo - Universidad de las Artes","og_url":"https:\/\/www.uartes.edu.ec\/sitio\/en\/docs\/gloria-febres-cordero-carlo\/","og_site_name":"Universidad de las Artes","article_publisher":"https:\/\/www.facebook.com\/uartesec","article_modified_time":"2024-07-04T16:24:52+00:00","og_image":[{"width":377,"height":377,"url":"https:\/\/www.uartes.edu.ec\/sitio\/wp-content\/uploads\/2021\/12\/dp-Gloria-Febres-Cordero-6.jpg","type":"image\/jpeg"}],"twitter_card":"summary_large_image","twitter_site":"@uartesec","schema":{"@context":"https:\/\/schema.org","@graph":[{"@type":"WebPage","@id":"https:\/\/www.uartes.edu.ec\/sitio\/en\/docs\/gloria-febres-cordero-carlo\/","url":"https:\/\/www.uartes.edu.ec\/sitio\/en\/docs\/gloria-febres-cordero-carlo\/","name":"Gloria Febres-Cordero Carlo - Universidad de las Artes","isPartOf":{"@id":"https:\/\/www.uartes.edu.ec\/sitio\/en\/#website"},"primaryImageOfPage":{"@id":"https:\/\/www.uartes.edu.ec\/sitio\/en\/docs\/gloria-febres-cordero-carlo\/#primaryimage"},"image":{"@id":"https:\/\/www.uartes.edu.ec\/sitio\/en\/docs\/gloria-febres-cordero-carlo\/#primaryimage"},"thumbnailUrl":"https:\/\/www.uartes.edu.ec\/sitio\/wp-content\/uploads\/2021\/12\/dp-Gloria-Febres-Cordero-6.jpg","datePublished":"2021-12-21T19:54:21+00:00","dateModified":"2024-07-04T16:24:52+00:00","breadcrumb":{"@id":"https:\/\/www.uartes.edu.ec\/sitio\/en\/docs\/gloria-febres-cordero-carlo\/#breadcrumb"},"inLanguage":"en-US","potentialAction":[{"@type":"ReadAction","target":["https:\/\/www.uartes.edu.ec\/sitio\/en\/docs\/gloria-febres-cordero-carlo\/"]}]},{"@type":"ImageObject","inLanguage":"en-US","@id":"https:\/\/www.uartes.edu.ec\/sitio\/en\/docs\/gloria-febres-cordero-carlo\/#primaryimage","url":"https:\/\/www.uartes.edu.ec\/sitio\/wp-content\/uploads\/2021\/12\/dp-Gloria-Febres-Cordero-6.jpg","contentUrl":"https:\/\/www.uartes.edu.ec\/sitio\/wp-content\/uploads\/2021\/12\/dp-Gloria-Febres-Cordero-6.jpg","width":377,"height":377},{"@type":"BreadcrumbList","@id":"https:\/\/www.uartes.edu.ec\/sitio\/en\/docs\/gloria-febres-cordero-carlo\/#breadcrumb","itemListElement":[{"@type":"ListItem","position":1,"name":"Inicio","item":"https:\/\/www.uartes.edu.ec\/sitio\/"},{"@type":"ListItem","position":2,"name":"Docs","item":"https:\/\/www.uartes.edu.ec\/sitio\/docs\/"},{"@type":"ListItem","position":3,"name":"Gloria Febres-Cordero Carlo"}]},{"@type":"WebSite","@id":"https:\/\/www.uartes.edu.ec\/sitio\/en\/#website","url":"https:\/\/www.uartes.edu.ec\/sitio\/en\/","name":"Universidad de las Artes","description":"Sitio oficial de la Universidad Nacional de las Artes del Ecuador","publisher":{"@id":"https:\/\/www.uartes.edu.ec\/sitio\/en\/#organization"},"potentialAction":[{"@type":"SearchAction","target":{"@type":"EntryPoint","urlTemplate":"https:\/\/www.uartes.edu.ec\/sitio\/en\/?s={search_term_string}"},"query-input":{"@type":"PropertyValueSpecification","valueRequired":true,"valueName":"search_term_string"}}],"inLanguage":"en-US"},{"@type":"Organization","@id":"https:\/\/www.uartes.edu.ec\/sitio\/en\/#organization","name":"Universidad de las Artes","url":"https:\/\/www.uartes.edu.ec\/sitio\/en\/","logo":{"@type":"ImageObject","inLanguage":"en-US","@id":"https:\/\/www.uartes.edu.ec\/sitio\/en\/#\/schema\/logo\/image\/","url":"https:\/\/www.uartes.edu.ec\/sitio\/wp-content\/uploads\/2022\/07\/logo-ua-horizontal.png","contentUrl":"https:\/\/www.uartes.edu.ec\/sitio\/wp-content\/uploads\/2022\/07\/logo-ua-horizontal.png","width":800,"height":276,"caption":"Universidad de las Artes"},"image":{"@id":"https:\/\/www.uartes.edu.ec\/sitio\/en\/#\/schema\/logo\/image\/"},"sameAs":["https:\/\/www.facebook.com\/uartesec","https:\/\/x.com\/uartesec","https:\/\/www.tiktok.com\/@uartesec"]}]}},"uagb_featured_image_src":{"full":["https:\/\/www.uartes.edu.ec\/sitio\/wp-content\/uploads\/2021\/12\/dp-Gloria-Febres-Cordero-6.jpg",377,377,false],"thumbnail":["https:\/\/www.uartes.edu.ec\/sitio\/wp-content\/uploads\/2021\/12\/dp-Gloria-Febres-Cordero-6-150x150.jpg",150,150,true],"medium":["https:\/\/www.uartes.edu.ec\/sitio\/wp-content\/uploads\/2021\/12\/dp-Gloria-Febres-Cordero-6-300x300.jpg",300,300,true],"medium_large":["https:\/\/www.uartes.edu.ec\/sitio\/wp-content\/uploads\/2021\/12\/dp-Gloria-Febres-Cordero-6.jpg",377,377,false],"large":["https:\/\/www.uartes.edu.ec\/sitio\/wp-content\/uploads\/2021\/12\/dp-Gloria-Febres-Cordero-6.jpg",377,377,false],"1536x1536":["https:\/\/www.uartes.edu.ec\/sitio\/wp-content\/uploads\/2021\/12\/dp-Gloria-Febres-Cordero-6.jpg",377,377,false],"2048x2048":["https:\/\/www.uartes.edu.ec\/sitio\/wp-content\/uploads\/2021\/12\/dp-Gloria-Febres-Cordero-6.jpg",377,377,false],"trp-custom-language-flag":["https:\/\/www.uartes.edu.ec\/sitio\/wp-content\/uploads\/2021\/12\/dp-Gloria-Febres-Cordero-6.jpg",12,12,false],"htmega_size_585x295":["https:\/\/www.uartes.edu.ec\/sitio\/wp-content\/uploads\/2021\/12\/dp-Gloria-Febres-Cordero-6.jpg",295,295,false],"htmega_size_1170x536":["https:\/\/www.uartes.edu.ec\/sitio\/wp-content\/uploads\/2021\/12\/dp-Gloria-Febres-Cordero-6.jpg",377,377,false],"htmega_size_396x360":["https:\/\/www.uartes.edu.ec\/sitio\/wp-content\/uploads\/2021\/12\/dp-Gloria-Febres-Cordero-6.jpg",360,360,false],"gb-block-post-grid-landscape":["https:\/\/www.uartes.edu.ec\/sitio\/wp-content\/uploads\/2021\/12\/dp-Gloria-Febres-Cordero-6.jpg",377,377,false],"gb-block-post-grid-square":["https:\/\/www.uartes.edu.ec\/sitio\/wp-content\/uploads\/2021\/12\/dp-Gloria-Febres-Cordero-6.jpg",377,377,false],"university-hub-thumb":["https:\/\/www.uartes.edu.ec\/sitio\/wp-content\/uploads\/2021\/12\/dp-Gloria-Febres-Cordero-6-300x300.jpg",300,300,true]},"uagb_author_info":{"display_name":"Universidad de las Artes","author_link":"https:\/\/www.uartes.edu.ec\/sitio\/en\/blog\/author\/dircomadm\/"},"uagb_comment_info":0,"uagb_excerpt":null,"publishpress_future_workflow_manual_trigger":{"enabledWorkflows":[]},"distributor_meta":false,"distributor_terms":false,"distributor_media":false,"distributor_original_site_name":"Universidad de las Artes","distributor_original_site_url":"https:\/\/www.uartes.edu.ec\/sitio\/en","push-errors":false,"_links":{"self":[{"href":"https:\/\/www.uartes.edu.ec\/sitio\/en\/wp-json\/wp\/v2\/docs\/18059","targetHints":{"allow":["GET"]}}],"collection":[{"href":"https:\/\/www.uartes.edu.ec\/sitio\/en\/wp-json\/wp\/v2\/docs"}],"about":[{"href":"https:\/\/www.uartes.edu.ec\/sitio\/en\/wp-json\/wp\/v2\/types\/docs"}],"author":[{"embeddable":true,"href":"https:\/\/www.uartes.edu.ec\/sitio\/en\/wp-json\/wp\/v2\/users\/1"}],"replies":[{"embeddable":true,"href":"https:\/\/www.uartes.edu.ec\/sitio\/en\/wp-json\/wp\/v2\/comments?post=18059"}],"version-history":[{"count":3,"href":"https:\/\/www.uartes.edu.ec\/sitio\/en\/wp-json\/wp\/v2\/docs\/18059\/revisions"}],"predecessor-version":[{"id":18067,"href":"https:\/\/www.uartes.edu.ec\/sitio\/en\/wp-json\/wp\/v2\/docs\/18059\/revisions\/18067"}],"wp:featuredmedia":[{"embeddable":true,"href":"https:\/\/www.uartes.edu.ec\/sitio\/en\/wp-json\/wp\/v2\/media\/18003"}],"wp:attachment":[{"href":"https:\/\/www.uartes.edu.ec\/sitio\/en\/wp-json\/wp\/v2\/media?parent=18059"}],"wp:term":[{"taxonomy":"doc_category","embeddable":true,"href":"https:\/\/www.uartes.edu.ec\/sitio\/en\/wp-json\/wp\/v2\/doc_category?post=18059"},{"taxonomy":"doc_tag","embeddable":true,"href":"https:\/\/www.uartes.edu.ec\/sitio\/en\/wp-json\/wp\/v2\/doc_tag?post=18059"}],"curies":[{"name":"wp","href":"https:\/\/api.w.org\/{rel}","templated":true}]}}