{"id":18133,"date":"2021-12-22T08:26:34","date_gmt":"2021-12-22T13:26:34","guid":{"rendered":"http:\/\/www.uartes.edu.ec\/sitio\/?post_type=docs&#038;p=18133"},"modified":"2024-07-04T11:24:51","modified_gmt":"2024-07-04T16:24:51","password":"","slug":"arsenio-cadena-espinel","status":"publish","type":"docs","link":"https:\/\/www.uartes.edu.ec\/sitio\/en\/docs\/arsenio-cadena-espinel\/","title":{"rendered":"Arsenio Cadena Espinel"},"content":{"rendered":"","protected":false},"excerpt":{"rendered":"","protected":false},"author":1,"featured_media":18097,"comment_status":"open","ping_status":"closed","template":"","meta":{"_acf_changed":false,"_uag_custom_page_level_css":"","_monsterinsights_skip_tracking":false,"_monsterinsights_sitenote_active":false,"_monsterinsights_sitenote_note":"","_monsterinsights_sitenote_category":0,"cybocfi_hide_featured_image":"","footnotes":""},"doc_category":[580],"doc_tag":[],"class_list":["post-18133","docs","type-docs","status-publish","has-post-thumbnail","hentry","doc_category-cine"],"year_month":"2026-05","word_count":0,"total_views":0,"reactions":{"happy":0,"normal":0,"sad":0},"author_info":{"name":"Universidad de las Artes","author_nicename":"dircomadm","author_url":"https:\/\/www.uartes.edu.ec\/sitio\/en\/blog\/author\/dircomadm\/"},"doc_category_info":[{"term_name":"Cine","term_url":"https:\/\/www.uartes.edu.ec\/sitio\/en\/docs-category\/cine\/"}],"doc_tag_info":[],"acf":{"dp_ciudad":"Quito, Ecuador.","dp_email":"<a href=\"mailto:arsenio.cadena@uartes.edu.ec\">arsenio.cadena@uartes.edu.ec<\/a>","dp_cargo":["Docente"],"dp_perfil":"Apasionado por el sonido, con m\u00e1s de 20 a\u00f1os de trayectoria en pel\u00edculas nacionales e internacionales, en sonido directo, dise\u00f1o de sonido y mezcla. Se ha desempe\u00f1ado como realizador y editor, en varios proyectos cinematogr\u00e1ficos y en la exploraci\u00f3n y experimentaci\u00f3n del arte sonoro. En el campo de la docencia, ha impartido talleres y cursos a nivel internacional en pa\u00edses como: M\u00e9xico, Colombia, Cuba y Centroam\u00e9rica y actualmente se desempa\u00f1a como docente de sonido en la escuela de cine de la Universidad de las Artes en Ecuador.","dp_estudios":"Su formaci\u00f3n la realiz\u00f3 en la Escuela Internacional de Cine y Tv de Cuba, EICTV, en la especialidad de sonido (2000). Curso de perfeccionamiento de Sonido Directo en la\u00a0\u00a0 \u00a8Scuola Sperimentale de Cinematograf\u00eda de Roma, ITALIA \u00a02007.\u00a0 Taller Internacional de altos estudios - Edici\u00f3n de Di\u00e1logos para cine - impartido por\u00a0\u00a0 John Purcell en la EICTV \u2013 Cuba - 2009.","dp_participaciones":"<strong>Premios:<\/strong>\r\n<ul>\r\n \t<li><strong>Mejor sonido<\/strong> por el cortometraje Ciclo de Carga. Festival del cortometraje peruano. 2021<\/li>\r\n \t<li><strong>Mejor m\u00fasica<\/strong> (creaci\u00f3n sonora) por el documental \u00a8Persistencia\u00a8 Festival Internacional de Cine de los Pa\u00edses del Sur del Mundo\u00a0(FIC SUR). Argentina. 2017.<\/li>\r\n \t<li><strong>Mejor dise\u00f1o de sonido <\/strong>por el documental \u201cLa tola Box\u201d 2016. Premio Colibr\u00ed. 2015.<\/li>\r\n \t<li><strong>Mejor cortometraje.<\/strong> Segundo lugar, Kurikinki. Prime and fire Inglaterra. 2015.<\/li>\r\n \t<li><strong>Mejor cortometraje. <\/strong>Tercer lugar kurikinki. Festival de cine de aventura. Ecuador. 2015<\/li>\r\n<\/ul>","dp_publicaciones":"<strong>Obras representativas:<\/strong>\r\n<ul>\r\n \t<li><strong>El rumor del quilinda\u00f1a<\/strong>. Largometraje. (director).\u00a0 Proyecto de investigaci\u00f3n \u2013 U artes. Ecuador.\u00a0 2021.<\/li>\r\n \t<li><strong>Obacham<\/strong>.\u00a0 Cortometraje. (mezcla y dise\u00f1o sonoro cortometraje). M\u00e9xico \u2013 Jap\u00f3n.<\/li>\r\n \t<li><strong>Un grito en el silencio<\/strong>. Largometraje. (foley arts.). Colombia. 2020<\/li>\r\n \t<li><strong>Ciclo de carga<\/strong>. Cortometraje. (dise\u00f1o sonoro y mezcla). Iquitos- Per\u00fa.\u00a0 2020<\/li>\r\n \t<li><strong>Big bang.<\/strong>\u00a0 Largometraje. (dise\u00f1o sonoro y mezcla). Ecuador. 2019<\/li>\r\n \t<li><strong>Sour lake.<\/strong> Cortometraje \u2013 Uartes proyecto de investigaci\u00f3n.(dise\u00f1o sonoro y mezcla). Ecuador. 2019.<\/li>\r\n \t<li><strong>Un trozo de azul.<\/strong> Largometraje. (sonido directo y dise\u00f1o de sonido). Nicaragua. 2018<\/li>\r\n \t<li><strong>Persistencia.<\/strong> Largometraje. (dise\u00f1o sonoro). Ecuador. 2017<\/li>\r\n \t<li><strong>Delf\u00edn hasta el fin.<\/strong> Largometraje - proyecto de investigaci\u00f3n - U artes. (dise\u00f1o sonoro y mezcla). Ecuador. 2017<\/li>\r\n \t<li><strong>Quijotes negros<\/strong>. Largometraje (sonido directo, dise\u00f1o de sonido). Ecuador. 2016<\/li>\r\n \t<li><strong>La tola box.<\/strong> Largometraje. (dise\u00f1o de sonido). Ecuador. 2015<\/li>\r\n \t<li><strong>Kurikinki.<\/strong> Cortometraje. (director). Ecuador. 2015<\/li>\r\n \t<li><strong>La pantalla desnuda.<\/strong> Largometraje. (sonido directo). \u00a0Nicaragua. 2014<\/li>\r\n \t<li><strong>Cr\u00f3nicas de samborond\u00f3n<\/strong>. Largometraje. (editor). Ecuador. 2013<\/li>\r\n \t<li><strong>La eterna noche de las doce lunas<\/strong>. Largometraje. (foley arts.). Colombia. 2013<\/li>\r\n \t<li><strong>Sin oto\u00f1o sin primavera.<\/strong> Largometraje. (dise\u00f1o de sonido). 2012<\/li>\r\n \t<li><strong>\u00c4s horas vulgares.<\/strong> Largometraje. (sonido directo). Brasil. 2011<\/li>\r\n \t<li><strong>Descartes.<\/strong> Largometraje (dise\u00f1o de sonido). 2009<\/li>\r\n \t<li><strong>Mar\u00eda llena eres de gracia. <\/strong>Largometraje. (microfonista). Colombia, EE-UU. 2004.<\/li>\r\n \t<li><strong>Domingos orgi\u00e1sticos.<\/strong> (editor y dise\u00f1o de sonido). Ecuador<\/li>\r\n \t<li><strong>Correo de las horas.<\/strong> (editor y dise\u00f1o de sonido). Ecuador<\/li>\r\n \t<li><strong>Verano tard\u00edo.<\/strong> (editor y dise\u00f1o de sonido). Ecuador<\/li>\r\n<\/ul>","dp_intereses":"Actualmente se encuentra en el desarrollo de su proyecto de largometraje documental \u201cEl Rumor del Quilinda\u00f1a\u201d, que explora las relaciones filiales.\u00a0 Este proyecto ha sido seleccionado a varios laboratorios de desarrollo a nivel internacional. <a href=\"https:\/\/www.elrumordelquilindana.com\/\">https:\/\/www.elrumordelquilindana.com\/<\/a>","dp_sitio_web":""},"yoast_head":"<!-- This site is optimized with the Yoast SEO plugin v27.4 - https:\/\/yoast.com\/product\/yoast-seo-wordpress\/ -->\n<title>Arsenio Cadena Espinel - Universidad de las Artes<\/title>\n<meta name=\"robots\" content=\"index, follow, max-snippet:-1, max-image-preview:large, max-video-preview:-1\" \/>\n<link rel=\"canonical\" href=\"https:\/\/www.uartes.edu.ec\/sitio\/en\/docs\/arsenio-cadena-espinel\/\" \/>\n<meta property=\"og:locale\" content=\"en_US\" \/>\n<meta property=\"og:type\" content=\"article\" \/>\n<meta property=\"og:title\" content=\"Arsenio Cadena Espinel - Universidad de las Artes\" \/>\n<meta property=\"og:url\" content=\"https:\/\/www.uartes.edu.ec\/sitio\/en\/docs\/arsenio-cadena-espinel\/\" \/>\n<meta property=\"og:site_name\" content=\"Universidad de las Artes\" \/>\n<meta property=\"article:publisher\" content=\"https:\/\/www.facebook.com\/uartesec\" \/>\n<meta property=\"article:modified_time\" content=\"2024-07-04T16:24:51+00:00\" \/>\n<meta property=\"og:image\" content=\"https:\/\/www.uartes.edu.ec\/sitio\/wp-content\/uploads\/2021\/12\/dp-Arsenio-Cadena.jpg\" \/>\n\t<meta property=\"og:image:width\" content=\"314\" \/>\n\t<meta property=\"og:image:height\" content=\"314\" \/>\n\t<meta property=\"og:image:type\" content=\"image\/jpeg\" \/>\n<meta name=\"twitter:card\" content=\"summary_large_image\" \/>\n<meta name=\"twitter:site\" content=\"@uartesec\" \/>\n<script type=\"application\/ld+json\" class=\"yoast-schema-graph\">{\"@context\":\"https:\\\/\\\/schema.org\",\"@graph\":[{\"@type\":\"WebPage\",\"@id\":\"https:\\\/\\\/www.uartes.edu.ec\\\/sitio\\\/en\\\/docs\\\/arsenio-cadena-espinel\\\/\",\"url\":\"https:\\\/\\\/www.uartes.edu.ec\\\/sitio\\\/en\\\/docs\\\/arsenio-cadena-espinel\\\/\",\"name\":\"Arsenio Cadena Espinel - Universidad de las Artes\",\"isPartOf\":{\"@id\":\"https:\\\/\\\/www.uartes.edu.ec\\\/sitio\\\/en\\\/#website\"},\"primaryImageOfPage\":{\"@id\":\"https:\\\/\\\/www.uartes.edu.ec\\\/sitio\\\/en\\\/docs\\\/arsenio-cadena-espinel\\\/#primaryimage\"},\"image\":{\"@id\":\"https:\\\/\\\/www.uartes.edu.ec\\\/sitio\\\/en\\\/docs\\\/arsenio-cadena-espinel\\\/#primaryimage\"},\"thumbnailUrl\":\"https:\\\/\\\/www.uartes.edu.ec\\\/sitio\\\/wp-content\\\/uploads\\\/2021\\\/12\\\/dp-Arsenio-Cadena.jpg\",\"datePublished\":\"2021-12-22T13:26:34+00:00\",\"dateModified\":\"2024-07-04T16:24:51+00:00\",\"breadcrumb\":{\"@id\":\"https:\\\/\\\/www.uartes.edu.ec\\\/sitio\\\/en\\\/docs\\\/arsenio-cadena-espinel\\\/#breadcrumb\"},\"inLanguage\":\"en-US\",\"potentialAction\":[{\"@type\":\"ReadAction\",\"target\":[\"https:\\\/\\\/www.uartes.edu.ec\\\/sitio\\\/en\\\/docs\\\/arsenio-cadena-espinel\\\/\"]}]},{\"@type\":\"ImageObject\",\"inLanguage\":\"en-US\",\"@id\":\"https:\\\/\\\/www.uartes.edu.ec\\\/sitio\\\/en\\\/docs\\\/arsenio-cadena-espinel\\\/#primaryimage\",\"url\":\"https:\\\/\\\/www.uartes.edu.ec\\\/sitio\\\/wp-content\\\/uploads\\\/2021\\\/12\\\/dp-Arsenio-Cadena.jpg\",\"contentUrl\":\"https:\\\/\\\/www.uartes.edu.ec\\\/sitio\\\/wp-content\\\/uploads\\\/2021\\\/12\\\/dp-Arsenio-Cadena.jpg\",\"width\":314,\"height\":314},{\"@type\":\"BreadcrumbList\",\"@id\":\"https:\\\/\\\/www.uartes.edu.ec\\\/sitio\\\/en\\\/docs\\\/arsenio-cadena-espinel\\\/#breadcrumb\",\"itemListElement\":[{\"@type\":\"ListItem\",\"position\":1,\"name\":\"Inicio\",\"item\":\"https:\\\/\\\/www.uartes.edu.ec\\\/sitio\\\/\"},{\"@type\":\"ListItem\",\"position\":2,\"name\":\"Docs\",\"item\":\"https:\\\/\\\/www.uartes.edu.ec\\\/sitio\\\/docs\\\/\"},{\"@type\":\"ListItem\",\"position\":3,\"name\":\"Arsenio Cadena Espinel\"}]},{\"@type\":\"WebSite\",\"@id\":\"https:\\\/\\\/www.uartes.edu.ec\\\/sitio\\\/en\\\/#website\",\"url\":\"https:\\\/\\\/www.uartes.edu.ec\\\/sitio\\\/en\\\/\",\"name\":\"Universidad de las Artes\",\"description\":\"Sitio oficial de la Universidad Nacional de las Artes del Ecuador\",\"publisher\":{\"@id\":\"https:\\\/\\\/www.uartes.edu.ec\\\/sitio\\\/en\\\/#organization\"},\"potentialAction\":[{\"@type\":\"SearchAction\",\"target\":{\"@type\":\"EntryPoint\",\"urlTemplate\":\"https:\\\/\\\/www.uartes.edu.ec\\\/sitio\\\/en\\\/?s={search_term_string}\"},\"query-input\":{\"@type\":\"PropertyValueSpecification\",\"valueRequired\":true,\"valueName\":\"search_term_string\"}}],\"inLanguage\":\"en-US\"},{\"@type\":\"Organization\",\"@id\":\"https:\\\/\\\/www.uartes.edu.ec\\\/sitio\\\/en\\\/#organization\",\"name\":\"Universidad de las Artes\",\"url\":\"https:\\\/\\\/www.uartes.edu.ec\\\/sitio\\\/en\\\/\",\"logo\":{\"@type\":\"ImageObject\",\"inLanguage\":\"en-US\",\"@id\":\"https:\\\/\\\/www.uartes.edu.ec\\\/sitio\\\/en\\\/#\\\/schema\\\/logo\\\/image\\\/\",\"url\":\"https:\\\/\\\/www.uartes.edu.ec\\\/sitio\\\/wp-content\\\/uploads\\\/2022\\\/07\\\/logo-ua-horizontal.png\",\"contentUrl\":\"https:\\\/\\\/www.uartes.edu.ec\\\/sitio\\\/wp-content\\\/uploads\\\/2022\\\/07\\\/logo-ua-horizontal.png\",\"width\":800,\"height\":276,\"caption\":\"Universidad de las Artes\"},\"image\":{\"@id\":\"https:\\\/\\\/www.uartes.edu.ec\\\/sitio\\\/en\\\/#\\\/schema\\\/logo\\\/image\\\/\"},\"sameAs\":[\"https:\\\/\\\/www.facebook.com\\\/uartesec\",\"https:\\\/\\\/x.com\\\/uartesec\",\"https:\\\/\\\/www.tiktok.com\\\/@uartesec\"]}]}<\/script>\n<!-- \/ Yoast SEO plugin. -->","yoast_head_json":{"title":"Arsenio Cadena Espinel - Universidad de las Artes","robots":{"index":"index","follow":"follow","max-snippet":"max-snippet:-1","max-image-preview":"max-image-preview:large","max-video-preview":"max-video-preview:-1"},"canonical":"https:\/\/www.uartes.edu.ec\/sitio\/en\/docs\/arsenio-cadena-espinel\/","og_locale":"en_US","og_type":"article","og_title":"Arsenio Cadena Espinel - Universidad de las Artes","og_url":"https:\/\/www.uartes.edu.ec\/sitio\/en\/docs\/arsenio-cadena-espinel\/","og_site_name":"Universidad de las Artes","article_publisher":"https:\/\/www.facebook.com\/uartesec","article_modified_time":"2024-07-04T16:24:51+00:00","og_image":[{"width":314,"height":314,"url":"https:\/\/www.uartes.edu.ec\/sitio\/wp-content\/uploads\/2021\/12\/dp-Arsenio-Cadena.jpg","type":"image\/jpeg"}],"twitter_card":"summary_large_image","twitter_site":"@uartesec","schema":{"@context":"https:\/\/schema.org","@graph":[{"@type":"WebPage","@id":"https:\/\/www.uartes.edu.ec\/sitio\/en\/docs\/arsenio-cadena-espinel\/","url":"https:\/\/www.uartes.edu.ec\/sitio\/en\/docs\/arsenio-cadena-espinel\/","name":"Arsenio Cadena Espinel - Universidad de las Artes","isPartOf":{"@id":"https:\/\/www.uartes.edu.ec\/sitio\/en\/#website"},"primaryImageOfPage":{"@id":"https:\/\/www.uartes.edu.ec\/sitio\/en\/docs\/arsenio-cadena-espinel\/#primaryimage"},"image":{"@id":"https:\/\/www.uartes.edu.ec\/sitio\/en\/docs\/arsenio-cadena-espinel\/#primaryimage"},"thumbnailUrl":"https:\/\/www.uartes.edu.ec\/sitio\/wp-content\/uploads\/2021\/12\/dp-Arsenio-Cadena.jpg","datePublished":"2021-12-22T13:26:34+00:00","dateModified":"2024-07-04T16:24:51+00:00","breadcrumb":{"@id":"https:\/\/www.uartes.edu.ec\/sitio\/en\/docs\/arsenio-cadena-espinel\/#breadcrumb"},"inLanguage":"en-US","potentialAction":[{"@type":"ReadAction","target":["https:\/\/www.uartes.edu.ec\/sitio\/en\/docs\/arsenio-cadena-espinel\/"]}]},{"@type":"ImageObject","inLanguage":"en-US","@id":"https:\/\/www.uartes.edu.ec\/sitio\/en\/docs\/arsenio-cadena-espinel\/#primaryimage","url":"https:\/\/www.uartes.edu.ec\/sitio\/wp-content\/uploads\/2021\/12\/dp-Arsenio-Cadena.jpg","contentUrl":"https:\/\/www.uartes.edu.ec\/sitio\/wp-content\/uploads\/2021\/12\/dp-Arsenio-Cadena.jpg","width":314,"height":314},{"@type":"BreadcrumbList","@id":"https:\/\/www.uartes.edu.ec\/sitio\/en\/docs\/arsenio-cadena-espinel\/#breadcrumb","itemListElement":[{"@type":"ListItem","position":1,"name":"Inicio","item":"https:\/\/www.uartes.edu.ec\/sitio\/"},{"@type":"ListItem","position":2,"name":"Docs","item":"https:\/\/www.uartes.edu.ec\/sitio\/docs\/"},{"@type":"ListItem","position":3,"name":"Arsenio Cadena Espinel"}]},{"@type":"WebSite","@id":"https:\/\/www.uartes.edu.ec\/sitio\/en\/#website","url":"https:\/\/www.uartes.edu.ec\/sitio\/en\/","name":"Universidad de las Artes","description":"Sitio oficial de la Universidad Nacional de las Artes del Ecuador","publisher":{"@id":"https:\/\/www.uartes.edu.ec\/sitio\/en\/#organization"},"potentialAction":[{"@type":"SearchAction","target":{"@type":"EntryPoint","urlTemplate":"https:\/\/www.uartes.edu.ec\/sitio\/en\/?s={search_term_string}"},"query-input":{"@type":"PropertyValueSpecification","valueRequired":true,"valueName":"search_term_string"}}],"inLanguage":"en-US"},{"@type":"Organization","@id":"https:\/\/www.uartes.edu.ec\/sitio\/en\/#organization","name":"Universidad de las Artes","url":"https:\/\/www.uartes.edu.ec\/sitio\/en\/","logo":{"@type":"ImageObject","inLanguage":"en-US","@id":"https:\/\/www.uartes.edu.ec\/sitio\/en\/#\/schema\/logo\/image\/","url":"https:\/\/www.uartes.edu.ec\/sitio\/wp-content\/uploads\/2022\/07\/logo-ua-horizontal.png","contentUrl":"https:\/\/www.uartes.edu.ec\/sitio\/wp-content\/uploads\/2022\/07\/logo-ua-horizontal.png","width":800,"height":276,"caption":"Universidad de las Artes"},"image":{"@id":"https:\/\/www.uartes.edu.ec\/sitio\/en\/#\/schema\/logo\/image\/"},"sameAs":["https:\/\/www.facebook.com\/uartesec","https:\/\/x.com\/uartesec","https:\/\/www.tiktok.com\/@uartesec"]}]}},"uagb_featured_image_src":{"full":["https:\/\/www.uartes.edu.ec\/sitio\/wp-content\/uploads\/2021\/12\/dp-Arsenio-Cadena.jpg",314,314,false],"thumbnail":["https:\/\/www.uartes.edu.ec\/sitio\/wp-content\/uploads\/2021\/12\/dp-Arsenio-Cadena-150x150.jpg",150,150,true],"medium":["https:\/\/www.uartes.edu.ec\/sitio\/wp-content\/uploads\/2021\/12\/dp-Arsenio-Cadena-300x300.jpg",300,300,true],"medium_large":["https:\/\/www.uartes.edu.ec\/sitio\/wp-content\/uploads\/2021\/12\/dp-Arsenio-Cadena.jpg",314,314,false],"large":["https:\/\/www.uartes.edu.ec\/sitio\/wp-content\/uploads\/2021\/12\/dp-Arsenio-Cadena.jpg",314,314,false],"1536x1536":["https:\/\/www.uartes.edu.ec\/sitio\/wp-content\/uploads\/2021\/12\/dp-Arsenio-Cadena.jpg",314,314,false],"2048x2048":["https:\/\/www.uartes.edu.ec\/sitio\/wp-content\/uploads\/2021\/12\/dp-Arsenio-Cadena.jpg",314,314,false],"trp-custom-language-flag":["https:\/\/www.uartes.edu.ec\/sitio\/wp-content\/uploads\/2021\/12\/dp-Arsenio-Cadena.jpg",12,12,false],"htmega_size_585x295":["https:\/\/www.uartes.edu.ec\/sitio\/wp-content\/uploads\/2021\/12\/dp-Arsenio-Cadena.jpg",295,295,false],"htmega_size_1170x536":["https:\/\/www.uartes.edu.ec\/sitio\/wp-content\/uploads\/2021\/12\/dp-Arsenio-Cadena.jpg",314,314,false],"htmega_size_396x360":["https:\/\/www.uartes.edu.ec\/sitio\/wp-content\/uploads\/2021\/12\/dp-Arsenio-Cadena.jpg",314,314,false],"gb-block-post-grid-landscape":["https:\/\/www.uartes.edu.ec\/sitio\/wp-content\/uploads\/2021\/12\/dp-Arsenio-Cadena.jpg",314,314,false],"gb-block-post-grid-square":["https:\/\/www.uartes.edu.ec\/sitio\/wp-content\/uploads\/2021\/12\/dp-Arsenio-Cadena.jpg",314,314,false],"university-hub-thumb":["https:\/\/www.uartes.edu.ec\/sitio\/wp-content\/uploads\/2021\/12\/dp-Arsenio-Cadena-300x300.jpg",300,300,true]},"uagb_author_info":{"display_name":"Universidad de las Artes","author_link":"https:\/\/www.uartes.edu.ec\/sitio\/en\/blog\/author\/dircomadm\/"},"uagb_comment_info":0,"uagb_excerpt":null,"publishpress_future_workflow_manual_trigger":{"enabledWorkflows":[]},"distributor_meta":false,"distributor_terms":false,"distributor_media":false,"distributor_original_site_name":"Universidad de las Artes","distributor_original_site_url":"https:\/\/www.uartes.edu.ec\/sitio\/en","push-errors":false,"_links":{"self":[{"href":"https:\/\/www.uartes.edu.ec\/sitio\/en\/wp-json\/wp\/v2\/docs\/18133","targetHints":{"allow":["GET"]}}],"collection":[{"href":"https:\/\/www.uartes.edu.ec\/sitio\/en\/wp-json\/wp\/v2\/docs"}],"about":[{"href":"https:\/\/www.uartes.edu.ec\/sitio\/en\/wp-json\/wp\/v2\/types\/docs"}],"author":[{"embeddable":true,"href":"https:\/\/www.uartes.edu.ec\/sitio\/en\/wp-json\/wp\/v2\/users\/1"}],"replies":[{"embeddable":true,"href":"https:\/\/www.uartes.edu.ec\/sitio\/en\/wp-json\/wp\/v2\/comments?post=18133"}],"version-history":[{"count":3,"href":"https:\/\/www.uartes.edu.ec\/sitio\/en\/wp-json\/wp\/v2\/docs\/18133\/revisions"}],"predecessor-version":[{"id":18136,"href":"https:\/\/www.uartes.edu.ec\/sitio\/en\/wp-json\/wp\/v2\/docs\/18133\/revisions\/18136"}],"wp:featuredmedia":[{"embeddable":true,"href":"https:\/\/www.uartes.edu.ec\/sitio\/en\/wp-json\/wp\/v2\/media\/18097"}],"wp:attachment":[{"href":"https:\/\/www.uartes.edu.ec\/sitio\/en\/wp-json\/wp\/v2\/media?parent=18133"}],"wp:term":[{"taxonomy":"doc_category","embeddable":true,"href":"https:\/\/www.uartes.edu.ec\/sitio\/en\/wp-json\/wp\/v2\/doc_category?post=18133"},{"taxonomy":"doc_tag","embeddable":true,"href":"https:\/\/www.uartes.edu.ec\/sitio\/en\/wp-json\/wp\/v2\/doc_tag?post=18133"}],"curies":[{"name":"wp","href":"https:\/\/api.w.org\/{rel}","templated":true}]}}