{"id":18273,"date":"2021-12-22T15:04:31","date_gmt":"2021-12-22T20:04:31","guid":{"rendered":"http:\/\/www.uartes.edu.ec\/sitio\/?post_type=docs&#038;p=18273"},"modified":"2026-02-09T09:04:55","modified_gmt":"2026-02-09T14:04:55","password":"","slug":"cristian-villavicencio","status":"publish","type":"docs","link":"https:\/\/www.uartes.edu.ec\/sitio\/en\/docs\/cristian-villavicencio\/","title":{"rendered":"Cristian Villavicencio"},"content":{"rendered":"","protected":false},"excerpt":{"rendered":"<p>Artista e investigador &#8211; ECU<\/p>","protected":false},"author":1,"featured_media":86265,"comment_status":"open","ping_status":"closed","template":"","meta":{"_acf_changed":false,"_uag_custom_page_level_css":"","_monsterinsights_skip_tracking":false,"_monsterinsights_sitenote_active":false,"_monsterinsights_sitenote_note":"","_monsterinsights_sitenote_category":0,"cybocfi_hide_featured_image":"","footnotes":""},"doc_category":[581,741,618],"doc_tag":[745],"class_list":["post-18273","docs","type-docs","status-publish","has-post-thumbnail","hentry","doc_category-artes-visuales","doc_category-comuna","doc_category-maesrtia-artes-visuales","doc_tag-comunadocente"],"year_month":"2026-05","word_count":0,"total_views":0,"reactions":{"happy":0,"normal":0,"sad":0},"author_info":{"name":"Universidad de las Artes","author_nicename":"dircomadm","author_url":"https:\/\/www.uartes.edu.ec\/sitio\/en\/blog\/author\/dircomadm\/"},"doc_category_info":[{"term_name":"Artes Visuales","term_url":"https:\/\/www.uartes.edu.ec\/sitio\/en\/docs-category\/artes-visuales\/"},{"term_name":"Comuna","term_url":"https:\/\/www.uartes.edu.ec\/sitio\/en\/docs-category\/comuna\/"},{"term_name":"Maesrt\u00eda Artes Visuales","term_url":"https:\/\/www.uartes.edu.ec\/sitio\/en\/docs-category\/maesrtia-artes-visuales\/"}],"doc_tag_info":[{"term_name":"ComunaDocente","term_url":"https:\/\/www.uartes.edu.ec\/sitio\/en\/docs-tag\/comunadocente\/"}],"acf":{"dp_ciudad":"Quito, Ecuador.","dp_email":"<a href=\"mailto:cristian.villavicencio@uartes.edu.ec\">cristian.villavicencio@uartes.edu.ec <\/a>","dp_cargo":["Docente"],"dp_perfil":"Artista, docente e investigador, actualmente est\u00e1 llevando a cabo su proyecto de tesis doctoral en investigaci\u00f3n en Arte Contempor\u00e1neo en la Universidad del Pa\u00eds Vasco (UPV\/EHU). Su obra gira en torno a procesos subjetivos que fracturan el orden de la ciencia y posibilitan especular sobre nuestro imaginario simb\u00f3lico. Sus obras se han exhibido en varios museos del Pa\u00eds Vasco, como el Centro Cultural Montehermoso Kulturunea, el Museo Guggenheim Bilbao y la Fundaci\u00f3n BilbaoArte. Ha participado en eventos como Ars Electronica Festival de Linz, Austria, dentro de la exposici\u00f3n \u201c10 years Interface Cultures Exhibition. En Ecuador su obra se ha expuesto en 15 Bienal de Cuenca, Arte Actual Flacso, Centro de Arte Contempor\u00e1neo, Universidad de las Artes entre otros. En 2012 recibi\u00f3 una beca predoctoral del Departamento de Educaci\u00f3n, Pol\u00edtica Ling\u00fc\u00edstica y Cultura del Gobierno Vasco para el desarrollo de su proyecto de tesis doctoral, y en 2016 le concedieron la beca Basque Artist Program organizada por los Museos Guggenheim de Nueva York y Bilbao. Ha realizado residencias de investigaci\u00f3n art\u00edstica en instituciones como Bulegoa zb. Bilbao (2021), Fundaci\u00f3n BilbaoArte Fundazioa en Bilbao (2016), York University, Sensorium Centre for Digital Media Research en Toronto (2015), Interface Cultures Department de la Universidad de Arte y Dise\u00f1o en Linz, Austria (2014) y en el MA Studio de Pek\u00edn (2012).","dp_estudios":"<ul>\r\n \t<li>(Actualmente cursando) Doctorado en Investigaci\u00f3n y Creaci\u00f3n en Arte. Universidad del Pa\u00eds Vasco (UPV\/EHU).<\/li>\r\n \t<li>M\u00e1ster Investigaci\u00f3n y Creaci\u00f3n en Arte. Universidad del Pa\u00eds Vasco (UPV\/EHU). 2013<\/li>\r\n \t<li>Licenciado en Bellas Artes. Universidad del Pa\u00eds Vasco (UPV\/EHU). Bilbao-Espa\u00f1a. 2011<\/li>\r\n<\/ul>","dp_participaciones":"<ul>\r\n \t<li>Subvenci\u00f3n del Instituto de Fomento de la Creatividad y la Innovaci\u00f3n, modalidad en producci\u00f3n\/ investigaci\u00f3n en artes visuales. 2021.<\/li>\r\n \t<li>Beca \u201cComuna\u201d para la realizaci\u00f3n de residencia art\u00edstica. Universidad de las Artes. 2019<\/li>\r\n \t<li>Basque Artist Program. Museo Guggenheim Nueva York. 2016<\/li>\r\n \t<li>BilbaoArte beca de producci\u00f3n art\u00edstica. 2016<\/li>\r\n \t<li>Special Prize Artist in Gallery. Premio Arte Laguna. Venecia - Italia. 2015<\/li>\r\n \t<li>Segundo premio en Ertibil 2015. Diputaci\u00f3n Foral de Bizkaia. Espa\u00f1a 2015<\/li>\r\n \t<li>Subvenci\u00f3n para el fomento de las actividades en el \u00e1rea de las artes pl\u00e1sticas y visuales. Gobierno Vasco, para la realizaci\u00f3n del Proyecto \u201cThe materiality in the moving image\u201d. Pais Vasco, Espa\u00f1a. 2014<\/li>\r\n \t<li>Beca Predoctoral para personal investigador, Departamento de Educaci\u00f3n Universidades e Investigaci\u00f3n, Gobierno Vasco - Eusko Jaurlaritza. Pais Vasco, Espa\u00f1a. 2012<\/li>\r\n<\/ul>","dp_publicaciones":"<ul>\r\n \t<li>Cat\u00e1logo Exposici\u00f3n Individual \u201cDimensiones paralelas.\u201d ISBN: 978-84-697-3995-2, Espa\u00f1a. 2017<\/li>\r\n \t<li>(Proceedings) \u201cEmbodiment, DIY and moving image production in Haptic\/Visual Identities project\u201d en 18 Festival Internacional de la Imagen. Dise\u00f1o y Creaci\u00f3n. Manizales: Universidad de Caldas, 2019, Colombia. ISBN: 978-958-759-201-6.<\/li>\r\n \t<li>\u201cColaboraci\u00f3n, medios, praxis: Proyecto Identidades H\u00e1pticas\/Visuales\u201d en revistas POST(S) Universidad San Francisco de Quito, Ecuador. 2017. DOI: <a href=\"http:\/\/dx.doi.org\/10.18272\/posts.v3i1.1006\">http:\/\/dx.doi.org\/10.18272\/posts.v3i1.1006<\/a><\/li>\r\n<\/ul>","dp_intereses":"Arte, ciencia y tecnolog\u00eda.","dp_sitio_web":"<a href=\"http:\/\/www.cristianvillavicencio.net\">www.cristianvillavicencio.net<\/a>"},"yoast_head":"<!-- This site is optimized with the Yoast SEO plugin v27.4 - https:\/\/yoast.com\/product\/yoast-seo-wordpress\/ -->\n<title>Cristian Villavicencio - Universidad de las Artes<\/title>\n<meta name=\"robots\" content=\"index, follow, max-snippet:-1, max-image-preview:large, max-video-preview:-1\" \/>\n<link rel=\"canonical\" href=\"https:\/\/www.uartes.edu.ec\/sitio\/en\/docs\/cristian-villavicencio\/\" \/>\n<meta property=\"og:locale\" content=\"en_US\" \/>\n<meta property=\"og:type\" content=\"article\" \/>\n<meta property=\"og:title\" content=\"Cristian Villavicencio - Universidad de las Artes\" \/>\n<meta property=\"og:description\" content=\"Artista e investigador - ECU\" \/>\n<meta property=\"og:url\" content=\"https:\/\/www.uartes.edu.ec\/sitio\/en\/docs\/cristian-villavicencio\/\" \/>\n<meta property=\"og:site_name\" content=\"Universidad de las Artes\" \/>\n<meta property=\"article:publisher\" content=\"https:\/\/www.facebook.com\/uartesec\" \/>\n<meta property=\"article:modified_time\" content=\"2026-02-09T14:04:55+00:00\" \/>\n<meta property=\"og:image\" content=\"https:\/\/www.uartes.edu.ec\/sitio\/wp-content\/uploads\/2021\/12\/dp-Cristian_Villavicencio_recortada.jpg\" \/>\n\t<meta property=\"og:image:width\" content=\"1000\" \/>\n\t<meta property=\"og:image:height\" content=\"1000\" \/>\n\t<meta property=\"og:image:type\" content=\"image\/jpeg\" \/>\n<meta name=\"twitter:card\" content=\"summary_large_image\" \/>\n<meta name=\"twitter:site\" content=\"@uartesec\" \/>\n<script type=\"application\/ld+json\" class=\"yoast-schema-graph\">{\"@context\":\"https:\\\/\\\/schema.org\",\"@graph\":[{\"@type\":\"WebPage\",\"@id\":\"https:\\\/\\\/www.uartes.edu.ec\\\/sitio\\\/en\\\/docs\\\/cristian-villavicencio\\\/\",\"url\":\"https:\\\/\\\/www.uartes.edu.ec\\\/sitio\\\/en\\\/docs\\\/cristian-villavicencio\\\/\",\"name\":\"Cristian Villavicencio - Universidad de las Artes\",\"isPartOf\":{\"@id\":\"https:\\\/\\\/www.uartes.edu.ec\\\/sitio\\\/en\\\/#website\"},\"primaryImageOfPage\":{\"@id\":\"https:\\\/\\\/www.uartes.edu.ec\\\/sitio\\\/en\\\/docs\\\/cristian-villavicencio\\\/#primaryimage\"},\"image\":{\"@id\":\"https:\\\/\\\/www.uartes.edu.ec\\\/sitio\\\/en\\\/docs\\\/cristian-villavicencio\\\/#primaryimage\"},\"thumbnailUrl\":\"https:\\\/\\\/www.uartes.edu.ec\\\/sitio\\\/wp-content\\\/uploads\\\/2021\\\/12\\\/CRISTIAN-VILLAVICENCIO.jpg\",\"datePublished\":\"2021-12-22T20:04:31+00:00\",\"dateModified\":\"2026-02-09T14:04:55+00:00\",\"breadcrumb\":{\"@id\":\"https:\\\/\\\/www.uartes.edu.ec\\\/sitio\\\/en\\\/docs\\\/cristian-villavicencio\\\/#breadcrumb\"},\"inLanguage\":\"en-US\",\"potentialAction\":[{\"@type\":\"ReadAction\",\"target\":[\"https:\\\/\\\/www.uartes.edu.ec\\\/sitio\\\/en\\\/docs\\\/cristian-villavicencio\\\/\"]}]},{\"@type\":\"ImageObject\",\"inLanguage\":\"en-US\",\"@id\":\"https:\\\/\\\/www.uartes.edu.ec\\\/sitio\\\/en\\\/docs\\\/cristian-villavicencio\\\/#primaryimage\",\"url\":\"https:\\\/\\\/www.uartes.edu.ec\\\/sitio\\\/wp-content\\\/uploads\\\/2021\\\/12\\\/CRISTIAN-VILLAVICENCIO.jpg\",\"contentUrl\":\"https:\\\/\\\/www.uartes.edu.ec\\\/sitio\\\/wp-content\\\/uploads\\\/2021\\\/12\\\/CRISTIAN-VILLAVICENCIO.jpg\",\"width\":1000,\"height\":1000},{\"@type\":\"BreadcrumbList\",\"@id\":\"https:\\\/\\\/www.uartes.edu.ec\\\/sitio\\\/en\\\/docs\\\/cristian-villavicencio\\\/#breadcrumb\",\"itemListElement\":[{\"@type\":\"ListItem\",\"position\":1,\"name\":\"Inicio\",\"item\":\"https:\\\/\\\/www.uartes.edu.ec\\\/sitio\\\/\"},{\"@type\":\"ListItem\",\"position\":2,\"name\":\"Docs\",\"item\":\"https:\\\/\\\/www.uartes.edu.ec\\\/sitio\\\/docs\\\/\"},{\"@type\":\"ListItem\",\"position\":3,\"name\":\"Cristian Villavicencio\"}]},{\"@type\":\"WebSite\",\"@id\":\"https:\\\/\\\/www.uartes.edu.ec\\\/sitio\\\/en\\\/#website\",\"url\":\"https:\\\/\\\/www.uartes.edu.ec\\\/sitio\\\/en\\\/\",\"name\":\"Universidad de las Artes\",\"description\":\"Sitio oficial de la Universidad Nacional de las Artes del Ecuador\",\"publisher\":{\"@id\":\"https:\\\/\\\/www.uartes.edu.ec\\\/sitio\\\/en\\\/#organization\"},\"potentialAction\":[{\"@type\":\"SearchAction\",\"target\":{\"@type\":\"EntryPoint\",\"urlTemplate\":\"https:\\\/\\\/www.uartes.edu.ec\\\/sitio\\\/en\\\/?s={search_term_string}\"},\"query-input\":{\"@type\":\"PropertyValueSpecification\",\"valueRequired\":true,\"valueName\":\"search_term_string\"}}],\"inLanguage\":\"en-US\"},{\"@type\":\"Organization\",\"@id\":\"https:\\\/\\\/www.uartes.edu.ec\\\/sitio\\\/en\\\/#organization\",\"name\":\"Universidad de las Artes\",\"url\":\"https:\\\/\\\/www.uartes.edu.ec\\\/sitio\\\/en\\\/\",\"logo\":{\"@type\":\"ImageObject\",\"inLanguage\":\"en-US\",\"@id\":\"https:\\\/\\\/www.uartes.edu.ec\\\/sitio\\\/en\\\/#\\\/schema\\\/logo\\\/image\\\/\",\"url\":\"https:\\\/\\\/www.uartes.edu.ec\\\/sitio\\\/wp-content\\\/uploads\\\/2022\\\/07\\\/logo-ua-horizontal.png\",\"contentUrl\":\"https:\\\/\\\/www.uartes.edu.ec\\\/sitio\\\/wp-content\\\/uploads\\\/2022\\\/07\\\/logo-ua-horizontal.png\",\"width\":800,\"height\":276,\"caption\":\"Universidad de las Artes\"},\"image\":{\"@id\":\"https:\\\/\\\/www.uartes.edu.ec\\\/sitio\\\/en\\\/#\\\/schema\\\/logo\\\/image\\\/\"},\"sameAs\":[\"https:\\\/\\\/www.facebook.com\\\/uartesec\",\"https:\\\/\\\/x.com\\\/uartesec\",\"https:\\\/\\\/www.tiktok.com\\\/@uartesec\"]}]}<\/script>\n<!-- \/ Yoast SEO plugin. -->","yoast_head_json":{"title":"Cristian Villavicencio - Universidad de las Artes","robots":{"index":"index","follow":"follow","max-snippet":"max-snippet:-1","max-image-preview":"max-image-preview:large","max-video-preview":"max-video-preview:-1"},"canonical":"https:\/\/www.uartes.edu.ec\/sitio\/en\/docs\/cristian-villavicencio\/","og_locale":"en_US","og_type":"article","og_title":"Cristian Villavicencio - Universidad de las Artes","og_description":"Artista e investigador - ECU","og_url":"https:\/\/www.uartes.edu.ec\/sitio\/en\/docs\/cristian-villavicencio\/","og_site_name":"Universidad de las Artes","article_publisher":"https:\/\/www.facebook.com\/uartesec","article_modified_time":"2026-02-09T14:04:55+00:00","og_image":[{"width":1000,"height":1000,"url":"https:\/\/www.uartes.edu.ec\/sitio\/wp-content\/uploads\/2021\/12\/dp-Cristian_Villavicencio_recortada.jpg","type":"image\/jpeg"}],"twitter_card":"summary_large_image","twitter_site":"@uartesec","schema":{"@context":"https:\/\/schema.org","@graph":[{"@type":"WebPage","@id":"https:\/\/www.uartes.edu.ec\/sitio\/en\/docs\/cristian-villavicencio\/","url":"https:\/\/www.uartes.edu.ec\/sitio\/en\/docs\/cristian-villavicencio\/","name":"Cristian Villavicencio - Universidad de las Artes","isPartOf":{"@id":"https:\/\/www.uartes.edu.ec\/sitio\/en\/#website"},"primaryImageOfPage":{"@id":"https:\/\/www.uartes.edu.ec\/sitio\/en\/docs\/cristian-villavicencio\/#primaryimage"},"image":{"@id":"https:\/\/www.uartes.edu.ec\/sitio\/en\/docs\/cristian-villavicencio\/#primaryimage"},"thumbnailUrl":"https:\/\/www.uartes.edu.ec\/sitio\/wp-content\/uploads\/2021\/12\/CRISTIAN-VILLAVICENCIO.jpg","datePublished":"2021-12-22T20:04:31+00:00","dateModified":"2026-02-09T14:04:55+00:00","breadcrumb":{"@id":"https:\/\/www.uartes.edu.ec\/sitio\/en\/docs\/cristian-villavicencio\/#breadcrumb"},"inLanguage":"en-US","potentialAction":[{"@type":"ReadAction","target":["https:\/\/www.uartes.edu.ec\/sitio\/en\/docs\/cristian-villavicencio\/"]}]},{"@type":"ImageObject","inLanguage":"en-US","@id":"https:\/\/www.uartes.edu.ec\/sitio\/en\/docs\/cristian-villavicencio\/#primaryimage","url":"https:\/\/www.uartes.edu.ec\/sitio\/wp-content\/uploads\/2021\/12\/CRISTIAN-VILLAVICENCIO.jpg","contentUrl":"https:\/\/www.uartes.edu.ec\/sitio\/wp-content\/uploads\/2021\/12\/CRISTIAN-VILLAVICENCIO.jpg","width":1000,"height":1000},{"@type":"BreadcrumbList","@id":"https:\/\/www.uartes.edu.ec\/sitio\/en\/docs\/cristian-villavicencio\/#breadcrumb","itemListElement":[{"@type":"ListItem","position":1,"name":"Inicio","item":"https:\/\/www.uartes.edu.ec\/sitio\/"},{"@type":"ListItem","position":2,"name":"Docs","item":"https:\/\/www.uartes.edu.ec\/sitio\/docs\/"},{"@type":"ListItem","position":3,"name":"Cristian Villavicencio"}]},{"@type":"WebSite","@id":"https:\/\/www.uartes.edu.ec\/sitio\/en\/#website","url":"https:\/\/www.uartes.edu.ec\/sitio\/en\/","name":"Universidad de las Artes","description":"Sitio oficial de la Universidad Nacional de las Artes del Ecuador","publisher":{"@id":"https:\/\/www.uartes.edu.ec\/sitio\/en\/#organization"},"potentialAction":[{"@type":"SearchAction","target":{"@type":"EntryPoint","urlTemplate":"https:\/\/www.uartes.edu.ec\/sitio\/en\/?s={search_term_string}"},"query-input":{"@type":"PropertyValueSpecification","valueRequired":true,"valueName":"search_term_string"}}],"inLanguage":"en-US"},{"@type":"Organization","@id":"https:\/\/www.uartes.edu.ec\/sitio\/en\/#organization","name":"Universidad de las Artes","url":"https:\/\/www.uartes.edu.ec\/sitio\/en\/","logo":{"@type":"ImageObject","inLanguage":"en-US","@id":"https:\/\/www.uartes.edu.ec\/sitio\/en\/#\/schema\/logo\/image\/","url":"https:\/\/www.uartes.edu.ec\/sitio\/wp-content\/uploads\/2022\/07\/logo-ua-horizontal.png","contentUrl":"https:\/\/www.uartes.edu.ec\/sitio\/wp-content\/uploads\/2022\/07\/logo-ua-horizontal.png","width":800,"height":276,"caption":"Universidad de las Artes"},"image":{"@id":"https:\/\/www.uartes.edu.ec\/sitio\/en\/#\/schema\/logo\/image\/"},"sameAs":["https:\/\/www.facebook.com\/uartesec","https:\/\/x.com\/uartesec","https:\/\/www.tiktok.com\/@uartesec"]}]}},"uagb_featured_image_src":{"full":["https:\/\/www.uartes.edu.ec\/sitio\/wp-content\/uploads\/2021\/12\/CRISTIAN-VILLAVICENCIO.jpg",1000,1000,false],"thumbnail":["https:\/\/www.uartes.edu.ec\/sitio\/wp-content\/uploads\/2021\/12\/CRISTIAN-VILLAVICENCIO-150x150.jpg",150,150,true],"medium":["https:\/\/www.uartes.edu.ec\/sitio\/wp-content\/uploads\/2021\/12\/CRISTIAN-VILLAVICENCIO-300x300.jpg",300,300,true],"medium_large":["https:\/\/www.uartes.edu.ec\/sitio\/wp-content\/uploads\/2021\/12\/CRISTIAN-VILLAVICENCIO-768x768.jpg",768,768,true],"large":["https:\/\/www.uartes.edu.ec\/sitio\/wp-content\/uploads\/2021\/12\/CRISTIAN-VILLAVICENCIO-644x644.jpg",644,644,true],"1536x1536":["https:\/\/www.uartes.edu.ec\/sitio\/wp-content\/uploads\/2021\/12\/CRISTIAN-VILLAVICENCIO.jpg",1000,1000,false],"2048x2048":["https:\/\/www.uartes.edu.ec\/sitio\/wp-content\/uploads\/2021\/12\/CRISTIAN-VILLAVICENCIO.jpg",1000,1000,false],"trp-custom-language-flag":["https:\/\/www.uartes.edu.ec\/sitio\/wp-content\/uploads\/2021\/12\/CRISTIAN-VILLAVICENCIO-12x12.jpg",12,12,true],"htmega_size_585x295":["https:\/\/www.uartes.edu.ec\/sitio\/wp-content\/uploads\/2021\/12\/CRISTIAN-VILLAVICENCIO-585x295.jpg",585,295,true],"htmega_size_1170x536":["https:\/\/www.uartes.edu.ec\/sitio\/wp-content\/uploads\/2021\/12\/CRISTIAN-VILLAVICENCIO-1000x536.jpg",1000,536,true],"htmega_size_396x360":["https:\/\/www.uartes.edu.ec\/sitio\/wp-content\/uploads\/2021\/12\/CRISTIAN-VILLAVICENCIO-396x360.jpg",396,360,true],"gb-block-post-grid-landscape":["https:\/\/www.uartes.edu.ec\/sitio\/wp-content\/uploads\/2021\/12\/CRISTIAN-VILLAVICENCIO-600x400.jpg",600,400,true],"gb-block-post-grid-square":["https:\/\/www.uartes.edu.ec\/sitio\/wp-content\/uploads\/2021\/12\/CRISTIAN-VILLAVICENCIO-600x600.jpg",600,600,true],"university-hub-thumb":["https:\/\/www.uartes.edu.ec\/sitio\/wp-content\/uploads\/2021\/12\/CRISTIAN-VILLAVICENCIO-300x300.jpg",300,300,true]},"uagb_author_info":{"display_name":"Universidad de las Artes","author_link":"https:\/\/www.uartes.edu.ec\/sitio\/en\/blog\/author\/dircomadm\/"},"uagb_comment_info":0,"uagb_excerpt":"Artista e investigador - ECU","publishpress_future_workflow_manual_trigger":{"enabledWorkflows":[]},"distributor_meta":false,"distributor_terms":false,"distributor_media":false,"distributor_original_site_name":"Universidad de las Artes","distributor_original_site_url":"https:\/\/www.uartes.edu.ec\/sitio\/en","push-errors":false,"_links":{"self":[{"href":"https:\/\/www.uartes.edu.ec\/sitio\/en\/wp-json\/wp\/v2\/docs\/18273","targetHints":{"allow":["GET"]}}],"collection":[{"href":"https:\/\/www.uartes.edu.ec\/sitio\/en\/wp-json\/wp\/v2\/docs"}],"about":[{"href":"https:\/\/www.uartes.edu.ec\/sitio\/en\/wp-json\/wp\/v2\/types\/docs"}],"author":[{"embeddable":true,"href":"https:\/\/www.uartes.edu.ec\/sitio\/en\/wp-json\/wp\/v2\/users\/1"}],"replies":[{"embeddable":true,"href":"https:\/\/www.uartes.edu.ec\/sitio\/en\/wp-json\/wp\/v2\/comments?post=18273"}],"version-history":[{"count":4,"href":"https:\/\/www.uartes.edu.ec\/sitio\/en\/wp-json\/wp\/v2\/docs\/18273\/revisions"}],"predecessor-version":[{"id":86335,"href":"https:\/\/www.uartes.edu.ec\/sitio\/en\/wp-json\/wp\/v2\/docs\/18273\/revisions\/86335"}],"wp:featuredmedia":[{"embeddable":true,"href":"https:\/\/www.uartes.edu.ec\/sitio\/en\/wp-json\/wp\/v2\/media\/86265"}],"wp:attachment":[{"href":"https:\/\/www.uartes.edu.ec\/sitio\/en\/wp-json\/wp\/v2\/media?parent=18273"}],"wp:term":[{"taxonomy":"doc_category","embeddable":true,"href":"https:\/\/www.uartes.edu.ec\/sitio\/en\/wp-json\/wp\/v2\/doc_category?post=18273"},{"taxonomy":"doc_tag","embeddable":true,"href":"https:\/\/www.uartes.edu.ec\/sitio\/en\/wp-json\/wp\/v2\/doc_tag?post=18273"}],"curies":[{"name":"wp","href":"https:\/\/api.w.org\/{rel}","templated":true}]}}