{"id":18296,"date":"2021-12-22T15:46:49","date_gmt":"2021-12-22T20:46:49","guid":{"rendered":"http:\/\/www.uartes.edu.ec\/sitio\/?post_type=docs&#038;p=18296"},"modified":"2026-02-09T09:04:26","modified_gmt":"2026-02-09T14:04:26","password":"","slug":"ilich-castillo","status":"publish","type":"docs","link":"https:\/\/www.uartes.edu.ec\/sitio\/en\/docs\/ilich-castillo\/","title":{"rendered":"Ilich Castillo"},"content":{"rendered":"","protected":false},"excerpt":{"rendered":"<p>Artista y docente &#8211; ECU<\/p>","protected":false},"author":1,"featured_media":86266,"comment_status":"open","ping_status":"closed","template":"","meta":{"_acf_changed":false,"_uag_custom_page_level_css":"","_monsterinsights_skip_tracking":false,"_monsterinsights_sitenote_active":false,"_monsterinsights_sitenote_note":"","_monsterinsights_sitenote_category":0,"cybocfi_hide_featured_image":"","footnotes":""},"doc_category":[581,618],"doc_tag":[810],"class_list":["post-18296","docs","type-docs","status-publish","has-post-thumbnail","hentry","doc_category-artes-visuales","doc_category-maesrtia-artes-visuales","doc_tag-coordinador-artes-visuales"],"year_month":"2026-05","word_count":0,"total_views":0,"reactions":{"happy":0,"normal":0,"sad":0},"author_info":{"name":"Universidad de las Artes","author_nicename":"dircomadm","author_url":"https:\/\/www.uartes.edu.ec\/sitio\/en\/blog\/author\/dircomadm\/"},"doc_category_info":[{"term_name":"Artes Visuales","term_url":"https:\/\/www.uartes.edu.ec\/sitio\/en\/docs-category\/artes-visuales\/"},{"term_name":"Maesrt\u00eda Artes Visuales","term_url":"https:\/\/www.uartes.edu.ec\/sitio\/en\/docs-category\/maesrtia-artes-visuales\/"}],"doc_tag_info":[{"term_name":"Coordinador Artes Visuales","term_url":"https:\/\/www.uartes.edu.ec\/sitio\/en\/docs-tag\/coordinador-artes-visuales\/"}],"acf":{"dp_ciudad":"Guayaquil, Ecuador.","dp_email":"<a href=\"mailto:ilich.castillo@uartes.edu.ec\">ilich.castillo@uartes.edu.ec<\/a>","dp_cargo":["Docente"],"dp_perfil":"","dp_estudios":"<ul>\r\n \t<li>Tecnolog\u00eda en Artes,\u00a0<em>Instituto Tecnol\u00f3gico de Artes del Ecuador 2004-2010<\/em><\/li>\r\n \t<li>Licenciatura en Artes, Universidad Casa Grande\u00a0<em>2008-2012<\/em><\/li>\r\n \t<li>Maestr\u00eda en Estudios del Arte, Universidad de Cuenca 2018- 2021<\/li>\r\n<\/ul>","dp_participaciones":"<strong>Talleres y Workshops:<\/strong>\r\n<ul>\r\n \t<li>Taller Arquitecturas de la Educaci\u00f3n, Clara Meg\u00edas, Espa\u00f1a, 2023<\/li>\r\n \t<li>Taller Educaci\u00f3n Art\u00edstica y Ecolog\u00edas, Yuri Touma-Carlos Almela, Brasil- Espa\u00f1a, 2023<\/li>\r\n \t<li>Taller Di\u00e1logos desde el Presente, Graciela Speranza, Argentina, 2022<\/li>\r\n \t<li><em>Workshop \u201cAnte las tensiones de lo visible<\/em>, con Rubens Mano, Brasil, 2015<\/li>\r\n \t<li><em>Workshop Canal de Interferencias Art\u00edsticas\u201d<\/em> con Roberto Jacoby, Argentina, 2015<\/li>\r\n \t<li><em>Laboratorio de Proyectos Pedag\u00f3gicos Art\u00edsticos<\/em>con Luis Camnitzer (Uruguay-Estados Unidos), 2013<\/li>\r\n \t<li><em>Workshop, Pr\u00e1cticas Art\u00edsticas, Pedagog\u00edas Cr\u00edticas y Contextos Sociales,<\/em>con Maria Fernanda Cartagena (Red de Conceptualistas del Sur), 2013<\/li>\r\n \t<li><em>Workshop, \u201cImagen-tiempo en la transdisciplinariedad\u201d,<\/em>\u00a0Isabel De Naver\u00e1n, Bulegoa 2012<\/li>\r\n \t<li><em>Workshop \u201cEl paradigma de la Creatividad en las Artes\u201d<\/em>con Arturo Cariceo (Chile-Espa\u00f1a) 2012<\/li>\r\n<\/ul>\r\n<strong>Clases impartidas en la Universidad de las Artes: <\/strong>\r\n<ul>\r\n \t<li>Post fotograf\u00eda, re-invenci\u00f3n y procesos<\/li>\r\n \t<li>Escultura expandida; escultura<\/li>\r\n \t<li>Taller de creaci\u00f3n; po\u00e9ticas visuales II<\/li>\r\n \t<li>Cl\u00ednica de proyectos<\/li>\r\n \t<li>Dibujo expandido<\/li>\r\n \t<li>Dibujo: investigaci\u00f3n y funciones cr\u00edtica<\/li>\r\n<\/ul>","dp_publicaciones":"<strong>DISTINCIONES Y COMISIONES<\/strong>\r\n<ul>\r\n \t<li>Recipient Grants &amp; Comissions CIFO (Cisneros Fontanals Foundation), Miami, 2017<\/li>\r\n \t<li>L\u00edneas de Fuga, CAF, Montevideo, La Paz, Caracas, 2022<\/li>\r\n \t<li>Segundo Premio, 3ra. Bienal No Visual, M.A.A.C. Guayaquil, 2008.<\/li>\r\n \t<li>Primer Premio, Sal\u00f3n Fundaci\u00f3n El Comercio, Quito.2007<\/li>\r\n \t<li>Primer Premio, Sal\u00f3n de Julio, MUMG-Museo Municipal de Guayaquil, Guayaquil, 2005<\/li>\r\n \t<li>Segundo Premio, Sal\u00f3n Fundaci\u00f3n El Comercio, Quito.2004<\/li>\r\n \t<li>Premio Par\u00eds, (con LaLimpia), 8va. Bienal Internacional de Arte, Cuenca,2004.<\/li>\r\n \t<li>Segundo Premio, Sal\u00f3n de Octubre. Casa de la Cultura Ecuatoriana. 2004.<\/li>\r\n \t<li>Premio \u00danico en Artes Alternativas \u2013 FAAL Museo Municipal de Guayaquil, 2002.<\/li>\r\n<\/ul>\r\n<strong>CONFERENCIAS Y PRESENTACIONES\u00a0<\/strong>\r\n<ul>\r\n \t<li><strong>\u201c<\/strong><em>Geometr\u00edas del grupo\u201d, <\/em>Arte Comunidad y Espacio P\u00fablico, CCE, Loja.<\/li>\r\n \t<li>\u201cPresentaci\u00f3n de Portafolio\u201d PUCE, Quito.<\/li>\r\n \t<li>\u201c<em>De las asimetr\u00edas del consumo a los emplazamientos ocasionales\u201d, <\/em>procesos 2004-2017, Jornadas de Antropolog\u00eda y Arte, MAAC, 2018<\/li>\r\n \t<li><em>Archivo Piedra &amp; Hacha<\/em>, en el marco del evento <em>La naturaleza de los archivos<\/em>, Centro de Arte Contempor\u00e1neo de Quito, 2018<\/li>\r\n \t<li><em>Ajuste de Cuentas<\/em>, Presentaci\u00f3n de trabajo como becario en el programa de Grants &amp; Comissions CIFO, Universidad de las Artes, Guayaquil, 2017<\/li>\r\n \t<li><em>Dibujo: Expansi\u00f3n del campo, <\/em>Metodolog\u00edas y procesos de ense\u00f1anza para la creaci\u00f3n art\u00edstica, INTERACTOS, Universidad de las Artes, Guayaquil, 2017<\/li>\r\n \t<li>Sobre los Emparentamientos por simultaneidad, Invitados especiales, Flora Ars Natura, Bogot\u00e1, 2016<\/li>\r\n \t<li>Presentaci\u00f3n de Portafolio, Sede Bienal Internacional de Cuenca, 2015<\/li>\r\n \t<li>- Presentaci\u00f3n de Portafolio, Universidad de Bellas Artes Manuel Belgrano, Neuqu\u00e9n, Argentina, 2013<\/li>\r\n \t<li><em>El videoarte en GYE, Una cocci\u00f3n a fuego lento<\/em>, para el evento <em>VIDEOARDE, <\/em>Nuevas fronteras del audiovisual en Ecuador, Universidad Andina Sim\u00f3n Bol\u00edvar, Quito, 2009.<\/li>\r\n<\/ul>\r\n<strong>EXPOSICIONES<\/strong>\r\n<ul>\r\n \t<li><em>Imperios de lo Plural (Plural Domains)<\/em>, CIFO Collection; MAZ, Museo de Zapop\u00e1n, Jalis<em>co<\/em>, HARM Museum and University Galleries, Miami. 2022<\/li>\r\n \t<li><em>No black\/no White\/(no and), <\/em>Programa de Becas y Comisiones CIFO (Cisneros Fontanal Foundation) 2017, Cifo Art Space, Miami. 2017.<\/li>\r\n \t<li><em>ESTRUCTURAS VIVIENTES,<\/em>XV Bienal Internacional de Cuenca, Cuenca. 2018.<\/li>\r\n \t<li><em>Lo que el Pichincha decora, Memoria, Geograf\u00eda y Afectos. <\/em>Museo Metropolitano de Quito. 2022.<\/li>\r\n \t<li><em>Algo despu\u00e9s<\/em>, Espacio Ode\u00f3n, Bogot\u00e1, 2016<\/li>\r\n \t<li><em>Accidentes Geogr\u00e1ficos<\/em>, <em>Arte Contempor\u00e1neo de Ecuador 2005-2018<\/em>, Museo La Neo Mud\u00e9jar, Madrid, 2018.<\/li>\r\n \t<li><em>Bienal de la Imagen en Movimiento (BIM)<\/em>Instituto de Investigaciones entre Arte y Cultura Dr. Norberto Griffa, Buenos Aires. 2014<\/li>\r\n \t<li><em>The Wrong, New Digital Art Biennale<\/em>, La Casa Encendida, Madrid, NoLugar, Quito \/ Sao Paulo. 2013<\/li>\r\n \t<li><em>15th\u00a0 Edition Festival des Cin\u00e9mas Diff\u00e9rents et Exp\u00e9rimentaux de Paris<\/em>, Collectif Jeune Cinema, Paris, 2013<\/li>\r\n \t<li><em>Pasado Imperfecto, 10 Presentes en el videoarte ecuatoriano<\/em>, TELEF\u00d3NICA PER\u00da, Lima; Centro Cultural Sao Paulo, SaoPaulo. 2011<\/li>\r\n<\/ul>\r\n<strong>CATALOGOS DE EXHIBICI\u00d3N Y PUBLICACIONES (SELECCI\u00d3N)<\/strong>\r\n<ul>\r\n \t<li>Cat\u00e1logo-Exposici\u00f3n <em>NADA-NADIE-NUNCA<\/em>, HORNO Ediciones, 2024<\/li>\r\n \t<li>101 Arte Contempor\u00e1neo de Ecuador, Vol 1. EACHEVE Ediciones. 2022<\/li>\r\n \t<li><em>Tener y No tener<\/em>, REVISTA INDEX, Volumen10, PUCE, Quito, 2021<\/li>\r\n \t<li><em>Accidentes Geogr\u00e1ficos<\/em>, La NeoMud\u00e9jar, Fabiano Kueva, Madrid, Edici\u00f3n LNM, 2018<\/li>\r\n \t<li><em>Latencia Subvertida<\/em>, Aurora Zanabria, UArtes Ediciones, 2018<\/li>\r\n \t<li><em>Nacido y Criado, Tentativas en el Barrio Cuba<\/em>, Brigada de Dibujantes, Edici\u00f3n UArtes, 2018<\/li>\r\n \t<li><em>No black\/no White\/(no and), <\/em>Arte Latinoamericano en el siglo XXI (Cisneros Fontanal Foundation), CIFO ediciones 2017<\/li>\r\n \t<li><em>Ghost Pavillon A Publication for phantoms, stories and fading topographies in and beyond Latin America<\/em>, ediciones Popolet, 2017<\/li>\r\n \t<li><em>Algo despu\u00e9s<\/em>, Cat\u00e1logo de Exposici\u00f3n, EACHEVE Ediciones, 2016<\/li>\r\n \t<li><em>Pasado Imperfecto, 10 presentes en el videoarte ecuatoriano<\/em>, Rodolfo Kronfle Chambers, 2012<\/li>\r\n \t<li><em>Los matices del porqu\u00e9<\/em>, Rodolfo Kronfle Chambers, 2011<\/li>\r\n \t<li><em>Playlist 2007-2009, Grandes \u00e9xitos en el arte contempor\u00e1neo ecuatoriano<\/em>, Rodolfo Kronfle Chambers, 2009.<\/li>\r\n \t<li><em>Historias en el Arte Contempor\u00e1neo de Ecuador, <\/em>1998-2009, Rodolfo Kronfle Chambers, AECID, 2009, Sal\u00f3n de Julio.<\/li>\r\n<\/ul>","dp_intereses":"Arte Contempor\u00e1neo. Investigaci\u00f3n en artes.","dp_sitio_web":""},"yoast_head":"<!-- This site is optimized with the Yoast SEO plugin v27.4 - https:\/\/yoast.com\/product\/yoast-seo-wordpress\/ -->\n<title>Ilich Castillo - Universidad de las Artes<\/title>\n<meta name=\"robots\" content=\"index, follow, max-snippet:-1, max-image-preview:large, max-video-preview:-1\" \/>\n<link rel=\"canonical\" href=\"https:\/\/www.uartes.edu.ec\/sitio\/en\/docs\/ilich-castillo\/\" \/>\n<meta property=\"og:locale\" content=\"en_US\" \/>\n<meta property=\"og:type\" content=\"article\" \/>\n<meta property=\"og:title\" content=\"Ilich Castillo - Universidad de las Artes\" \/>\n<meta property=\"og:description\" content=\"Artista y docente - ECU\" \/>\n<meta property=\"og:url\" content=\"https:\/\/www.uartes.edu.ec\/sitio\/en\/docs\/ilich-castillo\/\" \/>\n<meta property=\"og:site_name\" content=\"Universidad de las Artes\" \/>\n<meta property=\"article:publisher\" content=\"https:\/\/www.facebook.com\/uartesec\" \/>\n<meta property=\"article:modified_time\" content=\"2026-02-09T14:04:26+00:00\" \/>\n<meta property=\"og:image\" content=\"https:\/\/www.uartes.edu.ec\/sitio\/wp-content\/uploads\/2021\/12\/dp-Ilich-Castillo-foto-retrato.jpg\" \/>\n\t<meta property=\"og:image:width\" content=\"1000\" \/>\n\t<meta property=\"og:image:height\" content=\"1000\" \/>\n\t<meta property=\"og:image:type\" content=\"image\/jpeg\" \/>\n<meta name=\"twitter:card\" content=\"summary_large_image\" \/>\n<meta name=\"twitter:site\" content=\"@uartesec\" \/>\n<meta name=\"twitter:label1\" content=\"Est. reading time\" \/>\n\t<meta name=\"twitter:data1\" content=\"1 minute\" \/>\n<script type=\"application\/ld+json\" class=\"yoast-schema-graph\">{\"@context\":\"https:\\\/\\\/schema.org\",\"@graph\":[{\"@type\":\"WebPage\",\"@id\":\"https:\\\/\\\/www.uartes.edu.ec\\\/sitio\\\/en\\\/docs\\\/ilich-castillo\\\/\",\"url\":\"https:\\\/\\\/www.uartes.edu.ec\\\/sitio\\\/en\\\/docs\\\/ilich-castillo\\\/\",\"name\":\"Ilich Castillo - Universidad de las Artes\",\"isPartOf\":{\"@id\":\"https:\\\/\\\/www.uartes.edu.ec\\\/sitio\\\/en\\\/#website\"},\"primaryImageOfPage\":{\"@id\":\"https:\\\/\\\/www.uartes.edu.ec\\\/sitio\\\/en\\\/docs\\\/ilich-castillo\\\/#primaryimage\"},\"image\":{\"@id\":\"https:\\\/\\\/www.uartes.edu.ec\\\/sitio\\\/en\\\/docs\\\/ilich-castillo\\\/#primaryimage\"},\"thumbnailUrl\":\"https:\\\/\\\/www.uartes.edu.ec\\\/sitio\\\/wp-content\\\/uploads\\\/2021\\\/12\\\/ILICH-CASTILLO.jpg\",\"datePublished\":\"2021-12-22T20:46:49+00:00\",\"dateModified\":\"2026-02-09T14:04:26+00:00\",\"breadcrumb\":{\"@id\":\"https:\\\/\\\/www.uartes.edu.ec\\\/sitio\\\/en\\\/docs\\\/ilich-castillo\\\/#breadcrumb\"},\"inLanguage\":\"en-US\",\"potentialAction\":[{\"@type\":\"ReadAction\",\"target\":[\"https:\\\/\\\/www.uartes.edu.ec\\\/sitio\\\/en\\\/docs\\\/ilich-castillo\\\/\"]}]},{\"@type\":\"ImageObject\",\"inLanguage\":\"en-US\",\"@id\":\"https:\\\/\\\/www.uartes.edu.ec\\\/sitio\\\/en\\\/docs\\\/ilich-castillo\\\/#primaryimage\",\"url\":\"https:\\\/\\\/www.uartes.edu.ec\\\/sitio\\\/wp-content\\\/uploads\\\/2021\\\/12\\\/ILICH-CASTILLO.jpg\",\"contentUrl\":\"https:\\\/\\\/www.uartes.edu.ec\\\/sitio\\\/wp-content\\\/uploads\\\/2021\\\/12\\\/ILICH-CASTILLO.jpg\",\"width\":1000,\"height\":1000},{\"@type\":\"BreadcrumbList\",\"@id\":\"https:\\\/\\\/www.uartes.edu.ec\\\/sitio\\\/en\\\/docs\\\/ilich-castillo\\\/#breadcrumb\",\"itemListElement\":[{\"@type\":\"ListItem\",\"position\":1,\"name\":\"Inicio\",\"item\":\"https:\\\/\\\/www.uartes.edu.ec\\\/sitio\\\/\"},{\"@type\":\"ListItem\",\"position\":2,\"name\":\"Docs\",\"item\":\"https:\\\/\\\/www.uartes.edu.ec\\\/sitio\\\/docs\\\/\"},{\"@type\":\"ListItem\",\"position\":3,\"name\":\"Ilich Castillo\"}]},{\"@type\":\"WebSite\",\"@id\":\"https:\\\/\\\/www.uartes.edu.ec\\\/sitio\\\/en\\\/#website\",\"url\":\"https:\\\/\\\/www.uartes.edu.ec\\\/sitio\\\/en\\\/\",\"name\":\"Universidad de las Artes\",\"description\":\"Sitio oficial de la Universidad Nacional de las Artes del Ecuador\",\"publisher\":{\"@id\":\"https:\\\/\\\/www.uartes.edu.ec\\\/sitio\\\/en\\\/#organization\"},\"potentialAction\":[{\"@type\":\"SearchAction\",\"target\":{\"@type\":\"EntryPoint\",\"urlTemplate\":\"https:\\\/\\\/www.uartes.edu.ec\\\/sitio\\\/en\\\/?s={search_term_string}\"},\"query-input\":{\"@type\":\"PropertyValueSpecification\",\"valueRequired\":true,\"valueName\":\"search_term_string\"}}],\"inLanguage\":\"en-US\"},{\"@type\":\"Organization\",\"@id\":\"https:\\\/\\\/www.uartes.edu.ec\\\/sitio\\\/en\\\/#organization\",\"name\":\"Universidad de las Artes\",\"url\":\"https:\\\/\\\/www.uartes.edu.ec\\\/sitio\\\/en\\\/\",\"logo\":{\"@type\":\"ImageObject\",\"inLanguage\":\"en-US\",\"@id\":\"https:\\\/\\\/www.uartes.edu.ec\\\/sitio\\\/en\\\/#\\\/schema\\\/logo\\\/image\\\/\",\"url\":\"https:\\\/\\\/www.uartes.edu.ec\\\/sitio\\\/wp-content\\\/uploads\\\/2022\\\/07\\\/logo-ua-horizontal.png\",\"contentUrl\":\"https:\\\/\\\/www.uartes.edu.ec\\\/sitio\\\/wp-content\\\/uploads\\\/2022\\\/07\\\/logo-ua-horizontal.png\",\"width\":800,\"height\":276,\"caption\":\"Universidad de las Artes\"},\"image\":{\"@id\":\"https:\\\/\\\/www.uartes.edu.ec\\\/sitio\\\/en\\\/#\\\/schema\\\/logo\\\/image\\\/\"},\"sameAs\":[\"https:\\\/\\\/www.facebook.com\\\/uartesec\",\"https:\\\/\\\/x.com\\\/uartesec\",\"https:\\\/\\\/www.tiktok.com\\\/@uartesec\"]}]}<\/script>\n<!-- \/ Yoast SEO plugin. -->","yoast_head_json":{"title":"Ilich Castillo - Universidad de las Artes","robots":{"index":"index","follow":"follow","max-snippet":"max-snippet:-1","max-image-preview":"max-image-preview:large","max-video-preview":"max-video-preview:-1"},"canonical":"https:\/\/www.uartes.edu.ec\/sitio\/en\/docs\/ilich-castillo\/","og_locale":"en_US","og_type":"article","og_title":"Ilich Castillo - Universidad de las Artes","og_description":"Artista y docente - ECU","og_url":"https:\/\/www.uartes.edu.ec\/sitio\/en\/docs\/ilich-castillo\/","og_site_name":"Universidad de las Artes","article_publisher":"https:\/\/www.facebook.com\/uartesec","article_modified_time":"2026-02-09T14:04:26+00:00","og_image":[{"width":1000,"height":1000,"url":"https:\/\/www.uartes.edu.ec\/sitio\/wp-content\/uploads\/2021\/12\/dp-Ilich-Castillo-foto-retrato.jpg","type":"image\/jpeg"}],"twitter_card":"summary_large_image","twitter_site":"@uartesec","twitter_misc":{"Est. reading time":"1 minute"},"schema":{"@context":"https:\/\/schema.org","@graph":[{"@type":"WebPage","@id":"https:\/\/www.uartes.edu.ec\/sitio\/en\/docs\/ilich-castillo\/","url":"https:\/\/www.uartes.edu.ec\/sitio\/en\/docs\/ilich-castillo\/","name":"Ilich Castillo - Universidad de las Artes","isPartOf":{"@id":"https:\/\/www.uartes.edu.ec\/sitio\/en\/#website"},"primaryImageOfPage":{"@id":"https:\/\/www.uartes.edu.ec\/sitio\/en\/docs\/ilich-castillo\/#primaryimage"},"image":{"@id":"https:\/\/www.uartes.edu.ec\/sitio\/en\/docs\/ilich-castillo\/#primaryimage"},"thumbnailUrl":"https:\/\/www.uartes.edu.ec\/sitio\/wp-content\/uploads\/2021\/12\/ILICH-CASTILLO.jpg","datePublished":"2021-12-22T20:46:49+00:00","dateModified":"2026-02-09T14:04:26+00:00","breadcrumb":{"@id":"https:\/\/www.uartes.edu.ec\/sitio\/en\/docs\/ilich-castillo\/#breadcrumb"},"inLanguage":"en-US","potentialAction":[{"@type":"ReadAction","target":["https:\/\/www.uartes.edu.ec\/sitio\/en\/docs\/ilich-castillo\/"]}]},{"@type":"ImageObject","inLanguage":"en-US","@id":"https:\/\/www.uartes.edu.ec\/sitio\/en\/docs\/ilich-castillo\/#primaryimage","url":"https:\/\/www.uartes.edu.ec\/sitio\/wp-content\/uploads\/2021\/12\/ILICH-CASTILLO.jpg","contentUrl":"https:\/\/www.uartes.edu.ec\/sitio\/wp-content\/uploads\/2021\/12\/ILICH-CASTILLO.jpg","width":1000,"height":1000},{"@type":"BreadcrumbList","@id":"https:\/\/www.uartes.edu.ec\/sitio\/en\/docs\/ilich-castillo\/#breadcrumb","itemListElement":[{"@type":"ListItem","position":1,"name":"Inicio","item":"https:\/\/www.uartes.edu.ec\/sitio\/"},{"@type":"ListItem","position":2,"name":"Docs","item":"https:\/\/www.uartes.edu.ec\/sitio\/docs\/"},{"@type":"ListItem","position":3,"name":"Ilich Castillo"}]},{"@type":"WebSite","@id":"https:\/\/www.uartes.edu.ec\/sitio\/en\/#website","url":"https:\/\/www.uartes.edu.ec\/sitio\/en\/","name":"Universidad de las Artes","description":"Sitio oficial de la Universidad Nacional de las Artes del Ecuador","publisher":{"@id":"https:\/\/www.uartes.edu.ec\/sitio\/en\/#organization"},"potentialAction":[{"@type":"SearchAction","target":{"@type":"EntryPoint","urlTemplate":"https:\/\/www.uartes.edu.ec\/sitio\/en\/?s={search_term_string}"},"query-input":{"@type":"PropertyValueSpecification","valueRequired":true,"valueName":"search_term_string"}}],"inLanguage":"en-US"},{"@type":"Organization","@id":"https:\/\/www.uartes.edu.ec\/sitio\/en\/#organization","name":"Universidad de las Artes","url":"https:\/\/www.uartes.edu.ec\/sitio\/en\/","logo":{"@type":"ImageObject","inLanguage":"en-US","@id":"https:\/\/www.uartes.edu.ec\/sitio\/en\/#\/schema\/logo\/image\/","url":"https:\/\/www.uartes.edu.ec\/sitio\/wp-content\/uploads\/2022\/07\/logo-ua-horizontal.png","contentUrl":"https:\/\/www.uartes.edu.ec\/sitio\/wp-content\/uploads\/2022\/07\/logo-ua-horizontal.png","width":800,"height":276,"caption":"Universidad de las Artes"},"image":{"@id":"https:\/\/www.uartes.edu.ec\/sitio\/en\/#\/schema\/logo\/image\/"},"sameAs":["https:\/\/www.facebook.com\/uartesec","https:\/\/x.com\/uartesec","https:\/\/www.tiktok.com\/@uartesec"]}]}},"uagb_featured_image_src":{"full":["https:\/\/www.uartes.edu.ec\/sitio\/wp-content\/uploads\/2021\/12\/ILICH-CASTILLO.jpg",1000,1000,false],"thumbnail":["https:\/\/www.uartes.edu.ec\/sitio\/wp-content\/uploads\/2021\/12\/ILICH-CASTILLO-150x150.jpg",150,150,true],"medium":["https:\/\/www.uartes.edu.ec\/sitio\/wp-content\/uploads\/2021\/12\/ILICH-CASTILLO-300x300.jpg",300,300,true],"medium_large":["https:\/\/www.uartes.edu.ec\/sitio\/wp-content\/uploads\/2021\/12\/ILICH-CASTILLO-768x768.jpg",768,768,true],"large":["https:\/\/www.uartes.edu.ec\/sitio\/wp-content\/uploads\/2021\/12\/ILICH-CASTILLO-644x644.jpg",644,644,true],"1536x1536":["https:\/\/www.uartes.edu.ec\/sitio\/wp-content\/uploads\/2021\/12\/ILICH-CASTILLO.jpg",1000,1000,false],"2048x2048":["https:\/\/www.uartes.edu.ec\/sitio\/wp-content\/uploads\/2021\/12\/ILICH-CASTILLO.jpg",1000,1000,false],"trp-custom-language-flag":["https:\/\/www.uartes.edu.ec\/sitio\/wp-content\/uploads\/2021\/12\/ILICH-CASTILLO-12x12.jpg",12,12,true],"htmega_size_585x295":["https:\/\/www.uartes.edu.ec\/sitio\/wp-content\/uploads\/2021\/12\/ILICH-CASTILLO-585x295.jpg",585,295,true],"htmega_size_1170x536":["https:\/\/www.uartes.edu.ec\/sitio\/wp-content\/uploads\/2021\/12\/ILICH-CASTILLO-1000x536.jpg",1000,536,true],"htmega_size_396x360":["https:\/\/www.uartes.edu.ec\/sitio\/wp-content\/uploads\/2021\/12\/ILICH-CASTILLO-396x360.jpg",396,360,true],"gb-block-post-grid-landscape":["https:\/\/www.uartes.edu.ec\/sitio\/wp-content\/uploads\/2021\/12\/ILICH-CASTILLO-600x400.jpg",600,400,true],"gb-block-post-grid-square":["https:\/\/www.uartes.edu.ec\/sitio\/wp-content\/uploads\/2021\/12\/ILICH-CASTILLO-600x600.jpg",600,600,true],"university-hub-thumb":["https:\/\/www.uartes.edu.ec\/sitio\/wp-content\/uploads\/2021\/12\/ILICH-CASTILLO-300x300.jpg",300,300,true]},"uagb_author_info":{"display_name":"Universidad de las Artes","author_link":"https:\/\/www.uartes.edu.ec\/sitio\/en\/blog\/author\/dircomadm\/"},"uagb_comment_info":0,"uagb_excerpt":"Artista y docente - ECU","publishpress_future_workflow_manual_trigger":{"enabledWorkflows":[]},"distributor_meta":false,"distributor_terms":false,"distributor_media":false,"distributor_original_site_name":"Universidad de las Artes","distributor_original_site_url":"https:\/\/www.uartes.edu.ec\/sitio\/en","push-errors":false,"_links":{"self":[{"href":"https:\/\/www.uartes.edu.ec\/sitio\/en\/wp-json\/wp\/v2\/docs\/18296","targetHints":{"allow":["GET"]}}],"collection":[{"href":"https:\/\/www.uartes.edu.ec\/sitio\/en\/wp-json\/wp\/v2\/docs"}],"about":[{"href":"https:\/\/www.uartes.edu.ec\/sitio\/en\/wp-json\/wp\/v2\/types\/docs"}],"author":[{"embeddable":true,"href":"https:\/\/www.uartes.edu.ec\/sitio\/en\/wp-json\/wp\/v2\/users\/1"}],"replies":[{"embeddable":true,"href":"https:\/\/www.uartes.edu.ec\/sitio\/en\/wp-json\/wp\/v2\/comments?post=18296"}],"version-history":[{"count":5,"href":"https:\/\/www.uartes.edu.ec\/sitio\/en\/wp-json\/wp\/v2\/docs\/18296\/revisions"}],"predecessor-version":[{"id":86334,"href":"https:\/\/www.uartes.edu.ec\/sitio\/en\/wp-json\/wp\/v2\/docs\/18296\/revisions\/86334"}],"wp:featuredmedia":[{"embeddable":true,"href":"https:\/\/www.uartes.edu.ec\/sitio\/en\/wp-json\/wp\/v2\/media\/86266"}],"wp:attachment":[{"href":"https:\/\/www.uartes.edu.ec\/sitio\/en\/wp-json\/wp\/v2\/media?parent=18296"}],"wp:term":[{"taxonomy":"doc_category","embeddable":true,"href":"https:\/\/www.uartes.edu.ec\/sitio\/en\/wp-json\/wp\/v2\/doc_category?post=18296"},{"taxonomy":"doc_tag","embeddable":true,"href":"https:\/\/www.uartes.edu.ec\/sitio\/en\/wp-json\/wp\/v2\/doc_tag?post=18296"}],"curies":[{"name":"wp","href":"https:\/\/api.w.org\/{rel}","templated":true}]}}