{"id":18307,"date":"2021-12-22T16:16:16","date_gmt":"2021-12-22T21:16:16","guid":{"rendered":"http:\/\/www.uartes.edu.ec\/sitio\/?post_type=docs&#038;p=18307"},"modified":"2024-07-04T11:24:49","modified_gmt":"2024-07-04T16:24:49","password":"","slug":"jorge-alfredo-aycart-larrea","status":"publish","type":"docs","link":"https:\/\/www.uartes.edu.ec\/sitio\/en\/docs\/jorge-alfredo-aycart-larrea\/","title":{"rendered":"Jorge Alfredo Aycart Larrea"},"content":{"rendered":"","protected":false},"excerpt":{"rendered":"","protected":false},"author":1,"featured_media":18227,"comment_status":"open","ping_status":"closed","template":"","meta":{"_acf_changed":false,"_uag_custom_page_level_css":"","_monsterinsights_skip_tracking":false,"_monsterinsights_sitenote_active":false,"_monsterinsights_sitenote_note":"","_monsterinsights_sitenote_category":0,"cybocfi_hide_featured_image":"","footnotes":""},"doc_category":[581],"doc_tag":[],"class_list":["post-18307","docs","type-docs","status-publish","has-post-thumbnail","hentry","doc_category-artes-visuales"],"year_month":"2026-05","word_count":0,"total_views":0,"reactions":{"happy":0,"normal":0,"sad":0},"author_info":{"name":"Universidad de las Artes","author_nicename":"dircomadm","author_url":"https:\/\/www.uartes.edu.ec\/sitio\/en\/blog\/author\/dircomadm\/"},"doc_category_info":[{"term_name":"Artes Visuales","term_url":"https:\/\/www.uartes.edu.ec\/sitio\/en\/docs-category\/artes-visuales\/"}],"doc_tag_info":[],"acf":{"dp_ciudad":"Guayaquil, Ecuador.","dp_email":"<a href=\"mailto:jorge.aycart@uartes.edu.ec\">jorge.aycart@uartes.edu.ec<\/a>","dp_cargo":["Docente"],"dp_perfil":"Ha sido docente universitario durante m\u00e1s de 10 a\u00f1os, de materias relacionadas con las artes visuales, el cine, la comunicaci\u00f3n y la filosof\u00eda.","dp_estudios":"- Realizador de Cine y Televisi\u00f3n,\u00a0Centro de Investigaci\u00f3n Cinematogr\u00e1fico, Buenos Aires, Argentina 2005-2009\r\n\r\n- Licenciatura en Comunicaci\u00f3n Social, Universidad de Guayaquil\u00a02000-2004\r\n\r\n- Maestr\u00eda en\u00a0Docencia y Gerencia en Educaci\u00f3n Superior,\u00a0Universidad de Guayaquil 2010- 2013","dp_participaciones":"<ul>\r\n \t<li>Menci\u00f3n de honor, Sal\u00f3n del Comercio, Quito (2002).<\/li>\r\n \t<li>Menci\u00f3n de honor, FAAL, Guayaquil (2002).<\/li>\r\n \t<li>Premio Par\u00eds, (con\u00a0LaLimpia), 8va. Bienal Internacional de Arte, Cuenca (2004).<\/li>\r\n<\/ul>","dp_publicaciones":"Ha realizado varias exposiciones como curador y artista en lugares convencionales del arte como MAAC, DPM Gallery, Galer\u00eda No M\u00ednimo, Universidad Cat\u00f3lica de Guayaquil, y en espacios no convencionales. Tiene exposciones individuales como artista y varias exposiciones colectivas en la que ha intervenido como artista y curador.\r\n\r\nHa realizado dos largometrajes durante sus estudios de Realizaci\u00f3n cinematogr\u00e1fica en Buenos Aires, Argentina.\r\n\r\nTambi\u00e9n represent\u00f3 al pa\u00eds como miembro de LaLimpia en la 8va Bienal Internacional\u00a0de Arte, Cuenca (2004).\r\n\r\n<strong>Exposiciones como Artista<\/strong><strong>\u00a0<\/strong>\r\n<ul>\r\n \t<li>Inocentes Buenas Nuevas, Casa de la Cultura, Guayaquil, Ecuador, diciembre 2001.<\/li>\r\n \t<li>Exposici\u00f3n Sal\u00f3n F\u00e9lix Henr\u00edquez, Facultad de Arquitectura y Dise\u00f1o, Universidad Cat\u00f3lica de Santiago de Guayaquil. Guayaquil, Ecuador Julio de 2002.<\/li>\r\n \t<li>Exposici\u00f3n \u201cC5H6-CH3-(NO2)3\u201d. Como parte del Colectivo LaLimpia. \u00a0Galer\u00eda Madeleine Hollander. Guayaquil \u2013 Ecuador, 22 de abril de 2003.<\/li>\r\n \t<li>Exposici\u00f3n \u201cmmm\u201d. Como parte del Colectivo LaLimpia. Dpm Gallery, Guayaquil \u2013 Ecuador, 21 de julio de 2004.<\/li>\r\n \t<li>Sal\u00f3n de Julio. 2002.<\/li>\r\n \t<li>Sal\u00f3n de Julio. 2004.<\/li>\r\n \t<li>Exposici\u00f3n colectiva en el Museo de Arte de la Universidad Nacional de Bogot\u00e1. Organizada por el cr\u00edtico colombiano Jaime Cer\u00f3n.<\/li>\r\n \t<li>Proyecci\u00f3n del largometraje \u201cEl Durmiente del Valle\u201d en mayo del 2010 en el MAAC Cine.<\/li>\r\n \t<li>Proyecci\u00f3n del largometraje \u201cLa Lumbre del Fuego\u201d en enero del 2011 en el MAAC Cine.<\/li>\r\n \t<li>Exposici\u00f3n de videos en evento paralelo a la Bienal de Cuenca, \u00a8La Limpia videos\u00a8 2014.<\/li>\r\n \t<li>Exposici\u00f3n organizada por el Itae en evento paralelo a la Bienal de Cuenca\u00a8, \u00a8Propensiones\u00a8, 2014.<\/li>\r\n \t<li>Exposici\u00f3n \u201c(ex) LaLimpia \u2013 Los fracasos de un tal Benjamin Simons, Ph. D.\u201d en la Galer\u00eda Mirador y F.A.U.C., 2014.<\/li>\r\n \t<li>Exposici\u00f3n \u201cEl toro de las m\u00faltiples cabezas\u201d en el MAAC, 2016<\/li>\r\n \t<li>Exposici\u00f3n \u201cProyecto ERA\u201d en Entelequia, 2016.<\/li>\r\n \t<li>Exposici\u00f3n \u201cCap\u00edtulo IV de \u201cEl Dios del Laberinto\u201d de Herbert Quain\u201d en No M\u00ednimo, 2016.<\/li>\r\n \t<li>Exposici\u00f3n \u201cBreve ensayo sobre la huella descubierta en el primer p\u00e1rrafo de \u201cEl Dios del Laberinto\u201d de Herbert Quain\u201d en No M\u00ednimo, 2016.<\/li>\r\n \t<li>Exposici\u00f3n \u201cC A N \u00cd B A L\u201d en Entelequia, 2016.<\/li>\r\n \t<li>Exposici\u00f3n \u201cEl mundo viviente\u201d en DPM Gallery, 2017.<\/li>\r\n \t<li>Exposici\u00f3n \u201cDesde el espejo convexo del doctor Aira\u201d en DPM Gallery, 2019.<\/li>\r\n \t<li>Invitaci\u00f3n a participar con una obra en la exposici\u00f3n \u201cLa villa de los cazados\u201d de Alexa Brito en casa abandonada en el Barrio del Centenario, 2019.<\/li>\r\n \t<li>Exposici\u00f3n \u201cEntre los goznes vibratorios\u201d en el Sal\u00f3n F\u00e9lix Henr\u00edquez, Facultad de Arquitectura y Dise\u00f1o, Universidad Cat\u00f3lica de Santiago de Guayaquil, 2019.<\/li>\r\n \t<li>Exposici\u00f3n \u201cLa conspiraci\u00f3n del Fasma\u201d en casa de Urdesa, Guayaquil, 2020<\/li>\r\n<\/ul>\r\n<strong>Exposiciones como Curador<\/strong><strong>\u00a0<\/strong>\r\n<ul>\r\n \t<li>Curador de la muestra de videos \u201cElipsis\/Agujero\u201d (Colectiva) en el MAAC, 2015.<\/li>\r\n \t<li>Curador de la muestra de pintura \u201cPlot\u201d (Colectiva) en el MAAC, 2015.<\/li>\r\n \t<li>Curador de la muestra \u201cNarraciones Extraordinarias\u201d (Colectiva) en el MAAC, 2015.<\/li>\r\n \t<li>Curador de la muestra \u201cSonopo\u201d (Colectiva) en No M\u00ednimo, 2016.<\/li>\r\n \t<li>Curador de la muestra \u201cMU\u201d del artista Jorge Morocho en DPM Gallery, 2016.<\/li>\r\n \t<li>Curador de la muestra de la carrera de Artes Visuales de la UARTES paralela a la XIII Bienal de Cuenca \u201cLa Comunidad Inconfesable\u201d (Colectiva) en la Casa de la Cultura de Cuenca, 2016.<\/li>\r\n \t<li>Curador de la Bienal de Arte No Visual \u201cLaberintos\u201d en la Plaza Baquerizo Moreno, 2016.<\/li>\r\n \t<li>Curador de la muestra \u201cD\u00edas de 1999\u201d del artista Carlos Figueroa en DPM Gallery, 2017.<\/li>\r\n \t<li>Curador de la muestra \u201cRicardo Tadeys y Richard ElFiord. (Todo en la vida es un naufragio)\u201d en el MAAC, 2017.<\/li>\r\n \t<li>Curador de la muestra \u201cLa Distancia: El Colapso, Los Fantasmas y sus Telas Sucias, y La Rosa de Cobre\u201d en el edificio de \u201cEl Tel\u00e9grafo\u201d, 2017.<\/li>\r\n \t<li>Curador de la muestra \u201cDesde el espejo convexo del doctor Aira\u201d en DPM Gallery, 2019.<\/li>\r\n \t<li>Curador de la muestra \u201cEntre los goznes vibratorios\u201d en el Sal\u00f3n F\u00e9lix Henr\u00edquez, Facultad de Arquitectura y Dise\u00f1o, Universidad Cat\u00f3lica de Santiago de Guayaquil, 2019.<\/li>\r\n \t<li>Curador de la muestra \u201cLa conspiraci\u00f3n del Fasma\u201d en casa de Urdesa, Guayaquil, 2020<\/li>\r\n<\/ul>\r\n<strong>Otros<\/strong>\r\n<ul>\r\n \t<li>Participaci\u00f3n en la Conferencia magistral \u201cInvestigaci\u00f3n en Artes\u201d en la UARTES, 2017.<\/li>\r\n \t<li>Integrante del segundo comit\u00e9 Interuniversitario para el reconocimiento y prestigio de trayectoria art\u00edstica, organizado por la UARTES, 2019.<\/li>\r\n<\/ul>","dp_intereses":"Arte Contempor\u00e1neo, Cultura Visual, y relaci\u00f3n expansiva del arte con la literatura, el cine y la cultura.","dp_sitio_web":""},"yoast_head":"<!-- This site is optimized with the Yoast SEO plugin v27.4 - https:\/\/yoast.com\/product\/yoast-seo-wordpress\/ -->\n<title>Jorge Alfredo Aycart Larrea - Universidad de las Artes<\/title>\n<meta name=\"robots\" content=\"index, follow, max-snippet:-1, max-image-preview:large, max-video-preview:-1\" \/>\n<link rel=\"canonical\" href=\"https:\/\/www.uartes.edu.ec\/sitio\/en\/docs\/jorge-alfredo-aycart-larrea\/\" \/>\n<meta property=\"og:locale\" content=\"en_US\" \/>\n<meta property=\"og:type\" content=\"article\" \/>\n<meta property=\"og:title\" content=\"Jorge Alfredo Aycart Larrea - Universidad de las Artes\" \/>\n<meta property=\"og:url\" content=\"https:\/\/www.uartes.edu.ec\/sitio\/en\/docs\/jorge-alfredo-aycart-larrea\/\" \/>\n<meta property=\"og:site_name\" content=\"Universidad de las Artes\" \/>\n<meta property=\"article:publisher\" content=\"https:\/\/www.facebook.com\/uartesec\" \/>\n<meta property=\"article:modified_time\" content=\"2024-07-04T16:24:49+00:00\" \/>\n<meta property=\"og:image\" content=\"https:\/\/www.uartes.edu.ec\/sitio\/wp-content\/uploads\/2021\/12\/dep-aycard20210914_103218.jpg\" \/>\n\t<meta property=\"og:image:width\" content=\"1000\" \/>\n\t<meta property=\"og:image:height\" content=\"1000\" \/>\n\t<meta property=\"og:image:type\" content=\"image\/jpeg\" \/>\n<meta name=\"twitter:card\" content=\"summary_large_image\" \/>\n<meta name=\"twitter:site\" content=\"@uartesec\" \/>\n<script type=\"application\/ld+json\" class=\"yoast-schema-graph\">{\"@context\":\"https:\\\/\\\/schema.org\",\"@graph\":[{\"@type\":\"WebPage\",\"@id\":\"https:\\\/\\\/www.uartes.edu.ec\\\/sitio\\\/en\\\/docs\\\/jorge-alfredo-aycart-larrea\\\/\",\"url\":\"https:\\\/\\\/www.uartes.edu.ec\\\/sitio\\\/en\\\/docs\\\/jorge-alfredo-aycart-larrea\\\/\",\"name\":\"Jorge Alfredo Aycart Larrea - Universidad de las Artes\",\"isPartOf\":{\"@id\":\"https:\\\/\\\/www.uartes.edu.ec\\\/sitio\\\/en\\\/#website\"},\"primaryImageOfPage\":{\"@id\":\"https:\\\/\\\/www.uartes.edu.ec\\\/sitio\\\/en\\\/docs\\\/jorge-alfredo-aycart-larrea\\\/#primaryimage\"},\"image\":{\"@id\":\"https:\\\/\\\/www.uartes.edu.ec\\\/sitio\\\/en\\\/docs\\\/jorge-alfredo-aycart-larrea\\\/#primaryimage\"},\"thumbnailUrl\":\"https:\\\/\\\/www.uartes.edu.ec\\\/sitio\\\/wp-content\\\/uploads\\\/2021\\\/12\\\/dep-aycard20210914_103218.jpg\",\"datePublished\":\"2021-12-22T21:16:16+00:00\",\"dateModified\":\"2024-07-04T16:24:49+00:00\",\"breadcrumb\":{\"@id\":\"https:\\\/\\\/www.uartes.edu.ec\\\/sitio\\\/en\\\/docs\\\/jorge-alfredo-aycart-larrea\\\/#breadcrumb\"},\"inLanguage\":\"en-US\",\"potentialAction\":[{\"@type\":\"ReadAction\",\"target\":[\"https:\\\/\\\/www.uartes.edu.ec\\\/sitio\\\/en\\\/docs\\\/jorge-alfredo-aycart-larrea\\\/\"]}]},{\"@type\":\"ImageObject\",\"inLanguage\":\"en-US\",\"@id\":\"https:\\\/\\\/www.uartes.edu.ec\\\/sitio\\\/en\\\/docs\\\/jorge-alfredo-aycart-larrea\\\/#primaryimage\",\"url\":\"https:\\\/\\\/www.uartes.edu.ec\\\/sitio\\\/wp-content\\\/uploads\\\/2021\\\/12\\\/dep-aycard20210914_103218.jpg\",\"contentUrl\":\"https:\\\/\\\/www.uartes.edu.ec\\\/sitio\\\/wp-content\\\/uploads\\\/2021\\\/12\\\/dep-aycard20210914_103218.jpg\",\"width\":1000,\"height\":1000},{\"@type\":\"BreadcrumbList\",\"@id\":\"https:\\\/\\\/www.uartes.edu.ec\\\/sitio\\\/en\\\/docs\\\/jorge-alfredo-aycart-larrea\\\/#breadcrumb\",\"itemListElement\":[{\"@type\":\"ListItem\",\"position\":1,\"name\":\"Inicio\",\"item\":\"https:\\\/\\\/www.uartes.edu.ec\\\/sitio\\\/\"},{\"@type\":\"ListItem\",\"position\":2,\"name\":\"Docs\",\"item\":\"https:\\\/\\\/www.uartes.edu.ec\\\/sitio\\\/docs\\\/\"},{\"@type\":\"ListItem\",\"position\":3,\"name\":\"Jorge Alfredo Aycart Larrea\"}]},{\"@type\":\"WebSite\",\"@id\":\"https:\\\/\\\/www.uartes.edu.ec\\\/sitio\\\/en\\\/#website\",\"url\":\"https:\\\/\\\/www.uartes.edu.ec\\\/sitio\\\/en\\\/\",\"name\":\"Universidad de las Artes\",\"description\":\"Sitio oficial de la Universidad Nacional de las Artes del Ecuador\",\"publisher\":{\"@id\":\"https:\\\/\\\/www.uartes.edu.ec\\\/sitio\\\/en\\\/#organization\"},\"potentialAction\":[{\"@type\":\"SearchAction\",\"target\":{\"@type\":\"EntryPoint\",\"urlTemplate\":\"https:\\\/\\\/www.uartes.edu.ec\\\/sitio\\\/en\\\/?s={search_term_string}\"},\"query-input\":{\"@type\":\"PropertyValueSpecification\",\"valueRequired\":true,\"valueName\":\"search_term_string\"}}],\"inLanguage\":\"en-US\"},{\"@type\":\"Organization\",\"@id\":\"https:\\\/\\\/www.uartes.edu.ec\\\/sitio\\\/en\\\/#organization\",\"name\":\"Universidad de las Artes\",\"url\":\"https:\\\/\\\/www.uartes.edu.ec\\\/sitio\\\/en\\\/\",\"logo\":{\"@type\":\"ImageObject\",\"inLanguage\":\"en-US\",\"@id\":\"https:\\\/\\\/www.uartes.edu.ec\\\/sitio\\\/en\\\/#\\\/schema\\\/logo\\\/image\\\/\",\"url\":\"https:\\\/\\\/www.uartes.edu.ec\\\/sitio\\\/wp-content\\\/uploads\\\/2022\\\/07\\\/logo-ua-horizontal.png\",\"contentUrl\":\"https:\\\/\\\/www.uartes.edu.ec\\\/sitio\\\/wp-content\\\/uploads\\\/2022\\\/07\\\/logo-ua-horizontal.png\",\"width\":800,\"height\":276,\"caption\":\"Universidad de las Artes\"},\"image\":{\"@id\":\"https:\\\/\\\/www.uartes.edu.ec\\\/sitio\\\/en\\\/#\\\/schema\\\/logo\\\/image\\\/\"},\"sameAs\":[\"https:\\\/\\\/www.facebook.com\\\/uartesec\",\"https:\\\/\\\/x.com\\\/uartesec\",\"https:\\\/\\\/www.tiktok.com\\\/@uartesec\"]}]}<\/script>\n<!-- \/ Yoast SEO plugin. -->","yoast_head_json":{"title":"Jorge Alfredo Aycart Larrea - Universidad de las Artes","robots":{"index":"index","follow":"follow","max-snippet":"max-snippet:-1","max-image-preview":"max-image-preview:large","max-video-preview":"max-video-preview:-1"},"canonical":"https:\/\/www.uartes.edu.ec\/sitio\/en\/docs\/jorge-alfredo-aycart-larrea\/","og_locale":"en_US","og_type":"article","og_title":"Jorge Alfredo Aycart Larrea - Universidad de las Artes","og_url":"https:\/\/www.uartes.edu.ec\/sitio\/en\/docs\/jorge-alfredo-aycart-larrea\/","og_site_name":"Universidad de las Artes","article_publisher":"https:\/\/www.facebook.com\/uartesec","article_modified_time":"2024-07-04T16:24:49+00:00","og_image":[{"width":1000,"height":1000,"url":"https:\/\/www.uartes.edu.ec\/sitio\/wp-content\/uploads\/2021\/12\/dep-aycard20210914_103218.jpg","type":"image\/jpeg"}],"twitter_card":"summary_large_image","twitter_site":"@uartesec","schema":{"@context":"https:\/\/schema.org","@graph":[{"@type":"WebPage","@id":"https:\/\/www.uartes.edu.ec\/sitio\/en\/docs\/jorge-alfredo-aycart-larrea\/","url":"https:\/\/www.uartes.edu.ec\/sitio\/en\/docs\/jorge-alfredo-aycart-larrea\/","name":"Jorge Alfredo Aycart Larrea - Universidad de las Artes","isPartOf":{"@id":"https:\/\/www.uartes.edu.ec\/sitio\/en\/#website"},"primaryImageOfPage":{"@id":"https:\/\/www.uartes.edu.ec\/sitio\/en\/docs\/jorge-alfredo-aycart-larrea\/#primaryimage"},"image":{"@id":"https:\/\/www.uartes.edu.ec\/sitio\/en\/docs\/jorge-alfredo-aycart-larrea\/#primaryimage"},"thumbnailUrl":"https:\/\/www.uartes.edu.ec\/sitio\/wp-content\/uploads\/2021\/12\/dep-aycard20210914_103218.jpg","datePublished":"2021-12-22T21:16:16+00:00","dateModified":"2024-07-04T16:24:49+00:00","breadcrumb":{"@id":"https:\/\/www.uartes.edu.ec\/sitio\/en\/docs\/jorge-alfredo-aycart-larrea\/#breadcrumb"},"inLanguage":"en-US","potentialAction":[{"@type":"ReadAction","target":["https:\/\/www.uartes.edu.ec\/sitio\/en\/docs\/jorge-alfredo-aycart-larrea\/"]}]},{"@type":"ImageObject","inLanguage":"en-US","@id":"https:\/\/www.uartes.edu.ec\/sitio\/en\/docs\/jorge-alfredo-aycart-larrea\/#primaryimage","url":"https:\/\/www.uartes.edu.ec\/sitio\/wp-content\/uploads\/2021\/12\/dep-aycard20210914_103218.jpg","contentUrl":"https:\/\/www.uartes.edu.ec\/sitio\/wp-content\/uploads\/2021\/12\/dep-aycard20210914_103218.jpg","width":1000,"height":1000},{"@type":"BreadcrumbList","@id":"https:\/\/www.uartes.edu.ec\/sitio\/en\/docs\/jorge-alfredo-aycart-larrea\/#breadcrumb","itemListElement":[{"@type":"ListItem","position":1,"name":"Inicio","item":"https:\/\/www.uartes.edu.ec\/sitio\/"},{"@type":"ListItem","position":2,"name":"Docs","item":"https:\/\/www.uartes.edu.ec\/sitio\/docs\/"},{"@type":"ListItem","position":3,"name":"Jorge Alfredo Aycart Larrea"}]},{"@type":"WebSite","@id":"https:\/\/www.uartes.edu.ec\/sitio\/en\/#website","url":"https:\/\/www.uartes.edu.ec\/sitio\/en\/","name":"Universidad de las Artes","description":"Sitio oficial de la Universidad Nacional de las Artes del Ecuador","publisher":{"@id":"https:\/\/www.uartes.edu.ec\/sitio\/en\/#organization"},"potentialAction":[{"@type":"SearchAction","target":{"@type":"EntryPoint","urlTemplate":"https:\/\/www.uartes.edu.ec\/sitio\/en\/?s={search_term_string}"},"query-input":{"@type":"PropertyValueSpecification","valueRequired":true,"valueName":"search_term_string"}}],"inLanguage":"en-US"},{"@type":"Organization","@id":"https:\/\/www.uartes.edu.ec\/sitio\/en\/#organization","name":"Universidad de las Artes","url":"https:\/\/www.uartes.edu.ec\/sitio\/en\/","logo":{"@type":"ImageObject","inLanguage":"en-US","@id":"https:\/\/www.uartes.edu.ec\/sitio\/en\/#\/schema\/logo\/image\/","url":"https:\/\/www.uartes.edu.ec\/sitio\/wp-content\/uploads\/2022\/07\/logo-ua-horizontal.png","contentUrl":"https:\/\/www.uartes.edu.ec\/sitio\/wp-content\/uploads\/2022\/07\/logo-ua-horizontal.png","width":800,"height":276,"caption":"Universidad de las Artes"},"image":{"@id":"https:\/\/www.uartes.edu.ec\/sitio\/en\/#\/schema\/logo\/image\/"},"sameAs":["https:\/\/www.facebook.com\/uartesec","https:\/\/x.com\/uartesec","https:\/\/www.tiktok.com\/@uartesec"]}]}},"uagb_featured_image_src":{"full":["https:\/\/www.uartes.edu.ec\/sitio\/wp-content\/uploads\/2021\/12\/dep-aycard20210914_103218.jpg",1000,1000,false],"thumbnail":["https:\/\/www.uartes.edu.ec\/sitio\/wp-content\/uploads\/2021\/12\/dep-aycard20210914_103218-150x150.jpg",150,150,true],"medium":["https:\/\/www.uartes.edu.ec\/sitio\/wp-content\/uploads\/2021\/12\/dep-aycard20210914_103218-300x300.jpg",300,300,true],"medium_large":["https:\/\/www.uartes.edu.ec\/sitio\/wp-content\/uploads\/2021\/12\/dep-aycard20210914_103218-768x768.jpg",768,768,true],"large":["https:\/\/www.uartes.edu.ec\/sitio\/wp-content\/uploads\/2021\/12\/dep-aycard20210914_103218-644x644.jpg",644,644,true],"1536x1536":["https:\/\/www.uartes.edu.ec\/sitio\/wp-content\/uploads\/2021\/12\/dep-aycard20210914_103218.jpg",1000,1000,false],"2048x2048":["https:\/\/www.uartes.edu.ec\/sitio\/wp-content\/uploads\/2021\/12\/dep-aycard20210914_103218.jpg",1000,1000,false],"trp-custom-language-flag":["https:\/\/www.uartes.edu.ec\/sitio\/wp-content\/uploads\/2021\/12\/dep-aycard20210914_103218.jpg",12,12,false],"htmega_size_585x295":["https:\/\/www.uartes.edu.ec\/sitio\/wp-content\/uploads\/2021\/12\/dep-aycard20210914_103218.jpg",295,295,false],"htmega_size_1170x536":["https:\/\/www.uartes.edu.ec\/sitio\/wp-content\/uploads\/2021\/12\/dep-aycard20210914_103218.jpg",536,536,false],"htmega_size_396x360":["https:\/\/www.uartes.edu.ec\/sitio\/wp-content\/uploads\/2021\/12\/dep-aycard20210914_103218.jpg",360,360,false],"gb-block-post-grid-landscape":["https:\/\/www.uartes.edu.ec\/sitio\/wp-content\/uploads\/2021\/12\/dep-aycard20210914_103218-600x400.jpg",600,400,true],"gb-block-post-grid-square":["https:\/\/www.uartes.edu.ec\/sitio\/wp-content\/uploads\/2021\/12\/dep-aycard20210914_103218-600x600.jpg",600,600,true],"university-hub-thumb":["https:\/\/www.uartes.edu.ec\/sitio\/wp-content\/uploads\/2021\/12\/dep-aycard20210914_103218-300x300.jpg",300,300,true]},"uagb_author_info":{"display_name":"Universidad de las Artes","author_link":"https:\/\/www.uartes.edu.ec\/sitio\/en\/blog\/author\/dircomadm\/"},"uagb_comment_info":0,"uagb_excerpt":null,"publishpress_future_workflow_manual_trigger":{"enabledWorkflows":[]},"distributor_meta":false,"distributor_terms":false,"distributor_media":false,"distributor_original_site_name":"Universidad de las Artes","distributor_original_site_url":"https:\/\/www.uartes.edu.ec\/sitio\/en","push-errors":false,"_links":{"self":[{"href":"https:\/\/www.uartes.edu.ec\/sitio\/en\/wp-json\/wp\/v2\/docs\/18307","targetHints":{"allow":["GET"]}}],"collection":[{"href":"https:\/\/www.uartes.edu.ec\/sitio\/en\/wp-json\/wp\/v2\/docs"}],"about":[{"href":"https:\/\/www.uartes.edu.ec\/sitio\/en\/wp-json\/wp\/v2\/types\/docs"}],"author":[{"embeddable":true,"href":"https:\/\/www.uartes.edu.ec\/sitio\/en\/wp-json\/wp\/v2\/users\/1"}],"replies":[{"embeddable":true,"href":"https:\/\/www.uartes.edu.ec\/sitio\/en\/wp-json\/wp\/v2\/comments?post=18307"}],"version-history":[{"count":3,"href":"https:\/\/www.uartes.edu.ec\/sitio\/en\/wp-json\/wp\/v2\/docs\/18307\/revisions"}],"predecessor-version":[{"id":18310,"href":"https:\/\/www.uartes.edu.ec\/sitio\/en\/wp-json\/wp\/v2\/docs\/18307\/revisions\/18310"}],"wp:featuredmedia":[{"embeddable":true,"href":"https:\/\/www.uartes.edu.ec\/sitio\/en\/wp-json\/wp\/v2\/media\/18227"}],"wp:attachment":[{"href":"https:\/\/www.uartes.edu.ec\/sitio\/en\/wp-json\/wp\/v2\/media?parent=18307"}],"wp:term":[{"taxonomy":"doc_category","embeddable":true,"href":"https:\/\/www.uartes.edu.ec\/sitio\/en\/wp-json\/wp\/v2\/doc_category?post=18307"},{"taxonomy":"doc_tag","embeddable":true,"href":"https:\/\/www.uartes.edu.ec\/sitio\/en\/wp-json\/wp\/v2\/doc_tag?post=18307"}],"curies":[{"name":"wp","href":"https:\/\/api.w.org\/{rel}","templated":true}]}}