{"id":25322,"date":"2022-07-27T15:19:24","date_gmt":"2022-07-27T20:19:24","guid":{"rendered":"http:\/\/www.uartes.edu.ec\/sitio\/?post_type=docs&#038;p=25322"},"modified":"2024-07-04T11:23:16","modified_gmt":"2024-07-04T16:23:16","password":"","slug":"salome-abigail-villamar-tapia","status":"publish","type":"docs","link":"https:\/\/www.uartes.edu.ec\/sitio\/en\/docs\/salome-abigail-villamar-tapia\/","title":{"rendered":"Salom\u00e9 Abigail Villamar Tapia"},"content":{"rendered":"<p>Salom\u00e9 Villamar naci\u00f3 en Quito en octubre del 97. Estudi\u00f3 Cine en la Universidad de las Artes de Guayaquil del 2015 al 2020. Durante la universidad particip\u00f3 en cortometrajes universitarios, desempe\u00f1ando diversos roles; destacan como sus mayores retos: <em>Ojos de Globo <\/em>and <em>RadioReloj<\/em>, en donde produjo y dirigi\u00f3 respectivamente. Como parte de su proyecto de tesis, se adentr\u00f3 en el mundo de las etnograf\u00edas experimentales en cine, produciendo una pel\u00edcula casera desde su confinamiento por la pandemia del covid-19, llamada, <em>Eventualidad y Trance. <\/em>En diciembre del 2019, como parte de la investigaci\u00f3n de su tema de tesis, fue unas de las ganadoras del programa de residencias universitarias COMUNA.<\/p>\n\n\n\n<h3 class=\"wp-block-heading\">Descripci\u00f3n de la investigaci\u00f3n<\/h3>\n\n\n\n<p>En la investigaci\u00f3n titulada <em>Apuntes sobre las intenciones del montaje de Jorge Prelor\u00e1n en su obra: Zulay frente al siglo XXI, <\/em>se expone como, si bien el autor manej\u00f3 una f\u00f3rmula bastante cl\u00e1sica para ensamblar y dar sentido al montaje de sus pel\u00edculas, fue consciente de los l\u00edmites que evitar\u00edan que sus etnobiograf\u00edas se lleguen a confundir con una biograf\u00eda documentada cl\u00e1sica. Es as\u00ed, que se analiza los recursos y desiciones de montaje a manera de apuntes, con el fin de resaltar los detalles que convierten a <em>Zulay frente al siglo XXI <\/em>en una etnobiograf\u00eda seg\u00fan las normas de su autor, y que, sin embargo, desde el guion y su particularidad, revela el proceso de pensar el montaje, construir sentido, empatizar con el espectador<\/p>","protected":false},"excerpt":{"rendered":"<p>Salom\u00e9 Villamar naci\u00f3 en Quito en octubre del 97. Estudi\u00f3 Cine en la Universidad de las Artes de Guayaquil del 2015 al 2020. Durante la universidad particip\u00f3 en cortometrajes universitarios, desempe\u00f1ando diversos roles; destacan como sus mayores retos: Ojos de Globo y RadioReloj, en donde produjo y dirigi\u00f3 respectivamente. Como parte de su proyecto de [&hellip;]<\/p>\n","protected":false},"author":1,"featured_media":25308,"comment_status":"open","ping_status":"closed","template":"","meta":{"_acf_changed":false,"_uag_custom_page_level_css":"","_monsterinsights_skip_tracking":false,"_monsterinsights_sitenote_active":false,"_monsterinsights_sitenote_note":"","_monsterinsights_sitenote_category":0,"cybocfi_hide_featured_image":"","footnotes":""},"doc_category":[741],"doc_tag":[742],"class_list":["post-25322","docs","type-docs","status-publish","has-post-thumbnail","hentry","doc_category-comuna","doc_tag-comunaestudiante"],"year_month":"2026-05","word_count":250,"total_views":0,"reactions":{"happy":0,"normal":0,"sad":0},"author_info":{"name":"Universidad de las Artes","author_nicename":"dircomadm","author_url":"https:\/\/www.uartes.edu.ec\/sitio\/en\/blog\/author\/dircomadm\/"},"doc_category_info":[{"term_name":"Comuna","term_url":"https:\/\/www.uartes.edu.ec\/sitio\/en\/docs-category\/comuna\/"}],"doc_tag_info":[{"term_name":"ComunaEstudiante","term_url":"https:\/\/www.uartes.edu.ec\/sitio\/en\/docs-tag\/comunaestudiante\/"}],"acf":[],"yoast_head":"<!-- This site is optimized with the Yoast SEO plugin v27.4 - https:\/\/yoast.com\/product\/yoast-seo-wordpress\/ -->\n<title>Salom\u00e9 Abigail Villamar Tapia - Universidad de las Artes<\/title>\n<meta name=\"robots\" content=\"index, follow, max-snippet:-1, max-image-preview:large, max-video-preview:-1\" \/>\n<link rel=\"canonical\" href=\"https:\/\/www.uartes.edu.ec\/sitio\/en\/docs\/salome-abigail-villamar-tapia\/\" \/>\n<meta property=\"og:locale\" content=\"en_US\" \/>\n<meta property=\"og:type\" content=\"article\" \/>\n<meta property=\"og:title\" content=\"Salom\u00e9 Abigail Villamar Tapia - Universidad de las Artes\" \/>\n<meta property=\"og:description\" content=\"Salom\u00e9 Villamar naci\u00f3 en Quito en octubre del 97. Estudi\u00f3 Cine en la Universidad de las Artes de Guayaquil del 2015 al 2020. Durante la universidad particip\u00f3 en cortometrajes universitarios, desempe\u00f1ando diversos roles; destacan como sus mayores retos: Ojos de Globo y RadioReloj, en donde produjo y dirigi\u00f3 respectivamente. Como parte de su proyecto de [&hellip;]\" \/>\n<meta property=\"og:url\" content=\"https:\/\/www.uartes.edu.ec\/sitio\/en\/docs\/salome-abigail-villamar-tapia\/\" \/>\n<meta property=\"og:site_name\" content=\"Universidad de las Artes\" \/>\n<meta property=\"article:publisher\" content=\"https:\/\/www.facebook.com\/uartesec\" \/>\n<meta property=\"article:modified_time\" content=\"2024-07-04T16:23:16+00:00\" \/>\n<meta property=\"og:image\" content=\"https:\/\/www.uartes.edu.ec\/sitio\/wp-content\/uploads\/2022\/07\/Foto_Salome\u0301Villamar.jpg\" \/>\n\t<meta property=\"og:image:width\" content=\"800\" \/>\n\t<meta property=\"og:image:height\" content=\"800\" \/>\n\t<meta property=\"og:image:type\" content=\"image\/jpeg\" \/>\n<meta name=\"twitter:card\" content=\"summary_large_image\" \/>\n<meta name=\"twitter:site\" content=\"@uartesec\" \/>\n<meta name=\"twitter:label1\" content=\"Est. reading time\" \/>\n\t<meta name=\"twitter:data1\" content=\"2 minutes\" \/>\n<script type=\"application\/ld+json\" class=\"yoast-schema-graph\">{\"@context\":\"https:\\\/\\\/schema.org\",\"@graph\":[{\"@type\":\"WebPage\",\"@id\":\"https:\\\/\\\/www.uartes.edu.ec\\\/sitio\\\/en\\\/docs\\\/salome-abigail-villamar-tapia\\\/\",\"url\":\"https:\\\/\\\/www.uartes.edu.ec\\\/sitio\\\/en\\\/docs\\\/salome-abigail-villamar-tapia\\\/\",\"name\":\"Salom\u00e9 Abigail Villamar Tapia - Universidad de las Artes\",\"isPartOf\":{\"@id\":\"https:\\\/\\\/www.uartes.edu.ec\\\/sitio\\\/en\\\/#website\"},\"primaryImageOfPage\":{\"@id\":\"https:\\\/\\\/www.uartes.edu.ec\\\/sitio\\\/en\\\/docs\\\/salome-abigail-villamar-tapia\\\/#primaryimage\"},\"image\":{\"@id\":\"https:\\\/\\\/www.uartes.edu.ec\\\/sitio\\\/en\\\/docs\\\/salome-abigail-villamar-tapia\\\/#primaryimage\"},\"thumbnailUrl\":\"https:\\\/\\\/www.uartes.edu.ec\\\/sitio\\\/wp-content\\\/uploads\\\/2022\\\/07\\\/Foto_Salome\u0301Villamar.jpg\",\"datePublished\":\"2022-07-27T20:19:24+00:00\",\"dateModified\":\"2024-07-04T16:23:16+00:00\",\"breadcrumb\":{\"@id\":\"https:\\\/\\\/www.uartes.edu.ec\\\/sitio\\\/en\\\/docs\\\/salome-abigail-villamar-tapia\\\/#breadcrumb\"},\"inLanguage\":\"en-US\",\"potentialAction\":[{\"@type\":\"ReadAction\",\"target\":[\"https:\\\/\\\/www.uartes.edu.ec\\\/sitio\\\/en\\\/docs\\\/salome-abigail-villamar-tapia\\\/\"]}]},{\"@type\":\"ImageObject\",\"inLanguage\":\"en-US\",\"@id\":\"https:\\\/\\\/www.uartes.edu.ec\\\/sitio\\\/en\\\/docs\\\/salome-abigail-villamar-tapia\\\/#primaryimage\",\"url\":\"https:\\\/\\\/www.uartes.edu.ec\\\/sitio\\\/wp-content\\\/uploads\\\/2022\\\/07\\\/Foto_Salome\u0301Villamar.jpg\",\"contentUrl\":\"https:\\\/\\\/www.uartes.edu.ec\\\/sitio\\\/wp-content\\\/uploads\\\/2022\\\/07\\\/Foto_Salome\u0301Villamar.jpg\",\"width\":800,\"height\":800},{\"@type\":\"BreadcrumbList\",\"@id\":\"https:\\\/\\\/www.uartes.edu.ec\\\/sitio\\\/en\\\/docs\\\/salome-abigail-villamar-tapia\\\/#breadcrumb\",\"itemListElement\":[{\"@type\":\"ListItem\",\"position\":1,\"name\":\"Inicio\",\"item\":\"https:\\\/\\\/www.uartes.edu.ec\\\/sitio\\\/\"},{\"@type\":\"ListItem\",\"position\":2,\"name\":\"Docs\",\"item\":\"https:\\\/\\\/www.uartes.edu.ec\\\/sitio\\\/docs\\\/\"},{\"@type\":\"ListItem\",\"position\":3,\"name\":\"Salom\u00e9 Abigail Villamar Tapia\"}]},{\"@type\":\"WebSite\",\"@id\":\"https:\\\/\\\/www.uartes.edu.ec\\\/sitio\\\/en\\\/#website\",\"url\":\"https:\\\/\\\/www.uartes.edu.ec\\\/sitio\\\/en\\\/\",\"name\":\"Universidad de las Artes\",\"description\":\"Sitio oficial de la Universidad Nacional de las Artes del Ecuador\",\"publisher\":{\"@id\":\"https:\\\/\\\/www.uartes.edu.ec\\\/sitio\\\/en\\\/#organization\"},\"potentialAction\":[{\"@type\":\"SearchAction\",\"target\":{\"@type\":\"EntryPoint\",\"urlTemplate\":\"https:\\\/\\\/www.uartes.edu.ec\\\/sitio\\\/en\\\/?s={search_term_string}\"},\"query-input\":{\"@type\":\"PropertyValueSpecification\",\"valueRequired\":true,\"valueName\":\"search_term_string\"}}],\"inLanguage\":\"en-US\"},{\"@type\":\"Organization\",\"@id\":\"https:\\\/\\\/www.uartes.edu.ec\\\/sitio\\\/en\\\/#organization\",\"name\":\"Universidad de las Artes\",\"url\":\"https:\\\/\\\/www.uartes.edu.ec\\\/sitio\\\/en\\\/\",\"logo\":{\"@type\":\"ImageObject\",\"inLanguage\":\"en-US\",\"@id\":\"https:\\\/\\\/www.uartes.edu.ec\\\/sitio\\\/en\\\/#\\\/schema\\\/logo\\\/image\\\/\",\"url\":\"https:\\\/\\\/www.uartes.edu.ec\\\/sitio\\\/wp-content\\\/uploads\\\/2022\\\/07\\\/logo-ua-horizontal.png\",\"contentUrl\":\"https:\\\/\\\/www.uartes.edu.ec\\\/sitio\\\/wp-content\\\/uploads\\\/2022\\\/07\\\/logo-ua-horizontal.png\",\"width\":800,\"height\":276,\"caption\":\"Universidad de las Artes\"},\"image\":{\"@id\":\"https:\\\/\\\/www.uartes.edu.ec\\\/sitio\\\/en\\\/#\\\/schema\\\/logo\\\/image\\\/\"},\"sameAs\":[\"https:\\\/\\\/www.facebook.com\\\/uartesec\",\"https:\\\/\\\/x.com\\\/uartesec\",\"https:\\\/\\\/www.tiktok.com\\\/@uartesec\"]}]}<\/script>\n<!-- \/ Yoast SEO plugin. -->","yoast_head_json":{"title":"Salom\u00e9 Abigail Villamar Tapia - Universidad de las Artes","robots":{"index":"index","follow":"follow","max-snippet":"max-snippet:-1","max-image-preview":"max-image-preview:large","max-video-preview":"max-video-preview:-1"},"canonical":"https:\/\/www.uartes.edu.ec\/sitio\/en\/docs\/salome-abigail-villamar-tapia\/","og_locale":"en_US","og_type":"article","og_title":"Salom\u00e9 Abigail Villamar Tapia - Universidad de las Artes","og_description":"Salom\u00e9 Villamar naci\u00f3 en Quito en octubre del 97. Estudi\u00f3 Cine en la Universidad de las Artes de Guayaquil del 2015 al 2020. Durante la universidad particip\u00f3 en cortometrajes universitarios, desempe\u00f1ando diversos roles; destacan como sus mayores retos: Ojos de Globo y RadioReloj, en donde produjo y dirigi\u00f3 respectivamente. Como parte de su proyecto de [&hellip;]","og_url":"https:\/\/www.uartes.edu.ec\/sitio\/en\/docs\/salome-abigail-villamar-tapia\/","og_site_name":"Universidad de las Artes","article_publisher":"https:\/\/www.facebook.com\/uartesec","article_modified_time":"2024-07-04T16:23:16+00:00","og_image":[{"width":800,"height":800,"url":"https:\/\/www.uartes.edu.ec\/sitio\/wp-content\/uploads\/2022\/07\/Foto_Salome\u0301Villamar.jpg","type":"image\/jpeg"}],"twitter_card":"summary_large_image","twitter_site":"@uartesec","twitter_misc":{"Est. reading time":"2 minutes"},"schema":{"@context":"https:\/\/schema.org","@graph":[{"@type":"WebPage","@id":"https:\/\/www.uartes.edu.ec\/sitio\/en\/docs\/salome-abigail-villamar-tapia\/","url":"https:\/\/www.uartes.edu.ec\/sitio\/en\/docs\/salome-abigail-villamar-tapia\/","name":"Salom\u00e9 Abigail Villamar Tapia - Universidad de las Artes","isPartOf":{"@id":"https:\/\/www.uartes.edu.ec\/sitio\/en\/#website"},"primaryImageOfPage":{"@id":"https:\/\/www.uartes.edu.ec\/sitio\/en\/docs\/salome-abigail-villamar-tapia\/#primaryimage"},"image":{"@id":"https:\/\/www.uartes.edu.ec\/sitio\/en\/docs\/salome-abigail-villamar-tapia\/#primaryimage"},"thumbnailUrl":"https:\/\/www.uartes.edu.ec\/sitio\/wp-content\/uploads\/2022\/07\/Foto_Salome\u0301Villamar.jpg","datePublished":"2022-07-27T20:19:24+00:00","dateModified":"2024-07-04T16:23:16+00:00","breadcrumb":{"@id":"https:\/\/www.uartes.edu.ec\/sitio\/en\/docs\/salome-abigail-villamar-tapia\/#breadcrumb"},"inLanguage":"en-US","potentialAction":[{"@type":"ReadAction","target":["https:\/\/www.uartes.edu.ec\/sitio\/en\/docs\/salome-abigail-villamar-tapia\/"]}]},{"@type":"ImageObject","inLanguage":"en-US","@id":"https:\/\/www.uartes.edu.ec\/sitio\/en\/docs\/salome-abigail-villamar-tapia\/#primaryimage","url":"https:\/\/www.uartes.edu.ec\/sitio\/wp-content\/uploads\/2022\/07\/Foto_Salome\u0301Villamar.jpg","contentUrl":"https:\/\/www.uartes.edu.ec\/sitio\/wp-content\/uploads\/2022\/07\/Foto_Salome\u0301Villamar.jpg","width":800,"height":800},{"@type":"BreadcrumbList","@id":"https:\/\/www.uartes.edu.ec\/sitio\/en\/docs\/salome-abigail-villamar-tapia\/#breadcrumb","itemListElement":[{"@type":"ListItem","position":1,"name":"Inicio","item":"https:\/\/www.uartes.edu.ec\/sitio\/"},{"@type":"ListItem","position":2,"name":"Docs","item":"https:\/\/www.uartes.edu.ec\/sitio\/docs\/"},{"@type":"ListItem","position":3,"name":"Salom\u00e9 Abigail Villamar Tapia"}]},{"@type":"WebSite","@id":"https:\/\/www.uartes.edu.ec\/sitio\/en\/#website","url":"https:\/\/www.uartes.edu.ec\/sitio\/en\/","name":"Universidad de las Artes","description":"Sitio oficial de la Universidad Nacional de las Artes del Ecuador","publisher":{"@id":"https:\/\/www.uartes.edu.ec\/sitio\/en\/#organization"},"potentialAction":[{"@type":"SearchAction","target":{"@type":"EntryPoint","urlTemplate":"https:\/\/www.uartes.edu.ec\/sitio\/en\/?s={search_term_string}"},"query-input":{"@type":"PropertyValueSpecification","valueRequired":true,"valueName":"search_term_string"}}],"inLanguage":"en-US"},{"@type":"Organization","@id":"https:\/\/www.uartes.edu.ec\/sitio\/en\/#organization","name":"Universidad de las Artes","url":"https:\/\/www.uartes.edu.ec\/sitio\/en\/","logo":{"@type":"ImageObject","inLanguage":"en-US","@id":"https:\/\/www.uartes.edu.ec\/sitio\/en\/#\/schema\/logo\/image\/","url":"https:\/\/www.uartes.edu.ec\/sitio\/wp-content\/uploads\/2022\/07\/logo-ua-horizontal.png","contentUrl":"https:\/\/www.uartes.edu.ec\/sitio\/wp-content\/uploads\/2022\/07\/logo-ua-horizontal.png","width":800,"height":276,"caption":"Universidad de las Artes"},"image":{"@id":"https:\/\/www.uartes.edu.ec\/sitio\/en\/#\/schema\/logo\/image\/"},"sameAs":["https:\/\/www.facebook.com\/uartesec","https:\/\/x.com\/uartesec","https:\/\/www.tiktok.com\/@uartesec"]}]}},"uagb_featured_image_src":{"full":["https:\/\/www.uartes.edu.ec\/sitio\/wp-content\/uploads\/2022\/07\/Foto_Salome\u0301Villamar.jpg",800,800,false],"thumbnail":["https:\/\/www.uartes.edu.ec\/sitio\/wp-content\/uploads\/2022\/07\/Foto_Salome\u0301Villamar-150x150.jpg",150,150,true],"medium":["https:\/\/www.uartes.edu.ec\/sitio\/wp-content\/uploads\/2022\/07\/Foto_Salome\u0301Villamar-300x300.jpg",300,300,true],"medium_large":["https:\/\/www.uartes.edu.ec\/sitio\/wp-content\/uploads\/2022\/07\/Foto_Salome\u0301Villamar-768x768.jpg",768,768,true],"large":["https:\/\/www.uartes.edu.ec\/sitio\/wp-content\/uploads\/2022\/07\/Foto_Salome\u0301Villamar-644x644.jpg",644,644,true],"1536x1536":["https:\/\/www.uartes.edu.ec\/sitio\/wp-content\/uploads\/2022\/07\/Foto_Salome\u0301Villamar.jpg",800,800,false],"2048x2048":["https:\/\/www.uartes.edu.ec\/sitio\/wp-content\/uploads\/2022\/07\/Foto_Salome\u0301Villamar.jpg",800,800,false],"trp-custom-language-flag":["https:\/\/www.uartes.edu.ec\/sitio\/wp-content\/uploads\/2022\/07\/Foto_Salome\u0301Villamar.jpg",12,12,false],"htmega_size_585x295":["https:\/\/www.uartes.edu.ec\/sitio\/wp-content\/uploads\/2022\/07\/Foto_Salome\u0301Villamar.jpg",295,295,false],"htmega_size_1170x536":["https:\/\/www.uartes.edu.ec\/sitio\/wp-content\/uploads\/2022\/07\/Foto_Salome\u0301Villamar.jpg",536,536,false],"htmega_size_396x360":["https:\/\/www.uartes.edu.ec\/sitio\/wp-content\/uploads\/2022\/07\/Foto_Salome\u0301Villamar.jpg",360,360,false],"gb-block-post-grid-landscape":["https:\/\/www.uartes.edu.ec\/sitio\/wp-content\/uploads\/2022\/07\/Foto_Salome\u0301Villamar-600x400.jpg",600,400,true],"gb-block-post-grid-square":["https:\/\/www.uartes.edu.ec\/sitio\/wp-content\/uploads\/2022\/07\/Foto_Salome\u0301Villamar-600x600.jpg",600,600,true],"university-hub-thumb":["https:\/\/www.uartes.edu.ec\/sitio\/wp-content\/uploads\/2022\/07\/Foto_Salome\u0301Villamar-300x300.jpg",300,300,true]},"uagb_author_info":{"display_name":"Universidad de las Artes","author_link":"https:\/\/www.uartes.edu.ec\/sitio\/en\/blog\/author\/dircomadm\/"},"uagb_comment_info":0,"uagb_excerpt":"Salom\u00e9 Villamar naci\u00f3 en Quito en octubre del 97. Estudi\u00f3 Cine en la Universidad de las Artes de Guayaquil del 2015 al 2020. Durante la universidad particip\u00f3 en cortometrajes universitarios, desempe\u00f1ando diversos roles; destacan como sus mayores retos: Ojos de Globo y RadioReloj, en donde produjo y dirigi\u00f3 respectivamente. Como parte de su proyecto de&hellip;","publishpress_future_workflow_manual_trigger":{"enabledWorkflows":[]},"distributor_meta":false,"distributor_terms":false,"distributor_media":false,"distributor_original_site_name":"Universidad de las Artes","distributor_original_site_url":"https:\/\/www.uartes.edu.ec\/sitio\/en","push-errors":false,"_links":{"self":[{"href":"https:\/\/www.uartes.edu.ec\/sitio\/en\/wp-json\/wp\/v2\/docs\/25322","targetHints":{"allow":["GET"]}}],"collection":[{"href":"https:\/\/www.uartes.edu.ec\/sitio\/en\/wp-json\/wp\/v2\/docs"}],"about":[{"href":"https:\/\/www.uartes.edu.ec\/sitio\/en\/wp-json\/wp\/v2\/types\/docs"}],"author":[{"embeddable":true,"href":"https:\/\/www.uartes.edu.ec\/sitio\/en\/wp-json\/wp\/v2\/users\/1"}],"replies":[{"embeddable":true,"href":"https:\/\/www.uartes.edu.ec\/sitio\/en\/wp-json\/wp\/v2\/comments?post=25322"}],"version-history":[{"count":1,"href":"https:\/\/www.uartes.edu.ec\/sitio\/en\/wp-json\/wp\/v2\/docs\/25322\/revisions"}],"predecessor-version":[{"id":25387,"href":"https:\/\/www.uartes.edu.ec\/sitio\/en\/wp-json\/wp\/v2\/docs\/25322\/revisions\/25387"}],"wp:featuredmedia":[{"embeddable":true,"href":"https:\/\/www.uartes.edu.ec\/sitio\/en\/wp-json\/wp\/v2\/media\/25308"}],"wp:attachment":[{"href":"https:\/\/www.uartes.edu.ec\/sitio\/en\/wp-json\/wp\/v2\/media?parent=25322"}],"wp:term":[{"taxonomy":"doc_category","embeddable":true,"href":"https:\/\/www.uartes.edu.ec\/sitio\/en\/wp-json\/wp\/v2\/doc_category?post=25322"},{"taxonomy":"doc_tag","embeddable":true,"href":"https:\/\/www.uartes.edu.ec\/sitio\/en\/wp-json\/wp\/v2\/doc_tag?post=25322"}],"curies":[{"name":"wp","href":"https:\/\/api.w.org\/{rel}","templated":true}]}}