{"id":25397,"date":"2022-07-27T15:58:06","date_gmt":"2022-07-27T20:58:06","guid":{"rendered":"http:\/\/www.uartes.edu.ec\/sitio\/?post_type=docs&#038;p=25397"},"modified":"2024-07-04T11:23:16","modified_gmt":"2024-07-04T16:23:16","password":"","slug":"tania-munoz","status":"publish","type":"docs","link":"https:\/\/www.uartes.edu.ec\/sitio\/en\/docs\/tania-munoz\/","title":{"rendered":"Tania Mu\u00f1oz"},"content":{"rendered":"<p>Comunicadora audiovisual, fot\u00f3grafa y gestora cultural. Docente desde el 2005 en varios establecimientos de educaci\u00f3n superior, institutos culturales, instituciones p\u00fablicas y organismos sin fines de lucro del Ecuador en materias de comunicaci\u00f3n estrat\u00e9gica, marketing, branding, arte y cultura. Ha trabajado desde el 2010 en la gesti\u00f3n de estrategias en proyectos culturales, creaci\u00f3n y ejecuci\u00f3n de contenidos en eventos; dise\u00f1o y gesti\u00f3n de proyectos de vinculaci\u00f3n de la cultura con la comunidad mediante las TIC\u00b4s.<\/p>\n\n\n\n<p>Ha ganado premios y menciones en las categor\u00edas de fotograf\u00eda, m\u00fasica, audiovisuales y patrimonio a nivel nacional. Selecci\u00f3n oficial en el Festival Internacional de Cine de Guayaquil 2015 en cortometraje. Actualmente trabaja en procesos de investigaci\u00f3n del desarrollo urban\u00edstico de Guayaquil y en la construcci\u00f3n de pol\u00edticas p\u00fablicas culturales desde las realidades de los entornos urbanos.<\/p>\n\n\n\n<div style=\"height:50px\" aria-hidden=\"true\" class=\"wp-block-spacer\"><\/div>\n\n\n\n<div class=\"wp-block-getwid-images-slider has-arrows-inside has-dots-inside has-images-center\"><div class=\"wp-block-getwid-images-slider__wrapper\" data-effect=\"slide\" data-slides-show=\"1\" data-slides-show-laptop=\"1\" data-slides-show-tablet=\"1\" data-slides-show-mobile=\"1\" data-slides-scroll=\"1\" data-autoplay=\"false\" data-autoplay-speed=\"6000\" data-infinite=\"true\" data-animation-speed=\"800\" data-center-mode=\"false\" data-variable-width=\"false\" data-arrows=\"inside\" data-dots=\"inside\" data-spacing=\"none\"><div class=\"wp-block-getwid-images-slider__item\"><figure><img fetchpriority=\"high\" decoding=\"async\" width=\"644\" height=\"858\" src=\"http:\/\/www.uartes.edu.ec\/sitio\/wp-content\/uploads\/2022\/07\/20201010_170840-644x858.jpg\" alt=\"\" data-id=\"25432\" data-link=\"http:\/\/www.uartes.edu.ec\/sitio\/docs\/tania-munoz\/attachment\/20201010_170840\/\" data-original-link=\"http:\/\/www.uartes.edu.ec\/sitio\/wp-content\/uploads\/2022\/07\/20201010_170840-scaled.jpg\" class=\"wp-block-getwid-images-slider__image wp-image-25432\" srcset=\"https:\/\/www.uartes.edu.ec\/sitio\/wp-content\/uploads\/2022\/07\/20201010_170840-644x858.jpg 644w, https:\/\/www.uartes.edu.ec\/sitio\/wp-content\/uploads\/2022\/07\/20201010_170840-768x1024.jpg 768w, https:\/\/www.uartes.edu.ec\/sitio\/wp-content\/uploads\/2022\/07\/20201010_170840-600x800.jpg 600w\" sizes=\"(max-width: 644px) 100vw, 644px\" \/><\/figure><\/div><div class=\"wp-block-getwid-images-slider__item\"><figure><img decoding=\"async\" width=\"644\" height=\"483\" src=\"http:\/\/www.uartes.edu.ec\/sitio\/wp-content\/uploads\/2022\/07\/20201010_170524-644x483.jpg\" alt=\"\" data-id=\"25431\" data-link=\"http:\/\/www.uartes.edu.ec\/sitio\/docs\/tania-munoz\/attachment\/20201010_170524\/\" data-original-link=\"http:\/\/www.uartes.edu.ec\/sitio\/wp-content\/uploads\/2022\/07\/20201010_170524-scaled.jpg\" class=\"wp-block-getwid-images-slider__image wp-image-25431\" srcset=\"https:\/\/www.uartes.edu.ec\/sitio\/wp-content\/uploads\/2022\/07\/20201010_170524-644x483.jpg 644w, https:\/\/www.uartes.edu.ec\/sitio\/wp-content\/uploads\/2022\/07\/20201010_170524-768x576.jpg 768w, https:\/\/www.uartes.edu.ec\/sitio\/wp-content\/uploads\/2022\/07\/20201010_170524-400x300.jpg 400w, https:\/\/www.uartes.edu.ec\/sitio\/wp-content\/uploads\/2022\/07\/20201010_170524-600x450.jpg 600w\" sizes=\"(max-width: 644px) 100vw, 644px\" \/><\/figure><\/div><div class=\"wp-block-getwid-images-slider__item\"><figure><img decoding=\"async\" width=\"644\" height=\"483\" src=\"http:\/\/www.uartes.edu.ec\/sitio\/wp-content\/uploads\/2022\/07\/20201010_164900-644x483.jpg\" alt=\"\" data-id=\"25430\" data-link=\"http:\/\/www.uartes.edu.ec\/sitio\/docs\/tania-munoz\/attachment\/20201010_164900\/\" data-original-link=\"http:\/\/www.uartes.edu.ec\/sitio\/wp-content\/uploads\/2022\/07\/20201010_164900-scaled.jpg\" class=\"wp-block-getwid-images-slider__image wp-image-25430\" srcset=\"https:\/\/www.uartes.edu.ec\/sitio\/wp-content\/uploads\/2022\/07\/20201010_164900-644x483.jpg 644w, https:\/\/www.uartes.edu.ec\/sitio\/wp-content\/uploads\/2022\/07\/20201010_164900-768x576.jpg 768w, https:\/\/www.uartes.edu.ec\/sitio\/wp-content\/uploads\/2022\/07\/20201010_164900-400x300.jpg 400w, https:\/\/www.uartes.edu.ec\/sitio\/wp-content\/uploads\/2022\/07\/20201010_164900-600x450.jpg 600w\" sizes=\"(max-width: 644px) 100vw, 644px\" \/><\/figure><\/div><\/div><\/div>\n\n\n\n<div style=\"height:50px\" aria-hidden=\"true\" class=\"wp-block-spacer\"><\/div>\n\n\n\n<h3 class=\"wp-block-heading\">Descripci\u00f3n de la obra<\/h3>\n\n\n\n<p>El an\u00e1lisis cr\u00edtico del contenido visual encontrado en los libros fotogr\u00e1ficos de Ecuador entre finales del siglo XIX e inicio del siglo XX devela la creaci\u00f3n de procesos de representaci\u00f3n discursiva y simb\u00f3lica liderados por los grupos hegem\u00f3nicos de la ciudad de Guayaquil. Ante la consigna de convertir a la urbe en centro principal del comercio ecuatoriano se busca demostrar el imaginario de ciudad moderna, fundamentado en el concepto de progreso y orden, discurso representado por la planificaci\u00f3n urbana.<\/p>\n\n\n\n<p>La fotograf\u00eda se convierte en la herramienta ideal para imponer el imaginario de modernizaci\u00f3n, a trav\u00e9s de las im\u00e1genes y los textos alrededor de estos espacios urbanizados, situaci\u00f3n que se encuentra todav\u00eda presente en la conceptualizaci\u00f3n de Guayaquil en el 2020.<\/p>\n\n\n\n<p>Con estos elementos hemos construido una reflexi\u00f3n te\u00f3rica desde el discurso visual, la mirada hist\u00f3rica presentada en archivos espec\u00edficos, el montaje de una obra de arte en el espacio p\u00fablico, las nuevas tecnolog\u00edas y talleres con ni\u00f1os, contrapone los discursos del pasado y del presente sobre la ciudad. Se plantea una interrogante para los sujetos subalternos de la ciudad: \u00bfC\u00f3mo somos parte de Guayaquil?<\/p>\n\n\n\n<h3 class=\"wp-block-heading\">Enlace<\/h3>\n\n\n\n<p><a href=\"https:\/\/intrasingente.wixsite.com\/inicio\/testimoniociudad\">https:\/\/intrasingente.wixsite.com\/inicio\/testimoniociudad<\/a><\/p>\n\n\n\n<p><a href=\"https:\/\/www.codigosdemiciudad.com\/\">https:\/\/www.codigosdemiciudad.com\/<\/a><\/p>","protected":false},"excerpt":{"rendered":"<p>Comunicadora audiovisual, fot\u00f3grafa y gestora cultural. Docente desde el 2005 en varios establecimientos de educaci\u00f3n superior, institutos culturales, instituciones p\u00fablicas y organismos sin fines de lucro del Ecuador en materias de comunicaci\u00f3n estrat\u00e9gica, marketing, branding, arte y cultura. Ha trabajado desde el 2010 en la gesti\u00f3n de estrategias en proyectos culturales, creaci\u00f3n y ejecuci\u00f3n de [&hellip;]<\/p>\n","protected":false},"author":1,"featured_media":0,"comment_status":"open","ping_status":"closed","template":"","meta":{"_acf_changed":false,"_uag_custom_page_level_css":"","_monsterinsights_skip_tracking":false,"_monsterinsights_sitenote_active":false,"_monsterinsights_sitenote_note":"","_monsterinsights_sitenote_category":0,"cybocfi_hide_featured_image":"","footnotes":""},"doc_category":[741],"doc_tag":[742],"class_list":["post-25397","docs","type-docs","status-publish","hentry","doc_category-comuna","doc_tag-comunaestudiante"],"year_month":"2026-05","word_count":370,"total_views":0,"reactions":{"happy":0,"normal":0,"sad":0},"author_info":{"name":"Universidad de las Artes","author_nicename":"dircomadm","author_url":"https:\/\/www.uartes.edu.ec\/sitio\/en\/blog\/author\/dircomadm\/"},"doc_category_info":[{"term_name":"Comuna","term_url":"https:\/\/www.uartes.edu.ec\/sitio\/en\/docs-category\/comuna\/"}],"doc_tag_info":[{"term_name":"ComunaEstudiante","term_url":"https:\/\/www.uartes.edu.ec\/sitio\/en\/docs-tag\/comunaestudiante\/"}],"acf":[],"yoast_head":"<!-- This site is optimized with the Yoast SEO plugin v27.4 - https:\/\/yoast.com\/product\/yoast-seo-wordpress\/ -->\n<title>Tania Mu\u00f1oz - Universidad de las Artes<\/title>\n<meta name=\"robots\" content=\"index, follow, max-snippet:-1, max-image-preview:large, max-video-preview:-1\" \/>\n<link rel=\"canonical\" href=\"https:\/\/www.uartes.edu.ec\/sitio\/en\/docs\/tania-munoz\/\" \/>\n<meta property=\"og:locale\" content=\"en_US\" \/>\n<meta property=\"og:type\" content=\"article\" \/>\n<meta property=\"og:title\" content=\"Tania Mu\u00f1oz - Universidad de las Artes\" \/>\n<meta property=\"og:description\" content=\"Comunicadora audiovisual, fot\u00f3grafa y gestora cultural. Docente desde el 2005 en varios establecimientos de educaci\u00f3n superior, institutos culturales, instituciones p\u00fablicas y organismos sin fines de lucro del Ecuador en materias de comunicaci\u00f3n estrat\u00e9gica, marketing, branding, arte y cultura. Ha trabajado desde el 2010 en la gesti\u00f3n de estrategias en proyectos culturales, creaci\u00f3n y ejecuci\u00f3n de [&hellip;]\" \/>\n<meta property=\"og:url\" content=\"https:\/\/www.uartes.edu.ec\/sitio\/en\/docs\/tania-munoz\/\" \/>\n<meta property=\"og:site_name\" content=\"Universidad de las Artes\" \/>\n<meta property=\"article:publisher\" content=\"https:\/\/www.facebook.com\/uartesec\" \/>\n<meta property=\"article:modified_time\" content=\"2024-07-04T16:23:16+00:00\" \/>\n<meta property=\"og:image\" content=\"http:\/\/www.uartes.edu.ec\/sitio\/wp-content\/uploads\/2022\/07\/20201010_170840-644x858.jpg\" \/>\n<meta name=\"twitter:card\" content=\"summary_large_image\" \/>\n<meta name=\"twitter:site\" content=\"@uartesec\" \/>\n<meta name=\"twitter:label1\" content=\"Est. reading time\" \/>\n\t<meta name=\"twitter:data1\" content=\"3 minutes\" \/>\n<script type=\"application\/ld+json\" class=\"yoast-schema-graph\">{\"@context\":\"https:\\\/\\\/schema.org\",\"@graph\":[{\"@type\":\"WebPage\",\"@id\":\"https:\\\/\\\/www.uartes.edu.ec\\\/sitio\\\/en\\\/docs\\\/tania-munoz\\\/\",\"url\":\"https:\\\/\\\/www.uartes.edu.ec\\\/sitio\\\/en\\\/docs\\\/tania-munoz\\\/\",\"name\":\"Tania Mu\u00f1oz - Universidad de las Artes\",\"isPartOf\":{\"@id\":\"https:\\\/\\\/www.uartes.edu.ec\\\/sitio\\\/en\\\/#website\"},\"primaryImageOfPage\":{\"@id\":\"https:\\\/\\\/www.uartes.edu.ec\\\/sitio\\\/en\\\/docs\\\/tania-munoz\\\/#primaryimage\"},\"image\":{\"@id\":\"https:\\\/\\\/www.uartes.edu.ec\\\/sitio\\\/en\\\/docs\\\/tania-munoz\\\/#primaryimage\"},\"thumbnailUrl\":\"http:\\\/\\\/www.uartes.edu.ec\\\/sitio\\\/wp-content\\\/uploads\\\/2022\\\/07\\\/20201010_170840-644x858.jpg\",\"datePublished\":\"2022-07-27T20:58:06+00:00\",\"dateModified\":\"2024-07-04T16:23:16+00:00\",\"breadcrumb\":{\"@id\":\"https:\\\/\\\/www.uartes.edu.ec\\\/sitio\\\/en\\\/docs\\\/tania-munoz\\\/#breadcrumb\"},\"inLanguage\":\"en-US\",\"potentialAction\":[{\"@type\":\"ReadAction\",\"target\":[\"https:\\\/\\\/www.uartes.edu.ec\\\/sitio\\\/en\\\/docs\\\/tania-munoz\\\/\"]}]},{\"@type\":\"ImageObject\",\"inLanguage\":\"en-US\",\"@id\":\"https:\\\/\\\/www.uartes.edu.ec\\\/sitio\\\/en\\\/docs\\\/tania-munoz\\\/#primaryimage\",\"url\":\"http:\\\/\\\/www.uartes.edu.ec\\\/sitio\\\/wp-content\\\/uploads\\\/2022\\\/07\\\/20201010_170840-644x858.jpg\",\"contentUrl\":\"http:\\\/\\\/www.uartes.edu.ec\\\/sitio\\\/wp-content\\\/uploads\\\/2022\\\/07\\\/20201010_170840-644x858.jpg\"},{\"@type\":\"BreadcrumbList\",\"@id\":\"https:\\\/\\\/www.uartes.edu.ec\\\/sitio\\\/en\\\/docs\\\/tania-munoz\\\/#breadcrumb\",\"itemListElement\":[{\"@type\":\"ListItem\",\"position\":1,\"name\":\"Inicio\",\"item\":\"https:\\\/\\\/www.uartes.edu.ec\\\/sitio\\\/\"},{\"@type\":\"ListItem\",\"position\":2,\"name\":\"Docs\",\"item\":\"https:\\\/\\\/www.uartes.edu.ec\\\/sitio\\\/docs\\\/\"},{\"@type\":\"ListItem\",\"position\":3,\"name\":\"Tania Mu\u00f1oz\"}]},{\"@type\":\"WebSite\",\"@id\":\"https:\\\/\\\/www.uartes.edu.ec\\\/sitio\\\/en\\\/#website\",\"url\":\"https:\\\/\\\/www.uartes.edu.ec\\\/sitio\\\/en\\\/\",\"name\":\"Universidad de las Artes\",\"description\":\"Sitio oficial de la Universidad Nacional de las Artes del Ecuador\",\"publisher\":{\"@id\":\"https:\\\/\\\/www.uartes.edu.ec\\\/sitio\\\/en\\\/#organization\"},\"potentialAction\":[{\"@type\":\"SearchAction\",\"target\":{\"@type\":\"EntryPoint\",\"urlTemplate\":\"https:\\\/\\\/www.uartes.edu.ec\\\/sitio\\\/en\\\/?s={search_term_string}\"},\"query-input\":{\"@type\":\"PropertyValueSpecification\",\"valueRequired\":true,\"valueName\":\"search_term_string\"}}],\"inLanguage\":\"en-US\"},{\"@type\":\"Organization\",\"@id\":\"https:\\\/\\\/www.uartes.edu.ec\\\/sitio\\\/en\\\/#organization\",\"name\":\"Universidad de las Artes\",\"url\":\"https:\\\/\\\/www.uartes.edu.ec\\\/sitio\\\/en\\\/\",\"logo\":{\"@type\":\"ImageObject\",\"inLanguage\":\"en-US\",\"@id\":\"https:\\\/\\\/www.uartes.edu.ec\\\/sitio\\\/en\\\/#\\\/schema\\\/logo\\\/image\\\/\",\"url\":\"https:\\\/\\\/www.uartes.edu.ec\\\/sitio\\\/wp-content\\\/uploads\\\/2022\\\/07\\\/logo-ua-horizontal.png\",\"contentUrl\":\"https:\\\/\\\/www.uartes.edu.ec\\\/sitio\\\/wp-content\\\/uploads\\\/2022\\\/07\\\/logo-ua-horizontal.png\",\"width\":800,\"height\":276,\"caption\":\"Universidad de las Artes\"},\"image\":{\"@id\":\"https:\\\/\\\/www.uartes.edu.ec\\\/sitio\\\/en\\\/#\\\/schema\\\/logo\\\/image\\\/\"},\"sameAs\":[\"https:\\\/\\\/www.facebook.com\\\/uartesec\",\"https:\\\/\\\/x.com\\\/uartesec\",\"https:\\\/\\\/www.tiktok.com\\\/@uartesec\"]}]}<\/script>\n<!-- \/ Yoast SEO plugin. -->","yoast_head_json":{"title":"Tania Mu\u00f1oz - Universidad de las Artes","robots":{"index":"index","follow":"follow","max-snippet":"max-snippet:-1","max-image-preview":"max-image-preview:large","max-video-preview":"max-video-preview:-1"},"canonical":"https:\/\/www.uartes.edu.ec\/sitio\/en\/docs\/tania-munoz\/","og_locale":"en_US","og_type":"article","og_title":"Tania Mu\u00f1oz - Universidad de las Artes","og_description":"Comunicadora audiovisual, fot\u00f3grafa y gestora cultural. Docente desde el 2005 en varios establecimientos de educaci\u00f3n superior, institutos culturales, instituciones p\u00fablicas y organismos sin fines de lucro del Ecuador en materias de comunicaci\u00f3n estrat\u00e9gica, marketing, branding, arte y cultura. Ha trabajado desde el 2010 en la gesti\u00f3n de estrategias en proyectos culturales, creaci\u00f3n y ejecuci\u00f3n de [&hellip;]","og_url":"https:\/\/www.uartes.edu.ec\/sitio\/en\/docs\/tania-munoz\/","og_site_name":"Universidad de las Artes","article_publisher":"https:\/\/www.facebook.com\/uartesec","article_modified_time":"2024-07-04T16:23:16+00:00","og_image":[{"url":"http:\/\/www.uartes.edu.ec\/sitio\/wp-content\/uploads\/2022\/07\/20201010_170840-644x858.jpg","type":"","width":"","height":""}],"twitter_card":"summary_large_image","twitter_site":"@uartesec","twitter_misc":{"Est. reading time":"3 minutes"},"schema":{"@context":"https:\/\/schema.org","@graph":[{"@type":"WebPage","@id":"https:\/\/www.uartes.edu.ec\/sitio\/en\/docs\/tania-munoz\/","url":"https:\/\/www.uartes.edu.ec\/sitio\/en\/docs\/tania-munoz\/","name":"Tania Mu\u00f1oz - Universidad de las Artes","isPartOf":{"@id":"https:\/\/www.uartes.edu.ec\/sitio\/en\/#website"},"primaryImageOfPage":{"@id":"https:\/\/www.uartes.edu.ec\/sitio\/en\/docs\/tania-munoz\/#primaryimage"},"image":{"@id":"https:\/\/www.uartes.edu.ec\/sitio\/en\/docs\/tania-munoz\/#primaryimage"},"thumbnailUrl":"http:\/\/www.uartes.edu.ec\/sitio\/wp-content\/uploads\/2022\/07\/20201010_170840-644x858.jpg","datePublished":"2022-07-27T20:58:06+00:00","dateModified":"2024-07-04T16:23:16+00:00","breadcrumb":{"@id":"https:\/\/www.uartes.edu.ec\/sitio\/en\/docs\/tania-munoz\/#breadcrumb"},"inLanguage":"en-US","potentialAction":[{"@type":"ReadAction","target":["https:\/\/www.uartes.edu.ec\/sitio\/en\/docs\/tania-munoz\/"]}]},{"@type":"ImageObject","inLanguage":"en-US","@id":"https:\/\/www.uartes.edu.ec\/sitio\/en\/docs\/tania-munoz\/#primaryimage","url":"http:\/\/www.uartes.edu.ec\/sitio\/wp-content\/uploads\/2022\/07\/20201010_170840-644x858.jpg","contentUrl":"http:\/\/www.uartes.edu.ec\/sitio\/wp-content\/uploads\/2022\/07\/20201010_170840-644x858.jpg"},{"@type":"BreadcrumbList","@id":"https:\/\/www.uartes.edu.ec\/sitio\/en\/docs\/tania-munoz\/#breadcrumb","itemListElement":[{"@type":"ListItem","position":1,"name":"Inicio","item":"https:\/\/www.uartes.edu.ec\/sitio\/"},{"@type":"ListItem","position":2,"name":"Docs","item":"https:\/\/www.uartes.edu.ec\/sitio\/docs\/"},{"@type":"ListItem","position":3,"name":"Tania Mu\u00f1oz"}]},{"@type":"WebSite","@id":"https:\/\/www.uartes.edu.ec\/sitio\/en\/#website","url":"https:\/\/www.uartes.edu.ec\/sitio\/en\/","name":"Universidad de las Artes","description":"Sitio oficial de la Universidad Nacional de las Artes del Ecuador","publisher":{"@id":"https:\/\/www.uartes.edu.ec\/sitio\/en\/#organization"},"potentialAction":[{"@type":"SearchAction","target":{"@type":"EntryPoint","urlTemplate":"https:\/\/www.uartes.edu.ec\/sitio\/en\/?s={search_term_string}"},"query-input":{"@type":"PropertyValueSpecification","valueRequired":true,"valueName":"search_term_string"}}],"inLanguage":"en-US"},{"@type":"Organization","@id":"https:\/\/www.uartes.edu.ec\/sitio\/en\/#organization","name":"Universidad de las Artes","url":"https:\/\/www.uartes.edu.ec\/sitio\/en\/","logo":{"@type":"ImageObject","inLanguage":"en-US","@id":"https:\/\/www.uartes.edu.ec\/sitio\/en\/#\/schema\/logo\/image\/","url":"https:\/\/www.uartes.edu.ec\/sitio\/wp-content\/uploads\/2022\/07\/logo-ua-horizontal.png","contentUrl":"https:\/\/www.uartes.edu.ec\/sitio\/wp-content\/uploads\/2022\/07\/logo-ua-horizontal.png","width":800,"height":276,"caption":"Universidad de las Artes"},"image":{"@id":"https:\/\/www.uartes.edu.ec\/sitio\/en\/#\/schema\/logo\/image\/"},"sameAs":["https:\/\/www.facebook.com\/uartesec","https:\/\/x.com\/uartesec","https:\/\/www.tiktok.com\/@uartesec"]}]}},"uagb_featured_image_src":{"full":false,"thumbnail":false,"medium":false,"medium_large":false,"large":false,"1536x1536":false,"2048x2048":false,"trp-custom-language-flag":false,"htmega_size_585x295":false,"htmega_size_1170x536":false,"htmega_size_396x360":false,"gb-block-post-grid-landscape":false,"gb-block-post-grid-square":false,"university-hub-thumb":false},"uagb_author_info":{"display_name":"Universidad de las Artes","author_link":"https:\/\/www.uartes.edu.ec\/sitio\/en\/blog\/author\/dircomadm\/"},"uagb_comment_info":0,"uagb_excerpt":"Comunicadora audiovisual, fot\u00f3grafa y gestora cultural. Docente desde el 2005 en varios establecimientos de educaci\u00f3n superior, institutos culturales, instituciones p\u00fablicas y organismos sin fines de lucro del Ecuador en materias de comunicaci\u00f3n estrat\u00e9gica, marketing, branding, arte y cultura. Ha trabajado desde el 2010 en la gesti\u00f3n de estrategias en proyectos culturales, creaci\u00f3n y ejecuci\u00f3n de&hellip;","publishpress_future_workflow_manual_trigger":{"enabledWorkflows":[]},"distributor_meta":false,"distributor_terms":false,"distributor_media":false,"distributor_original_site_name":"Universidad de las Artes","distributor_original_site_url":"https:\/\/www.uartes.edu.ec\/sitio\/en","push-errors":false,"_links":{"self":[{"href":"https:\/\/www.uartes.edu.ec\/sitio\/en\/wp-json\/wp\/v2\/docs\/25397","targetHints":{"allow":["GET"]}}],"collection":[{"href":"https:\/\/www.uartes.edu.ec\/sitio\/en\/wp-json\/wp\/v2\/docs"}],"about":[{"href":"https:\/\/www.uartes.edu.ec\/sitio\/en\/wp-json\/wp\/v2\/types\/docs"}],"author":[{"embeddable":true,"href":"https:\/\/www.uartes.edu.ec\/sitio\/en\/wp-json\/wp\/v2\/users\/1"}],"replies":[{"embeddable":true,"href":"https:\/\/www.uartes.edu.ec\/sitio\/en\/wp-json\/wp\/v2\/comments?post=25397"}],"version-history":[{"count":3,"href":"https:\/\/www.uartes.edu.ec\/sitio\/en\/wp-json\/wp\/v2\/docs\/25397\/revisions"}],"predecessor-version":[{"id":25442,"href":"https:\/\/www.uartes.edu.ec\/sitio\/en\/wp-json\/wp\/v2\/docs\/25397\/revisions\/25442"}],"wp:attachment":[{"href":"https:\/\/www.uartes.edu.ec\/sitio\/en\/wp-json\/wp\/v2\/media?parent=25397"}],"wp:term":[{"taxonomy":"doc_category","embeddable":true,"href":"https:\/\/www.uartes.edu.ec\/sitio\/en\/wp-json\/wp\/v2\/doc_category?post=25397"},{"taxonomy":"doc_tag","embeddable":true,"href":"https:\/\/www.uartes.edu.ec\/sitio\/en\/wp-json\/wp\/v2\/doc_tag?post=25397"}],"curies":[{"name":"wp","href":"https:\/\/api.w.org\/{rel}","templated":true}]}}