{"id":25401,"date":"2022-07-27T16:07:43","date_gmt":"2022-07-27T21:07:43","guid":{"rendered":"http:\/\/www.uartes.edu.ec\/sitio\/?post_type=docs&#038;p=25401"},"modified":"2024-07-04T11:23:15","modified_gmt":"2024-07-04T16:23:15","password":"","slug":"milton-leonardo-mejia-vallejo","status":"publish","type":"docs","link":"https:\/\/www.uartes.edu.ec\/sitio\/en\/docs\/milton-leonardo-mejia-vallejo\/","title":{"rendered":"Milton Leonardo Mejia Vallejo"},"content":{"rendered":"<p>Licenciado en Cine, por la Universidad de las Artes del Ecuador. Itinerario: montaje y sonido \u2013 postproducci\u00f3n. Maestr\u00eda en Fotograf\u00eda y Sociedad en Am\u00e9rica Latina (en curso)<\/p>\n\n\n\n<h3 class=\"wp-block-heading\">Descripci\u00f3n de la obra<\/h3>\n\n\n\n<p>Ecuador, octubre del 2019. Una revuelta popular ha estallado por las medidas econ\u00f3micas implementadas por el gobierno de turno, el desempe\u00f1o de las fuerzas del orden toma un rol crucial en la represi\u00f3n de los actores sociales. La presente investigaci\u00f3n para el proyecto COMUNA, se basa en la historia de un personaje de bajo rango de la escala militar que se revela contra el sistema establecido. Se toman como referencia los c\u00f3digos cinematogr\u00e1ficos del Neorrealismo Italiano, la Nueva Ola Francesa, y del Nuevo Cine Latinoamericano, a fin de crear una memoria audiovisual mediante el uso de archivo, as\u00ed como las experiencias de la Rep\u00fablica Argentina en sus periodos de dictaduras militares, mediante las tutor\u00edas realizadas en la Universidad Nacional de C\u00f3rdoba. La \u201cdesobediencia militar\u201d es un pretexto para hablar de otros temas como: la criminalizaci\u00f3n de la protesta social, los intereses de los medios de comunicaci\u00f3n y el manejo de la informaci\u00f3n.&nbsp;<\/p>","protected":false},"excerpt":{"rendered":"<p>Licenciado en Cine, por la Universidad de las Artes del Ecuador. Itinerario: montaje y sonido \u2013 postproducci\u00f3n. Maestr\u00eda en Fotograf\u00eda y Sociedad en Am\u00e9rica Latina (en curso) Descripci\u00f3n de la obra Ecuador, octubre del 2019. Una revuelta popular ha estallado por las medidas econ\u00f3micas implementadas por el gobierno de turno, el desempe\u00f1o de las fuerzas [&hellip;]<\/p>\n","protected":false},"author":1,"featured_media":25311,"comment_status":"open","ping_status":"closed","template":"","meta":{"_acf_changed":false,"_uag_custom_page_level_css":"","_monsterinsights_skip_tracking":false,"_monsterinsights_sitenote_active":false,"_monsterinsights_sitenote_note":"","_monsterinsights_sitenote_category":0,"cybocfi_hide_featured_image":"","footnotes":""},"doc_category":[741],"doc_tag":[742],"class_list":["post-25401","docs","type-docs","status-publish","has-post-thumbnail","hentry","doc_category-comuna","doc_tag-comunaestudiante"],"year_month":"2026-05","word_count":199,"total_views":0,"reactions":{"happy":0,"normal":0,"sad":0},"author_info":{"name":"Universidad de las Artes","author_nicename":"dircomadm","author_url":"https:\/\/www.uartes.edu.ec\/sitio\/en\/blog\/author\/dircomadm\/"},"doc_category_info":[{"term_name":"Comuna","term_url":"https:\/\/www.uartes.edu.ec\/sitio\/en\/docs-category\/comuna\/"}],"doc_tag_info":[{"term_name":"ComunaEstudiante","term_url":"https:\/\/www.uartes.edu.ec\/sitio\/en\/docs-tag\/comunaestudiante\/"}],"acf":[],"yoast_head":"<!-- This site is optimized with the Yoast SEO plugin v27.4 - https:\/\/yoast.com\/product\/yoast-seo-wordpress\/ -->\n<title>Milton Leonardo Mejia Vallejo - Universidad de las Artes<\/title>\n<meta name=\"robots\" content=\"index, follow, max-snippet:-1, max-image-preview:large, max-video-preview:-1\" \/>\n<link rel=\"canonical\" href=\"https:\/\/www.uartes.edu.ec\/sitio\/en\/docs\/milton-leonardo-mejia-vallejo\/\" \/>\n<meta property=\"og:locale\" content=\"en_US\" \/>\n<meta property=\"og:type\" content=\"article\" \/>\n<meta property=\"og:title\" content=\"Milton Leonardo Mejia Vallejo - Universidad de las Artes\" \/>\n<meta property=\"og:description\" content=\"Licenciado en Cine, por la Universidad de las Artes del Ecuador. Itinerario: montaje y sonido \u2013 postproducci\u00f3n. Maestr\u00eda en Fotograf\u00eda y Sociedad en Am\u00e9rica Latina (en curso) Descripci\u00f3n de la obra Ecuador, octubre del 2019. Una revuelta popular ha estallado por las medidas econ\u00f3micas implementadas por el gobierno de turno, el desempe\u00f1o de las fuerzas [&hellip;]\" \/>\n<meta property=\"og:url\" content=\"https:\/\/www.uartes.edu.ec\/sitio\/en\/docs\/milton-leonardo-mejia-vallejo\/\" \/>\n<meta property=\"og:site_name\" content=\"Universidad de las Artes\" \/>\n<meta property=\"article:publisher\" content=\"https:\/\/www.facebook.com\/uartesec\" \/>\n<meta property=\"article:modified_time\" content=\"2024-07-04T16:23:15+00:00\" \/>\n<meta property=\"og:image\" content=\"https:\/\/www.uartes.edu.ec\/sitio\/wp-content\/uploads\/2022\/07\/Foto-Leonardo-Mejia.jpg\" \/>\n\t<meta property=\"og:image:width\" content=\"800\" \/>\n\t<meta property=\"og:image:height\" content=\"800\" \/>\n\t<meta property=\"og:image:type\" content=\"image\/jpeg\" \/>\n<meta name=\"twitter:card\" content=\"summary_large_image\" \/>\n<meta name=\"twitter:site\" content=\"@uartesec\" \/>\n<meta name=\"twitter:label1\" content=\"Est. reading time\" \/>\n\t<meta name=\"twitter:data1\" content=\"1 minute\" \/>\n<script type=\"application\/ld+json\" class=\"yoast-schema-graph\">{\"@context\":\"https:\\\/\\\/schema.org\",\"@graph\":[{\"@type\":\"WebPage\",\"@id\":\"https:\\\/\\\/www.uartes.edu.ec\\\/sitio\\\/en\\\/docs\\\/milton-leonardo-mejia-vallejo\\\/\",\"url\":\"https:\\\/\\\/www.uartes.edu.ec\\\/sitio\\\/en\\\/docs\\\/milton-leonardo-mejia-vallejo\\\/\",\"name\":\"Milton Leonardo Mejia Vallejo - Universidad de las Artes\",\"isPartOf\":{\"@id\":\"https:\\\/\\\/www.uartes.edu.ec\\\/sitio\\\/en\\\/#website\"},\"primaryImageOfPage\":{\"@id\":\"https:\\\/\\\/www.uartes.edu.ec\\\/sitio\\\/en\\\/docs\\\/milton-leonardo-mejia-vallejo\\\/#primaryimage\"},\"image\":{\"@id\":\"https:\\\/\\\/www.uartes.edu.ec\\\/sitio\\\/en\\\/docs\\\/milton-leonardo-mejia-vallejo\\\/#primaryimage\"},\"thumbnailUrl\":\"https:\\\/\\\/www.uartes.edu.ec\\\/sitio\\\/wp-content\\\/uploads\\\/2022\\\/07\\\/Foto-Leonardo-Mejia.jpg\",\"datePublished\":\"2022-07-27T21:07:43+00:00\",\"dateModified\":\"2024-07-04T16:23:15+00:00\",\"breadcrumb\":{\"@id\":\"https:\\\/\\\/www.uartes.edu.ec\\\/sitio\\\/en\\\/docs\\\/milton-leonardo-mejia-vallejo\\\/#breadcrumb\"},\"inLanguage\":\"en-US\",\"potentialAction\":[{\"@type\":\"ReadAction\",\"target\":[\"https:\\\/\\\/www.uartes.edu.ec\\\/sitio\\\/en\\\/docs\\\/milton-leonardo-mejia-vallejo\\\/\"]}]},{\"@type\":\"ImageObject\",\"inLanguage\":\"en-US\",\"@id\":\"https:\\\/\\\/www.uartes.edu.ec\\\/sitio\\\/en\\\/docs\\\/milton-leonardo-mejia-vallejo\\\/#primaryimage\",\"url\":\"https:\\\/\\\/www.uartes.edu.ec\\\/sitio\\\/wp-content\\\/uploads\\\/2022\\\/07\\\/Foto-Leonardo-Mejia.jpg\",\"contentUrl\":\"https:\\\/\\\/www.uartes.edu.ec\\\/sitio\\\/wp-content\\\/uploads\\\/2022\\\/07\\\/Foto-Leonardo-Mejia.jpg\",\"width\":800,\"height\":800},{\"@type\":\"BreadcrumbList\",\"@id\":\"https:\\\/\\\/www.uartes.edu.ec\\\/sitio\\\/en\\\/docs\\\/milton-leonardo-mejia-vallejo\\\/#breadcrumb\",\"itemListElement\":[{\"@type\":\"ListItem\",\"position\":1,\"name\":\"Inicio\",\"item\":\"https:\\\/\\\/www.uartes.edu.ec\\\/sitio\\\/\"},{\"@type\":\"ListItem\",\"position\":2,\"name\":\"Docs\",\"item\":\"https:\\\/\\\/www.uartes.edu.ec\\\/sitio\\\/docs\\\/\"},{\"@type\":\"ListItem\",\"position\":3,\"name\":\"Milton Leonardo Mejia Vallejo\"}]},{\"@type\":\"WebSite\",\"@id\":\"https:\\\/\\\/www.uartes.edu.ec\\\/sitio\\\/en\\\/#website\",\"url\":\"https:\\\/\\\/www.uartes.edu.ec\\\/sitio\\\/en\\\/\",\"name\":\"Universidad de las Artes\",\"description\":\"Sitio oficial de la Universidad Nacional de las Artes del Ecuador\",\"publisher\":{\"@id\":\"https:\\\/\\\/www.uartes.edu.ec\\\/sitio\\\/en\\\/#organization\"},\"potentialAction\":[{\"@type\":\"SearchAction\",\"target\":{\"@type\":\"EntryPoint\",\"urlTemplate\":\"https:\\\/\\\/www.uartes.edu.ec\\\/sitio\\\/en\\\/?s={search_term_string}\"},\"query-input\":{\"@type\":\"PropertyValueSpecification\",\"valueRequired\":true,\"valueName\":\"search_term_string\"}}],\"inLanguage\":\"en-US\"},{\"@type\":\"Organization\",\"@id\":\"https:\\\/\\\/www.uartes.edu.ec\\\/sitio\\\/en\\\/#organization\",\"name\":\"Universidad de las Artes\",\"url\":\"https:\\\/\\\/www.uartes.edu.ec\\\/sitio\\\/en\\\/\",\"logo\":{\"@type\":\"ImageObject\",\"inLanguage\":\"en-US\",\"@id\":\"https:\\\/\\\/www.uartes.edu.ec\\\/sitio\\\/en\\\/#\\\/schema\\\/logo\\\/image\\\/\",\"url\":\"https:\\\/\\\/www.uartes.edu.ec\\\/sitio\\\/wp-content\\\/uploads\\\/2022\\\/07\\\/logo-ua-horizontal.png\",\"contentUrl\":\"https:\\\/\\\/www.uartes.edu.ec\\\/sitio\\\/wp-content\\\/uploads\\\/2022\\\/07\\\/logo-ua-horizontal.png\",\"width\":800,\"height\":276,\"caption\":\"Universidad de las Artes\"},\"image\":{\"@id\":\"https:\\\/\\\/www.uartes.edu.ec\\\/sitio\\\/en\\\/#\\\/schema\\\/logo\\\/image\\\/\"},\"sameAs\":[\"https:\\\/\\\/www.facebook.com\\\/uartesec\",\"https:\\\/\\\/x.com\\\/uartesec\",\"https:\\\/\\\/www.tiktok.com\\\/@uartesec\"]}]}<\/script>\n<!-- \/ Yoast SEO plugin. -->","yoast_head_json":{"title":"Milton Leonardo Mejia Vallejo - Universidad de las Artes","robots":{"index":"index","follow":"follow","max-snippet":"max-snippet:-1","max-image-preview":"max-image-preview:large","max-video-preview":"max-video-preview:-1"},"canonical":"https:\/\/www.uartes.edu.ec\/sitio\/en\/docs\/milton-leonardo-mejia-vallejo\/","og_locale":"en_US","og_type":"article","og_title":"Milton Leonardo Mejia Vallejo - Universidad de las Artes","og_description":"Licenciado en Cine, por la Universidad de las Artes del Ecuador. Itinerario: montaje y sonido \u2013 postproducci\u00f3n. Maestr\u00eda en Fotograf\u00eda y Sociedad en Am\u00e9rica Latina (en curso) Descripci\u00f3n de la obra Ecuador, octubre del 2019. Una revuelta popular ha estallado por las medidas econ\u00f3micas implementadas por el gobierno de turno, el desempe\u00f1o de las fuerzas [&hellip;]","og_url":"https:\/\/www.uartes.edu.ec\/sitio\/en\/docs\/milton-leonardo-mejia-vallejo\/","og_site_name":"Universidad de las Artes","article_publisher":"https:\/\/www.facebook.com\/uartesec","article_modified_time":"2024-07-04T16:23:15+00:00","og_image":[{"width":800,"height":800,"url":"https:\/\/www.uartes.edu.ec\/sitio\/wp-content\/uploads\/2022\/07\/Foto-Leonardo-Mejia.jpg","type":"image\/jpeg"}],"twitter_card":"summary_large_image","twitter_site":"@uartesec","twitter_misc":{"Est. reading time":"1 minute"},"schema":{"@context":"https:\/\/schema.org","@graph":[{"@type":"WebPage","@id":"https:\/\/www.uartes.edu.ec\/sitio\/en\/docs\/milton-leonardo-mejia-vallejo\/","url":"https:\/\/www.uartes.edu.ec\/sitio\/en\/docs\/milton-leonardo-mejia-vallejo\/","name":"Milton Leonardo Mejia Vallejo - Universidad de las Artes","isPartOf":{"@id":"https:\/\/www.uartes.edu.ec\/sitio\/en\/#website"},"primaryImageOfPage":{"@id":"https:\/\/www.uartes.edu.ec\/sitio\/en\/docs\/milton-leonardo-mejia-vallejo\/#primaryimage"},"image":{"@id":"https:\/\/www.uartes.edu.ec\/sitio\/en\/docs\/milton-leonardo-mejia-vallejo\/#primaryimage"},"thumbnailUrl":"https:\/\/www.uartes.edu.ec\/sitio\/wp-content\/uploads\/2022\/07\/Foto-Leonardo-Mejia.jpg","datePublished":"2022-07-27T21:07:43+00:00","dateModified":"2024-07-04T16:23:15+00:00","breadcrumb":{"@id":"https:\/\/www.uartes.edu.ec\/sitio\/en\/docs\/milton-leonardo-mejia-vallejo\/#breadcrumb"},"inLanguage":"en-US","potentialAction":[{"@type":"ReadAction","target":["https:\/\/www.uartes.edu.ec\/sitio\/en\/docs\/milton-leonardo-mejia-vallejo\/"]}]},{"@type":"ImageObject","inLanguage":"en-US","@id":"https:\/\/www.uartes.edu.ec\/sitio\/en\/docs\/milton-leonardo-mejia-vallejo\/#primaryimage","url":"https:\/\/www.uartes.edu.ec\/sitio\/wp-content\/uploads\/2022\/07\/Foto-Leonardo-Mejia.jpg","contentUrl":"https:\/\/www.uartes.edu.ec\/sitio\/wp-content\/uploads\/2022\/07\/Foto-Leonardo-Mejia.jpg","width":800,"height":800},{"@type":"BreadcrumbList","@id":"https:\/\/www.uartes.edu.ec\/sitio\/en\/docs\/milton-leonardo-mejia-vallejo\/#breadcrumb","itemListElement":[{"@type":"ListItem","position":1,"name":"Inicio","item":"https:\/\/www.uartes.edu.ec\/sitio\/"},{"@type":"ListItem","position":2,"name":"Docs","item":"https:\/\/www.uartes.edu.ec\/sitio\/docs\/"},{"@type":"ListItem","position":3,"name":"Milton Leonardo Mejia Vallejo"}]},{"@type":"WebSite","@id":"https:\/\/www.uartes.edu.ec\/sitio\/en\/#website","url":"https:\/\/www.uartes.edu.ec\/sitio\/en\/","name":"Universidad de las Artes","description":"Sitio oficial de la Universidad Nacional de las Artes del Ecuador","publisher":{"@id":"https:\/\/www.uartes.edu.ec\/sitio\/en\/#organization"},"potentialAction":[{"@type":"SearchAction","target":{"@type":"EntryPoint","urlTemplate":"https:\/\/www.uartes.edu.ec\/sitio\/en\/?s={search_term_string}"},"query-input":{"@type":"PropertyValueSpecification","valueRequired":true,"valueName":"search_term_string"}}],"inLanguage":"en-US"},{"@type":"Organization","@id":"https:\/\/www.uartes.edu.ec\/sitio\/en\/#organization","name":"Universidad de las Artes","url":"https:\/\/www.uartes.edu.ec\/sitio\/en\/","logo":{"@type":"ImageObject","inLanguage":"en-US","@id":"https:\/\/www.uartes.edu.ec\/sitio\/en\/#\/schema\/logo\/image\/","url":"https:\/\/www.uartes.edu.ec\/sitio\/wp-content\/uploads\/2022\/07\/logo-ua-horizontal.png","contentUrl":"https:\/\/www.uartes.edu.ec\/sitio\/wp-content\/uploads\/2022\/07\/logo-ua-horizontal.png","width":800,"height":276,"caption":"Universidad de las Artes"},"image":{"@id":"https:\/\/www.uartes.edu.ec\/sitio\/en\/#\/schema\/logo\/image\/"},"sameAs":["https:\/\/www.facebook.com\/uartesec","https:\/\/x.com\/uartesec","https:\/\/www.tiktok.com\/@uartesec"]}]}},"uagb_featured_image_src":{"full":["https:\/\/www.uartes.edu.ec\/sitio\/wp-content\/uploads\/2022\/07\/Foto-Leonardo-Mejia.jpg",800,800,false],"thumbnail":["https:\/\/www.uartes.edu.ec\/sitio\/wp-content\/uploads\/2022\/07\/Foto-Leonardo-Mejia-150x150.jpg",150,150,true],"medium":["https:\/\/www.uartes.edu.ec\/sitio\/wp-content\/uploads\/2022\/07\/Foto-Leonardo-Mejia-300x300.jpg",300,300,true],"medium_large":["https:\/\/www.uartes.edu.ec\/sitio\/wp-content\/uploads\/2022\/07\/Foto-Leonardo-Mejia-768x768.jpg",768,768,true],"large":["https:\/\/www.uartes.edu.ec\/sitio\/wp-content\/uploads\/2022\/07\/Foto-Leonardo-Mejia-644x644.jpg",644,644,true],"1536x1536":["https:\/\/www.uartes.edu.ec\/sitio\/wp-content\/uploads\/2022\/07\/Foto-Leonardo-Mejia.jpg",800,800,false],"2048x2048":["https:\/\/www.uartes.edu.ec\/sitio\/wp-content\/uploads\/2022\/07\/Foto-Leonardo-Mejia.jpg",800,800,false],"trp-custom-language-flag":["https:\/\/www.uartes.edu.ec\/sitio\/wp-content\/uploads\/2022\/07\/Foto-Leonardo-Mejia.jpg",12,12,false],"htmega_size_585x295":["https:\/\/www.uartes.edu.ec\/sitio\/wp-content\/uploads\/2022\/07\/Foto-Leonardo-Mejia.jpg",295,295,false],"htmega_size_1170x536":["https:\/\/www.uartes.edu.ec\/sitio\/wp-content\/uploads\/2022\/07\/Foto-Leonardo-Mejia.jpg",536,536,false],"htmega_size_396x360":["https:\/\/www.uartes.edu.ec\/sitio\/wp-content\/uploads\/2022\/07\/Foto-Leonardo-Mejia.jpg",360,360,false],"gb-block-post-grid-landscape":["https:\/\/www.uartes.edu.ec\/sitio\/wp-content\/uploads\/2022\/07\/Foto-Leonardo-Mejia-600x400.jpg",600,400,true],"gb-block-post-grid-square":["https:\/\/www.uartes.edu.ec\/sitio\/wp-content\/uploads\/2022\/07\/Foto-Leonardo-Mejia-600x600.jpg",600,600,true],"university-hub-thumb":["https:\/\/www.uartes.edu.ec\/sitio\/wp-content\/uploads\/2022\/07\/Foto-Leonardo-Mejia-300x300.jpg",300,300,true]},"uagb_author_info":{"display_name":"Universidad de las Artes","author_link":"https:\/\/www.uartes.edu.ec\/sitio\/en\/blog\/author\/dircomadm\/"},"uagb_comment_info":0,"uagb_excerpt":"Licenciado en Cine, por la Universidad de las Artes del Ecuador. Itinerario: montaje y sonido \u2013 postproducci\u00f3n. Maestr\u00eda en Fotograf\u00eda y Sociedad en Am\u00e9rica Latina (en curso) Descripci\u00f3n de la obra Ecuador, octubre del 2019. Una revuelta popular ha estallado por las medidas econ\u00f3micas implementadas por el gobierno de turno, el desempe\u00f1o de las fuerzas&hellip;","publishpress_future_workflow_manual_trigger":{"enabledWorkflows":[]},"distributor_meta":false,"distributor_terms":false,"distributor_media":false,"distributor_original_site_name":"Universidad de las Artes","distributor_original_site_url":"https:\/\/www.uartes.edu.ec\/sitio\/en","push-errors":false,"_links":{"self":[{"href":"https:\/\/www.uartes.edu.ec\/sitio\/en\/wp-json\/wp\/v2\/docs\/25401","targetHints":{"allow":["GET"]}}],"collection":[{"href":"https:\/\/www.uartes.edu.ec\/sitio\/en\/wp-json\/wp\/v2\/docs"}],"about":[{"href":"https:\/\/www.uartes.edu.ec\/sitio\/en\/wp-json\/wp\/v2\/types\/docs"}],"author":[{"embeddable":true,"href":"https:\/\/www.uartes.edu.ec\/sitio\/en\/wp-json\/wp\/v2\/users\/1"}],"replies":[{"embeddable":true,"href":"https:\/\/www.uartes.edu.ec\/sitio\/en\/wp-json\/wp\/v2\/comments?post=25401"}],"version-history":[{"count":1,"href":"https:\/\/www.uartes.edu.ec\/sitio\/en\/wp-json\/wp\/v2\/docs\/25401\/revisions"}],"predecessor-version":[{"id":25404,"href":"https:\/\/www.uartes.edu.ec\/sitio\/en\/wp-json\/wp\/v2\/docs\/25401\/revisions\/25404"}],"wp:featuredmedia":[{"embeddable":true,"href":"https:\/\/www.uartes.edu.ec\/sitio\/en\/wp-json\/wp\/v2\/media\/25311"}],"wp:attachment":[{"href":"https:\/\/www.uartes.edu.ec\/sitio\/en\/wp-json\/wp\/v2\/media?parent=25401"}],"wp:term":[{"taxonomy":"doc_category","embeddable":true,"href":"https:\/\/www.uartes.edu.ec\/sitio\/en\/wp-json\/wp\/v2\/doc_category?post=25401"},{"taxonomy":"doc_tag","embeddable":true,"href":"https:\/\/www.uartes.edu.ec\/sitio\/en\/wp-json\/wp\/v2\/doc_tag?post=25401"}],"curies":[{"name":"wp","href":"https:\/\/api.w.org\/{rel}","templated":true}]}}