{"id":25465,"date":"2022-07-27T16:40:04","date_gmt":"2022-07-27T21:40:04","guid":{"rendered":"http:\/\/www.uartes.edu.ec\/sitio\/?post_type=docs&#038;p=25465"},"modified":"2024-07-04T11:23:15","modified_gmt":"2024-07-04T16:23:15","password":"","slug":"enrique-landivar-garcia","status":"publish","type":"docs","link":"https:\/\/www.uartes.edu.ec\/sitio\/en\/docs\/enrique-landivar-garcia\/","title":{"rendered":"Enrique Land\u00edvar Garc\u00eda"},"content":{"rendered":"<p>Artista multimedia, m\u00fasico-productor, creativo audiovisual y gestor cultural en la ciudad de Guayaquil. Posee una Licenciatura en Producci\u00f3n Musical y Sonora por la Universidad de las Artes. Su trabajo se enfoca en la realizaci\u00f3n de instalaciones sonoras e interactivas, obras inmersivas multicanal y programaci\u00f3n de interfaces para instrumentos musicales.&nbsp;&nbsp;&nbsp;&nbsp;&nbsp;&nbsp;&nbsp;&nbsp;&nbsp;&nbsp;&nbsp;&nbsp;&nbsp;&nbsp;&nbsp;&nbsp;<\/p>\n\n\n\n<p>Es fundador de la productora de eventos y sesiones en vivo \u00abCementerio Club Producciones\u00bb. Su trabajo ha sido expuesto en festivales y eventos acad\u00e9micos como: Minga Multimedia de Arte y Tecnolog\u00eda (mMAT), Cluster (ILIA), Festival SMOV (ESPOL), FestivalFFF (Ambato), Bienal de Arquitectura de Venecia (Italia).<\/p>\n\n\n\n<h3 class=\"wp-block-heading\">Descripci\u00f3n de la obra<\/h3>\n\n\n\n<p>\u201cLanoiseforp\u201d es un proyecto en conjunto de Enrique Land\u00edvar y Jodk Barber\u00e1n, que plantea una puesta en escena perform\u00e1tica audiovisual, partiendo del di\u00e1logo h\u00edbrido entre bater\u00eda ac\u00fastica y electr\u00f3nica, con extensiones para el control paralelo de visuales y luces que experimenten y dialoguen en el espacio f\u00edsico.<\/p>\n\n\n\n<p>Esta obra es el resultado de un proceso exhaustivo de residencia con el Centro Mexicano para la M\u00fasica y las Artes Sonoras (CMMAS), en el cual se trabaj\u00f3 con diferentes elementos a disposici\u00f3n como la ac\u00fastica, los timbres de la sonoridad org\u00e1nico\/digital, la indagaci\u00f3n con herramientas de programaci\u00f3n musical y t\u00e9cnicas de composici\u00f3n algor\u00edtmica.<\/p>\n\n\n\n<p>El desarrollo de la residencia ser\u00e1 parte de la inauguraci\u00f3n de la Sala de Experimentaci\u00f3n Sonora del edificio Mz14, y tendr\u00e1 su exposici\u00f3n en la 8va edici\u00f3n del evento mMAT (Minga Multimedia de Arte y Tecnolog\u00eda) en Ecuador y la 17ava edici\u00f3n del Festival Visiones Sonoras (M\u00e9xico).<\/p>\n\n\n\n<h3 class=\"wp-block-heading\">Enlace de trabajos art\u00edsticios del autor<\/h3>\n\n\n\n<p><a href=\"https:\/\/linktr.ee\/enrique.landivar\">https:\/\/linktr.ee\/enrique.landivar<\/a><\/p>\n\n\n\n<p><a href=\"https:\/\/www.instagram.com\/lanoiseforp_\">https:\/\/www.instagram.com\/lanoiseforp_<\/a><\/p>","protected":false},"excerpt":{"rendered":"<p>Artista multimedia, m\u00fasico-productor, creativo audiovisual y gestor cultural en la ciudad de Guayaquil. Posee una Licenciatura en Producci\u00f3n Musical y Sonora por la Universidad de las Artes. Su trabajo se enfoca en la realizaci\u00f3n de instalaciones sonoras e interactivas, obras inmersivas multicanal y programaci\u00f3n de interfaces para instrumentos musicales.&nbsp;&nbsp;&nbsp;&nbsp;&nbsp;&nbsp;&nbsp;&nbsp;&nbsp;&nbsp;&nbsp;&nbsp;&nbsp;&nbsp;&nbsp;&nbsp; Es fundador de la productora de [&hellip;]<\/p>\n","protected":false},"author":1,"featured_media":25315,"comment_status":"open","ping_status":"closed","template":"","meta":{"_acf_changed":false,"_uag_custom_page_level_css":"","_monsterinsights_skip_tracking":false,"_monsterinsights_sitenote_active":false,"_monsterinsights_sitenote_note":"","_monsterinsights_sitenote_category":0,"cybocfi_hide_featured_image":"","footnotes":""},"doc_category":[741],"doc_tag":[742],"class_list":["post-25465","docs","type-docs","status-publish","has-post-thumbnail","hentry","doc_category-comuna","doc_tag-comunaestudiante"],"year_month":"2026-05","word_count":312,"total_views":0,"reactions":{"happy":0,"normal":0,"sad":0},"author_info":{"name":"Universidad de las Artes","author_nicename":"dircomadm","author_url":"https:\/\/www.uartes.edu.ec\/sitio\/en\/blog\/author\/dircomadm\/"},"doc_category_info":[{"term_name":"Comuna","term_url":"https:\/\/www.uartes.edu.ec\/sitio\/en\/docs-category\/comuna\/"}],"doc_tag_info":[{"term_name":"ComunaEstudiante","term_url":"https:\/\/www.uartes.edu.ec\/sitio\/en\/docs-tag\/comunaestudiante\/"}],"acf":[],"yoast_head":"<!-- This site is optimized with the Yoast SEO plugin v27.4 - https:\/\/yoast.com\/product\/yoast-seo-wordpress\/ -->\n<title>Enrique Land\u00edvar Garc\u00eda - Universidad de las Artes<\/title>\n<meta name=\"robots\" content=\"index, follow, max-snippet:-1, max-image-preview:large, max-video-preview:-1\" \/>\n<link rel=\"canonical\" href=\"https:\/\/www.uartes.edu.ec\/sitio\/en\/docs\/enrique-landivar-garcia\/\" \/>\n<meta property=\"og:locale\" content=\"en_US\" \/>\n<meta property=\"og:type\" content=\"article\" \/>\n<meta property=\"og:title\" content=\"Enrique Land\u00edvar Garc\u00eda - Universidad de las Artes\" \/>\n<meta property=\"og:description\" content=\"Artista multimedia, m\u00fasico-productor, creativo audiovisual y gestor cultural en la ciudad de Guayaquil. Posee una Licenciatura en Producci\u00f3n Musical y Sonora por la Universidad de las Artes. Su trabajo se enfoca en la realizaci\u00f3n de instalaciones sonoras e interactivas, obras inmersivas multicanal y programaci\u00f3n de interfaces para instrumentos musicales.&nbsp;&nbsp;&nbsp;&nbsp;&nbsp;&nbsp;&nbsp;&nbsp;&nbsp;&nbsp;&nbsp;&nbsp;&nbsp;&nbsp;&nbsp;&nbsp; Es fundador de la productora de [&hellip;]\" \/>\n<meta property=\"og:url\" content=\"https:\/\/www.uartes.edu.ec\/sitio\/en\/docs\/enrique-landivar-garcia\/\" \/>\n<meta property=\"og:site_name\" content=\"Universidad de las Artes\" \/>\n<meta property=\"article:publisher\" content=\"https:\/\/www.facebook.com\/uartesec\" \/>\n<meta property=\"article:modified_time\" content=\"2024-07-04T16:23:15+00:00\" \/>\n<meta property=\"og:image\" content=\"https:\/\/www.uartes.edu.ec\/sitio\/wp-content\/uploads\/2022\/07\/Foto-Enrique-Landi\u0301var-CMMAS.jpg\" \/>\n\t<meta property=\"og:image:width\" content=\"800\" \/>\n\t<meta property=\"og:image:height\" content=\"800\" \/>\n\t<meta property=\"og:image:type\" content=\"image\/jpeg\" \/>\n<meta name=\"twitter:card\" content=\"summary_large_image\" \/>\n<meta name=\"twitter:site\" content=\"@uartesec\" \/>\n<meta name=\"twitter:label1\" content=\"Est. reading time\" \/>\n\t<meta name=\"twitter:data1\" content=\"2 minutes\" \/>\n<script type=\"application\/ld+json\" class=\"yoast-schema-graph\">{\"@context\":\"https:\\\/\\\/schema.org\",\"@graph\":[{\"@type\":\"WebPage\",\"@id\":\"https:\\\/\\\/www.uartes.edu.ec\\\/sitio\\\/en\\\/docs\\\/enrique-landivar-garcia\\\/\",\"url\":\"https:\\\/\\\/www.uartes.edu.ec\\\/sitio\\\/en\\\/docs\\\/enrique-landivar-garcia\\\/\",\"name\":\"Enrique Land\u00edvar Garc\u00eda - Universidad de las Artes\",\"isPartOf\":{\"@id\":\"https:\\\/\\\/www.uartes.edu.ec\\\/sitio\\\/en\\\/#website\"},\"primaryImageOfPage\":{\"@id\":\"https:\\\/\\\/www.uartes.edu.ec\\\/sitio\\\/en\\\/docs\\\/enrique-landivar-garcia\\\/#primaryimage\"},\"image\":{\"@id\":\"https:\\\/\\\/www.uartes.edu.ec\\\/sitio\\\/en\\\/docs\\\/enrique-landivar-garcia\\\/#primaryimage\"},\"thumbnailUrl\":\"https:\\\/\\\/www.uartes.edu.ec\\\/sitio\\\/wp-content\\\/uploads\\\/2022\\\/07\\\/Foto-Enrique-Landi\u0301var-CMMAS.jpg\",\"datePublished\":\"2022-07-27T21:40:04+00:00\",\"dateModified\":\"2024-07-04T16:23:15+00:00\",\"breadcrumb\":{\"@id\":\"https:\\\/\\\/www.uartes.edu.ec\\\/sitio\\\/en\\\/docs\\\/enrique-landivar-garcia\\\/#breadcrumb\"},\"inLanguage\":\"en-US\",\"potentialAction\":[{\"@type\":\"ReadAction\",\"target\":[\"https:\\\/\\\/www.uartes.edu.ec\\\/sitio\\\/en\\\/docs\\\/enrique-landivar-garcia\\\/\"]}]},{\"@type\":\"ImageObject\",\"inLanguage\":\"en-US\",\"@id\":\"https:\\\/\\\/www.uartes.edu.ec\\\/sitio\\\/en\\\/docs\\\/enrique-landivar-garcia\\\/#primaryimage\",\"url\":\"https:\\\/\\\/www.uartes.edu.ec\\\/sitio\\\/wp-content\\\/uploads\\\/2022\\\/07\\\/Foto-Enrique-Landi\u0301var-CMMAS.jpg\",\"contentUrl\":\"https:\\\/\\\/www.uartes.edu.ec\\\/sitio\\\/wp-content\\\/uploads\\\/2022\\\/07\\\/Foto-Enrique-Landi\u0301var-CMMAS.jpg\",\"width\":800,\"height\":800},{\"@type\":\"BreadcrumbList\",\"@id\":\"https:\\\/\\\/www.uartes.edu.ec\\\/sitio\\\/en\\\/docs\\\/enrique-landivar-garcia\\\/#breadcrumb\",\"itemListElement\":[{\"@type\":\"ListItem\",\"position\":1,\"name\":\"Inicio\",\"item\":\"https:\\\/\\\/www.uartes.edu.ec\\\/sitio\\\/\"},{\"@type\":\"ListItem\",\"position\":2,\"name\":\"Docs\",\"item\":\"https:\\\/\\\/www.uartes.edu.ec\\\/sitio\\\/docs\\\/\"},{\"@type\":\"ListItem\",\"position\":3,\"name\":\"Enrique Land\u00edvar Garc\u00eda\"}]},{\"@type\":\"WebSite\",\"@id\":\"https:\\\/\\\/www.uartes.edu.ec\\\/sitio\\\/en\\\/#website\",\"url\":\"https:\\\/\\\/www.uartes.edu.ec\\\/sitio\\\/en\\\/\",\"name\":\"Universidad de las Artes\",\"description\":\"Sitio oficial de la Universidad Nacional de las Artes del Ecuador\",\"publisher\":{\"@id\":\"https:\\\/\\\/www.uartes.edu.ec\\\/sitio\\\/en\\\/#organization\"},\"potentialAction\":[{\"@type\":\"SearchAction\",\"target\":{\"@type\":\"EntryPoint\",\"urlTemplate\":\"https:\\\/\\\/www.uartes.edu.ec\\\/sitio\\\/en\\\/?s={search_term_string}\"},\"query-input\":{\"@type\":\"PropertyValueSpecification\",\"valueRequired\":true,\"valueName\":\"search_term_string\"}}],\"inLanguage\":\"en-US\"},{\"@type\":\"Organization\",\"@id\":\"https:\\\/\\\/www.uartes.edu.ec\\\/sitio\\\/en\\\/#organization\",\"name\":\"Universidad de las Artes\",\"url\":\"https:\\\/\\\/www.uartes.edu.ec\\\/sitio\\\/en\\\/\",\"logo\":{\"@type\":\"ImageObject\",\"inLanguage\":\"en-US\",\"@id\":\"https:\\\/\\\/www.uartes.edu.ec\\\/sitio\\\/en\\\/#\\\/schema\\\/logo\\\/image\\\/\",\"url\":\"https:\\\/\\\/www.uartes.edu.ec\\\/sitio\\\/wp-content\\\/uploads\\\/2022\\\/07\\\/logo-ua-horizontal.png\",\"contentUrl\":\"https:\\\/\\\/www.uartes.edu.ec\\\/sitio\\\/wp-content\\\/uploads\\\/2022\\\/07\\\/logo-ua-horizontal.png\",\"width\":800,\"height\":276,\"caption\":\"Universidad de las Artes\"},\"image\":{\"@id\":\"https:\\\/\\\/www.uartes.edu.ec\\\/sitio\\\/en\\\/#\\\/schema\\\/logo\\\/image\\\/\"},\"sameAs\":[\"https:\\\/\\\/www.facebook.com\\\/uartesec\",\"https:\\\/\\\/x.com\\\/uartesec\",\"https:\\\/\\\/www.tiktok.com\\\/@uartesec\"]}]}<\/script>\n<!-- \/ Yoast SEO plugin. -->","yoast_head_json":{"title":"Enrique Land\u00edvar Garc\u00eda - Universidad de las Artes","robots":{"index":"index","follow":"follow","max-snippet":"max-snippet:-1","max-image-preview":"max-image-preview:large","max-video-preview":"max-video-preview:-1"},"canonical":"https:\/\/www.uartes.edu.ec\/sitio\/en\/docs\/enrique-landivar-garcia\/","og_locale":"en_US","og_type":"article","og_title":"Enrique Land\u00edvar Garc\u00eda - Universidad de las Artes","og_description":"Artista multimedia, m\u00fasico-productor, creativo audiovisual y gestor cultural en la ciudad de Guayaquil. Posee una Licenciatura en Producci\u00f3n Musical y Sonora por la Universidad de las Artes. Su trabajo se enfoca en la realizaci\u00f3n de instalaciones sonoras e interactivas, obras inmersivas multicanal y programaci\u00f3n de interfaces para instrumentos musicales.&nbsp;&nbsp;&nbsp;&nbsp;&nbsp;&nbsp;&nbsp;&nbsp;&nbsp;&nbsp;&nbsp;&nbsp;&nbsp;&nbsp;&nbsp;&nbsp; Es fundador de la productora de [&hellip;]","og_url":"https:\/\/www.uartes.edu.ec\/sitio\/en\/docs\/enrique-landivar-garcia\/","og_site_name":"Universidad de las Artes","article_publisher":"https:\/\/www.facebook.com\/uartesec","article_modified_time":"2024-07-04T16:23:15+00:00","og_image":[{"width":800,"height":800,"url":"https:\/\/www.uartes.edu.ec\/sitio\/wp-content\/uploads\/2022\/07\/Foto-Enrique-Landi\u0301var-CMMAS.jpg","type":"image\/jpeg"}],"twitter_card":"summary_large_image","twitter_site":"@uartesec","twitter_misc":{"Est. reading time":"2 minutes"},"schema":{"@context":"https:\/\/schema.org","@graph":[{"@type":"WebPage","@id":"https:\/\/www.uartes.edu.ec\/sitio\/en\/docs\/enrique-landivar-garcia\/","url":"https:\/\/www.uartes.edu.ec\/sitio\/en\/docs\/enrique-landivar-garcia\/","name":"Enrique Land\u00edvar Garc\u00eda - Universidad de las Artes","isPartOf":{"@id":"https:\/\/www.uartes.edu.ec\/sitio\/en\/#website"},"primaryImageOfPage":{"@id":"https:\/\/www.uartes.edu.ec\/sitio\/en\/docs\/enrique-landivar-garcia\/#primaryimage"},"image":{"@id":"https:\/\/www.uartes.edu.ec\/sitio\/en\/docs\/enrique-landivar-garcia\/#primaryimage"},"thumbnailUrl":"https:\/\/www.uartes.edu.ec\/sitio\/wp-content\/uploads\/2022\/07\/Foto-Enrique-Landi\u0301var-CMMAS.jpg","datePublished":"2022-07-27T21:40:04+00:00","dateModified":"2024-07-04T16:23:15+00:00","breadcrumb":{"@id":"https:\/\/www.uartes.edu.ec\/sitio\/en\/docs\/enrique-landivar-garcia\/#breadcrumb"},"inLanguage":"en-US","potentialAction":[{"@type":"ReadAction","target":["https:\/\/www.uartes.edu.ec\/sitio\/en\/docs\/enrique-landivar-garcia\/"]}]},{"@type":"ImageObject","inLanguage":"en-US","@id":"https:\/\/www.uartes.edu.ec\/sitio\/en\/docs\/enrique-landivar-garcia\/#primaryimage","url":"https:\/\/www.uartes.edu.ec\/sitio\/wp-content\/uploads\/2022\/07\/Foto-Enrique-Landi\u0301var-CMMAS.jpg","contentUrl":"https:\/\/www.uartes.edu.ec\/sitio\/wp-content\/uploads\/2022\/07\/Foto-Enrique-Landi\u0301var-CMMAS.jpg","width":800,"height":800},{"@type":"BreadcrumbList","@id":"https:\/\/www.uartes.edu.ec\/sitio\/en\/docs\/enrique-landivar-garcia\/#breadcrumb","itemListElement":[{"@type":"ListItem","position":1,"name":"Inicio","item":"https:\/\/www.uartes.edu.ec\/sitio\/"},{"@type":"ListItem","position":2,"name":"Docs","item":"https:\/\/www.uartes.edu.ec\/sitio\/docs\/"},{"@type":"ListItem","position":3,"name":"Enrique Land\u00edvar Garc\u00eda"}]},{"@type":"WebSite","@id":"https:\/\/www.uartes.edu.ec\/sitio\/en\/#website","url":"https:\/\/www.uartes.edu.ec\/sitio\/en\/","name":"Universidad de las Artes","description":"Sitio oficial de la Universidad Nacional de las Artes del Ecuador","publisher":{"@id":"https:\/\/www.uartes.edu.ec\/sitio\/en\/#organization"},"potentialAction":[{"@type":"SearchAction","target":{"@type":"EntryPoint","urlTemplate":"https:\/\/www.uartes.edu.ec\/sitio\/en\/?s={search_term_string}"},"query-input":{"@type":"PropertyValueSpecification","valueRequired":true,"valueName":"search_term_string"}}],"inLanguage":"en-US"},{"@type":"Organization","@id":"https:\/\/www.uartes.edu.ec\/sitio\/en\/#organization","name":"Universidad de las Artes","url":"https:\/\/www.uartes.edu.ec\/sitio\/en\/","logo":{"@type":"ImageObject","inLanguage":"en-US","@id":"https:\/\/www.uartes.edu.ec\/sitio\/en\/#\/schema\/logo\/image\/","url":"https:\/\/www.uartes.edu.ec\/sitio\/wp-content\/uploads\/2022\/07\/logo-ua-horizontal.png","contentUrl":"https:\/\/www.uartes.edu.ec\/sitio\/wp-content\/uploads\/2022\/07\/logo-ua-horizontal.png","width":800,"height":276,"caption":"Universidad de las Artes"},"image":{"@id":"https:\/\/www.uartes.edu.ec\/sitio\/en\/#\/schema\/logo\/image\/"},"sameAs":["https:\/\/www.facebook.com\/uartesec","https:\/\/x.com\/uartesec","https:\/\/www.tiktok.com\/@uartesec"]}]}},"uagb_featured_image_src":{"full":["https:\/\/www.uartes.edu.ec\/sitio\/wp-content\/uploads\/2022\/07\/Foto-Enrique-Landi\u0301var-CMMAS.jpg",800,800,false],"thumbnail":["https:\/\/www.uartes.edu.ec\/sitio\/wp-content\/uploads\/2022\/07\/Foto-Enrique-Landi\u0301var-CMMAS-150x150.jpg",150,150,true],"medium":["https:\/\/www.uartes.edu.ec\/sitio\/wp-content\/uploads\/2022\/07\/Foto-Enrique-Landi\u0301var-CMMAS-300x300.jpg",300,300,true],"medium_large":["https:\/\/www.uartes.edu.ec\/sitio\/wp-content\/uploads\/2022\/07\/Foto-Enrique-Landi\u0301var-CMMAS-768x768.jpg",768,768,true],"large":["https:\/\/www.uartes.edu.ec\/sitio\/wp-content\/uploads\/2022\/07\/Foto-Enrique-Landi\u0301var-CMMAS-644x644.jpg",644,644,true],"1536x1536":["https:\/\/www.uartes.edu.ec\/sitio\/wp-content\/uploads\/2022\/07\/Foto-Enrique-Landi\u0301var-CMMAS.jpg",800,800,false],"2048x2048":["https:\/\/www.uartes.edu.ec\/sitio\/wp-content\/uploads\/2022\/07\/Foto-Enrique-Landi\u0301var-CMMAS.jpg",800,800,false],"trp-custom-language-flag":["https:\/\/www.uartes.edu.ec\/sitio\/wp-content\/uploads\/2022\/07\/Foto-Enrique-Landi\u0301var-CMMAS.jpg",12,12,false],"htmega_size_585x295":["https:\/\/www.uartes.edu.ec\/sitio\/wp-content\/uploads\/2022\/07\/Foto-Enrique-Landi\u0301var-CMMAS.jpg",295,295,false],"htmega_size_1170x536":["https:\/\/www.uartes.edu.ec\/sitio\/wp-content\/uploads\/2022\/07\/Foto-Enrique-Landi\u0301var-CMMAS.jpg",536,536,false],"htmega_size_396x360":["https:\/\/www.uartes.edu.ec\/sitio\/wp-content\/uploads\/2022\/07\/Foto-Enrique-Landi\u0301var-CMMAS.jpg",360,360,false],"gb-block-post-grid-landscape":["https:\/\/www.uartes.edu.ec\/sitio\/wp-content\/uploads\/2022\/07\/Foto-Enrique-Landi\u0301var-CMMAS-600x400.jpg",600,400,true],"gb-block-post-grid-square":["https:\/\/www.uartes.edu.ec\/sitio\/wp-content\/uploads\/2022\/07\/Foto-Enrique-Landi\u0301var-CMMAS-600x600.jpg",600,600,true],"university-hub-thumb":["https:\/\/www.uartes.edu.ec\/sitio\/wp-content\/uploads\/2022\/07\/Foto-Enrique-Landi\u0301var-CMMAS-300x300.jpg",300,300,true]},"uagb_author_info":{"display_name":"Universidad de las Artes","author_link":"https:\/\/www.uartes.edu.ec\/sitio\/en\/blog\/author\/dircomadm\/"},"uagb_comment_info":0,"uagb_excerpt":"Artista multimedia, m\u00fasico-productor, creativo audiovisual y gestor cultural en la ciudad de Guayaquil. Posee una Licenciatura en Producci\u00f3n Musical y Sonora por la Universidad de las Artes. Su trabajo se enfoca en la realizaci\u00f3n de instalaciones sonoras e interactivas, obras inmersivas multicanal y programaci\u00f3n de interfaces para instrumentos musicales.&nbsp;&nbsp;&nbsp;&nbsp;&nbsp;&nbsp;&nbsp;&nbsp;&nbsp;&nbsp;&nbsp;&nbsp;&nbsp;&nbsp;&nbsp;&nbsp; Es fundador de la productora de&hellip;","publishpress_future_workflow_manual_trigger":{"enabledWorkflows":[]},"distributor_meta":false,"distributor_terms":false,"distributor_media":false,"distributor_original_site_name":"Universidad de las Artes","distributor_original_site_url":"https:\/\/www.uartes.edu.ec\/sitio\/en","push-errors":false,"_links":{"self":[{"href":"https:\/\/www.uartes.edu.ec\/sitio\/en\/wp-json\/wp\/v2\/docs\/25465","targetHints":{"allow":["GET"]}}],"collection":[{"href":"https:\/\/www.uartes.edu.ec\/sitio\/en\/wp-json\/wp\/v2\/docs"}],"about":[{"href":"https:\/\/www.uartes.edu.ec\/sitio\/en\/wp-json\/wp\/v2\/types\/docs"}],"author":[{"embeddable":true,"href":"https:\/\/www.uartes.edu.ec\/sitio\/en\/wp-json\/wp\/v2\/users\/1"}],"replies":[{"embeddable":true,"href":"https:\/\/www.uartes.edu.ec\/sitio\/en\/wp-json\/wp\/v2\/comments?post=25465"}],"version-history":[{"count":1,"href":"https:\/\/www.uartes.edu.ec\/sitio\/en\/wp-json\/wp\/v2\/docs\/25465\/revisions"}],"predecessor-version":[{"id":25466,"href":"https:\/\/www.uartes.edu.ec\/sitio\/en\/wp-json\/wp\/v2\/docs\/25465\/revisions\/25466"}],"wp:featuredmedia":[{"embeddable":true,"href":"https:\/\/www.uartes.edu.ec\/sitio\/en\/wp-json\/wp\/v2\/media\/25315"}],"wp:attachment":[{"href":"https:\/\/www.uartes.edu.ec\/sitio\/en\/wp-json\/wp\/v2\/media?parent=25465"}],"wp:term":[{"taxonomy":"doc_category","embeddable":true,"href":"https:\/\/www.uartes.edu.ec\/sitio\/en\/wp-json\/wp\/v2\/doc_category?post=25465"},{"taxonomy":"doc_tag","embeddable":true,"href":"https:\/\/www.uartes.edu.ec\/sitio\/en\/wp-json\/wp\/v2\/doc_tag?post=25465"}],"curies":[{"name":"wp","href":"https:\/\/api.w.org\/{rel}","templated":true}]}}