{"id":29968,"date":"2022-10-24T14:08:30","date_gmt":"2022-10-24T19:08:30","guid":{"rendered":"http:\/\/www.uartes.edu.ec\/sitio\/?post_type=docs&#038;p=29968"},"modified":"2025-06-17T08:48:05","modified_gmt":"2025-06-17T13:48:05","password":"","slug":"tamia-sanchez","status":"publish","type":"docs","link":"https:\/\/www.uartes.edu.ec\/sitio\/en\/docs\/tamia-sanchez\/","title":{"rendered":"Tamia Sanchez"},"content":{"rendered":"","protected":false},"excerpt":{"rendered":"<p>Docente de Danza<\/p>","protected":false},"author":1,"featured_media":29963,"comment_status":"open","ping_status":"closed","template":"","meta":{"_acf_changed":false,"_uag_custom_page_level_css":"","_monsterinsights_skip_tracking":false,"_monsterinsights_sitenote_active":false,"_monsterinsights_sitenote_note":"","_monsterinsights_sitenote_category":0,"cybocfi_hide_featured_image":"","footnotes":""},"doc_category":[586],"doc_tag":[],"class_list":["post-29968","docs","type-docs","status-publish","has-post-thumbnail","hentry","doc_category-nivelacion"],"year_month":"2026-05","word_count":0,"total_views":0,"reactions":{"happy":0,"normal":0,"sad":0},"author_info":{"name":"Universidad de las Artes","author_nicename":"dircomadm","author_url":"https:\/\/www.uartes.edu.ec\/sitio\/en\/blog\/author\/dircomadm\/"},"doc_category_info":[{"term_name":"Nivelaci\u00f3n","term_url":"https:\/\/www.uartes.edu.ec\/sitio\/en\/docs-category\/nivelacion\/"}],"doc_tag_info":[],"acf":{"dp_ciudad":"Ecuador.","dp_email":"<a href=\"mailto:tamia.sanchez@uartes.edu.ec\">tamia.sanchez@uartes.edu.ec<\/a>","dp_cargo":["Docente"],"dp_perfil":"Ha trabajado en Aposta danza como bailarina, creadora y gu\u00eda de proyectos pedag\u00f3gicos no formales en danza contempor\u00e1nea. Es docente de nivelaci\u00f3n en la Universidad de las Artes. Provoca la vinculaci\u00f3n del arte con la ecolog\u00eda desde las pr\u00e1cticas corporales. Es parte de La Perinola, espacio de gesti\u00f3n art\u00edstica independiente de Riobamba. Ha realizado pasant\u00edas en t\u00e9cnicas de danza contempor\u00e1nea e interpretaci\u00f3n esc\u00e9nica con Byron Paredes, Laura Alvear, Klever Viera y Compa\u00f1\u00eda Nacional de Danza del Ecuador.","dp_estudios":"<ul>\r\n \t<li>Diplomado \u201cCuerpo, arte y educaci\u00f3n\u201d Facultad de Artes, Universidad de Chile. 2022<\/li>\r\n \t<li>Licenciatura en danza, itinerario pedagog\u00eda, Universidad de las Artes, Guayaquil. 2021<\/li>\r\n \t<li>Ingenier\u00eda en gesti\u00f3n ambiental, Universidad T\u00e9cnica Particular de Loja. 2017<\/li>\r\n<\/ul>","dp_participaciones":"<ul>\r\n \t<li>Festival Internacional de Artes Vivas FIAVL 2023 con Mayu: la antigua cualidad del fluir. Programaci\u00f3n Nacional, noviembre 2023.<\/li>\r\n \t<li>Gesti\u00f3n cultural: debates y herramientas Universidad Andina Sim\u00f3n Bol\u00edvar y CCE Tungurahua. 2021<\/li>\r\n \t<li>Producci\u00f3n y creaci\u00f3n en \u2018Di\u00e1logos Danzados I, II y III\u2019 Encuentro de agrupaciones independientes de danza contempor\u00e1nea de Quito y Riobamba. Sala Mariana de Jes\u00fas, Quito. La Perinola, Riobamba. 2019<\/li>\r\n \t<li>Encuentro Internacional de T\u00e9cnicas de Movimiento TAXI. Compa\u00f1\u00eda Nacional de Danza. Quito. 2019<\/li>\r\n \t<li>La Consagraci\u00f3n de la Primavera. Compa\u00f1\u00eda En Avant. Teatro Centro C\u00edvico. Guayaquil. 2019<\/li>\r\n \t<li>Monotem\u00e1ticos Tercera Edici\u00f3n, Alianza Francesa, Guayaquil, 2017<\/li>\r\n \t<li>Empat\u00eda videodanza de Vinicio C\u00f3ndor. FLACSO. Quito, 2017<\/li>\r\n<\/ul>","dp_publicaciones":"<ul>\r\n \t<li>Mayu: la antigua cualidad del fluir. 2022<\/li>\r\n \t<li>Atravesar el r\u00edo: micro memorias que danzan. 2021<\/li>\r\n \t<li>La bit\u00e1cora en los procedimientos de transmisi\u00f3n de danza. Proyecto de investigaci\u00f3n. 2021<\/li>\r\n \t<li>Habitar tu cuerpo \u2013 habitar el planeta. Experiencias de movimiento al aire libre. 2021<\/li>\r\n \t<li>Horizontes suspendidos: experiencias de movimiento en confinamiento. 2020<\/li>\r\n \t<li>Elogio del afuera. Coreograf\u00eda y publicaci\u00f3n en Preliminar N\u00ba1 del Instituto Latinoamericano de Investigaci\u00f3n en Artes. 2019<\/li>\r\n \t<li>Ofelia, cuervos y gaviotas. Coreograf\u00eda y publicaci\u00f3n en Analog\u00edas fanzine Reflexiones sobre la creaci\u00f3n en movimiento. 2017<\/li>\r\n \t<li>Proyectos pedag\u00f3gicos no formales en danza contempor\u00e1nea desde 2015 en Quito y Riobamba.<\/li>\r\n<\/ul>","dp_intereses":"Creaci\u00f3n y pedagog\u00eda en artes esc\u00e9nicas. Proyectos de educaci\u00f3n ambiental desde el cuerpo. Mediaci\u00f3n art\u00edstica desde el cuerpo y la danza.","dp_sitio_web":"https:\/\/tamiadith.wixsite.com\/apostadanza\/inicio\r\nhttps:\/\/www.instagram.com\/apostadanza\/\r\nhttps:\/\/www.facebook.com\/apostadanza\r\n"},"yoast_head":"<!-- This site is optimized with the Yoast SEO plugin v27.4 - https:\/\/yoast.com\/product\/yoast-seo-wordpress\/ -->\n<title>Tamia Sanchez - Universidad de las Artes<\/title>\n<meta name=\"robots\" content=\"index, follow, max-snippet:-1, max-image-preview:large, max-video-preview:-1\" \/>\n<link rel=\"canonical\" href=\"https:\/\/www.uartes.edu.ec\/sitio\/en\/docs\/tamia-sanchez\/\" \/>\n<meta property=\"og:locale\" content=\"en_US\" \/>\n<meta property=\"og:type\" content=\"article\" \/>\n<meta property=\"og:title\" content=\"Tamia Sanchez - Universidad de las Artes\" \/>\n<meta property=\"og:description\" content=\"Docente de Danza\" \/>\n<meta property=\"og:url\" content=\"https:\/\/www.uartes.edu.ec\/sitio\/en\/docs\/tamia-sanchez\/\" \/>\n<meta property=\"og:site_name\" content=\"Universidad de las Artes\" \/>\n<meta property=\"article:publisher\" content=\"https:\/\/www.facebook.com\/uartesec\" \/>\n<meta property=\"article:modified_time\" content=\"2025-06-17T13:48:05+00:00\" \/>\n<meta property=\"og:image\" content=\"https:\/\/www.uartes.edu.ec\/sitio\/wp-content\/uploads\/2022\/10\/Tamia-Sanchez-docente-de-Danza.jpg\" \/>\n\t<meta property=\"og:image:width\" content=\"800\" \/>\n\t<meta property=\"og:image:height\" content=\"800\" \/>\n\t<meta property=\"og:image:type\" content=\"image\/jpeg\" \/>\n<meta name=\"twitter:card\" content=\"summary_large_image\" \/>\n<meta name=\"twitter:site\" content=\"@uartesec\" \/>\n<script type=\"application\/ld+json\" class=\"yoast-schema-graph\">{\"@context\":\"https:\\\/\\\/schema.org\",\"@graph\":[{\"@type\":\"WebPage\",\"@id\":\"https:\\\/\\\/www.uartes.edu.ec\\\/sitio\\\/en\\\/docs\\\/tamia-sanchez\\\/\",\"url\":\"https:\\\/\\\/www.uartes.edu.ec\\\/sitio\\\/en\\\/docs\\\/tamia-sanchez\\\/\",\"name\":\"Tamia Sanchez - Universidad de las Artes\",\"isPartOf\":{\"@id\":\"https:\\\/\\\/www.uartes.edu.ec\\\/sitio\\\/en\\\/#website\"},\"primaryImageOfPage\":{\"@id\":\"https:\\\/\\\/www.uartes.edu.ec\\\/sitio\\\/en\\\/docs\\\/tamia-sanchez\\\/#primaryimage\"},\"image\":{\"@id\":\"https:\\\/\\\/www.uartes.edu.ec\\\/sitio\\\/en\\\/docs\\\/tamia-sanchez\\\/#primaryimage\"},\"thumbnailUrl\":\"https:\\\/\\\/www.uartes.edu.ec\\\/sitio\\\/wp-content\\\/uploads\\\/2022\\\/10\\\/Tamia-Sanchez-docente-de-Danza.jpg\",\"datePublished\":\"2022-10-24T19:08:30+00:00\",\"dateModified\":\"2025-06-17T13:48:05+00:00\",\"breadcrumb\":{\"@id\":\"https:\\\/\\\/www.uartes.edu.ec\\\/sitio\\\/en\\\/docs\\\/tamia-sanchez\\\/#breadcrumb\"},\"inLanguage\":\"en-US\",\"potentialAction\":[{\"@type\":\"ReadAction\",\"target\":[\"https:\\\/\\\/www.uartes.edu.ec\\\/sitio\\\/en\\\/docs\\\/tamia-sanchez\\\/\"]}]},{\"@type\":\"ImageObject\",\"inLanguage\":\"en-US\",\"@id\":\"https:\\\/\\\/www.uartes.edu.ec\\\/sitio\\\/en\\\/docs\\\/tamia-sanchez\\\/#primaryimage\",\"url\":\"https:\\\/\\\/www.uartes.edu.ec\\\/sitio\\\/wp-content\\\/uploads\\\/2022\\\/10\\\/Tamia-Sanchez-docente-de-Danza.jpg\",\"contentUrl\":\"https:\\\/\\\/www.uartes.edu.ec\\\/sitio\\\/wp-content\\\/uploads\\\/2022\\\/10\\\/Tamia-Sanchez-docente-de-Danza.jpg\",\"width\":800,\"height\":800},{\"@type\":\"BreadcrumbList\",\"@id\":\"https:\\\/\\\/www.uartes.edu.ec\\\/sitio\\\/en\\\/docs\\\/tamia-sanchez\\\/#breadcrumb\",\"itemListElement\":[{\"@type\":\"ListItem\",\"position\":1,\"name\":\"Inicio\",\"item\":\"https:\\\/\\\/www.uartes.edu.ec\\\/sitio\\\/\"},{\"@type\":\"ListItem\",\"position\":2,\"name\":\"Docs\",\"item\":\"https:\\\/\\\/www.uartes.edu.ec\\\/sitio\\\/docs\\\/\"},{\"@type\":\"ListItem\",\"position\":3,\"name\":\"Tamia Sanchez\"}]},{\"@type\":\"WebSite\",\"@id\":\"https:\\\/\\\/www.uartes.edu.ec\\\/sitio\\\/en\\\/#website\",\"url\":\"https:\\\/\\\/www.uartes.edu.ec\\\/sitio\\\/en\\\/\",\"name\":\"Universidad de las Artes\",\"description\":\"Sitio oficial de la Universidad Nacional de las Artes del Ecuador\",\"publisher\":{\"@id\":\"https:\\\/\\\/www.uartes.edu.ec\\\/sitio\\\/en\\\/#organization\"},\"potentialAction\":[{\"@type\":\"SearchAction\",\"target\":{\"@type\":\"EntryPoint\",\"urlTemplate\":\"https:\\\/\\\/www.uartes.edu.ec\\\/sitio\\\/en\\\/?s={search_term_string}\"},\"query-input\":{\"@type\":\"PropertyValueSpecification\",\"valueRequired\":true,\"valueName\":\"search_term_string\"}}],\"inLanguage\":\"en-US\"},{\"@type\":\"Organization\",\"@id\":\"https:\\\/\\\/www.uartes.edu.ec\\\/sitio\\\/en\\\/#organization\",\"name\":\"Universidad de las Artes\",\"url\":\"https:\\\/\\\/www.uartes.edu.ec\\\/sitio\\\/en\\\/\",\"logo\":{\"@type\":\"ImageObject\",\"inLanguage\":\"en-US\",\"@id\":\"https:\\\/\\\/www.uartes.edu.ec\\\/sitio\\\/en\\\/#\\\/schema\\\/logo\\\/image\\\/\",\"url\":\"https:\\\/\\\/www.uartes.edu.ec\\\/sitio\\\/wp-content\\\/uploads\\\/2022\\\/07\\\/logo-ua-horizontal.png\",\"contentUrl\":\"https:\\\/\\\/www.uartes.edu.ec\\\/sitio\\\/wp-content\\\/uploads\\\/2022\\\/07\\\/logo-ua-horizontal.png\",\"width\":800,\"height\":276,\"caption\":\"Universidad de las Artes\"},\"image\":{\"@id\":\"https:\\\/\\\/www.uartes.edu.ec\\\/sitio\\\/en\\\/#\\\/schema\\\/logo\\\/image\\\/\"},\"sameAs\":[\"https:\\\/\\\/www.facebook.com\\\/uartesec\",\"https:\\\/\\\/x.com\\\/uartesec\",\"https:\\\/\\\/www.tiktok.com\\\/@uartesec\"]}]}<\/script>\n<!-- \/ Yoast SEO plugin. -->","yoast_head_json":{"title":"Tamia Sanchez - Universidad de las Artes","robots":{"index":"index","follow":"follow","max-snippet":"max-snippet:-1","max-image-preview":"max-image-preview:large","max-video-preview":"max-video-preview:-1"},"canonical":"https:\/\/www.uartes.edu.ec\/sitio\/en\/docs\/tamia-sanchez\/","og_locale":"en_US","og_type":"article","og_title":"Tamia Sanchez - Universidad de las Artes","og_description":"Docente de Danza","og_url":"https:\/\/www.uartes.edu.ec\/sitio\/en\/docs\/tamia-sanchez\/","og_site_name":"Universidad de las Artes","article_publisher":"https:\/\/www.facebook.com\/uartesec","article_modified_time":"2025-06-17T13:48:05+00:00","og_image":[{"width":800,"height":800,"url":"https:\/\/www.uartes.edu.ec\/sitio\/wp-content\/uploads\/2022\/10\/Tamia-Sanchez-docente-de-Danza.jpg","type":"image\/jpeg"}],"twitter_card":"summary_large_image","twitter_site":"@uartesec","schema":{"@context":"https:\/\/schema.org","@graph":[{"@type":"WebPage","@id":"https:\/\/www.uartes.edu.ec\/sitio\/en\/docs\/tamia-sanchez\/","url":"https:\/\/www.uartes.edu.ec\/sitio\/en\/docs\/tamia-sanchez\/","name":"Tamia Sanchez - Universidad de las Artes","isPartOf":{"@id":"https:\/\/www.uartes.edu.ec\/sitio\/en\/#website"},"primaryImageOfPage":{"@id":"https:\/\/www.uartes.edu.ec\/sitio\/en\/docs\/tamia-sanchez\/#primaryimage"},"image":{"@id":"https:\/\/www.uartes.edu.ec\/sitio\/en\/docs\/tamia-sanchez\/#primaryimage"},"thumbnailUrl":"https:\/\/www.uartes.edu.ec\/sitio\/wp-content\/uploads\/2022\/10\/Tamia-Sanchez-docente-de-Danza.jpg","datePublished":"2022-10-24T19:08:30+00:00","dateModified":"2025-06-17T13:48:05+00:00","breadcrumb":{"@id":"https:\/\/www.uartes.edu.ec\/sitio\/en\/docs\/tamia-sanchez\/#breadcrumb"},"inLanguage":"en-US","potentialAction":[{"@type":"ReadAction","target":["https:\/\/www.uartes.edu.ec\/sitio\/en\/docs\/tamia-sanchez\/"]}]},{"@type":"ImageObject","inLanguage":"en-US","@id":"https:\/\/www.uartes.edu.ec\/sitio\/en\/docs\/tamia-sanchez\/#primaryimage","url":"https:\/\/www.uartes.edu.ec\/sitio\/wp-content\/uploads\/2022\/10\/Tamia-Sanchez-docente-de-Danza.jpg","contentUrl":"https:\/\/www.uartes.edu.ec\/sitio\/wp-content\/uploads\/2022\/10\/Tamia-Sanchez-docente-de-Danza.jpg","width":800,"height":800},{"@type":"BreadcrumbList","@id":"https:\/\/www.uartes.edu.ec\/sitio\/en\/docs\/tamia-sanchez\/#breadcrumb","itemListElement":[{"@type":"ListItem","position":1,"name":"Inicio","item":"https:\/\/www.uartes.edu.ec\/sitio\/"},{"@type":"ListItem","position":2,"name":"Docs","item":"https:\/\/www.uartes.edu.ec\/sitio\/docs\/"},{"@type":"ListItem","position":3,"name":"Tamia Sanchez"}]},{"@type":"WebSite","@id":"https:\/\/www.uartes.edu.ec\/sitio\/en\/#website","url":"https:\/\/www.uartes.edu.ec\/sitio\/en\/","name":"Universidad de las Artes","description":"Sitio oficial de la Universidad Nacional de las Artes del Ecuador","publisher":{"@id":"https:\/\/www.uartes.edu.ec\/sitio\/en\/#organization"},"potentialAction":[{"@type":"SearchAction","target":{"@type":"EntryPoint","urlTemplate":"https:\/\/www.uartes.edu.ec\/sitio\/en\/?s={search_term_string}"},"query-input":{"@type":"PropertyValueSpecification","valueRequired":true,"valueName":"search_term_string"}}],"inLanguage":"en-US"},{"@type":"Organization","@id":"https:\/\/www.uartes.edu.ec\/sitio\/en\/#organization","name":"Universidad de las Artes","url":"https:\/\/www.uartes.edu.ec\/sitio\/en\/","logo":{"@type":"ImageObject","inLanguage":"en-US","@id":"https:\/\/www.uartes.edu.ec\/sitio\/en\/#\/schema\/logo\/image\/","url":"https:\/\/www.uartes.edu.ec\/sitio\/wp-content\/uploads\/2022\/07\/logo-ua-horizontal.png","contentUrl":"https:\/\/www.uartes.edu.ec\/sitio\/wp-content\/uploads\/2022\/07\/logo-ua-horizontal.png","width":800,"height":276,"caption":"Universidad de las Artes"},"image":{"@id":"https:\/\/www.uartes.edu.ec\/sitio\/en\/#\/schema\/logo\/image\/"},"sameAs":["https:\/\/www.facebook.com\/uartesec","https:\/\/x.com\/uartesec","https:\/\/www.tiktok.com\/@uartesec"]}]}},"uagb_featured_image_src":{"full":["https:\/\/www.uartes.edu.ec\/sitio\/wp-content\/uploads\/2022\/10\/Tamia-Sanchez-docente-de-Danza.jpg",800,800,false],"thumbnail":["https:\/\/www.uartes.edu.ec\/sitio\/wp-content\/uploads\/2022\/10\/Tamia-Sanchez-docente-de-Danza-150x150.jpg",150,150,true],"medium":["https:\/\/www.uartes.edu.ec\/sitio\/wp-content\/uploads\/2022\/10\/Tamia-Sanchez-docente-de-Danza-300x300.jpg",300,300,true],"medium_large":["https:\/\/www.uartes.edu.ec\/sitio\/wp-content\/uploads\/2022\/10\/Tamia-Sanchez-docente-de-Danza-768x768.jpg",768,768,true],"large":["https:\/\/www.uartes.edu.ec\/sitio\/wp-content\/uploads\/2022\/10\/Tamia-Sanchez-docente-de-Danza-644x644.jpg",644,644,true],"1536x1536":["https:\/\/www.uartes.edu.ec\/sitio\/wp-content\/uploads\/2022\/10\/Tamia-Sanchez-docente-de-Danza.jpg",800,800,false],"2048x2048":["https:\/\/www.uartes.edu.ec\/sitio\/wp-content\/uploads\/2022\/10\/Tamia-Sanchez-docente-de-Danza.jpg",800,800,false],"trp-custom-language-flag":["https:\/\/www.uartes.edu.ec\/sitio\/wp-content\/uploads\/2022\/10\/Tamia-Sanchez-docente-de-Danza.jpg",12,12,false],"htmega_size_585x295":["https:\/\/www.uartes.edu.ec\/sitio\/wp-content\/uploads\/2022\/10\/Tamia-Sanchez-docente-de-Danza.jpg",295,295,false],"htmega_size_1170x536":["https:\/\/www.uartes.edu.ec\/sitio\/wp-content\/uploads\/2022\/10\/Tamia-Sanchez-docente-de-Danza.jpg",536,536,false],"htmega_size_396x360":["https:\/\/www.uartes.edu.ec\/sitio\/wp-content\/uploads\/2022\/10\/Tamia-Sanchez-docente-de-Danza.jpg",360,360,false],"gb-block-post-grid-landscape":["https:\/\/www.uartes.edu.ec\/sitio\/wp-content\/uploads\/2022\/10\/Tamia-Sanchez-docente-de-Danza.jpg",400,400,false],"gb-block-post-grid-square":["https:\/\/www.uartes.edu.ec\/sitio\/wp-content\/uploads\/2022\/10\/Tamia-Sanchez-docente-de-Danza.jpg",600,600,false],"university-hub-thumb":["https:\/\/www.uartes.edu.ec\/sitio\/wp-content\/uploads\/2022\/10\/Tamia-Sanchez-docente-de-Danza-300x300.jpg",300,300,true]},"uagb_author_info":{"display_name":"Universidad de las Artes","author_link":"https:\/\/www.uartes.edu.ec\/sitio\/en\/blog\/author\/dircomadm\/"},"uagb_comment_info":0,"uagb_excerpt":"Docente de Danza","publishpress_future_workflow_manual_trigger":{"enabledWorkflows":[]},"distributor_meta":false,"distributor_terms":false,"distributor_media":false,"distributor_original_site_name":"Universidad de las Artes","distributor_original_site_url":"https:\/\/www.uartes.edu.ec\/sitio\/en","push-errors":false,"_links":{"self":[{"href":"https:\/\/www.uartes.edu.ec\/sitio\/en\/wp-json\/wp\/v2\/docs\/29968","targetHints":{"allow":["GET"]}}],"collection":[{"href":"https:\/\/www.uartes.edu.ec\/sitio\/en\/wp-json\/wp\/v2\/docs"}],"about":[{"href":"https:\/\/www.uartes.edu.ec\/sitio\/en\/wp-json\/wp\/v2\/types\/docs"}],"author":[{"embeddable":true,"href":"https:\/\/www.uartes.edu.ec\/sitio\/en\/wp-json\/wp\/v2\/users\/1"}],"replies":[{"embeddable":true,"href":"https:\/\/www.uartes.edu.ec\/sitio\/en\/wp-json\/wp\/v2\/comments?post=29968"}],"version-history":[{"count":5,"href":"https:\/\/www.uartes.edu.ec\/sitio\/en\/wp-json\/wp\/v2\/docs\/29968\/revisions"}],"predecessor-version":[{"id":73725,"href":"https:\/\/www.uartes.edu.ec\/sitio\/en\/wp-json\/wp\/v2\/docs\/29968\/revisions\/73725"}],"wp:featuredmedia":[{"embeddable":true,"href":"https:\/\/www.uartes.edu.ec\/sitio\/en\/wp-json\/wp\/v2\/media\/29963"}],"wp:attachment":[{"href":"https:\/\/www.uartes.edu.ec\/sitio\/en\/wp-json\/wp\/v2\/media?parent=29968"}],"wp:term":[{"taxonomy":"doc_category","embeddable":true,"href":"https:\/\/www.uartes.edu.ec\/sitio\/en\/wp-json\/wp\/v2\/doc_category?post=29968"},{"taxonomy":"doc_tag","embeddable":true,"href":"https:\/\/www.uartes.edu.ec\/sitio\/en\/wp-json\/wp\/v2\/doc_tag?post=29968"}],"curies":[{"name":"wp","href":"https:\/\/api.w.org\/{rel}","templated":true}]}}