{"id":29974,"date":"2022-10-24T14:11:10","date_gmt":"2022-10-24T19:11:10","guid":{"rendered":"http:\/\/www.uartes.edu.ec\/sitio\/?post_type=docs&#038;p=29974"},"modified":"2024-07-04T11:22:43","modified_gmt":"2024-07-04T16:22:43","password":"","slug":"melanie-moreira","status":"publish","type":"docs","link":"https:\/\/www.uartes.edu.ec\/sitio\/en\/docs\/melanie-moreira\/","title":{"rendered":"Melanie Moreira Abad"},"content":{"rendered":"","protected":false},"excerpt":{"rendered":"<p>Docente de Literatura<\/p>","protected":false},"author":1,"featured_media":29961,"comment_status":"open","ping_status":"closed","template":"","meta":{"_acf_changed":false,"_uag_custom_page_level_css":"","_monsterinsights_skip_tracking":false,"_monsterinsights_sitenote_active":false,"_monsterinsights_sitenote_note":"","_monsterinsights_sitenote_category":0,"cybocfi_hide_featured_image":"","footnotes":""},"doc_category":[586],"doc_tag":[],"class_list":["post-29974","docs","type-docs","status-publish","has-post-thumbnail","hentry","doc_category-nivelacion"],"year_month":"2026-05","word_count":0,"total_views":0,"reactions":{"happy":0,"normal":0,"sad":0},"author_info":{"name":"Universidad de las Artes","author_nicename":"dircomadm","author_url":"https:\/\/www.uartes.edu.ec\/sitio\/en\/blog\/author\/dircomadm\/"},"doc_category_info":[{"term_name":"Nivelaci\u00f3n","term_url":"https:\/\/www.uartes.edu.ec\/sitio\/en\/docs-category\/nivelacion\/"}],"doc_tag_info":[],"acf":{"dp_ciudad":"Ecuador","dp_email":"<a href=\"mailto:melanie.moreira@uartes.edu.ec\">melanie.moreira@uartes.edu.ec<\/a>","dp_cargo":["Docente"],"dp_perfil":"Escritora, correctora de textos, editora y docente. Tambi\u00e9n ha trabajado como tallerista y mediadora de lectura. Actualmente es docente de Literatura en el departamento de Nivelaci\u00f3n de la Universidad de las Artes.","dp_estudios":"<ul>\r\n \t<li>Diplomado Mapa de guerras: el cat\u00e1logo editorial como producci\u00f3n de conocimiento pol\u00edtico\/militante por el Consejo Latinoamericano de Ciencias Sociales (CLACSO) (2022)<\/li>\r\n \t<li>Licenciada en Literatura por la Universidad de las Artes del Ecuador (2021) (<em>cum laude<\/em>)<\/li>\r\n<\/ul>","dp_participaciones":"<ul>\r\n \t<li>Poeta invitada en el IV encuentro nacional de poes\u00eda Desembarco Po\u00e9tico. A\u00f1o: 2017.<\/li>\r\n \t<li>Ponente en el Primer Coloquio Internacional Red Estudios Latinoamericanos Deleuze y Guattari \u201cDevenir animal. La filosof\u00eda de Gilles Deleuze y F\u00e9lix Guattari\u201d (UCE y REELDG) con el ensayo \u201cEnfermedad en Or\u00e1n: el deveniranimal en La peste, de Albert Camus\u201d. A\u00f1o: 2019.<\/li>\r\n \t<li>Primera menci\u00f3n de honor en el Primer concurso nacional de poes\u00eda Libre Libro. A\u00f1o: 2019.<\/li>\r\n \t<li>Poeta invitada en la XII edici\u00f3n del Festival de Poes\u00eda de Guayaquil Ileana Espinel Cede\u00f1o. A\u00f1o: 2019.<\/li>\r\n \t<li>Ponente en la charla \u201cReflexiones sobre pol\u00edticas de la cultura, creatividades y gesti\u00f3n de las artes\u201d en el V Encuentro Internacional de Investigaci\u00f3n en Artes (ILIA). A\u00f1o: 2020.<\/li>\r\n \t<li>Ponente en la XXII edici\u00f3n del Congreso de Ecuatorianistas \u201cDistop\u00eda, utop\u00eda y apocalipsis en la producci\u00f3n cultural ecuatoriana\u201d (University of Louisville) con el ensayo \u201cLa deuda impagable en <em>Las tres ratas<\/em> (1944), de Alfredo Pareja Diezcanseco\u201d. A\u00f1o: 2021.<\/li>\r\n \t<li>Ponente en la charla \u201cDeuda, dinero y migraci\u00f3n: la raz\u00f3n neoliberal en la literatura ecuatoriana\u201d en el VI Encuentro Internacional de Investigaci\u00f3n en Artes (ILIA). A\u00f1o: 2021.<\/li>\r\n \t<li>Poeta invitada a la VII edici\u00f3n de la Feria Internacional del Libro de Guayaquil (FIL). A\u00f1o: 2021.<\/li>\r\n<\/ul>","dp_publicaciones":"<ul>\r\n \t<li>Forma parte de la antolog\u00eda de poes\u00eda <em>Tela de ara\u00f1a: muestra de textos y pre-textos<\/em> de la Editorial Rasgu\u00f1o. A\u00f1o: 2017.<\/li>\r\n \t<li>Forma parte de la antolog\u00eda del libro<em> Memorias: XII Festival Internacional de Poes\u00eda de Guayaquil Ileana Espinel Cede\u00f1o<\/em>. A\u00f1o: 2019.<\/li>\r\n \t<li>Su ensayo \u201cEnfermedad en Or\u00e1n: el devenir-animal en La peste, de Albert Camus\u201d se public\u00f3 en la revista brasilera indexada de Arte y Filosof\u00eda <em>Linha Mestra<\/em>. A\u00f1o: 2019. Disponible en: <a href=\"http:\/\/lm.alb.org.br\/index.php\/lm\/article\/view\/297\/319\">http:\/\/lm.alb.org.br\/index.php\/lm\/article\/view\/297\/319<\/a><\/li>\r\n \t<li>Con el poema \u201cTierra escupida en el vientre de dios\u201d forma parte del libro <em>Caballos nacidos del polvo. I Concurso de Poes\u00eda \u201cLibre Libro\u201d 2019<\/em> de la editorial UArtes Ediciones. A\u00f1o: 2020.<\/li>\r\n \t<li>Su ensayo \u201cEl problema del otro: desterritorializaci\u00f3n del imaginario colectivo precolombino azteca, seg\u00fan Tzvetan Todorov\u201d se public\u00f3 en <em>\u00d1awpa Pacha: di\u00e1logos entre c\u00f3ndores y manglares <\/em>para el sexto n\u00famero de la revista <em>Preliminar<\/em> del Instituto Latinoamericano de Investigaci\u00f3n en Artes (ILIA). A\u00f1o: 2021.<\/li>\r\n \t<li>Su ensayo \u201cBlack Mirror: memoria, dividuos y desterritorializaci\u00f3n en la era de la gubernamentalidad algor\u00edtimica y los Big Data\u201d forma parte de <em> Cuadernos de trabajo. Creaci\u00f3n-investigaci\u00f3n estudiantil en la Universidad de las Artes. Edici\u00f3n especial 2020-2022 <\/em>de la revista <em>Preliminar<\/em> del Instituto Latinoamericano de Investigaci\u00f3n en Artes (ILIA). A\u00f1o: 2022.<\/li>\r\n \t<li>Forma parte del libro <em>Cinco centavitos: deuda y dinero en la literatura ecuatoriana<\/em>, una co-edici\u00f3n entre UArtes Ediciones y Recodo Press, con su ensayo \u201cLa deuda impagable en <em>Las tres ratas<\/em>, de Alfredo Pareja Diezcanseco (1944)\u201d. A\u00f1o: 2022.<\/li>\r\n \t<li>Co-editora, junto con Fernando Montenegro, del libro C<em>inco centavitos: deuda y dinero en la literatura ecuatoriana<\/em> una de las editoriales UArtes Ediciones y Recodo Press<\/li>\r\n<\/ul>","dp_intereses":"Teor\u00eda literaria, filosof\u00eda de la literatura, cine, investigaci\u00f3n en artes y escritura creativa.","dp_sitio_web":"@butterflyuponawheel"},"yoast_head":"<!-- This site is optimized with the Yoast SEO plugin v27.4 - https:\/\/yoast.com\/product\/yoast-seo-wordpress\/ -->\n<title>Melanie Moreira Abad - Universidad de las Artes<\/title>\n<meta name=\"robots\" content=\"index, follow, max-snippet:-1, max-image-preview:large, max-video-preview:-1\" \/>\n<link rel=\"canonical\" href=\"https:\/\/www.uartes.edu.ec\/sitio\/en\/docs\/melanie-moreira\/\" \/>\n<meta property=\"og:locale\" content=\"en_US\" \/>\n<meta property=\"og:type\" content=\"article\" \/>\n<meta property=\"og:title\" content=\"Melanie Moreira Abad - Universidad de las Artes\" \/>\n<meta property=\"og:description\" content=\"Docente de Literatura\" \/>\n<meta property=\"og:url\" content=\"https:\/\/www.uartes.edu.ec\/sitio\/en\/docs\/melanie-moreira\/\" \/>\n<meta property=\"og:site_name\" content=\"Universidad de las Artes\" \/>\n<meta property=\"article:publisher\" content=\"https:\/\/www.facebook.com\/uartesec\" \/>\n<meta property=\"article:modified_time\" content=\"2024-07-04T16:22:43+00:00\" \/>\n<meta property=\"og:image\" content=\"https:\/\/www.uartes.edu.ec\/sitio\/wp-content\/uploads\/2022\/10\/Melanie-Moreira-Docente-de-Literatura.jpg\" \/>\n\t<meta property=\"og:image:width\" content=\"800\" \/>\n\t<meta property=\"og:image:height\" content=\"800\" \/>\n\t<meta property=\"og:image:type\" content=\"image\/jpeg\" \/>\n<meta name=\"twitter:card\" content=\"summary_large_image\" \/>\n<meta name=\"twitter:site\" content=\"@uartesec\" \/>\n<script type=\"application\/ld+json\" class=\"yoast-schema-graph\">{\"@context\":\"https:\\\/\\\/schema.org\",\"@graph\":[{\"@type\":\"WebPage\",\"@id\":\"https:\\\/\\\/www.uartes.edu.ec\\\/sitio\\\/en\\\/docs\\\/melanie-moreira\\\/\",\"url\":\"https:\\\/\\\/www.uartes.edu.ec\\\/sitio\\\/en\\\/docs\\\/melanie-moreira\\\/\",\"name\":\"Melanie Moreira Abad - Universidad de las Artes\",\"isPartOf\":{\"@id\":\"https:\\\/\\\/www.uartes.edu.ec\\\/sitio\\\/en\\\/#website\"},\"primaryImageOfPage\":{\"@id\":\"https:\\\/\\\/www.uartes.edu.ec\\\/sitio\\\/en\\\/docs\\\/melanie-moreira\\\/#primaryimage\"},\"image\":{\"@id\":\"https:\\\/\\\/www.uartes.edu.ec\\\/sitio\\\/en\\\/docs\\\/melanie-moreira\\\/#primaryimage\"},\"thumbnailUrl\":\"https:\\\/\\\/www.uartes.edu.ec\\\/sitio\\\/wp-content\\\/uploads\\\/2022\\\/10\\\/Melanie-Moreira-Docente-de-Literatura.jpg\",\"datePublished\":\"2022-10-24T19:11:10+00:00\",\"dateModified\":\"2024-07-04T16:22:43+00:00\",\"breadcrumb\":{\"@id\":\"https:\\\/\\\/www.uartes.edu.ec\\\/sitio\\\/en\\\/docs\\\/melanie-moreira\\\/#breadcrumb\"},\"inLanguage\":\"en-US\",\"potentialAction\":[{\"@type\":\"ReadAction\",\"target\":[\"https:\\\/\\\/www.uartes.edu.ec\\\/sitio\\\/en\\\/docs\\\/melanie-moreira\\\/\"]}]},{\"@type\":\"ImageObject\",\"inLanguage\":\"en-US\",\"@id\":\"https:\\\/\\\/www.uartes.edu.ec\\\/sitio\\\/en\\\/docs\\\/melanie-moreira\\\/#primaryimage\",\"url\":\"https:\\\/\\\/www.uartes.edu.ec\\\/sitio\\\/wp-content\\\/uploads\\\/2022\\\/10\\\/Melanie-Moreira-Docente-de-Literatura.jpg\",\"contentUrl\":\"https:\\\/\\\/www.uartes.edu.ec\\\/sitio\\\/wp-content\\\/uploads\\\/2022\\\/10\\\/Melanie-Moreira-Docente-de-Literatura.jpg\",\"width\":800,\"height\":800},{\"@type\":\"BreadcrumbList\",\"@id\":\"https:\\\/\\\/www.uartes.edu.ec\\\/sitio\\\/en\\\/docs\\\/melanie-moreira\\\/#breadcrumb\",\"itemListElement\":[{\"@type\":\"ListItem\",\"position\":1,\"name\":\"Inicio\",\"item\":\"https:\\\/\\\/www.uartes.edu.ec\\\/sitio\\\/\"},{\"@type\":\"ListItem\",\"position\":2,\"name\":\"Docs\",\"item\":\"https:\\\/\\\/www.uartes.edu.ec\\\/sitio\\\/docs\\\/\"},{\"@type\":\"ListItem\",\"position\":3,\"name\":\"Melanie Moreira Abad\"}]},{\"@type\":\"WebSite\",\"@id\":\"https:\\\/\\\/www.uartes.edu.ec\\\/sitio\\\/en\\\/#website\",\"url\":\"https:\\\/\\\/www.uartes.edu.ec\\\/sitio\\\/en\\\/\",\"name\":\"Universidad de las Artes\",\"description\":\"Sitio oficial de la Universidad Nacional de las Artes del Ecuador\",\"publisher\":{\"@id\":\"https:\\\/\\\/www.uartes.edu.ec\\\/sitio\\\/en\\\/#organization\"},\"potentialAction\":[{\"@type\":\"SearchAction\",\"target\":{\"@type\":\"EntryPoint\",\"urlTemplate\":\"https:\\\/\\\/www.uartes.edu.ec\\\/sitio\\\/en\\\/?s={search_term_string}\"},\"query-input\":{\"@type\":\"PropertyValueSpecification\",\"valueRequired\":true,\"valueName\":\"search_term_string\"}}],\"inLanguage\":\"en-US\"},{\"@type\":\"Organization\",\"@id\":\"https:\\\/\\\/www.uartes.edu.ec\\\/sitio\\\/en\\\/#organization\",\"name\":\"Universidad de las Artes\",\"url\":\"https:\\\/\\\/www.uartes.edu.ec\\\/sitio\\\/en\\\/\",\"logo\":{\"@type\":\"ImageObject\",\"inLanguage\":\"en-US\",\"@id\":\"https:\\\/\\\/www.uartes.edu.ec\\\/sitio\\\/en\\\/#\\\/schema\\\/logo\\\/image\\\/\",\"url\":\"https:\\\/\\\/www.uartes.edu.ec\\\/sitio\\\/wp-content\\\/uploads\\\/2022\\\/07\\\/logo-ua-horizontal.png\",\"contentUrl\":\"https:\\\/\\\/www.uartes.edu.ec\\\/sitio\\\/wp-content\\\/uploads\\\/2022\\\/07\\\/logo-ua-horizontal.png\",\"width\":800,\"height\":276,\"caption\":\"Universidad de las Artes\"},\"image\":{\"@id\":\"https:\\\/\\\/www.uartes.edu.ec\\\/sitio\\\/en\\\/#\\\/schema\\\/logo\\\/image\\\/\"},\"sameAs\":[\"https:\\\/\\\/www.facebook.com\\\/uartesec\",\"https:\\\/\\\/x.com\\\/uartesec\",\"https:\\\/\\\/www.tiktok.com\\\/@uartesec\"]}]}<\/script>\n<!-- \/ Yoast SEO plugin. -->","yoast_head_json":{"title":"Melanie Moreira Abad - Universidad de las Artes","robots":{"index":"index","follow":"follow","max-snippet":"max-snippet:-1","max-image-preview":"max-image-preview:large","max-video-preview":"max-video-preview:-1"},"canonical":"https:\/\/www.uartes.edu.ec\/sitio\/en\/docs\/melanie-moreira\/","og_locale":"en_US","og_type":"article","og_title":"Melanie Moreira Abad - Universidad de las Artes","og_description":"Docente de Literatura","og_url":"https:\/\/www.uartes.edu.ec\/sitio\/en\/docs\/melanie-moreira\/","og_site_name":"Universidad de las Artes","article_publisher":"https:\/\/www.facebook.com\/uartesec","article_modified_time":"2024-07-04T16:22:43+00:00","og_image":[{"width":800,"height":800,"url":"https:\/\/www.uartes.edu.ec\/sitio\/wp-content\/uploads\/2022\/10\/Melanie-Moreira-Docente-de-Literatura.jpg","type":"image\/jpeg"}],"twitter_card":"summary_large_image","twitter_site":"@uartesec","schema":{"@context":"https:\/\/schema.org","@graph":[{"@type":"WebPage","@id":"https:\/\/www.uartes.edu.ec\/sitio\/en\/docs\/melanie-moreira\/","url":"https:\/\/www.uartes.edu.ec\/sitio\/en\/docs\/melanie-moreira\/","name":"Melanie Moreira Abad - Universidad de las Artes","isPartOf":{"@id":"https:\/\/www.uartes.edu.ec\/sitio\/en\/#website"},"primaryImageOfPage":{"@id":"https:\/\/www.uartes.edu.ec\/sitio\/en\/docs\/melanie-moreira\/#primaryimage"},"image":{"@id":"https:\/\/www.uartes.edu.ec\/sitio\/en\/docs\/melanie-moreira\/#primaryimage"},"thumbnailUrl":"https:\/\/www.uartes.edu.ec\/sitio\/wp-content\/uploads\/2022\/10\/Melanie-Moreira-Docente-de-Literatura.jpg","datePublished":"2022-10-24T19:11:10+00:00","dateModified":"2024-07-04T16:22:43+00:00","breadcrumb":{"@id":"https:\/\/www.uartes.edu.ec\/sitio\/en\/docs\/melanie-moreira\/#breadcrumb"},"inLanguage":"en-US","potentialAction":[{"@type":"ReadAction","target":["https:\/\/www.uartes.edu.ec\/sitio\/en\/docs\/melanie-moreira\/"]}]},{"@type":"ImageObject","inLanguage":"en-US","@id":"https:\/\/www.uartes.edu.ec\/sitio\/en\/docs\/melanie-moreira\/#primaryimage","url":"https:\/\/www.uartes.edu.ec\/sitio\/wp-content\/uploads\/2022\/10\/Melanie-Moreira-Docente-de-Literatura.jpg","contentUrl":"https:\/\/www.uartes.edu.ec\/sitio\/wp-content\/uploads\/2022\/10\/Melanie-Moreira-Docente-de-Literatura.jpg","width":800,"height":800},{"@type":"BreadcrumbList","@id":"https:\/\/www.uartes.edu.ec\/sitio\/en\/docs\/melanie-moreira\/#breadcrumb","itemListElement":[{"@type":"ListItem","position":1,"name":"Inicio","item":"https:\/\/www.uartes.edu.ec\/sitio\/"},{"@type":"ListItem","position":2,"name":"Docs","item":"https:\/\/www.uartes.edu.ec\/sitio\/docs\/"},{"@type":"ListItem","position":3,"name":"Melanie Moreira Abad"}]},{"@type":"WebSite","@id":"https:\/\/www.uartes.edu.ec\/sitio\/en\/#website","url":"https:\/\/www.uartes.edu.ec\/sitio\/en\/","name":"Universidad de las Artes","description":"Sitio oficial de la Universidad Nacional de las Artes del Ecuador","publisher":{"@id":"https:\/\/www.uartes.edu.ec\/sitio\/en\/#organization"},"potentialAction":[{"@type":"SearchAction","target":{"@type":"EntryPoint","urlTemplate":"https:\/\/www.uartes.edu.ec\/sitio\/en\/?s={search_term_string}"},"query-input":{"@type":"PropertyValueSpecification","valueRequired":true,"valueName":"search_term_string"}}],"inLanguage":"en-US"},{"@type":"Organization","@id":"https:\/\/www.uartes.edu.ec\/sitio\/en\/#organization","name":"Universidad de las Artes","url":"https:\/\/www.uartes.edu.ec\/sitio\/en\/","logo":{"@type":"ImageObject","inLanguage":"en-US","@id":"https:\/\/www.uartes.edu.ec\/sitio\/en\/#\/schema\/logo\/image\/","url":"https:\/\/www.uartes.edu.ec\/sitio\/wp-content\/uploads\/2022\/07\/logo-ua-horizontal.png","contentUrl":"https:\/\/www.uartes.edu.ec\/sitio\/wp-content\/uploads\/2022\/07\/logo-ua-horizontal.png","width":800,"height":276,"caption":"Universidad de las Artes"},"image":{"@id":"https:\/\/www.uartes.edu.ec\/sitio\/en\/#\/schema\/logo\/image\/"},"sameAs":["https:\/\/www.facebook.com\/uartesec","https:\/\/x.com\/uartesec","https:\/\/www.tiktok.com\/@uartesec"]}]}},"uagb_featured_image_src":{"full":["https:\/\/www.uartes.edu.ec\/sitio\/wp-content\/uploads\/2022\/10\/Melanie-Moreira-Docente-de-Literatura.jpg",800,800,false],"thumbnail":["https:\/\/www.uartes.edu.ec\/sitio\/wp-content\/uploads\/2022\/10\/Melanie-Moreira-Docente-de-Literatura-150x150.jpg",150,150,true],"medium":["https:\/\/www.uartes.edu.ec\/sitio\/wp-content\/uploads\/2022\/10\/Melanie-Moreira-Docente-de-Literatura-300x300.jpg",300,300,true],"medium_large":["https:\/\/www.uartes.edu.ec\/sitio\/wp-content\/uploads\/2022\/10\/Melanie-Moreira-Docente-de-Literatura-768x768.jpg",768,768,true],"large":["https:\/\/www.uartes.edu.ec\/sitio\/wp-content\/uploads\/2022\/10\/Melanie-Moreira-Docente-de-Literatura-644x644.jpg",644,644,true],"1536x1536":["https:\/\/www.uartes.edu.ec\/sitio\/wp-content\/uploads\/2022\/10\/Melanie-Moreira-Docente-de-Literatura.jpg",800,800,false],"2048x2048":["https:\/\/www.uartes.edu.ec\/sitio\/wp-content\/uploads\/2022\/10\/Melanie-Moreira-Docente-de-Literatura.jpg",800,800,false],"trp-custom-language-flag":["https:\/\/www.uartes.edu.ec\/sitio\/wp-content\/uploads\/2022\/10\/Melanie-Moreira-Docente-de-Literatura.jpg",12,12,false],"htmega_size_585x295":["https:\/\/www.uartes.edu.ec\/sitio\/wp-content\/uploads\/2022\/10\/Melanie-Moreira-Docente-de-Literatura.jpg",295,295,false],"htmega_size_1170x536":["https:\/\/www.uartes.edu.ec\/sitio\/wp-content\/uploads\/2022\/10\/Melanie-Moreira-Docente-de-Literatura.jpg",536,536,false],"htmega_size_396x360":["https:\/\/www.uartes.edu.ec\/sitio\/wp-content\/uploads\/2022\/10\/Melanie-Moreira-Docente-de-Literatura.jpg",360,360,false],"gb-block-post-grid-landscape":["https:\/\/www.uartes.edu.ec\/sitio\/wp-content\/uploads\/2022\/10\/Melanie-Moreira-Docente-de-Literatura.jpg",400,400,false],"gb-block-post-grid-square":["https:\/\/www.uartes.edu.ec\/sitio\/wp-content\/uploads\/2022\/10\/Melanie-Moreira-Docente-de-Literatura.jpg",600,600,false],"university-hub-thumb":["https:\/\/www.uartes.edu.ec\/sitio\/wp-content\/uploads\/2022\/10\/Melanie-Moreira-Docente-de-Literatura-300x300.jpg",300,300,true]},"uagb_author_info":{"display_name":"Universidad de las Artes","author_link":"https:\/\/www.uartes.edu.ec\/sitio\/en\/blog\/author\/dircomadm\/"},"uagb_comment_info":0,"uagb_excerpt":"Docente de Literatura","publishpress_future_workflow_manual_trigger":{"enabledWorkflows":[]},"distributor_meta":false,"distributor_terms":false,"distributor_media":false,"distributor_original_site_name":"Universidad de las Artes","distributor_original_site_url":"https:\/\/www.uartes.edu.ec\/sitio\/en","push-errors":false,"_links":{"self":[{"href":"https:\/\/www.uartes.edu.ec\/sitio\/en\/wp-json\/wp\/v2\/docs\/29974","targetHints":{"allow":["GET"]}}],"collection":[{"href":"https:\/\/www.uartes.edu.ec\/sitio\/en\/wp-json\/wp\/v2\/docs"}],"about":[{"href":"https:\/\/www.uartes.edu.ec\/sitio\/en\/wp-json\/wp\/v2\/types\/docs"}],"author":[{"embeddable":true,"href":"https:\/\/www.uartes.edu.ec\/sitio\/en\/wp-json\/wp\/v2\/users\/1"}],"replies":[{"embeddable":true,"href":"https:\/\/www.uartes.edu.ec\/sitio\/en\/wp-json\/wp\/v2\/comments?post=29974"}],"version-history":[{"count":4,"href":"https:\/\/www.uartes.edu.ec\/sitio\/en\/wp-json\/wp\/v2\/docs\/29974\/revisions"}],"predecessor-version":[{"id":30869,"href":"https:\/\/www.uartes.edu.ec\/sitio\/en\/wp-json\/wp\/v2\/docs\/29974\/revisions\/30869"}],"wp:featuredmedia":[{"embeddable":true,"href":"https:\/\/www.uartes.edu.ec\/sitio\/en\/wp-json\/wp\/v2\/media\/29961"}],"wp:attachment":[{"href":"https:\/\/www.uartes.edu.ec\/sitio\/en\/wp-json\/wp\/v2\/media?parent=29974"}],"wp:term":[{"taxonomy":"doc_category","embeddable":true,"href":"https:\/\/www.uartes.edu.ec\/sitio\/en\/wp-json\/wp\/v2\/doc_category?post=29974"},{"taxonomy":"doc_tag","embeddable":true,"href":"https:\/\/www.uartes.edu.ec\/sitio\/en\/wp-json\/wp\/v2\/doc_tag?post=29974"}],"curies":[{"name":"wp","href":"https:\/\/api.w.org\/{rel}","templated":true}]}}