{"id":53646,"date":"2024-05-07T11:15:04","date_gmt":"2024-05-07T16:15:04","guid":{"rendered":"https:\/\/www.uartes.edu.ec\/sitio\/?post_type=docs&#038;p=53646"},"modified":"2026-02-09T08:49:45","modified_gmt":"2026-02-09T13:49:45","password":"","slug":"paulina-leon","status":"publish","type":"docs","link":"https:\/\/www.uartes.edu.ec\/sitio\/en\/docs\/paulina-leon\/","title":{"rendered":"Paulina Le\u00f3n"},"content":{"rendered":"<p>Artista, investigadora, y curadora, con enfoque en las teor\u00edas de la diversidad funcional, teor\u00edas queer y pensamiento especulativo. Doctora del programa de Investigaci\u00f3n en Humanidades, Arte y Educaci\u00f3n, Universidad Castilla la Mancha (Espa\u00f1a), con la tesis \u201cSiamesa, un nosotras monstruoso\u201d, destacada con menci\u00f3n Cum Laude. Obtuvo su Master en Artes Libres en la Escuela Superior de Artes de Berl\u00edn (KHB). Ha sido acreedora de varios reconocimientos como Premio Paris (Quito, 2000), Premio DAAD (Berl\u00edn, 2004), beca NaF\u00f6G (Berl\u00edn, 2007), premio Tentaciones (Madrid, 2007), beca DAAD (Barcelona, 2008), residencia Casa de Vel\u00e1zquez (Madrid, 2009), beca del Consejo Nacional de Cine de Ecuador (Quito, 2012), Premio Mariano Aguilera (Quito, 2012), Menci\u00f3n de Honor al Premio \u00abManuela S\u00e1enz\u00bb (Quito, 2017), Premio Proyecto Art\u00edstico \u201cMujeres: 100 a\u00f1os de irrupci\u00f3n universitaria\u201d, Universidad Central del Ecuador (Quito, 2021). Ha coordinado las seis ediciones del Encuentro Iberoamericano de Arte, Trabajo y Econom\u00eda \/ FLACSO; la elaboraci\u00f3n del Manual de Buenas Pr\u00e1cticas para las Artes Visuales en el Ecuador; el espacio de formaci\u00f3n Escuela Abierta de Arte Actual FLACSO; el espacio para la experimentaci\u00f3n art\u00edstica Project Room de Arte Actual FLACSO; la red iberoamericana para el intercambio y la profesionalizaci\u00f3n Lablatino; la plataforma El Coro del Silencio para la investigaci\u00f3n, producci\u00f3n y difusi\u00f3n cultural en lengua de se\u00f1as; y diversos programas pedag\u00f3gicos con \u00e9nfasis en la investigaci\u00f3n art\u00edstica. Durante el 2015 se desempe\u00f1\u00f3 como coordinadora del Centro de Arte Contempor\u00e1neo de Quito (CAC). Desde el 2016 dirige Sat\u00e9lite Residencia en Movimeinto, que se lleva a cabo en Ecuador y brinda a los creadores participantes la posibilidad de habitar en dos distintos espacios y contextos, un urbano y el otro rural. Del 2017 al 2020 fue docente de la Facultad de Artes de la Universidad Central del Ecuador, donde tuvo a cargo el Laboratorio de Investigaci\u00f3n Art\u00edstica (LIA) entre otras c\u00e1tedras.<\/p>\n\n\n\n<p>Desde el 2019 es coordinadora del espacio Arte Actual FLACSO, dedicado a la producci\u00f3n, refliexi\u00f3n y difusi\u00f3n de las pr\u00e1cticas art\u00edsticas contempor\u00e1neas. Ha publicado \u201cCuerpo siam\u00e9s\u201d (Editorial Turbina, 2017) que recibi\u00f3 la Menci\u00f3n de Honor al Premio \u00abManuela S\u00e1enz\u00bb de investigaci\u00f3n cient\u00edfica en temas de g\u00e9nero otorgado por el Municipio de Quito; \u201cDom\u00e9stika: arte, trabajo feminismos\u201d (FLACSO, 2018), \u201cCuidarnos: cara a cara, cuerpo a cuerpo\u201d (FLACSO, 2021), \u201cIr tomando cuerpx\u201d (FLACSO, 2021). Entre sus \u00faltimas curadur\u00edas constan: \u201cCuerpos que (se) miran, nuevas representaciones de la discapacidad\u201d (Arte Actual FLACSO, 2017, Museo de la Ciudad de Cuenca, 2018 y MAAC, 2019); \u201cSolo a trav\u00e9s del otro puedo saber qui\u00e9n soy\u201d (Museo de la Ciudad de Quito, 2018); \u201cVolver a sentirnos\u201d (LASA, Vancouver, 2021), \u201cUn jard\u00edn nuestro\u201d (Museo de los Metales, Cuenca 2021 y Museo del Cacao, Guayaquil, 2022). Ha participado en exposiciones, festivales, simposios y encuentros en Am\u00e9rica, Europa y Asia. Ha sido jurado de varios cert\u00e1menes art\u00edsticos a nivel nacional e internacional.<\/p>","protected":false},"excerpt":{"rendered":"<p>Artista y gestora &#8211; ECU<\/p>","protected":false},"author":1,"featured_media":53649,"comment_status":"open","ping_status":"closed","template":"","meta":{"_acf_changed":false,"_uag_custom_page_level_css":"","_monsterinsights_skip_tracking":false,"_monsterinsights_sitenote_active":false,"_monsterinsights_sitenote_note":"","_monsterinsights_sitenote_category":0,"cybocfi_hide_featured_image":"","footnotes":""},"doc_category":[618],"doc_tag":[],"class_list":["post-53646","docs","type-docs","status-publish","has-post-thumbnail","hentry","doc_category-maesrtia-artes-visuales"],"year_month":"2026-05","word_count":491,"total_views":0,"reactions":{"happy":0,"normal":0,"sad":0},"author_info":{"name":"Universidad de las Artes","author_nicename":"dircomadm","author_url":"https:\/\/www.uartes.edu.ec\/sitio\/en\/blog\/author\/dircomadm\/"},"doc_category_info":[{"term_name":"Maesrt\u00eda Artes Visuales","term_url":"https:\/\/www.uartes.edu.ec\/sitio\/en\/docs-category\/maesrtia-artes-visuales\/"}],"doc_tag_info":[],"acf":[],"yoast_head":"<!-- This site is optimized with the Yoast SEO plugin v27.4 - https:\/\/yoast.com\/product\/yoast-seo-wordpress\/ -->\n<title>Paulina Le\u00f3n - Universidad de las Artes<\/title>\n<meta name=\"robots\" content=\"index, follow, max-snippet:-1, max-image-preview:large, max-video-preview:-1\" \/>\n<link rel=\"canonical\" href=\"https:\/\/www.uartes.edu.ec\/sitio\/en\/docs\/paulina-leon\/\" \/>\n<meta property=\"og:locale\" content=\"en_US\" \/>\n<meta property=\"og:type\" content=\"article\" \/>\n<meta property=\"og:title\" content=\"Paulina Le\u00f3n - Universidad de las Artes\" \/>\n<meta property=\"og:description\" content=\"Artista y gestora - ECU\" \/>\n<meta property=\"og:url\" content=\"https:\/\/www.uartes.edu.ec\/sitio\/en\/docs\/paulina-leon\/\" \/>\n<meta property=\"og:site_name\" content=\"Universidad de las Artes\" \/>\n<meta property=\"article:publisher\" content=\"https:\/\/www.facebook.com\/uartesec\" \/>\n<meta property=\"article:modified_time\" content=\"2026-02-09T13:49:45+00:00\" \/>\n<meta property=\"og:image\" content=\"https:\/\/www.uartes.edu.ec\/sitio\/wp-content\/uploads\/2024\/05\/Paulina-Leon-Crespo.jpg\" \/>\n\t<meta property=\"og:image:width\" content=\"800\" \/>\n\t<meta property=\"og:image:height\" content=\"800\" \/>\n\t<meta property=\"og:image:type\" content=\"image\/jpeg\" \/>\n<meta name=\"twitter:card\" content=\"summary_large_image\" \/>\n<meta name=\"twitter:site\" content=\"@uartesec\" \/>\n<meta name=\"twitter:label1\" content=\"Est. reading time\" \/>\n\t<meta name=\"twitter:data1\" content=\"3 minutes\" \/>\n<script type=\"application\/ld+json\" class=\"yoast-schema-graph\">{\"@context\":\"https:\\\/\\\/schema.org\",\"@graph\":[{\"@type\":\"WebPage\",\"@id\":\"https:\\\/\\\/www.uartes.edu.ec\\\/sitio\\\/en\\\/docs\\\/paulina-leon\\\/\",\"url\":\"https:\\\/\\\/www.uartes.edu.ec\\\/sitio\\\/en\\\/docs\\\/paulina-leon\\\/\",\"name\":\"Paulina Le\u00f3n - Universidad de las Artes\",\"isPartOf\":{\"@id\":\"https:\\\/\\\/www.uartes.edu.ec\\\/sitio\\\/en\\\/#website\"},\"primaryImageOfPage\":{\"@id\":\"https:\\\/\\\/www.uartes.edu.ec\\\/sitio\\\/en\\\/docs\\\/paulina-leon\\\/#primaryimage\"},\"image\":{\"@id\":\"https:\\\/\\\/www.uartes.edu.ec\\\/sitio\\\/en\\\/docs\\\/paulina-leon\\\/#primaryimage\"},\"thumbnailUrl\":\"https:\\\/\\\/www.uartes.edu.ec\\\/sitio\\\/wp-content\\\/uploads\\\/2024\\\/05\\\/Paulina-Leon-Crespo.jpg\",\"datePublished\":\"2024-05-07T16:15:04+00:00\",\"dateModified\":\"2026-02-09T13:49:45+00:00\",\"breadcrumb\":{\"@id\":\"https:\\\/\\\/www.uartes.edu.ec\\\/sitio\\\/en\\\/docs\\\/paulina-leon\\\/#breadcrumb\"},\"inLanguage\":\"en-US\",\"potentialAction\":[{\"@type\":\"ReadAction\",\"target\":[\"https:\\\/\\\/www.uartes.edu.ec\\\/sitio\\\/en\\\/docs\\\/paulina-leon\\\/\"]}]},{\"@type\":\"ImageObject\",\"inLanguage\":\"en-US\",\"@id\":\"https:\\\/\\\/www.uartes.edu.ec\\\/sitio\\\/en\\\/docs\\\/paulina-leon\\\/#primaryimage\",\"url\":\"https:\\\/\\\/www.uartes.edu.ec\\\/sitio\\\/wp-content\\\/uploads\\\/2024\\\/05\\\/Paulina-Leon-Crespo.jpg\",\"contentUrl\":\"https:\\\/\\\/www.uartes.edu.ec\\\/sitio\\\/wp-content\\\/uploads\\\/2024\\\/05\\\/Paulina-Leon-Crespo.jpg\",\"width\":800,\"height\":800},{\"@type\":\"BreadcrumbList\",\"@id\":\"https:\\\/\\\/www.uartes.edu.ec\\\/sitio\\\/en\\\/docs\\\/paulina-leon\\\/#breadcrumb\",\"itemListElement\":[{\"@type\":\"ListItem\",\"position\":1,\"name\":\"Inicio\",\"item\":\"https:\\\/\\\/www.uartes.edu.ec\\\/sitio\\\/\"},{\"@type\":\"ListItem\",\"position\":2,\"name\":\"Docs\",\"item\":\"https:\\\/\\\/www.uartes.edu.ec\\\/sitio\\\/docs\\\/\"},{\"@type\":\"ListItem\",\"position\":3,\"name\":\"Paulina Le\u00f3n\"}]},{\"@type\":\"WebSite\",\"@id\":\"https:\\\/\\\/www.uartes.edu.ec\\\/sitio\\\/en\\\/#website\",\"url\":\"https:\\\/\\\/www.uartes.edu.ec\\\/sitio\\\/en\\\/\",\"name\":\"Universidad de las Artes\",\"description\":\"Sitio oficial de la Universidad Nacional de las Artes del Ecuador\",\"publisher\":{\"@id\":\"https:\\\/\\\/www.uartes.edu.ec\\\/sitio\\\/en\\\/#organization\"},\"potentialAction\":[{\"@type\":\"SearchAction\",\"target\":{\"@type\":\"EntryPoint\",\"urlTemplate\":\"https:\\\/\\\/www.uartes.edu.ec\\\/sitio\\\/en\\\/?s={search_term_string}\"},\"query-input\":{\"@type\":\"PropertyValueSpecification\",\"valueRequired\":true,\"valueName\":\"search_term_string\"}}],\"inLanguage\":\"en-US\"},{\"@type\":\"Organization\",\"@id\":\"https:\\\/\\\/www.uartes.edu.ec\\\/sitio\\\/en\\\/#organization\",\"name\":\"Universidad de las Artes\",\"url\":\"https:\\\/\\\/www.uartes.edu.ec\\\/sitio\\\/en\\\/\",\"logo\":{\"@type\":\"ImageObject\",\"inLanguage\":\"en-US\",\"@id\":\"https:\\\/\\\/www.uartes.edu.ec\\\/sitio\\\/en\\\/#\\\/schema\\\/logo\\\/image\\\/\",\"url\":\"https:\\\/\\\/www.uartes.edu.ec\\\/sitio\\\/wp-content\\\/uploads\\\/2022\\\/07\\\/logo-ua-horizontal.png\",\"contentUrl\":\"https:\\\/\\\/www.uartes.edu.ec\\\/sitio\\\/wp-content\\\/uploads\\\/2022\\\/07\\\/logo-ua-horizontal.png\",\"width\":800,\"height\":276,\"caption\":\"Universidad de las Artes\"},\"image\":{\"@id\":\"https:\\\/\\\/www.uartes.edu.ec\\\/sitio\\\/en\\\/#\\\/schema\\\/logo\\\/image\\\/\"},\"sameAs\":[\"https:\\\/\\\/www.facebook.com\\\/uartesec\",\"https:\\\/\\\/x.com\\\/uartesec\",\"https:\\\/\\\/www.tiktok.com\\\/@uartesec\"]}]}<\/script>\n<!-- \/ Yoast SEO plugin. -->","yoast_head_json":{"title":"Paulina Le\u00f3n - Universidad de las Artes","robots":{"index":"index","follow":"follow","max-snippet":"max-snippet:-1","max-image-preview":"max-image-preview:large","max-video-preview":"max-video-preview:-1"},"canonical":"https:\/\/www.uartes.edu.ec\/sitio\/en\/docs\/paulina-leon\/","og_locale":"en_US","og_type":"article","og_title":"Paulina Le\u00f3n - Universidad de las Artes","og_description":"Artista y gestora - ECU","og_url":"https:\/\/www.uartes.edu.ec\/sitio\/en\/docs\/paulina-leon\/","og_site_name":"Universidad de las Artes","article_publisher":"https:\/\/www.facebook.com\/uartesec","article_modified_time":"2026-02-09T13:49:45+00:00","og_image":[{"width":800,"height":800,"url":"https:\/\/www.uartes.edu.ec\/sitio\/wp-content\/uploads\/2024\/05\/Paulina-Leon-Crespo.jpg","type":"image\/jpeg"}],"twitter_card":"summary_large_image","twitter_site":"@uartesec","twitter_misc":{"Est. reading time":"3 minutes"},"schema":{"@context":"https:\/\/schema.org","@graph":[{"@type":"WebPage","@id":"https:\/\/www.uartes.edu.ec\/sitio\/en\/docs\/paulina-leon\/","url":"https:\/\/www.uartes.edu.ec\/sitio\/en\/docs\/paulina-leon\/","name":"Paulina Le\u00f3n - Universidad de las Artes","isPartOf":{"@id":"https:\/\/www.uartes.edu.ec\/sitio\/en\/#website"},"primaryImageOfPage":{"@id":"https:\/\/www.uartes.edu.ec\/sitio\/en\/docs\/paulina-leon\/#primaryimage"},"image":{"@id":"https:\/\/www.uartes.edu.ec\/sitio\/en\/docs\/paulina-leon\/#primaryimage"},"thumbnailUrl":"https:\/\/www.uartes.edu.ec\/sitio\/wp-content\/uploads\/2024\/05\/Paulina-Leon-Crespo.jpg","datePublished":"2024-05-07T16:15:04+00:00","dateModified":"2026-02-09T13:49:45+00:00","breadcrumb":{"@id":"https:\/\/www.uartes.edu.ec\/sitio\/en\/docs\/paulina-leon\/#breadcrumb"},"inLanguage":"en-US","potentialAction":[{"@type":"ReadAction","target":["https:\/\/www.uartes.edu.ec\/sitio\/en\/docs\/paulina-leon\/"]}]},{"@type":"ImageObject","inLanguage":"en-US","@id":"https:\/\/www.uartes.edu.ec\/sitio\/en\/docs\/paulina-leon\/#primaryimage","url":"https:\/\/www.uartes.edu.ec\/sitio\/wp-content\/uploads\/2024\/05\/Paulina-Leon-Crespo.jpg","contentUrl":"https:\/\/www.uartes.edu.ec\/sitio\/wp-content\/uploads\/2024\/05\/Paulina-Leon-Crespo.jpg","width":800,"height":800},{"@type":"BreadcrumbList","@id":"https:\/\/www.uartes.edu.ec\/sitio\/en\/docs\/paulina-leon\/#breadcrumb","itemListElement":[{"@type":"ListItem","position":1,"name":"Inicio","item":"https:\/\/www.uartes.edu.ec\/sitio\/"},{"@type":"ListItem","position":2,"name":"Docs","item":"https:\/\/www.uartes.edu.ec\/sitio\/docs\/"},{"@type":"ListItem","position":3,"name":"Paulina Le\u00f3n"}]},{"@type":"WebSite","@id":"https:\/\/www.uartes.edu.ec\/sitio\/en\/#website","url":"https:\/\/www.uartes.edu.ec\/sitio\/en\/","name":"Universidad de las Artes","description":"Sitio oficial de la Universidad Nacional de las Artes del Ecuador","publisher":{"@id":"https:\/\/www.uartes.edu.ec\/sitio\/en\/#organization"},"potentialAction":[{"@type":"SearchAction","target":{"@type":"EntryPoint","urlTemplate":"https:\/\/www.uartes.edu.ec\/sitio\/en\/?s={search_term_string}"},"query-input":{"@type":"PropertyValueSpecification","valueRequired":true,"valueName":"search_term_string"}}],"inLanguage":"en-US"},{"@type":"Organization","@id":"https:\/\/www.uartes.edu.ec\/sitio\/en\/#organization","name":"Universidad de las Artes","url":"https:\/\/www.uartes.edu.ec\/sitio\/en\/","logo":{"@type":"ImageObject","inLanguage":"en-US","@id":"https:\/\/www.uartes.edu.ec\/sitio\/en\/#\/schema\/logo\/image\/","url":"https:\/\/www.uartes.edu.ec\/sitio\/wp-content\/uploads\/2022\/07\/logo-ua-horizontal.png","contentUrl":"https:\/\/www.uartes.edu.ec\/sitio\/wp-content\/uploads\/2022\/07\/logo-ua-horizontal.png","width":800,"height":276,"caption":"Universidad de las Artes"},"image":{"@id":"https:\/\/www.uartes.edu.ec\/sitio\/en\/#\/schema\/logo\/image\/"},"sameAs":["https:\/\/www.facebook.com\/uartesec","https:\/\/x.com\/uartesec","https:\/\/www.tiktok.com\/@uartesec"]}]}},"uagb_featured_image_src":{"full":["https:\/\/www.uartes.edu.ec\/sitio\/wp-content\/uploads\/2024\/05\/Paulina-Leon-Crespo.jpg",800,800,false],"thumbnail":["https:\/\/www.uartes.edu.ec\/sitio\/wp-content\/uploads\/2024\/05\/Paulina-Leon-Crespo-150x150.jpg",150,150,true],"medium":["https:\/\/www.uartes.edu.ec\/sitio\/wp-content\/uploads\/2024\/05\/Paulina-Leon-Crespo-300x300.jpg",300,300,true],"medium_large":["https:\/\/www.uartes.edu.ec\/sitio\/wp-content\/uploads\/2024\/05\/Paulina-Leon-Crespo-768x768.jpg",768,768,true],"large":["https:\/\/www.uartes.edu.ec\/sitio\/wp-content\/uploads\/2024\/05\/Paulina-Leon-Crespo-644x644.jpg",644,644,true],"1536x1536":["https:\/\/www.uartes.edu.ec\/sitio\/wp-content\/uploads\/2024\/05\/Paulina-Leon-Crespo.jpg",800,800,false],"2048x2048":["https:\/\/www.uartes.edu.ec\/sitio\/wp-content\/uploads\/2024\/05\/Paulina-Leon-Crespo.jpg",800,800,false],"trp-custom-language-flag":["https:\/\/www.uartes.edu.ec\/sitio\/wp-content\/uploads\/2024\/05\/Paulina-Leon-Crespo-12x12.jpg",12,12,true],"htmega_size_585x295":["https:\/\/www.uartes.edu.ec\/sitio\/wp-content\/uploads\/2024\/05\/Paulina-Leon-Crespo-585x295.jpg",585,295,true],"htmega_size_1170x536":["https:\/\/www.uartes.edu.ec\/sitio\/wp-content\/uploads\/2024\/05\/Paulina-Leon-Crespo-800x536.jpg",800,536,true],"htmega_size_396x360":["https:\/\/www.uartes.edu.ec\/sitio\/wp-content\/uploads\/2024\/05\/Paulina-Leon-Crespo-396x360.jpg",396,360,true],"gb-block-post-grid-landscape":["https:\/\/www.uartes.edu.ec\/sitio\/wp-content\/uploads\/2024\/05\/Paulina-Leon-Crespo-600x400.jpg",600,400,true],"gb-block-post-grid-square":["https:\/\/www.uartes.edu.ec\/sitio\/wp-content\/uploads\/2024\/05\/Paulina-Leon-Crespo-600x600.jpg",600,600,true],"university-hub-thumb":["https:\/\/www.uartes.edu.ec\/sitio\/wp-content\/uploads\/2024\/05\/Paulina-Leon-Crespo-300x300.jpg",300,300,true]},"uagb_author_info":{"display_name":"Universidad de las Artes","author_link":"https:\/\/www.uartes.edu.ec\/sitio\/en\/blog\/author\/dircomadm\/"},"uagb_comment_info":0,"uagb_excerpt":"Artista y gestora - ECU","publishpress_future_workflow_manual_trigger":{"enabledWorkflows":[]},"distributor_meta":false,"distributor_terms":false,"distributor_media":false,"distributor_original_site_name":"Universidad de las Artes","distributor_original_site_url":"https:\/\/www.uartes.edu.ec\/sitio\/en","push-errors":false,"_links":{"self":[{"href":"https:\/\/www.uartes.edu.ec\/sitio\/en\/wp-json\/wp\/v2\/docs\/53646","targetHints":{"allow":["GET"]}}],"collection":[{"href":"https:\/\/www.uartes.edu.ec\/sitio\/en\/wp-json\/wp\/v2\/docs"}],"about":[{"href":"https:\/\/www.uartes.edu.ec\/sitio\/en\/wp-json\/wp\/v2\/types\/docs"}],"author":[{"embeddable":true,"href":"https:\/\/www.uartes.edu.ec\/sitio\/en\/wp-json\/wp\/v2\/users\/1"}],"replies":[{"embeddable":true,"href":"https:\/\/www.uartes.edu.ec\/sitio\/en\/wp-json\/wp\/v2\/comments?post=53646"}],"version-history":[{"count":2,"href":"https:\/\/www.uartes.edu.ec\/sitio\/en\/wp-json\/wp\/v2\/docs\/53646\/revisions"}],"predecessor-version":[{"id":86331,"href":"https:\/\/www.uartes.edu.ec\/sitio\/en\/wp-json\/wp\/v2\/docs\/53646\/revisions\/86331"}],"wp:featuredmedia":[{"embeddable":true,"href":"https:\/\/www.uartes.edu.ec\/sitio\/en\/wp-json\/wp\/v2\/media\/53649"}],"wp:attachment":[{"href":"https:\/\/www.uartes.edu.ec\/sitio\/en\/wp-json\/wp\/v2\/media?parent=53646"}],"wp:term":[{"taxonomy":"doc_category","embeddable":true,"href":"https:\/\/www.uartes.edu.ec\/sitio\/en\/wp-json\/wp\/v2\/doc_category?post=53646"},{"taxonomy":"doc_tag","embeddable":true,"href":"https:\/\/www.uartes.edu.ec\/sitio\/en\/wp-json\/wp\/v2\/doc_tag?post=53646"}],"curies":[{"name":"wp","href":"https:\/\/api.w.org\/{rel}","templated":true}]}}