{"id":3037,"date":"2019-03-15T14:19:00","date_gmt":"2019-03-15T19:19:20","guid":{"rendered":"http:\/\/www.uartes.edu.ec\/sitio\/la-universidad\/academico\/pregrado\/validacion-de-trayectorias-artisticas\/"},"modified":"2026-04-07T15:34:31","modified_gmt":"2026-04-07T20:34:31","slug":"validacion-de-trayectorias-artisticas","status":"publish","type":"page","link":"https:\/\/www.uartes.edu.ec\/sitio\/en\/validacion-de-trayectorias\/","title":{"rendered":"Professional Trajectories Validation in the Field of the Arts"},"content":{"rendered":"<style> .disclaimer {padding: 1em;}<\/style>\n\n\n\n<div class=\"wp-block-columns is-layout-flex wp-container-core-columns-is-layout-9d6595d7 wp-block-columns-is-layout-flex\">\n<div class=\"wp-block-column disclaimer has-background is-layout-flow wp-block-column-is-layout-flow\" style=\"background-color:#f5f6f2\">\n<h3 class=\"wp-block-heading\"><strong>AVISO IMPORTANTE<\/strong><\/h3>\n\n\n\n<p>El proceso de Validaci\u00f3n de Trayectorias Profesionales Art\u00edsticas o Culturales <strong>no se encuentra activo actualmente<\/strong>. El \u00faltimo proceso se realiz\u00f3 en el per\u00edodo 2021-2022 y por el momento no existe una nueva convocatoria programada.<\/p>\n\n\n\n<p>La Universidad de las Artes informar\u00e1 oportunamente a trav\u00e9s de sus canales oficiales si este proceso se retoma en el futuro.<\/p>\n<\/div>\n<\/div>\n\n\n\n<p><strong><strong>The University of the Arts begins the process of validation of career trajectories.<\/strong><\/strong>.<\/p>\n\n\n\n<p>On December 20, 2021, the University of the Arts begins its process of Validation of artistic or cultural career paths 2021-2022 for third degree level in the framework of the specific agreement signed with the Ministry of Culture and Heritage (MCyP). This process has its legal basis in the Regulation for the validation of artistic or cultural career paths, issued by the Higher Education Council on June 3, 2020.<\/p>\n\n\n\n<p>The programs to be fully or partially validated are:<\/p>\n\n\n\n<ul class=\"wp-block-list\">\n<li>Visual Arts<\/li>\n\n\n\n<li>Literature<\/li>\n\n\n\n<li>Cinema<\/li>\n\n\n\n<li>Theater Creation<\/li>\n\n\n\n<li>Musical Production&nbsp;<\/li>\n\n\n\n<li>Musical and Sound Arts<\/li>\n<\/ul>\n\n\n\n<p>For the validation of professional artistic or cultural careers, the following criteria will be taken into account:<\/p>\n\n\n\n<ol class=\"wp-block-list\">\n<li>Time basis: It is essential to demonstrate at least 10 years of professional artistic activity.<\/li>\n\n\n\n<li>Experience in knowledge transmission: It is indispensable to have at least 40% of the years of base time in which the artist has been a generator of teaching\/learning processes.<\/li>\n\n\n\n<li>Works and artistic production<\/li>\n\n\n\n<li>Research<\/li>\n\n\n\n<li>Recognitions and distinctions<\/li>\n\n\n\n<li>Training and improvement<\/li>\n\n\n\n<li>Contribution<\/li>\n<\/ol>\n\n\n\n<p>To facilitate the submission of information, the Universidad de las Artes has created a computer platform through which applicants can upload evidence according to each criterion. In other words, applications will only be submitted virtually. The artists will be supported and accompanied by UArtes staff during this stage. On the other hand, using its autonomous responsibility, the Universidad de las Artes may limit the number of applications received, depending on its institutional capacity.<\/p>\n\n\n\n<p>The process of validation of artistic or cultural career paths is not contemplated within the items of free higher education, so a total value of $1050 has been established, which will serve to cover the technical and operational demands of the process.<\/p>\n\n\n\n<p>If you have any doubts, please contact us at&nbsp;<a href=\"mailto:validacion.trayectoria@uartes.edu.ec\">validacion.trayectoria@uartes.edu.ec<\/a>. To view the material, we suggest using Google Chrome and wait for the videos to load completely before playing them.<\/p>\n\n\n\n<div class=\"wp-block-getwid-advanced-spacer\" style=\"height:60px\" aria-hidden=\"true\"><\/div>\n\n\n<div class='w3eden wpdm_packages_shortcode'>\n    <div class=''>\n\n        \n        <div id=\"content_wpdm_package_1\">\n            <div class='row'><div class='col-lg-12 col-md-6 col-12'>\n<div class=\"card card-default\">\n    <div class=\"card-body\">\n \n    <div class=\"media\">\n        <div class=\"pull-left\"><img decoding=\"async\" class=\"wpdm_icon\" alt=\"Icon\" src=\"https:\/\/www.uartes.edu.ec\/sitio\/wp-content\/plugins\/download-manager\/assets\/file-type-icons\/pdf.svg\" \/><\/div>\n        <div class=\"media-body\"><a href=\"https:\/\/www.uartes.edu.ec\/sitio\/en\/download\/ua-ocs-rse-2021-0047\/?wpdmdl=17867&refresh=69f734b9c08401777808569\"><strong class=\"ptitle\">UA-OCS-RSE-2021-0047 - Reglamento Interno de Validaci\u00f3n de Trayectorias Profesionales Art\u00edsticas o Culturales<\/strong><\/a>\n            <p><!-- wp:paragraph --><\/p>\n<p>Resuelve: \u201cArt\u00edculo Primero.- Aprobar el Reglamento Interno de Validaci\u00f3n de Trayectorias Profesionales Art\u00edsticas o Culturales en las carreras de tercer nivel de grado de la Universidad de las Artes (\u2026.); Art\u00edculo Segundo.- Aprobar el cronograma de desarrollo del proceso Validaci\u00f3n de Trayectorias Profesionales Art\u00edsticas o Culturales en las carreras de tercer nivel de grado de la Universidad de las Artes, per\u00edodo 2021-2022. El cronograma se encuentra como anexo de esta resoluci\u00f3n. (\u2026)\u201d F) Patricia Ayala Happe, Secretaria Adhoc. William Herrera R\u00edos Rector y Presidente del \u00d3rgano Colegiado Superior.   <br \/><strong>17 de diciembre  de 2021.<\/strong><\/p>\n<p><!-- \/wp:paragraph --><\/p>\n\n            <div><strong><a class='wpdm-download-link download-on-click btn btn-primary btn-sm'  rel='nofollow' href='#' data-downloadurl=\"https:\/\/www.uartes.edu.ec\/sitio\/en\/download\/ua-ocs-rse-2021-0047\/?wpdmdl=17867&refresh=69f734b9c08401777808569\">Download<\/a><\/strong><\/div>\n        <\/div>\n    <\/div>\n \n \n    <\/div>\n    <div class=\"card-footer\"><span class=\"pull-right\">22616 downloads<\/span>464.39 KB<\/div>\n<\/div><\/div><div class='col-lg-12 col-md-6 col-12'>\n<div class=\"card card-default\">\n    <div class=\"card-body\">\n \n    <div class=\"media\">\n        <div class=\"pull-left\"><img decoding=\"async\" class=\"wpdm_icon\" alt=\"Icon\" src=\"https:\/\/www.uartes.edu.ec\/sitio\/wp-content\/plugins\/download-manager\/assets\/file-type-icons\/pdf.svg\" \/><\/div>\n        <div class=\"media-body\"><a href=\"https:\/\/www.uartes.edu.ec\/sitio\/en\/download\/cronograma-aprobado-por-el-ocs-para-dar-inicio-al-proceso-de-validacion-de-trayectorias-profesionales-artisticas-o-culturales-de-la-universidad-de-las-artes-en-el-que-consta-el-detalle-de-la-moda\/?wpdmdl=17907&refresh=69f734bb27e661777808571\"><strong class=\"ptitle\">Cronograma del proceso de Validaci\u00f3n de Trayectorias<\/strong><\/a>\n            <p><!-- wp:paragraph --><\/p>\n<p>Aprobado por el OCS para dar inicio al proceso de Validaci\u00f3n de Trayectorias Profesionales, Art\u00edsticas o Culturales de la Universidad de las Artes, en el que consta el detalle de la modalidad de pagos para este proceso.<\/p>\n<p><!-- \/wp:paragraph --><\/p>\n\n            <div><strong><a class='wpdm-download-link download-on-click btn btn-primary btn-sm'  rel='nofollow' href='#' data-downloadurl=\"https:\/\/www.uartes.edu.ec\/sitio\/en\/download\/cronograma-aprobado-por-el-ocs-para-dar-inicio-al-proceso-de-validacion-de-trayectorias-profesionales-artisticas-o-culturales-de-la-universidad-de-las-artes-en-el-que-consta-el-detalle-de-la-moda\/?wpdmdl=17907&refresh=69f734bb27e661777808571\">Download<\/a><\/strong><\/div>\n        <\/div>\n    <\/div>\n \n \n    <\/div>\n    <div class=\"card-footer\"><span class=\"pull-right\">32295 downloads<\/span>244.28 KB<\/div>\n<\/div><\/div><div class='col-lg-12 col-md-6 col-12'>\n<div class=\"card card-default\">\n    <div class=\"card-body\">\n \n    <div class=\"media\">\n        <div class=\"pull-left\"><img decoding=\"async\" class=\"wpdm_icon\" alt=\"Icon\" src=\"https:\/\/www.uartes.edu.ec\/sitio\/wp-content\/plugins\/download-manager\/assets\/file-type-icons\/pdf.svg\" \/><\/div>\n        <div class=\"media-body\"><a href=\"https:\/\/www.uartes.edu.ec\/sitio\/en\/download\/reglamento-para-la-validacion-de-trayectorias-profesionales-artisticas-o-culturales-2\/?wpdmdl=18832&refresh=69f734bc801031777808572\"><strong class=\"ptitle\">Reglamento para la Validaci\u00f3n de Trayectorias Profesionales Art\u00edsticas o Culturales<\/strong><\/a>\n            <p><!-- wp:paragraph --><\/p>\n<p>Expedido por el CES, el presente Reglamento tiene por objeto normar el procedimiento que se aplica para el reconocimiento de una destacada trayectoria art\u00edstica o cultural como equivalente a la aprobaci\u00f3n de la totalidad o parte de una carrera o programa; as\u00ed como, regular el procedimiento para el reconocimiento de trayectorias art\u00edsticas, en cumplimiento de los art\u00edculos 49, 51, 54 y 108.2 de la Ley Org\u00e1nica de Educaci\u00f3n Superior (LOES).<\/p>\n<p><!-- \/wp:paragraph --><\/p>\n\n            <div><strong><a class='wpdm-download-link download-on-click btn btn-primary btn-sm'  rel='nofollow' href='#' data-downloadurl=\"https:\/\/www.uartes.edu.ec\/sitio\/en\/download\/reglamento-para-la-validacion-de-trayectorias-profesionales-artisticas-o-culturales-2\/?wpdmdl=18832&refresh=69f734bc801031777808572\">Download<\/a><\/strong><\/div>\n        <\/div>\n    <\/div>\n \n \n    <\/div>\n    <div class=\"card-footer\"><span class=\"pull-right\">33109 downloads<\/span>542.58 KB<\/div>\n<\/div><\/div><div class='col-lg-12 col-md-6 col-12'>\n<div class=\"card card-default\">\n    <div class=\"card-body\">\n \n    <div class=\"media\">\n        <div class=\"pull-left\"><img decoding=\"async\" class=\"wpdm_icon\" alt=\"Icon\" src=\"https:\/\/www.uartes.edu.ec\/sitio\/wp-content\/plugins\/download-manager\/assets\/file-type-icons\/pdf.svg\" \/><\/div>\n        <div class=\"media-body\"><a href=\"https:\/\/www.uartes.edu.ec\/sitio\/en\/download\/cronograma-actualizado-de-validacion-de-trayectorias-profesionales-artisticas-o-culturales\/?wpdmdl=22270&refresh=69f734bde672c1777808573\"><strong class=\"ptitle\">Cronograma actualizado de Validaci\u00f3n de trayectorias profesionales  art\u00edsticas o culturales<\/strong><\/a>\n            \n            <div><strong><a class='wpdm-download-link download-on-click btn btn-primary btn-sm'  rel='nofollow' href='#' data-downloadurl=\"https:\/\/www.uartes.edu.ec\/sitio\/en\/download\/cronograma-actualizado-de-validacion-de-trayectorias-profesionales-artisticas-o-culturales\/?wpdmdl=22270&refresh=69f734bde672c1777808573\">Download<\/a><\/strong><\/div>\n        <\/div>\n    <\/div>\n \n \n    <\/div>\n    <div class=\"card-footer\"><span class=\"pull-right\">20384 downloads<\/span>338.48 KB<\/div>\n<\/div><\/div><\/div>            <div style='clear:both'><\/div><div class='text-center'><ul class='pagination wpdm-pagination pagination-centered text-center'><\/ul><\/div><div style='clear:both'><\/div>        <\/div>\n\n        <div style='clear:both'><\/div>\n    <\/div>\n<\/div>\n\n\n\n\n<p><\/p>","protected":false},"excerpt":{"rendered":"<p>AVISO IMPORTANTE El proceso de Validaci\u00f3n de Trayectorias Profesionales Art\u00edsticas o Culturales no se encuentra activo actualmente. El \u00faltimo proceso se realiz\u00f3 en el per\u00edodo 2021-2022 y por el momento no existe una nueva convocatoria programada. La Universidad de las Artes informar\u00e1 oportunamente a trav\u00e9s de sus canales oficiales si este proceso se retoma en [&hellip;]<\/p>\n","protected":false},"author":1,"featured_media":15986,"parent":2985,"menu_order":9,"comment_status":"closed","ping_status":"closed","template":"","meta":{"_acf_changed":false,"_uag_custom_page_level_css":"","_monsterinsights_skip_tracking":false,"_monsterinsights_sitenote_active":false,"_monsterinsights_sitenote_note":"","_monsterinsights_sitenote_category":0,"cybocfi_hide_featured_image":"","footnotes":""},"class_list":["post-3037","page","type-page","status-publish","has-post-thumbnail","hentry"],"acf":[],"yoast_head":"<!-- This site is optimized with the Yoast SEO plugin v27.4 - https:\/\/yoast.com\/product\/yoast-seo-wordpress\/ -->\n<title>Universidad de las Artes - Validaci\u00f3n de Trayectorias Profesionales en el Campo de las Artes<\/title>\n<meta name=\"description\" content=\"Universidad de las Artes - Validaci\u00f3n de Trayectorias Profesionales en el Campo de las Artes\" \/>\n<meta name=\"robots\" content=\"index, follow, max-snippet:-1, max-image-preview:large, max-video-preview:-1\" \/>\n<link rel=\"canonical\" href=\"https:\/\/www.uartes.edu.ec\/sitio\/en\/validacion-de-trayectorias\/\" \/>\n<meta property=\"og:locale\" content=\"en_US\" \/>\n<meta property=\"og:type\" content=\"article\" \/>\n<meta property=\"og:title\" content=\"Universidad de las Artes - Validaci\u00f3n de Trayectorias Profesionales en el Campo de las Artes\" \/>\n<meta property=\"og:description\" content=\"Universidad de las Artes - Validaci\u00f3n de Trayectorias Profesionales en el Campo de las Artes\" \/>\n<meta property=\"og:url\" content=\"https:\/\/www.uartes.edu.ec\/sitio\/en\/validacion-de-trayectorias\/\" \/>\n<meta property=\"og:site_name\" content=\"Universidad de las Artes\" \/>\n<meta property=\"article:publisher\" content=\"https:\/\/www.facebook.com\/uartesec\" \/>\n<meta property=\"article:modified_time\" content=\"2026-04-07T20:34:31+00:00\" \/>\n<meta property=\"og:image\" content=\"https:\/\/www.uartes.edu.ec\/sitio\/wp-content\/uploads\/2021\/09\/08-FIRMA-CONVENIO-VALIDACION-TRAYECTORIA.webp\" \/>\n\t<meta property=\"og:image:width\" content=\"2000\" \/>\n\t<meta property=\"og:image:height\" content=\"1333\" \/>\n\t<meta property=\"og:image:type\" content=\"image\/webp\" \/>\n<meta name=\"twitter:card\" content=\"summary_large_image\" \/>\n<meta name=\"twitter:site\" content=\"@uartesec\" \/>\n<meta name=\"twitter:label1\" content=\"Est. reading time\" \/>\n\t<meta name=\"twitter:data1\" content=\"3 minutes\" \/>\n<script type=\"application\/ld+json\" class=\"yoast-schema-graph\">{\"@context\":\"https:\\\/\\\/schema.org\",\"@graph\":[{\"@type\":\"WebPage\",\"@id\":\"https:\\\/\\\/www.uartes.edu.ec\\\/sitio\\\/en\\\/validacion-de-trayectorias\\\/\",\"url\":\"https:\\\/\\\/www.uartes.edu.ec\\\/sitio\\\/en\\\/validacion-de-trayectorias\\\/\",\"name\":\"Universidad de las Artes - Validaci\u00f3n de Trayectorias Profesionales en el Campo de las Artes\",\"isPartOf\":{\"@id\":\"https:\\\/\\\/www.uartes.edu.ec\\\/sitio\\\/en\\\/#website\"},\"primaryImageOfPage\":{\"@id\":\"https:\\\/\\\/www.uartes.edu.ec\\\/sitio\\\/en\\\/validacion-de-trayectorias\\\/#primaryimage\"},\"image\":{\"@id\":\"https:\\\/\\\/www.uartes.edu.ec\\\/sitio\\\/en\\\/validacion-de-trayectorias\\\/#primaryimage\"},\"thumbnailUrl\":\"https:\\\/\\\/www.uartes.edu.ec\\\/sitio\\\/wp-content\\\/uploads\\\/2021\\\/09\\\/08-FIRMA-CONVENIO-VALIDACION-TRAYECTORIA.webp\",\"datePublished\":\"2019-03-15T19:19:20+00:00\",\"dateModified\":\"2026-04-07T20:34:31+00:00\",\"description\":\"Universidad de las Artes - Validaci\u00f3n de Trayectorias Profesionales en el Campo de las Artes\",\"breadcrumb\":{\"@id\":\"https:\\\/\\\/www.uartes.edu.ec\\\/sitio\\\/en\\\/validacion-de-trayectorias\\\/#breadcrumb\"},\"inLanguage\":\"en-US\",\"potentialAction\":[{\"@type\":\"ReadAction\",\"target\":[\"https:\\\/\\\/www.uartes.edu.ec\\\/sitio\\\/en\\\/validacion-de-trayectorias\\\/\"]}]},{\"@type\":\"ImageObject\",\"inLanguage\":\"en-US\",\"@id\":\"https:\\\/\\\/www.uartes.edu.ec\\\/sitio\\\/en\\\/validacion-de-trayectorias\\\/#primaryimage\",\"url\":\"https:\\\/\\\/www.uartes.edu.ec\\\/sitio\\\/wp-content\\\/uploads\\\/2021\\\/09\\\/08-FIRMA-CONVENIO-VALIDACION-TRAYECTORIA.webp\",\"contentUrl\":\"https:\\\/\\\/www.uartes.edu.ec\\\/sitio\\\/wp-content\\\/uploads\\\/2021\\\/09\\\/08-FIRMA-CONVENIO-VALIDACION-TRAYECTORIA.webp\",\"width\":2000,\"height\":1333},{\"@type\":\"BreadcrumbList\",\"@id\":\"https:\\\/\\\/www.uartes.edu.ec\\\/sitio\\\/en\\\/validacion-de-trayectorias\\\/#breadcrumb\",\"itemListElement\":[{\"@type\":\"ListItem\",\"position\":1,\"name\":\"Inicio\",\"item\":\"https:\\\/\\\/www.uartes.edu.ec\\\/sitio\\\/\"},{\"@type\":\"ListItem\",\"position\":2,\"name\":\"Universidad de las Artes\",\"item\":\"https:\\\/\\\/www.uartes.edu.ec\\\/sitio\\\/\"},{\"@type\":\"ListItem\",\"position\":3,\"name\":\"Pregrado\",\"item\":\"https:\\\/\\\/www.uartes.edu.ec\\\/sitio\\\/la-universidad\\\/pregrado\\\/\"},{\"@type\":\"ListItem\",\"position\":4,\"name\":\"Validaci\u00f3n de Trayectorias Profesionales en el Campo de las Artes\"}]},{\"@type\":\"WebSite\",\"@id\":\"https:\\\/\\\/www.uartes.edu.ec\\\/sitio\\\/en\\\/#website\",\"url\":\"https:\\\/\\\/www.uartes.edu.ec\\\/sitio\\\/en\\\/\",\"name\":\"Universidad de las Artes\",\"description\":\"Sitio oficial de la Universidad Nacional de las Artes del Ecuador\",\"publisher\":{\"@id\":\"https:\\\/\\\/www.uartes.edu.ec\\\/sitio\\\/en\\\/#organization\"},\"potentialAction\":[{\"@type\":\"SearchAction\",\"target\":{\"@type\":\"EntryPoint\",\"urlTemplate\":\"https:\\\/\\\/www.uartes.edu.ec\\\/sitio\\\/en\\\/?s={search_term_string}\"},\"query-input\":{\"@type\":\"PropertyValueSpecification\",\"valueRequired\":true,\"valueName\":\"search_term_string\"}}],\"inLanguage\":\"en-US\"},{\"@type\":\"Organization\",\"@id\":\"https:\\\/\\\/www.uartes.edu.ec\\\/sitio\\\/en\\\/#organization\",\"name\":\"Universidad de las Artes\",\"url\":\"https:\\\/\\\/www.uartes.edu.ec\\\/sitio\\\/en\\\/\",\"logo\":{\"@type\":\"ImageObject\",\"inLanguage\":\"en-US\",\"@id\":\"https:\\\/\\\/www.uartes.edu.ec\\\/sitio\\\/en\\\/#\\\/schema\\\/logo\\\/image\\\/\",\"url\":\"https:\\\/\\\/www.uartes.edu.ec\\\/sitio\\\/wp-content\\\/uploads\\\/2022\\\/07\\\/logo-ua-horizontal.png\",\"contentUrl\":\"https:\\\/\\\/www.uartes.edu.ec\\\/sitio\\\/wp-content\\\/uploads\\\/2022\\\/07\\\/logo-ua-horizontal.png\",\"width\":800,\"height\":276,\"caption\":\"Universidad de las Artes\"},\"image\":{\"@id\":\"https:\\\/\\\/www.uartes.edu.ec\\\/sitio\\\/en\\\/#\\\/schema\\\/logo\\\/image\\\/\"},\"sameAs\":[\"https:\\\/\\\/www.facebook.com\\\/uartesec\",\"https:\\\/\\\/x.com\\\/uartesec\",\"https:\\\/\\\/www.tiktok.com\\\/@uartesec\"]}]}<\/script>\n<!-- \/ Yoast SEO plugin. -->","yoast_head_json":{"title":"Universidad de las Artes - Validaci\u00f3n de Trayectorias Profesionales en el Campo de las Artes","description":"Universidad de las Artes - Validaci\u00f3n de Trayectorias Profesionales en el Campo de las Artes","robots":{"index":"index","follow":"follow","max-snippet":"max-snippet:-1","max-image-preview":"max-image-preview:large","max-video-preview":"max-video-preview:-1"},"canonical":"https:\/\/www.uartes.edu.ec\/sitio\/en\/validacion-de-trayectorias\/","og_locale":"en_US","og_type":"article","og_title":"Universidad de las Artes - Validaci\u00f3n de Trayectorias Profesionales en el Campo de las Artes","og_description":"Universidad de las Artes - Validaci\u00f3n de Trayectorias Profesionales en el Campo de las Artes","og_url":"https:\/\/www.uartes.edu.ec\/sitio\/en\/validacion-de-trayectorias\/","og_site_name":"Universidad de las Artes","article_publisher":"https:\/\/www.facebook.com\/uartesec","article_modified_time":"2026-04-07T20:34:31+00:00","og_image":[{"width":2000,"height":1333,"url":"https:\/\/www.uartes.edu.ec\/sitio\/wp-content\/uploads\/2021\/09\/08-FIRMA-CONVENIO-VALIDACION-TRAYECTORIA.webp","type":"image\/webp"}],"twitter_card":"summary_large_image","twitter_site":"@uartesec","twitter_misc":{"Est. reading time":"3 minutes"},"schema":{"@context":"https:\/\/schema.org","@graph":[{"@type":"WebPage","@id":"https:\/\/www.uartes.edu.ec\/sitio\/en\/validacion-de-trayectorias\/","url":"https:\/\/www.uartes.edu.ec\/sitio\/en\/validacion-de-trayectorias\/","name":"Universidad de las Artes - Validaci\u00f3n de Trayectorias Profesionales en el Campo de las Artes","isPartOf":{"@id":"https:\/\/www.uartes.edu.ec\/sitio\/en\/#website"},"primaryImageOfPage":{"@id":"https:\/\/www.uartes.edu.ec\/sitio\/en\/validacion-de-trayectorias\/#primaryimage"},"image":{"@id":"https:\/\/www.uartes.edu.ec\/sitio\/en\/validacion-de-trayectorias\/#primaryimage"},"thumbnailUrl":"https:\/\/www.uartes.edu.ec\/sitio\/wp-content\/uploads\/2021\/09\/08-FIRMA-CONVENIO-VALIDACION-TRAYECTORIA.webp","datePublished":"2019-03-15T19:19:20+00:00","dateModified":"2026-04-07T20:34:31+00:00","description":"Universidad de las Artes - Validaci\u00f3n de Trayectorias Profesionales en el Campo de las Artes","breadcrumb":{"@id":"https:\/\/www.uartes.edu.ec\/sitio\/en\/validacion-de-trayectorias\/#breadcrumb"},"inLanguage":"en-US","potentialAction":[{"@type":"ReadAction","target":["https:\/\/www.uartes.edu.ec\/sitio\/en\/validacion-de-trayectorias\/"]}]},{"@type":"ImageObject","inLanguage":"en-US","@id":"https:\/\/www.uartes.edu.ec\/sitio\/en\/validacion-de-trayectorias\/#primaryimage","url":"https:\/\/www.uartes.edu.ec\/sitio\/wp-content\/uploads\/2021\/09\/08-FIRMA-CONVENIO-VALIDACION-TRAYECTORIA.webp","contentUrl":"https:\/\/www.uartes.edu.ec\/sitio\/wp-content\/uploads\/2021\/09\/08-FIRMA-CONVENIO-VALIDACION-TRAYECTORIA.webp","width":2000,"height":1333},{"@type":"BreadcrumbList","@id":"https:\/\/www.uartes.edu.ec\/sitio\/en\/validacion-de-trayectorias\/#breadcrumb","itemListElement":[{"@type":"ListItem","position":1,"name":"Inicio","item":"https:\/\/www.uartes.edu.ec\/sitio\/"},{"@type":"ListItem","position":2,"name":"Universidad de las Artes","item":"https:\/\/www.uartes.edu.ec\/sitio\/"},{"@type":"ListItem","position":3,"name":"Pregrado","item":"https:\/\/www.uartes.edu.ec\/sitio\/la-universidad\/pregrado\/"},{"@type":"ListItem","position":4,"name":"Validaci\u00f3n de Trayectorias Profesionales en el Campo de las Artes"}]},{"@type":"WebSite","@id":"https:\/\/www.uartes.edu.ec\/sitio\/en\/#website","url":"https:\/\/www.uartes.edu.ec\/sitio\/en\/","name":"Universidad de las Artes","description":"Sitio oficial de la Universidad Nacional de las Artes del Ecuador","publisher":{"@id":"https:\/\/www.uartes.edu.ec\/sitio\/en\/#organization"},"potentialAction":[{"@type":"SearchAction","target":{"@type":"EntryPoint","urlTemplate":"https:\/\/www.uartes.edu.ec\/sitio\/en\/?s={search_term_string}"},"query-input":{"@type":"PropertyValueSpecification","valueRequired":true,"valueName":"search_term_string"}}],"inLanguage":"en-US"},{"@type":"Organization","@id":"https:\/\/www.uartes.edu.ec\/sitio\/en\/#organization","name":"Universidad de las Artes","url":"https:\/\/www.uartes.edu.ec\/sitio\/en\/","logo":{"@type":"ImageObject","inLanguage":"en-US","@id":"https:\/\/www.uartes.edu.ec\/sitio\/en\/#\/schema\/logo\/image\/","url":"https:\/\/www.uartes.edu.ec\/sitio\/wp-content\/uploads\/2022\/07\/logo-ua-horizontal.png","contentUrl":"https:\/\/www.uartes.edu.ec\/sitio\/wp-content\/uploads\/2022\/07\/logo-ua-horizontal.png","width":800,"height":276,"caption":"Universidad de las Artes"},"image":{"@id":"https:\/\/www.uartes.edu.ec\/sitio\/en\/#\/schema\/logo\/image\/"},"sameAs":["https:\/\/www.facebook.com\/uartesec","https:\/\/x.com\/uartesec","https:\/\/www.tiktok.com\/@uartesec"]}]}},"uagb_featured_image_src":{"full":["https:\/\/www.uartes.edu.ec\/sitio\/wp-content\/uploads\/2021\/09\/08-FIRMA-CONVENIO-VALIDACION-TRAYECTORIA.webp",2000,1333,false],"thumbnail":["https:\/\/www.uartes.edu.ec\/sitio\/wp-content\/uploads\/2021\/09\/08-FIRMA-CONVENIO-VALIDACION-TRAYECTORIA.webp",150,100,false],"medium":["https:\/\/www.uartes.edu.ec\/sitio\/wp-content\/uploads\/2021\/09\/08-FIRMA-CONVENIO-VALIDACION-TRAYECTORIA.webp",300,200,false],"medium_large":["https:\/\/www.uartes.edu.ec\/sitio\/wp-content\/uploads\/2021\/09\/08-FIRMA-CONVENIO-VALIDACION-TRAYECTORIA.webp",768,512,false],"large":["https:\/\/www.uartes.edu.ec\/sitio\/wp-content\/uploads\/2021\/09\/08-FIRMA-CONVENIO-VALIDACION-TRAYECTORIA.webp",644,429,false],"1536x1536":["https:\/\/www.uartes.edu.ec\/sitio\/wp-content\/uploads\/2021\/09\/08-FIRMA-CONVENIO-VALIDACION-TRAYECTORIA.webp",1536,1024,false],"2048x2048":["https:\/\/www.uartes.edu.ec\/sitio\/wp-content\/uploads\/2021\/09\/08-FIRMA-CONVENIO-VALIDACION-TRAYECTORIA.webp",2000,1333,false],"trp-custom-language-flag":["https:\/\/www.uartes.edu.ec\/sitio\/wp-content\/uploads\/2021\/09\/08-FIRMA-CONVENIO-VALIDACION-TRAYECTORIA.webp",18,12,false],"htmega_size_585x295":["https:\/\/www.uartes.edu.ec\/sitio\/wp-content\/uploads\/2021\/09\/08-FIRMA-CONVENIO-VALIDACION-TRAYECTORIA.webp",443,295,false],"htmega_size_1170x536":["https:\/\/www.uartes.edu.ec\/sitio\/wp-content\/uploads\/2021\/09\/08-FIRMA-CONVENIO-VALIDACION-TRAYECTORIA.webp",804,536,false],"htmega_size_396x360":["https:\/\/www.uartes.edu.ec\/sitio\/wp-content\/uploads\/2021\/09\/08-FIRMA-CONVENIO-VALIDACION-TRAYECTORIA.webp",396,264,false],"gb-block-post-grid-landscape":["https:\/\/www.uartes.edu.ec\/sitio\/wp-content\/uploads\/2021\/09\/08-FIRMA-CONVENIO-VALIDACION-TRAYECTORIA.webp",600,400,false],"gb-block-post-grid-square":["https:\/\/www.uartes.edu.ec\/sitio\/wp-content\/uploads\/2021\/09\/08-FIRMA-CONVENIO-VALIDACION-TRAYECTORIA.webp",600,400,false],"university-hub-thumb":["https:\/\/www.uartes.edu.ec\/sitio\/wp-content\/uploads\/2021\/09\/08-FIRMA-CONVENIO-VALIDACION-TRAYECTORIA.webp",400,267,false]},"uagb_author_info":{"display_name":"Universidad de las Artes","author_link":"https:\/\/www.uartes.edu.ec\/sitio\/en\/blog\/author\/dircomadm\/"},"uagb_comment_info":0,"uagb_excerpt":"AVISO IMPORTANTE El proceso de Validaci\u00f3n de Trayectorias Profesionales Art\u00edsticas o Culturales no se encuentra activo actualmente. El \u00faltimo proceso se realiz\u00f3 en el per\u00edodo 2021-2022 y por el momento no existe una nueva convocatoria programada. La Universidad de las Artes informar\u00e1 oportunamente a trav\u00e9s de sus canales oficiales si este proceso se retoma en&hellip;","featured_image_src":"https:\/\/www.uartes.edu.ec\/sitio\/wp-content\/uploads\/2021\/09\/08-FIRMA-CONVENIO-VALIDACION-TRAYECTORIA.webp","featured_image_src_square":"https:\/\/www.uartes.edu.ec\/sitio\/wp-content\/uploads\/2021\/09\/08-FIRMA-CONVENIO-VALIDACION-TRAYECTORIA.webp","publishpress_future_action":{"enabled":false,"date":"2026-05-10 06:42:55","action":"change-status","newStatus":"draft","terms":[],"taxonomy":"","extraData":[]},"publishpress_future_workflow_manual_trigger":{"enabledWorkflows":[]},"distributor_meta":false,"distributor_terms":false,"distributor_media":false,"distributor_original_site_name":"Universidad de las Artes","distributor_original_site_url":"https:\/\/www.uartes.edu.ec\/sitio\/en","push-errors":false,"_links":{"self":[{"href":"https:\/\/www.uartes.edu.ec\/sitio\/en\/wp-json\/wp\/v2\/pages\/3037","targetHints":{"allow":["GET"]}}],"collection":[{"href":"https:\/\/www.uartes.edu.ec\/sitio\/en\/wp-json\/wp\/v2\/pages"}],"about":[{"href":"https:\/\/www.uartes.edu.ec\/sitio\/en\/wp-json\/wp\/v2\/types\/page"}],"author":[{"embeddable":true,"href":"https:\/\/www.uartes.edu.ec\/sitio\/en\/wp-json\/wp\/v2\/users\/1"}],"replies":[{"embeddable":true,"href":"https:\/\/www.uartes.edu.ec\/sitio\/en\/wp-json\/wp\/v2\/comments?post=3037"}],"version-history":[{"count":30,"href":"https:\/\/www.uartes.edu.ec\/sitio\/en\/wp-json\/wp\/v2\/pages\/3037\/revisions"}],"predecessor-version":[{"id":88859,"href":"https:\/\/www.uartes.edu.ec\/sitio\/en\/wp-json\/wp\/v2\/pages\/3037\/revisions\/88859"}],"up":[{"embeddable":true,"href":"https:\/\/www.uartes.edu.ec\/sitio\/en\/wp-json\/wp\/v2\/pages\/2985"}],"wp:featuredmedia":[{"embeddable":true,"href":"https:\/\/www.uartes.edu.ec\/sitio\/en\/wp-json\/wp\/v2\/media\/15986"}],"wp:attachment":[{"href":"https:\/\/www.uartes.edu.ec\/sitio\/en\/wp-json\/wp\/v2\/media?parent=3037"}],"curies":[{"name":"wp","href":"https:\/\/api.w.org\/{rel}","templated":true}]}}