{"id":4403,"date":"2019-09-20T11:06:16","date_gmt":"2019-09-20T16:06:16","guid":{"rendered":"http:\/\/www.uartes.edu.ec\/sitio\/?page_id=4403"},"modified":"2026-02-09T15:27:21","modified_gmt":"2026-02-09T20:27:21","slug":"estudiantes","status":"publish","type":"page","link":"https:\/\/www.uartes.edu.ec\/sitio\/en\/la-universidad\/estudiantes\/","title":{"rendered":"Students"},"content":{"rendered":"<div data-elementor-type=\"wp-page\" data-elementor-id=\"4403\" class=\"elementor elementor-4403\" data-elementor-settings=\"{&quot;ha_cmc_init_switcher&quot;:&quot;no&quot;}\" data-elementor-post-type=\"page\">\n\t\t\t\t\t\t<section class=\"elementor-section elementor-top-section elementor-element elementor-element-b4d1e98 elementor-section-height-min-height elementor-section-boxed elementor-section-height-default elementor-section-items-middle\" data-id=\"b4d1e98\" data-element_type=\"section\" data-e-type=\"section\" data-settings=\"{&quot;background_background&quot;:&quot;video&quot;,&quot;background_video_link&quot;:&quot;https:\\\/\\\/www.youtube.com\\\/watch?v=ki0r_8cghLY&quot;,&quot;background_video_start&quot;:1,&quot;background_video_end&quot;:27,&quot;background_play_on_mobile&quot;:&quot;yes&quot;,&quot;_ha_eqh_enable&quot;:false}\">\n\t\t\t\t\t\t\t\t<div class=\"elementor-background-video-container\">\n\t\t\t\t\t\t\t\t\t\t\t\t\t<div class=\"elementor-background-video-embed\" role=\"presentation\"><\/div>\n\t\t\t\t\t\t\t\t\t\t\t\t<\/div>\n\t\t\t\t\t\t\t\t<div class=\"elementor-container elementor-column-gap-default\">\n\t\t\t\t\t<div class=\"elementor-column elementor-col-100 elementor-top-column elementor-element elementor-element-7da0421\" data-id=\"7da0421\" data-element_type=\"column\" data-e-type=\"column\">\n\t\t\t<div class=\"elementor-widget-wrap\">\n\t\t\t\t\t\t\t<\/div>\n\t\t<\/div>\n\t\t\t\t\t<\/div>\n\t\t<\/section>\n\t\t\t\t<section class=\"elementor-section elementor-top-section elementor-element elementor-element-53b9f2bb elementor-section-height-min-height elementor-section-stretched elementor-section-boxed elementor-section-height-default elementor-section-items-middle\" data-id=\"53b9f2bb\" data-element_type=\"section\" data-e-type=\"section\" id=\"describe-padre\" data-settings=\"{&quot;background_background&quot;:&quot;classic&quot;,&quot;stretch_section&quot;:&quot;section-stretched&quot;,&quot;_ha_eqh_enable&quot;:false}\">\n\t\t\t\t\t\t<div class=\"elementor-container elementor-column-gap-default\">\n\t\t\t\t\t<div class=\"elementor-column elementor-col-100 elementor-top-column elementor-element elementor-element-49ab13c2\" data-id=\"49ab13c2\" data-element_type=\"column\" data-e-type=\"column\">\n\t\t\t<div class=\"elementor-widget-wrap elementor-element-populated\">\n\t\t\t\t\t\t<div class=\"elementor-element elementor-element-759626c1 elementor-widget elementor-widget-heading\" data-id=\"759626c1\" data-element_type=\"widget\" data-e-type=\"widget\" data-widget_type=\"heading.default\">\n\t\t\t\t<div class=\"elementor-widget-container\">\n\t\t\t\t\t<h2 class=\"elementor-heading-title elementor-size-xl\">Students<\/h2>\t\t\t\t<\/div>\n\t\t\t\t<\/div>\n\t\t\t\t<div class=\"elementor-element elementor-element-33b6e827 elementor-widget elementor-widget-text-editor\" data-id=\"33b6e827\" data-element_type=\"widget\" data-e-type=\"widget\" data-widget_type=\"text-editor.default\">\n\t\t\t\t<div class=\"elementor-widget-container\">\n\t\t\t\t\t\t\t\t\t<p>Encuentra aqu\u00ed toda la informaci\u00f3n que necesitas para ser parte de la Universidad de las Artes y para que, una vez como miembro de la comunidad universitaria, conozcas sus beneficios.<\/p>\t\t\t\t\t\t\t\t<\/div>\n\t\t\t\t<\/div>\n\t\t\t\t\t<\/div>\n\t\t<\/div>\n\t\t\t\t\t<\/div>\n\t\t<\/section>\n\t\t\t\t<section class=\"elementor-section elementor-top-section elementor-element elementor-element-068fed6 elementor-section-stretched elementor-section-boxed elementor-section-height-default elementor-section-height-default\" data-id=\"068fed6\" data-element_type=\"section\" data-e-type=\"section\" data-settings=\"{&quot;stretch_section&quot;:&quot;section-stretched&quot;,&quot;_ha_eqh_enable&quot;:false}\">\n\t\t\t\t\t\t<div class=\"elementor-container elementor-column-gap-default\">\n\t\t\t\t\t<div class=\"elementor-column elementor-col-100 elementor-top-column elementor-element elementor-element-b1c30ec\" data-id=\"b1c30ec\" data-element_type=\"column\" data-e-type=\"column\">\n\t\t\t<div class=\"elementor-widget-wrap elementor-element-populated\">\n\t\t\t\t\t\t<div class=\"elementor-element elementor-element-522f1d2f elementor-widget elementor-widget-heading\" data-id=\"522f1d2f\" data-element_type=\"widget\" data-e-type=\"widget\" data-widget_type=\"heading.default\">\n\t\t\t\t<div class=\"elementor-widget-container\">\n\t\t\t\t\t<h2 class=\"elementor-heading-title elementor-size-large\">Academic<\/h2>\t\t\t\t<\/div>\n\t\t\t\t<\/div>\n\t\t\t\t<section class=\"elementor-section elementor-inner-section elementor-element elementor-element-fcaf2a9 elementor-section-boxed elementor-section-height-default elementor-section-height-default\" data-id=\"fcaf2a9\" data-element_type=\"section\" data-e-type=\"section\" data-settings=\"{&quot;_ha_eqh_enable&quot;:false}\">\n\t\t\t\t\t\t<div class=\"elementor-container elementor-column-gap-default\">\n\t\t\t\t\t<div class=\"elementor-column elementor-col-25 elementor-inner-column elementor-element elementor-element-5a51062\" data-id=\"5a51062\" data-element_type=\"column\" data-e-type=\"column\">\n\t\t\t<div class=\"elementor-widget-wrap elementor-element-populated\">\n\t\t\t\t\t\t<div class=\"elementor-element elementor-element-f2d3e49 elementor-view-default elementor-position-block-start elementor-mobile-position-block-start elementor-invisible elementor-widget elementor-widget-icon-box\" data-id=\"f2d3e49\" data-element_type=\"widget\" data-e-type=\"widget\" data-settings=\"{&quot;_animation&quot;:&quot;slideInDown&quot;}\" data-widget_type=\"icon-box.default\">\n\t\t\t\t<div class=\"elementor-widget-container\">\n\t\t\t\t\t\t\t<div class=\"elementor-icon-box-wrapper\">\n\n\t\t\t\t\t\t<div class=\"elementor-icon-box-icon\">\n\t\t\t\t<a href=\"http:\/\/www.uartes.edu.ec\/sitio\/la-universidad\/estudiantes\/academico\/sistema-academico\/\" class=\"elementor-icon\" tabindex=\"-1\" aria-label=\"Academic System\">\n\t\t\t\t<svg aria-hidden=\"true\" class=\"e-font-icon-svg e-fas-laptop\" viewbox=\"0 0 640 512\" xmlns=\"http:\/\/www.w3.org\/2000\/svg\"><path d=\"M624 416H381.54c-.74 19.81-14.71 32-32.74 32H288c-18.69 0-33.02-17.47-32.77-32H16c-8.8 0-16 7.2-16 16v16c0 35.2 28.8 64 64 64h512c35.2 0 64-28.8 64-64v-16c0-8.8-7.2-16-16-16zM576 48c0-26.4-21.6-48-48-48H112C85.6 0 64 21.6 64 48v336h512V48zm-64 272H128V64h384v256z\"><\/path><\/svg>\t\t\t\t<\/a>\n\t\t\t<\/div>\n\t\t\t\n\t\t\t\t\t\t<div class=\"elementor-icon-box-content\">\n\n\t\t\t\t\t\t\t\t\t<h3 class=\"elementor-icon-box-title\">\n\t\t\t\t\t\t<a href=\"http:\/\/www.uartes.edu.ec\/sitio\/la-universidad\/estudiantes\/academico\/sistema-academico\/\" >\n\t\t\t\t\t\t\tAcademic System\t\t\t\t\t\t<\/a>\n\t\t\t\t\t<\/h3>\n\t\t\t\t\n\t\t\t\t\n\t\t\t<\/div>\n\t\t\t\n\t\t<\/div>\n\t\t\t\t\t\t<\/div>\n\t\t\t\t<\/div>\n\t\t\t\t\t<\/div>\n\t\t<\/div>\n\t\t\t\t<div class=\"elementor-column elementor-col-25 elementor-inner-column elementor-element elementor-element-44e4b42\" data-id=\"44e4b42\" data-element_type=\"column\" data-e-type=\"column\">\n\t\t\t<div class=\"elementor-widget-wrap elementor-element-populated\">\n\t\t\t\t\t\t<div class=\"elementor-element elementor-element-9d28157 elementor-view-default elementor-position-block-start elementor-mobile-position-block-start elementor-invisible elementor-widget elementor-widget-icon-box\" data-id=\"9d28157\" data-element_type=\"widget\" data-e-type=\"widget\" data-settings=\"{&quot;_animation&quot;:&quot;slideInDown&quot;}\" data-widget_type=\"icon-box.default\">\n\t\t\t\t<div class=\"elementor-widget-container\">\n\t\t\t\t\t\t\t<div class=\"elementor-icon-box-wrapper\">\n\n\t\t\t\t\t\t<div class=\"elementor-icon-box-icon\">\n\t\t\t\t<a href=\"http:\/\/www.uartes.edu.ec\/sitio\/la-universidad\/estudiantes\/academico\/calendario-academico\/\" class=\"elementor-icon\" tabindex=\"-1\" aria-label=\"Academic Calendar\">\n\t\t\t\t<svg aria-hidden=\"true\" class=\"e-font-icon-svg e-far-calendar-check\" viewbox=\"0 0 448 512\" xmlns=\"http:\/\/www.w3.org\/2000\/svg\"><path d=\"M400 64h-48V12c0-6.627-5.373-12-12-12h-40c-6.627 0-12 5.373-12 12v52H160V12c0-6.627-5.373-12-12-12h-40c-6.627 0-12 5.373-12 12v52H48C21.49 64 0 85.49 0 112v352c0 26.51 21.49 48 48 48h352c26.51 0 48-21.49 48-48V112c0-26.51-21.49-48-48-48zm-6 400H54a6 6 0 0 1-6-6V160h352v298a6 6 0 0 1-6 6zm-52.849-200.65L198.842 404.519c-4.705 4.667-12.303 4.637-16.971-.068l-75.091-75.699c-4.667-4.705-4.637-12.303.068-16.971l22.719-22.536c4.705-4.667 12.303-4.637 16.97.069l44.104 44.461 111.072-110.181c4.705-4.667 12.303-4.637 16.971.068l22.536 22.718c4.667 4.705 4.636 12.303-.069 16.97z\"><\/path><\/svg>\t\t\t\t<\/a>\n\t\t\t<\/div>\n\t\t\t\n\t\t\t\t\t\t<div class=\"elementor-icon-box-content\">\n\n\t\t\t\t\t\t\t\t\t<h3 class=\"elementor-icon-box-title\">\n\t\t\t\t\t\t<a href=\"http:\/\/www.uartes.edu.ec\/sitio\/la-universidad\/estudiantes\/academico\/calendario-academico\/\" >\n\t\t\t\t\t\t\tAcademic Calendar\t\t\t\t\t\t<\/a>\n\t\t\t\t\t<\/h3>\n\t\t\t\t\n\t\t\t\t\n\t\t\t<\/div>\n\t\t\t\n\t\t<\/div>\n\t\t\t\t\t\t<\/div>\n\t\t\t\t<\/div>\n\t\t\t\t\t<\/div>\n\t\t<\/div>\n\t\t\t\t<div class=\"elementor-column elementor-col-25 elementor-inner-column elementor-element elementor-element-6a1eb6c\" data-id=\"6a1eb6c\" data-element_type=\"column\" data-e-type=\"column\">\n\t\t\t<div class=\"elementor-widget-wrap elementor-element-populated\">\n\t\t\t\t\t\t<div class=\"elementor-element elementor-element-79abef4 elementor-view-default elementor-position-block-start elementor-mobile-position-block-start elementor-invisible elementor-widget elementor-widget-icon-box\" data-id=\"79abef4\" data-element_type=\"widget\" data-e-type=\"widget\" data-settings=\"{&quot;_animation&quot;:&quot;slideInDown&quot;}\" data-widget_type=\"icon-box.default\">\n\t\t\t\t<div class=\"elementor-widget-container\">\n\t\t\t\t\t\t\t<div class=\"elementor-icon-box-wrapper\">\n\n\t\t\t\t\t\t<div class=\"elementor-icon-box-icon\">\n\t\t\t\t<a href=\"http:\/\/www.uartes.edu.ec\/sitio\/la-universidad\/estudiantes\/academico\/correo-uartes\/\" class=\"elementor-icon\" tabindex=\"-1\" aria-label=\"UArtes Email\">\n\t\t\t\t<svg aria-hidden=\"true\" class=\"e-font-icon-svg e-fas-envelope\" viewbox=\"0 0 512 512\" xmlns=\"http:\/\/www.w3.org\/2000\/svg\"><path d=\"M502.3 190.8c3.9-3.1 9.7-.2 9.7 4.7V400c0 26.5-21.5 48-48 48H48c-26.5 0-48-21.5-48-48V195.6c0-5 5.7-7.8 9.7-4.7 22.4 17.4 52.1 39.5 154.1 113.6 21.1 15.4 56.7 47.8 92.2 47.6 35.7.3 72-32.8 92.3-47.6 102-74.1 131.6-96.3 154-113.7zM256 320c23.2.4 56.6-29.2 73.4-41.4 132.7-96.3 142.8-104.7 173.4-128.7 5.8-4.5 9.2-11.5 9.2-18.9v-19c0-26.5-21.5-48-48-48H48C21.5 64 0 85.5 0 112v19c0 7.4 3.4 14.3 9.2 18.9 30.6 23.9 40.7 32.4 173.4 128.7 16.8 12.2 50.2 41.8 73.4 41.4z\"><\/path><\/svg>\t\t\t\t<\/a>\n\t\t\t<\/div>\n\t\t\t\n\t\t\t\t\t\t<div class=\"elementor-icon-box-content\">\n\n\t\t\t\t\t\t\t\t\t<h3 class=\"elementor-icon-box-title\">\n\t\t\t\t\t\t<a href=\"http:\/\/www.uartes.edu.ec\/sitio\/la-universidad\/estudiantes\/academico\/correo-uartes\/\" >\n\t\t\t\t\t\t\tUArtes Email\t\t\t\t\t\t<\/a>\n\t\t\t\t\t<\/h3>\n\t\t\t\t\n\t\t\t\t\n\t\t\t<\/div>\n\t\t\t\n\t\t<\/div>\n\t\t\t\t\t\t<\/div>\n\t\t\t\t<\/div>\n\t\t\t\t\t<\/div>\n\t\t<\/div>\n\t\t\t\t<div class=\"elementor-column elementor-col-25 elementor-inner-column elementor-element elementor-element-40b7af6\" data-id=\"40b7af6\" data-element_type=\"column\" data-e-type=\"column\">\n\t\t\t<div class=\"elementor-widget-wrap elementor-element-populated\">\n\t\t\t\t\t\t<div class=\"elementor-element elementor-element-f38aa3f elementor-view-default elementor-position-block-start elementor-mobile-position-block-start elementor-invisible elementor-widget elementor-widget-icon-box\" data-id=\"f38aa3f\" data-element_type=\"widget\" data-e-type=\"widget\" data-settings=\"{&quot;_animation&quot;:&quot;slideInDown&quot;}\" data-widget_type=\"icon-box.default\">\n\t\t\t\t<div class=\"elementor-widget-container\">\n\t\t\t\t\t\t\t<div class=\"elementor-icon-box-wrapper\">\n\n\t\t\t\t\t\t<div class=\"elementor-icon-box-icon\">\n\t\t\t\t<a href=\"http:\/\/www.uartes.edu.ec\/sitio\/la-universidad\/estudiantes\/academico\/campus-virtual\/\" class=\"elementor-icon\" tabindex=\"-1\" aria-label=\"Virtual Campus\">\n\t\t\t\t<svg aria-hidden=\"true\" class=\"e-font-icon-svg e-fas-chalkboard-teacher\" viewbox=\"0 0 640 512\" xmlns=\"http:\/\/www.w3.org\/2000\/svg\"><path d=\"M208 352c-2.39 0-4.78.35-7.06 1.09C187.98 357.3 174.35 360 160 360c-14.35 0-27.98-2.7-40.95-6.91-2.28-.74-4.66-1.09-7.05-1.09C49.94 352-.33 402.48 0 464.62.14 490.88 21.73 512 48 512h224c26.27 0 47.86-21.12 48-47.38.33-62.14-49.94-112.62-112-112.62zm-48-32c53.02 0 96-42.98 96-96s-42.98-96-96-96-96 42.98-96 96 42.98 96 96 96zM592 0H208c-26.47 0-48 22.25-48 49.59V96c23.42 0 45.1 6.78 64 17.8V64h352v288h-64v-64H384v64h-76.24c19.1 16.69 33.12 38.73 39.69 64H592c26.47 0 48-22.25 48-49.59V49.59C640 22.25 618.47 0 592 0z\"><\/path><\/svg>\t\t\t\t<\/a>\n\t\t\t<\/div>\n\t\t\t\n\t\t\t\t\t\t<div class=\"elementor-icon-box-content\">\n\n\t\t\t\t\t\t\t\t\t<h3 class=\"elementor-icon-box-title\">\n\t\t\t\t\t\t<a href=\"http:\/\/www.uartes.edu.ec\/sitio\/la-universidad\/estudiantes\/academico\/campus-virtual\/\" >\n\t\t\t\t\t\t\tVirtual Campus\t\t\t\t\t\t<\/a>\n\t\t\t\t\t<\/h3>\n\t\t\t\t\n\t\t\t\t\n\t\t\t<\/div>\n\t\t\t\n\t\t<\/div>\n\t\t\t\t\t\t<\/div>\n\t\t\t\t<\/div>\n\t\t\t\t\t<\/div>\n\t\t<\/div>\n\t\t\t\t\t<\/div>\n\t\t<\/section>\n\t\t\t\t<section class=\"elementor-section elementor-inner-section elementor-element elementor-element-d59f585 elementor-section-boxed elementor-section-height-default elementor-section-height-default\" data-id=\"d59f585\" data-element_type=\"section\" data-e-type=\"section\" data-settings=\"{&quot;_ha_eqh_enable&quot;:false}\">\n\t\t\t\t\t\t<div class=\"elementor-container elementor-column-gap-default\">\n\t\t\t\t\t<div class=\"elementor-column elementor-col-25 elementor-inner-column elementor-element elementor-element-685b728\" data-id=\"685b728\" data-element_type=\"column\" data-e-type=\"column\">\n\t\t\t<div class=\"elementor-widget-wrap elementor-element-populated\">\n\t\t\t\t\t\t<div class=\"elementor-element elementor-element-0f0cbd5 elementor-view-default elementor-position-block-start elementor-mobile-position-block-start elementor-invisible elementor-widget elementor-widget-icon-box\" data-id=\"0f0cbd5\" data-element_type=\"widget\" data-e-type=\"widget\" data-settings=\"{&quot;_animation&quot;:&quot;slideInDown&quot;}\" data-widget_type=\"icon-box.default\">\n\t\t\t\t<div class=\"elementor-widget-container\">\n\t\t\t\t\t\t\t<div class=\"elementor-icon-box-wrapper\">\n\n\t\t\t\t\t\t<div class=\"elementor-icon-box-icon\">\n\t\t\t\t<a href=\"http:\/\/www.uartes.edu.ec\/sitio\/la-universidad\/estudiantes\/academico\/escritura-academica-y-traduccion\/\" class=\"elementor-icon\" tabindex=\"-1\" aria-label=\"CEAT\">\n\t\t\t\t<svg aria-hidden=\"true\" class=\"e-font-icon-svg e-fas-edit\" viewbox=\"0 0 576 512\" xmlns=\"http:\/\/www.w3.org\/2000\/svg\"><path d=\"M402.6 83.2l90.2 90.2c3.8 3.8 3.8 10 0 13.8L274.4 405.6l-92.8 10.3c-12.4 1.4-22.9-9.1-21.5-21.5l10.3-92.8L388.8 83.2c3.8-3.8 10-3.8 13.8 0zm162-22.9l-48.8-48.8c-15.2-15.2-39.9-15.2-55.2 0l-35.4 35.4c-3.8 3.8-3.8 10 0 13.8l90.2 90.2c3.8 3.8 10 3.8 13.8 0l35.4-35.4c15.2-15.3 15.2-40 0-55.2zM384 346.2V448H64V128h229.8c3.2 0 6.2-1.3 8.5-3.5l40-40c7.6-7.6 2.2-20.5-8.5-20.5H48C21.5 64 0 85.5 0 112v352c0 26.5 21.5 48 48 48h352c26.5 0 48-21.5 48-48V306.2c0-10.7-12.9-16-20.5-8.5l-40 40c-2.2 2.3-3.5 5.3-3.5 8.5z\"><\/path><\/svg>\t\t\t\t<\/a>\n\t\t\t<\/div>\n\t\t\t\n\t\t\t\t\t\t<div class=\"elementor-icon-box-content\">\n\n\t\t\t\t\t\t\t\t\t<h3 class=\"elementor-icon-box-title\">\n\t\t\t\t\t\t<a href=\"http:\/\/www.uartes.edu.ec\/sitio\/la-universidad\/estudiantes\/academico\/escritura-academica-y-traduccion\/\" >\n\t\t\t\t\t\t\tCEAT\t\t\t\t\t\t<\/a>\n\t\t\t\t\t<\/h3>\n\t\t\t\t\n\t\t\t\t\n\t\t\t<\/div>\n\t\t\t\n\t\t<\/div>\n\t\t\t\t\t\t<\/div>\n\t\t\t\t<\/div>\n\t\t\t\t\t<\/div>\n\t\t<\/div>\n\t\t\t\t<div class=\"elementor-column elementor-col-25 elementor-inner-column elementor-element elementor-element-43942db\" data-id=\"43942db\" data-element_type=\"column\" data-e-type=\"column\">\n\t\t\t<div class=\"elementor-widget-wrap elementor-element-populated\">\n\t\t\t\t\t\t<div class=\"elementor-element elementor-element-4c1cf80 elementor-view-default elementor-position-block-start elementor-mobile-position-block-start elementor-invisible elementor-widget elementor-widget-icon-box\" data-id=\"4c1cf80\" data-element_type=\"widget\" data-e-type=\"widget\" data-settings=\"{&quot;_animation&quot;:&quot;slideInDown&quot;}\" data-widget_type=\"icon-box.default\">\n\t\t\t\t<div class=\"elementor-widget-container\">\n\t\t\t\t\t\t\t<div class=\"elementor-icon-box-wrapper\">\n\n\t\t\t\t\t\t<div class=\"elementor-icon-box-icon\">\n\t\t\t\t<a href=\"http:\/\/www.uartes.edu.ec\/sitio\/la-universidad\/estudiantes\/academico\/lenguas-extranjeras\/\" class=\"elementor-icon\" tabindex=\"-1\" aria-label=\"Department of Foreign Languages\">\n\t\t\t\t<svg aria-hidden=\"true\" class=\"e-font-icon-svg e-fas-language\" viewbox=\"0 0 640 512\" xmlns=\"http:\/\/www.w3.org\/2000\/svg\"><path d=\"M152.1 236.2c-3.5-12.1-7.8-33.2-7.8-33.2h-.5s-4.3 21.1-7.8 33.2l-11.1 37.5H163zM616 96H336v320h280c13.3 0 24-10.7 24-24V120c0-13.3-10.7-24-24-24zm-24 120c0 6.6-5.4 12-12 12h-11.4c-6.9 23.6-21.7 47.4-42.7 69.9 8.4 6.4 17.1 12.5 26.1 18 5.5 3.4 7.3 10.5 4.1 16.2l-7.9 13.9c-3.4 5.9-10.9 7.8-16.7 4.3-12.6-7.8-24.5-16.1-35.4-24.9-10.9 8.7-22.7 17.1-35.4 24.9-5.8 3.5-13.3 1.6-16.7-4.3l-7.9-13.9c-3.2-5.6-1.4-12.8 4.2-16.2 9.3-5.7 18-11.7 26.1-18-7.9-8.4-14.9-17-21-25.7-4-5.7-2.2-13.6 3.7-17.1l6.5-3.9 7.3-4.3c5.4-3.2 12.4-1.7 16 3.4 5 7 10.8 14 17.4 20.9 13.5-14.2 23.8-28.9 30-43.2H412c-6.6 0-12-5.4-12-12v-16c0-6.6 5.4-12 12-12h64v-16c0-6.6 5.4-12 12-12h16c6.6 0 12 5.4 12 12v16h64c6.6 0 12 5.4 12 12zM0 120v272c0 13.3 10.7 24 24 24h280V96H24c-13.3 0-24 10.7-24 24zm58.9 216.1L116.4 167c1.7-4.9 6.2-8.1 11.4-8.1h32.5c5.1 0 9.7 3.3 11.4 8.1l57.5 169.1c2.6 7.8-3.1 15.9-11.4 15.9h-22.9a12 12 0 0 1-11.5-8.6l-9.4-31.9h-60.2l-9.1 31.8c-1.5 5.1-6.2 8.7-11.5 8.7H70.3c-8.2 0-14-8.1-11.4-15.9z\"><\/path><\/svg>\t\t\t\t<\/a>\n\t\t\t<\/div>\n\t\t\t\n\t\t\t\t\t\t<div class=\"elementor-icon-box-content\">\n\n\t\t\t\t\t\t\t\t\t<h3 class=\"elementor-icon-box-title\">\n\t\t\t\t\t\t<a href=\"http:\/\/www.uartes.edu.ec\/sitio\/la-universidad\/estudiantes\/academico\/lenguas-extranjeras\/\" >\n\t\t\t\t\t\t\tDepartment of Foreign Languages\t\t\t\t\t\t<\/a>\n\t\t\t\t\t<\/h3>\n\t\t\t\t\n\t\t\t\t\n\t\t\t<\/div>\n\t\t\t\n\t\t<\/div>\n\t\t\t\t\t\t<\/div>\n\t\t\t\t<\/div>\n\t\t\t\t\t<\/div>\n\t\t<\/div>\n\t\t\t\t<div class=\"elementor-column elementor-col-25 elementor-inner-column elementor-element elementor-element-783e509\" data-id=\"783e509\" data-element_type=\"column\" data-e-type=\"column\">\n\t\t\t<div class=\"elementor-widget-wrap elementor-element-populated\">\n\t\t\t\t\t\t<div class=\"elementor-element elementor-element-70c5158 elementor-view-default elementor-position-block-start elementor-mobile-position-block-start elementor-invisible elementor-widget elementor-widget-icon-box\" data-id=\"70c5158\" data-element_type=\"widget\" data-e-type=\"widget\" data-settings=\"{&quot;_animation&quot;:&quot;slideInDown&quot;}\" data-widget_type=\"icon-box.default\">\n\t\t\t\t<div class=\"elementor-widget-container\">\n\t\t\t\t\t\t\t<div class=\"elementor-icon-box-wrapper\">\n\n\t\t\t\t\t\t<div class=\"elementor-icon-box-icon\">\n\t\t\t\t<a href=\"https:\/\/www.uartes.edu.ec\/sitio\/la-universidad\/estudiantes\/academico\/titulacion\/\" class=\"elementor-icon\" tabindex=\"-1\" aria-label=\"Degree\">\n\t\t\t\t<svg aria-hidden=\"true\" class=\"e-font-icon-svg e-fas-graduation-cap\" viewbox=\"0 0 640 512\" xmlns=\"http:\/\/www.w3.org\/2000\/svg\"><path d=\"M622.34 153.2L343.4 67.5c-15.2-4.67-31.6-4.67-46.79 0L17.66 153.2c-23.54 7.23-23.54 38.36 0 45.59l48.63 14.94c-10.67 13.19-17.23 29.28-17.88 46.9C38.78 266.15 32 276.11 32 288c0 10.78 5.68 19.85 13.86 25.65L20.33 428.53C18.11 438.52 25.71 448 35.94 448h56.11c10.24 0 17.84-9.48 15.62-19.47L82.14 313.65C90.32 307.85 96 298.78 96 288c0-11.57-6.47-21.25-15.66-26.87.76-15.02 8.44-28.3 20.69-36.72L296.6 284.5c9.06 2.78 26.44 6.25 46.79 0l278.95-85.7c23.55-7.24 23.55-38.36 0-45.6zM352.79 315.09c-28.53 8.76-52.84 3.92-65.59 0l-145.02-44.55L128 384c0 35.35 85.96 64 192 64s192-28.65 192-64l-14.18-113.47-145.03 44.56z\"><\/path><\/svg>\t\t\t\t<\/a>\n\t\t\t<\/div>\n\t\t\t\n\t\t\t\t\t\t<div class=\"elementor-icon-box-content\">\n\n\t\t\t\t\t\t\t\t\t<h3 class=\"elementor-icon-box-title\">\n\t\t\t\t\t\t<a href=\"https:\/\/www.uartes.edu.ec\/sitio\/la-universidad\/estudiantes\/academico\/titulacion\/\" >\n\t\t\t\t\t\t\tDegree\t\t\t\t\t\t<\/a>\n\t\t\t\t\t<\/h3>\n\t\t\t\t\n\t\t\t\t\n\t\t\t<\/div>\n\t\t\t\n\t\t<\/div>\n\t\t\t\t\t\t<\/div>\n\t\t\t\t<\/div>\n\t\t\t\t\t<\/div>\n\t\t<\/div>\n\t\t\t\t<div class=\"elementor-column elementor-col-25 elementor-inner-column elementor-element elementor-element-eeeb10c\" data-id=\"eeeb10c\" data-element_type=\"column\" data-e-type=\"column\">\n\t\t\t<div class=\"elementor-widget-wrap elementor-element-populated\">\n\t\t\t\t\t\t<div class=\"elementor-element elementor-element-4b12b6a elementor-view-default elementor-position-block-start elementor-mobile-position-block-start elementor-invisible elementor-widget elementor-widget-icon-box\" data-id=\"4b12b6a\" data-element_type=\"widget\" data-e-type=\"widget\" data-settings=\"{&quot;_animation&quot;:&quot;slideInDown&quot;}\" data-widget_type=\"icon-box.default\">\n\t\t\t\t<div class=\"elementor-widget-container\">\n\t\t\t\t\t\t\t<div class=\"elementor-icon-box-wrapper\">\n\n\t\t\t\t\t\t<div class=\"elementor-icon-box-icon\">\n\t\t\t\t<a href=\"http:\/\/www.uartes.edu.ec\/sitio\/la-universidad\/estudiantes\/academico\/unidad-transversal\/\" class=\"elementor-icon\" tabindex=\"-1\" aria-label=\"Transversal Department\">\n\t\t\t\t<i aria-hidden=\"true\" class=\"hm hm-horizontal-timeline\"><\/i>\t\t\t\t<\/a>\n\t\t\t<\/div>\n\t\t\t\n\t\t\t\t\t\t<div class=\"elementor-icon-box-content\">\n\n\t\t\t\t\t\t\t\t\t<h3 class=\"elementor-icon-box-title\">\n\t\t\t\t\t\t<a href=\"http:\/\/www.uartes.edu.ec\/sitio\/la-universidad\/estudiantes\/academico\/unidad-transversal\/\" >\n\t\t\t\t\t\t\tTransversal Department\t\t\t\t\t\t<\/a>\n\t\t\t\t\t<\/h3>\n\t\t\t\t\n\t\t\t\t\n\t\t\t<\/div>\n\t\t\t\n\t\t<\/div>\n\t\t\t\t\t\t<\/div>\n\t\t\t\t<\/div>\n\t\t\t\t\t<\/div>\n\t\t<\/div>\n\t\t\t\t\t<\/div>\n\t\t<\/section>\n\t\t\t\t\t<\/div>\n\t\t<\/div>\n\t\t\t\t\t<\/div>\n\t\t<\/section>\n\t\t\t\t<section class=\"elementor-section elementor-top-section elementor-element elementor-element-33c09998 elementor-section-height-min-height elementor-section-stretched elementor-section-boxed elementor-section-height-default elementor-section-items-middle\" data-id=\"33c09998\" data-element_type=\"section\" data-e-type=\"section\" data-settings=\"{&quot;background_background&quot;:&quot;classic&quot;,&quot;stretch_section&quot;:&quot;section-stretched&quot;,&quot;_ha_eqh_enable&quot;:false}\">\n\t\t\t\t\t\t<div class=\"elementor-container elementor-column-gap-default\">\n\t\t\t\t\t<div class=\"elementor-column elementor-col-100 elementor-top-column elementor-element elementor-element-41127c60\" data-id=\"41127c60\" data-element_type=\"column\" data-e-type=\"column\">\n\t\t\t<div class=\"elementor-widget-wrap elementor-element-populated\">\n\t\t\t\t\t\t<div class=\"elementor-element elementor-element-a1c8b6d elementor-widget elementor-widget-heading\" data-id=\"a1c8b6d\" data-element_type=\"widget\" data-e-type=\"widget\" data-widget_type=\"heading.default\">\n\t\t\t\t<div class=\"elementor-widget-container\">\n\t\t\t\t\t<h2 class=\"elementor-heading-title elementor-size-large\">Vida Estudiantil<\/h2>\t\t\t\t<\/div>\n\t\t\t\t<\/div>\n\t\t\t\t<section class=\"elementor-section elementor-inner-section elementor-element elementor-element-231ec38 elementor-section-boxed elementor-section-height-default elementor-section-height-default\" data-id=\"231ec38\" data-element_type=\"section\" data-e-type=\"section\" data-settings=\"{&quot;_ha_eqh_enable&quot;:false}\">\n\t\t\t\t\t\t<div class=\"elementor-container elementor-column-gap-default\">\n\t\t\t\t\t<div class=\"elementor-column elementor-col-25 elementor-inner-column elementor-element elementor-element-62ed120\" data-id=\"62ed120\" data-element_type=\"column\" data-e-type=\"column\">\n\t\t\t<div class=\"elementor-widget-wrap elementor-element-populated\">\n\t\t\t\t\t\t<div class=\"elementor-element elementor-element-1efab51 elementor-view-default elementor-position-block-start elementor-mobile-position-block-start elementor-invisible elementor-widget elementor-widget-icon-box\" data-id=\"1efab51\" data-element_type=\"widget\" data-e-type=\"widget\" data-settings=\"{&quot;_animation&quot;:&quot;slideInUp&quot;}\" data-widget_type=\"icon-box.default\">\n\t\t\t\t<div class=\"elementor-widget-container\">\n\t\t\t\t\t\t\t<div class=\"elementor-icon-box-wrapper\">\n\n\t\t\t\t\t\t<div class=\"elementor-icon-box-icon\">\n\t\t\t\t<a href=\"http:\/\/www.uartes.edu.ec\/sitio\/la-universidad\/estudiantes\/vida-estudiantil\/guia-del-estudiante\/\" class=\"elementor-icon\" tabindex=\"-1\" aria-label=\"Student Guide\">\n\t\t\t\t<svg aria-hidden=\"true\" class=\"e-font-icon-svg e-fas-map-signs\" viewbox=\"0 0 512 512\" xmlns=\"http:\/\/www.w3.org\/2000\/svg\"><path d=\"M507.31 84.69L464 41.37c-6-6-14.14-9.37-22.63-9.37H288V16c0-8.84-7.16-16-16-16h-32c-8.84 0-16 7.16-16 16v16H56c-13.25 0-24 10.75-24 24v80c0 13.25 10.75 24 24 24h385.37c8.49 0 16.62-3.37 22.63-9.37l43.31-43.31c6.25-6.26 6.25-16.38 0-22.63zM224 496c0 8.84 7.16 16 16 16h32c8.84 0 16-7.16 16-16V384h-64v112zm232-272H288v-32h-64v32H70.63c-8.49 0-16.62 3.37-22.63 9.37L4.69 276.69c-6.25 6.25-6.25 16.38 0 22.63L48 342.63c6 6 14.14 9.37 22.63 9.37H456c13.25 0 24-10.75 24-24v-80c0-13.25-10.75-24-24-24z\"><\/path><\/svg>\t\t\t\t<\/a>\n\t\t\t<\/div>\n\t\t\t\n\t\t\t\t\t\t<div class=\"elementor-icon-box-content\">\n\n\t\t\t\t\t\t\t\t\t<h3 class=\"elementor-icon-box-title\">\n\t\t\t\t\t\t<a href=\"http:\/\/www.uartes.edu.ec\/sitio\/la-universidad\/estudiantes\/vida-estudiantil\/guia-del-estudiante\/\" >\n\t\t\t\t\t\t\tStudent Guide\t\t\t\t\t\t<\/a>\n\t\t\t\t\t<\/h3>\n\t\t\t\t\n\t\t\t\t\n\t\t\t<\/div>\n\t\t\t\n\t\t<\/div>\n\t\t\t\t\t\t<\/div>\n\t\t\t\t<\/div>\n\t\t\t\t\t<\/div>\n\t\t<\/div>\n\t\t\t\t<div class=\"elementor-column elementor-col-25 elementor-inner-column elementor-element elementor-element-a2a64ba\" data-id=\"a2a64ba\" data-element_type=\"column\" data-e-type=\"column\">\n\t\t\t<div class=\"elementor-widget-wrap elementor-element-populated\">\n\t\t\t\t\t\t<div class=\"elementor-element elementor-element-9ce8de5 elementor-view-default elementor-position-block-start elementor-mobile-position-block-start elementor-invisible elementor-widget elementor-widget-icon-box\" data-id=\"9ce8de5\" data-element_type=\"widget\" data-e-type=\"widget\" data-settings=\"{&quot;_animation&quot;:&quot;slideInUp&quot;}\" data-widget_type=\"icon-box.default\">\n\t\t\t\t<div class=\"elementor-widget-container\">\n\t\t\t\t\t\t\t<div class=\"elementor-icon-box-wrapper\">\n\n\t\t\t\t\t\t<div class=\"elementor-icon-box-icon\">\n\t\t\t\t<a href=\"http:\/\/www.uartes.edu.ec\/sitio\/la-universidad\/estudiantes\/vida-estudiantil\/pasantias\/\" class=\"elementor-icon\" tabindex=\"-1\" aria-label=\"Internships\">\n\t\t\t\t<svg aria-hidden=\"true\" class=\"e-font-icon-svg e-fas-user-tie\" viewbox=\"0 0 448 512\" xmlns=\"http:\/\/www.w3.org\/2000\/svg\"><path d=\"M224 256c70.7 0 128-57.3 128-128S294.7 0 224 0 96 57.3 96 128s57.3 128 128 128zm95.8 32.6L272 480l-32-136 32-56h-96l32 56-32 136-47.8-191.4C56.9 292 0 350.3 0 422.4V464c0 26.5 21.5 48 48 48h352c26.5 0 48-21.5 48-48v-41.6c0-72.1-56.9-130.4-128.2-133.8z\"><\/path><\/svg>\t\t\t\t<\/a>\n\t\t\t<\/div>\n\t\t\t\n\t\t\t\t\t\t<div class=\"elementor-icon-box-content\">\n\n\t\t\t\t\t\t\t\t\t<h3 class=\"elementor-icon-box-title\">\n\t\t\t\t\t\t<a href=\"http:\/\/www.uartes.edu.ec\/sitio\/la-universidad\/estudiantes\/vida-estudiantil\/pasantias\/\" >\n\t\t\t\t\t\t\tInternships\t\t\t\t\t\t<\/a>\n\t\t\t\t\t<\/h3>\n\t\t\t\t\n\t\t\t\t\n\t\t\t<\/div>\n\t\t\t\n\t\t<\/div>\n\t\t\t\t\t\t<\/div>\n\t\t\t\t<\/div>\n\t\t\t\t\t<\/div>\n\t\t<\/div>\n\t\t\t\t<div class=\"elementor-column elementor-col-25 elementor-inner-column elementor-element elementor-element-01d7c27\" data-id=\"01d7c27\" data-element_type=\"column\" data-e-type=\"column\">\n\t\t\t<div class=\"elementor-widget-wrap elementor-element-populated\">\n\t\t\t\t\t\t<div class=\"elementor-element elementor-element-e75e5aa elementor-view-default elementor-position-block-start elementor-mobile-position-block-start elementor-invisible elementor-widget elementor-widget-icon-box\" data-id=\"e75e5aa\" data-element_type=\"widget\" data-e-type=\"widget\" data-settings=\"{&quot;_animation&quot;:&quot;slideInUp&quot;}\" data-widget_type=\"icon-box.default\">\n\t\t\t\t<div class=\"elementor-widget-container\">\n\t\t\t\t\t\t\t<div class=\"elementor-icon-box-wrapper\">\n\n\t\t\t\t\t\t<div class=\"elementor-icon-box-icon\">\n\t\t\t\t<a href=\"http:\/\/www.uartes.edu.ec\/sitio\/la-universidad\/estudiantes\/vida-estudiantil\/seguro-de-vida-y-accidentes\/\" class=\"elementor-icon\" tabindex=\"-1\" aria-label=\"Life and Accident Insurance\">\n\t\t\t\t<svg aria-hidden=\"true\" class=\"e-font-icon-svg e-fas-user-shield\" viewbox=\"0 0 640 512\" xmlns=\"http:\/\/www.w3.org\/2000\/svg\"><path d=\"M622.3 271.1l-115.2-45c-4.1-1.6-12.6-3.7-22.2 0l-115.2 45c-10.7 4.2-17.7 14-17.7 24.9 0 111.6 68.7 188.8 132.9 213.9 9.6 3.7 18 1.6 22.2 0C558.4 489.9 640 420.5 640 296c0-10.9-7-20.7-17.7-24.9zM496 462.4V273.3l95.5 37.3c-5.6 87.1-60.9 135.4-95.5 151.8zM224 256c70.7 0 128-57.3 128-128S294.7 0 224 0 96 57.3 96 128s57.3 128 128 128zm96 40c0-2.5.8-4.8 1.1-7.2-2.5-.1-4.9-.8-7.5-.8h-16.7c-22.2 10.2-46.9 16-72.9 16s-50.6-5.8-72.9-16h-16.7C60.2 288 0 348.2 0 422.4V464c0 26.5 21.5 48 48 48h352c6.8 0 13.3-1.5 19.2-4-54-42.9-99.2-116.7-99.2-212z\"><\/path><\/svg>\t\t\t\t<\/a>\n\t\t\t<\/div>\n\t\t\t\n\t\t\t\t\t\t<div class=\"elementor-icon-box-content\">\n\n\t\t\t\t\t\t\t\t\t<h3 class=\"elementor-icon-box-title\">\n\t\t\t\t\t\t<a href=\"http:\/\/www.uartes.edu.ec\/sitio\/la-universidad\/estudiantes\/vida-estudiantil\/seguro-de-vida-y-accidentes\/\" >\n\t\t\t\t\t\t\tLife and Accident Insurance\t\t\t\t\t\t<\/a>\n\t\t\t\t\t<\/h3>\n\t\t\t\t\n\t\t\t\t\n\t\t\t<\/div>\n\t\t\t\n\t\t<\/div>\n\t\t\t\t\t\t<\/div>\n\t\t\t\t<\/div>\n\t\t\t\t\t<\/div>\n\t\t<\/div>\n\t\t\t\t<div class=\"elementor-column elementor-col-25 elementor-inner-column elementor-element elementor-element-8af24f6\" data-id=\"8af24f6\" data-element_type=\"column\" data-e-type=\"column\">\n\t\t\t<div class=\"elementor-widget-wrap elementor-element-populated\">\n\t\t\t\t\t\t<div class=\"elementor-element elementor-element-1786baa elementor-view-default elementor-position-block-start elementor-mobile-position-block-start elementor-invisible elementor-widget elementor-widget-icon-box\" data-id=\"1786baa\" data-element_type=\"widget\" data-e-type=\"widget\" data-settings=\"{&quot;_animation&quot;:&quot;slideInUp&quot;}\" data-widget_type=\"icon-box.default\">\n\t\t\t\t<div class=\"elementor-widget-container\">\n\t\t\t\t\t\t\t<div class=\"elementor-icon-box-wrapper\">\n\n\t\t\t\t\t\t<div class=\"elementor-icon-box-icon\">\n\t\t\t\t<a href=\"http:\/\/www.uartes.edu.ec\/sitio\/la-universidad\/estudiantes\/vida-estudiantil\/becas\/\" class=\"elementor-icon\" tabindex=\"-1\" aria-label=\"Scholarships\">\n\t\t\t\t<svg aria-hidden=\"true\" class=\"e-font-icon-svg e-fas-money-check-alt\" viewbox=\"0 0 640 512\" xmlns=\"http:\/\/www.w3.org\/2000\/svg\"><path d=\"M608 32H32C14.33 32 0 46.33 0 64v384c0 17.67 14.33 32 32 32h576c17.67 0 32-14.33 32-32V64c0-17.67-14.33-32-32-32zM176 327.88V344c0 4.42-3.58 8-8 8h-16c-4.42 0-8-3.58-8-8v-16.29c-11.29-.58-22.27-4.52-31.37-11.35-3.9-2.93-4.1-8.77-.57-12.14l11.75-11.21c2.77-2.64 6.89-2.76 10.13-.73 3.87 2.42 8.26 3.72 12.82 3.72h28.11c6.5 0 11.8-5.92 11.8-13.19 0-5.95-3.61-11.19-8.77-12.73l-45-13.5c-18.59-5.58-31.58-23.42-31.58-43.39 0-24.52 19.05-44.44 42.67-45.07V152c0-4.42 3.58-8 8-8h16c4.42 0 8 3.58 8 8v16.29c11.29.58 22.27 4.51 31.37 11.35 3.9 2.93 4.1 8.77.57 12.14l-11.75 11.21c-2.77 2.64-6.89 2.76-10.13.73-3.87-2.43-8.26-3.72-12.82-3.72h-28.11c-6.5 0-11.8 5.92-11.8 13.19 0 5.95 3.61 11.19 8.77 12.73l45 13.5c18.59 5.58 31.58 23.42 31.58 43.39 0 24.53-19.05 44.44-42.67 45.07zM416 312c0 4.42-3.58 8-8 8H296c-4.42 0-8-3.58-8-8v-16c0-4.42 3.58-8 8-8h112c4.42 0 8 3.58 8 8v16zm160 0c0 4.42-3.58 8-8 8h-80c-4.42 0-8-3.58-8-8v-16c0-4.42 3.58-8 8-8h80c4.42 0 8 3.58 8 8v16zm0-96c0 4.42-3.58 8-8 8H296c-4.42 0-8-3.58-8-8v-16c0-4.42 3.58-8 8-8h272c4.42 0 8 3.58 8 8v16z\"><\/path><\/svg>\t\t\t\t<\/a>\n\t\t\t<\/div>\n\t\t\t\n\t\t\t\t\t\t<div class=\"elementor-icon-box-content\">\n\n\t\t\t\t\t\t\t\t\t<h3 class=\"elementor-icon-box-title\">\n\t\t\t\t\t\t<a href=\"http:\/\/www.uartes.edu.ec\/sitio\/la-universidad\/estudiantes\/vida-estudiantil\/becas\/\" >\n\t\t\t\t\t\t\tScholarships\t\t\t\t\t\t<\/a>\n\t\t\t\t\t<\/h3>\n\t\t\t\t\n\t\t\t\t\n\t\t\t<\/div>\n\t\t\t\n\t\t<\/div>\n\t\t\t\t\t\t<\/div>\n\t\t\t\t<\/div>\n\t\t\t\t\t<\/div>\n\t\t<\/div>\n\t\t\t\t\t<\/div>\n\t\t<\/section>\n\t\t\t\t<section class=\"elementor-section elementor-inner-section elementor-element elementor-element-5bdcd7f elementor-section-boxed elementor-section-height-default elementor-section-height-default\" data-id=\"5bdcd7f\" data-element_type=\"section\" data-e-type=\"section\" data-settings=\"{&quot;_ha_eqh_enable&quot;:false}\">\n\t\t\t\t\t\t<div class=\"elementor-container elementor-column-gap-default\">\n\t\t\t\t\t<div class=\"elementor-column elementor-col-25 elementor-inner-column elementor-element elementor-element-5538487\" data-id=\"5538487\" data-element_type=\"column\" data-e-type=\"column\">\n\t\t\t<div class=\"elementor-widget-wrap elementor-element-populated\">\n\t\t\t\t\t\t<div class=\"elementor-element elementor-element-3904fb4 elementor-view-default elementor-position-block-start elementor-mobile-position-block-start elementor-invisible elementor-widget elementor-widget-icon-box\" data-id=\"3904fb4\" data-element_type=\"widget\" data-e-type=\"widget\" data-settings=\"{&quot;_animation&quot;:&quot;slideInUp&quot;}\" data-widget_type=\"icon-box.default\">\n\t\t\t\t<div class=\"elementor-widget-container\">\n\t\t\t\t\t\t\t<div class=\"elementor-icon-box-wrapper\">\n\n\t\t\t\t\t\t<div class=\"elementor-icon-box-icon\">\n\t\t\t\t<a href=\"http:\/\/www.uartes.edu.ec\/sitio\/la-universidad\/estudiantes\/vida-estudiantil\/mesa-de-genero\/\" class=\"elementor-icon\" tabindex=\"-1\" aria-label=\"Gender Desk\">\n\t\t\t\t<svg aria-hidden=\"true\" class=\"e-font-icon-svg e-fas-genderless\" viewbox=\"0 0 288 512\" xmlns=\"http:\/\/www.w3.org\/2000\/svg\"><path d=\"M144 176c44.1 0 80 35.9 80 80s-35.9 80-80 80-80-35.9-80-80 35.9-80 80-80m0-64C64.5 112 0 176.5 0 256s64.5 144 144 144 144-64.5 144-144-64.5-144-144-144z\"><\/path><\/svg>\t\t\t\t<\/a>\n\t\t\t<\/div>\n\t\t\t\n\t\t\t\t\t\t<div class=\"elementor-icon-box-content\">\n\n\t\t\t\t\t\t\t\t\t<h3 class=\"elementor-icon-box-title\">\n\t\t\t\t\t\t<a href=\"http:\/\/www.uartes.edu.ec\/sitio\/la-universidad\/estudiantes\/vida-estudiantil\/mesa-de-genero\/\" >\n\t\t\t\t\t\t\tGender Desk\t\t\t\t\t\t<\/a>\n\t\t\t\t\t<\/h3>\n\t\t\t\t\n\t\t\t\t\n\t\t\t<\/div>\n\t\t\t\n\t\t<\/div>\n\t\t\t\t\t\t<\/div>\n\t\t\t\t<\/div>\n\t\t\t\t\t<\/div>\n\t\t<\/div>\n\t\t\t\t<div class=\"elementor-column elementor-col-25 elementor-inner-column elementor-element elementor-element-b62a223\" data-id=\"b62a223\" data-element_type=\"column\" data-e-type=\"column\">\n\t\t\t<div class=\"elementor-widget-wrap elementor-element-populated\">\n\t\t\t\t\t\t<div class=\"elementor-element elementor-element-fe6b7fe elementor-view-default elementor-position-block-start elementor-mobile-position-block-start elementor-invisible elementor-widget elementor-widget-icon-box\" data-id=\"fe6b7fe\" data-element_type=\"widget\" data-e-type=\"widget\" data-settings=\"{&quot;_animation&quot;:&quot;slideInUp&quot;}\" data-widget_type=\"icon-box.default\">\n\t\t\t\t<div class=\"elementor-widget-container\">\n\t\t\t\t\t\t\t<div class=\"elementor-icon-box-wrapper\">\n\n\t\t\t\t\t\t<div class=\"elementor-icon-box-icon\">\n\t\t\t\t<a href=\"http:\/\/www.uartes.edu.ec\/sitio\/la-universidad\/estudiantes\/vida-estudiantil\/solicitudes\/\" class=\"elementor-icon\" tabindex=\"-1\" aria-label=\"Applications\">\n\t\t\t\t<svg aria-hidden=\"true\" class=\"e-font-icon-svg e-fab-wpforms\" viewbox=\"0 0 448 512\" xmlns=\"http:\/\/www.w3.org\/2000\/svg\"><path d=\"M448 75.2v361.7c0 24.3-19 43.2-43.2 43.2H43.2C19.3 480 0 461.4 0 436.8V75.2C0 51.1 18.8 32 43.2 32h361.7c24 0 43.1 18.8 43.1 43.2zm-37.3 361.6V75.2c0-3-2.6-5.8-5.8-5.8h-9.3L285.3 144 224 94.1 162.8 144 52.5 69.3h-9.3c-3.2 0-5.8 2.8-5.8 5.8v361.7c0 3 2.6 5.8 5.8 5.8h361.7c3.2.1 5.8-2.7 5.8-5.8zM150.2 186v37H76.7v-37h73.5zm0 74.4v37.3H76.7v-37.3h73.5zm11.1-147.3l54-43.7H96.8l64.5 43.7zm210 72.9v37h-196v-37h196zm0 74.4v37.3h-196v-37.3h196zm-84.6-147.3l64.5-43.7H232.8l53.9 43.7zM371.3 335v37.3h-99.4V335h99.4z\"><\/path><\/svg>\t\t\t\t<\/a>\n\t\t\t<\/div>\n\t\t\t\n\t\t\t\t\t\t<div class=\"elementor-icon-box-content\">\n\n\t\t\t\t\t\t\t\t\t<h3 class=\"elementor-icon-box-title\">\n\t\t\t\t\t\t<a href=\"http:\/\/www.uartes.edu.ec\/sitio\/la-universidad\/estudiantes\/vida-estudiantil\/solicitudes\/\" >\n\t\t\t\t\t\t\tApplications\t\t\t\t\t\t<\/a>\n\t\t\t\t\t<\/h3>\n\t\t\t\t\n\t\t\t\t\n\t\t\t<\/div>\n\t\t\t\n\t\t<\/div>\n\t\t\t\t\t\t<\/div>\n\t\t\t\t<\/div>\n\t\t\t\t\t<\/div>\n\t\t<\/div>\n\t\t\t\t<div class=\"elementor-column elementor-col-25 elementor-inner-column elementor-element elementor-element-571afa4\" data-id=\"571afa4\" data-element_type=\"column\" data-e-type=\"column\">\n\t\t\t<div class=\"elementor-widget-wrap elementor-element-populated\">\n\t\t\t\t\t\t<div class=\"elementor-element elementor-element-c4876a3 elementor-view-default elementor-position-block-start elementor-mobile-position-block-start elementor-invisible elementor-widget elementor-widget-icon-box\" data-id=\"c4876a3\" data-element_type=\"widget\" data-e-type=\"widget\" data-settings=\"{&quot;_animation&quot;:&quot;slideInUp&quot;}\" data-widget_type=\"icon-box.default\">\n\t\t\t\t<div class=\"elementor-widget-container\">\n\t\t\t\t\t\t\t<div class=\"elementor-icon-box-wrapper\">\n\n\t\t\t\t\t\t<div class=\"elementor-icon-box-icon\">\n\t\t\t\t<a href=\"http:\/\/www.uartes.edu.ec\/sitio\/la-universidad\/estudiantes\/vida-estudiantil\/normativa\/\" class=\"elementor-icon\" tabindex=\"-1\" aria-label=\"Regulations\">\n\t\t\t\t<svg aria-hidden=\"true\" class=\"e-font-icon-svg e-fas-balance-scale\" viewbox=\"0 0 640 512\" xmlns=\"http:\/\/www.w3.org\/2000\/svg\"><path d=\"M256 336h-.02c0-16.18 1.34-8.73-85.05-181.51-17.65-35.29-68.19-35.36-85.87 0C-2.06 328.75.02 320.33.02 336H0c0 44.18 57.31 80 128 80s128-35.82 128-80zM128 176l72 144H56l72-144zm511.98 160c0-16.18 1.34-8.73-85.05-181.51-17.65-35.29-68.19-35.36-85.87 0-87.12 174.26-85.04 165.84-85.04 181.51H384c0 44.18 57.31 80 128 80s128-35.82 128-80h-.02zM440 320l72-144 72 144H440zm88 128H352V153.25c23.51-10.29 41.16-31.48 46.39-57.25H528c8.84 0 16-7.16 16-16V48c0-8.84-7.16-16-16-16H383.64C369.04 12.68 346.09 0 320 0s-49.04 12.68-63.64 32H112c-8.84 0-16 7.16-16 16v32c0 8.84 7.16 16 16 16h129.61c5.23 25.76 22.87 46.96 46.39 57.25V448H112c-8.84 0-16 7.16-16 16v32c0 8.84 7.16 16 16 16h416c8.84 0 16-7.16 16-16v-32c0-8.84-7.16-16-16-16z\"><\/path><\/svg>\t\t\t\t<\/a>\n\t\t\t<\/div>\n\t\t\t\n\t\t\t\t\t\t<div class=\"elementor-icon-box-content\">\n\n\t\t\t\t\t\t\t\t\t<h3 class=\"elementor-icon-box-title\">\n\t\t\t\t\t\t<a href=\"http:\/\/www.uartes.edu.ec\/sitio\/la-universidad\/estudiantes\/vida-estudiantil\/normativa\/\" >\n\t\t\t\t\t\t\tRegulations\t\t\t\t\t\t<\/a>\n\t\t\t\t\t<\/h3>\n\t\t\t\t\n\t\t\t\t\n\t\t\t<\/div>\n\t\t\t\n\t\t<\/div>\n\t\t\t\t\t\t<\/div>\n\t\t\t\t<\/div>\n\t\t\t\t\t<\/div>\n\t\t<\/div>\n\t\t\t\t<div class=\"elementor-column elementor-col-25 elementor-inner-column elementor-element elementor-element-c42b331\" data-id=\"c42b331\" data-element_type=\"column\" data-e-type=\"column\">\n\t\t\t<div class=\"elementor-widget-wrap elementor-element-populated\">\n\t\t\t\t\t\t<div class=\"elementor-element elementor-element-9f75ac0 elementor-view-default elementor-position-block-start elementor-mobile-position-block-start elementor-invisible elementor-widget elementor-widget-icon-box\" data-id=\"9f75ac0\" data-element_type=\"widget\" data-e-type=\"widget\" data-settings=\"{&quot;_animation&quot;:&quot;slideInUp&quot;}\" data-widget_type=\"icon-box.default\">\n\t\t\t\t<div class=\"elementor-widget-container\">\n\t\t\t\t\t\t\t<div class=\"elementor-icon-box-wrapper\">\n\n\t\t\t\t\t\t<div class=\"elementor-icon-box-icon\">\n\t\t\t\t<a href=\"http:\/\/www.uartes.edu.ec\/sitio\/la-universidad\/estudiantes\/vida-estudiantil\/convenios\/\" class=\"elementor-icon\" tabindex=\"-1\" aria-label=\"Agreements\">\n\t\t\t\t<svg aria-hidden=\"true\" class=\"e-font-icon-svg e-fas-handshake\" viewbox=\"0 0 640 512\" xmlns=\"http:\/\/www.w3.org\/2000\/svg\"><path d=\"M434.7 64h-85.9c-8 0-15.7 3-21.6 8.4l-98.3 90c-.1.1-.2.3-.3.4-16.6 15.6-16.3 40.5-2.1 56 12.7 13.9 39.4 17.6 56.1 2.7.1-.1.3-.1.4-.2l79.9-73.2c6.5-5.9 16.7-5.5 22.6 1 6 6.5 5.5 16.6-1 22.6l-26.1 23.9L504 313.8c2.9 2.4 5.5 5 7.9 7.7V128l-54.6-54.6c-5.9-6-14.1-9.4-22.6-9.4zM544 128.2v223.9c0 17.7 14.3 32 32 32h64V128.2h-96zm48 223.9c-8.8 0-16-7.2-16-16s7.2-16 16-16 16 7.2 16 16-7.2 16-16 16zM0 384h64c17.7 0 32-14.3 32-32V128.2H0V384zm48-63.9c8.8 0 16 7.2 16 16s-7.2 16-16 16-16-7.2-16-16c0-8.9 7.2-16 16-16zm435.9 18.6L334.6 217.5l-30 27.5c-29.7 27.1-75.2 24.5-101.7-4.4-26.9-29.4-24.8-74.9 4.4-101.7L289.1 64h-83.8c-8.5 0-16.6 3.4-22.6 9.4L128 128v223.9h18.3l90.5 81.9c27.4 22.3 67.7 18.1 90-9.3l.2-.2 17.9 15.5c15.9 13 39.4 10.5 52.3-5.4l31.4-38.6 5.4 4.4c13.7 11.1 33.9 9.1 45-4.7l9.5-11.7c11.2-13.8 9.1-33.9-4.6-45.1z\"><\/path><\/svg>\t\t\t\t<\/a>\n\t\t\t<\/div>\n\t\t\t\n\t\t\t\t\t\t<div class=\"elementor-icon-box-content\">\n\n\t\t\t\t\t\t\t\t\t<h3 class=\"elementor-icon-box-title\">\n\t\t\t\t\t\t<a href=\"http:\/\/www.uartes.edu.ec\/sitio\/la-universidad\/estudiantes\/vida-estudiantil\/convenios\/\" >\n\t\t\t\t\t\t\tAgreements\t\t\t\t\t\t<\/a>\n\t\t\t\t\t<\/h3>\n\t\t\t\t\n\t\t\t\t\n\t\t\t<\/div>\n\t\t\t\n\t\t<\/div>\n\t\t\t\t\t\t<\/div>\n\t\t\t\t<\/div>\n\t\t\t\t\t<\/div>\n\t\t<\/div>\n\t\t\t\t\t<\/div>\n\t\t<\/section>\n\t\t\t\t\t<\/div>\n\t\t<\/div>\n\t\t\t\t\t<\/div>\n\t\t<\/section>\n\t\t\t\t<section class=\"elementor-section elementor-top-section elementor-element elementor-element-9d9d614 elementor-section-stretched elementor-section-boxed elementor-section-height-default elementor-section-height-default\" data-id=\"9d9d614\" data-element_type=\"section\" data-e-type=\"section\" data-settings=\"{&quot;stretch_section&quot;:&quot;section-stretched&quot;,&quot;background_background&quot;:&quot;classic&quot;,&quot;_ha_eqh_enable&quot;:false}\">\n\t\t\t\t\t\t<div class=\"elementor-container elementor-column-gap-default\">\n\t\t\t\t\t<div class=\"elementor-column elementor-col-100 elementor-top-column elementor-element elementor-element-1b47447\" data-id=\"1b47447\" data-element_type=\"column\" data-e-type=\"column\">\n\t\t\t<div class=\"elementor-widget-wrap elementor-element-populated\">\n\t\t\t\t\t\t<div class=\"elementor-element elementor-element-cd688a9 elementor-widget elementor-widget-heading\" data-id=\"cd688a9\" data-element_type=\"widget\" data-e-type=\"widget\" data-widget_type=\"heading.default\">\n\t\t\t\t<div class=\"elementor-widget-container\">\n\t\t\t\t\t<h2 class=\"elementor-heading-title elementor-size-large\">Noticias<\/h2>\t\t\t\t<\/div>\n\t\t\t\t<\/div>\n\t\t\t\t<div class=\"elementor-element elementor-element-31046d6 elementor-grid-3 elementor-grid-tablet-2 elementor-grid-mobile-1 elementor-posts--thumbnail-top elementor-widget elementor-widget-posts\" data-id=\"31046d6\" data-element_type=\"widget\" data-e-type=\"widget\" data-settings=\"{&quot;classic_columns&quot;:&quot;3&quot;,&quot;classic_columns_tablet&quot;:&quot;2&quot;,&quot;classic_columns_mobile&quot;:&quot;1&quot;,&quot;classic_row_gap&quot;:{&quot;unit&quot;:&quot;px&quot;,&quot;size&quot;:35,&quot;sizes&quot;:[]},&quot;classic_row_gap_tablet&quot;:{&quot;unit&quot;:&quot;px&quot;,&quot;size&quot;:&quot;&quot;,&quot;sizes&quot;:[]},&quot;classic_row_gap_mobile&quot;:{&quot;unit&quot;:&quot;px&quot;,&quot;size&quot;:&quot;&quot;,&quot;sizes&quot;:[]}}\" data-widget_type=\"posts.classic\">\n\t\t\t\t<div class=\"elementor-widget-container\">\n\t\t\t\t\t\t\t<div class=\"elementor-posts-container elementor-posts elementor-posts--skin-classic elementor-grid\" role=\"list\">\n\t\t\t\t<article class=\"elementor-post elementor-grid-item post-90029 post type-post status-publish format-standard has-post-thumbnail hentry category-academico category-artes category-artes-sonoras category-docentes category-estudiantes category-sedes tag-encuentro\" role=\"listitem\">\n\t\t\t\t<a class=\"elementor-post__thumbnail__link\" href=\"https:\/\/www.uartes.edu.ec\/sitio\/en\/blog\/2026\/04\/29\/baterista-mark-walker-dara-masterclass-en-las-jornadas-de-catedras-vivas-percusion-de-la-escuela-de-artes-sonoras\/\" tabindex=\"-1\" >\n\t\t\t<div class=\"elementor-post__thumbnail\"><img fetchpriority=\"high\" decoding=\"async\" width=\"300\" height=\"200\" src=\"https:\/\/www.uartes.edu.ec\/sitio\/wp-content\/uploads\/2026\/04\/Proyecto-Cambiar-tamano-de-imagen-2026-04-29T124638.562-300x200.jpeg\" class=\"attachment-medium size-medium wp-image-90052\" alt=\"\" srcset=\"https:\/\/www.uartes.edu.ec\/sitio\/wp-content\/uploads\/2026\/04\/Proyecto-Cambiar-tamano-de-imagen-2026-04-29T124638.562-300x200.jpeg 300w, https:\/\/www.uartes.edu.ec\/sitio\/wp-content\/uploads\/2026\/04\/Proyecto-Cambiar-tamano-de-imagen-2026-04-29T124638.562-644x429.jpeg 644w, https:\/\/www.uartes.edu.ec\/sitio\/wp-content\/uploads\/2026\/04\/Proyecto-Cambiar-tamano-de-imagen-2026-04-29T124638.562-768x512.jpeg 768w, https:\/\/www.uartes.edu.ec\/sitio\/wp-content\/uploads\/2026\/04\/Proyecto-Cambiar-tamano-de-imagen-2026-04-29T124638.562-1536x1024.jpeg 1536w, https:\/\/www.uartes.edu.ec\/sitio\/wp-content\/uploads\/2026\/04\/Proyecto-Cambiar-tamano-de-imagen-2026-04-29T124638.562-18x12.jpeg 18w, https:\/\/www.uartes.edu.ec\/sitio\/wp-content\/uploads\/2026\/04\/Proyecto-Cambiar-tamano-de-imagen-2026-04-29T124638.562-600x400.jpeg 600w, https:\/\/www.uartes.edu.ec\/sitio\/wp-content\/uploads\/2026\/04\/Proyecto-Cambiar-tamano-de-imagen-2026-04-29T124638.562-400x267.jpeg 400w, https:\/\/www.uartes.edu.ec\/sitio\/wp-content\/uploads\/2026\/04\/Proyecto-Cambiar-tamano-de-imagen-2026-04-29T124638.562.jpeg 2000w\" sizes=\"(max-width: 300px) 100vw, 300px\" \/><\/div>\n\t\t<\/a>\n\t\t\t\t<div class=\"elementor-post__text\">\n\t\t\t\t<h3 class=\"elementor-post__title\">\n\t\t\t<a href=\"https:\/\/www.uartes.edu.ec\/sitio\/en\/blog\/2026\/04\/29\/baterista-mark-walker-dara-masterclass-en-las-jornadas-de-catedras-vivas-percusion-de-la-escuela-de-artes-sonoras\/\" >\n\t\t\t\tBaterista Mark Walker dar\u00e1 masterclass en jornadas \u201cC\u00e1tedras Vivas: Percusi\u00f3n\u201d\t\t\t<\/a>\n\t\t<\/h3>\n\t\t\t\t<div class=\"elementor-post__meta-data\">\n\t\t\t\t\t<span class=\"elementor-post-date\">\n\t\t\t29 April 2026\t\t<\/span>\n\t\t\t\t<\/div>\n\t\t\t\t<div class=\"elementor-post__excerpt\">\n\t\t\t<p>La Universidad de las Artes, en el marco de sus jornadas de \u201cC\u00e1tedras Vivas: Percusi\u00f3n\u201d, impulsa un espacio de encuentro entre estudiantes, docentes y profesionales de la percusi\u00f3n, con el prop\u00f3sito de fortalecer el aprendizaje en contexto real, el intercambio de saberes y la conexi\u00f3n entre distintas generaciones de m\u00fasicos. Como parte de esta iniciativa, el 4 y 5 de mayo habr\u00e1 masterclasses de m\u00fasicos locales, di\u00e1logos y la participaci\u00f3n del reconocido baterista Mark Walker.<\/p>\n\t\t<\/div>\n\t\t\n\t\t<a class=\"elementor-post__read-more\" href=\"https:\/\/www.uartes.edu.ec\/sitio\/en\/blog\/2026\/04\/29\/baterista-mark-walker-dara-masterclass-en-las-jornadas-de-catedras-vivas-percusion-de-la-escuela-de-artes-sonoras\/\" aria-label=\"Read more about Baterista Mark Walker dar\u00e1 masterclass en jornadas \u201cC\u00e1tedras Vivas: Percusi\u00f3n\u201d\" tabindex=\"-1\" >\n\t\t\tRead more \u00bb\t\t<\/a>\n\n\t\t\t\t<\/div>\n\t\t\t\t<\/article>\n\t\t\t\t<article class=\"elementor-post elementor-grid-item post-89998 post type-post status-publish format-standard has-post-thumbnail hentry category-administrativos category-docentes category-estudiantes category-sedes tag-encuentro\" role=\"listitem\">\n\t\t\t\t<a class=\"elementor-post__thumbnail__link\" href=\"https:\/\/www.uartes.edu.ec\/sitio\/en\/blog\/2026\/04\/28\/en-la-uartes-hubo-charlas-informativas-sobre-prevencion-de-estres-laboral-y-una-feria-de-seguridad-y-salud\/\" tabindex=\"-1\" >\n\t\t\t<div class=\"elementor-post__thumbnail\"><img decoding=\"async\" width=\"300\" height=\"200\" src=\"https:\/\/www.uartes.edu.ec\/sitio\/wp-content\/uploads\/2026\/04\/Proyecto-Cambiar-tamano-de-imagen-2026-04-29T112547.447-300x200.jpeg\" class=\"attachment-medium size-medium wp-image-90000\" alt=\"\" srcset=\"https:\/\/www.uartes.edu.ec\/sitio\/wp-content\/uploads\/2026\/04\/Proyecto-Cambiar-tamano-de-imagen-2026-04-29T112547.447-300x200.jpeg 300w, https:\/\/www.uartes.edu.ec\/sitio\/wp-content\/uploads\/2026\/04\/Proyecto-Cambiar-tamano-de-imagen-2026-04-29T112547.447-644x429.jpeg 644w, https:\/\/www.uartes.edu.ec\/sitio\/wp-content\/uploads\/2026\/04\/Proyecto-Cambiar-tamano-de-imagen-2026-04-29T112547.447-768x512.jpeg 768w, https:\/\/www.uartes.edu.ec\/sitio\/wp-content\/uploads\/2026\/04\/Proyecto-Cambiar-tamano-de-imagen-2026-04-29T112547.447-1536x1024.jpeg 1536w, https:\/\/www.uartes.edu.ec\/sitio\/wp-content\/uploads\/2026\/04\/Proyecto-Cambiar-tamano-de-imagen-2026-04-29T112547.447-18x12.jpeg 18w, https:\/\/www.uartes.edu.ec\/sitio\/wp-content\/uploads\/2026\/04\/Proyecto-Cambiar-tamano-de-imagen-2026-04-29T112547.447-600x400.jpeg 600w, https:\/\/www.uartes.edu.ec\/sitio\/wp-content\/uploads\/2026\/04\/Proyecto-Cambiar-tamano-de-imagen-2026-04-29T112547.447-400x267.jpeg 400w, https:\/\/www.uartes.edu.ec\/sitio\/wp-content\/uploads\/2026\/04\/Proyecto-Cambiar-tamano-de-imagen-2026-04-29T112547.447.jpeg 2000w\" sizes=\"(max-width: 300px) 100vw, 300px\" \/><\/div>\n\t\t<\/a>\n\t\t\t\t<div class=\"elementor-post__text\">\n\t\t\t\t<h3 class=\"elementor-post__title\">\n\t\t\t<a href=\"https:\/\/www.uartes.edu.ec\/sitio\/en\/blog\/2026\/04\/28\/en-la-uartes-hubo-charlas-informativas-sobre-prevencion-de-estres-laboral-y-una-feria-de-seguridad-y-salud\/\" >\n\t\t\t\tEn la UArtes hubo charlas informativas sobre prevenci\u00f3n de estr\u00e9s laboral y una feria acerca de seguridad y salud\t\t\t<\/a>\n\t\t<\/h3>\n\t\t\t\t<div class=\"elementor-post__meta-data\">\n\t\t\t\t\t<span class=\"elementor-post-date\">\n\t\t\t28 April 2026\t\t<\/span>\n\t\t\t\t<\/div>\n\t\t\t\t<div class=\"elementor-post__excerpt\">\n\t\t\t<p>Con charlas sobre \u201cSalud mental y prevenci\u00f3n de estr\u00e9s laboral\u201d y una feria donde se brind\u00f3 informaci\u00f3n acerca de seguridad y salud, la Direcci\u00f3n de Talento Humano de la Universidad de las Artes se prepar\u00f3 y vivi\u00f3 el D\u00eda Mundial de la Seguridad y la Salud, el cual se celebra cada 28 de abril. Omar Ben\u00edtez, analista de SSO, da los detalles de ambas actividades cumplidas entre ayer y hoy, y que incluso tendr\u00e1 una r\u00e9plica ma\u00f1ana.<\/p>\n\t\t<\/div>\n\t\t\n\t\t<a class=\"elementor-post__read-more\" href=\"https:\/\/www.uartes.edu.ec\/sitio\/en\/blog\/2026\/04\/28\/en-la-uartes-hubo-charlas-informativas-sobre-prevencion-de-estres-laboral-y-una-feria-de-seguridad-y-salud\/\" aria-label=\"Read more about En la UArtes hubo charlas informativas sobre prevenci\u00f3n de estr\u00e9s laboral y una feria acerca de seguridad y salud\" tabindex=\"-1\" >\n\t\t\tRead more \u00bb\t\t<\/a>\n\n\t\t\t\t<\/div>\n\t\t\t\t<\/article>\n\t\t\t\t<article class=\"elementor-post elementor-grid-item post-89942 post type-post status-publish format-standard has-post-thumbnail hentry category-academico category-artes category-artes-visuales category-docentes category-estudiantes category-sedes tag-exposicion\" role=\"listitem\">\n\t\t\t\t<a class=\"elementor-post__thumbnail__link\" href=\"https:\/\/www.uartes.edu.ec\/sitio\/en\/blog\/2026\/04\/28\/prototeca-iii-maquinas-tecnoviviales-reune-proyectos-de-estudiantes-de-arte-y-tecnologia\/\" tabindex=\"-1\" >\n\t\t\t<div class=\"elementor-post__thumbnail\"><img decoding=\"async\" width=\"300\" height=\"200\" src=\"https:\/\/www.uartes.edu.ec\/sitio\/wp-content\/uploads\/2026\/04\/01-PROTOTECA-300x200.jpg\" class=\"attachment-medium size-medium wp-image-89943\" alt=\"\" srcset=\"https:\/\/www.uartes.edu.ec\/sitio\/wp-content\/uploads\/2026\/04\/01-PROTOTECA-300x200.jpg 300w, https:\/\/www.uartes.edu.ec\/sitio\/wp-content\/uploads\/2026\/04\/01-PROTOTECA-644x429.jpg 644w, https:\/\/www.uartes.edu.ec\/sitio\/wp-content\/uploads\/2026\/04\/01-PROTOTECA-768x512.jpg 768w, https:\/\/www.uartes.edu.ec\/sitio\/wp-content\/uploads\/2026\/04\/01-PROTOTECA-1536x1024.jpg 1536w, https:\/\/www.uartes.edu.ec\/sitio\/wp-content\/uploads\/2026\/04\/01-PROTOTECA-18x12.jpg 18w, https:\/\/www.uartes.edu.ec\/sitio\/wp-content\/uploads\/2026\/04\/01-PROTOTECA-600x400.jpg 600w, https:\/\/www.uartes.edu.ec\/sitio\/wp-content\/uploads\/2026\/04\/01-PROTOTECA-400x267.jpg 400w, https:\/\/www.uartes.edu.ec\/sitio\/wp-content\/uploads\/2026\/04\/01-PROTOTECA.jpg 2000w\" sizes=\"(max-width: 300px) 100vw, 300px\" \/><\/div>\n\t\t<\/a>\n\t\t\t\t<div class=\"elementor-post__text\">\n\t\t\t\t<h3 class=\"elementor-post__title\">\n\t\t\t<a href=\"https:\/\/www.uartes.edu.ec\/sitio\/en\/blog\/2026\/04\/28\/prototeca-iii-maquinas-tecnoviviales-reune-proyectos-de-estudiantes-de-arte-y-tecnologia\/\" >\n\t\t\t\t\u201cPrototeca III, m\u00e1quinas tecnoviviales\u201d re\u00fane proyectos de los estudiantes de Arte y Tecnolog\u00eda, asignatura Transversal\t\t\t<\/a>\n\t\t<\/h3>\n\t\t\t\t<div class=\"elementor-post__meta-data\">\n\t\t\t\t\t<span class=\"elementor-post-date\">\n\t\t\t28 April 2026\t\t<\/span>\n\t\t\t\t<\/div>\n\t\t\t\t<div class=\"elementor-post__excerpt\">\n\t\t\t<p>\u201cEsta tercera edici\u00f3n de \u2018Prototeca\u2019 re\u00fane proyectos realizados por estudiantes de la Universidad de las Artes en el Laboratorio de Arte y Tecnolog\u00eda durante el 2025. Los trabajos dan cuenta de la variedad de devenires que ofrece el arte en su relaci\u00f3n con medios digitales y potencialidades de pensar el arte desde un campo expandido y cosmot\u00e9cnico\u201d. El texto de sala describe as\u00ed a la muestra inaugurada en el Fab.Lab. del MZ14.  <\/p>\n\t\t<\/div>\n\t\t\n\t\t<a class=\"elementor-post__read-more\" href=\"https:\/\/www.uartes.edu.ec\/sitio\/en\/blog\/2026\/04\/28\/prototeca-iii-maquinas-tecnoviviales-reune-proyectos-de-estudiantes-de-arte-y-tecnologia\/\" aria-label=\"Read more about \u201cPrototeca III, m\u00e1quinas tecnoviviales\u201d re\u00fane proyectos de los estudiantes de Arte y Tecnolog\u00eda, asignatura Transversal\" tabindex=\"-1\" >\n\t\t\tRead more \u00bb\t\t<\/a>\n\n\t\t\t\t<\/div>\n\t\t\t\t<\/article>\n\t\t\t\t<article class=\"elementor-post elementor-grid-item post-89922 post type-post status-publish format-standard has-post-thumbnail hentry category-artes category-artes-escenicas category-docentes category-estudiantes category-sedes tag-produccion\" role=\"listitem\">\n\t\t\t\t<a class=\"elementor-post__thumbnail__link\" href=\"https:\/\/www.uartes.edu.ec\/sitio\/en\/blog\/2026\/04\/28\/talleres-charlas-presentaciones-e-improjam-por-el-dia-internacional-de-la-danza\/\" tabindex=\"-1\" >\n\t\t\t<div class=\"elementor-post__thumbnail\"><img loading=\"lazy\" decoding=\"async\" width=\"300\" height=\"200\" src=\"https:\/\/www.uartes.edu.ec\/sitio\/wp-content\/uploads\/2026\/04\/Proyecto-Cambiar-tamano-de-imagen-2026-04-29T092214.629-300x200.jpeg\" class=\"attachment-medium size-medium wp-image-89924\" alt=\"\" srcset=\"https:\/\/www.uartes.edu.ec\/sitio\/wp-content\/uploads\/2026\/04\/Proyecto-Cambiar-tamano-de-imagen-2026-04-29T092214.629-300x200.jpeg 300w, https:\/\/www.uartes.edu.ec\/sitio\/wp-content\/uploads\/2026\/04\/Proyecto-Cambiar-tamano-de-imagen-2026-04-29T092214.629-644x429.jpeg 644w, https:\/\/www.uartes.edu.ec\/sitio\/wp-content\/uploads\/2026\/04\/Proyecto-Cambiar-tamano-de-imagen-2026-04-29T092214.629-768x512.jpeg 768w, https:\/\/www.uartes.edu.ec\/sitio\/wp-content\/uploads\/2026\/04\/Proyecto-Cambiar-tamano-de-imagen-2026-04-29T092214.629-1536x1024.jpeg 1536w, https:\/\/www.uartes.edu.ec\/sitio\/wp-content\/uploads\/2026\/04\/Proyecto-Cambiar-tamano-de-imagen-2026-04-29T092214.629-18x12.jpeg 18w, https:\/\/www.uartes.edu.ec\/sitio\/wp-content\/uploads\/2026\/04\/Proyecto-Cambiar-tamano-de-imagen-2026-04-29T092214.629-600x400.jpeg 600w, https:\/\/www.uartes.edu.ec\/sitio\/wp-content\/uploads\/2026\/04\/Proyecto-Cambiar-tamano-de-imagen-2026-04-29T092214.629-400x267.jpeg 400w, https:\/\/www.uartes.edu.ec\/sitio\/wp-content\/uploads\/2026\/04\/Proyecto-Cambiar-tamano-de-imagen-2026-04-29T092214.629.jpeg 2000w\" sizes=\"(max-width: 300px) 100vw, 300px\" \/><\/div>\n\t\t<\/a>\n\t\t\t\t<div class=\"elementor-post__text\">\n\t\t\t\t<h3 class=\"elementor-post__title\">\n\t\t\t<a href=\"https:\/\/www.uartes.edu.ec\/sitio\/en\/blog\/2026\/04\/28\/talleres-charlas-presentaciones-e-improjam-por-el-dia-internacional-de-la-danza\/\" >\n\t\t\t\tTalleres, charlas, muestras e ImproJam por el D\u00eda Internacional de la Danza\t\t\t<\/a>\n\t\t<\/h3>\n\t\t\t\t<div class=\"elementor-post__meta-data\">\n\t\t\t\t\t<span class=\"elementor-post-date\">\n\t\t\t28 April 2026\t\t<\/span>\n\t\t\t\t<\/div>\n\t\t\t\t<div class=\"elementor-post__excerpt\">\n\t\t\t<p>El 29 de abril es el D\u00eda Internacional de la Danza y la Escuela de Artes Esc\u00e9nicas de la UArtes lo celebra desde ayer con talleres, charlas y presentaciones para mover el cuerpo y activar la escena; las propuestas arrancaron en los edificios de la UArtes: El Tel\u00e9grafo y MZ14 Centro de Producci\u00f3n e Innovaci\u00f3n, y se mantendr\u00e1n hasta ma\u00f1ana mi\u00e9rcoles. Es una invitaci\u00f3n a explorar nuevas formas de movimiento y disfrutar de obras esc\u00e9nicas que ponen al cuerpo en di\u00e1logo con el presente. <\/p>\n\t\t<\/div>\n\t\t\n\t\t<a class=\"elementor-post__read-more\" href=\"https:\/\/www.uartes.edu.ec\/sitio\/en\/blog\/2026\/04\/28\/talleres-charlas-presentaciones-e-improjam-por-el-dia-internacional-de-la-danza\/\" aria-label=\"Read more about Talleres, charlas, muestras e ImproJam por el D\u00eda Internacional de la Danza\" tabindex=\"-1\" >\n\t\t\tRead more \u00bb\t\t<\/a>\n\n\t\t\t\t<\/div>\n\t\t\t\t<\/article>\n\t\t\t\t<article class=\"elementor-post elementor-grid-item post-89831 post type-post status-publish format-standard has-post-thumbnail hentry category-academico category-artes category-artes-sonoras category-estudiantes tag-produccion\" role=\"listitem\">\n\t\t\t\t<a class=\"elementor-post__thumbnail__link\" href=\"https:\/\/www.uartes.edu.ec\/sitio\/en\/blog\/2026\/04\/27\/de-la-residencia-internacional-starts-que-cumplio-en-brasil-anthony-tandazo-fue-invitado-a-eventos-en-europa\/\" tabindex=\"-1\" >\n\t\t\t<div class=\"elementor-post__thumbnail\"><img loading=\"lazy\" decoding=\"async\" width=\"300\" height=\"200\" src=\"https:\/\/www.uartes.edu.ec\/sitio\/wp-content\/uploads\/2026\/04\/Proyecto-Cambiar-tamano-de-imagen-2026-04-27T165951.002-300x200.jpeg\" class=\"attachment-medium size-medium wp-image-89850\" alt=\"\" srcset=\"https:\/\/www.uartes.edu.ec\/sitio\/wp-content\/uploads\/2026\/04\/Proyecto-Cambiar-tamano-de-imagen-2026-04-27T165951.002-300x200.jpeg 300w, https:\/\/www.uartes.edu.ec\/sitio\/wp-content\/uploads\/2026\/04\/Proyecto-Cambiar-tamano-de-imagen-2026-04-27T165951.002-644x429.jpeg 644w, https:\/\/www.uartes.edu.ec\/sitio\/wp-content\/uploads\/2026\/04\/Proyecto-Cambiar-tamano-de-imagen-2026-04-27T165951.002-768x512.jpeg 768w, https:\/\/www.uartes.edu.ec\/sitio\/wp-content\/uploads\/2026\/04\/Proyecto-Cambiar-tamano-de-imagen-2026-04-27T165951.002-1536x1024.jpeg 1536w, https:\/\/www.uartes.edu.ec\/sitio\/wp-content\/uploads\/2026\/04\/Proyecto-Cambiar-tamano-de-imagen-2026-04-27T165951.002-18x12.jpeg 18w, https:\/\/www.uartes.edu.ec\/sitio\/wp-content\/uploads\/2026\/04\/Proyecto-Cambiar-tamano-de-imagen-2026-04-27T165951.002-600x400.jpeg 600w, https:\/\/www.uartes.edu.ec\/sitio\/wp-content\/uploads\/2026\/04\/Proyecto-Cambiar-tamano-de-imagen-2026-04-27T165951.002-400x267.jpeg 400w, https:\/\/www.uartes.edu.ec\/sitio\/wp-content\/uploads\/2026\/04\/Proyecto-Cambiar-tamano-de-imagen-2026-04-27T165951.002.jpeg 2000w\" sizes=\"(max-width: 300px) 100vw, 300px\" \/><\/div>\n\t\t<\/a>\n\t\t\t\t<div class=\"elementor-post__text\">\n\t\t\t\t<h3 class=\"elementor-post__title\">\n\t\t\t<a href=\"https:\/\/www.uartes.edu.ec\/sitio\/en\/blog\/2026\/04\/27\/de-la-residencia-internacional-starts-que-cumplio-en-brasil-anthony-tandazo-fue-invitado-a-eventos-en-europa\/\" >\n\t\t\t\tDe la residencia internacional STARTS que cumpli\u00f3 en Brasil, Anthony Tandazo fue invitado a eventos en Europa\t\t\t<\/a>\n\t\t<\/h3>\n\t\t\t\t<div class=\"elementor-post__meta-data\">\n\t\t\t\t\t<span class=\"elementor-post-date\">\n\t\t\t27 April 2026\t\t<\/span>\n\t\t\t\t<\/div>\n\t\t\t\t<div class=\"elementor-post__excerpt\">\n\t\t\t<p>Anthony Tandazo gan\u00f3 en el 2025 la residencia internacional STARTS, la cual cumpli\u00f3 en dos fases en la Universidad de Fortaleza (UNIFOR) de Brasil. All\u00ed no solo termin\u00f3 de desarrollar su proyecto, sino que comparti\u00f3 su proceso art\u00edstico con estudiantes y artistas locales. Pero hay m\u00e1s, el estudiante de Artes Sonoras fue invitado a Europa para participar en el Festival IMPAKT, en Utrecht en Pa\u00edses Bajos, y Ocean Space, en Venecia. <\/p>\n\t\t<\/div>\n\t\t\n\t\t<a class=\"elementor-post__read-more\" href=\"https:\/\/www.uartes.edu.ec\/sitio\/en\/blog\/2026\/04\/27\/de-la-residencia-internacional-starts-que-cumplio-en-brasil-anthony-tandazo-fue-invitado-a-eventos-en-europa\/\" aria-label=\"Read more about De la residencia internacional STARTS que cumpli\u00f3 en Brasil, Anthony Tandazo fue invitado a eventos en Europa\" tabindex=\"-1\" >\n\t\t\tRead more \u00bb\t\t<\/a>\n\n\t\t\t\t<\/div>\n\t\t\t\t<\/article>\n\t\t\t\t<article class=\"elementor-post elementor-grid-item post-89808 post type-post status-publish format-standard has-post-thumbnail hentry category-academico category-artes category-docentes category-estudiantes category-literatura tag-encuentro\" role=\"listitem\">\n\t\t\t\t<a class=\"elementor-post__thumbnail__link\" href=\"https:\/\/www.uartes.edu.ec\/sitio\/en\/blog\/2026\/04\/26\/dialogo-e-integracion-en-la-bienvenida-de-la-escuela-de-literatura-a-sus-estudiantes-para-iniciar-el-is-2026\/\" tabindex=\"-1\" >\n\t\t\t<div class=\"elementor-post__thumbnail\"><img loading=\"lazy\" decoding=\"async\" width=\"300\" height=\"200\" src=\"https:\/\/www.uartes.edu.ec\/sitio\/wp-content\/uploads\/2026\/04\/Proyecto-Cambiar-tamano-de-imagen-2026-04-26T150000.611-300x200.jpeg\" class=\"attachment-medium size-medium wp-image-89810\" alt=\"\" srcset=\"https:\/\/www.uartes.edu.ec\/sitio\/wp-content\/uploads\/2026\/04\/Proyecto-Cambiar-tamano-de-imagen-2026-04-26T150000.611-300x200.jpeg 300w, https:\/\/www.uartes.edu.ec\/sitio\/wp-content\/uploads\/2026\/04\/Proyecto-Cambiar-tamano-de-imagen-2026-04-26T150000.611-644x429.jpeg 644w, https:\/\/www.uartes.edu.ec\/sitio\/wp-content\/uploads\/2026\/04\/Proyecto-Cambiar-tamano-de-imagen-2026-04-26T150000.611-768x512.jpeg 768w, https:\/\/www.uartes.edu.ec\/sitio\/wp-content\/uploads\/2026\/04\/Proyecto-Cambiar-tamano-de-imagen-2026-04-26T150000.611-1536x1024.jpeg 1536w, https:\/\/www.uartes.edu.ec\/sitio\/wp-content\/uploads\/2026\/04\/Proyecto-Cambiar-tamano-de-imagen-2026-04-26T150000.611-18x12.jpeg 18w, https:\/\/www.uartes.edu.ec\/sitio\/wp-content\/uploads\/2026\/04\/Proyecto-Cambiar-tamano-de-imagen-2026-04-26T150000.611-600x400.jpeg 600w, https:\/\/www.uartes.edu.ec\/sitio\/wp-content\/uploads\/2026\/04\/Proyecto-Cambiar-tamano-de-imagen-2026-04-26T150000.611-400x267.jpeg 400w, https:\/\/www.uartes.edu.ec\/sitio\/wp-content\/uploads\/2026\/04\/Proyecto-Cambiar-tamano-de-imagen-2026-04-26T150000.611-1320x880.jpeg 1320w, https:\/\/www.uartes.edu.ec\/sitio\/wp-content\/uploads\/2026\/04\/Proyecto-Cambiar-tamano-de-imagen-2026-04-26T150000.611.jpeg 2000w\" sizes=\"(max-width: 300px) 100vw, 300px\" \/><\/div>\n\t\t<\/a>\n\t\t\t\t<div class=\"elementor-post__text\">\n\t\t\t\t<h3 class=\"elementor-post__title\">\n\t\t\t<a href=\"https:\/\/www.uartes.edu.ec\/sitio\/en\/blog\/2026\/04\/26\/dialogo-e-integracion-en-la-bienvenida-de-la-escuela-de-literatura-a-sus-estudiantes-para-iniciar-el-is-2026\/\" >\n\t\t\t\tDi\u00e1logo e integraci\u00f3n en la bienvenida de la Escuela de Literatura a sus estudiantes\t\t\t<\/a>\n\t\t<\/h3>\n\t\t\t\t<div class=\"elementor-post__meta-data\">\n\t\t\t\t\t<span class=\"elementor-post-date\">\n\t\t\t26 April 2026\t\t<\/span>\n\t\t\t\t<\/div>\n\t\t\t\t<div class=\"elementor-post__excerpt\">\n\t\t\t<p>Como un espacio para el di\u00e1logo y la integraci\u00f3n concibi\u00f3 la Escuela de Literatura la bienvenida que dio a sus estudiantes en el inicio del IS 2026. Junto con su directora, Solange Rodr\u00edguez, y los coordinadores de las carreras de Literatura, Siomara Espa\u00f1a, y Educaci\u00f3n Art\u00edstica Intercultural, Jorge Tigrero, los alumnos fueron recibidos por la vicerrectora acad\u00e9mica Yulianela P\u00e9rez, rectora subrogante, y el vicerrector de Posgrados e Investigaci\u00f3n en Artes, Andrey Astaiza.<\/p>\n\t\t<\/div>\n\t\t\n\t\t<a class=\"elementor-post__read-more\" href=\"https:\/\/www.uartes.edu.ec\/sitio\/en\/blog\/2026\/04\/26\/dialogo-e-integracion-en-la-bienvenida-de-la-escuela-de-literatura-a-sus-estudiantes-para-iniciar-el-is-2026\/\" aria-label=\"Read more about Di\u00e1logo e integraci\u00f3n en la bienvenida de la Escuela de Literatura a sus estudiantes\" tabindex=\"-1\" >\n\t\t\tRead more \u00bb\t\t<\/a>\n\n\t\t\t\t<\/div>\n\t\t\t\t<\/article>\n\t\t\t\t<\/div>\n\t\t\n\t\t\t\t\t\t<\/div>\n\t\t\t\t<\/div>\n\t\t\t\t<div class=\"elementor-element elementor-element-3af76fd elementor-widget elementor-widget-text-editor\" data-id=\"3af76fd\" data-element_type=\"widget\" data-e-type=\"widget\" data-widget_type=\"text-editor.default\">\n\t\t\t\t<div class=\"elementor-widget-container\">\n\t\t\t\t\t\t\t\t\t<p><a href=\"http:\/\/www.uartes.edu.ec\/sitio\/blog\/category\/noticias\/\">Ver m\u00e1s publicaciones<\/a><\/p>\t\t\t\t\t\t\t\t<\/div>\n\t\t\t\t<\/div>\n\t\t\t\t\t<\/div>\n\t\t<\/div>\n\t\t\t\t\t<\/div>\n\t\t<\/section>\n\t\t\t\t<\/div>","protected":false},"excerpt":{"rendered":"<p>Estudiantes Encuentra aqu\u00ed toda la informaci\u00f3n que necesitas para ser parte de la Universidad de las Artes y para que, una vez como miembro de la comunidad universitaria, conozcas sus beneficios. Acad\u00e9mico Sistema Acad\u00e9mico Calendario Acad\u00e9mico Correo UArtes Campus Virtual CEAT Lenguas Extranjeras Titulaci\u00f3n Transversal Vida Estudiantil Gu\u00eda del Estudiante Pasant\u00edas Seguro de Vida y [&hellip;]<\/p>\n","protected":false},"author":1,"featured_media":0,"parent":25,"menu_order":3,"comment_status":"closed","ping_status":"closed","template":"elementor_header_footer","meta":{"_acf_changed":false,"_uag_custom_page_level_css":"","_monsterinsights_skip_tracking":false,"_monsterinsights_sitenote_active":false,"_monsterinsights_sitenote_note":"","_monsterinsights_sitenote_category":0,"cybocfi_hide_featured_image":"","footnotes":""},"class_list":["post-4403","page","type-page","status-publish","hentry"],"acf":[],"yoast_head":"<!-- This site is optimized with the Yoast SEO plugin v27.4 - https:\/\/yoast.com\/product\/yoast-seo-wordpress\/ -->\n<title>Universidad de las Artes - Estudiantes<\/title>\n<meta name=\"description\" content=\"Universidad de las Artes - Estudiantes\" \/>\n<meta name=\"robots\" content=\"index, follow, max-snippet:-1, max-image-preview:large, max-video-preview:-1\" \/>\n<link rel=\"canonical\" href=\"https:\/\/www.uartes.edu.ec\/sitio\/en\/la-universidad\/estudiantes\/\" \/>\n<meta property=\"og:locale\" content=\"en_US\" \/>\n<meta property=\"og:type\" content=\"article\" \/>\n<meta property=\"og:title\" content=\"Universidad de las Artes - Estudiantes\" \/>\n<meta property=\"og:description\" content=\"Universidad de las Artes - Estudiantes\" \/>\n<meta property=\"og:url\" content=\"https:\/\/www.uartes.edu.ec\/sitio\/en\/la-universidad\/estudiantes\/\" \/>\n<meta property=\"og:site_name\" content=\"Universidad de las Artes\" \/>\n<meta property=\"article:publisher\" content=\"https:\/\/www.facebook.com\/uartesec\" \/>\n<meta property=\"article:modified_time\" content=\"2026-02-09T20:27:21+00:00\" \/>\n<meta name=\"twitter:card\" content=\"summary_large_image\" \/>\n<meta name=\"twitter:site\" content=\"@uartesec\" \/>\n<meta name=\"twitter:label1\" content=\"Est. reading time\" \/>\n\t<meta name=\"twitter:data1\" content=\"4 minutes\" \/>\n<script type=\"application\/ld+json\" class=\"yoast-schema-graph\">{\"@context\":\"https:\\\/\\\/schema.org\",\"@graph\":[{\"@type\":\"WebPage\",\"@id\":\"https:\\\/\\\/www.uartes.edu.ec\\\/sitio\\\/en\\\/la-universidad\\\/estudiantes\\\/\",\"url\":\"https:\\\/\\\/www.uartes.edu.ec\\\/sitio\\\/en\\\/la-universidad\\\/estudiantes\\\/\",\"name\":\"Universidad de las Artes - Estudiantes\",\"isPartOf\":{\"@id\":\"https:\\\/\\\/www.uartes.edu.ec\\\/sitio\\\/en\\\/#website\"},\"datePublished\":\"2019-09-20T16:06:16+00:00\",\"dateModified\":\"2026-02-09T20:27:21+00:00\",\"description\":\"Universidad de las Artes - Estudiantes\",\"breadcrumb\":{\"@id\":\"https:\\\/\\\/www.uartes.edu.ec\\\/sitio\\\/en\\\/la-universidad\\\/estudiantes\\\/#breadcrumb\"},\"inLanguage\":\"en-US\",\"potentialAction\":[{\"@type\":\"ReadAction\",\"target\":[\"https:\\\/\\\/www.uartes.edu.ec\\\/sitio\\\/en\\\/la-universidad\\\/estudiantes\\\/\"]}]},{\"@type\":\"BreadcrumbList\",\"@id\":\"https:\\\/\\\/www.uartes.edu.ec\\\/sitio\\\/en\\\/la-universidad\\\/estudiantes\\\/#breadcrumb\",\"itemListElement\":[{\"@type\":\"ListItem\",\"position\":1,\"name\":\"Inicio\",\"item\":\"https:\\\/\\\/www.uartes.edu.ec\\\/sitio\\\/\"},{\"@type\":\"ListItem\",\"position\":2,\"name\":\"Universidad de las Artes\",\"item\":\"https:\\\/\\\/www.uartes.edu.ec\\\/sitio\\\/\"},{\"@type\":\"ListItem\",\"position\":3,\"name\":\"Estudiantes\"}]},{\"@type\":\"WebSite\",\"@id\":\"https:\\\/\\\/www.uartes.edu.ec\\\/sitio\\\/en\\\/#website\",\"url\":\"https:\\\/\\\/www.uartes.edu.ec\\\/sitio\\\/en\\\/\",\"name\":\"Universidad de las Artes\",\"description\":\"Sitio oficial de la Universidad Nacional de las Artes del Ecuador\",\"publisher\":{\"@id\":\"https:\\\/\\\/www.uartes.edu.ec\\\/sitio\\\/en\\\/#organization\"},\"potentialAction\":[{\"@type\":\"SearchAction\",\"target\":{\"@type\":\"EntryPoint\",\"urlTemplate\":\"https:\\\/\\\/www.uartes.edu.ec\\\/sitio\\\/en\\\/?s={search_term_string}\"},\"query-input\":{\"@type\":\"PropertyValueSpecification\",\"valueRequired\":true,\"valueName\":\"search_term_string\"}}],\"inLanguage\":\"en-US\"},{\"@type\":\"Organization\",\"@id\":\"https:\\\/\\\/www.uartes.edu.ec\\\/sitio\\\/en\\\/#organization\",\"name\":\"Universidad de las Artes\",\"url\":\"https:\\\/\\\/www.uartes.edu.ec\\\/sitio\\\/en\\\/\",\"logo\":{\"@type\":\"ImageObject\",\"inLanguage\":\"en-US\",\"@id\":\"https:\\\/\\\/www.uartes.edu.ec\\\/sitio\\\/en\\\/#\\\/schema\\\/logo\\\/image\\\/\",\"url\":\"https:\\\/\\\/www.uartes.edu.ec\\\/sitio\\\/wp-content\\\/uploads\\\/2022\\\/07\\\/logo-ua-horizontal.png\",\"contentUrl\":\"https:\\\/\\\/www.uartes.edu.ec\\\/sitio\\\/wp-content\\\/uploads\\\/2022\\\/07\\\/logo-ua-horizontal.png\",\"width\":800,\"height\":276,\"caption\":\"Universidad de las Artes\"},\"image\":{\"@id\":\"https:\\\/\\\/www.uartes.edu.ec\\\/sitio\\\/en\\\/#\\\/schema\\\/logo\\\/image\\\/\"},\"sameAs\":[\"https:\\\/\\\/www.facebook.com\\\/uartesec\",\"https:\\\/\\\/x.com\\\/uartesec\",\"https:\\\/\\\/www.tiktok.com\\\/@uartesec\"]}]}<\/script>\n<!-- \/ Yoast SEO plugin. -->","yoast_head_json":{"title":"Universidad de las Artes - Estudiantes","description":"Universidad de las Artes - Estudiantes","robots":{"index":"index","follow":"follow","max-snippet":"max-snippet:-1","max-image-preview":"max-image-preview:large","max-video-preview":"max-video-preview:-1"},"canonical":"https:\/\/www.uartes.edu.ec\/sitio\/en\/la-universidad\/estudiantes\/","og_locale":"en_US","og_type":"article","og_title":"Universidad de las Artes - Estudiantes","og_description":"Universidad de las Artes - Estudiantes","og_url":"https:\/\/www.uartes.edu.ec\/sitio\/en\/la-universidad\/estudiantes\/","og_site_name":"Universidad de las Artes","article_publisher":"https:\/\/www.facebook.com\/uartesec","article_modified_time":"2026-02-09T20:27:21+00:00","twitter_card":"summary_large_image","twitter_site":"@uartesec","twitter_misc":{"Est. reading time":"4 minutes"},"schema":{"@context":"https:\/\/schema.org","@graph":[{"@type":"WebPage","@id":"https:\/\/www.uartes.edu.ec\/sitio\/en\/la-universidad\/estudiantes\/","url":"https:\/\/www.uartes.edu.ec\/sitio\/en\/la-universidad\/estudiantes\/","name":"Universidad de las Artes - Estudiantes","isPartOf":{"@id":"https:\/\/www.uartes.edu.ec\/sitio\/en\/#website"},"datePublished":"2019-09-20T16:06:16+00:00","dateModified":"2026-02-09T20:27:21+00:00","description":"Universidad de las Artes - Estudiantes","breadcrumb":{"@id":"https:\/\/www.uartes.edu.ec\/sitio\/en\/la-universidad\/estudiantes\/#breadcrumb"},"inLanguage":"en-US","potentialAction":[{"@type":"ReadAction","target":["https:\/\/www.uartes.edu.ec\/sitio\/en\/la-universidad\/estudiantes\/"]}]},{"@type":"BreadcrumbList","@id":"https:\/\/www.uartes.edu.ec\/sitio\/en\/la-universidad\/estudiantes\/#breadcrumb","itemListElement":[{"@type":"ListItem","position":1,"name":"Inicio","item":"https:\/\/www.uartes.edu.ec\/sitio\/"},{"@type":"ListItem","position":2,"name":"Universidad de las Artes","item":"https:\/\/www.uartes.edu.ec\/sitio\/"},{"@type":"ListItem","position":3,"name":"Estudiantes"}]},{"@type":"WebSite","@id":"https:\/\/www.uartes.edu.ec\/sitio\/en\/#website","url":"https:\/\/www.uartes.edu.ec\/sitio\/en\/","name":"Universidad de las Artes","description":"Sitio oficial de la Universidad Nacional de las Artes del Ecuador","publisher":{"@id":"https:\/\/www.uartes.edu.ec\/sitio\/en\/#organization"},"potentialAction":[{"@type":"SearchAction","target":{"@type":"EntryPoint","urlTemplate":"https:\/\/www.uartes.edu.ec\/sitio\/en\/?s={search_term_string}"},"query-input":{"@type":"PropertyValueSpecification","valueRequired":true,"valueName":"search_term_string"}}],"inLanguage":"en-US"},{"@type":"Organization","@id":"https:\/\/www.uartes.edu.ec\/sitio\/en\/#organization","name":"Universidad de las Artes","url":"https:\/\/www.uartes.edu.ec\/sitio\/en\/","logo":{"@type":"ImageObject","inLanguage":"en-US","@id":"https:\/\/www.uartes.edu.ec\/sitio\/en\/#\/schema\/logo\/image\/","url":"https:\/\/www.uartes.edu.ec\/sitio\/wp-content\/uploads\/2022\/07\/logo-ua-horizontal.png","contentUrl":"https:\/\/www.uartes.edu.ec\/sitio\/wp-content\/uploads\/2022\/07\/logo-ua-horizontal.png","width":800,"height":276,"caption":"Universidad de las Artes"},"image":{"@id":"https:\/\/www.uartes.edu.ec\/sitio\/en\/#\/schema\/logo\/image\/"},"sameAs":["https:\/\/www.facebook.com\/uartesec","https:\/\/x.com\/uartesec","https:\/\/www.tiktok.com\/@uartesec"]}]}},"uagb_featured_image_src":{"full":false,"thumbnail":false,"medium":false,"medium_large":false,"large":false,"1536x1536":false,"2048x2048":false,"trp-custom-language-flag":false,"htmega_size_585x295":false,"htmega_size_1170x536":false,"htmega_size_396x360":false,"gb-block-post-grid-landscape":false,"gb-block-post-grid-square":false,"university-hub-thumb":false},"uagb_author_info":{"display_name":"Universidad de las Artes","author_link":"https:\/\/www.uartes.edu.ec\/sitio\/en\/blog\/author\/dircomadm\/"},"uagb_comment_info":0,"uagb_excerpt":"Estudiantes Encuentra aqu\u00ed toda la informaci\u00f3n que necesitas para ser parte de la Universidad de las Artes y para que, una vez como miembro de la comunidad universitaria, conozcas sus beneficios. Acad\u00e9mico Sistema Acad\u00e9mico Calendario Acad\u00e9mico Correo UArtes Campus Virtual CEAT Lenguas Extranjeras Titulaci\u00f3n Transversal Vida Estudiantil Gu\u00eda del Estudiante Pasant\u00edas Seguro de Vida y&hellip;","featured_image_src":null,"featured_image_src_square":null,"publishpress_future_action":{"enabled":false,"date":"2026-05-08 06:56:14","action":"change-status","newStatus":"draft","terms":[],"taxonomy":"","extraData":[]},"publishpress_future_workflow_manual_trigger":{"enabledWorkflows":[]},"distributor_meta":false,"distributor_terms":false,"distributor_media":false,"distributor_original_site_name":"Universidad de las Artes","distributor_original_site_url":"https:\/\/www.uartes.edu.ec\/sitio\/en","push-errors":false,"_links":{"self":[{"href":"https:\/\/www.uartes.edu.ec\/sitio\/en\/wp-json\/wp\/v2\/pages\/4403","targetHints":{"allow":["GET"]}}],"collection":[{"href":"https:\/\/www.uartes.edu.ec\/sitio\/en\/wp-json\/wp\/v2\/pages"}],"about":[{"href":"https:\/\/www.uartes.edu.ec\/sitio\/en\/wp-json\/wp\/v2\/types\/page"}],"author":[{"embeddable":true,"href":"https:\/\/www.uartes.edu.ec\/sitio\/en\/wp-json\/wp\/v2\/users\/1"}],"replies":[{"embeddable":true,"href":"https:\/\/www.uartes.edu.ec\/sitio\/en\/wp-json\/wp\/v2\/comments?post=4403"}],"version-history":[{"count":54,"href":"https:\/\/www.uartes.edu.ec\/sitio\/en\/wp-json\/wp\/v2\/pages\/4403\/revisions"}],"predecessor-version":[{"id":86447,"href":"https:\/\/www.uartes.edu.ec\/sitio\/en\/wp-json\/wp\/v2\/pages\/4403\/revisions\/86447"}],"up":[{"embeddable":true,"href":"https:\/\/www.uartes.edu.ec\/sitio\/en\/wp-json\/wp\/v2\/pages\/25"}],"wp:attachment":[{"href":"https:\/\/www.uartes.edu.ec\/sitio\/en\/wp-json\/wp\/v2\/media?parent=4403"}],"curies":[{"name":"wp","href":"https:\/\/api.w.org\/{rel}","templated":true}]}}