{"id":4414,"date":"2019-09-20T16:51:54","date_gmt":"2019-09-20T21:51:54","guid":{"rendered":"http:\/\/www.uartes.edu.ec\/sitio\/la-universidad\/pregrado\/licenciatura-en-artes-musicales-y-sonoras\/"},"modified":"2024-11-29T16:41:16","modified_gmt":"2024-11-29T21:41:16","slug":"licenciatura-en-artes-musicales-y-sonoras","status":"publish","type":"page","link":"https:\/\/www.uartes.edu.ec\/sitio\/en\/la-universidad\/pregrado\/licenciatura-en-artes-musicales-y-sonoras\/","title":{"rendered":"Bachelor's Degree in Musical and Sound Arts"},"content":{"rendered":"<div data-elementor-type=\"wp-page\" data-elementor-id=\"4414\" class=\"elementor elementor-4414\" data-elementor-settings=\"{&quot;ha_cmc_init_switcher&quot;:&quot;no&quot;}\" data-elementor-post-type=\"page\">\n\t\t\t\t\t\t<section class=\"elementor-section elementor-top-section elementor-element elementor-element-0295e84 elementor-section-height-min-height elementor-section-boxed elementor-section-height-default elementor-section-items-middle\" data-id=\"0295e84\" data-element_type=\"section\" data-e-type=\"section\" data-settings=\"{&quot;background_background&quot;:&quot;classic&quot;,&quot;_ha_eqh_enable&quot;:false}\">\n\t\t\t\t\t\t<div class=\"elementor-container elementor-column-gap-default\">\n\t\t\t\t\t<div class=\"elementor-column elementor-col-100 elementor-top-column elementor-element elementor-element-f4422b1\" data-id=\"f4422b1\" data-element_type=\"column\" data-e-type=\"column\">\n\t\t\t<div class=\"elementor-widget-wrap\">\n\t\t\t\t\t\t\t<\/div>\n\t\t<\/div>\n\t\t\t\t\t<\/div>\n\t\t<\/section>\n\t\t\t\t<section class=\"elementor-section elementor-top-section elementor-element elementor-element-cc8431e elementor-section-boxed elementor-section-height-default elementor-section-height-default\" data-id=\"cc8431e\" data-element_type=\"section\" data-e-type=\"section\" data-settings=\"{&quot;_ha_eqh_enable&quot;:false}\">\n\t\t\t\t\t\t<div class=\"elementor-container elementor-column-gap-no\">\n\t\t\t\t\t<div class=\"elementor-column elementor-col-100 elementor-top-column elementor-element elementor-element-e042e66\" data-id=\"e042e66\" data-element_type=\"column\" data-e-type=\"column\">\n\t\t\t<div class=\"elementor-widget-wrap elementor-element-populated\">\n\t\t\t\t\t\t<div class=\"elementor-element elementor-element-8c363f4 elementor-widget elementor-widget-theme-post-title elementor-page-title elementor-widget-heading\" data-id=\"8c363f4\" data-element_type=\"widget\" data-e-type=\"widget\" data-widget_type=\"theme-post-title.default\">\n\t\t\t\t<div class=\"elementor-widget-container\">\n\t\t\t\t\t<h1 class=\"elementor-heading-title elementor-size-default\">Bachelor's Degree in Musical and Sound Arts<\/h1>\t\t\t\t<\/div>\n\t\t\t\t<\/div>\n\t\t\t\t<section class=\"elementor-section elementor-inner-section elementor-element elementor-element-2aba399 elementor-section-content-middle elementor-section-boxed elementor-section-height-default elementor-section-height-default\" data-id=\"2aba399\" data-element_type=\"section\" data-e-type=\"section\" data-settings=\"{&quot;background_background&quot;:&quot;classic&quot;,&quot;_ha_eqh_enable&quot;:false}\">\n\t\t\t\t\t\t<div class=\"elementor-container elementor-column-gap-no\">\n\t\t\t\t\t<div class=\"elementor-column elementor-col-50 elementor-inner-column elementor-element elementor-element-2bb634f\" data-id=\"2bb634f\" data-element_type=\"column\" data-e-type=\"column\">\n\t\t\t<div class=\"elementor-widget-wrap elementor-element-populated\">\n\t\t\t\t\t\t<div class=\"elementor-element elementor-element-0bcfb21 elementor-widget elementor-widget-text-editor\" data-id=\"0bcfb21\" data-element_type=\"widget\" data-e-type=\"widget\" data-widget_type=\"text-editor.default\">\n\t\t\t\t<div class=\"elementor-widget-container\">\n\t\t\t\t\t\t\t\t\t<p><strong>The Bachelor's Degree in Musical Arts trains innovative artists, professionals and proven researchers, capable of creating alternatives for the development of interdisciplinary arts in the country.<\/strong><\/p>\t\t\t\t\t\t\t\t<\/div>\n\t\t\t\t<\/div>\n\t\t\t\t\t<\/div>\n\t\t<\/div>\n\t\t\t\t<div class=\"elementor-column elementor-col-50 elementor-inner-column elementor-element elementor-element-804e794\" data-id=\"804e794\" data-element_type=\"column\" data-e-type=\"column\">\n\t\t\t<div class=\"elementor-widget-wrap elementor-element-populated\">\n\t\t\t\t\t\t<div class=\"elementor-element elementor-element-d638bcb elementor-widget elementor-widget-video\" data-id=\"d638bcb\" data-element_type=\"widget\" data-e-type=\"widget\" data-settings=\"{&quot;image_overlay&quot;:{&quot;url&quot;:&quot;http:\\\/\\\/www.uartes.edu.ec\\\/sitio\\\/wp-content\\\/uploads\\\/2020\\\/10\\\/PREGRADO-ARTES-MUSICALES-scaled.jpg&quot;,&quot;id&quot;:9476,&quot;size&quot;:&quot;&quot;},&quot;youtube_url&quot;:&quot;https:\\\/\\\/www.youtube.com\\\/watch?v=VXDpnP7rXec&quot;,&quot;autoplay&quot;:&quot;yes&quot;,&quot;play_on_mobile&quot;:&quot;yes&quot;,&quot;lightbox&quot;:&quot;yes&quot;,&quot;show_image_overlay&quot;:&quot;yes&quot;,&quot;lazy_load&quot;:&quot;yes&quot;,&quot;video_type&quot;:&quot;youtube&quot;,&quot;controls&quot;:&quot;yes&quot;}\" data-widget_type=\"video.default\">\n\t\t\t\t<div class=\"elementor-widget-container\">\n\t\t\t\t\t\t\t<div class=\"elementor-wrapper elementor-open-lightbox\">\n\t\t\t\t\t\t\t<div class=\"elementor-custom-embed-image-overlay\" data-elementor-open-lightbox=\"yes\" data-elementor-lightbox=\"{&quot;type&quot;:&quot;video&quot;,&quot;videoType&quot;:&quot;youtube&quot;,&quot;url&quot;:&quot;https:\\\/\\\/www.youtube.com\\\/embed\\\/VXDpnP7rXec?feature=oembed&amp;start&amp;end&amp;wmode=opaque&amp;loop=0&amp;controls=1&amp;mute=0&amp;rel=0&amp;cc_load_policy=0&quot;,&quot;autoplay&quot;:&quot;yes&quot;,&quot;modalOptions&quot;:{&quot;id&quot;:&quot;elementor-lightbox-d638bcb&quot;,&quot;entranceAnimation&quot;:&quot;&quot;,&quot;entranceAnimation_tablet&quot;:&quot;&quot;,&quot;entranceAnimation_mobile&quot;:&quot;&quot;,&quot;videoAspectRatio&quot;:&quot;169&quot;}}\" data-e-action-hash=\"#elementor-action%3Aaction%3Dlightbox%26settings%3DeyJ0eXBlIjoidmlkZW8iLCJ2aWRlb1R5cGUiOiJ5b3V0dWJlIiwidXJsIjoiaHR0cHM6XC9cL3d3dy55b3V0dWJlLmNvbVwvZW1iZWRcL1ZYRHBuUDdyWGVjP2ZlYXR1cmU9b2VtYmVkJnN0YXJ0JmVuZCZ3bW9kZT1vcGFxdWUmbG9vcD0wJmNvbnRyb2xzPTEmbXV0ZT0wJnJlbD0wJmNjX2xvYWRfcG9saWN5PTAiLCJhdXRvcGxheSI6InllcyIsIm1vZGFsT3B0aW9ucyI6eyJpZCI6ImVsZW1lbnRvci1saWdodGJveC1kNjM4YmNiIiwiZW50cmFuY2VBbmltYXRpb24iOiIiLCJlbnRyYW5jZUFuaW1hdGlvbl90YWJsZXQiOiIiLCJlbnRyYW5jZUFuaW1hdGlvbl9tb2JpbGUiOiIiLCJ2aWRlb0FzcGVjdFJhdGlvIjoiMTY5In19\">\n\t\t\t\t\t\t\t\t\t\t\t<img fetchpriority=\"high\" decoding=\"async\" width=\"2560\" height=\"1706\" src=\"https:\/\/www.uartes.edu.ec\/sitio\/wp-content\/uploads\/2020\/10\/PREGRADO-ARTES-MUSICALES-scaled.jpg\" class=\"attachment-full size-full wp-image-9476\" alt=\"\" srcset=\"https:\/\/www.uartes.edu.ec\/sitio\/wp-content\/uploads\/2020\/10\/PREGRADO-ARTES-MUSICALES-scaled.jpg 2560w, https:\/\/www.uartes.edu.ec\/sitio\/wp-content\/uploads\/2020\/10\/PREGRADO-ARTES-MUSICALES-300x200.jpg 300w, https:\/\/www.uartes.edu.ec\/sitio\/wp-content\/uploads\/2020\/10\/PREGRADO-ARTES-MUSICALES-644x429.jpg 644w, https:\/\/www.uartes.edu.ec\/sitio\/wp-content\/uploads\/2020\/10\/PREGRADO-ARTES-MUSICALES-768x512.jpg 768w, https:\/\/www.uartes.edu.ec\/sitio\/wp-content\/uploads\/2020\/10\/PREGRADO-ARTES-MUSICALES-1536x1024.jpg 1536w, https:\/\/www.uartes.edu.ec\/sitio\/wp-content\/uploads\/2020\/10\/PREGRADO-ARTES-MUSICALES-2048x1365.jpg 2048w, https:\/\/www.uartes.edu.ec\/sitio\/wp-content\/uploads\/2020\/10\/PREGRADO-ARTES-MUSICALES-600x400.jpg 600w, https:\/\/www.uartes.edu.ec\/sitio\/wp-content\/uploads\/2020\/10\/PREGRADO-ARTES-MUSICALES-400x267.jpg 400w, https:\/\/www.uartes.edu.ec\/sitio\/wp-content\/uploads\/2020\/10\/PREGRADO-ARTES-MUSICALES-272x182.jpg 272w\" sizes=\"(max-width: 2560px) 100vw, 2560px\" \/>\t\t\t\t\t\t\t\t\t\t\t\t\t\t\t\t<div class=\"elementor-custom-embed-play\" role=\"button\" aria-label=\"Play Video\" tabindex=\"0\" data-no-translation-aria-label=\"\">\n\t\t\t\t\t\t\t<svg aria-hidden=\"true\" class=\"e-font-icon-svg e-eicon-play\" viewbox=\"0 0 1000 1000\" xmlns=\"http:\/\/www.w3.org\/2000\/svg\"><path d=\"M838 162C746 71 633 25 500 25 371 25 258 71 163 162 71 254 25 367 25 500 25 633 71 746 163 837 254 929 367 979 500 979 633 979 746 933 838 837 929 746 975 633 975 500 975 367 929 254 838 162M808 192C892 279 933 379 933 500 933 621 892 725 808 808 725 892 621 938 500 938 379 938 279 896 196 808 113 725 67 621 67 500 67 379 108 279 196 192 279 108 383 62 500 62 621 62 721 108 808 192M438 392V642L642 517 438 392Z\"><\/path><\/svg>\t\t\t\t\t\t<\/div>\n\t\t\t\t\t\t\t\t\t<\/div>\n\t\t\t\t\t<\/div>\n\t\t\t\t\t\t<\/div>\n\t\t\t\t<\/div>\n\t\t\t\t\t<\/div>\n\t\t<\/div>\n\t\t\t\t\t<\/div>\n\t\t<\/section>\n\t\t\t\t<section class=\"elementor-section elementor-inner-section elementor-element elementor-element-5001f07 elementor-section-boxed elementor-section-height-default elementor-section-height-default\" data-id=\"5001f07\" data-element_type=\"section\" data-e-type=\"section\" data-settings=\"{&quot;_ha_eqh_enable&quot;:false}\">\n\t\t\t\t\t\t<div class=\"elementor-container elementor-column-gap-default\">\n\t\t\t\t\t<div class=\"elementor-column elementor-col-100 elementor-inner-column elementor-element elementor-element-765eb35\" data-id=\"765eb35\" data-element_type=\"column\" data-e-type=\"column\">\n\t\t\t<div class=\"elementor-widget-wrap elementor-element-populated\">\n\t\t\t\t\t\t<div class=\"elementor-element elementor-element-39138446 elementor-widget elementor-widget-text-editor\" data-id=\"39138446\" data-element_type=\"widget\" data-e-type=\"widget\" data-widget_type=\"text-editor.default\">\n\t\t\t\t<div class=\"elementor-widget-container\">\n\t\t\t\t\t\t\t\t\t<p><\/p>\n<p>This is a unique program of excellence for the development of musical thought, the formation of sensitivity, artistic creation and the construction of criteria for the appreciation of the music of the country and the world, considering our musical heritage.   Being a school that does not focus only on classical, jazz or rock music, students acquire a theoretical and practical knowledge based on the investigation of the legacy that Ecuadorian and Latin American music brings, as well as using technological resources, enhancing their creativity.<\/p>\n<h3>Graduate profile<\/h3>\n<p>Graduates in Musical and Sound Arts will be able to work as musicians in different fields such as live and studio performance, teaching, research, arranging and composing music for film and television. Today's work situation requires musicians to be successful in different fields, to have instrumental skills and knowledge of different musical genres.<\/p>\n<p>Graduates from UArtes also have a broad knowledge of Ecuadorian and Latin American music, as well as the use of new technologies applied to music, which will also allow them to pursue postgraduate training in the field of music.<\/p>\n<h3>The Faculty Team<\/h3>\n<p>The School of Sound Arts has a teaching staff formed by musicians and academics active in the national and international scene, with a wide artistic and academic trajectory. They are professionals with Master's and PhD degrees.  The faculty performs various artistic and technical tasks, which contributes to the local and international scene; playing, creating sound spaces, proposing concerts and content, organizing workshops and giving lectures, as musicians, composers and producers.<\/p>\n<h3>Itineraries\u00a0<\/h3>\n<ul>\n<li>MUSIC EDUCATION\u00a0<\/li>\n<li>SOUNDTRACK CREATION<\/li>\n<li>MUSIC AND INTERCULTURALITY<\/li>\n<\/ul>\n<p>For more information email <a href=\"mailto:escuela.artes-sonoras@uartes.edu.ec\">escuela.artes-sonoras@uartes.edu.ec<\/a> or call <a href=\"tel:+59342590700*3081\">(593)4-259-0700 ext 3081<\/a>.<\/p>\n<p><\/p>\t\t\t\t\t\t\t\t<\/div>\n\t\t\t\t<\/div>\n\t\t\t\t<div class=\"elementor-element elementor-element-0e870ac elementor-widget elementor-widget-heading\" data-id=\"0e870ac\" data-element_type=\"widget\" data-e-type=\"widget\" data-widget_type=\"heading.default\">\n\t\t\t\t<div class=\"elementor-widget-container\">\n\t\t\t\t\t<h3 class=\"elementor-heading-title elementor-size-default\">Resources<\/h3>\t\t\t\t<\/div>\n\t\t\t\t<\/div>\n\t\t\t\t<div class=\"elementor-element elementor-element-38ba68a elementor-widget elementor-widget-shortcode\" data-id=\"38ba68a\" data-element_type=\"widget\" data-e-type=\"widget\" data-widget_type=\"shortcode.default\">\n\t\t\t\t<div class=\"elementor-widget-container\">\n\t\t\t\t\t\t\t<div class=\"elementor-shortcode\"><div class='w3eden wpdm_package_shortcode'><!-- WPDM Link Template: Call to Action 3 -->\n\n<div class=\"well c2a3\">\n    <div class=\"media\">\n        <div class=\"mr-3\" align=\"left\">\n            <img decoding=\"async\" class=\"wpdm_icon\" alt=\"Icon\" src=\"https:\/\/www.uartes.edu.ec\/sitio\/wp-content\/plugins\/download-manager\/assets\/file-type-icons\/pdf.svg\" \/>\n        <\/div>\n        <div class=\"media-body\">\n            <h3 class=\"media-heading\" style=\"padding-top: 0px;border:0px;margin: 0 0 5px 0;font-size:12pt;\">\n                <a style=\"font-weight: 700\" href=\"https:\/\/www.uartes.edu.ec\/sitio\/en\/download\/malla-curricular-en-licenciatura-en-artes-musicales\/\">Malla Curricular en Licenciatura en Artes Musicales<\/a>\n                <span style=\"font-size:8pt;font-weight:300\" class=\"text-muted ml-4\">\n                    <i class=\"fas fa-hdd mr-1\"><\/i> 460.92 KB\n                    <i class=\"ml-3 far fa-arrow-alt-circle-down mr-1\"><\/i> 26126 downloads\n                <\/span>\n            <\/h3>\n            ...\n        <\/div>\n        <div class=\"ml-3\" align=\"right\">\n            <a class='wpdm-download-link download-on-click btn btn-primary btn-sm'  rel='nofollow' href='#' data-downloadurl=\"https:\/\/www.uartes.edu.ec\/sitio\/en\/download\/malla-curricular-en-licenciatura-en-artes-musicales\/?wpdmdl=9509&refresh=69f5ef77894581777725303\">Download<\/a>\n        <\/div>\n    <\/div>\n\n<\/div>\n<style>\n    .well.c2a3 .btn {\n        padding: 11px 30px;\n        font-size: 11pt;\n    }\n\n    .well.c2a3 .media-body {\n        font-size: 11pt;\n    }\n\n    .well.c2a3 .wpdm_icon {\n        height: 42px;\n        width: auto;\n    }<\/style>\n<\/div><\/div>\n\t\t\t\t\t\t<\/div>\n\t\t\t\t<\/div>\n\t\t\t\t\t<\/div>\n\t\t<\/div>\n\t\t\t\t\t<\/div>\n\t\t<\/section>\n\t\t\t\t\t<\/div>\n\t\t<\/div>\n\t\t\t\t\t<\/div>\n\t\t<\/section>\n\t\t\t\t<section class=\"elementor-section elementor-top-section elementor-element elementor-element-8687134 elementor-section-stretched elementor-section-boxed elementor-section-height-default elementor-section-height-default\" data-id=\"8687134\" data-element_type=\"section\" data-e-type=\"section\" data-settings=\"{&quot;background_background&quot;:&quot;classic&quot;,&quot;stretch_section&quot;:&quot;section-stretched&quot;,&quot;_ha_eqh_enable&quot;:false}\">\n\t\t\t\t\t\t\t<div class=\"elementor-background-overlay\"><\/div>\n\t\t\t\t\t\t\t<div class=\"elementor-container elementor-column-gap-default\">\n\t\t\t\t\t<div class=\"elementor-column elementor-col-100 elementor-top-column elementor-element elementor-element-53a5b84\" data-id=\"53a5b84\" data-element_type=\"column\" data-e-type=\"column\">\n\t\t\t<div class=\"elementor-widget-wrap elementor-element-populated\">\n\t\t\t\t\t\t<div class=\"elementor-element elementor-element-ac8e1b5 animated-fast elementor-invisible elementor-widget elementor-widget-heading\" data-id=\"ac8e1b5\" data-element_type=\"widget\" data-e-type=\"widget\" data-settings=\"{&quot;_animation&quot;:&quot;fadeInUp&quot;}\" data-widget_type=\"heading.default\">\n\t\t\t\t<div class=\"elementor-widget-container\">\n\t\t\t\t\t<h1 class=\"elementor-heading-title elementor-size-default\">Our Faculty<\/h1>\t\t\t\t<\/div>\n\t\t\t\t<\/div>\n\t\t\t\t<div class=\"elementor-element elementor-element-ffb8b9c elementor-grid-6 elementor-posts--align-center elementor-grid-tablet-2 elementor-grid-mobile-1 elementor-posts--thumbnail-top elementor-widget elementor-widget-posts\" data-id=\"ffb8b9c\" data-element_type=\"widget\" data-e-type=\"widget\" data-settings=\"{&quot;classic_columns&quot;:&quot;6&quot;,&quot;classic_row_gap&quot;:{&quot;unit&quot;:&quot;px&quot;,&quot;size&quot;:45,&quot;sizes&quot;:[]},&quot;classic_columns_tablet&quot;:&quot;2&quot;,&quot;classic_columns_mobile&quot;:&quot;1&quot;,&quot;classic_row_gap_tablet&quot;:{&quot;unit&quot;:&quot;px&quot;,&quot;size&quot;:&quot;&quot;,&quot;sizes&quot;:[]},&quot;classic_row_gap_mobile&quot;:{&quot;unit&quot;:&quot;px&quot;,&quot;size&quot;:&quot;&quot;,&quot;sizes&quot;:[]}}\" data-widget_type=\"posts.classic\">\n\t\t\t\t<div class=\"elementor-widget-container\">\n\t\t\t\t\t\t\t<div class=\"elementor-posts-container elementor-posts elementor-posts--skin-classic elementor-grid\" role=\"list\">\n\t\t\t\t<article class=\"elementor-post elementor-grid-item post-18467 docs type-docs status-publish has-post-thumbnail hentry doc_category-artes-musicales doc_category-maestria-composicion-musical doc_tag-coordinador-composicion-musical\" role=\"listitem\">\n\t\t\t\t<a class=\"elementor-post__thumbnail__link\" href=\"https:\/\/www.uartes.edu.ec\/sitio\/en\/docs\/adina-izarra-2\/\" tabindex=\"-1\" >\n\t\t\t<div class=\"elementor-post__thumbnail\"><img decoding=\"async\" width=\"300\" height=\"300\" src=\"https:\/\/www.uartes.edu.ec\/sitio\/wp-content\/uploads\/2021\/12\/Adina-Coordinadora-MCMAS-300x300.jpg\" class=\"attachment-medium size-medium wp-image-85061\" alt=\"\" srcset=\"https:\/\/www.uartes.edu.ec\/sitio\/wp-content\/uploads\/2021\/12\/Adina-Coordinadora-MCMAS-300x300.jpg 300w, https:\/\/www.uartes.edu.ec\/sitio\/wp-content\/uploads\/2021\/12\/Adina-Coordinadora-MCMAS-644x644.jpg 644w, https:\/\/www.uartes.edu.ec\/sitio\/wp-content\/uploads\/2021\/12\/Adina-Coordinadora-MCMAS-150x150.jpg 150w, https:\/\/www.uartes.edu.ec\/sitio\/wp-content\/uploads\/2021\/12\/Adina-Coordinadora-MCMAS-768x768.jpg 768w, https:\/\/www.uartes.edu.ec\/sitio\/wp-content\/uploads\/2021\/12\/Adina-Coordinadora-MCMAS-12x12.jpg 12w, https:\/\/www.uartes.edu.ec\/sitio\/wp-content\/uploads\/2021\/12\/Adina-Coordinadora-MCMAS-60x60.jpg 60w, https:\/\/www.uartes.edu.ec\/sitio\/wp-content\/uploads\/2021\/12\/Adina-Coordinadora-MCMAS-600x600.jpg 600w, https:\/\/www.uartes.edu.ec\/sitio\/wp-content\/uploads\/2021\/12\/Adina-Coordinadora-MCMAS.jpg 1000w\" sizes=\"(max-width: 300px) 100vw, 300px\" \/><\/div>\n\t\t<\/a>\n\t\t\t\t<div class=\"elementor-post__text\">\n\t\t\t\t<h3 class=\"elementor-post__title\">\n\t\t\t<a href=\"https:\/\/www.uartes.edu.ec\/sitio\/en\/docs\/adina-izarra-2\/\" >\n\t\t\t\tAdina Izarra\t\t\t<\/a>\n\t\t<\/h3>\n\t\t\t\t<\/div>\n\t\t\t\t<\/article>\n\t\t\t\t<article class=\"elementor-post elementor-grid-item post-18503 docs type-docs status-publish has-post-thumbnail hentry doc_category-artes-musicales\" role=\"listitem\">\n\t\t\t\t<a class=\"elementor-post__thumbnail__link\" href=\"https:\/\/www.uartes.edu.ec\/sitio\/en\/docs\/andrey-mijail-astaiza-vallejo\/\" tabindex=\"-1\" >\n\t\t\t<div class=\"elementor-post__thumbnail\"><img decoding=\"async\" width=\"300\" height=\"300\" src=\"https:\/\/www.uartes.edu.ec\/sitio\/wp-content\/uploads\/2021\/12\/ANDREY-ASTAIZA-300x300.jpg\" class=\"attachment-medium size-medium wp-image-83896\" alt=\"\" srcset=\"https:\/\/www.uartes.edu.ec\/sitio\/wp-content\/uploads\/2021\/12\/ANDREY-ASTAIZA-300x300.jpg 300w, https:\/\/www.uartes.edu.ec\/sitio\/wp-content\/uploads\/2021\/12\/ANDREY-ASTAIZA-644x644.jpg 644w, https:\/\/www.uartes.edu.ec\/sitio\/wp-content\/uploads\/2021\/12\/ANDREY-ASTAIZA-150x150.jpg 150w, https:\/\/www.uartes.edu.ec\/sitio\/wp-content\/uploads\/2021\/12\/ANDREY-ASTAIZA-768x768.jpg 768w, https:\/\/www.uartes.edu.ec\/sitio\/wp-content\/uploads\/2021\/12\/ANDREY-ASTAIZA-12x12.jpg 12w, https:\/\/www.uartes.edu.ec\/sitio\/wp-content\/uploads\/2021\/12\/ANDREY-ASTAIZA-60x60.jpg 60w, https:\/\/www.uartes.edu.ec\/sitio\/wp-content\/uploads\/2021\/12\/ANDREY-ASTAIZA-600x600.jpg 600w, https:\/\/www.uartes.edu.ec\/sitio\/wp-content\/uploads\/2021\/12\/ANDREY-ASTAIZA.jpg 1000w\" sizes=\"(max-width: 300px) 100vw, 300px\" \/><\/div>\n\t\t<\/a>\n\t\t\t\t<div class=\"elementor-post__text\">\n\t\t\t\t<h3 class=\"elementor-post__title\">\n\t\t\t<a href=\"https:\/\/www.uartes.edu.ec\/sitio\/en\/docs\/andrey-mijail-astaiza-vallejo\/\" >\n\t\t\t\tAndrey Mijail Astaiza Vallejo\t\t\t<\/a>\n\t\t<\/h3>\n\t\t\t\t<\/div>\n\t\t\t\t<\/article>\n\t\t\t\t<article class=\"elementor-post elementor-grid-item post-53174 docs type-docs status-publish has-post-thumbnail hentry doc_category-artes-musicales\" role=\"listitem\">\n\t\t\t\t<a class=\"elementor-post__thumbnail__link\" href=\"https:\/\/www.uartes.edu.ec\/sitio\/en\/docs\/carlos-andres-alban-jaramillo\/\" tabindex=\"-1\" >\n\t\t\t<div class=\"elementor-post__thumbnail\"><img loading=\"lazy\" decoding=\"async\" width=\"300\" height=\"300\" src=\"https:\/\/www.uartes.edu.ec\/sitio\/wp-content\/uploads\/2024\/04\/Carlos-alban-foto-300x300.jpg\" class=\"attachment-medium size-medium wp-image-53158\" alt=\"\" srcset=\"https:\/\/www.uartes.edu.ec\/sitio\/wp-content\/uploads\/2024\/04\/Carlos-alban-foto-300x300.jpg 300w, https:\/\/www.uartes.edu.ec\/sitio\/wp-content\/uploads\/2024\/04\/Carlos-alban-foto-644x644.jpg 644w, https:\/\/www.uartes.edu.ec\/sitio\/wp-content\/uploads\/2024\/04\/Carlos-alban-foto-150x150.jpg 150w, https:\/\/www.uartes.edu.ec\/sitio\/wp-content\/uploads\/2024\/04\/Carlos-alban-foto-768x768.jpg 768w, https:\/\/www.uartes.edu.ec\/sitio\/wp-content\/uploads\/2024\/04\/Carlos-alban-foto-12x12.jpg 12w, https:\/\/www.uartes.edu.ec\/sitio\/wp-content\/uploads\/2024\/04\/Carlos-alban-foto-60x60.jpg 60w, https:\/\/www.uartes.edu.ec\/sitio\/wp-content\/uploads\/2024\/04\/Carlos-alban-foto-600x600.jpg 600w, https:\/\/www.uartes.edu.ec\/sitio\/wp-content\/uploads\/2024\/04\/Carlos-alban-foto-100x100.jpg 100w, https:\/\/www.uartes.edu.ec\/sitio\/wp-content\/uploads\/2024\/04\/Carlos-alban-foto.jpg 1000w\" sizes=\"(max-width: 300px) 100vw, 300px\" \/><\/div>\n\t\t<\/a>\n\t\t\t\t<div class=\"elementor-post__text\">\n\t\t\t\t<h3 class=\"elementor-post__title\">\n\t\t\t<a href=\"https:\/\/www.uartes.edu.ec\/sitio\/en\/docs\/carlos-andres-alban-jaramillo\/\" >\n\t\t\t\tCarlos Andres Alban Jaramillo\t\t\t<\/a>\n\t\t<\/h3>\n\t\t\t\t<\/div>\n\t\t\t\t<\/article>\n\t\t\t\t<article class=\"elementor-post elementor-grid-item post-18454 docs type-docs status-publish has-post-thumbnail hentry doc_category-artes-musicales\" role=\"listitem\">\n\t\t\t\t<a class=\"elementor-post__thumbnail__link\" href=\"https:\/\/www.uartes.edu.ec\/sitio\/en\/docs\/carlos-bravo\/\" tabindex=\"-1\" >\n\t\t\t<div class=\"elementor-post__thumbnail\"><img loading=\"lazy\" decoding=\"async\" width=\"300\" height=\"300\" src=\"https:\/\/www.uartes.edu.ec\/sitio\/wp-content\/uploads\/2024\/04\/Foto-Carlos-Bravo-300x300.jpg\" class=\"attachment-medium size-medium wp-image-53161\" alt=\"\" srcset=\"https:\/\/www.uartes.edu.ec\/sitio\/wp-content\/uploads\/2024\/04\/Foto-Carlos-Bravo-300x300.jpg 300w, https:\/\/www.uartes.edu.ec\/sitio\/wp-content\/uploads\/2024\/04\/Foto-Carlos-Bravo-644x644.jpg 644w, https:\/\/www.uartes.edu.ec\/sitio\/wp-content\/uploads\/2024\/04\/Foto-Carlos-Bravo-150x150.jpg 150w, https:\/\/www.uartes.edu.ec\/sitio\/wp-content\/uploads\/2024\/04\/Foto-Carlos-Bravo-768x768.jpg 768w, https:\/\/www.uartes.edu.ec\/sitio\/wp-content\/uploads\/2024\/04\/Foto-Carlos-Bravo-12x12.jpg 12w, https:\/\/www.uartes.edu.ec\/sitio\/wp-content\/uploads\/2024\/04\/Foto-Carlos-Bravo-60x60.jpg 60w, https:\/\/www.uartes.edu.ec\/sitio\/wp-content\/uploads\/2024\/04\/Foto-Carlos-Bravo-600x600.jpg 600w, https:\/\/www.uartes.edu.ec\/sitio\/wp-content\/uploads\/2024\/04\/Foto-Carlos-Bravo-100x100.jpg 100w, https:\/\/www.uartes.edu.ec\/sitio\/wp-content\/uploads\/2024\/04\/Foto-Carlos-Bravo.jpg 1000w\" sizes=\"(max-width: 300px) 100vw, 300px\" \/><\/div>\n\t\t<\/a>\n\t\t\t\t<div class=\"elementor-post__text\">\n\t\t\t\t<h3 class=\"elementor-post__title\">\n\t\t\t<a href=\"https:\/\/www.uartes.edu.ec\/sitio\/en\/docs\/carlos-bravo\/\" >\n\t\t\t\tCarlos Ivan Bravo Ollague\t\t\t<\/a>\n\t\t<\/h3>\n\t\t\t\t<\/div>\n\t\t\t\t<\/article>\n\t\t\t\t<article class=\"elementor-post elementor-grid-item post-53682 docs type-docs status-publish has-post-thumbnail hentry doc_category-artes-musicales\" role=\"listitem\">\n\t\t\t\t<a class=\"elementor-post__thumbnail__link\" href=\"https:\/\/www.uartes.edu.ec\/sitio\/en\/docs\/cesar-andres-latorre-bermeo\/\" tabindex=\"-1\" >\n\t\t\t<div class=\"elementor-post__thumbnail\"><img loading=\"lazy\" decoding=\"async\" width=\"300\" height=\"300\" src=\"https:\/\/www.uartes.edu.ec\/sitio\/wp-content\/uploads\/2024\/05\/Latorre-300x300.jpg\" class=\"attachment-medium size-medium wp-image-53683\" alt=\"\" srcset=\"https:\/\/www.uartes.edu.ec\/sitio\/wp-content\/uploads\/2024\/05\/Latorre-300x300.jpg 300w, https:\/\/www.uartes.edu.ec\/sitio\/wp-content\/uploads\/2024\/05\/Latorre-644x644.jpg 644w, https:\/\/www.uartes.edu.ec\/sitio\/wp-content\/uploads\/2024\/05\/Latorre-150x150.jpg 150w, https:\/\/www.uartes.edu.ec\/sitio\/wp-content\/uploads\/2024\/05\/Latorre-768x768.jpg 768w, https:\/\/www.uartes.edu.ec\/sitio\/wp-content\/uploads\/2024\/05\/Latorre-12x12.jpg 12w, https:\/\/www.uartes.edu.ec\/sitio\/wp-content\/uploads\/2024\/05\/Latorre-60x60.jpg 60w, https:\/\/www.uartes.edu.ec\/sitio\/wp-content\/uploads\/2024\/05\/Latorre-600x600.jpg 600w, https:\/\/www.uartes.edu.ec\/sitio\/wp-content\/uploads\/2024\/05\/Latorre-100x100.jpg 100w, https:\/\/www.uartes.edu.ec\/sitio\/wp-content\/uploads\/2024\/05\/Latorre.jpg 800w\" sizes=\"(max-width: 300px) 100vw, 300px\" \/><\/div>\n\t\t<\/a>\n\t\t\t\t<div class=\"elementor-post__text\">\n\t\t\t\t<h3 class=\"elementor-post__title\">\n\t\t\t<a href=\"https:\/\/www.uartes.edu.ec\/sitio\/en\/docs\/cesar-andres-latorre-bermeo\/\" >\n\t\t\t\tCesar Andres Latorre Bermeo\t\t\t<\/a>\n\t\t<\/h3>\n\t\t\t\t<\/div>\n\t\t\t\t<\/article>\n\t\t\t\t<article class=\"elementor-post elementor-grid-item post-52813 docs type-docs status-publish has-post-thumbnail hentry doc_category-artes-musicales\" role=\"listitem\">\n\t\t\t\t<a class=\"elementor-post__thumbnail__link\" href=\"https:\/\/www.uartes.edu.ec\/sitio\/en\/docs\/claudina-elizabeth-layana-izurieta\/\" tabindex=\"-1\" >\n\t\t\t<div class=\"elementor-post__thumbnail\"><img loading=\"lazy\" decoding=\"async\" width=\"300\" height=\"300\" src=\"https:\/\/www.uartes.edu.ec\/sitio\/wp-content\/uploads\/2024\/04\/CLAUDINA-LAYANA-300x300.jpg\" class=\"attachment-medium size-medium wp-image-52800\" alt=\"\" srcset=\"https:\/\/www.uartes.edu.ec\/sitio\/wp-content\/uploads\/2024\/04\/CLAUDINA-LAYANA-300x300.jpg 300w, https:\/\/www.uartes.edu.ec\/sitio\/wp-content\/uploads\/2024\/04\/CLAUDINA-LAYANA-644x644.jpg 644w, https:\/\/www.uartes.edu.ec\/sitio\/wp-content\/uploads\/2024\/04\/CLAUDINA-LAYANA-150x150.jpg 150w, https:\/\/www.uartes.edu.ec\/sitio\/wp-content\/uploads\/2024\/04\/CLAUDINA-LAYANA-768x768.jpg 768w, https:\/\/www.uartes.edu.ec\/sitio\/wp-content\/uploads\/2024\/04\/CLAUDINA-LAYANA-12x12.jpg 12w, https:\/\/www.uartes.edu.ec\/sitio\/wp-content\/uploads\/2024\/04\/CLAUDINA-LAYANA-60x60.jpg 60w, https:\/\/www.uartes.edu.ec\/sitio\/wp-content\/uploads\/2024\/04\/CLAUDINA-LAYANA-600x600.jpg 600w, https:\/\/www.uartes.edu.ec\/sitio\/wp-content\/uploads\/2024\/04\/CLAUDINA-LAYANA-100x100.jpg 100w, https:\/\/www.uartes.edu.ec\/sitio\/wp-content\/uploads\/2024\/04\/CLAUDINA-LAYANA.jpg 800w\" sizes=\"(max-width: 300px) 100vw, 300px\" \/><\/div>\n\t\t<\/a>\n\t\t\t\t<div class=\"elementor-post__text\">\n\t\t\t\t<h3 class=\"elementor-post__title\">\n\t\t\t<a href=\"https:\/\/www.uartes.edu.ec\/sitio\/en\/docs\/claudina-elizabeth-layana-izurieta\/\" >\n\t\t\t\tClaudina Elizabeth Layana Izurieta\t\t\t<\/a>\n\t\t<\/h3>\n\t\t\t\t<\/div>\n\t\t\t\t<\/article>\n\t\t\t\t<article class=\"elementor-post elementor-grid-item post-18520 docs type-docs status-publish has-post-thumbnail hentry doc_category-artes-musicales\" role=\"listitem\">\n\t\t\t\t<a class=\"elementor-post__thumbnail__link\" href=\"https:\/\/www.uartes.edu.ec\/sitio\/en\/docs\/david-andres-villarreal-montenegro\/\" tabindex=\"-1\" >\n\t\t\t<div class=\"elementor-post__thumbnail\"><img loading=\"lazy\" decoding=\"async\" width=\"300\" height=\"300\" src=\"https:\/\/www.uartes.edu.ec\/sitio\/wp-content\/uploads\/2021\/12\/dp-Foto-DAvid-Villarreal-300x300.jpg\" class=\"attachment-medium size-medium wp-image-18433\" alt=\"\" srcset=\"https:\/\/www.uartes.edu.ec\/sitio\/wp-content\/uploads\/2021\/12\/dp-Foto-DAvid-Villarreal-300x300.jpg 300w, https:\/\/www.uartes.edu.ec\/sitio\/wp-content\/uploads\/2021\/12\/dp-Foto-DAvid-Villarreal-644x644.jpg 644w, https:\/\/www.uartes.edu.ec\/sitio\/wp-content\/uploads\/2021\/12\/dp-Foto-DAvid-Villarreal-150x150.jpg 150w, https:\/\/www.uartes.edu.ec\/sitio\/wp-content\/uploads\/2021\/12\/dp-Foto-DAvid-Villarreal-768x768.jpg 768w, https:\/\/www.uartes.edu.ec\/sitio\/wp-content\/uploads\/2021\/12\/dp-Foto-DAvid-Villarreal-60x60.jpg 60w, https:\/\/www.uartes.edu.ec\/sitio\/wp-content\/uploads\/2021\/12\/dp-Foto-DAvid-Villarreal-600x600.jpg 600w, https:\/\/www.uartes.edu.ec\/sitio\/wp-content\/uploads\/2021\/12\/dp-Foto-DAvid-Villarreal-100x100.jpg 100w, https:\/\/www.uartes.edu.ec\/sitio\/wp-content\/uploads\/2021\/12\/dp-Foto-DAvid-Villarreal.jpg 1000w\" sizes=\"(max-width: 300px) 100vw, 300px\" \/><\/div>\n\t\t<\/a>\n\t\t\t\t<div class=\"elementor-post__text\">\n\t\t\t\t<h3 class=\"elementor-post__title\">\n\t\t\t<a href=\"https:\/\/www.uartes.edu.ec\/sitio\/en\/docs\/david-andres-villarreal-montenegro\/\" >\n\t\t\t\tDavid Andr\u00e9s Villarreal Montenegro\t\t\t<\/a>\n\t\t<\/h3>\n\t\t\t\t<\/div>\n\t\t\t\t<\/article>\n\t\t\t\t<article class=\"elementor-post elementor-grid-item post-53188 docs type-docs status-publish has-post-thumbnail hentry doc_category-artes-musicales\" role=\"listitem\">\n\t\t\t\t<a class=\"elementor-post__thumbnail__link\" href=\"https:\/\/www.uartes.edu.ec\/sitio\/en\/docs\/diego-lizardo-uyana-guasumba\/\" tabindex=\"-1\" >\n\t\t\t<div class=\"elementor-post__thumbnail\"><img loading=\"lazy\" decoding=\"async\" width=\"300\" height=\"300\" src=\"https:\/\/www.uartes.edu.ec\/sitio\/wp-content\/uploads\/2024\/04\/Foto-Diego-Uyana-G-300x300.jpg\" class=\"attachment-medium size-medium wp-image-53162\" alt=\"\" srcset=\"https:\/\/www.uartes.edu.ec\/sitio\/wp-content\/uploads\/2024\/04\/Foto-Diego-Uyana-G-300x300.jpg 300w, https:\/\/www.uartes.edu.ec\/sitio\/wp-content\/uploads\/2024\/04\/Foto-Diego-Uyana-G-644x644.jpg 644w, https:\/\/www.uartes.edu.ec\/sitio\/wp-content\/uploads\/2024\/04\/Foto-Diego-Uyana-G-150x150.jpg 150w, https:\/\/www.uartes.edu.ec\/sitio\/wp-content\/uploads\/2024\/04\/Foto-Diego-Uyana-G-768x768.jpg 768w, https:\/\/www.uartes.edu.ec\/sitio\/wp-content\/uploads\/2024\/04\/Foto-Diego-Uyana-G-12x12.jpg 12w, https:\/\/www.uartes.edu.ec\/sitio\/wp-content\/uploads\/2024\/04\/Foto-Diego-Uyana-G-60x60.jpg 60w, https:\/\/www.uartes.edu.ec\/sitio\/wp-content\/uploads\/2024\/04\/Foto-Diego-Uyana-G-600x600.jpg 600w, https:\/\/www.uartes.edu.ec\/sitio\/wp-content\/uploads\/2024\/04\/Foto-Diego-Uyana-G-100x100.jpg 100w, https:\/\/www.uartes.edu.ec\/sitio\/wp-content\/uploads\/2024\/04\/Foto-Diego-Uyana-G.jpg 1000w\" sizes=\"(max-width: 300px) 100vw, 300px\" \/><\/div>\n\t\t<\/a>\n\t\t\t\t<div class=\"elementor-post__text\">\n\t\t\t\t<h3 class=\"elementor-post__title\">\n\t\t\t<a href=\"https:\/\/www.uartes.edu.ec\/sitio\/en\/docs\/diego-lizardo-uyana-guasumba\/\" >\n\t\t\t\tDiego Lizardo Uyana Guasumba\t\t\t<\/a>\n\t\t<\/h3>\n\t\t\t\t<\/div>\n\t\t\t\t<\/article>\n\t\t\t\t<article class=\"elementor-post elementor-grid-item post-52836 docs type-docs status-publish has-post-thumbnail hentry doc_category-artes-musicales\" role=\"listitem\">\n\t\t\t\t<a class=\"elementor-post__thumbnail__link\" href=\"https:\/\/www.uartes.edu.ec\/sitio\/en\/docs\/enrique-antonio-silva-gil\/\" tabindex=\"-1\" >\n\t\t\t<div class=\"elementor-post__thumbnail\"><img loading=\"lazy\" decoding=\"async\" width=\"300\" height=\"300\" src=\"https:\/\/www.uartes.edu.ec\/sitio\/wp-content\/uploads\/2025\/04\/persona-placeholder-300x300.png\" class=\"attachment-medium size-medium wp-image-70621\" alt=\"\" srcset=\"https:\/\/www.uartes.edu.ec\/sitio\/wp-content\/uploads\/2025\/04\/persona-placeholder-300x300.png 300w, https:\/\/www.uartes.edu.ec\/sitio\/wp-content\/uploads\/2025\/04\/persona-placeholder-150x150.png 150w, https:\/\/www.uartes.edu.ec\/sitio\/wp-content\/uploads\/2025\/04\/persona-placeholder-12x12.png 12w, https:\/\/www.uartes.edu.ec\/sitio\/wp-content\/uploads\/2025\/04\/persona-placeholder-60x60.png 60w, https:\/\/www.uartes.edu.ec\/sitio\/wp-content\/uploads\/2025\/04\/persona-placeholder.png 512w\" sizes=\"(max-width: 300px) 100vw, 300px\" \/><\/div>\n\t\t<\/a>\n\t\t\t\t<div class=\"elementor-post__text\">\n\t\t\t\t<h3 class=\"elementor-post__title\">\n\t\t\t<a href=\"https:\/\/www.uartes.edu.ec\/sitio\/en\/docs\/enrique-antonio-silva-gil\/\" >\n\t\t\t\tEnrique Antonio Silva Gil\t\t\t<\/a>\n\t\t<\/h3>\n\t\t\t\t<\/div>\n\t\t\t\t<\/article>\n\t\t\t\t<article class=\"elementor-post elementor-grid-item post-76545 docs type-docs status-publish has-post-thumbnail hentry doc_category-artes-musicales\" role=\"listitem\">\n\t\t\t\t<a class=\"elementor-post__thumbnail__link\" href=\"https:\/\/www.uartes.edu.ec\/sitio\/en\/docs\/fernando-palacios-mateos\/\" tabindex=\"-1\" >\n\t\t\t<div class=\"elementor-post__thumbnail\"><img loading=\"lazy\" decoding=\"async\" width=\"300\" height=\"300\" src=\"https:\/\/www.uartes.edu.ec\/sitio\/wp-content\/uploads\/2025\/08\/Cuadrado-3-300x300.jpg\" class=\"attachment-medium size-medium wp-image-76946\" alt=\"\" srcset=\"https:\/\/www.uartes.edu.ec\/sitio\/wp-content\/uploads\/2025\/08\/Cuadrado-3-300x300.jpg 300w, https:\/\/www.uartes.edu.ec\/sitio\/wp-content\/uploads\/2025\/08\/Cuadrado-3-644x644.jpg 644w, https:\/\/www.uartes.edu.ec\/sitio\/wp-content\/uploads\/2025\/08\/Cuadrado-3-150x150.jpg 150w, https:\/\/www.uartes.edu.ec\/sitio\/wp-content\/uploads\/2025\/08\/Cuadrado-3-768x768.jpg 768w, https:\/\/www.uartes.edu.ec\/sitio\/wp-content\/uploads\/2025\/08\/Cuadrado-3-12x12.jpg 12w, https:\/\/www.uartes.edu.ec\/sitio\/wp-content\/uploads\/2025\/08\/Cuadrado-3-60x60.jpg 60w, https:\/\/www.uartes.edu.ec\/sitio\/wp-content\/uploads\/2025\/08\/Cuadrado-3-600x600.jpg 600w, https:\/\/www.uartes.edu.ec\/sitio\/wp-content\/uploads\/2025\/08\/Cuadrado-3.jpg 1000w\" sizes=\"(max-width: 300px) 100vw, 300px\" \/><\/div>\n\t\t<\/a>\n\t\t\t\t<div class=\"elementor-post__text\">\n\t\t\t\t<h3 class=\"elementor-post__title\">\n\t\t\t<a href=\"https:\/\/www.uartes.edu.ec\/sitio\/en\/docs\/fernando-palacios-mateos\/\" >\n\t\t\t\tFernando Palacios Mateos\t\t\t<\/a>\n\t\t<\/h3>\n\t\t\t\t<\/div>\n\t\t\t\t<\/article>\n\t\t\t\t<article class=\"elementor-post elementor-grid-item post-18605 docs type-docs status-publish has-post-thumbnail hentry doc_category-artes-musicales\" role=\"listitem\">\n\t\t\t\t<a class=\"elementor-post__thumbnail__link\" href=\"https:\/\/www.uartes.edu.ec\/sitio\/en\/docs\/fredy-vallejos\/\" tabindex=\"-1\" >\n\t\t\t<div class=\"elementor-post__thumbnail\"><img loading=\"lazy\" decoding=\"async\" width=\"300\" height=\"300\" src=\"https:\/\/www.uartes.edu.ec\/sitio\/wp-content\/uploads\/2021\/12\/dp-Fredy-Vallejos-300x300.jpg\" class=\"attachment-medium size-medium wp-image-18431\" alt=\"\" srcset=\"https:\/\/www.uartes.edu.ec\/sitio\/wp-content\/uploads\/2021\/12\/dp-Fredy-Vallejos-300x300.jpg 300w, https:\/\/www.uartes.edu.ec\/sitio\/wp-content\/uploads\/2021\/12\/dp-Fredy-Vallejos-644x644.jpg 644w, https:\/\/www.uartes.edu.ec\/sitio\/wp-content\/uploads\/2021\/12\/dp-Fredy-Vallejos-150x150.jpg 150w, https:\/\/www.uartes.edu.ec\/sitio\/wp-content\/uploads\/2021\/12\/dp-Fredy-Vallejos-768x768.jpg 768w, https:\/\/www.uartes.edu.ec\/sitio\/wp-content\/uploads\/2021\/12\/dp-Fredy-Vallejos-60x60.jpg 60w, https:\/\/www.uartes.edu.ec\/sitio\/wp-content\/uploads\/2021\/12\/dp-Fredy-Vallejos-600x600.jpg 600w, https:\/\/www.uartes.edu.ec\/sitio\/wp-content\/uploads\/2021\/12\/dp-Fredy-Vallejos-100x100.jpg 100w, https:\/\/www.uartes.edu.ec\/sitio\/wp-content\/uploads\/2021\/12\/dp-Fredy-Vallejos.jpg 1000w\" sizes=\"(max-width: 300px) 100vw, 300px\" \/><\/div>\n\t\t<\/a>\n\t\t\t\t<div class=\"elementor-post__text\">\n\t\t\t\t<h3 class=\"elementor-post__title\">\n\t\t\t<a href=\"https:\/\/www.uartes.edu.ec\/sitio\/en\/docs\/fredy-vallejos\/\" >\n\t\t\t\tFredy Oswaldo Vallejos Palacios\t\t\t<\/a>\n\t\t<\/h3>\n\t\t\t\t<\/div>\n\t\t\t\t<\/article>\n\t\t\t\t<article class=\"elementor-post elementor-grid-item post-52839 docs type-docs status-publish has-post-thumbnail hentry doc_category-artes-musicales\" role=\"listitem\">\n\t\t\t\t<a class=\"elementor-post__thumbnail__link\" href=\"https:\/\/www.uartes.edu.ec\/sitio\/en\/docs\/holguer-guillermo-villalva-munoz\/\" tabindex=\"-1\" >\n\t\t\t<div class=\"elementor-post__thumbnail\"><img loading=\"lazy\" decoding=\"async\" width=\"300\" height=\"300\" src=\"https:\/\/www.uartes.edu.ec\/sitio\/wp-content\/uploads\/2024\/04\/Holguer-Guillermo-Villalva-Munoz-300x300.jpg\" class=\"attachment-medium size-medium wp-image-52803\" alt=\"\" srcset=\"https:\/\/www.uartes.edu.ec\/sitio\/wp-content\/uploads\/2024\/04\/Holguer-Guillermo-Villalva-Munoz-300x300.jpg 300w, https:\/\/www.uartes.edu.ec\/sitio\/wp-content\/uploads\/2024\/04\/Holguer-Guillermo-Villalva-Munoz-644x644.jpg 644w, https:\/\/www.uartes.edu.ec\/sitio\/wp-content\/uploads\/2024\/04\/Holguer-Guillermo-Villalva-Munoz-150x150.jpg 150w, https:\/\/www.uartes.edu.ec\/sitio\/wp-content\/uploads\/2024\/04\/Holguer-Guillermo-Villalva-Munoz-768x768.jpg 768w, https:\/\/www.uartes.edu.ec\/sitio\/wp-content\/uploads\/2024\/04\/Holguer-Guillermo-Villalva-Munoz-12x12.jpg 12w, https:\/\/www.uartes.edu.ec\/sitio\/wp-content\/uploads\/2024\/04\/Holguer-Guillermo-Villalva-Munoz-60x60.jpg 60w, https:\/\/www.uartes.edu.ec\/sitio\/wp-content\/uploads\/2024\/04\/Holguer-Guillermo-Villalva-Munoz-600x600.jpg 600w, https:\/\/www.uartes.edu.ec\/sitio\/wp-content\/uploads\/2024\/04\/Holguer-Guillermo-Villalva-Munoz-100x100.jpg 100w, https:\/\/www.uartes.edu.ec\/sitio\/wp-content\/uploads\/2024\/04\/Holguer-Guillermo-Villalva-Munoz.jpg 800w\" sizes=\"(max-width: 300px) 100vw, 300px\" \/><\/div>\n\t\t<\/a>\n\t\t\t\t<div class=\"elementor-post__text\">\n\t\t\t\t<h3 class=\"elementor-post__title\">\n\t\t\t<a href=\"https:\/\/www.uartes.edu.ec\/sitio\/en\/docs\/holguer-guillermo-villalva-munoz\/\" >\n\t\t\t\tHolguer Guillermo Villalva Mu\u00f1oz\t\t\t<\/a>\n\t\t<\/h3>\n\t\t\t\t<\/div>\n\t\t\t\t<\/article>\n\t\t\t\t<article class=\"elementor-post elementor-grid-item post-53190 docs type-docs status-publish has-post-thumbnail hentry doc_category-artes-musicales\" role=\"listitem\">\n\t\t\t\t<a class=\"elementor-post__thumbnail__link\" href=\"https:\/\/www.uartes.edu.ec\/sitio\/en\/docs\/jenny-maria-villafuerte-pena\/\" tabindex=\"-1\" >\n\t\t\t<div class=\"elementor-post__thumbnail\"><img loading=\"lazy\" decoding=\"async\" width=\"300\" height=\"300\" src=\"https:\/\/www.uartes.edu.ec\/sitio\/wp-content\/uploads\/2024\/04\/Jenny_Villafuerte-300x300.jpg\" class=\"attachment-medium size-medium wp-image-53167\" alt=\"\" srcset=\"https:\/\/www.uartes.edu.ec\/sitio\/wp-content\/uploads\/2024\/04\/Jenny_Villafuerte-300x300.jpg 300w, https:\/\/www.uartes.edu.ec\/sitio\/wp-content\/uploads\/2024\/04\/Jenny_Villafuerte-644x644.jpg 644w, https:\/\/www.uartes.edu.ec\/sitio\/wp-content\/uploads\/2024\/04\/Jenny_Villafuerte-150x150.jpg 150w, https:\/\/www.uartes.edu.ec\/sitio\/wp-content\/uploads\/2024\/04\/Jenny_Villafuerte-768x768.jpg 768w, https:\/\/www.uartes.edu.ec\/sitio\/wp-content\/uploads\/2024\/04\/Jenny_Villafuerte-12x12.jpg 12w, https:\/\/www.uartes.edu.ec\/sitio\/wp-content\/uploads\/2024\/04\/Jenny_Villafuerte-60x60.jpg 60w, https:\/\/www.uartes.edu.ec\/sitio\/wp-content\/uploads\/2024\/04\/Jenny_Villafuerte-600x600.jpg 600w, https:\/\/www.uartes.edu.ec\/sitio\/wp-content\/uploads\/2024\/04\/Jenny_Villafuerte-100x100.jpg 100w, https:\/\/www.uartes.edu.ec\/sitio\/wp-content\/uploads\/2024\/04\/Jenny_Villafuerte.jpg 1000w\" sizes=\"(max-width: 300px) 100vw, 300px\" \/><\/div>\n\t\t<\/a>\n\t\t\t\t<div class=\"elementor-post__text\">\n\t\t\t\t<h3 class=\"elementor-post__title\">\n\t\t\t<a href=\"https:\/\/www.uartes.edu.ec\/sitio\/en\/docs\/jenny-maria-villafuerte-pena\/\" >\n\t\t\t\tJenny Mar\u00eda Villafuerte Pe\u00f1a\t\t\t<\/a>\n\t\t<\/h3>\n\t\t\t\t<\/div>\n\t\t\t\t<\/article>\n\t\t\t\t<article class=\"elementor-post elementor-grid-item post-18533 docs type-docs status-publish has-post-thumbnail hentry doc_category-artes-musicales\" role=\"listitem\">\n\t\t\t\t<a class=\"elementor-post__thumbnail__link\" href=\"https:\/\/www.uartes.edu.ec\/sitio\/en\/docs\/eduardo-manzanilla\/\" tabindex=\"-1\" >\n\t\t\t<div class=\"elementor-post__thumbnail\"><img loading=\"lazy\" decoding=\"async\" width=\"300\" height=\"300\" src=\"https:\/\/www.uartes.edu.ec\/sitio\/wp-content\/uploads\/2021\/12\/dp-Eduardo-Manzanilla-Foto-300x300.jpg\" class=\"attachment-medium size-medium wp-image-18434\" alt=\"\" srcset=\"https:\/\/www.uartes.edu.ec\/sitio\/wp-content\/uploads\/2021\/12\/dp-Eduardo-Manzanilla-Foto-300x300.jpg 300w, https:\/\/www.uartes.edu.ec\/sitio\/wp-content\/uploads\/2021\/12\/dp-Eduardo-Manzanilla-Foto-644x644.jpg 644w, https:\/\/www.uartes.edu.ec\/sitio\/wp-content\/uploads\/2021\/12\/dp-Eduardo-Manzanilla-Foto-150x150.jpg 150w, https:\/\/www.uartes.edu.ec\/sitio\/wp-content\/uploads\/2021\/12\/dp-Eduardo-Manzanilla-Foto-60x60.jpg 60w, https:\/\/www.uartes.edu.ec\/sitio\/wp-content\/uploads\/2021\/12\/dp-Eduardo-Manzanilla-Foto-600x600.jpg 600w, https:\/\/www.uartes.edu.ec\/sitio\/wp-content\/uploads\/2021\/12\/dp-Eduardo-Manzanilla-Foto-100x100.jpg 100w, https:\/\/www.uartes.edu.ec\/sitio\/wp-content\/uploads\/2021\/12\/dp-Eduardo-Manzanilla-Foto.jpg 766w\" sizes=\"(max-width: 300px) 100vw, 300px\" \/><\/div>\n\t\t<\/a>\n\t\t\t\t<div class=\"elementor-post__text\">\n\t\t\t\t<h3 class=\"elementor-post__title\">\n\t\t\t<a href=\"https:\/\/www.uartes.edu.ec\/sitio\/en\/docs\/eduardo-manzanilla\/\" >\n\t\t\t\tJes\u00fas Eduardo Manzanilla Bar\u00f3n\t\t\t<\/a>\n\t\t<\/h3>\n\t\t\t\t<\/div>\n\t\t\t\t<\/article>\n\t\t\t\t<article class=\"elementor-post elementor-grid-item post-52815 docs type-docs status-publish has-post-thumbnail hentry doc_category-artes-musicales\" role=\"listitem\">\n\t\t\t\t<a class=\"elementor-post__thumbnail__link\" href=\"https:\/\/www.uartes.edu.ec\/sitio\/en\/docs\/jorge-javier-layana-lopez\/\" tabindex=\"-1\" >\n\t\t\t<div class=\"elementor-post__thumbnail\"><img loading=\"lazy\" decoding=\"async\" width=\"300\" height=\"300\" src=\"https:\/\/www.uartes.edu.ec\/sitio\/wp-content\/uploads\/2024\/04\/Jorge-Layana-300x300.jpg\" class=\"attachment-medium size-medium wp-image-52804\" alt=\"\" srcset=\"https:\/\/www.uartes.edu.ec\/sitio\/wp-content\/uploads\/2024\/04\/Jorge-Layana-300x300.jpg 300w, https:\/\/www.uartes.edu.ec\/sitio\/wp-content\/uploads\/2024\/04\/Jorge-Layana-644x644.jpg 644w, https:\/\/www.uartes.edu.ec\/sitio\/wp-content\/uploads\/2024\/04\/Jorge-Layana-150x150.jpg 150w, https:\/\/www.uartes.edu.ec\/sitio\/wp-content\/uploads\/2024\/04\/Jorge-Layana-768x768.jpg 768w, https:\/\/www.uartes.edu.ec\/sitio\/wp-content\/uploads\/2024\/04\/Jorge-Layana-12x12.jpg 12w, https:\/\/www.uartes.edu.ec\/sitio\/wp-content\/uploads\/2024\/04\/Jorge-Layana-60x60.jpg 60w, https:\/\/www.uartes.edu.ec\/sitio\/wp-content\/uploads\/2024\/04\/Jorge-Layana-600x600.jpg 600w, https:\/\/www.uartes.edu.ec\/sitio\/wp-content\/uploads\/2024\/04\/Jorge-Layana-100x100.jpg 100w, https:\/\/www.uartes.edu.ec\/sitio\/wp-content\/uploads\/2024\/04\/Jorge-Layana.jpg 800w\" sizes=\"(max-width: 300px) 100vw, 300px\" \/><\/div>\n\t\t<\/a>\n\t\t\t\t<div class=\"elementor-post__text\">\n\t\t\t\t<h3 class=\"elementor-post__title\">\n\t\t\t<a href=\"https:\/\/www.uartes.edu.ec\/sitio\/en\/docs\/jorge-javier-layana-lopez\/\" >\n\t\t\t\tJorge Javier Layana Lopez\t\t\t<\/a>\n\t\t<\/h3>\n\t\t\t\t<\/div>\n\t\t\t\t<\/article>\n\t\t\t\t<article class=\"elementor-post elementor-grid-item post-74282 docs type-docs status-publish has-post-thumbnail hentry doc_category-artes-musicales\" role=\"listitem\">\n\t\t\t\t<a class=\"elementor-post__thumbnail__link\" href=\"https:\/\/www.uartes.edu.ec\/sitio\/en\/docs\/jorge-saade-scaff\/\" tabindex=\"-1\" >\n\t\t\t<div class=\"elementor-post__thumbnail\"><img loading=\"lazy\" decoding=\"async\" width=\"300\" height=\"300\" src=\"https:\/\/www.uartes.edu.ec\/sitio\/wp-content\/uploads\/2025\/04\/persona-placeholder-300x300.png\" class=\"attachment-medium size-medium wp-image-70621\" alt=\"\" srcset=\"https:\/\/www.uartes.edu.ec\/sitio\/wp-content\/uploads\/2025\/04\/persona-placeholder-300x300.png 300w, https:\/\/www.uartes.edu.ec\/sitio\/wp-content\/uploads\/2025\/04\/persona-placeholder-150x150.png 150w, https:\/\/www.uartes.edu.ec\/sitio\/wp-content\/uploads\/2025\/04\/persona-placeholder-12x12.png 12w, https:\/\/www.uartes.edu.ec\/sitio\/wp-content\/uploads\/2025\/04\/persona-placeholder-60x60.png 60w, https:\/\/www.uartes.edu.ec\/sitio\/wp-content\/uploads\/2025\/04\/persona-placeholder.png 512w\" sizes=\"(max-width: 300px) 100vw, 300px\" \/><\/div>\n\t\t<\/a>\n\t\t\t\t<div class=\"elementor-post__text\">\n\t\t\t\t<h3 class=\"elementor-post__title\">\n\t\t\t<a href=\"https:\/\/www.uartes.edu.ec\/sitio\/en\/docs\/jorge-saade-scaff\/\" >\n\t\t\t\tJorge Saade Scaff\t\t\t<\/a>\n\t\t<\/h3>\n\t\t\t\t<\/div>\n\t\t\t\t<\/article>\n\t\t\t\t<article class=\"elementor-post elementor-grid-item post-74287 docs type-docs status-publish has-post-thumbnail hentry doc_category-artes-musicales\" role=\"listitem\">\n\t\t\t\t<a class=\"elementor-post__thumbnail__link\" href=\"https:\/\/www.uartes.edu.ec\/sitio\/en\/docs\/jose-david-barberan-cevallos-2\/\" tabindex=\"-1\" >\n\t\t\t<div class=\"elementor-post__thumbnail\"><img loading=\"lazy\" decoding=\"async\" width=\"300\" height=\"300\" src=\"https:\/\/www.uartes.edu.ec\/sitio\/wp-content\/uploads\/2022\/07\/Foto-David-Barbera\u0301n--300x300.jpg\" class=\"attachment-medium size-medium wp-image-25314\" alt=\"\" srcset=\"https:\/\/www.uartes.edu.ec\/sitio\/wp-content\/uploads\/2022\/07\/Foto-David-Barbera\u0301n--300x300.jpg 300w, https:\/\/www.uartes.edu.ec\/sitio\/wp-content\/uploads\/2022\/07\/Foto-David-Barbera\u0301n--644x644.jpg 644w, https:\/\/www.uartes.edu.ec\/sitio\/wp-content\/uploads\/2022\/07\/Foto-David-Barbera\u0301n--150x150.jpg 150w, https:\/\/www.uartes.edu.ec\/sitio\/wp-content\/uploads\/2022\/07\/Foto-David-Barbera\u0301n--768x768.jpg 768w, https:\/\/www.uartes.edu.ec\/sitio\/wp-content\/uploads\/2022\/07\/Foto-David-Barbera\u0301n--60x60.jpg 60w, https:\/\/www.uartes.edu.ec\/sitio\/wp-content\/uploads\/2022\/07\/Foto-David-Barbera\u0301n--600x600.jpg 600w, https:\/\/www.uartes.edu.ec\/sitio\/wp-content\/uploads\/2022\/07\/Foto-David-Barbera\u0301n--100x100.jpg 100w, https:\/\/www.uartes.edu.ec\/sitio\/wp-content\/uploads\/2022\/07\/Foto-David-Barbera\u0301n--560x560.jpg 560w, https:\/\/www.uartes.edu.ec\/sitio\/wp-content\/uploads\/2022\/07\/Foto-David-Barbera\u0301n-.jpg 800w\" sizes=\"(max-width: 300px) 100vw, 300px\" \/><\/div>\n\t\t<\/a>\n\t\t\t\t<div class=\"elementor-post__text\">\n\t\t\t\t<h3 class=\"elementor-post__title\">\n\t\t\t<a href=\"https:\/\/www.uartes.edu.ec\/sitio\/en\/docs\/jose-david-barberan-cevallos-2\/\" >\n\t\t\t\tJos\u00e9 David Barber\u00e1n Cevallos\t\t\t<\/a>\n\t\t<\/h3>\n\t\t\t\t<\/div>\n\t\t\t\t<\/article>\n\t\t\t\t<article class=\"elementor-post elementor-grid-item post-74284 docs type-docs status-publish has-post-thumbnail hentry doc_category-artes-musicales\" role=\"listitem\">\n\t\t\t\t<a class=\"elementor-post__thumbnail__link\" href=\"https:\/\/www.uartes.edu.ec\/sitio\/en\/docs\/jose-miguel-gallardo-gutierrez\/\" tabindex=\"-1\" >\n\t\t\t<div class=\"elementor-post__thumbnail\"><img loading=\"lazy\" decoding=\"async\" width=\"300\" height=\"300\" src=\"https:\/\/www.uartes.edu.ec\/sitio\/wp-content\/uploads\/2025\/04\/persona-placeholder-300x300.png\" class=\"attachment-medium size-medium wp-image-70621\" alt=\"\" srcset=\"https:\/\/www.uartes.edu.ec\/sitio\/wp-content\/uploads\/2025\/04\/persona-placeholder-300x300.png 300w, https:\/\/www.uartes.edu.ec\/sitio\/wp-content\/uploads\/2025\/04\/persona-placeholder-150x150.png 150w, https:\/\/www.uartes.edu.ec\/sitio\/wp-content\/uploads\/2025\/04\/persona-placeholder-12x12.png 12w, https:\/\/www.uartes.edu.ec\/sitio\/wp-content\/uploads\/2025\/04\/persona-placeholder-60x60.png 60w, https:\/\/www.uartes.edu.ec\/sitio\/wp-content\/uploads\/2025\/04\/persona-placeholder.png 512w\" sizes=\"(max-width: 300px) 100vw, 300px\" \/><\/div>\n\t\t<\/a>\n\t\t\t\t<div class=\"elementor-post__text\">\n\t\t\t\t<h3 class=\"elementor-post__title\">\n\t\t\t<a href=\"https:\/\/www.uartes.edu.ec\/sitio\/en\/docs\/jose-miguel-gallardo-gutierrez\/\" >\n\t\t\t\tJos\u00e9 Miguel Gallardo Gutierrez\t\t\t<\/a>\n\t\t<\/h3>\n\t\t\t\t<\/div>\n\t\t\t\t<\/article>\n\t\t\t\t<article class=\"elementor-post elementor-grid-item post-18554 docs type-docs status-publish has-post-thumbnail hentry doc_category-artes-musicales\" role=\"listitem\">\n\t\t\t\t<a class=\"elementor-post__thumbnail__link\" href=\"https:\/\/www.uartes.edu.ec\/sitio\/en\/docs\/juan-carlos-gonzalez-guzman\/\" tabindex=\"-1\" >\n\t\t\t<div class=\"elementor-post__thumbnail\"><img loading=\"lazy\" decoding=\"async\" width=\"300\" height=\"300\" src=\"https:\/\/www.uartes.edu.ec\/sitio\/wp-content\/uploads\/2021\/12\/juan-carlos-gonzales-300x300.jpg\" class=\"attachment-medium size-medium wp-image-18556\" alt=\"\" srcset=\"https:\/\/www.uartes.edu.ec\/sitio\/wp-content\/uploads\/2021\/12\/juan-carlos-gonzales-300x300.jpg 300w, https:\/\/www.uartes.edu.ec\/sitio\/wp-content\/uploads\/2021\/12\/juan-carlos-gonzales-644x644.jpg 644w, https:\/\/www.uartes.edu.ec\/sitio\/wp-content\/uploads\/2021\/12\/juan-carlos-gonzales-150x150.jpg 150w, https:\/\/www.uartes.edu.ec\/sitio\/wp-content\/uploads\/2021\/12\/juan-carlos-gonzales-768x768.jpg 768w, https:\/\/www.uartes.edu.ec\/sitio\/wp-content\/uploads\/2021\/12\/juan-carlos-gonzales-60x60.jpg 60w, https:\/\/www.uartes.edu.ec\/sitio\/wp-content\/uploads\/2021\/12\/juan-carlos-gonzales-600x600.jpg 600w, https:\/\/www.uartes.edu.ec\/sitio\/wp-content\/uploads\/2021\/12\/juan-carlos-gonzales-100x100.jpg 100w, https:\/\/www.uartes.edu.ec\/sitio\/wp-content\/uploads\/2021\/12\/juan-carlos-gonzales.jpg 1000w\" sizes=\"(max-width: 300px) 100vw, 300px\" \/><\/div>\n\t\t<\/a>\n\t\t\t\t<div class=\"elementor-post__text\">\n\t\t\t\t<h3 class=\"elementor-post__title\">\n\t\t\t<a href=\"https:\/\/www.uartes.edu.ec\/sitio\/en\/docs\/juan-carlos-gonzalez-guzman\/\" >\n\t\t\t\tJuan Carlos Gonz\u00e1lez Guzm\u00e1n\t\t\t<\/a>\n\t\t<\/h3>\n\t\t\t\t<\/div>\n\t\t\t\t<\/article>\n\t\t\t\t<article class=\"elementor-post elementor-grid-item post-74291 docs type-docs status-publish has-post-thumbnail hentry doc_category-artes-musicales\" role=\"listitem\">\n\t\t\t\t<a class=\"elementor-post__thumbnail__link\" href=\"https:\/\/www.uartes.edu.ec\/sitio\/en\/docs\/juan-isidro-mejia-pena\/\" tabindex=\"-1\" >\n\t\t\t<div class=\"elementor-post__thumbnail\"><img loading=\"lazy\" decoding=\"async\" width=\"300\" height=\"300\" src=\"https:\/\/www.uartes.edu.ec\/sitio\/wp-content\/uploads\/2025\/04\/persona-placeholder-300x300.png\" class=\"attachment-medium size-medium wp-image-70621\" alt=\"\" srcset=\"https:\/\/www.uartes.edu.ec\/sitio\/wp-content\/uploads\/2025\/04\/persona-placeholder-300x300.png 300w, https:\/\/www.uartes.edu.ec\/sitio\/wp-content\/uploads\/2025\/04\/persona-placeholder-150x150.png 150w, https:\/\/www.uartes.edu.ec\/sitio\/wp-content\/uploads\/2025\/04\/persona-placeholder-12x12.png 12w, https:\/\/www.uartes.edu.ec\/sitio\/wp-content\/uploads\/2025\/04\/persona-placeholder-60x60.png 60w, https:\/\/www.uartes.edu.ec\/sitio\/wp-content\/uploads\/2025\/04\/persona-placeholder.png 512w\" sizes=\"(max-width: 300px) 100vw, 300px\" \/><\/div>\n\t\t<\/a>\n\t\t\t\t<div class=\"elementor-post__text\">\n\t\t\t\t<h3 class=\"elementor-post__title\">\n\t\t\t<a href=\"https:\/\/www.uartes.edu.ec\/sitio\/en\/docs\/juan-isidro-mejia-pena\/\" >\n\t\t\t\tJuan Isidro Mej\u00eda Pe\u00f1a\t\t\t<\/a>\n\t\t<\/h3>\n\t\t\t\t<\/div>\n\t\t\t\t<\/article>\n\t\t\t\t<article class=\"elementor-post elementor-grid-item post-18578 docs type-docs status-publish has-post-thumbnail hentry doc_category-artes-musicales\" role=\"listitem\">\n\t\t\t\t<a class=\"elementor-post__thumbnail__link\" href=\"https:\/\/www.uartes.edu.ec\/sitio\/en\/docs\/leonardo-david-eras-cordova\/\" tabindex=\"-1\" >\n\t\t\t<div class=\"elementor-post__thumbnail\"><img loading=\"lazy\" decoding=\"async\" width=\"300\" height=\"300\" src=\"https:\/\/www.uartes.edu.ec\/sitio\/wp-content\/uploads\/2024\/04\/Leonardo-David-Eras-300x300.jpg\" class=\"attachment-medium size-medium wp-image-53168\" alt=\"\" srcset=\"https:\/\/www.uartes.edu.ec\/sitio\/wp-content\/uploads\/2024\/04\/Leonardo-David-Eras-300x300.jpg 300w, https:\/\/www.uartes.edu.ec\/sitio\/wp-content\/uploads\/2024\/04\/Leonardo-David-Eras-644x644.jpg 644w, https:\/\/www.uartes.edu.ec\/sitio\/wp-content\/uploads\/2024\/04\/Leonardo-David-Eras-150x150.jpg 150w, https:\/\/www.uartes.edu.ec\/sitio\/wp-content\/uploads\/2024\/04\/Leonardo-David-Eras-768x768.jpg 768w, https:\/\/www.uartes.edu.ec\/sitio\/wp-content\/uploads\/2024\/04\/Leonardo-David-Eras-12x12.jpg 12w, https:\/\/www.uartes.edu.ec\/sitio\/wp-content\/uploads\/2024\/04\/Leonardo-David-Eras-60x60.jpg 60w, https:\/\/www.uartes.edu.ec\/sitio\/wp-content\/uploads\/2024\/04\/Leonardo-David-Eras-600x600.jpg 600w, https:\/\/www.uartes.edu.ec\/sitio\/wp-content\/uploads\/2024\/04\/Leonardo-David-Eras-100x100.jpg 100w, https:\/\/www.uartes.edu.ec\/sitio\/wp-content\/uploads\/2024\/04\/Leonardo-David-Eras.jpg 1000w\" sizes=\"(max-width: 300px) 100vw, 300px\" \/><\/div>\n\t\t<\/a>\n\t\t\t\t<div class=\"elementor-post__text\">\n\t\t\t\t<h3 class=\"elementor-post__title\">\n\t\t\t<a href=\"https:\/\/www.uartes.edu.ec\/sitio\/en\/docs\/leonardo-david-eras-cordova\/\" >\n\t\t\t\tLeonardo David Eras C\u00f3rdova\t\t\t<\/a>\n\t\t<\/h3>\n\t\t\t\t<\/div>\n\t\t\t\t<\/article>\n\t\t\t\t<article class=\"elementor-post elementor-grid-item post-52848 docs type-docs status-publish has-post-thumbnail hentry doc_category-artes-musicales\" role=\"listitem\">\n\t\t\t\t<a class=\"elementor-post__thumbnail__link\" href=\"https:\/\/www.uartes.edu.ec\/sitio\/en\/docs\/luis-carlos-moreno-guerron\/\" tabindex=\"-1\" >\n\t\t\t<div class=\"elementor-post__thumbnail\"><img loading=\"lazy\" decoding=\"async\" width=\"300\" height=\"300\" src=\"https:\/\/www.uartes.edu.ec\/sitio\/wp-content\/uploads\/2024\/04\/ENRIQUE-SILVA-300x300.jpg\" class=\"attachment-medium size-medium wp-image-52802\" alt=\"\" srcset=\"https:\/\/www.uartes.edu.ec\/sitio\/wp-content\/uploads\/2024\/04\/ENRIQUE-SILVA-300x300.jpg 300w, https:\/\/www.uartes.edu.ec\/sitio\/wp-content\/uploads\/2024\/04\/ENRIQUE-SILVA-644x644.jpg 644w, https:\/\/www.uartes.edu.ec\/sitio\/wp-content\/uploads\/2024\/04\/ENRIQUE-SILVA-150x150.jpg 150w, https:\/\/www.uartes.edu.ec\/sitio\/wp-content\/uploads\/2024\/04\/ENRIQUE-SILVA-768x768.jpg 768w, https:\/\/www.uartes.edu.ec\/sitio\/wp-content\/uploads\/2024\/04\/ENRIQUE-SILVA-12x12.jpg 12w, https:\/\/www.uartes.edu.ec\/sitio\/wp-content\/uploads\/2024\/04\/ENRIQUE-SILVA-60x60.jpg 60w, https:\/\/www.uartes.edu.ec\/sitio\/wp-content\/uploads\/2024\/04\/ENRIQUE-SILVA-600x600.jpg 600w, https:\/\/www.uartes.edu.ec\/sitio\/wp-content\/uploads\/2024\/04\/ENRIQUE-SILVA-100x100.jpg 100w, https:\/\/www.uartes.edu.ec\/sitio\/wp-content\/uploads\/2024\/04\/ENRIQUE-SILVA.jpg 800w\" sizes=\"(max-width: 300px) 100vw, 300px\" \/><\/div>\n\t\t<\/a>\n\t\t\t\t<div class=\"elementor-post__text\">\n\t\t\t\t<h3 class=\"elementor-post__title\">\n\t\t\t<a href=\"https:\/\/www.uartes.edu.ec\/sitio\/en\/docs\/luis-carlos-moreno-guerron\/\" >\n\t\t\t\tLuis Carlos Moreno Guerr\u00f3n\t\t\t<\/a>\n\t\t<\/h3>\n\t\t\t\t<\/div>\n\t\t\t\t<\/article>\n\t\t\t\t<article class=\"elementor-post elementor-grid-item post-18582 docs type-docs status-publish has-post-thumbnail hentry doc_category-artes-musicales doc_category-maestria-composicion-musical\" role=\"listitem\">\n\t\t\t\t<a class=\"elementor-post__thumbnail__link\" href=\"https:\/\/www.uartes.edu.ec\/sitio\/en\/docs\/manuel-larrea-peralta\/\" tabindex=\"-1\" >\n\t\t\t<div class=\"elementor-post__thumbnail\"><img loading=\"lazy\" decoding=\"async\" width=\"300\" height=\"300\" src=\"https:\/\/www.uartes.edu.ec\/sitio\/wp-content\/uploads\/2024\/07\/Manuel-Larrea-300x300.jpg\" class=\"attachment-medium size-medium wp-image-85591\" alt=\"\" srcset=\"https:\/\/www.uartes.edu.ec\/sitio\/wp-content\/uploads\/2024\/07\/Manuel-Larrea-300x300.jpg 300w, https:\/\/www.uartes.edu.ec\/sitio\/wp-content\/uploads\/2024\/07\/Manuel-Larrea-644x644.jpg 644w, https:\/\/www.uartes.edu.ec\/sitio\/wp-content\/uploads\/2024\/07\/Manuel-Larrea-150x150.jpg 150w, https:\/\/www.uartes.edu.ec\/sitio\/wp-content\/uploads\/2024\/07\/Manuel-Larrea-768x768.jpg 768w, https:\/\/www.uartes.edu.ec\/sitio\/wp-content\/uploads\/2024\/07\/Manuel-Larrea-12x12.jpg 12w, https:\/\/www.uartes.edu.ec\/sitio\/wp-content\/uploads\/2024\/07\/Manuel-Larrea-60x60.jpg 60w, https:\/\/www.uartes.edu.ec\/sitio\/wp-content\/uploads\/2024\/07\/Manuel-Larrea-600x600.jpg 600w, https:\/\/www.uartes.edu.ec\/sitio\/wp-content\/uploads\/2024\/07\/Manuel-Larrea.jpg 1000w\" sizes=\"(max-width: 300px) 100vw, 300px\" \/><\/div>\n\t\t<\/a>\n\t\t\t\t<div class=\"elementor-post__text\">\n\t\t\t\t<h3 class=\"elementor-post__title\">\n\t\t\t<a href=\"https:\/\/www.uartes.edu.ec\/sitio\/en\/docs\/manuel-larrea-peralta\/\" >\n\t\t\t\tManuel Larrea\t\t\t<\/a>\n\t\t<\/h3>\n\t\t\t\t<\/div>\n\t\t\t\t<\/article>\n\t\t\t\t<article class=\"elementor-post elementor-grid-item post-53171 docs type-docs status-publish has-post-thumbnail hentry doc_category-artes-musicales\" role=\"listitem\">\n\t\t\t\t<a class=\"elementor-post__thumbnail__link\" href=\"https:\/\/www.uartes.edu.ec\/sitio\/en\/docs\/maria-grecia-alban-campana\/\" tabindex=\"-1\" >\n\t\t\t<div class=\"elementor-post__thumbnail\"><img loading=\"lazy\" decoding=\"async\" width=\"300\" height=\"300\" src=\"https:\/\/www.uartes.edu.ec\/sitio\/wp-content\/uploads\/2024\/04\/GRECIA_ALBAN-300x300.jpg\" class=\"attachment-medium size-medium wp-image-53165\" alt=\"\" srcset=\"https:\/\/www.uartes.edu.ec\/sitio\/wp-content\/uploads\/2024\/04\/GRECIA_ALBAN-300x300.jpg 300w, https:\/\/www.uartes.edu.ec\/sitio\/wp-content\/uploads\/2024\/04\/GRECIA_ALBAN-644x642.jpg 644w, https:\/\/www.uartes.edu.ec\/sitio\/wp-content\/uploads\/2024\/04\/GRECIA_ALBAN-150x150.jpg 150w, https:\/\/www.uartes.edu.ec\/sitio\/wp-content\/uploads\/2024\/04\/GRECIA_ALBAN-768x766.jpg 768w, https:\/\/www.uartes.edu.ec\/sitio\/wp-content\/uploads\/2024\/04\/GRECIA_ALBAN-12x12.jpg 12w, https:\/\/www.uartes.edu.ec\/sitio\/wp-content\/uploads\/2024\/04\/GRECIA_ALBAN-60x60.jpg 60w, https:\/\/www.uartes.edu.ec\/sitio\/wp-content\/uploads\/2024\/04\/GRECIA_ALBAN-600x598.jpg 600w, https:\/\/www.uartes.edu.ec\/sitio\/wp-content\/uploads\/2024\/04\/GRECIA_ALBAN-301x300.jpg 301w, https:\/\/www.uartes.edu.ec\/sitio\/wp-content\/uploads\/2024\/04\/GRECIA_ALBAN-100x100.jpg 100w, https:\/\/www.uartes.edu.ec\/sitio\/wp-content\/uploads\/2024\/04\/GRECIA_ALBAN.jpg 1000w\" sizes=\"(max-width: 300px) 100vw, 300px\" \/><\/div>\n\t\t<\/a>\n\t\t\t\t<div class=\"elementor-post__text\">\n\t\t\t\t<h3 class=\"elementor-post__title\">\n\t\t\t<a href=\"https:\/\/www.uartes.edu.ec\/sitio\/en\/docs\/maria-grecia-alban-campana\/\" >\n\t\t\t\tMaria Grecia Alban Campa\u00f1a\t\t\t<\/a>\n\t\t<\/h3>\n\t\t\t\t<\/div>\n\t\t\t\t<\/article>\n\t\t\t\t<article class=\"elementor-post elementor-grid-item post-18497 docs type-docs status-publish has-post-thumbnail hentry doc_category-artes-musicales\" role=\"listitem\">\n\t\t\t\t<a class=\"elementor-post__thumbnail__link\" href=\"https:\/\/www.uartes.edu.ec\/sitio\/en\/docs\/orlin-alfredo-montano-marquez\/\" tabindex=\"-1\" >\n\t\t\t<div class=\"elementor-post__thumbnail\"><img loading=\"lazy\" decoding=\"async\" width=\"300\" height=\"300\" src=\"https:\/\/www.uartes.edu.ec\/sitio\/wp-content\/uploads\/2021\/12\/ORLIN-MONTANO-OK-2-300x300.jpg\" class=\"attachment-medium size-medium wp-image-19084\" alt=\"\" srcset=\"https:\/\/www.uartes.edu.ec\/sitio\/wp-content\/uploads\/2021\/12\/ORLIN-MONTANO-OK-2-300x300.jpg 300w, https:\/\/www.uartes.edu.ec\/sitio\/wp-content\/uploads\/2021\/12\/ORLIN-MONTANO-OK-2-644x644.jpg 644w, https:\/\/www.uartes.edu.ec\/sitio\/wp-content\/uploads\/2021\/12\/ORLIN-MONTANO-OK-2-150x150.jpg 150w, https:\/\/www.uartes.edu.ec\/sitio\/wp-content\/uploads\/2021\/12\/ORLIN-MONTANO-OK-2-768x768.jpg 768w, https:\/\/www.uartes.edu.ec\/sitio\/wp-content\/uploads\/2021\/12\/ORLIN-MONTANO-OK-2-60x60.jpg 60w, https:\/\/www.uartes.edu.ec\/sitio\/wp-content\/uploads\/2021\/12\/ORLIN-MONTANO-OK-2-600x600.jpg 600w, https:\/\/www.uartes.edu.ec\/sitio\/wp-content\/uploads\/2021\/12\/ORLIN-MONTANO-OK-2-100x100.jpg 100w, https:\/\/www.uartes.edu.ec\/sitio\/wp-content\/uploads\/2021\/12\/ORLIN-MONTANO-OK-2.jpg 1000w\" sizes=\"(max-width: 300px) 100vw, 300px\" \/><\/div>\n\t\t<\/a>\n\t\t\t\t<div class=\"elementor-post__text\">\n\t\t\t\t<h3 class=\"elementor-post__title\">\n\t\t\t<a href=\"https:\/\/www.uartes.edu.ec\/sitio\/en\/docs\/orlin-alfredo-montano-marquez\/\" >\n\t\t\t\tOrlin Alfredo Monta\u00f1o Marquez\t\t\t<\/a>\n\t\t<\/h3>\n\t\t\t\t<\/div>\n\t\t\t\t<\/article>\n\t\t\t\t<article class=\"elementor-post elementor-grid-item post-18475 docs type-docs status-publish has-post-thumbnail hentry doc_category-artes-musicales\" role=\"listitem\">\n\t\t\t\t<a class=\"elementor-post__thumbnail__link\" href=\"https:\/\/www.uartes.edu.ec\/sitio\/en\/docs\/paul-adriano-velasco-gonzales\/\" tabindex=\"-1\" >\n\t\t\t<div class=\"elementor-post__thumbnail\"><img loading=\"lazy\" decoding=\"async\" width=\"300\" height=\"300\" src=\"https:\/\/www.uartes.edu.ec\/sitio\/wp-content\/uploads\/2021\/12\/dp-PaulVelasco-0002-300x300.jpg\" class=\"attachment-medium size-medium wp-image-18419\" alt=\"\" srcset=\"https:\/\/www.uartes.edu.ec\/sitio\/wp-content\/uploads\/2021\/12\/dp-PaulVelasco-0002-300x300.jpg 300w, https:\/\/www.uartes.edu.ec\/sitio\/wp-content\/uploads\/2021\/12\/dp-PaulVelasco-0002-644x644.jpg 644w, https:\/\/www.uartes.edu.ec\/sitio\/wp-content\/uploads\/2021\/12\/dp-PaulVelasco-0002-150x150.jpg 150w, https:\/\/www.uartes.edu.ec\/sitio\/wp-content\/uploads\/2021\/12\/dp-PaulVelasco-0002-768x768.jpg 768w, https:\/\/www.uartes.edu.ec\/sitio\/wp-content\/uploads\/2021\/12\/dp-PaulVelasco-0002-60x60.jpg 60w, https:\/\/www.uartes.edu.ec\/sitio\/wp-content\/uploads\/2021\/12\/dp-PaulVelasco-0002-600x600.jpg 600w, https:\/\/www.uartes.edu.ec\/sitio\/wp-content\/uploads\/2021\/12\/dp-PaulVelasco-0002-100x100.jpg 100w, https:\/\/www.uartes.edu.ec\/sitio\/wp-content\/uploads\/2021\/12\/dp-PaulVelasco-0002.jpg 918w\" sizes=\"(max-width: 300px) 100vw, 300px\" \/><\/div>\n\t\t<\/a>\n\t\t\t\t<div class=\"elementor-post__text\">\n\t\t\t\t<h3 class=\"elementor-post__title\">\n\t\t\t<a href=\"https:\/\/www.uartes.edu.ec\/sitio\/en\/docs\/paul-adriano-velasco-gonzales\/\" >\n\t\t\t\tPaul Adriano Velasco Gonzales\t\t\t<\/a>\n\t\t<\/h3>\n\t\t\t\t<\/div>\n\t\t\t\t<\/article>\n\t\t\t\t<article class=\"elementor-post elementor-grid-item post-18594 docs type-docs status-publish has-post-thumbnail hentry doc_category-artes-musicales\" role=\"listitem\">\n\t\t\t\t<a class=\"elementor-post__thumbnail__link\" href=\"https:\/\/www.uartes.edu.ec\/sitio\/en\/docs\/roberto-moscoso-hurtado\/\" tabindex=\"-1\" >\n\t\t\t<div class=\"elementor-post__thumbnail\"><img loading=\"lazy\" decoding=\"async\" width=\"300\" height=\"300\" src=\"https:\/\/www.uartes.edu.ec\/sitio\/wp-content\/uploads\/2024\/04\/Foto-Roberto-Moscoso-300x300.jpg\" class=\"attachment-medium size-medium wp-image-53164\" alt=\"\" srcset=\"https:\/\/www.uartes.edu.ec\/sitio\/wp-content\/uploads\/2024\/04\/Foto-Roberto-Moscoso-300x300.jpg 300w, https:\/\/www.uartes.edu.ec\/sitio\/wp-content\/uploads\/2024\/04\/Foto-Roberto-Moscoso-644x644.jpg 644w, https:\/\/www.uartes.edu.ec\/sitio\/wp-content\/uploads\/2024\/04\/Foto-Roberto-Moscoso-150x150.jpg 150w, https:\/\/www.uartes.edu.ec\/sitio\/wp-content\/uploads\/2024\/04\/Foto-Roberto-Moscoso-768x768.jpg 768w, https:\/\/www.uartes.edu.ec\/sitio\/wp-content\/uploads\/2024\/04\/Foto-Roberto-Moscoso-12x12.jpg 12w, https:\/\/www.uartes.edu.ec\/sitio\/wp-content\/uploads\/2024\/04\/Foto-Roberto-Moscoso-60x60.jpg 60w, https:\/\/www.uartes.edu.ec\/sitio\/wp-content\/uploads\/2024\/04\/Foto-Roberto-Moscoso-600x600.jpg 600w, https:\/\/www.uartes.edu.ec\/sitio\/wp-content\/uploads\/2024\/04\/Foto-Roberto-Moscoso-100x100.jpg 100w, https:\/\/www.uartes.edu.ec\/sitio\/wp-content\/uploads\/2024\/04\/Foto-Roberto-Moscoso.jpg 1000w\" sizes=\"(max-width: 300px) 100vw, 300px\" \/><\/div>\n\t\t<\/a>\n\t\t\t\t<div class=\"elementor-post__text\">\n\t\t\t\t<h3 class=\"elementor-post__title\">\n\t\t\t<a href=\"https:\/\/www.uartes.edu.ec\/sitio\/en\/docs\/roberto-moscoso-hurtado\/\" >\n\t\t\t\tRoberto Carlos Moscoso Hurtado\t\t\t<\/a>\n\t\t<\/h3>\n\t\t\t\t<\/div>\n\t\t\t\t<\/article>\n\t\t\t\t<article class=\"elementor-post elementor-grid-item post-74293 docs type-docs status-publish has-post-thumbnail hentry doc_category-artes-musicales\" role=\"listitem\">\n\t\t\t\t<a class=\"elementor-post__thumbnail__link\" href=\"https:\/\/www.uartes.edu.ec\/sitio\/en\/docs\/rolando-grijalva-gutierrez\/\" tabindex=\"-1\" >\n\t\t\t<div class=\"elementor-post__thumbnail\"><img loading=\"lazy\" decoding=\"async\" width=\"300\" height=\"300\" src=\"https:\/\/www.uartes.edu.ec\/sitio\/wp-content\/uploads\/2025\/04\/persona-placeholder-300x300.png\" class=\"attachment-medium size-medium wp-image-70621\" alt=\"\" srcset=\"https:\/\/www.uartes.edu.ec\/sitio\/wp-content\/uploads\/2025\/04\/persona-placeholder-300x300.png 300w, https:\/\/www.uartes.edu.ec\/sitio\/wp-content\/uploads\/2025\/04\/persona-placeholder-150x150.png 150w, https:\/\/www.uartes.edu.ec\/sitio\/wp-content\/uploads\/2025\/04\/persona-placeholder-12x12.png 12w, https:\/\/www.uartes.edu.ec\/sitio\/wp-content\/uploads\/2025\/04\/persona-placeholder-60x60.png 60w, https:\/\/www.uartes.edu.ec\/sitio\/wp-content\/uploads\/2025\/04\/persona-placeholder.png 512w\" sizes=\"(max-width: 300px) 100vw, 300px\" \/><\/div>\n\t\t<\/a>\n\t\t\t\t<div class=\"elementor-post__text\">\n\t\t\t\t<h3 class=\"elementor-post__title\">\n\t\t\t<a href=\"https:\/\/www.uartes.edu.ec\/sitio\/en\/docs\/rolando-grijalva-gutierrez\/\" >\n\t\t\t\tRolando Grijalva Guti\u00e9rrez\t\t\t<\/a>\n\t\t<\/h3>\n\t\t\t\t<\/div>\n\t\t\t\t<\/article>\n\t\t\t\t<article class=\"elementor-post elementor-grid-item post-74295 docs type-docs status-publish has-post-thumbnail hentry doc_category-artes-musicales\" role=\"listitem\">\n\t\t\t\t<a class=\"elementor-post__thumbnail__link\" href=\"https:\/\/www.uartes.edu.ec\/sitio\/en\/docs\/santiago-cardenas-van-wien\/\" tabindex=\"-1\" >\n\t\t\t<div class=\"elementor-post__thumbnail\"><img loading=\"lazy\" decoding=\"async\" width=\"300\" height=\"300\" src=\"https:\/\/www.uartes.edu.ec\/sitio\/wp-content\/uploads\/2025\/04\/persona-placeholder-300x300.png\" class=\"attachment-medium size-medium wp-image-70621\" alt=\"\" srcset=\"https:\/\/www.uartes.edu.ec\/sitio\/wp-content\/uploads\/2025\/04\/persona-placeholder-300x300.png 300w, https:\/\/www.uartes.edu.ec\/sitio\/wp-content\/uploads\/2025\/04\/persona-placeholder-150x150.png 150w, https:\/\/www.uartes.edu.ec\/sitio\/wp-content\/uploads\/2025\/04\/persona-placeholder-12x12.png 12w, https:\/\/www.uartes.edu.ec\/sitio\/wp-content\/uploads\/2025\/04\/persona-placeholder-60x60.png 60w, https:\/\/www.uartes.edu.ec\/sitio\/wp-content\/uploads\/2025\/04\/persona-placeholder.png 512w\" sizes=\"(max-width: 300px) 100vw, 300px\" \/><\/div>\n\t\t<\/a>\n\t\t\t\t<div class=\"elementor-post__text\">\n\t\t\t\t<h3 class=\"elementor-post__title\">\n\t\t\t<a href=\"https:\/\/www.uartes.edu.ec\/sitio\/en\/docs\/santiago-cardenas-van-wien\/\" >\n\t\t\t\tSantiago C\u00e1rdenas Van Wien\t\t\t<\/a>\n\t\t<\/h3>\n\t\t\t\t<\/div>\n\t\t\t\t<\/article>\n\t\t\t\t<article class=\"elementor-post elementor-grid-item post-18524 docs type-docs status-publish has-post-thumbnail hentry doc_category-artes-musicales\" role=\"listitem\">\n\t\t\t\t<a class=\"elementor-post__thumbnail__link\" href=\"https:\/\/www.uartes.edu.ec\/sitio\/en\/docs\/yanella-duarte-pila\/\" tabindex=\"-1\" >\n\t\t\t<div class=\"elementor-post__thumbnail\"><img loading=\"lazy\" decoding=\"async\" width=\"300\" height=\"300\" src=\"https:\/\/www.uartes.edu.ec\/sitio\/wp-content\/uploads\/2021\/12\/dp-Foto-de-Yanella-300x300.jpg\" class=\"attachment-medium size-medium wp-image-18432\" alt=\"\" srcset=\"https:\/\/www.uartes.edu.ec\/sitio\/wp-content\/uploads\/2021\/12\/dp-Foto-de-Yanella-300x300.jpg 300w, https:\/\/www.uartes.edu.ec\/sitio\/wp-content\/uploads\/2021\/12\/dp-Foto-de-Yanella-644x644.jpg 644w, https:\/\/www.uartes.edu.ec\/sitio\/wp-content\/uploads\/2021\/12\/dp-Foto-de-Yanella-150x150.jpg 150w, https:\/\/www.uartes.edu.ec\/sitio\/wp-content\/uploads\/2021\/12\/dp-Foto-de-Yanella-768x768.jpg 768w, https:\/\/www.uartes.edu.ec\/sitio\/wp-content\/uploads\/2021\/12\/dp-Foto-de-Yanella-60x60.jpg 60w, https:\/\/www.uartes.edu.ec\/sitio\/wp-content\/uploads\/2021\/12\/dp-Foto-de-Yanella-600x600.jpg 600w, https:\/\/www.uartes.edu.ec\/sitio\/wp-content\/uploads\/2021\/12\/dp-Foto-de-Yanella-100x100.jpg 100w, https:\/\/www.uartes.edu.ec\/sitio\/wp-content\/uploads\/2021\/12\/dp-Foto-de-Yanella.jpg 893w\" sizes=\"(max-width: 300px) 100vw, 300px\" \/><\/div>\n\t\t<\/a>\n\t\t\t\t<div class=\"elementor-post__text\">\n\t\t\t\t<h3 class=\"elementor-post__title\">\n\t\t\t<a href=\"https:\/\/www.uartes.edu.ec\/sitio\/en\/docs\/yanella-duarte-pila\/\" >\n\t\t\t\tYanella Duarte Pila\t\t\t<\/a>\n\t\t<\/h3>\n\t\t\t\t<\/div>\n\t\t\t\t<\/article>\n\t\t\t\t<\/div>\n\t\t\n\t\t\t\t\t\t<\/div>\n\t\t\t\t<\/div>\n\t\t\t\t\t<\/div>\n\t\t<\/div>\n\t\t\t\t\t<\/div>\n\t\t<\/section>\n\t\t\t\t<section class=\"elementor-section elementor-top-section elementor-element elementor-element-c627104 elementor-section-stretched elementor-section-boxed elementor-section-height-default elementor-section-height-default\" data-id=\"c627104\" data-element_type=\"section\" data-e-type=\"section\" data-settings=\"{&quot;background_background&quot;:&quot;classic&quot;,&quot;stretch_section&quot;:&quot;section-stretched&quot;,&quot;_ha_eqh_enable&quot;:false}\">\n\t\t\t\t\t\t\t<div class=\"elementor-background-overlay\"><\/div>\n\t\t\t\t\t\t\t<div class=\"elementor-container elementor-column-gap-default\">\n\t\t\t\t\t<div class=\"elementor-column elementor-col-100 elementor-top-column elementor-element elementor-element-3350c65\" data-id=\"3350c65\" data-element_type=\"column\" data-e-type=\"column\">\n\t\t\t<div class=\"elementor-widget-wrap elementor-element-populated\">\n\t\t\t\t\t\t<div class=\"elementor-element elementor-element-026f4de elementor-invisible elementor-widget elementor-widget-heading\" data-id=\"026f4de\" data-element_type=\"widget\" data-e-type=\"widget\" data-settings=\"{&quot;_animation&quot;:&quot;fadeIn&quot;}\" data-widget_type=\"heading.default\">\n\t\t\t\t<div class=\"elementor-widget-container\">\n\t\t\t\t\t<h2 class=\"elementor-heading-title elementor-size-default\">Admissions<\/h2>\t\t\t\t<\/div>\n\t\t\t\t<\/div>\n\t\t\t\t<div class=\"elementor-element elementor-element-b133eb0 elementor-widget-divider--view-line elementor-invisible elementor-widget elementor-widget-divider\" data-id=\"b133eb0\" data-element_type=\"widget\" data-e-type=\"widget\" data-settings=\"{&quot;_animation&quot;:&quot;fadeIn&quot;,&quot;_animation_delay&quot;:&quot;100&quot;}\" data-widget_type=\"divider.default\">\n\t\t\t\t<div class=\"elementor-widget-container\">\n\t\t\t\t\t\t\t<div class=\"elementor-divider\">\n\t\t\t<span class=\"elementor-divider-separator\">\n\t\t\t\t\t\t<\/span>\n\t\t<\/div>\n\t\t\t\t\t\t<\/div>\n\t\t\t\t<\/div>\n\t\t\t\t<div class=\"elementor-element elementor-element-84c3c06 animated-fast elementor-invisible elementor-widget elementor-widget-heading\" data-id=\"84c3c06\" data-element_type=\"widget\" data-e-type=\"widget\" data-settings=\"{&quot;_animation&quot;:&quot;fadeInUp&quot;}\" data-widget_type=\"heading.default\">\n\t\t\t\t<div class=\"elementor-widget-container\">\n\t\t\t\t\t<h1 class=\"elementor-heading-title elementor-size-default\">Ready to apply?<\/h1>\t\t\t\t<\/div>\n\t\t\t\t<\/div>\n\t\t\t\t<div class=\"elementor-element elementor-element-ca7a50a elementor-align-center elementor-invisible elementor-widget elementor-widget-button\" data-id=\"ca7a50a\" data-element_type=\"widget\" data-e-type=\"widget\" data-settings=\"{&quot;_animation&quot;:&quot;fadeInUp&quot;}\" data-widget_type=\"button.default\">\n\t\t\t\t<div class=\"elementor-widget-container\">\n\t\t\t\t\t\t\t\t\t<div class=\"elementor-button-wrapper\">\n\t\t\t\t\t<a class=\"elementor-button elementor-button-link elementor-size-sm elementor-animation-grow\" href=\"http:\/\/www.uartes.edu.ec\/sitio\/la-universidad\/pregrado\/admisiones\/#pasos\">\n\t\t\t\t\t\t<span class=\"elementor-button-content-wrapper\">\n\t\t\t\t\t\t\t\t\t<span class=\"elementor-button-text\">Admission process<\/span>\n\t\t\t\t\t<\/span>\n\t\t\t\t\t<\/a>\n\t\t\t\t<\/div>\n\t\t\t\t\t\t\t\t<\/div>\n\t\t\t\t<\/div>\n\t\t\t\t\t<\/div>\n\t\t<\/div>\n\t\t\t\t\t<\/div>\n\t\t<\/section>\n\t\t\t\t<section class=\"elementor-section elementor-top-section elementor-element elementor-element-08dafc2 elementor-section-boxed elementor-section-height-default elementor-section-height-default\" data-id=\"08dafc2\" data-element_type=\"section\" data-e-type=\"section\" data-settings=\"{&quot;background_background&quot;:&quot;classic&quot;,&quot;_ha_eqh_enable&quot;:false}\">\n\t\t\t\t\t\t<div class=\"elementor-container elementor-column-gap-no\">\n\t\t\t\t\t<div class=\"elementor-column elementor-col-100 elementor-top-column elementor-element elementor-element-819d755\" data-id=\"819d755\" data-element_type=\"column\" data-e-type=\"column\">\n\t\t\t<div class=\"elementor-widget-wrap elementor-element-populated\">\n\t\t\t\t\t\t<div class=\"elementor-element elementor-element-fa8c06e elementor-widget elementor-widget-heading\" data-id=\"fa8c06e\" data-element_type=\"widget\" data-e-type=\"widget\" data-widget_type=\"heading.default\">\n\t\t\t\t<div class=\"elementor-widget-container\">\n\t\t\t\t\t<h2 class=\"elementor-heading-title elementor-size-large\">News<\/h2>\t\t\t\t<\/div>\n\t\t\t\t<\/div>\n\t\t\t\t<div class=\"elementor-element elementor-element-257084b elementor-grid-3 elementor-grid-tablet-2 elementor-grid-mobile-1 elementor-posts--thumbnail-top elementor-widget elementor-widget-posts\" data-id=\"257084b\" data-element_type=\"widget\" data-e-type=\"widget\" data-settings=\"{&quot;classic_columns&quot;:&quot;3&quot;,&quot;classic_columns_tablet&quot;:&quot;2&quot;,&quot;classic_columns_mobile&quot;:&quot;1&quot;,&quot;classic_row_gap&quot;:{&quot;unit&quot;:&quot;px&quot;,&quot;size&quot;:35,&quot;sizes&quot;:[]},&quot;classic_row_gap_tablet&quot;:{&quot;unit&quot;:&quot;px&quot;,&quot;size&quot;:&quot;&quot;,&quot;sizes&quot;:[]},&quot;classic_row_gap_mobile&quot;:{&quot;unit&quot;:&quot;px&quot;,&quot;size&quot;:&quot;&quot;,&quot;sizes&quot;:[]}}\" data-widget_type=\"posts.classic\">\n\t\t\t\t<div class=\"elementor-widget-container\">\n\t\t\t\t\t\t\t<div class=\"elementor-posts-container elementor-posts elementor-posts--skin-classic elementor-grid\" role=\"list\">\n\t\t\t\t<article class=\"elementor-post elementor-grid-item post-90070 post type-post status-publish format-standard has-post-thumbnail hentry category-academico category-administrativos category-artes-escenicas category-artes-sonoras category-artes-visuales category-cine category-docentes category-literatura category-maestrias tag-produccion\" role=\"listitem\">\n\t\t\t\t<a class=\"elementor-post__thumbnail__link\" href=\"https:\/\/www.uartes.edu.ec\/sitio\/en\/blog\/2026\/04\/29\/manual-de-estilo-de-la-universidad-de-las-artes-tuvo-su-presentacion-oficial-se-puede-descargar-en-el-sitio-web\/\" tabindex=\"-1\" >\n\t\t\t<div class=\"elementor-post__thumbnail\"><img loading=\"lazy\" decoding=\"async\" width=\"300\" height=\"200\" src=\"https:\/\/www.uartes.edu.ec\/sitio\/wp-content\/uploads\/2026\/04\/01-MANUAL-DE-ESTILO-UARTES-300x200.jpg\" class=\"attachment-medium size-medium wp-image-90077\" alt=\"\" srcset=\"https:\/\/www.uartes.edu.ec\/sitio\/wp-content\/uploads\/2026\/04\/01-MANUAL-DE-ESTILO-UARTES-300x200.jpg 300w, https:\/\/www.uartes.edu.ec\/sitio\/wp-content\/uploads\/2026\/04\/01-MANUAL-DE-ESTILO-UARTES-644x429.jpg 644w, https:\/\/www.uartes.edu.ec\/sitio\/wp-content\/uploads\/2026\/04\/01-MANUAL-DE-ESTILO-UARTES-768x512.jpg 768w, https:\/\/www.uartes.edu.ec\/sitio\/wp-content\/uploads\/2026\/04\/01-MANUAL-DE-ESTILO-UARTES-1536x1024.jpg 1536w, https:\/\/www.uartes.edu.ec\/sitio\/wp-content\/uploads\/2026\/04\/01-MANUAL-DE-ESTILO-UARTES-18x12.jpg 18w, https:\/\/www.uartes.edu.ec\/sitio\/wp-content\/uploads\/2026\/04\/01-MANUAL-DE-ESTILO-UARTES-600x400.jpg 600w, https:\/\/www.uartes.edu.ec\/sitio\/wp-content\/uploads\/2026\/04\/01-MANUAL-DE-ESTILO-UARTES-400x267.jpg 400w, https:\/\/www.uartes.edu.ec\/sitio\/wp-content\/uploads\/2026\/04\/01-MANUAL-DE-ESTILO-UARTES.jpg 2000w\" sizes=\"(max-width: 300px) 100vw, 300px\" \/><\/div>\n\t\t<\/a>\n\t\t\t\t<div class=\"elementor-post__text\">\n\t\t\t\t<h3 class=\"elementor-post__title\">\n\t\t\t<a href=\"https:\/\/www.uartes.edu.ec\/sitio\/en\/blog\/2026\/04\/29\/manual-de-estilo-de-la-universidad-de-las-artes-tuvo-su-presentacion-oficial-se-puede-descargar-en-el-sitio-web\/\" >\n\t\t\t\tManual de estilo de la Universidad de las Artes tuvo su presentaci\u00f3n oficial; se lo puede descargar en el sitio web del CEAT\t\t\t<\/a>\n\t\t<\/h3>\n\t\t\t\t<div class=\"elementor-post__meta-data\">\n\t\t\t\t\t<span class=\"elementor-post-date\">\n\t\t\t29 April 2026\t\t<\/span>\n\t\t\t\t<\/div>\n\t\t\t\t<div class=\"elementor-post__excerpt\">\n\t\t\t<p>El manual de estilo de la Universidad de las Artes est\u00e1 ya alojado en la p\u00e1gina web del CEAT, listo para ser descargado. No obstante, el 24 de abril se realiz\u00f3 su presentaci\u00f3n impresa en la Biblioteca de las Artes con la asistencia de nuestras autoridades, docentes, estudiantes y administrativos. La obra es una herramienta que apunta a fortalecer la coherencia y la calidad en la redacci\u00f3n de documentos institucionales y acad\u00e9micos.<\/p>\n\t\t<\/div>\n\t\t\n\t\t<a class=\"elementor-post__read-more\" href=\"https:\/\/www.uartes.edu.ec\/sitio\/en\/blog\/2026\/04\/29\/manual-de-estilo-de-la-universidad-de-las-artes-tuvo-su-presentacion-oficial-se-puede-descargar-en-el-sitio-web\/\" aria-label=\"Read more about Manual de estilo de la Universidad de las Artes tuvo su presentaci\u00f3n oficial; se lo puede descargar en el sitio web del CEAT\" tabindex=\"-1\" >\n\t\t\tLeer m\u00e1s\t\t<\/a>\n\n\t\t\t\t<\/div>\n\t\t\t\t<\/article>\n\t\t\t\t<article class=\"elementor-post elementor-grid-item post-90029 post type-post status-publish format-standard has-post-thumbnail hentry category-academico category-artes category-artes-sonoras category-docentes category-estudiantes category-sedes tag-encuentro\" role=\"listitem\">\n\t\t\t\t<a class=\"elementor-post__thumbnail__link\" href=\"https:\/\/www.uartes.edu.ec\/sitio\/en\/blog\/2026\/04\/29\/baterista-mark-walker-dara-masterclass-en-las-jornadas-de-catedras-vivas-percusion-de-la-escuela-de-artes-sonoras\/\" tabindex=\"-1\" >\n\t\t\t<div class=\"elementor-post__thumbnail\"><img loading=\"lazy\" decoding=\"async\" width=\"300\" height=\"200\" src=\"https:\/\/www.uartes.edu.ec\/sitio\/wp-content\/uploads\/2026\/04\/Proyecto-Cambiar-tamano-de-imagen-2026-04-29T124638.562-300x200.jpeg\" class=\"attachment-medium size-medium wp-image-90052\" alt=\"\" srcset=\"https:\/\/www.uartes.edu.ec\/sitio\/wp-content\/uploads\/2026\/04\/Proyecto-Cambiar-tamano-de-imagen-2026-04-29T124638.562-300x200.jpeg 300w, https:\/\/www.uartes.edu.ec\/sitio\/wp-content\/uploads\/2026\/04\/Proyecto-Cambiar-tamano-de-imagen-2026-04-29T124638.562-644x429.jpeg 644w, https:\/\/www.uartes.edu.ec\/sitio\/wp-content\/uploads\/2026\/04\/Proyecto-Cambiar-tamano-de-imagen-2026-04-29T124638.562-768x512.jpeg 768w, https:\/\/www.uartes.edu.ec\/sitio\/wp-content\/uploads\/2026\/04\/Proyecto-Cambiar-tamano-de-imagen-2026-04-29T124638.562-1536x1024.jpeg 1536w, https:\/\/www.uartes.edu.ec\/sitio\/wp-content\/uploads\/2026\/04\/Proyecto-Cambiar-tamano-de-imagen-2026-04-29T124638.562-18x12.jpeg 18w, https:\/\/www.uartes.edu.ec\/sitio\/wp-content\/uploads\/2026\/04\/Proyecto-Cambiar-tamano-de-imagen-2026-04-29T124638.562-600x400.jpeg 600w, https:\/\/www.uartes.edu.ec\/sitio\/wp-content\/uploads\/2026\/04\/Proyecto-Cambiar-tamano-de-imagen-2026-04-29T124638.562-400x267.jpeg 400w, https:\/\/www.uartes.edu.ec\/sitio\/wp-content\/uploads\/2026\/04\/Proyecto-Cambiar-tamano-de-imagen-2026-04-29T124638.562.jpeg 2000w\" sizes=\"(max-width: 300px) 100vw, 300px\" \/><\/div>\n\t\t<\/a>\n\t\t\t\t<div class=\"elementor-post__text\">\n\t\t\t\t<h3 class=\"elementor-post__title\">\n\t\t\t<a href=\"https:\/\/www.uartes.edu.ec\/sitio\/en\/blog\/2026\/04\/29\/baterista-mark-walker-dara-masterclass-en-las-jornadas-de-catedras-vivas-percusion-de-la-escuela-de-artes-sonoras\/\" >\n\t\t\t\tBaterista Mark Walker dar\u00e1 masterclass en jornadas \u201cC\u00e1tedras Vivas: Percusi\u00f3n\u201d\t\t\t<\/a>\n\t\t<\/h3>\n\t\t\t\t<div class=\"elementor-post__meta-data\">\n\t\t\t\t\t<span class=\"elementor-post-date\">\n\t\t\t29 April 2026\t\t<\/span>\n\t\t\t\t<\/div>\n\t\t\t\t<div class=\"elementor-post__excerpt\">\n\t\t\t<p>La Universidad de las Artes, en el marco de sus jornadas de \u201cC\u00e1tedras Vivas: Percusi\u00f3n\u201d, impulsa un espacio de encuentro entre estudiantes, docentes y profesionales de la percusi\u00f3n, con el prop\u00f3sito de fortalecer el aprendizaje en contexto real, el intercambio de saberes y la conexi\u00f3n entre distintas generaciones de m\u00fasicos. Como parte de esta iniciativa, el 4 y 5 de mayo habr\u00e1 masterclasses de m\u00fasicos locales, di\u00e1logos y la participaci\u00f3n del reconocido baterista Mark Walker.<\/p>\n\t\t<\/div>\n\t\t\n\t\t<a class=\"elementor-post__read-more\" href=\"https:\/\/www.uartes.edu.ec\/sitio\/en\/blog\/2026\/04\/29\/baterista-mark-walker-dara-masterclass-en-las-jornadas-de-catedras-vivas-percusion-de-la-escuela-de-artes-sonoras\/\" aria-label=\"Read more about Baterista Mark Walker dar\u00e1 masterclass en jornadas \u201cC\u00e1tedras Vivas: Percusi\u00f3n\u201d\" tabindex=\"-1\" >\n\t\t\tLeer m\u00e1s\t\t<\/a>\n\n\t\t\t\t<\/div>\n\t\t\t\t<\/article>\n\t\t\t\t<article class=\"elementor-post elementor-grid-item post-89831 post type-post status-publish format-standard has-post-thumbnail hentry category-academico category-artes category-artes-sonoras category-estudiantes tag-produccion\" role=\"listitem\">\n\t\t\t\t<a class=\"elementor-post__thumbnail__link\" href=\"https:\/\/www.uartes.edu.ec\/sitio\/en\/blog\/2026\/04\/27\/de-la-residencia-internacional-starts-que-cumplio-en-brasil-anthony-tandazo-fue-invitado-a-eventos-en-europa\/\" tabindex=\"-1\" >\n\t\t\t<div class=\"elementor-post__thumbnail\"><img loading=\"lazy\" decoding=\"async\" width=\"300\" height=\"200\" src=\"https:\/\/www.uartes.edu.ec\/sitio\/wp-content\/uploads\/2026\/04\/Proyecto-Cambiar-tamano-de-imagen-2026-04-27T165951.002-300x200.jpeg\" class=\"attachment-medium size-medium wp-image-89850\" alt=\"\" srcset=\"https:\/\/www.uartes.edu.ec\/sitio\/wp-content\/uploads\/2026\/04\/Proyecto-Cambiar-tamano-de-imagen-2026-04-27T165951.002-300x200.jpeg 300w, https:\/\/www.uartes.edu.ec\/sitio\/wp-content\/uploads\/2026\/04\/Proyecto-Cambiar-tamano-de-imagen-2026-04-27T165951.002-644x429.jpeg 644w, https:\/\/www.uartes.edu.ec\/sitio\/wp-content\/uploads\/2026\/04\/Proyecto-Cambiar-tamano-de-imagen-2026-04-27T165951.002-768x512.jpeg 768w, https:\/\/www.uartes.edu.ec\/sitio\/wp-content\/uploads\/2026\/04\/Proyecto-Cambiar-tamano-de-imagen-2026-04-27T165951.002-1536x1024.jpeg 1536w, https:\/\/www.uartes.edu.ec\/sitio\/wp-content\/uploads\/2026\/04\/Proyecto-Cambiar-tamano-de-imagen-2026-04-27T165951.002-18x12.jpeg 18w, https:\/\/www.uartes.edu.ec\/sitio\/wp-content\/uploads\/2026\/04\/Proyecto-Cambiar-tamano-de-imagen-2026-04-27T165951.002-600x400.jpeg 600w, https:\/\/www.uartes.edu.ec\/sitio\/wp-content\/uploads\/2026\/04\/Proyecto-Cambiar-tamano-de-imagen-2026-04-27T165951.002-400x267.jpeg 400w, https:\/\/www.uartes.edu.ec\/sitio\/wp-content\/uploads\/2026\/04\/Proyecto-Cambiar-tamano-de-imagen-2026-04-27T165951.002.jpeg 2000w\" sizes=\"(max-width: 300px) 100vw, 300px\" \/><\/div>\n\t\t<\/a>\n\t\t\t\t<div class=\"elementor-post__text\">\n\t\t\t\t<h3 class=\"elementor-post__title\">\n\t\t\t<a href=\"https:\/\/www.uartes.edu.ec\/sitio\/en\/blog\/2026\/04\/27\/de-la-residencia-internacional-starts-que-cumplio-en-brasil-anthony-tandazo-fue-invitado-a-eventos-en-europa\/\" >\n\t\t\t\tDe la residencia internacional STARTS que cumpli\u00f3 en Brasil, Anthony Tandazo fue invitado a eventos en Europa\t\t\t<\/a>\n\t\t<\/h3>\n\t\t\t\t<div class=\"elementor-post__meta-data\">\n\t\t\t\t\t<span class=\"elementor-post-date\">\n\t\t\t27 April 2026\t\t<\/span>\n\t\t\t\t<\/div>\n\t\t\t\t<div class=\"elementor-post__excerpt\">\n\t\t\t<p>Anthony Tandazo gan\u00f3 en el 2025 la residencia internacional STARTS, la cual cumpli\u00f3 en dos fases en la Universidad de Fortaleza (UNIFOR) de Brasil. All\u00ed no solo termin\u00f3 de desarrollar su proyecto, sino que comparti\u00f3 su proceso art\u00edstico con estudiantes y artistas locales. Pero hay m\u00e1s, el estudiante de Artes Sonoras fue invitado a Europa para participar en el Festival IMPAKT, en Utrecht en Pa\u00edses Bajos, y Ocean Space, en Venecia. <\/p>\n\t\t<\/div>\n\t\t\n\t\t<a class=\"elementor-post__read-more\" href=\"https:\/\/www.uartes.edu.ec\/sitio\/en\/blog\/2026\/04\/27\/de-la-residencia-internacional-starts-que-cumplio-en-brasil-anthony-tandazo-fue-invitado-a-eventos-en-europa\/\" aria-label=\"Read more about De la residencia internacional STARTS que cumpli\u00f3 en Brasil, Anthony Tandazo fue invitado a eventos en Europa\" tabindex=\"-1\" >\n\t\t\tLeer m\u00e1s\t\t<\/a>\n\n\t\t\t\t<\/div>\n\t\t\t\t<\/article>\n\t\t\t\t<\/div>\n\t\t\n\t\t\t\t\t\t<\/div>\n\t\t\t\t<\/div>\n\t\t\t\t\t<\/div>\n\t\t<\/div>\n\t\t\t\t\t<\/div>\n\t\t<\/section>\n\t\t\t\t<\/div>","protected":false},"excerpt":{"rendered":"<p>La Licenciatura en Artes Musicales forma artistas innovadores, profesionales e investigadores probos, capaces de crear alternativas para el desarrollo de las artes interdisciplinares del pa\u00eds. https:\/\/www.youtube.com\/watch?v=VXDpnP7rXec La carrera ofrece un programa de excelencia para el desarrollo del pensamiento musical, la formaci\u00f3n de sensibilidad, creaci\u00f3n art\u00edstica y construcci\u00f3n de criterios valorativos de la m\u00fasica del pa\u00eds [&hellip;]<\/p>\n","protected":false},"author":1,"featured_media":9163,"parent":2985,"menu_order":6,"comment_status":"closed","ping_status":"closed","template":"elementor_header_footer","meta":{"_acf_changed":false,"_uag_custom_page_level_css":"","_monsterinsights_skip_tracking":false,"_monsterinsights_sitenote_active":false,"_monsterinsights_sitenote_note":"","_monsterinsights_sitenote_category":0,"cybocfi_hide_featured_image":"","footnotes":""},"class_list":["post-4414","page","type-page","status-publish","has-post-thumbnail","hentry"],"acf":[],"yoast_head":"<!-- This site is optimized with the Yoast SEO plugin v27.4 - https:\/\/yoast.com\/product\/yoast-seo-wordpress\/ -->\n<title>Universidad de las Artes - Licenciatura en Artes Musicales y Sonoras<\/title>\n<meta name=\"description\" content=\"Universidad de las Artes - Licenciatura en Artes Musicales y Sonoras\" \/>\n<meta name=\"robots\" content=\"index, follow, max-snippet:-1, max-image-preview:large, max-video-preview:-1\" \/>\n<link rel=\"canonical\" href=\"https:\/\/www.uartes.edu.ec\/sitio\/en\/la-universidad\/pregrado\/licenciatura-en-artes-musicales-y-sonoras\/\" \/>\n<meta property=\"og:locale\" content=\"en_US\" \/>\n<meta property=\"og:type\" content=\"article\" \/>\n<meta property=\"og:title\" content=\"Universidad de las Artes - Licenciatura en Artes Musicales y Sonoras\" \/>\n<meta property=\"og:description\" content=\"Universidad de las Artes - Licenciatura en Artes Musicales y Sonoras\" \/>\n<meta property=\"og:url\" content=\"https:\/\/www.uartes.edu.ec\/sitio\/en\/la-universidad\/pregrado\/licenciatura-en-artes-musicales-y-sonoras\/\" \/>\n<meta property=\"og:site_name\" content=\"Universidad de las Artes\" \/>\n<meta property=\"article:publisher\" content=\"https:\/\/www.facebook.com\/uartesec\" \/>\n<meta property=\"article:modified_time\" content=\"2024-11-29T21:41:16+00:00\" \/>\n<meta property=\"og:image\" content=\"https:\/\/www.uartes.edu.ec\/sitio\/wp-content\/uploads\/2020\/09\/ARTES-SONOIRAS-2.jpg\" \/>\n\t<meta property=\"og:image:width\" content=\"2000\" \/>\n\t<meta property=\"og:image:height\" content=\"1333\" \/>\n\t<meta property=\"og:image:type\" content=\"image\/jpeg\" \/>\n<meta name=\"twitter:card\" content=\"summary_large_image\" \/>\n<meta name=\"twitter:site\" content=\"@uartesec\" \/>\n<meta name=\"twitter:label1\" content=\"Est. reading time\" \/>\n\t<meta name=\"twitter:data1\" content=\"10 minutes\" \/>\n<script type=\"application\/ld+json\" class=\"yoast-schema-graph\">{\"@context\":\"https:\\\/\\\/schema.org\",\"@graph\":[{\"@type\":\"WebPage\",\"@id\":\"https:\\\/\\\/www.uartes.edu.ec\\\/sitio\\\/en\\\/la-universidad\\\/pregrado\\\/licenciatura-en-artes-musicales-y-sonoras\\\/\",\"url\":\"https:\\\/\\\/www.uartes.edu.ec\\\/sitio\\\/en\\\/la-universidad\\\/pregrado\\\/licenciatura-en-artes-musicales-y-sonoras\\\/\",\"name\":\"Universidad de las Artes - Licenciatura en Artes Musicales y Sonoras\",\"isPartOf\":{\"@id\":\"https:\\\/\\\/www.uartes.edu.ec\\\/sitio\\\/en\\\/#website\"},\"primaryImageOfPage\":{\"@id\":\"https:\\\/\\\/www.uartes.edu.ec\\\/sitio\\\/en\\\/la-universidad\\\/pregrado\\\/licenciatura-en-artes-musicales-y-sonoras\\\/#primaryimage\"},\"image\":{\"@id\":\"https:\\\/\\\/www.uartes.edu.ec\\\/sitio\\\/en\\\/la-universidad\\\/pregrado\\\/licenciatura-en-artes-musicales-y-sonoras\\\/#primaryimage\"},\"thumbnailUrl\":\"https:\\\/\\\/www.uartes.edu.ec\\\/sitio\\\/wp-content\\\/uploads\\\/2020\\\/09\\\/ARTES-SONOIRAS-2.jpg\",\"datePublished\":\"2019-09-20T21:51:54+00:00\",\"dateModified\":\"2024-11-29T21:41:16+00:00\",\"description\":\"Universidad de las Artes - Licenciatura en Artes Musicales y Sonoras\",\"breadcrumb\":{\"@id\":\"https:\\\/\\\/www.uartes.edu.ec\\\/sitio\\\/en\\\/la-universidad\\\/pregrado\\\/licenciatura-en-artes-musicales-y-sonoras\\\/#breadcrumb\"},\"inLanguage\":\"en-US\",\"potentialAction\":[{\"@type\":\"ReadAction\",\"target\":[\"https:\\\/\\\/www.uartes.edu.ec\\\/sitio\\\/en\\\/la-universidad\\\/pregrado\\\/licenciatura-en-artes-musicales-y-sonoras\\\/\"]}]},{\"@type\":\"ImageObject\",\"inLanguage\":\"en-US\",\"@id\":\"https:\\\/\\\/www.uartes.edu.ec\\\/sitio\\\/en\\\/la-universidad\\\/pregrado\\\/licenciatura-en-artes-musicales-y-sonoras\\\/#primaryimage\",\"url\":\"https:\\\/\\\/www.uartes.edu.ec\\\/sitio\\\/wp-content\\\/uploads\\\/2020\\\/09\\\/ARTES-SONOIRAS-2.jpg\",\"contentUrl\":\"https:\\\/\\\/www.uartes.edu.ec\\\/sitio\\\/wp-content\\\/uploads\\\/2020\\\/09\\\/ARTES-SONOIRAS-2.jpg\",\"width\":2000,\"height\":1333},{\"@type\":\"BreadcrumbList\",\"@id\":\"https:\\\/\\\/www.uartes.edu.ec\\\/sitio\\\/en\\\/la-universidad\\\/pregrado\\\/licenciatura-en-artes-musicales-y-sonoras\\\/#breadcrumb\",\"itemListElement\":[{\"@type\":\"ListItem\",\"position\":1,\"name\":\"Inicio\",\"item\":\"https:\\\/\\\/www.uartes.edu.ec\\\/sitio\\\/\"},{\"@type\":\"ListItem\",\"position\":2,\"name\":\"Universidad de las Artes\",\"item\":\"https:\\\/\\\/www.uartes.edu.ec\\\/sitio\\\/\"},{\"@type\":\"ListItem\",\"position\":3,\"name\":\"Pregrado\",\"item\":\"https:\\\/\\\/www.uartes.edu.ec\\\/sitio\\\/la-universidad\\\/pregrado\\\/\"},{\"@type\":\"ListItem\",\"position\":4,\"name\":\"Licenciatura en Artes Musicales y Sonoras\"}]},{\"@type\":\"WebSite\",\"@id\":\"https:\\\/\\\/www.uartes.edu.ec\\\/sitio\\\/en\\\/#website\",\"url\":\"https:\\\/\\\/www.uartes.edu.ec\\\/sitio\\\/en\\\/\",\"name\":\"Universidad de las Artes\",\"description\":\"Sitio oficial de la Universidad Nacional de las Artes del Ecuador\",\"publisher\":{\"@id\":\"https:\\\/\\\/www.uartes.edu.ec\\\/sitio\\\/en\\\/#organization\"},\"potentialAction\":[{\"@type\":\"SearchAction\",\"target\":{\"@type\":\"EntryPoint\",\"urlTemplate\":\"https:\\\/\\\/www.uartes.edu.ec\\\/sitio\\\/en\\\/?s={search_term_string}\"},\"query-input\":{\"@type\":\"PropertyValueSpecification\",\"valueRequired\":true,\"valueName\":\"search_term_string\"}}],\"inLanguage\":\"en-US\"},{\"@type\":\"Organization\",\"@id\":\"https:\\\/\\\/www.uartes.edu.ec\\\/sitio\\\/en\\\/#organization\",\"name\":\"Universidad de las Artes\",\"url\":\"https:\\\/\\\/www.uartes.edu.ec\\\/sitio\\\/en\\\/\",\"logo\":{\"@type\":\"ImageObject\",\"inLanguage\":\"en-US\",\"@id\":\"https:\\\/\\\/www.uartes.edu.ec\\\/sitio\\\/en\\\/#\\\/schema\\\/logo\\\/image\\\/\",\"url\":\"https:\\\/\\\/www.uartes.edu.ec\\\/sitio\\\/wp-content\\\/uploads\\\/2022\\\/07\\\/logo-ua-horizontal.png\",\"contentUrl\":\"https:\\\/\\\/www.uartes.edu.ec\\\/sitio\\\/wp-content\\\/uploads\\\/2022\\\/07\\\/logo-ua-horizontal.png\",\"width\":800,\"height\":276,\"caption\":\"Universidad de las Artes\"},\"image\":{\"@id\":\"https:\\\/\\\/www.uartes.edu.ec\\\/sitio\\\/en\\\/#\\\/schema\\\/logo\\\/image\\\/\"},\"sameAs\":[\"https:\\\/\\\/www.facebook.com\\\/uartesec\",\"https:\\\/\\\/x.com\\\/uartesec\",\"https:\\\/\\\/www.tiktok.com\\\/@uartesec\"]}]}<\/script>\n<!-- \/ Yoast SEO plugin. -->","yoast_head_json":{"title":"Universidad de las Artes - Licenciatura en Artes Musicales y Sonoras","description":"Universidad de las Artes - Licenciatura en Artes Musicales y Sonoras","robots":{"index":"index","follow":"follow","max-snippet":"max-snippet:-1","max-image-preview":"max-image-preview:large","max-video-preview":"max-video-preview:-1"},"canonical":"https:\/\/www.uartes.edu.ec\/sitio\/en\/la-universidad\/pregrado\/licenciatura-en-artes-musicales-y-sonoras\/","og_locale":"en_US","og_type":"article","og_title":"Universidad de las Artes - Licenciatura en Artes Musicales y Sonoras","og_description":"Universidad de las Artes - Licenciatura en Artes Musicales y Sonoras","og_url":"https:\/\/www.uartes.edu.ec\/sitio\/en\/la-universidad\/pregrado\/licenciatura-en-artes-musicales-y-sonoras\/","og_site_name":"Universidad de las Artes","article_publisher":"https:\/\/www.facebook.com\/uartesec","article_modified_time":"2024-11-29T21:41:16+00:00","og_image":[{"width":2000,"height":1333,"url":"https:\/\/www.uartes.edu.ec\/sitio\/wp-content\/uploads\/2020\/09\/ARTES-SONOIRAS-2.jpg","type":"image\/jpeg"}],"twitter_card":"summary_large_image","twitter_site":"@uartesec","twitter_misc":{"Est. reading time":"10 minutes"},"schema":{"@context":"https:\/\/schema.org","@graph":[{"@type":"WebPage","@id":"https:\/\/www.uartes.edu.ec\/sitio\/en\/la-universidad\/pregrado\/licenciatura-en-artes-musicales-y-sonoras\/","url":"https:\/\/www.uartes.edu.ec\/sitio\/en\/la-universidad\/pregrado\/licenciatura-en-artes-musicales-y-sonoras\/","name":"Universidad de las Artes - Licenciatura en Artes Musicales y Sonoras","isPartOf":{"@id":"https:\/\/www.uartes.edu.ec\/sitio\/en\/#website"},"primaryImageOfPage":{"@id":"https:\/\/www.uartes.edu.ec\/sitio\/en\/la-universidad\/pregrado\/licenciatura-en-artes-musicales-y-sonoras\/#primaryimage"},"image":{"@id":"https:\/\/www.uartes.edu.ec\/sitio\/en\/la-universidad\/pregrado\/licenciatura-en-artes-musicales-y-sonoras\/#primaryimage"},"thumbnailUrl":"https:\/\/www.uartes.edu.ec\/sitio\/wp-content\/uploads\/2020\/09\/ARTES-SONOIRAS-2.jpg","datePublished":"2019-09-20T21:51:54+00:00","dateModified":"2024-11-29T21:41:16+00:00","description":"Universidad de las Artes - Licenciatura en Artes Musicales y Sonoras","breadcrumb":{"@id":"https:\/\/www.uartes.edu.ec\/sitio\/en\/la-universidad\/pregrado\/licenciatura-en-artes-musicales-y-sonoras\/#breadcrumb"},"inLanguage":"en-US","potentialAction":[{"@type":"ReadAction","target":["https:\/\/www.uartes.edu.ec\/sitio\/en\/la-universidad\/pregrado\/licenciatura-en-artes-musicales-y-sonoras\/"]}]},{"@type":"ImageObject","inLanguage":"en-US","@id":"https:\/\/www.uartes.edu.ec\/sitio\/en\/la-universidad\/pregrado\/licenciatura-en-artes-musicales-y-sonoras\/#primaryimage","url":"https:\/\/www.uartes.edu.ec\/sitio\/wp-content\/uploads\/2020\/09\/ARTES-SONOIRAS-2.jpg","contentUrl":"https:\/\/www.uartes.edu.ec\/sitio\/wp-content\/uploads\/2020\/09\/ARTES-SONOIRAS-2.jpg","width":2000,"height":1333},{"@type":"BreadcrumbList","@id":"https:\/\/www.uartes.edu.ec\/sitio\/en\/la-universidad\/pregrado\/licenciatura-en-artes-musicales-y-sonoras\/#breadcrumb","itemListElement":[{"@type":"ListItem","position":1,"name":"Inicio","item":"https:\/\/www.uartes.edu.ec\/sitio\/"},{"@type":"ListItem","position":2,"name":"Universidad de las Artes","item":"https:\/\/www.uartes.edu.ec\/sitio\/"},{"@type":"ListItem","position":3,"name":"Pregrado","item":"https:\/\/www.uartes.edu.ec\/sitio\/la-universidad\/pregrado\/"},{"@type":"ListItem","position":4,"name":"Licenciatura en Artes Musicales y Sonoras"}]},{"@type":"WebSite","@id":"https:\/\/www.uartes.edu.ec\/sitio\/en\/#website","url":"https:\/\/www.uartes.edu.ec\/sitio\/en\/","name":"Universidad de las Artes","description":"Sitio oficial de la Universidad Nacional de las Artes del Ecuador","publisher":{"@id":"https:\/\/www.uartes.edu.ec\/sitio\/en\/#organization"},"potentialAction":[{"@type":"SearchAction","target":{"@type":"EntryPoint","urlTemplate":"https:\/\/www.uartes.edu.ec\/sitio\/en\/?s={search_term_string}"},"query-input":{"@type":"PropertyValueSpecification","valueRequired":true,"valueName":"search_term_string"}}],"inLanguage":"en-US"},{"@type":"Organization","@id":"https:\/\/www.uartes.edu.ec\/sitio\/en\/#organization","name":"Universidad de las Artes","url":"https:\/\/www.uartes.edu.ec\/sitio\/en\/","logo":{"@type":"ImageObject","inLanguage":"en-US","@id":"https:\/\/www.uartes.edu.ec\/sitio\/en\/#\/schema\/logo\/image\/","url":"https:\/\/www.uartes.edu.ec\/sitio\/wp-content\/uploads\/2022\/07\/logo-ua-horizontal.png","contentUrl":"https:\/\/www.uartes.edu.ec\/sitio\/wp-content\/uploads\/2022\/07\/logo-ua-horizontal.png","width":800,"height":276,"caption":"Universidad de las Artes"},"image":{"@id":"https:\/\/www.uartes.edu.ec\/sitio\/en\/#\/schema\/logo\/image\/"},"sameAs":["https:\/\/www.facebook.com\/uartesec","https:\/\/x.com\/uartesec","https:\/\/www.tiktok.com\/@uartesec"]}]}},"uagb_featured_image_src":{"full":["https:\/\/www.uartes.edu.ec\/sitio\/wp-content\/uploads\/2020\/09\/ARTES-SONOIRAS-2.jpg",2000,1333,false],"thumbnail":["https:\/\/www.uartes.edu.ec\/sitio\/wp-content\/uploads\/2020\/09\/ARTES-SONOIRAS-2-150x150.jpg",150,150,true],"medium":["https:\/\/www.uartes.edu.ec\/sitio\/wp-content\/uploads\/2020\/09\/ARTES-SONOIRAS-2-300x200.jpg",300,200,true],"medium_large":["https:\/\/www.uartes.edu.ec\/sitio\/wp-content\/uploads\/2020\/09\/ARTES-SONOIRAS-2-768x512.jpg",768,512,true],"large":["https:\/\/www.uartes.edu.ec\/sitio\/wp-content\/uploads\/2020\/09\/ARTES-SONOIRAS-2-644x429.jpg",644,429,true],"1536x1536":["https:\/\/www.uartes.edu.ec\/sitio\/wp-content\/uploads\/2020\/09\/ARTES-SONOIRAS-2-1536x1024.jpg",1536,1024,true],"2048x2048":["https:\/\/www.uartes.edu.ec\/sitio\/wp-content\/uploads\/2020\/09\/ARTES-SONOIRAS-2.jpg",2000,1333,false],"trp-custom-language-flag":["https:\/\/www.uartes.edu.ec\/sitio\/wp-content\/uploads\/2020\/09\/ARTES-SONOIRAS-2.jpg",18,12,false],"htmega_size_585x295":["https:\/\/www.uartes.edu.ec\/sitio\/wp-content\/uploads\/2020\/09\/ARTES-SONOIRAS-2-585x295.jpg",585,295,true],"htmega_size_1170x536":["https:\/\/www.uartes.edu.ec\/sitio\/wp-content\/uploads\/2020\/09\/ARTES-SONOIRAS-2-1170x536.jpg",1170,536,true],"htmega_size_396x360":["https:\/\/www.uartes.edu.ec\/sitio\/wp-content\/uploads\/2020\/09\/ARTES-SONOIRAS-2-396x360.jpg",396,360,true],"gb-block-post-grid-landscape":["https:\/\/www.uartes.edu.ec\/sitio\/wp-content\/uploads\/2020\/09\/ARTES-SONOIRAS-2.jpg",600,400,false],"gb-block-post-grid-square":["https:\/\/www.uartes.edu.ec\/sitio\/wp-content\/uploads\/2020\/09\/ARTES-SONOIRAS-2.jpg",600,400,false],"university-hub-thumb":["https:\/\/www.uartes.edu.ec\/sitio\/wp-content\/uploads\/2020\/09\/ARTES-SONOIRAS-2-400x267.jpg",400,267,true]},"uagb_author_info":{"display_name":"Universidad de las Artes","author_link":"https:\/\/www.uartes.edu.ec\/sitio\/en\/blog\/author\/dircomadm\/"},"uagb_comment_info":0,"uagb_excerpt":"La Licenciatura en Artes Musicales forma artistas innovadores, profesionales e investigadores probos, capaces de crear alternativas para el desarrollo de las artes interdisciplinares del pa\u00eds. https:\/\/www.youtube.com\/watch?v=VXDpnP7rXec La carrera ofrece un programa de excelencia para el desarrollo del pensamiento musical, la formaci\u00f3n de sensibilidad, creaci\u00f3n art\u00edstica y construcci\u00f3n de criterios valorativos de la m\u00fasica del pa\u00eds&hellip;","featured_image_src":"https:\/\/www.uartes.edu.ec\/sitio\/wp-content\/uploads\/2020\/09\/ARTES-SONOIRAS-2.jpg","featured_image_src_square":"https:\/\/www.uartes.edu.ec\/sitio\/wp-content\/uploads\/2020\/09\/ARTES-SONOIRAS-2.jpg","publishpress_future_action":{"enabled":false,"date":"2026-05-09 07:35:05","action":"change-status","newStatus":"draft","terms":[],"taxonomy":"","extraData":[]},"publishpress_future_workflow_manual_trigger":{"enabledWorkflows":[]},"distributor_meta":false,"distributor_terms":false,"distributor_media":false,"distributor_original_site_name":"Universidad de las Artes","distributor_original_site_url":"https:\/\/www.uartes.edu.ec\/sitio\/en","push-errors":false,"_links":{"self":[{"href":"https:\/\/www.uartes.edu.ec\/sitio\/en\/wp-json\/wp\/v2\/pages\/4414","targetHints":{"allow":["GET"]}}],"collection":[{"href":"https:\/\/www.uartes.edu.ec\/sitio\/en\/wp-json\/wp\/v2\/pages"}],"about":[{"href":"https:\/\/www.uartes.edu.ec\/sitio\/en\/wp-json\/wp\/v2\/types\/page"}],"author":[{"embeddable":true,"href":"https:\/\/www.uartes.edu.ec\/sitio\/en\/wp-json\/wp\/v2\/users\/1"}],"replies":[{"embeddable":true,"href":"https:\/\/www.uartes.edu.ec\/sitio\/en\/wp-json\/wp\/v2\/comments?post=4414"}],"version-history":[{"count":50,"href":"https:\/\/www.uartes.edu.ec\/sitio\/en\/wp-json\/wp\/v2\/pages\/4414\/revisions"}],"predecessor-version":[{"id":65446,"href":"https:\/\/www.uartes.edu.ec\/sitio\/en\/wp-json\/wp\/v2\/pages\/4414\/revisions\/65446"}],"up":[{"embeddable":true,"href":"https:\/\/www.uartes.edu.ec\/sitio\/en\/wp-json\/wp\/v2\/pages\/2985"}],"wp:featuredmedia":[{"embeddable":true,"href":"https:\/\/www.uartes.edu.ec\/sitio\/en\/wp-json\/wp\/v2\/media\/9163"}],"wp:attachment":[{"href":"https:\/\/www.uartes.edu.ec\/sitio\/en\/wp-json\/wp\/v2\/media?parent=4414"}],"curies":[{"name":"wp","href":"https:\/\/api.w.org\/{rel}","templated":true}]}}