{"id":4421,"date":"2019-09-20T16:55:21","date_gmt":"2019-09-20T21:55:21","guid":{"rendered":"http:\/\/www.uartes.edu.ec\/sitio\/la-universidad\/pregrado\/admisiones-2\/"},"modified":"2026-03-26T09:10:17","modified_gmt":"2026-03-26T14:10:17","slug":"admisiones-posgrados","status":"publish","type":"page","link":"https:\/\/www.uartes.edu.ec\/sitio\/en\/la-universidad\/posgrado\/admisiones-posgrados\/","title":{"rendered":"Admissions"},"content":{"rendered":"\t\t<div data-elementor-type=\"wp-page\" data-elementor-id=\"4421\" class=\"elementor elementor-4421\" data-elementor-settings=\"{&quot;ha_cmc_init_switcher&quot;:&quot;no&quot;}\" data-elementor-post-type=\"page\">\n\t\t\t\t\t\t<section class=\"elementor-section elementor-top-section elementor-element elementor-element-a892de6 elementor-section-height-min-height elementor-reverse-mobile elementor-section-boxed elementor-section-height-default elementor-section-items-middle\" data-id=\"a892de6\" data-element_type=\"section\" data-e-type=\"section\" data-settings=\"{&quot;background_background&quot;:&quot;classic&quot;,&quot;_ha_eqh_enable&quot;:false}\">\n\t\t\t\t\t\t<div class=\"elementor-container elementor-column-gap-default\">\n\t\t\t\t\t<div class=\"elementor-column elementor-col-100 elementor-top-column elementor-element elementor-element-2ea14cd\" data-id=\"2ea14cd\" data-element_type=\"column\" data-e-type=\"column\" data-settings=\"{&quot;background_background&quot;:&quot;classic&quot;}\">\n\t\t\t<div class=\"elementor-widget-wrap elementor-element-populated\">\n\t\t\t\t\t\t<div class=\"elementor-element elementor-element-178d872 elementor-widget elementor-widget-image\" data-id=\"178d872\" data-element_type=\"widget\" data-e-type=\"widget\" data-widget_type=\"image.default\">\n\t\t\t\t<div class=\"elementor-widget-container\">\n\t\t\t\t\t\t\t\t\t\t\t\t\t\t\t<img fetchpriority=\"high\" decoding=\"async\" width=\"644\" height=\"332\" src=\"https:\/\/www.uartes.edu.ec\/sitio\/wp-content\/uploads\/2022\/11\/2211-LOGO-POSGRADOS-a2-644x332.png\" class=\"attachment-large size-large wp-image-32763\" alt=\"\" srcset=\"https:\/\/www.uartes.edu.ec\/sitio\/wp-content\/uploads\/2022\/11\/2211-LOGO-POSGRADOS-a2-644x332.png 644w, https:\/\/www.uartes.edu.ec\/sitio\/wp-content\/uploads\/2022\/11\/2211-LOGO-POSGRADOS-a2-300x155.png 300w, https:\/\/www.uartes.edu.ec\/sitio\/wp-content\/uploads\/2022\/11\/2211-LOGO-POSGRADOS-a2-768x396.png 768w, https:\/\/www.uartes.edu.ec\/sitio\/wp-content\/uploads\/2022\/11\/2211-LOGO-POSGRADOS-a2-400x206.png 400w, https:\/\/www.uartes.edu.ec\/sitio\/wp-content\/uploads\/2022\/11\/2211-LOGO-POSGRADOS-a2-600x309.png 600w, https:\/\/www.uartes.edu.ec\/sitio\/wp-content\/uploads\/2022\/11\/2211-LOGO-POSGRADOS-a2.png 866w\" sizes=\"(max-width: 644px) 100vw, 644px\" \/>\t\t\t\t\t\t\t\t\t\t\t\t\t\t\t<\/div>\n\t\t\t\t<\/div>\n\t\t\t\t<div class=\"elementor-element elementor-element-7bac022 elementor-widget elementor-widget-heading\" data-id=\"7bac022\" data-element_type=\"widget\" data-e-type=\"widget\" data-widget_type=\"heading.default\">\n\t\t\t\t<div class=\"elementor-widget-container\">\n\t\t\t\t\t<h1 class=\"elementor-heading-title elementor-size-default\">Admisiones<\/h1>\t\t\t\t<\/div>\n\t\t\t\t<\/div>\n\t\t\t\t\t<\/div>\n\t\t<\/div>\n\t\t\t\t\t<\/div>\n\t\t<\/section>\n\t\t\t\t<section class=\"elementor-section elementor-top-section elementor-element elementor-element-ee3433a elementor-section-full_width elementor-section-height-default elementor-section-height-default\" data-id=\"ee3433a\" data-element_type=\"section\" data-e-type=\"section\" data-settings=\"{&quot;background_background&quot;:&quot;classic&quot;,&quot;_ha_eqh_enable&quot;:false}\">\n\t\t\t\t\t\t<div class=\"elementor-container elementor-column-gap-no\">\n\t\t\t\t\t<div class=\"elementor-column elementor-col-100 elementor-top-column elementor-element elementor-element-1025573\" data-id=\"1025573\" data-element_type=\"column\" data-e-type=\"column\">\n\t\t\t<div class=\"elementor-widget-wrap elementor-element-populated\">\n\t\t\t\t\t\t<div class=\"elementor-element elementor-element-ea40062 elementor-widget elementor-widget-heading\" data-id=\"ea40062\" data-element_type=\"widget\" data-e-type=\"widget\" data-widget_type=\"heading.default\">\n\t\t\t\t<div class=\"elementor-widget-container\">\n\t\t\t\t\t<h6 class=\"elementor-heading-title elementor-size-default\"><small>Imagen: Resiliencia y Ornamento. Instalaci\u00f3n<br>Cristian Villavicencio (colaboraci\u00f3n con Gabriela Fabre)<\/small><\/h6>\t\t\t\t<\/div>\n\t\t\t\t<\/div>\n\t\t\t\t\t<\/div>\n\t\t<\/div>\n\t\t\t\t\t<\/div>\n\t\t<\/section>\n\t\t\t\t<section class=\"elementor-section elementor-top-section elementor-element elementor-element-9352c76 elementor-section-boxed elementor-section-height-default elementor-section-height-default\" data-id=\"9352c76\" data-element_type=\"section\" data-e-type=\"section\" data-settings=\"{&quot;background_background&quot;:&quot;classic&quot;,&quot;_ha_eqh_enable&quot;:false}\">\n\t\t\t\t\t\t<div class=\"elementor-container elementor-column-gap-no\">\n\t\t\t\t\t<div class=\"elementor-column elementor-col-100 elementor-top-column elementor-element elementor-element-0c309e8\" data-id=\"0c309e8\" data-element_type=\"column\" data-e-type=\"column\">\n\t\t\t<div class=\"elementor-widget-wrap elementor-element-populated\">\n\t\t\t\t\t\t<div class=\"elementor-element elementor-element-53e8e19 elementor-widget elementor-widget-text-editor\" data-id=\"53e8e19\" data-element_type=\"widget\" data-e-type=\"widget\" data-widget_type=\"text-editor.default\">\n\t\t\t\t<div class=\"elementor-widget-container\">\n\t\t\t\t\t\t\t\t\t<p>Iniciamos el proceso de admisi\u00f3n este 18 de febrero de 2026 para nuestros programas de Maestr\u00edas en <a href=\"https:\/\/www.uartes.edu.ec\/sitio\/la-universidad\/posgrado\/maestria-en-gestion-de-la-cultura-y-de-las-artes\/\">Gesti\u00f3n de la Cultura y de las Artes<\/a>,\u00a0<a href=\"https:\/\/www.uartes.edu.ec\/sitio\/la-universidad\/posgrado\/maestria-en-composicion-musical-y-artes-sonoras\/\">Composici\u00f3n Musical y Artes Sonoras<\/a>, <a href=\"https:\/\/www.uartes.edu.ec\/sitio\/la-universidad\/posgrado\/maestria-en-artes-visuales-y-nuevos-medios\/\">Artes Visuales y Nuevos Medios<\/a> y <a href=\"https:\/\/www.uartes.edu.ec\/sitio\/la-universidad\/posgrado\/maestria-en-cine-documental\/\">Cine Documental<\/a>.\u00a0<\/p>\t\t\t\t\t\t\t\t<\/div>\n\t\t\t\t<\/div>\n\t\t\t\t<div class=\"elementor-element elementor-element-270348f elementor-align-center elementor-hidden-desktop elementor-hidden-tablet elementor-widget elementor-widget-button\" data-id=\"270348f\" data-element_type=\"widget\" data-e-type=\"widget\" data-widget_type=\"button.default\">\n\t\t\t\t<div class=\"elementor-widget-container\">\n\t\t\t\t\t\t\t\t\t<div class=\"elementor-button-wrapper\">\n\t\t\t\t\t<a class=\"elementor-button elementor-button-link elementor-size-xl\" href=\"https:\/\/admisiones.uartes.edu.ec\">\n\t\t\t\t\t\t<span class=\"elementor-button-content-wrapper\">\n\t\t\t\t\t\t\t\t\t<span class=\"elementor-button-text\">Postula aqu\u00ed<\/span>\n\t\t\t\t\t<\/span>\n\t\t\t\t\t<\/a>\n\t\t\t\t<\/div>\n\t\t\t\t\t\t\t\t<\/div>\n\t\t\t\t<\/div>\n\t\t\t\t<div class=\"elementor-element elementor-element-090490f elementor-cta--skin-cover elementor-cta--valign-middle elementor-bg-transform elementor-bg-transform-move-down elementor-hidden-desktop elementor-hidden-tablet elementor-hidden-mobile elementor-animated-content elementor-widget elementor-widget-call-to-action\" data-id=\"090490f\" data-element_type=\"widget\" data-e-type=\"widget\" data-widget_type=\"call-to-action.default\">\n\t\t\t\t<div class=\"elementor-widget-container\">\n\t\t\t\t\t\t\t<div class=\"elementor-cta\">\n\t\t\t\t\t<div class=\"elementor-cta__bg-wrapper\">\n\t\t\t\t<div class=\"elementor-cta__bg elementor-bg\" style=\"background-image: url(https:\/\/www.uartes.edu.ec\/sitio\/wp-content\/uploads\/2021\/12\/posgrado2022-644x429.jpg);\" role=\"img\" aria-label=\"posgrado2022\"><\/div>\n\t\t\t\t<div class=\"elementor-cta__bg-overlay\"><\/div>\n\t\t\t<\/div>\n\t\t\t\t\t\t\t<div class=\"elementor-cta__content\">\n\t\t\t\t\n\t\t\t\t\t\t\t\t\t<h2 class=\"elementor-cta__title elementor-cta__content-item elementor-content-item elementor-animated-item--grow\">\n\t\t\t\t\t\tPostula a una beca\t\t\t\t\t<\/h2>\n\t\t\t\t\n\t\t\t\t\t\t\t\t\t<div class=\"elementor-cta__description elementor-cta__content-item elementor-content-item elementor-animated-item--grow\">\n\t\t\t\t\t\tEl V Proceso de Becas de Posgrado se encuentra receptando postulaciones. <br \/>El plazo para aplicar vence el <strong>1 de marzo<\/strong>. \t\t\t\t\t<\/div>\n\t\t\t\t\n\t\t\t\t\t\t\t\t\t<div class=\"elementor-cta__button-wrapper elementor-cta__content-item elementor-content-item elementor-animated-item--grow\">\n\t\t\t\t\t<a class=\"elementor-cta__button elementor-button elementor-size-md\" href=\"http:\/\/www.uartes.edu.ec\/sitio\/la-universidad\/posgrado\/becas\/\">\n\t\t\t\t\t\tRevisa las bases para postular y el cronograma\t\t\t\t\t<\/a>\n\t\t\t\t\t<\/div>\n\t\t\t\t\t\t\t<\/div>\n\t\t\t\t\t\t\t<div class=\"elementor-ribbon elementor-ribbon-right\">\n\t\t\t\t<div class=\"elementor-ribbon-inner\">\n\t\t\t\t\taplica a una beca\t\t\t\t<\/div>\n\t\t\t<\/div>\n\t\t\t\t<\/div>\n\t\t\t\t\t\t<\/div>\n\t\t\t\t<\/div>\n\t\t\t\t\t<\/div>\n\t\t<\/div>\n\t\t\t\t\t<\/div>\n\t\t<\/section>\n\t\t\t\t<section class=\"elementor-section elementor-top-section elementor-element elementor-element-ba506c3 elementor-section-content-middle elementor-section-boxed elementor-section-height-default elementor-section-height-default\" data-id=\"ba506c3\" data-element_type=\"section\" data-e-type=\"section\" data-settings=\"{&quot;background_background&quot;:&quot;classic&quot;,&quot;_ha_eqh_enable&quot;:false}\">\n\t\t\t\t\t\t<div class=\"elementor-container elementor-column-gap-no\">\n\t\t\t\t\t<div class=\"elementor-column elementor-col-100 elementor-top-column elementor-element elementor-element-1da834a\" data-id=\"1da834a\" data-element_type=\"column\" data-e-type=\"column\">\n\t\t\t<div class=\"elementor-widget-wrap elementor-element-populated\">\n\t\t\t\t\t\t<div class=\"elementor-element elementor-element-20398b0 elementor-widget elementor-widget-heading\" data-id=\"20398b0\" data-element_type=\"widget\" data-e-type=\"widget\" data-widget_type=\"heading.default\">\n\t\t\t\t<div class=\"elementor-widget-container\">\n\t\t\t\t\t<h3 class=\"elementor-heading-title elementor-size-default\">Cont\u00e1ctanos<\/h3>\t\t\t\t<\/div>\n\t\t\t\t<\/div>\n\t\t\t\t<div class=\"elementor-element elementor-element-18f7824 elementor-widget elementor-widget-heading\" data-id=\"18f7824\" data-element_type=\"widget\" data-e-type=\"widget\" data-widget_type=\"heading.default\">\n\t\t\t\t<div class=\"elementor-widget-container\">\n\t\t\t\t\t<p class=\"elementor-heading-title elementor-size-default\">Para recibir informaci\u00f3n del proceso de admisi\u00f3n de las maestr\u00edas.<\/p>\t\t\t\t<\/div>\n\t\t\t\t<\/div>\n\t\t\t\t<section class=\"elementor-section elementor-inner-section elementor-element elementor-element-a62c0f3 elementor-section-content-middle elementor-section-boxed elementor-section-height-default elementor-section-height-default\" data-id=\"a62c0f3\" data-element_type=\"section\" data-e-type=\"section\" data-settings=\"{&quot;_ha_eqh_enable&quot;:false}\">\n\t\t\t\t\t\t<div class=\"elementor-container elementor-column-gap-no\">\n\t\t\t\t\t<div class=\"elementor-column elementor-col-50 elementor-inner-column elementor-element elementor-element-a025663\" data-id=\"a025663\" data-element_type=\"column\" data-e-type=\"column\">\n\t\t\t<div class=\"elementor-widget-wrap elementor-element-populated\">\n\t\t\t\t\t\t<div class=\"elementor-element elementor-element-e8a3e3d elementor-button-align-end elementor-mobile-button-align-center elementor-widget elementor-widget-form\" data-id=\"e8a3e3d\" data-element_type=\"widget\" data-e-type=\"widget\" data-settings=\"{&quot;step_next_label&quot;:&quot;Next&quot;,&quot;step_previous_label&quot;:&quot;Previous&quot;,&quot;button_width&quot;:&quot;100&quot;,&quot;step_type&quot;:&quot;number_text&quot;,&quot;step_icon_shape&quot;:&quot;circle&quot;}\" data-widget_type=\"form.default\">\n\t\t\t\t<div class=\"elementor-widget-container\">\n\t\t\t\t\t\t\t<form class=\"elementor-form\" method=\"post\" name=\"Admisiones\" aria-label=\"Admisiones\">\n\t\t\t<input type=\"hidden\" name=\"post_id\" value=\"4421\"\/>\n\t\t\t<input type=\"hidden\" name=\"form_id\" value=\"e8a3e3d\"\/>\n\t\t\t<input type=\"hidden\" name=\"referer_title\" value=\"Universidad de las Artes - Admisiones\" \/>\n\n\t\t\t\t\t\t\t<input type=\"hidden\" name=\"queried_id\" value=\"4421\"\/>\n\t\t\t\n\t\t\t<div class=\"elementor-form-fields-wrapper elementor-labels-\">\n\t\t\t\t\t\t\t\t<div class=\"elementor-field-type-text elementor-field-group elementor-column elementor-field-group-name elementor-col-50\">\n\t\t\t\t\t\t\t\t\t\t\t\t<label for=\"form-field-name\" class=\"elementor-field-label elementor-screen-only\">\n\t\t\t\t\t\t\t\tNombre\t\t\t\t\t\t\t<\/label>\n\t\t\t\t\t\t\t\t\t\t\t\t\t\t<input size=\"1\" type=\"text\" name=\"form_fields[name]\" id=\"form-field-name\" class=\"elementor-field elementor-size-sm  elementor-field-textual\" placeholder=\"Nombre\">\n\t\t\t\t\t\t\t\t\t\t\t<\/div>\n\t\t\t\t\t\t\t\t<div class=\"elementor-field-type-email elementor-field-group elementor-column elementor-field-group-email elementor-col-50 elementor-field-required\">\n\t\t\t\t\t\t\t\t\t\t\t\t<label for=\"form-field-email\" class=\"elementor-field-label elementor-screen-only\">\n\t\t\t\t\t\t\t\tEmail\t\t\t\t\t\t\t<\/label>\n\t\t\t\t\t\t\t\t\t\t\t\t\t\t<input size=\"1\" type=\"email\" name=\"form_fields[email]\" id=\"form-field-email\" class=\"elementor-field elementor-size-sm  elementor-field-textual\" placeholder=\"Email\" required=\"required\">\n\t\t\t\t\t\t\t\t\t\t\t<\/div>\n\t\t\t\t\t\t\t\t<div class=\"elementor-field-type-select elementor-field-group elementor-column elementor-field-group-field_d87f591 elementor-col-100 elementor-field-required\">\n\t\t\t\t\t\t\t\t\t\t\t\t<label for=\"form-field-field_d87f591\" class=\"elementor-field-label elementor-screen-only\">\n\t\t\t\t\t\t\t\tMaestr\u00eda que te interesa\t\t\t\t\t\t\t<\/label>\n\t\t\t\t\t\t\t\t<div class=\"elementor-field elementor-select-wrapper remove-before \">\n\t\t\t<div class=\"select-caret-down-wrapper\">\n\t\t\t\t<svg aria-hidden=\"true\" class=\"e-font-icon-svg e-eicon-caret-down\" viewBox=\"0 0 571.4 571.4\" xmlns=\"http:\/\/www.w3.org\/2000\/svg\"><path d=\"M571 393Q571 407 561 418L311 668Q300 679 286 679T261 668L11 418Q0 407 0 393T11 368 36 357H536Q550 357 561 368T571 393Z\"><\/path><\/svg>\t\t\t<\/div>\n\t\t\t<select name=\"form_fields[field_d87f591]\" id=\"form-field-field_d87f591\" class=\"elementor-field-textual elementor-size-sm\" required=\"required\">\n\t\t\t\t\t\t\t\t\t<option value=\"Selecciona la Maestr\u00eda que te interesa\">Selecciona la Maestr\u00eda que te interesa<\/option>\n\t\t\t\t\t\t\t\t\t<option value=\"Artes Visuales y Nuevos Medios\">Artes Visuales y Nuevos Medios<\/option>\n\t\t\t\t\t\t\t\t\t<option value=\"Gesti\u00f3n de la Cultura y de las Artes\">Gesti\u00f3n de la Cultura y de las Artes<\/option>\n\t\t\t\t\t\t\t\t\t<option value=\"Artes Esc\u00e9nicas\">Artes Esc\u00e9nicas<\/option>\n\t\t\t\t\t\t\t\t\t<option value=\"Escritura Creativa\">Escritura Creativa<\/option>\n\t\t\t\t\t\t\t\t\t<option value=\"Cine Documental\">Cine Documental<\/option>\n\t\t\t\t\t\t\t\t\t<option value=\"Composici\u00f3n Musical y Artes Sonoras\">Composici\u00f3n Musical y Artes Sonoras<\/option>\n\t\t\t\t\t\t\t\t\t<option value=\"Fotograf\u00eda y Sociedad en Am\u00e9rica Latina\">Fotograf\u00eda y Sociedad en Am\u00e9rica Latina<\/option>\n\t\t\t\t\t\t\t\t\t<option value=\"Arte y Epistemolog\u00edas Digitales\">Arte y Epistemolog\u00edas Digitales<\/option>\n\t\t\t\t\t\t\t<\/select>\n\t\t<\/div>\n\t\t\t\t\t\t<\/div>\n\t\t\t\t\t\t\t\t<div class=\"elementor-field-type-textarea elementor-field-group elementor-column elementor-field-group-message elementor-col-100\">\n\t\t\t\t\t\t\t\t\t\t\t\t<label for=\"form-field-message\" class=\"elementor-field-label elementor-screen-only\">\n\t\t\t\t\t\t\t\tMensaje\t\t\t\t\t\t\t<\/label>\n\t\t\t\t\t\t<textarea class=\"elementor-field-textual elementor-field  elementor-size-sm\" name=\"form_fields[message]\" id=\"form-field-message\" rows=\"4\" placeholder=\"Tus comentarios\"><\/textarea>\t\t\t\t<\/div>\n\t\t\t\t\t\t\t\t<div class=\"elementor-field-group elementor-column elementor-field-type-submit elementor-col-100 e-form__buttons\">\n\t\t\t\t\t<button class=\"elementor-button elementor-size-sm\" type=\"submit\">\n\t\t\t\t\t\t<span class=\"elementor-button-content-wrapper\">\n\t\t\t\t\t\t\t\t\t\t\t\t\t\t\t\t\t\t\t\t\t\t<span class=\"elementor-button-text\">Env\u00eda tu mensaje<\/span>\n\t\t\t\t\t\t\t\t\t\t\t\t\t<\/span>\n\t\t\t\t\t<\/button>\n\t\t\t\t<\/div>\n\t\t\t<\/div>\n\t\t<\/form>\n\t\t\t\t\t\t<\/div>\n\t\t\t\t<\/div>\n\t\t\t\t\t<\/div>\n\t\t<\/div>\n\t\t\t\t<div class=\"elementor-column elementor-col-50 elementor-inner-column elementor-element elementor-element-7c11866\" data-id=\"7c11866\" data-element_type=\"column\" data-e-type=\"column\" data-settings=\"{&quot;background_background&quot;:&quot;classic&quot;}\">\n\t\t\t<div class=\"elementor-widget-wrap elementor-element-populated\">\n\t\t\t\t\t\t<div class=\"elementor-element elementor-element-4578f87 elementor-view-default elementor-position-block-start elementor-mobile-position-block-start elementor-widget elementor-widget-icon-box\" data-id=\"4578f87\" data-element_type=\"widget\" data-e-type=\"widget\" data-widget_type=\"icon-box.default\">\n\t\t\t\t<div class=\"elementor-widget-container\">\n\t\t\t\t\t\t\t<div class=\"elementor-icon-box-wrapper\">\n\n\t\t\t\t\t\t<div class=\"elementor-icon-box-icon\">\n\t\t\t\t<a href=\"https:\/\/wa.me\/593988105536\" target=\"_blank\" class=\"elementor-icon\" tabindex=\"-1\" aria-label=\"+593 98 810 5536\">\n\t\t\t\t<svg aria-hidden=\"true\" class=\"e-font-icon-svg e-fab-whatsapp\" viewBox=\"0 0 448 512\" xmlns=\"http:\/\/www.w3.org\/2000\/svg\"><path d=\"M380.9 97.1C339 55.1 283.2 32 223.9 32c-122.4 0-222 99.6-222 222 0 39.1 10.2 77.3 29.6 111L0 480l117.7-30.9c32.4 17.7 68.9 27 106.1 27h.1c122.3 0 224.1-99.6 224.1-222 0-59.3-25.2-115-67.1-157zm-157 341.6c-33.2 0-65.7-8.9-94-25.7l-6.7-4-69.8 18.3L72 359.2l-4.4-7c-18.5-29.4-28.2-63.3-28.2-98.2 0-101.7 82.8-184.5 184.6-184.5 49.3 0 95.6 19.2 130.4 54.1 34.8 34.9 56.2 81.2 56.1 130.5 0 101.8-84.9 184.6-186.6 184.6zm101.2-138.2c-5.5-2.8-32.8-16.2-37.9-18-5.1-1.9-8.8-2.8-12.5 2.8-3.7 5.6-14.3 18-17.6 21.8-3.2 3.7-6.5 4.2-12 1.4-32.6-16.3-54-29.1-75.5-66-5.7-9.8 5.7-9.1 16.3-30.3 1.8-3.7.9-6.9-.5-9.7-1.4-2.8-12.5-30.1-17.1-41.2-4.5-10.8-9.1-9.3-12.5-9.5-3.2-.2-6.9-.2-10.6-.2-3.7 0-9.7 1.4-14.8 6.9-5.1 5.6-19.4 19-19.4 46.3 0 27.3 19.9 53.7 22.6 57.4 2.8 3.7 39.1 59.7 94.8 83.8 35.2 15.2 49 16.5 66.6 13.9 10.7-1.6 32.8-13.4 37.4-26.4 4.6-13 4.6-24.1 3.2-26.4-1.3-2.5-5-3.9-10.5-6.6z\"><\/path><\/svg>\t\t\t\t<\/a>\n\t\t\t<\/div>\n\t\t\t\n\t\t\t\t\t\t<div class=\"elementor-icon-box-content\">\n\n\t\t\t\t\t\t\t\t\t<h3 class=\"elementor-icon-box-title\">\n\t\t\t\t\t\t<a href=\"https:\/\/wa.me\/593988105536\" target=\"_blank\" >\n\t\t\t\t\t\t\t+593 98 810 5536\t\t\t\t\t\t<\/a>\n\t\t\t\t\t<\/h3>\n\t\t\t\t\n\t\t\t\t\t\t\t\t\t<p class=\"elementor-icon-box-description\">\n\t\t\t\t\t\tAgr\u00e9ganos a WhatsApp.  \u00a1Te guiamos en la postulaci\u00f3n UArtes!\t\t\t\t\t<\/p>\n\t\t\t\t\n\t\t\t<\/div>\n\t\t\t\n\t\t<\/div>\n\t\t\t\t\t\t<\/div>\n\t\t\t\t<\/div>\n\t\t\t\t<div class=\"elementor-element elementor-element-4d5594e elementor-icon-list--layout-traditional elementor-list-item-link-full_width elementor-widget elementor-widget-icon-list\" data-id=\"4d5594e\" data-element_type=\"widget\" data-e-type=\"widget\" data-widget_type=\"icon-list.default\">\n\t\t\t\t<div class=\"elementor-widget-container\">\n\t\t\t\t\t\t\t<ul class=\"elementor-icon-list-items\">\n\t\t\t\t\t\t\t<li class=\"elementor-icon-list-item\">\n\t\t\t\t\t\t\t\t\t\t\t<a href=\"mailto:informacion.posgrados@uartes.edu.ec\">\n\n\t\t\t\t\t\t\t\t\t\t\t\t<span class=\"elementor-icon-list-icon\">\n\t\t\t\t\t\t\t<svg aria-hidden=\"true\" class=\"e-font-icon-svg e-fas-envelope\" viewBox=\"0 0 512 512\" xmlns=\"http:\/\/www.w3.org\/2000\/svg\"><path d=\"M502.3 190.8c3.9-3.1 9.7-.2 9.7 4.7V400c0 26.5-21.5 48-48 48H48c-26.5 0-48-21.5-48-48V195.6c0-5 5.7-7.8 9.7-4.7 22.4 17.4 52.1 39.5 154.1 113.6 21.1 15.4 56.7 47.8 92.2 47.6 35.7.3 72-32.8 92.3-47.6 102-74.1 131.6-96.3 154-113.7zM256 320c23.2.4 56.6-29.2 73.4-41.4 132.7-96.3 142.8-104.7 173.4-128.7 5.8-4.5 9.2-11.5 9.2-18.9v-19c0-26.5-21.5-48-48-48H48C21.5 64 0 85.5 0 112v19c0 7.4 3.4 14.3 9.2 18.9 30.6 23.9 40.7 32.4 173.4 128.7 16.8 12.2 50.2 41.8 73.4 41.4z\"><\/path><\/svg>\t\t\t\t\t\t<\/span>\n\t\t\t\t\t\t\t\t\t\t<span class=\"elementor-icon-list-text\">Escr\u00edbenos para m\u00e1s preguntas<\/span>\n\t\t\t\t\t\t\t\t\t\t\t<\/a>\n\t\t\t\t\t\t\t\t\t<\/li>\n\t\t\t\t\t\t\t\t<li class=\"elementor-icon-list-item\">\n\t\t\t\t\t\t\t\t\t\t\t<span class=\"elementor-icon-list-icon\">\n\t\t\t\t\t\t\t<svg aria-hidden=\"true\" class=\"e-font-icon-svg e-far-building\" viewBox=\"0 0 448 512\" xmlns=\"http:\/\/www.w3.org\/2000\/svg\"><path d=\"M128 148v-40c0-6.6 5.4-12 12-12h40c6.6 0 12 5.4 12 12v40c0 6.6-5.4 12-12 12h-40c-6.6 0-12-5.4-12-12zm140 12h40c6.6 0 12-5.4 12-12v-40c0-6.6-5.4-12-12-12h-40c-6.6 0-12 5.4-12 12v40c0 6.6 5.4 12 12 12zm-128 96h40c6.6 0 12-5.4 12-12v-40c0-6.6-5.4-12-12-12h-40c-6.6 0-12 5.4-12 12v40c0 6.6 5.4 12 12 12zm128 0h40c6.6 0 12-5.4 12-12v-40c0-6.6-5.4-12-12-12h-40c-6.6 0-12 5.4-12 12v40c0 6.6 5.4 12 12 12zm-76 84v-40c0-6.6-5.4-12-12-12h-40c-6.6 0-12 5.4-12 12v40c0 6.6 5.4 12 12 12h40c6.6 0 12-5.4 12-12zm76 12h40c6.6 0 12-5.4 12-12v-40c0-6.6-5.4-12-12-12h-40c-6.6 0-12 5.4-12 12v40c0 6.6 5.4 12 12 12zm180 124v36H0v-36c0-6.6 5.4-12 12-12h19.5V24c0-13.3 10.7-24 24-24h337c13.3 0 24 10.7 24 24v440H436c6.6 0 12 5.4 12 12zM79.5 463H192v-67c0-6.6 5.4-12 12-12h40c6.6 0 12 5.4 12 12v67h112.5V49L80 48l-.5 415z\"><\/path><\/svg>\t\t\t\t\t\t<\/span>\n\t\t\t\t\t\t\t\t\t\t<span class=\"elementor-icon-list-text\">\u00a0EDIFICIO MZ14,\u00a0Boulevard 9 de Octubre y Pichincha, esquina. Guayaquil, Ecuador<\/span>\n\t\t\t\t\t\t\t\t\t<\/li>\n\t\t\t\t\t\t<\/ul>\n\t\t\t\t\t\t<\/div>\n\t\t\t\t<\/div>\n\t\t\t\t\t<\/div>\n\t\t<\/div>\n\t\t\t\t\t<\/div>\n\t\t<\/section>\n\t\t\t\t\t<\/div>\n\t\t<\/div>\n\t\t\t\t\t<\/div>\n\t\t<\/section>\n\t\t\t\t<section class=\"elementor-section elementor-top-section elementor-element elementor-element-25d0e41 elementor-hidden-desktop elementor-hidden-tablet elementor-hidden-mobile elementor-section-boxed elementor-section-height-default elementor-section-height-default\" data-id=\"25d0e41\" data-element_type=\"section\" data-e-type=\"section\" data-settings=\"{&quot;background_background&quot;:&quot;classic&quot;,&quot;_ha_eqh_enable&quot;:false}\">\n\t\t\t\t\t\t<div class=\"elementor-container elementor-column-gap-no\">\n\t\t\t\t\t<div class=\"elementor-column elementor-col-100 elementor-top-column elementor-element elementor-element-fb503b4\" data-id=\"fb503b4\" data-element_type=\"column\" data-e-type=\"column\">\n\t\t\t<div class=\"elementor-widget-wrap elementor-element-populated\">\n\t\t\t\t\t\t<div class=\"elementor-element elementor-element-06bfdfb elementor-widget elementor-widget-heading\" data-id=\"06bfdfb\" data-element_type=\"widget\" data-e-type=\"widget\" data-widget_type=\"heading.default\">\n\t\t\t\t<div class=\"elementor-widget-container\">\n\t\t\t\t\t<h3 class=\"elementor-heading-title elementor-size-default\">Preguntas frecuentas<\/h3>\t\t\t\t<\/div>\n\t\t\t\t<\/div>\n\t\t\t\t<div class=\"elementor-element elementor-element-bdd9d14 elementor-widget elementor-widget-accordion\" data-id=\"bdd9d14\" data-element_type=\"widget\" data-e-type=\"widget\" data-widget_type=\"accordion.default\">\n\t\t\t\t<div class=\"elementor-widget-container\">\n\t\t\t\t\t\t\t<div class=\"elementor-accordion\">\n\t\t\t\t\t\t\t<div class=\"elementor-accordion-item\">\n\t\t\t\t\t<h5 id=\"elementor-tab-title-1991\" class=\"elementor-tab-title\" data-tab=\"1\" role=\"button\" aria-controls=\"elementor-tab-content-1991\" aria-expanded=\"false\">\n\t\t\t\t\t\t\t\t\t\t\t\t\t<span class=\"elementor-accordion-icon elementor-accordion-icon-left\" aria-hidden=\"true\">\n\t\t\t\t\t\t\t\t\t\t\t\t\t\t\t<span class=\"elementor-accordion-icon-closed\"><svg class=\"e-font-icon-svg e-fas-plus\" viewBox=\"0 0 448 512\" xmlns=\"http:\/\/www.w3.org\/2000\/svg\"><path d=\"M416 208H272V64c0-17.67-14.33-32-32-32h-32c-17.67 0-32 14.33-32 32v144H32c-17.67 0-32 14.33-32 32v32c0 17.67 14.33 32 32 32h144v144c0 17.67 14.33 32 32 32h32c17.67 0 32-14.33 32-32V304h144c17.67 0 32-14.33 32-32v-32c0-17.67-14.33-32-32-32z\"><\/path><\/svg><\/span>\n\t\t\t\t\t\t\t\t<span class=\"elementor-accordion-icon-opened\"><svg class=\"e-font-icon-svg e-fas-minus\" viewBox=\"0 0 448 512\" xmlns=\"http:\/\/www.w3.org\/2000\/svg\"><path d=\"M416 208H32c-17.67 0-32 14.33-32 32v32c0 17.67 14.33 32 32 32h384c17.67 0 32-14.33 32-32v-32c0-17.67-14.33-32-32-32z\"><\/path><\/svg><\/span>\n\t\t\t\t\t\t\t\t\t\t\t\t\t\t<\/span>\n\t\t\t\t\t\t\t\t\t\t\t\t<a class=\"elementor-accordion-title\" tabindex=\"0\">\u00bfPuedo ingresar a una maestr\u00eda en la UArtes con un t\u00edtulo de tercer nivel t\u00e9cnico o de tecnolog\u00eda? <\/a>\n\t\t\t\t\t<\/h5>\n\t\t\t\t\t<div id=\"elementor-tab-content-1991\" class=\"elementor-tab-content elementor-clearfix\" data-tab=\"1\" role=\"region\" aria-labelledby=\"elementor-tab-title-1991\"><p>No, para acceder a las maestr\u00edas de la Universidad de la Artes se debe tener un t\u00edtulo de tercer nivel de grado, es decir, de licenciatura, ingenier\u00eda o medicina, en las \u00e1reas de conocimientos solicitadas por cada programa de posgrado.<\/p><\/div>\n\t\t\t\t<\/div>\n\t\t\t\t\t\t\t<div class=\"elementor-accordion-item\">\n\t\t\t\t\t<h5 id=\"elementor-tab-title-1992\" class=\"elementor-tab-title\" data-tab=\"2\" role=\"button\" aria-controls=\"elementor-tab-content-1992\" aria-expanded=\"false\">\n\t\t\t\t\t\t\t\t\t\t\t\t\t<span class=\"elementor-accordion-icon elementor-accordion-icon-left\" aria-hidden=\"true\">\n\t\t\t\t\t\t\t\t\t\t\t\t\t\t\t<span class=\"elementor-accordion-icon-closed\"><svg class=\"e-font-icon-svg e-fas-plus\" viewBox=\"0 0 448 512\" xmlns=\"http:\/\/www.w3.org\/2000\/svg\"><path d=\"M416 208H272V64c0-17.67-14.33-32-32-32h-32c-17.67 0-32 14.33-32 32v144H32c-17.67 0-32 14.33-32 32v32c0 17.67 14.33 32 32 32h144v144c0 17.67 14.33 32 32 32h32c17.67 0 32-14.33 32-32V304h144c17.67 0 32-14.33 32-32v-32c0-17.67-14.33-32-32-32z\"><\/path><\/svg><\/span>\n\t\t\t\t\t\t\t\t<span class=\"elementor-accordion-icon-opened\"><svg class=\"e-font-icon-svg e-fas-minus\" viewBox=\"0 0 448 512\" xmlns=\"http:\/\/www.w3.org\/2000\/svg\"><path d=\"M416 208H32c-17.67 0-32 14.33-32 32v32c0 17.67 14.33 32 32 32h384c17.67 0 32-14.33 32-32v-32c0-17.67-14.33-32-32-32z\"><\/path><\/svg><\/span>\n\t\t\t\t\t\t\t\t\t\t\t\t\t\t<\/span>\n\t\t\t\t\t\t\t\t\t\t\t\t<a class=\"elementor-accordion-title\" tabindex=\"0\">\u00bfQu\u00e9 significa Modalidad H\u00edbrida?<\/a>\n\t\t\t\t\t<\/h5>\n\t\t\t\t\t<div id=\"elementor-tab-content-1992\" class=\"elementor-tab-content elementor-clearfix\" data-tab=\"2\" role=\"region\" aria-labelledby=\"elementor-tab-title-1992\"><p class=\"p1\">Un modelo h\u00edbrido educativo significa la combinaci\u00f3n de componentes presenciales (asistir presencialmente a clases) con componentes en l\u00ednea (clases y actividades virtuales; s\u00edncronas y\/o as\u00edncronas). Re\u00fane, tambi\u00e9n, componentes a distancia (actividades as\u00edncronas desarrolladas cuando as\u00ed lo deseen los\/las estudiantes) y componentes de semipresencialidad (actividades realizadas en momentos puntuales pautados en los programas acad\u00e9micos).<\/p><\/div>\n\t\t\t\t<\/div>\n\t\t\t\t\t\t\t<div class=\"elementor-accordion-item\">\n\t\t\t\t\t<h5 id=\"elementor-tab-title-1993\" class=\"elementor-tab-title\" data-tab=\"3\" role=\"button\" aria-controls=\"elementor-tab-content-1993\" aria-expanded=\"false\">\n\t\t\t\t\t\t\t\t\t\t\t\t\t<span class=\"elementor-accordion-icon elementor-accordion-icon-left\" aria-hidden=\"true\">\n\t\t\t\t\t\t\t\t\t\t\t\t\t\t\t<span class=\"elementor-accordion-icon-closed\"><svg class=\"e-font-icon-svg e-fas-plus\" viewBox=\"0 0 448 512\" xmlns=\"http:\/\/www.w3.org\/2000\/svg\"><path d=\"M416 208H272V64c0-17.67-14.33-32-32-32h-32c-17.67 0-32 14.33-32 32v144H32c-17.67 0-32 14.33-32 32v32c0 17.67 14.33 32 32 32h144v144c0 17.67 14.33 32 32 32h32c17.67 0 32-14.33 32-32V304h144c17.67 0 32-14.33 32-32v-32c0-17.67-14.33-32-32-32z\"><\/path><\/svg><\/span>\n\t\t\t\t\t\t\t\t<span class=\"elementor-accordion-icon-opened\"><svg class=\"e-font-icon-svg e-fas-minus\" viewBox=\"0 0 448 512\" xmlns=\"http:\/\/www.w3.org\/2000\/svg\"><path d=\"M416 208H32c-17.67 0-32 14.33-32 32v32c0 17.67 14.33 32 32 32h384c17.67 0 32-14.33 32-32v-32c0-17.67-14.33-32-32-32z\"><\/path><\/svg><\/span>\n\t\t\t\t\t\t\t\t\t\t\t\t\t\t<\/span>\n\t\t\t\t\t\t\t\t\t\t\t\t<a class=\"elementor-accordion-title\" tabindex=\"0\">\u00bfCu\u00e1l es el cronograma de postulaci\u00f3n?<\/a>\n\t\t\t\t\t<\/h5>\n\t\t\t\t\t<div id=\"elementor-tab-content-1993\" class=\"elementor-tab-content elementor-clearfix\" data-tab=\"3\" role=\"region\" aria-labelledby=\"elementor-tab-title-1993\"><table width=\"493\"><tbody><tr><td width=\"233\"><p><strong>FECHA <\/strong><\/p><\/td><td width=\"259\"><p><strong>ACTIVIDAD <\/strong><\/p><\/td><\/tr><tr><td width=\"233\"><p>15 de abril 2024 a 26 de mayo 2024<\/p><\/td><td width=\"259\"><p>Recepci\u00f3n de postulaciones en l\u00ednea<\/p><\/td><\/tr><tr><td width=\"233\"><p>27 de mayo 2024 a 31 de mayo 2024<\/p><\/td><td width=\"259\"><p>Etapa de preselecci\u00f3n<\/p><\/td><\/tr><tr><td width=\"233\"><p>03 de junio a 06 de junio 2024<\/p><\/td><td width=\"259\"><p>Evaluaciones y entrevistas (en l\u00ednea)<\/p><\/td><\/tr><tr><td width=\"233\"><p>07 de junio 2024<\/p><\/td><td width=\"259\"><p>Notificaci\u00f3n de resultados de etapa de selecci\u00f3n (correo electr\u00f3nico)<\/p><\/td><\/tr><tr><td width=\"233\"><p>10 de junio 2024 a 21 de junio 2024<\/p><\/td><td width=\"259\"><p>Proceso de inscripci\u00f3n: Pago de matr\u00edcula y estado financiero<\/p><\/td><\/tr><tr><td width=\"233\"><p>17 de junio 2024 a 21 de junio 2024<\/p><\/td><td width=\"259\"><p>Matr\u00edculas ordinarias<\/p><\/td><\/tr><tr><td width=\"233\"><p>24 de junio 2024<\/p><\/td><td width=\"259\"><p>Inicio de clases<\/p><\/td><\/tr><tr><td width=\"233\"><p>24 de junio 2024 a 28 de junio 2024<\/p><\/td><td width=\"259\"><p>Matr\u00edculas extraordinarias<\/p><\/td><\/tr><\/tbody><\/table><\/div>\n\t\t\t\t<\/div>\n\t\t\t\t\t\t\t<div class=\"elementor-accordion-item\">\n\t\t\t\t\t<h5 id=\"elementor-tab-title-1994\" class=\"elementor-tab-title\" data-tab=\"4\" role=\"button\" aria-controls=\"elementor-tab-content-1994\" aria-expanded=\"false\">\n\t\t\t\t\t\t\t\t\t\t\t\t\t<span class=\"elementor-accordion-icon elementor-accordion-icon-left\" aria-hidden=\"true\">\n\t\t\t\t\t\t\t\t\t\t\t\t\t\t\t<span class=\"elementor-accordion-icon-closed\"><svg class=\"e-font-icon-svg e-fas-plus\" viewBox=\"0 0 448 512\" xmlns=\"http:\/\/www.w3.org\/2000\/svg\"><path d=\"M416 208H272V64c0-17.67-14.33-32-32-32h-32c-17.67 0-32 14.33-32 32v144H32c-17.67 0-32 14.33-32 32v32c0 17.67 14.33 32 32 32h144v144c0 17.67 14.33 32 32 32h32c17.67 0 32-14.33 32-32V304h144c17.67 0 32-14.33 32-32v-32c0-17.67-14.33-32-32-32z\"><\/path><\/svg><\/span>\n\t\t\t\t\t\t\t\t<span class=\"elementor-accordion-icon-opened\"><svg class=\"e-font-icon-svg e-fas-minus\" viewBox=\"0 0 448 512\" xmlns=\"http:\/\/www.w3.org\/2000\/svg\"><path d=\"M416 208H32c-17.67 0-32 14.33-32 32v32c0 17.67 14.33 32 32 32h384c17.67 0 32-14.33 32-32v-32c0-17.67-14.33-32-32-32z\"><\/path><\/svg><\/span>\n\t\t\t\t\t\t\t\t\t\t\t\t\t\t<\/span>\n\t\t\t\t\t\t\t\t\t\t\t\t<a class=\"elementor-accordion-title\" tabindex=\"0\">\u00bfCu\u00e1l es la fecha de inicio de clases de la maestr\u00eda?<\/a>\n\t\t\t\t\t<\/h5>\n\t\t\t\t\t<div id=\"elementor-tab-content-1994\" class=\"elementor-tab-content elementor-clearfix\" data-tab=\"4\" role=\"region\" aria-labelledby=\"elementor-tab-title-1994\"><p><strong>24 de junio 2024<\/strong><\/p><p>Esta es fecha incluye a la Maestr\u00eda en Artes Visuales y Nuevos Medios y a la Maestr\u00eda en Gesti\u00f3n de la Cultura y de las Artes.<\/p><\/div>\n\t\t\t\t<\/div>\n\t\t\t\t\t\t\t<div class=\"elementor-accordion-item\">\n\t\t\t\t\t<h5 id=\"elementor-tab-title-1995\" class=\"elementor-tab-title\" data-tab=\"5\" role=\"button\" aria-controls=\"elementor-tab-content-1995\" aria-expanded=\"false\">\n\t\t\t\t\t\t\t\t\t\t\t\t\t<span class=\"elementor-accordion-icon elementor-accordion-icon-left\" aria-hidden=\"true\">\n\t\t\t\t\t\t\t\t\t\t\t\t\t\t\t<span class=\"elementor-accordion-icon-closed\"><svg class=\"e-font-icon-svg e-fas-plus\" viewBox=\"0 0 448 512\" xmlns=\"http:\/\/www.w3.org\/2000\/svg\"><path d=\"M416 208H272V64c0-17.67-14.33-32-32-32h-32c-17.67 0-32 14.33-32 32v144H32c-17.67 0-32 14.33-32 32v32c0 17.67 14.33 32 32 32h144v144c0 17.67 14.33 32 32 32h32c17.67 0 32-14.33 32-32V304h144c17.67 0 32-14.33 32-32v-32c0-17.67-14.33-32-32-32z\"><\/path><\/svg><\/span>\n\t\t\t\t\t\t\t\t<span class=\"elementor-accordion-icon-opened\"><svg class=\"e-font-icon-svg e-fas-minus\" viewBox=\"0 0 448 512\" xmlns=\"http:\/\/www.w3.org\/2000\/svg\"><path d=\"M416 208H32c-17.67 0-32 14.33-32 32v32c0 17.67 14.33 32 32 32h384c17.67 0 32-14.33 32-32v-32c0-17.67-14.33-32-32-32z\"><\/path><\/svg><\/span>\n\t\t\t\t\t\t\t\t\t\t\t\t\t\t<\/span>\n\t\t\t\t\t\t\t\t\t\t\t\t<a class=\"elementor-accordion-title\" tabindex=\"0\">\u00bfCu\u00e1l es el horario de clases?<\/a>\n\t\t\t\t\t<\/h5>\n\t\t\t\t\t<div id=\"elementor-tab-content-1995\" class=\"elementor-tab-content elementor-clearfix\" data-tab=\"5\" role=\"region\" aria-labelledby=\"elementor-tab-title-1995\"><p>Los horarios de las clases se distribuyen en funci\u00f3n de la disponibilidad de los\/las docentes y del n\u00famero de horas de las asignaturas. As\u00ed, los horarios disponibles para estas distribuciones son los siguientes:<\/p><p>Lunes a viernes de 18:00 a 21:00; s\u00e1bados de 9:00 a 12:00 y de 14:00 a 17:00 y, eventualmente, con previo aviso y acuerdo entre estudiantes y docentes, domingos de 9:00 am a 12:00 y de 14:00 a 17:00.<\/p><\/div>\n\t\t\t\t<\/div>\n\t\t\t\t\t\t\t<div class=\"elementor-accordion-item\">\n\t\t\t\t\t<h5 id=\"elementor-tab-title-1996\" class=\"elementor-tab-title\" data-tab=\"6\" role=\"button\" aria-controls=\"elementor-tab-content-1996\" aria-expanded=\"false\">\n\t\t\t\t\t\t\t\t\t\t\t\t\t<span class=\"elementor-accordion-icon elementor-accordion-icon-left\" aria-hidden=\"true\">\n\t\t\t\t\t\t\t\t\t\t\t\t\t\t\t<span class=\"elementor-accordion-icon-closed\"><svg class=\"e-font-icon-svg e-fas-plus\" viewBox=\"0 0 448 512\" xmlns=\"http:\/\/www.w3.org\/2000\/svg\"><path d=\"M416 208H272V64c0-17.67-14.33-32-32-32h-32c-17.67 0-32 14.33-32 32v144H32c-17.67 0-32 14.33-32 32v32c0 17.67 14.33 32 32 32h144v144c0 17.67 14.33 32 32 32h32c17.67 0 32-14.33 32-32V304h144c17.67 0 32-14.33 32-32v-32c0-17.67-14.33-32-32-32z\"><\/path><\/svg><\/span>\n\t\t\t\t\t\t\t\t<span class=\"elementor-accordion-icon-opened\"><svg class=\"e-font-icon-svg e-fas-minus\" viewBox=\"0 0 448 512\" xmlns=\"http:\/\/www.w3.org\/2000\/svg\"><path d=\"M416 208H32c-17.67 0-32 14.33-32 32v32c0 17.67 14.33 32 32 32h384c17.67 0 32-14.33 32-32v-32c0-17.67-14.33-32-32-32z\"><\/path><\/svg><\/span>\n\t\t\t\t\t\t\t\t\t\t\t\t\t\t<\/span>\n\t\t\t\t\t\t\t\t\t\t\t\t<a class=\"elementor-accordion-title\" tabindex=\"0\">\u00bfCu\u00e1l es el calendario de clases de la maestr\u00eda (Fechas de clases presenciales y virtuales)?<\/a>\n\t\t\t\t\t<\/h5>\n\t\t\t\t\t<div id=\"elementor-tab-content-1996\" class=\"elementor-tab-content elementor-clearfix\" data-tab=\"6\" role=\"region\" aria-labelledby=\"elementor-tab-title-1996\"><p>El calendario acad\u00e9mico se distribuye seg\u00fan el per\u00edodo acad\u00e9mico establecido por Secretar\u00eda Acad\u00e9mica; la UArtes posee dos per\u00edodos acad\u00e9micos anuales.<\/p><\/div>\n\t\t\t\t<\/div>\n\t\t\t\t\t\t\t<div class=\"elementor-accordion-item\">\n\t\t\t\t\t<h5 id=\"elementor-tab-title-1997\" class=\"elementor-tab-title\" data-tab=\"7\" role=\"button\" aria-controls=\"elementor-tab-content-1997\" aria-expanded=\"false\">\n\t\t\t\t\t\t\t\t\t\t\t\t\t<span class=\"elementor-accordion-icon elementor-accordion-icon-left\" aria-hidden=\"true\">\n\t\t\t\t\t\t\t\t\t\t\t\t\t\t\t<span class=\"elementor-accordion-icon-closed\"><svg class=\"e-font-icon-svg e-fas-plus\" viewBox=\"0 0 448 512\" xmlns=\"http:\/\/www.w3.org\/2000\/svg\"><path d=\"M416 208H272V64c0-17.67-14.33-32-32-32h-32c-17.67 0-32 14.33-32 32v144H32c-17.67 0-32 14.33-32 32v32c0 17.67 14.33 32 32 32h144v144c0 17.67 14.33 32 32 32h32c17.67 0 32-14.33 32-32V304h144c17.67 0 32-14.33 32-32v-32c0-17.67-14.33-32-32-32z\"><\/path><\/svg><\/span>\n\t\t\t\t\t\t\t\t<span class=\"elementor-accordion-icon-opened\"><svg class=\"e-font-icon-svg e-fas-minus\" viewBox=\"0 0 448 512\" xmlns=\"http:\/\/www.w3.org\/2000\/svg\"><path d=\"M416 208H32c-17.67 0-32 14.33-32 32v32c0 17.67 14.33 32 32 32h384c17.67 0 32-14.33 32-32v-32c0-17.67-14.33-32-32-32z\"><\/path><\/svg><\/span>\n\t\t\t\t\t\t\t\t\t\t\t\t\t\t<\/span>\n\t\t\t\t\t\t\t\t\t\t\t\t<a class=\"elementor-accordion-title\" tabindex=\"0\">\u00bfCu\u00e1l es el costo de la maestr\u00eda?<\/a>\n\t\t\t\t\t<\/h5>\n\t\t\t\t\t<div id=\"elementor-tab-content-1997\" class=\"elementor-tab-content elementor-clearfix\" data-tab=\"7\" role=\"region\" aria-labelledby=\"elementor-tab-title-1997\"><p>Para Gesti\u00f3n de la Cultura y de las Artes:<\/p><ul><li><strong>Matr\u00edcula:<\/strong> $ 50,00 USD<\/li><li><strong>Arancel:<\/strong> $ 3.950,00 USD<\/li><\/ul><p>Para Artes Visuales y Nuevos Medios:<\/p><ul><li>M<strong>atr\u00edcula: <\/strong>$ 458,56<\/li><li><strong>Arancel: <\/strong>$4.585,64<\/li><\/ul><\/div>\n\t\t\t\t<\/div>\n\t\t\t\t\t\t\t<div class=\"elementor-accordion-item\">\n\t\t\t\t\t<h5 id=\"elementor-tab-title-1998\" class=\"elementor-tab-title\" data-tab=\"8\" role=\"button\" aria-controls=\"elementor-tab-content-1998\" aria-expanded=\"false\">\n\t\t\t\t\t\t\t\t\t\t\t\t\t<span class=\"elementor-accordion-icon elementor-accordion-icon-left\" aria-hidden=\"true\">\n\t\t\t\t\t\t\t\t\t\t\t\t\t\t\t<span class=\"elementor-accordion-icon-closed\"><svg class=\"e-font-icon-svg e-fas-plus\" viewBox=\"0 0 448 512\" xmlns=\"http:\/\/www.w3.org\/2000\/svg\"><path d=\"M416 208H272V64c0-17.67-14.33-32-32-32h-32c-17.67 0-32 14.33-32 32v144H32c-17.67 0-32 14.33-32 32v32c0 17.67 14.33 32 32 32h144v144c0 17.67 14.33 32 32 32h32c17.67 0 32-14.33 32-32V304h144c17.67 0 32-14.33 32-32v-32c0-17.67-14.33-32-32-32z\"><\/path><\/svg><\/span>\n\t\t\t\t\t\t\t\t<span class=\"elementor-accordion-icon-opened\"><svg class=\"e-font-icon-svg e-fas-minus\" viewBox=\"0 0 448 512\" xmlns=\"http:\/\/www.w3.org\/2000\/svg\"><path d=\"M416 208H32c-17.67 0-32 14.33-32 32v32c0 17.67 14.33 32 32 32h384c17.67 0 32-14.33 32-32v-32c0-17.67-14.33-32-32-32z\"><\/path><\/svg><\/span>\n\t\t\t\t\t\t\t\t\t\t\t\t\t\t<\/span>\n\t\t\t\t\t\t\t\t\t\t\t\t<a class=\"elementor-accordion-title\" tabindex=\"0\">\u00bfPuedo pagar en cuotas?<\/a>\n\t\t\t\t\t<\/h5>\n\t\t\t\t\t<div id=\"elementor-tab-content-1998\" class=\"elementor-tab-content elementor-clearfix\" data-tab=\"8\" role=\"region\" aria-labelledby=\"elementor-tab-title-1998\"><p>S\u00ed. Revise la web de su programa y podr\u00e1 conocer el monto de las cuotas mensuales.<\/p><\/div>\n\t\t\t\t<\/div>\n\t\t\t\t\t\t\t<div class=\"elementor-accordion-item\">\n\t\t\t\t\t<h5 id=\"elementor-tab-title-1999\" class=\"elementor-tab-title\" data-tab=\"9\" role=\"button\" aria-controls=\"elementor-tab-content-1999\" aria-expanded=\"false\">\n\t\t\t\t\t\t\t\t\t\t\t\t\t<span class=\"elementor-accordion-icon elementor-accordion-icon-left\" aria-hidden=\"true\">\n\t\t\t\t\t\t\t\t\t\t\t\t\t\t\t<span class=\"elementor-accordion-icon-closed\"><svg class=\"e-font-icon-svg e-fas-plus\" viewBox=\"0 0 448 512\" xmlns=\"http:\/\/www.w3.org\/2000\/svg\"><path d=\"M416 208H272V64c0-17.67-14.33-32-32-32h-32c-17.67 0-32 14.33-32 32v144H32c-17.67 0-32 14.33-32 32v32c0 17.67 14.33 32 32 32h144v144c0 17.67 14.33 32 32 32h32c17.67 0 32-14.33 32-32V304h144c17.67 0 32-14.33 32-32v-32c0-17.67-14.33-32-32-32z\"><\/path><\/svg><\/span>\n\t\t\t\t\t\t\t\t<span class=\"elementor-accordion-icon-opened\"><svg class=\"e-font-icon-svg e-fas-minus\" viewBox=\"0 0 448 512\" xmlns=\"http:\/\/www.w3.org\/2000\/svg\"><path d=\"M416 208H32c-17.67 0-32 14.33-32 32v32c0 17.67 14.33 32 32 32h384c17.67 0 32-14.33 32-32v-32c0-17.67-14.33-32-32-32z\"><\/path><\/svg><\/span>\n\t\t\t\t\t\t\t\t\t\t\t\t\t\t<\/span>\n\t\t\t\t\t\t\t\t\t\t\t\t<a class=\"elementor-accordion-title\" tabindex=\"0\">\u00bfCu\u00e1l es la forma de pago en cuotas?<\/a>\n\t\t\t\t\t<\/h5>\n\t\t\t\t\t<div id=\"elementor-tab-content-1999\" class=\"elementor-tab-content elementor-clearfix\" data-tab=\"9\" role=\"region\" aria-labelledby=\"elementor-tab-title-1999\"><ul><li class=\"p2\"><p>Plan 3 pagos.<\/p><\/li><li class=\"p2\"><p>Plan 18 cuotas (pago mensual)<\/p><\/li><\/ul><p>Pago con tarjeta de cr\u00e9dito, transferencia bancaria.<\/p><\/div>\n\t\t\t\t<\/div>\n\t\t\t\t\t\t\t<div class=\"elementor-accordion-item\">\n\t\t\t\t\t<h5 id=\"elementor-tab-title-19910\" class=\"elementor-tab-title\" data-tab=\"10\" role=\"button\" aria-controls=\"elementor-tab-content-19910\" aria-expanded=\"false\">\n\t\t\t\t\t\t\t\t\t\t\t\t\t<span class=\"elementor-accordion-icon elementor-accordion-icon-left\" aria-hidden=\"true\">\n\t\t\t\t\t\t\t\t\t\t\t\t\t\t\t<span class=\"elementor-accordion-icon-closed\"><svg class=\"e-font-icon-svg e-fas-plus\" viewBox=\"0 0 448 512\" xmlns=\"http:\/\/www.w3.org\/2000\/svg\"><path d=\"M416 208H272V64c0-17.67-14.33-32-32-32h-32c-17.67 0-32 14.33-32 32v144H32c-17.67 0-32 14.33-32 32v32c0 17.67 14.33 32 32 32h144v144c0 17.67 14.33 32 32 32h32c17.67 0 32-14.33 32-32V304h144c17.67 0 32-14.33 32-32v-32c0-17.67-14.33-32-32-32z\"><\/path><\/svg><\/span>\n\t\t\t\t\t\t\t\t<span class=\"elementor-accordion-icon-opened\"><svg class=\"e-font-icon-svg e-fas-minus\" viewBox=\"0 0 448 512\" xmlns=\"http:\/\/www.w3.org\/2000\/svg\"><path d=\"M416 208H32c-17.67 0-32 14.33-32 32v32c0 17.67 14.33 32 32 32h384c17.67 0 32-14.33 32-32v-32c0-17.67-14.33-32-32-32z\"><\/path><\/svg><\/span>\n\t\t\t\t\t\t\t\t\t\t\t\t\t\t<\/span>\n\t\t\t\t\t\t\t\t\t\t\t\t<a class=\"elementor-accordion-title\" tabindex=\"0\">\u00bfTengo alg\u00fan descuento si pago la colegiatura en su totalidad?<\/a>\n\t\t\t\t\t<\/h5>\n\t\t\t\t\t<div id=\"elementor-tab-content-19910\" class=\"elementor-tab-content elementor-clearfix\" data-tab=\"10\" role=\"region\" aria-labelledby=\"elementor-tab-title-19910\"><p>Hasta un m\u00e1ximo del 5% de descuento<\/p><\/div>\n\t\t\t\t<\/div>\n\t\t\t\t\t\t\t<div class=\"elementor-accordion-item\">\n\t\t\t\t\t<h5 id=\"elementor-tab-title-19911\" class=\"elementor-tab-title\" data-tab=\"11\" role=\"button\" aria-controls=\"elementor-tab-content-19911\" aria-expanded=\"false\">\n\t\t\t\t\t\t\t\t\t\t\t\t\t<span class=\"elementor-accordion-icon elementor-accordion-icon-left\" aria-hidden=\"true\">\n\t\t\t\t\t\t\t\t\t\t\t\t\t\t\t<span class=\"elementor-accordion-icon-closed\"><svg class=\"e-font-icon-svg e-fas-plus\" viewBox=\"0 0 448 512\" xmlns=\"http:\/\/www.w3.org\/2000\/svg\"><path d=\"M416 208H272V64c0-17.67-14.33-32-32-32h-32c-17.67 0-32 14.33-32 32v144H32c-17.67 0-32 14.33-32 32v32c0 17.67 14.33 32 32 32h144v144c0 17.67 14.33 32 32 32h32c17.67 0 32-14.33 32-32V304h144c17.67 0 32-14.33 32-32v-32c0-17.67-14.33-32-32-32z\"><\/path><\/svg><\/span>\n\t\t\t\t\t\t\t\t<span class=\"elementor-accordion-icon-opened\"><svg class=\"e-font-icon-svg e-fas-minus\" viewBox=\"0 0 448 512\" xmlns=\"http:\/\/www.w3.org\/2000\/svg\"><path d=\"M416 208H32c-17.67 0-32 14.33-32 32v32c0 17.67 14.33 32 32 32h384c17.67 0 32-14.33 32-32v-32c0-17.67-14.33-32-32-32z\"><\/path><\/svg><\/span>\n\t\t\t\t\t\t\t\t\t\t\t\t\t\t<\/span>\n\t\t\t\t\t\t\t\t\t\t\t\t<a class=\"elementor-accordion-title\" tabindex=\"0\">\u00bfC\u00f3mo postulo a una maestr\u00eda UArtes?<\/a>\n\t\t\t\t\t<\/h5>\n\t\t\t\t\t<div id=\"elementor-tab-content-19911\" class=\"elementor-tab-content elementor-clearfix\" data-tab=\"11\" role=\"region\" aria-labelledby=\"elementor-tab-title-19911\"><p>Usted debe acceder al link: <a href=\"http:\/\/enlinea.uartes.edu.ec\/MODULOS\/PROYECTO_POSGRADO\/WEB_FORMULARIO_POSGRADO.aspx\">http:\/\/enlinea.uartes.edu.ec\/MODULOS\/PROYECTO_POSGRADO\/WEB_FORMULARIO_POSGRADO.aspx<\/a> y llenar todos las preguntas del <strong>Formulario de admisi\u00f3n en l\u00ednea<\/strong>. Tambi\u00e9n debe adjuntar todos los documentos solicitados y al finalizar dar click en <em>Enviar<\/em>, autom\u00e1ticamente le llegar\u00e1 un mensaje de postulaci\u00f3n exitosa a su correo electr\u00f3nico personal.<\/p><\/div>\n\t\t\t\t<\/div>\n\t\t\t\t\t\t\t<div class=\"elementor-accordion-item\">\n\t\t\t\t\t<h5 id=\"elementor-tab-title-19912\" class=\"elementor-tab-title\" data-tab=\"12\" role=\"button\" aria-controls=\"elementor-tab-content-19912\" aria-expanded=\"false\">\n\t\t\t\t\t\t\t\t\t\t\t\t\t<span class=\"elementor-accordion-icon elementor-accordion-icon-left\" aria-hidden=\"true\">\n\t\t\t\t\t\t\t\t\t\t\t\t\t\t\t<span class=\"elementor-accordion-icon-closed\"><svg class=\"e-font-icon-svg e-fas-plus\" viewBox=\"0 0 448 512\" xmlns=\"http:\/\/www.w3.org\/2000\/svg\"><path d=\"M416 208H272V64c0-17.67-14.33-32-32-32h-32c-17.67 0-32 14.33-32 32v144H32c-17.67 0-32 14.33-32 32v32c0 17.67 14.33 32 32 32h144v144c0 17.67 14.33 32 32 32h32c17.67 0 32-14.33 32-32V304h144c17.67 0 32-14.33 32-32v-32c0-17.67-14.33-32-32-32z\"><\/path><\/svg><\/span>\n\t\t\t\t\t\t\t\t<span class=\"elementor-accordion-icon-opened\"><svg class=\"e-font-icon-svg e-fas-minus\" viewBox=\"0 0 448 512\" xmlns=\"http:\/\/www.w3.org\/2000\/svg\"><path d=\"M416 208H32c-17.67 0-32 14.33-32 32v32c0 17.67 14.33 32 32 32h384c17.67 0 32-14.33 32-32v-32c0-17.67-14.33-32-32-32z\"><\/path><\/svg><\/span>\n\t\t\t\t\t\t\t\t\t\t\t\t\t\t<\/span>\n\t\t\t\t\t\t\t\t\t\t\t\t<a class=\"elementor-accordion-title\" tabindex=\"0\">\u00bfLa postulaci\u00f3n tiene alg\u00fan costo?<\/a>\n\t\t\t\t\t<\/h5>\n\t\t\t\t\t<div id=\"elementor-tab-content-19912\" class=\"elementor-tab-content elementor-clearfix\" data-tab=\"12\" role=\"region\" aria-labelledby=\"elementor-tab-title-19912\"><p>No, las postulaciones a los posgrados UArtes no tienen costo.<\/p><\/div>\n\t\t\t\t<\/div>\n\t\t\t\t\t\t\t<div class=\"elementor-accordion-item\">\n\t\t\t\t\t<h5 id=\"elementor-tab-title-19913\" class=\"elementor-tab-title\" data-tab=\"13\" role=\"button\" aria-controls=\"elementor-tab-content-19913\" aria-expanded=\"false\">\n\t\t\t\t\t\t\t\t\t\t\t\t\t<span class=\"elementor-accordion-icon elementor-accordion-icon-left\" aria-hidden=\"true\">\n\t\t\t\t\t\t\t\t\t\t\t\t\t\t\t<span class=\"elementor-accordion-icon-closed\"><svg class=\"e-font-icon-svg e-fas-plus\" viewBox=\"0 0 448 512\" xmlns=\"http:\/\/www.w3.org\/2000\/svg\"><path d=\"M416 208H272V64c0-17.67-14.33-32-32-32h-32c-17.67 0-32 14.33-32 32v144H32c-17.67 0-32 14.33-32 32v32c0 17.67 14.33 32 32 32h144v144c0 17.67 14.33 32 32 32h32c17.67 0 32-14.33 32-32V304h144c17.67 0 32-14.33 32-32v-32c0-17.67-14.33-32-32-32z\"><\/path><\/svg><\/span>\n\t\t\t\t\t\t\t\t<span class=\"elementor-accordion-icon-opened\"><svg class=\"e-font-icon-svg e-fas-minus\" viewBox=\"0 0 448 512\" xmlns=\"http:\/\/www.w3.org\/2000\/svg\"><path d=\"M416 208H32c-17.67 0-32 14.33-32 32v32c0 17.67 14.33 32 32 32h384c17.67 0 32-14.33 32-32v-32c0-17.67-14.33-32-32-32z\"><\/path><\/svg><\/span>\n\t\t\t\t\t\t\t\t\t\t\t\t\t\t<\/span>\n\t\t\t\t\t\t\t\t\t\t\t\t<a class=\"elementor-accordion-title\" tabindex=\"0\">\u00bfLas cartas de recomendaci\u00f3n profesional y\/o acad\u00e9micos tiene un formato y a qui\u00e9n deben ir dirigidas?<\/a>\n\t\t\t\t\t<\/h5>\n\t\t\t\t\t<div id=\"elementor-tab-content-19913\" class=\"elementor-tab-content elementor-clearfix\" data-tab=\"13\" role=\"region\" aria-labelledby=\"elementor-tab-title-19913\"><p class=\"p1\">Las cartas de recomendaci\u00f3n deben estar dirigidas al\/a la Director\/a de la Escuela de Posgrados de la Universidad de las Artes, y contener los nombres y apellidos del postulante, nombres, apellidos y firma de quien recomienda al postulante, as\u00ed como motivo de la recomendaci\u00f3n.<\/p><\/div>\n\t\t\t\t<\/div>\n\t\t\t\t\t\t\t<div class=\"elementor-accordion-item\">\n\t\t\t\t\t<h5 id=\"elementor-tab-title-19914\" class=\"elementor-tab-title\" data-tab=\"14\" role=\"button\" aria-controls=\"elementor-tab-content-19914\" aria-expanded=\"false\">\n\t\t\t\t\t\t\t\t\t\t\t\t\t<span class=\"elementor-accordion-icon elementor-accordion-icon-left\" aria-hidden=\"true\">\n\t\t\t\t\t\t\t\t\t\t\t\t\t\t\t<span class=\"elementor-accordion-icon-closed\"><svg class=\"e-font-icon-svg e-fas-plus\" viewBox=\"0 0 448 512\" xmlns=\"http:\/\/www.w3.org\/2000\/svg\"><path d=\"M416 208H272V64c0-17.67-14.33-32-32-32h-32c-17.67 0-32 14.33-32 32v144H32c-17.67 0-32 14.33-32 32v32c0 17.67 14.33 32 32 32h144v144c0 17.67 14.33 32 32 32h32c17.67 0 32-14.33 32-32V304h144c17.67 0 32-14.33 32-32v-32c0-17.67-14.33-32-32-32z\"><\/path><\/svg><\/span>\n\t\t\t\t\t\t\t\t<span class=\"elementor-accordion-icon-opened\"><svg class=\"e-font-icon-svg e-fas-minus\" viewBox=\"0 0 448 512\" xmlns=\"http:\/\/www.w3.org\/2000\/svg\"><path d=\"M416 208H32c-17.67 0-32 14.33-32 32v32c0 17.67 14.33 32 32 32h384c17.67 0 32-14.33 32-32v-32c0-17.67-14.33-32-32-32z\"><\/path><\/svg><\/span>\n\t\t\t\t\t\t\t\t\t\t\t\t\t\t<\/span>\n\t\t\t\t\t\t\t\t\t\t\t\t<a class=\"elementor-accordion-title\" tabindex=\"0\">\u00bfDebo tener todos los requisitos para acceder a una maestr\u00eda UArtes?<\/a>\n\t\t\t\t\t<\/h5>\n\t\t\t\t\t<div id=\"elementor-tab-content-19914\" class=\"elementor-tab-content elementor-clearfix\" data-tab=\"14\" role=\"region\" aria-labelledby=\"elementor-tab-title-19914\"><p>S\u00ed, para que sea evaluada su postulaci\u00f3n es necesario contar con todos los requisitos exigidos por cada programa de posgrado.<\/p><\/div>\n\t\t\t\t<\/div>\n\t\t\t\t\t\t\t<div class=\"elementor-accordion-item\">\n\t\t\t\t\t<h5 id=\"elementor-tab-title-19915\" class=\"elementor-tab-title\" data-tab=\"15\" role=\"button\" aria-controls=\"elementor-tab-content-19915\" aria-expanded=\"false\">\n\t\t\t\t\t\t\t\t\t\t\t\t\t<span class=\"elementor-accordion-icon elementor-accordion-icon-left\" aria-hidden=\"true\">\n\t\t\t\t\t\t\t\t\t\t\t\t\t\t\t<span class=\"elementor-accordion-icon-closed\"><svg class=\"e-font-icon-svg e-fas-plus\" viewBox=\"0 0 448 512\" xmlns=\"http:\/\/www.w3.org\/2000\/svg\"><path d=\"M416 208H272V64c0-17.67-14.33-32-32-32h-32c-17.67 0-32 14.33-32 32v144H32c-17.67 0-32 14.33-32 32v32c0 17.67 14.33 32 32 32h144v144c0 17.67 14.33 32 32 32h32c17.67 0 32-14.33 32-32V304h144c17.67 0 32-14.33 32-32v-32c0-17.67-14.33-32-32-32z\"><\/path><\/svg><\/span>\n\t\t\t\t\t\t\t\t<span class=\"elementor-accordion-icon-opened\"><svg class=\"e-font-icon-svg e-fas-minus\" viewBox=\"0 0 448 512\" xmlns=\"http:\/\/www.w3.org\/2000\/svg\"><path d=\"M416 208H32c-17.67 0-32 14.33-32 32v32c0 17.67 14.33 32 32 32h384c17.67 0 32-14.33 32-32v-32c0-17.67-14.33-32-32-32z\"><\/path><\/svg><\/span>\n\t\t\t\t\t\t\t\t\t\t\t\t\t\t<\/span>\n\t\t\t\t\t\t\t\t\t\t\t\t<a class=\"elementor-accordion-title\" tabindex=\"0\">\u00bfCu\u00e1l es el correo de contacto?<\/a>\n\t\t\t\t\t<\/h5>\n\t\t\t\t\t<div id=\"elementor-tab-content-19915\" class=\"elementor-tab-content elementor-clearfix\" data-tab=\"15\" role=\"region\" aria-labelledby=\"elementor-tab-title-19915\"><p><a href=\"mailto:informacion.posgrados@uartes.edu.ec\">informacion.posgrados@uartes.edu.ec<\/a><\/p><\/div>\n\t\t\t\t<\/div>\n\t\t\t\t\t\t\t\t\t\t<script type=\"application\/ld+json\">{\"@context\":\"https:\\\/\\\/schema.org\",\"@type\":\"FAQPage\",\"mainEntity\":[{\"@type\":\"Question\",\"name\":\"\\u00bfPuedo ingresar a una maestr\\u00eda en la UArtes con un t\\u00edtulo de tercer nivel t\\u00e9cnico o de tecnolog\\u00eda?\",\"acceptedAnswer\":{\"@type\":\"Answer\",\"text\":\"<p>No, para acceder a las maestr\\u00edas de la Universidad de la Artes se debe tener un t\\u00edtulo de tercer nivel de grado, es decir, de licenciatura, ingenier\\u00eda o medicina, en las \\u00e1reas de conocimientos solicitadas por cada programa de posgrado.<\\\/p>\"}},{\"@type\":\"Question\",\"name\":\"\\u00bfQu\\u00e9 significa Modalidad H\\u00edbrida?\",\"acceptedAnswer\":{\"@type\":\"Answer\",\"text\":\"<p class=\\\"p1\\\">Un modelo h\\u00edbrido educativo significa la combinaci\\u00f3n de componentes presenciales (asistir presencialmente a clases) con componentes en l\\u00ednea (clases y actividades virtuales; s\\u00edncronas y\\\/o as\\u00edncronas). Re\\u00fane, tambi\\u00e9n, componentes a distancia (actividades as\\u00edncronas desarrolladas cuando as\\u00ed lo deseen los\\\/las estudiantes) y componentes de semipresencialidad (actividades realizadas en momentos puntuales pautados en los programas acad\\u00e9micos).<\\\/p>\"}},{\"@type\":\"Question\",\"name\":\"\\u00bfCu\\u00e1l es el cronograma de postulaci\\u00f3n?\",\"acceptedAnswer\":{\"@type\":\"Answer\",\"text\":\"<table width=\\\"493\\\"><tbody><tr><td width=\\\"233\\\"><p><strong>FECHA <\\\/strong><\\\/p><\\\/td><td width=\\\"259\\\"><p><strong>ACTIVIDAD <\\\/strong><\\\/p><\\\/td><\\\/tr><tr><td width=\\\"233\\\"><p>15 de abril 2024 a 26 de mayo 2024<\\\/p><\\\/td><td width=\\\"259\\\"><p>Recepci\\u00f3n de postulaciones en l\\u00ednea<\\\/p><\\\/td><\\\/tr><tr><td width=\\\"233\\\"><p>27 de mayo 2024 a 31 de mayo 2024<\\\/p><\\\/td><td width=\\\"259\\\"><p>Etapa de preselecci\\u00f3n<\\\/p><\\\/td><\\\/tr><tr><td width=\\\"233\\\"><p>03 de junio a 06 de junio 2024<\\\/p><\\\/td><td width=\\\"259\\\"><p>Evaluaciones y entrevistas (en l\\u00ednea)<\\\/p><\\\/td><\\\/tr><tr><td width=\\\"233\\\"><p>07 de junio 2024<\\\/p><\\\/td><td width=\\\"259\\\"><p>Notificaci\\u00f3n de resultados de etapa de selecci\\u00f3n (correo electr\\u00f3nico)<\\\/p><\\\/td><\\\/tr><tr><td width=\\\"233\\\"><p>10 de junio 2024 a 21 de junio 2024<\\\/p><\\\/td><td width=\\\"259\\\"><p>Proceso de inscripci\\u00f3n: Pago de matr\\u00edcula y estado financiero<\\\/p><\\\/td><\\\/tr><tr><td width=\\\"233\\\"><p>17 de junio 2024 a 21 de junio 2024<\\\/p><\\\/td><td width=\\\"259\\\"><p>Matr\\u00edculas ordinarias<\\\/p><\\\/td><\\\/tr><tr><td width=\\\"233\\\"><p>24 de junio 2024<\\\/p><\\\/td><td width=\\\"259\\\"><p>Inicio de clases<\\\/p><\\\/td><\\\/tr><tr><td width=\\\"233\\\"><p>24 de junio 2024 a 28 de junio 2024<\\\/p><\\\/td><td width=\\\"259\\\"><p>Matr\\u00edculas extraordinarias<\\\/p><\\\/td><\\\/tr><\\\/tbody><\\\/table>\"}},{\"@type\":\"Question\",\"name\":\"\\u00bfCu\\u00e1l es la fecha de inicio de clases de la maestr\\u00eda?\",\"acceptedAnswer\":{\"@type\":\"Answer\",\"text\":\"<p><strong>24 de junio 2024<\\\/strong><\\\/p><p>Esta es fecha incluye a la Maestr\\u00eda en Artes Visuales y Nuevos Medios y a la Maestr\\u00eda en Gesti\\u00f3n de la Cultura y de las Artes.<\\\/p>\"}},{\"@type\":\"Question\",\"name\":\"\\u00bfCu\\u00e1l es el horario de clases?\",\"acceptedAnswer\":{\"@type\":\"Answer\",\"text\":\"<p>Los horarios de las clases se distribuyen en funci\\u00f3n de la disponibilidad de los\\\/las docentes y del n\\u00famero de horas de las asignaturas. As\\u00ed, los horarios disponibles para estas distribuciones son los siguientes:<\\\/p><p>Lunes a viernes de 18:00 a 21:00; s\\u00e1bados de 9:00 a 12:00 y de 14:00 a 17:00 y, eventualmente, con previo aviso y acuerdo entre estudiantes y docentes, domingos de 9:00 am a 12:00 y de 14:00 a 17:00.<\\\/p>\"}},{\"@type\":\"Question\",\"name\":\"\\u00bfCu\\u00e1l es el calendario de clases de la maestr\\u00eda (Fechas de clases presenciales y virtuales)?\",\"acceptedAnswer\":{\"@type\":\"Answer\",\"text\":\"<p>El calendario acad\\u00e9mico se distribuye seg\\u00fan el per\\u00edodo acad\\u00e9mico establecido por Secretar\\u00eda Acad\\u00e9mica; la UArtes posee dos per\\u00edodos acad\\u00e9micos anuales.<\\\/p>\"}},{\"@type\":\"Question\",\"name\":\"\\u00bfCu\\u00e1l es el costo de la maestr\\u00eda?\",\"acceptedAnswer\":{\"@type\":\"Answer\",\"text\":\"<p>Para Gesti\\u00f3n de la Cultura y de las Artes:<\\\/p><ul><li><strong>Matr\\u00edcula:<\\\/strong> $ 50,00 USD<\\\/li><li><strong>Arancel:<\\\/strong> $ 3.950,00 USD<\\\/li><\\\/ul><p>Para Artes Visuales y Nuevos Medios:<\\\/p><ul><li>M<strong>atr\\u00edcula: <\\\/strong>$ 458,56<\\\/li><li><strong>Arancel: <\\\/strong>$4.585,64<\\\/li><\\\/ul>\"}},{\"@type\":\"Question\",\"name\":\"\\u00bfPuedo pagar en cuotas?\",\"acceptedAnswer\":{\"@type\":\"Answer\",\"text\":\"<p>S\\u00ed. Revise la web de su programa y podr\\u00e1 conocer el monto de las cuotas mensuales.<\\\/p>\"}},{\"@type\":\"Question\",\"name\":\"\\u00bfCu\\u00e1l es la forma de pago en cuotas?\",\"acceptedAnswer\":{\"@type\":\"Answer\",\"text\":\"<ul><li class=\\\"p2\\\"><p>Plan 3 pagos.<\\\/p><\\\/li><li class=\\\"p2\\\"><p>Plan 18 cuotas (pago mensual)<\\\/p><\\\/li><\\\/ul><p>Pago con tarjeta de cr\\u00e9dito, transferencia bancaria.<\\\/p>\"}},{\"@type\":\"Question\",\"name\":\"\\u00bfTengo alg\\u00fan descuento si pago la colegiatura en su totalidad?\",\"acceptedAnswer\":{\"@type\":\"Answer\",\"text\":\"<p>Hasta un m\\u00e1ximo del 5% de descuento<\\\/p>\"}},{\"@type\":\"Question\",\"name\":\"\\u00bfC\\u00f3mo postulo a una maestr\\u00eda UArtes?\",\"acceptedAnswer\":{\"@type\":\"Answer\",\"text\":\"<p>Usted debe acceder al link: <a href=\\\"http:\\\/\\\/enlinea.uartes.edu.ec\\\/MODULOS\\\/PROYECTO_POSGRADO\\\/WEB_FORMULARIO_POSGRADO.aspx\\\">http:\\\/\\\/enlinea.uartes.edu.ec\\\/MODULOS\\\/PROYECTO_POSGRADO\\\/WEB_FORMULARIO_POSGRADO.aspx<\\\/a> y llenar todos las preguntas del <strong>Formulario de admisi\\u00f3n en l\\u00ednea<\\\/strong>. Tambi\\u00e9n debe adjuntar todos los documentos solicitados y al finalizar dar click en <em>Enviar<\\\/em>, autom\\u00e1ticamente le llegar\\u00e1 un mensaje de postulaci\\u00f3n exitosa a su correo electr\\u00f3nico personal.<\\\/p>\"}},{\"@type\":\"Question\",\"name\":\"\\u00bfLa postulaci\\u00f3n tiene alg\\u00fan costo?\",\"acceptedAnswer\":{\"@type\":\"Answer\",\"text\":\"<p>No, las postulaciones a los posgrados UArtes no tienen costo.<\\\/p>\"}},{\"@type\":\"Question\",\"name\":\"\\u00bfLas cartas de recomendaci\\u00f3n profesional y\\\/o acad\\u00e9micos tiene un formato y a qui\\u00e9n deben ir dirigidas?\",\"acceptedAnswer\":{\"@type\":\"Answer\",\"text\":\"<p class=\\\"p1\\\">Las cartas de recomendaci\\u00f3n deben estar dirigidas al\\\/a la Director\\\/a de la Escuela de Posgrados de la Universidad de las Artes, y contener los nombres y apellidos del postulante, nombres, apellidos y firma de quien recomienda al postulante, as\\u00ed como motivo de la recomendaci\\u00f3n.<\\\/p>\"}},{\"@type\":\"Question\",\"name\":\"\\u00bfDebo tener todos los requisitos para acceder a una maestr\\u00eda UArtes?\",\"acceptedAnswer\":{\"@type\":\"Answer\",\"text\":\"<p>S\\u00ed, para que sea evaluada su postulaci\\u00f3n es necesario contar con todos los requisitos exigidos por cada programa de posgrado.<\\\/p>\"}},{\"@type\":\"Question\",\"name\":\"\\u00bfCu\\u00e1l es el correo de contacto?\",\"acceptedAnswer\":{\"@type\":\"Answer\",\"text\":\"<p><a href=\\\"mailto:informacion.posgrados@uartes.edu.ec\\\">informacion.posgrados@uartes.edu.ec<\\\/a><\\\/p>\"}}]}<\/script>\n\t\t\t\t\t<\/div>\n\t\t\t\t\t\t<\/div>\n\t\t\t\t<\/div>\n\t\t\t\t<div class=\"elementor-element elementor-element-9843551 elementor-widget elementor-widget-menu-anchor\" data-id=\"9843551\" data-element_type=\"widget\" data-e-type=\"widget\" data-widget_type=\"menu-anchor.default\">\n\t\t\t\t<div class=\"elementor-widget-container\">\n\t\t\t\t\t\t\t<div class=\"elementor-menu-anchor\" id=\"contactanos\"><\/div>\n\t\t\t\t\t\t<\/div>\n\t\t\t\t<\/div>\n\t\t\t\t\t<\/div>\n\t\t<\/div>\n\t\t\t\t\t<\/div>\n\t\t<\/section>\n\t\t<div class=\"elementor-element elementor-element-5407c0e e-flex e-con-boxed e-con e-parent\" data-id=\"5407c0e\" data-element_type=\"container\" data-e-type=\"container\" data-settings=\"{&quot;background_background&quot;:&quot;classic&quot;,&quot;_ha_eqh_enable&quot;:false}\">\n\t\t\t\t\t<div class=\"e-con-inner\">\n\t\t<div class=\"elementor-element elementor-element-e939622 e-con-full e-flex e-con e-child\" data-id=\"e939622\" data-element_type=\"container\" data-e-type=\"container\" data-settings=\"{&quot;_ha_eqh_enable&quot;:false}\">\n\t\t\t\t<div class=\"elementor-element elementor-element-7663239 elementor-widget elementor-widget-video\" data-id=\"7663239\" data-element_type=\"widget\" data-e-type=\"widget\" data-settings=\"{&quot;youtube_url&quot;:&quot;https:\\\/\\\/www.youtube.com\\\/watch?v=RdpbGNEMK3s&quot;,&quot;show_image_overlay&quot;:&quot;yes&quot;,&quot;image_overlay&quot;:{&quot;url&quot;:&quot;http:\\\/\\\/www.uartes.edu.ec\\\/sitio\\\/wp-content\\\/uploads\\\/2020\\\/10\\\/VIDEO-ADMISIONES-POSGRADO-scaled.jpg&quot;,&quot;id&quot;:9516,&quot;size&quot;:&quot;&quot;},&quot;video_type&quot;:&quot;youtube&quot;,&quot;controls&quot;:&quot;yes&quot;}\" data-widget_type=\"video.default\">\n\t\t\t\t<div class=\"elementor-widget-container\">\n\t\t\t\t\t\t\t<div class=\"elementor-wrapper elementor-open-inline\">\n\t\t\t<div class=\"elementor-video\"><\/div>\t\t\t\t<div class=\"elementor-custom-embed-image-overlay\" style=\"background-image: url(https:\/\/www.uartes.edu.ec\/sitio\/wp-content\/uploads\/2020\/10\/VIDEO-ADMISIONES-POSGRADO-scaled.jpg);\">\n\t\t\t\t\t\t\t\t\t\t\t\t\t\t\t\t<div class=\"elementor-custom-embed-play\" role=\"button\" aria-label=\"Reproducir v\u00eddeo\" tabindex=\"0\">\n\t\t\t\t\t\t\t<svg aria-hidden=\"true\" class=\"e-font-icon-svg e-eicon-play\" viewBox=\"0 0 1000 1000\" xmlns=\"http:\/\/www.w3.org\/2000\/svg\"><path d=\"M838 162C746 71 633 25 500 25 371 25 258 71 163 162 71 254 25 367 25 500 25 633 71 746 163 837 254 929 367 979 500 979 633 979 746 933 838 837 929 746 975 633 975 500 975 367 929 254 838 162M808 192C892 279 933 379 933 500 933 621 892 725 808 808 725 892 621 938 500 938 379 938 279 896 196 808 113 725 67 621 67 500 67 379 108 279 196 192 279 108 383 62 500 62 621 62 721 108 808 192M438 392V642L642 517 438 392Z\"><\/path><\/svg>\t\t\t\t\t\t<\/div>\n\t\t\t\t\t\t\t\t\t<\/div>\n\t\t\t\t\t<\/div>\n\t\t\t\t\t\t<\/div>\n\t\t\t\t<\/div>\n\t\t\t\t<\/div>\n\t\t<div class=\"elementor-element elementor-element-1648911 e-con-full e-flex e-con e-child\" data-id=\"1648911\" data-element_type=\"container\" data-e-type=\"container\" data-settings=\"{&quot;_ha_eqh_enable&quot;:false}\">\n\t\t\t\t<div class=\"elementor-element elementor-element-d58a356 elementor-widget elementor-widget-heading\" data-id=\"d58a356\" data-element_type=\"widget\" data-e-type=\"widget\" data-widget_type=\"heading.default\">\n\t\t\t\t<div class=\"elementor-widget-container\">\n\t\t\t\t\t<h3 class=\"elementor-heading-title elementor-size-default\">Detalles de maestr\u00edas<\/h3>\t\t\t\t<\/div>\n\t\t\t\t<\/div>\n\t\t\t\t<div class=\"elementor-element elementor-element-995b00b elementor-widget elementor-widget-text-editor\" data-id=\"995b00b\" data-element_type=\"widget\" data-e-type=\"widget\" data-widget_type=\"text-editor.default\">\n\t\t\t\t<div class=\"elementor-widget-container\">\n\t\t\t\t\t\t\t\t\t<p>La Universidad de las Artes ofrece seis maestr\u00edas en el campo de las artes. A continuaci\u00f3n encontrar\u00e1s m\u00e1s detalle de las mismas:<\/p>\t\t\t\t\t\t\t\t<\/div>\n\t\t\t\t<\/div>\n\t\t\t\t<div class=\"elementor-element elementor-element-e9c5e54 elementor-widget elementor-widget-text-editor\" data-id=\"e9c5e54\" data-element_type=\"widget\" data-e-type=\"widget\" data-widget_type=\"text-editor.default\">\n\t\t\t\t<div class=\"elementor-widget-container\">\n\t\t\t\t\t\t\t\t\t<p><a href=\"https:\/\/www.uartes.edu.ec\/sitio\/la-universidad\/posgrado\/maestria-en-gestion-de-la-cultura-y-de-las-artes\/\">Gesti\u00f3n de la Cultura y de las Artes<\/a><\/p><p><a href=\"https:\/\/www.uartes.edu.ec\/sitio\/la-universidad\/posgrado\/maestria-en-composicion-musical-y-artes-sonoras\/\">Composici\u00f3n Musical y Artes Sonoras<\/a><\/p><p><a href=\"https:\/\/www.uartes.edu.ec\/sitio\/la-universidad\/posgrado\/maestria-en-artes-visuales-y-nuevos-medios\/\">Artes Visuales y Nuevos Medios<\/a><\/p><p><a href=\"https:\/\/www.uartes.edu.ec\/sitio\/la-universidad\/posgrado\/maestria-en-cine-documental\/\">Cine Documental<\/a><\/p><p><a href=\"https:\/\/www.uartes.edu.ec\/sitio\/la-universidad\/posgrado\/maestria-en-artes-escenicas\/\">Artes Esc\u00e9nicas<\/a><\/p><p><a href=\"https:\/\/www.uartes.edu.ec\/sitio\/la-universidad\/posgrado\/maestria-en-escritura-creativa\/\">Escritura Creativa<\/a><\/p>\t\t\t\t\t\t\t\t<\/div>\n\t\t\t\t<\/div>\n\t\t\t\t<\/div>\n\t\t\t\t\t<\/div>\n\t\t\t\t<\/div>\n\t\t<div class=\"elementor-element elementor-element-9e2c1c2 e-flex e-con-boxed e-con e-parent\" data-id=\"9e2c1c2\" data-element_type=\"container\" data-e-type=\"container\" data-settings=\"{&quot;_ha_eqh_enable&quot;:false}\">\n\t\t\t\t\t<div class=\"e-con-inner\">\n\t\t<div class=\"elementor-element elementor-element-d6d8cde e-con-full e-flex e-con e-child\" data-id=\"d6d8cde\" data-element_type=\"container\" data-e-type=\"container\" data-settings=\"{&quot;_ha_eqh_enable&quot;:false}\">\n\t\t\t\t<div class=\"elementor-element elementor-element-11a26ef elementor-widget elementor-widget-heading\" data-id=\"11a26ef\" data-element_type=\"widget\" data-e-type=\"widget\" data-widget_type=\"heading.default\">\n\t\t\t\t<div class=\"elementor-widget-container\">\n\t\t\t\t\t<h4 class=\"elementor-heading-title elementor-size-large\">\u00bfTe interesa conocer novedades sobre nuestras maestr\u00edas?<\/h4>\t\t\t\t<\/div>\n\t\t\t\t<\/div>\n\t\t\t\t<div class=\"elementor-element elementor-element-e30a724 ha-mailchimp-horizontal ha-mailchimp-tablet-horizontal ha-mailchimp-mobile-vertical elementor-widget elementor-widget-ha-mailchimp happy-addon ha-mailchimp\" data-id=\"e30a724\" data-element_type=\"widget\" data-e-type=\"widget\" data-widget_type=\"ha-mailchimp.default\">\n\t\t\t\t<div class=\"elementor-widget-container\">\n\t\t\t\t\t\t\t<div class=\"ha-mailchimp-wrapper\" data-post-id=\"4421\" data-widget-id=\"e30a724\">\n\t\t\t\t\t\t\t\t\t<div class=\"ha-mc-response-message\"><\/div>\n\t\t\t<form class=\"ha-mailchimp-form \" data-list-id=\"b6df927698\" data-success-message=\"Recibimos tu suscripci\u00f3n. Recibir\u00e1s nuestro informativo en el siguiente env\u00edo.\">\n\t\t\t\t\t\t\t\t\t\t\t\t<div class=\"ha-mc-input-wrapper\">\n\t\t\t\t\t\t\t\t\t\t<div class=\"ha-mc-input before\">\n\t\t\t\t\t\t\t\t\t\t\t\t\t<div class=\"ha-mc-icon-wrapper\"><i class=\"hm hm-envelop\"><\/i><\/div>\n\t\t\t\t\t\t\t\t\t\t\t\t<input type=\"email\" name=\"email\" placeholder=\"T\u00fa email\" required>\n\t\t\t\t\t\t\t\t\t\t\t<\/div>\n\t\t\t\t<\/div>\n\t\t\t\t<div class=\"ha-mc-button-wrapper\">\n\n\t\t\t\t\t<button type=\"submit\" class=\"ha-mc-button\" name=\"ha-mailchimp\">\n\t\t\t\t\t\t\t\t\t\t\t\t\t<div class=\"ha-mc-icon-wrapper\"><i class=\"hm hm-tick\"><\/i><\/div>\n\t\t\t\t\t\t\t\t\t\t\t\tMantente al tanto\t\t\t\t\t\t\t\t\t\t\t<\/button>\n\t\t\t\t<\/div>\n\t\t\t<\/form>\n\t\t<\/div>\n\t\t\t\t\t\t<\/div>\n\t\t\t\t<\/div>\n\t\t\t\t<\/div>\n\t\t\t\t\t<\/div>\n\t\t\t\t<\/div>\n\t\t\t\t<\/div>\n\t\t","protected":false},"excerpt":{"rendered":"<p>Imagen: Resiliencia y Ornamento. Instalaci\u00f3nCristian Villavicencio (colaboraci\u00f3n con Gabriela Fabre) Iniciamos el proceso de admisi\u00f3n este 18 de febrero de 2026 para nuestros programas de Maestr\u00edas en Gesti\u00f3n de la Cultura y de las Artes,\u00a0Composici\u00f3n Musical y Artes Sonoras, Artes Visuales y Nuevos Medios y Cine Documental.\u00a0 Postula aqu\u00ed Postula a una beca El V [&hellip;]<\/p>\n","protected":false},"author":1,"featured_media":18649,"parent":2986,"menu_order":0,"comment_status":"closed","ping_status":"closed","template":"elementor_header_footer","meta":{"_acf_changed":false,"_uag_custom_page_level_css":"","_monsterinsights_skip_tracking":false,"_monsterinsights_sitenote_active":false,"_monsterinsights_sitenote_note":"","_monsterinsights_sitenote_category":0,"cybocfi_hide_featured_image":"","footnotes":""},"class_list":["post-4421","page","type-page","status-publish","has-post-thumbnail","hentry"],"acf":[],"yoast_head":"<!-- This site is optimized with the Yoast SEO plugin v27.4 - https:\/\/yoast.com\/product\/yoast-seo-wordpress\/ -->\n<title>Universidad de las Artes - Admisiones<\/title>\n<meta name=\"description\" content=\"Universidad de las Artes - Admisiones\" \/>\n<meta name=\"robots\" content=\"index, follow, max-snippet:-1, max-image-preview:large, max-video-preview:-1\" \/>\n<link rel=\"canonical\" href=\"https:\/\/www.uartes.edu.ec\/sitio\/en\/la-universidad\/posgrado\/admisiones-posgrados\/\" \/>\n<meta property=\"og:locale\" content=\"en_US\" \/>\n<meta property=\"og:type\" content=\"article\" \/>\n<meta property=\"og:title\" content=\"Universidad de las Artes - Admisiones\" \/>\n<meta property=\"og:description\" content=\"Universidad de las Artes - Admisiones\" \/>\n<meta property=\"og:url\" content=\"https:\/\/www.uartes.edu.ec\/sitio\/en\/la-universidad\/posgrado\/admisiones-posgrados\/\" \/>\n<meta property=\"og:site_name\" content=\"Universidad de las Artes\" \/>\n<meta property=\"article:publisher\" content=\"https:\/\/www.facebook.com\/uartesec\" \/>\n<meta property=\"article:modified_time\" content=\"2026-03-26T14:10:17+00:00\" \/>\n<meta property=\"og:image\" content=\"https:\/\/www.uartes.edu.ec\/sitio\/wp-content\/uploads\/2021\/12\/posgrado2022.jpg\" \/>\n\t<meta property=\"og:image:width\" content=\"1500\" \/>\n\t<meta property=\"og:image:height\" content=\"1000\" \/>\n\t<meta property=\"og:image:type\" content=\"image\/jpeg\" \/>\n<meta name=\"twitter:card\" content=\"summary_large_image\" \/>\n<meta name=\"twitter:site\" content=\"@uartesec\" \/>\n<meta name=\"twitter:label1\" content=\"Est. reading time\" \/>\n\t<meta name=\"twitter:data1\" content=\"5 minutes\" \/>\n<script type=\"application\/ld+json\" class=\"yoast-schema-graph\">{\"@context\":\"https:\\\/\\\/schema.org\",\"@graph\":[{\"@type\":\"WebPage\",\"@id\":\"https:\\\/\\\/www.uartes.edu.ec\\\/sitio\\\/en\\\/la-universidad\\\/posgrado\\\/admisiones-posgrados\\\/\",\"url\":\"https:\\\/\\\/www.uartes.edu.ec\\\/sitio\\\/en\\\/la-universidad\\\/posgrado\\\/admisiones-posgrados\\\/\",\"name\":\"Universidad de las Artes - Admisiones\",\"isPartOf\":{\"@id\":\"https:\\\/\\\/www.uartes.edu.ec\\\/sitio\\\/en\\\/#website\"},\"primaryImageOfPage\":{\"@id\":\"https:\\\/\\\/www.uartes.edu.ec\\\/sitio\\\/en\\\/la-universidad\\\/posgrado\\\/admisiones-posgrados\\\/#primaryimage\"},\"image\":{\"@id\":\"https:\\\/\\\/www.uartes.edu.ec\\\/sitio\\\/en\\\/la-universidad\\\/posgrado\\\/admisiones-posgrados\\\/#primaryimage\"},\"thumbnailUrl\":\"https:\\\/\\\/www.uartes.edu.ec\\\/sitio\\\/wp-content\\\/uploads\\\/2021\\\/12\\\/posgrado2022.jpg\",\"datePublished\":\"2019-09-20T21:55:21+00:00\",\"dateModified\":\"2026-03-26T14:10:17+00:00\",\"description\":\"Universidad de las Artes - Admisiones\",\"breadcrumb\":{\"@id\":\"https:\\\/\\\/www.uartes.edu.ec\\\/sitio\\\/en\\\/la-universidad\\\/posgrado\\\/admisiones-posgrados\\\/#breadcrumb\"},\"inLanguage\":\"en-US\",\"potentialAction\":[{\"@type\":\"ReadAction\",\"target\":[\"https:\\\/\\\/www.uartes.edu.ec\\\/sitio\\\/en\\\/la-universidad\\\/posgrado\\\/admisiones-posgrados\\\/\"]}]},{\"@type\":\"ImageObject\",\"inLanguage\":\"en-US\",\"@id\":\"https:\\\/\\\/www.uartes.edu.ec\\\/sitio\\\/en\\\/la-universidad\\\/posgrado\\\/admisiones-posgrados\\\/#primaryimage\",\"url\":\"https:\\\/\\\/www.uartes.edu.ec\\\/sitio\\\/wp-content\\\/uploads\\\/2021\\\/12\\\/posgrado2022.jpg\",\"contentUrl\":\"https:\\\/\\\/www.uartes.edu.ec\\\/sitio\\\/wp-content\\\/uploads\\\/2021\\\/12\\\/posgrado2022.jpg\",\"width\":1500,\"height\":1000},{\"@type\":\"BreadcrumbList\",\"@id\":\"https:\\\/\\\/www.uartes.edu.ec\\\/sitio\\\/en\\\/la-universidad\\\/posgrado\\\/admisiones-posgrados\\\/#breadcrumb\",\"itemListElement\":[{\"@type\":\"ListItem\",\"position\":1,\"name\":\"Inicio\",\"item\":\"https:\\\/\\\/www.uartes.edu.ec\\\/sitio\\\/\"},{\"@type\":\"ListItem\",\"position\":2,\"name\":\"Universidad de las Artes\",\"item\":\"https:\\\/\\\/www.uartes.edu.ec\\\/sitio\\\/\"},{\"@type\":\"ListItem\",\"position\":3,\"name\":\"Posgrado\",\"item\":\"https:\\\/\\\/www.uartes.edu.ec\\\/sitio\\\/la-universidad\\\/posgrado\\\/\"},{\"@type\":\"ListItem\",\"position\":4,\"name\":\"Admisiones\"}]},{\"@type\":\"WebSite\",\"@id\":\"https:\\\/\\\/www.uartes.edu.ec\\\/sitio\\\/en\\\/#website\",\"url\":\"https:\\\/\\\/www.uartes.edu.ec\\\/sitio\\\/en\\\/\",\"name\":\"Universidad de las Artes\",\"description\":\"Sitio oficial de la Universidad Nacional de las Artes del Ecuador\",\"publisher\":{\"@id\":\"https:\\\/\\\/www.uartes.edu.ec\\\/sitio\\\/en\\\/#organization\"},\"potentialAction\":[{\"@type\":\"SearchAction\",\"target\":{\"@type\":\"EntryPoint\",\"urlTemplate\":\"https:\\\/\\\/www.uartes.edu.ec\\\/sitio\\\/en\\\/?s={search_term_string}\"},\"query-input\":{\"@type\":\"PropertyValueSpecification\",\"valueRequired\":true,\"valueName\":\"search_term_string\"}}],\"inLanguage\":\"en-US\"},{\"@type\":\"Organization\",\"@id\":\"https:\\\/\\\/www.uartes.edu.ec\\\/sitio\\\/en\\\/#organization\",\"name\":\"Universidad de las Artes\",\"url\":\"https:\\\/\\\/www.uartes.edu.ec\\\/sitio\\\/en\\\/\",\"logo\":{\"@type\":\"ImageObject\",\"inLanguage\":\"en-US\",\"@id\":\"https:\\\/\\\/www.uartes.edu.ec\\\/sitio\\\/en\\\/#\\\/schema\\\/logo\\\/image\\\/\",\"url\":\"https:\\\/\\\/www.uartes.edu.ec\\\/sitio\\\/wp-content\\\/uploads\\\/2022\\\/07\\\/logo-ua-horizontal.png\",\"contentUrl\":\"https:\\\/\\\/www.uartes.edu.ec\\\/sitio\\\/wp-content\\\/uploads\\\/2022\\\/07\\\/logo-ua-horizontal.png\",\"width\":800,\"height\":276,\"caption\":\"Universidad de las Artes\"},\"image\":{\"@id\":\"https:\\\/\\\/www.uartes.edu.ec\\\/sitio\\\/en\\\/#\\\/schema\\\/logo\\\/image\\\/\"},\"sameAs\":[\"https:\\\/\\\/www.facebook.com\\\/uartesec\",\"https:\\\/\\\/x.com\\\/uartesec\",\"https:\\\/\\\/www.tiktok.com\\\/@uartesec\"]}]}<\/script>\n<!-- \/ Yoast SEO plugin. -->","yoast_head_json":{"title":"Universidad de las Artes - Admisiones","description":"Universidad de las Artes - Admisiones","robots":{"index":"index","follow":"follow","max-snippet":"max-snippet:-1","max-image-preview":"max-image-preview:large","max-video-preview":"max-video-preview:-1"},"canonical":"https:\/\/www.uartes.edu.ec\/sitio\/en\/la-universidad\/posgrado\/admisiones-posgrados\/","og_locale":"en_US","og_type":"article","og_title":"Universidad de las Artes - Admisiones","og_description":"Universidad de las Artes - Admisiones","og_url":"https:\/\/www.uartes.edu.ec\/sitio\/en\/la-universidad\/posgrado\/admisiones-posgrados\/","og_site_name":"Universidad de las Artes","article_publisher":"https:\/\/www.facebook.com\/uartesec","article_modified_time":"2026-03-26T14:10:17+00:00","og_image":[{"width":1500,"height":1000,"url":"https:\/\/www.uartes.edu.ec\/sitio\/wp-content\/uploads\/2021\/12\/posgrado2022.jpg","type":"image\/jpeg"}],"twitter_card":"summary_large_image","twitter_site":"@uartesec","twitter_misc":{"Est. reading time":"5 minutes"},"schema":{"@context":"https:\/\/schema.org","@graph":[{"@type":"WebPage","@id":"https:\/\/www.uartes.edu.ec\/sitio\/en\/la-universidad\/posgrado\/admisiones-posgrados\/","url":"https:\/\/www.uartes.edu.ec\/sitio\/en\/la-universidad\/posgrado\/admisiones-posgrados\/","name":"Universidad de las Artes - Admisiones","isPartOf":{"@id":"https:\/\/www.uartes.edu.ec\/sitio\/en\/#website"},"primaryImageOfPage":{"@id":"https:\/\/www.uartes.edu.ec\/sitio\/en\/la-universidad\/posgrado\/admisiones-posgrados\/#primaryimage"},"image":{"@id":"https:\/\/www.uartes.edu.ec\/sitio\/en\/la-universidad\/posgrado\/admisiones-posgrados\/#primaryimage"},"thumbnailUrl":"https:\/\/www.uartes.edu.ec\/sitio\/wp-content\/uploads\/2021\/12\/posgrado2022.jpg","datePublished":"2019-09-20T21:55:21+00:00","dateModified":"2026-03-26T14:10:17+00:00","description":"Universidad de las Artes - Admisiones","breadcrumb":{"@id":"https:\/\/www.uartes.edu.ec\/sitio\/en\/la-universidad\/posgrado\/admisiones-posgrados\/#breadcrumb"},"inLanguage":"en-US","potentialAction":[{"@type":"ReadAction","target":["https:\/\/www.uartes.edu.ec\/sitio\/en\/la-universidad\/posgrado\/admisiones-posgrados\/"]}]},{"@type":"ImageObject","inLanguage":"en-US","@id":"https:\/\/www.uartes.edu.ec\/sitio\/en\/la-universidad\/posgrado\/admisiones-posgrados\/#primaryimage","url":"https:\/\/www.uartes.edu.ec\/sitio\/wp-content\/uploads\/2021\/12\/posgrado2022.jpg","contentUrl":"https:\/\/www.uartes.edu.ec\/sitio\/wp-content\/uploads\/2021\/12\/posgrado2022.jpg","width":1500,"height":1000},{"@type":"BreadcrumbList","@id":"https:\/\/www.uartes.edu.ec\/sitio\/en\/la-universidad\/posgrado\/admisiones-posgrados\/#breadcrumb","itemListElement":[{"@type":"ListItem","position":1,"name":"Inicio","item":"https:\/\/www.uartes.edu.ec\/sitio\/"},{"@type":"ListItem","position":2,"name":"Universidad de las Artes","item":"https:\/\/www.uartes.edu.ec\/sitio\/"},{"@type":"ListItem","position":3,"name":"Posgrado","item":"https:\/\/www.uartes.edu.ec\/sitio\/la-universidad\/posgrado\/"},{"@type":"ListItem","position":4,"name":"Admisiones"}]},{"@type":"WebSite","@id":"https:\/\/www.uartes.edu.ec\/sitio\/en\/#website","url":"https:\/\/www.uartes.edu.ec\/sitio\/en\/","name":"Universidad de las Artes","description":"Sitio oficial de la Universidad Nacional de las Artes del Ecuador","publisher":{"@id":"https:\/\/www.uartes.edu.ec\/sitio\/en\/#organization"},"potentialAction":[{"@type":"SearchAction","target":{"@type":"EntryPoint","urlTemplate":"https:\/\/www.uartes.edu.ec\/sitio\/en\/?s={search_term_string}"},"query-input":{"@type":"PropertyValueSpecification","valueRequired":true,"valueName":"search_term_string"}}],"inLanguage":"en-US"},{"@type":"Organization","@id":"https:\/\/www.uartes.edu.ec\/sitio\/en\/#organization","name":"Universidad de las Artes","url":"https:\/\/www.uartes.edu.ec\/sitio\/en\/","logo":{"@type":"ImageObject","inLanguage":"en-US","@id":"https:\/\/www.uartes.edu.ec\/sitio\/en\/#\/schema\/logo\/image\/","url":"https:\/\/www.uartes.edu.ec\/sitio\/wp-content\/uploads\/2022\/07\/logo-ua-horizontal.png","contentUrl":"https:\/\/www.uartes.edu.ec\/sitio\/wp-content\/uploads\/2022\/07\/logo-ua-horizontal.png","width":800,"height":276,"caption":"Universidad de las Artes"},"image":{"@id":"https:\/\/www.uartes.edu.ec\/sitio\/en\/#\/schema\/logo\/image\/"},"sameAs":["https:\/\/www.facebook.com\/uartesec","https:\/\/x.com\/uartesec","https:\/\/www.tiktok.com\/@uartesec"]}]}},"uagb_featured_image_src":{"full":["https:\/\/www.uartes.edu.ec\/sitio\/wp-content\/uploads\/2021\/12\/posgrado2022.jpg",1500,1000,false],"thumbnail":["https:\/\/www.uartes.edu.ec\/sitio\/wp-content\/uploads\/2021\/12\/posgrado2022-150x150.jpg",150,150,true],"medium":["https:\/\/www.uartes.edu.ec\/sitio\/wp-content\/uploads\/2021\/12\/posgrado2022-300x200.jpg",300,200,true],"medium_large":["https:\/\/www.uartes.edu.ec\/sitio\/wp-content\/uploads\/2021\/12\/posgrado2022-768x512.jpg",768,512,true],"large":["https:\/\/www.uartes.edu.ec\/sitio\/wp-content\/uploads\/2021\/12\/posgrado2022-644x429.jpg",644,429,true],"1536x1536":["https:\/\/www.uartes.edu.ec\/sitio\/wp-content\/uploads\/2021\/12\/posgrado2022.jpg",1500,1000,false],"2048x2048":["https:\/\/www.uartes.edu.ec\/sitio\/wp-content\/uploads\/2021\/12\/posgrado2022.jpg",1500,1000,false],"trp-custom-language-flag":["https:\/\/www.uartes.edu.ec\/sitio\/wp-content\/uploads\/2021\/12\/posgrado2022.jpg",18,12,false],"htmega_size_585x295":["https:\/\/www.uartes.edu.ec\/sitio\/wp-content\/uploads\/2021\/12\/posgrado2022.jpg",443,295,false],"htmega_size_1170x536":["https:\/\/www.uartes.edu.ec\/sitio\/wp-content\/uploads\/2021\/12\/posgrado2022.jpg",804,536,false],"htmega_size_396x360":["https:\/\/www.uartes.edu.ec\/sitio\/wp-content\/uploads\/2021\/12\/posgrado2022.jpg",396,264,false],"gb-block-post-grid-landscape":["https:\/\/www.uartes.edu.ec\/sitio\/wp-content\/uploads\/2021\/12\/posgrado2022-600x400.jpg",600,400,true],"gb-block-post-grid-square":["https:\/\/www.uartes.edu.ec\/sitio\/wp-content\/uploads\/2021\/12\/posgrado2022-600x600.jpg",600,600,true],"university-hub-thumb":["https:\/\/www.uartes.edu.ec\/sitio\/wp-content\/uploads\/2021\/12\/posgrado2022-400x267.jpg",400,267,true]},"uagb_author_info":{"display_name":"Universidad de las Artes","author_link":"https:\/\/www.uartes.edu.ec\/sitio\/en\/blog\/author\/dircomadm\/"},"uagb_comment_info":0,"uagb_excerpt":"Imagen: Resiliencia y Ornamento. Instalaci\u00f3nCristian Villavicencio (colaboraci\u00f3n con Gabriela Fabre) Iniciamos el proceso de admisi\u00f3n este 18 de febrero de 2026 para nuestros programas de Maestr\u00edas en Gesti\u00f3n de la Cultura y de las Artes,\u00a0Composici\u00f3n Musical y Artes Sonoras, Artes Visuales y Nuevos Medios y Cine Documental.\u00a0 Postula aqu\u00ed Postula a una beca El V&hellip;","featured_image_src":"https:\/\/www.uartes.edu.ec\/sitio\/wp-content\/uploads\/2021\/12\/posgrado2022-600x400.jpg","featured_image_src_square":"https:\/\/www.uartes.edu.ec\/sitio\/wp-content\/uploads\/2021\/12\/posgrado2022-600x600.jpg","publishpress_future_action":{"enabled":false,"date":"2026-05-08 07:03:12","action":"change-status","newStatus":"draft","terms":[],"taxonomy":"","extraData":[]},"publishpress_future_workflow_manual_trigger":{"enabledWorkflows":[]},"distributor_meta":false,"distributor_terms":false,"distributor_media":false,"distributor_original_site_name":"Universidad de las Artes","distributor_original_site_url":"https:\/\/www.uartes.edu.ec\/sitio\/en","push-errors":false,"_links":{"self":[{"href":"https:\/\/www.uartes.edu.ec\/sitio\/en\/wp-json\/wp\/v2\/pages\/4421","targetHints":{"allow":["GET"]}}],"collection":[{"href":"https:\/\/www.uartes.edu.ec\/sitio\/en\/wp-json\/wp\/v2\/pages"}],"about":[{"href":"https:\/\/www.uartes.edu.ec\/sitio\/en\/wp-json\/wp\/v2\/types\/page"}],"author":[{"embeddable":true,"href":"https:\/\/www.uartes.edu.ec\/sitio\/en\/wp-json\/wp\/v2\/users\/1"}],"replies":[{"embeddable":true,"href":"https:\/\/www.uartes.edu.ec\/sitio\/en\/wp-json\/wp\/v2\/comments?post=4421"}],"version-history":[{"count":219,"href":"https:\/\/www.uartes.edu.ec\/sitio\/en\/wp-json\/wp\/v2\/pages\/4421\/revisions"}],"predecessor-version":[{"id":86786,"href":"https:\/\/www.uartes.edu.ec\/sitio\/en\/wp-json\/wp\/v2\/pages\/4421\/revisions\/86786"}],"up":[{"embeddable":true,"href":"https:\/\/www.uartes.edu.ec\/sitio\/en\/wp-json\/wp\/v2\/pages\/2986"}],"wp:featuredmedia":[{"embeddable":true,"href":"https:\/\/www.uartes.edu.ec\/sitio\/en\/wp-json\/wp\/v2\/media\/18649"}],"wp:attachment":[{"href":"https:\/\/www.uartes.edu.ec\/sitio\/en\/wp-json\/wp\/v2\/media?parent=4421"}],"curies":[{"name":"wp","href":"https:\/\/api.w.org\/{rel}","templated":true}]}}