{"id":4467,"date":"2019-09-27T16:33:07","date_gmt":"2019-09-27T21:33:07","guid":{"rendered":"http:\/\/www.uartes.edu.ec\/sitio\/la-universidad\/estudiantes\/academico\/lenguas-extranjeras\/"},"modified":"2025-09-29T14:35:54","modified_gmt":"2025-09-29T19:35:54","slug":"lenguas-extranjeras","status":"publish","type":"page","link":"https:\/\/www.uartes.edu.ec\/sitio\/en\/la-universidad\/estudiantes\/acompanamiento-al-exito-academico\/lenguas-extranjeras\/","title":{"rendered":"Department of Foreign Languages"},"content":{"rendered":"<p>El Departamento de Lenguas Extranjeras es un componente y soporte esencial del programa de acompa\u00f1amiento acad\u00e9mico de la Universidad de las Artes, consciente que la ense\u00f1anza de lenguas extranjeras es fundamental para el proceso de construcci\u00f3n del conocimiento y que las lenguas extranjeras son un veh\u00edculo indiscutible en el desarrollo del pensamiento cr\u00edtico y creativo&nbsp; Esta unidad naci\u00f3 con la finalidad de ofrecer a nuestros estudiantes la posibilidad de superar las barreras de la lengua y conocer otras culturas, conforme a las exigencias de una educaci\u00f3n humanista y respetuosa de la diversidad.<\/p>\n\n\n\n<p>Por ello, el DLE se erige como una unidad de apoyo para todas las escuelas de la UArtes.&nbsp; Disponemos un grupo selecto de 11 maestros con gran vocaci\u00f3n por la ense\u00f1anza con vasta experiencia en la c\u00e1tedra (nativo hablantes y ecuatorianos). Adem\u00e1s, prepara a los estudiantes para los ex\u00e1menes internacionales de franc\u00e9s, ingl\u00e9s y portugu\u00e9s, con el fin \u00faltimo de revalorizar sus competencias profesionales y viabilizar la realizaci\u00f3n de estudios en el extranjero.<\/p>\n\n\n\n<div style=\"height:40px\" aria-hidden=\"true\" class=\"wp-block-spacer\"><\/div>\n\n\n\n<div class=\"wp-block-getwid-accordion has-icon-left\" data-active-element=\"none\">\n<div class=\"wp-block-getwid-accordion__header-wrapper\"><h3 class=\"wp-block-getwid-accordion__header\"><a href=\"#\"><span class=\"wp-block-getwid-accordion__header-title\">Calendario Acad\u00e9mico de Lenguas Extranjeras<\/span><span class=\"wp-block-getwid-accordion__icon is-active\"><i class=\"fas fa-plus\"><\/i><\/span><span class=\"wp-block-getwid-accordion__icon is-passive\"><i class=\"fas fa-minus\"><\/i><\/span><\/a><\/h3><\/div><div class=\"wp-block-getwid-accordion__content-wrapper\"><div class=\"wp-block-getwid-accordion__content\"><div class='w3eden wpdm_package_shortcode'><!-- WPDM Link Template: Call to Action 3 -->\n\n<div class=\"well c2a3\">\n    <div class=\"media\">\n        <div class=\"mr-3\" align=\"left\">\n            <img decoding=\"async\" class=\"wpdm_icon\" alt=\"Icon\" src=\"https:\/\/www.uartes.edu.ec\/sitio\/wp-content\/plugins\/download-manager\/assets\/file-type-icons\/pdf.svg\" \/>\n        <\/div>\n        <div class=\"media-body\">\n            <h3 class=\"media-heading\" style=\"padding-top: 0px;border:0px;margin: 0 0 5px 0;font-size:12pt;\">\n                <a style=\"font-weight: 700\" href=\"https:\/\/www.uartes.edu.ec\/sitio\/en\/download\/calendario-academico-lenguas-extranjeras-periodo-2025-2026\/\">Calendario Acad\u00e9mico Lenguas Extranjeras Per\u00edodo 2025-2026<\/a>\n                <span style=\"font-size:8pt;font-weight:300\" class=\"text-muted ml-4\">\n                    <i class=\"fas fa-hdd mr-1\"><\/i> 825.59 KB\n                    <i class=\"ml-3 far fa-arrow-alt-circle-down mr-1\"><\/i> 1742 downloads\n                <\/span>\n            <\/h3>\n            ...\n        <\/div>\n        <div class=\"ml-3\" align=\"right\">\n            <a class='wpdm-download-link download-on-click btn btn-primary btn-sm'  rel='nofollow' href='#' data-downloadurl=\"https:\/\/www.uartes.edu.ec\/sitio\/en\/download\/calendario-academico-lenguas-extranjeras-periodo-2025-2026\/?wpdmdl=70629&refresh=69f47585c907f1777628549\">Download<\/a>\n        <\/div>\n    <\/div>\n\n<\/div>\n<style>\n    .well.c2a3 .btn {\n        padding: 11px 30px;\n        font-size: 11pt;\n    }\n\n    .well.c2a3 .media-body {\n        font-size: 11pt;\n    }\n\n    .well.c2a3 .wpdm_icon {\n        height: 42px;\n        width: auto;\n    }<\/style>\n<\/div>\n<\/div><\/div>\n\n\n\n<div class=\"wp-block-getwid-accordion__header-wrapper\"><h3 class=\"wp-block-getwid-accordion__header\"><a href=\"#\"><span class=\"wp-block-getwid-accordion__header-title\">Servicios<\/span><span class=\"wp-block-getwid-accordion__icon is-active\"><i class=\"fas fa-plus\"><\/i><\/span><span class=\"wp-block-getwid-accordion__icon is-passive\"><i class=\"fas fa-minus\"><\/i><\/span><\/a><\/h3><\/div><div class=\"wp-block-getwid-accordion__content-wrapper\"><div class=\"wp-block-getwid-accordion__content\">\n<p>Impartimos clases de ingl\u00e9s y franc\u00e9s amparados por el Marco Com\u00fan Europeo de Referencia para las Lenguas; as\u00ed como de portugu\u00e9s siguiendo las pautas del Ministerio de Educaci\u00f3n de Brasil.<\/p>\n\n\n\n<p>El m\u00e9todo de ense\u00f1anza radica en la interacci\u00f3n, haciendo especial \u00e9nfasis al aspecto intercultural del aprendizaje de una lengua extranjera; capacit\u00e1ndolos en el dominio de las cuatro destrezas (comprensi\u00f3n auditiva, comprensi\u00f3n lectora, expresi\u00f3n escrita y expresi\u00f3n oral) y los tres niveles (fon\u00e9tico-fonol\u00f3gico, l\u00e9xico-sem\u00e1ntico y morfosint\u00e1ctico) b\u00e1sicos de la comunicaci\u00f3n, mediante la participaci\u00f3n en las diversas actividades y sobre todo fomentando el reconocimiento de la diversidad, gracias a la inclusi\u00f3n educativa. Mediante mini-proyectos pedag\u00f3gicos nos proponemos entrelazar el uso del idioma meta y la creatividad art\u00edstica.<\/p>\n\n\n\n<p>Actualmente, nuestro programa de suficiencia en una segunda lengua cuenta con una malla que los prepara a la obtenci\u00f3n del nivel B1 en el idioma de su elecci\u00f3n. A partir del nivel 1, nuestros estudiantes se benefician de 4 horas de contacto docente por semana, aunado a 1,5 hora de taller de conversaci\u00f3n (12 semanas). Los estudiantes tienen a su haber 6 horas semanales de trabajo aut\u00f3nomo y 3,15 horas de pr\u00e1ctica de laboratorio, a lo cual se suman las horas de tutor\u00eda personalizadas. Bajo esta modalidad, al final de su formaci\u00f3n est\u00e1n listos para rendir el EXAMEN CERTIFICADOR INTERNO, para la obtenci\u00f3n del certificado necesario para fines de Titulaci\u00f3n.<\/p>\n<\/div><\/div>\n\n\n\n<div class=\"wp-block-getwid-accordion__header-wrapper\"><h3 class=\"wp-block-getwid-accordion__header\"><a href=\"#\"><span class=\"wp-block-getwid-accordion__header-title\">Otros servicios para los estudiantes UArtes<\/span><span class=\"wp-block-getwid-accordion__icon is-active\"><i class=\"fas fa-plus\"><\/i><\/span><span class=\"wp-block-getwid-accordion__icon is-passive\"><i class=\"fas fa-minus\"><\/i><\/span><\/a><\/h3><\/div><div class=\"wp-block-getwid-accordion__content-wrapper\"><div class=\"wp-block-getwid-accordion__content\">\n<h4 class=\"wp-block-heading\" id=\"reconocimiento-del-nivel-durante-la-etapa-de-nivelacion\">Reconocimiento del nivel durante la etapa de Nivelaci\u00f3n<\/h4>\n\n\n\n<p>El Departamento de Lenguas Extranjeras tiene el compromiso de facilitar un reconocimiento de perfil para cada estudiante que entre a la etapa de Nivelaci\u00f3n de la UArtes, con la finalidad de asesorar su estudio y capacitaci\u00f3n en ingl\u00e9s, portugu\u00e9s o franc\u00e9s, seg\u00fan su elecci\u00f3n.<\/p>\n\n\n\n<p>El reconocimiento de perfil se har\u00e1 a trav\u00e9s de un examen de suficiencia en la lengua seleccionada. El resultado de dicho examen permitir\u00e1 ubicar al estudiante en el nivel correspondiente a sus conocimientos y de realizar la exoneraci\u00f3n de los niveles homologados en el sistema acad\u00e9mico, previo a iniciar su primer semestre de carrera. Los estudiantes que ya se encuentren certificados internacionalmente en una lengua extranjera deber\u00e1n presentar la copia de su certificaci\u00f3n al DLE para la ser exonerados del programa de acompa\u00f1amiento acad\u00e9mico.<\/p>\n\n\n\n<p>Para mayor detalle descargar el PDF.<\/p>\n\n\n\n<div style=\"height:30px\" aria-hidden=\"true\" class=\"wp-block-spacer\"><\/div>\n\n\n<section class='__wpdm_gb_section __wpdm_gb_package'><div class='w3eden wpdm_package_shortcode'><!-- WPDM Link Template: Call to Action 3 -->\n\n<div class=\"well c2a3\">\n    <div class=\"media\">\n        <div class=\"mr-3\" align=\"left\">\n            <img decoding=\"async\" class=\"wpdm_icon\" alt=\"Icon\" src=\"https:\/\/www.uartes.edu.ec\/sitio\/wp-content\/plugins\/download-manager\/assets\/file-type-icons\/pdf.svg\" \/>\n        <\/div>\n        <div class=\"media-body\">\n            <h3 class=\"media-heading\" style=\"padding-top: 0px;border:0px;margin: 0 0 5px 0;font-size:12pt;\">\n                <a style=\"font-weight: 700\" href=\"https:\/\/www.uartes.edu.ec\/sitio\/en\/download\/examenes-de-posicionamiento\/\">Ex\u00e1menes de posicionamiento<\/a>\n                <span style=\"font-size:8pt;font-weight:300\" class=\"text-muted ml-4\">\n                    <i class=\"fas fa-hdd mr-1\"><\/i> 139.55 KB\n                    <i class=\"ml-3 far fa-arrow-alt-circle-down mr-1\"><\/i> 1086 downloads\n                <\/span>\n            <\/h3>\n            &#8230;\n        <\/div>\n        <div class=\"ml-3\" align=\"right\">\n            <a class='wpdm-download-link download-on-click btn btn-primary btn-sm'  rel='nofollow' href='#' data-downloadurl=\"https:\/\/www.uartes.edu.ec\/sitio\/en\/download\/examenes-de-posicionamiento\/?wpdmdl=21750&#038;refresh=69f47581b60151777628545\">Download<\/a>\n        <\/div>\n    <\/div>\n\n<\/div>\n<style>\n    .well.c2a3 .btn {\n        padding: 11px 30px;\n        font-size: 11pt;\n    }\n\n    .well.c2a3 .media-body {\n        font-size: 11pt;\n    }\n\n    .well.c2a3 .wpdm_icon {\n        height: 42px;\n        width: auto;\n    }<\/style>\n<\/div><\/section>\n\n<section class='__wpdm_gb_section __wpdm_gb_package'><div class='w3eden wpdm_package_shortcode'><!-- WPDM Link Template: Call to Action 3 -->\n\n<div class=\"well c2a3\">\n    <div class=\"media\">\n        <div class=\"mr-3\" align=\"left\">\n            <img decoding=\"async\" class=\"wpdm_icon\" alt=\"Icon\" src=\"https:\/\/www.uartes.edu.ec\/sitio\/wp-content\/plugins\/download-manager\/assets\/file-type-icons\/pdf.svg\" \/>\n        <\/div>\n        <div class=\"media-body\">\n            <h3 class=\"media-heading\" style=\"padding-top: 0px;border:0px;margin: 0 0 5px 0;font-size:12pt;\">\n                <a style=\"font-weight: 700\" href=\"https:\/\/www.uartes.edu.ec\/sitio\/en\/download\/homologacion-por-presentacion-de-certificados-internacionales\/\">Homologaci\u00f3n por presentaci\u00f3n de certificados Internacionales<\/a>\n                <span style=\"font-size:8pt;font-weight:300\" class=\"text-muted ml-4\">\n                    <i class=\"fas fa-hdd mr-1\"><\/i> 160.17 KB\n                    <i class=\"ml-3 far fa-arrow-alt-circle-down mr-1\"><\/i> 1699 downloads\n                <\/span>\n            <\/h3>\n            &#8230;\n        <\/div>\n        <div class=\"ml-3\" align=\"right\">\n            <a class='wpdm-download-link download-on-click btn btn-primary btn-sm'  rel='nofollow' href='#' data-downloadurl=\"https:\/\/www.uartes.edu.ec\/sitio\/en\/download\/homologacion-por-presentacion-de-certificados-internacionales\/?wpdmdl=21751&#038;refresh=69f47583187621777628547\">Download<\/a>\n        <\/div>\n    <\/div>\n\n<\/div>\n<style>\n    .well.c2a3 .btn {\n        padding: 11px 30px;\n        font-size: 11pt;\n    }\n\n    .well.c2a3 .media-body {\n        font-size: 11pt;\n    }\n\n    .well.c2a3 .wpdm_icon {\n        height: 42px;\n        width: auto;\n    }<\/style>\n<\/div><\/section>\n\n\n<div style=\"height:30px\" aria-hidden=\"true\" class=\"wp-block-spacer\"><\/div>\n\n\n\n<h4 class=\"wp-block-heading\" id=\"examenes-de-suficiencia-por-nivel-estudiantes-de-licenciaturas\">Ex\u00e1menes de suficiencia por nivel &#8211; estudiantes de licenciaturas<\/h4>\n\n\n\n<p>Los estudiantes que se encuentran cursando las licenciaturas y que no hayan presentado en su momento la prueba de posicionamiento y\/o que hayan estado trabajando en mejorar su nivel de lengua extranjera por cuenta propia, pueden solicitar presentar los ex\u00e1menes de suficiencia.<\/p>\n\n\n\n<p>Estos ex\u00e1menes se llevan a cabo durante la semana 15 del calendario acad\u00e9mico de Lenguas Extranjeras y la inscripci\u00f3n se efectiviza a trav\u00e9s de un formulario en l\u00ednea -el cual se env\u00eda por correo masivo un mes antes del examen- en el cual debe subirse el justificativo de haber estado mejorando su nivel.<\/p>\n\n\n\n<div style=\"height:30px\" aria-hidden=\"true\" class=\"wp-block-spacer\"><\/div>\n\n\n<section class='__wpdm_gb_section __wpdm_gb_package'><div class='w3eden wpdm_package_shortcode'><!-- WPDM Link Template: Call to Action 3 -->\n\n<div class=\"well c2a3\">\n    <div class=\"media\">\n        <div class=\"mr-3\" align=\"left\">\n            <img decoding=\"async\" class=\"wpdm_icon\" alt=\"Icon\" src=\"https:\/\/www.uartes.edu.ec\/sitio\/wp-content\/plugins\/download-manager\/assets\/file-type-icons\/pdf.svg\" \/>\n        <\/div>\n        <div class=\"media-body\">\n            <h3 class=\"media-heading\" style=\"padding-top: 0px;border:0px;margin: 0 0 5px 0;font-size:12pt;\">\n                <a style=\"font-weight: 700\" href=\"https:\/\/www.uartes.edu.ec\/sitio\/en\/download\/examenes-de-suficiencia\/\">Ex\u00e1menes de suficiencia<\/a>\n                <span style=\"font-size:8pt;font-weight:300\" class=\"text-muted ml-4\">\n                    <i class=\"fas fa-hdd mr-1\"><\/i> 139.42 KB\n                    <i class=\"ml-3 far fa-arrow-alt-circle-down mr-1\"><\/i> 2127 downloads\n                <\/span>\n            <\/h3>\n            &#8230;\n        <\/div>\n        <div class=\"ml-3\" align=\"right\">\n            <a class='wpdm-download-link download-on-click btn btn-primary btn-sm'  rel='nofollow' href='#' data-downloadurl=\"https:\/\/www.uartes.edu.ec\/sitio\/en\/download\/examenes-de-suficiencia\/?wpdmdl=21749&#038;refresh=69f475846a9361777628548\">Download<\/a>\n        <\/div>\n    <\/div>\n\n<\/div>\n<style>\n    .well.c2a3 .btn {\n        padding: 11px 30px;\n        font-size: 11pt;\n    }\n\n    .well.c2a3 .media-body {\n        font-size: 11pt;\n    }\n\n    .well.c2a3 .wpdm_icon {\n        height: 42px;\n        width: auto;\n    }<\/style>\n<\/div><\/section>\n\n\n<div style=\"height:30px\" aria-hidden=\"true\" class=\"wp-block-spacer\"><\/div>\n<\/div><\/div>\n\n\n\n<div class=\"wp-block-getwid-accordion__header-wrapper\"><h3 class=\"wp-block-getwid-accordion__header\"><a href=\"#\"><span class=\"wp-block-getwid-accordion__header-title\">Frequently Asked Questions<\/span><span class=\"wp-block-getwid-accordion__icon is-active\"><i class=\"fas fa-plus\"><\/i><\/span><span class=\"wp-block-getwid-accordion__icon is-passive\"><i class=\"fas fa-minus\"><\/i><\/span><\/a><\/h3><\/div><div class=\"wp-block-getwid-accordion__content-wrapper\"><div class=\"wp-block-getwid-accordion__content\">\n<div class=\"wp-block-getwid-accordion has-icon-left\" data-active-element=\"none\">\n<div class=\"wp-block-getwid-accordion__header-wrapper\"><h5 class=\"wp-block-getwid-accordion__header\"><a href=\"#\"><span class=\"wp-block-getwid-accordion__header-title\">What is the process to follow if I want to request a language change<\/span><span class=\"wp-block-getwid-accordion__icon is-active\"><i class=\"fas fa-plus\"><\/i><\/span><span class=\"wp-block-getwid-accordion__icon is-passive\"><i class=\"fas fa-minus\"><\/i><\/span><\/a><\/h5><\/div><div class=\"wp-block-getwid-accordion__content-wrapper\"><div class=\"wp-block-getwid-accordion__content\">\n<p>The language change request is not part of the services of the Department of Foreign Languages. This process is done through the SGA - Requests module and the request should be addressed to the Academic Secretary's Office.<\/p>\n\n\n\n<p>Language changes must be made until the end of the 2nd semester of the program at the latest, in order not to delay the process of foreign language proficiency for the purpose of entering the Degree Unit.<\/p>\n\n\n\n<p>Check the academic calendar available on the UArtes website to know the dates of reception of applications stipulated by the Academic Secretary.<\/p>\n<\/div><\/div>\n\n\n\n<div class=\"wp-block-getwid-accordion__header-wrapper\"><h5 class=\"wp-block-getwid-accordion__header\"><a href=\"#\"><span class=\"wp-block-getwid-accordion__header-title\">What is the process to follow if I wish to withdraw my foreign language registration?<\/span><span class=\"wp-block-getwid-accordion__icon is-active\"><i class=\"fas fa-plus\"><\/i><\/span><span class=\"wp-block-getwid-accordion__icon is-passive\"><i class=\"fas fa-minus\"><\/i><\/span><\/a><\/h5><\/div><div class=\"wp-block-getwid-accordion__content-wrapper\"><div class=\"wp-block-getwid-accordion__content\">\n<p>The withdrawal request is not part of the services provided by the Foreign Language Department. This procedure is done through the SGA - Requests module and the request should be addressed to the Academic Secretary. Check the academic calendar available on the UArtes website to know the dates stipulated by the Academic Secretary's Office for the reception of this type of requests.<\/p>\n<\/div><\/div>\n\n\n\n<div class=\"wp-block-getwid-accordion__header-wrapper\"><h5 class=\"wp-block-getwid-accordion__header\"><a href=\"#\"><span class=\"wp-block-getwid-accordion__header-title\">What do I have to do to request the issuance of the certificate of proficiency in a foreign language?<\/span><span class=\"wp-block-getwid-accordion__icon is-active\"><i class=\"fas fa-plus\"><\/i><\/span><span class=\"wp-block-getwid-accordion__icon is-passive\"><i class=\"fas fa-minus\"><\/i><\/span><\/a><\/h5><\/div><div class=\"wp-block-getwid-accordion__content-wrapper\"><div class=\"wp-block-getwid-accordion__content\">\n<p>The issuance of internal certificates of proficiency in a foreign language is done manually, through an e-mail request. Please send your email with the respective request, at least one month in advance, to -&nbsp;<a href=\"mailto:dle@uartes.edu.ec\">dle@uartes.edu.ec<\/a><\/p>\n<\/div><\/div>\n\n\n\n<div class=\"wp-block-getwid-accordion__header-wrapper\"><h5 class=\"wp-block-getwid-accordion__header\"><a href=\"#\"><span class=\"wp-block-getwid-accordion__header-title\">Is the certificate of proficiency in a foreign language issued by UArtes valid internationally?<\/span><span class=\"wp-block-getwid-accordion__icon is-active\"><i class=\"fas fa-plus\"><\/i><\/span><span class=\"wp-block-getwid-accordion__icon is-passive\"><i class=\"fas fa-minus\"><\/i><\/span><\/a><\/h5><\/div><div class=\"wp-block-getwid-accordion__content-wrapper\"><div class=\"wp-block-getwid-accordion__content\">\n<p>Foreign language proficiency certificates are valid internally, primarily to demonstrate that the prerequisite for admission to the Degree Unit has been fulfilled.<\/p>\n\n\n\n<p>At the local and national level, the validity of the certificate will depend on the institution to which it is presented. However, since we do not have international accreditation, our certificates are not valid for procedures with institutions abroad.<\/p>\n<\/div><\/div>\n\n\n\n<div class=\"wp-block-getwid-accordion__header-wrapper\"><h5 class=\"wp-block-getwid-accordion__header\"><a href=\"#\"><span class=\"wp-block-getwid-accordion__header-title\">If I have taken the placement test and I cannot enroll in the next semester, are my results valid and can I enroll in the assigned level the following semester?<\/span><span class=\"wp-block-getwid-accordion__icon is-active\"><i class=\"fas fa-plus\"><\/i><\/span><span class=\"wp-block-getwid-accordion__icon is-passive\"><i class=\"fas fa-minus\"><\/i><\/span><\/a><\/h5><\/div><div class=\"wp-block-getwid-accordion__content-wrapper\"><div class=\"wp-block-getwid-accordion__content\">\n<p>The results obtained in the placement test are registered in the SGA and create precedence in the system to make your enrollment effective at the time you can enroll. However, it is advisable not to allow too much time to complete the proficiency process before entering the Degree Unit.<\/p>\n<\/div><\/div>\n\n\n\n<div class=\"wp-block-getwid-accordion__header-wrapper\"><h5 class=\"wp-block-getwid-accordion__header\"><a href=\"#\"><span class=\"wp-block-getwid-accordion__header-title\">What happens if I fail a foreign language level for the third time?<\/span><span class=\"wp-block-getwid-accordion__icon is-active\"><i class=\"fas fa-plus\"><\/i><\/span><span class=\"wp-block-getwid-accordion__icon is-passive\"><i class=\"fas fa-minus\"><\/i><\/span><\/a><\/h5><\/div><div class=\"wp-block-getwid-accordion__content-wrapper\"><div class=\"wp-block-getwid-accordion__content\">\n<p>If you fail a language level for the third time, you will not be able to continue the proficiency program in the language of your choice at UArtes. You will have to complete your modules in an external academy and\/or institution and present the certificate obtained for validation of the pending levels in the SGA.<\/p>\n<\/div><\/div>\n\n\n\n<div class=\"wp-block-getwid-accordion__header-wrapper\"><h5 class=\"wp-block-getwid-accordion__header\"><a href=\"#\"><span class=\"wp-block-getwid-accordion__header-title\">Am I required to take the second language at UArtes?<\/span><span class=\"wp-block-getwid-accordion__icon is-active\"><i class=\"fas fa-plus\"><\/i><\/span><span class=\"wp-block-getwid-accordion__icon is-passive\"><i class=\"fas fa-minus\"><\/i><\/span><\/a><\/h5><\/div><div class=\"wp-block-getwid-accordion__content-wrapper\"><div class=\"wp-block-getwid-accordion__content\">\n<p>The foreign language courses are a free complementary service offered by UArtes, but there is no obligation to take the foreign language modules with us.<\/p>\n\n\n\n<p>You can become certified on your own at the establishment of your choice. Just remember that you must complete the homologation process so that the results are registered in the SGA and you can enter the Degree Unit without any problems.<\/p>\n<\/div><\/div>\n\n\n\n<div class=\"wp-block-getwid-accordion__header-wrapper\"><h5 class=\"wp-block-getwid-accordion__header\"><a href=\"#\"><span class=\"wp-block-getwid-accordion__header-title\">\u00bfPuedo cursar dos idiomas extranjeros al mismo tiempo?<\/span><span class=\"wp-block-getwid-accordion__icon is-active\"><i class=\"fas fa-plus\"><\/i><\/span><span class=\"wp-block-getwid-accordion__icon is-passive\"><i class=\"fas fa-minus\"><\/i><\/span><\/a><\/h5><\/div><div class=\"wp-block-getwid-accordion__content-wrapper\"><div class=\"wp-block-getwid-accordion__content\">\n<p>Esto no es posible, ya que la gratuidad aplica a un solo idioma extranjero. En el caso de querer tomar otro idioma a la par tendr\u00eda que cancelar las tasas correspondientes a la matr\u00edcula y a la materia, puesto que el 2do idioma se considerar\u00eda como una 2da matr\u00edcula.<\/p>\n<\/div><\/div>\n<\/div>\n<\/div><\/div>\n<\/div>\n\n\n\n<div style=\"height:40px\" aria-hidden=\"true\" class=\"wp-block-spacer\"><\/div>\n\n\n\n<h3 class=\"wp-block-heading\" id=\"equipo-docente\">Equipo Docente<\/h3>\n\n\n\n<h4 class=\"wp-block-heading\" id=\"docentes-de-ingles\">Docentes de ingl\u00e9s<\/h4>\n\n\n\n<div style=\"height:40px\" aria-hidden=\"true\" class=\"wp-block-spacer\"><\/div>\n\n\n\n<div class=\"wp-block-columns is-layout-flex wp-container-core-columns-is-layout-9d6595d7 wp-block-columns-is-layout-flex\">\n<div class=\"wp-block-column is-layout-flow wp-block-column-is-layout-flow\">\n<div class=\"wp-block-uagb-image aligncenter uagb-block-c522ff81 wp-block-uagb-image--layout-default wp-block-uagb-image--effect-static wp-block-uagb-image--align-center is-resized is-style-rounded\"><figure class=\"wp-block-uagb-image__figure\"><img loading=\"lazy\" decoding=\"async\"  sizes=\"auto, (max-width: 480px) 150px\" src=\"http:\/\/www.uartes.edu.ec\/sitio\/wp-content\/uploads\/2022\/05\/Vanessa-Echeverri\u0301a-300x300.jpg\" alt=\"\" width=\"200\" height=\"200\" title=\"\" role=\"img\"\/><\/figure><\/div>\n\n\n\n<h5 class=\"wp-block-heading has-text-align-center\" id=\"vanessa-echeverria-maquilonvanessa-echeverria-uartes-edu-ec\">Vanessa Echeverr\u00eda Maquil\u00f3n<br><a href=\"mailto:vanessa.echeverria@uartes.edu.ec\">vanessa.echeverria@uartes.edu.ec<\/a><\/h5>\n\n\n\n<p class=\"has-text-align-center\">Mag\u00edster en Tecnolog\u00eda e Innovaci\u00f3n Educativa. Dise\u00f1adora Instruccional. Licenciada en Lengua Inglesa y Ling\u00fc\u00edstica. 13 a\u00f1os de experiencia en TEFL.<\/p>\n<\/div>\n\n\n\n<div class=\"wp-block-column is-layout-flow wp-block-column-is-layout-flow\">\n<div class=\"wp-block-uagb-image aligncenter uagb-block-8fb65a64 wp-block-uagb-image--layout-default wp-block-uagb-image--effect-static wp-block-uagb-image--align-center is-resized is-style-rounded\"><figure class=\"wp-block-uagb-image__figure\"><img loading=\"lazy\" decoding=\"async\"  sizes=\"auto, (max-width: 480px) 150px\" src=\"https:\/\/www.uartes.edu.ec\/sitio\/wp-content\/uploads\/2023\/09\/Angel-BANO-644x643.jpg\" alt=\"\" width=\"200\" height=\"200\" title=\"\" role=\"img\"\/><\/figure><\/div>\n\n\n\n<h5 class=\"wp-block-heading has-text-align-center\" id=\"rogelio-rojas-merchanrogelio-rojas-uartes-edu-ec\">Angel Ba\u00f1o S\u00e1nchez<br><a href=\"mailto:angel.bano@uartes.edu.ec\"><\/a><a href=\"mailto:angel.bano@uartes.edu.ec\">angel.bano@uartes.edu.ec<\/a><\/h5>\n\n\n\n<p class=\"has-text-align-center\">Licenciado en Ciencias de la Educaci\u00f3n \u2013 Menci\u00f3n Ingl\u00e9s. M\u00e1ster Universitario en Educaci\u00f3n Biling\u00fce. ECPE C2 &#8211; + 15 a\u00f1os de experiencia en la ense\u00f1anza de TEFL.<\/p>\n<\/div>\n\n\n\n<div class=\"wp-block-column is-layout-flow wp-block-column-is-layout-flow\">\n<div class=\"wp-block-uagb-image aligncenter uagb-block-3465b04b wp-block-uagb-image--layout-default wp-block-uagb-image--effect-static wp-block-uagb-image--align-center is-resized is-style-rounded\"><figure class=\"wp-block-uagb-image__figure\"><img loading=\"lazy\" decoding=\"async\"  sizes=\"auto, (max-width: 480px) 150px\" src=\"https:\/\/www.uartes.edu.ec\/sitio\/wp-content\/uploads\/2023\/09\/Joan-TAPIA-644x643.jpg\" alt=\"\" width=\"200\" height=\"200\" title=\"\" role=\"img\"\/><\/figure><\/div>\n\n\n\n<h5 class=\"wp-block-heading has-text-align-center\" id=\"rogelio-rojas-merchanrogelio-rojas-uartes-edu-ec\">Joan Tapia Escobar<br><a href=\"mailto:joan.tapia@uartes.edu.ec\">joan.tapia@uartes.edu.ec<\/a><\/h5>\n\n\n\n<p class=\"has-text-align-center\">Licenciada en Ciencias de la Educaci\u00f3n \u2013 menci\u00f3n Lengua Inglesa y Ling\u00fc\u00edstica<br>Mag\u00edster en Tecnolog\u00eda e Innovaci\u00f3n Educativa \u2013 C1 Cambridge Advanced \u2013 8 a\u00f1os de experiencia en TEFL.<\/p>\n<\/div>\n<\/div>\n\n\n\n<div class=\"wp-block-columns is-layout-flex wp-container-core-columns-is-layout-9d6595d7 wp-block-columns-is-layout-flex\">\n<div class=\"wp-block-column is-layout-flow wp-block-column-is-layout-flow\">\n<div class=\"wp-block-uagb-image aligncenter uagb-block-46d9b289 wp-block-uagb-image--layout-default wp-block-uagb-image--effect-static wp-block-uagb-image--align-center is-resized is-style-rounded\"><figure class=\"wp-block-uagb-image__figure\"><img loading=\"lazy\" decoding=\"async\" srcset=\"https:\/\/www.uartes.edu.ec\/sitio\/wp-content\/uploads\/2025\/09\/Tomas-Balladares-Flores-300x300.jpg ,https:\/\/www.uartes.edu.ec\/sitio\/wp-content\/uploads\/2025\/09\/Tomas-Balladares-Flores.jpg 780w, https:\/\/www.uartes.edu.ec\/sitio\/wp-content\/uploads\/2025\/09\/Tomas-Balladares-Flores.jpg 360w\" sizes=\"auto, (max-width: 480px) 150px\" src=\"https:\/\/www.uartes.edu.ec\/sitio\/wp-content\/uploads\/2025\/09\/Tomas-Balladares-Flores-300x300.jpg\" alt=\"\" class=\"uag-image-79467\" width=\"200\" height=\"200\" title=\"Tom\u00e1s-Balladares-Flores\" role=\"img\"\/><\/figure><\/div>\n\n\n\n<h5 class=\"wp-block-heading has-text-align-center\" id=\"rogelio-rojas-merchanrogelio-rojas-uartes-edu-ec\">Tom\u00e1s Balladares Flores<br><a href=\"mailto:antonio.balladares@uartes.edu.ec\">antonio.balladares@uartes.edu.ec<\/a><\/h5>\n\n\n\n<p class=\"has-text-align-center\">M\u00e1ster Universitario en Ense\u00f1anza del Ingl\u00e9s como Lengua Extranjera<br>Licenciado en Lengua Inglesa<br>7 a\u00f1os de experiencia en TEFL<\/p>\n<\/div>\n\n\n\n<div class=\"wp-block-column is-layout-flow wp-block-column-is-layout-flow\"><\/div>\n\n\n\n<div class=\"wp-block-column is-layout-flow wp-block-column-is-layout-flow\"><\/div>\n<\/div>\n\n\n\n<div style=\"height:40px\" aria-hidden=\"true\" class=\"wp-block-spacer\"><\/div>\n\n\n\n<h4 class=\"wp-block-heading\" id=\"docentes-de-ingles\">Docentes de franc\u00e9s<\/h4>\n\n\n\n<div style=\"height:40px\" aria-hidden=\"true\" class=\"wp-block-spacer\"><\/div>\n\n\n\n<div class=\"wp-block-columns is-layout-flex wp-container-core-columns-is-layout-9d6595d7 wp-block-columns-is-layout-flex\">\n<div class=\"wp-block-column is-layout-flow wp-block-column-is-layout-flow\">\n<div class=\"wp-block-uagb-image aligncenter uagb-block-1dbb542e wp-block-uagb-image--layout-default wp-block-uagb-image--effect-static wp-block-uagb-image--align-center is-resized is-style-rounded\"><figure class=\"wp-block-uagb-image__figure\"><img loading=\"lazy\" decoding=\"async\"  sizes=\"auto, (max-width: 480px) 150px\" src=\"http:\/\/www.uartes.edu.ec\/sitio\/wp-content\/uploads\/2022\/05\/Jorge-Bernita-300x300.jpg\" alt=\"\" width=\"200\" height=\"200\" title=\"\" role=\"img\"\/><\/figure><\/div>\n\n\n\n<h5 class=\"wp-block-heading has-text-align-center\" id=\"jorge-bernita-zaratejorge-bernita-uartes-edu-ec\">Jorge Bernita Z\u00e1rate<br><a href=\"mailto:jorge.bernita@uartes.edu.ec\">jorge.bernita@uartes.edu.ec<\/a><\/h5>\n\n\n\n<p class=\"has-text-align-center\">Licenciado en Ciencias de la Educaci\u00f3n \u2013 menci\u00f3n Lengua Inglesa y Ling\u00fc\u00edstica. DALF C1. +8 a\u00f1os de experiencia en FLE.<\/p>\n<\/div>\n\n\n\n<div class=\"wp-block-column is-layout-flow wp-block-column-is-layout-flow\"><\/div>\n\n\n\n<div class=\"wp-block-column is-layout-flow wp-block-column-is-layout-flow\"><\/div>\n<\/div>\n\n\n\n<div style=\"height:40px\" aria-hidden=\"true\" class=\"wp-block-spacer\"><\/div>\n\n\n\n<h4 class=\"wp-block-heading\" id=\"docentes-duales-frances-e-ingles\">Docentes duales (franc\u00e9s e ingl\u00e9s, portugu\u00e9s e ingl\u00e9s)<\/h4>\n\n\n\n<div style=\"height:40px\" aria-hidden=\"true\" class=\"wp-block-spacer\"><\/div>\n\n\n\n<div class=\"wp-block-columns is-layout-flex wp-container-core-columns-is-layout-9d6595d7 wp-block-columns-is-layout-flex\">\n<div class=\"wp-block-column is-layout-flow wp-block-column-is-layout-flow\">\n<div class=\"wp-block-uagb-image aligncenter uagb-block-65d6d6bb wp-block-uagb-image--layout-default wp-block-uagb-image--effect-static wp-block-uagb-image--align-center is-resized is-style-rounded\"><figure class=\"wp-block-uagb-image__figure\"><img loading=\"lazy\" decoding=\"async\"  sizes=\"auto, (max-width: 480px) 150px\" src=\"https:\/\/www.uartes.edu.ec\/sitio\/wp-content\/uploads\/2023\/09\/Marcelo-ORTIZ-644x644.jpg\" alt=\"\" width=\"200\" height=\"200\" title=\"\" role=\"img\"\/><\/figure><\/div>\n\n\n\n<h5 class=\"wp-block-heading has-text-align-center\" id=\"monserratt-mogrovejo-roseromonserratt-mogrovejo-uartes-edu-ec\">Marcelo Ortiz Casta\u00f1eda<br><a href=\"mailto:marcelo.ortiz@uartes.edu.ec\">marcelo.ortiz@uartes.edu.ec<\/a><\/h5>\n\n\n\n<p class=\"has-text-align-center\">Licenciado en Artes, Letras y Lenguas \u2013 menci\u00f3n en Lenguas Extranjeras Aplicadas. IELTS C1 \u2013 5 a\u00f1os de experiencia en TEFL y FLE.<\/p>\n<\/div>\n\n\n\n<div class=\"wp-block-column is-layout-flow wp-block-column-is-layout-flow\">\n<div class=\"wp-block-uagb-image aligncenter uagb-block-f1231d04 wp-block-uagb-image--layout-default wp-block-uagb-image--effect-static wp-block-uagb-image--align-center is-resized is-style-rounded\"><figure class=\"wp-block-uagb-image__figure\"><img loading=\"lazy\" decoding=\"async\"  sizes=\"auto, (max-width: 480px) 150px\" src=\"http:\/\/www.uartes.edu.ec\/sitio\/wp-content\/uploads\/2022\/05\/Monserratt-MOGROVEJO-300x300.jpg\" alt=\"\" width=\"200\" height=\"200\" title=\"\" role=\"img\"\/><\/figure><\/div>\n\n\n\n<h5 class=\"wp-block-heading has-text-align-center\" id=\"monserratt-mogrovejo-roseromonserratt-mogrovejo-uartes-edu-ec\">Monserratt Mogrovejo Rosero<br><a href=\"mailto:monserratt.mogrovejo@uartes.edu.ec\">monserratt.mogrovejo@uartes.edu.ec<\/a><\/h5>\n\n\n\n<p class=\"has-text-align-center\">M\u00e1ster en FLE\/FLS\/FOS. M\u00e1ster en Educaci\u00f3n \u2013 menci\u00f3n Educaci\u00f3n Inclusiva. + 20 a\u00f1os de experiencia en FLE y TEFL<\/p>\n<\/div>\n\n\n\n<div class=\"wp-block-column is-layout-flow wp-block-column-is-layout-flow\">\n<div class=\"wp-block-uagb-image aligncenter uagb-block-40bd6460 wp-block-uagb-image--layout-default wp-block-uagb-image--effect-static wp-block-uagb-image--align-center is-resized is-style-rounded\"><figure class=\"wp-block-uagb-image__figure\"><img loading=\"lazy\" decoding=\"async\"  sizes=\"auto, (max-width: 480px) 150px\" src=\"https:\/\/www.uartes.edu.ec\/sitio\/wp-content\/uploads\/2023\/09\/Miriam-BOHORQUEZ-644x645.jpg\" alt=\"\" width=\"200\" height=\"200\" title=\"\" role=\"img\"\/><\/figure><\/div>\n\n\n\n<h5 class=\"wp-block-heading has-text-align-center\" id=\"monserratt-mogrovejo-roseromonserratt-mogrovejo-uartes-edu-ec\">Miriam Boh\u00f3rquez Sell\u00e1n<br><a href=\"mailto:miriam.bohorquez@uartes.edu.ec\">miriam.bohorquez@uartes.edu.ec<\/a><\/h5>\n\n\n\n<p class=\"has-text-align-center\">Licenciada en Ciencias de la Educaci\u00f3n \u2013 menci\u00f3n Lengua Inglesa y Ling\u00fc\u00edstica. DALF C1. 5 a\u00f1os de experiencia en FLE y TEFL.<\/p>\n<\/div>\n<\/div>\n\n\n\n<div class=\"wp-block-columns is-layout-flex wp-container-core-columns-is-layout-9d6595d7 wp-block-columns-is-layout-flex\">\n<div class=\"wp-block-column is-layout-flow wp-block-column-is-layout-flow\">\n<div class=\"wp-block-uagb-image aligncenter uagb-block-f1223be8 wp-block-uagb-image--layout-default wp-block-uagb-image--effect-static wp-block-uagb-image--align-center is-resized is-style-rounded\"><figure class=\"wp-block-uagb-image__figure\"><img loading=\"lazy\" decoding=\"async\" srcset=\"https:\/\/www.uartes.edu.ec\/sitio\/wp-content\/uploads\/2025\/09\/Jardel-Coutinho-dos-Santos-300x300.jpg ,https:\/\/www.uartes.edu.ec\/sitio\/wp-content\/uploads\/2025\/09\/Jardel-Coutinho-dos-Santos.jpg 780w, https:\/\/www.uartes.edu.ec\/sitio\/wp-content\/uploads\/2025\/09\/Jardel-Coutinho-dos-Santos.jpg 360w\" sizes=\"auto, (max-width: 480px) 150px\" src=\"https:\/\/www.uartes.edu.ec\/sitio\/wp-content\/uploads\/2025\/09\/Jardel-Coutinho-dos-Santos-300x300.jpg\" alt=\"\" class=\"uag-image-79466\" width=\"200\" height=\"200\" title=\"Jardel-Coutinho-dos-Santos\" role=\"img\"\/><\/figure><\/div>\n\n\n\n<h5 class=\"wp-block-heading has-text-align-center\" id=\"monserratt-mogrovejo-roseromonserratt-mogrovejo-uartes-edu-ec\">Jardel Coutinho dos Santos<br><a href=\"mailto:jardel.coutinho@uartes.edu.ec\">jardel.coutinho@uartes.edu.ec<\/a><\/h5>\n\n\n\n<p class=\"has-text-align-center\">Doctorante en Lengua y Cultura.<br>M\u00e1ster en Pedagog\u00eda de los Idiomas Nacionales y Extranjeros \u2013 menci\u00f3n Ingl\u00e9s<br>Licenciado en Letras \u2013 menci\u00f3n Portugu\u00e9s\/Ingl\u00e9s<br>Hablante nativo de portugu\u00e9s \/ Certificaci\u00f3n internacional C1 en ingl\u00e9s<br>12 a\u00f1os de experiencia en TEFL<\/p>\n<\/div>\n\n\n\n<div class=\"wp-block-column is-layout-flow wp-block-column-is-layout-flow\"><\/div>\n\n\n\n<div class=\"wp-block-column is-layout-flow wp-block-column-is-layout-flow\">\n<div class=\"wp-block-uagb-image aligncenter uagb-block-d2f48399 wp-block-uagb-image--layout-default wp-block-uagb-image--effect-static wp-block-uagb-image--align-center is-resized is-style-rounded\"><figure class=\"wp-block-uagb-image__figure\"><img loading=\"lazy\" decoding=\"async\" srcset=\"https:\/\/www.uartes.edu.ec\/sitio\/wp-content\/uploads\/2025\/09\/Antoine-Sebastien-Mourad-300x300.jpg ,https:\/\/www.uartes.edu.ec\/sitio\/wp-content\/uploads\/2025\/09\/Antoine-Sebastien-Mourad.jpg 780w, https:\/\/www.uartes.edu.ec\/sitio\/wp-content\/uploads\/2025\/09\/Antoine-Sebastien-Mourad.jpg 360w\" sizes=\"auto, (max-width: 480px) 150px\" src=\"https:\/\/www.uartes.edu.ec\/sitio\/wp-content\/uploads\/2025\/09\/Antoine-Sebastien-Mourad-300x300.jpg\" alt=\"\" class=\"uag-image-79465\" width=\"200\" height=\"200\" title=\"Antoine-S\u00e9bastien-Mourad\" role=\"img\"\/><\/figure><\/div>\n\n\n\n<h5 class=\"wp-block-heading has-text-align-center\" id=\"monserratt-mogrovejo-roseromonserratt-mogrovejo-uartes-edu-ec\">Antoine S\u00e9bastien Mourad<br><a href=\"mailto:antoine.mourad@uartes.edu.ec\">antoine.mourad@uartes.edu.ec<\/a><\/h5>\n\n\n\n<p class=\"has-text-align-center\">M\u00e1ster en Lenguas Extranjeras Aplicadas en los Idiomas Ingl\u00e9s y Espa\u00f1ol.<br>Hablante nativo de franc\u00e9s \/ Certificaci\u00f3n internacional C1 en ingl\u00e9s<br>6 a\u00f1os de experiencia en TEFL y,<br>6 a\u00f1os de experiencia en ense\u00f1anza de FLE<\/p>\n\n\n\n<p class=\"has-text-align-center\"><\/p>\n<\/div>\n<\/div>\n\n\n\n<div style=\"height:40px\" aria-hidden=\"true\" class=\"wp-block-spacer\"><\/div>\n\n\n\n<h4 class=\"wp-block-heading\" id=\"docentes-duales-frances-e-ingles\">Docentes de portugu\u00e9s<\/h4>\n\n\n\n<div style=\"height:40px\" aria-hidden=\"true\" class=\"wp-block-spacer\"><\/div>\n\n\n\n<div class=\"wp-block-columns is-layout-flex wp-container-core-columns-is-layout-9d6595d7 wp-block-columns-is-layout-flex\">\n<div class=\"wp-block-column is-layout-flow wp-block-column-is-layout-flow\"><\/div>\n\n\n\n<div class=\"wp-block-column is-layout-flow wp-block-column-is-layout-flow\">\n<div class=\"wp-block-uagb-image aligncenter uagb-block-b7e03d2a wp-block-uagb-image--layout-default wp-block-uagb-image--effect-static wp-block-uagb-image--align-center is-resized is-style-rounded\"><figure class=\"wp-block-uagb-image__figure\"><img loading=\"lazy\" decoding=\"async\"  sizes=\"auto, (max-width: 480px) 150px\" src=\"http:\/\/www.uartes.edu.ec\/sitio\/wp-content\/uploads\/2022\/05\/Marcela-Silva-dos-Santos-300x300.jpg\" alt=\"\" width=\"200\" height=\"200\" title=\"\" role=\"img\"\/><\/figure><\/div>\n\n\n\n<h5 class=\"wp-block-heading has-text-align-center\" id=\"marcela-silva-dos-santosmarcela-silva-uartes-edu-ec\">Marcela Silva dos Santos<br><a href=\"mailto:marcela.silva@uartes.edu.ec\">marcela.silva@uartes.edu.ec<\/a><\/h5>\n\n\n\n<p class=\"has-text-align-center\">M\u00e1ster en Educaci\u00f3n con menci\u00f3n en Educaci\u00f3n Inclusiva. Licenciada en Letras: Portugu\u00e9s\/Espa\u00f1ol. +10 a\u00f1os de experiencia en PLE<\/p>\n<\/div>\n\n\n\n<div class=\"wp-block-column is-layout-flow wp-block-column-is-layout-flow\"><\/div>\n<\/div>","protected":false},"excerpt":{"rendered":"<p>El Departamento de Lenguas Extranjeras es un componente y soporte esencial del programa de acompa\u00f1amiento acad\u00e9mico de la Universidad de las Artes, consciente que la ense\u00f1anza de lenguas extranjeras es fundamental para el proceso de construcci\u00f3n del conocimiento y que las lenguas extranjeras son un veh\u00edculo indiscutible en el desarrollo del pensamiento cr\u00edtico y creativo&nbsp; [&hellip;]<\/p>\n","protected":false},"author":1,"featured_media":9159,"parent":40420,"menu_order":2,"comment_status":"closed","ping_status":"closed","template":"","meta":{"_acf_changed":false,"_uag_custom_page_level_css":"","_monsterinsights_skip_tracking":false,"_monsterinsights_sitenote_active":false,"_monsterinsights_sitenote_note":"","_monsterinsights_sitenote_category":0,"cybocfi_hide_featured_image":"","footnotes":""},"class_list":["post-4467","page","type-page","status-publish","has-post-thumbnail","hentry"],"acf":[],"yoast_head":"<!-- This site is optimized with the Yoast SEO plugin v27.4 - https:\/\/yoast.com\/product\/yoast-seo-wordpress\/ -->\n<title>Universidad de las Artes - Departamento de Lenguas Extranjeras<\/title>\n<meta name=\"description\" content=\"Universidad de las Artes - Departamento de Lenguas Extranjeras\" \/>\n<meta name=\"robots\" content=\"index, follow, max-snippet:-1, max-image-preview:large, max-video-preview:-1\" \/>\n<link rel=\"canonical\" href=\"https:\/\/www.uartes.edu.ec\/sitio\/en\/la-universidad\/estudiantes\/acompanamiento-al-exito-academico\/lenguas-extranjeras\/\" \/>\n<meta property=\"og:locale\" content=\"en_US\" \/>\n<meta property=\"og:type\" content=\"article\" \/>\n<meta property=\"og:title\" content=\"Universidad de las Artes - Departamento de Lenguas Extranjeras\" \/>\n<meta property=\"og:description\" content=\"Universidad de las Artes - Departamento de Lenguas Extranjeras\" \/>\n<meta property=\"og:url\" content=\"https:\/\/www.uartes.edu.ec\/sitio\/en\/la-universidad\/estudiantes\/acompanamiento-al-exito-academico\/lenguas-extranjeras\/\" \/>\n<meta property=\"og:site_name\" content=\"Universidad de las Artes\" \/>\n<meta property=\"article:publisher\" content=\"https:\/\/www.facebook.com\/uartesec\" \/>\n<meta property=\"article:modified_time\" content=\"2025-09-29T19:35:54+00:00\" \/>\n<meta property=\"og:image\" content=\"https:\/\/www.uartes.edu.ec\/sitio\/wp-content\/uploads\/2020\/09\/LENGUAS-EXTRANJERAS-1.jpg\" \/>\n\t<meta property=\"og:image:width\" content=\"2000\" \/>\n\t<meta property=\"og:image:height\" content=\"1333\" \/>\n\t<meta property=\"og:image:type\" content=\"image\/jpeg\" \/>\n<meta name=\"twitter:card\" content=\"summary_large_image\" \/>\n<meta name=\"twitter:site\" content=\"@uartesec\" \/>\n<meta name=\"twitter:label1\" content=\"Est. reading time\" \/>\n\t<meta name=\"twitter:data1\" content=\"11 minutes\" \/>\n<script type=\"application\/ld+json\" class=\"yoast-schema-graph\">{\"@context\":\"https:\\\/\\\/schema.org\",\"@graph\":[{\"@type\":\"WebPage\",\"@id\":\"https:\\\/\\\/www.uartes.edu.ec\\\/sitio\\\/en\\\/la-universidad\\\/estudiantes\\\/acompanamiento-al-exito-academico\\\/lenguas-extranjeras\\\/\",\"url\":\"https:\\\/\\\/www.uartes.edu.ec\\\/sitio\\\/en\\\/la-universidad\\\/estudiantes\\\/acompanamiento-al-exito-academico\\\/lenguas-extranjeras\\\/\",\"name\":\"Universidad de las Artes - Departamento de Lenguas Extranjeras\",\"isPartOf\":{\"@id\":\"https:\\\/\\\/www.uartes.edu.ec\\\/sitio\\\/en\\\/#website\"},\"primaryImageOfPage\":{\"@id\":\"https:\\\/\\\/www.uartes.edu.ec\\\/sitio\\\/en\\\/la-universidad\\\/estudiantes\\\/acompanamiento-al-exito-academico\\\/lenguas-extranjeras\\\/#primaryimage\"},\"image\":{\"@id\":\"https:\\\/\\\/www.uartes.edu.ec\\\/sitio\\\/en\\\/la-universidad\\\/estudiantes\\\/acompanamiento-al-exito-academico\\\/lenguas-extranjeras\\\/#primaryimage\"},\"thumbnailUrl\":\"https:\\\/\\\/www.uartes.edu.ec\\\/sitio\\\/wp-content\\\/uploads\\\/2020\\\/09\\\/LENGUAS-EXTRANJERAS-1.jpg\",\"datePublished\":\"2019-09-27T21:33:07+00:00\",\"dateModified\":\"2025-09-29T19:35:54+00:00\",\"description\":\"Universidad de las Artes - Departamento de Lenguas Extranjeras\",\"breadcrumb\":{\"@id\":\"https:\\\/\\\/www.uartes.edu.ec\\\/sitio\\\/en\\\/la-universidad\\\/estudiantes\\\/acompanamiento-al-exito-academico\\\/lenguas-extranjeras\\\/#breadcrumb\"},\"inLanguage\":\"en-US\",\"potentialAction\":[{\"@type\":\"ReadAction\",\"target\":[\"https:\\\/\\\/www.uartes.edu.ec\\\/sitio\\\/en\\\/la-universidad\\\/estudiantes\\\/acompanamiento-al-exito-academico\\\/lenguas-extranjeras\\\/\"]}]},{\"@type\":\"ImageObject\",\"inLanguage\":\"en-US\",\"@id\":\"https:\\\/\\\/www.uartes.edu.ec\\\/sitio\\\/en\\\/la-universidad\\\/estudiantes\\\/acompanamiento-al-exito-academico\\\/lenguas-extranjeras\\\/#primaryimage\",\"url\":\"https:\\\/\\\/www.uartes.edu.ec\\\/sitio\\\/wp-content\\\/uploads\\\/2020\\\/09\\\/LENGUAS-EXTRANJERAS-1.jpg\",\"contentUrl\":\"https:\\\/\\\/www.uartes.edu.ec\\\/sitio\\\/wp-content\\\/uploads\\\/2020\\\/09\\\/LENGUAS-EXTRANJERAS-1.jpg\",\"width\":2000,\"height\":1333},{\"@type\":\"BreadcrumbList\",\"@id\":\"https:\\\/\\\/www.uartes.edu.ec\\\/sitio\\\/en\\\/la-universidad\\\/estudiantes\\\/acompanamiento-al-exito-academico\\\/lenguas-extranjeras\\\/#breadcrumb\",\"itemListElement\":[{\"@type\":\"ListItem\",\"position\":1,\"name\":\"Inicio\",\"item\":\"https:\\\/\\\/www.uartes.edu.ec\\\/sitio\\\/\"},{\"@type\":\"ListItem\",\"position\":2,\"name\":\"Universidad de las Artes\",\"item\":\"https:\\\/\\\/www.uartes.edu.ec\\\/sitio\\\/\"},{\"@type\":\"ListItem\",\"position\":3,\"name\":\"Estudiantes\",\"item\":\"https:\\\/\\\/www.uartes.edu.ec\\\/sitio\\\/la-universidad\\\/estudiantes\\\/\"},{\"@type\":\"ListItem\",\"position\":4,\"name\":\"Acompa\u00f1amiento al \u00e9xito acad\u00e9mico\",\"item\":\"https:\\\/\\\/www.uartes.edu.ec\\\/sitio\\\/la-universidad\\\/estudiantes\\\/acompanamiento-al-exito-academico\\\/\"},{\"@type\":\"ListItem\",\"position\":5,\"name\":\"Departamento de Lenguas Extranjeras\"}]},{\"@type\":\"WebSite\",\"@id\":\"https:\\\/\\\/www.uartes.edu.ec\\\/sitio\\\/en\\\/#website\",\"url\":\"https:\\\/\\\/www.uartes.edu.ec\\\/sitio\\\/en\\\/\",\"name\":\"Universidad de las Artes\",\"description\":\"Sitio oficial de la Universidad Nacional de las Artes del Ecuador\",\"publisher\":{\"@id\":\"https:\\\/\\\/www.uartes.edu.ec\\\/sitio\\\/en\\\/#organization\"},\"potentialAction\":[{\"@type\":\"SearchAction\",\"target\":{\"@type\":\"EntryPoint\",\"urlTemplate\":\"https:\\\/\\\/www.uartes.edu.ec\\\/sitio\\\/en\\\/?s={search_term_string}\"},\"query-input\":{\"@type\":\"PropertyValueSpecification\",\"valueRequired\":true,\"valueName\":\"search_term_string\"}}],\"inLanguage\":\"en-US\"},{\"@type\":\"Organization\",\"@id\":\"https:\\\/\\\/www.uartes.edu.ec\\\/sitio\\\/en\\\/#organization\",\"name\":\"Universidad de las Artes\",\"url\":\"https:\\\/\\\/www.uartes.edu.ec\\\/sitio\\\/en\\\/\",\"logo\":{\"@type\":\"ImageObject\",\"inLanguage\":\"en-US\",\"@id\":\"https:\\\/\\\/www.uartes.edu.ec\\\/sitio\\\/en\\\/#\\\/schema\\\/logo\\\/image\\\/\",\"url\":\"https:\\\/\\\/www.uartes.edu.ec\\\/sitio\\\/wp-content\\\/uploads\\\/2022\\\/07\\\/logo-ua-horizontal.png\",\"contentUrl\":\"https:\\\/\\\/www.uartes.edu.ec\\\/sitio\\\/wp-content\\\/uploads\\\/2022\\\/07\\\/logo-ua-horizontal.png\",\"width\":800,\"height\":276,\"caption\":\"Universidad de las Artes\"},\"image\":{\"@id\":\"https:\\\/\\\/www.uartes.edu.ec\\\/sitio\\\/en\\\/#\\\/schema\\\/logo\\\/image\\\/\"},\"sameAs\":[\"https:\\\/\\\/www.facebook.com\\\/uartesec\",\"https:\\\/\\\/x.com\\\/uartesec\",\"https:\\\/\\\/www.tiktok.com\\\/@uartesec\"]}]}<\/script>\n<!-- \/ Yoast SEO plugin. -->","yoast_head_json":{"title":"Universidad de las Artes - Departamento de Lenguas Extranjeras","description":"Universidad de las Artes - Departamento de Lenguas Extranjeras","robots":{"index":"index","follow":"follow","max-snippet":"max-snippet:-1","max-image-preview":"max-image-preview:large","max-video-preview":"max-video-preview:-1"},"canonical":"https:\/\/www.uartes.edu.ec\/sitio\/en\/la-universidad\/estudiantes\/acompanamiento-al-exito-academico\/lenguas-extranjeras\/","og_locale":"en_US","og_type":"article","og_title":"Universidad de las Artes - Departamento de Lenguas Extranjeras","og_description":"Universidad de las Artes - Departamento de Lenguas Extranjeras","og_url":"https:\/\/www.uartes.edu.ec\/sitio\/en\/la-universidad\/estudiantes\/acompanamiento-al-exito-academico\/lenguas-extranjeras\/","og_site_name":"Universidad de las Artes","article_publisher":"https:\/\/www.facebook.com\/uartesec","article_modified_time":"2025-09-29T19:35:54+00:00","og_image":[{"width":2000,"height":1333,"url":"https:\/\/www.uartes.edu.ec\/sitio\/wp-content\/uploads\/2020\/09\/LENGUAS-EXTRANJERAS-1.jpg","type":"image\/jpeg"}],"twitter_card":"summary_large_image","twitter_site":"@uartesec","twitter_misc":{"Est. reading time":"11 minutes"},"schema":{"@context":"https:\/\/schema.org","@graph":[{"@type":"WebPage","@id":"https:\/\/www.uartes.edu.ec\/sitio\/en\/la-universidad\/estudiantes\/acompanamiento-al-exito-academico\/lenguas-extranjeras\/","url":"https:\/\/www.uartes.edu.ec\/sitio\/en\/la-universidad\/estudiantes\/acompanamiento-al-exito-academico\/lenguas-extranjeras\/","name":"Universidad de las Artes - Departamento de Lenguas Extranjeras","isPartOf":{"@id":"https:\/\/www.uartes.edu.ec\/sitio\/en\/#website"},"primaryImageOfPage":{"@id":"https:\/\/www.uartes.edu.ec\/sitio\/en\/la-universidad\/estudiantes\/acompanamiento-al-exito-academico\/lenguas-extranjeras\/#primaryimage"},"image":{"@id":"https:\/\/www.uartes.edu.ec\/sitio\/en\/la-universidad\/estudiantes\/acompanamiento-al-exito-academico\/lenguas-extranjeras\/#primaryimage"},"thumbnailUrl":"https:\/\/www.uartes.edu.ec\/sitio\/wp-content\/uploads\/2020\/09\/LENGUAS-EXTRANJERAS-1.jpg","datePublished":"2019-09-27T21:33:07+00:00","dateModified":"2025-09-29T19:35:54+00:00","description":"Universidad de las Artes - Departamento de Lenguas Extranjeras","breadcrumb":{"@id":"https:\/\/www.uartes.edu.ec\/sitio\/en\/la-universidad\/estudiantes\/acompanamiento-al-exito-academico\/lenguas-extranjeras\/#breadcrumb"},"inLanguage":"en-US","potentialAction":[{"@type":"ReadAction","target":["https:\/\/www.uartes.edu.ec\/sitio\/en\/la-universidad\/estudiantes\/acompanamiento-al-exito-academico\/lenguas-extranjeras\/"]}]},{"@type":"ImageObject","inLanguage":"en-US","@id":"https:\/\/www.uartes.edu.ec\/sitio\/en\/la-universidad\/estudiantes\/acompanamiento-al-exito-academico\/lenguas-extranjeras\/#primaryimage","url":"https:\/\/www.uartes.edu.ec\/sitio\/wp-content\/uploads\/2020\/09\/LENGUAS-EXTRANJERAS-1.jpg","contentUrl":"https:\/\/www.uartes.edu.ec\/sitio\/wp-content\/uploads\/2020\/09\/LENGUAS-EXTRANJERAS-1.jpg","width":2000,"height":1333},{"@type":"BreadcrumbList","@id":"https:\/\/www.uartes.edu.ec\/sitio\/en\/la-universidad\/estudiantes\/acompanamiento-al-exito-academico\/lenguas-extranjeras\/#breadcrumb","itemListElement":[{"@type":"ListItem","position":1,"name":"Inicio","item":"https:\/\/www.uartes.edu.ec\/sitio\/"},{"@type":"ListItem","position":2,"name":"Universidad de las Artes","item":"https:\/\/www.uartes.edu.ec\/sitio\/"},{"@type":"ListItem","position":3,"name":"Estudiantes","item":"https:\/\/www.uartes.edu.ec\/sitio\/la-universidad\/estudiantes\/"},{"@type":"ListItem","position":4,"name":"Acompa\u00f1amiento al \u00e9xito acad\u00e9mico","item":"https:\/\/www.uartes.edu.ec\/sitio\/la-universidad\/estudiantes\/acompanamiento-al-exito-academico\/"},{"@type":"ListItem","position":5,"name":"Departamento de Lenguas Extranjeras"}]},{"@type":"WebSite","@id":"https:\/\/www.uartes.edu.ec\/sitio\/en\/#website","url":"https:\/\/www.uartes.edu.ec\/sitio\/en\/","name":"Universidad de las Artes","description":"Sitio oficial de la Universidad Nacional de las Artes del Ecuador","publisher":{"@id":"https:\/\/www.uartes.edu.ec\/sitio\/en\/#organization"},"potentialAction":[{"@type":"SearchAction","target":{"@type":"EntryPoint","urlTemplate":"https:\/\/www.uartes.edu.ec\/sitio\/en\/?s={search_term_string}"},"query-input":{"@type":"PropertyValueSpecification","valueRequired":true,"valueName":"search_term_string"}}],"inLanguage":"en-US"},{"@type":"Organization","@id":"https:\/\/www.uartes.edu.ec\/sitio\/en\/#organization","name":"Universidad de las Artes","url":"https:\/\/www.uartes.edu.ec\/sitio\/en\/","logo":{"@type":"ImageObject","inLanguage":"en-US","@id":"https:\/\/www.uartes.edu.ec\/sitio\/en\/#\/schema\/logo\/image\/","url":"https:\/\/www.uartes.edu.ec\/sitio\/wp-content\/uploads\/2022\/07\/logo-ua-horizontal.png","contentUrl":"https:\/\/www.uartes.edu.ec\/sitio\/wp-content\/uploads\/2022\/07\/logo-ua-horizontal.png","width":800,"height":276,"caption":"Universidad de las Artes"},"image":{"@id":"https:\/\/www.uartes.edu.ec\/sitio\/en\/#\/schema\/logo\/image\/"},"sameAs":["https:\/\/www.facebook.com\/uartesec","https:\/\/x.com\/uartesec","https:\/\/www.tiktok.com\/@uartesec"]}]}},"uagb_featured_image_src":{"full":["https:\/\/www.uartes.edu.ec\/sitio\/wp-content\/uploads\/2020\/09\/LENGUAS-EXTRANJERAS-1.jpg",2000,1333,false],"thumbnail":["https:\/\/www.uartes.edu.ec\/sitio\/wp-content\/uploads\/2020\/09\/LENGUAS-EXTRANJERAS-1-150x150.jpg",150,150,true],"medium":["https:\/\/www.uartes.edu.ec\/sitio\/wp-content\/uploads\/2020\/09\/LENGUAS-EXTRANJERAS-1-300x200.jpg",300,200,true],"medium_large":["https:\/\/www.uartes.edu.ec\/sitio\/wp-content\/uploads\/2020\/09\/LENGUAS-EXTRANJERAS-1-768x512.jpg",768,512,true],"large":["https:\/\/www.uartes.edu.ec\/sitio\/wp-content\/uploads\/2020\/09\/LENGUAS-EXTRANJERAS-1-644x429.jpg",644,429,true],"1536x1536":["https:\/\/www.uartes.edu.ec\/sitio\/wp-content\/uploads\/2020\/09\/LENGUAS-EXTRANJERAS-1-1536x1024.jpg",1536,1024,true],"2048x2048":["https:\/\/www.uartes.edu.ec\/sitio\/wp-content\/uploads\/2020\/09\/LENGUAS-EXTRANJERAS-1.jpg",2000,1333,false],"trp-custom-language-flag":["https:\/\/www.uartes.edu.ec\/sitio\/wp-content\/uploads\/2020\/09\/LENGUAS-EXTRANJERAS-1.jpg",18,12,false],"htmega_size_585x295":["https:\/\/www.uartes.edu.ec\/sitio\/wp-content\/uploads\/2020\/09\/LENGUAS-EXTRANJERAS-1-585x295.jpg",585,295,true],"htmega_size_1170x536":["https:\/\/www.uartes.edu.ec\/sitio\/wp-content\/uploads\/2020\/09\/LENGUAS-EXTRANJERAS-1-1170x536.jpg",1170,536,true],"htmega_size_396x360":["https:\/\/www.uartes.edu.ec\/sitio\/wp-content\/uploads\/2020\/09\/LENGUAS-EXTRANJERAS-1-396x360.jpg",396,360,true],"gb-block-post-grid-landscape":["https:\/\/www.uartes.edu.ec\/sitio\/wp-content\/uploads\/2020\/09\/LENGUAS-EXTRANJERAS-1.jpg",600,400,false],"gb-block-post-grid-square":["https:\/\/www.uartes.edu.ec\/sitio\/wp-content\/uploads\/2020\/09\/LENGUAS-EXTRANJERAS-1.jpg",600,400,false],"university-hub-thumb":["https:\/\/www.uartes.edu.ec\/sitio\/wp-content\/uploads\/2020\/09\/LENGUAS-EXTRANJERAS-1-400x267.jpg",400,267,true]},"uagb_author_info":{"display_name":"Universidad de las Artes","author_link":"https:\/\/www.uartes.edu.ec\/sitio\/en\/blog\/author\/dircomadm\/"},"uagb_comment_info":0,"uagb_excerpt":"El Departamento de Lenguas Extranjeras es un componente y soporte esencial del programa de acompa\u00f1amiento acad\u00e9mico de la Universidad de las Artes, consciente que la ense\u00f1anza de lenguas extranjeras es fundamental para el proceso de construcci\u00f3n del conocimiento y que las lenguas extranjeras son un veh\u00edculo indiscutible en el desarrollo del pensamiento cr\u00edtico y creativo&nbsp;&hellip;","featured_image_src":"https:\/\/www.uartes.edu.ec\/sitio\/wp-content\/uploads\/2020\/09\/LENGUAS-EXTRANJERAS-1.jpg","featured_image_src_square":"https:\/\/www.uartes.edu.ec\/sitio\/wp-content\/uploads\/2020\/09\/LENGUAS-EXTRANJERAS-1.jpg","publishpress_future_action":{"enabled":false,"date":"2026-05-08 04:42:31","action":"change-status","newStatus":"draft","terms":[],"taxonomy":"","extraData":[]},"publishpress_future_workflow_manual_trigger":{"enabledWorkflows":[]},"distributor_meta":false,"distributor_terms":false,"distributor_media":false,"distributor_original_site_name":"Universidad de las Artes","distributor_original_site_url":"https:\/\/www.uartes.edu.ec\/sitio\/en","push-errors":false,"_links":{"self":[{"href":"https:\/\/www.uartes.edu.ec\/sitio\/en\/wp-json\/wp\/v2\/pages\/4467","targetHints":{"allow":["GET"]}}],"collection":[{"href":"https:\/\/www.uartes.edu.ec\/sitio\/en\/wp-json\/wp\/v2\/pages"}],"about":[{"href":"https:\/\/www.uartes.edu.ec\/sitio\/en\/wp-json\/wp\/v2\/types\/page"}],"author":[{"embeddable":true,"href":"https:\/\/www.uartes.edu.ec\/sitio\/en\/wp-json\/wp\/v2\/users\/1"}],"replies":[{"embeddable":true,"href":"https:\/\/www.uartes.edu.ec\/sitio\/en\/wp-json\/wp\/v2\/comments?post=4467"}],"version-history":[{"count":36,"href":"https:\/\/www.uartes.edu.ec\/sitio\/en\/wp-json\/wp\/v2\/pages\/4467\/revisions"}],"predecessor-version":[{"id":79468,"href":"https:\/\/www.uartes.edu.ec\/sitio\/en\/wp-json\/wp\/v2\/pages\/4467\/revisions\/79468"}],"up":[{"embeddable":true,"href":"https:\/\/www.uartes.edu.ec\/sitio\/en\/wp-json\/wp\/v2\/pages\/40420"}],"wp:featuredmedia":[{"embeddable":true,"href":"https:\/\/www.uartes.edu.ec\/sitio\/en\/wp-json\/wp\/v2\/media\/9159"}],"wp:attachment":[{"href":"https:\/\/www.uartes.edu.ec\/sitio\/en\/wp-json\/wp\/v2\/media?parent=4467"}],"curies":[{"name":"wp","href":"https:\/\/api.w.org\/{rel}","templated":true}]}}