{"id":56067,"date":"2024-06-18T12:12:32","date_gmt":"2024-06-18T17:12:32","guid":{"rendered":"https:\/\/www.uartes.edu.ec\/sitio\/la-universidad\/estudiantes\/consejo-estudiantil\/"},"modified":"2024-07-04T11:18:44","modified_gmt":"2024-07-04T16:18:44","slug":"consejo-estudiantil","status":"publish","type":"page","link":"https:\/\/www.uartes.edu.ec\/sitio\/en\/la-universidad\/estudiantes\/consejo-estudiantil\/","title":{"rendered":"Student Council"},"content":{"rendered":"<div class=\"wp-block-columns is-layout-flex wp-container-core-columns-is-layout-9d6595d7 wp-block-columns-is-layout-flex\">\n<div class=\"wp-block-column is-layout-flow wp-block-column-is-layout-flow\">\n<div class=\"wp-block-uagb-image aligncenter uagb-block-e2d3998c wp-block-uagb-image--layout-default wp-block-uagb-image--effect-static wp-block-uagb-image--align-center\"><figure class=\"wp-block-uagb-image__figure\"><img loading=\"lazy\" decoding=\"async\" srcset=\"https:\/\/www.uartes.edu.ec\/sitio\/wp-content\/uploads\/2024\/06\/Bryan-Zambrano-Representante-Principal-de-Produccion-Musical-300x300.jpg ,https:\/\/www.uartes.edu.ec\/sitio\/wp-content\/uploads\/2024\/06\/Bryan-Zambrano-Representante-Principal-de-Produccion-Musical.jpg 780w, https:\/\/www.uartes.edu.ec\/sitio\/wp-content\/uploads\/2024\/06\/Bryan-Zambrano-Representante-Principal-de-Produccion-Musical.jpg 360w\" sizes=\"auto, (max-width: 480px) 150px\" src=\"https:\/\/www.uartes.edu.ec\/sitio\/wp-content\/uploads\/2024\/06\/Bryan-Zambrano-Representante-Principal-de-Produccion-Musical-300x300.jpg\" alt=\"\" class=\"uag-image-56070\" width=\"200\" height=\"200\" title=\"Bryan-Zambrano-Representante-Principal-de-Produccion-Musical\" role=\"img\"\/><\/figure><\/div>\n\n\n\n<p class=\"has-text-align-center\">Bryan Zambrano<br><strong>Musical Production<\/strong><\/p>\n<\/div>\n\n\n\n<div class=\"wp-block-column is-layout-flow wp-block-column-is-layout-flow\">\n<div class=\"wp-block-uagb-image aligncenter uagb-block-184c51f3 wp-block-uagb-image--layout-default wp-block-uagb-image--effect-static wp-block-uagb-image--align-center\"><figure class=\"wp-block-uagb-image__figure\"><img loading=\"lazy\" decoding=\"async\" srcset=\"https:\/\/www.uartes.edu.ec\/sitio\/wp-content\/uploads\/2024\/06\/Andrea-Abad-Representante-Principal-de-Artes-Musicales-300x300.jpg ,https:\/\/www.uartes.edu.ec\/sitio\/wp-content\/uploads\/2024\/06\/Andrea-Abad-Representante-Principal-de-Artes-Musicales.jpg 780w, https:\/\/www.uartes.edu.ec\/sitio\/wp-content\/uploads\/2024\/06\/Andrea-Abad-Representante-Principal-de-Artes-Musicales.jpg 360w\" sizes=\"auto, (max-width: 480px) 150px\" src=\"https:\/\/www.uartes.edu.ec\/sitio\/wp-content\/uploads\/2024\/06\/Andrea-Abad-Representante-Principal-de-Artes-Musicales-300x300.jpg\" alt=\"\" class=\"uag-image-56087\" width=\"200\" height=\"200\" title=\"Andrea-Abad---Representante-Principal-de-Artes-Musicales\" role=\"img\"\/><\/figure><\/div>\n\n\n\n<p class=\"has-text-align-center\">Andrea Abad<br><strong>Musical and Sound Arts<\/strong><\/p>\n<\/div>\n\n\n\n<div class=\"wp-block-column is-layout-flow wp-block-column-is-layout-flow\">\n<div class=\"wp-block-uagb-image aligncenter uagb-block-f54e9f26 wp-block-uagb-image--layout-default wp-block-uagb-image--effect-static wp-block-uagb-image--align-center\"><figure class=\"wp-block-uagb-image__figure\"><img loading=\"lazy\" decoding=\"async\" srcset=\"https:\/\/www.uartes.edu.ec\/sitio\/wp-content\/uploads\/2024\/06\/Valeria-Navarro-Representante-Principal-de-Literatura-300x300.jpg ,https:\/\/www.uartes.edu.ec\/sitio\/wp-content\/uploads\/2024\/06\/Valeria-Navarro-Representante-Principal-de-Literatura.jpg 780w, https:\/\/www.uartes.edu.ec\/sitio\/wp-content\/uploads\/2024\/06\/Valeria-Navarro-Representante-Principal-de-Literatura.jpg 360w\" sizes=\"auto, (max-width: 480px) 150px\" src=\"https:\/\/www.uartes.edu.ec\/sitio\/wp-content\/uploads\/2024\/06\/Valeria-Navarro-Representante-Principal-de-Literatura-300x300.jpg\" alt=\"\" class=\"uag-image-56085\" width=\"200\" height=\"200\" title=\"Valeria-Navarro---Representante-Principal-de-Literatura\" role=\"img\"\/><\/figure><\/div>\n\n\n\n<p class=\"has-text-align-center\">Valeria Navarro<br><strong>Literature<\/strong><\/p>\n<\/div>\n\n\n\n<div class=\"wp-block-column is-layout-flow wp-block-column-is-layout-flow\">\n<div class=\"wp-block-uagb-image aligncenter uagb-block-0cf318b4 wp-block-uagb-image--layout-default wp-block-uagb-image--effect-static wp-block-uagb-image--align-center\"><figure class=\"wp-block-uagb-image__figure\"><img loading=\"lazy\" decoding=\"async\" srcset=\"https:\/\/www.uartes.edu.ec\/sitio\/wp-content\/uploads\/2024\/06\/Roger-Lopez-Representante-Principal-de-Cine-300x300.jpg ,https:\/\/www.uartes.edu.ec\/sitio\/wp-content\/uploads\/2024\/06\/Roger-Lopez-Representante-Principal-de-Cine.jpg 780w, https:\/\/www.uartes.edu.ec\/sitio\/wp-content\/uploads\/2024\/06\/Roger-Lopez-Representante-Principal-de-Cine.jpg 360w\" sizes=\"auto, (max-width: 480px) 150px\" src=\"https:\/\/www.uartes.edu.ec\/sitio\/wp-content\/uploads\/2024\/06\/Roger-Lopez-Representante-Principal-de-Cine-300x300.jpg\" alt=\"\" class=\"uag-image-56084\" width=\"200\" height=\"200\" title=\"Roger-L\u00f3pez---Representante-Principal-de-Cine\" role=\"img\"\/><\/figure><\/div>\n\n\n\n<p class=\"has-text-align-center\">Roger L\u00f3pez<br><strong>Cinema<\/strong><\/p>\n<\/div>\n<\/div>\n\n\n\n<div class=\"wp-block-columns is-layout-flex wp-container-core-columns-is-layout-9d6595d7 wp-block-columns-is-layout-flex\">\n<div class=\"wp-block-column is-layout-flow wp-block-column-is-layout-flow\">\n<div class=\"wp-block-uagb-image aligncenter uagb-block-7fa8ed3a wp-block-uagb-image--layout-default wp-block-uagb-image--effect-static wp-block-uagb-image--align-center\"><figure class=\"wp-block-uagb-image__figure\"><img loading=\"lazy\" decoding=\"async\" srcset=\"https:\/\/www.uartes.edu.ec\/sitio\/wp-content\/uploads\/2024\/06\/Orlym-Mejia-Representante-Alterno-de-Produccion-Musical-300x300.jpg ,https:\/\/www.uartes.edu.ec\/sitio\/wp-content\/uploads\/2024\/06\/Orlym-Mejia-Representante-Alterno-de-Produccion-Musical.jpg 780w, https:\/\/www.uartes.edu.ec\/sitio\/wp-content\/uploads\/2024\/06\/Orlym-Mejia-Representante-Alterno-de-Produccion-Musical.jpg 360w\" sizes=\"auto, (max-width: 480px) 150px\" src=\"https:\/\/www.uartes.edu.ec\/sitio\/wp-content\/uploads\/2024\/06\/Orlym-Mejia-Representante-Alterno-de-Produccion-Musical-300x300.jpg\" alt=\"\" class=\"uag-image-56081\" width=\"200\" height=\"200\" title=\"Orlym-Mejia---Representante-Alterno-de-Producci\u00f3n-Musical\" role=\"img\"\/><\/figure><\/div>\n\n\n\n<p class=\"has-text-align-center\">Orlym Mejia<br><strong>Producci\u00f3n Musical (Alterno)<\/strong><\/p>\n<\/div>\n\n\n\n<div class=\"wp-block-column is-layout-flow wp-block-column-is-layout-flow\">\n<div class=\"wp-block-uagb-image aligncenter uagb-block-f892e002 wp-block-uagb-image--layout-default wp-block-uagb-image--effect-static wp-block-uagb-image--align-center\"><figure class=\"wp-block-uagb-image__figure\"><img loading=\"lazy\" decoding=\"async\" srcset=\"https:\/\/www.uartes.edu.ec\/sitio\/wp-content\/uploads\/2024\/06\/Cindy-Zambrano-Representante-Alterna-de-Artes-Musicales-300x300.jpg ,https:\/\/www.uartes.edu.ec\/sitio\/wp-content\/uploads\/2024\/06\/Cindy-Zambrano-Representante-Alterna-de-Artes-Musicales.jpg 780w, https:\/\/www.uartes.edu.ec\/sitio\/wp-content\/uploads\/2024\/06\/Cindy-Zambrano-Representante-Alterna-de-Artes-Musicales.jpg 360w\" sizes=\"auto, (max-width: 480px) 150px\" src=\"https:\/\/www.uartes.edu.ec\/sitio\/wp-content\/uploads\/2024\/06\/Cindy-Zambrano-Representante-Alterna-de-Artes-Musicales-300x300.jpg\" alt=\"\" class=\"uag-image-56076\" width=\"200\" height=\"200\" title=\"Cindy-Zambrano---Representante-Alterna-de-Artes-Musicales\" role=\"img\"\/><\/figure><\/div>\n\n\n\n<p class=\"has-text-align-center\">Cindy Zambrano<br><strong>Artes Musicales (Alterno)<\/strong><\/p>\n<\/div>\n\n\n\n<div class=\"wp-block-column is-layout-flow wp-block-column-is-layout-flow\">\n<div class=\"wp-block-uagb-image aligncenter uagb-block-0a9e80b8 wp-block-uagb-image--layout-default wp-block-uagb-image--effect-static wp-block-uagb-image--align-center\"><figure class=\"wp-block-uagb-image__figure\"><img loading=\"lazy\" decoding=\"async\" srcset=\"https:\/\/www.uartes.edu.ec\/sitio\/wp-content\/uploads\/2024\/06\/Ana-Paula-Representante-Alterna-de-Literatura-300x300.jpg ,https:\/\/www.uartes.edu.ec\/sitio\/wp-content\/uploads\/2024\/06\/Ana-Paula-Representante-Alterna-de-Literatura.jpg 780w, https:\/\/www.uartes.edu.ec\/sitio\/wp-content\/uploads\/2024\/06\/Ana-Paula-Representante-Alterna-de-Literatura.jpg 360w\" sizes=\"auto, (max-width: 480px) 150px\" src=\"https:\/\/www.uartes.edu.ec\/sitio\/wp-content\/uploads\/2024\/06\/Ana-Paula-Representante-Alterna-de-Literatura-300x300.jpg\" alt=\"\" class=\"uag-image-56086\" width=\"200\" height=\"200\" title=\"Ana-Paula---Representante-Alterna-de-Literatura\" role=\"img\"\/><\/figure><\/div>\n\n\n\n<p class=\"has-text-align-center\">Ana Paula Coronel<br><strong>Literatura (Alterno)<\/strong><\/p>\n<\/div>\n\n\n\n<div class=\"wp-block-column is-layout-flow wp-block-column-is-layout-flow\">\n<div class=\"wp-block-uagb-image aligncenter uagb-block-97cbff06 wp-block-uagb-image--layout-default wp-block-uagb-image--effect-static wp-block-uagb-image--align-center\"><figure class=\"wp-block-uagb-image__figure\"><img loading=\"lazy\" decoding=\"async\" srcset=\"https:\/\/www.uartes.edu.ec\/sitio\/wp-content\/uploads\/2024\/06\/Briggitte-Lara-Alterna-de-Cine-300x300.jpg ,https:\/\/www.uartes.edu.ec\/sitio\/wp-content\/uploads\/2024\/06\/Briggitte-Lara-Alterna-de-Cine.jpg 780w, https:\/\/www.uartes.edu.ec\/sitio\/wp-content\/uploads\/2024\/06\/Briggitte-Lara-Alterna-de-Cine.jpg 360w\" sizes=\"auto, (max-width: 480px) 150px\" src=\"https:\/\/www.uartes.edu.ec\/sitio\/wp-content\/uploads\/2024\/06\/Briggitte-Lara-Alterna-de-Cine-300x300.jpg\" alt=\"\" class=\"uag-image-56074\" width=\"200\" height=\"200\" title=\"Briggitte-Lara---Alterna-de-Cine\" role=\"img\"\/><\/figure><\/div>\n\n\n\n<p class=\"has-text-align-center\">Briggitte Lara<br><strong>Cine (Alterno)<\/strong><\/p>\n<\/div>\n<\/div>\n\n\n\n<div class=\"wp-block-columns is-layout-flex wp-container-core-columns-is-layout-9d6595d7 wp-block-columns-is-layout-flex\">\n<div class=\"wp-block-column is-vertically-aligned-top is-layout-flow wp-block-column-is-layout-flow\">\n<div class=\"wp-block-uagb-image aligncenter uagb-block-facbc855 wp-block-uagb-image--layout-default wp-block-uagb-image--effect-static wp-block-uagb-image--align-center\"><figure class=\"wp-block-uagb-image__figure\"><img loading=\"lazy\" decoding=\"async\" srcset=\"https:\/\/www.uartes.edu.ec\/sitio\/wp-content\/uploads\/2024\/06\/Natalia-Manzaba-Representante-Principal-de-Artes-Visuales-300x300.jpg ,https:\/\/www.uartes.edu.ec\/sitio\/wp-content\/uploads\/2024\/06\/Natalia-Manzaba-Representante-Principal-de-Artes-Visuales.jpg 780w, https:\/\/www.uartes.edu.ec\/sitio\/wp-content\/uploads\/2024\/06\/Natalia-Manzaba-Representante-Principal-de-Artes-Visuales.jpg 360w\" sizes=\"auto, (max-width: 480px) 150px\" src=\"https:\/\/www.uartes.edu.ec\/sitio\/wp-content\/uploads\/2024\/06\/Natalia-Manzaba-Representante-Principal-de-Artes-Visuales-300x300.jpg\" alt=\"\" class=\"uag-image-56080\" width=\"200\" height=\"200\" title=\"Natalia-Manzaba---Representante-Principal-de-Artes-Visuales\" role=\"img\"\/><\/figure><\/div>\n\n\n\n<p class=\"has-text-align-center\">Natalia Manzaba<br><strong>Visual Arts<\/strong><\/p>\n<\/div>\n\n\n\n<div class=\"wp-block-column is-vertically-aligned-top is-layout-flow wp-block-column-is-layout-flow\">\n<div class=\"wp-block-uagb-image aligncenter uagb-block-71168ebe wp-block-uagb-image--layout-default wp-block-uagb-image--effect-static wp-block-uagb-image--align-center\"><figure class=\"wp-block-uagb-image__figure\"><img loading=\"lazy\" decoding=\"async\" srcset=\"https:\/\/www.uartes.edu.ec\/sitio\/wp-content\/uploads\/2024\/06\/Jorge-Alcoser-Representante-Principal-de-Teatro-300x300.jpg ,https:\/\/www.uartes.edu.ec\/sitio\/wp-content\/uploads\/2024\/06\/Jorge-Alcoser-Representante-Principal-de-Teatro.jpg 780w, https:\/\/www.uartes.edu.ec\/sitio\/wp-content\/uploads\/2024\/06\/Jorge-Alcoser-Representante-Principal-de-Teatro.jpg 360w\" sizes=\"auto, (max-width: 480px) 150px\" src=\"https:\/\/www.uartes.edu.ec\/sitio\/wp-content\/uploads\/2024\/06\/Jorge-Alcoser-Representante-Principal-de-Teatro-300x300.jpg\" alt=\"\" class=\"uag-image-56078\" width=\"200\" height=\"200\" title=\"Jorge-Alcoser---Representante-Principal-de-Teatro\" role=\"img\"\/><\/figure><\/div>\n\n\n\n<p class=\"has-text-align-center\">Jorge Alcoser<br><strong>Teatro<\/strong><\/p>\n<\/div>\n\n\n\n<div class=\"wp-block-column is-layout-flow wp-block-column-is-layout-flow\">\n<div class=\"wp-block-uagb-image aligncenter uagb-block-cb4fa6a5 wp-block-uagb-image--layout-default wp-block-uagb-image--effect-static wp-block-uagb-image--align-center\"><figure class=\"wp-block-uagb-image__figure\"><img loading=\"lazy\" decoding=\"async\" srcset=\"https:\/\/www.uartes.edu.ec\/sitio\/wp-content\/uploads\/2024\/06\/Jean-Carlos-Avila-Representante-Principal-de-Pedagogia-en-Artes-300x300.jpg ,https:\/\/www.uartes.edu.ec\/sitio\/wp-content\/uploads\/2024\/06\/Jean-Carlos-Avila-Representante-Principal-de-Pedagogia-en-Artes.jpg 780w, https:\/\/www.uartes.edu.ec\/sitio\/wp-content\/uploads\/2024\/06\/Jean-Carlos-Avila-Representante-Principal-de-Pedagogia-en-Artes.jpg 360w\" sizes=\"auto, (max-width: 480px) 150px\" src=\"https:\/\/www.uartes.edu.ec\/sitio\/wp-content\/uploads\/2024\/06\/Jean-Carlos-Avila-Representante-Principal-de-Pedagogia-en-Artes-300x300.jpg\" alt=\"\" class=\"uag-image-56077\" width=\"200\" height=\"200\" title=\"Jean-Carlos-\u00c1vila---Representante-Principal-de-Pedagog\u00eda-en-Artes\" role=\"img\"\/><\/figure><\/div>\n\n\n\n<p class=\"has-text-align-center\">Jean Carlos \u00c1vila<br><strong>Pedagog\u00eda en Artes<\/strong><\/p>\n<\/div>\n\n\n\n<div class=\"wp-block-column is-layout-flow wp-block-column-is-layout-flow\">\n<div class=\"wp-block-uagb-image aligncenter uagb-block-735db81b wp-block-uagb-image--layout-default wp-block-uagb-image--effect-static wp-block-uagb-image--align-center\"><figure class=\"wp-block-uagb-image__figure\"><img loading=\"lazy\" decoding=\"async\" srcset=\"https:\/\/www.uartes.edu.ec\/sitio\/wp-content\/uploads\/2024\/06\/Representante-Principal-de-Danza-Laising-Ching-300x300.jpg ,https:\/\/www.uartes.edu.ec\/sitio\/wp-content\/uploads\/2024\/06\/Representante-Principal-de-Danza-Laising-Ching.jpg 780w, https:\/\/www.uartes.edu.ec\/sitio\/wp-content\/uploads\/2024\/06\/Representante-Principal-de-Danza-Laising-Ching.jpg 360w\" sizes=\"auto, (max-width: 480px) 150px\" src=\"https:\/\/www.uartes.edu.ec\/sitio\/wp-content\/uploads\/2024\/06\/Representante-Principal-de-Danza-Laising-Ching-300x300.jpg\" alt=\"\" class=\"uag-image-56083\" width=\"200\" height=\"200\" title=\"Representante-Principal-de-Danza---Laising-Ching\" role=\"img\"\/><\/figure><\/div>\n\n\n\n<p class=\"has-text-align-center\">Laising Ching<br><strong>Dance<\/strong><\/p>\n<\/div>\n<\/div>\n\n\n\n<div class=\"wp-block-columns is-layout-flex wp-container-core-columns-is-layout-9d6595d7 wp-block-columns-is-layout-flex\">\n<div class=\"wp-block-column is-vertically-aligned-top is-layout-flow wp-block-column-is-layout-flow\">\n<div class=\"wp-block-uagb-image aligncenter uagb-block-fcb995b4 wp-block-uagb-image--layout-default wp-block-uagb-image--effect-static wp-block-uagb-image--align-center\"><figure class=\"wp-block-uagb-image__figure\"><img loading=\"lazy\" decoding=\"async\" srcset=\"https:\/\/www.uartes.edu.ec\/sitio\/wp-content\/uploads\/2024\/06\/Mayerli-Castro-Representante-Alterna-de-Artes-Visuales-300x300.jpg ,https:\/\/www.uartes.edu.ec\/sitio\/wp-content\/uploads\/2024\/06\/Mayerli-Castro-Representante-Alterna-de-Artes-Visuales.jpg 780w, https:\/\/www.uartes.edu.ec\/sitio\/wp-content\/uploads\/2024\/06\/Mayerli-Castro-Representante-Alterna-de-Artes-Visuales.jpg 360w\" sizes=\"auto, (max-width: 480px) 150px\" src=\"https:\/\/www.uartes.edu.ec\/sitio\/wp-content\/uploads\/2024\/06\/Mayerli-Castro-Representante-Alterna-de-Artes-Visuales-300x300.jpg\" alt=\"\" class=\"uag-image-56079\" width=\"200\" height=\"200\" title=\"Mayerli-Castro---Representante-Alterna-de-Artes-Visuales\" role=\"img\"\/><\/figure><\/div>\n\n\n\n<p class=\"has-text-align-center\">Mayerli Castro<br><strong>Artes Visuales (Alterno)<\/strong><\/p>\n<\/div>\n\n\n\n<div class=\"wp-block-column is-vertically-aligned-top is-layout-flow wp-block-column-is-layout-flow\">\n<div class=\"wp-block-uagb-image aligncenter uagb-block-73400661 wp-block-uagb-image--layout-default wp-block-uagb-image--effect-static wp-block-uagb-image--align-center\"><figure class=\"wp-block-uagb-image__figure\"><img loading=\"lazy\" decoding=\"async\" srcset=\"https:\/\/www.uartes.edu.ec\/sitio\/wp-content\/uploads\/2024\/06\/Artemis-Pin-Bravo-Representante-Alterno-de-Teatro-300x300.jpg ,https:\/\/www.uartes.edu.ec\/sitio\/wp-content\/uploads\/2024\/06\/Artemis-Pin-Bravo-Representante-Alterno-de-Teatro.jpg 780w, https:\/\/www.uartes.edu.ec\/sitio\/wp-content\/uploads\/2024\/06\/Artemis-Pin-Bravo-Representante-Alterno-de-Teatro.jpg 360w\" sizes=\"auto, (max-width: 480px) 150px\" src=\"https:\/\/www.uartes.edu.ec\/sitio\/wp-content\/uploads\/2024\/06\/Artemis-Pin-Bravo-Representante-Alterno-de-Teatro-300x300.jpg\" alt=\"\" class=\"uag-image-56088\" width=\"200\" height=\"200\" title=\"Artemis-Pin-Bravo---Representante-Alterno-de-Teatro\" role=\"img\"\/><\/figure><\/div>\n\n\n\n<p class=\"has-text-align-center\">Artemis Pin<br><strong>Teatro (Alterno)<\/strong><\/p>\n<\/div>\n\n\n\n<div class=\"wp-block-column is-layout-flow wp-block-column-is-layout-flow\">\n<div class=\"wp-block-uagb-image aligncenter uagb-block-baa4b6f3 wp-block-uagb-image--layout-default wp-block-uagb-image--effect-static wp-block-uagb-image--align-center\"><figure class=\"wp-block-uagb-image__figure\"><img loading=\"lazy\" decoding=\"async\" srcset=\"https:\/\/www.uartes.edu.ec\/sitio\/wp-content\/uploads\/2024\/06\/Camila-Porras-Representante-Alterna-de-Pedagogia-en-Artes-300x300.jpg ,https:\/\/www.uartes.edu.ec\/sitio\/wp-content\/uploads\/2024\/06\/Camila-Porras-Representante-Alterna-de-Pedagogia-en-Artes.jpg 780w, https:\/\/www.uartes.edu.ec\/sitio\/wp-content\/uploads\/2024\/06\/Camila-Porras-Representante-Alterna-de-Pedagogia-en-Artes.jpg 360w\" sizes=\"auto, (max-width: 480px) 150px\" src=\"https:\/\/www.uartes.edu.ec\/sitio\/wp-content\/uploads\/2024\/06\/Camila-Porras-Representante-Alterna-de-Pedagogia-en-Artes-300x300.jpg\" alt=\"\" class=\"uag-image-56075\" width=\"200\" height=\"200\" title=\"Camila-Porras---Representante-Alterna-de-Pedagog\u00eda-en-Artes\" role=\"img\"\/><\/figure><\/div>\n\n\n\n<p class=\"has-text-align-center\">Camila Porras<br><strong>Pedagog\u00eda en Artes (Alterno)<\/strong><\/p>\n<\/div>\n\n\n\n<div class=\"wp-block-column is-layout-flow wp-block-column-is-layout-flow\">\n<div class=\"wp-block-uagb-image aligncenter uagb-block-85f9d9c5 wp-block-uagb-image--layout-default wp-block-uagb-image--effect-static wp-block-uagb-image--align-center\"><figure class=\"wp-block-uagb-image__figure\"><img loading=\"lazy\" decoding=\"async\" srcset=\"https:\/\/www.uartes.edu.ec\/sitio\/wp-content\/uploads\/2024\/06\/Representante-Alterna-de-Danza-300x300.jpg ,https:\/\/www.uartes.edu.ec\/sitio\/wp-content\/uploads\/2024\/06\/Representante-Alterna-de-Danza.jpg 780w, https:\/\/www.uartes.edu.ec\/sitio\/wp-content\/uploads\/2024\/06\/Representante-Alterna-de-Danza.jpg 360w\" sizes=\"auto, (max-width: 480px) 150px\" src=\"https:\/\/www.uartes.edu.ec\/sitio\/wp-content\/uploads\/2024\/06\/Representante-Alterna-de-Danza-300x300.jpg\" alt=\"\" class=\"uag-image-56082\" width=\"200\" height=\"200\" title=\"Representante-Alterna-de-Danza\" role=\"img\"\/><\/figure><\/div>\n\n\n\n<p class=\"has-text-align-center\">Ximena Pacheco<br><strong>Danza (Alterno)<\/strong><\/p>\n<\/div>\n<\/div>","protected":false},"excerpt":{"rendered":"<p>Bryan ZambranoProducci\u00f3n Musical Andrea AbadArtes Musicales Valeria NavarroLiteratura Roger L\u00f3pezCine Orlym MejiaProducci\u00f3n Musical (Alterno) Cindy ZambranoArtes Musicales (Alterno) Ana Paula CoronelLiteratura (Alterno) Briggitte LaraCine (Alterno) Natalia ManzabaArtes Visuales Jorge AlcoserTeatro Jean Carlos \u00c1vilaPedagog\u00eda en Artes Laising ChingDanza Mayerli CastroArtes Visuales (Alterno) Artemis PinTeatro (Alterno) Camila PorrasPedagog\u00eda en Artes (Alterno) Ximena PachecoDanza (Alterno)<\/p>","protected":false},"author":1,"featured_media":0,"parent":4403,"menu_order":3,"comment_status":"closed","ping_status":"closed","template":"","meta":{"_acf_changed":false,"_uag_custom_page_level_css":"","_monsterinsights_skip_tracking":false,"_monsterinsights_sitenote_active":false,"_monsterinsights_sitenote_note":"","_monsterinsights_sitenote_category":0,"cybocfi_hide_featured_image":"","footnotes":""},"class_list":["post-56067","page","type-page","status-publish","hentry"],"acf":[],"yoast_head":"<!-- This site is optimized with the Yoast SEO plugin v27.4 - https:\/\/yoast.com\/product\/yoast-seo-wordpress\/ -->\n<title>Universidad de las Artes - Consejo Estudiantil<\/title>\n<meta name=\"description\" content=\"Universidad de las Artes - Consejo Estudiantil\" \/>\n<meta name=\"robots\" content=\"index, follow, max-snippet:-1, max-image-preview:large, max-video-preview:-1\" \/>\n<link rel=\"canonical\" href=\"https:\/\/www.uartes.edu.ec\/sitio\/en\/la-universidad\/estudiantes\/consejo-estudiantil\/\" \/>\n<meta property=\"og:locale\" content=\"en_US\" \/>\n<meta property=\"og:type\" content=\"article\" \/>\n<meta property=\"og:title\" content=\"Universidad de las Artes - Consejo Estudiantil\" \/>\n<meta property=\"og:description\" content=\"Universidad de las Artes - Consejo Estudiantil\" \/>\n<meta property=\"og:url\" content=\"https:\/\/www.uartes.edu.ec\/sitio\/en\/la-universidad\/estudiantes\/consejo-estudiantil\/\" \/>\n<meta property=\"og:site_name\" content=\"Universidad de las Artes\" \/>\n<meta property=\"article:publisher\" content=\"https:\/\/www.facebook.com\/uartesec\" \/>\n<meta property=\"article:modified_time\" content=\"2024-07-04T16:18:44+00:00\" \/>\n<meta property=\"og:image\" content=\"https:\/\/www.uartes.edu.ec\/sitio\/wp-content\/uploads\/2024\/06\/Bryan-Zambrano-Representante-Principal-de-Produccion-Musical-300x300.jpg\" \/>\n<meta name=\"twitter:card\" content=\"summary_large_image\" \/>\n<meta name=\"twitter:site\" content=\"@uartesec\" \/>\n<meta name=\"twitter:label1\" content=\"Est. reading time\" \/>\n\t<meta name=\"twitter:data1\" content=\"4 minutes\" \/>\n<script type=\"application\/ld+json\" class=\"yoast-schema-graph\">{\"@context\":\"https:\\\/\\\/schema.org\",\"@graph\":[{\"@type\":\"WebPage\",\"@id\":\"https:\\\/\\\/www.uartes.edu.ec\\\/sitio\\\/en\\\/la-universidad\\\/estudiantes\\\/consejo-estudiantil\\\/\",\"url\":\"https:\\\/\\\/www.uartes.edu.ec\\\/sitio\\\/en\\\/la-universidad\\\/estudiantes\\\/consejo-estudiantil\\\/\",\"name\":\"Universidad de las Artes - Consejo Estudiantil\",\"isPartOf\":{\"@id\":\"https:\\\/\\\/www.uartes.edu.ec\\\/sitio\\\/en\\\/#website\"},\"primaryImageOfPage\":{\"@id\":\"https:\\\/\\\/www.uartes.edu.ec\\\/sitio\\\/en\\\/la-universidad\\\/estudiantes\\\/consejo-estudiantil\\\/#primaryimage\"},\"image\":{\"@id\":\"https:\\\/\\\/www.uartes.edu.ec\\\/sitio\\\/en\\\/la-universidad\\\/estudiantes\\\/consejo-estudiantil\\\/#primaryimage\"},\"thumbnailUrl\":\"https:\\\/\\\/www.uartes.edu.ec\\\/sitio\\\/wp-content\\\/uploads\\\/2024\\\/06\\\/Bryan-Zambrano-Representante-Principal-de-Produccion-Musical-300x300.jpg\",\"datePublished\":\"2024-06-18T17:12:32+00:00\",\"dateModified\":\"2024-07-04T16:18:44+00:00\",\"description\":\"Universidad de las Artes - Consejo Estudiantil\",\"breadcrumb\":{\"@id\":\"https:\\\/\\\/www.uartes.edu.ec\\\/sitio\\\/en\\\/la-universidad\\\/estudiantes\\\/consejo-estudiantil\\\/#breadcrumb\"},\"inLanguage\":\"en-US\",\"potentialAction\":[{\"@type\":\"ReadAction\",\"target\":[\"https:\\\/\\\/www.uartes.edu.ec\\\/sitio\\\/en\\\/la-universidad\\\/estudiantes\\\/consejo-estudiantil\\\/\"]}]},{\"@type\":\"ImageObject\",\"inLanguage\":\"en-US\",\"@id\":\"https:\\\/\\\/www.uartes.edu.ec\\\/sitio\\\/en\\\/la-universidad\\\/estudiantes\\\/consejo-estudiantil\\\/#primaryimage\",\"url\":\"https:\\\/\\\/www.uartes.edu.ec\\\/sitio\\\/wp-content\\\/uploads\\\/2024\\\/06\\\/Bryan-Zambrano-Representante-Principal-de-Produccion-Musical-300x300.jpg\",\"contentUrl\":\"https:\\\/\\\/www.uartes.edu.ec\\\/sitio\\\/wp-content\\\/uploads\\\/2024\\\/06\\\/Bryan-Zambrano-Representante-Principal-de-Produccion-Musical-300x300.jpg\"},{\"@type\":\"BreadcrumbList\",\"@id\":\"https:\\\/\\\/www.uartes.edu.ec\\\/sitio\\\/en\\\/la-universidad\\\/estudiantes\\\/consejo-estudiantil\\\/#breadcrumb\",\"itemListElement\":[{\"@type\":\"ListItem\",\"position\":1,\"name\":\"Inicio\",\"item\":\"https:\\\/\\\/www.uartes.edu.ec\\\/sitio\\\/\"},{\"@type\":\"ListItem\",\"position\":2,\"name\":\"Universidad de las Artes\",\"item\":\"https:\\\/\\\/www.uartes.edu.ec\\\/sitio\\\/\"},{\"@type\":\"ListItem\",\"position\":3,\"name\":\"Estudiantes\",\"item\":\"https:\\\/\\\/www.uartes.edu.ec\\\/sitio\\\/la-universidad\\\/estudiantes\\\/\"},{\"@type\":\"ListItem\",\"position\":4,\"name\":\"Consejo Estudiantil\"}]},{\"@type\":\"WebSite\",\"@id\":\"https:\\\/\\\/www.uartes.edu.ec\\\/sitio\\\/en\\\/#website\",\"url\":\"https:\\\/\\\/www.uartes.edu.ec\\\/sitio\\\/en\\\/\",\"name\":\"Universidad de las Artes\",\"description\":\"Sitio oficial de la Universidad Nacional de las Artes del Ecuador\",\"publisher\":{\"@id\":\"https:\\\/\\\/www.uartes.edu.ec\\\/sitio\\\/en\\\/#organization\"},\"potentialAction\":[{\"@type\":\"SearchAction\",\"target\":{\"@type\":\"EntryPoint\",\"urlTemplate\":\"https:\\\/\\\/www.uartes.edu.ec\\\/sitio\\\/en\\\/?s={search_term_string}\"},\"query-input\":{\"@type\":\"PropertyValueSpecification\",\"valueRequired\":true,\"valueName\":\"search_term_string\"}}],\"inLanguage\":\"en-US\"},{\"@type\":\"Organization\",\"@id\":\"https:\\\/\\\/www.uartes.edu.ec\\\/sitio\\\/en\\\/#organization\",\"name\":\"Universidad de las Artes\",\"url\":\"https:\\\/\\\/www.uartes.edu.ec\\\/sitio\\\/en\\\/\",\"logo\":{\"@type\":\"ImageObject\",\"inLanguage\":\"en-US\",\"@id\":\"https:\\\/\\\/www.uartes.edu.ec\\\/sitio\\\/en\\\/#\\\/schema\\\/logo\\\/image\\\/\",\"url\":\"https:\\\/\\\/www.uartes.edu.ec\\\/sitio\\\/wp-content\\\/uploads\\\/2022\\\/07\\\/logo-ua-horizontal.png\",\"contentUrl\":\"https:\\\/\\\/www.uartes.edu.ec\\\/sitio\\\/wp-content\\\/uploads\\\/2022\\\/07\\\/logo-ua-horizontal.png\",\"width\":800,\"height\":276,\"caption\":\"Universidad de las Artes\"},\"image\":{\"@id\":\"https:\\\/\\\/www.uartes.edu.ec\\\/sitio\\\/en\\\/#\\\/schema\\\/logo\\\/image\\\/\"},\"sameAs\":[\"https:\\\/\\\/www.facebook.com\\\/uartesec\",\"https:\\\/\\\/x.com\\\/uartesec\",\"https:\\\/\\\/www.tiktok.com\\\/@uartesec\"]}]}<\/script>\n<!-- \/ Yoast SEO plugin. -->","yoast_head_json":{"title":"Universidad de las Artes - Consejo Estudiantil","description":"Universidad de las Artes - Consejo Estudiantil","robots":{"index":"index","follow":"follow","max-snippet":"max-snippet:-1","max-image-preview":"max-image-preview:large","max-video-preview":"max-video-preview:-1"},"canonical":"https:\/\/www.uartes.edu.ec\/sitio\/en\/la-universidad\/estudiantes\/consejo-estudiantil\/","og_locale":"en_US","og_type":"article","og_title":"Universidad de las Artes - Consejo Estudiantil","og_description":"Universidad de las Artes - Consejo Estudiantil","og_url":"https:\/\/www.uartes.edu.ec\/sitio\/en\/la-universidad\/estudiantes\/consejo-estudiantil\/","og_site_name":"Universidad de las Artes","article_publisher":"https:\/\/www.facebook.com\/uartesec","article_modified_time":"2024-07-04T16:18:44+00:00","og_image":[{"url":"https:\/\/www.uartes.edu.ec\/sitio\/wp-content\/uploads\/2024\/06\/Bryan-Zambrano-Representante-Principal-de-Produccion-Musical-300x300.jpg","type":"","width":"","height":""}],"twitter_card":"summary_large_image","twitter_site":"@uartesec","twitter_misc":{"Est. reading time":"4 minutes"},"schema":{"@context":"https:\/\/schema.org","@graph":[{"@type":"WebPage","@id":"https:\/\/www.uartes.edu.ec\/sitio\/en\/la-universidad\/estudiantes\/consejo-estudiantil\/","url":"https:\/\/www.uartes.edu.ec\/sitio\/en\/la-universidad\/estudiantes\/consejo-estudiantil\/","name":"Universidad de las Artes - Consejo Estudiantil","isPartOf":{"@id":"https:\/\/www.uartes.edu.ec\/sitio\/en\/#website"},"primaryImageOfPage":{"@id":"https:\/\/www.uartes.edu.ec\/sitio\/en\/la-universidad\/estudiantes\/consejo-estudiantil\/#primaryimage"},"image":{"@id":"https:\/\/www.uartes.edu.ec\/sitio\/en\/la-universidad\/estudiantes\/consejo-estudiantil\/#primaryimage"},"thumbnailUrl":"https:\/\/www.uartes.edu.ec\/sitio\/wp-content\/uploads\/2024\/06\/Bryan-Zambrano-Representante-Principal-de-Produccion-Musical-300x300.jpg","datePublished":"2024-06-18T17:12:32+00:00","dateModified":"2024-07-04T16:18:44+00:00","description":"Universidad de las Artes - Consejo Estudiantil","breadcrumb":{"@id":"https:\/\/www.uartes.edu.ec\/sitio\/en\/la-universidad\/estudiantes\/consejo-estudiantil\/#breadcrumb"},"inLanguage":"en-US","potentialAction":[{"@type":"ReadAction","target":["https:\/\/www.uartes.edu.ec\/sitio\/en\/la-universidad\/estudiantes\/consejo-estudiantil\/"]}]},{"@type":"ImageObject","inLanguage":"en-US","@id":"https:\/\/www.uartes.edu.ec\/sitio\/en\/la-universidad\/estudiantes\/consejo-estudiantil\/#primaryimage","url":"https:\/\/www.uartes.edu.ec\/sitio\/wp-content\/uploads\/2024\/06\/Bryan-Zambrano-Representante-Principal-de-Produccion-Musical-300x300.jpg","contentUrl":"https:\/\/www.uartes.edu.ec\/sitio\/wp-content\/uploads\/2024\/06\/Bryan-Zambrano-Representante-Principal-de-Produccion-Musical-300x300.jpg"},{"@type":"BreadcrumbList","@id":"https:\/\/www.uartes.edu.ec\/sitio\/en\/la-universidad\/estudiantes\/consejo-estudiantil\/#breadcrumb","itemListElement":[{"@type":"ListItem","position":1,"name":"Inicio","item":"https:\/\/www.uartes.edu.ec\/sitio\/"},{"@type":"ListItem","position":2,"name":"Universidad de las Artes","item":"https:\/\/www.uartes.edu.ec\/sitio\/"},{"@type":"ListItem","position":3,"name":"Estudiantes","item":"https:\/\/www.uartes.edu.ec\/sitio\/la-universidad\/estudiantes\/"},{"@type":"ListItem","position":4,"name":"Consejo Estudiantil"}]},{"@type":"WebSite","@id":"https:\/\/www.uartes.edu.ec\/sitio\/en\/#website","url":"https:\/\/www.uartes.edu.ec\/sitio\/en\/","name":"Universidad de las Artes","description":"Sitio oficial de la Universidad Nacional de las Artes del Ecuador","publisher":{"@id":"https:\/\/www.uartes.edu.ec\/sitio\/en\/#organization"},"potentialAction":[{"@type":"SearchAction","target":{"@type":"EntryPoint","urlTemplate":"https:\/\/www.uartes.edu.ec\/sitio\/en\/?s={search_term_string}"},"query-input":{"@type":"PropertyValueSpecification","valueRequired":true,"valueName":"search_term_string"}}],"inLanguage":"en-US"},{"@type":"Organization","@id":"https:\/\/www.uartes.edu.ec\/sitio\/en\/#organization","name":"Universidad de las Artes","url":"https:\/\/www.uartes.edu.ec\/sitio\/en\/","logo":{"@type":"ImageObject","inLanguage":"en-US","@id":"https:\/\/www.uartes.edu.ec\/sitio\/en\/#\/schema\/logo\/image\/","url":"https:\/\/www.uartes.edu.ec\/sitio\/wp-content\/uploads\/2022\/07\/logo-ua-horizontal.png","contentUrl":"https:\/\/www.uartes.edu.ec\/sitio\/wp-content\/uploads\/2022\/07\/logo-ua-horizontal.png","width":800,"height":276,"caption":"Universidad de las Artes"},"image":{"@id":"https:\/\/www.uartes.edu.ec\/sitio\/en\/#\/schema\/logo\/image\/"},"sameAs":["https:\/\/www.facebook.com\/uartesec","https:\/\/x.com\/uartesec","https:\/\/www.tiktok.com\/@uartesec"]}]}},"uagb_featured_image_src":{"full":false,"thumbnail":false,"medium":false,"medium_large":false,"large":false,"1536x1536":false,"2048x2048":false,"trp-custom-language-flag":false,"htmega_size_585x295":false,"htmega_size_1170x536":false,"htmega_size_396x360":false,"gb-block-post-grid-landscape":false,"gb-block-post-grid-square":false,"university-hub-thumb":false},"uagb_author_info":{"display_name":"Universidad de las Artes","author_link":"https:\/\/www.uartes.edu.ec\/sitio\/en\/blog\/author\/dircomadm\/"},"uagb_comment_info":0,"uagb_excerpt":"Bryan ZambranoProducci\u00f3n Musical Andrea AbadArtes Musicales Valeria NavarroLiteratura Roger L\u00f3pezCine Orlym MejiaProducci\u00f3n Musical (Alterno) Cindy ZambranoArtes Musicales (Alterno) Ana Paula CoronelLiteratura (Alterno) Briggitte LaraCine (Alterno) Natalia ManzabaArtes Visuales Jorge AlcoserTeatro Jean Carlos \u00c1vilaPedagog\u00eda en Artes Laising ChingDanza Mayerli CastroArtes Visuales (Alterno) Artemis PinTeatro (Alterno) Camila PorrasPedagog\u00eda en Artes (Alterno) Ximena PachecoDanza (Alterno)","featured_image_src":null,"featured_image_src_square":null,"publishpress_future_action":{"enabled":false,"date":"2026-05-08 07:12:46","action":"change-status","newStatus":"draft","terms":[],"taxonomy":"","extraData":[]},"publishpress_future_workflow_manual_trigger":{"enabledWorkflows":[]},"distributor_meta":false,"distributor_terms":false,"distributor_media":false,"distributor_original_site_name":"Universidad de las Artes","distributor_original_site_url":"https:\/\/www.uartes.edu.ec\/sitio\/en","push-errors":false,"_links":{"self":[{"href":"https:\/\/www.uartes.edu.ec\/sitio\/en\/wp-json\/wp\/v2\/pages\/56067","targetHints":{"allow":["GET"]}}],"collection":[{"href":"https:\/\/www.uartes.edu.ec\/sitio\/en\/wp-json\/wp\/v2\/pages"}],"about":[{"href":"https:\/\/www.uartes.edu.ec\/sitio\/en\/wp-json\/wp\/v2\/types\/page"}],"author":[{"embeddable":true,"href":"https:\/\/www.uartes.edu.ec\/sitio\/en\/wp-json\/wp\/v2\/users\/1"}],"replies":[{"embeddable":true,"href":"https:\/\/www.uartes.edu.ec\/sitio\/en\/wp-json\/wp\/v2\/comments?post=56067"}],"version-history":[{"count":14,"href":"https:\/\/www.uartes.edu.ec\/sitio\/en\/wp-json\/wp\/v2\/pages\/56067\/revisions"}],"predecessor-version":[{"id":56928,"href":"https:\/\/www.uartes.edu.ec\/sitio\/en\/wp-json\/wp\/v2\/pages\/56067\/revisions\/56928"}],"up":[{"embeddable":true,"href":"https:\/\/www.uartes.edu.ec\/sitio\/en\/wp-json\/wp\/v2\/pages\/4403"}],"wp:attachment":[{"href":"https:\/\/www.uartes.edu.ec\/sitio\/en\/wp-json\/wp\/v2\/media?parent=56067"}],"curies":[{"name":"wp","href":"https:\/\/api.w.org\/{rel}","templated":true}]}}