{"id":64784,"date":"2024-11-18T16:26:16","date_gmt":"2024-11-18T21:26:16","guid":{"rendered":"https:\/\/www.uartes.edu.ec\/sitio\/la-universidad\/estudiantes\/bienestar-universitario\/convivencia-universitaria\/"},"modified":"2025-05-08T16:51:20","modified_gmt":"2025-05-08T21:51:20","slug":"convivencia-universitaria","status":"publish","type":"page","link":"https:\/\/www.uartes.edu.ec\/sitio\/en\/la-universidad\/estudiantes\/bienestar-universitario\/convivencia-universitaria\/","title":{"rendered":"Convivencia universitaria"},"content":{"rendered":"<p>Cualquier miembro de la comunidad universitaria que se considere afectado o que llegar\u00e9 a tener conocimiento de hechos que considere configuran una falta deber\u00e1 presentar la denuncia ante la Secretar\u00eda de Bienestar Universitario.<\/p>\n\n\n\n<h3 class=\"wp-block-heading\">Gesti\u00f3n de denuncias de acoso, discriminaci\u00f3n y violencia basada en&nbsp;g\u00e9nero y orientaci\u00f3n sexual<\/h3>\n\n\n\n<p>La Secretar\u00eda de Bienestar Universitario receptar\u00e1 las denuncias relativas a hechos de los que se desprenda violencia o discriminaci\u00f3n f\u00edsica, psicol\u00f3gica o sexual basada en g\u00e9nero y sexualidad, sean puestos en su conocimiento por la v\u00edctima o por terceros.<\/p>\n\n\n\n<ul class=\"wp-block-list\">\n<li>La persona puede acerarse a la Secretar\u00eda de Bienestar Universitario para contar con asesor\u00eda y acompa\u00f1amiento sobre el proceso de denuncia.<\/li>\n\n\n\n<li>La\/el solicitante debe presentar la denuncia de manera presencial en la oficina de Secretar\u00eda de Bienestar Universitario o comunicarse a trav\u00e9s de correo a: <a href=\"mailto:trabajo.social@uartes.edu.ec\">trabajo.social@uartes.edu.ec<\/a> o mediante llamada telef\u00f3nica al 042590700 ext. 6003<\/li>\n<\/ul>\n\n\n\n<div style=\"height:30px\" aria-hidden=\"true\" class=\"wp-block-spacer\"><\/div>\n\n\n<div class='w3eden wpdm_package_shortcode'><!-- WPDM Link Template: Call to Action 1 -->\n\n<div class=\"well c2a1\">\n    <div class=\"media\">\n\n\n        <div class=\"media-body\">\n            <h3 class=\"media-heading\" style=\"padding-top: 0px;border:0px;margin: 0 0 5px 0;font-size:12pt;\"><a style=\"font-weight: 700\" href=\"https:\/\/www.uartes.edu.ec\/sitio\/en\/download\/ua-ocs-rso-2024-062\/\">UA-OCS-RSO-2024-062 - Protocolo de Prevenci\u00f3n y Actuaci\u00f3n en casos de acoso, discriminaci\u00f3n y violencia basada en g\u00e9nero y orientaci\u00f3n sexual<\/a> <span style=\"margin-left:30px;font-size:8pt;font-weight:300\"><i style=\"margin: 2px 0 0 5px;opacity:0.5\" class=\"fa fa-th-large\"><\/i> 3.25 MB <i style=\"margin: 2px 0 0 5px;opacity:0.5\" class=\"fa fa-download\"><\/i> 3305 downloads<\/span><\/h3>\n            \nArt\u00edculo Primero.- Aprobar el Protocolo de Prevenci\u00f3n y Actuaci\u00f3n en Casos de...\n        <\/div>\n\n        <div class=\"ml-3\" align=\"right\">\n            <a class='wpdm-download-link download-on-click btn btn-primary btn-sm'  rel='nofollow' href='#' data-downloadurl=\"https:\/\/www.uartes.edu.ec\/sitio\/en\/download\/ua-ocs-rso-2024-062\/?wpdmdl=63148&refresh=69f4b0a45a1371777643684\">Download<\/a>\n        <\/div>\n\n    <\/div>\n\n<\/div>\n<style>.well.c2a1 .btn.wpdm-download-link{ padding: 11px 30px;font-size: 11pt; } .well.c2a1 .media-body{ font-size: 11pt; }<\/style><\/div>\n\n\n<div class='w3eden wpdm_package_shortcode'><!-- WPDM Link Template: Call to Action 1 -->\n\n<div class=\"well c2a1\">\n    <div class=\"media\">\n\n\n        <div class=\"media-body\">\n            <h3 class=\"media-heading\" style=\"padding-top: 0px;border:0px;margin: 0 0 5px 0;font-size:12pt;\"><a style=\"font-weight: 700\" href=\"https:\/\/www.uartes.edu.ec\/sitio\/en\/download\/ua-ocs-rse-2o25-15\/\">UA-OCS-RSE-2O25-15 - Reforma del Protocolo de ADVG<\/a> <span style=\"margin-left:30px;font-size:8pt;font-weight:300\"><i style=\"margin: 2px 0 0 5px;opacity:0.5\" class=\"fa fa-th-large\"><\/i> 4.22 MB <i style=\"margin: 2px 0 0 5px;opacity:0.5\" class=\"fa fa-download\"><\/i> 2528 downloads<\/span><\/h3>\n            \n\u201cArt\u00edculo Primero.- Reformar la Resoluci\u00f3n No. UAOCS-RSO-2024-062, de fecha...\n        <\/div>\n\n        <div class=\"ml-3\" align=\"right\">\n            <a class='wpdm-download-link download-on-click btn btn-primary btn-sm'  rel='nofollow' href='#' data-downloadurl=\"https:\/\/www.uartes.edu.ec\/sitio\/en\/download\/ua-ocs-rse-2o25-15\/?wpdmdl=68703&refresh=69f4b0a5b485c1777643685\">Download<\/a>\n        <\/div>\n\n    <\/div>\n\n<\/div>\n<style>.well.c2a1 .btn.wpdm-download-link{ padding: 11px 30px;font-size: 11pt; } .well.c2a1 .media-body{ font-size: 11pt; }<\/style><\/div>\n\n\n<div class='w3eden wpdm_package_shortcode'><!-- WPDM Link Template: Call to Action 1 -->\n\n<div class=\"well c2a1\">\n    <div class=\"media\">\n\n\n        <div class=\"media-body\">\n            <h3 class=\"media-heading\" style=\"padding-top: 0px;border:0px;margin: 0 0 5px 0;font-size:12pt;\"><a style=\"font-weight: 700\" href=\"https:\/\/www.uartes.edu.ec\/sitio\/en\/download\/formato-de-denuncia-de-acoso-discriminacion-o-violencia-basada-en-genero-y-sexualidad\/\">Formato de Denuncia de acoso, discriminaci\u00f3n o violencia basada en g\u00e9nero y sexualidad<\/a> <span style=\"margin-left:30px;font-size:8pt;font-weight:300\"><i style=\"margin: 2px 0 0 5px;opacity:0.5\" class=\"fa fa-th-large\"><\/i> 107.96 KB <i style=\"margin: 2px 0 0 5px;opacity:0.5\" class=\"fa fa-download\"><\/i> 13640 downloads<\/span><\/h3>\n            ...\n        <\/div>\n\n        <div class=\"ml-3\" align=\"right\">\n            <a class='wpdm-download-link download-on-click btn btn-primary btn-sm'  rel='nofollow' href='#' data-downloadurl=\"https:\/\/www.uartes.edu.ec\/sitio\/en\/download\/formato-de-denuncia-de-acoso-discriminacion-o-violencia-basada-en-genero-y-sexualidad\/?wpdmdl=9206&refresh=69f4b0a718d6d1777643687\">Download<\/a>\n        <\/div>\n\n    <\/div>\n\n<\/div>\n<style>.well.c2a1 .btn.wpdm-download-link{ padding: 11px 30px;font-size: 11pt; } .well.c2a1 .media-body{ font-size: 11pt; }<\/style><\/div>\n\n\n\n<div style=\"height:30px\" aria-hidden=\"true\" class=\"wp-block-spacer\"><\/div>\n\n\n\n<h3 class=\"wp-block-heading\">Atenci\u00f3n y manejo de casos de conflictos enmarcados en el C\u00f3digo de \u00c9tica<\/h3>\n\n\n\n<p>Cualquier miembro de la comunidad universitaria que se considere afectado o que llegar\u00e9 a tener conocimiento de hechos que considere configuran una falta deber\u00e1 presentar la denuncia ante la Secretar\u00eda de Bienestar Universitario.<\/p>\n\n\n\n<ul class=\"wp-block-list\">\n<li>La persona puede acerarse a la Secretar\u00eda de Bienestar Universitario para contar con asesor\u00eda y acompa\u00f1amiento sobre el proceso de denuncia. <\/li>\n\n\n\n<li>La persona aludida presenta la denuncia en el formato referido para el efecto a trav\u00e9s de la unidad de Trabajo Social. <\/li>\n\n\n\n<li>La Secretar\u00eda de Bienestar Universitario aplica el protocolo conforme a la normativa.<\/li>\n<\/ul>\n\n\n\n<div style=\"height:30px\" aria-hidden=\"true\" class=\"wp-block-spacer\"><\/div>\n\n\n<div class='w3eden wpdm_package_shortcode'><!-- WPDM Link Template: Call to Action 1 -->\n\n<div class=\"well c2a1\">\n    <div class=\"media\">\n\n\n        <div class=\"media-body\">\n            <h3 class=\"media-heading\" style=\"padding-top: 0px;border:0px;margin: 0 0 5px 0;font-size:12pt;\"><a style=\"font-weight: 700\" href=\"https:\/\/www.uartes.edu.ec\/sitio\/en\/download\/ua-ocs-rso-2025-034\/\">UA-OCS-RSO-2025-034 - C\u00f3digo de \u00c9tica y Convivencia Universitaria<\/a> <span style=\"margin-left:30px;font-size:8pt;font-weight:300\"><i style=\"margin: 2px 0 0 5px;opacity:0.5\" class=\"fa fa-th-large\"><\/i> 6.58 MB <i style=\"margin: 2px 0 0 5px;opacity:0.5\" class=\"fa fa-download\"><\/i> 2432 downloads<\/span><\/h3>\n            \nArt\u00edculo Primero.- Aprobar la reforma al art\u00edculo 9, literal k) del C\u00f3digo de...\n        <\/div>\n\n        <div class=\"ml-3\" align=\"right\">\n            <a class='wpdm-download-link download-on-click btn btn-primary btn-sm'  rel='nofollow' href='#' data-downloadurl=\"https:\/\/www.uartes.edu.ec\/sitio\/en\/download\/ua-ocs-rso-2025-034\/?wpdmdl=71291&refresh=69f4b0a8641db1777643688\">Download<\/a>\n        <\/div>\n\n    <\/div>\n\n<\/div>\n<style>.well.c2a1 .btn.wpdm-download-link{ padding: 11px 30px;font-size: 11pt; } .well.c2a1 .media-body{ font-size: 11pt; }<\/style><\/div>\n\n\n<div class='w3eden wpdm_package_shortcode'><!-- WPDM Link Template: Call to Action 1 -->\n\n<div class=\"well c2a1\">\n    <div class=\"media\">\n\n\n        <div class=\"media-body\">\n            <h3 class=\"media-heading\" style=\"padding-top: 0px;border:0px;margin: 0 0 5px 0;font-size:12pt;\"><a style=\"font-weight: 700\" href=\"https:\/\/www.uartes.edu.ec\/sitio\/en\/download\/formato-de-denuncia-de-contravencion-del-codigo-de-etica\/\">Formato de denuncia De Contravenci\u00f3n del C\u00f3digo de \u00c9tica<\/a> <span style=\"margin-left:30px;font-size:8pt;font-weight:300\"><i style=\"margin: 2px 0 0 5px;opacity:0.5\" class=\"fa fa-th-large\"><\/i> 42.01 KB <i style=\"margin: 2px 0 0 5px;opacity:0.5\" class=\"fa fa-download\"><\/i> 1024 downloads<\/span><\/h3>\n            ...\n        <\/div>\n\n        <div class=\"ml-3\" align=\"right\">\n            <a class='wpdm-download-link download-on-click btn btn-primary btn-sm'  rel='nofollow' href='#' data-downloadurl=\"https:\/\/www.uartes.edu.ec\/sitio\/en\/download\/formato-de-denuncia-de-contravencion-del-codigo-de-etica\/?wpdmdl=64798&refresh=69f4b0a9b39d61777643689\">Download<\/a>\n        <\/div>\n\n    <\/div>\n\n<\/div>\n<style>.well.c2a1 .btn.wpdm-download-link{ padding: 11px 30px;font-size: 11pt; } .well.c2a1 .media-body{ font-size: 11pt; }<\/style><\/div>\n\n\n<div class='w3eden wpdm_package_shortcode'><!-- WPDM Link Template: Call to Action 1 -->\n\n<div class=\"well c2a1\">\n    <div class=\"media\">\n\n\n        <div class=\"media-body\">\n            <h3 class=\"media-heading\" style=\"padding-top: 0px;border:0px;margin: 0 0 5px 0;font-size:12pt;\"><a style=\"font-weight: 700\" href=\"https:\/\/www.uartes.edu.ec\/sitio\/en\/download\/ua-ocs-rse-2025-14\/\">UA-OCS-RSE-2025-14 - Reglamento de R\u00e9gimen Disciplinario<\/a> <span style=\"margin-left:30px;font-size:8pt;font-weight:300\"><i style=\"margin: 2px 0 0 5px;opacity:0.5\" class=\"fa fa-th-large\"><\/i> 7.05 MB <i style=\"margin: 2px 0 0 5px;opacity:0.5\" class=\"fa fa-download\"><\/i> 3328 downloads<\/span><\/h3>\n            \n\u201cArt\u00edculo Primero.- Aprobar el Reglamento de R\u00e9gimen Disciplinario de la Universidad...\n        <\/div>\n\n        <div class=\"ml-3\" align=\"right\">\n            <a class='wpdm-download-link download-on-click btn btn-primary btn-sm'  rel='nofollow' href='#' data-downloadurl=\"https:\/\/www.uartes.edu.ec\/sitio\/en\/download\/ua-ocs-rse-2025-14\/?wpdmdl=68704&refresh=69f4b0ab0b07b1777643691\">Download<\/a>\n        <\/div>\n\n    <\/div>\n\n<\/div>\n<style>.well.c2a1 .btn.wpdm-download-link{ padding: 11px 30px;font-size: 11pt; } .well.c2a1 .media-body{ font-size: 11pt; }<\/style><\/div>","protected":false},"excerpt":{"rendered":"<p>Cualquier miembro de la comunidad universitaria que se considere afectado o que llegar\u00e9 a tener conocimiento de hechos que considere configuran una falta deber\u00e1 presentar la denuncia ante la Secretar\u00eda de Bienestar Universitario. Gesti\u00f3n de denuncias de acoso, discriminaci\u00f3n y violencia basada en&nbsp;g\u00e9nero y orientaci\u00f3n sexual La Secretar\u00eda de Bienestar Universitario receptar\u00e1 las denuncias relativas [&hellip;]<\/p>\n","protected":false},"author":1,"featured_media":64895,"parent":62502,"menu_order":0,"comment_status":"closed","ping_status":"closed","template":"","meta":{"_acf_changed":false,"_uag_custom_page_level_css":"","_monsterinsights_skip_tracking":false,"_monsterinsights_sitenote_active":false,"_monsterinsights_sitenote_note":"","_monsterinsights_sitenote_category":0,"cybocfi_hide_featured_image":"","footnotes":""},"class_list":["post-64784","page","type-page","status-publish","has-post-thumbnail","hentry"],"acf":[],"yoast_head":"<!-- This site is optimized with the Yoast SEO plugin v27.4 - https:\/\/yoast.com\/product\/yoast-seo-wordpress\/ -->\n<title>Universidad de las Artes - Convivencia universitaria<\/title>\n<meta name=\"description\" content=\"Universidad de las Artes - Convivencia universitaria\" \/>\n<meta name=\"robots\" content=\"index, follow, max-snippet:-1, max-image-preview:large, max-video-preview:-1\" \/>\n<link rel=\"canonical\" href=\"https:\/\/www.uartes.edu.ec\/sitio\/en\/la-universidad\/estudiantes\/bienestar-universitario\/convivencia-universitaria\/\" \/>\n<meta property=\"og:locale\" content=\"en_US\" \/>\n<meta property=\"og:type\" content=\"article\" \/>\n<meta property=\"og:title\" content=\"Universidad de las Artes - Convivencia universitaria\" \/>\n<meta property=\"og:description\" content=\"Universidad de las Artes - Convivencia universitaria\" \/>\n<meta property=\"og:url\" content=\"https:\/\/www.uartes.edu.ec\/sitio\/en\/la-universidad\/estudiantes\/bienestar-universitario\/convivencia-universitaria\/\" \/>\n<meta property=\"og:site_name\" content=\"Universidad de las Artes\" \/>\n<meta property=\"article:publisher\" content=\"https:\/\/www.facebook.com\/uartesec\" \/>\n<meta property=\"article:modified_time\" content=\"2025-05-08T21:51:20+00:00\" \/>\n<meta property=\"og:image\" content=\"https:\/\/www.uartes.edu.ec\/sitio\/wp-content\/uploads\/2024\/11\/FOTO-INDICE-DE-SAMUEL.jpg\" \/>\n\t<meta property=\"og:image:width\" content=\"2000\" \/>\n\t<meta property=\"og:image:height\" content=\"1333\" \/>\n\t<meta property=\"og:image:type\" content=\"image\/jpeg\" \/>\n<meta name=\"twitter:card\" content=\"summary_large_image\" \/>\n<meta name=\"twitter:site\" content=\"@uartesec\" \/>\n<meta name=\"twitter:label1\" content=\"Est. reading time\" \/>\n\t<meta name=\"twitter:data1\" content=\"2 minutes\" \/>\n<script type=\"application\/ld+json\" class=\"yoast-schema-graph\">{\"@context\":\"https:\\\/\\\/schema.org\",\"@graph\":[{\"@type\":\"WebPage\",\"@id\":\"https:\\\/\\\/www.uartes.edu.ec\\\/sitio\\\/en\\\/la-universidad\\\/estudiantes\\\/bienestar-universitario\\\/convivencia-universitaria\\\/\",\"url\":\"https:\\\/\\\/www.uartes.edu.ec\\\/sitio\\\/en\\\/la-universidad\\\/estudiantes\\\/bienestar-universitario\\\/convivencia-universitaria\\\/\",\"name\":\"Universidad de las Artes - Convivencia universitaria\",\"isPartOf\":{\"@id\":\"https:\\\/\\\/www.uartes.edu.ec\\\/sitio\\\/en\\\/#website\"},\"primaryImageOfPage\":{\"@id\":\"https:\\\/\\\/www.uartes.edu.ec\\\/sitio\\\/en\\\/la-universidad\\\/estudiantes\\\/bienestar-universitario\\\/convivencia-universitaria\\\/#primaryimage\"},\"image\":{\"@id\":\"https:\\\/\\\/www.uartes.edu.ec\\\/sitio\\\/en\\\/la-universidad\\\/estudiantes\\\/bienestar-universitario\\\/convivencia-universitaria\\\/#primaryimage\"},\"thumbnailUrl\":\"https:\\\/\\\/www.uartes.edu.ec\\\/sitio\\\/wp-content\\\/uploads\\\/2024\\\/11\\\/FOTO-INDICE-DE-SAMUEL.jpg\",\"datePublished\":\"2024-11-18T21:26:16+00:00\",\"dateModified\":\"2025-05-08T21:51:20+00:00\",\"description\":\"Universidad de las Artes - Convivencia universitaria\",\"breadcrumb\":{\"@id\":\"https:\\\/\\\/www.uartes.edu.ec\\\/sitio\\\/en\\\/la-universidad\\\/estudiantes\\\/bienestar-universitario\\\/convivencia-universitaria\\\/#breadcrumb\"},\"inLanguage\":\"en-US\",\"potentialAction\":[{\"@type\":\"ReadAction\",\"target\":[\"https:\\\/\\\/www.uartes.edu.ec\\\/sitio\\\/en\\\/la-universidad\\\/estudiantes\\\/bienestar-universitario\\\/convivencia-universitaria\\\/\"]}]},{\"@type\":\"ImageObject\",\"inLanguage\":\"en-US\",\"@id\":\"https:\\\/\\\/www.uartes.edu.ec\\\/sitio\\\/en\\\/la-universidad\\\/estudiantes\\\/bienestar-universitario\\\/convivencia-universitaria\\\/#primaryimage\",\"url\":\"https:\\\/\\\/www.uartes.edu.ec\\\/sitio\\\/wp-content\\\/uploads\\\/2024\\\/11\\\/FOTO-INDICE-DE-SAMUEL.jpg\",\"contentUrl\":\"https:\\\/\\\/www.uartes.edu.ec\\\/sitio\\\/wp-content\\\/uploads\\\/2024\\\/11\\\/FOTO-INDICE-DE-SAMUEL.jpg\",\"width\":2000,\"height\":1333},{\"@type\":\"BreadcrumbList\",\"@id\":\"https:\\\/\\\/www.uartes.edu.ec\\\/sitio\\\/en\\\/la-universidad\\\/estudiantes\\\/bienestar-universitario\\\/convivencia-universitaria\\\/#breadcrumb\",\"itemListElement\":[{\"@type\":\"ListItem\",\"position\":1,\"name\":\"Inicio\",\"item\":\"https:\\\/\\\/www.uartes.edu.ec\\\/sitio\\\/\"},{\"@type\":\"ListItem\",\"position\":2,\"name\":\"Universidad de las Artes\",\"item\":\"https:\\\/\\\/www.uartes.edu.ec\\\/sitio\\\/\"},{\"@type\":\"ListItem\",\"position\":3,\"name\":\"Estudiantes\",\"item\":\"https:\\\/\\\/www.uartes.edu.ec\\\/sitio\\\/la-universidad\\\/estudiantes\\\/\"},{\"@type\":\"ListItem\",\"position\":4,\"name\":\"Bienestar Universitario\",\"item\":\"https:\\\/\\\/www.uartes.edu.ec\\\/sitio\\\/bienestar-universitario\\\/\"},{\"@type\":\"ListItem\",\"position\":5,\"name\":\"Convivencia universitaria\"}]},{\"@type\":\"WebSite\",\"@id\":\"https:\\\/\\\/www.uartes.edu.ec\\\/sitio\\\/en\\\/#website\",\"url\":\"https:\\\/\\\/www.uartes.edu.ec\\\/sitio\\\/en\\\/\",\"name\":\"Universidad de las Artes\",\"description\":\"Sitio oficial de la Universidad Nacional de las Artes del Ecuador\",\"publisher\":{\"@id\":\"https:\\\/\\\/www.uartes.edu.ec\\\/sitio\\\/en\\\/#organization\"},\"potentialAction\":[{\"@type\":\"SearchAction\",\"target\":{\"@type\":\"EntryPoint\",\"urlTemplate\":\"https:\\\/\\\/www.uartes.edu.ec\\\/sitio\\\/en\\\/?s={search_term_string}\"},\"query-input\":{\"@type\":\"PropertyValueSpecification\",\"valueRequired\":true,\"valueName\":\"search_term_string\"}}],\"inLanguage\":\"en-US\"},{\"@type\":\"Organization\",\"@id\":\"https:\\\/\\\/www.uartes.edu.ec\\\/sitio\\\/en\\\/#organization\",\"name\":\"Universidad de las Artes\",\"url\":\"https:\\\/\\\/www.uartes.edu.ec\\\/sitio\\\/en\\\/\",\"logo\":{\"@type\":\"ImageObject\",\"inLanguage\":\"en-US\",\"@id\":\"https:\\\/\\\/www.uartes.edu.ec\\\/sitio\\\/en\\\/#\\\/schema\\\/logo\\\/image\\\/\",\"url\":\"https:\\\/\\\/www.uartes.edu.ec\\\/sitio\\\/wp-content\\\/uploads\\\/2022\\\/07\\\/logo-ua-horizontal.png\",\"contentUrl\":\"https:\\\/\\\/www.uartes.edu.ec\\\/sitio\\\/wp-content\\\/uploads\\\/2022\\\/07\\\/logo-ua-horizontal.png\",\"width\":800,\"height\":276,\"caption\":\"Universidad de las Artes\"},\"image\":{\"@id\":\"https:\\\/\\\/www.uartes.edu.ec\\\/sitio\\\/en\\\/#\\\/schema\\\/logo\\\/image\\\/\"},\"sameAs\":[\"https:\\\/\\\/www.facebook.com\\\/uartesec\",\"https:\\\/\\\/x.com\\\/uartesec\",\"https:\\\/\\\/www.tiktok.com\\\/@uartesec\"]}]}<\/script>\n<!-- \/ Yoast SEO plugin. -->","yoast_head_json":{"title":"Universidad de las Artes - Convivencia universitaria","description":"Universidad de las Artes - Convivencia universitaria","robots":{"index":"index","follow":"follow","max-snippet":"max-snippet:-1","max-image-preview":"max-image-preview:large","max-video-preview":"max-video-preview:-1"},"canonical":"https:\/\/www.uartes.edu.ec\/sitio\/en\/la-universidad\/estudiantes\/bienestar-universitario\/convivencia-universitaria\/","og_locale":"en_US","og_type":"article","og_title":"Universidad de las Artes - Convivencia universitaria","og_description":"Universidad de las Artes - Convivencia universitaria","og_url":"https:\/\/www.uartes.edu.ec\/sitio\/en\/la-universidad\/estudiantes\/bienestar-universitario\/convivencia-universitaria\/","og_site_name":"Universidad de las Artes","article_publisher":"https:\/\/www.facebook.com\/uartesec","article_modified_time":"2025-05-08T21:51:20+00:00","og_image":[{"width":2000,"height":1333,"url":"https:\/\/www.uartes.edu.ec\/sitio\/wp-content\/uploads\/2024\/11\/FOTO-INDICE-DE-SAMUEL.jpg","type":"image\/jpeg"}],"twitter_card":"summary_large_image","twitter_site":"@uartesec","twitter_misc":{"Est. reading time":"2 minutes"},"schema":{"@context":"https:\/\/schema.org","@graph":[{"@type":"WebPage","@id":"https:\/\/www.uartes.edu.ec\/sitio\/en\/la-universidad\/estudiantes\/bienestar-universitario\/convivencia-universitaria\/","url":"https:\/\/www.uartes.edu.ec\/sitio\/en\/la-universidad\/estudiantes\/bienestar-universitario\/convivencia-universitaria\/","name":"Universidad de las Artes - Convivencia universitaria","isPartOf":{"@id":"https:\/\/www.uartes.edu.ec\/sitio\/en\/#website"},"primaryImageOfPage":{"@id":"https:\/\/www.uartes.edu.ec\/sitio\/en\/la-universidad\/estudiantes\/bienestar-universitario\/convivencia-universitaria\/#primaryimage"},"image":{"@id":"https:\/\/www.uartes.edu.ec\/sitio\/en\/la-universidad\/estudiantes\/bienestar-universitario\/convivencia-universitaria\/#primaryimage"},"thumbnailUrl":"https:\/\/www.uartes.edu.ec\/sitio\/wp-content\/uploads\/2024\/11\/FOTO-INDICE-DE-SAMUEL.jpg","datePublished":"2024-11-18T21:26:16+00:00","dateModified":"2025-05-08T21:51:20+00:00","description":"Universidad de las Artes - Convivencia universitaria","breadcrumb":{"@id":"https:\/\/www.uartes.edu.ec\/sitio\/en\/la-universidad\/estudiantes\/bienestar-universitario\/convivencia-universitaria\/#breadcrumb"},"inLanguage":"en-US","potentialAction":[{"@type":"ReadAction","target":["https:\/\/www.uartes.edu.ec\/sitio\/en\/la-universidad\/estudiantes\/bienestar-universitario\/convivencia-universitaria\/"]}]},{"@type":"ImageObject","inLanguage":"en-US","@id":"https:\/\/www.uartes.edu.ec\/sitio\/en\/la-universidad\/estudiantes\/bienestar-universitario\/convivencia-universitaria\/#primaryimage","url":"https:\/\/www.uartes.edu.ec\/sitio\/wp-content\/uploads\/2024\/11\/FOTO-INDICE-DE-SAMUEL.jpg","contentUrl":"https:\/\/www.uartes.edu.ec\/sitio\/wp-content\/uploads\/2024\/11\/FOTO-INDICE-DE-SAMUEL.jpg","width":2000,"height":1333},{"@type":"BreadcrumbList","@id":"https:\/\/www.uartes.edu.ec\/sitio\/en\/la-universidad\/estudiantes\/bienestar-universitario\/convivencia-universitaria\/#breadcrumb","itemListElement":[{"@type":"ListItem","position":1,"name":"Inicio","item":"https:\/\/www.uartes.edu.ec\/sitio\/"},{"@type":"ListItem","position":2,"name":"Universidad de las Artes","item":"https:\/\/www.uartes.edu.ec\/sitio\/"},{"@type":"ListItem","position":3,"name":"Estudiantes","item":"https:\/\/www.uartes.edu.ec\/sitio\/la-universidad\/estudiantes\/"},{"@type":"ListItem","position":4,"name":"Bienestar Universitario","item":"https:\/\/www.uartes.edu.ec\/sitio\/bienestar-universitario\/"},{"@type":"ListItem","position":5,"name":"Convivencia universitaria"}]},{"@type":"WebSite","@id":"https:\/\/www.uartes.edu.ec\/sitio\/en\/#website","url":"https:\/\/www.uartes.edu.ec\/sitio\/en\/","name":"Universidad de las Artes","description":"Sitio oficial de la Universidad Nacional de las Artes del Ecuador","publisher":{"@id":"https:\/\/www.uartes.edu.ec\/sitio\/en\/#organization"},"potentialAction":[{"@type":"SearchAction","target":{"@type":"EntryPoint","urlTemplate":"https:\/\/www.uartes.edu.ec\/sitio\/en\/?s={search_term_string}"},"query-input":{"@type":"PropertyValueSpecification","valueRequired":true,"valueName":"search_term_string"}}],"inLanguage":"en-US"},{"@type":"Organization","@id":"https:\/\/www.uartes.edu.ec\/sitio\/en\/#organization","name":"Universidad de las Artes","url":"https:\/\/www.uartes.edu.ec\/sitio\/en\/","logo":{"@type":"ImageObject","inLanguage":"en-US","@id":"https:\/\/www.uartes.edu.ec\/sitio\/en\/#\/schema\/logo\/image\/","url":"https:\/\/www.uartes.edu.ec\/sitio\/wp-content\/uploads\/2022\/07\/logo-ua-horizontal.png","contentUrl":"https:\/\/www.uartes.edu.ec\/sitio\/wp-content\/uploads\/2022\/07\/logo-ua-horizontal.png","width":800,"height":276,"caption":"Universidad de las Artes"},"image":{"@id":"https:\/\/www.uartes.edu.ec\/sitio\/en\/#\/schema\/logo\/image\/"},"sameAs":["https:\/\/www.facebook.com\/uartesec","https:\/\/x.com\/uartesec","https:\/\/www.tiktok.com\/@uartesec"]}]}},"uagb_featured_image_src":{"full":["https:\/\/www.uartes.edu.ec\/sitio\/wp-content\/uploads\/2024\/11\/FOTO-INDICE-DE-SAMUEL.jpg",2000,1333,false],"thumbnail":["https:\/\/www.uartes.edu.ec\/sitio\/wp-content\/uploads\/2024\/11\/FOTO-INDICE-DE-SAMUEL-150x150.jpg",150,150,true],"medium":["https:\/\/www.uartes.edu.ec\/sitio\/wp-content\/uploads\/2024\/11\/FOTO-INDICE-DE-SAMUEL-300x200.jpg",300,200,true],"medium_large":["https:\/\/www.uartes.edu.ec\/sitio\/wp-content\/uploads\/2024\/11\/FOTO-INDICE-DE-SAMUEL-768x512.jpg",768,512,true],"large":["https:\/\/www.uartes.edu.ec\/sitio\/wp-content\/uploads\/2024\/11\/FOTO-INDICE-DE-SAMUEL-644x429.jpg",644,429,true],"1536x1536":["https:\/\/www.uartes.edu.ec\/sitio\/wp-content\/uploads\/2024\/11\/FOTO-INDICE-DE-SAMUEL-1536x1024.jpg",1536,1024,true],"2048x2048":["https:\/\/www.uartes.edu.ec\/sitio\/wp-content\/uploads\/2024\/11\/FOTO-INDICE-DE-SAMUEL.jpg",2000,1333,false],"trp-custom-language-flag":["https:\/\/www.uartes.edu.ec\/sitio\/wp-content\/uploads\/2024\/11\/FOTO-INDICE-DE-SAMUEL-18x12.jpg",18,12,true],"htmega_size_585x295":["https:\/\/www.uartes.edu.ec\/sitio\/wp-content\/uploads\/2024\/11\/FOTO-INDICE-DE-SAMUEL-585x295.jpg",585,295,true],"htmega_size_1170x536":["https:\/\/www.uartes.edu.ec\/sitio\/wp-content\/uploads\/2024\/11\/FOTO-INDICE-DE-SAMUEL-1170x536.jpg",1170,536,true],"htmega_size_396x360":["https:\/\/www.uartes.edu.ec\/sitio\/wp-content\/uploads\/2024\/11\/FOTO-INDICE-DE-SAMUEL-396x360.jpg",396,360,true],"gb-block-post-grid-landscape":["https:\/\/www.uartes.edu.ec\/sitio\/wp-content\/uploads\/2024\/11\/FOTO-INDICE-DE-SAMUEL-600x400.jpg",600,400,true],"gb-block-post-grid-square":["https:\/\/www.uartes.edu.ec\/sitio\/wp-content\/uploads\/2024\/11\/FOTO-INDICE-DE-SAMUEL-600x600.jpg",600,600,true],"university-hub-thumb":["https:\/\/www.uartes.edu.ec\/sitio\/wp-content\/uploads\/2024\/11\/FOTO-INDICE-DE-SAMUEL-400x267.jpg",400,267,true]},"uagb_author_info":{"display_name":"Universidad de las Artes","author_link":"https:\/\/www.uartes.edu.ec\/sitio\/en\/blog\/author\/dircomadm\/"},"uagb_comment_info":0,"uagb_excerpt":"Cualquier miembro de la comunidad universitaria que se considere afectado o que llegar\u00e9 a tener conocimiento de hechos que considere configuran una falta deber\u00e1 presentar la denuncia ante la Secretar\u00eda de Bienestar Universitario. Gesti\u00f3n de denuncias de acoso, discriminaci\u00f3n y violencia basada en&nbsp;g\u00e9nero y orientaci\u00f3n sexual La Secretar\u00eda de Bienestar Universitario receptar\u00e1 las denuncias relativas&hellip;","featured_image_src":"https:\/\/www.uartes.edu.ec\/sitio\/wp-content\/uploads\/2024\/11\/FOTO-INDICE-DE-SAMUEL-600x400.jpg","featured_image_src_square":"https:\/\/www.uartes.edu.ec\/sitio\/wp-content\/uploads\/2024\/11\/FOTO-INDICE-DE-SAMUEL-600x600.jpg","publishpress_future_action":{"enabled":false,"date":"2026-05-08 08:54:52","action":"change-status","newStatus":"draft","terms":[],"taxonomy":"","extraData":[]},"publishpress_future_workflow_manual_trigger":{"enabledWorkflows":[]},"distributor_meta":false,"distributor_terms":false,"distributor_media":false,"distributor_original_site_name":"Universidad de las Artes","distributor_original_site_url":"https:\/\/www.uartes.edu.ec\/sitio\/en","push-errors":false,"_links":{"self":[{"href":"https:\/\/www.uartes.edu.ec\/sitio\/en\/wp-json\/wp\/v2\/pages\/64784","targetHints":{"allow":["GET"]}}],"collection":[{"href":"https:\/\/www.uartes.edu.ec\/sitio\/en\/wp-json\/wp\/v2\/pages"}],"about":[{"href":"https:\/\/www.uartes.edu.ec\/sitio\/en\/wp-json\/wp\/v2\/types\/page"}],"author":[{"embeddable":true,"href":"https:\/\/www.uartes.edu.ec\/sitio\/en\/wp-json\/wp\/v2\/users\/1"}],"replies":[{"embeddable":true,"href":"https:\/\/www.uartes.edu.ec\/sitio\/en\/wp-json\/wp\/v2\/comments?post=64784"}],"version-history":[{"count":15,"href":"https:\/\/www.uartes.edu.ec\/sitio\/en\/wp-json\/wp\/v2\/pages\/64784\/revisions"}],"predecessor-version":[{"id":71309,"href":"https:\/\/www.uartes.edu.ec\/sitio\/en\/wp-json\/wp\/v2\/pages\/64784\/revisions\/71309"}],"up":[{"embeddable":true,"href":"https:\/\/www.uartes.edu.ec\/sitio\/en\/wp-json\/wp\/v2\/pages\/62502"}],"wp:featuredmedia":[{"embeddable":true,"href":"https:\/\/www.uartes.edu.ec\/sitio\/en\/wp-json\/wp\/v2\/media\/64895"}],"wp:attachment":[{"href":"https:\/\/www.uartes.edu.ec\/sitio\/en\/wp-json\/wp\/v2\/media?parent=64784"}],"curies":[{"name":"wp","href":"https:\/\/api.w.org\/{rel}","templated":true}]}}