{"id":67749,"date":"2025-01-30T15:00:19","date_gmt":"2025-01-30T20:00:19","guid":{"rendered":"https:\/\/www.uartes.edu.ec\/sitio\/la-universidad\/institucional\/estimulo-a-la-docencia\/"},"modified":"2025-01-30T16:00:05","modified_gmt":"2025-01-30T21:00:05","slug":"estimulo-a-la-docencia","status":"publish","type":"page","link":"https:\/\/www.uartes.edu.ec\/sitio\/en\/la-universidad\/institucional\/estimulo-a-la-docencia\/","title":{"rendered":"Est\u00edmulo a la docencia"},"content":{"rendered":"<p>La comisi\u00f3n de est\u00edmulos de la Universidad de las Artes mediante ACTA NRO. UA-CE-SO-2025-001, resuelve conceder el est\u00edmulo a la docencia al personal acad\u00e9mico obtenido consecutivamente a lo largo de tres (3) evaluaciones integrales, m\u00e1s del noventa por ciento (90%) de puntuaci\u00f3n en cada una de las evaluaciones peri\u00f3dicas integrales, a las y los siguientes integrantes del personal acad\u00e9mico y de apoyo acad\u00e9mico:<\/p>\n\n\n\n<div style=\"height:40px\" aria-hidden=\"true\" class=\"wp-block-spacer\"><\/div>\n\n\n\n<ol class=\"wp-block-list\" style=\"column-count:2;\">\n\n<li>Aguirre Mart\u00ednez Pricila Mar\u00eda<\/li>\n\n\n<li>Aill\u00f3n Valverde Miguel Hern\u00e1n<\/li>\n\n\n<li>Alvarado L\u00f3pez Marco Antonio<\/li>\n\n\n<li>Andrade Briones Jos\u00e9 Antonio<\/li>\n\n\n<li>Aranda Garc\u00eda Mar\u00eda Del Pilar<\/li>\n\n\n<li>Arcos Soto Abel<\/li>\n\n\n<li>Astaiza Vallejo Andrey Mijail<\/li>\n\n\n<li>Aycart Larrea Jorge Alfredo<\/li>\n\n\n<li>Benavides Sol\u00e1 Juan Francisco<\/li>\n\n\n<li>Brice\u00f1o Linares Ybelice<\/li>\n\n\n<li>Busquets Carballo Armando Agust\u00edn<\/li>\n\n\n<li>Caguana Reino Juan Christian<\/li>\n\n\n<li>Cajiao Oviedo Luis Miguel<\/li>\n\n\n<li>Cantos Castro Cindy Catherine<\/li>\n\n\n<li>Cardoso Teran Pablo Andres<\/li>\n\n\n<li>Carrillo Rosero Ana Mar\u00eda<\/li>\n\n\n<li>Cevallos Lecaro Zoila Colombia<\/li>\n\n\n<li>Cevallos Trujillo Byron David<\/li>\n\n\n<li>Cheung Ru\u00edz Meining Marcela<\/li>\n\n\n<li>Cino Alvear Maritza Marieta<\/li>\n\n\n<li>Corral Escudero Ana Camila<\/li>\n\n\n<li>Delgado Espinoza Sandra Lorena<\/li>\n\n\n<li>De Los Reyes L\u00f3pez Barri David Buenaventura<\/li>\n\n\n<li>Duarte Pila Yanella<\/li>\n\n\n<li>Espa\u00f1a Mu\u00f1oz Siomara Benedicta<\/li>\n\n\n<li>Febres Cordero Carlo Gloria Rebeca<\/li>\n\n\n<li>Flores Velasco Jorge Antonio<\/li>\n\n\n<li>Foster Maxwell Mc Clure<\/li>\n\n\n<li>Franco Cortez Juan Carlos<\/li>\n\n\n<li>Gavilanes Rivadeneira Mar\u00eda Del Pilar<\/li>\n\n\n<li>Gonz\u00e1lez Guti\u00e9rrez Leslie Daniela<\/li>\n\n\n<li>Hern\u00e1ndez Silva William<\/li>\n\n<\/ol>\n\n\n\n<div style=\"height:40px\" aria-hidden=\"true\" class=\"wp-block-spacer\"><\/div>\n\n\n\n<h3 class=\"wp-block-heading\">Sobre el proceso de est\u00edmulos<\/h3>\n\n\n<section class='__wpdm_gb_section __wpdm_gb_package'><div class='w3eden wpdm_package_shortcode'><!-- WPDM Link Template: Call to Action 3 -->\n\n<div class=\"well c2a3\">\n    <div class=\"media\">\n        <div class=\"mr-3\" align=\"left\">\n            <img decoding=\"async\" class=\"wpdm_icon\" alt=\"Icon\" src=\"https:\/\/www.uartes.edu.ec\/sitio\/wp-content\/plugins\/download-manager\/assets\/file-type-icons\/pdf.svg\" \/>\n        <\/div>\n        <div class=\"media-body\">\n            <h3 class=\"media-heading\" style=\"padding-top: 0px;border:0px;margin: 0 0 5px 0;font-size:12pt;\">\n                <a style=\"font-weight: 700\" href=\"https:\/\/www.uartes.edu.ec\/sitio\/en\/download\/resultados-del-proceso-de-estimulos-reconocimiento-y-reconocimientos-especiales\/\">Resultados del proceso de est\u00edmulos, reconocimiento y reconocimientos especiales<\/a>\n                <span style=\"font-size:8pt;font-weight:300\" class=\"text-muted ml-4\">\n                    <i class=\"fas fa-hdd mr-1\"><\/i> 148.68 KB\n                    <i class=\"ml-3 far fa-arrow-alt-circle-down mr-1\"><\/i> 757 downloads\n                <\/span>\n            <\/h3>\n            &#8230;\n        <\/div>\n        <div class=\"ml-3\" align=\"right\">\n            <a class='wpdm-download-link download-on-click btn btn-primary btn-sm'  rel='nofollow' href='#' data-downloadurl=\"https:\/\/www.uartes.edu.ec\/sitio\/en\/download\/resultados-del-proceso-de-estimulos-reconocimiento-y-reconocimientos-especiales\/?wpdmdl=67752&#038;refresh=69f49522bce401777636642\">Download<\/a>\n        <\/div>\n    <\/div>\n\n<\/div>\n<style>\n    .well.c2a3 .btn {\n        padding: 11px 30px;\n        font-size: 11pt;\n    }\n\n    .well.c2a3 .media-body {\n        font-size: 11pt;\n    }\n\n    .well.c2a3 .wpdm_icon {\n        height: 42px;\n        width: auto;\n    }<\/style>\n<\/div><\/section>","protected":false},"excerpt":{"rendered":"<p>La comisi\u00f3n de est\u00edmulos de la Universidad de las Artes mediante ACTA NRO. UA-CE-SO-2025-001, resuelve conceder el est\u00edmulo a la docencia al personal acad\u00e9mico obtenido consecutivamente a lo largo de tres (3) evaluaciones integrales, m\u00e1s del noventa por ciento (90%) de puntuaci\u00f3n en cada una de las evaluaciones peri\u00f3dicas integrales, a las y los siguientes [&hellip;]<\/p>\n","protected":false},"author":1,"featured_media":0,"parent":4149,"menu_order":13,"comment_status":"closed","ping_status":"closed","template":"","meta":{"_acf_changed":false,"_uag_custom_page_level_css":"","_monsterinsights_skip_tracking":false,"_monsterinsights_sitenote_active":false,"_monsterinsights_sitenote_note":"","_monsterinsights_sitenote_category":0,"cybocfi_hide_featured_image":"","footnotes":""},"class_list":["post-67749","page","type-page","status-publish","hentry"],"acf":[],"yoast_head":"<!-- This site is optimized with the Yoast SEO plugin v27.4 - https:\/\/yoast.com\/product\/yoast-seo-wordpress\/ -->\n<title>Universidad de las Artes - Est\u00edmulo a la docencia<\/title>\n<meta name=\"description\" content=\"Universidad de las Artes - Est\u00edmulo a la docencia\" \/>\n<meta name=\"robots\" content=\"index, follow, max-snippet:-1, max-image-preview:large, max-video-preview:-1\" \/>\n<link rel=\"canonical\" href=\"https:\/\/www.uartes.edu.ec\/sitio\/en\/la-universidad\/institucional\/estimulo-a-la-docencia\/\" \/>\n<meta property=\"og:locale\" content=\"en_US\" \/>\n<meta property=\"og:type\" content=\"article\" \/>\n<meta property=\"og:title\" content=\"Universidad de las Artes - Est\u00edmulo a la docencia\" \/>\n<meta property=\"og:description\" content=\"Universidad de las Artes - Est\u00edmulo a la docencia\" \/>\n<meta property=\"og:url\" content=\"https:\/\/www.uartes.edu.ec\/sitio\/en\/la-universidad\/institucional\/estimulo-a-la-docencia\/\" \/>\n<meta property=\"og:site_name\" content=\"Universidad de las Artes\" \/>\n<meta property=\"article:publisher\" content=\"https:\/\/www.facebook.com\/uartesec\" \/>\n<meta property=\"article:modified_time\" content=\"2025-01-30T21:00:05+00:00\" \/>\n<meta name=\"twitter:card\" content=\"summary_large_image\" \/>\n<meta name=\"twitter:site\" content=\"@uartesec\" \/>\n<meta name=\"twitter:label1\" content=\"Est. reading time\" \/>\n\t<meta name=\"twitter:data1\" content=\"1 minute\" \/>\n<script type=\"application\/ld+json\" class=\"yoast-schema-graph\">{\"@context\":\"https:\\\/\\\/schema.org\",\"@graph\":[{\"@type\":\"WebPage\",\"@id\":\"https:\\\/\\\/www.uartes.edu.ec\\\/sitio\\\/en\\\/la-universidad\\\/institucional\\\/estimulo-a-la-docencia\\\/\",\"url\":\"https:\\\/\\\/www.uartes.edu.ec\\\/sitio\\\/en\\\/la-universidad\\\/institucional\\\/estimulo-a-la-docencia\\\/\",\"name\":\"Universidad de las Artes - Est\u00edmulo a la docencia\",\"isPartOf\":{\"@id\":\"https:\\\/\\\/www.uartes.edu.ec\\\/sitio\\\/en\\\/#website\"},\"datePublished\":\"2025-01-30T20:00:19+00:00\",\"dateModified\":\"2025-01-30T21:00:05+00:00\",\"description\":\"Universidad de las Artes - Est\u00edmulo a la docencia\",\"breadcrumb\":{\"@id\":\"https:\\\/\\\/www.uartes.edu.ec\\\/sitio\\\/en\\\/la-universidad\\\/institucional\\\/estimulo-a-la-docencia\\\/#breadcrumb\"},\"inLanguage\":\"en-US\",\"potentialAction\":[{\"@type\":\"ReadAction\",\"target\":[\"https:\\\/\\\/www.uartes.edu.ec\\\/sitio\\\/en\\\/la-universidad\\\/institucional\\\/estimulo-a-la-docencia\\\/\"]}]},{\"@type\":\"BreadcrumbList\",\"@id\":\"https:\\\/\\\/www.uartes.edu.ec\\\/sitio\\\/en\\\/la-universidad\\\/institucional\\\/estimulo-a-la-docencia\\\/#breadcrumb\",\"itemListElement\":[{\"@type\":\"ListItem\",\"position\":1,\"name\":\"Inicio\",\"item\":\"https:\\\/\\\/www.uartes.edu.ec\\\/sitio\\\/\"},{\"@type\":\"ListItem\",\"position\":2,\"name\":\"Universidad de las Artes\",\"item\":\"https:\\\/\\\/www.uartes.edu.ec\\\/sitio\\\/\"},{\"@type\":\"ListItem\",\"position\":3,\"name\":\"Institucional\",\"item\":\"https:\\\/\\\/www.uartes.edu.ec\\\/sitio\\\/la-universidad\\\/institucional\\\/\"},{\"@type\":\"ListItem\",\"position\":4,\"name\":\"Est\u00edmulo a la docencia\"}]},{\"@type\":\"WebSite\",\"@id\":\"https:\\\/\\\/www.uartes.edu.ec\\\/sitio\\\/en\\\/#website\",\"url\":\"https:\\\/\\\/www.uartes.edu.ec\\\/sitio\\\/en\\\/\",\"name\":\"Universidad de las Artes\",\"description\":\"Sitio oficial de la Universidad Nacional de las Artes del Ecuador\",\"publisher\":{\"@id\":\"https:\\\/\\\/www.uartes.edu.ec\\\/sitio\\\/en\\\/#organization\"},\"potentialAction\":[{\"@type\":\"SearchAction\",\"target\":{\"@type\":\"EntryPoint\",\"urlTemplate\":\"https:\\\/\\\/www.uartes.edu.ec\\\/sitio\\\/en\\\/?s={search_term_string}\"},\"query-input\":{\"@type\":\"PropertyValueSpecification\",\"valueRequired\":true,\"valueName\":\"search_term_string\"}}],\"inLanguage\":\"en-US\"},{\"@type\":\"Organization\",\"@id\":\"https:\\\/\\\/www.uartes.edu.ec\\\/sitio\\\/en\\\/#organization\",\"name\":\"Universidad de las Artes\",\"url\":\"https:\\\/\\\/www.uartes.edu.ec\\\/sitio\\\/en\\\/\",\"logo\":{\"@type\":\"ImageObject\",\"inLanguage\":\"en-US\",\"@id\":\"https:\\\/\\\/www.uartes.edu.ec\\\/sitio\\\/en\\\/#\\\/schema\\\/logo\\\/image\\\/\",\"url\":\"https:\\\/\\\/www.uartes.edu.ec\\\/sitio\\\/wp-content\\\/uploads\\\/2022\\\/07\\\/logo-ua-horizontal.png\",\"contentUrl\":\"https:\\\/\\\/www.uartes.edu.ec\\\/sitio\\\/wp-content\\\/uploads\\\/2022\\\/07\\\/logo-ua-horizontal.png\",\"width\":800,\"height\":276,\"caption\":\"Universidad de las Artes\"},\"image\":{\"@id\":\"https:\\\/\\\/www.uartes.edu.ec\\\/sitio\\\/en\\\/#\\\/schema\\\/logo\\\/image\\\/\"},\"sameAs\":[\"https:\\\/\\\/www.facebook.com\\\/uartesec\",\"https:\\\/\\\/x.com\\\/uartesec\",\"https:\\\/\\\/www.tiktok.com\\\/@uartesec\"]}]}<\/script>\n<!-- \/ Yoast SEO plugin. -->","yoast_head_json":{"title":"Universidad de las Artes - Est\u00edmulo a la docencia","description":"Universidad de las Artes - Est\u00edmulo a la docencia","robots":{"index":"index","follow":"follow","max-snippet":"max-snippet:-1","max-image-preview":"max-image-preview:large","max-video-preview":"max-video-preview:-1"},"canonical":"https:\/\/www.uartes.edu.ec\/sitio\/en\/la-universidad\/institucional\/estimulo-a-la-docencia\/","og_locale":"en_US","og_type":"article","og_title":"Universidad de las Artes - Est\u00edmulo a la docencia","og_description":"Universidad de las Artes - Est\u00edmulo a la docencia","og_url":"https:\/\/www.uartes.edu.ec\/sitio\/en\/la-universidad\/institucional\/estimulo-a-la-docencia\/","og_site_name":"Universidad de las Artes","article_publisher":"https:\/\/www.facebook.com\/uartesec","article_modified_time":"2025-01-30T21:00:05+00:00","twitter_card":"summary_large_image","twitter_site":"@uartesec","twitter_misc":{"Est. reading time":"1 minute"},"schema":{"@context":"https:\/\/schema.org","@graph":[{"@type":"WebPage","@id":"https:\/\/www.uartes.edu.ec\/sitio\/en\/la-universidad\/institucional\/estimulo-a-la-docencia\/","url":"https:\/\/www.uartes.edu.ec\/sitio\/en\/la-universidad\/institucional\/estimulo-a-la-docencia\/","name":"Universidad de las Artes - Est\u00edmulo a la docencia","isPartOf":{"@id":"https:\/\/www.uartes.edu.ec\/sitio\/en\/#website"},"datePublished":"2025-01-30T20:00:19+00:00","dateModified":"2025-01-30T21:00:05+00:00","description":"Universidad de las Artes - Est\u00edmulo a la docencia","breadcrumb":{"@id":"https:\/\/www.uartes.edu.ec\/sitio\/en\/la-universidad\/institucional\/estimulo-a-la-docencia\/#breadcrumb"},"inLanguage":"en-US","potentialAction":[{"@type":"ReadAction","target":["https:\/\/www.uartes.edu.ec\/sitio\/en\/la-universidad\/institucional\/estimulo-a-la-docencia\/"]}]},{"@type":"BreadcrumbList","@id":"https:\/\/www.uartes.edu.ec\/sitio\/en\/la-universidad\/institucional\/estimulo-a-la-docencia\/#breadcrumb","itemListElement":[{"@type":"ListItem","position":1,"name":"Inicio","item":"https:\/\/www.uartes.edu.ec\/sitio\/"},{"@type":"ListItem","position":2,"name":"Universidad de las Artes","item":"https:\/\/www.uartes.edu.ec\/sitio\/"},{"@type":"ListItem","position":3,"name":"Institucional","item":"https:\/\/www.uartes.edu.ec\/sitio\/la-universidad\/institucional\/"},{"@type":"ListItem","position":4,"name":"Est\u00edmulo a la docencia"}]},{"@type":"WebSite","@id":"https:\/\/www.uartes.edu.ec\/sitio\/en\/#website","url":"https:\/\/www.uartes.edu.ec\/sitio\/en\/","name":"Universidad de las Artes","description":"Sitio oficial de la Universidad Nacional de las Artes del Ecuador","publisher":{"@id":"https:\/\/www.uartes.edu.ec\/sitio\/en\/#organization"},"potentialAction":[{"@type":"SearchAction","target":{"@type":"EntryPoint","urlTemplate":"https:\/\/www.uartes.edu.ec\/sitio\/en\/?s={search_term_string}"},"query-input":{"@type":"PropertyValueSpecification","valueRequired":true,"valueName":"search_term_string"}}],"inLanguage":"en-US"},{"@type":"Organization","@id":"https:\/\/www.uartes.edu.ec\/sitio\/en\/#organization","name":"Universidad de las Artes","url":"https:\/\/www.uartes.edu.ec\/sitio\/en\/","logo":{"@type":"ImageObject","inLanguage":"en-US","@id":"https:\/\/www.uartes.edu.ec\/sitio\/en\/#\/schema\/logo\/image\/","url":"https:\/\/www.uartes.edu.ec\/sitio\/wp-content\/uploads\/2022\/07\/logo-ua-horizontal.png","contentUrl":"https:\/\/www.uartes.edu.ec\/sitio\/wp-content\/uploads\/2022\/07\/logo-ua-horizontal.png","width":800,"height":276,"caption":"Universidad de las Artes"},"image":{"@id":"https:\/\/www.uartes.edu.ec\/sitio\/en\/#\/schema\/logo\/image\/"},"sameAs":["https:\/\/www.facebook.com\/uartesec","https:\/\/x.com\/uartesec","https:\/\/www.tiktok.com\/@uartesec"]}]}},"uagb_featured_image_src":{"full":false,"thumbnail":false,"medium":false,"medium_large":false,"large":false,"1536x1536":false,"2048x2048":false,"trp-custom-language-flag":false,"htmega_size_585x295":false,"htmega_size_1170x536":false,"htmega_size_396x360":false,"gb-block-post-grid-landscape":false,"gb-block-post-grid-square":false,"university-hub-thumb":false},"uagb_author_info":{"display_name":"Universidad de las Artes","author_link":"https:\/\/www.uartes.edu.ec\/sitio\/en\/blog\/author\/dircomadm\/"},"uagb_comment_info":0,"uagb_excerpt":"La comisi\u00f3n de est\u00edmulos de la Universidad de las Artes mediante ACTA NRO. UA-CE-SO-2025-001, resuelve conceder el est\u00edmulo a la docencia al personal acad\u00e9mico obtenido consecutivamente a lo largo de tres (3) evaluaciones integrales, m\u00e1s del noventa por ciento (90%) de puntuaci\u00f3n en cada una de las evaluaciones peri\u00f3dicas integrales, a las y los siguientes&hellip;","featured_image_src":null,"featured_image_src_square":null,"publishpress_future_action":{"enabled":false,"date":"2026-05-08 06:57:24","action":"change-status","newStatus":"draft","terms":[],"taxonomy":"","extraData":[]},"publishpress_future_workflow_manual_trigger":{"enabledWorkflows":[]},"distributor_meta":false,"distributor_terms":false,"distributor_media":false,"distributor_original_site_name":"Universidad de las Artes","distributor_original_site_url":"https:\/\/www.uartes.edu.ec\/sitio\/en","push-errors":false,"_links":{"self":[{"href":"https:\/\/www.uartes.edu.ec\/sitio\/en\/wp-json\/wp\/v2\/pages\/67749","targetHints":{"allow":["GET"]}}],"collection":[{"href":"https:\/\/www.uartes.edu.ec\/sitio\/en\/wp-json\/wp\/v2\/pages"}],"about":[{"href":"https:\/\/www.uartes.edu.ec\/sitio\/en\/wp-json\/wp\/v2\/types\/page"}],"author":[{"embeddable":true,"href":"https:\/\/www.uartes.edu.ec\/sitio\/en\/wp-json\/wp\/v2\/users\/1"}],"replies":[{"embeddable":true,"href":"https:\/\/www.uartes.edu.ec\/sitio\/en\/wp-json\/wp\/v2\/comments?post=67749"}],"version-history":[{"count":5,"href":"https:\/\/www.uartes.edu.ec\/sitio\/en\/wp-json\/wp\/v2\/pages\/67749\/revisions"}],"predecessor-version":[{"id":67759,"href":"https:\/\/www.uartes.edu.ec\/sitio\/en\/wp-json\/wp\/v2\/pages\/67749\/revisions\/67759"}],"up":[{"embeddable":true,"href":"https:\/\/www.uartes.edu.ec\/sitio\/en\/wp-json\/wp\/v2\/pages\/4149"}],"wp:attachment":[{"href":"https:\/\/www.uartes.edu.ec\/sitio\/en\/wp-json\/wp\/v2\/media?parent=67749"}],"curies":[{"name":"wp","href":"https:\/\/api.w.org\/{rel}","templated":true}]}}