{"id":2628,"date":"2021-09-03T12:18:51","date_gmt":"2021-09-03T17:18:51","guid":{"rendered":"http:\/\/www.uartes.edu.ec\/sitio\/encuentroilia\/?page_id=2628"},"modified":"2024-07-04T09:50:12","modified_gmt":"2024-07-04T14:50:12","slug":"universos-sonoros","status":"publish","type":"page","link":"http:\/\/www.uartes.edu.ec\/sitio\/encuentroilia\/universos-sonoros\/","title":{"rendered":"Universos Sonoros"},"content":{"rendered":"\t\t<div data-elementor-type=\"wp-page\" data-elementor-id=\"2628\" class=\"elementor elementor-2628\" data-elementor-post-type=\"page\">\n\t\t\t\t\t\t<section class=\"elementor-section elementor-top-section elementor-element elementor-element-db09c12 elementor-section-boxed elementor-section-height-default elementor-section-height-default\" data-id=\"db09c12\" data-element_type=\"section\" data-e-type=\"section\" data-settings=\"{&quot;background_background&quot;:&quot;classic&quot;}\">\n\t\t\t\t\t\t<div class=\"elementor-container elementor-column-gap-default\">\n\t\t\t\t\t<div class=\"elementor-column elementor-col-100 elementor-top-column elementor-element elementor-element-ac1397e\" data-id=\"ac1397e\" data-element_type=\"column\" data-e-type=\"column\">\n\t\t\t<div class=\"elementor-widget-wrap elementor-element-populated\">\n\t\t\t\t\t\t<section class=\"elementor-section elementor-inner-section elementor-element elementor-element-7ff4b87 elementor-section-boxed elementor-section-height-default elementor-section-height-default\" data-id=\"7ff4b87\" data-element_type=\"section\" data-e-type=\"section\">\n\t\t\t\t\t\t<div class=\"elementor-container elementor-column-gap-default\">\n\t\t\t\t\t<div class=\"elementor-column elementor-col-50 elementor-inner-column elementor-element elementor-element-560e656\" data-id=\"560e656\" data-element_type=\"column\" data-e-type=\"column\">\n\t\t\t<div class=\"elementor-widget-wrap\">\n\t\t\t\t\t\t\t<\/div>\n\t\t<\/div>\n\t\t\t\t<div class=\"elementor-column elementor-col-50 elementor-inner-column elementor-element elementor-element-c478e12\" data-id=\"c478e12\" data-element_type=\"column\" data-e-type=\"column\">\n\t\t\t<div class=\"elementor-widget-wrap elementor-element-populated\">\n\t\t\t\t\t\t<div class=\"elementor-element elementor-element-9606cd9 elementor-widget elementor-widget-image\" data-id=\"9606cd9\" data-element_type=\"widget\" data-e-type=\"widget\" data-widget_type=\"image.default\">\n\t\t\t\t\t\t\t\t\t\t\t\t\t\t\t<img loading=\"lazy\" decoding=\"async\" width=\"300\" height=\"169\" src=\"https:\/\/www.uartes.edu.ec\/sitio\/encuentroilia\/wp-content\/uploads\/sites\/5\/2020\/06\/LOGO-VI-ENCUENTRO-WEB.webp\" class=\"attachment-medium size-medium wp-image-2098\" alt=\"\" \/>\t\t\t\t\t\t\t\t\t\t\t\t\t\t\t<\/div>\n\t\t\t\t\t<\/div>\n\t\t<\/div>\n\t\t\t\t\t<\/div>\n\t\t<\/section>\n\t\t\t\t<div class=\"elementor-element elementor-element-fe36e11 elementor-widget elementor-widget-heading\" data-id=\"fe36e11\" data-element_type=\"widget\" data-e-type=\"widget\" data-widget_type=\"heading.default\">\n\t\t\t\t\t<h2 class=\"elementor-heading-title elementor-size-xxl\">Universos Sonoros<\/h2>\t\t\t\t<\/div>\n\t\t\t\t\t<\/div>\n\t\t<\/div>\n\t\t\t\t\t<\/div>\n\t\t<\/section>\n\t\t\t\t<section class=\"elementor-section elementor-top-section elementor-element elementor-element-487ee87 elementor-section-boxed elementor-section-height-default elementor-section-height-default\" data-id=\"487ee87\" data-element_type=\"section\" data-e-type=\"section\" data-settings=\"{&quot;background_background&quot;:&quot;classic&quot;}\">\n\t\t\t\t\t\t<div class=\"elementor-container elementor-column-gap-default\">\n\t\t\t\t\t<div class=\"elementor-column elementor-col-100 elementor-top-column elementor-element elementor-element-721980d\" data-id=\"721980d\" data-element_type=\"column\" data-e-type=\"column\">\n\t\t\t<div class=\"elementor-widget-wrap elementor-element-populated\">\n\t\t\t\t\t\t<div class=\"elementor-element elementor-element-18c766a elementor-widget elementor-widget-image\" data-id=\"18c766a\" data-element_type=\"widget\" data-e-type=\"widget\" data-widget_type=\"image.default\">\n\t\t\t\t\t\t\t\t\t\t\t\t\t\t\t<img loading=\"lazy\" decoding=\"async\" width=\"2000\" height=\"1333\" src=\"https:\/\/www.uartes.edu.ec\/sitio\/encuentroilia\/wp-content\/uploads\/sites\/5\/2021\/09\/banners-PESTANA-US.webp\" class=\"attachment-full size-full wp-image-2670\" alt=\"\" \/>\t\t\t\t\t\t\t\t\t\t\t\t\t\t\t<\/div>\n\t\t\t\t\t<\/div>\n\t\t<\/div>\n\t\t\t\t\t<\/div>\n\t\t<\/section>\n\t\t\t\t<section class=\"elementor-section elementor-top-section elementor-element elementor-element-8a5b649 elementor-section-boxed elementor-section-height-default elementor-section-height-default\" data-id=\"8a5b649\" data-element_type=\"section\" data-e-type=\"section\" data-settings=\"{&quot;background_background&quot;:&quot;classic&quot;}\">\n\t\t\t\t\t\t<div class=\"elementor-container elementor-column-gap-default\">\n\t\t\t\t\t<div class=\"elementor-column elementor-col-100 elementor-top-column elementor-element elementor-element-da30007\" data-id=\"da30007\" data-element_type=\"column\" data-e-type=\"column\">\n\t\t\t<div class=\"elementor-widget-wrap elementor-element-populated\">\n\t\t\t\t\t\t<div class=\"elementor-element elementor-element-bffe6fd elementor-widget elementor-widget-text-editor\" data-id=\"bffe6fd\" data-element_type=\"widget\" data-e-type=\"widget\" data-widget_type=\"text-editor.default\">\n\t\t\t\t\t\t\t\t\t<blockquote><p>Queridas amigas y amigos de la EAS, bienvenidos a esta segunda edici\u00f3n de <strong>Universos Sonoros<\/strong>.\u00a0<\/p><p>Este espacio de convergencia art\u00edstica naci\u00f3 como el primer encuentro universitario de etnomusicolog\u00eda en el pa\u00eds en 2019 con la idea de conectar a todos los m\u00fasicos\/investigadores y que la comunidad pueda tener acceso a sus trabajos de investigaci\u00f3n etnomusicol\u00f3gica. En este a\u00f1o, Universos Sonoros se ancla en el ILIA y su encuentro anual para hacer un<em>\u00a0showcase <\/em>de algunos trabajos multidisciplinares de nuestros colegas docentes y nuestros estudiantes de la maestr\u00eda en Composici\u00f3n Musical.<\/p><p>La idea siempre ha sido conocer qu\u00e9 es lo que hacemos, escuchar las m\u00fasicas de otros, conocer las investigaciones de nuestros colegas, saber qu\u00e9 es lo que hemos hecho y queremos hacer dentro de una universidad curiosa y joven.\u00a0 Personalmente, no creo que necesitemos m\u00e1s plataformas de divulgaci\u00f3n, sino m\u00e1s bien una predisposici\u00f3n para saber qu\u00e9 es lo que los otros est\u00e1n investigando, darnos el tiempo de escuchar otras m\u00fasicas, y finalmente de escuchar otras narrativas, que son las de todos y todas. Les invito a disfrutar de esta programaci\u00f3n en una franja horaria especial para la EAS en la que nos encontraremos con sorpresas que dan cuenta de una escuela diversa, curiosa y libre como es la EAS.<\/p><\/blockquote><p style=\"text-align: right;\"><strong>Andrey Astaiza<\/strong><br \/><strong>Director de Escuela de Artes Sonoras<\/strong><\/p>\t\t\t\t\t\t\t\t<\/div>\n\t\t\t\t\t<\/div>\n\t\t<\/div>\n\t\t\t\t\t<\/div>\n\t\t<\/section>\n\t\t\t\t<section class=\"elementor-section elementor-top-section elementor-element elementor-element-84bef35 elementor-section-boxed elementor-section-height-default elementor-section-height-default\" data-id=\"84bef35\" data-element_type=\"section\" data-e-type=\"section\" data-settings=\"{&quot;background_background&quot;:&quot;classic&quot;}\">\n\t\t\t\t\t\t<div class=\"elementor-container elementor-column-gap-default\">\n\t\t\t\t\t<div class=\"elementor-column elementor-col-100 elementor-top-column elementor-element elementor-element-66d9a40\" data-id=\"66d9a40\" data-element_type=\"column\" data-e-type=\"column\">\n\t\t\t<div class=\"elementor-widget-wrap elementor-element-populated\">\n\t\t\t\t\t\t<div class=\"elementor-element elementor-element-33e54e8 elementor-widget elementor-widget-heading\" data-id=\"33e54e8\" data-element_type=\"widget\" data-e-type=\"widget\" data-widget_type=\"heading.default\">\n\t\t\t\t\t<h2 class=\"elementor-heading-title elementor-size-xxl\">Agenda<\/h2>\t\t\t\t<\/div>\n\t\t\t\t<div class=\"elementor-element elementor-element-b587ab3 elementor-tabs-alignment-center elementor-hidden-desktop elementor-hidden-tablet elementor-hidden-phone elementor-tabs-view-horizontal elementor-widget elementor-widget-tabs\" data-id=\"b587ab3\" data-element_type=\"widget\" data-e-type=\"widget\" data-widget_type=\"tabs.default\">\n\t\t\t\t\t\t\t<div class=\"elementor-tabs\">\n\t\t\t<div class=\"elementor-tabs-wrapper\" role=\"tablist\" >\n\t\t\t\t\t\t\t\t\t<div id=\"elementor-tab-title-1901\" class=\"elementor-tab-title elementor-tab-desktop-title\" aria-selected=\"true\" data-tab=\"1\" role=\"tab\" tabindex=\"0\" aria-controls=\"elementor-tab-content-1901\" aria-expanded=\"false\">General<\/div>\n\t\t\t\t\t\t\t\t\t<div id=\"elementor-tab-title-1902\" class=\"elementor-tab-title elementor-tab-desktop-title\" aria-selected=\"false\" data-tab=\"2\" role=\"tab\" tabindex=\"-1\" aria-controls=\"elementor-tab-content-1902\" aria-expanded=\"false\">Viernes 1<\/div>\n\t\t\t\t\t\t\t\t\t<div id=\"elementor-tab-title-1903\" class=\"elementor-tab-title elementor-tab-desktop-title\" aria-selected=\"false\" data-tab=\"3\" role=\"tab\" tabindex=\"-1\" aria-controls=\"elementor-tab-content-1903\" aria-expanded=\"false\">Lunes 4<\/div>\n\t\t\t\t\t\t\t\t\t<div id=\"elementor-tab-title-1904\" class=\"elementor-tab-title elementor-tab-desktop-title\" aria-selected=\"false\" data-tab=\"4\" role=\"tab\" tabindex=\"-1\" aria-controls=\"elementor-tab-content-1904\" aria-expanded=\"false\">Martes 5<\/div>\n\t\t\t\t\t\t\t\t\t<div id=\"elementor-tab-title-1905\" class=\"elementor-tab-title elementor-tab-desktop-title\" aria-selected=\"false\" data-tab=\"5\" role=\"tab\" tabindex=\"-1\" aria-controls=\"elementor-tab-content-1905\" aria-expanded=\"false\">Mi\u00e9rcoles 6<\/div>\n\t\t\t\t\t\t\t<\/div>\n\t\t\t<div class=\"elementor-tabs-content-wrapper\" role=\"tablist\" aria-orientation=\"vertical\">\n\t\t\t\t\t\t\t\t\t<div class=\"elementor-tab-title elementor-tab-mobile-title\" aria-selected=\"true\" data-tab=\"1\" role=\"tab\" tabindex=\"0\" aria-controls=\"elementor-tab-content-1901\" aria-expanded=\"false\">General<\/div>\n\t\t\t\t\t<div id=\"elementor-tab-content-1901\" class=\"elementor-tab-content elementor-clearfix\" data-tab=\"1\" role=\"tabpanel\" aria-labelledby=\"elementor-tab-title-1901\" tabindex=\"0\" hidden=\"false\"><p><a href=\"http:\/\/www.uartes.edu.ec\/sitio\/encuentroilia\/wp-content\/uploads\/sites\/5\/2021\/09\/AGENDA-UNIVERSOS-SONOROS-01.webp\"><img loading=\"lazy\" decoding=\"async\" src=\"http:\/\/www.uartes.edu.ec\/sitio\/encuentroilia\/wp-content\/uploads\/sites\/5\/2021\/09\/AGENDA-UNIVERSOS-SONOROS-01.webp\" alt=\"\" width=\"3200\" height=\"4108\" class=\"aligncenter wp-image-3256 size-full\" \/><\/a><\/p><h4 style=\"text-align: center;\"><a href=\"https:\/\/forms.gle\/WpGfgWDG75hrrMe59\">Inscr\u00edbete<\/a><\/h4><\/div>\n\t\t\t\t\t\t\t\t\t<div class=\"elementor-tab-title elementor-tab-mobile-title\" aria-selected=\"false\" data-tab=\"2\" role=\"tab\" tabindex=\"-1\" aria-controls=\"elementor-tab-content-1902\" aria-expanded=\"false\">Viernes 1<\/div>\n\t\t\t\t\t<div id=\"elementor-tab-content-1902\" class=\"elementor-tab-content elementor-clearfix\" data-tab=\"2\" role=\"tabpanel\" aria-labelledby=\"elementor-tab-title-1902\" tabindex=\"0\" hidden=\"hidden\"><h3><strong>Ivonne Jerez<\/strong><\/h3><p>Presenta un proyecto de investigaci\u00f3n para la Difusi\u00f3n de un manual de t\u00e9cnicas de grabaci\u00f3n para conjuntos de c\u00e1mara, a partir de un ana\u0301lisis de varias muestras reales grabadas en un estudio profesional.<\/p><h3><strong>Diego Benalc\u00e1zar<\/strong><\/h3><p>Presenta una ponencia sobre la reflexi\u00f3n y composici\u00f3n de la obra sonora que realiza en una residencia con el Centro Mexicano para la M\u00fasica y las Artes Sonoras, de M\u00e9xico, Esta obra se estren\u00f3 en la Minga Multimedia de Artes y Tecnolog\u00eda, en la UArtes y se estrenar\u00e1 en Visiones Sonoras 17, en M\u00e9xico.<\/p><h3><strong>Andr\u00e9s Noboa<\/strong><\/h3><p>Presenta <strong>La Mangosta Dorada<\/strong><\/p><p>Una obra escrita para tiorba, guitarra el\u00e9ctrica y guitarra ac\u00fastica con cuerdas de metal, Utiliza relatos fant\u00e1sticos como punto de partida para componer m\u00fasica para tres guitarras. Esta obra fue grabada en el estudio de Mz 14 de la UArtes. Participaron los docentes\u00a0<strong>Rub\u00e9n Riera<\/strong>, en la tiorba, y\u00a0<strong>David Villarreal <\/strong>en la guitarra el\u00e9ctrica.<\/p><h3><strong>Jenny Villafuerte<\/strong><\/h3><p>Presenta dos composiciones de corte pop donde aplica elementos del funk y el jazz, principalmente en la concepci\u00f3n arm\u00f3nica y en la elaboraci\u00f3n de melod\u00edas, dando como resultado una fusi\u00f3n innovadora en la primera d\u00e9cada del 2000. Estas dos composiciones forman parte del trabajo discogr\u00e1fico \u201cDa\u00f1ino\u201d (2016).<\/p><h3><strong>Dar\u00edo Buitr\u00f3n<\/strong><\/h3><p><strong>Proyecto de investigaci\u00f3n \u2018Dari Bomb\u2019<\/strong><\/p><p>Es un EP denominado <em>\u201cThe Shape of Ska to come\u201d:<\/em> Fusi\u00f3n musical del g\u00e9nero Bomba del Chota y ritmos tropicales, con caracter\u00edsticas sonoras del Ska. La transversalidad del proyecto se refleja en la puesta en escena, donde el productor es acompa\u00f1ado de una banda en vivo y una bailarina, buscando proyectar otros aspectos de la cultura del Chota.<\/p><\/div>\n\t\t\t\t\t\t\t\t\t<div class=\"elementor-tab-title elementor-tab-mobile-title\" aria-selected=\"false\" data-tab=\"3\" role=\"tab\" tabindex=\"-1\" aria-controls=\"elementor-tab-content-1903\" aria-expanded=\"false\">Lunes 4<\/div>\n\t\t\t\t\t<div id=\"elementor-tab-content-1903\" class=\"elementor-tab-content elementor-clearfix\" data-tab=\"3\" role=\"tabpanel\" aria-labelledby=\"elementor-tab-title-1903\" tabindex=\"0\" hidden=\"hidden\"><h3><strong>Ernesto Mora Queipo<\/strong><\/h3><p>Presenta un modelo bio psico emosocial como recurso epistemol\u00f3gico para la educaci\u00f3n musical, en colaboraci\u00f3n con Jean Carlos Gonz\u00e1lez Queipo.<\/p><p>Dicho modelo es un recurso para la investigaci\u00f3n hol\u00edstica que ilustra la experiencia biol\u00f3gica, ps\u00edquica, emocional y social del ser humano a trav\u00e9s de sus correlatos sonoros y musicales.<\/p><h3><strong>David Villarreal<\/strong><\/h3><p>Presenta un an\u00e1lisis del estilo de dos guitarristas influyentes en la guitarra el\u00e9ctrica: Eddie Van Halen y Eric Johnson, para estudiar sus aportes e ideas en la guitarra r\u00edtmica y como solistas.<\/p><h3><strong>Andrey Astaiza<\/strong><\/h3><p>Presenta &#8220;Sobresalto&#8221;, estrenada hace 6 meses por Danza Universitaria de la Universidad de Costa Rica. Es una composici\u00f3n colaborativa grabada en Quito con artistas docentes de Ecuador y Colombia. La producci\u00f3n estuvo a cargo de Diego Benalc\u00e1zar y la puesta en escena fue por Hazel Gonzalez, de Danza Universitaria, de la Universidad de Costa Rica.\u00a0<\/p><h3><strong>Andr\u00e9s Patricio Bracero Torres<\/strong><\/h3><p>Killa, con la participaci\u00f3n especial de Rafaela Medina en las voces. Es un proyecto que fusiona pop con sonoridades electr\u00f3nicas andinas y latinoamericanas y percusi\u00f3n afrochote\u00f1a.<\/p><\/div>\n\t\t\t\t\t\t\t\t\t<div class=\"elementor-tab-title elementor-tab-mobile-title\" aria-selected=\"false\" data-tab=\"4\" role=\"tab\" tabindex=\"-1\" aria-controls=\"elementor-tab-content-1904\" aria-expanded=\"false\">Martes 5<\/div>\n\t\t\t\t\t<div id=\"elementor-tab-content-1904\" class=\"elementor-tab-content elementor-clearfix\" data-tab=\"4\" role=\"tabpanel\" aria-labelledby=\"elementor-tab-title-1904\" tabindex=\"0\" hidden=\"hidden\"><h3><strong>Luis P\u00e9rez Valero<\/strong><\/h3><p><strong>\u00a0<\/strong>Presenta<strong> Prohibido pasar: obra en construcci\u00f3n. Aproximaci\u00f3n al repertorio de guitarra del siglo XXI<\/strong><\/p><p>Tiene como objetivo problematizar la circulaci\u00f3n del repertorio contempor\u00e1neo para guitarra. Se presenta un estado del arte de obras nuevas en las cuales predomina la b\u00fasqueda est\u00e9tica del compositor afrontando retos de escritura e interpretaci\u00f3n musical.<\/p><h3><strong>Juan Carlos Franco<\/strong><\/h3><p>Presenta Cosmolog\u00eda Sonora, una obra art\u00edstica donde intervienen las artes sonoras, artes visuales y la danza a partir de una composici\u00f3n electr\u00f3nica la cual usa sonidos y sonoridades grabados in situ en la Amazon\u00eda, con otros sonidos electr\u00f3nicos; obra construida sobre la base de un mito amaz\u00f3nico.<\/p><h3><strong>Roberto Moscoso<\/strong><\/h3><p>Presenta un programa de radio por internet que trata temas sobre m\u00fasica y su relaci\u00f3n con la cultura, mediante un podcast denominado &#8220;El Aguacate, ni en ensalada se\u00f1ora&#8221;.<\/p><h3><strong>Adina Izarra<\/strong>\u00a0<\/h3><p>Desde el grupo de investigaci\u00f3n de &#8220;Interactividad digital, electr\u00f3nica y audioreactiva&#8221; proponen un concierto de m\u00fasica electr\u00f3nica e instrumentos ac\u00fasticos transformados a trav\u00e9s de la electr\u00f3nica en vivo, que interact\u00fae con visuales elaborados en JITTER en programaci\u00f3n 3D.<\/p><ul><li>Meining Cheung, piano de juguete y viol\u00edn<\/li><li>Rub\u00e9n Riera, sintetizadores en hardware y Ableton LIVE<\/li><li>Santiago Ciley, estudiante, log\u00edstica de producci\u00f3n general<\/li><li>Adina Izarra, Visuales en vivo y electr\u00f3nicos digitales<\/li><\/ul><h3><strong>Juan Jos\u00e9 Ripalda<\/strong><\/h3><p>Amarillo<span>\u00a0<\/span>(2021)<\/p><p>Amarillo es una obra teatral unipersonal\u00a0que aborda su dramaturgia desde lo sensorial, utilizando la luz, el sonido y una puesta en escena inmersiva que devienen una exploraci\u00f3n hacia el mundo interior, la memoria, el deseo y la repetici\u00f3n.<\/p><\/div>\n\t\t\t\t\t\t\t\t\t<div class=\"elementor-tab-title elementor-tab-mobile-title\" aria-selected=\"false\" data-tab=\"5\" role=\"tab\" tabindex=\"-1\" aria-controls=\"elementor-tab-content-1905\" aria-expanded=\"false\">Mi\u00e9rcoles 6<\/div>\n\t\t\t\t\t<div id=\"elementor-tab-content-1905\" class=\"elementor-tab-content elementor-clearfix\" data-tab=\"5\" role=\"tabpanel\" aria-labelledby=\"elementor-tab-title-1905\" tabindex=\"0\" hidden=\"hidden\"><h3><strong>Juan Carlos Gonzalez<\/strong><\/h3><p>Presenta el Proyecto de Investigaci\u00f3n \u201cMapeo de gestores culturales en Ol\u00f3n y zonas de influencia, en colaboraci\u00f3n con Aurora Zanabria, Julie Tom\u00e9 y Pedro Cagigal, docentes con quienes se integra el equipo de investigaci\u00f3n. La informaci\u00f3n de esta investigaci\u00f3n se aplicar\u00e1 en la activaci\u00f3n y fortalecimiento de una red de actores y gestores culturales, en la provincia de Santa Elena.<\/p><h3><strong>Seongmi Kim<\/strong><\/h3><p>Presenta Aven para mezzo soprano, ensamble con 13 m\u00fasicos y dispositivo electr\u00f3nico basado en el poema <em>Sensation<\/em> de Arthur Rimbaud (poeta franc\u00e9s)<\/p><p>Y presenta [mi:ro] para flauta baja y dispositivo electr\u00f3nico basada en el poema <em>Espejo<\/em> de Yi-Sang (poeta coreano)<\/p><h3><strong>Santiago C\u00e1rdenas<\/strong><\/h3><p>Presenta<strong> Arqueo-ac\u00fastica, <\/strong>un an\u00e1lisis t\u00e9cnico y sonoro de la colecci\u00f3n de aer\u00f3fonos de la cultura Zen\u00fa que tiene el Museo del Oro, en Bogot\u00e1. El objetivo es generar informaci\u00f3n sonora y t\u00e9cnica de los artefactos en dialogo con m\u00fasicos de la regi\u00f3n.<\/p><h3><strong>Juan Posso<\/strong><\/h3><p>Presenta un proyecto art\u00edstico que combina composici\u00f3n musical e interpretaci\u00f3n instrumental. Es la fusi\u00f3n de elementos desarrollados en composiciones y grabaciones donde se exploran compases de amalgama junto con melod\u00edas pentat\u00f3nicas y armon\u00edas de jazz. Tiene influencia de la m\u00fasica tradicional africana, ecuatoriana y carn\u00e1tica, as\u00ed como de estilos y conceptos musicales que provienen del metal, el latin y el jazz.<\/p><h3><strong>To\u00f1o Cepeda<\/strong><\/h3><p>Dentro de la investigaci\u00f3n denominada Producci\u00f3n, Industria y Creaci\u00f3n Sonora se presenta un fragmento de formas en las que nos acercamos a la producci\u00f3n musical y sonora de distintas comunidades, explorando procesos metodol\u00f3gicos y experimentales de la producci\u00f3n musical en el \u00e1mbito ecuatoriano.<\/p><p>El objetivo es conformar el ensamble Venus del Mar que estar\u00e1 integrado por miembrxs de la comuna Valdivia. La direcci\u00f3n musical se realiza a partir de un juego creado mediante comandos gestuales. El lugar de la direcci\u00f3n es intercambiable con el resto del ensamble. Se activar\u00e1 la sensibilizaci\u00f3n de su entorno sonoro y explorar\u00e1n la creaci\u00f3n de instrumentos a partir de objetos reutilizados o reciclados. Tambi\u00e9n se usar\u00e1n instrumentos musicales ancestrales, de modo que dejen de ser piezas de museo y se transformen en medios expresivos y objetos de uso.<\/p><\/div>\n\t\t\t\t\t\t\t<\/div>\n\t\t<\/div>\n\t\t\t\t\t\t<\/div>\n\t\t\t\t<div class=\"elementor-element elementor-element-2434548 elementor-widget elementor-widget-image\" data-id=\"2434548\" data-element_type=\"widget\" data-e-type=\"widget\" data-widget_type=\"image.default\">\n\t\t\t\t\t\t\t\t\t\t\t\t\t\t\t<img loading=\"lazy\" decoding=\"async\" width=\"3200\" height=\"4108\" src=\"https:\/\/www.uartes.edu.ec\/sitio\/encuentroilia\/wp-content\/uploads\/sites\/5\/2021\/09\/AGENDA-UNIVERSOS-SONOROS-01.webp\" class=\"attachment-full size-full wp-image-3267\" alt=\"\" \/>\t\t\t\t\t\t\t\t\t\t\t\t\t\t\t<\/div>\n\t\t\t\t\t<\/div>\n\t\t<\/div>\n\t\t\t\t\t<\/div>\n\t\t<\/section>\n\t\t\t\t<section class=\"elementor-section elementor-top-section elementor-element elementor-element-f413c03 elementor-section-boxed elementor-section-height-default elementor-section-height-default\" data-id=\"f413c03\" data-element_type=\"section\" data-e-type=\"section\" data-settings=\"{&quot;background_background&quot;:&quot;classic&quot;}\">\n\t\t\t\t\t\t<div class=\"elementor-container elementor-column-gap-default\">\n\t\t\t\t\t<div class=\"elementor-column elementor-col-100 elementor-top-column elementor-element elementor-element-dd635ce\" data-id=\"dd635ce\" data-element_type=\"column\" data-e-type=\"column\">\n\t\t\t<div class=\"elementor-widget-wrap elementor-element-populated\">\n\t\t\t\t\t\t<div class=\"elementor-element elementor-element-0098705 elementor-widget elementor-widget-heading\" data-id=\"0098705\" data-element_type=\"widget\" data-e-type=\"widget\" data-widget_type=\"heading.default\">\n\t\t\t\t\t<h2 class=\"elementor-heading-title elementor-size-xxl\">Docentes EAS<\/h2>\t\t\t\t<\/div>\n\t\t\t\t\t<\/div>\n\t\t<\/div>\n\t\t\t\t\t<\/div>\n\t\t<\/section>\n\t\t\t\t<\/div>\n\t\t","protected":false},"excerpt":{"rendered":"<p>Universos Sonoros Queridas amigas y amigos de la EAS, bienvenidos a esta segunda edici\u00f3n de Universos Sonoros.\u00a0 Este espacio de convergencia art\u00edstica naci\u00f3 como el primer encuentro universitario de etnomusicolog\u00eda en el pa\u00eds en 2019 con la idea de conectar a todos los m\u00fasicos\/investigadores y que la comunidad pueda tener [&hellip;]<\/p>\n","protected":false},"author":1,"featured_media":2095,"parent":2091,"menu_order":2,"comment_status":"closed","ping_status":"closed","template":"page-templates\/template-pagebuilder-full-width.php","meta":{"_uag_custom_page_level_css":"","_monsterinsights_skip_tracking":false,"_monsterinsights_sitenote_active":false,"_monsterinsights_sitenote_note":"","_monsterinsights_sitenote_category":0,"cybocfi_hide_featured_image":"","footnotes":""},"class_list":["post-2628","page","type-page","status-publish","has-post-thumbnail","hentry"],"uagb_featured_image_src":{"full":["https:\/\/www.uartes.edu.ec\/sitio\/encuentroilia\/wp-content\/uploads\/sites\/5\/2020\/06\/CUADROS-ILIA-WEB.webp",1920,1080,false],"thumbnail":["https:\/\/www.uartes.edu.ec\/sitio\/encuentroilia\/wp-content\/uploads\/sites\/5\/2020\/06\/CUADROS-ILIA-WEB.webp",150,84,false],"medium":["https:\/\/www.uartes.edu.ec\/sitio\/encuentroilia\/wp-content\/uploads\/sites\/5\/2020\/06\/CUADROS-ILIA-WEB.webp",300,169,false],"medium_large":["https:\/\/www.uartes.edu.ec\/sitio\/encuentroilia\/wp-content\/uploads\/sites\/5\/2020\/06\/CUADROS-ILIA-WEB.webp",750,422,false],"large":["https:\/\/www.uartes.edu.ec\/sitio\/encuentroilia\/wp-content\/uploads\/sites\/5\/2020\/06\/CUADROS-ILIA-WEB.webp",750,422,false],"1536x1536":["https:\/\/www.uartes.edu.ec\/sitio\/encuentroilia\/wp-content\/uploads\/sites\/5\/2020\/06\/CUADROS-ILIA-WEB.webp",1536,864,false],"2048x2048":["https:\/\/www.uartes.edu.ec\/sitio\/encuentroilia\/wp-content\/uploads\/sites\/5\/2020\/06\/CUADROS-ILIA-WEB.webp",1920,1080,false],"hestia-blog":["https:\/\/www.uartes.edu.ec\/sitio\/encuentroilia\/wp-content\/uploads\/sites\/5\/2020\/06\/CUADROS-ILIA-WEB.webp",360,203,false]},"uagb_author_info":{"display_name":"Universidad de las Artes","author_link":"https:\/\/www.uartes.edu.ec\/sitio\/encuentroilia\/author\/dircomadm\/"},"uagb_comment_info":0,"uagb_excerpt":"Universos Sonoros Queridas amigas y amigos de la EAS, bienvenidos a esta segunda edici\u00f3n de Universos Sonoros.\u00a0 Este espacio de convergencia art\u00edstica naci\u00f3 como el primer encuentro universitario de etnomusicolog\u00eda en el pa\u00eds en 2019 con la idea de conectar a todos los m\u00fasicos\/investigadores y que la comunidad pueda tener [&hellip;]","distributor_meta":false,"distributor_terms":false,"distributor_media":false,"distributor_original_site_name":"VIII Encuentro Internacional de Investigaci\u00f3n en Artes","distributor_original_site_url":"https:\/\/www.uartes.edu.ec\/sitio\/encuentroilia","push-errors":false,"_links":{"self":[{"href":"https:\/\/www.uartes.edu.ec\/sitio\/encuentroilia\/wp-json\/wp\/v2\/pages\/2628","targetHints":{"allow":["GET"]}}],"collection":[{"href":"https:\/\/www.uartes.edu.ec\/sitio\/encuentroilia\/wp-json\/wp\/v2\/pages"}],"about":[{"href":"https:\/\/www.uartes.edu.ec\/sitio\/encuentroilia\/wp-json\/wp\/v2\/types\/page"}],"author":[{"embeddable":true,"href":"https:\/\/www.uartes.edu.ec\/sitio\/encuentroilia\/wp-json\/wp\/v2\/users\/1"}],"replies":[{"embeddable":true,"href":"https:\/\/www.uartes.edu.ec\/sitio\/encuentroilia\/wp-json\/wp\/v2\/comments?post=2628"}],"version-history":[{"count":48,"href":"https:\/\/www.uartes.edu.ec\/sitio\/encuentroilia\/wp-json\/wp\/v2\/pages\/2628\/revisions"}],"predecessor-version":[{"id":3356,"href":"https:\/\/www.uartes.edu.ec\/sitio\/encuentroilia\/wp-json\/wp\/v2\/pages\/2628\/revisions\/3356"}],"up":[{"embeddable":true,"href":"https:\/\/www.uartes.edu.ec\/sitio\/encuentroilia\/wp-json\/wp\/v2\/pages\/2091"}],"wp:featuredmedia":[{"embeddable":true,"href":"https:\/\/www.uartes.edu.ec\/sitio\/encuentroilia\/wp-json\/wp\/v2\/media\/2095"}],"wp:attachment":[{"href":"https:\/\/www.uartes.edu.ec\/sitio\/encuentroilia\/wp-json\/wp\/v2\/media?parent=2628"}],"curies":[{"name":"wp","href":"https:\/\/api.w.org\/{rel}","templated":true}]}}