{"id":17756,"date":"2021-12-16T15:27:33","date_gmt":"2021-12-16T20:27:33","guid":{"rendered":"http:\/\/www.uartes.edu.ec\/sitio\/?post_type=docs&#038;p=17756"},"modified":"2025-09-18T10:23:58","modified_gmt":"2025-09-18T15:23:58","password":"","slug":"pedro-jose-mujica-paredes","status":"publish","type":"docs","link":"https:\/\/www.uartes.edu.ec\/sitio\/fr\/docs\/pedro-jose-mujica-paredes\/","title":{"rendered":"Pedro Jos\u00e9 Mujica Paredes"},"content":{"rendered":"","protected":false},"excerpt":{"rendered":"<p>Jefa de Nivelaci\u00f3n<\/p>","protected":false},"author":1,"featured_media":17757,"comment_status":"open","ping_status":"closed","template":"","meta":{"_acf_changed":false,"_uag_custom_page_level_css":"","_monsterinsights_skip_tracking":false,"_monsterinsights_sitenote_active":false,"_monsterinsights_sitenote_note":"","_monsterinsights_sitenote_category":0,"cybocfi_hide_featured_image":"","footnotes":""},"doc_category":[1203,586,783],"doc_tag":[],"class_list":["post-17756","docs","type-docs","status-publish","has-post-thumbnail","hentry","doc_category-educacion-artistica","doc_category-nivelacion","doc_category-pedagogia-en-artes"],"year_month":"2026-05","word_count":0,"total_views":0,"reactions":{"happy":0,"normal":0,"sad":0},"author_info":{"name":"Universidad de las Artes","author_nicename":"dircomadm","author_url":"https:\/\/www.uartes.edu.ec\/sitio\/fr\/blog\/author\/dircomadm\/"},"doc_category_info":[{"term_name":"Educaci\u00f3n Art\u00edstica","term_url":"https:\/\/www.uartes.edu.ec\/sitio\/fr\/docs-category\/educacion-artistica\/"},{"term_name":"Nivelaci\u00f3n","term_url":"https:\/\/www.uartes.edu.ec\/sitio\/fr\/docs-category\/nivelacion\/"},{"term_name":"Pedagog\u00eda en Artes","term_url":"https:\/\/www.uartes.edu.ec\/sitio\/fr\/docs-category\/pedagogia-en-artes\/"}],"doc_tag_info":[],"acf":{"dp_ciudad":"Venezuela.","dp_email":"<a href=\"mailto:pedro.mujica@uartes.edu.ec\">pedro.mujica@uartes.edu.ec<\/a>","dp_cargo":["Docente"],"dp_perfil":"2018 hasta la actualidad cursa el programa doctoral en Investigaci\u00f3n y Producci\u00f3n en Artes de la Universidad Polit\u00e9cnica de Valencia.\r\n\r\nTrabajo en la Universidad Bolivariana de Venezuela desde el 2004 hasta el 2017, y en otros centros acad\u00e9micos en Venezuela como el CELARG, Universidad Central de Venezuela entre otras. En la que imparti\u00f3 clases sobre g\u00e9neros period\u00edsticos, comunicaci\u00f3n comunitaria, entre otras. En la actualidad se desempe\u00f1a como docente de literatura de la Universidad de las Artes y coordinador de la carrera de Pedagog\u00eda en las Artes y Humanidades bajo el convenio UNAE\/UArtes.","dp_estudios":"<ul>\r\n \t<li>Licenciado en Artes visuales. Unearte. Venezuela.<\/li>\r\n \t<li>M\u00e1ster en Literatura Espa\u00f1ola e Hispanoamericana en la Universidad de Barcelona, Espa\u00f1a.<\/li>\r\n \t<li>Master en Ciencias de la Comunicaci\u00f3n en la Universidad de la Habana. Cuba.<\/li>\r\n<\/ul>","dp_participaciones":"Participaci\u00f3n en el libro; <em>Almando.<\/em> Con el cap\u00edtulo; \u201cAportes para una reflexi\u00f3n sobre la ecolog\u00eda visual postfotogr\u00e1fica en torno al poder\u201d, para ser publicado entre finales del 2021 o inicios del 1er trimestre del 2022.\r\n\r\nParticipaci\u00f3n como coeditor y escritor de un cap\u00edtulo del Libro: <em>\u00a0<\/em><em>Entre la pedagog\u00eda y las artes, reflexiones sobre la educaci\u00f3n en artes. <\/em>Con el cap\u00edtulo;<em> \u201c<\/em>Pensamiento expandido: aproximaci\u00f3n a la educaci\u00f3n expandida y sus did\u00e1cticas\u201d. (Ganador de la convocatoria de publicaciones para el a\u00f1o 2021 de la Universidad de las Artes.)\r\n\r\nDirecci\u00f3n del proyecto de investigaci\u00f3n y de v\u00ednculo a la comunidad Contar contando: m\u00e9todo para recopilar y compartir historias locales en espa\u00f1ol y Kichwa, por medio de Investigaci\u00f3n en, sobre y a trav\u00e9s del arte.\r\n\r\nParticipo en diferentes investigaciones como director como coinvestigador sobre la educaci\u00f3n y la comunicaci\u00f3n comunitaria.\r\n\r\nHa participado en varios congresos y publicaciones acad\u00e9micas.\r\n\r\nHa participado desde 1999. en varias exposiciones como fot\u00f3grafo y pintor en diferentes galer\u00edas y museos en Venezuela.\r\n\r\n<strong>Premios y reconocimientos<\/strong>\r\n<table width=\"475\">\r\n<tbody>\r\n<tr>\r\n<td width=\"66\">2020<\/td>\r\n<td width=\"255\">Ganador de la convocatoria de publicaciones para el a\u00f1o 2021 de la Universidad de las Artes.<\/td>\r\n<td width=\"154\">Ecuador<\/td>\r\n<\/tr>\r\n<tr>\r\n<td width=\"66\">2019<\/td>\r\n<td width=\"255\">Ganador de la convocatoria de publicaciones para el a\u00f1o 2021 de la Universidad de las Artes.<\/td>\r\n<td width=\"154\">Ecuador<\/td>\r\n<\/tr>\r\n<tr>\r\n<td width=\"66\">2019<\/td>\r\n<td width=\"255\">Ganador convocatoria de proyectos de investigaci\u00f3n financiada (2019-2020)\u201d<\/td>\r\n<td width=\"154\">Ecuador<\/td>\r\n<\/tr>\r\n<tr>\r\n<td width=\"66\">2020<\/td>\r\n<td width=\"255\">Ganador convocatoria de proyectos de investigaci\u00f3n financiada (2020-2021)\u201d<\/td>\r\n<td width=\"154\">Ecuador<\/td>\r\n<\/tr>\r\n<tr>\r\n<td width=\"66\">2017<\/td>\r\n<td width=\"255\">Ganador de beca de investigaci\u00f3n Fundaci\u00f3n Escuela de Planificaci\u00f3n Venezolana, en la Catedra Cultura y sociedad con Luis Britto Garcia, con la investigaci\u00f3n PUNCTUM Y C\u00cdRCULO Caracterizaci\u00f3n del ensayo fotogr\u00e1fico venezolano.<\/td>\r\n<td width=\"154\">Venezuela<\/td>\r\n<\/tr>\r\n<tr>\r\n<td width=\"66\">&nbsp;\r\n\r\n2013<\/td>\r\n<td width=\"255\">Ganador del PIDC\/ UNESCO Como coautor y coorganizador del diplomado \u201cFortalecer la capacitaci\u00f3n de comunicadores comunitarios\u201d.<\/td>\r\n<td width=\"154\">Venezuela<\/td>\r\n<\/tr>\r\n<tr>\r\n<td width=\"66\">2013\r\n\r\n.<\/td>\r\n<td width=\"255\">Ganador del Premio municipal de artes visuales \u201csal\u00f3n Juan Lovera\u201d edici\u00f3n XLII menci\u00f3n bidimensional.<\/td>\r\n<td width=\"154\">Venezuela<\/td>\r\n<\/tr>\r\n<tr>\r\n<td width=\"66\">2005\r\n\r\n&nbsp;<\/td>\r\n<td width=\"255\">Menci\u00f3n especial, Sal\u00f3n Juan Lovera.<\/td>\r\n<td width=\"154\">Venezuela<\/td>\r\n<\/tr>\r\n<tr>\r\n<td width=\"66\">1999<\/td>\r\n<td width=\"255\">3er lugar en el Sal\u00f3n de peque\u00f1o y mediano formato<\/td>\r\n<td width=\"154\">Venezuela<\/td>\r\n<\/tr>\r\n<\/tbody>\r\n<\/table>","dp_publicaciones":"<ul>\r\n \t<li><em>\u00bfDe qu\u00e9 Guayaquil? <\/em><em>An\u00e1lisis desde las relaciones transtextuales al primer relato de ciencia ficci\u00f3n en Ecuador: \u201cLa Receta\u201d de Francisco Campos Coello<\/em>. (2020) Editorial Luna Nueva. ISBN:978-9942-8853-8<\/li>\r\n \t<li>Nishpa Nikuna: cuentos infantiles biling\u00fces espa\u00f1ol \u2013 kichwa, Arte ediciones infantiles, ISBN: 978-9942-977-33-5. (Ganador de la convocatoria de publicaciones para el a\u00f1o 2020 de la Universidad de las Artes).<\/li>\r\n \t<li>Contar contando: Historias para una universidad de las m\u00faltiples identidades. P\u00e1g. 649 a 671. Ponencias del Coloquio Regional Balance de la Declaraci\u00f3n de Cartagena y aportes para la CRES 2018, CLACSO, 2018<\/li>\r\n<\/ul>","dp_intereses":"","dp_sitio_web":""},"yoast_head":"<!-- This site is optimized with the Yoast SEO plugin v27.4 - https:\/\/yoast.com\/product\/yoast-seo-wordpress\/ -->\n<title>Pedro Jos\u00e9 Mujica Paredes - Universidad de las Artes<\/title>\n<meta name=\"robots\" content=\"index, follow, max-snippet:-1, max-image-preview:large, max-video-preview:-1\" \/>\n<link rel=\"canonical\" href=\"https:\/\/www.uartes.edu.ec\/sitio\/fr\/docs\/pedro-jose-mujica-paredes\/\" \/>\n<meta property=\"og:locale\" content=\"fr_FR\" \/>\n<meta property=\"og:type\" content=\"article\" \/>\n<meta property=\"og:title\" content=\"Pedro Jos\u00e9 Mujica Paredes - Universidad de las Artes\" \/>\n<meta property=\"og:description\" content=\"Jefa de Nivelaci\u00f3n\" \/>\n<meta property=\"og:url\" content=\"https:\/\/www.uartes.edu.ec\/sitio\/fr\/docs\/pedro-jose-mujica-paredes\/\" \/>\n<meta property=\"og:site_name\" content=\"Universidad de las Artes\" \/>\n<meta property=\"article:publisher\" content=\"https:\/\/www.facebook.com\/uartesec\" \/>\n<meta property=\"article:modified_time\" content=\"2025-09-18T15:23:58+00:00\" \/>\n<meta property=\"og:image\" content=\"https:\/\/www.uartes.edu.ec\/sitio\/wp-content\/uploads\/2021\/12\/PEDRO-MUJICA.jpg\" \/>\n\t<meta property=\"og:image:width\" content=\"340\" \/>\n\t<meta property=\"og:image:height\" content=\"340\" \/>\n\t<meta property=\"og:image:type\" content=\"image\/jpeg\" \/>\n<meta name=\"twitter:card\" content=\"summary_large_image\" \/>\n<meta name=\"twitter:site\" content=\"@uartesec\" \/>\n<script type=\"application\/ld+json\" class=\"yoast-schema-graph\">{\"@context\":\"https:\\\/\\\/schema.org\",\"@graph\":[{\"@type\":\"WebPage\",\"@id\":\"https:\\\/\\\/www.uartes.edu.ec\\\/sitio\\\/fr\\\/docs\\\/pedro-jose-mujica-paredes\\\/\",\"url\":\"https:\\\/\\\/www.uartes.edu.ec\\\/sitio\\\/fr\\\/docs\\\/pedro-jose-mujica-paredes\\\/\",\"name\":\"Pedro Jos\u00e9 Mujica Paredes - Universidad de las Artes\",\"isPartOf\":{\"@id\":\"https:\\\/\\\/www.uartes.edu.ec\\\/sitio\\\/fr\\\/#website\"},\"primaryImageOfPage\":{\"@id\":\"https:\\\/\\\/www.uartes.edu.ec\\\/sitio\\\/fr\\\/docs\\\/pedro-jose-mujica-paredes\\\/#primaryimage\"},\"image\":{\"@id\":\"https:\\\/\\\/www.uartes.edu.ec\\\/sitio\\\/fr\\\/docs\\\/pedro-jose-mujica-paredes\\\/#primaryimage\"},\"thumbnailUrl\":\"https:\\\/\\\/www.uartes.edu.ec\\\/sitio\\\/wp-content\\\/uploads\\\/2021\\\/12\\\/PEDRO-MUJICA.jpg\",\"datePublished\":\"2021-12-16T20:27:33+00:00\",\"dateModified\":\"2025-09-18T15:23:58+00:00\",\"breadcrumb\":{\"@id\":\"https:\\\/\\\/www.uartes.edu.ec\\\/sitio\\\/fr\\\/docs\\\/pedro-jose-mujica-paredes\\\/#breadcrumb\"},\"inLanguage\":\"fr-FR\",\"potentialAction\":[{\"@type\":\"ReadAction\",\"target\":[\"https:\\\/\\\/www.uartes.edu.ec\\\/sitio\\\/fr\\\/docs\\\/pedro-jose-mujica-paredes\\\/\"]}]},{\"@type\":\"ImageObject\",\"inLanguage\":\"fr-FR\",\"@id\":\"https:\\\/\\\/www.uartes.edu.ec\\\/sitio\\\/fr\\\/docs\\\/pedro-jose-mujica-paredes\\\/#primaryimage\",\"url\":\"https:\\\/\\\/www.uartes.edu.ec\\\/sitio\\\/wp-content\\\/uploads\\\/2021\\\/12\\\/PEDRO-MUJICA.jpg\",\"contentUrl\":\"https:\\\/\\\/www.uartes.edu.ec\\\/sitio\\\/wp-content\\\/uploads\\\/2021\\\/12\\\/PEDRO-MUJICA.jpg\",\"width\":340,\"height\":340},{\"@type\":\"BreadcrumbList\",\"@id\":\"https:\\\/\\\/www.uartes.edu.ec\\\/sitio\\\/fr\\\/docs\\\/pedro-jose-mujica-paredes\\\/#breadcrumb\",\"itemListElement\":[{\"@type\":\"ListItem\",\"position\":1,\"name\":\"Inicio\",\"item\":\"https:\\\/\\\/www.uartes.edu.ec\\\/sitio\\\/\"},{\"@type\":\"ListItem\",\"position\":2,\"name\":\"Docs\",\"item\":\"https:\\\/\\\/www.uartes.edu.ec\\\/sitio\\\/docs\\\/\"},{\"@type\":\"ListItem\",\"position\":3,\"name\":\"Pedro Jos\u00e9 Mujica Paredes\"}]},{\"@type\":\"WebSite\",\"@id\":\"https:\\\/\\\/www.uartes.edu.ec\\\/sitio\\\/fr\\\/#website\",\"url\":\"https:\\\/\\\/www.uartes.edu.ec\\\/sitio\\\/fr\\\/\",\"name\":\"Universidad de las Artes\",\"description\":\"Sitio oficial de la Universidad Nacional de las Artes del Ecuador\",\"publisher\":{\"@id\":\"https:\\\/\\\/www.uartes.edu.ec\\\/sitio\\\/fr\\\/#organization\"},\"potentialAction\":[{\"@type\":\"SearchAction\",\"target\":{\"@type\":\"EntryPoint\",\"urlTemplate\":\"https:\\\/\\\/www.uartes.edu.ec\\\/sitio\\\/fr\\\/?s={search_term_string}\"},\"query-input\":{\"@type\":\"PropertyValueSpecification\",\"valueRequired\":true,\"valueName\":\"search_term_string\"}}],\"inLanguage\":\"fr-FR\"},{\"@type\":\"Organization\",\"@id\":\"https:\\\/\\\/www.uartes.edu.ec\\\/sitio\\\/fr\\\/#organization\",\"name\":\"Universidad de las Artes\",\"url\":\"https:\\\/\\\/www.uartes.edu.ec\\\/sitio\\\/fr\\\/\",\"logo\":{\"@type\":\"ImageObject\",\"inLanguage\":\"fr-FR\",\"@id\":\"https:\\\/\\\/www.uartes.edu.ec\\\/sitio\\\/fr\\\/#\\\/schema\\\/logo\\\/image\\\/\",\"url\":\"https:\\\/\\\/www.uartes.edu.ec\\\/sitio\\\/wp-content\\\/uploads\\\/2022\\\/07\\\/logo-ua-horizontal.png\",\"contentUrl\":\"https:\\\/\\\/www.uartes.edu.ec\\\/sitio\\\/wp-content\\\/uploads\\\/2022\\\/07\\\/logo-ua-horizontal.png\",\"width\":800,\"height\":276,\"caption\":\"Universidad de las Artes\"},\"image\":{\"@id\":\"https:\\\/\\\/www.uartes.edu.ec\\\/sitio\\\/fr\\\/#\\\/schema\\\/logo\\\/image\\\/\"},\"sameAs\":[\"https:\\\/\\\/www.facebook.com\\\/uartesec\",\"https:\\\/\\\/x.com\\\/uartesec\",\"https:\\\/\\\/www.tiktok.com\\\/@uartesec\"]}]}<\/script>\n<!-- \/ Yoast SEO plugin. -->","yoast_head_json":{"title":"Pedro Jos\u00e9 Mujica Paredes - Universidad de las Artes","robots":{"index":"index","follow":"follow","max-snippet":"max-snippet:-1","max-image-preview":"max-image-preview:large","max-video-preview":"max-video-preview:-1"},"canonical":"https:\/\/www.uartes.edu.ec\/sitio\/fr\/docs\/pedro-jose-mujica-paredes\/","og_locale":"fr_FR","og_type":"article","og_title":"Pedro Jos\u00e9 Mujica Paredes - Universidad de las Artes","og_description":"Jefa de Nivelaci\u00f3n","og_url":"https:\/\/www.uartes.edu.ec\/sitio\/fr\/docs\/pedro-jose-mujica-paredes\/","og_site_name":"Universidad de las Artes","article_publisher":"https:\/\/www.facebook.com\/uartesec","article_modified_time":"2025-09-18T15:23:58+00:00","og_image":[{"width":340,"height":340,"url":"https:\/\/www.uartes.edu.ec\/sitio\/wp-content\/uploads\/2021\/12\/PEDRO-MUJICA.jpg","type":"image\/jpeg"}],"twitter_card":"summary_large_image","twitter_site":"@uartesec","schema":{"@context":"https:\/\/schema.org","@graph":[{"@type":"WebPage","@id":"https:\/\/www.uartes.edu.ec\/sitio\/fr\/docs\/pedro-jose-mujica-paredes\/","url":"https:\/\/www.uartes.edu.ec\/sitio\/fr\/docs\/pedro-jose-mujica-paredes\/","name":"Pedro Jos\u00e9 Mujica Paredes - Universidad de las Artes","isPartOf":{"@id":"https:\/\/www.uartes.edu.ec\/sitio\/fr\/#website"},"primaryImageOfPage":{"@id":"https:\/\/www.uartes.edu.ec\/sitio\/fr\/docs\/pedro-jose-mujica-paredes\/#primaryimage"},"image":{"@id":"https:\/\/www.uartes.edu.ec\/sitio\/fr\/docs\/pedro-jose-mujica-paredes\/#primaryimage"},"thumbnailUrl":"https:\/\/www.uartes.edu.ec\/sitio\/wp-content\/uploads\/2021\/12\/PEDRO-MUJICA.jpg","datePublished":"2021-12-16T20:27:33+00:00","dateModified":"2025-09-18T15:23:58+00:00","breadcrumb":{"@id":"https:\/\/www.uartes.edu.ec\/sitio\/fr\/docs\/pedro-jose-mujica-paredes\/#breadcrumb"},"inLanguage":"fr-FR","potentialAction":[{"@type":"ReadAction","target":["https:\/\/www.uartes.edu.ec\/sitio\/fr\/docs\/pedro-jose-mujica-paredes\/"]}]},{"@type":"ImageObject","inLanguage":"fr-FR","@id":"https:\/\/www.uartes.edu.ec\/sitio\/fr\/docs\/pedro-jose-mujica-paredes\/#primaryimage","url":"https:\/\/www.uartes.edu.ec\/sitio\/wp-content\/uploads\/2021\/12\/PEDRO-MUJICA.jpg","contentUrl":"https:\/\/www.uartes.edu.ec\/sitio\/wp-content\/uploads\/2021\/12\/PEDRO-MUJICA.jpg","width":340,"height":340},{"@type":"BreadcrumbList","@id":"https:\/\/www.uartes.edu.ec\/sitio\/fr\/docs\/pedro-jose-mujica-paredes\/#breadcrumb","itemListElement":[{"@type":"ListItem","position":1,"name":"Inicio","item":"https:\/\/www.uartes.edu.ec\/sitio\/"},{"@type":"ListItem","position":2,"name":"Docs","item":"https:\/\/www.uartes.edu.ec\/sitio\/docs\/"},{"@type":"ListItem","position":3,"name":"Pedro Jos\u00e9 Mujica Paredes"}]},{"@type":"WebSite","@id":"https:\/\/www.uartes.edu.ec\/sitio\/fr\/#website","url":"https:\/\/www.uartes.edu.ec\/sitio\/fr\/","name":"Universidad de las Artes","description":"Sitio oficial de la Universidad Nacional de las Artes del Ecuador","publisher":{"@id":"https:\/\/www.uartes.edu.ec\/sitio\/fr\/#organization"},"potentialAction":[{"@type":"SearchAction","target":{"@type":"EntryPoint","urlTemplate":"https:\/\/www.uartes.edu.ec\/sitio\/fr\/?s={search_term_string}"},"query-input":{"@type":"PropertyValueSpecification","valueRequired":true,"valueName":"search_term_string"}}],"inLanguage":"fr-FR"},{"@type":"Organization","@id":"https:\/\/www.uartes.edu.ec\/sitio\/fr\/#organization","name":"Universidad de las Artes","url":"https:\/\/www.uartes.edu.ec\/sitio\/fr\/","logo":{"@type":"ImageObject","inLanguage":"fr-FR","@id":"https:\/\/www.uartes.edu.ec\/sitio\/fr\/#\/schema\/logo\/image\/","url":"https:\/\/www.uartes.edu.ec\/sitio\/wp-content\/uploads\/2022\/07\/logo-ua-horizontal.png","contentUrl":"https:\/\/www.uartes.edu.ec\/sitio\/wp-content\/uploads\/2022\/07\/logo-ua-horizontal.png","width":800,"height":276,"caption":"Universidad de las Artes"},"image":{"@id":"https:\/\/www.uartes.edu.ec\/sitio\/fr\/#\/schema\/logo\/image\/"},"sameAs":["https:\/\/www.facebook.com\/uartesec","https:\/\/x.com\/uartesec","https:\/\/www.tiktok.com\/@uartesec"]}]}},"uagb_featured_image_src":{"full":["https:\/\/www.uartes.edu.ec\/sitio\/wp-content\/uploads\/2021\/12\/PEDRO-MUJICA.jpg",340,340,false],"thumbnail":["https:\/\/www.uartes.edu.ec\/sitio\/wp-content\/uploads\/2021\/12\/PEDRO-MUJICA-150x150.jpg",150,150,true],"medium":["https:\/\/www.uartes.edu.ec\/sitio\/wp-content\/uploads\/2021\/12\/PEDRO-MUJICA-300x300.jpg",300,300,true],"medium_large":["https:\/\/www.uartes.edu.ec\/sitio\/wp-content\/uploads\/2021\/12\/PEDRO-MUJICA.jpg",340,340,false],"large":["https:\/\/www.uartes.edu.ec\/sitio\/wp-content\/uploads\/2021\/12\/PEDRO-MUJICA.jpg",340,340,false],"1536x1536":["https:\/\/www.uartes.edu.ec\/sitio\/wp-content\/uploads\/2021\/12\/PEDRO-MUJICA.jpg",340,340,false],"2048x2048":["https:\/\/www.uartes.edu.ec\/sitio\/wp-content\/uploads\/2021\/12\/PEDRO-MUJICA.jpg",340,340,false],"trp-custom-language-flag":["https:\/\/www.uartes.edu.ec\/sitio\/wp-content\/uploads\/2021\/12\/PEDRO-MUJICA.jpg",12,12,false],"htmega_size_585x295":["https:\/\/www.uartes.edu.ec\/sitio\/wp-content\/uploads\/2021\/12\/PEDRO-MUJICA.jpg",295,295,false],"htmega_size_1170x536":["https:\/\/www.uartes.edu.ec\/sitio\/wp-content\/uploads\/2021\/12\/PEDRO-MUJICA.jpg",340,340,false],"htmega_size_396x360":["https:\/\/www.uartes.edu.ec\/sitio\/wp-content\/uploads\/2021\/12\/PEDRO-MUJICA.jpg",340,340,false],"gb-block-post-grid-landscape":["https:\/\/www.uartes.edu.ec\/sitio\/wp-content\/uploads\/2021\/12\/PEDRO-MUJICA.jpg",340,340,false],"gb-block-post-grid-square":["https:\/\/www.uartes.edu.ec\/sitio\/wp-content\/uploads\/2021\/12\/PEDRO-MUJICA.jpg",340,340,false],"university-hub-thumb":["https:\/\/www.uartes.edu.ec\/sitio\/wp-content\/uploads\/2021\/12\/PEDRO-MUJICA-300x300.jpg",300,300,true]},"uagb_author_info":{"display_name":"Universidad de las Artes","author_link":"https:\/\/www.uartes.edu.ec\/sitio\/fr\/blog\/author\/dircomadm\/"},"uagb_comment_info":0,"uagb_excerpt":"Jefa de Nivelaci\u00f3n","publishpress_future_workflow_manual_trigger":{"enabledWorkflows":[]},"distributor_meta":false,"distributor_terms":false,"distributor_media":false,"distributor_original_site_name":"Universidad de las Artes","distributor_original_site_url":"https:\/\/www.uartes.edu.ec\/sitio\/fr","push-errors":false,"_links":{"self":[{"href":"https:\/\/www.uartes.edu.ec\/sitio\/fr\/wp-json\/wp\/v2\/docs\/17756","targetHints":{"allow":["GET"]}}],"collection":[{"href":"https:\/\/www.uartes.edu.ec\/sitio\/fr\/wp-json\/wp\/v2\/docs"}],"about":[{"href":"https:\/\/www.uartes.edu.ec\/sitio\/fr\/wp-json\/wp\/v2\/types\/docs"}],"author":[{"embeddable":true,"href":"https:\/\/www.uartes.edu.ec\/sitio\/fr\/wp-json\/wp\/v2\/users\/1"}],"replies":[{"embeddable":true,"href":"https:\/\/www.uartes.edu.ec\/sitio\/fr\/wp-json\/wp\/v2\/comments?post=17756"}],"version-history":[{"count":4,"href":"https:\/\/www.uartes.edu.ec\/sitio\/fr\/wp-json\/wp\/v2\/docs\/17756\/revisions"}],"predecessor-version":[{"id":79096,"href":"https:\/\/www.uartes.edu.ec\/sitio\/fr\/wp-json\/wp\/v2\/docs\/17756\/revisions\/79096"}],"wp:featuredmedia":[{"embeddable":true,"href":"https:\/\/www.uartes.edu.ec\/sitio\/fr\/wp-json\/wp\/v2\/media\/17757"}],"wp:attachment":[{"href":"https:\/\/www.uartes.edu.ec\/sitio\/fr\/wp-json\/wp\/v2\/media?parent=17756"}],"wp:term":[{"taxonomy":"doc_category","embeddable":true,"href":"https:\/\/www.uartes.edu.ec\/sitio\/fr\/wp-json\/wp\/v2\/doc_category?post=17756"},{"taxonomy":"doc_tag","embeddable":true,"href":"https:\/\/www.uartes.edu.ec\/sitio\/fr\/wp-json\/wp\/v2\/doc_tag?post=17756"}],"curies":[{"name":"wp","href":"https:\/\/api.w.org\/{rel}","templated":true}]}}