{"id":17765,"date":"2021-12-16T16:15:48","date_gmt":"2021-12-16T21:15:48","guid":{"rendered":"http:\/\/www.uartes.edu.ec\/sitio\/?post_type=docs&#038;p=17765"},"modified":"2024-07-04T11:24:56","modified_gmt":"2024-07-04T16:24:56","password":"","slug":"maria-paulina-briones-layana","status":"publish","type":"docs","link":"https:\/\/www.uartes.edu.ec\/sitio\/fr\/docs\/maria-paulina-briones-layana\/","title":{"rendered":"Mar\u00eda Paulina Briones Layana"},"content":{"rendered":"","protected":false},"excerpt":{"rendered":"","protected":false},"author":1,"featured_media":17716,"comment_status":"open","ping_status":"closed","template":"","meta":{"_acf_changed":false,"_uag_custom_page_level_css":"","_monsterinsights_skip_tracking":false,"_monsterinsights_sitenote_active":false,"_monsterinsights_sitenote_note":"","_monsterinsights_sitenote_category":0,"cybocfi_hide_featured_image":"","footnotes":""},"doc_category":[579],"doc_tag":[],"class_list":["post-17765","docs","type-docs","status-publish","has-post-thumbnail","hentry","doc_category-literatura"],"year_month":"2026-05","word_count":0,"total_views":0,"reactions":{"happy":0,"normal":0,"sad":0},"author_info":{"name":"Universidad de las Artes","author_nicename":"dircomadm","author_url":"https:\/\/www.uartes.edu.ec\/sitio\/fr\/blog\/author\/dircomadm\/"},"doc_category_info":[{"term_name":"Literatura","term_url":"https:\/\/www.uartes.edu.ec\/sitio\/fr\/docs-category\/literatura\/"}],"doc_tag_info":[],"acf":{"dp_ciudad":"Guayaquil, Ecuador.","dp_email":"<a href=\"mailto:paulina.briones@uartes.edu.ec\">paulina.briones@uartes.edu.ec<\/a>","dp_cargo":["Docente"],"dp_perfil":"Docente en la maestr\u00eda de Gesti\u00f3n en Pol\u00edticas Culturales y Gesti\u00f3n de Las Artes con la asignatura: Gesti\u00f3n en Artes Literarias. (Marzo 2020). Docente de las asignaturas: Historia de la lectura y las plataformas del libro, Literatura Espa\u00f1ola, Edici\u00f3n y publicaciones peri\u00f3dicas 1 y 2 e Introducci\u00f3n a la Actividad Editorial. Creadora de El hipop\u00f3tamo, taller de edici\u00f3n y creaci\u00f3n de la Escuela de Literatura. 2017 hasta la actualidad. Creadora de Libre Libro, encuentro de Editoriales Independientes 2015 hasta la actualidad. Directora de Nivelaci\u00f3n Emblem\u00e1tica y docente de Literatura para la Nivelaci\u00f3n. Docente de G\u00e9neros discursivos 2015-2017.","dp_estudios":"<ul>\r\n \t<li>M\u00e1ster en Estudios Avanzados en Literatura Espa\u00f1ola e Hispanoamericana. Universidad de Barcelona.<\/li>\r\n \t<li>M\u00e1ster en Edici\u00f3n de Textos. Universidad de Salamanca.<\/li>\r\n \t<li>Experta en Bibliotecas Escolares y proyectos de Lectura. OEI.<\/li>\r\n \t<li>Licenciada en Comunicaci\u00f3n Social con menci\u00f3n en Literatura. Universidad Cat\u00f3lica Santiago de Guayaquil. Facultad de Filosof\u00eda.<\/li>\r\n<\/ul>","dp_participaciones":"<ul>\r\n \t<li>Ponente del Primer Encuentro de Lectura de la Marat\u00f3n del Cuento: \u201cGuayaquil una ciudad para leer\u201d. 2011.<\/li>\r\n \t<li>Ponente del encuentro de Bibliotecarios organizado por Gir\u00e1ndula con \u201cLa biblioteca so\u00f1ada\u201d. 2013.<\/li>\r\n \t<li>Ponente en el Congreso de Literatura Alfonso Carrasco Vintimilla con el tema \u201cPol\u00edticas p\u00fablicas de lectura en el Ecuador\u201d.2014.<\/li>\r\n<\/ul>","dp_publicaciones":"Otros libros, trabajos y publicaciones\r\n<ul>\r\n \t<li>Trabajo de relaciones p\u00fablicas para la librer\u00eda Mr Books.<\/li>\r\n \t<li>Correcci\u00f3n del libro Ucides Occidentalis. El Cangrejo Rojo. Fundaci\u00f3n Natura.<\/li>\r\n \t<li>Correcci\u00f3n y edici\u00f3n del libro Proyecto Cacao. Programa entre el Ministerio de Agricultura y la Uni\u00f3n Europea.<\/li>\r\n \t<li>Autora del Libro G\u00e9neros 10. Lengua y Literatura de la editorial Poligr\u00e1fica.<\/li>\r\n \t<li>Talleres de Animaci\u00f3n a la Lectura para ni\u00f1os y adolescentes, realizado por la librer\u00eda Mr. Books. (Febrero a Marzo de 2006. Febrero a Marzo de 2007. Febrero a Marzo de 2008. Febrero a Marzo de\u00a0 2009\/ Febrero a Marzo 2010.<\/li>\r\n<\/ul>\r\nPublicaciones\r\n<ul>\r\n \t<li>Ponente del congreso de Literatura Ecuatoriana con \u201cM\u00e1s all\u00e1 de la ficci\u00f3n\u201d. 2018. Trabajo publicado en la revista Pie de p\u00e1gina en 2019.<\/li>\r\n \t<li>Autora de Tratado de los bordes o la Cercenaci\u00f3n del estero publicado por Fondo de Animal Editores 2016. Primer premio de poes\u00eda Ismael P\u00e9rez Pazmi\u00f1o.<\/li>\r\n \t<li>Autora de la novela corta \u201cExtra\u00f1as\u201d publicado por la Campa\u00f1a de Lectura Eugenio Espejo. 2013<\/li>\r\n \t<li>Autora del libro de cuentos \u201cEl \u00e1rbol negro\u201d editado por la editorial argentina L\u00ednea Primitiva. (2014).<\/li>\r\n<\/ul>","dp_intereses":"","dp_sitio_web":"<a href=\"http:\/\/www.cadaverexquisitoediciones.blogspot.com\/\">www.cadaverexquisitoediciones.blogspot.com<\/a>\r\n\r\n<a href=\"http:\/\/www.linaness.blogspot.com\/\">www.linaness.blogspot.com<\/a>\r\n\r\n<a href=\"http:\/\/\u2028www.garajedelibros.blogspot.com\"><u>\u2028<\/u>www.garajedelibros.blogspot.com <\/a>"},"yoast_head":"<!-- This site is optimized with the Yoast SEO plugin v27.4 - https:\/\/yoast.com\/product\/yoast-seo-wordpress\/ -->\n<title>Mar\u00eda Paulina Briones Layana - Universidad de las Artes<\/title>\n<meta name=\"robots\" content=\"index, follow, max-snippet:-1, max-image-preview:large, max-video-preview:-1\" \/>\n<link rel=\"canonical\" href=\"https:\/\/www.uartes.edu.ec\/sitio\/fr\/docs\/maria-paulina-briones-layana\/\" \/>\n<meta property=\"og:locale\" content=\"fr_FR\" \/>\n<meta property=\"og:type\" content=\"article\" \/>\n<meta property=\"og:title\" content=\"Mar\u00eda Paulina Briones Layana - Universidad de las Artes\" \/>\n<meta property=\"og:url\" content=\"https:\/\/www.uartes.edu.ec\/sitio\/fr\/docs\/maria-paulina-briones-layana\/\" \/>\n<meta property=\"og:site_name\" content=\"Universidad de las Artes\" \/>\n<meta property=\"article:publisher\" content=\"https:\/\/www.facebook.com\/uartesec\" \/>\n<meta property=\"article:modified_time\" content=\"2024-07-04T16:24:56+00:00\" \/>\n<meta property=\"og:image\" content=\"https:\/\/www.uartes.edu.ec\/sitio\/wp-content\/uploads\/2021\/12\/dp-Maria-Paulina.jpg\" \/>\n\t<meta property=\"og:image:width\" content=\"1000\" \/>\n\t<meta property=\"og:image:height\" content=\"1000\" \/>\n\t<meta property=\"og:image:type\" content=\"image\/jpeg\" \/>\n<meta name=\"twitter:card\" content=\"summary_large_image\" \/>\n<meta name=\"twitter:site\" content=\"@uartesec\" \/>\n<script type=\"application\/ld+json\" class=\"yoast-schema-graph\">{\"@context\":\"https:\\\/\\\/schema.org\",\"@graph\":[{\"@type\":\"WebPage\",\"@id\":\"https:\\\/\\\/www.uartes.edu.ec\\\/sitio\\\/fr\\\/docs\\\/maria-paulina-briones-layana\\\/\",\"url\":\"https:\\\/\\\/www.uartes.edu.ec\\\/sitio\\\/fr\\\/docs\\\/maria-paulina-briones-layana\\\/\",\"name\":\"Mar\u00eda Paulina Briones Layana - Universidad de las Artes\",\"isPartOf\":{\"@id\":\"https:\\\/\\\/www.uartes.edu.ec\\\/sitio\\\/fr\\\/#website\"},\"primaryImageOfPage\":{\"@id\":\"https:\\\/\\\/www.uartes.edu.ec\\\/sitio\\\/fr\\\/docs\\\/maria-paulina-briones-layana\\\/#primaryimage\"},\"image\":{\"@id\":\"https:\\\/\\\/www.uartes.edu.ec\\\/sitio\\\/fr\\\/docs\\\/maria-paulina-briones-layana\\\/#primaryimage\"},\"thumbnailUrl\":\"https:\\\/\\\/www.uartes.edu.ec\\\/sitio\\\/wp-content\\\/uploads\\\/2021\\\/12\\\/dp-Maria-Paulina.jpg\",\"datePublished\":\"2021-12-16T21:15:48+00:00\",\"dateModified\":\"2024-07-04T16:24:56+00:00\",\"breadcrumb\":{\"@id\":\"https:\\\/\\\/www.uartes.edu.ec\\\/sitio\\\/fr\\\/docs\\\/maria-paulina-briones-layana\\\/#breadcrumb\"},\"inLanguage\":\"fr-FR\",\"potentialAction\":[{\"@type\":\"ReadAction\",\"target\":[\"https:\\\/\\\/www.uartes.edu.ec\\\/sitio\\\/fr\\\/docs\\\/maria-paulina-briones-layana\\\/\"]}]},{\"@type\":\"ImageObject\",\"inLanguage\":\"fr-FR\",\"@id\":\"https:\\\/\\\/www.uartes.edu.ec\\\/sitio\\\/fr\\\/docs\\\/maria-paulina-briones-layana\\\/#primaryimage\",\"url\":\"https:\\\/\\\/www.uartes.edu.ec\\\/sitio\\\/wp-content\\\/uploads\\\/2021\\\/12\\\/dp-Maria-Paulina.jpg\",\"contentUrl\":\"https:\\\/\\\/www.uartes.edu.ec\\\/sitio\\\/wp-content\\\/uploads\\\/2021\\\/12\\\/dp-Maria-Paulina.jpg\",\"width\":1000,\"height\":1000},{\"@type\":\"BreadcrumbList\",\"@id\":\"https:\\\/\\\/www.uartes.edu.ec\\\/sitio\\\/fr\\\/docs\\\/maria-paulina-briones-layana\\\/#breadcrumb\",\"itemListElement\":[{\"@type\":\"ListItem\",\"position\":1,\"name\":\"Inicio\",\"item\":\"https:\\\/\\\/www.uartes.edu.ec\\\/sitio\\\/\"},{\"@type\":\"ListItem\",\"position\":2,\"name\":\"Docs\",\"item\":\"https:\\\/\\\/www.uartes.edu.ec\\\/sitio\\\/docs\\\/\"},{\"@type\":\"ListItem\",\"position\":3,\"name\":\"Mar\u00eda Paulina Briones Layana\"}]},{\"@type\":\"WebSite\",\"@id\":\"https:\\\/\\\/www.uartes.edu.ec\\\/sitio\\\/fr\\\/#website\",\"url\":\"https:\\\/\\\/www.uartes.edu.ec\\\/sitio\\\/fr\\\/\",\"name\":\"Universidad de las Artes\",\"description\":\"Sitio oficial de la Universidad Nacional de las Artes del Ecuador\",\"publisher\":{\"@id\":\"https:\\\/\\\/www.uartes.edu.ec\\\/sitio\\\/fr\\\/#organization\"},\"potentialAction\":[{\"@type\":\"SearchAction\",\"target\":{\"@type\":\"EntryPoint\",\"urlTemplate\":\"https:\\\/\\\/www.uartes.edu.ec\\\/sitio\\\/fr\\\/?s={search_term_string}\"},\"query-input\":{\"@type\":\"PropertyValueSpecification\",\"valueRequired\":true,\"valueName\":\"search_term_string\"}}],\"inLanguage\":\"fr-FR\"},{\"@type\":\"Organization\",\"@id\":\"https:\\\/\\\/www.uartes.edu.ec\\\/sitio\\\/fr\\\/#organization\",\"name\":\"Universidad de las Artes\",\"url\":\"https:\\\/\\\/www.uartes.edu.ec\\\/sitio\\\/fr\\\/\",\"logo\":{\"@type\":\"ImageObject\",\"inLanguage\":\"fr-FR\",\"@id\":\"https:\\\/\\\/www.uartes.edu.ec\\\/sitio\\\/fr\\\/#\\\/schema\\\/logo\\\/image\\\/\",\"url\":\"https:\\\/\\\/www.uartes.edu.ec\\\/sitio\\\/wp-content\\\/uploads\\\/2022\\\/07\\\/logo-ua-horizontal.png\",\"contentUrl\":\"https:\\\/\\\/www.uartes.edu.ec\\\/sitio\\\/wp-content\\\/uploads\\\/2022\\\/07\\\/logo-ua-horizontal.png\",\"width\":800,\"height\":276,\"caption\":\"Universidad de las Artes\"},\"image\":{\"@id\":\"https:\\\/\\\/www.uartes.edu.ec\\\/sitio\\\/fr\\\/#\\\/schema\\\/logo\\\/image\\\/\"},\"sameAs\":[\"https:\\\/\\\/www.facebook.com\\\/uartesec\",\"https:\\\/\\\/x.com\\\/uartesec\",\"https:\\\/\\\/www.tiktok.com\\\/@uartesec\"]}]}<\/script>\n<!-- \/ Yoast SEO plugin. -->","yoast_head_json":{"title":"Mar\u00eda Paulina Briones Layana - Universidad de las Artes","robots":{"index":"index","follow":"follow","max-snippet":"max-snippet:-1","max-image-preview":"max-image-preview:large","max-video-preview":"max-video-preview:-1"},"canonical":"https:\/\/www.uartes.edu.ec\/sitio\/fr\/docs\/maria-paulina-briones-layana\/","og_locale":"fr_FR","og_type":"article","og_title":"Mar\u00eda Paulina Briones Layana - Universidad de las Artes","og_url":"https:\/\/www.uartes.edu.ec\/sitio\/fr\/docs\/maria-paulina-briones-layana\/","og_site_name":"Universidad de las Artes","article_publisher":"https:\/\/www.facebook.com\/uartesec","article_modified_time":"2024-07-04T16:24:56+00:00","og_image":[{"width":1000,"height":1000,"url":"https:\/\/www.uartes.edu.ec\/sitio\/wp-content\/uploads\/2021\/12\/dp-Maria-Paulina.jpg","type":"image\/jpeg"}],"twitter_card":"summary_large_image","twitter_site":"@uartesec","schema":{"@context":"https:\/\/schema.org","@graph":[{"@type":"WebPage","@id":"https:\/\/www.uartes.edu.ec\/sitio\/fr\/docs\/maria-paulina-briones-layana\/","url":"https:\/\/www.uartes.edu.ec\/sitio\/fr\/docs\/maria-paulina-briones-layana\/","name":"Mar\u00eda Paulina Briones Layana - Universidad de las Artes","isPartOf":{"@id":"https:\/\/www.uartes.edu.ec\/sitio\/fr\/#website"},"primaryImageOfPage":{"@id":"https:\/\/www.uartes.edu.ec\/sitio\/fr\/docs\/maria-paulina-briones-layana\/#primaryimage"},"image":{"@id":"https:\/\/www.uartes.edu.ec\/sitio\/fr\/docs\/maria-paulina-briones-layana\/#primaryimage"},"thumbnailUrl":"https:\/\/www.uartes.edu.ec\/sitio\/wp-content\/uploads\/2021\/12\/dp-Maria-Paulina.jpg","datePublished":"2021-12-16T21:15:48+00:00","dateModified":"2024-07-04T16:24:56+00:00","breadcrumb":{"@id":"https:\/\/www.uartes.edu.ec\/sitio\/fr\/docs\/maria-paulina-briones-layana\/#breadcrumb"},"inLanguage":"fr-FR","potentialAction":[{"@type":"ReadAction","target":["https:\/\/www.uartes.edu.ec\/sitio\/fr\/docs\/maria-paulina-briones-layana\/"]}]},{"@type":"ImageObject","inLanguage":"fr-FR","@id":"https:\/\/www.uartes.edu.ec\/sitio\/fr\/docs\/maria-paulina-briones-layana\/#primaryimage","url":"https:\/\/www.uartes.edu.ec\/sitio\/wp-content\/uploads\/2021\/12\/dp-Maria-Paulina.jpg","contentUrl":"https:\/\/www.uartes.edu.ec\/sitio\/wp-content\/uploads\/2021\/12\/dp-Maria-Paulina.jpg","width":1000,"height":1000},{"@type":"BreadcrumbList","@id":"https:\/\/www.uartes.edu.ec\/sitio\/fr\/docs\/maria-paulina-briones-layana\/#breadcrumb","itemListElement":[{"@type":"ListItem","position":1,"name":"Inicio","item":"https:\/\/www.uartes.edu.ec\/sitio\/"},{"@type":"ListItem","position":2,"name":"Docs","item":"https:\/\/www.uartes.edu.ec\/sitio\/docs\/"},{"@type":"ListItem","position":3,"name":"Mar\u00eda Paulina Briones Layana"}]},{"@type":"WebSite","@id":"https:\/\/www.uartes.edu.ec\/sitio\/fr\/#website","url":"https:\/\/www.uartes.edu.ec\/sitio\/fr\/","name":"Universidad de las Artes","description":"Sitio oficial de la Universidad Nacional de las Artes del Ecuador","publisher":{"@id":"https:\/\/www.uartes.edu.ec\/sitio\/fr\/#organization"},"potentialAction":[{"@type":"SearchAction","target":{"@type":"EntryPoint","urlTemplate":"https:\/\/www.uartes.edu.ec\/sitio\/fr\/?s={search_term_string}"},"query-input":{"@type":"PropertyValueSpecification","valueRequired":true,"valueName":"search_term_string"}}],"inLanguage":"fr-FR"},{"@type":"Organization","@id":"https:\/\/www.uartes.edu.ec\/sitio\/fr\/#organization","name":"Universidad de las Artes","url":"https:\/\/www.uartes.edu.ec\/sitio\/fr\/","logo":{"@type":"ImageObject","inLanguage":"fr-FR","@id":"https:\/\/www.uartes.edu.ec\/sitio\/fr\/#\/schema\/logo\/image\/","url":"https:\/\/www.uartes.edu.ec\/sitio\/wp-content\/uploads\/2022\/07\/logo-ua-horizontal.png","contentUrl":"https:\/\/www.uartes.edu.ec\/sitio\/wp-content\/uploads\/2022\/07\/logo-ua-horizontal.png","width":800,"height":276,"caption":"Universidad de las Artes"},"image":{"@id":"https:\/\/www.uartes.edu.ec\/sitio\/fr\/#\/schema\/logo\/image\/"},"sameAs":["https:\/\/www.facebook.com\/uartesec","https:\/\/x.com\/uartesec","https:\/\/www.tiktok.com\/@uartesec"]}]}},"uagb_featured_image_src":{"full":["https:\/\/www.uartes.edu.ec\/sitio\/wp-content\/uploads\/2021\/12\/dp-Maria-Paulina.jpg",1000,1000,false],"thumbnail":["https:\/\/www.uartes.edu.ec\/sitio\/wp-content\/uploads\/2021\/12\/dp-Maria-Paulina-150x150.jpg",150,150,true],"medium":["https:\/\/www.uartes.edu.ec\/sitio\/wp-content\/uploads\/2021\/12\/dp-Maria-Paulina-300x300.jpg",300,300,true],"medium_large":["https:\/\/www.uartes.edu.ec\/sitio\/wp-content\/uploads\/2021\/12\/dp-Maria-Paulina-768x768.jpg",768,768,true],"large":["https:\/\/www.uartes.edu.ec\/sitio\/wp-content\/uploads\/2021\/12\/dp-Maria-Paulina-644x644.jpg",644,644,true],"1536x1536":["https:\/\/www.uartes.edu.ec\/sitio\/wp-content\/uploads\/2021\/12\/dp-Maria-Paulina.jpg",1000,1000,false],"2048x2048":["https:\/\/www.uartes.edu.ec\/sitio\/wp-content\/uploads\/2021\/12\/dp-Maria-Paulina.jpg",1000,1000,false],"trp-custom-language-flag":["https:\/\/www.uartes.edu.ec\/sitio\/wp-content\/uploads\/2021\/12\/dp-Maria-Paulina.jpg",12,12,false],"htmega_size_585x295":["https:\/\/www.uartes.edu.ec\/sitio\/wp-content\/uploads\/2021\/12\/dp-Maria-Paulina.jpg",295,295,false],"htmega_size_1170x536":["https:\/\/www.uartes.edu.ec\/sitio\/wp-content\/uploads\/2021\/12\/dp-Maria-Paulina.jpg",536,536,false],"htmega_size_396x360":["https:\/\/www.uartes.edu.ec\/sitio\/wp-content\/uploads\/2021\/12\/dp-Maria-Paulina.jpg",360,360,false],"gb-block-post-grid-landscape":["https:\/\/www.uartes.edu.ec\/sitio\/wp-content\/uploads\/2021\/12\/dp-Maria-Paulina-600x400.jpg",600,400,true],"gb-block-post-grid-square":["https:\/\/www.uartes.edu.ec\/sitio\/wp-content\/uploads\/2021\/12\/dp-Maria-Paulina-600x600.jpg",600,600,true],"university-hub-thumb":["https:\/\/www.uartes.edu.ec\/sitio\/wp-content\/uploads\/2021\/12\/dp-Maria-Paulina-300x300.jpg",300,300,true]},"uagb_author_info":{"display_name":"Universidad de las Artes","author_link":"https:\/\/www.uartes.edu.ec\/sitio\/fr\/blog\/author\/dircomadm\/"},"uagb_comment_info":0,"uagb_excerpt":null,"publishpress_future_workflow_manual_trigger":{"enabledWorkflows":[]},"distributor_meta":false,"distributor_terms":false,"distributor_media":false,"distributor_original_site_name":"Universidad de las Artes","distributor_original_site_url":"https:\/\/www.uartes.edu.ec\/sitio\/fr","push-errors":false,"_links":{"self":[{"href":"https:\/\/www.uartes.edu.ec\/sitio\/fr\/wp-json\/wp\/v2\/docs\/17765","targetHints":{"allow":["GET"]}}],"collection":[{"href":"https:\/\/www.uartes.edu.ec\/sitio\/fr\/wp-json\/wp\/v2\/docs"}],"about":[{"href":"https:\/\/www.uartes.edu.ec\/sitio\/fr\/wp-json\/wp\/v2\/types\/docs"}],"author":[{"embeddable":true,"href":"https:\/\/www.uartes.edu.ec\/sitio\/fr\/wp-json\/wp\/v2\/users\/1"}],"replies":[{"embeddable":true,"href":"https:\/\/www.uartes.edu.ec\/sitio\/fr\/wp-json\/wp\/v2\/comments?post=17765"}],"version-history":[{"count":3,"href":"https:\/\/www.uartes.edu.ec\/sitio\/fr\/wp-json\/wp\/v2\/docs\/17765\/revisions"}],"predecessor-version":[{"id":17768,"href":"https:\/\/www.uartes.edu.ec\/sitio\/fr\/wp-json\/wp\/v2\/docs\/17765\/revisions\/17768"}],"wp:featuredmedia":[{"embeddable":true,"href":"https:\/\/www.uartes.edu.ec\/sitio\/fr\/wp-json\/wp\/v2\/media\/17716"}],"wp:attachment":[{"href":"https:\/\/www.uartes.edu.ec\/sitio\/fr\/wp-json\/wp\/v2\/media?parent=17765"}],"wp:term":[{"taxonomy":"doc_category","embeddable":true,"href":"https:\/\/www.uartes.edu.ec\/sitio\/fr\/wp-json\/wp\/v2\/doc_category?post=17765"},{"taxonomy":"doc_tag","embeddable":true,"href":"https:\/\/www.uartes.edu.ec\/sitio\/fr\/wp-json\/wp\/v2\/doc_tag?post=17765"}],"curies":[{"name":"wp","href":"https:\/\/api.w.org\/{rel}","templated":true}]}}