{"id":18109,"date":"2021-12-21T16:36:51","date_gmt":"2021-12-21T21:36:51","guid":{"rendered":"http:\/\/www.uartes.edu.ec\/sitio\/?post_type=docs&#038;p=18109"},"modified":"2026-04-07T15:27:19","modified_gmt":"2026-04-07T20:27:19","password":"","slug":"gabriela-rivadeneira","status":"publish","type":"docs","link":"https:\/\/www.uartes.edu.ec\/sitio\/fr\/docs\/gabriela-rivadeneira\/","title":{"rendered":"Gabriela Rivadeneira"},"content":{"rendered":"","protected":false},"excerpt":{"rendered":"","protected":false},"author":1,"featured_media":79232,"comment_status":"open","ping_status":"closed","template":"","meta":{"_acf_changed":false,"_uag_custom_page_level_css":"","_monsterinsights_skip_tracking":false,"_monsterinsights_sitenote_active":false,"_monsterinsights_sitenote_note":"","_monsterinsights_sitenote_category":0,"cybocfi_hide_featured_image":"","footnotes":""},"doc_category":[580],"doc_tag":[],"class_list":["post-18109","docs","type-docs","status-publish","has-post-thumbnail","hentry","doc_category-cine"],"year_month":"2026-05","word_count":0,"total_views":0,"reactions":{"happy":0,"normal":0,"sad":0},"author_info":{"name":"Universidad de las Artes","author_nicename":"dircomadm","author_url":"https:\/\/www.uartes.edu.ec\/sitio\/fr\/blog\/author\/dircomadm\/"},"doc_category_info":[{"term_name":"Cine","term_url":"https:\/\/www.uartes.edu.ec\/sitio\/fr\/docs-category\/cine\/"}],"doc_tag_info":[],"acf":{"dp_ciudad":"Ecuador.","dp_email":"","dp_cargo":["Docente"],"dp_perfil":"Artista, investigadora y docente.","dp_estudios":"PhD en Artes (Universidad Sorbona-Pante\u00f3n Paris I), Maestr\u00eda en Did\u00e1ctica de la Imagen y en Estudios Cinematogr\u00e1ficos y Audiovisuales (Universidad Par\u00eds III).","dp_participaciones":"Inicia su actividad art\u00edstica a mediados de 1990. Entre 1999 y 2012 fue miembro del grupo art\u00edstico PCCP. Ha participado en varias exposiciones locales e internacionales. A trav\u00e9s de un recorrido transversal entre estudios cinematogr\u00e1ficos, teor\u00eda est\u00e9tica y pr\u00e1ctica art\u00edstica contempor\u00e1nea, explora los di\u00e1logos entre cine y arte contempor\u00e1neo.\r\n\r\nDesde 1995 participa en la creaci\u00f3n y en la direcci\u00f3n del Centro Ecuatoriano de Arte Contempor\u00e1neo (CEAC), enfocando su trabajo al desarrollo de proyectos de investigaci\u00f3n y difusi\u00f3n del arte contempor\u00e1neo. Entre 2013 y 2016 fue profesora de Creaci\u00f3n Art\u00edstica en la Universidad Sorbona-Pante\u00f3n Paris 1, entre 2018 y 2020 imparti\u00f3 clases de Lenguajes art\u00edsticos, Pintura y Dibujo avanzado en la Facultad de artes de la UCE, desde 2017 es docente-titular de la Escuela de Cine, UArtes e imparte An\u00e1lisis y Est\u00e9tica del Film I y II, Cine y otras artes.","dp_publicaciones":"Obras Art\u00edsticas - Audiovisuales\r\n<ul>\r\n \t<li>2019 Taller de Fundamentos (documental) 25\u2019.<\/li>\r\n \t<li>2012 Ma\u00f1ana desde el amanecer\u2026, 9\u201937\u201d.<\/li>\r\n \t<li>2011 Serie Balaklava, 23\u201944\u201d (serie de 8 videos)<\/li>\r\n \t<li>2009 El film como contexto de inscripci\u00f3n del arte, 120\u2019.<\/li>\r\n \t<li>2007 Judas (El ojo), 20\u201950\u2019\u2019<\/li>\r\n \t<li>2007 L-Train, 20\u201950\u2019\u2019 (2)<\/li>\r\n \t<li>2005 <em>Quito, <\/em>20\u201902\u2019\u2019<\/li>\r\n \t<li>2005 NYC, 18\u201950\u2019\u2019 (1)<\/li>\r\n \t<li>2005 <em>I, Me, Mine\u2026<\/em>, 00\u201952\u2019\u2019<\/li>\r\n \t<li>2004 <em>Tostados por la Fortuna<\/em>, 42\u201920\u2019\u2019<\/li>\r\n \t<li>2003 <em>Sick of Love<\/em>, 01\u201904\u2019\u2019<\/li>\r\n \t<li>2003 <em>La ciudad respira tu ausencia<\/em>\u2026, 01\u201922\u2019\u2019<\/li>\r\n \t<li>2002 <em>El Sietemesino<\/em>, 04\u201933\u2019\u2019<\/li>\r\n \t<li>2002 Detidepende, 01\u201918\u2019<\/li>\r\n \t<li>2002 <em>Vuelto de Cheno<\/em>, 05\u201901\u2019\u2019<\/li>\r\n \t<li>2001 <em>Walkabaut<\/em>, 07\u201923\u2019\u2019<\/li>\r\n \t<li>2001 <em>Pulvapatas<\/em>, 02\u201903\u2019\u2019<\/li>\r\n \t<li>2000 <em>Warrior Tours<\/em>, 02\u201946\u201d<\/li>\r\n<\/ul>\r\nExposiciones Individuales Y Colectivas, Residencias\r\n<ul>\r\n \t<li><em>2022<\/em>\u00a0\u00a0\u00a0\u00a0\u00a0 <em>(T\u00edtulo preliminar \u201ccenizas\u201d)<\/em><em> Centro de Arte Contempor\u00e1neo de Quito, Museos de la ciudad, Quito (prevista para el 1er cuatrimestre 2022). <\/em><\/li>\r\n \t<li>2021\u00a0\u00a0\u00a0\u00a0\u00a0 Programa de RESIDENCIAS ART\u00cdSTICAS Y TALLERES del Centro de Arte Contempor\u00e1neo de Quito, Museos de la ciudad, Quito. Periodo: Noviembre 2020 \u2013 Junio 2021.<\/li>\r\n \t<li>2013\u00a0\u00a0\u00a0\u00a0\u00a0 <em>The Spark That Sets The Prairie On Fire <\/em>(exhibici\u00f3n colectiva internacional), Mulbery Galery, <a href=\"http:\/\/www.denison.edu\/offices\/publicaffairs\/pressreleases\/artists_talk_20130220.html\">Denison University, Ohio<\/a>.<\/li>\r\n \t<li>2012\u00a0\u00a0\u00a0\u00a0\u00a0 <em>La Chispa que incendia la llanura.<\/em> Relaciones entre Arte y Pol\u00edtica, (exhibici\u00f3n colectiva internacional) 15 de marzo \u2013 20 de mayo, Quito, Ecuador.<\/li>\r\n \t<li>2010\u00a0\u00a0\u00a0\u00a0\u00a0 <a href=\"http:\/\/www.balaklava-odyssey.com\/bb-std\/ki-en\/86.html\"><em>Balaklava Odyssey 2010<\/em><\/a>, Encuentro de Arte contempor\u00e1neo, Balaklava, Ucrania.<\/li>\r\n \t<li>2010\u00a0\u00a0 \u00a0\u00a0 <a href=\"http:\/\/www.zaragozalatina.com\/\"><em>Quito en Zaragoza<\/em><\/a>, \u201cEntre ensayos, dispositivos y Fugas\u201d.\u00a0Exhibici\u00f3n colectiva de arte contempor\u00e1neo. (Mayo - Septiembre), Centre de Historia, Zaragoza, Espa\u00f1a.<\/li>\r\n \t<li>2008\u00a0\u00a0\u00a0\u00a0\u00a0 <em>Realismos Radicales<\/em> (exhibici\u00f3n colectiva), Museo Nacional del Banco Central del Ecuador, 5 Junio - 12 Septiembre, Quito.<\/li>\r\n \t<li>2007\u00a0\u00a0\u00a0\u00a0\u00a0 <em>Arte Contempor\u00e1neo del Ecuador <\/em>(exhibici\u00f3n colectiva), Museo Camilo Egas, Quito Ecuador. Video proyecci\u00f3n de: <em>El OJO <\/em>y <em>L-Train<\/em>. Mayo-Junio<\/li>\r\n \t<li>2007\u00a0\u00a0\u00a0\u00a0\u00a0 <em>EL PERIODICO DE AYER<\/em>, intervenci\u00f3n individual con el trabajo <em>Sick of Love<\/em> <em>(2), <\/em>dise\u00f1o de la postale del mes de mayo, Quito.<\/li>\r\n \t<li>2006 \u00a0\u00a0\u00a0\u00a0 PCCP en Paris (exhibici\u00f3n individual), Galer\u00eda de la Universidad Paris 8 Vincennes Saint-Dennis.<\/li>\r\n \t<li>2006\u00a0\u00a0\u00a0\u00a0\u00a0 <em>ACTUART<\/em>: <em>Illusion y M\u00e9tamorphose<\/em>. Tercera Bienal de Arte de Saint-Cloud, Francia. <a href=\"http:\/\/www.actuart.com\/2006.htm\">http:\/\/www.actuart.com\/2006.htm<\/a><\/li>\r\n \t<li>2006\u00a0\u00a0\u00a0\u00a0\u00a0 <em>Soixante quatorze et un jour<\/em>, en el marco de la exposici\u00f3n placer\/d\u00e9placer. Proyecci\u00f3n colectiva de videos (PCCP).\u00a0 Museo de Arte y de Historia de Saint-Denis, Paris, 8 juin.<\/li>\r\n \t<li>2006\u00a0\u00a0\u00a0\u00a0\u00a0 <em>Quelqu\u2019un t\u2019attend<\/em> (exhibici\u00f3n colectiva) Galer\u00eda Paris 8-A033. Saint-Denis Universidad, Paris, 7-9 de junio.<\/li>\r\n \t<li>2006\u00a0 \u00a0\u00a0\u00a0 <em>L\u2019embobineuse: Festival de Arte y Terrorismo 2006<\/em> (exhibici\u00f3n colectiva), Marsella.\u00a0 26 de abril. <a href=\"http:\/\/phoenix99.free.fr\/lembobineuse\/\">http:\/\/phoenix99.free.fr\/lembobineuse\/<\/a><\/li>\r\n \t<li>2005\u00a0\u00a0\u00a0\u00a0\u00a0 <em>Ambularte<\/em>,\u00a0muestra de arte audiovisual ambulante. Hamburgo (Alemania); Guadalajara (M\u00e9xico); Guayaquil, Quito Ambato (Ecuador). Participaci\u00f3n de las obras <em>Sick of love<\/em>, <em>El Triciclazo<\/em> y <em>La ciudad respira tu ausencia. <\/em>2005.<\/li>\r\n \t<li>2005\u00a0\u00a0\u00a0\u00a0\u00a0 <em>P\u00e9rim\u00e8tre Critique <\/em>(exhibici\u00f3n colectiva), galer\u00eda de la Universidad Saint Denis Paris 8. Participaci\u00f3n con la obra <em>Quito, visualidades, iconograf\u00edas y din\u00e1micas del imaginario colectivo<\/em>, 20 min. Paris, 2005.<\/li>\r\n \t<li>2005 \u00a0\u00a0\u00a0\u00a0 PCCP Artista Invitado en Denison University, Ohio, Estados Unidos. Presentaci\u00f3n de los trabajos de PCCP (exhibici\u00f3n individual).<\/li>\r\n \t<li>2005 \u00a0\u00a0\u00a0\u00a0 Festival de cine Sexo, Drogas y Rock and Roll. Cine 8 y medio. Quito. Presentaci\u00f3n del mediometraje Tostados por la Fortuna (exhibici\u00f3n colectiva).<\/li>\r\n \t<li>2005\u00a0\u00a0\u00a0\u00a0\u00a0 Mes de la Fotograf\u00eda, octavo mes internacional de la Fotograf\u00eda, Alianza Francesa, Quito.<\/li>\r\n \t<li>2005 \u00a0\u00a0\u00a0\u00a0 Proyecci\u00f3n del video \u201c<em>Quito, visualit\u00e9s, iconographies y dynamiques de l\u2019imaginaire collective\u201d<\/em>, 20 min. Paris, 2005. (exhibici\u00f3n individual), en el Concierto de Negro Triqueante. Proyecto audiovisual. M\u00fasica, narraci\u00f3n en vivo, performance y proyecci\u00f3n de videos. Seserib\u00f3. Quito.<\/li>\r\n \t<li>2005\u00a0\u00a0\u00a0\u00a0\u00a0 <em>IV Festival <\/em><em>de m\u00fasica sagrada<\/em>. <em>En Plural: de m\u00fasica sacra a m\u00fasica sagrada<\/em>. Espect\u00e1culo de m\u00fasica e imagen. Participaci\u00f3n con la obra <em>TIME<\/em> de PCCP (exhibici\u00f3n colectiva). Plaza del Teatro, 23 de marzo de 2005.<\/li>\r\n \t<li>2004\u00a0 \u00a0\u00a0\u00a0 Kunst Salon: <em>Cin\u00e9matographique Vid\u00e9o Works <\/em>(exhibici\u00f3n colectiva). 19 - 26 Septiembre, Berl\u00edn, Alemania. Presentaci\u00f3n de <em>El Sietemesino<\/em> et <em>El Triciclazo<\/em> de PCCP\u00a0 <a href=\"http:\/\/www.berlinerkunstsalon.de\/index_eng.html\">http:\/\/www.berlinerkunstsalon.de\/index_eng.html<\/a>\u00a0 (31. Harm Lux)<\/li>\r\n \t<li>2004 \u00a0\u00a0\u00a0\u00a0 <em>Cortometrajes Ecuatorianos <\/em>(exhibici\u00f3n colectiva), Cine Metr\u00f3poli, Hamburgo, Alemania.<\/li>\r\n \t<li>2004\u00a0\u00a0\u00a0\u00a0\u00a0 Retrospectiva de trabajos audiovisuales de PCCP, estreno de <em>Tostados por la Fortuna<\/em> (45min). Cine 8 y Medio, La Floresta, Quito. Enero.<\/li>\r\n \t<li>2004\u00a0\u00a0\u00a0\u00a0\u00a0 <em>Festival de cortometrajes, Videos desde el arte <\/em>(exhibici\u00f3n colectiva), Cine 8 y Medio, La Floresta, Quito.<\/li>\r\n \t<li>2004\u00a0\u00a0\u00a0\u00a0\u00a0 <em>Festival de cortometrajes, Videos desde el arte <\/em>(exhibici\u00f3n colectiva), MAAC CINE, Guayaquil<\/li>\r\n \t<li>2003\u00a0\u00a0\u00a0\u00a0\u00a0 <em>Banda sonora<\/em>, en <em>Afiches de cine <\/em>PCCP (exposici\u00f3n colectiva), Cine 8 y Medio, La Floresta, Quito. Abril.<\/li>\r\n \t<li>2002\u00a0\u00a0\u00a0\u00a0\u00a0 <em>Tercermundista 4 ever<\/em>, <em>PCCP<\/em>, Cinema Clasics, East Village, New York, N.Y. Agosto.<\/li>\r\n \t<li>2002<em>\u00a0\u00a0\u00a0\u00a0\u00a0 Tercermundista 4 ever<\/em>, <em>PCCP<\/em>, Umbrella Center for the arts, 21-23 Avenue C, New York, N.Y. Agosto.<\/li>\r\n \t<li>2002\u00a0\u00a0\u00a0\u00a0\u00a0 <em>El Sietemesino<\/em> (exposici\u00f3n individual), Surf Reality 172 Allen St., New York, N.Y.<\/li>\r\n \t<li>2002\u00a0\u00a0\u00a0\u00a0\u00a0 PCCP (exposici\u00f3n individual), Hospital Militar Antiguo (HOMA).<\/li>\r\n \t<li>2001\u00a0\u00a0\u00a0\u00a0\u00a0 <em>Alpiso<\/em> (exposici\u00f3n colectiva), Hospital Militar Antiguo (HOMA). Projet <em>Par terre<\/em> (Alpiso). Quito<\/li>\r\n \t<li>2000\u00a0\u00a0\u00a0\u00a0\u00a0 <em>PCCP<\/em>, acci\u00f3n multimedia y pintura (exposici\u00f3n individual), Caf\u00e9 Poeten, Copenhague, Dinamarca.<\/li>\r\n \t<li>1999\u00a0\u00a0\u00a0\u00a0\u00a0 <em>Banco e individuales<\/em>, El Pobre Diablo, Zona Mariscal, Quito.<\/li>\r\n \t<li>1997-1996\u00a0\u00a0\u00a0\u00a0\u00a0 <em>Fin del Medio del Comienzo<\/em>, propuestas de dibujo (exposici\u00f3n colectiva), Museo del Banco Central del Ecuador: noviembre en Machala, diciembre en Manta, marzo en Guayaquil. CATALOGO\u00a0<em>(Fin del Medio del Comienzo)<\/em>.<\/li>\r\n \t<li>1996\u00a0\u00a0\u00a0\u00a0\u00a0 Exposici\u00f3n de egresados de la Facultad de Artes Pl\u00e1sticas (exposici\u00f3n colectiva). Casa de la Cultura ecuatoriana, sala Benjam\u00edn Carri\u00f3n. Julio - 15 agosto.<\/li>\r\n \t<li>1996 \u00a0\u00a0\u00a0\u00a0 <em>Fin del Medio del Comienzo<\/em>, propuestas de dibujo (exposici\u00f3n colectiva), Casa museo del Colegio de Arquitectos de Pichincha. 8 - 30 de junio. Quito.<\/li>\r\n \t<li>1996\u00a0\u00a0\u00a0\u00a0\u00a0 <em>Centro ecuatoriano de arte contempor\u00e1neo<\/em> (exposici\u00f3n colectiva), Casa Comunal La Tola - CEAC, Febrero-Marzo. La Tola, Quito.<\/li>\r\n \t<li>1996\u00a0\u00a0\u00a0\u00a0\u00a0 <em>Escultura Coca Cola Contour <\/em>(exposici\u00f3n colectiva), Posada de las Artes Kingman, 22-29 de febrero, Quito.<\/li>\r\n \t<li>1995\u00a0\u00a0\u00a0\u00a0\u00a0 <em>Centro ecuatoriano de arte contempor\u00e1neo<\/em> (exposici\u00f3n colectiva), Casa Comunal La Tola - CEAC, Agosto. La Tola, Quito.<\/li>\r\n<\/ul>","dp_intereses":"","dp_sitio_web":"<ul>\r\n \t<li>OBRA ART\u00cdSTICA: <a href=\"https:\/\/gabrielaribadeneiracrespo.wordpress.com\/\">https:\/\/gabrielaribadeneiracrespo.wordpress.com\/<\/a><\/li>\r\n \t<li>WEB: <a href=\"https:\/\/gabrielaribadeneiracrespo.wordpress.com\/textos\/teoria\/\">https:\/\/gabrielaribadeneiracrespo.wordpress.com\/textos\/teoria\/<\/a><\/li>\r\n \t<li>ORCID: <a href=\"https:\/\/orcid.org\/0000-0002-0467-8922\">https:\/\/orcid.org\/0000-0002-0467-8922<\/a><\/li>\r\n \t<li>RESEARCH GATE: <a href=\"https:\/\/www.researchgate.net\/profile\/Gabriela_Rivadeneira_Crespo\">https:\/\/www.researchgate.net\/profile\/Gabriela_Rivadeneira_Crespo<\/a><\/li>\r\n \t<li>Panconcola (grupo art\u00edstico): <a href=\"https:\/\/panconcola.wordpress.com\/gabriela-rivadeneira\/works\/\">https:\/\/panconcola.wordpress.com\/gabriela-rivadeneira\/works\/<\/a><\/li>\r\n \t<li>CEAC: <a href=\"https:\/\/centroecuatorianodeartecontemporaneo.wordpress.com\">https:\/\/centroecuatorianodeartecontemporaneo.wordpress.com<\/a><\/li>\r\n<\/ul>"},"yoast_head":"<!-- This site is optimized with the Yoast SEO plugin v27.4 - https:\/\/yoast.com\/product\/yoast-seo-wordpress\/ -->\n<title>Gabriela Rivadeneira - Universidad de las Artes<\/title>\n<meta name=\"robots\" content=\"index, follow, max-snippet:-1, max-image-preview:large, max-video-preview:-1\" \/>\n<link rel=\"canonical\" href=\"https:\/\/www.uartes.edu.ec\/sitio\/fr\/docs\/gabriela-rivadeneira\/\" \/>\n<meta property=\"og:locale\" content=\"fr_FR\" \/>\n<meta property=\"og:type\" content=\"article\" \/>\n<meta property=\"og:title\" content=\"Gabriela Rivadeneira - Universidad de las Artes\" \/>\n<meta property=\"og:url\" content=\"https:\/\/www.uartes.edu.ec\/sitio\/fr\/docs\/gabriela-rivadeneira\/\" \/>\n<meta property=\"og:site_name\" content=\"Universidad de las Artes\" \/>\n<meta property=\"article:publisher\" content=\"https:\/\/www.facebook.com\/uartesec\" \/>\n<meta property=\"article:modified_time\" content=\"2026-04-07T20:27:19+00:00\" \/>\n<meta property=\"og:image\" content=\"https:\/\/www.uartes.edu.ec\/sitio\/wp-content\/uploads\/2021\/12\/VR04-ANA-GABRIELA-RIVADENEIRA.jpg\" \/>\n\t<meta property=\"og:image:width\" content=\"1000\" \/>\n\t<meta property=\"og:image:height\" content=\"1000\" \/>\n\t<meta property=\"og:image:type\" content=\"image\/jpeg\" \/>\n<meta name=\"twitter:card\" content=\"summary_large_image\" \/>\n<meta name=\"twitter:site\" content=\"@uartesec\" \/>\n<meta name=\"twitter:label1\" content=\"Dur\u00e9e de lecture estim\u00e9e\" \/>\n\t<meta name=\"twitter:data1\" content=\"1 minute\" \/>\n<script type=\"application\/ld+json\" class=\"yoast-schema-graph\">{\"@context\":\"https:\\\/\\\/schema.org\",\"@graph\":[{\"@type\":\"WebPage\",\"@id\":\"https:\\\/\\\/www.uartes.edu.ec\\\/sitio\\\/fr\\\/docs\\\/gabriela-rivadeneira\\\/\",\"url\":\"https:\\\/\\\/www.uartes.edu.ec\\\/sitio\\\/fr\\\/docs\\\/gabriela-rivadeneira\\\/\",\"name\":\"Gabriela Rivadeneira - Universidad de las Artes\",\"isPartOf\":{\"@id\":\"https:\\\/\\\/www.uartes.edu.ec\\\/sitio\\\/fr\\\/#website\"},\"primaryImageOfPage\":{\"@id\":\"https:\\\/\\\/www.uartes.edu.ec\\\/sitio\\\/fr\\\/docs\\\/gabriela-rivadeneira\\\/#primaryimage\"},\"image\":{\"@id\":\"https:\\\/\\\/www.uartes.edu.ec\\\/sitio\\\/fr\\\/docs\\\/gabriela-rivadeneira\\\/#primaryimage\"},\"thumbnailUrl\":\"https:\\\/\\\/www.uartes.edu.ec\\\/sitio\\\/wp-content\\\/uploads\\\/2021\\\/12\\\/VR04-ANA-GABRIELA-RIVADENEIRA.jpg\",\"datePublished\":\"2021-12-21T21:36:51+00:00\",\"dateModified\":\"2026-04-07T20:27:19+00:00\",\"breadcrumb\":{\"@id\":\"https:\\\/\\\/www.uartes.edu.ec\\\/sitio\\\/fr\\\/docs\\\/gabriela-rivadeneira\\\/#breadcrumb\"},\"inLanguage\":\"fr-FR\",\"potentialAction\":[{\"@type\":\"ReadAction\",\"target\":[\"https:\\\/\\\/www.uartes.edu.ec\\\/sitio\\\/fr\\\/docs\\\/gabriela-rivadeneira\\\/\"]}]},{\"@type\":\"ImageObject\",\"inLanguage\":\"fr-FR\",\"@id\":\"https:\\\/\\\/www.uartes.edu.ec\\\/sitio\\\/fr\\\/docs\\\/gabriela-rivadeneira\\\/#primaryimage\",\"url\":\"https:\\\/\\\/www.uartes.edu.ec\\\/sitio\\\/wp-content\\\/uploads\\\/2021\\\/12\\\/VR04-ANA-GABRIELA-RIVADENEIRA.jpg\",\"contentUrl\":\"https:\\\/\\\/www.uartes.edu.ec\\\/sitio\\\/wp-content\\\/uploads\\\/2021\\\/12\\\/VR04-ANA-GABRIELA-RIVADENEIRA.jpg\",\"width\":1000,\"height\":1000},{\"@type\":\"BreadcrumbList\",\"@id\":\"https:\\\/\\\/www.uartes.edu.ec\\\/sitio\\\/fr\\\/docs\\\/gabriela-rivadeneira\\\/#breadcrumb\",\"itemListElement\":[{\"@type\":\"ListItem\",\"position\":1,\"name\":\"Inicio\",\"item\":\"https:\\\/\\\/www.uartes.edu.ec\\\/sitio\\\/\"},{\"@type\":\"ListItem\",\"position\":2,\"name\":\"Docs\",\"item\":\"https:\\\/\\\/www.uartes.edu.ec\\\/sitio\\\/docs\\\/\"},{\"@type\":\"ListItem\",\"position\":3,\"name\":\"Gabriela Rivadeneira\"}]},{\"@type\":\"WebSite\",\"@id\":\"https:\\\/\\\/www.uartes.edu.ec\\\/sitio\\\/fr\\\/#website\",\"url\":\"https:\\\/\\\/www.uartes.edu.ec\\\/sitio\\\/fr\\\/\",\"name\":\"Universidad de las Artes\",\"description\":\"Sitio oficial de la Universidad Nacional de las Artes del Ecuador\",\"publisher\":{\"@id\":\"https:\\\/\\\/www.uartes.edu.ec\\\/sitio\\\/fr\\\/#organization\"},\"potentialAction\":[{\"@type\":\"SearchAction\",\"target\":{\"@type\":\"EntryPoint\",\"urlTemplate\":\"https:\\\/\\\/www.uartes.edu.ec\\\/sitio\\\/fr\\\/?s={search_term_string}\"},\"query-input\":{\"@type\":\"PropertyValueSpecification\",\"valueRequired\":true,\"valueName\":\"search_term_string\"}}],\"inLanguage\":\"fr-FR\"},{\"@type\":\"Organization\",\"@id\":\"https:\\\/\\\/www.uartes.edu.ec\\\/sitio\\\/fr\\\/#organization\",\"name\":\"Universidad de las Artes\",\"url\":\"https:\\\/\\\/www.uartes.edu.ec\\\/sitio\\\/fr\\\/\",\"logo\":{\"@type\":\"ImageObject\",\"inLanguage\":\"fr-FR\",\"@id\":\"https:\\\/\\\/www.uartes.edu.ec\\\/sitio\\\/fr\\\/#\\\/schema\\\/logo\\\/image\\\/\",\"url\":\"https:\\\/\\\/www.uartes.edu.ec\\\/sitio\\\/wp-content\\\/uploads\\\/2022\\\/07\\\/logo-ua-horizontal.png\",\"contentUrl\":\"https:\\\/\\\/www.uartes.edu.ec\\\/sitio\\\/wp-content\\\/uploads\\\/2022\\\/07\\\/logo-ua-horizontal.png\",\"width\":800,\"height\":276,\"caption\":\"Universidad de las Artes\"},\"image\":{\"@id\":\"https:\\\/\\\/www.uartes.edu.ec\\\/sitio\\\/fr\\\/#\\\/schema\\\/logo\\\/image\\\/\"},\"sameAs\":[\"https:\\\/\\\/www.facebook.com\\\/uartesec\",\"https:\\\/\\\/x.com\\\/uartesec\",\"https:\\\/\\\/www.tiktok.com\\\/@uartesec\"]}]}<\/script>\n<!-- \/ Yoast SEO plugin. -->","yoast_head_json":{"title":"Gabriela Rivadeneira - Universidad de las Artes","robots":{"index":"index","follow":"follow","max-snippet":"max-snippet:-1","max-image-preview":"max-image-preview:large","max-video-preview":"max-video-preview:-1"},"canonical":"https:\/\/www.uartes.edu.ec\/sitio\/fr\/docs\/gabriela-rivadeneira\/","og_locale":"fr_FR","og_type":"article","og_title":"Gabriela Rivadeneira - Universidad de las Artes","og_url":"https:\/\/www.uartes.edu.ec\/sitio\/fr\/docs\/gabriela-rivadeneira\/","og_site_name":"Universidad de las Artes","article_publisher":"https:\/\/www.facebook.com\/uartesec","article_modified_time":"2026-04-07T20:27:19+00:00","og_image":[{"width":1000,"height":1000,"url":"https:\/\/www.uartes.edu.ec\/sitio\/wp-content\/uploads\/2021\/12\/VR04-ANA-GABRIELA-RIVADENEIRA.jpg","type":"image\/jpeg"}],"twitter_card":"summary_large_image","twitter_site":"@uartesec","twitter_misc":{"Dur\u00e9e de lecture estim\u00e9e":"1 minute"},"schema":{"@context":"https:\/\/schema.org","@graph":[{"@type":"WebPage","@id":"https:\/\/www.uartes.edu.ec\/sitio\/fr\/docs\/gabriela-rivadeneira\/","url":"https:\/\/www.uartes.edu.ec\/sitio\/fr\/docs\/gabriela-rivadeneira\/","name":"Gabriela Rivadeneira - Universidad de las Artes","isPartOf":{"@id":"https:\/\/www.uartes.edu.ec\/sitio\/fr\/#website"},"primaryImageOfPage":{"@id":"https:\/\/www.uartes.edu.ec\/sitio\/fr\/docs\/gabriela-rivadeneira\/#primaryimage"},"image":{"@id":"https:\/\/www.uartes.edu.ec\/sitio\/fr\/docs\/gabriela-rivadeneira\/#primaryimage"},"thumbnailUrl":"https:\/\/www.uartes.edu.ec\/sitio\/wp-content\/uploads\/2021\/12\/VR04-ANA-GABRIELA-RIVADENEIRA.jpg","datePublished":"2021-12-21T21:36:51+00:00","dateModified":"2026-04-07T20:27:19+00:00","breadcrumb":{"@id":"https:\/\/www.uartes.edu.ec\/sitio\/fr\/docs\/gabriela-rivadeneira\/#breadcrumb"},"inLanguage":"fr-FR","potentialAction":[{"@type":"ReadAction","target":["https:\/\/www.uartes.edu.ec\/sitio\/fr\/docs\/gabriela-rivadeneira\/"]}]},{"@type":"ImageObject","inLanguage":"fr-FR","@id":"https:\/\/www.uartes.edu.ec\/sitio\/fr\/docs\/gabriela-rivadeneira\/#primaryimage","url":"https:\/\/www.uartes.edu.ec\/sitio\/wp-content\/uploads\/2021\/12\/VR04-ANA-GABRIELA-RIVADENEIRA.jpg","contentUrl":"https:\/\/www.uartes.edu.ec\/sitio\/wp-content\/uploads\/2021\/12\/VR04-ANA-GABRIELA-RIVADENEIRA.jpg","width":1000,"height":1000},{"@type":"BreadcrumbList","@id":"https:\/\/www.uartes.edu.ec\/sitio\/fr\/docs\/gabriela-rivadeneira\/#breadcrumb","itemListElement":[{"@type":"ListItem","position":1,"name":"Inicio","item":"https:\/\/www.uartes.edu.ec\/sitio\/"},{"@type":"ListItem","position":2,"name":"Docs","item":"https:\/\/www.uartes.edu.ec\/sitio\/docs\/"},{"@type":"ListItem","position":3,"name":"Gabriela Rivadeneira"}]},{"@type":"WebSite","@id":"https:\/\/www.uartes.edu.ec\/sitio\/fr\/#website","url":"https:\/\/www.uartes.edu.ec\/sitio\/fr\/","name":"Universidad de las Artes","description":"Sitio oficial de la Universidad Nacional de las Artes del Ecuador","publisher":{"@id":"https:\/\/www.uartes.edu.ec\/sitio\/fr\/#organization"},"potentialAction":[{"@type":"SearchAction","target":{"@type":"EntryPoint","urlTemplate":"https:\/\/www.uartes.edu.ec\/sitio\/fr\/?s={search_term_string}"},"query-input":{"@type":"PropertyValueSpecification","valueRequired":true,"valueName":"search_term_string"}}],"inLanguage":"fr-FR"},{"@type":"Organization","@id":"https:\/\/www.uartes.edu.ec\/sitio\/fr\/#organization","name":"Universidad de las Artes","url":"https:\/\/www.uartes.edu.ec\/sitio\/fr\/","logo":{"@type":"ImageObject","inLanguage":"fr-FR","@id":"https:\/\/www.uartes.edu.ec\/sitio\/fr\/#\/schema\/logo\/image\/","url":"https:\/\/www.uartes.edu.ec\/sitio\/wp-content\/uploads\/2022\/07\/logo-ua-horizontal.png","contentUrl":"https:\/\/www.uartes.edu.ec\/sitio\/wp-content\/uploads\/2022\/07\/logo-ua-horizontal.png","width":800,"height":276,"caption":"Universidad de las Artes"},"image":{"@id":"https:\/\/www.uartes.edu.ec\/sitio\/fr\/#\/schema\/logo\/image\/"},"sameAs":["https:\/\/www.facebook.com\/uartesec","https:\/\/x.com\/uartesec","https:\/\/www.tiktok.com\/@uartesec"]}]}},"uagb_featured_image_src":{"full":["https:\/\/www.uartes.edu.ec\/sitio\/wp-content\/uploads\/2021\/12\/VR04-ANA-GABRIELA-RIVADENEIRA.jpg",1000,1000,false],"thumbnail":["https:\/\/www.uartes.edu.ec\/sitio\/wp-content\/uploads\/2021\/12\/VR04-ANA-GABRIELA-RIVADENEIRA-150x150.jpg",150,150,true],"medium":["https:\/\/www.uartes.edu.ec\/sitio\/wp-content\/uploads\/2021\/12\/VR04-ANA-GABRIELA-RIVADENEIRA-300x300.jpg",300,300,true],"medium_large":["https:\/\/www.uartes.edu.ec\/sitio\/wp-content\/uploads\/2021\/12\/VR04-ANA-GABRIELA-RIVADENEIRA-768x768.jpg",768,768,true],"large":["https:\/\/www.uartes.edu.ec\/sitio\/wp-content\/uploads\/2021\/12\/VR04-ANA-GABRIELA-RIVADENEIRA-644x644.jpg",644,644,true],"1536x1536":["https:\/\/www.uartes.edu.ec\/sitio\/wp-content\/uploads\/2021\/12\/VR04-ANA-GABRIELA-RIVADENEIRA.jpg",1000,1000,false],"2048x2048":["https:\/\/www.uartes.edu.ec\/sitio\/wp-content\/uploads\/2021\/12\/VR04-ANA-GABRIELA-RIVADENEIRA.jpg",1000,1000,false],"trp-custom-language-flag":["https:\/\/www.uartes.edu.ec\/sitio\/wp-content\/uploads\/2021\/12\/VR04-ANA-GABRIELA-RIVADENEIRA-12x12.jpg",12,12,true],"htmega_size_585x295":["https:\/\/www.uartes.edu.ec\/sitio\/wp-content\/uploads\/2021\/12\/VR04-ANA-GABRIELA-RIVADENEIRA-585x295.jpg",585,295,true],"htmega_size_1170x536":["https:\/\/www.uartes.edu.ec\/sitio\/wp-content\/uploads\/2021\/12\/VR04-ANA-GABRIELA-RIVADENEIRA-1000x536.jpg",1000,536,true],"htmega_size_396x360":["https:\/\/www.uartes.edu.ec\/sitio\/wp-content\/uploads\/2021\/12\/VR04-ANA-GABRIELA-RIVADENEIRA-396x360.jpg",396,360,true],"gb-block-post-grid-landscape":["https:\/\/www.uartes.edu.ec\/sitio\/wp-content\/uploads\/2021\/12\/VR04-ANA-GABRIELA-RIVADENEIRA-600x400.jpg",600,400,true],"gb-block-post-grid-square":["https:\/\/www.uartes.edu.ec\/sitio\/wp-content\/uploads\/2021\/12\/VR04-ANA-GABRIELA-RIVADENEIRA-600x600.jpg",600,600,true],"university-hub-thumb":["https:\/\/www.uartes.edu.ec\/sitio\/wp-content\/uploads\/2021\/12\/VR04-ANA-GABRIELA-RIVADENEIRA-300x300.jpg",300,300,true]},"uagb_author_info":{"display_name":"Universidad de las Artes","author_link":"https:\/\/www.uartes.edu.ec\/sitio\/fr\/blog\/author\/dircomadm\/"},"uagb_comment_info":0,"uagb_excerpt":null,"publishpress_future_workflow_manual_trigger":{"enabledWorkflows":[]},"distributor_meta":false,"distributor_terms":false,"distributor_media":false,"distributor_original_site_name":"Universidad de las Artes","distributor_original_site_url":"https:\/\/www.uartes.edu.ec\/sitio\/fr","push-errors":false,"_links":{"self":[{"href":"https:\/\/www.uartes.edu.ec\/sitio\/fr\/wp-json\/wp\/v2\/docs\/18109","targetHints":{"allow":["GET"]}}],"collection":[{"href":"https:\/\/www.uartes.edu.ec\/sitio\/fr\/wp-json\/wp\/v2\/docs"}],"about":[{"href":"https:\/\/www.uartes.edu.ec\/sitio\/fr\/wp-json\/wp\/v2\/types\/docs"}],"author":[{"embeddable":true,"href":"https:\/\/www.uartes.edu.ec\/sitio\/fr\/wp-json\/wp\/v2\/users\/1"}],"replies":[{"embeddable":true,"href":"https:\/\/www.uartes.edu.ec\/sitio\/fr\/wp-json\/wp\/v2\/comments?post=18109"}],"version-history":[{"count":6,"href":"https:\/\/www.uartes.edu.ec\/sitio\/fr\/wp-json\/wp\/v2\/docs\/18109\/revisions"}],"predecessor-version":[{"id":88858,"href":"https:\/\/www.uartes.edu.ec\/sitio\/fr\/wp-json\/wp\/v2\/docs\/18109\/revisions\/88858"}],"wp:featuredmedia":[{"embeddable":true,"href":"https:\/\/www.uartes.edu.ec\/sitio\/fr\/wp-json\/wp\/v2\/media\/79232"}],"wp:attachment":[{"href":"https:\/\/www.uartes.edu.ec\/sitio\/fr\/wp-json\/wp\/v2\/media?parent=18109"}],"wp:term":[{"taxonomy":"doc_category","embeddable":true,"href":"https:\/\/www.uartes.edu.ec\/sitio\/fr\/wp-json\/wp\/v2\/doc_category?post=18109"},{"taxonomy":"doc_tag","embeddable":true,"href":"https:\/\/www.uartes.edu.ec\/sitio\/fr\/wp-json\/wp\/v2\/doc_tag?post=18109"}],"curies":[{"name":"wp","href":"https:\/\/api.w.org\/{rel}","templated":true}]}}