{"id":18323,"date":"2021-12-22T16:41:39","date_gmt":"2021-12-22T21:41:39","guid":{"rendered":"http:\/\/www.uartes.edu.ec\/sitio\/?post_type=docs&#038;p=18323"},"modified":"2025-12-26T16:58:04","modified_gmt":"2025-12-26T21:58:04","password":"","slug":"saidel-brito","status":"publish","type":"docs","link":"https:\/\/www.uartes.edu.ec\/sitio\/fr\/docs\/saidel-brito\/","title":{"rendered":"Saidel Brito"},"content":{"rendered":"","protected":false},"excerpt":{"rendered":"","protected":false},"author":1,"featured_media":83895,"comment_status":"open","ping_status":"closed","template":"","meta":{"_acf_changed":false,"_uag_custom_page_level_css":"","_monsterinsights_skip_tracking":false,"_monsterinsights_sitenote_active":false,"_monsterinsights_sitenote_note":"","_monsterinsights_sitenote_category":0,"cybocfi_hide_featured_image":"","footnotes":""},"doc_category":[581],"doc_tag":[],"class_list":["post-18323","docs","type-docs","status-publish","has-post-thumbnail","hentry","doc_category-artes-visuales"],"year_month":"2026-05","word_count":0,"total_views":0,"reactions":{"happy":0,"normal":0,"sad":0},"author_info":{"name":"Universidad de las Artes","author_nicename":"dircomadm","author_url":"https:\/\/www.uartes.edu.ec\/sitio\/fr\/blog\/author\/dircomadm\/"},"doc_category_info":[{"term_name":"Artes Visuales","term_url":"https:\/\/www.uartes.edu.ec\/sitio\/fr\/docs-category\/artes-visuales\/"}],"doc_tag_info":[],"acf":{"dp_ciudad":"Matanzas, Cuba.","dp_email":"<a href=\"mailto:saidel.brito@uartes.edu.ec\">saidel.brito@uartes.edu.ec<\/a>","dp_cargo":["Docente"],"dp_perfil":"","dp_estudios":"2019 Doctor en Ciencias sobre Arte. Universidad de las Artes de Cuba.\r\n\r\n2016 Magister en Artes con menci\u00f3n en Dibujo, Pintura y Escultura. Facultad de Artes. Universidad de Cuenca.\r\n\r\n2013\u00a0 \u00a0Magister en Educaci\u00f3n Superior, Investigaci\u00f3n e Innovaciones Pedag\u00f3gicas, Universidad Casa Grande.\r\n\r\n1997\u00a0 \u00a0Lcdo. en Artes Pl\u00e1sticas, especialidad de pintura. Instituto Superior de Arte (ISA), La Habana, Cuba\r\n\r\n1992\u00a0\u00a0 Escuela Nacional de Arte de Cubanac\u00e1n, La Habana, Cuba\r\n\r\n1988\u00a0\u00a0 Escuela Elemental de Artes Pl\u00e1sticas, Matanzas, Cuba","dp_participaciones":"1989 Primer premio de Dibujo, Sal\u00f3n Nacional de Escuelas de Arte. La Habana, Cuba.\r\n\r\n1995 Menci\u00f3n Revista Revoluci\u00f3n y Cultura. Primer Sal\u00f3n de Arte Cubano Contempor\u00e1neo. La Habana, Cuba.\r\n\r\n1997 Premio Ra\u00fal Mart\u00ednez, Instituto Superior de Arte (ISA). La Habana, Cuba.\r\n\r\n1998 Artista en residencia, Ludwig Forum f\u00fcr Internationale Kunst. Aachen, Alemania.\r\n\r\n2001 Primer premio (obra en conjunto con tres artistas), 2do Festival al aire libre (FAAL), Museo Municipal. Guayaquil, Ecuador.\r\n\r\n2002 Menci\u00f3n de honor. 3er Festival al aire libre (FAAL), Museo Municipal. Guayaquil, Ecuador.\r\n\r\n2003 Primer premio. Sal\u00f3n de Julio Fundaci\u00f3n de Guayaquil, Museo Municipal. Guayaquil, Ecuador. 2005 Tercer premio. Sal\u00f3n de Julio Fundaci\u00f3n de Guayaquil, Museo Municipal. Guayaquil, Ecuador.\r\n\r\n2009 Premio X Bienal Internacional de Cuenca, Ecuador.\r\n\r\n2010 Segundo Premio. Bienal de Pintura de Guayaquil.","dp_publicaciones":"<strong>Exposiciones Individuales<\/strong>\r\n\r\n2016\r\n<ul>\r\n \t<li><em>Curul<\/em>. Dpm Gallery. Guayaquil, Ecuador.<\/li>\r\n<\/ul>\r\n2011\r\n<ul>\r\n \t<li><em>Ruinas del Relato<\/em>. Dpm Gallery. Guayaquil, Ecuador.<\/li>\r\n<\/ul>\r\n2008\r\n<ul>\r\n \t<li><em>Nacidos Vivos<\/em>. Dpm Gallery. Miami,<\/li>\r\n<\/ul>\r\n2004\r\n<ul>\r\n \t<li><em>Habeas Corpus<\/em>. Dpm Gallery. Guayaquil, Ecuador.<\/li>\r\n<\/ul>\r\n2003\r\n<ul>\r\n \t<li><em>Lustro<\/em>. (Junto a Gilberto Brito), Galer\u00eda Pedro Ezquerrel. Matanzas, Cuba.<\/li>\r\n<\/ul>\r\n2002\r\n<ul>\r\n \t<li><em>Ni de all\u00e1 ni de aqu\u00ed<\/em>. Galer\u00eda Habana. La Habana, Cuba<\/li>\r\n \t<li><em>Filos y palabras<\/em>. Dpm Gallery. Guayaquil, Ecuador.<\/li>\r\n<\/ul>\r\n2001\r\n<ul>\r\n \t<li><em>Ni de aqu\u00ed ni de all\u00e1<\/em>, Museo de la Ciudad. Quito, Ecuador.<\/li>\r\n \t<li><em>El \u00faltimo intento de coger algo. <\/em>VII Bienal Internacional de Cuenca, Casa de Madeleine Hollaender. Cuenca, Ecuador.<\/li>\r\n<\/ul>\r\n2000\r\n<ul>\r\n \t<li><em>Los dispensables y otros paros.<\/em> Casa de la Cultura. Cuenca, Ecuador.<\/li>\r\n<\/ul>\r\n1999\r\n<ul>\r\n \t<li><em>La Historia es una gata que se defiende boca arriba. <\/em>Museo Artes. Quito, Ecuador.<\/li>\r\n \t<li><em>Despu\u00e9s de la org\u00eda. <\/em>Galer\u00eda Berini. Barcelona, Espa\u00f1a.<\/li>\r\n \t<li><em>El Migue necesita pintura. <\/em>Casa del Al lado. Quito, Ecuador. (Banderita Tricolor: Producto de Artes No Decorativas S.A.)<\/li>\r\n \t<li><em>El Migue necesita pintura <\/em>y <em>Sobre la felicidad del mayor n\u00famero posible. <\/em>Galer\u00eda Madeleine Hollaender. Guayaquil, Ecuador. (Banderita Tricolor: Producto de Artes No Decorativas S.A.)<\/li>\r\n<\/ul>\r\n1998\r\n<ul>\r\n \t<li><em>Utop\u00edas provisionales. <\/em>Galer\u00eda Ludwig Forum f\u00fcr International Kunst. Aachen, Alemania. \/<em>Utop\u00edas provisionales. <\/em> Berl\u00edn.<\/li>\r\n<\/ul>\r\n1996\r\n<ul>\r\n \t<li><em>Cuentos bobos. <\/em>Galer\u00eda Espacio Abierto, Revista Revoluci\u00f3n y Cultura. La Habana, Cuba.<\/li>\r\n<\/ul>\r\n1992\r\n<ul>\r\n \t<li><em>Aruacos, cubanos y mitos<\/em>. Escuela Nacional de Arte. La Habana, Cuba.<\/li>\r\n<\/ul>\r\n<strong>Exposiciones Colectivas\u00a0<\/strong>\r\n\r\n2019\r\n<ul>\r\n \t<li>Amarillo, azul y roto. A\u00f1os 90: arte y crisis en Ecuador. Centro de Arte Contempor\u00e1neo de Quito.<\/li>\r\n<\/ul>\r\n2015\r\n<ul>\r\n \t<li>10\u00ba Bienal del Mercosur. Porto Alegre, Brasil.<\/li>\r\n \t<li>Tensamientos: m\u00e1s all\u00e1 de la forma. Exposici\u00f3n colateral al Sal\u00f3n de Junio, Machala, Ecuador.<\/li>\r\n<\/ul>\r\n2014\r\n<ul>\r\n \t<li><span style=\"text-decoration: line-through;\">La Limpia<\/span>. Los fracasos de un tal Benjamin Simmons, Ph.D.. Galer\u00eda Mirador y Sala F\u00e9lix Enr\u00edquez, Universidad Cat\u00f3lica. Guayaquil, Ecuador.<\/li>\r\n \t<li>Una cartograf\u00eda del Ecuador. Museo de Arte Moderno. Cuenca, Ecuador.<\/li>\r\n<\/ul>\r\n2013\r\n<ul>\r\n \t<li>Reserva Activa. Dpm Gallery. Guayaquil, Ecuador.<\/li>\r\n<\/ul>\r\n2012\r\n<ul>\r\n \t<li><em>Sal\u00f3n de Julio Fundaci\u00f3n de Guayaquil. <\/em>Museo Municipal. Guayaquil, Ecuador.<\/li>\r\n \t<li>Feria Ode\u00f3n. Bogot\u00e1, Dpm Gallery.<\/li>\r\n<\/ul>\r\n2011\r\n<ul>\r\n \t<li>90\u00b4s apelando a los archivos de la memoria, Museo de Arte Moderno de Cuenca; MAAC, Guayaquil y Centro Cultural Itchimb\u00eda, Quito.<\/li>\r\n \t<li>2 + 2 = 5, Bar El fulano, Cuenca, Espacio Vac\u00edo, Guayaquil.<\/li>\r\n \t<li>Tiempos Muertos, Dpm Gallery. Guayaquil, Ecuador.<\/li>\r\n \t<li>Inspirato Corpus, Casa del Coco, Muestra paralela a la XI Bienal de Cuenca, Ecuador.<\/li>\r\n<\/ul>\r\n2010\r\n<ul>\r\n \t<li>Museo Municipal de Guayaquil..<\/li>\r\n \t<li>Bienal de Pintura de Guayaquil.<\/li>\r\n<\/ul>\r\n2009\r\n<ul>\r\n \t<li>El recurso y el m\u00e9todo. Centro Cultural de Espa\u00f1a, Guatemala.<\/li>\r\n \t<li>Arteam\u00e9ricas, Dpm Gallery. Miami, USA.<\/li>\r\n \t<li>Me gustas pero me asustas. Galer\u00eda El Conteiner, Quito. \/ Casa de la Cultura, Cuenca, Ecuador.<\/li>\r\n \t<li>X Bienal Internacional de Cuenca, Ecuador.<\/li>\r\n \t<li>Sala Procesos, Cuenca, Ecuador.<\/li>\r\n<\/ul>\r\n2008\r\n<ul>\r\n \t<li>Realismos radicales. Museo del Banco Central, Quito, Ecuador.<\/li>\r\n \t<li>Arteam\u00e9ricas, Dpm Gallery. Miami, USA.<\/li>\r\n \t<li>El espacio y la idea, Museo Municipal, Guayaquil, Ecuador.<\/li>\r\n \t<li>Otro Arte en Ecuador, Centro Cultural Itchimb\u00eda. Quito, Ecuador.<\/li>\r\n<\/ul>\r\n2007\r\n<ul>\r\n \t<li>Bienal de Valencia, Encuentro entre dos mares: Otras Contemporaneidades. Convivencias Problem\u00e1ticas, Valencia, Espa\u00f1a.<\/li>\r\n \t<li><em>Arco\u00b407 Feria Internacional de Arte Contempor\u00e1neo<\/em>. Dpm Gallery. Madrid, Espa\u00f1a.<\/li>\r\n \t<li><em>Killing Time, <\/em>Exit Art, New York.<\/li>\r\n \t<li><em>5TH Bienal The(S)files, <\/em>El Museo del Barrio, New York<\/li>\r\n<\/ul>\r\n2006\r\n<ul>\r\n \t<li>Tres nudos, trescientos tajos, Galer\u00eda Animal, Santiago de Chile<\/li>\r\n \t<li>Cuba, una isla mental, Galer\u00eda Vista Alegre, Torrevieja, Alicante, Espa\u00f1a.<\/li>\r\n \t<li>Waiting List, Mestna Galerija Ljubljana, Slovenia.<\/li>\r\n<\/ul>\r\n2005\r\n<ul>\r\n \t<li><em>And\u00e9n 16, <\/em>Centro Cultural Conde Duque. Madrid, Espa\u00f1a. \/ Centro Caja Madrid. Barcelona, Espa\u00f1a\/Centro Cultural Metropolitano, Quito, Ecuador.<\/li>\r\n \t<li>Arteam\u00e9ricas, Dpm Gallery. Miami, USA.<\/li>\r\n \t<li><em>ArteBA<\/em>, Dpm Gallery. Buenos Aires, Argentina.<\/li>\r\n \t<li><em>Preinauguraci\u00f3n de ferias internacionales. <\/em>Dpm Gallery. Guayaquil, Ecuador.<\/li>\r\n \t<li><em>Sal\u00f3n de Julio Fundaci\u00f3n de Guayaquil. <\/em>Museo Municipal. Guayaquil, Ecuador<\/li>\r\n<\/ul>\r\n2003\r\n<ul>\r\n \t<li><em>Maneras de inventarse una sonrisa. <\/em>VII Bienal de La Habana, Centro de Desarrollo de las Artes Visuales. La Habana, Cuba.<\/li>\r\n \t<li><em>Peque\u00f1os papeles. <\/em>Caf\u00e9 Siete. Cuenca, Ecuador.<\/li>\r\n \t<li><em>And\u00e9n 10. <\/em>Centro Cultural de la Pontifica Universidad Cat\u00f3lica del Ecuador. Quito, Ecuador\/ Museo de Arte Moderno. Cuenca, Ecuador\/ Centro de Desarrollo de las Artes Visuales. La Habana, Cuba.<\/li>\r\n \t<li><em>Sal\u00f3n de Julio Fundaci\u00f3n de Guayaquil. <\/em>Museo Municipal. Guayaquil, Ecuador.<\/li>\r\n<\/ul>\r\n2002\r\n<ul>\r\n \t<li><em> Deslizamientos de identidad y g\u00e9nero.<\/em> Fundaci\u00f3n Telef\u00f3nica, Barcelona, Espa\u00f1a.<\/li>\r\n \t<li><em>Ataque de Alas. <\/em>Museo Antropol\u00f3gico y de Arte Contempor\u00e1neo (MAAC). Guayaquil, Ecuador.<\/li>\r\n<\/ul>\r\n2001\r\n<ul>\r\n \t<li><em>Bienal Internacional de Los \u00c1ngeles. <\/em>Track 16 Gallery. Los \u00c1ngeles, Estados Unidos.<\/li>\r\n \t<li><em>Tercer Sal\u00f3n Cubano de Arte Contempor\u00e1neo. <\/em>Centro Wilfredo Lam. La Habana, Cuba.<\/li>\r\n \t<li><em>En la palma de la mano. <\/em>Casa de la Cultura. Cuenca, Ecuador.<\/li>\r\n \t<li>Dpm Gallery. Guayaquil, Ecuador.<\/li>\r\n<\/ul>\r\n2000\r\n<ul>\r\n \t<li><em>Tras la p\u00e9rdida de las colonias. <\/em>Museo Extreme\u00f1o e Iberoamericano de Arte Contempor\u00e1neo. Badajoz, Espa\u00f1a.<\/li>\r\n \t<li><em>La conjunci\u00f3n de la nada. <\/em>Centro de Desarrollo de las Artes Visuales. La Habana, Cuba.<\/li>\r\n \t<li><em>\u00c1ngeles contempor\u00e1neos. <\/em>Museo de la Ciudad. Quito, Ecuador.<\/li>\r\n \t<li><em>Hasta la vista baby. <\/em>El Pobre diablo. Quito, Ecuador.<\/li>\r\n \t<li><em>Sal\u00f3n Roberto Diago. <\/em>Matanzas, Cuba.<\/li>\r\n \t<li><em>Arriba la carpa. <\/em>VII Bienal de la Habana, Plaza Vieja. La Habana, Cuba.<\/li>\r\n \t<li><em>Esculturas y objetos. <\/em>La Galer\u00eda. Quito, Ecuador.<\/li>\r\n \t<li>Galer\u00eda dpm arte contempor\u00e1neo. Guayaquil, Ecuador.<\/li>\r\n<\/ul>\r\n1999\r\n<ul>\r\n \t<li><em>While Cuba waits. <\/em>Track 16 Gallery. Santa Monica, Estados Unidos.<\/li>\r\n \t<li><em>Art Frankfurt 99. <\/em>Galer\u00eda Frankfurt, Alemania.<\/li>\r\n \t<li><em>Tras la p\u00e9rdida de las colonias. <\/em>Museo de Artes de Ponce. Puerto Rico.<\/li>\r\n \t<li><em>Sal\u00f3n Roberto Diago. <\/em>Matanzas, Cuba.<\/li>\r\n<\/ul>\r\n1998\r\n<ul>\r\n \t<li><em>La imagen y el laberinto. <\/em>Vigo, Espa\u00f1a.<\/li>\r\n \t<li><em>VI Bienal Internacional de Cuenca. <\/em>Cuenca, Ecuador.<\/li>\r\n \t<li><em>Tras la p\u00e9rdida de las colonias. <\/em>Cultural Center. Manila, Filipinas.<\/li>\r\n<\/ul>\r\n1997\r\n<ul>\r\n \t<li><em>Ars moreandi. <\/em>Galer\u00eda 23 y 12. La Habana, Cuba.<\/li>\r\n \t<li><em>Expoarte 97. <\/em>Galer\u00eda Berini. Guadalajara, M\u00e9xico.<\/li>\r\n \t<li><em>Antes de la lluvia. <\/em>VI Bienal de La Habana, Instituto Superior de Arte (ISA). La Habana, Cuba.<\/li>\r\n \t<li><em>Trabajo por cuenta propia. <\/em>VI Bienal de La Habana, Galer\u00eda Luis de Soto. La Habana, Cuba.<\/li>\r\n \t<li><em>Arco\u00b497 Feria Internacional de Arte Contempor\u00e1neo. <\/em>Galer\u00eda Berini. Madrid, Espa\u00f1a.<\/li>\r\n<\/ul>\r\n1996\r\n<ul>\r\n \t<li><em>La nave va... <\/em>Centro de Desarrollo de las Artes Visuales. La Habana, Cuba.<\/li>\r\n \t<li><em>Arco\u201996 Feria Internacional de Arte Contempor\u00e1neo. <\/em>Galer\u00eda Berini. Madrid, Espa\u00f1a.<\/li>\r\n<\/ul>\r\n1995\r\n<ul>\r\n \t<li><em>New art from Cuba. <\/em>Whitechapel Art Gallery, Londres, Inglaterra.<em>\/<\/em>Tullie House Museum and Art Gallery. Carlisle, Inglaterra.<\/li>\r\n \t<li><em>Primer Sal\u00f3n de Arte Cubano Contempor\u00e1neo. <\/em>Centro de Desarrollo de las Artes Visuales. La Habana, Cuba.<\/li>\r\n \t<li><em>El oficio del arte. <\/em>Premio de curadur\u00eda. Primer Sal\u00f3n de Arte Cubano Contempor\u00e1neo.<\/li>\r\n \t<li><em>El r\u00e1pido.<\/em> Instituto Superior de Arte (ISA). La Habana, Cuba.<\/li>\r\n \t<li><em>Uno de cada clase.<\/em> Fundaci\u00f3n Ludwig. Galer\u00eda del Centro Nacional de conservaci\u00f3n, restauraci\u00f3n y museolog\u00eda. La Habana, Cuba.<\/li>\r\n<\/ul>\r\n1994\r\n<ul>\r\n \t<li><em>No valen guayabas verdes. <\/em>V Bienal de La Habana, Galer\u00eda Instituto Superior de Arte (ISA). La Habana, Cuba.<\/li>\r\n<\/ul>","dp_intereses":"","dp_sitio_web":""},"yoast_head":"<!-- This site is optimized with the Yoast SEO plugin v27.4 - https:\/\/yoast.com\/product\/yoast-seo-wordpress\/ -->\n<title>Saidel Brito - Universidad de las Artes<\/title>\n<meta name=\"robots\" content=\"index, follow, max-snippet:-1, max-image-preview:large, max-video-preview:-1\" \/>\n<link rel=\"canonical\" href=\"https:\/\/www.uartes.edu.ec\/sitio\/fr\/docs\/saidel-brito\/\" \/>\n<meta property=\"og:locale\" content=\"fr_FR\" \/>\n<meta property=\"og:type\" content=\"article\" \/>\n<meta property=\"og:title\" content=\"Saidel Brito - Universidad de las Artes\" \/>\n<meta property=\"og:url\" content=\"https:\/\/www.uartes.edu.ec\/sitio\/fr\/docs\/saidel-brito\/\" \/>\n<meta property=\"og:site_name\" content=\"Universidad de las Artes\" \/>\n<meta property=\"article:publisher\" content=\"https:\/\/www.facebook.com\/uartesec\" \/>\n<meta property=\"article:modified_time\" content=\"2025-12-26T21:58:04+00:00\" \/>\n<meta property=\"og:image\" content=\"https:\/\/www.uartes.edu.ec\/sitio\/wp-content\/uploads\/2021\/12\/dp-Foto-Saidel-Brito.jpg\" \/>\n\t<meta property=\"og:image:width\" content=\"1000\" \/>\n\t<meta property=\"og:image:height\" content=\"1000\" \/>\n\t<meta property=\"og:image:type\" content=\"image\/jpeg\" \/>\n<meta name=\"twitter:card\" content=\"summary_large_image\" \/>\n<meta name=\"twitter:site\" content=\"@uartesec\" \/>\n<script type=\"application\/ld+json\" class=\"yoast-schema-graph\">{\"@context\":\"https:\\\/\\\/schema.org\",\"@graph\":[{\"@type\":\"WebPage\",\"@id\":\"https:\\\/\\\/www.uartes.edu.ec\\\/sitio\\\/fr\\\/docs\\\/saidel-brito\\\/\",\"url\":\"https:\\\/\\\/www.uartes.edu.ec\\\/sitio\\\/fr\\\/docs\\\/saidel-brito\\\/\",\"name\":\"Saidel Brito - Universidad de las Artes\",\"isPartOf\":{\"@id\":\"https:\\\/\\\/www.uartes.edu.ec\\\/sitio\\\/fr\\\/#website\"},\"primaryImageOfPage\":{\"@id\":\"https:\\\/\\\/www.uartes.edu.ec\\\/sitio\\\/fr\\\/docs\\\/saidel-brito\\\/#primaryimage\"},\"image\":{\"@id\":\"https:\\\/\\\/www.uartes.edu.ec\\\/sitio\\\/fr\\\/docs\\\/saidel-brito\\\/#primaryimage\"},\"thumbnailUrl\":\"https:\\\/\\\/www.uartes.edu.ec\\\/sitio\\\/wp-content\\\/uploads\\\/2021\\\/12\\\/SAIDEL-BRITO.jpg\",\"datePublished\":\"2021-12-22T21:41:39+00:00\",\"dateModified\":\"2025-12-26T21:58:04+00:00\",\"breadcrumb\":{\"@id\":\"https:\\\/\\\/www.uartes.edu.ec\\\/sitio\\\/fr\\\/docs\\\/saidel-brito\\\/#breadcrumb\"},\"inLanguage\":\"fr-FR\",\"potentialAction\":[{\"@type\":\"ReadAction\",\"target\":[\"https:\\\/\\\/www.uartes.edu.ec\\\/sitio\\\/fr\\\/docs\\\/saidel-brito\\\/\"]}]},{\"@type\":\"ImageObject\",\"inLanguage\":\"fr-FR\",\"@id\":\"https:\\\/\\\/www.uartes.edu.ec\\\/sitio\\\/fr\\\/docs\\\/saidel-brito\\\/#primaryimage\",\"url\":\"https:\\\/\\\/www.uartes.edu.ec\\\/sitio\\\/wp-content\\\/uploads\\\/2021\\\/12\\\/SAIDEL-BRITO.jpg\",\"contentUrl\":\"https:\\\/\\\/www.uartes.edu.ec\\\/sitio\\\/wp-content\\\/uploads\\\/2021\\\/12\\\/SAIDEL-BRITO.jpg\",\"width\":1000,\"height\":1000},{\"@type\":\"BreadcrumbList\",\"@id\":\"https:\\\/\\\/www.uartes.edu.ec\\\/sitio\\\/fr\\\/docs\\\/saidel-brito\\\/#breadcrumb\",\"itemListElement\":[{\"@type\":\"ListItem\",\"position\":1,\"name\":\"Inicio\",\"item\":\"https:\\\/\\\/www.uartes.edu.ec\\\/sitio\\\/\"},{\"@type\":\"ListItem\",\"position\":2,\"name\":\"Docs\",\"item\":\"https:\\\/\\\/www.uartes.edu.ec\\\/sitio\\\/docs\\\/\"},{\"@type\":\"ListItem\",\"position\":3,\"name\":\"Saidel Brito\"}]},{\"@type\":\"WebSite\",\"@id\":\"https:\\\/\\\/www.uartes.edu.ec\\\/sitio\\\/fr\\\/#website\",\"url\":\"https:\\\/\\\/www.uartes.edu.ec\\\/sitio\\\/fr\\\/\",\"name\":\"Universidad de las Artes\",\"description\":\"Sitio oficial de la Universidad Nacional de las Artes del Ecuador\",\"publisher\":{\"@id\":\"https:\\\/\\\/www.uartes.edu.ec\\\/sitio\\\/fr\\\/#organization\"},\"potentialAction\":[{\"@type\":\"SearchAction\",\"target\":{\"@type\":\"EntryPoint\",\"urlTemplate\":\"https:\\\/\\\/www.uartes.edu.ec\\\/sitio\\\/fr\\\/?s={search_term_string}\"},\"query-input\":{\"@type\":\"PropertyValueSpecification\",\"valueRequired\":true,\"valueName\":\"search_term_string\"}}],\"inLanguage\":\"fr-FR\"},{\"@type\":\"Organization\",\"@id\":\"https:\\\/\\\/www.uartes.edu.ec\\\/sitio\\\/fr\\\/#organization\",\"name\":\"Universidad de las Artes\",\"url\":\"https:\\\/\\\/www.uartes.edu.ec\\\/sitio\\\/fr\\\/\",\"logo\":{\"@type\":\"ImageObject\",\"inLanguage\":\"fr-FR\",\"@id\":\"https:\\\/\\\/www.uartes.edu.ec\\\/sitio\\\/fr\\\/#\\\/schema\\\/logo\\\/image\\\/\",\"url\":\"https:\\\/\\\/www.uartes.edu.ec\\\/sitio\\\/wp-content\\\/uploads\\\/2022\\\/07\\\/logo-ua-horizontal.png\",\"contentUrl\":\"https:\\\/\\\/www.uartes.edu.ec\\\/sitio\\\/wp-content\\\/uploads\\\/2022\\\/07\\\/logo-ua-horizontal.png\",\"width\":800,\"height\":276,\"caption\":\"Universidad de las Artes\"},\"image\":{\"@id\":\"https:\\\/\\\/www.uartes.edu.ec\\\/sitio\\\/fr\\\/#\\\/schema\\\/logo\\\/image\\\/\"},\"sameAs\":[\"https:\\\/\\\/www.facebook.com\\\/uartesec\",\"https:\\\/\\\/x.com\\\/uartesec\",\"https:\\\/\\\/www.tiktok.com\\\/@uartesec\"]}]}<\/script>\n<!-- \/ Yoast SEO plugin. -->","yoast_head_json":{"title":"Saidel Brito - Universidad de las Artes","robots":{"index":"index","follow":"follow","max-snippet":"max-snippet:-1","max-image-preview":"max-image-preview:large","max-video-preview":"max-video-preview:-1"},"canonical":"https:\/\/www.uartes.edu.ec\/sitio\/fr\/docs\/saidel-brito\/","og_locale":"fr_FR","og_type":"article","og_title":"Saidel Brito - Universidad de las Artes","og_url":"https:\/\/www.uartes.edu.ec\/sitio\/fr\/docs\/saidel-brito\/","og_site_name":"Universidad de las Artes","article_publisher":"https:\/\/www.facebook.com\/uartesec","article_modified_time":"2025-12-26T21:58:04+00:00","og_image":[{"width":1000,"height":1000,"url":"https:\/\/www.uartes.edu.ec\/sitio\/wp-content\/uploads\/2021\/12\/dp-Foto-Saidel-Brito.jpg","type":"image\/jpeg"}],"twitter_card":"summary_large_image","twitter_site":"@uartesec","schema":{"@context":"https:\/\/schema.org","@graph":[{"@type":"WebPage","@id":"https:\/\/www.uartes.edu.ec\/sitio\/fr\/docs\/saidel-brito\/","url":"https:\/\/www.uartes.edu.ec\/sitio\/fr\/docs\/saidel-brito\/","name":"Saidel Brito - Universidad de las Artes","isPartOf":{"@id":"https:\/\/www.uartes.edu.ec\/sitio\/fr\/#website"},"primaryImageOfPage":{"@id":"https:\/\/www.uartes.edu.ec\/sitio\/fr\/docs\/saidel-brito\/#primaryimage"},"image":{"@id":"https:\/\/www.uartes.edu.ec\/sitio\/fr\/docs\/saidel-brito\/#primaryimage"},"thumbnailUrl":"https:\/\/www.uartes.edu.ec\/sitio\/wp-content\/uploads\/2021\/12\/SAIDEL-BRITO.jpg","datePublished":"2021-12-22T21:41:39+00:00","dateModified":"2025-12-26T21:58:04+00:00","breadcrumb":{"@id":"https:\/\/www.uartes.edu.ec\/sitio\/fr\/docs\/saidel-brito\/#breadcrumb"},"inLanguage":"fr-FR","potentialAction":[{"@type":"ReadAction","target":["https:\/\/www.uartes.edu.ec\/sitio\/fr\/docs\/saidel-brito\/"]}]},{"@type":"ImageObject","inLanguage":"fr-FR","@id":"https:\/\/www.uartes.edu.ec\/sitio\/fr\/docs\/saidel-brito\/#primaryimage","url":"https:\/\/www.uartes.edu.ec\/sitio\/wp-content\/uploads\/2021\/12\/SAIDEL-BRITO.jpg","contentUrl":"https:\/\/www.uartes.edu.ec\/sitio\/wp-content\/uploads\/2021\/12\/SAIDEL-BRITO.jpg","width":1000,"height":1000},{"@type":"BreadcrumbList","@id":"https:\/\/www.uartes.edu.ec\/sitio\/fr\/docs\/saidel-brito\/#breadcrumb","itemListElement":[{"@type":"ListItem","position":1,"name":"Inicio","item":"https:\/\/www.uartes.edu.ec\/sitio\/"},{"@type":"ListItem","position":2,"name":"Docs","item":"https:\/\/www.uartes.edu.ec\/sitio\/docs\/"},{"@type":"ListItem","position":3,"name":"Saidel Brito"}]},{"@type":"WebSite","@id":"https:\/\/www.uartes.edu.ec\/sitio\/fr\/#website","url":"https:\/\/www.uartes.edu.ec\/sitio\/fr\/","name":"Universidad de las Artes","description":"Sitio oficial de la Universidad Nacional de las Artes del Ecuador","publisher":{"@id":"https:\/\/www.uartes.edu.ec\/sitio\/fr\/#organization"},"potentialAction":[{"@type":"SearchAction","target":{"@type":"EntryPoint","urlTemplate":"https:\/\/www.uartes.edu.ec\/sitio\/fr\/?s={search_term_string}"},"query-input":{"@type":"PropertyValueSpecification","valueRequired":true,"valueName":"search_term_string"}}],"inLanguage":"fr-FR"},{"@type":"Organization","@id":"https:\/\/www.uartes.edu.ec\/sitio\/fr\/#organization","name":"Universidad de las Artes","url":"https:\/\/www.uartes.edu.ec\/sitio\/fr\/","logo":{"@type":"ImageObject","inLanguage":"fr-FR","@id":"https:\/\/www.uartes.edu.ec\/sitio\/fr\/#\/schema\/logo\/image\/","url":"https:\/\/www.uartes.edu.ec\/sitio\/wp-content\/uploads\/2022\/07\/logo-ua-horizontal.png","contentUrl":"https:\/\/www.uartes.edu.ec\/sitio\/wp-content\/uploads\/2022\/07\/logo-ua-horizontal.png","width":800,"height":276,"caption":"Universidad de las Artes"},"image":{"@id":"https:\/\/www.uartes.edu.ec\/sitio\/fr\/#\/schema\/logo\/image\/"},"sameAs":["https:\/\/www.facebook.com\/uartesec","https:\/\/x.com\/uartesec","https:\/\/www.tiktok.com\/@uartesec"]}]}},"uagb_featured_image_src":{"full":["https:\/\/www.uartes.edu.ec\/sitio\/wp-content\/uploads\/2021\/12\/SAIDEL-BRITO.jpg",1000,1000,false],"thumbnail":["https:\/\/www.uartes.edu.ec\/sitio\/wp-content\/uploads\/2021\/12\/SAIDEL-BRITO-150x150.jpg",150,150,true],"medium":["https:\/\/www.uartes.edu.ec\/sitio\/wp-content\/uploads\/2021\/12\/SAIDEL-BRITO-300x300.jpg",300,300,true],"medium_large":["https:\/\/www.uartes.edu.ec\/sitio\/wp-content\/uploads\/2021\/12\/SAIDEL-BRITO-768x768.jpg",768,768,true],"large":["https:\/\/www.uartes.edu.ec\/sitio\/wp-content\/uploads\/2021\/12\/SAIDEL-BRITO-644x644.jpg",644,644,true],"1536x1536":["https:\/\/www.uartes.edu.ec\/sitio\/wp-content\/uploads\/2021\/12\/SAIDEL-BRITO.jpg",1000,1000,false],"2048x2048":["https:\/\/www.uartes.edu.ec\/sitio\/wp-content\/uploads\/2021\/12\/SAIDEL-BRITO.jpg",1000,1000,false],"trp-custom-language-flag":["https:\/\/www.uartes.edu.ec\/sitio\/wp-content\/uploads\/2021\/12\/SAIDEL-BRITO-12x12.jpg",12,12,true],"htmega_size_585x295":["https:\/\/www.uartes.edu.ec\/sitio\/wp-content\/uploads\/2021\/12\/SAIDEL-BRITO-585x295.jpg",585,295,true],"htmega_size_1170x536":["https:\/\/www.uartes.edu.ec\/sitio\/wp-content\/uploads\/2021\/12\/SAIDEL-BRITO-1000x536.jpg",1000,536,true],"htmega_size_396x360":["https:\/\/www.uartes.edu.ec\/sitio\/wp-content\/uploads\/2021\/12\/SAIDEL-BRITO-396x360.jpg",396,360,true],"gb-block-post-grid-landscape":["https:\/\/www.uartes.edu.ec\/sitio\/wp-content\/uploads\/2021\/12\/SAIDEL-BRITO-600x400.jpg",600,400,true],"gb-block-post-grid-square":["https:\/\/www.uartes.edu.ec\/sitio\/wp-content\/uploads\/2021\/12\/SAIDEL-BRITO-600x600.jpg",600,600,true],"university-hub-thumb":["https:\/\/www.uartes.edu.ec\/sitio\/wp-content\/uploads\/2021\/12\/SAIDEL-BRITO-300x300.jpg",300,300,true]},"uagb_author_info":{"display_name":"Universidad de las Artes","author_link":"https:\/\/www.uartes.edu.ec\/sitio\/fr\/blog\/author\/dircomadm\/"},"uagb_comment_info":0,"uagb_excerpt":null,"publishpress_future_workflow_manual_trigger":{"enabledWorkflows":[]},"distributor_meta":false,"distributor_terms":false,"distributor_media":false,"distributor_original_site_name":"Universidad de las Artes","distributor_original_site_url":"https:\/\/www.uartes.edu.ec\/sitio\/fr","push-errors":false,"_links":{"self":[{"href":"https:\/\/www.uartes.edu.ec\/sitio\/fr\/wp-json\/wp\/v2\/docs\/18323","targetHints":{"allow":["GET"]}}],"collection":[{"href":"https:\/\/www.uartes.edu.ec\/sitio\/fr\/wp-json\/wp\/v2\/docs"}],"about":[{"href":"https:\/\/www.uartes.edu.ec\/sitio\/fr\/wp-json\/wp\/v2\/types\/docs"}],"author":[{"embeddable":true,"href":"https:\/\/www.uartes.edu.ec\/sitio\/fr\/wp-json\/wp\/v2\/users\/1"}],"replies":[{"embeddable":true,"href":"https:\/\/www.uartes.edu.ec\/sitio\/fr\/wp-json\/wp\/v2\/comments?post=18323"}],"version-history":[{"count":3,"href":"https:\/\/www.uartes.edu.ec\/sitio\/fr\/wp-json\/wp\/v2\/docs\/18323\/revisions"}],"predecessor-version":[{"id":18326,"href":"https:\/\/www.uartes.edu.ec\/sitio\/fr\/wp-json\/wp\/v2\/docs\/18323\/revisions\/18326"}],"wp:featuredmedia":[{"embeddable":true,"href":"https:\/\/www.uartes.edu.ec\/sitio\/fr\/wp-json\/wp\/v2\/media\/83895"}],"wp:attachment":[{"href":"https:\/\/www.uartes.edu.ec\/sitio\/fr\/wp-json\/wp\/v2\/media?parent=18323"}],"wp:term":[{"taxonomy":"doc_category","embeddable":true,"href":"https:\/\/www.uartes.edu.ec\/sitio\/fr\/wp-json\/wp\/v2\/doc_category?post=18323"},{"taxonomy":"doc_tag","embeddable":true,"href":"https:\/\/www.uartes.edu.ec\/sitio\/fr\/wp-json\/wp\/v2\/doc_tag?post=18323"}],"curies":[{"name":"wp","href":"https:\/\/api.w.org\/{rel}","templated":true}]}}