{"id":18394,"date":"2021-12-23T14:30:39","date_gmt":"2021-12-23T19:30:39","guid":{"rendered":"http:\/\/www.uartes.edu.ec\/sitio\/?post_type=docs&#038;p=18394"},"modified":"2025-06-30T16:49:28","modified_gmt":"2025-06-30T21:49:28","password":"","slug":"omar-ivan-dominguez-castro","status":"publish","type":"docs","link":"https:\/\/www.uartes.edu.ec\/sitio\/fr\/docs\/omar-ivan-dominguez-castro\/","title":{"rendered":"Omar Iv\u00e1n Dom\u00ednguez Castro"},"content":{"rendered":"","protected":false},"excerpt":{"rendered":"","protected":false},"author":1,"featured_media":18342,"comment_status":"open","ping_status":"closed","template":"","meta":{"_acf_changed":false,"_uag_custom_page_level_css":"","_monsterinsights_skip_tracking":false,"_monsterinsights_sitenote_active":false,"_monsterinsights_sitenote_note":"","_monsterinsights_sitenote_category":0,"cybocfi_hide_featured_image":"","footnotes":""},"doc_category":[582],"doc_tag":[],"class_list":["post-18394","docs","type-docs","status-publish","has-post-thumbnail","hentry","doc_category-produccion-musical"],"year_month":"2026-05","word_count":0,"total_views":0,"reactions":{"happy":0,"normal":0,"sad":0},"author_info":{"name":"Universidad de las Artes","author_nicename":"dircomadm","author_url":"https:\/\/www.uartes.edu.ec\/sitio\/fr\/blog\/author\/dircomadm\/"},"doc_category_info":[{"term_name":"Producci\u00f3n Musical","term_url":"https:\/\/www.uartes.edu.ec\/sitio\/fr\/docs-category\/produccion-musical\/"}],"doc_tag_info":[],"acf":{"dp_ciudad":"Guayaquil, Ecuador.","dp_email":"<a href=\"mailto:omar.dominguez@uartes.edu.ec\">omar.dominguez@uartes.edu.ec<\/a>","dp_cargo":["Docente"],"dp_perfil":"Pianista, compositor, investigador, arreglista, director y productor musical ecuatoriano.","dp_estudios":"Graduado del Conservatorio Antonio Neumane de Guayaquil, donde se especializ\u00f3 en la disciplina acad\u00e9mica del piano. Obtuvo una Licenciatura en Ciencias de la Educaci\u00f3n con una especializaci\u00f3n en Pedagog\u00eda Musical de la Universidad T\u00e9cnica de Manab\u00ed.\r\n\r\nCuenta con una Maestr\u00eda en Composici\u00f3n Musical y Artes Sonoras de la Universidad de las Artes del Ecuador.","dp_participaciones":"Miembro de la Casa de la Cultura Ecuatoriana N\u00facleo del Guayas, en la secci\u00f3n de Artes Musicales. Cuenta con una amplia trayectoria art\u00edstica, acad\u00e9mica y popular de cuarenta a\u00f1os de experiencia en la m\u00fasica. Desde el a\u00f1o 2017, es docente en la Universidad de las Artes, dictando las c\u00e1tedras de \u201cLenguaje musical\u201d, \u201cArmon\u00eda\u201d, \u201cArreglos para producci\u00f3n\u201d, \u201cComposici\u00f3n de canciones\u201d y \u201cComposici\u00f3n y arreglos del pasillo ecuatoriano\u201d para la carrera de Producci\u00f3n Musical y para la carrera de Artes Musicales, las materias \u201cEnsamble Rondalla\u201d e \u201cHistoria de la m\u00fasica latinoamericana y del Ecuador\u201d, ambas carreras pertenecientes a la Escuela de Artes Sonoras. En el per\u00edodo 2021 - 2022, la M. I. Municipalidad de Guayaquil lo design\u00f3 jefe del Museo de la M\u00fasica Popular Guayaquile\u00f1a Julio Jaramillo y director de la Escuela del Pasillo Nicasio Safadi. Desde el a\u00f1o 2022, forma parte del directorio de la Fundaci\u00f3n Pasillo Ecuatoriano, como miembro fundador, ejerciendo la funci\u00f3n de director acad\u00e9mico ad honorem.","dp_publicaciones":"Sus trabajos m\u00e1s destacados como pianista, arreglista y productor musical son: concierto Tango Sinf\u00f3nico, realizado en el a\u00f1o 2010 conjuntamente con la Orquesta Sinf\u00f3nica de Guayaquil, bajo la direcci\u00f3n del Maestro David Harutyunyan; show internacional de \"Tango y Folclore argentino\" con la artista argentina Mariel C\u00f3rdoba; tr\u00edo de jazz latino con Omar Dom\u00ednguez; concierto internacional \"Mocedades sinf\u00f3nico\", realizado en el a\u00f1o 2015 conjuntamente con la OSG; Gala Navide\u00f1a, interpretada por la Orquesta Filarm\u00f3nica Municipal de Guayaquil; recital po\u00e9tico sinf\u00f3nico \"Una tibia tarde\", basado en la poes\u00eda de Rosa Amelia Alvarado Roca, interpretado por la Orquesta Filarm\u00f3nica Juvenil de Guayaquil, bajo la direcci\u00f3n del Maestro Patricio Jaramillo y la intervenci\u00f3n del coro \"Inspiraci\u00f3n\", dirigido por el Maestro Fabricio Avelino; conciertos como pianista solista: \"Espl\u00e9ndido jazz\", \"Piano s\u00f3lo\", \"La ruta de las universidades\", entre otros conciertos, realizados en el Teatro Centro de Arte de la ciudad de Guayaquil, Teatro S\u00e1nchez Aguilar de Samborond\u00f3n, Universidad de las Artes, Universidad Cat\u00f3lica de Guayaquil, Universidad Laica Vicente Rocafuerte y UEES.\r\n\r\nEntre sus publicaciones m\u00e1s relevantes cuenta con: \"An\u00e1lisis arm\u00f3nico y mel\u00f3dico del Pasillo ecuatoriano\", primer tratado a nivel nacional del g\u00e9nero musical m\u00e1s representativo del Ecuador; \"\u00c1lbumes de partituras 2 y 3\", que contienen 82 partituras de m\u00fasica ecuatoriana para piano, trabajo realizado para el Museo de la M\u00fasica Popular Julio Jaramillo de Guayaquil.\r\n\r\nEntre sus producciones discogr\u00e1ficas, cuenta con cinco CDs: \"Grandes cl\u00e1sicos ecuatorianos, piano &amp; orquesta\", \"Espl\u00e9ndido Jazz\", \"Latido latino\", \"Piano s\u00f3lo\" y \"Canciones de navidad\".","dp_intereses":"Transmitir a las nuevas generaciones la pasi\u00f3n por la m\u00fasica.","dp_sitio_web":"YouTube: <a href=\"https:\/\/www.youtube.com\/produdom\/\">https:\/\/www.youtube.com\/produdom\/<\/a>"},"yoast_head":"<!-- This site is optimized with the Yoast SEO plugin v27.4 - https:\/\/yoast.com\/product\/yoast-seo-wordpress\/ -->\n<title>Omar Iv\u00e1n Dom\u00ednguez Castro - Universidad de las Artes<\/title>\n<meta name=\"robots\" content=\"index, follow, max-snippet:-1, max-image-preview:large, max-video-preview:-1\" \/>\n<link rel=\"canonical\" href=\"https:\/\/www.uartes.edu.ec\/sitio\/fr\/docs\/omar-ivan-dominguez-castro\/\" \/>\n<meta property=\"og:locale\" content=\"fr_FR\" \/>\n<meta property=\"og:type\" content=\"article\" \/>\n<meta property=\"og:title\" content=\"Omar Iv\u00e1n Dom\u00ednguez Castro - Universidad de las Artes\" \/>\n<meta property=\"og:url\" content=\"https:\/\/www.uartes.edu.ec\/sitio\/fr\/docs\/omar-ivan-dominguez-castro\/\" \/>\n<meta property=\"og:site_name\" content=\"Universidad de las Artes\" \/>\n<meta property=\"article:publisher\" content=\"https:\/\/www.facebook.com\/uartesec\" \/>\n<meta property=\"article:modified_time\" content=\"2025-06-30T21:49:28+00:00\" \/>\n<meta property=\"og:image\" content=\"https:\/\/www.uartes.edu.ec\/sitio\/wp-content\/uploads\/2021\/12\/dp-001_Omar-Domi\u0301nguez.jpg\" \/>\n\t<meta property=\"og:image:width\" content=\"480\" \/>\n\t<meta property=\"og:image:height\" content=\"480\" \/>\n\t<meta property=\"og:image:type\" content=\"image\/jpeg\" \/>\n<meta name=\"twitter:card\" content=\"summary_large_image\" \/>\n<meta name=\"twitter:site\" content=\"@uartesec\" \/>\n<meta name=\"twitter:label1\" content=\"Dur\u00e9e de lecture estim\u00e9e\" \/>\n\t<meta name=\"twitter:data1\" content=\"1 minute\" \/>\n<script type=\"application\/ld+json\" class=\"yoast-schema-graph\">{\"@context\":\"https:\\\/\\\/schema.org\",\"@graph\":[{\"@type\":\"WebPage\",\"@id\":\"https:\\\/\\\/www.uartes.edu.ec\\\/sitio\\\/fr\\\/docs\\\/omar-ivan-dominguez-castro\\\/\",\"url\":\"https:\\\/\\\/www.uartes.edu.ec\\\/sitio\\\/fr\\\/docs\\\/omar-ivan-dominguez-castro\\\/\",\"name\":\"Omar Iv\u00e1n Dom\u00ednguez Castro - Universidad de las Artes\",\"isPartOf\":{\"@id\":\"https:\\\/\\\/www.uartes.edu.ec\\\/sitio\\\/fr\\\/#website\"},\"primaryImageOfPage\":{\"@id\":\"https:\\\/\\\/www.uartes.edu.ec\\\/sitio\\\/fr\\\/docs\\\/omar-ivan-dominguez-castro\\\/#primaryimage\"},\"image\":{\"@id\":\"https:\\\/\\\/www.uartes.edu.ec\\\/sitio\\\/fr\\\/docs\\\/omar-ivan-dominguez-castro\\\/#primaryimage\"},\"thumbnailUrl\":\"https:\\\/\\\/www.uartes.edu.ec\\\/sitio\\\/wp-content\\\/uploads\\\/2021\\\/12\\\/dp-001_Omar-Domi\u0301nguez.jpg\",\"datePublished\":\"2021-12-23T19:30:39+00:00\",\"dateModified\":\"2025-06-30T21:49:28+00:00\",\"breadcrumb\":{\"@id\":\"https:\\\/\\\/www.uartes.edu.ec\\\/sitio\\\/fr\\\/docs\\\/omar-ivan-dominguez-castro\\\/#breadcrumb\"},\"inLanguage\":\"fr-FR\",\"potentialAction\":[{\"@type\":\"ReadAction\",\"target\":[\"https:\\\/\\\/www.uartes.edu.ec\\\/sitio\\\/fr\\\/docs\\\/omar-ivan-dominguez-castro\\\/\"]}]},{\"@type\":\"ImageObject\",\"inLanguage\":\"fr-FR\",\"@id\":\"https:\\\/\\\/www.uartes.edu.ec\\\/sitio\\\/fr\\\/docs\\\/omar-ivan-dominguez-castro\\\/#primaryimage\",\"url\":\"https:\\\/\\\/www.uartes.edu.ec\\\/sitio\\\/wp-content\\\/uploads\\\/2021\\\/12\\\/dp-001_Omar-Domi\u0301nguez.jpg\",\"contentUrl\":\"https:\\\/\\\/www.uartes.edu.ec\\\/sitio\\\/wp-content\\\/uploads\\\/2021\\\/12\\\/dp-001_Omar-Domi\u0301nguez.jpg\",\"width\":480,\"height\":480},{\"@type\":\"BreadcrumbList\",\"@id\":\"https:\\\/\\\/www.uartes.edu.ec\\\/sitio\\\/fr\\\/docs\\\/omar-ivan-dominguez-castro\\\/#breadcrumb\",\"itemListElement\":[{\"@type\":\"ListItem\",\"position\":1,\"name\":\"Inicio\",\"item\":\"https:\\\/\\\/www.uartes.edu.ec\\\/sitio\\\/\"},{\"@type\":\"ListItem\",\"position\":2,\"name\":\"Docs\",\"item\":\"https:\\\/\\\/www.uartes.edu.ec\\\/sitio\\\/docs\\\/\"},{\"@type\":\"ListItem\",\"position\":3,\"name\":\"Omar Iv\u00e1n Dom\u00ednguez Castro\"}]},{\"@type\":\"WebSite\",\"@id\":\"https:\\\/\\\/www.uartes.edu.ec\\\/sitio\\\/fr\\\/#website\",\"url\":\"https:\\\/\\\/www.uartes.edu.ec\\\/sitio\\\/fr\\\/\",\"name\":\"Universidad de las Artes\",\"description\":\"Sitio oficial de la Universidad Nacional de las Artes del Ecuador\",\"publisher\":{\"@id\":\"https:\\\/\\\/www.uartes.edu.ec\\\/sitio\\\/fr\\\/#organization\"},\"potentialAction\":[{\"@type\":\"SearchAction\",\"target\":{\"@type\":\"EntryPoint\",\"urlTemplate\":\"https:\\\/\\\/www.uartes.edu.ec\\\/sitio\\\/fr\\\/?s={search_term_string}\"},\"query-input\":{\"@type\":\"PropertyValueSpecification\",\"valueRequired\":true,\"valueName\":\"search_term_string\"}}],\"inLanguage\":\"fr-FR\"},{\"@type\":\"Organization\",\"@id\":\"https:\\\/\\\/www.uartes.edu.ec\\\/sitio\\\/fr\\\/#organization\",\"name\":\"Universidad de las Artes\",\"url\":\"https:\\\/\\\/www.uartes.edu.ec\\\/sitio\\\/fr\\\/\",\"logo\":{\"@type\":\"ImageObject\",\"inLanguage\":\"fr-FR\",\"@id\":\"https:\\\/\\\/www.uartes.edu.ec\\\/sitio\\\/fr\\\/#\\\/schema\\\/logo\\\/image\\\/\",\"url\":\"https:\\\/\\\/www.uartes.edu.ec\\\/sitio\\\/wp-content\\\/uploads\\\/2022\\\/07\\\/logo-ua-horizontal.png\",\"contentUrl\":\"https:\\\/\\\/www.uartes.edu.ec\\\/sitio\\\/wp-content\\\/uploads\\\/2022\\\/07\\\/logo-ua-horizontal.png\",\"width\":800,\"height\":276,\"caption\":\"Universidad de las Artes\"},\"image\":{\"@id\":\"https:\\\/\\\/www.uartes.edu.ec\\\/sitio\\\/fr\\\/#\\\/schema\\\/logo\\\/image\\\/\"},\"sameAs\":[\"https:\\\/\\\/www.facebook.com\\\/uartesec\",\"https:\\\/\\\/x.com\\\/uartesec\",\"https:\\\/\\\/www.tiktok.com\\\/@uartesec\"]}]}<\/script>\n<!-- \/ Yoast SEO plugin. -->","yoast_head_json":{"title":"Omar Iv\u00e1n Dom\u00ednguez Castro - Universidad de las Artes","robots":{"index":"index","follow":"follow","max-snippet":"max-snippet:-1","max-image-preview":"max-image-preview:large","max-video-preview":"max-video-preview:-1"},"canonical":"https:\/\/www.uartes.edu.ec\/sitio\/fr\/docs\/omar-ivan-dominguez-castro\/","og_locale":"fr_FR","og_type":"article","og_title":"Omar Iv\u00e1n Dom\u00ednguez Castro - Universidad de las Artes","og_url":"https:\/\/www.uartes.edu.ec\/sitio\/fr\/docs\/omar-ivan-dominguez-castro\/","og_site_name":"Universidad de las Artes","article_publisher":"https:\/\/www.facebook.com\/uartesec","article_modified_time":"2025-06-30T21:49:28+00:00","og_image":[{"width":480,"height":480,"url":"https:\/\/www.uartes.edu.ec\/sitio\/wp-content\/uploads\/2021\/12\/dp-001_Omar-Domi\u0301nguez.jpg","type":"image\/jpeg"}],"twitter_card":"summary_large_image","twitter_site":"@uartesec","twitter_misc":{"Dur\u00e9e de lecture estim\u00e9e":"1 minute"},"schema":{"@context":"https:\/\/schema.org","@graph":[{"@type":"WebPage","@id":"https:\/\/www.uartes.edu.ec\/sitio\/fr\/docs\/omar-ivan-dominguez-castro\/","url":"https:\/\/www.uartes.edu.ec\/sitio\/fr\/docs\/omar-ivan-dominguez-castro\/","name":"Omar Iv\u00e1n Dom\u00ednguez Castro - Universidad de las Artes","isPartOf":{"@id":"https:\/\/www.uartes.edu.ec\/sitio\/fr\/#website"},"primaryImageOfPage":{"@id":"https:\/\/www.uartes.edu.ec\/sitio\/fr\/docs\/omar-ivan-dominguez-castro\/#primaryimage"},"image":{"@id":"https:\/\/www.uartes.edu.ec\/sitio\/fr\/docs\/omar-ivan-dominguez-castro\/#primaryimage"},"thumbnailUrl":"https:\/\/www.uartes.edu.ec\/sitio\/wp-content\/uploads\/2021\/12\/dp-001_Omar-Domi\u0301nguez.jpg","datePublished":"2021-12-23T19:30:39+00:00","dateModified":"2025-06-30T21:49:28+00:00","breadcrumb":{"@id":"https:\/\/www.uartes.edu.ec\/sitio\/fr\/docs\/omar-ivan-dominguez-castro\/#breadcrumb"},"inLanguage":"fr-FR","potentialAction":[{"@type":"ReadAction","target":["https:\/\/www.uartes.edu.ec\/sitio\/fr\/docs\/omar-ivan-dominguez-castro\/"]}]},{"@type":"ImageObject","inLanguage":"fr-FR","@id":"https:\/\/www.uartes.edu.ec\/sitio\/fr\/docs\/omar-ivan-dominguez-castro\/#primaryimage","url":"https:\/\/www.uartes.edu.ec\/sitio\/wp-content\/uploads\/2021\/12\/dp-001_Omar-Domi\u0301nguez.jpg","contentUrl":"https:\/\/www.uartes.edu.ec\/sitio\/wp-content\/uploads\/2021\/12\/dp-001_Omar-Domi\u0301nguez.jpg","width":480,"height":480},{"@type":"BreadcrumbList","@id":"https:\/\/www.uartes.edu.ec\/sitio\/fr\/docs\/omar-ivan-dominguez-castro\/#breadcrumb","itemListElement":[{"@type":"ListItem","position":1,"name":"Inicio","item":"https:\/\/www.uartes.edu.ec\/sitio\/"},{"@type":"ListItem","position":2,"name":"Docs","item":"https:\/\/www.uartes.edu.ec\/sitio\/docs\/"},{"@type":"ListItem","position":3,"name":"Omar Iv\u00e1n Dom\u00ednguez Castro"}]},{"@type":"WebSite","@id":"https:\/\/www.uartes.edu.ec\/sitio\/fr\/#website","url":"https:\/\/www.uartes.edu.ec\/sitio\/fr\/","name":"Universidad de las Artes","description":"Sitio oficial de la Universidad Nacional de las Artes del Ecuador","publisher":{"@id":"https:\/\/www.uartes.edu.ec\/sitio\/fr\/#organization"},"potentialAction":[{"@type":"SearchAction","target":{"@type":"EntryPoint","urlTemplate":"https:\/\/www.uartes.edu.ec\/sitio\/fr\/?s={search_term_string}"},"query-input":{"@type":"PropertyValueSpecification","valueRequired":true,"valueName":"search_term_string"}}],"inLanguage":"fr-FR"},{"@type":"Organization","@id":"https:\/\/www.uartes.edu.ec\/sitio\/fr\/#organization","name":"Universidad de las Artes","url":"https:\/\/www.uartes.edu.ec\/sitio\/fr\/","logo":{"@type":"ImageObject","inLanguage":"fr-FR","@id":"https:\/\/www.uartes.edu.ec\/sitio\/fr\/#\/schema\/logo\/image\/","url":"https:\/\/www.uartes.edu.ec\/sitio\/wp-content\/uploads\/2022\/07\/logo-ua-horizontal.png","contentUrl":"https:\/\/www.uartes.edu.ec\/sitio\/wp-content\/uploads\/2022\/07\/logo-ua-horizontal.png","width":800,"height":276,"caption":"Universidad de las Artes"},"image":{"@id":"https:\/\/www.uartes.edu.ec\/sitio\/fr\/#\/schema\/logo\/image\/"},"sameAs":["https:\/\/www.facebook.com\/uartesec","https:\/\/x.com\/uartesec","https:\/\/www.tiktok.com\/@uartesec"]}]}},"uagb_featured_image_src":{"full":["https:\/\/www.uartes.edu.ec\/sitio\/wp-content\/uploads\/2021\/12\/dp-001_Omar-Domi\u0301nguez.jpg",480,480,false],"thumbnail":["https:\/\/www.uartes.edu.ec\/sitio\/wp-content\/uploads\/2021\/12\/dp-001_Omar-Domi\u0301nguez-150x150.jpg",150,150,true],"medium":["https:\/\/www.uartes.edu.ec\/sitio\/wp-content\/uploads\/2021\/12\/dp-001_Omar-Domi\u0301nguez-300x300.jpg",300,300,true],"medium_large":["https:\/\/www.uartes.edu.ec\/sitio\/wp-content\/uploads\/2021\/12\/dp-001_Omar-Domi\u0301nguez.jpg",480,480,false],"large":["https:\/\/www.uartes.edu.ec\/sitio\/wp-content\/uploads\/2021\/12\/dp-001_Omar-Domi\u0301nguez.jpg",480,480,false],"1536x1536":["https:\/\/www.uartes.edu.ec\/sitio\/wp-content\/uploads\/2021\/12\/dp-001_Omar-Domi\u0301nguez.jpg",480,480,false],"2048x2048":["https:\/\/www.uartes.edu.ec\/sitio\/wp-content\/uploads\/2021\/12\/dp-001_Omar-Domi\u0301nguez.jpg",480,480,false],"trp-custom-language-flag":["https:\/\/www.uartes.edu.ec\/sitio\/wp-content\/uploads\/2021\/12\/dp-001_Omar-Domi\u0301nguez.jpg",12,12,false],"htmega_size_585x295":["https:\/\/www.uartes.edu.ec\/sitio\/wp-content\/uploads\/2021\/12\/dp-001_Omar-Domi\u0301nguez.jpg",295,295,false],"htmega_size_1170x536":["https:\/\/www.uartes.edu.ec\/sitio\/wp-content\/uploads\/2021\/12\/dp-001_Omar-Domi\u0301nguez.jpg",480,480,false],"htmega_size_396x360":["https:\/\/www.uartes.edu.ec\/sitio\/wp-content\/uploads\/2021\/12\/dp-001_Omar-Domi\u0301nguez.jpg",360,360,false],"gb-block-post-grid-landscape":["https:\/\/www.uartes.edu.ec\/sitio\/wp-content\/uploads\/2021\/12\/dp-001_Omar-Domi\u0301nguez-480x400.jpg",480,400,true],"gb-block-post-grid-square":["https:\/\/www.uartes.edu.ec\/sitio\/wp-content\/uploads\/2021\/12\/dp-001_Omar-Domi\u0301nguez.jpg",480,480,false],"university-hub-thumb":["https:\/\/www.uartes.edu.ec\/sitio\/wp-content\/uploads\/2021\/12\/dp-001_Omar-Domi\u0301nguez-300x300.jpg",300,300,true]},"uagb_author_info":{"display_name":"Universidad de las Artes","author_link":"https:\/\/www.uartes.edu.ec\/sitio\/fr\/blog\/author\/dircomadm\/"},"uagb_comment_info":0,"uagb_excerpt":null,"publishpress_future_workflow_manual_trigger":{"enabledWorkflows":[]},"distributor_meta":false,"distributor_terms":false,"distributor_media":false,"distributor_original_site_name":"Universidad de las Artes","distributor_original_site_url":"https:\/\/www.uartes.edu.ec\/sitio\/fr","push-errors":false,"_links":{"self":[{"href":"https:\/\/www.uartes.edu.ec\/sitio\/fr\/wp-json\/wp\/v2\/docs\/18394","targetHints":{"allow":["GET"]}}],"collection":[{"href":"https:\/\/www.uartes.edu.ec\/sitio\/fr\/wp-json\/wp\/v2\/docs"}],"about":[{"href":"https:\/\/www.uartes.edu.ec\/sitio\/fr\/wp-json\/wp\/v2\/types\/docs"}],"author":[{"embeddable":true,"href":"https:\/\/www.uartes.edu.ec\/sitio\/fr\/wp-json\/wp\/v2\/users\/1"}],"replies":[{"embeddable":true,"href":"https:\/\/www.uartes.edu.ec\/sitio\/fr\/wp-json\/wp\/v2\/comments?post=18394"}],"version-history":[{"count":5,"href":"https:\/\/www.uartes.edu.ec\/sitio\/fr\/wp-json\/wp\/v2\/docs\/18394\/revisions"}],"predecessor-version":[{"id":74355,"href":"https:\/\/www.uartes.edu.ec\/sitio\/fr\/wp-json\/wp\/v2\/docs\/18394\/revisions\/74355"}],"wp:featuredmedia":[{"embeddable":true,"href":"https:\/\/www.uartes.edu.ec\/sitio\/fr\/wp-json\/wp\/v2\/media\/18342"}],"wp:attachment":[{"href":"https:\/\/www.uartes.edu.ec\/sitio\/fr\/wp-json\/wp\/v2\/media?parent=18394"}],"wp:term":[{"taxonomy":"doc_category","embeddable":true,"href":"https:\/\/www.uartes.edu.ec\/sitio\/fr\/wp-json\/wp\/v2\/doc_category?post=18394"},{"taxonomy":"doc_tag","embeddable":true,"href":"https:\/\/www.uartes.edu.ec\/sitio\/fr\/wp-json\/wp\/v2\/doc_tag?post=18394"}],"curies":[{"name":"wp","href":"https:\/\/api.w.org\/{rel}","templated":true}]}}