{"id":25460,"date":"2022-07-27T16:35:02","date_gmt":"2022-07-27T21:35:02","guid":{"rendered":"http:\/\/www.uartes.edu.ec\/sitio\/?post_type=docs&#038;p=25460"},"modified":"2024-07-04T11:23:15","modified_gmt":"2024-07-04T16:23:15","password":"","slug":"juan-alfredo-paredes-beckmann","status":"publish","type":"docs","link":"https:\/\/www.uartes.edu.ec\/sitio\/fr\/docs\/juan-alfredo-paredes-beckmann\/","title":{"rendered":"Juan Alfredo Paredes Beckmann"},"content":{"rendered":"<p>Licenciado en artes literarias (UArtes). Dise\u00f1ador gr\u00e1fico. Miembro del colectivo art\u00edstico Merries e instructor docente en Innovarte (programa de formaci\u00f3n para docentes financiado por la UNESCO y el Ministerio de Educaci\u00f3n). Escritor y articulista en la revista Un vistazo de Oaxaca, M\u00e9xico. Artista e investigador en Tr\u00e1gico y tr\u00e1nsito (programa de investigaci\u00f3n en artes financiado por la Universidad de las Artes). Exdirector de edici\u00f3n, diagramaci\u00f3n y marketing en la agencia de marketing digital Pixel.lab.<\/p>\n\n\n\n<h3 class=\"wp-block-heading\">Descripci\u00f3n de la obra\u00a0\u00a0<\/h3>\n\n\n\n<p>La idea cl\u00e1sica de leer ha sido clave para concebir el sentido del mundo, mediante una forma relacional, ordenada y distributiva. En la actualidad digital el orden se ha quebrado, ha ocurrido una migraci\u00f3n a la multiplicidad de contenidos, lo que nos sumerge en la desorientaci\u00f3n del sentido.&nbsp;En este proyecto se plantea estudiar los modos de lectura en la contemporaneidad relacionados a la revoluci\u00f3n digital. Para esto nos serviremos de la publicaci\u00f3n de Bernard Stiegler \u201cLa Technique et le temps\u201d el cual&nbsp;prepar\u00f3 el medio para adentrarnos a los paradigmas filos\u00f3ficos de c\u00f3mo la tecnolog\u00eda nos afecta.&nbsp;Adem\u00e1s, relacionaremos estos conceptos con otros pensadores contempor\u00e1neos como Giorgio Agamben&nbsp;e&nbsp;Hito Steyel. De&nbsp;ah\u00ed criticaremos las formas del entretenimiento&nbsp;y su est\u00e9tica&nbsp;en la actualidad de las plataformas digitales y sus consecuencias en nuestras maneras de leer. &nbsp;<\/p>","protected":false},"excerpt":{"rendered":"<p>Licenciado en artes literarias (UArtes). Dise\u00f1ador gr\u00e1fico. Miembro del colectivo art\u00edstico Merries e instructor docente en Innovarte (programa de formaci\u00f3n para docentes financiado por la UNESCO y el Ministerio de Educaci\u00f3n). Escritor y articulista en la revista Un vistazo de Oaxaca, M\u00e9xico. Artista e investigador en Tr\u00e1gico y tr\u00e1nsito (programa de investigaci\u00f3n en artes financiado [&hellip;]<\/p>\n","protected":false},"author":1,"featured_media":25313,"comment_status":"open","ping_status":"closed","template":"","meta":{"_acf_changed":false,"_uag_custom_page_level_css":"","_monsterinsights_skip_tracking":false,"_monsterinsights_sitenote_active":false,"_monsterinsights_sitenote_note":"","_monsterinsights_sitenote_category":0,"cybocfi_hide_featured_image":"","footnotes":""},"doc_category":[741],"doc_tag":[742],"class_list":["post-25460","docs","type-docs","status-publish","has-post-thumbnail","hentry","doc_category-comuna","doc_tag-comunaestudiante"],"year_month":"2026-05","word_count":248,"total_views":0,"reactions":{"happy":0,"normal":0,"sad":0},"author_info":{"name":"Universidad de las Artes","author_nicename":"dircomadm","author_url":"https:\/\/www.uartes.edu.ec\/sitio\/fr\/blog\/author\/dircomadm\/"},"doc_category_info":[{"term_name":"Comuna","term_url":"https:\/\/www.uartes.edu.ec\/sitio\/fr\/docs-category\/comuna\/"}],"doc_tag_info":[{"term_name":"ComunaEstudiante","term_url":"https:\/\/www.uartes.edu.ec\/sitio\/fr\/docs-tag\/comunaestudiante\/"}],"acf":[],"yoast_head":"<!-- This site is optimized with the Yoast SEO plugin v27.4 - https:\/\/yoast.com\/product\/yoast-seo-wordpress\/ -->\n<title>Juan Alfredo Paredes Beckmann - Universidad de las Artes<\/title>\n<meta name=\"robots\" content=\"index, follow, max-snippet:-1, max-image-preview:large, max-video-preview:-1\" \/>\n<link rel=\"canonical\" href=\"https:\/\/www.uartes.edu.ec\/sitio\/fr\/docs\/juan-alfredo-paredes-beckmann\/\" \/>\n<meta property=\"og:locale\" content=\"fr_FR\" \/>\n<meta property=\"og:type\" content=\"article\" \/>\n<meta property=\"og:title\" content=\"Juan Alfredo Paredes Beckmann - Universidad de las Artes\" \/>\n<meta property=\"og:description\" content=\"Licenciado en artes literarias (UArtes). Dise\u00f1ador gr\u00e1fico. Miembro del colectivo art\u00edstico Merries e instructor docente en Innovarte (programa de formaci\u00f3n para docentes financiado por la UNESCO y el Ministerio de Educaci\u00f3n). Escritor y articulista en la revista Un vistazo de Oaxaca, M\u00e9xico. Artista e investigador en Tr\u00e1gico y tr\u00e1nsito (programa de investigaci\u00f3n en artes financiado [&hellip;]\" \/>\n<meta property=\"og:url\" content=\"https:\/\/www.uartes.edu.ec\/sitio\/fr\/docs\/juan-alfredo-paredes-beckmann\/\" \/>\n<meta property=\"og:site_name\" content=\"Universidad de las Artes\" \/>\n<meta property=\"article:publisher\" content=\"https:\/\/www.facebook.com\/uartesec\" \/>\n<meta property=\"article:modified_time\" content=\"2024-07-04T16:23:15+00:00\" \/>\n<meta property=\"og:image\" content=\"https:\/\/www.uartes.edu.ec\/sitio\/wp-content\/uploads\/2022\/07\/Foto-Juan-Alfredo-Paredes.jpg\" \/>\n\t<meta property=\"og:image:width\" content=\"800\" \/>\n\t<meta property=\"og:image:height\" content=\"800\" \/>\n\t<meta property=\"og:image:type\" content=\"image\/jpeg\" \/>\n<meta name=\"twitter:card\" content=\"summary_large_image\" \/>\n<meta name=\"twitter:site\" content=\"@uartesec\" \/>\n<meta name=\"twitter:label1\" content=\"Dur\u00e9e de lecture estim\u00e9e\" \/>\n\t<meta name=\"twitter:data1\" content=\"1 minute\" \/>\n<script type=\"application\/ld+json\" class=\"yoast-schema-graph\">{\"@context\":\"https:\\\/\\\/schema.org\",\"@graph\":[{\"@type\":\"WebPage\",\"@id\":\"https:\\\/\\\/www.uartes.edu.ec\\\/sitio\\\/fr\\\/docs\\\/juan-alfredo-paredes-beckmann\\\/\",\"url\":\"https:\\\/\\\/www.uartes.edu.ec\\\/sitio\\\/fr\\\/docs\\\/juan-alfredo-paredes-beckmann\\\/\",\"name\":\"Juan Alfredo Paredes Beckmann - Universidad de las Artes\",\"isPartOf\":{\"@id\":\"https:\\\/\\\/www.uartes.edu.ec\\\/sitio\\\/fr\\\/#website\"},\"primaryImageOfPage\":{\"@id\":\"https:\\\/\\\/www.uartes.edu.ec\\\/sitio\\\/fr\\\/docs\\\/juan-alfredo-paredes-beckmann\\\/#primaryimage\"},\"image\":{\"@id\":\"https:\\\/\\\/www.uartes.edu.ec\\\/sitio\\\/fr\\\/docs\\\/juan-alfredo-paredes-beckmann\\\/#primaryimage\"},\"thumbnailUrl\":\"https:\\\/\\\/www.uartes.edu.ec\\\/sitio\\\/wp-content\\\/uploads\\\/2022\\\/07\\\/Foto-Juan-Alfredo-Paredes.jpg\",\"datePublished\":\"2022-07-27T21:35:02+00:00\",\"dateModified\":\"2024-07-04T16:23:15+00:00\",\"breadcrumb\":{\"@id\":\"https:\\\/\\\/www.uartes.edu.ec\\\/sitio\\\/fr\\\/docs\\\/juan-alfredo-paredes-beckmann\\\/#breadcrumb\"},\"inLanguage\":\"fr-FR\",\"potentialAction\":[{\"@type\":\"ReadAction\",\"target\":[\"https:\\\/\\\/www.uartes.edu.ec\\\/sitio\\\/fr\\\/docs\\\/juan-alfredo-paredes-beckmann\\\/\"]}]},{\"@type\":\"ImageObject\",\"inLanguage\":\"fr-FR\",\"@id\":\"https:\\\/\\\/www.uartes.edu.ec\\\/sitio\\\/fr\\\/docs\\\/juan-alfredo-paredes-beckmann\\\/#primaryimage\",\"url\":\"https:\\\/\\\/www.uartes.edu.ec\\\/sitio\\\/wp-content\\\/uploads\\\/2022\\\/07\\\/Foto-Juan-Alfredo-Paredes.jpg\",\"contentUrl\":\"https:\\\/\\\/www.uartes.edu.ec\\\/sitio\\\/wp-content\\\/uploads\\\/2022\\\/07\\\/Foto-Juan-Alfredo-Paredes.jpg\",\"width\":800,\"height\":800},{\"@type\":\"BreadcrumbList\",\"@id\":\"https:\\\/\\\/www.uartes.edu.ec\\\/sitio\\\/fr\\\/docs\\\/juan-alfredo-paredes-beckmann\\\/#breadcrumb\",\"itemListElement\":[{\"@type\":\"ListItem\",\"position\":1,\"name\":\"Inicio\",\"item\":\"https:\\\/\\\/www.uartes.edu.ec\\\/sitio\\\/\"},{\"@type\":\"ListItem\",\"position\":2,\"name\":\"Docs\",\"item\":\"https:\\\/\\\/www.uartes.edu.ec\\\/sitio\\\/docs\\\/\"},{\"@type\":\"ListItem\",\"position\":3,\"name\":\"Juan Alfredo Paredes Beckmann\"}]},{\"@type\":\"WebSite\",\"@id\":\"https:\\\/\\\/www.uartes.edu.ec\\\/sitio\\\/fr\\\/#website\",\"url\":\"https:\\\/\\\/www.uartes.edu.ec\\\/sitio\\\/fr\\\/\",\"name\":\"Universidad de las Artes\",\"description\":\"Sitio oficial de la Universidad Nacional de las Artes del Ecuador\",\"publisher\":{\"@id\":\"https:\\\/\\\/www.uartes.edu.ec\\\/sitio\\\/fr\\\/#organization\"},\"potentialAction\":[{\"@type\":\"SearchAction\",\"target\":{\"@type\":\"EntryPoint\",\"urlTemplate\":\"https:\\\/\\\/www.uartes.edu.ec\\\/sitio\\\/fr\\\/?s={search_term_string}\"},\"query-input\":{\"@type\":\"PropertyValueSpecification\",\"valueRequired\":true,\"valueName\":\"search_term_string\"}}],\"inLanguage\":\"fr-FR\"},{\"@type\":\"Organization\",\"@id\":\"https:\\\/\\\/www.uartes.edu.ec\\\/sitio\\\/fr\\\/#organization\",\"name\":\"Universidad de las Artes\",\"url\":\"https:\\\/\\\/www.uartes.edu.ec\\\/sitio\\\/fr\\\/\",\"logo\":{\"@type\":\"ImageObject\",\"inLanguage\":\"fr-FR\",\"@id\":\"https:\\\/\\\/www.uartes.edu.ec\\\/sitio\\\/fr\\\/#\\\/schema\\\/logo\\\/image\\\/\",\"url\":\"https:\\\/\\\/www.uartes.edu.ec\\\/sitio\\\/wp-content\\\/uploads\\\/2022\\\/07\\\/logo-ua-horizontal.png\",\"contentUrl\":\"https:\\\/\\\/www.uartes.edu.ec\\\/sitio\\\/wp-content\\\/uploads\\\/2022\\\/07\\\/logo-ua-horizontal.png\",\"width\":800,\"height\":276,\"caption\":\"Universidad de las Artes\"},\"image\":{\"@id\":\"https:\\\/\\\/www.uartes.edu.ec\\\/sitio\\\/fr\\\/#\\\/schema\\\/logo\\\/image\\\/\"},\"sameAs\":[\"https:\\\/\\\/www.facebook.com\\\/uartesec\",\"https:\\\/\\\/x.com\\\/uartesec\",\"https:\\\/\\\/www.tiktok.com\\\/@uartesec\"]}]}<\/script>\n<!-- \/ Yoast SEO plugin. -->","yoast_head_json":{"title":"Juan Alfredo Paredes Beckmann - Universidad de las Artes","robots":{"index":"index","follow":"follow","max-snippet":"max-snippet:-1","max-image-preview":"max-image-preview:large","max-video-preview":"max-video-preview:-1"},"canonical":"https:\/\/www.uartes.edu.ec\/sitio\/fr\/docs\/juan-alfredo-paredes-beckmann\/","og_locale":"fr_FR","og_type":"article","og_title":"Juan Alfredo Paredes Beckmann - Universidad de las Artes","og_description":"Licenciado en artes literarias (UArtes). Dise\u00f1ador gr\u00e1fico. Miembro del colectivo art\u00edstico Merries e instructor docente en Innovarte (programa de formaci\u00f3n para docentes financiado por la UNESCO y el Ministerio de Educaci\u00f3n). Escritor y articulista en la revista Un vistazo de Oaxaca, M\u00e9xico. Artista e investigador en Tr\u00e1gico y tr\u00e1nsito (programa de investigaci\u00f3n en artes financiado [&hellip;]","og_url":"https:\/\/www.uartes.edu.ec\/sitio\/fr\/docs\/juan-alfredo-paredes-beckmann\/","og_site_name":"Universidad de las Artes","article_publisher":"https:\/\/www.facebook.com\/uartesec","article_modified_time":"2024-07-04T16:23:15+00:00","og_image":[{"width":800,"height":800,"url":"https:\/\/www.uartes.edu.ec\/sitio\/wp-content\/uploads\/2022\/07\/Foto-Juan-Alfredo-Paredes.jpg","type":"image\/jpeg"}],"twitter_card":"summary_large_image","twitter_site":"@uartesec","twitter_misc":{"Dur\u00e9e de lecture estim\u00e9e":"1 minute"},"schema":{"@context":"https:\/\/schema.org","@graph":[{"@type":"WebPage","@id":"https:\/\/www.uartes.edu.ec\/sitio\/fr\/docs\/juan-alfredo-paredes-beckmann\/","url":"https:\/\/www.uartes.edu.ec\/sitio\/fr\/docs\/juan-alfredo-paredes-beckmann\/","name":"Juan Alfredo Paredes Beckmann - Universidad de las Artes","isPartOf":{"@id":"https:\/\/www.uartes.edu.ec\/sitio\/fr\/#website"},"primaryImageOfPage":{"@id":"https:\/\/www.uartes.edu.ec\/sitio\/fr\/docs\/juan-alfredo-paredes-beckmann\/#primaryimage"},"image":{"@id":"https:\/\/www.uartes.edu.ec\/sitio\/fr\/docs\/juan-alfredo-paredes-beckmann\/#primaryimage"},"thumbnailUrl":"https:\/\/www.uartes.edu.ec\/sitio\/wp-content\/uploads\/2022\/07\/Foto-Juan-Alfredo-Paredes.jpg","datePublished":"2022-07-27T21:35:02+00:00","dateModified":"2024-07-04T16:23:15+00:00","breadcrumb":{"@id":"https:\/\/www.uartes.edu.ec\/sitio\/fr\/docs\/juan-alfredo-paredes-beckmann\/#breadcrumb"},"inLanguage":"fr-FR","potentialAction":[{"@type":"ReadAction","target":["https:\/\/www.uartes.edu.ec\/sitio\/fr\/docs\/juan-alfredo-paredes-beckmann\/"]}]},{"@type":"ImageObject","inLanguage":"fr-FR","@id":"https:\/\/www.uartes.edu.ec\/sitio\/fr\/docs\/juan-alfredo-paredes-beckmann\/#primaryimage","url":"https:\/\/www.uartes.edu.ec\/sitio\/wp-content\/uploads\/2022\/07\/Foto-Juan-Alfredo-Paredes.jpg","contentUrl":"https:\/\/www.uartes.edu.ec\/sitio\/wp-content\/uploads\/2022\/07\/Foto-Juan-Alfredo-Paredes.jpg","width":800,"height":800},{"@type":"BreadcrumbList","@id":"https:\/\/www.uartes.edu.ec\/sitio\/fr\/docs\/juan-alfredo-paredes-beckmann\/#breadcrumb","itemListElement":[{"@type":"ListItem","position":1,"name":"Inicio","item":"https:\/\/www.uartes.edu.ec\/sitio\/"},{"@type":"ListItem","position":2,"name":"Docs","item":"https:\/\/www.uartes.edu.ec\/sitio\/docs\/"},{"@type":"ListItem","position":3,"name":"Juan Alfredo Paredes Beckmann"}]},{"@type":"WebSite","@id":"https:\/\/www.uartes.edu.ec\/sitio\/fr\/#website","url":"https:\/\/www.uartes.edu.ec\/sitio\/fr\/","name":"Universidad de las Artes","description":"Sitio oficial de la Universidad Nacional de las Artes del Ecuador","publisher":{"@id":"https:\/\/www.uartes.edu.ec\/sitio\/fr\/#organization"},"potentialAction":[{"@type":"SearchAction","target":{"@type":"EntryPoint","urlTemplate":"https:\/\/www.uartes.edu.ec\/sitio\/fr\/?s={search_term_string}"},"query-input":{"@type":"PropertyValueSpecification","valueRequired":true,"valueName":"search_term_string"}}],"inLanguage":"fr-FR"},{"@type":"Organization","@id":"https:\/\/www.uartes.edu.ec\/sitio\/fr\/#organization","name":"Universidad de las Artes","url":"https:\/\/www.uartes.edu.ec\/sitio\/fr\/","logo":{"@type":"ImageObject","inLanguage":"fr-FR","@id":"https:\/\/www.uartes.edu.ec\/sitio\/fr\/#\/schema\/logo\/image\/","url":"https:\/\/www.uartes.edu.ec\/sitio\/wp-content\/uploads\/2022\/07\/logo-ua-horizontal.png","contentUrl":"https:\/\/www.uartes.edu.ec\/sitio\/wp-content\/uploads\/2022\/07\/logo-ua-horizontal.png","width":800,"height":276,"caption":"Universidad de las Artes"},"image":{"@id":"https:\/\/www.uartes.edu.ec\/sitio\/fr\/#\/schema\/logo\/image\/"},"sameAs":["https:\/\/www.facebook.com\/uartesec","https:\/\/x.com\/uartesec","https:\/\/www.tiktok.com\/@uartesec"]}]}},"uagb_featured_image_src":{"full":["https:\/\/www.uartes.edu.ec\/sitio\/wp-content\/uploads\/2022\/07\/Foto-Juan-Alfredo-Paredes.jpg",800,800,false],"thumbnail":["https:\/\/www.uartes.edu.ec\/sitio\/wp-content\/uploads\/2022\/07\/Foto-Juan-Alfredo-Paredes-150x150.jpg",150,150,true],"medium":["https:\/\/www.uartes.edu.ec\/sitio\/wp-content\/uploads\/2022\/07\/Foto-Juan-Alfredo-Paredes-300x300.jpg",300,300,true],"medium_large":["https:\/\/www.uartes.edu.ec\/sitio\/wp-content\/uploads\/2022\/07\/Foto-Juan-Alfredo-Paredes-768x768.jpg",768,768,true],"large":["https:\/\/www.uartes.edu.ec\/sitio\/wp-content\/uploads\/2022\/07\/Foto-Juan-Alfredo-Paredes-644x644.jpg",644,644,true],"1536x1536":["https:\/\/www.uartes.edu.ec\/sitio\/wp-content\/uploads\/2022\/07\/Foto-Juan-Alfredo-Paredes.jpg",800,800,false],"2048x2048":["https:\/\/www.uartes.edu.ec\/sitio\/wp-content\/uploads\/2022\/07\/Foto-Juan-Alfredo-Paredes.jpg",800,800,false],"trp-custom-language-flag":["https:\/\/www.uartes.edu.ec\/sitio\/wp-content\/uploads\/2022\/07\/Foto-Juan-Alfredo-Paredes.jpg",12,12,false],"htmega_size_585x295":["https:\/\/www.uartes.edu.ec\/sitio\/wp-content\/uploads\/2022\/07\/Foto-Juan-Alfredo-Paredes.jpg",295,295,false],"htmega_size_1170x536":["https:\/\/www.uartes.edu.ec\/sitio\/wp-content\/uploads\/2022\/07\/Foto-Juan-Alfredo-Paredes.jpg",536,536,false],"htmega_size_396x360":["https:\/\/www.uartes.edu.ec\/sitio\/wp-content\/uploads\/2022\/07\/Foto-Juan-Alfredo-Paredes.jpg",360,360,false],"gb-block-post-grid-landscape":["https:\/\/www.uartes.edu.ec\/sitio\/wp-content\/uploads\/2022\/07\/Foto-Juan-Alfredo-Paredes-600x400.jpg",600,400,true],"gb-block-post-grid-square":["https:\/\/www.uartes.edu.ec\/sitio\/wp-content\/uploads\/2022\/07\/Foto-Juan-Alfredo-Paredes-600x600.jpg",600,600,true],"university-hub-thumb":["https:\/\/www.uartes.edu.ec\/sitio\/wp-content\/uploads\/2022\/07\/Foto-Juan-Alfredo-Paredes-300x300.jpg",300,300,true]},"uagb_author_info":{"display_name":"Universidad de las Artes","author_link":"https:\/\/www.uartes.edu.ec\/sitio\/fr\/blog\/author\/dircomadm\/"},"uagb_comment_info":0,"uagb_excerpt":"Licenciado en artes literarias (UArtes). Dise\u00f1ador gr\u00e1fico. Miembro del colectivo art\u00edstico Merries e instructor docente en Innovarte (programa de formaci\u00f3n para docentes financiado por la UNESCO y el Ministerio de Educaci\u00f3n). Escritor y articulista en la revista Un vistazo de Oaxaca, M\u00e9xico. Artista e investigador en Tr\u00e1gico y tr\u00e1nsito (programa de investigaci\u00f3n en artes financiado\u2026","publishpress_future_workflow_manual_trigger":{"enabledWorkflows":[]},"distributor_meta":false,"distributor_terms":false,"distributor_media":false,"distributor_original_site_name":"Universidad de las Artes","distributor_original_site_url":"https:\/\/www.uartes.edu.ec\/sitio\/fr","push-errors":false,"_links":{"self":[{"href":"https:\/\/www.uartes.edu.ec\/sitio\/fr\/wp-json\/wp\/v2\/docs\/25460","targetHints":{"allow":["GET"]}}],"collection":[{"href":"https:\/\/www.uartes.edu.ec\/sitio\/fr\/wp-json\/wp\/v2\/docs"}],"about":[{"href":"https:\/\/www.uartes.edu.ec\/sitio\/fr\/wp-json\/wp\/v2\/types\/docs"}],"author":[{"embeddable":true,"href":"https:\/\/www.uartes.edu.ec\/sitio\/fr\/wp-json\/wp\/v2\/users\/1"}],"replies":[{"embeddable":true,"href":"https:\/\/www.uartes.edu.ec\/sitio\/fr\/wp-json\/wp\/v2\/comments?post=25460"}],"version-history":[{"count":1,"href":"https:\/\/www.uartes.edu.ec\/sitio\/fr\/wp-json\/wp\/v2\/docs\/25460\/revisions"}],"predecessor-version":[{"id":25461,"href":"https:\/\/www.uartes.edu.ec\/sitio\/fr\/wp-json\/wp\/v2\/docs\/25460\/revisions\/25461"}],"wp:featuredmedia":[{"embeddable":true,"href":"https:\/\/www.uartes.edu.ec\/sitio\/fr\/wp-json\/wp\/v2\/media\/25313"}],"wp:attachment":[{"href":"https:\/\/www.uartes.edu.ec\/sitio\/fr\/wp-json\/wp\/v2\/media?parent=25460"}],"wp:term":[{"taxonomy":"doc_category","embeddable":true,"href":"https:\/\/www.uartes.edu.ec\/sitio\/fr\/wp-json\/wp\/v2\/doc_category?post=25460"},{"taxonomy":"doc_tag","embeddable":true,"href":"https:\/\/www.uartes.edu.ec\/sitio\/fr\/wp-json\/wp\/v2\/doc_tag?post=25460"}],"curies":[{"name":"wp","href":"https:\/\/api.w.org\/{rel}","templated":true}]}}