{"id":25473,"date":"2022-07-27T16:50:09","date_gmt":"2022-07-27T21:50:09","guid":{"rendered":"http:\/\/www.uartes.edu.ec\/sitio\/?post_type=docs&#038;p=25473"},"modified":"2024-09-24T08:54:04","modified_gmt":"2024-09-24T13:54:04","password":"","slug":"cristian-agustin-alvarado-montalvo","status":"publish","type":"docs","link":"https:\/\/www.uartes.edu.ec\/sitio\/fr\/docs\/cristian-agustin-alvarado-montalvo\/","title":{"rendered":"Cristian Agust\u00edn Alvarado Montalvo"},"content":{"rendered":"<p>Licenciado en literatura de las Universidad de las Artes. Ha publicado art\u00edculos acad\u00e9micos y relatos de ficci\u00f3n en revistas como La Deleuziana, Pixeletras y Pie de p\u00e1gina. Menci\u00f3n de honor en el I concurso de cuento \u201cLibre Libro\u201d 2018, cuyo texto se incluy\u00f3 en la antolog\u00eda de cuentos <em>La \u00faltima hora <\/em>(2018). Ganador Beca Comuna para residencias estudiantiles (2019). Co-organizador del club de lectura \u201cInfestaci\u00f3n\u201d, en cooperaci\u00f3n con el departamento de v\u00ednculo con la comunidad de la Uartes (2020). &nbsp;Entre sus participaciones en eventos art\u00edsticos-acad\u00e9micos constan el primer coloquio de la red de estudios latinoamericanos Deleuze y Guattari (2019), el vig\u00e9simo segundo congreso de la Asociaci\u00f3n de Ecuatorianistas: \u201cDistop\u00eda, Utop\u00eda y Apocalipsis en la producci\u00f3n cultural ecuatoriana\u201d (2021) y el VI Encuentro Internacional de Investigaci\u00f3n en Arte con la presentaci\u00f3n de las investigaciones compiladas sobre Deuda y literatura ecuatoriana en (2021). En la actualidad, se encuentra realizando una maestr\u00eda en Literatura Latinoamericana en la Universidad Andina Sim\u00f3n Bol\u00edvar.<\/p>\n\n\n\n<h3 class=\"wp-block-heading\">Obra<strong> <\/strong><\/h3>\n\n\n\n<p>Anarchivismo y Literatura: escrituras subversivas en la narrativa latinoamericana.<\/p>\n\n\n\n<h3 class=\"wp-block-heading\">Descripci\u00f3n de la obra<\/h3>\n\n\n\n<p>El siguiente ensayo realiza un recorrido por las pol\u00edticas contra-hegem\u00f3nicas del archivo para vislumbrar el movimiento anarchivista en la narrativa latinoamericana contempor\u00e1nea. En particular este an\u00e1lisis se centra en las novelas La desfiguraci\u00f3n Silva de M\u00f3nica Ojeda y Tengo miedo, Torero de Pedro Lemebel, con el objetivo de pensar intervenciones en el archivo desde la escritura ficcional, como dispositivo de problematizaci\u00f3n contra la m\u00e1quina estatal y su monopolio de la memoria. El enfoque remarca las pol\u00edticas del anarchivismo, como m\u00e9todo de lectura para trazar l\u00edneas cr\u00edticas en la narrativa latinoamericana, que nos sirven para re-pensar estrategias de subversi\u00f3n de los reg\u00edmenes de verdad que configuran el poder conservador del archivo al servicio de la m\u00e1quina estatal-capitalista.<\/p>\n\n\n\n<h3 class=\"wp-block-heading\">Enlace de trabajos art\u00edsticos del autor<\/h3>\n\n\n\n<p>Obra publicada: ensayos acad\u00e9micos, art\u00edculos, rese\u00f1as y cuentos:<\/p>\n\n\n\n<ul class=\"wp-block-list\"><li>Ensayo publicado en la revista Deleuziana: \u201cEthos Barroco: De la nostalgia del duelo a la promesa por venir. Rizoma, revoluci\u00f3n y Utop\u00eda\u201d. Link: <a href=\"http:\/\/www.ladeleuziana.org\/wp-content\/uploads\/2019\/02\/Alvarado.pdf\">http:\/\/www.ladeleuziana.org\/wp-content\/uploads\/2019\/02\/Alvarado.pdf<\/a><\/li><li>Ensayo publicado en la revista Pie de p\u00e1gina: \u201cCopi o la felicidad de la imperfecci\u00f3n\u201d. Link: <a href=\"http:\/\/piedepagina.uartes.edu.ec\/wp-content\/uploads\/sites\/9\/2021\/11\/Pie-de-pa%CC%81gina-6-ART04-Copi-o-la-felicidad-de-la-imperfeccio%CC%81n.pdf\">http:\/\/piedepagina.uartes.edu.ec\/wp-content\/uploads\/sites\/9\/2021\/11\/Pie-de-pa%CC%81gina-6-ART04-Copi-o-la-felicidad-de-la-imperfeccio%CC%81n.pdf<\/a><\/li><li>Rese\u00f1a publicada en el peri\u00f3dico de EL OTRO CINE (EDOC): \u201cPara recordar hay que imaginar\u201d. Link:<a href=\"https:\/\/festivaledoc.org\/wpcontent\/uploads\/2021\/07\/Perio%CC%81dico_EDOC_2021.pdf\">https:\/\/festivaledoc.org\/wpcontent\/uploads\/2021\/07\/Perio%CC%81dico_EDOC_2021.pdf<\/a><\/li><li>Cuento-Ficci\u00f3n: \u201cSCUM2.0\u201d. Link: <a href=\"http:\/\/www.revistas.espol.edu.ec\/index.php\/pixeletras\/article\/view\/855\/776\">http:\/\/www.revistas.espol.edu.ec\/index.php\/pixeletras\/article\/view\/855\/776<\/a> \u00a0<\/li><li>Cuento-ficci\u00f3n: \u201cEnsayo sobre los dobles\u201d. Link: <a href=\"http:\/\/mz14.uartes.edu.ec\/producto\/la-ultima-hora\/\">http:\/\/mz14.uartes.edu.ec\/producto\/la-ultima-hora\/<\/a><\/li><\/ul>","protected":false},"excerpt":{"rendered":"<p>Licenciado en literatura de las Universidad de las Artes. Ha publicado art\u00edculos acad\u00e9micos y relatos de ficci\u00f3n en revistas como La Deleuziana, Pixeletras y Pie de p\u00e1gina. Menci\u00f3n de honor en el I concurso de cuento \u201cLibre Libro\u201d 2018, cuyo texto se incluy\u00f3 en la antolog\u00eda de cuentos La \u00faltima hora (2018). Ganador Beca Comuna [&hellip;]<\/p>\n","protected":false},"author":1,"featured_media":25317,"comment_status":"open","ping_status":"closed","template":"","meta":{"_acf_changed":false,"_uag_custom_page_level_css":"","_monsterinsights_skip_tracking":false,"_monsterinsights_sitenote_active":false,"_monsterinsights_sitenote_note":"","_monsterinsights_sitenote_category":0,"cybocfi_hide_featured_image":"","footnotes":""},"doc_category":[741,579],"doc_tag":[742],"class_list":["post-25473","docs","type-docs","status-publish","has-post-thumbnail","hentry","doc_category-comuna","doc_category-literatura","doc_tag-comunaestudiante"],"year_month":"2026-05","word_count":458,"total_views":0,"reactions":{"happy":0,"normal":0,"sad":0},"author_info":{"name":"Universidad de las Artes","author_nicename":"dircomadm","author_url":"https:\/\/www.uartes.edu.ec\/sitio\/fr\/blog\/author\/dircomadm\/"},"doc_category_info":[{"term_name":"Comuna","term_url":"https:\/\/www.uartes.edu.ec\/sitio\/fr\/docs-category\/comuna\/"},{"term_name":"Literatura","term_url":"https:\/\/www.uartes.edu.ec\/sitio\/fr\/docs-category\/literatura\/"}],"doc_tag_info":[{"term_name":"ComunaEstudiante","term_url":"https:\/\/www.uartes.edu.ec\/sitio\/fr\/docs-tag\/comunaestudiante\/"}],"acf":{"dp_ciudad":"","dp_email":"","dp_cargo":[],"dp_perfil":"","dp_estudios":"","dp_participaciones":"","dp_publicaciones":"","dp_intereses":"","dp_sitio_web":""},"yoast_head":"<!-- This site is optimized with the Yoast SEO plugin v27.4 - https:\/\/yoast.com\/product\/yoast-seo-wordpress\/ -->\n<title>Cristian Agust\u00edn Alvarado Montalvo - Universidad de las Artes<\/title>\n<meta name=\"robots\" content=\"index, follow, max-snippet:-1, max-image-preview:large, max-video-preview:-1\" \/>\n<link rel=\"canonical\" href=\"https:\/\/www.uartes.edu.ec\/sitio\/fr\/docs\/cristian-agustin-alvarado-montalvo\/\" \/>\n<meta property=\"og:locale\" content=\"fr_FR\" \/>\n<meta property=\"og:type\" content=\"article\" \/>\n<meta property=\"og:title\" content=\"Cristian Agust\u00edn Alvarado Montalvo - Universidad de las Artes\" \/>\n<meta property=\"og:description\" content=\"Licenciado en literatura de las Universidad de las Artes. Ha publicado art\u00edculos acad\u00e9micos y relatos de ficci\u00f3n en revistas como La Deleuziana, Pixeletras y Pie de p\u00e1gina. Menci\u00f3n de honor en el I concurso de cuento \u201cLibre Libro\u201d 2018, cuyo texto se incluy\u00f3 en la antolog\u00eda de cuentos La \u00faltima hora (2018). Ganador Beca Comuna [&hellip;]\" \/>\n<meta property=\"og:url\" content=\"https:\/\/www.uartes.edu.ec\/sitio\/fr\/docs\/cristian-agustin-alvarado-montalvo\/\" \/>\n<meta property=\"og:site_name\" content=\"Universidad de las Artes\" \/>\n<meta property=\"article:publisher\" content=\"https:\/\/www.facebook.com\/uartesec\" \/>\n<meta property=\"article:modified_time\" content=\"2024-09-24T13:54:04+00:00\" \/>\n<meta property=\"og:image\" content=\"https:\/\/www.uartes.edu.ec\/sitio\/wp-content\/uploads\/2022\/07\/Foto-Cristian-Alvarado-.jpg\" \/>\n\t<meta property=\"og:image:width\" content=\"800\" \/>\n\t<meta property=\"og:image:height\" content=\"800\" \/>\n\t<meta property=\"og:image:type\" content=\"image\/jpeg\" \/>\n<meta name=\"twitter:card\" content=\"summary_large_image\" \/>\n<meta name=\"twitter:site\" content=\"@uartesec\" \/>\n<meta name=\"twitter:label1\" content=\"Dur\u00e9e de lecture estim\u00e9e\" \/>\n\t<meta name=\"twitter:data1\" content=\"2 minutes\" \/>\n<script type=\"application\/ld+json\" class=\"yoast-schema-graph\">{\"@context\":\"https:\\\/\\\/schema.org\",\"@graph\":[{\"@type\":\"WebPage\",\"@id\":\"https:\\\/\\\/www.uartes.edu.ec\\\/sitio\\\/fr\\\/docs\\\/cristian-agustin-alvarado-montalvo\\\/\",\"url\":\"https:\\\/\\\/www.uartes.edu.ec\\\/sitio\\\/fr\\\/docs\\\/cristian-agustin-alvarado-montalvo\\\/\",\"name\":\"Cristian Agust\u00edn Alvarado Montalvo - Universidad de las Artes\",\"isPartOf\":{\"@id\":\"https:\\\/\\\/www.uartes.edu.ec\\\/sitio\\\/fr\\\/#website\"},\"primaryImageOfPage\":{\"@id\":\"https:\\\/\\\/www.uartes.edu.ec\\\/sitio\\\/fr\\\/docs\\\/cristian-agustin-alvarado-montalvo\\\/#primaryimage\"},\"image\":{\"@id\":\"https:\\\/\\\/www.uartes.edu.ec\\\/sitio\\\/fr\\\/docs\\\/cristian-agustin-alvarado-montalvo\\\/#primaryimage\"},\"thumbnailUrl\":\"https:\\\/\\\/www.uartes.edu.ec\\\/sitio\\\/wp-content\\\/uploads\\\/2022\\\/07\\\/Foto-Cristian-Alvarado-.jpg\",\"datePublished\":\"2022-07-27T21:50:09+00:00\",\"dateModified\":\"2024-09-24T13:54:04+00:00\",\"breadcrumb\":{\"@id\":\"https:\\\/\\\/www.uartes.edu.ec\\\/sitio\\\/fr\\\/docs\\\/cristian-agustin-alvarado-montalvo\\\/#breadcrumb\"},\"inLanguage\":\"fr-FR\",\"potentialAction\":[{\"@type\":\"ReadAction\",\"target\":[\"https:\\\/\\\/www.uartes.edu.ec\\\/sitio\\\/fr\\\/docs\\\/cristian-agustin-alvarado-montalvo\\\/\"]}]},{\"@type\":\"ImageObject\",\"inLanguage\":\"fr-FR\",\"@id\":\"https:\\\/\\\/www.uartes.edu.ec\\\/sitio\\\/fr\\\/docs\\\/cristian-agustin-alvarado-montalvo\\\/#primaryimage\",\"url\":\"https:\\\/\\\/www.uartes.edu.ec\\\/sitio\\\/wp-content\\\/uploads\\\/2022\\\/07\\\/Foto-Cristian-Alvarado-.jpg\",\"contentUrl\":\"https:\\\/\\\/www.uartes.edu.ec\\\/sitio\\\/wp-content\\\/uploads\\\/2022\\\/07\\\/Foto-Cristian-Alvarado-.jpg\",\"width\":800,\"height\":800},{\"@type\":\"BreadcrumbList\",\"@id\":\"https:\\\/\\\/www.uartes.edu.ec\\\/sitio\\\/fr\\\/docs\\\/cristian-agustin-alvarado-montalvo\\\/#breadcrumb\",\"itemListElement\":[{\"@type\":\"ListItem\",\"position\":1,\"name\":\"Inicio\",\"item\":\"https:\\\/\\\/www.uartes.edu.ec\\\/sitio\\\/\"},{\"@type\":\"ListItem\",\"position\":2,\"name\":\"Docs\",\"item\":\"https:\\\/\\\/www.uartes.edu.ec\\\/sitio\\\/docs\\\/\"},{\"@type\":\"ListItem\",\"position\":3,\"name\":\"Cristian Agust\u00edn Alvarado Montalvo\"}]},{\"@type\":\"WebSite\",\"@id\":\"https:\\\/\\\/www.uartes.edu.ec\\\/sitio\\\/fr\\\/#website\",\"url\":\"https:\\\/\\\/www.uartes.edu.ec\\\/sitio\\\/fr\\\/\",\"name\":\"Universidad de las Artes\",\"description\":\"Sitio oficial de la Universidad Nacional de las Artes del Ecuador\",\"publisher\":{\"@id\":\"https:\\\/\\\/www.uartes.edu.ec\\\/sitio\\\/fr\\\/#organization\"},\"potentialAction\":[{\"@type\":\"SearchAction\",\"target\":{\"@type\":\"EntryPoint\",\"urlTemplate\":\"https:\\\/\\\/www.uartes.edu.ec\\\/sitio\\\/fr\\\/?s={search_term_string}\"},\"query-input\":{\"@type\":\"PropertyValueSpecification\",\"valueRequired\":true,\"valueName\":\"search_term_string\"}}],\"inLanguage\":\"fr-FR\"},{\"@type\":\"Organization\",\"@id\":\"https:\\\/\\\/www.uartes.edu.ec\\\/sitio\\\/fr\\\/#organization\",\"name\":\"Universidad de las Artes\",\"url\":\"https:\\\/\\\/www.uartes.edu.ec\\\/sitio\\\/fr\\\/\",\"logo\":{\"@type\":\"ImageObject\",\"inLanguage\":\"fr-FR\",\"@id\":\"https:\\\/\\\/www.uartes.edu.ec\\\/sitio\\\/fr\\\/#\\\/schema\\\/logo\\\/image\\\/\",\"url\":\"https:\\\/\\\/www.uartes.edu.ec\\\/sitio\\\/wp-content\\\/uploads\\\/2022\\\/07\\\/logo-ua-horizontal.png\",\"contentUrl\":\"https:\\\/\\\/www.uartes.edu.ec\\\/sitio\\\/wp-content\\\/uploads\\\/2022\\\/07\\\/logo-ua-horizontal.png\",\"width\":800,\"height\":276,\"caption\":\"Universidad de las Artes\"},\"image\":{\"@id\":\"https:\\\/\\\/www.uartes.edu.ec\\\/sitio\\\/fr\\\/#\\\/schema\\\/logo\\\/image\\\/\"},\"sameAs\":[\"https:\\\/\\\/www.facebook.com\\\/uartesec\",\"https:\\\/\\\/x.com\\\/uartesec\",\"https:\\\/\\\/www.tiktok.com\\\/@uartesec\"]}]}<\/script>\n<!-- \/ Yoast SEO plugin. -->","yoast_head_json":{"title":"Cristian Agust\u00edn Alvarado Montalvo - Universidad de las Artes","robots":{"index":"index","follow":"follow","max-snippet":"max-snippet:-1","max-image-preview":"max-image-preview:large","max-video-preview":"max-video-preview:-1"},"canonical":"https:\/\/www.uartes.edu.ec\/sitio\/fr\/docs\/cristian-agustin-alvarado-montalvo\/","og_locale":"fr_FR","og_type":"article","og_title":"Cristian Agust\u00edn Alvarado Montalvo - Universidad de las Artes","og_description":"Licenciado en literatura de las Universidad de las Artes. Ha publicado art\u00edculos acad\u00e9micos y relatos de ficci\u00f3n en revistas como La Deleuziana, Pixeletras y Pie de p\u00e1gina. Menci\u00f3n de honor en el I concurso de cuento \u201cLibre Libro\u201d 2018, cuyo texto se incluy\u00f3 en la antolog\u00eda de cuentos La \u00faltima hora (2018). Ganador Beca Comuna [&hellip;]","og_url":"https:\/\/www.uartes.edu.ec\/sitio\/fr\/docs\/cristian-agustin-alvarado-montalvo\/","og_site_name":"Universidad de las Artes","article_publisher":"https:\/\/www.facebook.com\/uartesec","article_modified_time":"2024-09-24T13:54:04+00:00","og_image":[{"width":800,"height":800,"url":"https:\/\/www.uartes.edu.ec\/sitio\/wp-content\/uploads\/2022\/07\/Foto-Cristian-Alvarado-.jpg","type":"image\/jpeg"}],"twitter_card":"summary_large_image","twitter_site":"@uartesec","twitter_misc":{"Dur\u00e9e de lecture estim\u00e9e":"2 minutes"},"schema":{"@context":"https:\/\/schema.org","@graph":[{"@type":"WebPage","@id":"https:\/\/www.uartes.edu.ec\/sitio\/fr\/docs\/cristian-agustin-alvarado-montalvo\/","url":"https:\/\/www.uartes.edu.ec\/sitio\/fr\/docs\/cristian-agustin-alvarado-montalvo\/","name":"Cristian Agust\u00edn Alvarado Montalvo - Universidad de las Artes","isPartOf":{"@id":"https:\/\/www.uartes.edu.ec\/sitio\/fr\/#website"},"primaryImageOfPage":{"@id":"https:\/\/www.uartes.edu.ec\/sitio\/fr\/docs\/cristian-agustin-alvarado-montalvo\/#primaryimage"},"image":{"@id":"https:\/\/www.uartes.edu.ec\/sitio\/fr\/docs\/cristian-agustin-alvarado-montalvo\/#primaryimage"},"thumbnailUrl":"https:\/\/www.uartes.edu.ec\/sitio\/wp-content\/uploads\/2022\/07\/Foto-Cristian-Alvarado-.jpg","datePublished":"2022-07-27T21:50:09+00:00","dateModified":"2024-09-24T13:54:04+00:00","breadcrumb":{"@id":"https:\/\/www.uartes.edu.ec\/sitio\/fr\/docs\/cristian-agustin-alvarado-montalvo\/#breadcrumb"},"inLanguage":"fr-FR","potentialAction":[{"@type":"ReadAction","target":["https:\/\/www.uartes.edu.ec\/sitio\/fr\/docs\/cristian-agustin-alvarado-montalvo\/"]}]},{"@type":"ImageObject","inLanguage":"fr-FR","@id":"https:\/\/www.uartes.edu.ec\/sitio\/fr\/docs\/cristian-agustin-alvarado-montalvo\/#primaryimage","url":"https:\/\/www.uartes.edu.ec\/sitio\/wp-content\/uploads\/2022\/07\/Foto-Cristian-Alvarado-.jpg","contentUrl":"https:\/\/www.uartes.edu.ec\/sitio\/wp-content\/uploads\/2022\/07\/Foto-Cristian-Alvarado-.jpg","width":800,"height":800},{"@type":"BreadcrumbList","@id":"https:\/\/www.uartes.edu.ec\/sitio\/fr\/docs\/cristian-agustin-alvarado-montalvo\/#breadcrumb","itemListElement":[{"@type":"ListItem","position":1,"name":"Inicio","item":"https:\/\/www.uartes.edu.ec\/sitio\/"},{"@type":"ListItem","position":2,"name":"Docs","item":"https:\/\/www.uartes.edu.ec\/sitio\/docs\/"},{"@type":"ListItem","position":3,"name":"Cristian Agust\u00edn Alvarado Montalvo"}]},{"@type":"WebSite","@id":"https:\/\/www.uartes.edu.ec\/sitio\/fr\/#website","url":"https:\/\/www.uartes.edu.ec\/sitio\/fr\/","name":"Universidad de las Artes","description":"Sitio oficial de la Universidad Nacional de las Artes del Ecuador","publisher":{"@id":"https:\/\/www.uartes.edu.ec\/sitio\/fr\/#organization"},"potentialAction":[{"@type":"SearchAction","target":{"@type":"EntryPoint","urlTemplate":"https:\/\/www.uartes.edu.ec\/sitio\/fr\/?s={search_term_string}"},"query-input":{"@type":"PropertyValueSpecification","valueRequired":true,"valueName":"search_term_string"}}],"inLanguage":"fr-FR"},{"@type":"Organization","@id":"https:\/\/www.uartes.edu.ec\/sitio\/fr\/#organization","name":"Universidad de las Artes","url":"https:\/\/www.uartes.edu.ec\/sitio\/fr\/","logo":{"@type":"ImageObject","inLanguage":"fr-FR","@id":"https:\/\/www.uartes.edu.ec\/sitio\/fr\/#\/schema\/logo\/image\/","url":"https:\/\/www.uartes.edu.ec\/sitio\/wp-content\/uploads\/2022\/07\/logo-ua-horizontal.png","contentUrl":"https:\/\/www.uartes.edu.ec\/sitio\/wp-content\/uploads\/2022\/07\/logo-ua-horizontal.png","width":800,"height":276,"caption":"Universidad de las Artes"},"image":{"@id":"https:\/\/www.uartes.edu.ec\/sitio\/fr\/#\/schema\/logo\/image\/"},"sameAs":["https:\/\/www.facebook.com\/uartesec","https:\/\/x.com\/uartesec","https:\/\/www.tiktok.com\/@uartesec"]}]}},"uagb_featured_image_src":{"full":["https:\/\/www.uartes.edu.ec\/sitio\/wp-content\/uploads\/2022\/07\/Foto-Cristian-Alvarado-.jpg",800,800,false],"thumbnail":["https:\/\/www.uartes.edu.ec\/sitio\/wp-content\/uploads\/2022\/07\/Foto-Cristian-Alvarado--150x150.jpg",150,150,true],"medium":["https:\/\/www.uartes.edu.ec\/sitio\/wp-content\/uploads\/2022\/07\/Foto-Cristian-Alvarado--300x300.jpg",300,300,true],"medium_large":["https:\/\/www.uartes.edu.ec\/sitio\/wp-content\/uploads\/2022\/07\/Foto-Cristian-Alvarado--768x768.jpg",768,768,true],"large":["https:\/\/www.uartes.edu.ec\/sitio\/wp-content\/uploads\/2022\/07\/Foto-Cristian-Alvarado--644x644.jpg",644,644,true],"1536x1536":["https:\/\/www.uartes.edu.ec\/sitio\/wp-content\/uploads\/2022\/07\/Foto-Cristian-Alvarado-.jpg",800,800,false],"2048x2048":["https:\/\/www.uartes.edu.ec\/sitio\/wp-content\/uploads\/2022\/07\/Foto-Cristian-Alvarado-.jpg",800,800,false],"trp-custom-language-flag":["https:\/\/www.uartes.edu.ec\/sitio\/wp-content\/uploads\/2022\/07\/Foto-Cristian-Alvarado-.jpg",12,12,false],"htmega_size_585x295":["https:\/\/www.uartes.edu.ec\/sitio\/wp-content\/uploads\/2022\/07\/Foto-Cristian-Alvarado-.jpg",295,295,false],"htmega_size_1170x536":["https:\/\/www.uartes.edu.ec\/sitio\/wp-content\/uploads\/2022\/07\/Foto-Cristian-Alvarado-.jpg",536,536,false],"htmega_size_396x360":["https:\/\/www.uartes.edu.ec\/sitio\/wp-content\/uploads\/2022\/07\/Foto-Cristian-Alvarado-.jpg",360,360,false],"gb-block-post-grid-landscape":["https:\/\/www.uartes.edu.ec\/sitio\/wp-content\/uploads\/2022\/07\/Foto-Cristian-Alvarado--600x400.jpg",600,400,true],"gb-block-post-grid-square":["https:\/\/www.uartes.edu.ec\/sitio\/wp-content\/uploads\/2022\/07\/Foto-Cristian-Alvarado--600x600.jpg",600,600,true],"university-hub-thumb":["https:\/\/www.uartes.edu.ec\/sitio\/wp-content\/uploads\/2022\/07\/Foto-Cristian-Alvarado--300x300.jpg",300,300,true]},"uagb_author_info":{"display_name":"Universidad de las Artes","author_link":"https:\/\/www.uartes.edu.ec\/sitio\/fr\/blog\/author\/dircomadm\/"},"uagb_comment_info":0,"uagb_excerpt":"Licenciado en literatura de las Universidad de las Artes. Ha publicado art\u00edculos acad\u00e9micos y relatos de ficci\u00f3n en revistas como La Deleuziana, Pixeletras y Pie de p\u00e1gina. Menci\u00f3n de honor en el I concurso de cuento \u201cLibre Libro\u201d 2018, cuyo texto se incluy\u00f3 en la antolog\u00eda de cuentos La \u00faltima hora (2018). Ganador Beca Comuna\u2026","publishpress_future_workflow_manual_trigger":{"enabledWorkflows":[]},"distributor_meta":false,"distributor_terms":false,"distributor_media":false,"distributor_original_site_name":"Universidad de las Artes","distributor_original_site_url":"https:\/\/www.uartes.edu.ec\/sitio\/fr","push-errors":false,"_links":{"self":[{"href":"https:\/\/www.uartes.edu.ec\/sitio\/fr\/wp-json\/wp\/v2\/docs\/25473","targetHints":{"allow":["GET"]}}],"collection":[{"href":"https:\/\/www.uartes.edu.ec\/sitio\/fr\/wp-json\/wp\/v2\/docs"}],"about":[{"href":"https:\/\/www.uartes.edu.ec\/sitio\/fr\/wp-json\/wp\/v2\/types\/docs"}],"author":[{"embeddable":true,"href":"https:\/\/www.uartes.edu.ec\/sitio\/fr\/wp-json\/wp\/v2\/users\/1"}],"replies":[{"embeddable":true,"href":"https:\/\/www.uartes.edu.ec\/sitio\/fr\/wp-json\/wp\/v2\/comments?post=25473"}],"version-history":[{"count":1,"href":"https:\/\/www.uartes.edu.ec\/sitio\/fr\/wp-json\/wp\/v2\/docs\/25473\/revisions"}],"predecessor-version":[{"id":25474,"href":"https:\/\/www.uartes.edu.ec\/sitio\/fr\/wp-json\/wp\/v2\/docs\/25473\/revisions\/25474"}],"wp:featuredmedia":[{"embeddable":true,"href":"https:\/\/www.uartes.edu.ec\/sitio\/fr\/wp-json\/wp\/v2\/media\/25317"}],"wp:attachment":[{"href":"https:\/\/www.uartes.edu.ec\/sitio\/fr\/wp-json\/wp\/v2\/media?parent=25473"}],"wp:term":[{"taxonomy":"doc_category","embeddable":true,"href":"https:\/\/www.uartes.edu.ec\/sitio\/fr\/wp-json\/wp\/v2\/doc_category?post=25473"},{"taxonomy":"doc_tag","embeddable":true,"href":"https:\/\/www.uartes.edu.ec\/sitio\/fr\/wp-json\/wp\/v2\/doc_tag?post=25473"}],"curies":[{"name":"wp","href":"https:\/\/api.w.org\/{rel}","templated":true}]}}