{"id":29982,"date":"2022-10-24T14:15:29","date_gmt":"2022-10-24T19:15:29","guid":{"rendered":"http:\/\/www.uartes.edu.ec\/sitio\/?post_type=docs&#038;p=29982"},"modified":"2025-06-17T09:03:22","modified_gmt":"2025-06-17T14:03:22","password":"","slug":"arturo-parra","status":"publish","type":"docs","link":"https:\/\/www.uartes.edu.ec\/sitio\/fr\/docs\/arturo-parra\/","title":{"rendered":"Arturo Parra Riera"},"content":{"rendered":"","protected":false},"excerpt":{"rendered":"<p>Docente de Producci\u00f3n Musical<\/p>","protected":false},"author":1,"featured_media":73717,"comment_status":"open","ping_status":"closed","template":"","meta":{"_acf_changed":false,"_uag_custom_page_level_css":"","_monsterinsights_skip_tracking":false,"_monsterinsights_sitenote_active":false,"_monsterinsights_sitenote_note":"","_monsterinsights_sitenote_category":0,"cybocfi_hide_featured_image":"","footnotes":""},"doc_category":[586],"doc_tag":[],"class_list":["post-29982","docs","type-docs","status-publish","has-post-thumbnail","hentry","doc_category-nivelacion"],"year_month":"2026-05","word_count":0,"total_views":0,"reactions":{"happy":0,"normal":0,"sad":0},"author_info":{"name":"Universidad de las Artes","author_nicename":"dircomadm","author_url":"https:\/\/www.uartes.edu.ec\/sitio\/fr\/blog\/author\/dircomadm\/"},"doc_category_info":[{"term_name":"Nivelaci\u00f3n","term_url":"https:\/\/www.uartes.edu.ec\/sitio\/fr\/docs-category\/nivelacion\/"}],"doc_tag_info":[],"acf":{"dp_ciudad":"Ecuador","dp_email":"<a href=\"mailto:arturo.parra@uartes.edu.ec\">arturo.parra@uartes.edu.ec<\/a>","dp_cargo":["Docente"],"dp_perfil":"Docente, m\u00fasico, gestor musical, productor musical, compositor, arreglista y director musical.","dp_estudios":"<ul>\r\n \t<li>Instituto Tecnol\u00f3gico de las Artes del Ecuador (ITAE), Tecn\u00f3logo en Producci\u00f3n de Sonido y M\u00fasica. 2012.<\/li>\r\n \t<li>Universidad de Especialidades Esp\u00edritu Santo (UEES), Licenciatura en M\u00fasica, Concentraci\u00f3n en Direcci\u00f3n Coral. 2016.<\/li>\r\n \t<li>Universidad Internacional Iberoamericana (UNINI), Maestr\u00eda en Docencia Universitaria. 2022.<\/li>\r\n<\/ul>","dp_participaciones":"<ul>\r\n \t<li>Participaci\u00f3n en el Festival Internacional de coros \u201cEl canto coral emana a los pueblos\u201d, en varias ediciones.<\/li>\r\n \t<li>Participaci\u00f3n e interpretaci\u00f3n en la Opera \u201cL\u2019elisir d\u2019amore\u201d en el Teatro Centro de Arte.<\/li>\r\n \t<li>Participaci\u00f3n en el recital de opera en la Societ\u00e1 D\u2019Assistenza Italiana Garibaldi<\/li>\r\n \t<li>Participaci\u00f3n en recitales de canto l\u00edrico con la sociedad femenina de cultura de Guayaquil.<\/li>\r\n \t<li>Conferencista sobre la m\u00fasica ecuatoriana en la ESPOL.<\/li>\r\n \t<li>Ganador de tres premios al m\u00e9rito art\u00edstico por el GAD municipal de Naranjal.<\/li>\r\n \t<li>Participaci\u00f3n en el programa de festejos \u201cSoy Guayas\u201d organizado por GAD provincial del Guayas.<\/li>\r\n \t<li>Participaci\u00f3n en la Obra Mandas musicales, junto a la Orquesta de mates y bamb\u00faes de Schuberth Ganchozo para La Prefectura del Guayas y Fundaci\u00f3n Garza Roja.<\/li>\r\n \t<li>Participaci\u00f3n con la Orquestaci\u00f3n para Concierto Sinf\u00f3nico \"Guaduzal\" Schuberth Ganchozo &amp; Bamb\u00fa Ensamble junto a la Orquesta Filarm\u00f3nica de Guayaquil.<\/li>\r\n \t<li>Participaci\u00f3n con la Orquestaci\u00f3n y arreglo para el tema Knock Knock de Adelhaid.<\/li>\r\n \t<li>Participaci\u00f3n como M\u00fasico de sesi\u00f3n \"Piano Performer\" para el tema Knock Knock de Adelhaid.<\/li>\r\n<\/ul>","dp_publicaciones":"<ul>\r\n \t<li>M\u00fasica Coral en Latinoamerica Libro, Cinema Sinf\u00f3nico Montaje de Voces , El Elixir de amor Opera, Taller de Musicoterapia e Instrumentos Musicales para estudiantes y docentes del CEVE de Fundaci\u00f3n Fasinarm, Proyecto Piloto del Instituto de Neurociencias Lorenzo Ponce en calidad de Instructor de los Talleres de Guitarra e Iniciaci\u00f3n al Coro, Taller \u201cVoces Jugando\u201d en el Instituto Superior de Artes del Ecuador, Producci\u00f3n Discogr\u00e1fica con el Coro de ni\u00f1os del Taller \u201cVoces Jugando\u201d en el Instituto Superior de Artes del Ecuador, Producci\u00f3n Discogr\u00e1fica con el Coro de Adultos del Centro geri\u00e1trico Municipal Dr. Arsenio De La Torre Marcillo en convenio con el Instituto Superior de Artes del Ecuador, Realizaci\u00f3n de una Banda sonora para la Obra de teatro \u201c Mia Bonita \u201d, Realizaci\u00f3n de la Producci\u00f3n Discogr\u00e1fica de la Obra de teatro \u201c Mia Bonita \u201d, Direcci\u00f3n Musical de varios proyectos en el Instituto Superior Tecnol\u00f3gico de Artes del Ecuador.<\/li>\r\n \t<li>Taller de Lider de Alabanza para Ministerios y grupos y coros.<\/li>\r\n \t<li>Direcci\u00f3n Coral y montaje de voces para la Obra Mandas musicales, junto a la Orquesta de mates y bamb\u00faes de Schuberth Ganchozo para La Prefectura del Guayas y Fundaci\u00f3n Garza Roja.<\/li>\r\n \t<li>Orquestaci\u00f3n para Concierto Sinf\u00f3nico \"Guaduzal\" Schuberth Ganchozo &amp; Bamb\u00fa Ensamble junto a la Orquesta Filarm\u00f3nica de Guayaquil.<\/li>\r\n \t<li>Orquestaci\u00f3n y arreglo para el tema Knock Knock de Adelhaid.<\/li>\r\n \t<li>M\u00fasico de sesi\u00f3n \"Piano Performer\" para el tema Knock Knock de Adelhaid.<\/li>\r\n<\/ul>","dp_intereses":"Docencia, Producci\u00f3n, Arreglos, Composici\u00f3n, Gestor Cultural, Pedagog\u00eda en M\u00fasica, Pedagog\u00eda en Producci\u00f3n Musical, Direcci\u00f3n Musical, Instrumentista.","dp_sitio_web":"<a href=\"https:\/\/www.youtube.com\/@arturomitchelparra4459\">https:\/\/www.youtube.com\/@arturomitchelparra4459\r\n<\/a>\r\n\r\n<a href=\"https:\/\/www.instagram.com\/arturomitchelparra\/\">https:\/\/www.instagram.com\/arturomitchelparra\/<\/a>\r\n\r\n<a href=\"https:\/\/www.instagram.com\/arturomitchelparra4459\/profilecard\/?igsh=YmRxaGdnZzRpZm5z\">https:\/\/www.instagram.com\/arturomitchelparra4459\/profilecard\/?igsh=YmRxaGdnZzRpZm5z<\/a>\r\n\r\n<a href=\"https:\/\/www.facebook.com\/arturomitchel.parra\/\">https:\/\/www.facebook.com\/arturomitchel.parra\/<\/a>\r\n\r\n<a href=\"https:\/\/www.facebook.com\/profile.php?id=61564107175739\">https:\/\/www.facebook.com\/profile.php?id=61564107175739<\/a>"},"yoast_head":"<!-- This site is optimized with the Yoast SEO plugin v27.4 - https:\/\/yoast.com\/product\/yoast-seo-wordpress\/ -->\n<title>Arturo Parra Riera - Universidad de las Artes<\/title>\n<meta name=\"robots\" content=\"index, follow, max-snippet:-1, max-image-preview:large, max-video-preview:-1\" \/>\n<link rel=\"canonical\" href=\"https:\/\/www.uartes.edu.ec\/sitio\/fr\/docs\/arturo-parra\/\" \/>\n<meta property=\"og:locale\" content=\"fr_FR\" \/>\n<meta property=\"og:type\" content=\"article\" \/>\n<meta property=\"og:title\" content=\"Arturo Parra Riera - Universidad de las Artes\" \/>\n<meta property=\"og:description\" content=\"Docente de Producci\u00f3n Musical\" \/>\n<meta property=\"og:url\" content=\"https:\/\/www.uartes.edu.ec\/sitio\/fr\/docs\/arturo-parra\/\" \/>\n<meta property=\"og:site_name\" content=\"Universidad de las Artes\" \/>\n<meta property=\"article:publisher\" content=\"https:\/\/www.facebook.com\/uartesec\" \/>\n<meta property=\"article:modified_time\" content=\"2025-06-17T14:03:22+00:00\" \/>\n<meta property=\"og:image\" content=\"https:\/\/www.uartes.edu.ec\/sitio\/wp-content\/uploads\/2022\/10\/Arturo-Parra-Docente-de-Produccion-Musical.jpg\" \/>\n\t<meta property=\"og:image:width\" content=\"800\" \/>\n\t<meta property=\"og:image:height\" content=\"800\" \/>\n\t<meta property=\"og:image:type\" content=\"image\/jpeg\" \/>\n<meta name=\"twitter:card\" content=\"summary_large_image\" \/>\n<meta name=\"twitter:site\" content=\"@uartesec\" \/>\n<script type=\"application\/ld+json\" class=\"yoast-schema-graph\">{\"@context\":\"https:\\\/\\\/schema.org\",\"@graph\":[{\"@type\":\"WebPage\",\"@id\":\"https:\\\/\\\/www.uartes.edu.ec\\\/sitio\\\/fr\\\/docs\\\/arturo-parra\\\/\",\"url\":\"https:\\\/\\\/www.uartes.edu.ec\\\/sitio\\\/fr\\\/docs\\\/arturo-parra\\\/\",\"name\":\"Arturo Parra Riera - Universidad de las Artes\",\"isPartOf\":{\"@id\":\"https:\\\/\\\/www.uartes.edu.ec\\\/sitio\\\/fr\\\/#website\"},\"primaryImageOfPage\":{\"@id\":\"https:\\\/\\\/www.uartes.edu.ec\\\/sitio\\\/fr\\\/docs\\\/arturo-parra\\\/#primaryimage\"},\"image\":{\"@id\":\"https:\\\/\\\/www.uartes.edu.ec\\\/sitio\\\/fr\\\/docs\\\/arturo-parra\\\/#primaryimage\"},\"thumbnailUrl\":\"https:\\\/\\\/www.uartes.edu.ec\\\/sitio\\\/wp-content\\\/uploads\\\/2025\\\/06\\\/foto_Arturo_Parra.jpg\",\"datePublished\":\"2022-10-24T19:15:29+00:00\",\"dateModified\":\"2025-06-17T14:03:22+00:00\",\"breadcrumb\":{\"@id\":\"https:\\\/\\\/www.uartes.edu.ec\\\/sitio\\\/fr\\\/docs\\\/arturo-parra\\\/#breadcrumb\"},\"inLanguage\":\"fr-FR\",\"potentialAction\":[{\"@type\":\"ReadAction\",\"target\":[\"https:\\\/\\\/www.uartes.edu.ec\\\/sitio\\\/fr\\\/docs\\\/arturo-parra\\\/\"]}]},{\"@type\":\"ImageObject\",\"inLanguage\":\"fr-FR\",\"@id\":\"https:\\\/\\\/www.uartes.edu.ec\\\/sitio\\\/fr\\\/docs\\\/arturo-parra\\\/#primaryimage\",\"url\":\"https:\\\/\\\/www.uartes.edu.ec\\\/sitio\\\/wp-content\\\/uploads\\\/2025\\\/06\\\/foto_Arturo_Parra.jpg\",\"contentUrl\":\"https:\\\/\\\/www.uartes.edu.ec\\\/sitio\\\/wp-content\\\/uploads\\\/2025\\\/06\\\/foto_Arturo_Parra.jpg\",\"width\":1000,\"height\":1000},{\"@type\":\"BreadcrumbList\",\"@id\":\"https:\\\/\\\/www.uartes.edu.ec\\\/sitio\\\/fr\\\/docs\\\/arturo-parra\\\/#breadcrumb\",\"itemListElement\":[{\"@type\":\"ListItem\",\"position\":1,\"name\":\"Inicio\",\"item\":\"https:\\\/\\\/www.uartes.edu.ec\\\/sitio\\\/\"},{\"@type\":\"ListItem\",\"position\":2,\"name\":\"Docs\",\"item\":\"https:\\\/\\\/www.uartes.edu.ec\\\/sitio\\\/docs\\\/\"},{\"@type\":\"ListItem\",\"position\":3,\"name\":\"Arturo Parra Riera\"}]},{\"@type\":\"WebSite\",\"@id\":\"https:\\\/\\\/www.uartes.edu.ec\\\/sitio\\\/fr\\\/#website\",\"url\":\"https:\\\/\\\/www.uartes.edu.ec\\\/sitio\\\/fr\\\/\",\"name\":\"Universidad de las Artes\",\"description\":\"Sitio oficial de la Universidad Nacional de las Artes del Ecuador\",\"publisher\":{\"@id\":\"https:\\\/\\\/www.uartes.edu.ec\\\/sitio\\\/fr\\\/#organization\"},\"potentialAction\":[{\"@type\":\"SearchAction\",\"target\":{\"@type\":\"EntryPoint\",\"urlTemplate\":\"https:\\\/\\\/www.uartes.edu.ec\\\/sitio\\\/fr\\\/?s={search_term_string}\"},\"query-input\":{\"@type\":\"PropertyValueSpecification\",\"valueRequired\":true,\"valueName\":\"search_term_string\"}}],\"inLanguage\":\"fr-FR\"},{\"@type\":\"Organization\",\"@id\":\"https:\\\/\\\/www.uartes.edu.ec\\\/sitio\\\/fr\\\/#organization\",\"name\":\"Universidad de las Artes\",\"url\":\"https:\\\/\\\/www.uartes.edu.ec\\\/sitio\\\/fr\\\/\",\"logo\":{\"@type\":\"ImageObject\",\"inLanguage\":\"fr-FR\",\"@id\":\"https:\\\/\\\/www.uartes.edu.ec\\\/sitio\\\/fr\\\/#\\\/schema\\\/logo\\\/image\\\/\",\"url\":\"https:\\\/\\\/www.uartes.edu.ec\\\/sitio\\\/wp-content\\\/uploads\\\/2022\\\/07\\\/logo-ua-horizontal.png\",\"contentUrl\":\"https:\\\/\\\/www.uartes.edu.ec\\\/sitio\\\/wp-content\\\/uploads\\\/2022\\\/07\\\/logo-ua-horizontal.png\",\"width\":800,\"height\":276,\"caption\":\"Universidad de las Artes\"},\"image\":{\"@id\":\"https:\\\/\\\/www.uartes.edu.ec\\\/sitio\\\/fr\\\/#\\\/schema\\\/logo\\\/image\\\/\"},\"sameAs\":[\"https:\\\/\\\/www.facebook.com\\\/uartesec\",\"https:\\\/\\\/x.com\\\/uartesec\",\"https:\\\/\\\/www.tiktok.com\\\/@uartesec\"]}]}<\/script>\n<!-- \/ Yoast SEO plugin. -->","yoast_head_json":{"title":"Arturo Parra Riera - Universidad de las Artes","robots":{"index":"index","follow":"follow","max-snippet":"max-snippet:-1","max-image-preview":"max-image-preview:large","max-video-preview":"max-video-preview:-1"},"canonical":"https:\/\/www.uartes.edu.ec\/sitio\/fr\/docs\/arturo-parra\/","og_locale":"fr_FR","og_type":"article","og_title":"Arturo Parra Riera - Universidad de las Artes","og_description":"Docente de Producci\u00f3n Musical","og_url":"https:\/\/www.uartes.edu.ec\/sitio\/fr\/docs\/arturo-parra\/","og_site_name":"Universidad de las Artes","article_publisher":"https:\/\/www.facebook.com\/uartesec","article_modified_time":"2025-06-17T14:03:22+00:00","og_image":[{"width":800,"height":800,"url":"https:\/\/www.uartes.edu.ec\/sitio\/wp-content\/uploads\/2022\/10\/Arturo-Parra-Docente-de-Produccion-Musical.jpg","type":"image\/jpeg"}],"twitter_card":"summary_large_image","twitter_site":"@uartesec","schema":{"@context":"https:\/\/schema.org","@graph":[{"@type":"WebPage","@id":"https:\/\/www.uartes.edu.ec\/sitio\/fr\/docs\/arturo-parra\/","url":"https:\/\/www.uartes.edu.ec\/sitio\/fr\/docs\/arturo-parra\/","name":"Arturo Parra Riera - Universidad de las Artes","isPartOf":{"@id":"https:\/\/www.uartes.edu.ec\/sitio\/fr\/#website"},"primaryImageOfPage":{"@id":"https:\/\/www.uartes.edu.ec\/sitio\/fr\/docs\/arturo-parra\/#primaryimage"},"image":{"@id":"https:\/\/www.uartes.edu.ec\/sitio\/fr\/docs\/arturo-parra\/#primaryimage"},"thumbnailUrl":"https:\/\/www.uartes.edu.ec\/sitio\/wp-content\/uploads\/2025\/06\/foto_Arturo_Parra.jpg","datePublished":"2022-10-24T19:15:29+00:00","dateModified":"2025-06-17T14:03:22+00:00","breadcrumb":{"@id":"https:\/\/www.uartes.edu.ec\/sitio\/fr\/docs\/arturo-parra\/#breadcrumb"},"inLanguage":"fr-FR","potentialAction":[{"@type":"ReadAction","target":["https:\/\/www.uartes.edu.ec\/sitio\/fr\/docs\/arturo-parra\/"]}]},{"@type":"ImageObject","inLanguage":"fr-FR","@id":"https:\/\/www.uartes.edu.ec\/sitio\/fr\/docs\/arturo-parra\/#primaryimage","url":"https:\/\/www.uartes.edu.ec\/sitio\/wp-content\/uploads\/2025\/06\/foto_Arturo_Parra.jpg","contentUrl":"https:\/\/www.uartes.edu.ec\/sitio\/wp-content\/uploads\/2025\/06\/foto_Arturo_Parra.jpg","width":1000,"height":1000},{"@type":"BreadcrumbList","@id":"https:\/\/www.uartes.edu.ec\/sitio\/fr\/docs\/arturo-parra\/#breadcrumb","itemListElement":[{"@type":"ListItem","position":1,"name":"Inicio","item":"https:\/\/www.uartes.edu.ec\/sitio\/"},{"@type":"ListItem","position":2,"name":"Docs","item":"https:\/\/www.uartes.edu.ec\/sitio\/docs\/"},{"@type":"ListItem","position":3,"name":"Arturo Parra Riera"}]},{"@type":"WebSite","@id":"https:\/\/www.uartes.edu.ec\/sitio\/fr\/#website","url":"https:\/\/www.uartes.edu.ec\/sitio\/fr\/","name":"Universidad de las Artes","description":"Sitio oficial de la Universidad Nacional de las Artes del Ecuador","publisher":{"@id":"https:\/\/www.uartes.edu.ec\/sitio\/fr\/#organization"},"potentialAction":[{"@type":"SearchAction","target":{"@type":"EntryPoint","urlTemplate":"https:\/\/www.uartes.edu.ec\/sitio\/fr\/?s={search_term_string}"},"query-input":{"@type":"PropertyValueSpecification","valueRequired":true,"valueName":"search_term_string"}}],"inLanguage":"fr-FR"},{"@type":"Organization","@id":"https:\/\/www.uartes.edu.ec\/sitio\/fr\/#organization","name":"Universidad de las Artes","url":"https:\/\/www.uartes.edu.ec\/sitio\/fr\/","logo":{"@type":"ImageObject","inLanguage":"fr-FR","@id":"https:\/\/www.uartes.edu.ec\/sitio\/fr\/#\/schema\/logo\/image\/","url":"https:\/\/www.uartes.edu.ec\/sitio\/wp-content\/uploads\/2022\/07\/logo-ua-horizontal.png","contentUrl":"https:\/\/www.uartes.edu.ec\/sitio\/wp-content\/uploads\/2022\/07\/logo-ua-horizontal.png","width":800,"height":276,"caption":"Universidad de las Artes"},"image":{"@id":"https:\/\/www.uartes.edu.ec\/sitio\/fr\/#\/schema\/logo\/image\/"},"sameAs":["https:\/\/www.facebook.com\/uartesec","https:\/\/x.com\/uartesec","https:\/\/www.tiktok.com\/@uartesec"]}]}},"uagb_featured_image_src":{"full":["https:\/\/www.uartes.edu.ec\/sitio\/wp-content\/uploads\/2025\/06\/foto_Arturo_Parra.jpg",1000,1000,false],"thumbnail":["https:\/\/www.uartes.edu.ec\/sitio\/wp-content\/uploads\/2025\/06\/foto_Arturo_Parra-150x150.jpg",150,150,true],"medium":["https:\/\/www.uartes.edu.ec\/sitio\/wp-content\/uploads\/2025\/06\/foto_Arturo_Parra-300x300.jpg",300,300,true],"medium_large":["https:\/\/www.uartes.edu.ec\/sitio\/wp-content\/uploads\/2025\/06\/foto_Arturo_Parra-768x768.jpg",768,768,true],"large":["https:\/\/www.uartes.edu.ec\/sitio\/wp-content\/uploads\/2025\/06\/foto_Arturo_Parra-644x644.jpg",644,644,true],"1536x1536":["https:\/\/www.uartes.edu.ec\/sitio\/wp-content\/uploads\/2025\/06\/foto_Arturo_Parra.jpg",1000,1000,false],"2048x2048":["https:\/\/www.uartes.edu.ec\/sitio\/wp-content\/uploads\/2025\/06\/foto_Arturo_Parra.jpg",1000,1000,false],"trp-custom-language-flag":["https:\/\/www.uartes.edu.ec\/sitio\/wp-content\/uploads\/2025\/06\/foto_Arturo_Parra-12x12.jpg",12,12,true],"htmega_size_585x295":["https:\/\/www.uartes.edu.ec\/sitio\/wp-content\/uploads\/2025\/06\/foto_Arturo_Parra-585x295.jpg",585,295,true],"htmega_size_1170x536":["https:\/\/www.uartes.edu.ec\/sitio\/wp-content\/uploads\/2025\/06\/foto_Arturo_Parra-1000x536.jpg",1000,536,true],"htmega_size_396x360":["https:\/\/www.uartes.edu.ec\/sitio\/wp-content\/uploads\/2025\/06\/foto_Arturo_Parra-396x360.jpg",396,360,true],"gb-block-post-grid-landscape":["https:\/\/www.uartes.edu.ec\/sitio\/wp-content\/uploads\/2025\/06\/foto_Arturo_Parra-600x400.jpg",600,400,true],"gb-block-post-grid-square":["https:\/\/www.uartes.edu.ec\/sitio\/wp-content\/uploads\/2025\/06\/foto_Arturo_Parra-600x600.jpg",600,600,true],"university-hub-thumb":["https:\/\/www.uartes.edu.ec\/sitio\/wp-content\/uploads\/2025\/06\/foto_Arturo_Parra-300x300.jpg",300,300,true]},"uagb_author_info":{"display_name":"Universidad de las Artes","author_link":"https:\/\/www.uartes.edu.ec\/sitio\/fr\/blog\/author\/dircomadm\/"},"uagb_comment_info":0,"uagb_excerpt":"Docente de Producci\u00f3n Musical","publishpress_future_workflow_manual_trigger":{"enabledWorkflows":[]},"distributor_meta":false,"distributor_terms":false,"distributor_media":false,"distributor_original_site_name":"Universidad de las Artes","distributor_original_site_url":"https:\/\/www.uartes.edu.ec\/sitio\/fr","push-errors":false,"_links":{"self":[{"href":"https:\/\/www.uartes.edu.ec\/sitio\/fr\/wp-json\/wp\/v2\/docs\/29982","targetHints":{"allow":["GET"]}}],"collection":[{"href":"https:\/\/www.uartes.edu.ec\/sitio\/fr\/wp-json\/wp\/v2\/docs"}],"about":[{"href":"https:\/\/www.uartes.edu.ec\/sitio\/fr\/wp-json\/wp\/v2\/types\/docs"}],"author":[{"embeddable":true,"href":"https:\/\/www.uartes.edu.ec\/sitio\/fr\/wp-json\/wp\/v2\/users\/1"}],"replies":[{"embeddable":true,"href":"https:\/\/www.uartes.edu.ec\/sitio\/fr\/wp-json\/wp\/v2\/comments?post=29982"}],"version-history":[{"count":5,"href":"https:\/\/www.uartes.edu.ec\/sitio\/fr\/wp-json\/wp\/v2\/docs\/29982\/revisions"}],"predecessor-version":[{"id":73727,"href":"https:\/\/www.uartes.edu.ec\/sitio\/fr\/wp-json\/wp\/v2\/docs\/29982\/revisions\/73727"}],"wp:featuredmedia":[{"embeddable":true,"href":"https:\/\/www.uartes.edu.ec\/sitio\/fr\/wp-json\/wp\/v2\/media\/73717"}],"wp:attachment":[{"href":"https:\/\/www.uartes.edu.ec\/sitio\/fr\/wp-json\/wp\/v2\/media?parent=29982"}],"wp:term":[{"taxonomy":"doc_category","embeddable":true,"href":"https:\/\/www.uartes.edu.ec\/sitio\/fr\/wp-json\/wp\/v2\/doc_category?post=29982"},{"taxonomy":"doc_tag","embeddable":true,"href":"https:\/\/www.uartes.edu.ec\/sitio\/fr\/wp-json\/wp\/v2\/doc_tag?post=29982"}],"curies":[{"name":"wp","href":"https:\/\/api.w.org\/{rel}","templated":true}]}}