{"id":37840,"date":"2023-01-30T10:45:19","date_gmt":"2023-01-30T15:45:19","guid":{"rendered":"http:\/\/www.uartes.edu.ec\/sitio\/?post_type=docs&#038;p=37840"},"modified":"2026-04-06T11:11:04","modified_gmt":"2026-04-06T16:11:04","password":"","slug":"maria-mercedes-salgado-vejarano","status":"publish","type":"docs","link":"https:\/\/www.uartes.edu.ec\/sitio\/fr\/docs\/maria-mercedes-salgado-vejarano\/","title":{"rendered":"Mar\u00eda Mercedes Salgado Vejarano"},"content":{"rendered":"","protected":false},"excerpt":{"rendered":"","protected":false},"author":1,"featured_media":88764,"comment_status":"closed","ping_status":"closed","template":"","meta":{"_acf_changed":false,"_uag_custom_page_level_css":"","_monsterinsights_skip_tracking":false,"_monsterinsights_sitenote_active":false,"_monsterinsights_sitenote_note":"","_monsterinsights_sitenote_category":0,"cybocfi_hide_featured_image":"","footnotes":""},"doc_category":[579],"doc_tag":[],"class_list":["post-37840","docs","type-docs","status-publish","has-post-thumbnail","hentry","doc_category-literatura"],"year_month":"2026-05","word_count":0,"total_views":0,"reactions":{"happy":0,"normal":0,"sad":0},"author_info":{"name":"Universidad de las Artes","author_nicename":"dircomadm","author_url":"https:\/\/www.uartes.edu.ec\/sitio\/fr\/blog\/author\/dircomadm\/"},"doc_category_info":[{"term_name":"Literatura","term_url":"https:\/\/www.uartes.edu.ec\/sitio\/fr\/docs-category\/literatura\/"}],"doc_tag_info":[],"acf":{"dp_ciudad":"Quito, Ecuador","dp_email":"<a href=\"mailto:mercedes.salgado@uartes.edu.ec\">mercedes.salgado@uartes.edu.ec<\/a>","dp_cargo":["Docente"],"dp_perfil":"Docente en el Taller de gesti\u00f3n y producci\u00f3n editorial. Los estudiantes aprenden a conceptualizar, planificar y realizar una publicaci\u00f3n papel.","dp_estudios":"Tecn\u00f3loga en Dise\u00f1o Gr\u00e1fico","dp_participaciones":"Direcci\u00f3n art\u00edstica, dise\u00f1o y diagramaci\u00f3n\r\n<ul>\r\n \t<li>Cad\u00e1ver Exquisito Ediciones. Ecuador<\/li>\r\n \t<li>Editorial de la Universidad de las Artes. Ecuador<\/li>\r\n \t<li>Redise\u00f1o del diario El Tel\u00e9grafo. Ecuador<\/li>\r\n \t<li>Redise\u00f1o del Diario Expreso. Ecuador<\/li>\r\n \t<li>Direcci\u00f3n art\u00edstica en el cotidiano Le Monde. Francia<\/li>\r\n \t<li>Direcci\u00f3n art\u00edstica en Le Monde Interactif. Francia<\/li>\r\n \t<li>Dise\u00f1o de portadas Hachette Editions + Nathan Editions + Bief. Francia<\/li>\r\n \t<li>Redise\u00f1o de la p\u00e1gina web de Gazeta Wyborcza. Polonia<\/li>\r\n \t<li>Redise\u00f1o del Diario de Manab\u00ed. Ecuador<\/li>\r\n \t<li>Redise\u00f1o del diario El Comercio. Ecuador<\/li>\r\n<\/ul>\r\nIlustraci\u00f3n\r\n<ul>\r\n \t<li>Revistas: Diners, La Palabra Suelta, Gesti\u00f3n, El B\u00faho. Ecuador<\/li>\r\n \t<li>Peri\u00f3dicos: Le Monde Interactif, Le Monde, Hachette &amp; Nathan. Francia<\/li>\r\n<\/ul>\r\nDocencia\r\n<ul>\r\n \t<li>UArtes. Escuela de Literatura. Guayaquil.<\/li>\r\n \t<li>\u00c9cole Intuit-Lab. Paris.<\/li>\r\n \t<li>ITAE, Guayaquil.<\/li>\r\n \t<li>Universidad Casa Grande, Guayaquil.<\/li>\r\n \t<li>Universidad Tecnol\u00f3gica de Machala. Universidad San Francisco de Quito.<\/li>\r\n<\/ul>","dp_publicaciones":"Conferencias y talleres\r\n<ul>\r\n \t<li>Crom\u00eda, festival de dise\u00f1o de Ecuador 2018<\/li>\r\n \t<li>Crom\u00eda, festival de dise\u00f1o de Ecuador 2014<\/li>\r\n \t<li>Bienal Internacional del Cartel en Bolivia 2013, jurado, conferencista y tallerista.<\/li>\r\n \t<li>Universidad Nacional de Rosario, Argentina, 2013, conferencista y tallerista.<\/li>\r\n \t<li>Universidad Nacional de Mar del Plata, Argentina, 2013, conferencista y tallerista.<\/li>\r\n \t<li>Cumbre Mundial de Dise\u00f1o de Prensa, M\u00e9xico 2012, ponencia magistral Bienal Internacional del Cartel en M\u00e9xico 2012, jurado, conferencista y tallerista.<\/li>\r\n \t<li>Tipos Latinos 2012, Guayaquil.<\/li>\r\n \t<li>Chakana 2010 Bienal Nacional de Gr\u00e1fica y Comunicaci\u00f3n Visual, Salinas.<\/li>\r\n \t<li>Jornadas de Comunicaci\u00f3n UTE 2009, Quito.<\/li>\r\n \t<li>Ecole Intuit-Lab 2000 hasta 2008, Paris.<\/li>\r\n \t<li>IV Sal\u00f3n y Coloquio Internacional de Arte Digital. 2002, La Habana.<\/li>\r\n<\/ul>\r\nExposiciones\r\n<ul>\r\n \t<li>The Role of Women in Design | 12 Designers \u2013 12 Opinions. 2012.<\/li>\r\n \t<li>Bienal de arte de La Habana, Cuba. 2009.<\/li>\r\n \t<li>Congreso de ICOGRADA en La Habana, Cuba.<\/li>\r\n \t<li>L\u2019Am\u00e9rique latine s\u2019affiche \u00e0 Paris. Instituto de M\u00e9xico en Paris, Francia. Frontiere, Exposici\u00f3n individual. La Charente, Francia.<\/li>\r\n \t<li>Caf\u00e9 Mamey, Exposici\u00f3n individual. Guayaquil, Ecuador<\/li>\r\n<\/ul>\r\nParticipaci\u00f3n y selecci\u00f3n en bienales\r\n<ul>\r\n \t<li>Bienales del cartel en Cuba, Bolivia, Finlandia, M\u00e9xico, China.<\/li>\r\n \t<li>Voces en Libertad, M\u00e9xico<\/li>\r\n \t<li>Posterfortomorrow. Francia<\/li>\r\n \t<li>Posters without borders. USA<\/li>\r\n \t<li>B250 \/ Negra40. Argentina<\/li>\r\n<\/ul>\r\nPublicaciones sobre mi trabajo\r\n<ul>\r\n \t<li>El Dise\u00f1o Gr\u00e1fico en Quito, Ecuador 1970 - 2005 \/ Maril\u00fa Calisto, Gisela Calder\u00f3n<\/li>\r\n \t<li>Visi\u00f3n del Dise\u00f1o. Argentina<\/li>\r\n \t<li>La Buena Prensa. Espa\u00f1a<\/li>\r\n \t<li>Entrevista Portafolio dise\u00f1adora Voces en Libertad. M\u00e9xico Etapes Graphiques, revista de dise\u00f1o. Francia.<\/li>\r\n \t<li>MacArt &amp; Design, revista de arte digital. Suecia. Pro-Digit, revista de arte digital. Espa\u00f1a.<\/li>\r\n<\/ul>","dp_intereses":"LA FACTOR\u00cdA\r\n\r\nEstructura de acogida fundada en el a\u00f1o 2010 con Gyorgy Haffner, para la realizaci\u00f3n de residencias creativas en artes, dise\u00f1o gr\u00e1fico y de productos, dise\u00f1o arquitect\u00f3nico y comunicaci\u00f3n para proyectos sociales en las poblaciones de la Provincia de Santa Elena. Ecuador con universidades extranjeras y nacionales.\r\n\r\nDirecci\u00f3n de los siguientes talleres:\r\n<ul>\r\n \t<li>Gr\u00e1fica por la Infancia \/ UNICEF \/ ITAE<\/li>\r\n \t<li>100 for Independence Finlandia, Jap\u00f3n, Polonia<\/li>\r\n \t<li>Dwelling Projects in Ecuador<\/li>\r\n \t<li>Michal Batory<\/li>\r\n \t<li>ITAE \/ Taller de dise\u00f1o de objetos<\/li>\r\n<\/ul>","dp_sitio_web":"<a href=\"https:\/\/mmsalgado.blogspot.com\">mmsalgado.blogspot.com<\/a> \/ dise\u00f1o\r\n\r\n<a href=\"http:\/\/www.zona-kulta.org\">www.zona-kulta.org<\/a> \/ fotograf\u00eda y pintura\r\n\r\n<a href=\"http:\/\/msghdesign.blogspot.com\">www.msghdesign.blogspot.com<\/a> \/ La Factor\u00eda"},"yoast_head":"<!-- This site is optimized with the Yoast SEO plugin v27.4 - https:\/\/yoast.com\/product\/yoast-seo-wordpress\/ -->\n<title>Mar\u00eda Mercedes Salgado Vejarano - Universidad de las Artes<\/title>\n<meta name=\"robots\" content=\"index, follow, max-snippet:-1, max-image-preview:large, max-video-preview:-1\" \/>\n<link rel=\"canonical\" href=\"https:\/\/www.uartes.edu.ec\/sitio\/fr\/docs\/maria-mercedes-salgado-vejarano\/\" \/>\n<meta property=\"og:locale\" content=\"fr_FR\" \/>\n<meta property=\"og:type\" content=\"article\" \/>\n<meta property=\"og:title\" content=\"Mar\u00eda Mercedes Salgado Vejarano - Universidad de las Artes\" \/>\n<meta property=\"og:url\" content=\"https:\/\/www.uartes.edu.ec\/sitio\/fr\/docs\/maria-mercedes-salgado-vejarano\/\" \/>\n<meta property=\"og:site_name\" content=\"Universidad de las Artes\" \/>\n<meta property=\"article:publisher\" content=\"https:\/\/www.facebook.com\/uartesec\" \/>\n<meta property=\"article:modified_time\" content=\"2026-04-06T16:11:04+00:00\" \/>\n<meta property=\"og:image\" content=\"https:\/\/www.uartes.edu.ec\/sitio\/wp-content\/uploads\/2023\/01\/self-mm-2026-644x581.jpg\" \/>\n\t<meta property=\"og:image:width\" content=\"644\" \/>\n\t<meta property=\"og:image:height\" content=\"581\" \/>\n\t<meta property=\"og:image:type\" content=\"image\/jpeg\" \/>\n<meta name=\"twitter:card\" content=\"summary_large_image\" \/>\n<meta name=\"twitter:site\" content=\"@uartesec\" \/>\n<meta name=\"twitter:label1\" content=\"Dur\u00e9e de lecture estim\u00e9e\" \/>\n\t<meta name=\"twitter:data1\" content=\"1 minute\" \/>\n<script type=\"application\/ld+json\" class=\"yoast-schema-graph\">{\"@context\":\"https:\\\/\\\/schema.org\",\"@graph\":[{\"@type\":\"WebPage\",\"@id\":\"https:\\\/\\\/www.uartes.edu.ec\\\/sitio\\\/fr\\\/docs\\\/maria-mercedes-salgado-vejarano\\\/\",\"url\":\"https:\\\/\\\/www.uartes.edu.ec\\\/sitio\\\/fr\\\/docs\\\/maria-mercedes-salgado-vejarano\\\/\",\"name\":\"Mar\u00eda Mercedes Salgado Vejarano - Universidad de las Artes\",\"isPartOf\":{\"@id\":\"https:\\\/\\\/www.uartes.edu.ec\\\/sitio\\\/fr\\\/#website\"},\"primaryImageOfPage\":{\"@id\":\"https:\\\/\\\/www.uartes.edu.ec\\\/sitio\\\/fr\\\/docs\\\/maria-mercedes-salgado-vejarano\\\/#primaryimage\"},\"image\":{\"@id\":\"https:\\\/\\\/www.uartes.edu.ec\\\/sitio\\\/fr\\\/docs\\\/maria-mercedes-salgado-vejarano\\\/#primaryimage\"},\"thumbnailUrl\":\"https:\\\/\\\/www.uartes.edu.ec\\\/sitio\\\/wp-content\\\/uploads\\\/2023\\\/01\\\/self-mm-2026.jpg\",\"datePublished\":\"2023-01-30T15:45:19+00:00\",\"dateModified\":\"2026-04-06T16:11:04+00:00\",\"breadcrumb\":{\"@id\":\"https:\\\/\\\/www.uartes.edu.ec\\\/sitio\\\/fr\\\/docs\\\/maria-mercedes-salgado-vejarano\\\/#breadcrumb\"},\"inLanguage\":\"fr-FR\",\"potentialAction\":[{\"@type\":\"ReadAction\",\"target\":[\"https:\\\/\\\/www.uartes.edu.ec\\\/sitio\\\/fr\\\/docs\\\/maria-mercedes-salgado-vejarano\\\/\"]}]},{\"@type\":\"ImageObject\",\"inLanguage\":\"fr-FR\",\"@id\":\"https:\\\/\\\/www.uartes.edu.ec\\\/sitio\\\/fr\\\/docs\\\/maria-mercedes-salgado-vejarano\\\/#primaryimage\",\"url\":\"https:\\\/\\\/www.uartes.edu.ec\\\/sitio\\\/wp-content\\\/uploads\\\/2023\\\/01\\\/self-mm-2026.jpg\",\"contentUrl\":\"https:\\\/\\\/www.uartes.edu.ec\\\/sitio\\\/wp-content\\\/uploads\\\/2023\\\/01\\\/self-mm-2026.jpg\",\"width\":1663,\"height\":1500},{\"@type\":\"BreadcrumbList\",\"@id\":\"https:\\\/\\\/www.uartes.edu.ec\\\/sitio\\\/fr\\\/docs\\\/maria-mercedes-salgado-vejarano\\\/#breadcrumb\",\"itemListElement\":[{\"@type\":\"ListItem\",\"position\":1,\"name\":\"Inicio\",\"item\":\"https:\\\/\\\/www.uartes.edu.ec\\\/sitio\\\/\"},{\"@type\":\"ListItem\",\"position\":2,\"name\":\"Docs\",\"item\":\"https:\\\/\\\/www.uartes.edu.ec\\\/sitio\\\/docs\\\/\"},{\"@type\":\"ListItem\",\"position\":3,\"name\":\"Mar\u00eda Mercedes Salgado Vejarano\"}]},{\"@type\":\"WebSite\",\"@id\":\"https:\\\/\\\/www.uartes.edu.ec\\\/sitio\\\/fr\\\/#website\",\"url\":\"https:\\\/\\\/www.uartes.edu.ec\\\/sitio\\\/fr\\\/\",\"name\":\"Universidad de las Artes\",\"description\":\"Sitio oficial de la Universidad Nacional de las Artes del Ecuador\",\"publisher\":{\"@id\":\"https:\\\/\\\/www.uartes.edu.ec\\\/sitio\\\/fr\\\/#organization\"},\"potentialAction\":[{\"@type\":\"SearchAction\",\"target\":{\"@type\":\"EntryPoint\",\"urlTemplate\":\"https:\\\/\\\/www.uartes.edu.ec\\\/sitio\\\/fr\\\/?s={search_term_string}\"},\"query-input\":{\"@type\":\"PropertyValueSpecification\",\"valueRequired\":true,\"valueName\":\"search_term_string\"}}],\"inLanguage\":\"fr-FR\"},{\"@type\":\"Organization\",\"@id\":\"https:\\\/\\\/www.uartes.edu.ec\\\/sitio\\\/fr\\\/#organization\",\"name\":\"Universidad de las Artes\",\"url\":\"https:\\\/\\\/www.uartes.edu.ec\\\/sitio\\\/fr\\\/\",\"logo\":{\"@type\":\"ImageObject\",\"inLanguage\":\"fr-FR\",\"@id\":\"https:\\\/\\\/www.uartes.edu.ec\\\/sitio\\\/fr\\\/#\\\/schema\\\/logo\\\/image\\\/\",\"url\":\"https:\\\/\\\/www.uartes.edu.ec\\\/sitio\\\/wp-content\\\/uploads\\\/2022\\\/07\\\/logo-ua-horizontal.png\",\"contentUrl\":\"https:\\\/\\\/www.uartes.edu.ec\\\/sitio\\\/wp-content\\\/uploads\\\/2022\\\/07\\\/logo-ua-horizontal.png\",\"width\":800,\"height\":276,\"caption\":\"Universidad de las Artes\"},\"image\":{\"@id\":\"https:\\\/\\\/www.uartes.edu.ec\\\/sitio\\\/fr\\\/#\\\/schema\\\/logo\\\/image\\\/\"},\"sameAs\":[\"https:\\\/\\\/www.facebook.com\\\/uartesec\",\"https:\\\/\\\/x.com\\\/uartesec\",\"https:\\\/\\\/www.tiktok.com\\\/@uartesec\"]}]}<\/script>\n<!-- \/ Yoast SEO plugin. -->","yoast_head_json":{"title":"Mar\u00eda Mercedes Salgado Vejarano - Universidad de las Artes","robots":{"index":"index","follow":"follow","max-snippet":"max-snippet:-1","max-image-preview":"max-image-preview:large","max-video-preview":"max-video-preview:-1"},"canonical":"https:\/\/www.uartes.edu.ec\/sitio\/fr\/docs\/maria-mercedes-salgado-vejarano\/","og_locale":"fr_FR","og_type":"article","og_title":"Mar\u00eda Mercedes Salgado Vejarano - Universidad de las Artes","og_url":"https:\/\/www.uartes.edu.ec\/sitio\/fr\/docs\/maria-mercedes-salgado-vejarano\/","og_site_name":"Universidad de las Artes","article_publisher":"https:\/\/www.facebook.com\/uartesec","article_modified_time":"2026-04-06T16:11:04+00:00","og_image":[{"width":644,"height":581,"url":"https:\/\/www.uartes.edu.ec\/sitio\/wp-content\/uploads\/2023\/01\/self-mm-2026-644x581.jpg","type":"image\/jpeg"}],"twitter_card":"summary_large_image","twitter_site":"@uartesec","twitter_misc":{"Dur\u00e9e de lecture estim\u00e9e":"1 minute"},"schema":{"@context":"https:\/\/schema.org","@graph":[{"@type":"WebPage","@id":"https:\/\/www.uartes.edu.ec\/sitio\/fr\/docs\/maria-mercedes-salgado-vejarano\/","url":"https:\/\/www.uartes.edu.ec\/sitio\/fr\/docs\/maria-mercedes-salgado-vejarano\/","name":"Mar\u00eda Mercedes Salgado Vejarano - Universidad de las Artes","isPartOf":{"@id":"https:\/\/www.uartes.edu.ec\/sitio\/fr\/#website"},"primaryImageOfPage":{"@id":"https:\/\/www.uartes.edu.ec\/sitio\/fr\/docs\/maria-mercedes-salgado-vejarano\/#primaryimage"},"image":{"@id":"https:\/\/www.uartes.edu.ec\/sitio\/fr\/docs\/maria-mercedes-salgado-vejarano\/#primaryimage"},"thumbnailUrl":"https:\/\/www.uartes.edu.ec\/sitio\/wp-content\/uploads\/2023\/01\/self-mm-2026.jpg","datePublished":"2023-01-30T15:45:19+00:00","dateModified":"2026-04-06T16:11:04+00:00","breadcrumb":{"@id":"https:\/\/www.uartes.edu.ec\/sitio\/fr\/docs\/maria-mercedes-salgado-vejarano\/#breadcrumb"},"inLanguage":"fr-FR","potentialAction":[{"@type":"ReadAction","target":["https:\/\/www.uartes.edu.ec\/sitio\/fr\/docs\/maria-mercedes-salgado-vejarano\/"]}]},{"@type":"ImageObject","inLanguage":"fr-FR","@id":"https:\/\/www.uartes.edu.ec\/sitio\/fr\/docs\/maria-mercedes-salgado-vejarano\/#primaryimage","url":"https:\/\/www.uartes.edu.ec\/sitio\/wp-content\/uploads\/2023\/01\/self-mm-2026.jpg","contentUrl":"https:\/\/www.uartes.edu.ec\/sitio\/wp-content\/uploads\/2023\/01\/self-mm-2026.jpg","width":1663,"height":1500},{"@type":"BreadcrumbList","@id":"https:\/\/www.uartes.edu.ec\/sitio\/fr\/docs\/maria-mercedes-salgado-vejarano\/#breadcrumb","itemListElement":[{"@type":"ListItem","position":1,"name":"Inicio","item":"https:\/\/www.uartes.edu.ec\/sitio\/"},{"@type":"ListItem","position":2,"name":"Docs","item":"https:\/\/www.uartes.edu.ec\/sitio\/docs\/"},{"@type":"ListItem","position":3,"name":"Mar\u00eda Mercedes Salgado Vejarano"}]},{"@type":"WebSite","@id":"https:\/\/www.uartes.edu.ec\/sitio\/fr\/#website","url":"https:\/\/www.uartes.edu.ec\/sitio\/fr\/","name":"Universidad de las Artes","description":"Sitio oficial de la Universidad Nacional de las Artes del Ecuador","publisher":{"@id":"https:\/\/www.uartes.edu.ec\/sitio\/fr\/#organization"},"potentialAction":[{"@type":"SearchAction","target":{"@type":"EntryPoint","urlTemplate":"https:\/\/www.uartes.edu.ec\/sitio\/fr\/?s={search_term_string}"},"query-input":{"@type":"PropertyValueSpecification","valueRequired":true,"valueName":"search_term_string"}}],"inLanguage":"fr-FR"},{"@type":"Organization","@id":"https:\/\/www.uartes.edu.ec\/sitio\/fr\/#organization","name":"Universidad de las Artes","url":"https:\/\/www.uartes.edu.ec\/sitio\/fr\/","logo":{"@type":"ImageObject","inLanguage":"fr-FR","@id":"https:\/\/www.uartes.edu.ec\/sitio\/fr\/#\/schema\/logo\/image\/","url":"https:\/\/www.uartes.edu.ec\/sitio\/wp-content\/uploads\/2022\/07\/logo-ua-horizontal.png","contentUrl":"https:\/\/www.uartes.edu.ec\/sitio\/wp-content\/uploads\/2022\/07\/logo-ua-horizontal.png","width":800,"height":276,"caption":"Universidad de las Artes"},"image":{"@id":"https:\/\/www.uartes.edu.ec\/sitio\/fr\/#\/schema\/logo\/image\/"},"sameAs":["https:\/\/www.facebook.com\/uartesec","https:\/\/x.com\/uartesec","https:\/\/www.tiktok.com\/@uartesec"]}]}},"uagb_featured_image_src":{"full":["https:\/\/www.uartes.edu.ec\/sitio\/wp-content\/uploads\/2023\/01\/self-mm-2026.jpg",1663,1500,false],"thumbnail":["https:\/\/www.uartes.edu.ec\/sitio\/wp-content\/uploads\/2023\/01\/self-mm-2026-150x150.jpg",150,150,true],"medium":["https:\/\/www.uartes.edu.ec\/sitio\/wp-content\/uploads\/2023\/01\/self-mm-2026-300x271.jpg",300,271,true],"medium_large":["https:\/\/www.uartes.edu.ec\/sitio\/wp-content\/uploads\/2023\/01\/self-mm-2026-768x693.jpg",768,693,true],"large":["https:\/\/www.uartes.edu.ec\/sitio\/wp-content\/uploads\/2023\/01\/self-mm-2026-644x581.jpg",644,581,true],"1536x1536":["https:\/\/www.uartes.edu.ec\/sitio\/wp-content\/uploads\/2023\/01\/self-mm-2026-1536x1385.jpg",1536,1385,true],"2048x2048":["https:\/\/www.uartes.edu.ec\/sitio\/wp-content\/uploads\/2023\/01\/self-mm-2026.jpg",1663,1500,false],"trp-custom-language-flag":["https:\/\/www.uartes.edu.ec\/sitio\/wp-content\/uploads\/2023\/01\/self-mm-2026-13x12.jpg",13,12,true],"htmega_size_585x295":["https:\/\/www.uartes.edu.ec\/sitio\/wp-content\/uploads\/2023\/01\/self-mm-2026-585x295.jpg",585,295,true],"htmega_size_1170x536":["https:\/\/www.uartes.edu.ec\/sitio\/wp-content\/uploads\/2023\/01\/self-mm-2026-1170x536.jpg",1170,536,true],"htmega_size_396x360":["https:\/\/www.uartes.edu.ec\/sitio\/wp-content\/uploads\/2023\/01\/self-mm-2026-396x360.jpg",396,360,true],"gb-block-post-grid-landscape":["https:\/\/www.uartes.edu.ec\/sitio\/wp-content\/uploads\/2023\/01\/self-mm-2026-600x400.jpg",600,400,true],"gb-block-post-grid-square":["https:\/\/www.uartes.edu.ec\/sitio\/wp-content\/uploads\/2023\/01\/self-mm-2026-600x600.jpg",600,600,true],"university-hub-thumb":["https:\/\/www.uartes.edu.ec\/sitio\/wp-content\/uploads\/2023\/01\/self-mm-2026-333x300.jpg",333,300,true]},"uagb_author_info":{"display_name":"Universidad de las Artes","author_link":"https:\/\/www.uartes.edu.ec\/sitio\/fr\/blog\/author\/dircomadm\/"},"uagb_comment_info":0,"uagb_excerpt":null,"publishpress_future_workflow_manual_trigger":{"enabledWorkflows":[]},"distributor_meta":false,"distributor_terms":false,"distributor_media":false,"distributor_original_site_name":"Universidad de las Artes","distributor_original_site_url":"https:\/\/www.uartes.edu.ec\/sitio\/fr","push-errors":false,"_links":{"self":[{"href":"https:\/\/www.uartes.edu.ec\/sitio\/fr\/wp-json\/wp\/v2\/docs\/37840","targetHints":{"allow":["GET"]}}],"collection":[{"href":"https:\/\/www.uartes.edu.ec\/sitio\/fr\/wp-json\/wp\/v2\/docs"}],"about":[{"href":"https:\/\/www.uartes.edu.ec\/sitio\/fr\/wp-json\/wp\/v2\/types\/docs"}],"author":[{"embeddable":true,"href":"https:\/\/www.uartes.edu.ec\/sitio\/fr\/wp-json\/wp\/v2\/users\/1"}],"replies":[{"embeddable":true,"href":"https:\/\/www.uartes.edu.ec\/sitio\/fr\/wp-json\/wp\/v2\/comments?post=37840"}],"version-history":[{"count":2,"href":"https:\/\/www.uartes.edu.ec\/sitio\/fr\/wp-json\/wp\/v2\/docs\/37840\/revisions"}],"predecessor-version":[{"id":37842,"href":"https:\/\/www.uartes.edu.ec\/sitio\/fr\/wp-json\/wp\/v2\/docs\/37840\/revisions\/37842"}],"wp:featuredmedia":[{"embeddable":true,"href":"https:\/\/www.uartes.edu.ec\/sitio\/fr\/wp-json\/wp\/v2\/media\/88764"}],"wp:attachment":[{"href":"https:\/\/www.uartes.edu.ec\/sitio\/fr\/wp-json\/wp\/v2\/media?parent=37840"}],"wp:term":[{"taxonomy":"doc_category","embeddable":true,"href":"https:\/\/www.uartes.edu.ec\/sitio\/fr\/wp-json\/wp\/v2\/doc_category?post=37840"},{"taxonomy":"doc_tag","embeddable":true,"href":"https:\/\/www.uartes.edu.ec\/sitio\/fr\/wp-json\/wp\/v2\/doc_tag?post=37840"}],"curies":[{"name":"wp","href":"https:\/\/api.w.org\/{rel}","templated":true}]}}