{"id":73715,"date":"2025-06-16T16:42:24","date_gmt":"2025-06-16T21:42:24","guid":{"rendered":"https:\/\/www.uartes.edu.ec\/sitio\/?post_type=docs&#038;p=73715"},"modified":"2025-06-16T16:42:25","modified_gmt":"2025-06-16T21:42:25","password":"","slug":"analy-de-la-vera","status":"publish","type":"docs","link":"https:\/\/www.uartes.edu.ec\/sitio\/fr\/docs\/analy-de-la-vera\/","title":{"rendered":"Analy de la Vera"},"content":{"rendered":"","protected":false},"excerpt":{"rendered":"<p>Docente de Escritura Acad\u00e9mica<\/p>","protected":false},"author":1,"featured_media":73716,"comment_status":"open","ping_status":"closed","template":"","meta":{"_acf_changed":false,"_uag_custom_page_level_css":"","_monsterinsights_skip_tracking":false,"_monsterinsights_sitenote_active":false,"_monsterinsights_sitenote_note":"","_monsterinsights_sitenote_category":0,"cybocfi_hide_featured_image":"","footnotes":""},"doc_category":[586],"doc_tag":[],"class_list":["post-73715","docs","type-docs","status-publish","has-post-thumbnail","hentry","doc_category-nivelacion"],"year_month":"2026-05","word_count":0,"total_views":0,"reactions":{"happy":0,"normal":0,"sad":0},"author_info":{"name":"Universidad de las Artes","author_nicename":"dircomadm","author_url":"https:\/\/www.uartes.edu.ec\/sitio\/fr\/blog\/author\/dircomadm\/"},"doc_category_info":[{"term_name":"Nivelaci\u00f3n","term_url":"https:\/\/www.uartes.edu.ec\/sitio\/fr\/docs-category\/nivelacion\/"}],"doc_tag_info":[],"acf":{"dp_ciudad":"Guayaquil, Ecuador","dp_email":"<a href=\"mailto:coraima.delavera@uartes.edu.ec\">coraima.delavera@uartes.edu.ec<\/a>","dp_cargo":["Docente"],"dp_perfil":"Editora y correctora de textos, docente y escritora. Actualmente es docente de Literatura en el departamento de Nivelaci\u00f3n de la Universidad de las Artes.","dp_estudios":"<ul>\r\n \t<li>Licenciada en Literatura por la Universidad de las Artes (2020)<\/li>\r\n \t<li>Maestr\u00eda en Escritura creativa por la Universidad Internacional de la Rioja (en curso)<\/li>\r\n<\/ul>","dp_participaciones":"<ul>\r\n \t<li>Editorial Rasgu\u00f1o \u2013 Co-editora.<\/li>\r\n \t<li>Revista tangente \u2013 Editora. Co-editora del n\u00famero \u201cArs animal\u201d y editora de \u201cCrear\/creer\u201d.<\/li>\r\n<\/ul>","dp_publicaciones":"<ul>\r\n \t<li>\u201c1998*\u201d, en <em>LaOrnitorrinco<\/em> (2017). <a href=\"https:\/\/laornitorrinco.wordpress.com\/2017\/03\/11\/1998-por-c-de-la-vera\/\">https:\/\/laornitorrinco.wordpress.com\/2017\/03\/11\/1998-por-c-de-la-vera\/<\/a><\/li>\r\n \t<li>Editora. \u201cArs animal\u201d y \u201cCrear\/creer\u201d <em>Revista Tangente<\/em> (mayo y julio de 2019).<\/li>\r\n \t<li><em>Historias de vida de las trabajadoras remuneradas del hogar. Libro sobre el sindicato Uni\u00f3n Nacional de Trabajadoras del Hogar y Afines<\/em> (UNTHA). Redacci\u00f3n, co-edici\u00f3n y co-coordinaci\u00f3n. Guayaquil: UArtes ediciones, 2022.<\/li>\r\n \t<li><em>El gato de Schr\u00f6dinger<\/em>. Co-edici\u00f3n. Guayaquil: Editorial Rasgu\u00f1o, 2017.<\/li>\r\n \t<li><em>Tela de ara\u00f1a: muestra de textos y pre-textos<\/em>. Co-edici\u00f3n. Guayaquil: Editorial Rasgu\u00f1o, 2017.<\/li>\r\n \t<li>Santana, Michael. <em>La mujer sin rostro. <\/em>Guayaquil: Editorial Rasgu\u00f1o, 2018<\/li>\r\n \t<li>Guerra, Olmedo. <em>Antes de amor ya \u00e9ramos sudacas. <\/em>Guayaquil: Editorial Rasgu\u00f1o, 2018.<\/li>\r\n \t<li>Pustoy, Lenard. <em>27_8 itinerario. <\/em>Guayaquil: Editorial Rasgu\u00f1o, 2018.<\/li>\r\n<\/ul>","dp_intereses":"Autoficci\u00f3n, hibridaci\u00f3n de g\u00e9neros, interdisciplinariedad, escritura creativa y escritura acad\u00e9mica.","dp_sitio_web":"@iwanttobeanarquitect"},"yoast_head":"<!-- This site is optimized with the Yoast SEO plugin v27.4 - https:\/\/yoast.com\/product\/yoast-seo-wordpress\/ -->\n<title>Analy de la Vera - Universidad de las Artes<\/title>\n<meta name=\"robots\" content=\"index, follow, max-snippet:-1, max-image-preview:large, max-video-preview:-1\" \/>\n<link rel=\"canonical\" href=\"https:\/\/www.uartes.edu.ec\/sitio\/fr\/docs\/analy-de-la-vera\/\" \/>\n<meta property=\"og:locale\" content=\"fr_FR\" \/>\n<meta property=\"og:type\" content=\"article\" \/>\n<meta property=\"og:title\" content=\"Analy de la Vera - Universidad de las Artes\" \/>\n<meta property=\"og:description\" content=\"Docente de Escritura Acad\u00e9mica\" \/>\n<meta property=\"og:url\" content=\"https:\/\/www.uartes.edu.ec\/sitio\/fr\/docs\/analy-de-la-vera\/\" \/>\n<meta property=\"og:site_name\" content=\"Universidad de las Artes\" \/>\n<meta property=\"article:publisher\" content=\"https:\/\/www.facebook.com\/uartesec\" \/>\n<meta property=\"article:modified_time\" content=\"2025-06-16T21:42:25+00:00\" \/>\n<meta property=\"og:image\" content=\"https:\/\/www.uartes.edu.ec\/sitio\/wp-content\/uploads\/2025\/06\/Analy-de-la-Vera2.jpg\" \/>\n\t<meta property=\"og:image:width\" content=\"1000\" \/>\n\t<meta property=\"og:image:height\" content=\"1000\" \/>\n\t<meta property=\"og:image:type\" content=\"image\/jpeg\" \/>\n<meta name=\"twitter:card\" content=\"summary_large_image\" \/>\n<meta name=\"twitter:site\" content=\"@uartesec\" \/>\n<script type=\"application\/ld+json\" class=\"yoast-schema-graph\">{\"@context\":\"https:\\\/\\\/schema.org\",\"@graph\":[{\"@type\":\"WebPage\",\"@id\":\"https:\\\/\\\/www.uartes.edu.ec\\\/sitio\\\/fr\\\/docs\\\/analy-de-la-vera\\\/\",\"url\":\"https:\\\/\\\/www.uartes.edu.ec\\\/sitio\\\/fr\\\/docs\\\/analy-de-la-vera\\\/\",\"name\":\"Analy de la Vera - Universidad de las Artes\",\"isPartOf\":{\"@id\":\"https:\\\/\\\/www.uartes.edu.ec\\\/sitio\\\/fr\\\/#website\"},\"primaryImageOfPage\":{\"@id\":\"https:\\\/\\\/www.uartes.edu.ec\\\/sitio\\\/fr\\\/docs\\\/analy-de-la-vera\\\/#primaryimage\"},\"image\":{\"@id\":\"https:\\\/\\\/www.uartes.edu.ec\\\/sitio\\\/fr\\\/docs\\\/analy-de-la-vera\\\/#primaryimage\"},\"thumbnailUrl\":\"https:\\\/\\\/www.uartes.edu.ec\\\/sitio\\\/wp-content\\\/uploads\\\/2025\\\/06\\\/Analy-de-la-Vera2.jpg\",\"datePublished\":\"2025-06-16T21:42:24+00:00\",\"dateModified\":\"2025-06-16T21:42:25+00:00\",\"breadcrumb\":{\"@id\":\"https:\\\/\\\/www.uartes.edu.ec\\\/sitio\\\/fr\\\/docs\\\/analy-de-la-vera\\\/#breadcrumb\"},\"inLanguage\":\"fr-FR\",\"potentialAction\":[{\"@type\":\"ReadAction\",\"target\":[\"https:\\\/\\\/www.uartes.edu.ec\\\/sitio\\\/fr\\\/docs\\\/analy-de-la-vera\\\/\"]}]},{\"@type\":\"ImageObject\",\"inLanguage\":\"fr-FR\",\"@id\":\"https:\\\/\\\/www.uartes.edu.ec\\\/sitio\\\/fr\\\/docs\\\/analy-de-la-vera\\\/#primaryimage\",\"url\":\"https:\\\/\\\/www.uartes.edu.ec\\\/sitio\\\/wp-content\\\/uploads\\\/2025\\\/06\\\/Analy-de-la-Vera2.jpg\",\"contentUrl\":\"https:\\\/\\\/www.uartes.edu.ec\\\/sitio\\\/wp-content\\\/uploads\\\/2025\\\/06\\\/Analy-de-la-Vera2.jpg\",\"width\":1000,\"height\":1000},{\"@type\":\"BreadcrumbList\",\"@id\":\"https:\\\/\\\/www.uartes.edu.ec\\\/sitio\\\/fr\\\/docs\\\/analy-de-la-vera\\\/#breadcrumb\",\"itemListElement\":[{\"@type\":\"ListItem\",\"position\":1,\"name\":\"Inicio\",\"item\":\"https:\\\/\\\/www.uartes.edu.ec\\\/sitio\\\/\"},{\"@type\":\"ListItem\",\"position\":2,\"name\":\"Docs\",\"item\":\"https:\\\/\\\/www.uartes.edu.ec\\\/sitio\\\/docs\\\/\"},{\"@type\":\"ListItem\",\"position\":3,\"name\":\"Analy de la Vera\"}]},{\"@type\":\"WebSite\",\"@id\":\"https:\\\/\\\/www.uartes.edu.ec\\\/sitio\\\/fr\\\/#website\",\"url\":\"https:\\\/\\\/www.uartes.edu.ec\\\/sitio\\\/fr\\\/\",\"name\":\"Universidad de las Artes\",\"description\":\"Sitio oficial de la Universidad Nacional de las Artes del Ecuador\",\"publisher\":{\"@id\":\"https:\\\/\\\/www.uartes.edu.ec\\\/sitio\\\/fr\\\/#organization\"},\"potentialAction\":[{\"@type\":\"SearchAction\",\"target\":{\"@type\":\"EntryPoint\",\"urlTemplate\":\"https:\\\/\\\/www.uartes.edu.ec\\\/sitio\\\/fr\\\/?s={search_term_string}\"},\"query-input\":{\"@type\":\"PropertyValueSpecification\",\"valueRequired\":true,\"valueName\":\"search_term_string\"}}],\"inLanguage\":\"fr-FR\"},{\"@type\":\"Organization\",\"@id\":\"https:\\\/\\\/www.uartes.edu.ec\\\/sitio\\\/fr\\\/#organization\",\"name\":\"Universidad de las Artes\",\"url\":\"https:\\\/\\\/www.uartes.edu.ec\\\/sitio\\\/fr\\\/\",\"logo\":{\"@type\":\"ImageObject\",\"inLanguage\":\"fr-FR\",\"@id\":\"https:\\\/\\\/www.uartes.edu.ec\\\/sitio\\\/fr\\\/#\\\/schema\\\/logo\\\/image\\\/\",\"url\":\"https:\\\/\\\/www.uartes.edu.ec\\\/sitio\\\/wp-content\\\/uploads\\\/2022\\\/07\\\/logo-ua-horizontal.png\",\"contentUrl\":\"https:\\\/\\\/www.uartes.edu.ec\\\/sitio\\\/wp-content\\\/uploads\\\/2022\\\/07\\\/logo-ua-horizontal.png\",\"width\":800,\"height\":276,\"caption\":\"Universidad de las Artes\"},\"image\":{\"@id\":\"https:\\\/\\\/www.uartes.edu.ec\\\/sitio\\\/fr\\\/#\\\/schema\\\/logo\\\/image\\\/\"},\"sameAs\":[\"https:\\\/\\\/www.facebook.com\\\/uartesec\",\"https:\\\/\\\/x.com\\\/uartesec\",\"https:\\\/\\\/www.tiktok.com\\\/@uartesec\"]}]}<\/script>\n<!-- \/ Yoast SEO plugin. -->","yoast_head_json":{"title":"Analy de la Vera - Universidad de las Artes","robots":{"index":"index","follow":"follow","max-snippet":"max-snippet:-1","max-image-preview":"max-image-preview:large","max-video-preview":"max-video-preview:-1"},"canonical":"https:\/\/www.uartes.edu.ec\/sitio\/fr\/docs\/analy-de-la-vera\/","og_locale":"fr_FR","og_type":"article","og_title":"Analy de la Vera - Universidad de las Artes","og_description":"Docente de Escritura Acad\u00e9mica","og_url":"https:\/\/www.uartes.edu.ec\/sitio\/fr\/docs\/analy-de-la-vera\/","og_site_name":"Universidad de las Artes","article_publisher":"https:\/\/www.facebook.com\/uartesec","article_modified_time":"2025-06-16T21:42:25+00:00","og_image":[{"width":1000,"height":1000,"url":"https:\/\/www.uartes.edu.ec\/sitio\/wp-content\/uploads\/2025\/06\/Analy-de-la-Vera2.jpg","type":"image\/jpeg"}],"twitter_card":"summary_large_image","twitter_site":"@uartesec","schema":{"@context":"https:\/\/schema.org","@graph":[{"@type":"WebPage","@id":"https:\/\/www.uartes.edu.ec\/sitio\/fr\/docs\/analy-de-la-vera\/","url":"https:\/\/www.uartes.edu.ec\/sitio\/fr\/docs\/analy-de-la-vera\/","name":"Analy de la Vera - Universidad de las Artes","isPartOf":{"@id":"https:\/\/www.uartes.edu.ec\/sitio\/fr\/#website"},"primaryImageOfPage":{"@id":"https:\/\/www.uartes.edu.ec\/sitio\/fr\/docs\/analy-de-la-vera\/#primaryimage"},"image":{"@id":"https:\/\/www.uartes.edu.ec\/sitio\/fr\/docs\/analy-de-la-vera\/#primaryimage"},"thumbnailUrl":"https:\/\/www.uartes.edu.ec\/sitio\/wp-content\/uploads\/2025\/06\/Analy-de-la-Vera2.jpg","datePublished":"2025-06-16T21:42:24+00:00","dateModified":"2025-06-16T21:42:25+00:00","breadcrumb":{"@id":"https:\/\/www.uartes.edu.ec\/sitio\/fr\/docs\/analy-de-la-vera\/#breadcrumb"},"inLanguage":"fr-FR","potentialAction":[{"@type":"ReadAction","target":["https:\/\/www.uartes.edu.ec\/sitio\/fr\/docs\/analy-de-la-vera\/"]}]},{"@type":"ImageObject","inLanguage":"fr-FR","@id":"https:\/\/www.uartes.edu.ec\/sitio\/fr\/docs\/analy-de-la-vera\/#primaryimage","url":"https:\/\/www.uartes.edu.ec\/sitio\/wp-content\/uploads\/2025\/06\/Analy-de-la-Vera2.jpg","contentUrl":"https:\/\/www.uartes.edu.ec\/sitio\/wp-content\/uploads\/2025\/06\/Analy-de-la-Vera2.jpg","width":1000,"height":1000},{"@type":"BreadcrumbList","@id":"https:\/\/www.uartes.edu.ec\/sitio\/fr\/docs\/analy-de-la-vera\/#breadcrumb","itemListElement":[{"@type":"ListItem","position":1,"name":"Inicio","item":"https:\/\/www.uartes.edu.ec\/sitio\/"},{"@type":"ListItem","position":2,"name":"Docs","item":"https:\/\/www.uartes.edu.ec\/sitio\/docs\/"},{"@type":"ListItem","position":3,"name":"Analy de la Vera"}]},{"@type":"WebSite","@id":"https:\/\/www.uartes.edu.ec\/sitio\/fr\/#website","url":"https:\/\/www.uartes.edu.ec\/sitio\/fr\/","name":"Universidad de las Artes","description":"Sitio oficial de la Universidad Nacional de las Artes del Ecuador","publisher":{"@id":"https:\/\/www.uartes.edu.ec\/sitio\/fr\/#organization"},"potentialAction":[{"@type":"SearchAction","target":{"@type":"EntryPoint","urlTemplate":"https:\/\/www.uartes.edu.ec\/sitio\/fr\/?s={search_term_string}"},"query-input":{"@type":"PropertyValueSpecification","valueRequired":true,"valueName":"search_term_string"}}],"inLanguage":"fr-FR"},{"@type":"Organization","@id":"https:\/\/www.uartes.edu.ec\/sitio\/fr\/#organization","name":"Universidad de las Artes","url":"https:\/\/www.uartes.edu.ec\/sitio\/fr\/","logo":{"@type":"ImageObject","inLanguage":"fr-FR","@id":"https:\/\/www.uartes.edu.ec\/sitio\/fr\/#\/schema\/logo\/image\/","url":"https:\/\/www.uartes.edu.ec\/sitio\/wp-content\/uploads\/2022\/07\/logo-ua-horizontal.png","contentUrl":"https:\/\/www.uartes.edu.ec\/sitio\/wp-content\/uploads\/2022\/07\/logo-ua-horizontal.png","width":800,"height":276,"caption":"Universidad de las Artes"},"image":{"@id":"https:\/\/www.uartes.edu.ec\/sitio\/fr\/#\/schema\/logo\/image\/"},"sameAs":["https:\/\/www.facebook.com\/uartesec","https:\/\/x.com\/uartesec","https:\/\/www.tiktok.com\/@uartesec"]}]}},"uagb_featured_image_src":{"full":["https:\/\/www.uartes.edu.ec\/sitio\/wp-content\/uploads\/2025\/06\/Analy-de-la-Vera2.jpg",1000,1000,false],"thumbnail":["https:\/\/www.uartes.edu.ec\/sitio\/wp-content\/uploads\/2025\/06\/Analy-de-la-Vera2-150x150.jpg",150,150,true],"medium":["https:\/\/www.uartes.edu.ec\/sitio\/wp-content\/uploads\/2025\/06\/Analy-de-la-Vera2-300x300.jpg",300,300,true],"medium_large":["https:\/\/www.uartes.edu.ec\/sitio\/wp-content\/uploads\/2025\/06\/Analy-de-la-Vera2-768x768.jpg",768,768,true],"large":["https:\/\/www.uartes.edu.ec\/sitio\/wp-content\/uploads\/2025\/06\/Analy-de-la-Vera2-644x644.jpg",644,644,true],"1536x1536":["https:\/\/www.uartes.edu.ec\/sitio\/wp-content\/uploads\/2025\/06\/Analy-de-la-Vera2.jpg",1000,1000,false],"2048x2048":["https:\/\/www.uartes.edu.ec\/sitio\/wp-content\/uploads\/2025\/06\/Analy-de-la-Vera2.jpg",1000,1000,false],"trp-custom-language-flag":["https:\/\/www.uartes.edu.ec\/sitio\/wp-content\/uploads\/2025\/06\/Analy-de-la-Vera2-12x12.jpg",12,12,true],"htmega_size_585x295":["https:\/\/www.uartes.edu.ec\/sitio\/wp-content\/uploads\/2025\/06\/Analy-de-la-Vera2-585x295.jpg",585,295,true],"htmega_size_1170x536":["https:\/\/www.uartes.edu.ec\/sitio\/wp-content\/uploads\/2025\/06\/Analy-de-la-Vera2-1000x536.jpg",1000,536,true],"htmega_size_396x360":["https:\/\/www.uartes.edu.ec\/sitio\/wp-content\/uploads\/2025\/06\/Analy-de-la-Vera2-396x360.jpg",396,360,true],"gb-block-post-grid-landscape":["https:\/\/www.uartes.edu.ec\/sitio\/wp-content\/uploads\/2025\/06\/Analy-de-la-Vera2-600x400.jpg",600,400,true],"gb-block-post-grid-square":["https:\/\/www.uartes.edu.ec\/sitio\/wp-content\/uploads\/2025\/06\/Analy-de-la-Vera2-600x600.jpg",600,600,true],"university-hub-thumb":["https:\/\/www.uartes.edu.ec\/sitio\/wp-content\/uploads\/2025\/06\/Analy-de-la-Vera2-300x300.jpg",300,300,true]},"uagb_author_info":{"display_name":"Universidad de las Artes","author_link":"https:\/\/www.uartes.edu.ec\/sitio\/fr\/blog\/author\/dircomadm\/"},"uagb_comment_info":0,"uagb_excerpt":"Docente de Escritura Acad\u00e9mica","publishpress_future_workflow_manual_trigger":{"enabledWorkflows":[]},"distributor_meta":false,"distributor_terms":false,"distributor_media":false,"distributor_original_site_name":"Universidad de las Artes","distributor_original_site_url":"https:\/\/www.uartes.edu.ec\/sitio\/fr","push-errors":false,"_links":{"self":[{"href":"https:\/\/www.uartes.edu.ec\/sitio\/fr\/wp-json\/wp\/v2\/docs\/73715","targetHints":{"allow":["GET"]}}],"collection":[{"href":"https:\/\/www.uartes.edu.ec\/sitio\/fr\/wp-json\/wp\/v2\/docs"}],"about":[{"href":"https:\/\/www.uartes.edu.ec\/sitio\/fr\/wp-json\/wp\/v2\/types\/docs"}],"author":[{"embeddable":true,"href":"https:\/\/www.uartes.edu.ec\/sitio\/fr\/wp-json\/wp\/v2\/users\/1"}],"replies":[{"embeddable":true,"href":"https:\/\/www.uartes.edu.ec\/sitio\/fr\/wp-json\/wp\/v2\/comments?post=73715"}],"version-history":[{"count":1,"href":"https:\/\/www.uartes.edu.ec\/sitio\/fr\/wp-json\/wp\/v2\/docs\/73715\/revisions"}],"predecessor-version":[{"id":73720,"href":"https:\/\/www.uartes.edu.ec\/sitio\/fr\/wp-json\/wp\/v2\/docs\/73715\/revisions\/73720"}],"wp:featuredmedia":[{"embeddable":true,"href":"https:\/\/www.uartes.edu.ec\/sitio\/fr\/wp-json\/wp\/v2\/media\/73716"}],"wp:attachment":[{"href":"https:\/\/www.uartes.edu.ec\/sitio\/fr\/wp-json\/wp\/v2\/media?parent=73715"}],"wp:term":[{"taxonomy":"doc_category","embeddable":true,"href":"https:\/\/www.uartes.edu.ec\/sitio\/fr\/wp-json\/wp\/v2\/doc_category?post=73715"},{"taxonomy":"doc_tag","embeddable":true,"href":"https:\/\/www.uartes.edu.ec\/sitio\/fr\/wp-json\/wp\/v2\/doc_tag?post=73715"}],"curies":[{"name":"wp","href":"https:\/\/api.w.org\/{rel}","templated":true}]}}