{"id":10544,"date":"2020-11-23T11:04:13","date_gmt":"2020-11-23T16:04:13","guid":{"rendered":"http:\/\/www.uartes.edu.ec\/sitio\/?page_id=10544"},"modified":"2026-06-01T16:15:05","modified_gmt":"2026-06-01T21:15:05","slug":"resoluciones-y-documentacion","status":"publish","type":"page","link":"https:\/\/www.uartes.edu.ec\/sitio\/fr\/la-universidad\/institucional\/elecciones\/resoluciones-y-documentacion\/","title":{"rendered":"\u00c9lections \u2013 Processus 2020"},"content":{"rendered":"<div data-elementor-type=\"wp-page\" data-elementor-id=\"10544\" class=\"elementor elementor-10544\" data-elementor-settings=\"{&quot;ha_cmc_init_switcher&quot;:&quot;no&quot;}\" data-elementor-post-type=\"page\">\n\t\t\t\t\t\t<section class=\"elementor-section elementor-top-section elementor-element elementor-element-f1040b4 elementor-section-boxed elementor-section-height-default elementor-section-height-default\" data-id=\"f1040b4\" data-element_type=\"section\" data-e-type=\"section\" data-settings=\"{&quot;_ha_eqh_enable&quot;:false}\">\n\t\t\t\t\t\t<div class=\"elementor-container elementor-column-gap-no\">\n\t\t\t\t\t<div class=\"elementor-column elementor-col-100 elementor-top-column elementor-element elementor-element-b7b76b5\" data-id=\"b7b76b5\" data-element_type=\"column\" data-e-type=\"column\">\n\t\t\t<div class=\"elementor-widget-wrap elementor-element-populated\">\n\t\t\t\t\t\t<div class=\"elementor-element elementor-element-f1e4e8c elementor-widget elementor-widget-heading\" data-id=\"f1e4e8c\" data-element_type=\"widget\" data-e-type=\"widget\" data-widget_type=\"heading.default\">\n\t\t\t\t<div class=\"elementor-widget-container\">\n\t\t\t\t\t<h2 class=\"elementor-heading-title elementor-size-default\">R\u00e9sultats<\/h2>\t\t\t\t<\/div>\n\t\t\t\t<\/div>\n\t\t\t\t<div class=\"elementor-element elementor-element-dedbe26 elementor-widget elementor-widget-text-editor\" data-id=\"dedbe26\" data-element_type=\"widget\" data-e-type=\"widget\" data-widget_type=\"text-editor.default\">\n\t\t\t\t<div class=\"elementor-widget-container\">\n\t\t\t\t\t\t\t\t\t<ul>\n<li><a href=\"https:\/\/www.uartes.edu.ec\/sitio\/?wpdmdl=11511\">Proc\u00e8s-verbal provisoire des r\u00e9sultats pour les plus hautes autorit\u00e9s<\/a><\/li>\n<li><a href=\"https:\/\/www.uartes.edu.ec\/sitio\/?wpdmdl=11536\">Proc\u00e8s-verbaux provisoires des repr\u00e9sentants \u00e9tudiants des Arts sonores au Conseil sup\u00e9rieur universitaire<\/a><\/li>\n<li><a href=\"https:\/\/www.uartes.edu.ec\/sitio\/?wpdmdl=11538\">Proc\u00e8s-verbaux provisoires des repr\u00e9sentants \u00e9tudiants des Arts visuels au Conseil sup\u00e9rieur universitaire<\/a><\/li>\n<li><a href=\"https:\/\/www.uartes.edu.ec\/sitio\/?wpdmdl=11539\">Proc\u00e8s-verbaux provisoires des repr\u00e9sentants \u00e9tudiants de Litt\u00e9rature au Conseil sup\u00e9rieur universitaire<\/a><\/li>\n<li><a href=\"https:\/\/www.uartes.edu.ec\/sitio\/?wpdmdl=11541\">Proc\u00e8s-verbaux provisoires des repr\u00e9sentants \u00e9tudiants de Cin\u00e9ma au Conseil sup\u00e9rieur universitaire<\/a><\/li>\n<li><a href=\"https:\/\/www.uartes.edu.ec\/sitio\/?wpdmdl=11542\">Proc\u00e8s-verbaux provisoires des repr\u00e9sentants \u00e9tudiants des Arts de la sc\u00e8ne au CDE<\/a><\/li>\n<li><a href=\"https:\/\/www.uartes.edu.ec\/sitio\/?wpdmdl=11543\">Proc\u00e8s-verbaux provisoires des repr\u00e9sentants \u00e9tudiants des Arts sonores au CDE<\/a><\/li>\n<li><a href=\"https:\/\/www.uartes.edu.ec\/sitio\/?wpdmdl=11544\">Proc\u00e8s-verbaux provisoires des repr\u00e9sentants \u00e9tudiants de Cin\u00e9ma au CDE<\/a><\/li>\n<li><a href=\"https:\/\/www.uartes.edu.ec\/sitio\/?wpdmdl=11545\">Proc\u00e8s-verbaux provisoires des repr\u00e9sentants \u00e9tudiants de Cin\u00e9ma au CDE, suite<\/a><\/li>\n<li><a href=\"https:\/\/www.uartes.edu.ec\/sitio\/?wpdmdl=11546\">Proc\u00e8s-verbaux provisoires des repr\u00e9sentants enseignants des Arts sonores au CDE<\/a><\/li>\n<li><a href=\"https:\/\/www.uartes.edu.ec\/sitio\/?wpdmdl=11548\">Proc\u00e8s-verbaux provisoires des repr\u00e9sentants enseignants des Arts de la sc\u00e8ne au CDE<\/a><\/li>\n<li><a href=\"https:\/\/www.uartes.edu.ec\/sitio\/?wpdmdl=11549\">Proc\u00e8s-verbaux provisoires des repr\u00e9sentants enseignants des Arts visuels au CDE<\/a><\/li>\n<li><a href=\"https:\/\/www.uartes.edu.ec\/sitio\/?wpdmdl=11550\">Proc\u00e8s-verbaux provisoires des repr\u00e9sentants enseignants de Litt\u00e9rature au CDE<\/a><\/li>\n<li><a href=\"https:\/\/www.uartes.edu.ec\/sitio\/?wpdmdl=11551\">Proc\u00e8s-verbaux provisoires des repr\u00e9sentants enseignants de Cin\u00e9ma au CDE<\/a><\/li>\n<li><a href=\"https:\/\/www.uartes.edu.ec\/sitio\/?wpdmdl=11552\">Proc\u00e8s-verbaux provisoires des repr\u00e9sentants administratifs des Arts sonores au CDE<\/a><\/li>\n<li><a href=\"https:\/\/www.uartes.edu.ec\/sitio\/?wpdmdl=11553\">Proc\u00e8s-verbaux provisoires des repr\u00e9sentants administratifs des Arts visuels au CDE<\/a><\/li>\n<li><a href=\"https:\/\/www.uartes.edu.ec\/sitio\/?wpdmdl=11554\">Proc\u00e8s-verbaux provisoires des repr\u00e9sentants administratifs de Cin\u00e9ma au CDE<\/a><\/li>\n<li><a href=\"https:\/\/www.uartes.edu.ec\/sitio\/?wpdmdl=11958\">Proc\u00e8s-verbaux provisoires du Conseil sup\u00e9rieur universitaire<\/a><\/li>\n<li><a href=\"https:\/\/www.uartes.edu.ec\/sitio\/?wpdmdl=11667\">TE-TELETRABAJO-2020-022 \u2013 R\u00e9sultats Conseil sup\u00e9rieur universitaire<\/a><\/li>\n<li><a href=\"https:\/\/www.uartes.edu.ec\/sitio\/?wpdmdl=11668\">TE-TELETRABAJO-2020-021 \u2013 R\u00e9sultats CDE<\/a><\/li>\n<li><a href=\"https:\/\/www.uartes.edu.ec\/sitio\/?wpdmdl=11669\">TE-TELETRABAJO-2020-020 \u2013 R\u00e9sultats plus hautes autorit\u00e9s<\/a><\/li>\n<li><a href=\"https:\/\/www.uartes.edu.ec\/sitio\/?wpdmdl=11956\">TE-TELETRABAJO-2020-023<\/a><\/li>\n<li><a href=\"https:\/\/www.uartes.edu.ec\/sitio\/?wpdmdl=14477\">Rapport des \u00e9lections 2020<\/a><\/li>\n<\/ul>\t\t\t\t\t\t\t\t<\/div>\n\t\t\t\t<\/div>\n\t\t\t\t<div class=\"elementor-element elementor-element-f126dc0 elementor-widget elementor-widget-heading\" data-id=\"f126dc0\" data-element_type=\"widget\" data-e-type=\"widget\" data-widget_type=\"heading.default\">\n\t\t\t\t<div class=\"elementor-widget-container\">\n\t\t\t\t\t<h2 class=\"elementor-heading-title elementor-size-default\">R\u00e9solutions du Tribunal electoral <\/h2>\t\t\t\t<\/div>\n\t\t\t\t<\/div>\n\t\t\t\t<div class=\"elementor-element elementor-element-d234e12 elementor-widget elementor-widget-text-editor\" data-id=\"d234e12\" data-element_type=\"widget\" data-e-type=\"widget\" data-widget_type=\"text-editor.default\">\n\t\t\t\t<div class=\"elementor-widget-container\">\n\t\t\t\t\t\t\t\t\t<ul>\n<li><a href=\"https:\/\/www.uartes.edu.ec\/sitio\/?wpdmdl=11956\">TE-TELETRABAJO-2020-023<\/a><\/li>\n<li><a href=\"https:\/\/www.uartes.edu.ec\/sitio\/?wpdmdl=11667\">TE-TELETRABAJO-2020-022 \u2013 R\u00e9sultats Conseil sup\u00e9rieur universitaire<\/a><\/li>\n<li><a href=\"https:\/\/www.uartes.edu.ec\/sitio\/?wpdmdl=11668\">TE-TELETRABAJO-2020-021 \u2013 R\u00e9sultats CDE<\/a><\/li>\n<li><a href=\"https:\/\/www.uartes.edu.ec\/sitio\/?wpdmdl=11669\">TE-TELETRABAJO-2020-020 \u2013 R\u00e9sultats plus hautes autorit\u00e9s<\/a><\/li>\n<li><a href=\"https:\/\/www.uartes.edu.ec\/sitio\/?wpdmdl=11504\">TE-TELETRABAJO-2020-019<\/a><\/li>\n<li><a href=\"https:\/\/www.uartes.edu.ec\/sitio\/?wpdmdl=11503\">TE-TELETRABAJO-2020-018<\/a><\/li>\n<li><a href=\"https:\/\/www.uartes.edu.ec\/sitio\/?wpdmdl=10566\">TE-TELETRABAJO-2020-017<\/a><\/li>\n<li><a href=\"https:\/\/www.uartes.edu.ec\/sitio\/?wpdmdl=10565\">TE-TELETRABAJO-2020-016<\/a><\/li>\n<li><a href=\"https:\/\/www.uartes.edu.ec\/sitio\/?wpdmdl=10564\">TE-TELETRABAJO-2020-015<\/a><\/li>\n<li><a href=\"https:\/\/www.uartes.edu.ec\/sitio\/?wpdmdl=10441\">TE-TELETRABAJO-2020-014<\/a><\/li>\n<li><a href=\"https:\/\/www.uartes.edu.ec\/sitio\/?wpdmdl=10440\">TE-TELETRABAJO-2020-013<\/a><\/li>\n<li><a href=\"https:\/\/www.uartes.edu.ec\/sitio\/?wpdmdl=10439\">TE-TELETRABAJO-2020-012<\/a><\/li>\n<li><a href=\"https:\/\/www.uartes.edu.ec\/sitio\/?wpdmdl=10345\">TE-TELETRABAJO-2020-011<\/a><\/li>\n<li><a href=\"https:\/\/www.uartes.edu.ec\/sitio\/?wpdmdl=10344\">TE-TELETRABAJO-2020-010<\/a><\/li>\n<li><a href=\"https:\/\/www.uartes.edu.ec\/sitio\/?wpdmdl=10343\">TE-TELETRABAJO-2020-009<\/a><\/li>\n<li><a href=\"https:\/\/www.uartes.edu.ec\/sitio\/?wpdmdl=10346\">TE-TELETRABAJO-2020-008<\/a><\/li>\n<li><a href=\"https:\/\/www.uartes.edu.ec\/sitio\/?wpdmdl=10312\">TE-TELETRABAJO-2020-007<\/a><\/li>\n<li><a href=\"https:\/\/www.uartes.edu.ec\/sitio\/?wpdmdl=10185\">TE-TELETRABAJO-2020-006<\/a><\/li>\n<li><a href=\"https:\/\/www.uartes.edu.ec\/sitio\/?wpdmdl=10195\">TE-TELETRABAJO-2020-005<\/a><\/li>\n<li><a href=\"https:\/\/www.uartes.edu.ec\/sitio\/?wpdmdl=10194\">TE-TELETRABAJO-2020-004<\/a><\/li>\n<li><a href=\"https:\/\/www.uartes.edu.ec\/sitio\/?wpdmdl=10193\">TE-TELETRABAJO-2020-003<\/a><\/li>\n<li><a href=\"https:\/\/www.uartes.edu.ec\/sitio\/?wpdmdl=10190\">TE-TELETRABAJO-2020-002<\/a><\/li>\n<li><a href=\"https:\/\/www.uartes.edu.ec\/sitio\/?wpdmdl=10189\">TE-TELETRABAJO-2020-001<\/a><\/li>\n<li><a href=\"https:\/\/www.uartes.edu.ec\/sitio\/?wpdmdl=10316\">Documentation justificative de la liste Cambio<\/a><\/li>\n<li><a href=\"https:\/\/www.uartes.edu.ec\/sitio\/?wpdmdl=10314\">Documentation justificative de la liste Autonom\u00eda Universitaria por las Artes<\/a><\/li>\n<li><a href=\"https:\/\/www.uartes.edu.ec\/sitio\/?wpdmdl=10400\">Annexe 3. D\u00c9SIGNATION DES MEMBRES DES BUREAUX DE VOTE<\/a><\/li>\n<li><a href=\"https:\/\/www.uartes.edu.ec\/sitio\/?wpdmdl=10205\">Annexe 2. VALIDATION DE LA LISTE DE CANDIDATURES AU POSTE DE RECTEUR\/RECTRICE, VICE-RECTEUR\/VICE-RECTRICE ACAD\u00c9MIQUE ET VICE-RECTEUR\/VICE-RECTRICE DE TROISI\u00c8ME CYCLE ET DE LA RECHERCHE EN ARTS, P\u00c9RIODE 2021-2025<\/a><\/li>\n<li><a href=\"https:\/\/www.uartes.edu.ec\/sitio\/?wpdmdl=10204\">Annexe 1. VALIDATION DE LA LISTE DE CANDIDATURES AU POSTE DE RECTEUR\/RECTRICE, VICE-RECTEUR\/VICE-RECTRICE ACAD\u00c9MIQUE ET VICE-RECTEUR\/VICE-RECTRICE DE TROISI\u00c8ME CYCLE ET DE LA RECHERCHE EN ARTS, P\u00c9RIODE 2021-2025<\/a><\/li>\n<li><a href=\"https:\/\/www.uartes.edu.ec\/sitio\/?wpdmdl=10201\">PROC\u00c8S-VERBAL DE VALIDATION DES LISTES DE CANDIDATURES AU POSTE DE RECTEUR(TRICE), VICE-RECTEUR(TRICE) ACAD\u00c9MIQUE ET VICE-RECTEUR(TRICE) DE TROISI\u00c8ME CYCLE ET DE LA RECHERCHE<\/a><\/li>\n<\/ul>\t\t\t\t\t\t\t\t<\/div>\n\t\t\t\t<\/div>\n\t\t\t\t<div class=\"elementor-element elementor-element-9c7e7f3 elementor-widget elementor-widget-heading\" data-id=\"9c7e7f3\" data-element_type=\"widget\" data-e-type=\"widget\" data-widget_type=\"heading.default\">\n\t\t\t\t<div class=\"elementor-widget-container\">\n\t\t\t\t\t<h2 class=\"elementor-heading-title elementor-size-default\">Base l\u00e9gale<\/h2>\t\t\t\t<\/div>\n\t\t\t\t<\/div>\n\t\t\t\t<div class=\"elementor-element elementor-element-9ac983e elementor-widget elementor-widget-toggle\" data-id=\"9ac983e\" data-element_type=\"widget\" data-e-type=\"widget\" data-widget_type=\"toggle.default\">\n\t\t\t\t<div class=\"elementor-widget-container\">\n\t\t\t\t\t\t\t<div class=\"elementor-toggle\">\n\t\t\t\t\t\t\t<div class=\"elementor-toggle-item\">\n\t\t\t\t\t<h4 id=\"elementor-tab-title-1621\" class=\"elementor-tab-title\" data-tab=\"1\" role=\"button\" aria-controls=\"elementor-tab-content-1621\" aria-expanded=\"false\">\n\t\t\t\t\t\t\t\t\t\t\t\t<span class=\"elementor-toggle-icon elementor-toggle-icon-left\" aria-hidden=\"true\">\n\t\t\t\t\t\t\t\t\t\t\t\t\t\t\t<span class=\"elementor-toggle-icon-closed\"><svg class=\"e-font-icon-svg e-fas-caret-right\" viewbox=\"0 0 192 512\" xmlns=\"http:\/\/www.w3.org\/2000\/svg\"><path d=\"M0 384.662V127.338c0-17.818 21.543-26.741 34.142-14.142l128.662 128.662c7.81 7.81 7.81 20.474 0 28.284L34.142 398.804C21.543 411.404 0 402.48 0 384.662z\"><\/path><\/svg><\/span>\n\t\t\t\t\t\t\t\t<span class=\"elementor-toggle-icon-opened\"><svg class=\"elementor-toggle-icon-opened e-font-icon-svg e-fas-caret-up\" viewbox=\"0 0 320 512\" xmlns=\"http:\/\/www.w3.org\/2000\/svg\"><path d=\"M288.662 352H31.338c-17.818 0-26.741-21.543-14.142-34.142l128.662-128.662c7.81-7.81 20.474-7.81 28.284 0l128.662 128.662c12.6 12.599 3.676 34.142-14.142 34.142z\"><\/path><\/svg><\/span>\n\t\t\t\t\t\t\t\t\t\t\t\t\t<\/span>\n\t\t\t\t\t\t\t\t\t\t\t\t<a class=\"elementor-toggle-title\" tabindex=\"0\">R\u00e9solutions de la Commission de gestion pour le processus electoral<\/a>\n\t\t\t\t\t<\/h4>\n\n\t\t\t\t\t<div id=\"elementor-tab-content-1621\" class=\"elementor-tab-content elementor-clearfix\" data-tab=\"1\" role=\"region\" aria-labelledby=\"elementor-tab-title-1621\"><ul>\n<li><a href=\"https:\/\/www.uartes.edu.ec\/sitio\/?wpdmdl=6499\">R\u00e9solution CG-UA-2019-085<\/a><\/li>\n<li><a href=\"https:\/\/www.uartes.edu.ec\/sitio\/?wpdmdl=6497\">R\u00e9solution CG-UA-2019-080<\/a><\/li>\n<li><a href=\"https:\/\/www.uartes.edu.ec\/sitio\/?wpdmdl=11219\">CG-UA-TELETRABAJO-2020-063<\/a><\/li>\n<li><a href=\"https:\/\/www.uartes.edu.ec\/sitio\/?wpdmdl=11822\">CG-UA-TELETRABAJO-2020-061<\/a><\/li>\n<li><a href=\"https:\/\/www.uartes.edu.ec\/sitio\/?wpdmdl=10520\">CG-UA-TELETRABAJO-2020-059<\/a><\/li>\n<li><a href=\"https:\/\/www.uartes.edu.ec\/sitio\/?wpdmdl=10015\">CG-UA-TELETRABAJO-2020-058 \u2013 Convocation aux \u00e9lections<\/a><\/li>\n<li><a href=\"https:\/\/www.uartes.edu.ec\/sitio\/?wpdmdl=10161\">CG-UA-TELETRABAJO-2020-057<\/a><\/li>\n<li><a href=\"https:\/\/www.uartes.edu.ec\/sitio\/?wpdmdl=9252\">CG-UA-TELETRABAJO-2020-047<\/a><\/li>\n<li><a href=\"https:\/\/www.uartes.edu.ec\/sitio\/?wpdmdl=8787\">CG-UA-TELETRABAJO-2020-046 \u2013 Tribunal \u00e9lectoral<\/a><\/li>\n<li><a href=\"https:\/\/www.uartes.edu.ec\/sitio\/?wpdmdl=8264\">CG-UA-TELETRABAJO-2020-042 \u2013 R\u00e8glement des \u00e9lections<\/a><\/li>\n<\/ul><\/div>\n\t\t\t\t<\/div>\n\t\t\t\t\t\t\t<div class=\"elementor-toggle-item\">\n\t\t\t\t\t<h4 id=\"elementor-tab-title-1622\" class=\"elementor-tab-title\" data-tab=\"2\" role=\"button\" aria-controls=\"elementor-tab-content-1622\" aria-expanded=\"false\">\n\t\t\t\t\t\t\t\t\t\t\t\t<span class=\"elementor-toggle-icon elementor-toggle-icon-left\" aria-hidden=\"true\">\n\t\t\t\t\t\t\t\t\t\t\t\t\t\t\t<span class=\"elementor-toggle-icon-closed\"><svg class=\"e-font-icon-svg e-fas-caret-right\" viewbox=\"0 0 192 512\" xmlns=\"http:\/\/www.w3.org\/2000\/svg\"><path d=\"M0 384.662V127.338c0-17.818 21.543-26.741 34.142-14.142l128.662 128.662c7.81 7.81 7.81 20.474 0 28.284L34.142 398.804C21.543 411.404 0 402.48 0 384.662z\"><\/path><\/svg><\/span>\n\t\t\t\t\t\t\t\t<span class=\"elementor-toggle-icon-opened\"><svg class=\"elementor-toggle-icon-opened e-font-icon-svg e-fas-caret-up\" viewbox=\"0 0 320 512\" xmlns=\"http:\/\/www.w3.org\/2000\/svg\"><path d=\"M288.662 352H31.338c-17.818 0-26.741-21.543-14.142-34.142l128.662-128.662c7.81-7.81 20.474-7.81 28.284 0l128.662 128.662c12.6 12.599 3.676 34.142-14.142 34.142z\"><\/path><\/svg><\/span>\n\t\t\t\t\t\t\t\t\t\t\t\t\t<\/span>\n\t\t\t\t\t\t\t\t\t\t\t\t<a class=\"elementor-toggle-title\" tabindex=\"0\">R\u00e9glementation g\u00e9n\u00e9rale<\/a>\n\t\t\t\t\t<\/h4>\n\n\t\t\t\t\t<div id=\"elementor-tab-content-1622\" class=\"elementor-tab-content elementor-clearfix\" data-tab=\"2\" role=\"region\" aria-labelledby=\"elementor-tab-title-1622\"><p>&lt;p&gt;&lt;a href=&quot;&raquo;https:\/\/www.uartes.edu.ec\/sitio\/?wpdmdl=6503&Prime;&quot;&gt;Constituci&oacute;n de la Rep&uacute;blica del Ecuador 2008 &lt;\/a&gt;&lt;\/p&gt;<br \/>&lt;p&gt;&lt;a href=&quot;&raquo;https:\/\/www.uartes.edu.ec\/sitio\/?wpdmdl=6505&Prime;&quot;&gt;Ley Org&aacute;nica de Educaci&oacute;n Superior&lt;\/a&gt;&lt;\/p&gt;<\/p><\/div>\n\t\t\t\t<\/div>\n\t\t\t\t\t\t\t\t<\/div>\n\t\t\t\t\t\t<\/div>\n\t\t\t\t<\/div>\n\t\t\t\t\t<\/div>\n\t\t<\/div>\n\t\t\t\t\t<\/div>\n\t\t<\/section>\n\t\t\t\t<section class=\"elementor-section elementor-top-section elementor-element elementor-element-7a82f86 elementor-section-boxed elementor-section-height-default elementor-section-height-default\" data-id=\"7a82f86\" data-element_type=\"section\" data-e-type=\"section\" data-settings=\"{&quot;_ha_eqh_enable&quot;:false}\">\n\t\t\t\t\t\t<div class=\"elementor-container elementor-column-gap-default\">\n\t\t\t\t\t<div class=\"elementor-column elementor-col-100 elementor-top-column elementor-element elementor-element-a99d31d\" data-id=\"a99d31d\" data-element_type=\"column\" data-e-type=\"column\">\n\t\t\t<div class=\"elementor-widget-wrap elementor-element-populated\">\n\t\t\t\t\t\t<div class=\"elementor-element elementor-element-004e837 elementor-widget elementor-widget-heading\" data-id=\"004e837\" data-element_type=\"widget\" data-e-type=\"widget\" data-widget_type=\"heading.default\">\n\t\t\t\t<div class=\"elementor-widget-container\">\n\t\t\t\t\t<h2 class=\"elementor-heading-title elementor-size-default\">Recours contre les inscriptions<\/h2>\t\t\t\t<\/div>\n\t\t\t\t<\/div>\n\t\t\t\t<div class=\"elementor-element elementor-element-426726b elementor-widget elementor-widget-text-editor\" data-id=\"426726b\" data-element_type=\"widget\" data-e-type=\"widget\" data-widget_type=\"text-editor.default\">\n\t\t\t\t<div class=\"elementor-widget-container\">\n\t\t\t\t\t\t\t\t\t<ul>\n<li><a href=\"https:\/\/www.uartes.edu.ec\/sitio\/?wpdmdl=10441\">TE-TELETRABAJO-2020-014<\/a><\/li>\n<li><a href=\"https:\/\/www.uartes.edu.ec\/sitio\/?wpdmdl=10344\">TE-TELETRABAJO-2020-010<\/a><\/li>\n<li><a href=\"https:\/\/www.uartes.edu.ec\/sitio\/?wpdmdl=10343\">TE-TELETRABAJO-2020-009<\/a><\/li>\n<li><a href=\"https:\/\/www.uartes.edu.ec\/sitio\/?wpdmdl=10346\">TE-TELETRABAJO-2020-008<\/a><\/li>\n<li><a href=\"https:\/\/www.uartes.edu.ec\/sitio\/?wpdmdl=10312\">TE-TELETRABAJO-2020-007<\/a><\/li>\n<\/ul>\t\t\t\t\t\t\t\t<\/div>\n\t\t\t\t<\/div>\n\t\t\t\t<div class=\"elementor-element elementor-element-b1d7d9b elementor-widget elementor-widget-heading\" data-id=\"b1d7d9b\" data-element_type=\"widget\" data-e-type=\"widget\" data-widget_type=\"heading.default\">\n\t\t\t\t<div class=\"elementor-widget-container\">\n\t\t\t\t\t<h2 class=\"elementor-heading-title elementor-size-default\">Programmes de travail<\/h2>\t\t\t\t<\/div>\n\t\t\t\t<\/div>\n\t\t\t\t<div class=\"elementor-element elementor-element-093482c elementor-widget elementor-widget-text-editor\" data-id=\"093482c\" data-element_type=\"widget\" data-e-type=\"widget\" data-widget_type=\"text-editor.default\">\n\t\t\t\t<div class=\"elementor-widget-container\">\n\t\t\t\t\t\t\t\t\t<ul>\n<li><a href=\"https:\/\/www.uartes.edu.ec\/sitio\/?wpdmdl=10538\">Programme de travail \u2013 Cambio<\/a><\/li>\n<li><a href=\"https:\/\/www.uartes.edu.ec\/sitio\/?wpdmdl=10537\">Programme de travail \u2013 Autonom\u00eda Universitaria por las Artes<\/a><\/li>\n<li><a href=\"https:\/\/www.uartes.edu.ec\/sitio\/?wpdmdl=11141\">\u00c9lections UArtes \u2013 Tous les candidats<\/a><\/li>\n<\/ul>\t\t\t\t\t\t\t\t<\/div>\n\t\t\t\t<\/div>\n\t\t\t\t\t<\/div>\n\t\t<\/div>\n\t\t\t\t\t<\/div>\n\t\t<\/section>\n\t\t\t\t<section class=\"elementor-section elementor-top-section elementor-element elementor-element-90058ad elementor-hidden-desktop elementor-hidden-tablet elementor-hidden-phone elementor-section-boxed elementor-section-height-default elementor-section-height-default\" data-id=\"90058ad\" data-element_type=\"section\" data-e-type=\"section\" data-settings=\"{&quot;background_background&quot;:&quot;classic&quot;,&quot;_ha_eqh_enable&quot;:false}\">\n\t\t\t\t\t\t<div class=\"elementor-container elementor-column-gap-no\">\n\t\t\t\t\t<div class=\"elementor-column elementor-col-100 elementor-top-column elementor-element elementor-element-b961662\" data-id=\"b961662\" data-element_type=\"column\" data-e-type=\"column\">\n\t\t\t<div class=\"elementor-widget-wrap\">\n\t\t\t\t\t\t\t<\/div>\n\t\t<\/div>\n\t\t\t\t\t<\/div>\n\t\t<\/section>\n\t\t\t\t<section class=\"elementor-section elementor-top-section elementor-element elementor-element-dd2052f elementor-hidden-desktop elementor-hidden-tablet elementor-hidden-phone elementor-section-boxed elementor-section-height-default elementor-section-height-default\" data-id=\"dd2052f\" data-element_type=\"section\" data-e-type=\"section\" data-settings=\"{&quot;background_background&quot;:&quot;classic&quot;,&quot;_ha_eqh_enable&quot;:false}\">\n\t\t\t\t\t\t<div class=\"elementor-container elementor-column-gap-no\">\n\t\t\t\t\t<div class=\"elementor-column elementor-col-100 elementor-top-column elementor-element elementor-element-478d38d\" data-id=\"478d38d\" data-element_type=\"column\" data-e-type=\"column\">\n\t\t\t<div class=\"elementor-widget-wrap\">\n\t\t\t\t\t\t\t<\/div>\n\t\t<\/div>\n\t\t\t\t\t<\/div>\n\t\t<\/section>\n\t\t\t\t<section class=\"elementor-section elementor-top-section elementor-element elementor-element-11365256 elementor-section-boxed elementor-section-height-default elementor-section-height-default\" data-id=\"11365256\" data-element_type=\"section\" data-e-type=\"section\" data-settings=\"{&quot;_ha_eqh_enable&quot;:false}\">\n\t\t\t\t\t\t<div class=\"elementor-container elementor-column-gap-default\">\n\t\t\t\t\t<div class=\"elementor-column elementor-col-100 elementor-top-column elementor-element elementor-element-11c06edd\" data-id=\"11c06edd\" data-element_type=\"column\" data-e-type=\"column\" data-settings=\"{&quot;background_background&quot;:&quot;classic&quot;}\">\n\t\t\t<div class=\"elementor-widget-wrap elementor-element-populated\">\n\t\t\t\t\t\t<div class=\"elementor-element elementor-element-17a1479f elementor-widget elementor-widget-heading\" data-id=\"17a1479f\" data-element_type=\"widget\" data-e-type=\"widget\" data-widget_type=\"heading.default\">\n\t\t\t\t<div class=\"elementor-widget-container\">\n\t\t\t\t\t<h4 class=\"elementor-heading-title elementor-size-default\">Processus ant\u00e9rieurs<\/h4>\t\t\t\t<\/div>\n\t\t\t\t<\/div>\n\t\t\t\t<div class=\"elementor-element elementor-element-1fab02b3 elementor-icon-list--layout-inline elementor-list-item-link-full_width elementor-widget elementor-widget-icon-list\" data-id=\"1fab02b3\" data-element_type=\"widget\" data-e-type=\"widget\" data-widget_type=\"icon-list.default\">\n\t\t\t\t<div class=\"elementor-widget-container\">\n\t\t\t\t\t\t\t<ul class=\"elementor-icon-list-items elementor-inline-items\">\n\t\t\t\t\t\t\t<li class=\"elementor-icon-list-item elementor-inline-item\">\n\t\t\t\t\t\t\t\t\t\t\t<a href=\"http:\/\/www.uartes.edu.ec\/sitio\/la-universidad\/institucional\/elecciones-proceso-2023\/\">\n\n\t\t\t\t\t\t\t\t\t\t\t\t<span class=\"elementor-icon-list-icon\">\n\t\t\t\t\t\t\t<svg aria-hidden=\"true\" class=\"e-font-icon-svg e-fas-vote-yea\" viewbox=\"0 0 640 512\" xmlns=\"http:\/\/www.w3.org\/2000\/svg\"><path d=\"M608 320h-64v64h22.4c5.3 0 9.6 3.6 9.6 8v16c0 4.4-4.3 8-9.6 8H73.6c-5.3 0-9.6-3.6-9.6-8v-16c0-4.4 4.3-8 9.6-8H96v-64H32c-17.7 0-32 14.3-32 32v96c0 17.7 14.3 32 32 32h576c17.7 0 32-14.3 32-32v-96c0-17.7-14.3-32-32-32zm-96 64V64.3c0-17.9-14.5-32.3-32.3-32.3H160.4C142.5 32 128 46.5 128 64.3V384h384zM211.2 202l25.5-25.3c4.2-4.2 11-4.2 15.2.1l41.3 41.6 95.2-94.4c4.2-4.2 11-4.2 15.2.1l25.3 25.5c4.2 4.2 4.2 11-.1 15.2L300.5 292c-4.2 4.2-11 4.2-15.2-.1l-74.1-74.7c-4.3-4.2-4.2-11 0-15.2z\"><\/path><\/svg>\t\t\t\t\t\t<\/span>\n\t\t\t\t\t\t\t\t\t\t<span class=\"elementor-icon-list-text\">\u00c9lections 2023<\/span>\n\t\t\t\t\t\t\t\t\t\t\t<\/a>\n\t\t\t\t\t\t\t\t\t<\/li>\n\t\t\t\t\t\t\t\t<li class=\"elementor-icon-list-item elementor-inline-item\">\n\t\t\t\t\t\t\t\t\t\t\t<a href=\"http:\/\/www.uartes.edu.ec\/sitio\/la-universidad\/institucional\/elecciones-proceso-2021\/\">\n\n\t\t\t\t\t\t\t\t\t\t\t\t<span class=\"elementor-icon-list-icon\">\n\t\t\t\t\t\t\t<svg aria-hidden=\"true\" class=\"e-font-icon-svg e-fas-vote-yea\" viewbox=\"0 0 640 512\" xmlns=\"http:\/\/www.w3.org\/2000\/svg\"><path d=\"M608 320h-64v64h22.4c5.3 0 9.6 3.6 9.6 8v16c0 4.4-4.3 8-9.6 8H73.6c-5.3 0-9.6-3.6-9.6-8v-16c0-4.4 4.3-8 9.6-8H96v-64H32c-17.7 0-32 14.3-32 32v96c0 17.7 14.3 32 32 32h576c17.7 0 32-14.3 32-32v-96c0-17.7-14.3-32-32-32zm-96 64V64.3c0-17.9-14.5-32.3-32.3-32.3H160.4C142.5 32 128 46.5 128 64.3V384h384zM211.2 202l25.5-25.3c4.2-4.2 11-4.2 15.2.1l41.3 41.6 95.2-94.4c4.2-4.2 11-4.2 15.2.1l25.3 25.5c4.2 4.2 4.2 11-.1 15.2L300.5 292c-4.2 4.2-11 4.2-15.2-.1l-74.1-74.7c-4.3-4.2-4.2-11 0-15.2z\"><\/path><\/svg>\t\t\t\t\t\t<\/span>\n\t\t\t\t\t\t\t\t\t\t<span class=\"elementor-icon-list-text\">\u00c9lections 2021<\/span>\n\t\t\t\t\t\t\t\t\t\t\t<\/a>\n\t\t\t\t\t\t\t\t\t<\/li>\n\t\t\t\t\t\t\t\t<li class=\"elementor-icon-list-item elementor-inline-item\">\n\t\t\t\t\t\t\t\t\t\t\t<a href=\"http:\/\/www.uartes.edu.ec\/sitio\/la-universidad\/institucional\/elecciones\/resoluciones-y-documentacion\/\">\n\n\t\t\t\t\t\t\t\t\t\t\t\t<span class=\"elementor-icon-list-icon\">\n\t\t\t\t\t\t\t<svg aria-hidden=\"true\" class=\"e-font-icon-svg e-fas-vote-yea\" viewbox=\"0 0 640 512\" xmlns=\"http:\/\/www.w3.org\/2000\/svg\"><path d=\"M608 320h-64v64h22.4c5.3 0 9.6 3.6 9.6 8v16c0 4.4-4.3 8-9.6 8H73.6c-5.3 0-9.6-3.6-9.6-8v-16c0-4.4 4.3-8 9.6-8H96v-64H32c-17.7 0-32 14.3-32 32v96c0 17.7 14.3 32 32 32h576c17.7 0 32-14.3 32-32v-96c0-17.7-14.3-32-32-32zm-96 64V64.3c0-17.9-14.5-32.3-32.3-32.3H160.4C142.5 32 128 46.5 128 64.3V384h384zM211.2 202l25.5-25.3c4.2-4.2 11-4.2 15.2.1l41.3 41.6 95.2-94.4c4.2-4.2 11-4.2 15.2.1l25.3 25.5c4.2 4.2 4.2 11-.1 15.2L300.5 292c-4.2 4.2-11 4.2-15.2-.1l-74.1-74.7c-4.3-4.2-4.2-11 0-15.2z\"><\/path><\/svg>\t\t\t\t\t\t<\/span>\n\t\t\t\t\t\t\t\t\t\t<span class=\"elementor-icon-list-text\">\u00c9lections 2020<\/span>\n\t\t\t\t\t\t\t\t\t\t\t<\/a>\n\t\t\t\t\t\t\t\t\t<\/li>\n\t\t\t\t\t\t<\/ul>\n\t\t\t\t\t\t<\/div>\n\t\t\t\t<\/div>\n\t\t\t\t\t<\/div>\n\t\t<\/div>\n\t\t\t\t\t<\/div>\n\t\t<\/section>\n\t\t\t\t<\/div>","protected":false},"excerpt":{"rendered":"<p>Resultados Acta provisional de resultados para M\u00e1ximas Autoridades Actas Provisionales Representantes Estudiantiles Artes Sonoras al OCS Actas Provisionales Representantes Estudiantiles Artes Visuales al OCS Actas Provisionales Representantes Estudiantiles Literatura al OCS Actas Provisionales Representantes Estudiantiles Cine al OCS Actas Provisionales Representantes Estudiantiles Artes Esc\u00e9nicas al CDE Actas Provisionales Representantes Estudiantiles Artes Sonoras al CDE Actas [&hellip;]<\/p>\n","protected":false},"author":1,"featured_media":9162,"parent":6456,"menu_order":0,"comment_status":"closed","ping_status":"closed","template":"","meta":{"_acf_changed":false,"_uag_custom_page_level_css":"","_monsterinsights_skip_tracking":false,"cybocfi_hide_featured_image":"","footnotes":""},"class_list":["post-10544","page","type-page","status-publish","has-post-thumbnail","hentry"],"acf":[],"yoast_head":"<!-- This site is optimized with the Yoast SEO plugin v28.4 - https:\/\/yoast.com\/product\/yoast-seo-wordpress\/ -->\n<title>Universidad de las Artes - Elecciones - Proceso 2020<\/title>\n<meta name=\"description\" content=\"Universidad de las Artes - Elecciones - Proceso 2020\" \/>\n<meta name=\"robots\" content=\"index, follow, max-snippet:-1, max-image-preview:large, max-video-preview:-1\" \/>\n<link rel=\"canonical\" href=\"https:\/\/www.uartes.edu.ec\/sitio\/fr\/la-universidad\/institucional\/elecciones\/resoluciones-y-documentacion\/\" \/>\n<meta property=\"og:locale\" content=\"fr_FR\" \/>\n<meta property=\"og:type\" content=\"article\" \/>\n<meta property=\"og:title\" content=\"Universidad de las Artes - Elecciones - Proceso 2020\" \/>\n<meta property=\"og:description\" content=\"Universidad de las Artes - Elecciones - Proceso 2020\" \/>\n<meta property=\"og:url\" content=\"https:\/\/www.uartes.edu.ec\/sitio\/fr\/la-universidad\/institucional\/elecciones\/resoluciones-y-documentacion\/\" \/>\n<meta property=\"og:site_name\" content=\"Universidad de las Artes\" \/>\n<meta property=\"article:publisher\" content=\"https:\/\/www.facebook.com\/uartesec\" \/>\n<meta property=\"article:modified_time\" content=\"2026-06-01T21:15:05+00:00\" \/>\n<meta property=\"og:image\" content=\"https:\/\/www.uartes.edu.ec\/sitio\/wp-content\/uploads\/2020\/09\/PORTADA-UARTES-DECIDE.jpg\" \/>\n\t<meta property=\"og:image:width\" content=\"2000\" \/>\n\t<meta property=\"og:image:height\" content=\"1333\" \/>\n\t<meta property=\"og:image:type\" content=\"image\/jpeg\" \/>\n<meta name=\"twitter:card\" content=\"summary_large_image\" \/>\n<meta name=\"twitter:site\" content=\"@uartesec\" \/>\n<meta name=\"twitter:label1\" content=\"Dur\u00e9e de lecture estim\u00e9e\" \/>\n\t<meta name=\"twitter:data1\" content=\"2 minutes\" \/>\n<script type=\"application\/ld+json\" class=\"yoast-schema-graph\">{\"@context\":\"https:\\\/\\\/schema.org\",\"@graph\":[{\"@type\":\"WebPage\",\"@id\":\"https:\\\/\\\/www.uartes.edu.ec\\\/sitio\\\/fr\\\/la-universidad\\\/institucional\\\/elecciones\\\/resoluciones-y-documentacion\\\/\",\"url\":\"https:\\\/\\\/www.uartes.edu.ec\\\/sitio\\\/fr\\\/la-universidad\\\/institucional\\\/elecciones\\\/resoluciones-y-documentacion\\\/\",\"name\":\"Universidad de las Artes - Elecciones - Proceso 2020\",\"isPartOf\":{\"@id\":\"https:\\\/\\\/www.uartes.edu.ec\\\/sitio\\\/fr\\\/#website\"},\"primaryImageOfPage\":{\"@id\":\"https:\\\/\\\/www.uartes.edu.ec\\\/sitio\\\/fr\\\/la-universidad\\\/institucional\\\/elecciones\\\/resoluciones-y-documentacion\\\/#primaryimage\"},\"image\":{\"@id\":\"https:\\\/\\\/www.uartes.edu.ec\\\/sitio\\\/fr\\\/la-universidad\\\/institucional\\\/elecciones\\\/resoluciones-y-documentacion\\\/#primaryimage\"},\"thumbnailUrl\":\"https:\\\/\\\/www.uartes.edu.ec\\\/sitio\\\/wp-content\\\/uploads\\\/2020\\\/09\\\/PORTADA-UARTES-DECIDE.jpg\",\"datePublished\":\"2020-11-23T16:04:13+00:00\",\"dateModified\":\"2026-06-01T21:15:05+00:00\",\"description\":\"Universidad de las Artes - Elecciones - Proceso 2020\",\"breadcrumb\":{\"@id\":\"https:\\\/\\\/www.uartes.edu.ec\\\/sitio\\\/fr\\\/la-universidad\\\/institucional\\\/elecciones\\\/resoluciones-y-documentacion\\\/#breadcrumb\"},\"inLanguage\":\"fr-FR\",\"potentialAction\":[{\"@type\":\"ReadAction\",\"target\":[\"https:\\\/\\\/www.uartes.edu.ec\\\/sitio\\\/fr\\\/la-universidad\\\/institucional\\\/elecciones\\\/resoluciones-y-documentacion\\\/\"]}]},{\"@type\":\"ImageObject\",\"inLanguage\":\"fr-FR\",\"@id\":\"https:\\\/\\\/www.uartes.edu.ec\\\/sitio\\\/fr\\\/la-universidad\\\/institucional\\\/elecciones\\\/resoluciones-y-documentacion\\\/#primaryimage\",\"url\":\"https:\\\/\\\/www.uartes.edu.ec\\\/sitio\\\/wp-content\\\/uploads\\\/2020\\\/09\\\/PORTADA-UARTES-DECIDE.jpg\",\"contentUrl\":\"https:\\\/\\\/www.uartes.edu.ec\\\/sitio\\\/wp-content\\\/uploads\\\/2020\\\/09\\\/PORTADA-UARTES-DECIDE.jpg\",\"width\":2000,\"height\":1333},{\"@type\":\"BreadcrumbList\",\"@id\":\"https:\\\/\\\/www.uartes.edu.ec\\\/sitio\\\/fr\\\/la-universidad\\\/institucional\\\/elecciones\\\/resoluciones-y-documentacion\\\/#breadcrumb\",\"itemListElement\":[{\"@type\":\"ListItem\",\"position\":1,\"name\":\"Inicio\",\"item\":\"https:\\\/\\\/www.uartes.edu.ec\\\/sitio\\\/\"},{\"@type\":\"ListItem\",\"position\":2,\"name\":\"Universidad de las Artes\",\"item\":\"https:\\\/\\\/www.uartes.edu.ec\\\/sitio\\\/\"},{\"@type\":\"ListItem\",\"position\":3,\"name\":\"Institucional\",\"item\":\"https:\\\/\\\/www.uartes.edu.ec\\\/sitio\\\/la-universidad\\\/institucional\\\/\"},{\"@type\":\"ListItem\",\"position\":4,\"name\":\"Proceso electoral de representantes estudiantiles ante el OCS y CDE\",\"item\":\"https:\\\/\\\/www.uartes.edu.ec\\\/sitio\\\/la-universidad\\\/institucional\\\/elecciones\\\/\"},{\"@type\":\"ListItem\",\"position\":5,\"name\":\"Elecciones &#8211; Proceso 2020\"}]},{\"@type\":\"WebSite\",\"@id\":\"https:\\\/\\\/www.uartes.edu.ec\\\/sitio\\\/fr\\\/#website\",\"url\":\"https:\\\/\\\/www.uartes.edu.ec\\\/sitio\\\/fr\\\/\",\"name\":\"Universidad de las Artes\",\"description\":\"Sitio oficial de la Universidad Nacional de las Artes del Ecuador\",\"publisher\":{\"@id\":\"https:\\\/\\\/www.uartes.edu.ec\\\/sitio\\\/fr\\\/#organization\"},\"potentialAction\":[{\"@type\":\"SearchAction\",\"target\":{\"@type\":\"EntryPoint\",\"urlTemplate\":\"https:\\\/\\\/www.uartes.edu.ec\\\/sitio\\\/fr\\\/?s={search_term_string}\"},\"query-input\":{\"@type\":\"PropertyValueSpecification\",\"valueRequired\":true,\"valueName\":\"search_term_string\"}}],\"inLanguage\":\"fr-FR\"},{\"@type\":\"Organization\",\"@id\":\"https:\\\/\\\/www.uartes.edu.ec\\\/sitio\\\/fr\\\/#organization\",\"name\":\"Universidad de las Artes\",\"url\":\"https:\\\/\\\/www.uartes.edu.ec\\\/sitio\\\/fr\\\/\",\"logo\":{\"@type\":\"ImageObject\",\"inLanguage\":\"fr-FR\",\"@id\":\"https:\\\/\\\/www.uartes.edu.ec\\\/sitio\\\/fr\\\/#\\\/schema\\\/logo\\\/image\\\/\",\"url\":\"https:\\\/\\\/www.uartes.edu.ec\\\/sitio\\\/wp-content\\\/uploads\\\/2022\\\/07\\\/logo-ua-horizontal.png\",\"contentUrl\":\"https:\\\/\\\/www.uartes.edu.ec\\\/sitio\\\/wp-content\\\/uploads\\\/2022\\\/07\\\/logo-ua-horizontal.png\",\"width\":800,\"height\":276,\"caption\":\"Universidad de las Artes\"},\"image\":{\"@id\":\"https:\\\/\\\/www.uartes.edu.ec\\\/sitio\\\/fr\\\/#\\\/schema\\\/logo\\\/image\\\/\"},\"sameAs\":[\"https:\\\/\\\/www.facebook.com\\\/uartesec\",\"https:\\\/\\\/x.com\\\/uartesec\",\"https:\\\/\\\/www.tiktok.com\\\/@uartesec\"]}]}<\/script>\n<!-- \/ Yoast SEO plugin. -->","yoast_head_json":{"title":"Universidad de las Artes - Elecciones - Proceso 2020","description":"Universidad de las Artes - Elecciones - Proceso 2020","robots":{"index":"index","follow":"follow","max-snippet":"max-snippet:-1","max-image-preview":"max-image-preview:large","max-video-preview":"max-video-preview:-1"},"canonical":"https:\/\/www.uartes.edu.ec\/sitio\/fr\/la-universidad\/institucional\/elecciones\/resoluciones-y-documentacion\/","og_locale":"fr_FR","og_type":"article","og_title":"Universidad de las Artes - Elecciones - Proceso 2020","og_description":"Universidad de las Artes - Elecciones - Proceso 2020","og_url":"https:\/\/www.uartes.edu.ec\/sitio\/fr\/la-universidad\/institucional\/elecciones\/resoluciones-y-documentacion\/","og_site_name":"Universidad de las Artes","article_publisher":"https:\/\/www.facebook.com\/uartesec","article_modified_time":"2026-06-01T21:15:05+00:00","og_image":[{"width":2000,"height":1333,"url":"https:\/\/www.uartes.edu.ec\/sitio\/wp-content\/uploads\/2020\/09\/PORTADA-UARTES-DECIDE.jpg","type":"image\/jpeg"}],"twitter_card":"summary_large_image","twitter_site":"@uartesec","twitter_misc":{"Dur\u00e9e de lecture estim\u00e9e":"2 minutes"},"schema":{"@context":"https:\/\/schema.org","@graph":[{"@type":"WebPage","@id":"https:\/\/www.uartes.edu.ec\/sitio\/fr\/la-universidad\/institucional\/elecciones\/resoluciones-y-documentacion\/","url":"https:\/\/www.uartes.edu.ec\/sitio\/fr\/la-universidad\/institucional\/elecciones\/resoluciones-y-documentacion\/","name":"Universidad de las Artes - Elecciones - Proceso 2020","isPartOf":{"@id":"https:\/\/www.uartes.edu.ec\/sitio\/fr\/#website"},"primaryImageOfPage":{"@id":"https:\/\/www.uartes.edu.ec\/sitio\/fr\/la-universidad\/institucional\/elecciones\/resoluciones-y-documentacion\/#primaryimage"},"image":{"@id":"https:\/\/www.uartes.edu.ec\/sitio\/fr\/la-universidad\/institucional\/elecciones\/resoluciones-y-documentacion\/#primaryimage"},"thumbnailUrl":"https:\/\/www.uartes.edu.ec\/sitio\/wp-content\/uploads\/2020\/09\/PORTADA-UARTES-DECIDE.jpg","datePublished":"2020-11-23T16:04:13+00:00","dateModified":"2026-06-01T21:15:05+00:00","description":"Universidad de las Artes - Elecciones - Proceso 2020","breadcrumb":{"@id":"https:\/\/www.uartes.edu.ec\/sitio\/fr\/la-universidad\/institucional\/elecciones\/resoluciones-y-documentacion\/#breadcrumb"},"inLanguage":"fr-FR","potentialAction":[{"@type":"ReadAction","target":["https:\/\/www.uartes.edu.ec\/sitio\/fr\/la-universidad\/institucional\/elecciones\/resoluciones-y-documentacion\/"]}]},{"@type":"ImageObject","inLanguage":"fr-FR","@id":"https:\/\/www.uartes.edu.ec\/sitio\/fr\/la-universidad\/institucional\/elecciones\/resoluciones-y-documentacion\/#primaryimage","url":"https:\/\/www.uartes.edu.ec\/sitio\/wp-content\/uploads\/2020\/09\/PORTADA-UARTES-DECIDE.jpg","contentUrl":"https:\/\/www.uartes.edu.ec\/sitio\/wp-content\/uploads\/2020\/09\/PORTADA-UARTES-DECIDE.jpg","width":2000,"height":1333},{"@type":"BreadcrumbList","@id":"https:\/\/www.uartes.edu.ec\/sitio\/fr\/la-universidad\/institucional\/elecciones\/resoluciones-y-documentacion\/#breadcrumb","itemListElement":[{"@type":"ListItem","position":1,"name":"Inicio","item":"https:\/\/www.uartes.edu.ec\/sitio\/"},{"@type":"ListItem","position":2,"name":"Universidad de las Artes","item":"https:\/\/www.uartes.edu.ec\/sitio\/"},{"@type":"ListItem","position":3,"name":"Institucional","item":"https:\/\/www.uartes.edu.ec\/sitio\/la-universidad\/institucional\/"},{"@type":"ListItem","position":4,"name":"Proceso electoral de representantes estudiantiles ante el OCS y CDE","item":"https:\/\/www.uartes.edu.ec\/sitio\/la-universidad\/institucional\/elecciones\/"},{"@type":"ListItem","position":5,"name":"Elecciones &#8211; Proceso 2020"}]},{"@type":"WebSite","@id":"https:\/\/www.uartes.edu.ec\/sitio\/fr\/#website","url":"https:\/\/www.uartes.edu.ec\/sitio\/fr\/","name":"l'Universit\u00e9 des Arts","description":"Sitio oficial de la Universidad Nacional de las Artes del Ecuador","publisher":{"@id":"https:\/\/www.uartes.edu.ec\/sitio\/fr\/#organization"},"potentialAction":[{"@type":"SearchAction","target":{"@type":"EntryPoint","urlTemplate":"https:\/\/www.uartes.edu.ec\/sitio\/fr\/?s={search_term_string}"},"query-input":{"@type":"PropertyValueSpecification","valueRequired":true,"valueName":"search_term_string"}}],"inLanguage":"fr-FR"},{"@type":"Organization","@id":"https:\/\/www.uartes.edu.ec\/sitio\/fr\/#organization","name":"l'Universit\u00e9 des Arts","url":"https:\/\/www.uartes.edu.ec\/sitio\/fr\/","logo":{"@type":"ImageObject","inLanguage":"fr-FR","@id":"https:\/\/www.uartes.edu.ec\/sitio\/fr\/#\/schema\/logo\/image\/","url":"https:\/\/www.uartes.edu.ec\/sitio\/wp-content\/uploads\/2022\/07\/logo-ua-horizontal.png","contentUrl":"https:\/\/www.uartes.edu.ec\/sitio\/wp-content\/uploads\/2022\/07\/logo-ua-horizontal.png","width":800,"height":276,"caption":"Universidad de las Artes"},"image":{"@id":"https:\/\/www.uartes.edu.ec\/sitio\/fr\/#\/schema\/logo\/image\/"},"sameAs":["https:\/\/www.facebook.com\/uartesec","https:\/\/x.com\/uartesec","https:\/\/www.tiktok.com\/@uartesec"]}]}},"uagb_featured_image_src":{"full":["https:\/\/www.uartes.edu.ec\/sitio\/wp-content\/uploads\/2020\/09\/PORTADA-UARTES-DECIDE.jpg",2000,1333,false],"thumbnail":["https:\/\/www.uartes.edu.ec\/sitio\/wp-content\/uploads\/2020\/09\/PORTADA-UARTES-DECIDE-150x150.jpg",150,150,true],"medium":["https:\/\/www.uartes.edu.ec\/sitio\/wp-content\/uploads\/2020\/09\/PORTADA-UARTES-DECIDE-300x200.jpg",300,200,true],"medium_large":["https:\/\/www.uartes.edu.ec\/sitio\/wp-content\/uploads\/2020\/09\/PORTADA-UARTES-DECIDE-768x512.jpg",768,512,true],"large":["https:\/\/www.uartes.edu.ec\/sitio\/wp-content\/uploads\/2020\/09\/PORTADA-UARTES-DECIDE-644x429.jpg",644,429,true],"1536x1536":["https:\/\/www.uartes.edu.ec\/sitio\/wp-content\/uploads\/2020\/09\/PORTADA-UARTES-DECIDE-1536x1024.jpg",1536,1024,true],"2048x2048":["https:\/\/www.uartes.edu.ec\/sitio\/wp-content\/uploads\/2020\/09\/PORTADA-UARTES-DECIDE.jpg",2000,1333,false],"trp-custom-language-flag":["https:\/\/www.uartes.edu.ec\/sitio\/wp-content\/uploads\/2020\/09\/PORTADA-UARTES-DECIDE.jpg",18,12,false],"gb-block-post-grid-landscape":["https:\/\/www.uartes.edu.ec\/sitio\/wp-content\/uploads\/2020\/09\/PORTADA-UARTES-DECIDE.jpg",600,400,false],"gb-block-post-grid-square":["https:\/\/www.uartes.edu.ec\/sitio\/wp-content\/uploads\/2020\/09\/PORTADA-UARTES-DECIDE.jpg",600,400,false],"university-hub-thumb":["https:\/\/www.uartes.edu.ec\/sitio\/wp-content\/uploads\/2020\/09\/PORTADA-UARTES-DECIDE-400x267.jpg",400,267,true]},"uagb_author_info":{"display_name":"Universidad de las Artes","author_link":"https:\/\/www.uartes.edu.ec\/sitio\/fr\/blog\/author\/dircomadm\/"},"uagb_comment_info":0,"uagb_excerpt":"Resultados Acta provisional de resultados para M\u00e1ximas Autoridades Actas Provisionales Representantes Estudiantiles Artes Sonoras al OCS Actas Provisionales Representantes Estudiantiles Artes Visuales al OCS Actas Provisionales Representantes Estudiantiles Literatura al OCS Actas Provisionales Representantes Estudiantiles Cine al OCS Actas Provisionales Representantes Estudiantiles Artes Esc\u00e9nicas al CDE Actas Provisionales Representantes Estudiantiles Artes Sonoras al CDE Actas\u2026","featured_image_src":"https:\/\/www.uartes.edu.ec\/sitio\/wp-content\/uploads\/2020\/09\/PORTADA-UARTES-DECIDE.jpg","featured_image_src_square":"https:\/\/www.uartes.edu.ec\/sitio\/wp-content\/uploads\/2020\/09\/PORTADA-UARTES-DECIDE.jpg","publishpress_future_action":{"enabled":false,"date":"2026-09-13 11:24:04","action":"change-status","newStatus":"draft","terms":[],"taxonomy":"","extraData":[]},"publishpress_future_workflow_manual_trigger":{"enabledWorkflows":[]},"distributor_meta":false,"distributor_terms":false,"distributor_media":false,"distributor_original_site_name":"Universidad de las Artes","distributor_original_site_url":"https:\/\/www.uartes.edu.ec\/sitio\/fr","push-errors":false,"_links":{"self":[{"href":"https:\/\/www.uartes.edu.ec\/sitio\/fr\/wp-json\/wp\/v2\/pages\/10544","targetHints":{"allow":["GET"]}}],"collection":[{"href":"https:\/\/www.uartes.edu.ec\/sitio\/fr\/wp-json\/wp\/v2\/pages"}],"about":[{"href":"https:\/\/www.uartes.edu.ec\/sitio\/fr\/wp-json\/wp\/v2\/types\/page"}],"author":[{"embeddable":true,"href":"https:\/\/www.uartes.edu.ec\/sitio\/fr\/wp-json\/wp\/v2\/users\/1"}],"replies":[{"embeddable":true,"href":"https:\/\/www.uartes.edu.ec\/sitio\/fr\/wp-json\/wp\/v2\/comments?post=10544"}],"version-history":[{"count":44,"href":"https:\/\/www.uartes.edu.ec\/sitio\/fr\/wp-json\/wp\/v2\/pages\/10544\/revisions"}],"predecessor-version":[{"id":91837,"href":"https:\/\/www.uartes.edu.ec\/sitio\/fr\/wp-json\/wp\/v2\/pages\/10544\/revisions\/91837"}],"up":[{"embeddable":true,"href":"https:\/\/www.uartes.edu.ec\/sitio\/fr\/wp-json\/wp\/v2\/pages\/6456"}],"wp:featuredmedia":[{"embeddable":true,"href":"https:\/\/www.uartes.edu.ec\/sitio\/fr\/wp-json\/wp\/v2\/media\/9162"}],"wp:attachment":[{"href":"https:\/\/www.uartes.edu.ec\/sitio\/fr\/wp-json\/wp\/v2\/media?parent=10544"}],"curies":[{"name":"wp","href":"https:\/\/api.w.org\/{rel}","templated":true}]}}