{"id":16744,"date":"2026-01-01T00:03:12","date_gmt":"2026-01-01T05:03:12","guid":{"rendered":"http:\/\/www.uartes.edu.ec\/sitio\/la-universidad\/la-universidad\/comision-gestora\/miembros\/"},"modified":"2026-04-24T10:52:37","modified_gmt":"2026-04-24T15:52:37","slug":"miembros","status":"publish","type":"page","link":"https:\/\/www.uartes.edu.ec\/sitio\/fr\/la-universidad\/ocs\/miembros\/","title":{"rendered":"Membres du Conseil d\u2019Administration"},"content":{"rendered":"<div class=\"wp-block-getwid-advanced-spacer getwid-hide-mobile\" style=\"height:30px\" aria-hidden=\"true\"><\/div>\n\n\n\n<div class=\"wp-block-columns is-layout-flex wp-container-core-columns-is-layout-9d6595d7 wp-block-columns-is-layout-flex\">\n<div class=\"wp-block-column is-layout-flow wp-block-column-is-layout-flow\">\n<div class=\"wp-block-uagb-image uagb-block-3a7368c1 wp-block-uagb-image--layout-default wp-block-uagb-image--effect-static wp-block-uagb-image--align-none is-style-rounded\"><figure class=\"wp-block-uagb-image__figure\"><img loading=\"lazy\" decoding=\"async\" srcset=\"https:\/\/www.uartes.edu.ec\/sitio\/wp-content\/uploads\/2021\/12\/SAIDEL-BRITO-644x644.jpg ,https:\/\/www.uartes.edu.ec\/sitio\/wp-content\/uploads\/2021\/12\/SAIDEL-BRITO.jpg 780w, https:\/\/www.uartes.edu.ec\/sitio\/wp-content\/uploads\/2021\/12\/SAIDEL-BRITO.jpg 360w\" sizes=\"auto, (max-width: 480px) 150px\" src=\"https:\/\/www.uartes.edu.ec\/sitio\/wp-content\/uploads\/2021\/12\/SAIDEL-BRITO-644x644.jpg\" alt=\"\" class=\"uag-image-83895\" width=\"250\" height=\"250\" title=\"SAIDEL-BRITO\" role=\"img\"\/><\/figure><\/div>\n\n\n\n<p class=\"has-text-align-center\"><a href=\"https:\/\/www.uartes.edu.ec\/sitio\/saidel-brito\/\">Saidel Brito Lorenzo<\/a><br><strong>Recteur<\/strong><\/p>\n<\/div>\n\n\n\n<div class=\"wp-block-column is-layout-flow wp-block-column-is-layout-flow\">\n<div class=\"wp-block-uagb-image uagb-block-5926633c wp-block-uagb-image--layout-default wp-block-uagb-image--effect-static wp-block-uagb-image--align-none is-style-rounded\"><figure class=\"wp-block-uagb-image__figure\"><img loading=\"lazy\" decoding=\"async\" srcset=\"https:\/\/www.uartes.edu.ec\/sitio\/wp-content\/uploads\/2025\/09\/yulianela-perez-644x644.jpg ,https:\/\/www.uartes.edu.ec\/sitio\/wp-content\/uploads\/2025\/09\/yulianela-perez.jpg 780w, https:\/\/www.uartes.edu.ec\/sitio\/wp-content\/uploads\/2025\/09\/yulianela-perez.jpg 360w\" sizes=\"auto, (max-width: 480px) 150px\" src=\"https:\/\/www.uartes.edu.ec\/sitio\/wp-content\/uploads\/2025\/09\/yulianela-perez-644x644.jpg\" alt=\"\" class=\"uag-image-79449\" width=\"250\" height=\"250\" title=\"yulianela-perez\" role=\"img\"\/><\/figure><\/div>\n\n\n\n<p class=\"has-text-align-center\"><a href=\"https:\/\/www.uartes.edu.ec\/sitio\/olga-lopez\/\" data-type=\"page\" data-id=\"17346\"><\/a><a href=\"https:\/\/www.uartes.edu.ec\/sitio\/yulianela-perez\/\">Yulianela P\u00e9rez Garc\u00eda<\/a><br><strong>Vicerrectora Acad\u00e9mica<\/strong><\/p>\n<\/div>\n\n\n\n<div class=\"wp-block-column is-layout-flow wp-block-column-is-layout-flow\">\n<div class=\"wp-block-uagb-image uagb-block-65dd0177 wp-block-uagb-image--layout-default wp-block-uagb-image--effect-static wp-block-uagb-image--align-none is-style-rounded\"><figure class=\"wp-block-uagb-image__figure\"><img loading=\"lazy\" decoding=\"async\" srcset=\"https:\/\/www.uartes.edu.ec\/sitio\/wp-content\/uploads\/2021\/12\/ANDREY-ASTAIZA-644x644.jpg ,https:\/\/www.uartes.edu.ec\/sitio\/wp-content\/uploads\/2021\/12\/ANDREY-ASTAIZA.jpg 780w, https:\/\/www.uartes.edu.ec\/sitio\/wp-content\/uploads\/2021\/12\/ANDREY-ASTAIZA.jpg 360w\" sizes=\"auto, (max-width: 480px) 150px\" src=\"https:\/\/www.uartes.edu.ec\/sitio\/wp-content\/uploads\/2021\/12\/ANDREY-ASTAIZA-644x644.jpg\" alt=\"\" class=\"uag-image-83896\" width=\"250\" height=\"250\" title=\"ANDREY-ASTAIZA\" role=\"img\"\/><\/figure><\/div>\n\n\n\n<p class=\"has-text-align-center\"><a href=\"https:\/\/www.uartes.edu.ec\/sitio\/andrey-astaiza\/\">Andrey Mijail Astaiza Vallejo<\/a><br><strong>Vicerrector de Posgrados e Investigaci\u00f3n en Artes<\/strong><\/p>\n<\/div>\n<\/div>\n\n\n\n<div class=\"wp-block-getwid-advanced-spacer getwid-hide-mobile\" style=\"height:50px\" aria-hidden=\"true\"><\/div>\n\n\n\n<h2 class=\"wp-block-heading\" id=\"directores\">Directerurs<\/h2>\n\n\n\n<div class=\"wp-block-columns is-layout-flex wp-container-core-columns-is-layout-9d6595d7 wp-block-columns-is-layout-flex\">\n<div class=\"wp-block-column is-layout-flow wp-block-column-is-layout-flow\">\n<div class=\"wp-block-uagb-image uagb-block-e48b43d8 wp-block-uagb-image--layout-default wp-block-uagb-image--effect-static wp-block-uagb-image--align-none is-style-rounded\"><figure class=\"wp-block-uagb-image__figure\"><img loading=\"lazy\" decoding=\"async\" srcset=\"https:\/\/www.uartes.edu.ec\/sitio\/wp-content\/uploads\/2021\/12\/VR04-ANA-GABRIELA-RIVADENEIRA.jpg ,https:\/\/www.uartes.edu.ec\/sitio\/wp-content\/uploads\/2021\/12\/VR04-ANA-GABRIELA-RIVADENEIRA.jpg 780w, https:\/\/www.uartes.edu.ec\/sitio\/wp-content\/uploads\/2021\/12\/VR04-ANA-GABRIELA-RIVADENEIRA.jpg 360w\" sizes=\"auto, (max-width: 480px) 150px\" src=\"https:\/\/www.uartes.edu.ec\/sitio\/wp-content\/uploads\/2021\/12\/VR04-ANA-GABRIELA-RIVADENEIRA.jpg\" alt=\"\" class=\"uag-image-79232\" width=\"200\" height=\"200\" title=\"VR04--ANA-GABRIELA-RIVADENEIRA\" role=\"img\"\/><\/figure><\/div>\n\n\n\n<p class=\"has-text-align-center\">Gabriela Rivadeneira Crespo<br><strong><strong>Directora de la Escuela de Posgrados<\/strong><\/strong><\/p>\n<\/div>\n\n\n\n<div class=\"wp-block-column is-layout-flow wp-block-column-is-layout-flow\">\n<div class=\"wp-block-uagb-image aligncenter uagb-block-306016de wp-block-uagb-image--layout-default wp-block-uagb-image--effect-static wp-block-uagb-image--align-center is-style-rounded\"><figure class=\"wp-block-uagb-image__figure\"><img loading=\"lazy\" decoding=\"async\"  sizes=\"auto, (max-width: 480px) 150px\" src=\"https:\/\/www.uartes.edu.ec\/sitio\/wp-content\/uploads\/2024\/04\/ruslan-torres-cc.jpg\" alt=\"\" width=\"200\" height=\"200\" title=\"\" role=\"img\"\/><\/figure><\/div>\n\n\n\n<p class=\"has-text-align-center\">Julio Rusl\u00e1n Torres Leyva<br><strong><strong>Directeur de l\u2019\u00c9cole d\u2019Arts Visuels<\/strong><\/strong><\/p>\n<\/div>\n\n\n\n<div class=\"wp-block-column is-layout-flow wp-block-column-is-layout-flow\">\n<div class=\"wp-block-uagb-image uagb-block-60a04a4f wp-block-uagb-image--layout-default wp-block-uagb-image--effect-static wp-block-uagb-image--align-none is-style-rounded\"><figure class=\"wp-block-uagb-image__figure\"><img loading=\"lazy\" decoding=\"async\" srcset=\"https:\/\/www.uartes.edu.ec\/sitio\/wp-content\/uploads\/2026\/04\/alban-644x644.jpg ,https:\/\/www.uartes.edu.ec\/sitio\/wp-content\/uploads\/2026\/04\/alban.jpg 780w, https:\/\/www.uartes.edu.ec\/sitio\/wp-content\/uploads\/2026\/04\/alban.jpg 360w\" sizes=\"auto, (max-width: 480px) 150px\" src=\"https:\/\/www.uartes.edu.ec\/sitio\/wp-content\/uploads\/2026\/04\/alban-644x644.jpg\" alt=\"\" class=\"uag-image-89634\" width=\"200\" height=\"200\" title=\"alban\" role=\"img\"\/><\/figure><\/div>\n\n\n\n<p class=\"has-text-align-center\">Carlos Alb\u00e1n Jaramillo<br><strong><strong>Director de la Escuela de Artes Sonoras y Musicales<\/strong><\/strong><\/p>\n<\/div>\n<\/div>\n\n\n\n<div class=\"wp-block-columns is-layout-flex wp-container-core-columns-is-layout-9d6595d7 wp-block-columns-is-layout-flex\">\n<div class=\"wp-block-column is-layout-flow wp-block-column-is-layout-flow\">\n<div class=\"wp-block-uagb-image uagb-block-4f56c02c wp-block-uagb-image--layout-default wp-block-uagb-image--effect-static wp-block-uagb-image--align-none is-style-rounded\"><figure class=\"wp-block-uagb-image__figure\"><img loading=\"lazy\" decoding=\"async\" srcset=\"https:\/\/www.uartes.edu.ec\/sitio\/wp-content\/uploads\/2026\/01\/agustin-garcells-644x644.jpg ,https:\/\/www.uartes.edu.ec\/sitio\/wp-content\/uploads\/2026\/01\/agustin-garcells.jpg 780w, https:\/\/www.uartes.edu.ec\/sitio\/wp-content\/uploads\/2026\/01\/agustin-garcells.jpg 360w\" sizes=\"auto, (max-width: 480px) 150px\" src=\"https:\/\/www.uartes.edu.ec\/sitio\/wp-content\/uploads\/2026\/01\/agustin-garcells-644x644.jpg\" alt=\"\" class=\"uag-image-83953\" width=\"200\" height=\"200\" title=\"agustin-garcells\" role=\"img\"\/><\/figure><\/div>\n\n\n\n<p class=\"has-text-align-center\">\u202aAgust\u00edn Garcells Su\u00e1rez<br><strong><strong>Director de la Escuela de Cine<\/strong><\/strong><\/p>\n<\/div>\n\n\n\n<div class=\"wp-block-column is-layout-flow wp-block-column-is-layout-flow\">\n<div class=\"wp-block-uagb-image uagb-block-f849e633 wp-block-uagb-image--layout-default wp-block-uagb-image--effect-static wp-block-uagb-image--align-none is-style-rounded\"><figure class=\"wp-block-uagb-image__figure\"><img loading=\"lazy\" decoding=\"async\" srcset=\"https:\/\/www.uartes.edu.ec\/sitio\/wp-content\/uploads\/2023\/01\/Solange-Rodriguez-644x644.jpg ,https:\/\/www.uartes.edu.ec\/sitio\/wp-content\/uploads\/2023\/01\/Solange-Rodriguez.jpg 780w, https:\/\/www.uartes.edu.ec\/sitio\/wp-content\/uploads\/2023\/01\/Solange-Rodriguez.jpg 360w\" sizes=\"auto, (max-width: 480px) 150px\" src=\"https:\/\/www.uartes.edu.ec\/sitio\/wp-content\/uploads\/2023\/01\/Solange-Rodriguez-644x644.jpg\" alt=\"\" class=\"uag-image-37838\" width=\"200\" height=\"200\" title=\"Solange-Rodr\u00edguez\" role=\"img\"\/><\/figure><\/div>\n\n\n\n<p class=\"has-text-align-center\">Solange Rodr\u00edguez Pappe<br><strong><strong>Directeur de l\u2019\u00c9cole De Litt\u00e9rature<\/strong><\/strong><\/p>\n<\/div>\n<\/div>\n\n\n\n<div class=\"wp-block-getwid-advanced-spacer getwid-hide-mobile\" style=\"height:50px\" aria-hidden=\"true\"><\/div>\n\n\n\n<div class=\"wp-block-getwid-anchor\" id=\"estudiantes\"><\/div>\n\n\n\n<h2 class=\"wp-block-heading\" id=\"estudiantiles\">Repr\u00e9sentants des \u00e9tudiants<\/h2>\n\n\n\n<div class=\"wp-block-columns is-layout-flex wp-container-core-columns-is-layout-9d6595d7 wp-block-columns-is-layout-flex\">\n<div class=\"wp-block-column is-layout-flow wp-block-column-is-layout-flow\">\n<div class=\"wp-block-uagb-image uagb-block-367168be wp-block-uagb-image--layout-default wp-block-uagb-image--effect-static wp-block-uagb-image--align-none is-style-rounded\"><figure class=\"wp-block-uagb-image__figure\"><img loading=\"lazy\" decoding=\"async\" srcset=\"https:\/\/www.uartes.edu.ec\/sitio\/wp-content\/uploads\/2025\/04\/angie-ponce-644x644.jpg ,https:\/\/www.uartes.edu.ec\/sitio\/wp-content\/uploads\/2025\/04\/angie-ponce.jpg 780w, https:\/\/www.uartes.edu.ec\/sitio\/wp-content\/uploads\/2025\/04\/angie-ponce.jpg 360w\" sizes=\"auto, (max-width: 480px) 150px\" src=\"https:\/\/www.uartes.edu.ec\/sitio\/wp-content\/uploads\/2025\/04\/angie-ponce-644x644.jpg\" alt=\"\" class=\"uag-image-70616\" width=\"150\" height=\"150\" title=\"angie-ponce\" role=\"img\"\/><\/figure><\/div>\n\n\n\n<p class=\"has-text-align-center\">Angie Josefina Ponce Herrera<br><strong><strong>Escuela de Artes Visuales<\/strong><\/strong><\/p>\n\n\n      \n\t\t\t<div class=\"uagb-icon-wrapper uagb-block-062bd719\"\n\t\t\tstyle=\"\" >\n\t\t\t\t\t\t\t\t\t<span class=\"uagb-svg-wrapper\" \n\t\t\t\t\t aria-label=\"envelope\"\t\t\t\t\ttabindex=\"0\">\t\t\n\t\t\t\t\t\t\t\t\t\t<a rel=\"noopener noreferrer\" href=\"mailto:angie.ponce@uartes.edu.ec\" target=\"_self\"><svg xmlns=\"https:\/\/www.w3.org\/2000\/svg\" viewbox= \"0 0 512 512\" role=\"graphics-symbol\" aria-hidden=\"false\" aria-label=\"\"><path d=\"M464 64C490.5 64 512 85.49 512 112C512 127.1 504.9 141.3 492.8 150.4L275.2 313.6C263.8 322.1 248.2 322.1 236.8 313.6L19.2 150.4C7.113 141.3 0 127.1 0 112C0 85.49 21.49 64 48 64H464zM217.6 339.2C240.4 356.3 271.6 356.3 294.4 339.2L512 176V384C512 419.3 483.3 448 448 448H64C28.65 448 0 419.3 0 384V176L217.6 339.2z\"><\/path><\/svg><\/a>\n\t\t\t\t\t\t\t\t\t<\/span>\n\t\t\t\t\t\t\t<\/div>\n\t\t\t<\/div>\n\n\n\n<div class=\"wp-block-column is-layout-flow wp-block-column-is-layout-flow\">\n<div class=\"wp-block-uagb-image uagb-block-5e392f03 wp-block-uagb-image--layout-default wp-block-uagb-image--effect-static wp-block-uagb-image--align-none is-style-rounded\"><figure class=\"wp-block-uagb-image__figure\"><img loading=\"lazy\" decoding=\"async\" srcset=\"https:\/\/www.uartes.edu.ec\/sitio\/wp-content\/uploads\/2026\/04\/romolereux-300x300.jpg ,https:\/\/www.uartes.edu.ec\/sitio\/wp-content\/uploads\/2026\/04\/romolereux.jpg 780w, https:\/\/www.uartes.edu.ec\/sitio\/wp-content\/uploads\/2026\/04\/romolereux.jpg 360w\" sizes=\"auto, (max-width: 480px) 150px\" src=\"https:\/\/www.uartes.edu.ec\/sitio\/wp-content\/uploads\/2026\/04\/romolereux-300x300.jpg\" alt=\"\" class=\"uag-image-89636\" width=\"150\" height=\"150\" title=\"romolereux\" role=\"img\"\/><\/figure><\/div>\n\n\n\n<p class=\"has-text-align-center\">Josheling Romo Leroux Anchundia<br><strong><strong>\u00c9cole de Cin\u00e9ma<\/strong><\/strong><\/p>\n\n\n      \n\t\t\t<div class=\"uagb-icon-wrapper uagb-block-ebdfd69f\"\n\t\t\tstyle=\"\" >\n\t\t\t\t\t\t\t\t\t<span class=\"uagb-svg-wrapper\" \n\t\t\t\t\t aria-label=\"envelope\"\t\t\t\t\ttabindex=\"0\">\t\t\n\t\t\t\t\t\t\t\t\t\t<a rel=\"noopener noreferrer\" href=\"mailto:josheling.romo@uartes.edu.ec\" target=\"_self\"><svg xmlns=\"https:\/\/www.w3.org\/2000\/svg\" viewbox= \"0 0 512 512\" role=\"graphics-symbol\" aria-hidden=\"false\" aria-label=\"\"><path d=\"M464 64C490.5 64 512 85.49 512 112C512 127.1 504.9 141.3 492.8 150.4L275.2 313.6C263.8 322.1 248.2 322.1 236.8 313.6L19.2 150.4C7.113 141.3 0 127.1 0 112C0 85.49 21.49 64 48 64H464zM217.6 339.2C240.4 356.3 271.6 356.3 294.4 339.2L512 176V384C512 419.3 483.3 448 448 448H64C28.65 448 0 419.3 0 384V176L217.6 339.2z\"><\/path><\/svg><\/a>\n\t\t\t\t\t\t\t\t\t<\/span>\n\t\t\t\t\t\t\t<\/div>\n\t\t\t<\/div>\n\n\n\n<div class=\"wp-block-column is-layout-flow wp-block-column-is-layout-flow\">\n<div class=\"wp-block-uagb-image uagb-block-3e91b5d7 wp-block-uagb-image--layout-default wp-block-uagb-image--effect-static wp-block-uagb-image--align-none is-style-rounded\"><figure class=\"wp-block-uagb-image__figure\"><img loading=\"lazy\" decoding=\"async\" srcset=\"https:\/\/www.uartes.edu.ec\/sitio\/wp-content\/uploads\/2025\/04\/persona-placeholder-300x300.png ,https:\/\/www.uartes.edu.ec\/sitio\/wp-content\/uploads\/2025\/04\/persona-placeholder.png 780w, https:\/\/www.uartes.edu.ec\/sitio\/wp-content\/uploads\/2025\/04\/persona-placeholder.png 360w\" sizes=\"auto, (max-width: 480px) 150px\" src=\"https:\/\/www.uartes.edu.ec\/sitio\/wp-content\/uploads\/2025\/04\/persona-placeholder-300x300.png\" alt=\"\" class=\"uag-image-70621\" width=\"150\" height=\"150\" title=\"persona placeholder\" role=\"img\"\/><\/figure><\/div>\n\n\n\n<p class=\"has-text-align-center\">Michelle Cardenas Pazmi\u00f1o<br><strong><strong>\u00c9cole d\u2019Arts Sc\u0117niques<\/strong><\/strong><\/p>\n\n\n      \n\t\t\t<div class=\"uagb-icon-wrapper uagb-block-b9720d79\"\n\t\t\tstyle=\"\" >\n\t\t\t\t\t\t\t\t\t<span class=\"uagb-svg-wrapper\" \n\t\t\t\t\t aria-label=\"envelope\"\t\t\t\t\ttabindex=\"0\">\t\t\n\t\t\t\t\t\t\t\t\t\t<a rel=\"noopener noreferrer\" href=\"mailto:michelle.cardenas@uartes.edu.ec\" target=\"_self\"><svg xmlns=\"https:\/\/www.w3.org\/2000\/svg\" viewbox= \"0 0 512 512\" role=\"graphics-symbol\" aria-hidden=\"false\" aria-label=\"\"><path d=\"M464 64C490.5 64 512 85.49 512 112C512 127.1 504.9 141.3 492.8 150.4L275.2 313.6C263.8 322.1 248.2 322.1 236.8 313.6L19.2 150.4C7.113 141.3 0 127.1 0 112C0 85.49 21.49 64 48 64H464zM217.6 339.2C240.4 356.3 271.6 356.3 294.4 339.2L512 176V384C512 419.3 483.3 448 448 448H64C28.65 448 0 419.3 0 384V176L217.6 339.2z\"><\/path><\/svg><\/a>\n\t\t\t\t\t\t\t\t\t<\/span>\n\t\t\t\t\t\t\t<\/div>\n\t\t\t<\/div>\n\n\n\n<div class=\"wp-block-column is-layout-flow wp-block-column-is-layout-flow\">\n<div class=\"wp-block-uagb-image uagb-block-617372e3 wp-block-uagb-image--layout-default wp-block-uagb-image--effect-static wp-block-uagb-image--align-none is-style-rounded\"><figure class=\"wp-block-uagb-image__figure\"><img loading=\"lazy\" decoding=\"async\" srcset=\"https:\/\/www.uartes.edu.ec\/sitio\/wp-content\/uploads\/2025\/04\/persona-placeholder-300x300.png ,https:\/\/www.uartes.edu.ec\/sitio\/wp-content\/uploads\/2025\/04\/persona-placeholder.png 780w, https:\/\/www.uartes.edu.ec\/sitio\/wp-content\/uploads\/2025\/04\/persona-placeholder.png 360w\" sizes=\"auto, (max-width: 480px) 150px\" src=\"https:\/\/www.uartes.edu.ec\/sitio\/wp-content\/uploads\/2025\/04\/persona-placeholder-300x300.png\" alt=\"\" class=\"uag-image-70621\" width=\"150\" height=\"150\" title=\"persona placeholder\" role=\"img\"\/><\/figure><\/div>\n\n\n\n<p class=\"has-text-align-center\">Jefferson El\u00edas Barragan Flores<br><strong><strong>\u00c9cole d\u2019Arts Sc\u0117niques<\/strong> (adjoint)<\/strong><\/p>\n\n\n      \n\t\t\t<div class=\"uagb-icon-wrapper uagb-block-515f1880\"\n\t\t\tstyle=\"\" >\n\t\t\t\t\t\t\t\t\t<span class=\"uagb-svg-wrapper\" \n\t\t\t\t\t aria-label=\"envelope\"\t\t\t\t\ttabindex=\"0\">\t\t\n\t\t\t\t\t\t\t\t\t\t<a rel=\"noopener noreferrer\" href=\"mailto:jefferson.barragan@uartes.edu.ec\" target=\"_self\"><svg xmlns=\"https:\/\/www.w3.org\/2000\/svg\" viewbox= \"0 0 512 512\" role=\"graphics-symbol\" aria-hidden=\"false\" aria-label=\"\"><path d=\"M464 64C490.5 64 512 85.49 512 112C512 127.1 504.9 141.3 492.8 150.4L275.2 313.6C263.8 322.1 248.2 322.1 236.8 313.6L19.2 150.4C7.113 141.3 0 127.1 0 112C0 85.49 21.49 64 48 64H464zM217.6 339.2C240.4 356.3 271.6 356.3 294.4 339.2L512 176V384C512 419.3 483.3 448 448 448H64C28.65 448 0 419.3 0 384V176L217.6 339.2z\"><\/path><\/svg><\/a>\n\t\t\t\t\t\t\t\t\t<\/span>\n\t\t\t\t\t\t\t<\/div>\n\t\t\t<\/div>\n<\/div>\n\n\n\n<div class=\"wp-block-columns is-layout-flex wp-container-core-columns-is-layout-9d6595d7 wp-block-columns-is-layout-flex\">\n<div class=\"wp-block-column is-layout-flow wp-block-column-is-layout-flow\">\n<div class=\"wp-block-uagb-image uagb-block-753b11b0 wp-block-uagb-image--layout-default wp-block-uagb-image--effect-static wp-block-uagb-image--align-none is-style-rounded\"><figure class=\"wp-block-uagb-image__figure\"><img loading=\"lazy\" decoding=\"async\" srcset=\"https:\/\/www.uartes.edu.ec\/sitio\/wp-content\/uploads\/2025\/04\/persona-placeholder-300x300.png ,https:\/\/www.uartes.edu.ec\/sitio\/wp-content\/uploads\/2025\/04\/persona-placeholder.png 780w, https:\/\/www.uartes.edu.ec\/sitio\/wp-content\/uploads\/2025\/04\/persona-placeholder.png 360w\" sizes=\"auto, (max-width: 480px) 150px\" src=\"https:\/\/www.uartes.edu.ec\/sitio\/wp-content\/uploads\/2025\/04\/persona-placeholder-300x300.png\" alt=\"\" class=\"uag-image-70621\" width=\"150\" height=\"150\" title=\"persona placeholder\" role=\"img\"\/><\/figure><\/div>\n\n\n\n<p class=\"has-text-align-center\">Camila Pierina Farias Yagual<br><strong><strong>\u00c9cole de Litt\u00e9rature<\/strong><\/strong><\/p>\n\n\n      \n\t\t\t<div class=\"uagb-icon-wrapper uagb-block-f0f9a325\"\n\t\t\tstyle=\"\" >\n\t\t\t\t\t\t\t\t\t<span class=\"uagb-svg-wrapper\" \n\t\t\t\t\t aria-label=\"envelope\"\t\t\t\t\ttabindex=\"0\">\t\t\n\t\t\t\t\t\t\t\t\t\t<a rel=\"noopener noreferrer\" href=\"mailto:camila.farias@uartes.edu.ec\" target=\"_self\"><svg xmlns=\"https:\/\/www.w3.org\/2000\/svg\" viewbox= \"0 0 512 512\" role=\"graphics-symbol\" aria-hidden=\"false\" aria-label=\"\"><path d=\"M464 64C490.5 64 512 85.49 512 112C512 127.1 504.9 141.3 492.8 150.4L275.2 313.6C263.8 322.1 248.2 322.1 236.8 313.6L19.2 150.4C7.113 141.3 0 127.1 0 112C0 85.49 21.49 64 48 64H464zM217.6 339.2C240.4 356.3 271.6 356.3 294.4 339.2L512 176V384C512 419.3 483.3 448 448 448H64C28.65 448 0 419.3 0 384V176L217.6 339.2z\"><\/path><\/svg><\/a>\n\t\t\t\t\t\t\t\t\t<\/span>\n\t\t\t\t\t\t\t<\/div>\n\t\t\t<\/div>\n\n\n\n<div class=\"wp-block-column is-layout-flow wp-block-column-is-layout-flow\">\n<div class=\"wp-block-uagb-image uagb-block-4a778659 wp-block-uagb-image--layout-default wp-block-uagb-image--effect-static wp-block-uagb-image--align-none is-style-rounded\"><figure class=\"wp-block-uagb-image__figure\"><img loading=\"lazy\" decoding=\"async\" srcset=\"https:\/\/www.uartes.edu.ec\/sitio\/wp-content\/uploads\/2026\/04\/genesis-glarza-300x300.jpg ,https:\/\/www.uartes.edu.ec\/sitio\/wp-content\/uploads\/2026\/04\/genesis-glarza.jpg 780w, https:\/\/www.uartes.edu.ec\/sitio\/wp-content\/uploads\/2026\/04\/genesis-glarza.jpg 360w\" sizes=\"auto, (max-width: 480px) 150px\" src=\"https:\/\/www.uartes.edu.ec\/sitio\/wp-content\/uploads\/2026\/04\/genesis-glarza-300x300.jpg\" alt=\"\" class=\"uag-image-89401\" width=\"150\" height=\"150\" title=\"genesis-glarza\" role=\"img\"\/><\/figure><\/div>\n\n\n\n<p class=\"has-text-align-center\">Genesis Lissette Galarza Naranjo<br><strong><strong>\u00c9cole d\u2019Arts Sonores<\/strong><\/strong><\/p>\n\n\n      \n\t\t\t<div class=\"uagb-icon-wrapper uagb-block-2421f6b7\"\n\t\t\tstyle=\"\" >\n\t\t\t\t\t\t\t\t\t<span class=\"uagb-svg-wrapper\" \n\t\t\t\t\t aria-label=\"envelope\"\t\t\t\t\ttabindex=\"0\">\t\t\n\t\t\t\t\t\t\t\t\t\t<a rel=\"noopener noreferrer\" href=\"mailto:genesis.galarza@uartes.edu.ec\" target=\"_self\"><svg xmlns=\"https:\/\/www.w3.org\/2000\/svg\" viewbox= \"0 0 512 512\" role=\"graphics-symbol\" aria-hidden=\"false\" aria-label=\"\"><path d=\"M464 64C490.5 64 512 85.49 512 112C512 127.1 504.9 141.3 492.8 150.4L275.2 313.6C263.8 322.1 248.2 322.1 236.8 313.6L19.2 150.4C7.113 141.3 0 127.1 0 112C0 85.49 21.49 64 48 64H464zM217.6 339.2C240.4 356.3 271.6 356.3 294.4 339.2L512 176V384C512 419.3 483.3 448 448 448H64C28.65 448 0 419.3 0 384V176L217.6 339.2z\"><\/path><\/svg><\/a>\n\t\t\t\t\t\t\t\t\t<\/span>\n\t\t\t\t\t\t\t<\/div>\n\t\t\t<\/div>\n\n\n\n<div class=\"wp-block-column is-layout-flow wp-block-column-is-layout-flow\"><\/div>\n\n\n\n<div class=\"wp-block-column is-layout-flow wp-block-column-is-layout-flow\"><\/div>\n<\/div>\n\n\n\n<div class=\"wp-block-getwid-advanced-spacer getwid-hide-mobile\" style=\"height:50px\" aria-hidden=\"true\"><\/div>\n\n\n\n<h2 class=\"wp-block-heading\" id=\"academicos\">Repr\u00e9sentants acad\u00e9miques<\/h2>\n\n\n\n<div class=\"wp-block-columns is-layout-flex wp-container-core-columns-is-layout-9d6595d7 wp-block-columns-is-layout-flex\">\n<div class=\"wp-block-column is-layout-flow wp-block-column-is-layout-flow\">\n<div class=\"wp-block-uagb-image uagb-block-b3cea290 wp-block-uagb-image--layout-default wp-block-uagb-image--effect-static wp-block-uagb-image--align-none is-style-rounded\"><figure class=\"wp-block-uagb-image__figure\"><img loading=\"lazy\" decoding=\"async\"  sizes=\"auto, (max-width: 480px) 150px\" src=\"https:\/\/www.uartes.edu.ec\/sitio\/wp-content\/uploads\/2021\/12\/dp-DARIO_PARA_MMAT.jpg\" alt=\"\" width=\"125\" height=\"125\" title=\"\" role=\"img\"\/><\/figure><\/div>\n\n\n\n<p class=\"has-text-align-center\">Dar\u00edo Jos\u00e9 Buitr\u00f3n Merlo<br><strong><strong>Carri\u00e8re de Production Musicale<\/strong><\/strong><\/p>\n\n\n      \n\t\t\t<div class=\"uagb-icon-wrapper uagb-block-0884c453\"\n\t\t\tstyle=\"\" >\n\t\t\t\t\t\t\t\t\t<span class=\"uagb-svg-wrapper\" \n\t\t\t\t\t aria-label=\"envelope\"\t\t\t\t\ttabindex=\"0\">\t\t\n\t\t\t\t\t\t\t\t\t\t<a rel=\"noopener noreferrer\" href=\"mailto:dario.buitron@uartes.edu.ec\" target=\"_self\"><svg xmlns=\"https:\/\/www.w3.org\/2000\/svg\" viewbox= \"0 0 512 512\" role=\"graphics-symbol\" aria-hidden=\"false\" aria-label=\"\"><path d=\"M464 64C490.5 64 512 85.49 512 112C512 127.1 504.9 141.3 492.8 150.4L275.2 313.6C263.8 322.1 248.2 322.1 236.8 313.6L19.2 150.4C7.113 141.3 0 127.1 0 112C0 85.49 21.49 64 48 64H464zM217.6 339.2C240.4 356.3 271.6 356.3 294.4 339.2L512 176V384C512 419.3 483.3 448 448 448H64C28.65 448 0 419.3 0 384V176L217.6 339.2z\"><\/path><\/svg><\/a>\n\t\t\t\t\t\t\t\t\t<\/span>\n\t\t\t\t\t\t\t<\/div>\n\t\t\t<\/div>\n\n\n\n<div class=\"wp-block-column is-layout-flow wp-block-column-is-layout-flow\">\n<div class=\"wp-block-uagb-image uagb-block-965298d6 wp-block-uagb-image--layout-default wp-block-uagb-image--effect-static wp-block-uagb-image--align-none is-style-rounded\"><figure class=\"wp-block-uagb-image__figure\"><img loading=\"lazy\" decoding=\"async\"  sizes=\"auto, (max-width: 480px) 150px\" src=\"https:\/\/www.uartes.edu.ec\/sitio\/wp-content\/uploads\/2021\/12\/dp-Maria-Paulina.jpg\" alt=\"\" width=\"125\" height=\"125\" title=\"\" role=\"img\"\/><\/figure><\/div>\n\n\n\n<p class=\"has-text-align-center\">Mar\u00eda Paulina Briones Layana<br><strong><strong><strong><strong>Carri\u00e8re de Litt\u00e9rature<\/strong><\/strong><\/strong><\/strong><\/p>\n\n\n      \n\t\t\t<div class=\"uagb-icon-wrapper uagb-block-d13ee39f\"\n\t\t\tstyle=\"\" >\n\t\t\t\t\t\t\t\t\t<span class=\"uagb-svg-wrapper\" \n\t\t\t\t\t aria-label=\"envelope\"\t\t\t\t\ttabindex=\"0\">\t\t\n\t\t\t\t\t\t\t\t\t\t<a rel=\"noopener noreferrer\" href=\"mailto:paulina.briones@uartes.edu.ec\" target=\"_self\"><svg xmlns=\"https:\/\/www.w3.org\/2000\/svg\" viewbox= \"0 0 512 512\" role=\"graphics-symbol\" aria-hidden=\"false\" aria-label=\"\"><path d=\"M464 64C490.5 64 512 85.49 512 112C512 127.1 504.9 141.3 492.8 150.4L275.2 313.6C263.8 322.1 248.2 322.1 236.8 313.6L19.2 150.4C7.113 141.3 0 127.1 0 112C0 85.49 21.49 64 48 64H464zM217.6 339.2C240.4 356.3 271.6 356.3 294.4 339.2L512 176V384C512 419.3 483.3 448 448 448H64C28.65 448 0 419.3 0 384V176L217.6 339.2z\"><\/path><\/svg><\/a>\n\t\t\t\t\t\t\t\t\t<\/span>\n\t\t\t\t\t\t\t<\/div>\n\t\t\t<\/div>\n\n\n\n<div class=\"wp-block-column is-layout-flow wp-block-column-is-layout-flow\">\n<div class=\"wp-block-uagb-image uagb-block-250048b4 wp-block-uagb-image--layout-default wp-block-uagb-image--effect-static wp-block-uagb-image--align-none is-style-rounded\"><figure class=\"wp-block-uagb-image__figure\"><img loading=\"lazy\" decoding=\"async\"  sizes=\"auto, (max-width: 480px) 150px\" src=\"http:\/\/www.uartes.edu.ec\/sitio\/wp-content\/uploads\/2021\/11\/ocs-LORENA-DELGADO.jpg\" alt=\"\" width=\"125\" height=\"125\" title=\"\" role=\"img\"\/><\/figure><\/div>\n\n\n\n<p class=\"has-text-align-center\">Sandra Lorena Delgado Espinoza<br><strong><strong>Carri\u00e8re de Danse<\/strong><\/strong><\/p>\n\n\n      \n\t\t\t<div class=\"uagb-icon-wrapper uagb-block-d3ea2a22\"\n\t\t\tstyle=\"\" >\n\t\t\t\t\t\t\t\t\t<span class=\"uagb-svg-wrapper\" \n\t\t\t\t\t aria-label=\"envelope\"\t\t\t\t\ttabindex=\"0\">\t\t\n\t\t\t\t\t\t\t\t\t\t<a rel=\"noopener noreferrer\" href=\"mailto:lorena.delgado@uartes.edu.ec\" target=\"_self\"><svg xmlns=\"https:\/\/www.w3.org\/2000\/svg\" viewbox= \"0 0 512 512\" role=\"graphics-symbol\" aria-hidden=\"false\" aria-label=\"\"><path d=\"M464 64C490.5 64 512 85.49 512 112C512 127.1 504.9 141.3 492.8 150.4L275.2 313.6C263.8 322.1 248.2 322.1 236.8 313.6L19.2 150.4C7.113 141.3 0 127.1 0 112C0 85.49 21.49 64 48 64H464zM217.6 339.2C240.4 356.3 271.6 356.3 294.4 339.2L512 176V384C512 419.3 483.3 448 448 448H64C28.65 448 0 419.3 0 384V176L217.6 339.2z\"><\/path><\/svg><\/a>\n\t\t\t\t\t\t\t\t\t<\/span>\n\t\t\t\t\t\t\t<\/div>\n\t\t\t<\/div>\n\n\n\n<div class=\"wp-block-column is-layout-flow wp-block-column-is-layout-flow\">\n<div class=\"wp-block-uagb-image uagb-block-5977a95b wp-block-uagb-image--layout-default wp-block-uagb-image--effect-static wp-block-uagb-image--align-none is-style-rounded\"><figure class=\"wp-block-uagb-image__figure\"><img loading=\"lazy\" decoding=\"async\"  sizes=\"auto, (max-width: 480px) 150px\" src=\"https:\/\/www.uartes.edu.ec\/sitio\/wp-content\/uploads\/2023\/05\/luis-cajiao.jpg\" alt=\"\" width=\"125\" height=\"125\" title=\"\" role=\"img\"\/><\/figure><\/div>\n\n\n\n<p class=\"has-text-align-center\">Luis Miguel Cajiao Oviedo<br><strong><strong>Carri\u00e8re de Danse (adjoint)<\/strong><\/strong><\/p>\n\n\n      \n\t\t\t<div class=\"uagb-icon-wrapper uagb-block-b81b47c1\"\n\t\t\tstyle=\"\" >\n\t\t\t\t\t\t\t\t\t<span class=\"uagb-svg-wrapper\" \n\t\t\t\t\t aria-label=\"envelope\"\t\t\t\t\ttabindex=\"0\">\t\t\n\t\t\t\t\t\t\t\t\t\t<a rel=\"noopener noreferrer\" href=\"mailto:luis.cajiao@uartes.edu.ec\" target=\"_self\"><svg xmlns=\"https:\/\/www.w3.org\/2000\/svg\" viewbox= \"0 0 512 512\" role=\"graphics-symbol\" aria-hidden=\"false\" aria-label=\"\"><path d=\"M464 64C490.5 64 512 85.49 512 112C512 127.1 504.9 141.3 492.8 150.4L275.2 313.6C263.8 322.1 248.2 322.1 236.8 313.6L19.2 150.4C7.113 141.3 0 127.1 0 112C0 85.49 21.49 64 48 64H464zM217.6 339.2C240.4 356.3 271.6 356.3 294.4 339.2L512 176V384C512 419.3 483.3 448 448 448H64C28.65 448 0 419.3 0 384V176L217.6 339.2z\"><\/path><\/svg><\/a>\n\t\t\t\t\t\t\t\t\t<\/span>\n\t\t\t\t\t\t\t<\/div>\n\t\t\t<\/div>\n<\/div>\n\n\n\n<div class=\"wp-block-columns is-layout-flex wp-container-core-columns-is-layout-9d6595d7 wp-block-columns-is-layout-flex\">\n<div class=\"wp-block-column is-layout-flow wp-block-column-is-layout-flow\">\n<div class=\"wp-block-uagb-image uagb-block-b5386e66 wp-block-uagb-image--layout-default wp-block-uagb-image--effect-static wp-block-uagb-image--align-none is-style-rounded\"><figure class=\"wp-block-uagb-image__figure\"><img loading=\"lazy\" decoding=\"async\"  sizes=\"auto, (max-width: 480px) 150px\" src=\"https:\/\/www.uartes.edu.ec\/sitio\/wp-content\/uploads\/2021\/12\/dp-Priscilla-Aguirre.jpg\" alt=\"\" width=\"125\" height=\"125\" title=\"\" role=\"img\"\/><\/figure><\/div>\n\n\n\n<p class=\"has-text-align-center\">Pricila Mar\u00eda Aguirre Martinez<br><strong><strong><strong><strong>Carri\u00e8re de Cin\u00e9ma<\/strong><\/strong><\/strong><\/strong><\/p>\n\n\n      \n\t\t\t<div class=\"uagb-icon-wrapper uagb-block-4ba062a8\"\n\t\t\tstyle=\"\" >\n\t\t\t\t\t\t\t\t\t<span class=\"uagb-svg-wrapper\" \n\t\t\t\t\t aria-label=\"envelope\"\t\t\t\t\ttabindex=\"0\">\t\t\n\t\t\t\t\t\t\t\t\t\t<a rel=\"noopener noreferrer\" href=\"mailto:priscila.aguirre@uartes.edu.ec\" target=\"_self\"><svg xmlns=\"https:\/\/www.w3.org\/2000\/svg\" viewbox= \"0 0 512 512\" role=\"graphics-symbol\" aria-hidden=\"false\" aria-label=\"\"><path d=\"M464 64C490.5 64 512 85.49 512 112C512 127.1 504.9 141.3 492.8 150.4L275.2 313.6C263.8 322.1 248.2 322.1 236.8 313.6L19.2 150.4C7.113 141.3 0 127.1 0 112C0 85.49 21.49 64 48 64H464zM217.6 339.2C240.4 356.3 271.6 356.3 294.4 339.2L512 176V384C512 419.3 483.3 448 448 448H64C28.65 448 0 419.3 0 384V176L217.6 339.2z\"><\/path><\/svg><\/a>\n\t\t\t\t\t\t\t\t\t<\/span>\n\t\t\t\t\t\t\t<\/div>\n\t\t\t<\/div>\n\n\n\n<div class=\"wp-block-column is-layout-flow wp-block-column-is-layout-flow\">\n<div class=\"wp-block-uagb-image uagb-block-50d2e817 wp-block-uagb-image--layout-default wp-block-uagb-image--effect-static wp-block-uagb-image--align-none is-style-rounded\"><figure class=\"wp-block-uagb-image__figure\"><img loading=\"lazy\" decoding=\"async\"  sizes=\"auto, (max-width: 480px) 150px\" src=\"https:\/\/www.uartes.edu.ec\/sitio\/wp-content\/uploads\/2024\/04\/JJ-RIPALDA-3.jpg\" alt=\"\" width=\"125\" height=\"125\" title=\"\" role=\"img\"\/><\/figure><\/div>\n\n\n\n<p class=\"has-text-align-center\">Juan Jos\u00e9 Ripalda Zenk<br><strong><strong>Unit\u00e9 Transversale<\/strong><\/strong><\/p>\n\n\n      \n\t\t\t<div class=\"uagb-icon-wrapper uagb-block-7dfb3e99\"\n\t\t\tstyle=\"\" >\n\t\t\t\t\t\t\t\t\t<span class=\"uagb-svg-wrapper\" \n\t\t\t\t\t aria-label=\"envelope\"\t\t\t\t\ttabindex=\"0\">\t\t\n\t\t\t\t\t\t\t\t\t\t<a rel=\"noopener noreferrer\" href=\"mailto:juan.ripalda@uartes.edu.ec\" target=\"_self\"><svg xmlns=\"https:\/\/www.w3.org\/2000\/svg\" viewbox= \"0 0 512 512\" role=\"graphics-symbol\" aria-hidden=\"false\" aria-label=\"\"><path d=\"M464 64C490.5 64 512 85.49 512 112C512 127.1 504.9 141.3 492.8 150.4L275.2 313.6C263.8 322.1 248.2 322.1 236.8 313.6L19.2 150.4C7.113 141.3 0 127.1 0 112C0 85.49 21.49 64 48 64H464zM217.6 339.2C240.4 356.3 271.6 356.3 294.4 339.2L512 176V384C512 419.3 483.3 448 448 448H64C28.65 448 0 419.3 0 384V176L217.6 339.2z\"><\/path><\/svg><\/a>\n\t\t\t\t\t\t\t\t\t<\/span>\n\t\t\t\t\t\t\t<\/div>\n\t\t\t<\/div>\n\n\n\n<div class=\"wp-block-column is-layout-flow wp-block-column-is-layout-flow\">\n<div class=\"wp-block-uagb-image uagb-block-eaba84db wp-block-uagb-image--layout-default wp-block-uagb-image--effect-static wp-block-uagb-image--align-none is-style-rounded\"><figure class=\"wp-block-uagb-image__figure\"><img loading=\"lazy\" decoding=\"async\"  sizes=\"auto, (max-width: 480px) 150px\" src=\"https:\/\/www.uartes.edu.ec\/sitio\/wp-content\/uploads\/2020\/09\/Juan-Francisco-Benavides.jpg\" alt=\"\" width=\"125\" height=\"125\" title=\"\" role=\"img\"\/><\/figure><\/div>\n\n\n\n<p class=\"has-text-align-center\">Juan Francisco Benavides Sola<br><strong><strong><strong><strong>Unit\u00e9 Transversale<\/strong><\/strong><\/strong><\/strong> <strong><strong>(adjoint)<\/strong><\/strong><\/p>\n\n\n      \n\t\t\t<div class=\"uagb-icon-wrapper uagb-block-a2f2ddf6\"\n\t\t\tstyle=\"\" >\n\t\t\t\t\t\t\t\t\t<span class=\"uagb-svg-wrapper\" \n\t\t\t\t\t aria-label=\"envelope\"\t\t\t\t\ttabindex=\"0\">\t\t\n\t\t\t\t\t\t\t\t\t\t<a rel=\"noopener noreferrer\" href=\"mailto:juan.benavides@uartes.edu.ec\" target=\"_self\"><svg xmlns=\"https:\/\/www.w3.org\/2000\/svg\" viewbox= \"0 0 512 512\" role=\"graphics-symbol\" aria-hidden=\"false\" aria-label=\"\"><path d=\"M464 64C490.5 64 512 85.49 512 112C512 127.1 504.9 141.3 492.8 150.4L275.2 313.6C263.8 322.1 248.2 322.1 236.8 313.6L19.2 150.4C7.113 141.3 0 127.1 0 112C0 85.49 21.49 64 48 64H464zM217.6 339.2C240.4 356.3 271.6 356.3 294.4 339.2L512 176V384C512 419.3 483.3 448 448 448H64C28.65 448 0 419.3 0 384V176L217.6 339.2z\"><\/path><\/svg><\/a>\n\t\t\t\t\t\t\t\t\t<\/span>\n\t\t\t\t\t\t\t<\/div>\n\t\t\t<\/div>\n<\/div>\n\n\n\n<div class=\"wp-block-getwid-advanced-spacer getwid-hide-mobile\" style=\"height:50px\" aria-hidden=\"true\"><\/div>\n\n\n\n<h2 class=\"wp-block-heading\" id=\"academicos\">Repr\u00e9sentants des employ\u00e9s et travailleurs<\/h2>\n\n\n\n<div class=\"wp-block-columns is-layout-flex wp-container-core-columns-is-layout-9d6595d7 wp-block-columns-is-layout-flex\">\n<div class=\"wp-block-column is-layout-flow wp-block-column-is-layout-flow\">\n<div class=\"wp-block-uagb-image uagb-block-ff0eea8c wp-block-uagb-image--layout-default wp-block-uagb-image--effect-static wp-block-uagb-image--align-none is-style-rounded\"><figure class=\"wp-block-uagb-image__figure\"><img loading=\"lazy\" decoding=\"async\" srcset=\"https:\/\/www.uartes.edu.ec\/sitio\/wp-content\/uploads\/2025\/04\/ingrid-andrade-300x300.jpg ,https:\/\/www.uartes.edu.ec\/sitio\/wp-content\/uploads\/2025\/04\/ingrid-andrade.jpg 780w, https:\/\/www.uartes.edu.ec\/sitio\/wp-content\/uploads\/2025\/04\/ingrid-andrade.jpg 360w\" sizes=\"auto, (max-width: 480px) 150px\" src=\"https:\/\/www.uartes.edu.ec\/sitio\/wp-content\/uploads\/2025\/04\/ingrid-andrade-300x300.jpg\" alt=\"\" class=\"uag-image-70626\" width=\"125\" height=\"125\" title=\"ingrid-andrade\" role=\"img\"\/><\/figure><\/div>\n\n\n\n<p class=\"has-text-align-center\">Ingrid Marina Andrade Echeverr\u00eda<br><strong><strong>Administratif<\/strong><\/strong><\/p>\n\n\n      \n\t\t\t<div class=\"uagb-icon-wrapper uagb-block-85a4f0b1\"\n\t\t\tstyle=\"\" >\n\t\t\t\t\t\t\t\t\t<span class=\"uagb-svg-wrapper\" \n\t\t\t\t\t aria-label=\"envelope\"\t\t\t\t\ttabindex=\"0\">\t\t\n\t\t\t\t\t\t\t\t\t\t<a rel=\"noopener noreferrer\" href=\"mailto:ingrid.andrade@uartes.edu.ec\" target=\"_self\"><svg xmlns=\"https:\/\/www.w3.org\/2000\/svg\" viewbox= \"0 0 512 512\" role=\"graphics-symbol\" aria-hidden=\"false\" aria-label=\"\"><path d=\"M464 64C490.5 64 512 85.49 512 112C512 127.1 504.9 141.3 492.8 150.4L275.2 313.6C263.8 322.1 248.2 322.1 236.8 313.6L19.2 150.4C7.113 141.3 0 127.1 0 112C0 85.49 21.49 64 48 64H464zM217.6 339.2C240.4 356.3 271.6 356.3 294.4 339.2L512 176V384C512 419.3 483.3 448 448 448H64C28.65 448 0 419.3 0 384V176L217.6 339.2z\"><\/path><\/svg><\/a>\n\t\t\t\t\t\t\t\t\t<\/span>\n\t\t\t\t\t\t\t<\/div>\n\t\t\t<\/div>\n\n\n\n<div class=\"wp-block-column is-layout-flow wp-block-column-is-layout-flow\">\n<div class=\"wp-block-uagb-image uagb-block-164f7093 wp-block-uagb-image--layout-default wp-block-uagb-image--effect-static wp-block-uagb-image--align-none is-style-rounded\"><figure class=\"wp-block-uagb-image__figure\"><img loading=\"lazy\" decoding=\"async\" srcset=\"https:\/\/www.uartes.edu.ec\/sitio\/wp-content\/uploads\/2025\/04\/paul-roman-300x300.jpg ,https:\/\/www.uartes.edu.ec\/sitio\/wp-content\/uploads\/2025\/04\/paul-roman.jpg 780w, https:\/\/www.uartes.edu.ec\/sitio\/wp-content\/uploads\/2025\/04\/paul-roman.jpg 360w\" sizes=\"auto, (max-width: 480px) 150px\" src=\"https:\/\/www.uartes.edu.ec\/sitio\/wp-content\/uploads\/2025\/04\/paul-roman-300x300.jpg\" alt=\"\" class=\"uag-image-70619\" width=\"125\" height=\"125\" title=\"paul-roman\" role=\"img\"\/><\/figure><\/div>\n\n\n\n<p class=\"has-text-align-center\">Pa\u00fal Alexander Rom\u00e1n Mu\u00f1oz<br><strong><strong><strong><strong>Administratif<\/strong><\/strong><\/strong>(adjoint)<\/strong><\/p>\n\n\n      \n\t\t\t<div class=\"uagb-icon-wrapper uagb-block-5572e1b2\"\n\t\t\tstyle=\"\" >\n\t\t\t\t\t\t\t\t\t<span class=\"uagb-svg-wrapper\" \n\t\t\t\t\t aria-label=\"envelope\"\t\t\t\t\ttabindex=\"0\">\t\t\n\t\t\t\t\t\t\t\t\t\t<a rel=\"noopener noreferrer\" href=\"mailto:paul.roman@uartes.edu.ec\" target=\"_self\"><svg xmlns=\"https:\/\/www.w3.org\/2000\/svg\" viewbox= \"0 0 512 512\" role=\"graphics-symbol\" aria-hidden=\"false\" aria-label=\"\"><path d=\"M464 64C490.5 64 512 85.49 512 112C512 127.1 504.9 141.3 492.8 150.4L275.2 313.6C263.8 322.1 248.2 322.1 236.8 313.6L19.2 150.4C7.113 141.3 0 127.1 0 112C0 85.49 21.49 64 48 64H464zM217.6 339.2C240.4 356.3 271.6 356.3 294.4 339.2L512 176V384C512 419.3 483.3 448 448 448H64C28.65 448 0 419.3 0 384V176L217.6 339.2z\"><\/path><\/svg><\/a>\n\t\t\t\t\t\t\t\t\t<\/span>\n\t\t\t\t\t\t\t<\/div>\n\t\t\t<\/div>\n\n\n\n<div class=\"wp-block-column is-layout-flow wp-block-column-is-layout-flow\"><\/div>\n\n\n\n<div class=\"wp-block-column is-layout-flow wp-block-column-is-layout-flow\"><\/div>\n<\/div>\n\n\n\n<div class=\"wp-block-group\"><div class=\"wp-block-group__inner-container is-layout-constrained wp-block-group-is-layout-constrained\">\n<div class=\"wp-block-getwid-advanced-spacer getwid-hide-mobile\" style=\"height:52px\" aria-hidden=\"true\"><\/div>\n\n\n\n<h3 class=\"wp-block-heading\" id=\"academicos\">P\u00e9riodes pr\u00e9c\u00e9dentes<\/h3>\n\n\n<nav class=\"is-responsive items-justified-space-between wp-block-navigation is-content-justification-space-between is-layout-flex wp-container-core-navigation-is-layout-3d213aab wp-block-navigation-is-layout-flex\" aria-label=\"OCS - Miembros anteriores\" \n\t\t data-wp-interactive=\"core\/navigation\" data-wp-context='{\"overlayOpenedBy\":{\"click\":false,\"hover\":false,\"focus\":false},\"type\":\"overlay\",\"roleAttribute\":\"\",\"ariaLabel\":\"Menu\"}'><button aria-haspopup=\"dialog\" aria-label=\"Ouvrir le menu\" class=\"wp-block-navigation__responsive-container-open\" \n\t\t\t\tdata-wp-on--click=\"actions.openMenuOnClick\"\n\t\t\t\tdata-wp-on--keydown=\"actions.handleMenuKeydown\"\n\t\t\t><svg width=\"24\" height=\"24\" xmlns=\"http:\/\/www.w3.org\/2000\/svg\" viewbox=\"0 0 24 24\" aria-hidden=\"true\" focusable=\"false\"><path d=\"M4 7.5h16v1.5H4z\"><\/path><path d=\"M4 15h16v1.5H4z\"><\/path><\/svg><\/button>\n\t\t\t\t<div class=\"wp-block-navigation__responsive-container\"  id=\"modal-1\" \n\t\t\t\tdata-wp-class--has-modal-open=\"state.isMenuOpen\"\n\t\t\t\tdata-wp-class--is-menu-open=\"state.isMenuOpen\"\n\t\t\t\tdata-wp-watch=\"callbacks.initMenu\"\n\t\t\t\tdata-wp-on--keydown=\"actions.handleMenuKeydown\"\n\t\t\t\tdata-wp-on--focusout=\"actions.handleMenuFocusout\"\n\t\t\t\ttabindex=\"-1\"\n\t\t\t>\n\t\t\t\t\t<div class=\"wp-block-navigation__responsive-close\" tabindex=\"-1\">\n\t\t\t\t\t\t<div class=\"wp-block-navigation__responsive-dialog\" \n\t\t\t\tdata-wp-bind--aria-modal=\"state.ariaModal\"\n\t\t\t\tdata-wp-bind--aria-label=\"state.ariaLabel\"\n\t\t\t\tdata-wp-bind--role=\"state.roleAttribute\"\n\t\t\t>\n\t\t\t\t\t\t\t<button aria-label=\"Fermer le menu\" class=\"wp-block-navigation__responsive-container-close\" \n\t\t\t\tdata-wp-on--click=\"actions.closeMenuOnClick\"\n\t\t\t><svg xmlns=\"http:\/\/www.w3.org\/2000\/svg\" viewbox=\"0 0 24 24\" width=\"24\" height=\"24\" aria-hidden=\"true\" focusable=\"false\"><path d=\"m13.06 12 6.47-6.47-1.06-1.06L12 10.94 5.53 4.47 4.47 5.53 10.94 12l-6.47 6.47 1.06 1.06L12 13.06l6.47 6.47 1.06-1.06L13.06 12Z\"><\/path><\/svg><\/button>\n\t\t\t\t\t\t\t<div class=\"wp-block-navigation__responsive-container-content\" \n\t\t\t\tdata-wp-watch=\"callbacks.focusFirstElement\"\n\t\t\t id=\"modal-1-content\">\n\t\t\t\t\t\t\t\t<ul class=\"wp-block-navigation__container is-responsive items-justified-space-between wp-block-navigation\"><li class=\"wp-block-navigation-item wp-block-navigation-link\"><a class=\"wp-block-navigation-item__content\"  href=\"https:\/\/www.uartes.edu.ec\/sitio\/fr\/la-universidad\/la-universidad\/ocs\/miembros\/2025-2\/\"><span class=\"wp-block-navigation-item__label\">2025<\/span><\/a><\/li><li class=\"wp-block-navigation-item wp-block-navigation-link\"><a class=\"wp-block-navigation-item__content\"  href=\"https:\/\/www.uartes.edu.ec\/sitio\/la-universidad\/la-universidad\/ocs\/miembros\/2024-2\/\"><span class=\"wp-block-navigation-item__label\">2024<\/span><\/a><\/li><li class=\"wp-block-navigation-item wp-block-navigation-link\"><a class=\"wp-block-navigation-item__content\"  href=\"https:\/\/www.uartes.edu.ec\/sitio\/la-universidad\/ocs\/miembros\/2023\/\"><span class=\"wp-block-navigation-item__label\">2023<\/span><\/a><\/li><li class=\"wp-block-navigation-item wp-block-navigation-link\"><a class=\"wp-block-navigation-item__content\"  href=\"https:\/\/www.uartes.edu.ec\/sitio\/la-universidad\/ocs\/miembros\/2022\/\"><span class=\"wp-block-navigation-item__label\">2022<\/span><\/a><\/li><li class=\"wp-block-navigation-item wp-block-navigation-link\"><a class=\"wp-block-navigation-item__content\"  href=\"https:\/\/www.uartes.edu.ec\/sitio\/la-universidad\/ocs\/miembros\/2021\/\"><span class=\"wp-block-navigation-item__label\">2021<\/span><\/a><\/li><\/ul>\n\t\t\t\t\t\t\t<\/div>\n\t\t\t\t\t\t<\/div>\n\t\t\t\t\t<\/div>\n\t\t\t\t<\/div><\/nav><\/div><\/div>\n\n\n\n<p><\/p>","protected":false},"excerpt":{"rendered":"<p>Saidel Brito LorenzoRector Yulianela P\u00e9rez Garc\u00edaVicerrectora Acad\u00e9mica Andrey Mijail Astaiza VallejoVicerrector de Posgrados e Investigaci\u00f3n en Artes Directores Gabriela Rivadeneira CrespoDirectora de la Escuela de Posgrados Julio Rusl\u00e1n Torres LeyvaDirector de la Escuela de Artes Visuales Carlos Alb\u00e1n JaramilloDirector de la Escuela de Artes Sonoras y Musicales \u202aAgust\u00edn Garcells Su\u00e1rezDirector de la Escuela de Cine [&hellip;]<\/p>\n","protected":false},"author":1,"featured_media":70294,"parent":3046,"menu_order":7,"comment_status":"closed","ping_status":"closed","template":"","meta":{"_acf_changed":false,"_uag_custom_page_level_css":"","_monsterinsights_skip_tracking":false,"_monsterinsights_sitenote_active":false,"_monsterinsights_sitenote_note":"","_monsterinsights_sitenote_category":0,"cybocfi_hide_featured_image":"","footnotes":""},"class_list":["post-16744","page","type-page","status-publish","has-post-thumbnail","hentry"],"acf":[],"yoast_head":"<!-- This site is optimized with the Yoast SEO plugin v27.4 - https:\/\/yoast.com\/product\/yoast-seo-wordpress\/ -->\n<title>Universidad de las Artes - Miembros del OCS<\/title>\n<meta name=\"description\" content=\"Universidad de las Artes - Miembros del OCS\" \/>\n<meta name=\"robots\" content=\"index, follow, max-snippet:-1, max-image-preview:large, max-video-preview:-1\" \/>\n<link rel=\"canonical\" href=\"https:\/\/www.uartes.edu.ec\/sitio\/fr\/la-universidad\/ocs\/miembros\/\" \/>\n<meta property=\"og:locale\" content=\"fr_FR\" \/>\n<meta property=\"og:type\" content=\"article\" \/>\n<meta property=\"og:title\" content=\"Universidad de las Artes - Miembros del OCS\" \/>\n<meta property=\"og:description\" content=\"Universidad de las Artes - Miembros del OCS\" \/>\n<meta property=\"og:url\" content=\"https:\/\/www.uartes.edu.ec\/sitio\/fr\/la-universidad\/ocs\/miembros\/\" \/>\n<meta property=\"og:site_name\" content=\"Universidad de las Artes\" \/>\n<meta property=\"article:publisher\" content=\"https:\/\/www.facebook.com\/uartesec\" \/>\n<meta property=\"article:modified_time\" content=\"2026-04-24T15:52:37+00:00\" \/>\n<meta property=\"og:image\" content=\"https:\/\/www.uartes.edu.ec\/sitio\/wp-content\/uploads\/2025\/04\/01-SESION-REPRESENTANTES-ESTUDIANTILES-OCS.jpg\" \/>\n\t<meta property=\"og:image:width\" content=\"2000\" \/>\n\t<meta property=\"og:image:height\" content=\"1333\" \/>\n\t<meta property=\"og:image:type\" content=\"image\/jpeg\" \/>\n<meta name=\"twitter:card\" content=\"summary_large_image\" \/>\n<meta name=\"twitter:site\" content=\"@uartesec\" \/>\n<meta name=\"twitter:label1\" content=\"Dur\u00e9e de lecture estim\u00e9e\" \/>\n\t<meta name=\"twitter:data1\" content=\"6 minutes\" \/>\n<script type=\"application\/ld+json\" class=\"yoast-schema-graph\">{\"@context\":\"https:\\\/\\\/schema.org\",\"@graph\":[{\"@type\":\"WebPage\",\"@id\":\"https:\\\/\\\/www.uartes.edu.ec\\\/sitio\\\/fr\\\/la-universidad\\\/ocs\\\/miembros\\\/\",\"url\":\"https:\\\/\\\/www.uartes.edu.ec\\\/sitio\\\/fr\\\/la-universidad\\\/ocs\\\/miembros\\\/\",\"name\":\"Universidad de las Artes - Miembros del OCS\",\"isPartOf\":{\"@id\":\"https:\\\/\\\/www.uartes.edu.ec\\\/sitio\\\/fr\\\/#website\"},\"primaryImageOfPage\":{\"@id\":\"https:\\\/\\\/www.uartes.edu.ec\\\/sitio\\\/fr\\\/la-universidad\\\/ocs\\\/miembros\\\/#primaryimage\"},\"image\":{\"@id\":\"https:\\\/\\\/www.uartes.edu.ec\\\/sitio\\\/fr\\\/la-universidad\\\/ocs\\\/miembros\\\/#primaryimage\"},\"thumbnailUrl\":\"https:\\\/\\\/www.uartes.edu.ec\\\/sitio\\\/wp-content\\\/uploads\\\/2025\\\/04\\\/01-SESION-REPRESENTANTES-ESTUDIANTILES-OCS.jpg\",\"datePublished\":\"2026-01-01T05:03:12+00:00\",\"dateModified\":\"2026-04-24T15:52:37+00:00\",\"description\":\"Universidad de las Artes - Miembros del OCS\",\"breadcrumb\":{\"@id\":\"https:\\\/\\\/www.uartes.edu.ec\\\/sitio\\\/fr\\\/la-universidad\\\/ocs\\\/miembros\\\/#breadcrumb\"},\"inLanguage\":\"fr-FR\",\"potentialAction\":[{\"@type\":\"ReadAction\",\"target\":[\"https:\\\/\\\/www.uartes.edu.ec\\\/sitio\\\/fr\\\/la-universidad\\\/ocs\\\/miembros\\\/\"]}]},{\"@type\":\"ImageObject\",\"inLanguage\":\"fr-FR\",\"@id\":\"https:\\\/\\\/www.uartes.edu.ec\\\/sitio\\\/fr\\\/la-universidad\\\/ocs\\\/miembros\\\/#primaryimage\",\"url\":\"https:\\\/\\\/www.uartes.edu.ec\\\/sitio\\\/wp-content\\\/uploads\\\/2025\\\/04\\\/01-SESION-REPRESENTANTES-ESTUDIANTILES-OCS.jpg\",\"contentUrl\":\"https:\\\/\\\/www.uartes.edu.ec\\\/sitio\\\/wp-content\\\/uploads\\\/2025\\\/04\\\/01-SESION-REPRESENTANTES-ESTUDIANTILES-OCS.jpg\",\"width\":2000,\"height\":1333},{\"@type\":\"BreadcrumbList\",\"@id\":\"https:\\\/\\\/www.uartes.edu.ec\\\/sitio\\\/fr\\\/la-universidad\\\/ocs\\\/miembros\\\/#breadcrumb\",\"itemListElement\":[{\"@type\":\"ListItem\",\"position\":1,\"name\":\"Inicio\",\"item\":\"https:\\\/\\\/www.uartes.edu.ec\\\/sitio\\\/\"},{\"@type\":\"ListItem\",\"position\":2,\"name\":\"Universidad de las Artes\",\"item\":\"https:\\\/\\\/www.uartes.edu.ec\\\/sitio\\\/\"},{\"@type\":\"ListItem\",\"position\":3,\"name\":\"La Universidad\",\"item\":\"https:\\\/\\\/www.uartes.edu.ec\\\/sitio\\\/la-universidad\\\/la-universidad\\\/\"},{\"@type\":\"ListItem\",\"position\":4,\"name\":\"\u00d3rgano Colegiado Superior\",\"item\":\"https:\\\/\\\/www.uartes.edu.ec\\\/sitio\\\/la-universidad\\\/ocs\\\/\"},{\"@type\":\"ListItem\",\"position\":5,\"name\":\"Miembros del OCS\"}]},{\"@type\":\"WebSite\",\"@id\":\"https:\\\/\\\/www.uartes.edu.ec\\\/sitio\\\/fr\\\/#website\",\"url\":\"https:\\\/\\\/www.uartes.edu.ec\\\/sitio\\\/fr\\\/\",\"name\":\"Universidad de las Artes\",\"description\":\"Sitio oficial de la Universidad Nacional de las Artes del Ecuador\",\"publisher\":{\"@id\":\"https:\\\/\\\/www.uartes.edu.ec\\\/sitio\\\/fr\\\/#organization\"},\"potentialAction\":[{\"@type\":\"SearchAction\",\"target\":{\"@type\":\"EntryPoint\",\"urlTemplate\":\"https:\\\/\\\/www.uartes.edu.ec\\\/sitio\\\/fr\\\/?s={search_term_string}\"},\"query-input\":{\"@type\":\"PropertyValueSpecification\",\"valueRequired\":true,\"valueName\":\"search_term_string\"}}],\"inLanguage\":\"fr-FR\"},{\"@type\":\"Organization\",\"@id\":\"https:\\\/\\\/www.uartes.edu.ec\\\/sitio\\\/fr\\\/#organization\",\"name\":\"Universidad de las Artes\",\"url\":\"https:\\\/\\\/www.uartes.edu.ec\\\/sitio\\\/fr\\\/\",\"logo\":{\"@type\":\"ImageObject\",\"inLanguage\":\"fr-FR\",\"@id\":\"https:\\\/\\\/www.uartes.edu.ec\\\/sitio\\\/fr\\\/#\\\/schema\\\/logo\\\/image\\\/\",\"url\":\"https:\\\/\\\/www.uartes.edu.ec\\\/sitio\\\/wp-content\\\/uploads\\\/2022\\\/07\\\/logo-ua-horizontal.png\",\"contentUrl\":\"https:\\\/\\\/www.uartes.edu.ec\\\/sitio\\\/wp-content\\\/uploads\\\/2022\\\/07\\\/logo-ua-horizontal.png\",\"width\":800,\"height\":276,\"caption\":\"Universidad de las Artes\"},\"image\":{\"@id\":\"https:\\\/\\\/www.uartes.edu.ec\\\/sitio\\\/fr\\\/#\\\/schema\\\/logo\\\/image\\\/\"},\"sameAs\":[\"https:\\\/\\\/www.facebook.com\\\/uartesec\",\"https:\\\/\\\/x.com\\\/uartesec\",\"https:\\\/\\\/www.tiktok.com\\\/@uartesec\"]}]}<\/script>\n<!-- \/ Yoast SEO plugin. -->","yoast_head_json":{"title":"Universidad de las Artes - Miembros del OCS","description":"Universidad de las Artes - Miembros del OCS","robots":{"index":"index","follow":"follow","max-snippet":"max-snippet:-1","max-image-preview":"max-image-preview:large","max-video-preview":"max-video-preview:-1"},"canonical":"https:\/\/www.uartes.edu.ec\/sitio\/fr\/la-universidad\/ocs\/miembros\/","og_locale":"fr_FR","og_type":"article","og_title":"Universidad de las Artes - Miembros del OCS","og_description":"Universidad de las Artes - Miembros del OCS","og_url":"https:\/\/www.uartes.edu.ec\/sitio\/fr\/la-universidad\/ocs\/miembros\/","og_site_name":"Universidad de las Artes","article_publisher":"https:\/\/www.facebook.com\/uartesec","article_modified_time":"2026-04-24T15:52:37+00:00","og_image":[{"width":2000,"height":1333,"url":"https:\/\/www.uartes.edu.ec\/sitio\/wp-content\/uploads\/2025\/04\/01-SESION-REPRESENTANTES-ESTUDIANTILES-OCS.jpg","type":"image\/jpeg"}],"twitter_card":"summary_large_image","twitter_site":"@uartesec","twitter_misc":{"Dur\u00e9e de lecture estim\u00e9e":"6 minutes"},"schema":{"@context":"https:\/\/schema.org","@graph":[{"@type":"WebPage","@id":"https:\/\/www.uartes.edu.ec\/sitio\/fr\/la-universidad\/ocs\/miembros\/","url":"https:\/\/www.uartes.edu.ec\/sitio\/fr\/la-universidad\/ocs\/miembros\/","name":"Universidad de las Artes - Miembros del OCS","isPartOf":{"@id":"https:\/\/www.uartes.edu.ec\/sitio\/fr\/#website"},"primaryImageOfPage":{"@id":"https:\/\/www.uartes.edu.ec\/sitio\/fr\/la-universidad\/ocs\/miembros\/#primaryimage"},"image":{"@id":"https:\/\/www.uartes.edu.ec\/sitio\/fr\/la-universidad\/ocs\/miembros\/#primaryimage"},"thumbnailUrl":"https:\/\/www.uartes.edu.ec\/sitio\/wp-content\/uploads\/2025\/04\/01-SESION-REPRESENTANTES-ESTUDIANTILES-OCS.jpg","datePublished":"2026-01-01T05:03:12+00:00","dateModified":"2026-04-24T15:52:37+00:00","description":"Universidad de las Artes - Miembros del OCS","breadcrumb":{"@id":"https:\/\/www.uartes.edu.ec\/sitio\/fr\/la-universidad\/ocs\/miembros\/#breadcrumb"},"inLanguage":"fr-FR","potentialAction":[{"@type":"ReadAction","target":["https:\/\/www.uartes.edu.ec\/sitio\/fr\/la-universidad\/ocs\/miembros\/"]}]},{"@type":"ImageObject","inLanguage":"fr-FR","@id":"https:\/\/www.uartes.edu.ec\/sitio\/fr\/la-universidad\/ocs\/miembros\/#primaryimage","url":"https:\/\/www.uartes.edu.ec\/sitio\/wp-content\/uploads\/2025\/04\/01-SESION-REPRESENTANTES-ESTUDIANTILES-OCS.jpg","contentUrl":"https:\/\/www.uartes.edu.ec\/sitio\/wp-content\/uploads\/2025\/04\/01-SESION-REPRESENTANTES-ESTUDIANTILES-OCS.jpg","width":2000,"height":1333},{"@type":"BreadcrumbList","@id":"https:\/\/www.uartes.edu.ec\/sitio\/fr\/la-universidad\/ocs\/miembros\/#breadcrumb","itemListElement":[{"@type":"ListItem","position":1,"name":"Inicio","item":"https:\/\/www.uartes.edu.ec\/sitio\/"},{"@type":"ListItem","position":2,"name":"Universidad de las Artes","item":"https:\/\/www.uartes.edu.ec\/sitio\/"},{"@type":"ListItem","position":3,"name":"La Universidad","item":"https:\/\/www.uartes.edu.ec\/sitio\/la-universidad\/la-universidad\/"},{"@type":"ListItem","position":4,"name":"\u00d3rgano Colegiado Superior","item":"https:\/\/www.uartes.edu.ec\/sitio\/la-universidad\/ocs\/"},{"@type":"ListItem","position":5,"name":"Miembros del OCS"}]},{"@type":"WebSite","@id":"https:\/\/www.uartes.edu.ec\/sitio\/fr\/#website","url":"https:\/\/www.uartes.edu.ec\/sitio\/fr\/","name":"Universidad de las Artes","description":"Sitio oficial de la Universidad Nacional de las Artes del Ecuador","publisher":{"@id":"https:\/\/www.uartes.edu.ec\/sitio\/fr\/#organization"},"potentialAction":[{"@type":"SearchAction","target":{"@type":"EntryPoint","urlTemplate":"https:\/\/www.uartes.edu.ec\/sitio\/fr\/?s={search_term_string}"},"query-input":{"@type":"PropertyValueSpecification","valueRequired":true,"valueName":"search_term_string"}}],"inLanguage":"fr-FR"},{"@type":"Organization","@id":"https:\/\/www.uartes.edu.ec\/sitio\/fr\/#organization","name":"Universidad de las Artes","url":"https:\/\/www.uartes.edu.ec\/sitio\/fr\/","logo":{"@type":"ImageObject","inLanguage":"fr-FR","@id":"https:\/\/www.uartes.edu.ec\/sitio\/fr\/#\/schema\/logo\/image\/","url":"https:\/\/www.uartes.edu.ec\/sitio\/wp-content\/uploads\/2022\/07\/logo-ua-horizontal.png","contentUrl":"https:\/\/www.uartes.edu.ec\/sitio\/wp-content\/uploads\/2022\/07\/logo-ua-horizontal.png","width":800,"height":276,"caption":"Universidad de las Artes"},"image":{"@id":"https:\/\/www.uartes.edu.ec\/sitio\/fr\/#\/schema\/logo\/image\/"},"sameAs":["https:\/\/www.facebook.com\/uartesec","https:\/\/x.com\/uartesec","https:\/\/www.tiktok.com\/@uartesec"]}]}},"uagb_featured_image_src":{"full":["https:\/\/www.uartes.edu.ec\/sitio\/wp-content\/uploads\/2025\/04\/01-SESION-REPRESENTANTES-ESTUDIANTILES-OCS.jpg",2000,1333,false],"thumbnail":["https:\/\/www.uartes.edu.ec\/sitio\/wp-content\/uploads\/2025\/04\/01-SESION-REPRESENTANTES-ESTUDIANTILES-OCS-150x150.jpg",150,150,true],"medium":["https:\/\/www.uartes.edu.ec\/sitio\/wp-content\/uploads\/2025\/04\/01-SESION-REPRESENTANTES-ESTUDIANTILES-OCS-300x200.jpg",300,200,true],"medium_large":["https:\/\/www.uartes.edu.ec\/sitio\/wp-content\/uploads\/2025\/04\/01-SESION-REPRESENTANTES-ESTUDIANTILES-OCS-768x512.jpg",768,512,true],"large":["https:\/\/www.uartes.edu.ec\/sitio\/wp-content\/uploads\/2025\/04\/01-SESION-REPRESENTANTES-ESTUDIANTILES-OCS-644x429.jpg",644,429,true],"1536x1536":["https:\/\/www.uartes.edu.ec\/sitio\/wp-content\/uploads\/2025\/04\/01-SESION-REPRESENTANTES-ESTUDIANTILES-OCS-1536x1024.jpg",1536,1024,true],"2048x2048":["https:\/\/www.uartes.edu.ec\/sitio\/wp-content\/uploads\/2025\/04\/01-SESION-REPRESENTANTES-ESTUDIANTILES-OCS.jpg",2000,1333,false],"trp-custom-language-flag":["https:\/\/www.uartes.edu.ec\/sitio\/wp-content\/uploads\/2025\/04\/01-SESION-REPRESENTANTES-ESTUDIANTILES-OCS-18x12.jpg",18,12,true],"htmega_size_585x295":["https:\/\/www.uartes.edu.ec\/sitio\/wp-content\/uploads\/2025\/04\/01-SESION-REPRESENTANTES-ESTUDIANTILES-OCS-585x295.jpg",585,295,true],"htmega_size_1170x536":["https:\/\/www.uartes.edu.ec\/sitio\/wp-content\/uploads\/2025\/04\/01-SESION-REPRESENTANTES-ESTUDIANTILES-OCS-1170x536.jpg",1170,536,true],"htmega_size_396x360":["https:\/\/www.uartes.edu.ec\/sitio\/wp-content\/uploads\/2025\/04\/01-SESION-REPRESENTANTES-ESTUDIANTILES-OCS-396x360.jpg",396,360,true],"gb-block-post-grid-landscape":["https:\/\/www.uartes.edu.ec\/sitio\/wp-content\/uploads\/2025\/04\/01-SESION-REPRESENTANTES-ESTUDIANTILES-OCS-600x400.jpg",600,400,true],"gb-block-post-grid-square":["https:\/\/www.uartes.edu.ec\/sitio\/wp-content\/uploads\/2025\/04\/01-SESION-REPRESENTANTES-ESTUDIANTILES-OCS-600x600.jpg",600,600,true],"university-hub-thumb":["https:\/\/www.uartes.edu.ec\/sitio\/wp-content\/uploads\/2025\/04\/01-SESION-REPRESENTANTES-ESTUDIANTILES-OCS-400x267.jpg",400,267,true]},"uagb_author_info":{"display_name":"Universidad de las Artes","author_link":"https:\/\/www.uartes.edu.ec\/sitio\/fr\/blog\/author\/dircomadm\/"},"uagb_comment_info":0,"uagb_excerpt":"Saidel Brito LorenzoRector Yulianela P\u00e9rez Garc\u00edaVicerrectora Acad\u00e9mica Andrey Mijail Astaiza VallejoVicerrector de Posgrados e Investigaci\u00f3n en Artes Directores Gabriela Rivadeneira CrespoDirectora de la Escuela de Posgrados Julio Rusl\u00e1n Torres LeyvaDirector de la Escuela de Artes Visuales Carlos Alb\u00e1n JaramilloDirector de la Escuela de Artes Sonoras y Musicales \u202aAgust\u00edn Garcells Su\u00e1rezDirector de la Escuela de Cine\u2026","featured_image_src":"https:\/\/www.uartes.edu.ec\/sitio\/wp-content\/uploads\/2025\/04\/01-SESION-REPRESENTANTES-ESTUDIANTILES-OCS-600x400.jpg","featured_image_src_square":"https:\/\/www.uartes.edu.ec\/sitio\/wp-content\/uploads\/2025\/04\/01-SESION-REPRESENTANTES-ESTUDIANTILES-OCS-600x600.jpg","publishpress_future_action":{"enabled":false,"date":"2026-05-09 05:23:34","action":"change-status","newStatus":"draft","terms":[],"taxonomy":"","extraData":[]},"publishpress_future_workflow_manual_trigger":{"enabledWorkflows":[]},"distributor_meta":false,"distributor_terms":false,"distributor_media":false,"distributor_original_site_name":"Universidad de las Artes","distributor_original_site_url":"https:\/\/www.uartes.edu.ec\/sitio\/fr","push-errors":false,"_links":{"self":[{"href":"https:\/\/www.uartes.edu.ec\/sitio\/fr\/wp-json\/wp\/v2\/pages\/16744","targetHints":{"allow":["GET"]}}],"collection":[{"href":"https:\/\/www.uartes.edu.ec\/sitio\/fr\/wp-json\/wp\/v2\/pages"}],"about":[{"href":"https:\/\/www.uartes.edu.ec\/sitio\/fr\/wp-json\/wp\/v2\/types\/page"}],"author":[{"embeddable":true,"href":"https:\/\/www.uartes.edu.ec\/sitio\/fr\/wp-json\/wp\/v2\/users\/1"}],"replies":[{"embeddable":true,"href":"https:\/\/www.uartes.edu.ec\/sitio\/fr\/wp-json\/wp\/v2\/comments?post=16744"}],"version-history":[{"count":104,"href":"https:\/\/www.uartes.edu.ec\/sitio\/fr\/wp-json\/wp\/v2\/pages\/16744\/revisions"}],"predecessor-version":[{"id":89637,"href":"https:\/\/www.uartes.edu.ec\/sitio\/fr\/wp-json\/wp\/v2\/pages\/16744\/revisions\/89637"}],"up":[{"embeddable":true,"href":"https:\/\/www.uartes.edu.ec\/sitio\/fr\/wp-json\/wp\/v2\/pages\/3046"}],"wp:featuredmedia":[{"embeddable":true,"href":"https:\/\/www.uartes.edu.ec\/sitio\/fr\/wp-json\/wp\/v2\/media\/70294"}],"wp:attachment":[{"href":"https:\/\/www.uartes.edu.ec\/sitio\/fr\/wp-json\/wp\/v2\/media?parent=16744"}],"curies":[{"name":"wp","href":"https:\/\/api.w.org\/{rel}","templated":true}]}}