{"id":19504,"date":"2022-02-10T09:09:50","date_gmt":"2022-02-10T14:09:50","guid":{"rendered":"http:\/\/www.uartes.edu.ec\/sitio\/la-universidad\/estudiantes\/academico\/lineamientos-para-el-uso-del-campus-virtual\/"},"modified":"2025-05-29T11:35:37","modified_gmt":"2025-05-29T16:35:37","slug":"lineamientos-para-el-uso-del-campus-virtual","status":"publish","type":"page","link":"https:\/\/www.uartes.edu.ec\/sitio\/fr\/la-universidad\/estudiantes\/academico\/lineamientos-para-el-uso-del-campus-virtual\/","title":{"rendered":"Lineamientos para el Uso del Campus Virtual"},"content":{"rendered":"<div class=\"wp-block-getwid-accordion has-icon-left\" data-active-element=\"none\">\n<div class=\"wp-block-getwid-accordion__header-wrapper\"><h2 class=\"wp-block-getwid-accordion__header\"><a href=\"#\"><span class=\"wp-block-getwid-accordion__header-title\">Apertura de cursos<\/span><span class=\"wp-block-getwid-accordion__icon is-active\"><i class=\"fas fa-plus\"><\/i><\/span><span class=\"wp-block-getwid-accordion__icon is-passive\"><i class=\"fas fa-minus\"><\/i><\/span><\/a><\/h2><\/div><div class=\"wp-block-getwid-accordion__content-wrapper\"><div class=\"wp-block-getwid-accordion__content\">\n<p>Todas las asignaturas en cualquiera de las modalidades: presencial, semipresencial, h\u00edbrida o virtual contar\u00e1n con su correspondiente aula virtual como apoyo para el proceso acad\u00e9mico. Todas las aulas virtuales deber\u00e1n presentar los componentes m\u00ednimos descritos previamente en las pol\u00edticas para la ense\u00f1anza virtual en especial la constancia del syllabus.<\/p>\n\n\n\n<p>La creaci\u00f3n de cursos se realizar\u00e1 de acuerdo a la planificaci\u00f3n de las Escuelas\/unidades acad\u00e9micas una vez que se hayan consolidado los distributivos respectivos.<\/p>\n\n\n\n<p>Cualquier modificaci\u00f3n en la creaci\u00f3n de aulas virtuales de cursos programados para el semestre se realizar\u00e1 con la respectiva solicitud a la Secretar\u00eda Acad\u00e9mica.<\/p>\n\n\n\n<p>En el caso de apertura de cursos adicionales fuera de la planificaci\u00f3n, la direcci\u00f3n o jefatura deber\u00e1 solicitarlo por escrito a <a href=\"mailto:formacion.virtual@uartes.edu.ec\">formacion.virtual@uartes.edu.ec<\/a><\/p>\n<\/div><\/div>\n\n\n\n<div class=\"wp-block-getwid-accordion__header-wrapper\"><h2 class=\"wp-block-getwid-accordion__header\"><a href=\"#\"><span class=\"wp-block-getwid-accordion__header-title\">Registro de estudiantes o usuarios<\/span><span class=\"wp-block-getwid-accordion__icon is-active\"><i class=\"fas fa-plus\"><\/i><\/span><span class=\"wp-block-getwid-accordion__icon is-passive\"><i class=\"fas fa-minus\"><\/i><\/span><\/a><\/h2><\/div><div class=\"wp-block-getwid-accordion__content-wrapper\"><div class=\"wp-block-getwid-accordion__content\">\n<p>El registro de estudiantes en los cursos de pregrado, nivelaci\u00f3n e idiomas en las aulas virtuales durante los periodos ordinarios se realizar\u00e1 una vez culminado el periodo de matr\u00edculas ordinarias.<\/p>\n<\/div><\/div>\n\n\n\n<div class=\"wp-block-getwid-accordion__header-wrapper\"><h2 class=\"wp-block-getwid-accordion__header\"><a href=\"#\"><span class=\"wp-block-getwid-accordion__header-title\">Usuarios \/ claves UArtes y acceso a servicios<\/span><span class=\"wp-block-getwid-accordion__icon is-active\"><i class=\"fas fa-plus\"><\/i><\/span><span class=\"wp-block-getwid-accordion__icon is-passive\"><i class=\"fas fa-minus\"><\/i><\/span><\/a><\/h2><\/div><div class=\"wp-block-getwid-accordion__content-wrapper\"><div class=\"wp-block-getwid-accordion__content\">\n<p>La informaci\u00f3n contenida en nombres de usuario y claves son de exclusiva responsabilidad de cada usuario y propiedad de la Universidad de las Artes quien se reserva el derecho sobre dicha informaci\u00f3n. Su uso indebido se someter\u00e1 al C\u00f3digo de \u00e9tica de la instituci\u00f3n.<\/p>\n\n\n\n<p>A cada estudiante de la Universidad de las Artes se le asignar\u00e1 el usuario respectivo correspondiente al usuario del correo para el ingreso a servicios como CEDIA, Office 365, Campus virtual (Moodle) y red inal\u00e1mbrica dentro del campus.<\/p>\n\n\n\n<p>En caso de tener problemas de acceso a las plataformas, SGA, o en el caso de p\u00e9rdida de acceso al Office 365 dirigirse a <a href=\"mailto:soporte.tics@uartes.edu.ec\">soporte.tics@uartes.edu.ec<\/a><\/p>\n<\/div><\/div>\n\n\n\n<div class=\"wp-block-getwid-accordion__header-wrapper\"><h2 class=\"wp-block-getwid-accordion__header\"><a href=\"#\"><span class=\"wp-block-getwid-accordion__header-title\">Actividades y evidencias<\/span><span class=\"wp-block-getwid-accordion__icon is-active\"><i class=\"fas fa-plus\"><\/i><\/span><span class=\"wp-block-getwid-accordion__icon is-passive\"><i class=\"fas fa-minus\"><\/i><\/span><\/a><\/h2><\/div><div class=\"wp-block-getwid-accordion__content-wrapper\"><div class=\"wp-block-getwid-accordion__content\">\n<p>Cada docente ser\u00e1 responsable de gestionar sus cursos y materiales que solicita o coloca a disposici\u00f3n como parte de las actividades acad\u00e9micas, as\u00ed como los estudiantes ser\u00e1n responsables de cumplir con las tareas indicadas dentro de los plazos establecidos.<\/p>\n\n\n\n<p>Es responsabilidad docente en el caso de modalidades de ense\u00f1anza que utilizan el recurso virtual, de evidenciar sus actividades que den constancia de su preparaci\u00f3n y labor pedag\u00f3gica.<\/p>\n\n\n\n<p>Las actividades que sean eliminadas o borradas del Moodle no constar\u00e1n en el archivo.<\/p>\n<\/div><\/div>\n\n\n\n<div class=\"wp-block-getwid-accordion__header-wrapper\"><h2 class=\"wp-block-getwid-accordion__header\"><a href=\"#\"><span class=\"wp-block-getwid-accordion__header-title\">Recursos y almacenamiento<\/span><span class=\"wp-block-getwid-accordion__icon is-active\"><i class=\"fas fa-plus\"><\/i><\/span><span class=\"wp-block-getwid-accordion__icon is-passive\"><i class=\"fas fa-minus\"><\/i><\/span><\/a><\/h2><\/div><div class=\"wp-block-getwid-accordion__content-wrapper\"><div class=\"wp-block-getwid-accordion__content\">\n<p>El tama\u00f1o m\u00e1ximo de cada archivo cargado en el aula virtual ser\u00e1 de 30 Mb. Para archivos que excedan este criterio, se solicita el uso de la nube OneDrive como parte de los servicios contratados de Office 365, el cual funciona como almacenamiento virtual y puede compartirse a trav\u00e9s de un v\u00ednculo, as\u00ed como otros medios de almacenamiento externos.<\/p>\n\n\n\n<p>Es necesario evitar la carga de videos, archivos pesados de im\u00e1genes o multimedia al campus virtual, y en su lugar cargarlos a otras plataformas y referenciarlos para aligerar y optimizar el desempe\u00f1o del servidor.<\/p>\n<\/div><\/div>\n\n\n\n<div class=\"wp-block-getwid-accordion__header-wrapper\"><h2 class=\"wp-block-getwid-accordion__header\"><a href=\"#\"><span class=\"wp-block-getwid-accordion__header-title\">Permanencia de cursos finalizados<\/span><span class=\"wp-block-getwid-accordion__icon is-active\"><i class=\"fas fa-plus\"><\/i><\/span><span class=\"wp-block-getwid-accordion__icon is-passive\"><i class=\"fas fa-minus\"><\/i><\/span><\/a><\/h2><\/div><div class=\"wp-block-getwid-accordion__content-wrapper\"><div class=\"wp-block-getwid-accordion__content\">\n<p>Para pregrado, nivelaci\u00f3n, e idiomas, los contenidos de las asignaturas cargadas en el Moodle quedar\u00e1n disponibles durante dos semestres adicionales posterior a la culminaci\u00f3n del curso (semestre actual + dos semestres anteriores incluyendo el periodo intensivo.)<\/p>\n<\/div><\/div>\n\n\n\n<div class=\"wp-block-getwid-accordion__header-wrapper\"><h2 class=\"wp-block-getwid-accordion__header\"><a href=\"#\"><span class=\"wp-block-getwid-accordion__header-title\">Cronograma<\/span><span class=\"wp-block-getwid-accordion__icon is-active\"><i class=\"fas fa-plus\"><\/i><\/span><span class=\"wp-block-getwid-accordion__icon is-passive\"><i class=\"fas fa-minus\"><\/i><\/span><\/a><\/h2><\/div><div class=\"wp-block-getwid-accordion__content-wrapper\"><div class=\"wp-block-getwid-accordion__content\">\n<h3 class=\"wp-block-heading\" id=\"para-subida-de-cursos\">Para subida de cursos<\/h3>\n\n\n\n<p>Durante las dos primeras semanas del periodo acad\u00e9mico se modificar\u00e1 el tama\u00f1o de carga de cursos a 200 Mb. El docente ser\u00e1 responsable de importar los contenidos en los cursos respectivos.<\/p>\n\n\n\n<h3 class=\"wp-block-heading\" id=\"para-baja-de-cursos\">Para baja de cursos<\/h3>\n\n\n\n<p>La Direcci\u00f3n de Tecnolog\u00edas comunicar\u00e1 con antelaci\u00f3n las fechas para el proceso de archivamiento y baja de cursos en cada semestre. Asimismo, la direcci\u00f3n se encargar\u00e1 de realizar y mantener el archivo de los cursos con fines de auditor\u00eda educativa por un periodo m\u00ednimo de 5 a\u00f1os.<\/p>\n\n\n\n<p>Los tiempos designados para dar de baja a los cursos ser\u00e1n los tiempos de suspensi\u00f3n de actividades acad\u00e9micas: despu\u00e9s del intensivo (mes de marzo-abril), al finalizar el semestre I (mes de agosto- septiembre), o al finalizar el a\u00f1o (diciembre), o como lo determine la Direcci\u00f3n en acorde a las necesidades.<\/p>\n<\/div><\/div>\n\n\n\n<div class=\"wp-block-getwid-accordion__header-wrapper\"><h2 class=\"wp-block-getwid-accordion__header\"><a href=\"#\"><span class=\"wp-block-getwid-accordion__header-title\">Respaldos de cursos<\/span><span class=\"wp-block-getwid-accordion__icon is-active\"><i class=\"fas fa-plus\"><\/i><\/span><span class=\"wp-block-getwid-accordion__icon is-passive\"><i class=\"fas fa-minus\"><\/i><\/span><\/a><\/h2><\/div><div class=\"wp-block-getwid-accordion__content-wrapper\"><div class=\"wp-block-getwid-accordion__content\">\n<p>El docente deber\u00e1 realizar copias de respaldo, las cuales se pueden obtener a trav\u00e9s de la plataforma Moodle, que contienen la planificaci\u00f3n y los recursos utilizados (sin la informaci\u00f3n de los estudiantes). Es recomendable almacenar dicho archivo en la nube personal para su referencia y utilizaci\u00f3n en cursos posteriores. Tambi\u00e9n queda bajo responsabilidad del docente el proceso de importaci\u00f3n de los contenidos.<\/p>\n<\/div><\/div>\n\n\n\n<div class=\"wp-block-getwid-accordion__header-wrapper\"><h2 class=\"wp-block-getwid-accordion__header\"><a href=\"#\"><span class=\"wp-block-getwid-accordion__header-title\">Uso exclusivo de materiales<\/span><span class=\"wp-block-getwid-accordion__icon is-active\"><i class=\"fas fa-plus\"><\/i><\/span><span class=\"wp-block-getwid-accordion__icon is-passive\"><i class=\"fas fa-minus\"><\/i><\/span><\/a><\/h2><\/div><div class=\"wp-block-getwid-accordion__content-wrapper\"><div class=\"wp-block-getwid-accordion__content\">\n<p>Los materiales videogr\u00e1ficos o recursos que hayan sido elaborados por los docentes son de uso exclusivo para la actividad de docencia universitaria dentro de la Universidad de las Artes. Su uso fuera de las instalaciones y servicios universitarios debe autorizarse por los autores de dichos materiales.<\/p>\n<\/div><\/div>\n\n\n\n<div class=\"wp-block-getwid-accordion__header-wrapper\"><h2 class=\"wp-block-getwid-accordion__header\"><a href=\"#\"><span class=\"wp-block-getwid-accordion__header-title\">Roles en campus virtual<\/span><span class=\"wp-block-getwid-accordion__icon is-active\"><i class=\"fas fa-plus\"><\/i><\/span><span class=\"wp-block-getwid-accordion__icon is-passive\"><i class=\"fas fa-minus\"><\/i><\/span><\/a><\/h2><\/div><div class=\"wp-block-getwid-accordion__content-wrapper\"><div class=\"wp-block-getwid-accordion__content\">\n<p>Los roles dentro del campus virtual definen los diferentes accesos a la administraci\u00f3n dentro del campus. Las unidades acad\u00e9micas podr\u00e1n solicitar la asignaci\u00f3n de roles seg\u00fan su necesidad.<\/p>\n\n\n\n<p>Para facilitar la labor docente quienes hayan solicitado ayudantes de c\u00e1tedra podr\u00e1n solicitar el perfil de \u201cprofesor sin permiso de edici\u00f3n\u201d a las respectivas coordinaciones, o al correo <a href=\"mailto:formacion.virtual@uartes.edu.ec\">formacion.virtual@uartes.edu.ec<\/a><\/p>\n\n\n\n<p>Las direcciones, jefaturas y coordinaciones velar\u00e1n por el desarrollo normal de los cursos y podr\u00e1n cambiar de perfil a usuarios, matricular a estudiantes en cursos, as\u00ed como visualizar los contenidos de cursos que est\u00e9n a su cargo con fines de supervisi\u00f3n y\/o evaluaci\u00f3n.<\/p>\n<\/div><\/div>\n\n\n\n<div class=\"wp-block-getwid-accordion__header-wrapper\"><h2 class=\"wp-block-getwid-accordion__header\"><a href=\"#\"><span class=\"wp-block-getwid-accordion__header-title\">Soporte<\/span><span class=\"wp-block-getwid-accordion__icon is-active\"><i class=\"fas fa-plus\"><\/i><\/span><span class=\"wp-block-getwid-accordion__icon is-passive\"><i class=\"fas fa-minus\"><\/i><\/span><\/a><\/h2><\/div><div class=\"wp-block-getwid-accordion__content-wrapper\"><div class=\"wp-block-getwid-accordion__content\">\n<p>En el caso de problemas de ingreso a la plataforma Moodle, SGA, y correos comunicarse con <a href=\"mailto:soporte.tics@uartes.edu.ec\">soporte.tics@uartes.edu.ec<\/a><\/p>\n\n\n\n<p>En el caso de que existan dudas acerca del funcionamiento, o las actividades dentro del Moodle, tanto docentes como estudiantes pueden comunicarse con: formacion.virtual@uartes.edu.ec. Las tem\u00e1ticas de apoyo ofertadas son:<\/p>\n\n\n\n<ul class=\"wp-block-list\">\n<li>Ingreso a la plataforma<\/li>\n\n\n\n<li>Administraci\u00f3n de cursos<\/li>\n\n\n\n<li>Asesor\u00eda, creaci\u00f3n, entrega de actividades -Creaci\u00f3n de r\u00fabricas<\/li>\n\n\n\n<li>Utilizaci\u00f3n de repositorios digitales, etc.<\/li>\n<\/ul>\n<\/div><\/div>\n<\/div>","protected":false},"excerpt":{"rendered":"","protected":false},"author":1,"featured_media":0,"parent":3025,"menu_order":8,"comment_status":"closed","ping_status":"closed","template":"","meta":{"_acf_changed":false,"_uag_custom_page_level_css":"","_monsterinsights_skip_tracking":false,"_monsterinsights_sitenote_active":false,"_monsterinsights_sitenote_note":"","_monsterinsights_sitenote_category":0,"cybocfi_hide_featured_image":"","footnotes":""},"class_list":["post-19504","page","type-page","status-publish","hentry"],"acf":[],"yoast_head":"<!-- This site is optimized with the Yoast SEO plugin v27.4 - https:\/\/yoast.com\/product\/yoast-seo-wordpress\/ -->\n<title>Universidad de las Artes - Lineamientos para el Uso del Campus Virtual<\/title>\n<meta name=\"description\" content=\"Universidad de las Artes - Lineamientos para el Uso del Campus Virtual\" \/>\n<meta name=\"robots\" content=\"index, follow, max-snippet:-1, max-image-preview:large, max-video-preview:-1\" \/>\n<link rel=\"canonical\" href=\"https:\/\/www.uartes.edu.ec\/sitio\/fr\/la-universidad\/estudiantes\/academico\/lineamientos-para-el-uso-del-campus-virtual\/\" \/>\n<meta property=\"og:locale\" content=\"fr_FR\" \/>\n<meta property=\"og:type\" content=\"article\" \/>\n<meta property=\"og:title\" content=\"Universidad de las Artes - Lineamientos para el Uso del Campus Virtual\" \/>\n<meta property=\"og:description\" content=\"Universidad de las Artes - Lineamientos para el Uso del Campus Virtual\" \/>\n<meta property=\"og:url\" content=\"https:\/\/www.uartes.edu.ec\/sitio\/fr\/la-universidad\/estudiantes\/academico\/lineamientos-para-el-uso-del-campus-virtual\/\" \/>\n<meta property=\"og:site_name\" content=\"Universidad de las Artes\" \/>\n<meta property=\"article:publisher\" content=\"https:\/\/www.facebook.com\/uartesec\" \/>\n<meta property=\"article:modified_time\" content=\"2025-05-29T16:35:37+00:00\" \/>\n<meta name=\"twitter:card\" content=\"summary_large_image\" \/>\n<meta name=\"twitter:site\" content=\"@uartesec\" \/>\n<meta name=\"twitter:label1\" content=\"Dur\u00e9e de lecture estim\u00e9e\" \/>\n\t<meta name=\"twitter:data1\" content=\"5 minutes\" \/>\n<script type=\"application\/ld+json\" class=\"yoast-schema-graph\">{\"@context\":\"https:\\\/\\\/schema.org\",\"@graph\":[{\"@type\":\"WebPage\",\"@id\":\"https:\\\/\\\/www.uartes.edu.ec\\\/sitio\\\/fr\\\/la-universidad\\\/estudiantes\\\/academico\\\/lineamientos-para-el-uso-del-campus-virtual\\\/\",\"url\":\"https:\\\/\\\/www.uartes.edu.ec\\\/sitio\\\/fr\\\/la-universidad\\\/estudiantes\\\/academico\\\/lineamientos-para-el-uso-del-campus-virtual\\\/\",\"name\":\"Universidad de las Artes - Lineamientos para el Uso del Campus Virtual\",\"isPartOf\":{\"@id\":\"https:\\\/\\\/www.uartes.edu.ec\\\/sitio\\\/fr\\\/#website\"},\"datePublished\":\"2022-02-10T14:09:50+00:00\",\"dateModified\":\"2025-05-29T16:35:37+00:00\",\"description\":\"Universidad de las Artes - Lineamientos para el Uso del Campus Virtual\",\"breadcrumb\":{\"@id\":\"https:\\\/\\\/www.uartes.edu.ec\\\/sitio\\\/fr\\\/la-universidad\\\/estudiantes\\\/academico\\\/lineamientos-para-el-uso-del-campus-virtual\\\/#breadcrumb\"},\"inLanguage\":\"fr-FR\",\"potentialAction\":[{\"@type\":\"ReadAction\",\"target\":[\"https:\\\/\\\/www.uartes.edu.ec\\\/sitio\\\/fr\\\/la-universidad\\\/estudiantes\\\/academico\\\/lineamientos-para-el-uso-del-campus-virtual\\\/\"]}]},{\"@type\":\"BreadcrumbList\",\"@id\":\"https:\\\/\\\/www.uartes.edu.ec\\\/sitio\\\/fr\\\/la-universidad\\\/estudiantes\\\/academico\\\/lineamientos-para-el-uso-del-campus-virtual\\\/#breadcrumb\",\"itemListElement\":[{\"@type\":\"ListItem\",\"position\":1,\"name\":\"Inicio\",\"item\":\"https:\\\/\\\/www.uartes.edu.ec\\\/sitio\\\/\"},{\"@type\":\"ListItem\",\"position\":2,\"name\":\"Universidad de las Artes\",\"item\":\"https:\\\/\\\/www.uartes.edu.ec\\\/sitio\\\/\"},{\"@type\":\"ListItem\",\"position\":3,\"name\":\"Estudiantes\",\"item\":\"https:\\\/\\\/www.uartes.edu.ec\\\/sitio\\\/la-universidad\\\/estudiantes\\\/\"},{\"@type\":\"ListItem\",\"position\":4,\"name\":\"Acad\u00e9mico\",\"item\":\"https:\\\/\\\/www.uartes.edu.ec\\\/sitio\\\/la-universidad\\\/estudiantes\\\/academico\\\/\"},{\"@type\":\"ListItem\",\"position\":5,\"name\":\"Lineamientos para el Uso del Campus Virtual\"}]},{\"@type\":\"WebSite\",\"@id\":\"https:\\\/\\\/www.uartes.edu.ec\\\/sitio\\\/fr\\\/#website\",\"url\":\"https:\\\/\\\/www.uartes.edu.ec\\\/sitio\\\/fr\\\/\",\"name\":\"Universidad de las Artes\",\"description\":\"Sitio oficial de la Universidad Nacional de las Artes del Ecuador\",\"publisher\":{\"@id\":\"https:\\\/\\\/www.uartes.edu.ec\\\/sitio\\\/fr\\\/#organization\"},\"potentialAction\":[{\"@type\":\"SearchAction\",\"target\":{\"@type\":\"EntryPoint\",\"urlTemplate\":\"https:\\\/\\\/www.uartes.edu.ec\\\/sitio\\\/fr\\\/?s={search_term_string}\"},\"query-input\":{\"@type\":\"PropertyValueSpecification\",\"valueRequired\":true,\"valueName\":\"search_term_string\"}}],\"inLanguage\":\"fr-FR\"},{\"@type\":\"Organization\",\"@id\":\"https:\\\/\\\/www.uartes.edu.ec\\\/sitio\\\/fr\\\/#organization\",\"name\":\"Universidad de las Artes\",\"url\":\"https:\\\/\\\/www.uartes.edu.ec\\\/sitio\\\/fr\\\/\",\"logo\":{\"@type\":\"ImageObject\",\"inLanguage\":\"fr-FR\",\"@id\":\"https:\\\/\\\/www.uartes.edu.ec\\\/sitio\\\/fr\\\/#\\\/schema\\\/logo\\\/image\\\/\",\"url\":\"https:\\\/\\\/www.uartes.edu.ec\\\/sitio\\\/wp-content\\\/uploads\\\/2022\\\/07\\\/logo-ua-horizontal.png\",\"contentUrl\":\"https:\\\/\\\/www.uartes.edu.ec\\\/sitio\\\/wp-content\\\/uploads\\\/2022\\\/07\\\/logo-ua-horizontal.png\",\"width\":800,\"height\":276,\"caption\":\"Universidad de las Artes\"},\"image\":{\"@id\":\"https:\\\/\\\/www.uartes.edu.ec\\\/sitio\\\/fr\\\/#\\\/schema\\\/logo\\\/image\\\/\"},\"sameAs\":[\"https:\\\/\\\/www.facebook.com\\\/uartesec\",\"https:\\\/\\\/x.com\\\/uartesec\",\"https:\\\/\\\/www.tiktok.com\\\/@uartesec\"]}]}<\/script>\n<!-- \/ Yoast SEO plugin. -->","yoast_head_json":{"title":"Universidad de las Artes - Lineamientos para el Uso del Campus Virtual","description":"Universidad de las Artes - Lineamientos para el Uso del Campus Virtual","robots":{"index":"index","follow":"follow","max-snippet":"max-snippet:-1","max-image-preview":"max-image-preview:large","max-video-preview":"max-video-preview:-1"},"canonical":"https:\/\/www.uartes.edu.ec\/sitio\/fr\/la-universidad\/estudiantes\/academico\/lineamientos-para-el-uso-del-campus-virtual\/","og_locale":"fr_FR","og_type":"article","og_title":"Universidad de las Artes - Lineamientos para el Uso del Campus Virtual","og_description":"Universidad de las Artes - Lineamientos para el Uso del Campus Virtual","og_url":"https:\/\/www.uartes.edu.ec\/sitio\/fr\/la-universidad\/estudiantes\/academico\/lineamientos-para-el-uso-del-campus-virtual\/","og_site_name":"Universidad de las Artes","article_publisher":"https:\/\/www.facebook.com\/uartesec","article_modified_time":"2025-05-29T16:35:37+00:00","twitter_card":"summary_large_image","twitter_site":"@uartesec","twitter_misc":{"Dur\u00e9e de lecture estim\u00e9e":"5 minutes"},"schema":{"@context":"https:\/\/schema.org","@graph":[{"@type":"WebPage","@id":"https:\/\/www.uartes.edu.ec\/sitio\/fr\/la-universidad\/estudiantes\/academico\/lineamientos-para-el-uso-del-campus-virtual\/","url":"https:\/\/www.uartes.edu.ec\/sitio\/fr\/la-universidad\/estudiantes\/academico\/lineamientos-para-el-uso-del-campus-virtual\/","name":"Universidad de las Artes - Lineamientos para el Uso del Campus Virtual","isPartOf":{"@id":"https:\/\/www.uartes.edu.ec\/sitio\/fr\/#website"},"datePublished":"2022-02-10T14:09:50+00:00","dateModified":"2025-05-29T16:35:37+00:00","description":"Universidad de las Artes - Lineamientos para el Uso del Campus Virtual","breadcrumb":{"@id":"https:\/\/www.uartes.edu.ec\/sitio\/fr\/la-universidad\/estudiantes\/academico\/lineamientos-para-el-uso-del-campus-virtual\/#breadcrumb"},"inLanguage":"fr-FR","potentialAction":[{"@type":"ReadAction","target":["https:\/\/www.uartes.edu.ec\/sitio\/fr\/la-universidad\/estudiantes\/academico\/lineamientos-para-el-uso-del-campus-virtual\/"]}]},{"@type":"BreadcrumbList","@id":"https:\/\/www.uartes.edu.ec\/sitio\/fr\/la-universidad\/estudiantes\/academico\/lineamientos-para-el-uso-del-campus-virtual\/#breadcrumb","itemListElement":[{"@type":"ListItem","position":1,"name":"Inicio","item":"https:\/\/www.uartes.edu.ec\/sitio\/"},{"@type":"ListItem","position":2,"name":"Universidad de las Artes","item":"https:\/\/www.uartes.edu.ec\/sitio\/"},{"@type":"ListItem","position":3,"name":"Estudiantes","item":"https:\/\/www.uartes.edu.ec\/sitio\/la-universidad\/estudiantes\/"},{"@type":"ListItem","position":4,"name":"Acad\u00e9mico","item":"https:\/\/www.uartes.edu.ec\/sitio\/la-universidad\/estudiantes\/academico\/"},{"@type":"ListItem","position":5,"name":"Lineamientos para el Uso del Campus Virtual"}]},{"@type":"WebSite","@id":"https:\/\/www.uartes.edu.ec\/sitio\/fr\/#website","url":"https:\/\/www.uartes.edu.ec\/sitio\/fr\/","name":"Universidad de las Artes","description":"Sitio oficial de la Universidad Nacional de las Artes del Ecuador","publisher":{"@id":"https:\/\/www.uartes.edu.ec\/sitio\/fr\/#organization"},"potentialAction":[{"@type":"SearchAction","target":{"@type":"EntryPoint","urlTemplate":"https:\/\/www.uartes.edu.ec\/sitio\/fr\/?s={search_term_string}"},"query-input":{"@type":"PropertyValueSpecification","valueRequired":true,"valueName":"search_term_string"}}],"inLanguage":"fr-FR"},{"@type":"Organization","@id":"https:\/\/www.uartes.edu.ec\/sitio\/fr\/#organization","name":"Universidad de las Artes","url":"https:\/\/www.uartes.edu.ec\/sitio\/fr\/","logo":{"@type":"ImageObject","inLanguage":"fr-FR","@id":"https:\/\/www.uartes.edu.ec\/sitio\/fr\/#\/schema\/logo\/image\/","url":"https:\/\/www.uartes.edu.ec\/sitio\/wp-content\/uploads\/2022\/07\/logo-ua-horizontal.png","contentUrl":"https:\/\/www.uartes.edu.ec\/sitio\/wp-content\/uploads\/2022\/07\/logo-ua-horizontal.png","width":800,"height":276,"caption":"Universidad de las Artes"},"image":{"@id":"https:\/\/www.uartes.edu.ec\/sitio\/fr\/#\/schema\/logo\/image\/"},"sameAs":["https:\/\/www.facebook.com\/uartesec","https:\/\/x.com\/uartesec","https:\/\/www.tiktok.com\/@uartesec"]}]}},"uagb_featured_image_src":{"full":false,"thumbnail":false,"medium":false,"medium_large":false,"large":false,"1536x1536":false,"2048x2048":false,"trp-custom-language-flag":false,"htmega_size_585x295":false,"htmega_size_1170x536":false,"htmega_size_396x360":false,"gb-block-post-grid-landscape":false,"gb-block-post-grid-square":false,"university-hub-thumb":false},"uagb_author_info":{"display_name":"Universidad de las Artes","author_link":"https:\/\/www.uartes.edu.ec\/sitio\/fr\/blog\/author\/dircomadm\/"},"uagb_comment_info":0,"uagb_excerpt":null,"featured_image_src":null,"featured_image_src_square":null,"publishpress_future_action":{"enabled":false,"date":"2026-05-08 07:12:14","action":"change-status","newStatus":"draft","terms":[],"taxonomy":"","extraData":[]},"publishpress_future_workflow_manual_trigger":{"enabledWorkflows":[]},"distributor_meta":false,"distributor_terms":false,"distributor_media":false,"distributor_original_site_name":"Universidad de las Artes","distributor_original_site_url":"https:\/\/www.uartes.edu.ec\/sitio\/fr","push-errors":false,"_links":{"self":[{"href":"https:\/\/www.uartes.edu.ec\/sitio\/fr\/wp-json\/wp\/v2\/pages\/19504","targetHints":{"allow":["GET"]}}],"collection":[{"href":"https:\/\/www.uartes.edu.ec\/sitio\/fr\/wp-json\/wp\/v2\/pages"}],"about":[{"href":"https:\/\/www.uartes.edu.ec\/sitio\/fr\/wp-json\/wp\/v2\/types\/page"}],"author":[{"embeddable":true,"href":"https:\/\/www.uartes.edu.ec\/sitio\/fr\/wp-json\/wp\/v2\/users\/1"}],"replies":[{"embeddable":true,"href":"https:\/\/www.uartes.edu.ec\/sitio\/fr\/wp-json\/wp\/v2\/comments?post=19504"}],"version-history":[{"count":4,"href":"https:\/\/www.uartes.edu.ec\/sitio\/fr\/wp-json\/wp\/v2\/pages\/19504\/revisions"}],"predecessor-version":[{"id":72546,"href":"https:\/\/www.uartes.edu.ec\/sitio\/fr\/wp-json\/wp\/v2\/pages\/19504\/revisions\/72546"}],"up":[{"embeddable":true,"href":"https:\/\/www.uartes.edu.ec\/sitio\/fr\/wp-json\/wp\/v2\/pages\/3025"}],"wp:attachment":[{"href":"https:\/\/www.uartes.edu.ec\/sitio\/fr\/wp-json\/wp\/v2\/media?parent=19504"}],"curies":[{"name":"wp","href":"https:\/\/api.w.org\/{rel}","templated":true}]}}