{"id":20535,"date":"2022-04-05T14:40:00","date_gmt":"2022-04-05T19:40:25","guid":{"rendered":"http:\/\/www.uartes.edu.ec\/sitio\/la-universidad\/estudiantes\/academico\/politica-progresiva-de-retorno\/"},"modified":"2025-05-28T15:42:57","modified_gmt":"2025-05-28T20:42:57","slug":"politica-de-retorno-progresivo","status":"publish","type":"page","link":"https:\/\/www.uartes.edu.ec\/sitio\/fr\/retorno-progresivo\/","title":{"rendered":"Lineamientos para la presencialidad y virtualidad"},"content":{"rendered":"<p>Al haber retomado las actividades presenciales es necesario detallar lineamientos para la estructuraci\u00f3n de las diferentes modalidades de aprendizaje (presencial, semipresencial, en l\u00ednea, e h\u00edbrida), as\u00ed como el uso de entornos virtuales de aprendizaje entre otros, de acuerdo a lo dictaminado en el Reglamento de R\u00e9gimen Acad\u00e9mico expedido por el CES, y a las modalidades de estudio aprobadas en los expedientes de carrera. Entendemos que habr\u00e1 cambios en el camino que seguir\u00e1n trayendo desaf\u00edos que debemos enfrentar para construir procesos de educaci\u00f3n con calidad y equidad, bajo los principios del cuidado mutuo, de la construcci\u00f3n de una comunidad universitaria corresponsable del bienestar y la (bio)seguridad de todos y todas.<\/p>\n\n\n\n<div style=\"height:40px\" aria-hidden=\"true\" class=\"wp-block-spacer\"><\/div>\n\n\n\n<div class=\"wp-block-getwid-toggle has-icon-left\">\n<div class=\"wp-block-getwid-toggle__row\"><div class=\"wp-block-getwid-toggle__header-wrapper\"><h3 class=\"wp-block-getwid-toggle__header\"><a href=\"#\"><span class=\"wp-block-getwid-toggle__header-title\">Generalidades<\/span><span class=\"wp-block-getwid-toggle__icon is-active\"><i class=\"fas fa-plus\"><\/i><\/span><span class=\"wp-block-getwid-toggle__icon is-passive\"><i class=\"fas fa-minus\"><\/i><\/span><\/a><\/h3><\/div><div class=\"wp-block-getwid-toggle__content-wrapper\"><div class=\"wp-block-getwid-toggle__content\">\n<p><strong>\u00c1mbito:<\/strong> Los presentes lineamientos han sido elaborados para el desarrollo de las actividades acad\u00e9micas presenciales, en l\u00ednea o mixtas que se realizar\u00e1n en las unidades acad\u00e9micas que conforman la Universidad de las Artes del Ecuador.<\/p>\n\n\n\n<p><strong>Objeto:<\/strong> El objeto de estos lineamientos es establecer una estructura dentro de la modalidad de la educaci\u00f3n presencial, en l\u00ednea y sus combinaciones as\u00ed como el uso de las herramientas tecnol\u00f3gicas correspondientes. Su vigencia queda sujeta a cambios desde los \u00f3rganos competentes.<\/p>\n<\/div><\/div><\/div>\n\n\n\n<div class=\"wp-block-getwid-toggle__row\"><div class=\"wp-block-getwid-toggle__header-wrapper\"><h3 class=\"wp-block-getwid-toggle__header\"><a href=\"#\"><span class=\"wp-block-getwid-toggle__header-title\">Lineamientos generales<\/span><span class=\"wp-block-getwid-toggle__icon is-active\"><i class=\"fas fa-plus\"><\/i><\/span><span class=\"wp-block-getwid-toggle__icon is-passive\"><i class=\"fas fa-minus\"><\/i><\/span><\/a><\/h3><\/div><div class=\"wp-block-getwid-toggle__content-wrapper\"><div class=\"wp-block-getwid-toggle__content\">\n<h4 class=\"wp-block-heading\">Creaci\u00f3n y carga de syllabus por asignatura<\/h4>\n\n\n\n<p>Cada docente tiene responsabilidad y obligaci\u00f3n de crear su syllabus para cada asignatura que imparte, el mismo que debe estar alineado a los contenidos de aprendizaje inscritos en la micro-curr\u00edcula de cada una de las unidades acad\u00e9micas.<\/p>\n\n\n\n<p>El syllabus se elaborar\u00e1 en el Sistema de Gesti\u00f3n Acad\u00e9mico (SGA), detallando los contenidos y actividades semanales, as\u00ed como el material y actividades asignadas para el desarrollo de las asignaturas.<\/p>\n\n\n\n<p>El lapso para cargar el syllabus en el SGA y en el MOODLE (Campus virtual), ser\u00e1 desde una semana antes hasta una semana despu\u00e9s de inicio de clases.<\/p>\n\n\n\n<p>El\/la docente deber\u00e1 socializar el syllabus con los estudiantes, as\u00ed como la metodolog\u00eda de calificaci\u00f3n durante la primera semana de clases. En caso de haber consenso con el estudiantado y de pertinencia, el personal docente podr\u00e1 reajustar el syllabus hasta la segunda semana de clases. La coordinaci\u00f3n\/direcci\u00f3n\/jefatura deber\u00e1 aprobar y agregar su firma de responsabilidad respectiva hasta la tercera semana de clases, de manera coincidente con el env\u00edo del distributivo definitivo a la Direcci\u00f3n de Planificaci\u00f3n Acad\u00e9mica.<\/p>\n\n\n\n<p>Es responsabilidad de las Direcciones de Escuela\/Departamento y Jefaturas dar seguimiento a la carga y aprobaci\u00f3n de los syllabus. La no carga del syllabus ser\u00e1 considerada una falta grave y las Direcciones de Escuela\/Departamento y Jefaturas iniciar\u00e1n los procesos sancionatorios correspondientes en la semana cuatro de clases.<\/p>\n\n\n\n<h4 class=\"wp-block-heading\">N\u00famero de semanas<\/h4>\n\n\n\n<p>El semestre se distribuye entre 18 semanas y se estructura de la siguiente forma:<\/p>\n\n\n\n<ul class=\"wp-block-list\">\n<li>Semana 1-7&nbsp;&nbsp;&nbsp;&nbsp;&nbsp;&nbsp; Actividades formativas<\/li>\n\n\n\n<li>Semana 8&nbsp;&nbsp;&nbsp;&nbsp;&nbsp;&nbsp;&nbsp;&nbsp;&nbsp;&nbsp; Primer parcial<\/li>\n\n\n\n<li>Semana 9&nbsp;&nbsp;&nbsp;&nbsp;&nbsp;&nbsp;&nbsp;&nbsp;&nbsp;&nbsp; Combinaci\u00f3n de las actividades de revisi\u00f3n de ex\u00e1menes, notas, tutor\u00edas acad\u00e9micas \/consejer\u00edas dirigidas a estudiantes con dificultades o que cursan la materia por 2nda o 3era ocasi\u00f3n, con las clases seg\u00fan lo planificado.<\/li>\n\n\n\n<li>Semana 10-16&nbsp; Actividades formativas<\/li>\n\n\n\n<li>Semana 17&nbsp;&nbsp;&nbsp;&nbsp;&nbsp;&nbsp;&nbsp;&nbsp; Segundo parcial<\/li>\n\n\n\n<li>Semana 18&nbsp;&nbsp;&nbsp;&nbsp;&nbsp;&nbsp;&nbsp;&nbsp; Entrega y calificaci\u00f3n de ex\u00e1menes y trabajos de recuperaci\u00f3n.<\/li>\n<\/ul>\n\n\n\n<p>El\/la docente deber\u00e1 tomar en cuenta los feriados nacionales y dem\u00e1s informaci\u00f3n para ajustar los contenidos de clase a las semanas efectivas en las que se dictar\u00e1. En el caso de que su clase coincida con feriados nacionales deber\u00e1, de ser necesario, asignar material a fin de que las y los estudiantes trabajen en \u00e9l. En los feriados en que se decreten como obligatorios sujetos a recuperaci\u00f3n, las y los docentes deber\u00e1n proceder a la recuperaci\u00f3n de esas clases.<\/p>\n\n\n\n<h4 class=\"wp-block-heading\">Componentes de evaluaci\u00f3n<\/h4>\n\n\n\n<p>El Reglamento de R\u00e9gimen Acad\u00e9mico (CES, Art. 66) establece el car\u00e1cter transparente justo y equitativo de la evaluaci\u00f3n. La misma que deber\u00e1 ser progresiva y permanente, y deber\u00e1 constar con evaluaciones sumativas y formativas que deber\u00e1n ser aplicadas \u201cal menos dos veces durante el periodo acad\u00e9mico cada una\u201d.&nbsp; As\u00ed como tambi\u00e9n deber\u00e1n determinarse y difundirse a trav\u00e9s de los syllabus los objetivos, contenidos, r\u00fabrica, criterios de calificaci\u00f3n, medios, ambientes e instrumentos a ser utilizados en la evaluaci\u00f3n (Art. 67), por lo que es obligaci\u00f3n de las y los profesores describir los porcentajes, as\u00ed como las actividades que tributan a la evaluaci\u00f3n en el syllabus. <strong><\/strong><\/p>\n\n\n\n<p>Para todas las tareas o actividades sumativas, deber\u00e1 tener la correspondiente r\u00fabrica de evaluaci\u00f3n, misma que considerar\u00e1 los criterios con los que se calificar\u00e1 y sus valores.<\/p>\n\n\n\n<p>Los resultados deben ser de conocimiento del estudiantado de manera oportuna.<\/p>\n\n\n\n<h5 class=\"wp-block-heading\">Examen de recuperaci\u00f3n<\/h5>\n\n\n\n<p>El Reglamento de R\u00e9gimen Acad\u00e9mico (CES, Art 67, e) se\u00f1ala: \u201c<em>Cada IES podr\u00e1 considerar procesos de recuperaci\u00f3n, para la aprobaci\u00f3n de las asignaturas, cursos o sus equivalentes, de conformidad con los requisitos acad\u00e9micos que establezca. La evaluaci\u00f3n de recuperaci\u00f3n se podr\u00e1 rendir por una sola vez durante cada per\u00edodo acad\u00e9mico, cuando el estudiante no haya alcanzado la nota m\u00ednima aprobatoria de la asignatura, curso o su equivalente. En estos procesos, las IES deber\u00e1n considerar que los estudiantes cuenten con el tiempo necesario para prepararse para la evaluaci\u00f3n<\/em>\u201d.<\/p>\n\n\n\n<p>El Reglamento de R\u00e9gimen Acad\u00e9mico Interno de la Universidad de las Artes (Art. 27) no explicita la obligatoriedad de la recuperaci\u00f3n. En este sentido, <strong><u>la<\/u><\/strong><strong><u> consideraci\u00f3n del examen de recuperaci\u00f3n es opcional y queda a criterio de cada docente en coordinaci\u00f3n con sus autoridades acad\u00e9micas, cuya existencia debe ser claramente se\u00f1alada en el syllabus de la asignatura<\/u><\/strong>.<\/p>\n\n\n\n<p>La nota de recuperaci\u00f3n se promedia con la nota final. Estudiantes con promedio menor a 4 puntos en la nota final no podr\u00e1n presentarse a recuperaci\u00f3n.<\/p>\n\n\n\n<p>Por otro lado, es necesario tener en cuenta que el estudiantado tiene derecho a solicitar una recalificaci\u00f3n (CES, Art.67, f), luego de haber revisado su calificaci\u00f3n final con el\/la docente a cargo.<\/p>\n\n\n\n<h4 class=\"wp-block-heading\">Investigaci\u00f3n formativa como eje transversal<\/h4>\n\n\n\n<p>En concordancia con el Reglamento de R\u00e9gimen Acad\u00e9mico, las y los docentes deber\u00e1n incorporar actividades y enfoques que permitan el desarrollo de capacidades vinculadas con la investigaci\u00f3n y\/o investigaci\u00f3n en artes, de acuerdo a su asignatura, incentivando la innovaci\u00f3n art\u00edstica y la profundizaci\u00f3n del conocimiento human\u00edstico. &nbsp;Las actividades de investigaci\u00f3n permanecen como actividades fundamentales dentro de la docencia universitaria.<\/p>\n\n\n\n<h4 class=\"wp-block-heading\">Fomento de las capacidades de lecto-escritura y actividades del Centro de Escritura Acad\u00e9mica (CEAT)<\/h4>\n\n\n\n<p>En todas las asignaturas se programar\u00e1n actividades que promuevan la lectura, as\u00ed como tareas que ejerciten las capacidades de escritura dentro de sus propias disciplinas. El CEAT posee distintos mecanismos de apoyo y desarrollo como parte del acompa\u00f1amiento estudiantil para el fortalecimiento de la escritura en forma de talleres o tutor\u00edas.<\/p>\n\n\n\n<p>El personal docente podr\u00e1 solicitar e incluir en su syllabus dichos talleres, o acompa\u00f1amiento como actividades que el estudiantado deba cumplir como parte de su formaci\u00f3n, pudiendo incluir su cumplimiento dentro de la evaluaci\u00f3n del estudiante.<\/p>\n\n\n\n<h4 class=\"wp-block-heading\">Componente de trabajo grupal<\/h4>\n\n\n\n<p>Este tipo de actividades fomentan las comunidades de (inter)aprendizaje, el pensamiento colectivo y ayudan a los estudiantes a integrarse dentro de un ambiente colaborativo o cooperativo. Adem\u00e1s, contribuye a la resoluci\u00f3n de problemas y fomenta el aprendizaje entre pares. Adicionalmente el trabajo grupal contribuye a la creaci\u00f3n de actividades inter o transdisciplinares por lo que debe contemplarse al menos una actividad en grupo.<\/p>\n\n\n\n<h4 class=\"wp-block-heading\">Comunicaci\u00f3n entre el personal docente y el estudiantado<\/h4>\n\n\n\n<p>El correo institucional es el <strong><u>medio oficial<\/u><\/strong> de comunicaci\u00f3n de nuestra Universidad. <strong><em>Es responsabilidad del cuerpo docente y estudiantil revisar su bandeja para informarse de los acontecimientos de clase y de los eventos art\u00edsticos y acad\u00e9micos dentro de la Universidad<\/em><\/strong>. El sistema de mensajer\u00eda del Moodle y del SGA son complementarios y tambi\u00e9n pueden ser utilizados seg\u00fan el caso.<\/p>\n\n\n\n<p>Los comunicados entre profesores y estudiantes, as\u00ed como la asistencia a clases virtuales deber\u00e1n hacerse con el nombre propio, evitando firmar o presentarse con seud\u00f3nimos o direcciones de correo electr\u00f3nico que no permitan verificar la identidad de los asistentes.<\/p>\n\n\n\n<h4 class=\"wp-block-heading\">Justificaci\u00f3n de ausencias<\/h4>\n\n\n\n<p>Los certificados m\u00e9dicos deber\u00e1n estar avalados por la Direcci\u00f3n de Salud de la Universidad de las Artes o ser expedidos por esta para la justificaci\u00f3n de ausencias. En el caso de ausencias por complicaciones por COVID-19, deber\u00e1n notificar al docente, a la coordinaci\u00f3n de carrera o jefatura y a la Direcci\u00f3n de Salud.<\/p>\n\n\n\n<p>Apelamos a la sensibilidad docente en el caso de que el o la estudiante no pueda cubrir gastos para realizarse pruebas o deba realizar cuidados de sus familiares; esto ante el compromiso estudiantil de recuperar sus clases y realizar las entregas en un tiempo posterior. Las ausencias se justificar\u00e1n en el SGA por el docente.<\/p>\n\n\n\n<h4 class=\"wp-block-heading\">Protocolo de bioseguridad<\/h4>\n\n\n\n<p>El protocolo de bioseguridad estar\u00e1 publicado en la p\u00e1gina web de la Universidad y deber\u00e1 respetarse mientras el estudiantado y el personal docente se encuentre dentro de las instalaciones de la Universidad de las Artes. Las normas implican: uso de la mascarilla, lavado de manos, pr\u00e1cticas de higiene personal, distanciamiento, ventilaci\u00f3n del lugar, movilizaci\u00f3n a espacios abiertos, entre otros. El cumplimiento de los protocolos de bioseguridad es obligatorio para todo el estudiantado y para el personal acad\u00e9mico, de apoyo acad\u00e9mico y administrativo.<\/p>\n\n\n\n<h4 class=\"wp-block-heading\">Definici\u00f3n de hora acad\u00e9mica<\/h4>\n\n\n\n<p>La hora acad\u00e9mica es el tiempo en que el personal acad\u00e9mico o de apoyo acad\u00e9mico y estudiantes se centran en actividades espec\u00edficas de una asignatura; tiene una duraci\u00f3n de 50 minutos.<\/p>\n\n\n\n<p>Al finalizar el tiempo estipulado para cada clase, el personal designado podr\u00e1 proceder a realizar la limpieza de los espacios destinados para estas actividades.<\/p>\n<\/div><\/div><\/div>\n\n\n\n<div class=\"wp-block-getwid-toggle__row\"><div class=\"wp-block-getwid-toggle__header-wrapper\"><h3 class=\"wp-block-getwid-toggle__header\"><a href=\"#\"><span class=\"wp-block-getwid-toggle__header-title\">Clases en modalidad presencial<\/span><span class=\"wp-block-getwid-toggle__icon is-active\"><i class=\"fas fa-plus\"><\/i><\/span><span class=\"wp-block-getwid-toggle__icon is-passive\"><i class=\"fas fa-minus\"><\/i><\/span><\/a><\/h3><\/div><div class=\"wp-block-getwid-toggle__content-wrapper\"><div class=\"wp-block-getwid-toggle__content\">\n<h4 class=\"wp-block-heading\">Aforo de aulas<\/h4>\n\n\n\n<p>Cada aula tendr\u00e1 un aforo definido por la Secretar\u00eda Acad\u00e9mica en coordinaci\u00f3n con el especialista en seguridad ocupacional. No se podr\u00e1 modificar el n\u00famero m\u00e1ximo de estudiantes designados en un espacio dentro del SGA. Cualquier eventualidad, contactar a su coordinador o jefatura m\u00e1s cercana.<\/p>\n<\/div><\/div><\/div>\n\n\n\n<div class=\"wp-block-getwid-toggle__row\"><div class=\"wp-block-getwid-toggle__header-wrapper\"><h3 class=\"wp-block-getwid-toggle__header\"><a href=\"#\"><span class=\"wp-block-getwid-toggle__header-title\">Porcentaje de asistencia y participaci\u00f3n<\/span><span class=\"wp-block-getwid-toggle__icon is-active\"><i class=\"fas fa-plus\"><\/i><\/span><span class=\"wp-block-getwid-toggle__icon is-passive\"><i class=\"fas fa-minus\"><\/i><\/span><\/a><\/h3><\/div><div class=\"wp-block-getwid-toggle__content-wrapper\"><div class=\"wp-block-getwid-toggle__content\">\n<h4 class=\"wp-block-heading\">Modalidad presencial<\/h4>\n\n\n\n<p>En las clases presenciales el registro de control acad\u00e9mico y de asistencia del estudiantado se realizar\u00e1 semanalmente a trav\u00e9s del SGA. Se permite el ingreso del estudiantado hasta quince minutos (15) luego de la hora programada para el inicio de clase.<\/p>\n\n\n\n<p>Seg\u00fan el R\u00e9gimen Acad\u00e9mico Interno, el porcentaje m\u00ednimo de asistencia para aprobar una asignatura ser\u00e1 igual o mayor al 75%; de no alcanzar este porcentaje reprobar\u00e1 la misma. El campo de participaci\u00f3n en el m\u00f3dulo de evaluaci\u00f3n (PART sobre 100) estar\u00e1 disponible para quienes deseen calificar la participaci\u00f3n en sus asignaturas. En el caso de considerar este criterio, deber\u00e1 detallar en el syllabus la forma en la que se evaluar\u00e1 o calificar\u00e1 la participaci\u00f3n tomando en cuenta que tanto la participaci\u00f3n como la asistencia son criterios que establecen m\u00ednimos para la aprobaci\u00f3n de un curso. Para la participaci\u00f3n, el criterio de aprobaci\u00f3n es un puntaje mayor o igual al 75%.<\/p>\n\n\n\n<h4 class=\"wp-block-heading\">Modalidad en l\u00ednea<\/h4>\n\n\n\n<p>Para las asignaturas en la modalidad en l\u00ednea, el componente de participaci\u00f3n reemplazar\u00e1 la asistencia. Para estas modalidades ser\u00e1 necesario ingresar dicha calificaci\u00f3n (PART) al momento de registrar la nota final del periodo acad\u00e9mico.&nbsp; Dicho componente responde a la valoraci\u00f3n integral de competencia de los estudiantes, as\u00ed como la revisi\u00f3n general de los resultados de aprendizaje.<a id=\"_ftnref1\" href=\"#_ftn1\"><sup>1<\/sup><\/a> La participaci\u00f3n se califica sobre 100 el cual puede incluir el cumplimiento de tareas, deberes, lecciones, proyectos, participaci\u00f3n u otros. La nota m\u00ednima de participaci\u00f3n ser\u00e1 igual o mayor al 75%; de no alcanzar ese porcentaje reprobar\u00e1 la misma.<\/p>\n\n\n\n<p>En el caso de que existan actividades sincr\u00f3nicas evaluadas, ser\u00e1 obligatorio ofertar actividades alternas que permitan realizarlas de forma asincr\u00f3nica.<\/p>\n\n\n\n<h4 class=\"wp-block-heading\">Modalidad h\u00edbrida o semipresencial<\/h4>\n\n\n\n<p>Para las asignaturas que se programen de manera h\u00edbrida o semipresencial se considerar\u00e1 la asistencia a las actividades presenciales, las mismas que deben ser planificadas y notificadas con tiempo. En ambos casos, se considera tanto la asistencia como la participaci\u00f3n con el requisito de cumplimiento m\u00ednimo del 75% para la aprobaci\u00f3n. El personal docente podr\u00e1 decidir la tabulaci\u00f3n dependiendo de las actividades de la asignatura siempre y cuando est\u00e9 descrito en el syllabus y tenga en cuenta el criterio m\u00ednimo de aprobaci\u00f3n de participaci\u00f3n y asistencia.<\/p>\n\n\n\n<p>En esta modalidad no ser\u00e1 necesario ofrecer actividades equivalentes o que sustituyan a aquellas que se programen de manera presencial.<\/p>\n\n\n\n<h4 class=\"wp-block-heading\">Secci\u00f3n de pol\u00edticas de participaci\u00f3n<\/h4>\n\n\n\n<p>Cada docente deber\u00e1 decidir los elementos y sus ponderaciones que contribuir\u00e1n a la participaci\u00f3n. Estos se establecer\u00e1n en el syllabus en la secci\u00f3n de <em><u>Pol\u00edticas de participaci\u00f3n<\/u><\/em> el cual podr\u00e1 considerar los siguientes elementos:<\/p>\n\n\n\n<ul class=\"wp-block-list\">\n<li>Actividades: tareas, deberes, proyectos, lecturas, etc.,<\/li>\n\n\n\n<li>Actividades en el aula, laboratorio, o espacio (para actividades presenciales).<\/li>\n\n\n\n<li>Actividades en l\u00ednea o presenciales.<\/li>\n<\/ul>\n\n\n\n<p>En todas las modalidades, el syllabus debe definir con claridad c\u00f3mo se calificar\u00e1 participaci\u00f3n. Se deber\u00e1 explicitar en las asignaturas presenciales si es decisi\u00f3n del docente, las actividades que contar\u00e1n hacia el par\u00e1metro de participaci\u00f3n.<\/p>\n\n\n\n<h4 class=\"wp-block-heading\">Protocolo en caso de reducci\u00f3n de aforo<\/h4>\n\n\n\n<p>Si por efectos de la pandemia u otro evento de caso fortuito los aforos deban reducirse, se podr\u00e1 retornar a la modalidad en l\u00ednea con las excepciones que determine el Vicerrectorado Acad\u00e9mico en coordinaci\u00f3n con las unidades acad\u00e9micas y disponibilidad tecnol\u00f3gica para aulas h\u00edbridas.&nbsp;<\/p>\n\n\n\n<hr class=\"wp-block-separator has-alpha-channel-opacity\"\/>\n\n\n\n<div class=\"wp-block-group has-small-font-size is-vertical is-layout-flex wp-container-core-group-is-layout-8cf370e7 wp-block-group-is-layout-flex\">\n<p><a id=\"_ftn1\" href=\"#_ftnref1\"><sup>1<\/sup><\/a> De acuerdo a nuestra \u201cNORMATIVA DE ASISTENCIA DE ESTUDIANTES DURANTE LA PANDEMIA DEL COVID-19\u201d, que tiene vigencia \u201chasta que las autoridades nacionales autoricen el retorno a clases de manera presencial con absoluta normalidad\u201d, la participaci\u00f3n se define as\u00ed:<\/p>\n\n\n\n<p><em>Art\u00edculo 3, literal C: \u201cParticipaci\u00f3n: <\/em><em>Dentro de las modalidades de estudio presencial, semipresencial, virtual e h\u00edbrida, la participaci\u00f3n se refiere al trabajo y esfuerzo que realiza el estudiantado dentro y fuera del aula, en actividades sincr\u00f3nicas y asincr\u00f3nicas, poniendo \u00e9nfasis en su aporte al proceso de ense\u00f1anza-aprendizaje de la asignatura. El modelo educativo de la Universidad de las Artes plantea la educaci\u00f3n como un trabajo de ense\u00f1anza-aprendizaje y la construcci\u00f3n de comunidades de inter-aprendizaje, requiriendo que el estudiantado asuma un papel activo y participativo dentro del proceso.\u201d<\/em><\/p>\n\n\n\n<p>El Art\u00edculo 5 del ib\u00eddem, aclara la definici\u00f3n de los criterios de participaci\u00f3n:<\/p>\n\n\n\n<p><strong><em>\u201cArt\u00edculo. 5<\/em><\/strong><em>.- <strong>Definici\u00f3n de criterios de participaci\u00f3n<\/strong>.- Cada docente es responsable de determinar los elementos y ponderaciones que constituir\u00e1n el porcentaje de participaci\u00f3n y de se\u00f1alar \u00e9stos en el syllabus acad\u00e9mico de cada asignatura.<\/em><\/p>\n\n\n\n<p><em>El porcentaje de participaci\u00f3n podr\u00e1 considerar los siguientes elementos:&nbsp;<\/em><\/p>\n\n\n\n<ul class=\"wp-block-list\">\n<li><em>Actividades: tareas, deberes, proyectos, lecturas, etc., designadas en el campus virtual.<\/em><\/li>\n\n\n\n<li><em>Actividades en el aula, laboratorio, espacio, para aquellas asignaturas que hayan declarado actividades presenciales.<\/em><\/li>\n\n\n\n<li><em>Actividades virtuales sincr\u00f3nicas que sean esenciales para el desarrollo de competencias y habilidades contempladas en cada carrera.<\/em><\/li>\n\n\n\n<li><em>Cualquier otra actividad o tarea pertinente para la asignatura.<\/em><\/li>\n<\/ul>\n\n\n\n<p><em>La participaci\u00f3n no puede equivaler a la asistencia a actividades presenciales y\/o sincr\u00f3nicas.\u201d<\/em><\/p>\n<\/div>\n<\/div><\/div><\/div>\n\n\n\n<div class=\"wp-block-getwid-toggle__row\"><div class=\"wp-block-getwid-toggle__header-wrapper\"><h3 class=\"wp-block-getwid-toggle__header\"><a href=\"#\"><span class=\"wp-block-getwid-toggle__header-title\">Aula virtual<\/span><span class=\"wp-block-getwid-toggle__icon is-active\"><i class=\"fas fa-plus\"><\/i><\/span><span class=\"wp-block-getwid-toggle__icon is-passive\"><i class=\"fas fa-minus\"><\/i><\/span><\/a><\/h3><\/div><div class=\"wp-block-getwid-toggle__content-wrapper\"><div class=\"wp-block-getwid-toggle__content\">\n<h4 class=\"wp-block-heading\">Aula virtual en modalidad presencial<\/h4>\n\n\n\n<p>Todas las asignaturas tendr\u00e1n acceso al uso del entorno virtual de aprendizaje (Moodle) de la Universidad. El personal docente evidenciar\u00e1 materiales, u otros recursos o actividades dentro del uso del campus virtual como apoyo a las actividades acad\u00e9micas.<\/p>\n\n\n\n<h4 class=\"wp-block-heading\">Aula virtual para modalidad en l\u00ednea\/h\u00edbrida\/semipresencial<\/h4>\n\n\n\n<p>Para las asignaturas bajo la modalidad en l\u00ednea\/h\u00edbrida\/semipresencial es obligatorio que el curso y su dise\u00f1o sean reflejados dentro del campus virtual, implicando que:<\/p>\n\n\n\n<ul class=\"wp-block-list\">\n<li>El curso debe ser met\u00f3dico y progresivo a trav\u00e9s de videos, lecturas, foros de discusi\u00f3n, materiales, etc.<\/li>\n\n\n\n<li>El curso debe indicar para cada actividad lo que se debe realizar, si la actividad es obligatoria u opcional, sincr\u00f3nica o asincr\u00f3nica, las r\u00fabricas de evaluaci\u00f3n correspondientes, y fechas de entrega o cumplimiento.<\/li>\n\n\n\n<li>En la modalidad semipresencial o h\u00edbrida, indicar los d\u00edas de asistencia o m\u00e9todo de rotaci\u00f3n del estudiantado dentro del syllabus.<\/li>\n\n\n\n<li>Debe estar disponible el v\u00ednculo de videoconferencia (Zoom, Teams, etc.).<\/li>\n<\/ul>\n\n\n\n<p>El seguimiento de las actividades que realiza el estudiantado es importante tanto para dar cuenta de la regularidad del proceso de ense\u00f1anza\/aprendizaje, como para dar retroalimentaci\u00f3n oportuna de sus tareas.<\/p>\n\n\n\n<p>Cuando se compruebe la escasa o nula participaci\u00f3n de un\/a estudiante es necesario reportar a Bienestar Universitario y a las coordinaciones de carrera, direcci\u00f3n o jefatura.<\/p>\n\n\n\n<h4 class=\"wp-block-heading\">Videoconferencias<\/h4>\n\n\n\n<p>Las videoconferencias o clases sincr\u00f3nicas ser\u00e1n programadas con anterioridad y \u00fanicamente durante el horario establecido para cada clase.<\/p>\n\n\n\n<p>Todos los participantes deber\u00e1n ingresar con su nombre y apellido para el registro de la asistencia en las plataformas de videoconferencia y se observar\u00e1n las normas establecidas en el c\u00f3digo de \u00e9tica y de prevenci\u00f3n de abuso y violencia de g\u00e9nero.<\/p>\n\n\n\n<p>Se mantienen los derechos de autor de los docentes sobre los materiales de videoconferencia. Cualquier reproducci\u00f3n fuera de clases, deber\u00e1 solicitarse el permiso expreso del autor.<\/p>\n\n\n\n<h4 class=\"wp-block-heading\">Clases grabadas en diferentes modalidades<\/h4>\n\n\n\n<p>Todas las sesiones por videoconferencia deber\u00e1n respaldarse en la nube de OneDrive, con el v\u00ednculo correspondiente colgado en el campus virtual.<\/p>\n\n\n\n<ul class=\"wp-block-list\">\n<li>En la modalidad presencial, la grabaci\u00f3n es opcional.<\/li>\n\n\n\n<li>En la modalidad semipresencial la grabaci\u00f3n es opcional en las actividades presenciales, obligatoria para las sesiones virtuales<\/li>\n\n\n\n<li>En la modalidad en l\u00ednea, todas las sesiones deber\u00e1n grabarse y quedar colgadas en el Moodle.<\/li>\n<\/ul>\n\n\n\n<p>Si por mandato de la autoridad competente las clases deban recurrir a la modalidad en l\u00ednea, se deber\u00e1n cargar las grabaciones con su respectivo v\u00ednculo al Moodle.<\/p>\n<\/div><\/div><\/div>\n\n\n\n<div class=\"wp-block-getwid-toggle__row\"><div class=\"wp-block-getwid-toggle__header-wrapper\"><h3 class=\"wp-block-getwid-toggle__header\"><a href=\"#\"><span class=\"wp-block-getwid-toggle__header-title\">Unit\u00e9 de fin d\u2019\u00e9tudes<\/span><span class=\"wp-block-getwid-toggle__icon is-active\"><i class=\"fas fa-plus\"><\/i><\/span><span class=\"wp-block-getwid-toggle__icon is-passive\"><i class=\"fas fa-minus\"><\/i><\/span><\/a><\/h3><\/div><div class=\"wp-block-getwid-toggle__content-wrapper\"><div class=\"wp-block-getwid-toggle__content\">\n<p>Los docentes responsables del seguimiento de la Unidad de Titulaci\u00f3n socializar\u00e1n al estudiantado los instructivos para este fin, as\u00ed como las r\u00fabricas de evaluaci\u00f3n al inicio del proceso de titulaci\u00f3n, tanto para los docentes como para los estudiantes. Para quienes hayan reprobado por dos ocasiones la unidad de titulaci\u00f3n y deban presentarse a un examen complexivo, la Unidad Acad\u00e9mica debe informar sobre el temario, el formato del examen y las r\u00fabricas a utilizarse. Las socializaciones se realizar\u00e1n de preferencia en el periodo acad\u00e9mico previo, y definitivamente de manera previa al inicio del periodo acad\u00e9mico en que el estudiante deba presentar su examen para asegurar que el tiempo de preparaci\u00f3n para trabajos o ex\u00e1menes complexivos sea el mismo que tienen lxs estudiantes para preparar los trabajos de titulaci\u00f3n.<\/p>\n\n\n\n<p>Las asignaturas de acompa\u00f1amiento a la unidad de titulaci\u00f3n deber\u00e1n incorporar las fechas de avance y predefensa en sus respectivos syllabus.<\/p>\n\n\n\n<p>En el caso de las terceras matr\u00edculas y el examen complexivo, el o la docente asignada para la materia se encargar\u00e1 del acompa\u00f1amiento y de despejar las dudas que puedan surgir, especialmente en la presentaci\u00f3n del componente pr\u00e1ctico del examen.<\/p>\n<\/div><\/div><\/div>\n\n\n\n<div class=\"wp-block-getwid-toggle__row\"><div class=\"wp-block-getwid-toggle__header-wrapper\"><h3 class=\"wp-block-getwid-toggle__header\"><a href=\"#\"><span class=\"wp-block-getwid-toggle__header-title\">Obligaciones<\/span><span class=\"wp-block-getwid-toggle__icon is-active\"><i class=\"fas fa-plus\"><\/i><\/span><span class=\"wp-block-getwid-toggle__icon is-passive\"><i class=\"fas fa-minus\"><\/i><\/span><\/a><\/h3><\/div><div class=\"wp-block-getwid-toggle__content-wrapper\"><div class=\"wp-block-getwid-toggle__content\">\n<h3 class=\"wp-block-heading\">Obligaciones del cuerpo docente<\/h3>\n\n\n\n<p>El cuerpo docente tiene la obligaci\u00f3n de:<\/p>\n\n\n\n<ul class=\"wp-block-list\">\n<li>Elaborar e ingresar el syllabus en el SGA en las fechas estipuladas por el Vicerrectorado acad\u00e9mico.<\/li>\n\n\n\n<li>Cargar el syllabus en el Moodle y socializar en clase.<\/li>\n\n\n\n<li>Ingresar al SGA y registrar las clases con sus contenidos semanalmente.<\/li>\n\n\n\n<li>Planificar, preparar y dar clase.<\/li>\n\n\n\n<li>Emitir informes a las coordinaciones, direcciones o jefaturas de departamento.<\/li>\n\n\n\n<li>Capacitarse en relaci\u00f3n al manejo de los instrumentos acad\u00e9micos o tecnol\u00f3gicos de la Universidad, as\u00ed como el mejoramiento en sus metodolog\u00edas de ense\u00f1anza.<\/li>\n\n\n\n<li>Organizar el contenido de forma semanal en el Campus virtual en las modalidades: en l\u00ednea, semipresencial, e h\u00edbrida.<\/li>\n\n\n\n<li>Establecer fechas o jornadas de encuentro dentro de los horarios establecidos, asistir a los encuentros programados.<\/li>\n\n\n\n<li>Proveer o facilitar el acceso a materiales o recursos en lo posible a trav\u00e9s de v\u00ednculos para minimizar el tr\u00e1fico.<\/li>\n\n\n\n<li>Socializar las r\u00fabricas de evaluaci\u00f3n para tareas y ex\u00e1menes<\/li>\n\n\n\n<li>Calificar las tareas y proveer retroalimentaciones o tutor\u00edas de acuerdo al caso.<\/li>\n\n\n\n<li>Observar el desempe\u00f1o de estudiantes con 2<sup>da<\/sup> y 3<sup>era<\/sup> matr\u00edcula o de asistencia o desempe\u00f1o irregular y realizar el respectivo seguimiento, a trav\u00e9s del agendamiento de tutor\u00edas acad\u00e9micas, consejer\u00edas o cuando sean solicitadas por el estudiantado.<\/li>\n\n\n\n<li>Notificar la ausencia prolongada de estudiantes a Bienestar estudiantil.<\/li>\n\n\n\n<li>Entregar y subir las notas en el SGA en los tiempos estipulados por la Secretar\u00eda Acad\u00e9mica.<\/li>\n\n\n\n<li>Anunciarlos elementos y mecanismos de evaluaci\u00f3n.<\/li>\n<\/ul>\n\n\n\n<h3 class=\"wp-block-heading\">Obligaciones del estudiantado<\/h3>\n\n\n\n<p>El estudiante tiene la obligaci\u00f3n de:<\/p>\n\n\n\n<ul class=\"wp-block-list\">\n<li>Leer el syllabus y los contenidos para cada una de sus clases, estar al tanto de los modelos evaluativos, as\u00ed como de las actividades en las que se requiere su participaci\u00f3n.<\/li>\n\n\n\n<li>Asistir a clase, sea en jornadas o sesiones presenciales o en l\u00ednea de acuerdo a la modalidad de la asignatura.<\/li>\n\n\n\n<li>Realizar las actividades estipuladas en clase.<\/li>\n\n\n\n<li>Chequear el campus virtual y el correo electr\u00f3nico semanalmente.<\/li>\n\n\n\n<li>Revisar, leer, estudiar y preparar los materiales propuestos en clase.<\/li>\n\n\n\n<li>Realizar y enviar las tareas dentro de los plazos se\u00f1alados.<\/li>\n\n\n\n<li>Cumplir con las actividades sincr\u00f3nicas o asincr\u00f3nicas asignadas en clase.<\/li>\n\n\n\n<li>Solicitar tutor\u00edas en caso de cursar segunda o tercera matr\u00edcula, o nota de primer primer parcial menor a 7 para asegurar su rendimiento en las asignaturas.<\/li>\n\n\n\n<li>En el caso de asignaturas con componente de autoaprendizaje, realizar las actividades y reportar cualquier eventualidad, dificultad o problema con la plataforma a los docentes\/facilitadores del curso.<\/li>\n\n\n\n<li>Reportar en Vicerrectorado Acad\u00e9mico en el caso de que haya alg\u00fan docente que se ausente repetidamente del horario de clase.<\/li>\n<\/ul>\n<\/div><\/div><\/div>\n\n\n\n<div class=\"wp-block-getwid-toggle__row\"><div class=\"wp-block-getwid-toggle__header-wrapper\"><h3 class=\"wp-block-getwid-toggle__header\"><a href=\"#\"><span class=\"wp-block-getwid-toggle__header-title\">Manejo del aula virtual<\/span><span class=\"wp-block-getwid-toggle__icon is-active\"><i class=\"fas fa-plus\"><\/i><\/span><span class=\"wp-block-getwid-toggle__icon is-passive\"><i class=\"fas fa-minus\"><\/i><\/span><\/a><\/h3><\/div><div class=\"wp-block-getwid-toggle__content-wrapper\"><div class=\"wp-block-getwid-toggle__content\">\n<ul class=\"wp-block-list\">\n<li>Las actividades sincr\u00f3nicas tendr\u00e1n lugar \u00fanicamente durante el horario de clases asignado en el horario de matr\u00edcula.<\/li>\n\n\n\n<li>Las videoconferencias sincr\u00f3nicas, quedar\u00e1n evidenciadas a trav\u00e9s del v\u00ednculo en Moodle.<\/li>\n\n\n\n<li>Considerar un descanso cada 40 minutos en clases sincr\u00f3nicas.<\/li>\n\n\n\n<li>Repartir el tiempo entre actividades sincr\u00f3nicas y asincr\u00f3nicas.<\/li>\n\n\n\n<li>Indicar fecha de inicio\/entrega, fecha de cierre\/l\u00edmite para todas las actividades. En el caso de actividades as\u00edncronas, estimar un m\u00ednimo de 72 horas para su cumplimiento.<\/li>\n\n\n\n<li>Establecer instrucciones para todas las entregas, sean calificadas o no.<\/li>\n\n\n\n<li>Evaluar las actividades con r\u00fabrica y retroalimentar en un tiempo que no supere dos encuentros consecutivos desde la fecha de entrega.<\/li>\n\n\n\n<li>Evaluar de distintas formas el aprendizaje sea de car\u00e1cter formativo o sumativo constantes o peri\u00f3dicas a trav\u00e9s de ex\u00e1menes, proyectos, tareas individuales y grupales, participaci\u00f3n en foros, etc.<\/li>\n\n\n\n<li>Programar alternativas o actividades de recuperaci\u00f3n en el caso de que existan dificultades de asistencia en actividades sincr\u00f3nicas.<\/li>\n<\/ul>\n\n\n\n<h4 class=\"wp-block-heading\">Estructura del curso en el Campus virtual<\/h4>\n\n\n\n<p>La estructura del curso debe contener una secci\u00f3n general, y una secci\u00f3n para cada una de las 18 semanas. Los elementos a incluir en cada secci\u00f3n siguen a continuaci\u00f3n:<\/p>\n\n\n\n<h4 class=\"wp-block-heading\">Secci\u00f3n General<\/h4>\n\n\n\n<ul class=\"wp-block-list\">\n<li>Presentaci\u00f3n \u2013 Mensaje de Bienvenida\/presentaciones de estudiantes.<ul><li>Avisos &nbsp;&#8211; Espacio de comunicaci\u00f3n del docente hacia los estudiantes,<\/li><\/ul><ul><li>Syllabus en PDF<\/li><\/ul><ul><li>Solicitud de tutor\u00edas y el horario propuesto.<\/li><\/ul><ul><li>Acceso a la bibliograf\u00eda base y complementaria del curso (archivos o enlaces).<\/li><\/ul>\n<ul class=\"wp-block-list\">\n<li>Enlace para encuentros de clase sincr\u00f3nica, o en secci\u00f3n semanal.<\/li>\n<\/ul>\n<\/li>\n<\/ul>\n\n\n\n<h4 class=\"wp-block-heading\">Secci\u00f3n semanal<\/h4>\n\n\n\n<p>Cada secci\u00f3n semanal debe ser guiada de actividad a actividad, e incluir diversos elementos, a trav\u00e9s de un v\u00ednculo, tales como:<\/p>\n\n\n\n<ul class=\"wp-block-list\">\n<li>Diapositivas<ul><li>Videos explicativos o tutoriales<\/li><\/ul><ul><li>Recursos o materiales de aprendizaje&nbsp;<\/li><\/ul><ul><li>Actividades:&nbsp; Foros, tareas, apuntes, link zoom, etc.<\/li><\/ul><ul><li>Evaluaciones \u2013 Formativa y\/o sumativa con criterios de evaluaci\u00f3n (r\u00fabrica)<\/li><\/ul>\n<ul class=\"wp-block-list\">\n<li>Registro de clase en forma de video, o audio (para las clases o actividades virtuales). En el caso de que la clase sea sincr\u00f3nica, ser\u00e1 indispensable subir el v\u00ednculo de video o audio o el enlace <em>OneDrive<\/em> a la carpeta o video.<\/li>\n<\/ul>\n<\/li>\n<\/ul>\n\n\n\n<p>**Se permite usar otras plataformas de videoconferencia, pero el registro de dichas clases debe ser cargado al Campus Virtual, independientemente de la plataforma usada**<\/p>\n\n\n\n<h4 class=\"wp-block-heading\">Uso de materiales bibliogr\u00e1ficos<\/h4>\n\n\n\n<ul class=\"wp-block-list\">\n<li>Todo el material did\u00e1ctico debe estar referenciado a sus autores o fuentes.<\/li>\n\n\n\n<li>Para recursos obtenidos de las bases de datos digitales, colocar el URL o v\u00ednculo.<\/li>\n\n\n\n<li>Reforzar el uso de las normas de citaci\u00f3n bibliogr\u00e1fica, para evitar el plagio y para el conocimiento de las normas de escritura acad\u00e9mica.<\/li>\n\n\n\n<li>La carga de material est\u00e1 limitado a 25MB dentro del campus virtual. Vincular todos sus materiales en el repositorio digital de OneDrive con el URL respectivo en el Campus virtual para no colapsar los servidores del Campus. Las entregas de trabajos multimedia pueden realizarse a trav\u00e9s de URL de OneDrive.<\/li>\n<\/ul>\n\n\n\n<h4 class=\"wp-block-heading\">Derechos sobre los materiales audiovisuales<\/h4>\n\n\n\n<p>Ser\u00e1 necesario socializar a los estudiantes la pol\u00edtica sobre el uso e imagen:\u00a0 <em>En el contexto de clases virtuales y grabadas, la Universidad de las Artes reconoce los derechos de imagen y voz de docentes y estudiantes (Constituci\u00f3n,\u00a0Art. 66, numeral 18) as\u00ed como los derechos morales y patrimoniales de la\u00a0producci\u00f3n art\u00edstica e intelectual. (Constituci\u00f3n, Art. 22). Cualquier reproducci\u00f3n \/\u00a0difusi\u00f3n \/ almacenamiento digital \/ de las clases en cualquier medio o a trav\u00e9s\u00a0de las redes sociales debe ser autorizada expresamente por cada docente.<\/em><\/p>\n<\/div><\/div><\/div>\n\n\n\n<div class=\"wp-block-getwid-toggle__row\"><div class=\"wp-block-getwid-toggle__header-wrapper\"><h3 class=\"wp-block-getwid-toggle__header\"><a href=\"#\"><span class=\"wp-block-getwid-toggle__header-title\">Servicios para la modalidad en l\u00ednea\/h\u00edbrida\/virtual<\/span><span class=\"wp-block-getwid-toggle__icon is-active\"><i class=\"fas fa-plus\"><\/i><\/span><span class=\"wp-block-getwid-toggle__icon is-passive\"><i class=\"fas fa-minus\"><\/i><\/span><\/a><\/h3><\/div><div class=\"wp-block-getwid-toggle__content-wrapper\"><div class=\"wp-block-getwid-toggle__content\">\n<p>La Universidad cuenta con los siguientes soportes digitales:<\/p>\n\n\n\n<ul class=\"wp-block-list\">\n<li>Sistema de Gesti\u00f3n Acad\u00e9mica &#8211; SGA<ul><li>Plataforma Moodle (Campus Virtual UArtes)<\/li><\/ul><ul><li>Zoom para videoconferencias<\/li><\/ul><ul><li>Suite Office365<\/li><\/ul><ul><li>Biblioth\u00e8que des Arts<\/li><\/ul>\n<ul class=\"wp-block-list\">\n<li>Repositorios digitales<\/li>\n<\/ul>\n<\/li>\n<\/ul>\n\n\n\n<p>Si se utilizan otras herramientas como Youtube\/Vimeo\/etc., es obligatorio reflejarlas en el campus virtual a trav\u00e9s de un link. Si se utilizan otros servicios de mensajer\u00eda, debe tener la capacidad de exportar (chat, video, audio, etc.), para que su registro pueda ser colgado en el campus virtual.<\/p>\n\n\n\n<p>Para el desarrollo de este proceso educativo el cuerpo docente-estudiantil deber\u00e1 capacitarse\/haberse capacitado para el uso de:<\/p>\n\n\n\n<ul class=\"wp-block-list\">\n<li>Manejo de la plataforma Moodle (Campus Virtual UArtes)<\/li>\n\n\n\n<li>Manejo de las herramientas Office 365<\/li>\n\n\n\n<li>Manejo de las bibliotecas y de los repositorios virtuales<\/li>\n\n\n\n<li>Creaci\u00f3n y manejo de Videoconferencias \u2013 ZOOM\/MS Teams<\/li>\n<\/ul>\n\n\n\n<p>En el caso de requerir una capacitaci\u00f3n comunicarlo a su coordinaci\u00f3n o jefatura para programar una inducci\u00f3n a trav\u00e9s de la Direcci\u00f3n de Acompa\u00f1amiento al \u00c9xito Acad\u00e9mico.<\/p>\n\n\n\n<h4 class=\"wp-block-heading\">Herramienta de videoconferencia Zoom<\/h4>\n\n\n\n<p>La Universidad cuenta con un determinado n\u00famero de cuentas PRO designados de acuerdo a la solicitud de cada unidad. Para agendar su clase:<\/p>\n\n\n\n<ol style=\"list-style-type:1\" class=\"wp-block-list\">\n<li>Agende el horario de encuentro semanal.<\/li>\n\n\n\n<li>Obtenga el enlace y cu\u00e9lguelo en el campus virtual.<\/li>\n\n\n\n<li>Grabe la clase en su disco local y suba la clase grabada al repositorio OneDrive.<\/li>\n\n\n\n<li>Obtenga el enlace del video o grabaci\u00f3n y col\u00f3quela en el Campus Virtual.<\/li>\n<\/ol>\n\n\n\n<h4 class=\"wp-block-heading\">Herramientas Office365<\/h4>\n\n\n\n<p>El conjunto de herramientas de Office 365 contiene la suite de Microsoft (Word, Excel, Power Point, etc.) los cuales pueden descargarse e instalarse en su ordenador, que funcionar\u00e1n siempre y cuando el correo institucional est\u00e9 activo.<\/p>\n\n\n\n<ul class=\"wp-block-list\">\n<li>En el correo Outlook puede organizar grupos de env\u00edo, y generar eventos en el calendario que pueden funcionar como recordatorios para sus estudiantes.<\/li>\n\n\n\n<li>En Microsoft Teams pueden llevarse a cabo videoconferencias sin l\u00edmite de tiempo, cuya grabaci\u00f3n se sube autom\u00e1ticamente&nbsp; a la nube de OneDrive.<\/li>\n\n\n\n<li>El repositorio virtual OneDrive est\u00e1 disponible para todos los usuarios donde pueden respaldar tambi\u00e9n sus trabajos, pueden realizarse entregas a trav\u00e9s de v\u00ednculos URL y realizar o modificar documentos de forma colaborativa.<\/li>\n\n\n\n<li>Forms es un aplicativo de formularios donde puede realizar encuestas r\u00e1pidas a sus estudiantes las cuales pueden ser identificables o an\u00f3nimas.<\/li>\n<\/ul>\n\n\n\n<p>En el caso de tener problemas de acceso al correo electr\u00f3nico contactarse con <a href=\"mailto:soporte.tics@uartes.edu.ec\">soporte.tics@uartes.edu.ec<\/a><\/p>\n<\/div><\/div><\/div>\n\n\n\n<div class=\"wp-block-getwid-toggle__row\"><div class=\"wp-block-getwid-toggle__header-wrapper\"><h3 class=\"wp-block-getwid-toggle__header\"><a href=\"#\"><span class=\"wp-block-getwid-toggle__header-title\">Elementos inform\u00e1ticos de la Universidad<\/span><span class=\"wp-block-getwid-toggle__icon is-active\"><i class=\"fas fa-plus\"><\/i><\/span><span class=\"wp-block-getwid-toggle__icon is-passive\"><i class=\"fas fa-minus\"><\/i><\/span><\/a><\/h3><\/div><div class=\"wp-block-getwid-toggle__content-wrapper\"><div class=\"wp-block-getwid-toggle__content\">\n<h4 class=\"wp-block-heading\">Sistema de Gesti\u00f3n Acad\u00e9mica<\/h4>\n\n\n\n<p>Es el sistema medular para la gesti\u00f3n acad\u00e9mica de la Universidad. Las siguientes opciones se encuentran disponibles:<\/p>\n\n\n\n<ul class=\"wp-block-list\">\n<li>Acceso a las bibliotecas virtuales contratadas por la Instituci\u00f3n<\/li>\n\n\n\n<li>Evaluaciones docentes<\/li>\n\n\n\n<li>Calificaciones<\/li>\n\n\n\n<li>Apertura de clases y registro general de contenidos y registro de asistencias<\/li>\n\n\n\n<li>Horarios de clases<\/li>\n\n\n\n<li>Carga de Syllabus<\/li>\n\n\n\n<li>Deberes y compartir archivos (opcional)<\/li>\n\n\n\n<li>Registro de tutor\u00edas acad\u00e9micas<\/li>\n\n\n\n<li>Agendamiento y registro de consejer\u00edas<\/li>\n\n\n\n<li>Registro de tutor\u00edas de titulaci\u00f3n<\/li>\n\n\n\n<li>Ingreso de Solicitudes a trav\u00e9s del SGA<\/li>\n\n\n\n<li>Generaci\u00f3n de Certificados Acad\u00e9micos<\/li>\n<\/ul>\n\n\n\n<h4 class=\"wp-block-heading\">Campus Virtuel<\/h4>\n\n\n\n<p>El entorno virtual de aprendizaje adoptado por la Universidad es la plataforma Moodle, en la cual el desarrollo de la clase se puede realizar o complementar con actividades y herramientas de interacci\u00f3n en l\u00ednea, y est\u00e1 estructurado de la siguiente manera:<\/p>\n\n\n\n<ul class=\"wp-block-list\">\n<li>Escuela o Departamento\n<ul class=\"wp-block-list\">\n<li>Periodo acad\u00e9mico<\/li>\n<\/ul>\n<\/li>\n\n\n\n<li>Cursos ofertados<\/li>\n<\/ul>\n\n\n\n<h4 class=\"wp-block-heading\">Objetivos del entorno virtual de aprendizaje<\/h4>\n\n\n\n<ul class=\"wp-block-list\">\n<li>Centralizar la informaci\u00f3n y llevar a cabo el seguimiento de actividades tanto en clases presenciales como virtuales.<ul><li>Ofrecer acceso a recursos tanto para estudiantes como a docentes.<\/li><\/ul><ul><li>Flexibilizar el tiempo para la realizaci\u00f3n de actividades.<\/li><\/ul><ul><li>Promover el aprendizaje activo, y responsable.<\/li><\/ul><ul><li>Promover el aprendizaje aut\u00f3nomo, cooperativo o en equipo.<\/li><\/ul><ul><li>Fomentar interacciones entre estudiantes y docentes.<\/li><\/ul><ul><li>Promover el conocimiento y utilizaci\u00f3n de herramientas virtuales.<\/li><\/ul>\n<ul class=\"wp-block-list\">\n<li>Mantener un registro de tareas y calificaciones.<\/li>\n<\/ul>\n<\/li>\n<\/ul>\n\n\n\n<h4 class=\"wp-block-heading\">Relaci\u00f3n SGA \u2013 Campus Virtual<\/h4>\n\n\n\n<p>La interrelaci\u00f3n entre el SGA y el Campus Virtual se realizar\u00e1 por las siguientes actividades:<\/p>\n\n\n\n<ul class=\"wp-block-list\">\n<li>El SGA es el lugar de registro de las actividades institucionales frente a los entes rectores y evaluadores de la Educaci\u00f3n Superior en el pa\u00eds.<\/li>\n\n\n\n<li>Cada docente debe registrar su actividad acad\u00e9mica en el SGA y llevar su desarrollo y registro de actividades en el Campus Virtual.<\/li>\n\n\n\n<li>El syllabus debe constar tanto en el SGA como en el Campus Virtual.<\/li>\n\n\n\n<li>El registro de calificaciones se realiza en el SGA en los periodos establecidos.<\/li>\n<\/ul>\n\n\n\n<h4 class=\"wp-block-heading\">Roles en el campus virtual<\/h4>\n\n\n\n<p>Los roles establecidos en la plataforma que pueden solicitar a los coordinadores o jefaturas son las siguientes:<\/p>\n\n\n\n<ul class=\"wp-block-list\">\n<li><strong>Gestor:<\/strong> Acceso a cursos y modificarlos. No participa en los cursos.<\/li>\n\n\n\n<li><strong>Creador de curso:<\/strong> Creador de nuevos cursos.<\/li>\n\n\n\n<li><strong>Director acad\u00e9mico: <\/strong>Acceso a todos los cursos sin permiso de edici\u00f3n para supervisi\u00f3n de las c\u00e1tedras que se imparten sus docentes de la unidad.<\/li>\n\n\n\n<li><strong>Coordinador acad\u00e9mico: <\/strong>Acceso a todos los cursos y editarlos para facilitar el control acad\u00e9mico de sus respectivas Escuelas o Departamentos. Tambi\u00e9n pueden asignar profesores a dichos cursos y matricular estudiantes.<\/li>\n\n\n\n<li><strong>Profesor<\/strong>: Creaci\u00f3n, modificaci\u00f3n de actividades y calificaci\u00f3n dentro de un curso.<\/li>\n\n\n\n<li><strong>Profesor sin permiso de edici\u00f3n<\/strong>: Visualizaci\u00f3n de actividades y calificaci\u00f3n.<\/li>\n\n\n\n<li><strong>Estudiante<\/strong>: Tiene acceso al curso y puede ver y participar en sus contenidos y realizan las actividades programadas por cada docente.<\/li>\n\n\n\n<li><strong>Invitado<\/strong>: Tiene privilegios m\u00ednimos y normalmente no est\u00e1n autorizados para participar o escribir.<\/li>\n<\/ul>\n\n\n\n<p>El retiro o modificaciones en los registros de la matr\u00edcula estudiantil, ser\u00e1n procesados en el SGA\/Moodle por la Secretar\u00eda Acad\u00e9mica.<\/p>\n\n\n\n<p>El cambio de roles, matriculaci\u00f3n de ayudantes de c\u00e1tedra (Profesor sin permiso de edici\u00f3n) podr\u00e1 ser solicitado a las coordinaciones o jefaturas quienes tendr\u00e1n permisos para realizar estos cambios.<\/p>\n\n\n\n<p>En el caso de cambio de directivos o coordinaciones, enviar un correo a <a href=\"mailto:formaci\u00f3n.virtual@uartes\">formaci\u00f3n.virtual@uartes<\/a> para realizar el cambio respectivo.<\/p>\n<\/div><\/div><\/div>\n<\/div>\n\n\n\n<div style=\"height:40px\" aria-hidden=\"true\" class=\"wp-block-spacer\"><\/div>\n\n\n\n<p>Tambi\u00e9n puedes descargar la pol\u00edtica en su formato PDF.<\/p>\n\n\n<section class='__wpdm_gb_section __wpdm_gb_package'><div class='w3eden wpdm_package_shortcode'><!-- WPDM Link Template: Call to Action 3 -->\n\n<div class=\"well c2a3\">\n    <div class=\"media\">\n        <div class=\"mr-3\" align=\"left\">\n            <img decoding=\"async\" class=\"wpdm_icon\" alt=\"Ic\u00f4ne\" src=\"https:\/\/www.uartes.edu.ec\/sitio\/wp-content\/plugins\/download-manager\/assets\/file-type-icons\/pdf.svg\" \/>\n        <\/div>\n        <div class=\"media-body\">\n            <h3 class=\"media-heading\" style=\"padding-top: 0px;border:0px;margin: 0 0 5px 0;font-size:12pt;\">\n                <a style=\"font-weight: 700\" href=\"https:\/\/www.uartes.edu.ec\/sitio\/fr\/download\/lineamenatos-para-el-semestre-2022b\/\">Lineamenatos para el semestre 2022B<\/a>\n                <span style=\"font-size:8pt;font-weight:300\" class=\"text-muted ml-4\">\n                    <i class=\"fas fa-hdd mr-1\"><\/i> 1.35 MB\n                    <i class=\"ml-3 far fa-arrow-alt-circle-down mr-1\"><\/i> 826 t\u00e9l\u00e9chargements\n                <\/span>\n            <\/h3>\n            &#8230;\n        <\/div>\n        <div class=\"ml-3\" align=\"right\">\n            <a class='wpdm-download-link download-on-click btn btn-primary btn-sm'  rel='nofollow' href='#' data-downloadurl=\"https:\/\/www.uartes.edu.ec\/sitio\/fr\/download\/lineamenatos-para-el-semestre-2022b\/?wpdmdl=28319&#038;refresh=69f46ec6901641777626822\">T\u00e9l\u00e9charger<\/a>\n        <\/div>\n    <\/div>\n\n<\/div>\n<style>\n    .well.c2a3 .btn {\n        padding: 11px 30px;\n        font-size: 11pt;\n    }\n\n    .well.c2a3 .media-body {\n        font-size: 11pt;\n    }\n\n    .well.c2a3 .wpdm_icon {\n        height: 42px;\n        width: auto;\n    }<\/style>\n<\/div><\/section>","protected":false},"excerpt":{"rendered":"<p>Al haber retomado las actividades presenciales es necesario detallar lineamientos para la estructuraci\u00f3n de las diferentes modalidades de aprendizaje (presencial, semipresencial, en l\u00ednea, e h\u00edbrida), as\u00ed como el uso de entornos virtuales de aprendizaje entre otros, de acuerdo a lo dictaminado en el Reglamento de R\u00e9gimen Acad\u00e9mico expedido por el CES, y a las modalidades [&hellip;]<\/p>\n","protected":false},"author":1,"featured_media":0,"parent":3025,"menu_order":9,"comment_status":"closed","ping_status":"closed","template":"","meta":{"_acf_changed":false,"_uag_custom_page_level_css":"","_monsterinsights_skip_tracking":false,"_monsterinsights_sitenote_active":false,"_monsterinsights_sitenote_note":"","_monsterinsights_sitenote_category":0,"cybocfi_hide_featured_image":"","footnotes":""},"class_list":["post-20535","page","type-page","status-publish","hentry"],"acf":[],"yoast_head":"<!-- This site is optimized with the Yoast SEO plugin v27.4 - https:\/\/yoast.com\/product\/yoast-seo-wordpress\/ -->\n<title>Universidad de las Artes - Lineamientos para la presencialidad y virtualidad<\/title>\n<meta name=\"description\" content=\"Universidad de las Artes - Lineamientos para la presencialidad y virtualidad\" \/>\n<meta name=\"robots\" content=\"index, follow, max-snippet:-1, max-image-preview:large, max-video-preview:-1\" \/>\n<link rel=\"canonical\" href=\"https:\/\/www.uartes.edu.ec\/sitio\/fr\/retorno-progresivo\/\" \/>\n<meta property=\"og:locale\" content=\"fr_FR\" \/>\n<meta property=\"og:type\" content=\"article\" \/>\n<meta property=\"og:title\" content=\"Universidad de las Artes - Lineamientos para la presencialidad y virtualidad\" \/>\n<meta property=\"og:description\" content=\"Universidad de las Artes - Lineamientos para la presencialidad y virtualidad\" \/>\n<meta property=\"og:url\" content=\"https:\/\/www.uartes.edu.ec\/sitio\/fr\/retorno-progresivo\/\" \/>\n<meta property=\"og:site_name\" content=\"Universidad de las Artes\" \/>\n<meta property=\"article:publisher\" content=\"https:\/\/www.facebook.com\/uartesec\" \/>\n<meta property=\"article:modified_time\" content=\"2025-05-28T20:42:57+00:00\" \/>\n<meta name=\"twitter:card\" content=\"summary_large_image\" \/>\n<meta name=\"twitter:site\" content=\"@uartesec\" \/>\n<meta name=\"twitter:label1\" content=\"Dur\u00e9e de lecture estim\u00e9e\" \/>\n\t<meta name=\"twitter:data1\" content=\"22 minutes\" \/>\n<script type=\"application\/ld+json\" class=\"yoast-schema-graph\">{\"@context\":\"https:\\\/\\\/schema.org\",\"@graph\":[{\"@type\":\"WebPage\",\"@id\":\"https:\\\/\\\/www.uartes.edu.ec\\\/sitio\\\/fr\\\/retorno-progresivo\\\/\",\"url\":\"https:\\\/\\\/www.uartes.edu.ec\\\/sitio\\\/fr\\\/retorno-progresivo\\\/\",\"name\":\"Universidad de las Artes - Lineamientos para la presencialidad y virtualidad\",\"isPartOf\":{\"@id\":\"https:\\\/\\\/www.uartes.edu.ec\\\/sitio\\\/fr\\\/#website\"},\"datePublished\":\"2022-04-05T19:40:25+00:00\",\"dateModified\":\"2025-05-28T20:42:57+00:00\",\"description\":\"Universidad de las Artes - Lineamientos para la presencialidad y virtualidad\",\"breadcrumb\":{\"@id\":\"https:\\\/\\\/www.uartes.edu.ec\\\/sitio\\\/fr\\\/retorno-progresivo\\\/#breadcrumb\"},\"inLanguage\":\"fr-FR\",\"potentialAction\":[{\"@type\":\"ReadAction\",\"target\":[\"https:\\\/\\\/www.uartes.edu.ec\\\/sitio\\\/fr\\\/retorno-progresivo\\\/\"]}]},{\"@type\":\"BreadcrumbList\",\"@id\":\"https:\\\/\\\/www.uartes.edu.ec\\\/sitio\\\/fr\\\/retorno-progresivo\\\/#breadcrumb\",\"itemListElement\":[{\"@type\":\"ListItem\",\"position\":1,\"name\":\"Inicio\",\"item\":\"https:\\\/\\\/www.uartes.edu.ec\\\/sitio\\\/\"},{\"@type\":\"ListItem\",\"position\":2,\"name\":\"Universidad de las Artes\",\"item\":\"https:\\\/\\\/www.uartes.edu.ec\\\/sitio\\\/\"},{\"@type\":\"ListItem\",\"position\":3,\"name\":\"Estudiantes\",\"item\":\"https:\\\/\\\/www.uartes.edu.ec\\\/sitio\\\/la-universidad\\\/estudiantes\\\/\"},{\"@type\":\"ListItem\",\"position\":4,\"name\":\"Acad\u00e9mico\",\"item\":\"https:\\\/\\\/www.uartes.edu.ec\\\/sitio\\\/la-universidad\\\/estudiantes\\\/academico\\\/\"},{\"@type\":\"ListItem\",\"position\":5,\"name\":\"Lineamientos para la presencialidad y virtualidad\"}]},{\"@type\":\"WebSite\",\"@id\":\"https:\\\/\\\/www.uartes.edu.ec\\\/sitio\\\/fr\\\/#website\",\"url\":\"https:\\\/\\\/www.uartes.edu.ec\\\/sitio\\\/fr\\\/\",\"name\":\"Universidad de las Artes\",\"description\":\"Sitio oficial de la Universidad Nacional de las Artes del Ecuador\",\"publisher\":{\"@id\":\"https:\\\/\\\/www.uartes.edu.ec\\\/sitio\\\/fr\\\/#organization\"},\"potentialAction\":[{\"@type\":\"SearchAction\",\"target\":{\"@type\":\"EntryPoint\",\"urlTemplate\":\"https:\\\/\\\/www.uartes.edu.ec\\\/sitio\\\/fr\\\/?s={search_term_string}\"},\"query-input\":{\"@type\":\"PropertyValueSpecification\",\"valueRequired\":true,\"valueName\":\"search_term_string\"}}],\"inLanguage\":\"fr-FR\"},{\"@type\":\"Organization\",\"@id\":\"https:\\\/\\\/www.uartes.edu.ec\\\/sitio\\\/fr\\\/#organization\",\"name\":\"Universidad de las Artes\",\"url\":\"https:\\\/\\\/www.uartes.edu.ec\\\/sitio\\\/fr\\\/\",\"logo\":{\"@type\":\"ImageObject\",\"inLanguage\":\"fr-FR\",\"@id\":\"https:\\\/\\\/www.uartes.edu.ec\\\/sitio\\\/fr\\\/#\\\/schema\\\/logo\\\/image\\\/\",\"url\":\"https:\\\/\\\/www.uartes.edu.ec\\\/sitio\\\/wp-content\\\/uploads\\\/2022\\\/07\\\/logo-ua-horizontal.png\",\"contentUrl\":\"https:\\\/\\\/www.uartes.edu.ec\\\/sitio\\\/wp-content\\\/uploads\\\/2022\\\/07\\\/logo-ua-horizontal.png\",\"width\":800,\"height\":276,\"caption\":\"Universidad de las Artes\"},\"image\":{\"@id\":\"https:\\\/\\\/www.uartes.edu.ec\\\/sitio\\\/fr\\\/#\\\/schema\\\/logo\\\/image\\\/\"},\"sameAs\":[\"https:\\\/\\\/www.facebook.com\\\/uartesec\",\"https:\\\/\\\/x.com\\\/uartesec\",\"https:\\\/\\\/www.tiktok.com\\\/@uartesec\"]}]}<\/script>\n<!-- \/ Yoast SEO plugin. -->","yoast_head_json":{"title":"Universidad de las Artes - Lineamientos para la presencialidad y virtualidad","description":"Universidad de las Artes - Lineamientos para la presencialidad y virtualidad","robots":{"index":"index","follow":"follow","max-snippet":"max-snippet:-1","max-image-preview":"max-image-preview:large","max-video-preview":"max-video-preview:-1"},"canonical":"https:\/\/www.uartes.edu.ec\/sitio\/fr\/retorno-progresivo\/","og_locale":"fr_FR","og_type":"article","og_title":"Universidad de las Artes - Lineamientos para la presencialidad y virtualidad","og_description":"Universidad de las Artes - Lineamientos para la presencialidad y virtualidad","og_url":"https:\/\/www.uartes.edu.ec\/sitio\/fr\/retorno-progresivo\/","og_site_name":"Universidad de las Artes","article_publisher":"https:\/\/www.facebook.com\/uartesec","article_modified_time":"2025-05-28T20:42:57+00:00","twitter_card":"summary_large_image","twitter_site":"@uartesec","twitter_misc":{"Dur\u00e9e de lecture estim\u00e9e":"22 minutes"},"schema":{"@context":"https:\/\/schema.org","@graph":[{"@type":"WebPage","@id":"https:\/\/www.uartes.edu.ec\/sitio\/fr\/retorno-progresivo\/","url":"https:\/\/www.uartes.edu.ec\/sitio\/fr\/retorno-progresivo\/","name":"Universidad de las Artes - Lineamientos para la presencialidad y virtualidad","isPartOf":{"@id":"https:\/\/www.uartes.edu.ec\/sitio\/fr\/#website"},"datePublished":"2022-04-05T19:40:25+00:00","dateModified":"2025-05-28T20:42:57+00:00","description":"Universidad de las Artes - Lineamientos para la presencialidad y virtualidad","breadcrumb":{"@id":"https:\/\/www.uartes.edu.ec\/sitio\/fr\/retorno-progresivo\/#breadcrumb"},"inLanguage":"fr-FR","potentialAction":[{"@type":"ReadAction","target":["https:\/\/www.uartes.edu.ec\/sitio\/fr\/retorno-progresivo\/"]}]},{"@type":"BreadcrumbList","@id":"https:\/\/www.uartes.edu.ec\/sitio\/fr\/retorno-progresivo\/#breadcrumb","itemListElement":[{"@type":"ListItem","position":1,"name":"Inicio","item":"https:\/\/www.uartes.edu.ec\/sitio\/"},{"@type":"ListItem","position":2,"name":"Universidad de las Artes","item":"https:\/\/www.uartes.edu.ec\/sitio\/"},{"@type":"ListItem","position":3,"name":"Estudiantes","item":"https:\/\/www.uartes.edu.ec\/sitio\/la-universidad\/estudiantes\/"},{"@type":"ListItem","position":4,"name":"Acad\u00e9mico","item":"https:\/\/www.uartes.edu.ec\/sitio\/la-universidad\/estudiantes\/academico\/"},{"@type":"ListItem","position":5,"name":"Lineamientos para la presencialidad y virtualidad"}]},{"@type":"WebSite","@id":"https:\/\/www.uartes.edu.ec\/sitio\/fr\/#website","url":"https:\/\/www.uartes.edu.ec\/sitio\/fr\/","name":"Universidad de las Artes","description":"Sitio oficial de la Universidad Nacional de las Artes del Ecuador","publisher":{"@id":"https:\/\/www.uartes.edu.ec\/sitio\/fr\/#organization"},"potentialAction":[{"@type":"SearchAction","target":{"@type":"EntryPoint","urlTemplate":"https:\/\/www.uartes.edu.ec\/sitio\/fr\/?s={search_term_string}"},"query-input":{"@type":"PropertyValueSpecification","valueRequired":true,"valueName":"search_term_string"}}],"inLanguage":"fr-FR"},{"@type":"Organization","@id":"https:\/\/www.uartes.edu.ec\/sitio\/fr\/#organization","name":"Universidad de las Artes","url":"https:\/\/www.uartes.edu.ec\/sitio\/fr\/","logo":{"@type":"ImageObject","inLanguage":"fr-FR","@id":"https:\/\/www.uartes.edu.ec\/sitio\/fr\/#\/schema\/logo\/image\/","url":"https:\/\/www.uartes.edu.ec\/sitio\/wp-content\/uploads\/2022\/07\/logo-ua-horizontal.png","contentUrl":"https:\/\/www.uartes.edu.ec\/sitio\/wp-content\/uploads\/2022\/07\/logo-ua-horizontal.png","width":800,"height":276,"caption":"Universidad de las Artes"},"image":{"@id":"https:\/\/www.uartes.edu.ec\/sitio\/fr\/#\/schema\/logo\/image\/"},"sameAs":["https:\/\/www.facebook.com\/uartesec","https:\/\/x.com\/uartesec","https:\/\/www.tiktok.com\/@uartesec"]}]}},"uagb_featured_image_src":{"full":false,"thumbnail":false,"medium":false,"medium_large":false,"large":false,"1536x1536":false,"2048x2048":false,"trp-custom-language-flag":false,"htmega_size_585x295":false,"htmega_size_1170x536":false,"htmega_size_396x360":false,"gb-block-post-grid-landscape":false,"gb-block-post-grid-square":false,"university-hub-thumb":false},"uagb_author_info":{"display_name":"Universidad de las Artes","author_link":"https:\/\/www.uartes.edu.ec\/sitio\/fr\/blog\/author\/dircomadm\/"},"uagb_comment_info":0,"uagb_excerpt":"Al haber retomado las actividades presenciales es necesario detallar lineamientos para la estructuraci\u00f3n de las diferentes modalidades de aprendizaje (presencial, semipresencial, en l\u00ednea, e h\u00edbrida), as\u00ed como el uso de entornos virtuales de aprendizaje entre otros, de acuerdo a lo dictaminado en el Reglamento de R\u00e9gimen Acad\u00e9mico expedido por el CES, y a las modalidades\u2026","featured_image_src":null,"featured_image_src_square":null,"publishpress_future_action":{"enabled":false,"date":"2026-05-08 04:13:44","action":"change-status","newStatus":"draft","terms":[],"taxonomy":"","extraData":[]},"publishpress_future_workflow_manual_trigger":{"enabledWorkflows":[]},"distributor_meta":false,"distributor_terms":false,"distributor_media":false,"distributor_original_site_name":"Universidad de las Artes","distributor_original_site_url":"https:\/\/www.uartes.edu.ec\/sitio\/fr","push-errors":false,"_links":{"self":[{"href":"https:\/\/www.uartes.edu.ec\/sitio\/fr\/wp-json\/wp\/v2\/pages\/20535","targetHints":{"allow":["GET"]}}],"collection":[{"href":"https:\/\/www.uartes.edu.ec\/sitio\/fr\/wp-json\/wp\/v2\/pages"}],"about":[{"href":"https:\/\/www.uartes.edu.ec\/sitio\/fr\/wp-json\/wp\/v2\/types\/page"}],"author":[{"embeddable":true,"href":"https:\/\/www.uartes.edu.ec\/sitio\/fr\/wp-json\/wp\/v2\/users\/1"}],"replies":[{"embeddable":true,"href":"https:\/\/www.uartes.edu.ec\/sitio\/fr\/wp-json\/wp\/v2\/comments?post=20535"}],"version-history":[{"count":22,"href":"https:\/\/www.uartes.edu.ec\/sitio\/fr\/wp-json\/wp\/v2\/pages\/20535\/revisions"}],"predecessor-version":[{"id":72527,"href":"https:\/\/www.uartes.edu.ec\/sitio\/fr\/wp-json\/wp\/v2\/pages\/20535\/revisions\/72527"}],"up":[{"embeddable":true,"href":"https:\/\/www.uartes.edu.ec\/sitio\/fr\/wp-json\/wp\/v2\/pages\/3025"}],"wp:attachment":[{"href":"https:\/\/www.uartes.edu.ec\/sitio\/fr\/wp-json\/wp\/v2\/media?parent=20535"}],"curies":[{"name":"wp","href":"https:\/\/api.w.org\/{rel}","templated":true}]}}