{"id":3037,"date":"2019-03-15T14:19:00","date_gmt":"2019-03-15T19:19:20","guid":{"rendered":"http:\/\/www.uartes.edu.ec\/sitio\/la-universidad\/academico\/pregrado\/validacion-de-trayectorias-artisticas\/"},"modified":"2026-04-07T15:34:31","modified_gmt":"2026-04-07T20:34:31","slug":"validacion-de-trayectorias-artisticas","status":"publish","type":"page","link":"https:\/\/www.uartes.edu.ec\/sitio\/fr\/validacion-de-trayectorias\/","title":{"rendered":"Validaci\u00f3n de Trayectorias Profesionales en el Campo de las Artes"},"content":{"rendered":"<style> .disclaimer {padding: 1em;}<\/style>\n\n\n\n<div class=\"wp-block-columns is-layout-flex wp-container-core-columns-is-layout-9d6595d7 wp-block-columns-is-layout-flex\">\n<div class=\"wp-block-column disclaimer has-background is-layout-flow wp-block-column-is-layout-flow\" style=\"background-color:#f5f6f2\">\n<h3 class=\"wp-block-heading\"><strong>AVISO IMPORTANTE<\/strong><\/h3>\n\n\n\n<p>El proceso de Validaci\u00f3n de Trayectorias Profesionales Art\u00edsticas o Culturales <strong>no se encuentra activo actualmente<\/strong>. El \u00faltimo proceso se realiz\u00f3 en el per\u00edodo 2021-2022 y por el momento no existe una nueva convocatoria programada.<\/p>\n\n\n\n<p>La Universidad de las Artes informar\u00e1 oportunamente a trav\u00e9s de sus canales oficiales si este proceso se retoma en el futuro.<\/p>\n<\/div>\n<\/div>\n\n\n\n<p><strong><strong>L\u2019Universit\u00e9 des Arts commence son processus de validation des parcours<\/strong><\/strong>.<\/p>\n\n\n\n<p>Le 20 d\u00e9cembre de 2021, L\u2019Universit\u00e9 des Arts commence son processus de validation des parcours professionnels artistiques ou culturels 2021-2022 pour troisi\u00e8me cycle dans le cadre des accords sp\u00e9cifique sign\u00e9 avec le Minist\u00e8re de Culture et Patrimoine (MCYP). Ce processus a sa base sur le r\u00e9glement pour la validation de parcours professionnel artistique ou culturels, \u00e9mis pour le Conseils d\u2019\u00c9ducation Sup\u00e9rieure le 3 juin 2020.<\/p>\n\n\n\n<p>Les carri\u00e8res \u00e0 valider sont:<\/p>\n\n\n\n<ul class=\"wp-block-list\">\n<li>Arts visuels<\/li>\n\n\n\n<li>Litt\u00e9rature<\/li>\n\n\n\n<li>Cin\u00e9ma<\/li>\n\n\n\n<li>Cr\u00e9ation Th\u00e9\u00e2trale<\/li>\n\n\n\n<li>Production musicale&nbsp;<\/li>\n\n\n\n<li>Arts musicales et sonores<\/li>\n<\/ul>\n\n\n\n<p>Pour la validation du parcours professionnel artistique ou culturelles en prendra en compte les crit\u00e8res suivants.<\/p>\n\n\n\n<ol class=\"wp-block-list\">\n<li>Temps base. Il est n\u00e9cessaire justifier minimum10 ans dans l\u2019activit\u00e9 artistique Culturelle.<\/li>\n\n\n\n<li>Exp\u00e9rience en transmission des connaissances.  Il est important que le candidat. Montre qu\u2019il cumule au moins un \u00e9quivalent de 40% de son exp\u00e9rience associ\u00e9e au processus d\u2019enseignement -apprentissage.<\/li>\n\n\n\n<li>Travaux et production artistique<\/li>\n\n\n\n<li>Recherche<\/li>\n\n\n\n<li>Reconnaissance et distinction<\/li>\n\n\n\n<li>Formation et perfectionnement<\/li>\n\n\n\n<li>Apport<\/li>\n<\/ol>\n\n\n\n<p>Pour faciliter la remise d\u2019information, l\u2019universit\u00e9 des Arts \u00e0 cr\u00e9er une plateforme. Informatique, gr\u00e2ce \u00e0 laquelle les candidats pourront t\u00e9l\u00e9charger les pi\u00e8ces justificatives demand\u00e9es selon les crit\u00e8res correspondants. C\u2019est \u00e0 dire que le processus de postulation aura lieu exclusivement en modalit\u00e9 virtuelle. \nLes artistes auront l\u2019appui et accompagnement du personnel de l\u2019Universit\u00e9 des Arts au long de tout le processus. D\u2019autre part conforme. Au principe d\u2019autonomie et responsabilit\u00e9, L\u2019Universit\u00e9 des Arts   se r\u00e9serve le droit de limiter le nombre de places selon son capacit\u00e9 institutionnel<\/p>\n\n\n\n<p>Le processus de validation de parcours professionnel ne se trouve pas dans les crit\u00e8res e gratuit\u00e9 de l\u2019\u00e9ducation sup\u00e9rieure, c\u2019est pour qui on a \u00e9tabli une Somme de $1050, valeur qui sera consacr\u00e9  a couvrir  les demandes technique et op\u00e9ratives du processus.<\/p>\n\n\n\n<p>Si vous avez des doutes, n\u2019h\u00e9sitez pas \u00e0 nous contacter&nbsp;<a href=\"mailto:validacion.trayectoria@uartes.edu.ec\">validacion.trayectoria@uartes.edu.ec<\/a>. Pour visualiser le mat\u00e9riel associ\u00e9, nous vous sugg\u00e9rons d\u2019utiliser Google Chrome et attendre \u00e0 ce que le vid\u00e9os t\u00e9l\u00e9chargent compl\u00e8tement avant de les reproduire.<\/p>\n\n\n\n<div class=\"wp-block-getwid-advanced-spacer\" style=\"height:60px\" aria-hidden=\"true\"><\/div>\n\n\n<div class='w3eden wpdm_packages_shortcode'>\n    <div class=''>\n\n        \n        <div id=\"content_wpdm_package_1\">\n            <div class='row'><div class='col-lg-12 col-md-6 col-12'>\n<div class=\"card card-default\">\n    <div class=\"card-body\">\n \n    <div class=\"media\">\n        <div class=\"pull-left\"><img decoding=\"async\" class=\"wpdm_icon\" alt=\"Ic\u00f4ne\" src=\"https:\/\/www.uartes.edu.ec\/sitio\/wp-content\/plugins\/download-manager\/assets\/file-type-icons\/pdf.svg\" \/><\/div>\n        <div class=\"media-body\"><a href=\"https:\/\/www.uartes.edu.ec\/sitio\/fr\/download\/ua-ocs-rse-2021-0047\/?wpdmdl=17867&refresh=69f51a4db55f21777670733\"><strong class=\"ptitle\">UA-OCS-RSE-2021-0047 - Reglamento Interno de Validaci\u00f3n de Trayectorias Profesionales Art\u00edsticas o Culturales<\/strong><\/a>\n            <p><!-- wp:paragraph --><\/p>\n<p>Resuelve: \u201cArt\u00edculo Primero.- Aprobar el Reglamento Interno de Validaci\u00f3n de Trayectorias Profesionales Art\u00edsticas o Culturales en las carreras de tercer nivel de grado de la Universidad de las Artes (\u2026.); Art\u00edculo Segundo.- Aprobar el cronograma de desarrollo del proceso Validaci\u00f3n de Trayectorias Profesionales Art\u00edsticas o Culturales en las carreras de tercer nivel de grado de la Universidad de las Artes, per\u00edodo 2021-2022. El cronograma se encuentra como anexo de esta resoluci\u00f3n. (\u2026)\u201d F) Patricia Ayala Happe, Secretaria Adhoc. William Herrera R\u00edos Rector y Presidente del \u00d3rgano Colegiado Superior.   <br \/><strong>17 de diciembre  de 2021.<\/strong><\/p>\n<p><!-- \/wp:paragraph --><\/p>\n\n            <div><strong><a class='wpdm-download-link download-on-click btn btn-primary btn-sm'  rel='nofollow' href='#' data-downloadurl=\"https:\/\/www.uartes.edu.ec\/sitio\/fr\/download\/ua-ocs-rse-2021-0047\/?wpdmdl=17867&refresh=69f51a4db55f21777670733\">T\u00e9l\u00e9charger<\/a><\/strong><\/div>\n        <\/div>\n    <\/div>\n \n \n    <\/div>\n    <div class=\"card-footer\"><span class=\"pull-right\">22591 downloads<\/span>464.39 KB<\/div>\n<\/div><\/div><div class='col-lg-12 col-md-6 col-12'>\n<div class=\"card card-default\">\n    <div class=\"card-body\">\n \n    <div class=\"media\">\n        <div class=\"pull-left\"><img decoding=\"async\" class=\"wpdm_icon\" alt=\"Ic\u00f4ne\" src=\"https:\/\/www.uartes.edu.ec\/sitio\/wp-content\/plugins\/download-manager\/assets\/file-type-icons\/pdf.svg\" \/><\/div>\n        <div class=\"media-body\"><a href=\"https:\/\/www.uartes.edu.ec\/sitio\/fr\/download\/cronograma-aprobado-por-el-ocs-para-dar-inicio-al-proceso-de-validacion-de-trayectorias-profesionales-artisticas-o-culturales-de-la-universidad-de-las-artes-en-el-que-consta-el-detalle-de-la-moda\/?wpdmdl=17907&refresh=69f51a4f252e21777670735\"><strong class=\"ptitle\">Cronograma del proceso de Validaci\u00f3n de Trayectorias<\/strong><\/a>\n            <p><!-- wp:paragraph --><\/p>\n<p>Aprobado por el OCS para dar inicio al proceso de Validaci\u00f3n de Trayectorias Profesionales, Art\u00edsticas o Culturales de la Universidad de las Artes, en el que consta el detalle de la modalidad de pagos para este proceso.<\/p>\n<p><!-- \/wp:paragraph --><\/p>\n\n            <div><strong><a class='wpdm-download-link download-on-click btn btn-primary btn-sm'  rel='nofollow' href='#' data-downloadurl=\"https:\/\/www.uartes.edu.ec\/sitio\/fr\/download\/cronograma-aprobado-por-el-ocs-para-dar-inicio-al-proceso-de-validacion-de-trayectorias-profesionales-artisticas-o-culturales-de-la-universidad-de-las-artes-en-el-que-consta-el-detalle-de-la-moda\/?wpdmdl=17907&refresh=69f51a4f252e21777670735\">T\u00e9l\u00e9charger<\/a><\/strong><\/div>\n        <\/div>\n    <\/div>\n \n \n    <\/div>\n    <div class=\"card-footer\"><span class=\"pull-right\">32219 downloads<\/span>244.28 KB<\/div>\n<\/div><\/div><div class='col-lg-12 col-md-6 col-12'>\n<div class=\"card card-default\">\n    <div class=\"card-body\">\n \n    <div class=\"media\">\n        <div class=\"pull-left\"><img decoding=\"async\" class=\"wpdm_icon\" alt=\"Ic\u00f4ne\" src=\"https:\/\/www.uartes.edu.ec\/sitio\/wp-content\/plugins\/download-manager\/assets\/file-type-icons\/pdf.svg\" \/><\/div>\n        <div class=\"media-body\"><a href=\"https:\/\/www.uartes.edu.ec\/sitio\/fr\/download\/reglamento-para-la-validacion-de-trayectorias-profesionales-artisticas-o-culturales-2\/?wpdmdl=18832&refresh=69f51a507ef241777670736\"><strong class=\"ptitle\">Reglamento para la Validaci\u00f3n de Trayectorias Profesionales Art\u00edsticas o Culturales<\/strong><\/a>\n            <p><!-- wp:paragraph --><\/p>\n<p>Expedido por el CES, el presente Reglamento tiene por objeto normar el procedimiento que se aplica para el reconocimiento de una destacada trayectoria art\u00edstica o cultural como equivalente a la aprobaci\u00f3n de la totalidad o parte de una carrera o programa; as\u00ed como, regular el procedimiento para el reconocimiento de trayectorias art\u00edsticas, en cumplimiento de los art\u00edculos 49, 51, 54 y 108.2 de la Ley Org\u00e1nica de Educaci\u00f3n Superior (LOES).<\/p>\n<p><!-- \/wp:paragraph --><\/p>\n\n            <div><strong><a class='wpdm-download-link download-on-click btn btn-primary btn-sm'  rel='nofollow' href='#' data-downloadurl=\"https:\/\/www.uartes.edu.ec\/sitio\/fr\/download\/reglamento-para-la-validacion-de-trayectorias-profesionales-artisticas-o-culturales-2\/?wpdmdl=18832&refresh=69f51a507ef241777670736\">T\u00e9l\u00e9charger<\/a><\/strong><\/div>\n        <\/div>\n    <\/div>\n \n \n    <\/div>\n    <div class=\"card-footer\"><span class=\"pull-right\">33066 downloads<\/span>542.58 KB<\/div>\n<\/div><\/div><div class='col-lg-12 col-md-6 col-12'>\n<div class=\"card card-default\">\n    <div class=\"card-body\">\n \n    <div class=\"media\">\n        <div class=\"pull-left\"><img decoding=\"async\" class=\"wpdm_icon\" alt=\"Ic\u00f4ne\" src=\"https:\/\/www.uartes.edu.ec\/sitio\/wp-content\/plugins\/download-manager\/assets\/file-type-icons\/pdf.svg\" \/><\/div>\n        <div class=\"media-body\"><a href=\"https:\/\/www.uartes.edu.ec\/sitio\/fr\/download\/cronograma-actualizado-de-validacion-de-trayectorias-profesionales-artisticas-o-culturales\/?wpdmdl=22270&refresh=69f51a51daa8e1777670737\"><strong class=\"ptitle\">Cronograma actualizado de Validaci\u00f3n de trayectorias profesionales  art\u00edsticas o culturales<\/strong><\/a>\n            \n            <div><strong><a class='wpdm-download-link download-on-click btn btn-primary btn-sm'  rel='nofollow' href='#' data-downloadurl=\"https:\/\/www.uartes.edu.ec\/sitio\/fr\/download\/cronograma-actualizado-de-validacion-de-trayectorias-profesionales-artisticas-o-culturales\/?wpdmdl=22270&refresh=69f51a51daa8e1777670737\">T\u00e9l\u00e9charger<\/a><\/strong><\/div>\n        <\/div>\n    <\/div>\n \n \n    <\/div>\n    <div class=\"card-footer\"><span class=\"pull-right\">20340 downloads<\/span>338.48 KB<\/div>\n<\/div><\/div><\/div>            <div style='clear:both'><\/div><div class='text-center'><ul class='pagination wpdm-pagination pagination-centered text-center'><\/ul><\/div><div style='clear:both'><\/div>        <\/div>\n\n        <div style='clear:both'><\/div>\n    <\/div>\n<\/div>\n\n\n\n\n<p><\/p>","protected":false},"excerpt":{"rendered":"<p>AVISO IMPORTANTE El proceso de Validaci\u00f3n de Trayectorias Profesionales Art\u00edsticas o Culturales no se encuentra activo actualmente. El \u00faltimo proceso se realiz\u00f3 en el per\u00edodo 2021-2022 y por el momento no existe una nueva convocatoria programada. La Universidad de las Artes informar\u00e1 oportunamente a trav\u00e9s de sus canales oficiales si este proceso se retoma en [&hellip;]<\/p>\n","protected":false},"author":1,"featured_media":15986,"parent":2985,"menu_order":9,"comment_status":"closed","ping_status":"closed","template":"","meta":{"_acf_changed":false,"_uag_custom_page_level_css":"","_monsterinsights_skip_tracking":false,"_monsterinsights_sitenote_active":false,"_monsterinsights_sitenote_note":"","_monsterinsights_sitenote_category":0,"cybocfi_hide_featured_image":"","footnotes":""},"class_list":["post-3037","page","type-page","status-publish","has-post-thumbnail","hentry"],"acf":[],"yoast_head":"<!-- This site is optimized with the Yoast SEO plugin v27.4 - https:\/\/yoast.com\/product\/yoast-seo-wordpress\/ -->\n<title>Universidad de las Artes - Validaci\u00f3n de Trayectorias Profesionales en el Campo de las Artes<\/title>\n<meta name=\"description\" content=\"Universidad de las Artes - Validaci\u00f3n de Trayectorias Profesionales en el Campo de las Artes\" \/>\n<meta name=\"robots\" content=\"index, follow, max-snippet:-1, max-image-preview:large, max-video-preview:-1\" \/>\n<link rel=\"canonical\" href=\"https:\/\/www.uartes.edu.ec\/sitio\/fr\/validacion-de-trayectorias\/\" \/>\n<meta property=\"og:locale\" content=\"fr_FR\" \/>\n<meta property=\"og:type\" content=\"article\" \/>\n<meta property=\"og:title\" content=\"Universidad de las Artes - Validaci\u00f3n de Trayectorias Profesionales en el Campo de las Artes\" \/>\n<meta property=\"og:description\" content=\"Universidad de las Artes - Validaci\u00f3n de Trayectorias Profesionales en el Campo de las Artes\" \/>\n<meta property=\"og:url\" content=\"https:\/\/www.uartes.edu.ec\/sitio\/fr\/validacion-de-trayectorias\/\" \/>\n<meta property=\"og:site_name\" content=\"Universidad de las Artes\" \/>\n<meta property=\"article:publisher\" content=\"https:\/\/www.facebook.com\/uartesec\" \/>\n<meta property=\"article:modified_time\" content=\"2026-04-07T20:34:31+00:00\" \/>\n<meta property=\"og:image\" content=\"https:\/\/www.uartes.edu.ec\/sitio\/wp-content\/uploads\/2021\/09\/08-FIRMA-CONVENIO-VALIDACION-TRAYECTORIA.webp\" \/>\n\t<meta property=\"og:image:width\" content=\"2000\" \/>\n\t<meta property=\"og:image:height\" content=\"1333\" \/>\n\t<meta property=\"og:image:type\" content=\"image\/webp\" \/>\n<meta name=\"twitter:card\" content=\"summary_large_image\" \/>\n<meta name=\"twitter:site\" content=\"@uartesec\" \/>\n<meta name=\"twitter:label1\" content=\"Dur\u00e9e de lecture estim\u00e9e\" \/>\n\t<meta name=\"twitter:data1\" content=\"3 minutes\" \/>\n<script type=\"application\/ld+json\" class=\"yoast-schema-graph\">{\"@context\":\"https:\\\/\\\/schema.org\",\"@graph\":[{\"@type\":\"WebPage\",\"@id\":\"https:\\\/\\\/www.uartes.edu.ec\\\/sitio\\\/fr\\\/validacion-de-trayectorias\\\/\",\"url\":\"https:\\\/\\\/www.uartes.edu.ec\\\/sitio\\\/fr\\\/validacion-de-trayectorias\\\/\",\"name\":\"Universidad de las Artes - Validaci\u00f3n de Trayectorias Profesionales en el Campo de las Artes\",\"isPartOf\":{\"@id\":\"https:\\\/\\\/www.uartes.edu.ec\\\/sitio\\\/fr\\\/#website\"},\"primaryImageOfPage\":{\"@id\":\"https:\\\/\\\/www.uartes.edu.ec\\\/sitio\\\/fr\\\/validacion-de-trayectorias\\\/#primaryimage\"},\"image\":{\"@id\":\"https:\\\/\\\/www.uartes.edu.ec\\\/sitio\\\/fr\\\/validacion-de-trayectorias\\\/#primaryimage\"},\"thumbnailUrl\":\"https:\\\/\\\/www.uartes.edu.ec\\\/sitio\\\/wp-content\\\/uploads\\\/2021\\\/09\\\/08-FIRMA-CONVENIO-VALIDACION-TRAYECTORIA.webp\",\"datePublished\":\"2019-03-15T19:19:20+00:00\",\"dateModified\":\"2026-04-07T20:34:31+00:00\",\"description\":\"Universidad de las Artes - Validaci\u00f3n de Trayectorias Profesionales en el Campo de las Artes\",\"breadcrumb\":{\"@id\":\"https:\\\/\\\/www.uartes.edu.ec\\\/sitio\\\/fr\\\/validacion-de-trayectorias\\\/#breadcrumb\"},\"inLanguage\":\"fr-FR\",\"potentialAction\":[{\"@type\":\"ReadAction\",\"target\":[\"https:\\\/\\\/www.uartes.edu.ec\\\/sitio\\\/fr\\\/validacion-de-trayectorias\\\/\"]}]},{\"@type\":\"ImageObject\",\"inLanguage\":\"fr-FR\",\"@id\":\"https:\\\/\\\/www.uartes.edu.ec\\\/sitio\\\/fr\\\/validacion-de-trayectorias\\\/#primaryimage\",\"url\":\"https:\\\/\\\/www.uartes.edu.ec\\\/sitio\\\/wp-content\\\/uploads\\\/2021\\\/09\\\/08-FIRMA-CONVENIO-VALIDACION-TRAYECTORIA.webp\",\"contentUrl\":\"https:\\\/\\\/www.uartes.edu.ec\\\/sitio\\\/wp-content\\\/uploads\\\/2021\\\/09\\\/08-FIRMA-CONVENIO-VALIDACION-TRAYECTORIA.webp\",\"width\":2000,\"height\":1333},{\"@type\":\"BreadcrumbList\",\"@id\":\"https:\\\/\\\/www.uartes.edu.ec\\\/sitio\\\/fr\\\/validacion-de-trayectorias\\\/#breadcrumb\",\"itemListElement\":[{\"@type\":\"ListItem\",\"position\":1,\"name\":\"Inicio\",\"item\":\"https:\\\/\\\/www.uartes.edu.ec\\\/sitio\\\/\"},{\"@type\":\"ListItem\",\"position\":2,\"name\":\"Universidad de las Artes\",\"item\":\"https:\\\/\\\/www.uartes.edu.ec\\\/sitio\\\/\"},{\"@type\":\"ListItem\",\"position\":3,\"name\":\"Pregrado\",\"item\":\"https:\\\/\\\/www.uartes.edu.ec\\\/sitio\\\/la-universidad\\\/pregrado\\\/\"},{\"@type\":\"ListItem\",\"position\":4,\"name\":\"Validaci\u00f3n de Trayectorias Profesionales en el Campo de las Artes\"}]},{\"@type\":\"WebSite\",\"@id\":\"https:\\\/\\\/www.uartes.edu.ec\\\/sitio\\\/fr\\\/#website\",\"url\":\"https:\\\/\\\/www.uartes.edu.ec\\\/sitio\\\/fr\\\/\",\"name\":\"Universidad de las Artes\",\"description\":\"Sitio oficial de la Universidad Nacional de las Artes del Ecuador\",\"publisher\":{\"@id\":\"https:\\\/\\\/www.uartes.edu.ec\\\/sitio\\\/fr\\\/#organization\"},\"potentialAction\":[{\"@type\":\"SearchAction\",\"target\":{\"@type\":\"EntryPoint\",\"urlTemplate\":\"https:\\\/\\\/www.uartes.edu.ec\\\/sitio\\\/fr\\\/?s={search_term_string}\"},\"query-input\":{\"@type\":\"PropertyValueSpecification\",\"valueRequired\":true,\"valueName\":\"search_term_string\"}}],\"inLanguage\":\"fr-FR\"},{\"@type\":\"Organization\",\"@id\":\"https:\\\/\\\/www.uartes.edu.ec\\\/sitio\\\/fr\\\/#organization\",\"name\":\"Universidad de las Artes\",\"url\":\"https:\\\/\\\/www.uartes.edu.ec\\\/sitio\\\/fr\\\/\",\"logo\":{\"@type\":\"ImageObject\",\"inLanguage\":\"fr-FR\",\"@id\":\"https:\\\/\\\/www.uartes.edu.ec\\\/sitio\\\/fr\\\/#\\\/schema\\\/logo\\\/image\\\/\",\"url\":\"https:\\\/\\\/www.uartes.edu.ec\\\/sitio\\\/wp-content\\\/uploads\\\/2022\\\/07\\\/logo-ua-horizontal.png\",\"contentUrl\":\"https:\\\/\\\/www.uartes.edu.ec\\\/sitio\\\/wp-content\\\/uploads\\\/2022\\\/07\\\/logo-ua-horizontal.png\",\"width\":800,\"height\":276,\"caption\":\"Universidad de las Artes\"},\"image\":{\"@id\":\"https:\\\/\\\/www.uartes.edu.ec\\\/sitio\\\/fr\\\/#\\\/schema\\\/logo\\\/image\\\/\"},\"sameAs\":[\"https:\\\/\\\/www.facebook.com\\\/uartesec\",\"https:\\\/\\\/x.com\\\/uartesec\",\"https:\\\/\\\/www.tiktok.com\\\/@uartesec\"]}]}<\/script>\n<!-- \/ Yoast SEO plugin. -->","yoast_head_json":{"title":"Universidad de las Artes - Validaci\u00f3n de Trayectorias Profesionales en el Campo de las Artes","description":"Universidad de las Artes - Validaci\u00f3n de Trayectorias Profesionales en el Campo de las Artes","robots":{"index":"index","follow":"follow","max-snippet":"max-snippet:-1","max-image-preview":"max-image-preview:large","max-video-preview":"max-video-preview:-1"},"canonical":"https:\/\/www.uartes.edu.ec\/sitio\/fr\/validacion-de-trayectorias\/","og_locale":"fr_FR","og_type":"article","og_title":"Universidad de las Artes - Validaci\u00f3n de Trayectorias Profesionales en el Campo de las Artes","og_description":"Universidad de las Artes - Validaci\u00f3n de Trayectorias Profesionales en el Campo de las Artes","og_url":"https:\/\/www.uartes.edu.ec\/sitio\/fr\/validacion-de-trayectorias\/","og_site_name":"Universidad de las Artes","article_publisher":"https:\/\/www.facebook.com\/uartesec","article_modified_time":"2026-04-07T20:34:31+00:00","og_image":[{"width":2000,"height":1333,"url":"https:\/\/www.uartes.edu.ec\/sitio\/wp-content\/uploads\/2021\/09\/08-FIRMA-CONVENIO-VALIDACION-TRAYECTORIA.webp","type":"image\/webp"}],"twitter_card":"summary_large_image","twitter_site":"@uartesec","twitter_misc":{"Dur\u00e9e de lecture estim\u00e9e":"3 minutes"},"schema":{"@context":"https:\/\/schema.org","@graph":[{"@type":"WebPage","@id":"https:\/\/www.uartes.edu.ec\/sitio\/fr\/validacion-de-trayectorias\/","url":"https:\/\/www.uartes.edu.ec\/sitio\/fr\/validacion-de-trayectorias\/","name":"Universidad de las Artes - Validaci\u00f3n de Trayectorias Profesionales en el Campo de las Artes","isPartOf":{"@id":"https:\/\/www.uartes.edu.ec\/sitio\/fr\/#website"},"primaryImageOfPage":{"@id":"https:\/\/www.uartes.edu.ec\/sitio\/fr\/validacion-de-trayectorias\/#primaryimage"},"image":{"@id":"https:\/\/www.uartes.edu.ec\/sitio\/fr\/validacion-de-trayectorias\/#primaryimage"},"thumbnailUrl":"https:\/\/www.uartes.edu.ec\/sitio\/wp-content\/uploads\/2021\/09\/08-FIRMA-CONVENIO-VALIDACION-TRAYECTORIA.webp","datePublished":"2019-03-15T19:19:20+00:00","dateModified":"2026-04-07T20:34:31+00:00","description":"Universidad de las Artes - Validaci\u00f3n de Trayectorias Profesionales en el Campo de las Artes","breadcrumb":{"@id":"https:\/\/www.uartes.edu.ec\/sitio\/fr\/validacion-de-trayectorias\/#breadcrumb"},"inLanguage":"fr-FR","potentialAction":[{"@type":"ReadAction","target":["https:\/\/www.uartes.edu.ec\/sitio\/fr\/validacion-de-trayectorias\/"]}]},{"@type":"ImageObject","inLanguage":"fr-FR","@id":"https:\/\/www.uartes.edu.ec\/sitio\/fr\/validacion-de-trayectorias\/#primaryimage","url":"https:\/\/www.uartes.edu.ec\/sitio\/wp-content\/uploads\/2021\/09\/08-FIRMA-CONVENIO-VALIDACION-TRAYECTORIA.webp","contentUrl":"https:\/\/www.uartes.edu.ec\/sitio\/wp-content\/uploads\/2021\/09\/08-FIRMA-CONVENIO-VALIDACION-TRAYECTORIA.webp","width":2000,"height":1333},{"@type":"BreadcrumbList","@id":"https:\/\/www.uartes.edu.ec\/sitio\/fr\/validacion-de-trayectorias\/#breadcrumb","itemListElement":[{"@type":"ListItem","position":1,"name":"Inicio","item":"https:\/\/www.uartes.edu.ec\/sitio\/"},{"@type":"ListItem","position":2,"name":"Universidad de las Artes","item":"https:\/\/www.uartes.edu.ec\/sitio\/"},{"@type":"ListItem","position":3,"name":"Pregrado","item":"https:\/\/www.uartes.edu.ec\/sitio\/la-universidad\/pregrado\/"},{"@type":"ListItem","position":4,"name":"Validaci\u00f3n de Trayectorias Profesionales en el Campo de las Artes"}]},{"@type":"WebSite","@id":"https:\/\/www.uartes.edu.ec\/sitio\/fr\/#website","url":"https:\/\/www.uartes.edu.ec\/sitio\/fr\/","name":"Universidad de las Artes","description":"Sitio oficial de la Universidad Nacional de las Artes del Ecuador","publisher":{"@id":"https:\/\/www.uartes.edu.ec\/sitio\/fr\/#organization"},"potentialAction":[{"@type":"SearchAction","target":{"@type":"EntryPoint","urlTemplate":"https:\/\/www.uartes.edu.ec\/sitio\/fr\/?s={search_term_string}"},"query-input":{"@type":"PropertyValueSpecification","valueRequired":true,"valueName":"search_term_string"}}],"inLanguage":"fr-FR"},{"@type":"Organization","@id":"https:\/\/www.uartes.edu.ec\/sitio\/fr\/#organization","name":"Universidad de las Artes","url":"https:\/\/www.uartes.edu.ec\/sitio\/fr\/","logo":{"@type":"ImageObject","inLanguage":"fr-FR","@id":"https:\/\/www.uartes.edu.ec\/sitio\/fr\/#\/schema\/logo\/image\/","url":"https:\/\/www.uartes.edu.ec\/sitio\/wp-content\/uploads\/2022\/07\/logo-ua-horizontal.png","contentUrl":"https:\/\/www.uartes.edu.ec\/sitio\/wp-content\/uploads\/2022\/07\/logo-ua-horizontal.png","width":800,"height":276,"caption":"Universidad de las Artes"},"image":{"@id":"https:\/\/www.uartes.edu.ec\/sitio\/fr\/#\/schema\/logo\/image\/"},"sameAs":["https:\/\/www.facebook.com\/uartesec","https:\/\/x.com\/uartesec","https:\/\/www.tiktok.com\/@uartesec"]}]}},"uagb_featured_image_src":{"full":["https:\/\/www.uartes.edu.ec\/sitio\/wp-content\/uploads\/2021\/09\/08-FIRMA-CONVENIO-VALIDACION-TRAYECTORIA.webp",2000,1333,false],"thumbnail":["https:\/\/www.uartes.edu.ec\/sitio\/wp-content\/uploads\/2021\/09\/08-FIRMA-CONVENIO-VALIDACION-TRAYECTORIA.webp",150,100,false],"medium":["https:\/\/www.uartes.edu.ec\/sitio\/wp-content\/uploads\/2021\/09\/08-FIRMA-CONVENIO-VALIDACION-TRAYECTORIA.webp",300,200,false],"medium_large":["https:\/\/www.uartes.edu.ec\/sitio\/wp-content\/uploads\/2021\/09\/08-FIRMA-CONVENIO-VALIDACION-TRAYECTORIA.webp",768,512,false],"large":["https:\/\/www.uartes.edu.ec\/sitio\/wp-content\/uploads\/2021\/09\/08-FIRMA-CONVENIO-VALIDACION-TRAYECTORIA.webp",644,429,false],"1536x1536":["https:\/\/www.uartes.edu.ec\/sitio\/wp-content\/uploads\/2021\/09\/08-FIRMA-CONVENIO-VALIDACION-TRAYECTORIA.webp",1536,1024,false],"2048x2048":["https:\/\/www.uartes.edu.ec\/sitio\/wp-content\/uploads\/2021\/09\/08-FIRMA-CONVENIO-VALIDACION-TRAYECTORIA.webp",2000,1333,false],"trp-custom-language-flag":["https:\/\/www.uartes.edu.ec\/sitio\/wp-content\/uploads\/2021\/09\/08-FIRMA-CONVENIO-VALIDACION-TRAYECTORIA.webp",18,12,false],"htmega_size_585x295":["https:\/\/www.uartes.edu.ec\/sitio\/wp-content\/uploads\/2021\/09\/08-FIRMA-CONVENIO-VALIDACION-TRAYECTORIA.webp",443,295,false],"htmega_size_1170x536":["https:\/\/www.uartes.edu.ec\/sitio\/wp-content\/uploads\/2021\/09\/08-FIRMA-CONVENIO-VALIDACION-TRAYECTORIA.webp",804,536,false],"htmega_size_396x360":["https:\/\/www.uartes.edu.ec\/sitio\/wp-content\/uploads\/2021\/09\/08-FIRMA-CONVENIO-VALIDACION-TRAYECTORIA.webp",396,264,false],"gb-block-post-grid-landscape":["https:\/\/www.uartes.edu.ec\/sitio\/wp-content\/uploads\/2021\/09\/08-FIRMA-CONVENIO-VALIDACION-TRAYECTORIA.webp",600,400,false],"gb-block-post-grid-square":["https:\/\/www.uartes.edu.ec\/sitio\/wp-content\/uploads\/2021\/09\/08-FIRMA-CONVENIO-VALIDACION-TRAYECTORIA.webp",600,400,false],"university-hub-thumb":["https:\/\/www.uartes.edu.ec\/sitio\/wp-content\/uploads\/2021\/09\/08-FIRMA-CONVENIO-VALIDACION-TRAYECTORIA.webp",400,267,false]},"uagb_author_info":{"display_name":"Universidad de las Artes","author_link":"https:\/\/www.uartes.edu.ec\/sitio\/fr\/blog\/author\/dircomadm\/"},"uagb_comment_info":0,"uagb_excerpt":"AVISO IMPORTANTE El proceso de Validaci\u00f3n de Trayectorias Profesionales Art\u00edsticas o Culturales no se encuentra activo actualmente. El \u00faltimo proceso se realiz\u00f3 en el per\u00edodo 2021-2022 y por el momento no existe una nueva convocatoria programada. La Universidad de las Artes informar\u00e1 oportunamente a trav\u00e9s de sus canales oficiales si este proceso se retoma en\u2026","featured_image_src":"https:\/\/www.uartes.edu.ec\/sitio\/wp-content\/uploads\/2021\/09\/08-FIRMA-CONVENIO-VALIDACION-TRAYECTORIA.webp","featured_image_src_square":"https:\/\/www.uartes.edu.ec\/sitio\/wp-content\/uploads\/2021\/09\/08-FIRMA-CONVENIO-VALIDACION-TRAYECTORIA.webp","publishpress_future_action":{"enabled":false,"date":"2026-05-08 16:25:39","action":"change-status","newStatus":"draft","terms":[],"taxonomy":"","extraData":[]},"publishpress_future_workflow_manual_trigger":{"enabledWorkflows":[]},"distributor_meta":false,"distributor_terms":false,"distributor_media":false,"distributor_original_site_name":"Universidad de las Artes","distributor_original_site_url":"https:\/\/www.uartes.edu.ec\/sitio\/fr","push-errors":false,"_links":{"self":[{"href":"https:\/\/www.uartes.edu.ec\/sitio\/fr\/wp-json\/wp\/v2\/pages\/3037","targetHints":{"allow":["GET"]}}],"collection":[{"href":"https:\/\/www.uartes.edu.ec\/sitio\/fr\/wp-json\/wp\/v2\/pages"}],"about":[{"href":"https:\/\/www.uartes.edu.ec\/sitio\/fr\/wp-json\/wp\/v2\/types\/page"}],"author":[{"embeddable":true,"href":"https:\/\/www.uartes.edu.ec\/sitio\/fr\/wp-json\/wp\/v2\/users\/1"}],"replies":[{"embeddable":true,"href":"https:\/\/www.uartes.edu.ec\/sitio\/fr\/wp-json\/wp\/v2\/comments?post=3037"}],"version-history":[{"count":30,"href":"https:\/\/www.uartes.edu.ec\/sitio\/fr\/wp-json\/wp\/v2\/pages\/3037\/revisions"}],"predecessor-version":[{"id":88859,"href":"https:\/\/www.uartes.edu.ec\/sitio\/fr\/wp-json\/wp\/v2\/pages\/3037\/revisions\/88859"}],"up":[{"embeddable":true,"href":"https:\/\/www.uartes.edu.ec\/sitio\/fr\/wp-json\/wp\/v2\/pages\/2985"}],"wp:featuredmedia":[{"embeddable":true,"href":"https:\/\/www.uartes.edu.ec\/sitio\/fr\/wp-json\/wp\/v2\/media\/15986"}],"wp:attachment":[{"href":"https:\/\/www.uartes.edu.ec\/sitio\/fr\/wp-json\/wp\/v2\/media?parent=3037"}],"curies":[{"name":"wp","href":"https:\/\/api.w.org\/{rel}","templated":true}]}}