{"id":4415,"date":"2019-09-20T16:51:00","date_gmt":"2019-09-20T21:51:55","guid":{"rendered":"http:\/\/www.uartes.edu.ec\/sitio\/la-universidad\/pregrado\/licenciatura-en-artes-visuales\/"},"modified":"2024-11-29T16:36:36","modified_gmt":"2024-11-29T21:36:36","slug":"licenciatura-en-artes-visuales","status":"publish","type":"page","link":"https:\/\/www.uartes.edu.ec\/sitio\/fr\/la-universidad\/pregrado\/licenciatura-en-artes-visuales\/","title":{"rendered":"Licence en Arts Visuels"},"content":{"rendered":"<div data-elementor-type=\"wp-page\" data-elementor-id=\"4415\" class=\"elementor elementor-4415\" data-elementor-settings=\"{&quot;ha_cmc_init_switcher&quot;:&quot;no&quot;}\" data-elementor-post-type=\"page\">\n\t\t\t\t\t\t<section class=\"elementor-section elementor-top-section elementor-element elementor-element-76073cc elementor-section-height-min-height elementor-section-boxed elementor-section-height-default elementor-section-items-middle\" data-id=\"76073cc\" data-element_type=\"section\" data-e-type=\"section\" data-settings=\"{&quot;background_background&quot;:&quot;classic&quot;,&quot;_ha_eqh_enable&quot;:false}\">\n\t\t\t\t\t\t<div class=\"elementor-container elementor-column-gap-default\">\n\t\t\t\t\t<div class=\"elementor-column elementor-col-100 elementor-top-column elementor-element elementor-element-da22327\" data-id=\"da22327\" data-element_type=\"column\" data-e-type=\"column\">\n\t\t\t<div class=\"elementor-widget-wrap\">\n\t\t\t\t\t\t\t<\/div>\n\t\t<\/div>\n\t\t\t\t\t<\/div>\n\t\t<\/section>\n\t\t\t\t<section class=\"elementor-section elementor-top-section elementor-element elementor-element-d757c33 elementor-section-boxed elementor-section-height-default elementor-section-height-default\" data-id=\"d757c33\" data-element_type=\"section\" data-e-type=\"section\" data-settings=\"{&quot;_ha_eqh_enable&quot;:false}\">\n\t\t\t\t\t\t<div class=\"elementor-container elementor-column-gap-no\">\n\t\t\t\t\t<div class=\"elementor-column elementor-col-100 elementor-top-column elementor-element elementor-element-2f1518d\" data-id=\"2f1518d\" data-element_type=\"column\" data-e-type=\"column\">\n\t\t\t<div class=\"elementor-widget-wrap elementor-element-populated\">\n\t\t\t\t\t\t<div class=\"elementor-element elementor-element-8dd4d8e elementor-widget elementor-widget-theme-post-title elementor-page-title elementor-widget-heading\" data-id=\"8dd4d8e\" data-element_type=\"widget\" data-e-type=\"widget\" data-widget_type=\"theme-post-title.default\">\n\t\t\t\t<div class=\"elementor-widget-container\">\n\t\t\t\t\t<h1 class=\"elementor-heading-title elementor-size-default\">Licence en Arts Visuels<\/h1>\t\t\t\t<\/div>\n\t\t\t\t<\/div>\n\t\t\t\t<section class=\"elementor-section elementor-inner-section elementor-element elementor-element-4e35d8b elementor-section-content-middle elementor-section-boxed elementor-section-height-default elementor-section-height-default\" data-id=\"4e35d8b\" data-element_type=\"section\" data-e-type=\"section\" data-settings=\"{&quot;background_background&quot;:&quot;classic&quot;,&quot;_ha_eqh_enable&quot;:false}\">\n\t\t\t\t\t\t<div class=\"elementor-container elementor-column-gap-no\">\n\t\t\t\t\t<div class=\"elementor-column elementor-col-50 elementor-inner-column elementor-element elementor-element-d3956be\" data-id=\"d3956be\" data-element_type=\"column\" data-e-type=\"column\">\n\t\t\t<div class=\"elementor-widget-wrap elementor-element-populated\">\n\t\t\t\t\t\t<div class=\"elementor-element elementor-element-4baeed4 elementor-widget elementor-widget-text-editor\" data-id=\"4baeed4\" data-element_type=\"widget\" data-e-type=\"widget\" data-widget_type=\"text-editor.default\">\n\t\t\t\t<div class=\"elementor-widget-container\">\n\t\t\t\t\t\t\t\t\t<p><strong>La Licence en Arts Visuels articule les diff\u00e9rentes traditions et les approches inter et transdisciplinaires de l'art pour former des artistes critiques, capables de r\u00e9pondre aux exigences de la pratique artistique actuelle.<\/strong><\/p>\t\t\t\t\t\t\t\t<\/div>\n\t\t\t\t<\/div>\n\t\t\t\t\t<\/div>\n\t\t<\/div>\n\t\t\t\t<div class=\"elementor-column elementor-col-50 elementor-inner-column elementor-element elementor-element-ec1cfce\" data-id=\"ec1cfce\" data-element_type=\"column\" data-e-type=\"column\">\n\t\t\t<div class=\"elementor-widget-wrap elementor-element-populated\">\n\t\t\t\t\t\t<div class=\"elementor-element elementor-element-c781062 elementor-widget elementor-widget-video\" data-id=\"c781062\" data-element_type=\"widget\" data-e-type=\"widget\" data-settings=\"{&quot;image_overlay&quot;:{&quot;url&quot;:&quot;http:\\\/\\\/www.uartes.edu.ec\\\/sitio\\\/wp-content\\\/uploads\\\/2020\\\/10\\\/PREGRADO-ARTES-VISUALES.jpg&quot;,&quot;id&quot;:9458,&quot;size&quot;:&quot;&quot;},&quot;youtube_url&quot;:&quot;https:\\\/\\\/www.youtube.com\\\/watch?v=ul9RnejkeEE&quot;,&quot;autoplay&quot;:&quot;yes&quot;,&quot;play_on_mobile&quot;:&quot;yes&quot;,&quot;lightbox&quot;:&quot;yes&quot;,&quot;show_image_overlay&quot;:&quot;yes&quot;,&quot;lazy_load&quot;:&quot;yes&quot;,&quot;video_type&quot;:&quot;youtube&quot;,&quot;controls&quot;:&quot;yes&quot;}\" data-widget_type=\"video.default\">\n\t\t\t\t<div class=\"elementor-widget-container\">\n\t\t\t\t\t\t\t<div class=\"elementor-wrapper elementor-open-lightbox\">\n\t\t\t\t\t\t\t<div class=\"elementor-custom-embed-image-overlay\" data-elementor-open-lightbox=\"yes\" data-elementor-lightbox=\"{&quot;type&quot;:&quot;video&quot;,&quot;videoType&quot;:&quot;youtube&quot;,&quot;url&quot;:&quot;https:\\\/\\\/www.youtube.com\\\/embed\\\/ul9RnejkeEE?feature=oembed&amp;start&amp;end&amp;wmode=opaque&amp;loop=0&amp;controls=1&amp;mute=0&amp;rel=0&amp;cc_load_policy=0&quot;,&quot;autoplay&quot;:&quot;yes&quot;,&quot;modalOptions&quot;:{&quot;id&quot;:&quot;elementor-lightbox-c781062&quot;,&quot;entranceAnimation&quot;:&quot;&quot;,&quot;entranceAnimation_tablet&quot;:&quot;&quot;,&quot;entranceAnimation_mobile&quot;:&quot;&quot;,&quot;videoAspectRatio&quot;:&quot;169&quot;}}\" data-e-action-hash=\"#elementor-action%3Aaction%3Dlightbox%26settings%3DeyJ0eXBlIjoidmlkZW8iLCJ2aWRlb1R5cGUiOiJ5b3V0dWJlIiwidXJsIjoiaHR0cHM6XC9cL3d3dy55b3V0dWJlLmNvbVwvZW1iZWRcL3VsOVJuZWprZUVFP2ZlYXR1cmU9b2VtYmVkJnN0YXJ0JmVuZCZ3bW9kZT1vcGFxdWUmbG9vcD0wJmNvbnRyb2xzPTEmbXV0ZT0wJnJlbD0wJmNjX2xvYWRfcG9saWN5PTAiLCJhdXRvcGxheSI6InllcyIsIm1vZGFsT3B0aW9ucyI6eyJpZCI6ImVsZW1lbnRvci1saWdodGJveC1jNzgxMDYyIiwiZW50cmFuY2VBbmltYXRpb24iOiIiLCJlbnRyYW5jZUFuaW1hdGlvbl90YWJsZXQiOiIiLCJlbnRyYW5jZUFuaW1hdGlvbl9tb2JpbGUiOiIiLCJ2aWRlb0FzcGVjdFJhdGlvIjoiMTY5In19\">\n\t\t\t\t\t\t\t\t\t\t\t<img fetchpriority=\"high\" decoding=\"async\" width=\"2000\" height=\"1333\" src=\"https:\/\/www.uartes.edu.ec\/sitio\/wp-content\/uploads\/2020\/10\/PREGRADO-ARTES-VISUALES.jpg\" class=\"attachment-full size-full wp-image-9458\" alt=\"\" srcset=\"https:\/\/www.uartes.edu.ec\/sitio\/wp-content\/uploads\/2020\/10\/PREGRADO-ARTES-VISUALES.jpg 2000w, https:\/\/www.uartes.edu.ec\/sitio\/wp-content\/uploads\/2020\/10\/PREGRADO-ARTES-VISUALES-300x200.jpg 300w, https:\/\/www.uartes.edu.ec\/sitio\/wp-content\/uploads\/2020\/10\/PREGRADO-ARTES-VISUALES-644x429.jpg 644w, https:\/\/www.uartes.edu.ec\/sitio\/wp-content\/uploads\/2020\/10\/PREGRADO-ARTES-VISUALES-768x512.jpg 768w, https:\/\/www.uartes.edu.ec\/sitio\/wp-content\/uploads\/2020\/10\/PREGRADO-ARTES-VISUALES-1536x1024.jpg 1536w, https:\/\/www.uartes.edu.ec\/sitio\/wp-content\/uploads\/2020\/10\/PREGRADO-ARTES-VISUALES-600x400.jpg 600w, https:\/\/www.uartes.edu.ec\/sitio\/wp-content\/uploads\/2020\/10\/PREGRADO-ARTES-VISUALES-400x267.jpg 400w, https:\/\/www.uartes.edu.ec\/sitio\/wp-content\/uploads\/2020\/10\/PREGRADO-ARTES-VISUALES-272x182.jpg 272w\" sizes=\"(max-width: 2000px) 100vw, 2000px\" \/>\t\t\t\t\t\t\t\t\t\t\t\t\t\t\t\t<div class=\"elementor-custom-embed-play\" role=\"button\" aria-label=\"Lire la vid\u00e9o\" tabindex=\"0\">\n\t\t\t\t\t\t\t<svg aria-hidden=\"true\" class=\"e-font-icon-svg e-eicon-play\" viewbox=\"0 0 1000 1000\" xmlns=\"http:\/\/www.w3.org\/2000\/svg\"><path d=\"M838 162C746 71 633 25 500 25 371 25 258 71 163 162 71 254 25 367 25 500 25 633 71 746 163 837 254 929 367 979 500 979 633 979 746 933 838 837 929 746 975 633 975 500 975 367 929 254 838 162M808 192C892 279 933 379 933 500 933 621 892 725 808 808 725 892 621 938 500 938 379 938 279 896 196 808 113 725 67 621 67 500 67 379 108 279 196 192 279 108 383 62 500 62 621 62 721 108 808 192M438 392V642L642 517 438 392Z\"><\/path><\/svg>\t\t\t\t\t\t<\/div>\n\t\t\t\t\t\t\t\t\t<\/div>\n\t\t\t\t\t<\/div>\n\t\t\t\t\t\t<\/div>\n\t\t\t\t<\/div>\n\t\t\t\t\t<\/div>\n\t\t<\/div>\n\t\t\t\t\t<\/div>\n\t\t<\/section>\n\t\t\t\t<section class=\"elementor-section elementor-inner-section elementor-element elementor-element-0103674 elementor-section-boxed elementor-section-height-default elementor-section-height-default\" data-id=\"0103674\" data-element_type=\"section\" data-e-type=\"section\" data-settings=\"{&quot;_ha_eqh_enable&quot;:false}\">\n\t\t\t\t\t\t<div class=\"elementor-container elementor-column-gap-default\">\n\t\t\t\t\t<div class=\"elementor-column elementor-col-100 elementor-inner-column elementor-element elementor-element-71dfadf\" data-id=\"71dfadf\" data-element_type=\"column\" data-e-type=\"column\">\n\t\t\t<div class=\"elementor-widget-wrap elementor-element-populated\">\n\t\t\t\t\t\t<div class=\"elementor-element elementor-element-3d016f93 elementor-widget elementor-widget-text-editor\" data-id=\"3d016f93\" data-element_type=\"widget\" data-e-type=\"widget\" data-widget_type=\"text-editor.default\">\n\t\t\t\t<div class=\"elementor-widget-container\">\n\t\t\t\t\t\t\t\t\t<p><\/p>\n<p>La carri\u00e8re en Arts Visuels cherche \u00e0 former des artistes pourvus d'une solide formation intellectuelle, d'un esprit critique, d'une mentalit\u00e9 cr\u00e9ative, d'un sens \u00e9thique profond et d'une responsabilit\u00e9 sociale. Sa proposition \u00e9ducative se concentre principalement sur la formation de professionnels impliqu\u00e9s dans la recherche, l'\u00e9valuation et la production cr\u00e9ative. Le programme offre la possibilit\u00e9 de r\u00e9fl\u00e9chir \u00e0 travers la th\u00e9orie et la pratique artistique sur les niveaux complexes du discours audiovisuel. Son champ d'action vise la promotion de la production au profit de la transformation positive de la sc\u00e8ne artistique et culturelle de la r\u00e9gion.<\/p>\n<p><\/p>\n<h3 class=\"wp-block-heading\">Profil de sortie<\/h3>\n<p><\/p>\n<p>Le\/la dipl\u00f4m\u00e9(e) en Arts Visuels aura les comp\u00e9tences pour intervenir en tant que membre actif et cr\u00e9ateur du 'contemporain' dans l'art. Il\/elle sera conscient(e) de la capacit\u00e9 de l'art \u00e0 transmettre le pouls du devenir social : percevoir ce que nous sommes et construire des significations en harmonie avec le pr\u00e9sent et depuis notre place dans la g\u00e9ographie culturelle. Le\/la dipl\u00f4m\u00e9(e) disposera de comp\u00e9tences artistiques, critiques, de gestion et d'auto-gestion lui permettant de d\u00e9velopper des propositions innovantes dans le domaine des arts visuels. Par ailleurs, il\/elle sera capable de cr\u00e9er, d\u00e9velopper et concevoir des projets de caract\u00e8re artistique, environnemental, communautaire, \u00e9ducatif et publicitaire. De plus, il\/elle utilisera des proc\u00e9dures cr\u00e9atives et d'am\u00e9lioration continue requises par l'exercice professionnel de ces pratiques.<\/p>\n<p><\/p>\n<h3 class=\"wp-block-heading\">L'\u00e9quipe enseignante<\/h3>\n<p><\/p>\n<p>L'\u00c9cole des Arts Visuels dispose d'un corps enseignant compos\u00e9 d'artistes visuels et de chercheurs avec des projets cr\u00e9atifs et th\u00e9oriques en d\u00e9veloppement. Des professionnels titulaires de doctorats et de ma\u00eetrises ; et des artistes visuels avec une vaste exp\u00e9rience et une reconnaissance nationale et internationale. Pour l'\u00e9cole, il est essentiel d'avoir des artistes exp\u00e9riment\u00e9s et des chercheurs qui connaissent le milieu artistique local et\/ou qui sont reconnus pour leur travail p\u00e9dagogique. Ainsi, une formation de haut niveau sera garantie, ayant pour principe d'influer directement sur la construction d'une sc\u00e8ne artistique locale.<\/p>\n<p><\/p>\n<h3 class=\"wp-block-heading\">Parcours<\/h3>\n<ul>\n<li>Pratiques Bidimensionnelles<\/li>\n<li>Pratiques Tridimensionnelles<\/li>\n<li>Pratiques Curatoriales<\/li>\n<li>G\u00e9n\u00e9raliste<\/li>\n<\/ul>\n<p><\/p>\n<p>Pour plus d\u2019informations, \u00e9crivez \u00e0 <a href=\"mailto:escuela.artes-visuales@uartes.edu.ec\">escuela.artes-visuales@uartes.edu.ec<\/a> ou contactez le <a href=\"tel:+59342590700*3081\">(593)4-259-0700 ext 3081<\/a><\/p>\n<p><\/p>\t\t\t\t\t\t\t\t<\/div>\n\t\t\t\t<\/div>\n\t\t\t\t<div class=\"elementor-element elementor-element-1995bb1 elementor-widget elementor-widget-heading\" data-id=\"1995bb1\" data-element_type=\"widget\" data-e-type=\"widget\" data-widget_type=\"heading.default\">\n\t\t\t\t<div class=\"elementor-widget-container\">\n\t\t\t\t\t<h3 class=\"elementor-heading-title elementor-size-default\">Ressources<\/h3>\t\t\t\t<\/div>\n\t\t\t\t<\/div>\n\t\t\t\t<div class=\"elementor-element elementor-element-951534e elementor-widget elementor-widget-shortcode\" data-id=\"951534e\" data-element_type=\"widget\" data-e-type=\"widget\" data-widget_type=\"shortcode.default\">\n\t\t\t\t<div class=\"elementor-widget-container\">\n\t\t\t\t\t\t\t<div class=\"elementor-shortcode\"><div class='w3eden wpdm_package_shortcode'><!-- WPDM Link Template: Call to Action 3 -->\n\n<div class=\"well c2a3\">\n    <div class=\"media\">\n        <div class=\"mr-3\" align=\"left\">\n            <img decoding=\"async\" class=\"wpdm_icon\" alt=\"Ic\u00f4ne\" src=\"https:\/\/www.uartes.edu.ec\/sitio\/wp-content\/plugins\/download-manager\/assets\/file-type-icons\/pdf.svg\" \/>\n        <\/div>\n        <div class=\"media-body\">\n            <h3 class=\"media-heading\" style=\"padding-top: 0px;border:0px;margin: 0 0 5px 0;font-size:12pt;\">\n                <a style=\"font-weight: 700\" href=\"https:\/\/www.uartes.edu.ec\/sitio\/fr\/download\/malla-curricular-de-licenciatura-en-artes-visuales\/\">Malla Curricular de Licenciatura en Artes Visuales<\/a>\n                <span style=\"font-size:8pt;font-weight:300\" class=\"text-muted ml-4\">\n                    <i class=\"fas fa-hdd mr-1\"><\/i> 251.17 KB\n                    <i class=\"ml-3 far fa-arrow-alt-circle-down mr-1\"><\/i> 35600 t\u00e9l\u00e9chargements\n                <\/span>\n            <\/h3>\n            ...\n        <\/div>\n        <div class=\"ml-3\" align=\"right\">\n            <a class='wpdm-download-link download-on-click btn btn-primary btn-sm'  rel='nofollow' href='#' data-downloadurl=\"https:\/\/www.uartes.edu.ec\/sitio\/fr\/download\/malla-curricular-de-licenciatura-en-artes-visuales\/?wpdmdl=9485&refresh=69f4ac439120f1777642563\">T\u00e9l\u00e9charger<\/a>\n        <\/div>\n    <\/div>\n\n<\/div>\n<style>\n    .well.c2a3 .btn {\n        padding: 11px 30px;\n        font-size: 11pt;\n    }\n\n    .well.c2a3 .media-body {\n        font-size: 11pt;\n    }\n\n    .well.c2a3 .wpdm_icon {\n        height: 42px;\n        width: auto;\n    }<\/style>\n<\/div><\/div>\n\t\t\t\t\t\t<\/div>\n\t\t\t\t<\/div>\n\t\t\t\t\t<\/div>\n\t\t<\/div>\n\t\t\t\t\t<\/div>\n\t\t<\/section>\n\t\t\t\t\t<\/div>\n\t\t<\/div>\n\t\t\t\t\t<\/div>\n\t\t<\/section>\n\t\t\t\t<section class=\"elementor-section elementor-top-section elementor-element elementor-element-300ae1b elementor-section-stretched elementor-section-boxed elementor-section-height-default elementor-section-height-default\" data-id=\"300ae1b\" data-element_type=\"section\" data-e-type=\"section\" data-settings=\"{&quot;background_background&quot;:&quot;classic&quot;,&quot;stretch_section&quot;:&quot;section-stretched&quot;,&quot;_ha_eqh_enable&quot;:false}\">\n\t\t\t\t\t\t\t<div class=\"elementor-background-overlay\"><\/div>\n\t\t\t\t\t\t\t<div class=\"elementor-container elementor-column-gap-default\">\n\t\t\t\t\t<div class=\"elementor-column elementor-col-100 elementor-top-column elementor-element elementor-element-d9848dd\" data-id=\"d9848dd\" data-element_type=\"column\" data-e-type=\"column\">\n\t\t\t<div class=\"elementor-widget-wrap elementor-element-populated\">\n\t\t\t\t\t\t<div class=\"elementor-element elementor-element-8183eb1 animated-fast elementor-invisible elementor-widget elementor-widget-heading\" data-id=\"8183eb1\" data-element_type=\"widget\" data-e-type=\"widget\" data-settings=\"{&quot;_animation&quot;:&quot;fadeInUp&quot;}\" data-widget_type=\"heading.default\">\n\t\t\t\t<div class=\"elementor-widget-container\">\n\t\t\t\t\t<h1 class=\"elementor-heading-title elementor-size-default\">Nos professeurs<\/h1>\t\t\t\t<\/div>\n\t\t\t\t<\/div>\n\t\t\t\t<div class=\"elementor-element elementor-element-c1e82b0 elementor-grid-6 elementor-posts--align-center elementor-grid-tablet-2 elementor-grid-mobile-1 elementor-posts--thumbnail-top elementor-widget elementor-widget-posts\" data-id=\"c1e82b0\" data-element_type=\"widget\" data-e-type=\"widget\" data-settings=\"{&quot;classic_columns&quot;:&quot;6&quot;,&quot;classic_row_gap&quot;:{&quot;unit&quot;:&quot;px&quot;,&quot;size&quot;:45,&quot;sizes&quot;:[]},&quot;classic_columns_tablet&quot;:&quot;2&quot;,&quot;classic_columns_mobile&quot;:&quot;1&quot;,&quot;classic_row_gap_tablet&quot;:{&quot;unit&quot;:&quot;px&quot;,&quot;size&quot;:&quot;&quot;,&quot;sizes&quot;:[]},&quot;classic_row_gap_mobile&quot;:{&quot;unit&quot;:&quot;px&quot;,&quot;size&quot;:&quot;&quot;,&quot;sizes&quot;:[]}}\" data-widget_type=\"posts.classic\">\n\t\t\t\t<div class=\"elementor-widget-container\">\n\t\t\t\t\t\t\t<div class=\"elementor-posts-container elementor-posts elementor-posts--skin-classic elementor-grid\" role=\"list\">\n\t\t\t\t<article class=\"elementor-post elementor-grid-item post-18273 docs type-docs status-publish has-post-thumbnail hentry doc_category-artes-visuales doc_category-comuna doc_category-maesrtia-artes-visuales doc_tag-comunadocente\" role=\"listitem\">\n\t\t\t\t<a class=\"elementor-post__thumbnail__link\" href=\"https:\/\/www.uartes.edu.ec\/sitio\/fr\/docs\/cristian-villavicencio\/\" tabindex=\"-1\" >\n\t\t\t<div class=\"elementor-post__thumbnail\"><img decoding=\"async\" width=\"300\" height=\"300\" src=\"https:\/\/www.uartes.edu.ec\/sitio\/wp-content\/uploads\/2021\/12\/CRISTIAN-VILLAVICENCIO-300x300.jpg\" class=\"attachment-medium size-medium wp-image-86265\" alt=\"\" srcset=\"https:\/\/www.uartes.edu.ec\/sitio\/wp-content\/uploads\/2021\/12\/CRISTIAN-VILLAVICENCIO-300x300.jpg 300w, https:\/\/www.uartes.edu.ec\/sitio\/wp-content\/uploads\/2021\/12\/CRISTIAN-VILLAVICENCIO-644x644.jpg 644w, https:\/\/www.uartes.edu.ec\/sitio\/wp-content\/uploads\/2021\/12\/CRISTIAN-VILLAVICENCIO-150x150.jpg 150w, https:\/\/www.uartes.edu.ec\/sitio\/wp-content\/uploads\/2021\/12\/CRISTIAN-VILLAVICENCIO-768x768.jpg 768w, https:\/\/www.uartes.edu.ec\/sitio\/wp-content\/uploads\/2021\/12\/CRISTIAN-VILLAVICENCIO-12x12.jpg 12w, https:\/\/www.uartes.edu.ec\/sitio\/wp-content\/uploads\/2021\/12\/CRISTIAN-VILLAVICENCIO-60x60.jpg 60w, https:\/\/www.uartes.edu.ec\/sitio\/wp-content\/uploads\/2021\/12\/CRISTIAN-VILLAVICENCIO-600x600.jpg 600w, https:\/\/www.uartes.edu.ec\/sitio\/wp-content\/uploads\/2021\/12\/CRISTIAN-VILLAVICENCIO.jpg 1000w\" sizes=\"(max-width: 300px) 100vw, 300px\" \/><\/div>\n\t\t<\/a>\n\t\t\t\t<div class=\"elementor-post__text\">\n\t\t\t\t<h3 class=\"elementor-post__title\">\n\t\t\t<a href=\"https:\/\/www.uartes.edu.ec\/sitio\/fr\/docs\/cristian-villavicencio\/\" >\n\t\t\t\tCristian Villavicencio\t\t\t<\/a>\n\t\t<\/h3>\n\t\t\t\t<\/div>\n\t\t\t\t<\/article>\n\t\t\t\t<article class=\"elementor-post elementor-grid-item post-18292 docs type-docs status-publish has-post-thumbnail hentry doc_category-artes-visuales\" role=\"listitem\">\n\t\t\t\t<a class=\"elementor-post__thumbnail__link\" href=\"https:\/\/www.uartes.edu.ec\/sitio\/fr\/docs\/david-federico-uttermann\/\" tabindex=\"-1\" >\n\t\t\t<div class=\"elementor-post__thumbnail\"><img decoding=\"async\" width=\"300\" height=\"300\" src=\"https:\/\/www.uartes.edu.ec\/sitio\/wp-content\/uploads\/2021\/12\/david-utterman-300x300.jpg\" class=\"attachment-medium size-medium wp-image-26143\" alt=\"\" srcset=\"https:\/\/www.uartes.edu.ec\/sitio\/wp-content\/uploads\/2021\/12\/david-utterman-300x300.jpg 300w, https:\/\/www.uartes.edu.ec\/sitio\/wp-content\/uploads\/2021\/12\/david-utterman-644x644.jpg 644w, https:\/\/www.uartes.edu.ec\/sitio\/wp-content\/uploads\/2021\/12\/david-utterman-150x150.jpg 150w, https:\/\/www.uartes.edu.ec\/sitio\/wp-content\/uploads\/2021\/12\/david-utterman-60x60.jpg 60w, https:\/\/www.uartes.edu.ec\/sitio\/wp-content\/uploads\/2021\/12\/david-utterman-600x600.jpg 600w, https:\/\/www.uartes.edu.ec\/sitio\/wp-content\/uploads\/2021\/12\/david-utterman-100x100.jpg 100w, https:\/\/www.uartes.edu.ec\/sitio\/wp-content\/uploads\/2021\/12\/david-utterman-560x560.jpg 560w, https:\/\/www.uartes.edu.ec\/sitio\/wp-content\/uploads\/2021\/12\/david-utterman.jpg 720w\" sizes=\"(max-width: 300px) 100vw, 300px\" \/><\/div>\n\t\t<\/a>\n\t\t\t\t<div class=\"elementor-post__text\">\n\t\t\t\t<h3 class=\"elementor-post__title\">\n\t\t\t<a href=\"https:\/\/www.uartes.edu.ec\/sitio\/fr\/docs\/david-federico-uttermann\/\" >\n\t\t\t\tDavid Federico Uttermann\t\t\t<\/a>\n\t\t<\/h3>\n\t\t\t\t<\/div>\n\t\t\t\t<\/article>\n\t\t\t\t<article class=\"elementor-post elementor-grid-item post-18296 docs type-docs status-publish has-post-thumbnail hentry doc_category-artes-visuales doc_category-maesrtia-artes-visuales doc_tag-coordinador-artes-visuales\" role=\"listitem\">\n\t\t\t\t<a class=\"elementor-post__thumbnail__link\" href=\"https:\/\/www.uartes.edu.ec\/sitio\/fr\/docs\/ilich-castillo\/\" tabindex=\"-1\" >\n\t\t\t<div class=\"elementor-post__thumbnail\"><img loading=\"lazy\" decoding=\"async\" width=\"300\" height=\"300\" src=\"https:\/\/www.uartes.edu.ec\/sitio\/wp-content\/uploads\/2021\/12\/ILICH-CASTILLO-300x300.jpg\" class=\"attachment-medium size-medium wp-image-86266\" alt=\"\" srcset=\"https:\/\/www.uartes.edu.ec\/sitio\/wp-content\/uploads\/2021\/12\/ILICH-CASTILLO-300x300.jpg 300w, https:\/\/www.uartes.edu.ec\/sitio\/wp-content\/uploads\/2021\/12\/ILICH-CASTILLO-644x644.jpg 644w, https:\/\/www.uartes.edu.ec\/sitio\/wp-content\/uploads\/2021\/12\/ILICH-CASTILLO-150x150.jpg 150w, https:\/\/www.uartes.edu.ec\/sitio\/wp-content\/uploads\/2021\/12\/ILICH-CASTILLO-768x768.jpg 768w, https:\/\/www.uartes.edu.ec\/sitio\/wp-content\/uploads\/2021\/12\/ILICH-CASTILLO-12x12.jpg 12w, https:\/\/www.uartes.edu.ec\/sitio\/wp-content\/uploads\/2021\/12\/ILICH-CASTILLO-60x60.jpg 60w, https:\/\/www.uartes.edu.ec\/sitio\/wp-content\/uploads\/2021\/12\/ILICH-CASTILLO-600x600.jpg 600w, https:\/\/www.uartes.edu.ec\/sitio\/wp-content\/uploads\/2021\/12\/ILICH-CASTILLO.jpg 1000w\" sizes=\"(max-width: 300px) 100vw, 300px\" \/><\/div>\n\t\t<\/a>\n\t\t\t\t<div class=\"elementor-post__text\">\n\t\t\t\t<h3 class=\"elementor-post__title\">\n\t\t\t<a href=\"https:\/\/www.uartes.edu.ec\/sitio\/fr\/docs\/ilich-castillo\/\" >\n\t\t\t\tIlich Castillo\t\t\t<\/a>\n\t\t<\/h3>\n\t\t\t\t<\/div>\n\t\t\t\t<\/article>\n\t\t\t\t<article class=\"elementor-post elementor-grid-item post-18300 docs type-docs status-publish has-post-thumbnail hentry doc_category-artes-visuales\" role=\"listitem\">\n\t\t\t\t<a class=\"elementor-post__thumbnail__link\" href=\"https:\/\/www.uartes.edu.ec\/sitio\/fr\/docs\/joaquin-humberto-serrano-macias\/\" tabindex=\"-1\" >\n\t\t\t<div class=\"elementor-post__thumbnail\"><img loading=\"lazy\" decoding=\"async\" width=\"300\" height=\"300\" src=\"https:\/\/www.uartes.edu.ec\/sitio\/wp-content\/uploads\/2021\/12\/dp-Serrano_Joaqui\u0301n-300x300.jpg\" class=\"attachment-medium size-medium wp-image-18215\" alt=\"\" srcset=\"https:\/\/www.uartes.edu.ec\/sitio\/wp-content\/uploads\/2021\/12\/dp-Serrano_Joaqui\u0301n-300x300.jpg 300w, https:\/\/www.uartes.edu.ec\/sitio\/wp-content\/uploads\/2021\/12\/dp-Serrano_Joaqui\u0301n-644x644.jpg 644w, https:\/\/www.uartes.edu.ec\/sitio\/wp-content\/uploads\/2021\/12\/dp-Serrano_Joaqui\u0301n-150x150.jpg 150w, https:\/\/www.uartes.edu.ec\/sitio\/wp-content\/uploads\/2021\/12\/dp-Serrano_Joaqui\u0301n-768x768.jpg 768w, https:\/\/www.uartes.edu.ec\/sitio\/wp-content\/uploads\/2021\/12\/dp-Serrano_Joaqui\u0301n-60x60.jpg 60w, https:\/\/www.uartes.edu.ec\/sitio\/wp-content\/uploads\/2021\/12\/dp-Serrano_Joaqui\u0301n-600x600.jpg 600w, https:\/\/www.uartes.edu.ec\/sitio\/wp-content\/uploads\/2021\/12\/dp-Serrano_Joaqui\u0301n-100x100.jpg 100w, https:\/\/www.uartes.edu.ec\/sitio\/wp-content\/uploads\/2021\/12\/dp-Serrano_Joaqui\u0301n.jpg 1000w\" sizes=\"(max-width: 300px) 100vw, 300px\" \/><\/div>\n\t\t<\/a>\n\t\t\t\t<div class=\"elementor-post__text\">\n\t\t\t\t<h3 class=\"elementor-post__title\">\n\t\t\t<a href=\"https:\/\/www.uartes.edu.ec\/sitio\/fr\/docs\/joaquin-humberto-serrano-macias\/\" >\n\t\t\t\tJoaqu\u00edn Humberto Serrano Mac\u00edas\t\t\t<\/a>\n\t\t<\/h3>\n\t\t\t\t<\/div>\n\t\t\t\t<\/article>\n\t\t\t\t<article class=\"elementor-post elementor-grid-item post-18307 docs type-docs status-publish has-post-thumbnail hentry doc_category-artes-visuales\" role=\"listitem\">\n\t\t\t\t<a class=\"elementor-post__thumbnail__link\" href=\"https:\/\/www.uartes.edu.ec\/sitio\/fr\/docs\/jorge-alfredo-aycart-larrea\/\" tabindex=\"-1\" >\n\t\t\t<div class=\"elementor-post__thumbnail\"><img loading=\"lazy\" decoding=\"async\" width=\"300\" height=\"300\" src=\"https:\/\/www.uartes.edu.ec\/sitio\/wp-content\/uploads\/2021\/12\/dep-aycard20210914_103218-300x300.jpg\" class=\"attachment-medium size-medium wp-image-18227\" alt=\"\" srcset=\"https:\/\/www.uartes.edu.ec\/sitio\/wp-content\/uploads\/2021\/12\/dep-aycard20210914_103218-300x300.jpg 300w, https:\/\/www.uartes.edu.ec\/sitio\/wp-content\/uploads\/2021\/12\/dep-aycard20210914_103218-644x644.jpg 644w, https:\/\/www.uartes.edu.ec\/sitio\/wp-content\/uploads\/2021\/12\/dep-aycard20210914_103218-150x150.jpg 150w, https:\/\/www.uartes.edu.ec\/sitio\/wp-content\/uploads\/2021\/12\/dep-aycard20210914_103218-768x768.jpg 768w, https:\/\/www.uartes.edu.ec\/sitio\/wp-content\/uploads\/2021\/12\/dep-aycard20210914_103218-60x60.jpg 60w, https:\/\/www.uartes.edu.ec\/sitio\/wp-content\/uploads\/2021\/12\/dep-aycard20210914_103218-600x600.jpg 600w, https:\/\/www.uartes.edu.ec\/sitio\/wp-content\/uploads\/2021\/12\/dep-aycard20210914_103218-100x100.jpg 100w, https:\/\/www.uartes.edu.ec\/sitio\/wp-content\/uploads\/2021\/12\/dep-aycard20210914_103218.jpg 1000w\" sizes=\"(max-width: 300px) 100vw, 300px\" \/><\/div>\n\t\t<\/a>\n\t\t\t\t<div class=\"elementor-post__text\">\n\t\t\t\t<h3 class=\"elementor-post__title\">\n\t\t\t<a href=\"https:\/\/www.uartes.edu.ec\/sitio\/fr\/docs\/jorge-alfredo-aycart-larrea\/\" >\n\t\t\t\tJorge Alfredo Aycart Larrea\t\t\t<\/a>\n\t\t<\/h3>\n\t\t\t\t<\/div>\n\t\t\t\t<\/article>\n\t\t\t\t<article class=\"elementor-post elementor-grid-item post-18311 docs type-docs status-publish has-post-thumbnail hentry doc_category-artes-visuales\" role=\"listitem\">\n\t\t\t\t<a class=\"elementor-post__thumbnail__link\" href=\"https:\/\/www.uartes.edu.ec\/sitio\/fr\/docs\/jose-antonio-andrade-briones\/\" tabindex=\"-1\" >\n\t\t\t<div class=\"elementor-post__thumbnail\"><img loading=\"lazy\" decoding=\"async\" width=\"300\" height=\"300\" src=\"https:\/\/www.uartes.edu.ec\/sitio\/wp-content\/uploads\/2021\/12\/dp-Jose-Antonio-Andrade-Briones-Escuela-de-Artes-Visuales-300x300.jpg\" class=\"attachment-medium size-medium wp-image-18212\" alt=\"\" srcset=\"https:\/\/www.uartes.edu.ec\/sitio\/wp-content\/uploads\/2021\/12\/dp-Jose-Antonio-Andrade-Briones-Escuela-de-Artes-Visuales-300x300.jpg 300w, https:\/\/www.uartes.edu.ec\/sitio\/wp-content\/uploads\/2021\/12\/dp-Jose-Antonio-Andrade-Briones-Escuela-de-Artes-Visuales-644x644.jpg 644w, https:\/\/www.uartes.edu.ec\/sitio\/wp-content\/uploads\/2021\/12\/dp-Jose-Antonio-Andrade-Briones-Escuela-de-Artes-Visuales-150x150.jpg 150w, https:\/\/www.uartes.edu.ec\/sitio\/wp-content\/uploads\/2021\/12\/dp-Jose-Antonio-Andrade-Briones-Escuela-de-Artes-Visuales-768x768.jpg 768w, https:\/\/www.uartes.edu.ec\/sitio\/wp-content\/uploads\/2021\/12\/dp-Jose-Antonio-Andrade-Briones-Escuela-de-Artes-Visuales-60x60.jpg 60w, https:\/\/www.uartes.edu.ec\/sitio\/wp-content\/uploads\/2021\/12\/dp-Jose-Antonio-Andrade-Briones-Escuela-de-Artes-Visuales-600x600.jpg 600w, https:\/\/www.uartes.edu.ec\/sitio\/wp-content\/uploads\/2021\/12\/dp-Jose-Antonio-Andrade-Briones-Escuela-de-Artes-Visuales-100x100.jpg 100w, https:\/\/www.uartes.edu.ec\/sitio\/wp-content\/uploads\/2021\/12\/dp-Jose-Antonio-Andrade-Briones-Escuela-de-Artes-Visuales.jpg 952w\" sizes=\"(max-width: 300px) 100vw, 300px\" \/><\/div>\n\t\t<\/a>\n\t\t\t\t<div class=\"elementor-post__text\">\n\t\t\t\t<h3 class=\"elementor-post__title\">\n\t\t\t<a href=\"https:\/\/www.uartes.edu.ec\/sitio\/fr\/docs\/jose-antonio-andrade-briones\/\" >\n\t\t\t\tJos\u00e9 Antonio Andrade Briones\t\t\t<\/a>\n\t\t<\/h3>\n\t\t\t\t<\/div>\n\t\t\t\t<\/article>\n\t\t\t\t<article class=\"elementor-post elementor-grid-item post-18278 docs type-docs status-publish has-post-thumbnail hentry doc_category-artes-visuales\" role=\"listitem\">\n\t\t\t\t<a class=\"elementor-post__thumbnail__link\" href=\"https:\/\/www.uartes.edu.ec\/sitio\/fr\/docs\/juan-carlos-fernandez-enriquez\/\" tabindex=\"-1\" >\n\t\t\t<div class=\"elementor-post__thumbnail\"><img loading=\"lazy\" decoding=\"async\" width=\"300\" height=\"300\" src=\"https:\/\/www.uartes.edu.ec\/sitio\/wp-content\/uploads\/2021\/12\/dp-Juan-Fernandez-300x300.jpg\" class=\"attachment-medium size-medium wp-image-18213\" alt=\"\" srcset=\"https:\/\/www.uartes.edu.ec\/sitio\/wp-content\/uploads\/2021\/12\/dp-Juan-Fernandez-300x300.jpg 300w, https:\/\/www.uartes.edu.ec\/sitio\/wp-content\/uploads\/2021\/12\/dp-Juan-Fernandez-150x150.jpg 150w, https:\/\/www.uartes.edu.ec\/sitio\/wp-content\/uploads\/2021\/12\/dp-Juan-Fernandez-60x60.jpg 60w, https:\/\/www.uartes.edu.ec\/sitio\/wp-content\/uploads\/2021\/12\/dp-Juan-Fernandez-100x100.jpg 100w, https:\/\/www.uartes.edu.ec\/sitio\/wp-content\/uploads\/2021\/12\/dp-Juan-Fernandez.jpg 532w\" sizes=\"(max-width: 300px) 100vw, 300px\" \/><\/div>\n\t\t<\/a>\n\t\t\t\t<div class=\"elementor-post__text\">\n\t\t\t\t<h3 class=\"elementor-post__title\">\n\t\t\t<a href=\"https:\/\/www.uartes.edu.ec\/sitio\/fr\/docs\/juan-carlos-fernandez-enriquez\/\" >\n\t\t\t\tJuan Carlos Fern\u00e1ndez Enr\u00edquez\t\t\t<\/a>\n\t\t<\/h3>\n\t\t\t\t<\/div>\n\t\t\t\t<\/article>\n\t\t\t\t<article class=\"elementor-post elementor-grid-item post-18283 docs type-docs status-publish has-post-thumbnail hentry doc_category-artes-visuales\" role=\"listitem\">\n\t\t\t\t<a class=\"elementor-post__thumbnail__link\" href=\"https:\/\/www.uartes.edu.ec\/sitio\/fr\/docs\/juan-christian-caguana-reino\/\" tabindex=\"-1\" >\n\t\t\t<div class=\"elementor-post__thumbnail\"><img loading=\"lazy\" decoding=\"async\" width=\"300\" height=\"300\" src=\"https:\/\/www.uartes.edu.ec\/sitio\/wp-content\/uploads\/2021\/12\/dp-caguana1-300x300.jpg\" class=\"attachment-medium size-medium wp-image-18211\" alt=\"\" srcset=\"https:\/\/www.uartes.edu.ec\/sitio\/wp-content\/uploads\/2021\/12\/dp-caguana1-300x300.jpg 300w, https:\/\/www.uartes.edu.ec\/sitio\/wp-content\/uploads\/2021\/12\/dp-caguana1-644x644.jpg 644w, https:\/\/www.uartes.edu.ec\/sitio\/wp-content\/uploads\/2021\/12\/dp-caguana1-150x150.jpg 150w, https:\/\/www.uartes.edu.ec\/sitio\/wp-content\/uploads\/2021\/12\/dp-caguana1-768x768.jpg 768w, https:\/\/www.uartes.edu.ec\/sitio\/wp-content\/uploads\/2021\/12\/dp-caguana1-60x60.jpg 60w, https:\/\/www.uartes.edu.ec\/sitio\/wp-content\/uploads\/2021\/12\/dp-caguana1-600x600.jpg 600w, https:\/\/www.uartes.edu.ec\/sitio\/wp-content\/uploads\/2021\/12\/dp-caguana1-100x100.jpg 100w, https:\/\/www.uartes.edu.ec\/sitio\/wp-content\/uploads\/2021\/12\/dp-caguana1.jpg 1000w\" sizes=\"(max-width: 300px) 100vw, 300px\" \/><\/div>\n\t\t<\/a>\n\t\t\t\t<div class=\"elementor-post__text\">\n\t\t\t\t<h3 class=\"elementor-post__title\">\n\t\t\t<a href=\"https:\/\/www.uartes.edu.ec\/sitio\/fr\/docs\/juan-christian-caguana-reino\/\" >\n\t\t\t\tJuan Christian Caguana Reino\t\t\t<\/a>\n\t\t<\/h3>\n\t\t\t\t<\/div>\n\t\t\t\t<\/article>\n\t\t\t\t<article class=\"elementor-post elementor-grid-item post-83998 docs type-docs status-publish has-post-thumbnail hentry doc_category-artes-visuales\" role=\"listitem\">\n\t\t\t\t<a class=\"elementor-post__thumbnail__link\" href=\"https:\/\/www.uartes.edu.ec\/sitio\/fr\/docs\/julio-ruslan-torres-leyva\/\" tabindex=\"-1\" >\n\t\t\t<div class=\"elementor-post__thumbnail\"><img loading=\"lazy\" decoding=\"async\" width=\"300\" height=\"300\" src=\"https:\/\/www.uartes.edu.ec\/sitio\/wp-content\/uploads\/2026\/01\/RUSLAN-TORRES-300x300.jpg\" class=\"attachment-medium size-medium wp-image-84013\" alt=\"\" srcset=\"https:\/\/www.uartes.edu.ec\/sitio\/wp-content\/uploads\/2026\/01\/RUSLAN-TORRES-300x300.jpg 300w, https:\/\/www.uartes.edu.ec\/sitio\/wp-content\/uploads\/2026\/01\/RUSLAN-TORRES-644x644.jpg 644w, https:\/\/www.uartes.edu.ec\/sitio\/wp-content\/uploads\/2026\/01\/RUSLAN-TORRES-150x150.jpg 150w, https:\/\/www.uartes.edu.ec\/sitio\/wp-content\/uploads\/2026\/01\/RUSLAN-TORRES-768x768.jpg 768w, https:\/\/www.uartes.edu.ec\/sitio\/wp-content\/uploads\/2026\/01\/RUSLAN-TORRES-12x12.jpg 12w, https:\/\/www.uartes.edu.ec\/sitio\/wp-content\/uploads\/2026\/01\/RUSLAN-TORRES-60x60.jpg 60w, https:\/\/www.uartes.edu.ec\/sitio\/wp-content\/uploads\/2026\/01\/RUSLAN-TORRES-600x600.jpg 600w, https:\/\/www.uartes.edu.ec\/sitio\/wp-content\/uploads\/2026\/01\/RUSLAN-TORRES.jpg 1000w\" sizes=\"(max-width: 300px) 100vw, 300px\" \/><\/div>\n\t\t<\/a>\n\t\t\t\t<div class=\"elementor-post__text\">\n\t\t\t\t<h3 class=\"elementor-post__title\">\n\t\t\t<a href=\"https:\/\/www.uartes.edu.ec\/sitio\/fr\/docs\/julio-ruslan-torres-leyva\/\" >\n\t\t\t\tJulio Rusl\u00e1n Torres Leyva\t\t\t<\/a>\n\t\t<\/h3>\n\t\t\t\t<\/div>\n\t\t\t\t<\/article>\n\t\t\t\t<article class=\"elementor-post elementor-grid-item post-18319 docs type-docs status-publish has-post-thumbnail hentry doc_category-artes-visuales\" role=\"listitem\">\n\t\t\t\t<a class=\"elementor-post__thumbnail__link\" href=\"https:\/\/www.uartes.edu.ec\/sitio\/fr\/docs\/marcos-restrepo\/\" tabindex=\"-1\" >\n\t\t\t<div class=\"elementor-post__thumbnail\"><img loading=\"lazy\" decoding=\"async\" width=\"300\" height=\"300\" src=\"https:\/\/www.uartes.edu.ec\/sitio\/wp-content\/uploads\/2021\/12\/dp-restrepo_DSC0103-300x300.jpg\" class=\"attachment-medium size-medium wp-image-18226\" alt=\"\" srcset=\"https:\/\/www.uartes.edu.ec\/sitio\/wp-content\/uploads\/2021\/12\/dp-restrepo_DSC0103-300x300.jpg 300w, https:\/\/www.uartes.edu.ec\/sitio\/wp-content\/uploads\/2021\/12\/dp-restrepo_DSC0103-644x644.jpg 644w, https:\/\/www.uartes.edu.ec\/sitio\/wp-content\/uploads\/2021\/12\/dp-restrepo_DSC0103-150x150.jpg 150w, https:\/\/www.uartes.edu.ec\/sitio\/wp-content\/uploads\/2021\/12\/dp-restrepo_DSC0103-768x768.jpg 768w, https:\/\/www.uartes.edu.ec\/sitio\/wp-content\/uploads\/2021\/12\/dp-restrepo_DSC0103-60x60.jpg 60w, https:\/\/www.uartes.edu.ec\/sitio\/wp-content\/uploads\/2021\/12\/dp-restrepo_DSC0103-600x600.jpg 600w, https:\/\/www.uartes.edu.ec\/sitio\/wp-content\/uploads\/2021\/12\/dp-restrepo_DSC0103-100x100.jpg 100w, https:\/\/www.uartes.edu.ec\/sitio\/wp-content\/uploads\/2021\/12\/dp-restrepo_DSC0103.jpg 1000w\" sizes=\"(max-width: 300px) 100vw, 300px\" \/><\/div>\n\t\t<\/a>\n\t\t\t\t<div class=\"elementor-post__text\">\n\t\t\t\t<h3 class=\"elementor-post__title\">\n\t\t\t<a href=\"https:\/\/www.uartes.edu.ec\/sitio\/fr\/docs\/marcos-restrepo\/\" >\n\t\t\t\tMarcos Restrepo\t\t\t<\/a>\n\t\t<\/h3>\n\t\t\t\t<\/div>\n\t\t\t\t<\/article>\n\t\t\t\t<article class=\"elementor-post elementor-grid-item post-29979 docs type-docs status-publish has-post-thumbnail hentry doc_category-artes-visuales\" role=\"listitem\">\n\t\t\t\t<a class=\"elementor-post__thumbnail__link\" href=\"https:\/\/www.uartes.edu.ec\/sitio\/fr\/docs\/gabriela-fabre\/\" tabindex=\"-1\" >\n\t\t\t<div class=\"elementor-post__thumbnail\"><img loading=\"lazy\" decoding=\"async\" width=\"300\" height=\"300\" src=\"https:\/\/www.uartes.edu.ec\/sitio\/wp-content\/uploads\/2022\/10\/Gabriela_Fabre-Docente-de-Artes-visuales-300x300.jpg\" class=\"attachment-medium size-medium wp-image-29958\" alt=\"\" srcset=\"https:\/\/www.uartes.edu.ec\/sitio\/wp-content\/uploads\/2022\/10\/Gabriela_Fabre-Docente-de-Artes-visuales-300x300.jpg 300w, https:\/\/www.uartes.edu.ec\/sitio\/wp-content\/uploads\/2022\/10\/Gabriela_Fabre-Docente-de-Artes-visuales-644x644.jpg 644w, https:\/\/www.uartes.edu.ec\/sitio\/wp-content\/uploads\/2022\/10\/Gabriela_Fabre-Docente-de-Artes-visuales-150x150.jpg 150w, https:\/\/www.uartes.edu.ec\/sitio\/wp-content\/uploads\/2022\/10\/Gabriela_Fabre-Docente-de-Artes-visuales-768x768.jpg 768w, https:\/\/www.uartes.edu.ec\/sitio\/wp-content\/uploads\/2022\/10\/Gabriela_Fabre-Docente-de-Artes-visuales-60x60.jpg 60w, https:\/\/www.uartes.edu.ec\/sitio\/wp-content\/uploads\/2022\/10\/Gabriela_Fabre-Docente-de-Artes-visuales-600x600.jpg 600w, https:\/\/www.uartes.edu.ec\/sitio\/wp-content\/uploads\/2022\/10\/Gabriela_Fabre-Docente-de-Artes-visuales-100x100.jpg 100w, https:\/\/www.uartes.edu.ec\/sitio\/wp-content\/uploads\/2022\/10\/Gabriela_Fabre-Docente-de-Artes-visuales-560x560.jpg 560w, https:\/\/www.uartes.edu.ec\/sitio\/wp-content\/uploads\/2022\/10\/Gabriela_Fabre-Docente-de-Artes-visuales.jpg 800w\" sizes=\"(max-width: 300px) 100vw, 300px\" \/><\/div>\n\t\t<\/a>\n\t\t\t\t<div class=\"elementor-post__text\">\n\t\t\t\t<h3 class=\"elementor-post__title\">\n\t\t\t<a href=\"https:\/\/www.uartes.edu.ec\/sitio\/fr\/docs\/gabriela-fabre\/\" >\n\t\t\t\tMar\u00eda Gabriela Fabre V\u00e1squez\t\t\t<\/a>\n\t\t<\/h3>\n\t\t\t\t<\/div>\n\t\t\t\t<\/article>\n\t\t\t\t<article class=\"elementor-post elementor-grid-item post-18323 docs type-docs status-publish has-post-thumbnail hentry doc_category-artes-visuales\" role=\"listitem\">\n\t\t\t\t<a class=\"elementor-post__thumbnail__link\" href=\"https:\/\/www.uartes.edu.ec\/sitio\/fr\/docs\/saidel-brito\/\" tabindex=\"-1\" >\n\t\t\t<div class=\"elementor-post__thumbnail\"><img loading=\"lazy\" decoding=\"async\" width=\"300\" height=\"300\" src=\"https:\/\/www.uartes.edu.ec\/sitio\/wp-content\/uploads\/2021\/12\/SAIDEL-BRITO-300x300.jpg\" class=\"attachment-medium size-medium wp-image-83895\" alt=\"\" srcset=\"https:\/\/www.uartes.edu.ec\/sitio\/wp-content\/uploads\/2021\/12\/SAIDEL-BRITO-300x300.jpg 300w, https:\/\/www.uartes.edu.ec\/sitio\/wp-content\/uploads\/2021\/12\/SAIDEL-BRITO-644x644.jpg 644w, https:\/\/www.uartes.edu.ec\/sitio\/wp-content\/uploads\/2021\/12\/SAIDEL-BRITO-150x150.jpg 150w, https:\/\/www.uartes.edu.ec\/sitio\/wp-content\/uploads\/2021\/12\/SAIDEL-BRITO-768x768.jpg 768w, https:\/\/www.uartes.edu.ec\/sitio\/wp-content\/uploads\/2021\/12\/SAIDEL-BRITO-12x12.jpg 12w, https:\/\/www.uartes.edu.ec\/sitio\/wp-content\/uploads\/2021\/12\/SAIDEL-BRITO-60x60.jpg 60w, https:\/\/www.uartes.edu.ec\/sitio\/wp-content\/uploads\/2021\/12\/SAIDEL-BRITO-600x600.jpg 600w, https:\/\/www.uartes.edu.ec\/sitio\/wp-content\/uploads\/2021\/12\/SAIDEL-BRITO.jpg 1000w\" sizes=\"(max-width: 300px) 100vw, 300px\" \/><\/div>\n\t\t<\/a>\n\t\t\t\t<div class=\"elementor-post__text\">\n\t\t\t\t<h3 class=\"elementor-post__title\">\n\t\t\t<a href=\"https:\/\/www.uartes.edu.ec\/sitio\/fr\/docs\/saidel-brito\/\" >\n\t\t\t\tSaidel Brito\t\t\t<\/a>\n\t\t<\/h3>\n\t\t\t\t<\/div>\n\t\t\t\t<\/article>\n\t\t\t\t<article class=\"elementor-post elementor-grid-item post-18327 docs type-docs status-publish has-post-thumbnail hentry doc_category-artes-visuales\" role=\"listitem\">\n\t\t\t\t<a class=\"elementor-post__thumbnail__link\" href=\"https:\/\/www.uartes.edu.ec\/sitio\/fr\/docs\/william-hernandez-silva\/\" tabindex=\"-1\" >\n\t\t\t<div class=\"elementor-post__thumbnail\"><img loading=\"lazy\" decoding=\"async\" width=\"300\" height=\"300\" src=\"https:\/\/www.uartes.edu.ec\/sitio\/wp-content\/uploads\/2021\/12\/dp-William-Hernandez-Silva-300x300.jpg\" class=\"attachment-medium size-medium wp-image-18216\" alt=\"\" srcset=\"https:\/\/www.uartes.edu.ec\/sitio\/wp-content\/uploads\/2021\/12\/dp-William-Hernandez-Silva-300x300.jpg 300w, https:\/\/www.uartes.edu.ec\/sitio\/wp-content\/uploads\/2021\/12\/dp-William-Hernandez-Silva-644x644.jpg 644w, https:\/\/www.uartes.edu.ec\/sitio\/wp-content\/uploads\/2021\/12\/dp-William-Hernandez-Silva-150x150.jpg 150w, https:\/\/www.uartes.edu.ec\/sitio\/wp-content\/uploads\/2021\/12\/dp-William-Hernandez-Silva-768x768.jpg 768w, https:\/\/www.uartes.edu.ec\/sitio\/wp-content\/uploads\/2021\/12\/dp-William-Hernandez-Silva-60x60.jpg 60w, https:\/\/www.uartes.edu.ec\/sitio\/wp-content\/uploads\/2021\/12\/dp-William-Hernandez-Silva-600x600.jpg 600w, https:\/\/www.uartes.edu.ec\/sitio\/wp-content\/uploads\/2021\/12\/dp-William-Hernandez-Silva-100x100.jpg 100w, https:\/\/www.uartes.edu.ec\/sitio\/wp-content\/uploads\/2021\/12\/dp-William-Hernandez-Silva.jpg 1000w\" sizes=\"(max-width: 300px) 100vw, 300px\" \/><\/div>\n\t\t<\/a>\n\t\t\t\t<div class=\"elementor-post__text\">\n\t\t\t\t<h3 class=\"elementor-post__title\">\n\t\t\t<a href=\"https:\/\/www.uartes.edu.ec\/sitio\/fr\/docs\/william-hernandez-silva\/\" >\n\t\t\t\tWilliam Hern\u00e1ndez Silva\t\t\t<\/a>\n\t\t<\/h3>\n\t\t\t\t<\/div>\n\t\t\t\t<\/article>\n\t\t\t\t<\/div>\n\t\t\n\t\t\t\t\t\t<\/div>\n\t\t\t\t<\/div>\n\t\t\t\t\t<\/div>\n\t\t<\/div>\n\t\t\t\t\t<\/div>\n\t\t<\/section>\n\t\t\t\t<section class=\"elementor-section elementor-top-section elementor-element elementor-element-fe60393 elementor-section-stretched elementor-section-boxed elementor-section-height-default elementor-section-height-default\" data-id=\"fe60393\" data-element_type=\"section\" data-e-type=\"section\" data-settings=\"{&quot;background_background&quot;:&quot;classic&quot;,&quot;stretch_section&quot;:&quot;section-stretched&quot;,&quot;_ha_eqh_enable&quot;:false}\">\n\t\t\t\t\t\t\t<div class=\"elementor-background-overlay\"><\/div>\n\t\t\t\t\t\t\t<div class=\"elementor-container elementor-column-gap-default\">\n\t\t\t\t\t<div class=\"elementor-column elementor-col-100 elementor-top-column elementor-element elementor-element-b7d23d2\" data-id=\"b7d23d2\" data-element_type=\"column\" data-e-type=\"column\">\n\t\t\t<div class=\"elementor-widget-wrap elementor-element-populated\">\n\t\t\t\t\t\t<div class=\"elementor-element elementor-element-f77ae17 elementor-invisible elementor-widget elementor-widget-heading\" data-id=\"f77ae17\" data-element_type=\"widget\" data-e-type=\"widget\" data-settings=\"{&quot;_animation&quot;:&quot;fadeIn&quot;}\" data-widget_type=\"heading.default\">\n\t\t\t\t<div class=\"elementor-widget-container\">\n\t\t\t\t\t<h2 class=\"elementor-heading-title elementor-size-default\">Admission<\/h2>\t\t\t\t<\/div>\n\t\t\t\t<\/div>\n\t\t\t\t<div class=\"elementor-element elementor-element-20be3ec elementor-widget-divider--view-line elementor-invisible elementor-widget elementor-widget-divider\" data-id=\"20be3ec\" data-element_type=\"widget\" data-e-type=\"widget\" data-settings=\"{&quot;_animation&quot;:&quot;fadeIn&quot;,&quot;_animation_delay&quot;:&quot;100&quot;}\" data-widget_type=\"divider.default\">\n\t\t\t\t<div class=\"elementor-widget-container\">\n\t\t\t\t\t\t\t<div class=\"elementor-divider\">\n\t\t\t<span class=\"elementor-divider-separator\">\n\t\t\t\t\t\t<\/span>\n\t\t<\/div>\n\t\t\t\t\t\t<\/div>\n\t\t\t\t<\/div>\n\t\t\t\t<div class=\"elementor-element elementor-element-5811a51 animated-fast elementor-invisible elementor-widget elementor-widget-heading\" data-id=\"5811a51\" data-element_type=\"widget\" data-e-type=\"widget\" data-settings=\"{&quot;_animation&quot;:&quot;fadeInUp&quot;}\" data-widget_type=\"heading.default\">\n\t\t\t\t<div class=\"elementor-widget-container\">\n\t\t\t\t\t<h1 class=\"elementor-heading-title elementor-size-default\">Pr\u00eat pour candidater?<\/h1>\t\t\t\t<\/div>\n\t\t\t\t<\/div>\n\t\t\t\t<div class=\"elementor-element elementor-element-f1c8671 elementor-align-center elementor-invisible elementor-widget elementor-widget-button\" data-id=\"f1c8671\" data-element_type=\"widget\" data-e-type=\"widget\" data-settings=\"{&quot;_animation&quot;:&quot;fadeInUp&quot;}\" data-widget_type=\"button.default\">\n\t\t\t\t<div class=\"elementor-widget-container\">\n\t\t\t\t\t\t\t\t\t<div class=\"elementor-button-wrapper\">\n\t\t\t\t\t<a class=\"elementor-button elementor-button-link elementor-size-sm elementor-animation-grow\" href=\"http:\/\/www.uartes.edu.ec\/sitio\/la-universidad\/pregrado\/admisiones\/#pasos\">\n\t\t\t\t\t\t<span class=\"elementor-button-content-wrapper\">\n\t\t\t\t\t\t\t\t\t<span class=\"elementor-button-text\">Processus d\u2019amission<\/span>\n\t\t\t\t\t<\/span>\n\t\t\t\t\t<\/a>\n\t\t\t\t<\/div>\n\t\t\t\t\t\t\t\t<\/div>\n\t\t\t\t<\/div>\n\t\t\t\t\t<\/div>\n\t\t<\/div>\n\t\t\t\t\t<\/div>\n\t\t<\/section>\n\t\t\t\t<section class=\"elementor-section elementor-top-section elementor-element elementor-element-d6073cc elementor-section-boxed elementor-section-height-default elementor-section-height-default\" data-id=\"d6073cc\" data-element_type=\"section\" data-e-type=\"section\" data-settings=\"{&quot;background_background&quot;:&quot;classic&quot;,&quot;_ha_eqh_enable&quot;:false}\">\n\t\t\t\t\t\t<div class=\"elementor-container elementor-column-gap-no\">\n\t\t\t\t\t<div class=\"elementor-column elementor-col-100 elementor-top-column elementor-element elementor-element-404cac9\" data-id=\"404cac9\" data-element_type=\"column\" data-e-type=\"column\">\n\t\t\t<div class=\"elementor-widget-wrap elementor-element-populated\">\n\t\t\t\t\t\t<div class=\"elementor-element elementor-element-3ebc7b5 elementor-widget elementor-widget-heading\" data-id=\"3ebc7b5\" data-element_type=\"widget\" data-e-type=\"widget\" data-widget_type=\"heading.default\">\n\t\t\t\t<div class=\"elementor-widget-container\">\n\t\t\t\t\t<h2 class=\"elementor-heading-title elementor-size-large\">Nouveaut\u00e9s<\/h2>\t\t\t\t<\/div>\n\t\t\t\t<\/div>\n\t\t\t\t<div class=\"elementor-element elementor-element-77e8d1d elementor-grid-3 elementor-grid-tablet-2 elementor-grid-mobile-1 elementor-posts--thumbnail-top elementor-widget elementor-widget-posts\" data-id=\"77e8d1d\" data-element_type=\"widget\" data-e-type=\"widget\" data-settings=\"{&quot;classic_columns&quot;:&quot;3&quot;,&quot;classic_columns_tablet&quot;:&quot;2&quot;,&quot;classic_columns_mobile&quot;:&quot;1&quot;,&quot;classic_row_gap&quot;:{&quot;unit&quot;:&quot;px&quot;,&quot;size&quot;:35,&quot;sizes&quot;:[]},&quot;classic_row_gap_tablet&quot;:{&quot;unit&quot;:&quot;px&quot;,&quot;size&quot;:&quot;&quot;,&quot;sizes&quot;:[]},&quot;classic_row_gap_mobile&quot;:{&quot;unit&quot;:&quot;px&quot;,&quot;size&quot;:&quot;&quot;,&quot;sizes&quot;:[]}}\" data-widget_type=\"posts.classic\">\n\t\t\t\t<div class=\"elementor-widget-container\">\n\t\t\t\t\t\t\t<div class=\"elementor-posts-container elementor-posts elementor-posts--skin-classic elementor-grid\" role=\"list\">\n\t\t\t\t<article class=\"elementor-post elementor-grid-item post-90070 post type-post status-publish format-standard has-post-thumbnail hentry category-academico category-administrativos category-artes-escenicas category-artes-sonoras category-artes-visuales category-cine category-docentes category-literatura category-maestrias tag-produccion\" role=\"listitem\">\n\t\t\t\t<a class=\"elementor-post__thumbnail__link\" href=\"https:\/\/www.uartes.edu.ec\/sitio\/fr\/blog\/2026\/04\/29\/manual-de-estilo-de-la-universidad-de-las-artes-tuvo-su-presentacion-oficial-se-puede-descargar-en-el-sitio-web\/\" tabindex=\"-1\" >\n\t\t\t<div class=\"elementor-post__thumbnail\"><img loading=\"lazy\" decoding=\"async\" width=\"300\" height=\"200\" src=\"https:\/\/www.uartes.edu.ec\/sitio\/wp-content\/uploads\/2026\/04\/01-MANUAL-DE-ESTILO-UARTES-300x200.jpg\" class=\"attachment-medium size-medium wp-image-90077\" alt=\"\" srcset=\"https:\/\/www.uartes.edu.ec\/sitio\/wp-content\/uploads\/2026\/04\/01-MANUAL-DE-ESTILO-UARTES-300x200.jpg 300w, https:\/\/www.uartes.edu.ec\/sitio\/wp-content\/uploads\/2026\/04\/01-MANUAL-DE-ESTILO-UARTES-644x429.jpg 644w, https:\/\/www.uartes.edu.ec\/sitio\/wp-content\/uploads\/2026\/04\/01-MANUAL-DE-ESTILO-UARTES-768x512.jpg 768w, https:\/\/www.uartes.edu.ec\/sitio\/wp-content\/uploads\/2026\/04\/01-MANUAL-DE-ESTILO-UARTES-1536x1024.jpg 1536w, https:\/\/www.uartes.edu.ec\/sitio\/wp-content\/uploads\/2026\/04\/01-MANUAL-DE-ESTILO-UARTES-18x12.jpg 18w, https:\/\/www.uartes.edu.ec\/sitio\/wp-content\/uploads\/2026\/04\/01-MANUAL-DE-ESTILO-UARTES-600x400.jpg 600w, https:\/\/www.uartes.edu.ec\/sitio\/wp-content\/uploads\/2026\/04\/01-MANUAL-DE-ESTILO-UARTES-400x267.jpg 400w, https:\/\/www.uartes.edu.ec\/sitio\/wp-content\/uploads\/2026\/04\/01-MANUAL-DE-ESTILO-UARTES.jpg 2000w\" sizes=\"(max-width: 300px) 100vw, 300px\" \/><\/div>\n\t\t<\/a>\n\t\t\t\t<div class=\"elementor-post__text\">\n\t\t\t\t<h3 class=\"elementor-post__title\">\n\t\t\t<a href=\"https:\/\/www.uartes.edu.ec\/sitio\/fr\/blog\/2026\/04\/29\/manual-de-estilo-de-la-universidad-de-las-artes-tuvo-su-presentacion-oficial-se-puede-descargar-en-el-sitio-web\/\" >\n\t\t\t\tManual de estilo de la Universidad de las Artes tuvo su presentaci\u00f3n oficial; se lo puede descargar en el sitio web del CEAT\t\t\t<\/a>\n\t\t<\/h3>\n\t\t\t\t<div class=\"elementor-post__meta-data\">\n\t\t\t\t\t<span class=\"elementor-post-date\">\n\t\t\t29 avril 2026\t\t<\/span>\n\t\t\t\t<\/div>\n\t\t\t\t<div class=\"elementor-post__excerpt\">\n\t\t\t<p>El manual de estilo de la Universidad de las Artes est\u00e1 ya alojado en la p\u00e1gina web del CEAT, listo para ser descargado. No obstante, el 24 de abril se realiz\u00f3 su presentaci\u00f3n impresa en la Biblioteca de las Artes con la asistencia de nuestras autoridades, docentes, estudiantes y administrativos. La obra es una herramienta que apunta a fortalecer la coherencia y la calidad en la redacci\u00f3n de documentos institucionales y acad\u00e9micos.<\/p>\n\t\t<\/div>\n\t\t\n\t\t<a class=\"elementor-post__read-more\" href=\"https:\/\/www.uartes.edu.ec\/sitio\/fr\/blog\/2026\/04\/29\/manual-de-estilo-de-la-universidad-de-las-artes-tuvo-su-presentacion-oficial-se-puede-descargar-en-el-sitio-web\/\" aria-label=\"En savoir plus sur Manual de estilo de la Universidad de las Artes tuvo su presentaci\u00f3n oficial; se lo puede descargar en el sitio web del CEAT\" tabindex=\"-1\" >\n\t\t\tLeer m\u00e1s\t\t<\/a>\n\n\t\t\t\t<\/div>\n\t\t\t\t<\/article>\n\t\t\t\t<article class=\"elementor-post elementor-grid-item post-89942 post type-post status-publish format-standard has-post-thumbnail hentry category-academico category-artes category-artes-visuales category-docentes category-estudiantes category-sedes tag-exposicion\" role=\"listitem\">\n\t\t\t\t<a class=\"elementor-post__thumbnail__link\" href=\"https:\/\/www.uartes.edu.ec\/sitio\/fr\/blog\/2026\/04\/28\/prototeca-iii-maquinas-tecnoviviales-reune-proyectos-de-estudiantes-de-arte-y-tecnologia\/\" tabindex=\"-1\" >\n\t\t\t<div class=\"elementor-post__thumbnail\"><img loading=\"lazy\" decoding=\"async\" width=\"300\" height=\"200\" src=\"https:\/\/www.uartes.edu.ec\/sitio\/wp-content\/uploads\/2026\/04\/01-PROTOTECA-300x200.jpg\" class=\"attachment-medium size-medium wp-image-89943\" alt=\"\" srcset=\"https:\/\/www.uartes.edu.ec\/sitio\/wp-content\/uploads\/2026\/04\/01-PROTOTECA-300x200.jpg 300w, https:\/\/www.uartes.edu.ec\/sitio\/wp-content\/uploads\/2026\/04\/01-PROTOTECA-644x429.jpg 644w, https:\/\/www.uartes.edu.ec\/sitio\/wp-content\/uploads\/2026\/04\/01-PROTOTECA-768x512.jpg 768w, https:\/\/www.uartes.edu.ec\/sitio\/wp-content\/uploads\/2026\/04\/01-PROTOTECA-1536x1024.jpg 1536w, https:\/\/www.uartes.edu.ec\/sitio\/wp-content\/uploads\/2026\/04\/01-PROTOTECA-18x12.jpg 18w, https:\/\/www.uartes.edu.ec\/sitio\/wp-content\/uploads\/2026\/04\/01-PROTOTECA-600x400.jpg 600w, https:\/\/www.uartes.edu.ec\/sitio\/wp-content\/uploads\/2026\/04\/01-PROTOTECA-400x267.jpg 400w, https:\/\/www.uartes.edu.ec\/sitio\/wp-content\/uploads\/2026\/04\/01-PROTOTECA.jpg 2000w\" sizes=\"(max-width: 300px) 100vw, 300px\" \/><\/div>\n\t\t<\/a>\n\t\t\t\t<div class=\"elementor-post__text\">\n\t\t\t\t<h3 class=\"elementor-post__title\">\n\t\t\t<a href=\"https:\/\/www.uartes.edu.ec\/sitio\/fr\/blog\/2026\/04\/28\/prototeca-iii-maquinas-tecnoviviales-reune-proyectos-de-estudiantes-de-arte-y-tecnologia\/\" >\n\t\t\t\t\u201cPrototeca III, m\u00e1quinas tecnoviviales\u201d re\u00fane proyectos de los estudiantes de Arte y Tecnolog\u00eda, asignatura Transversal\t\t\t<\/a>\n\t\t<\/h3>\n\t\t\t\t<div class=\"elementor-post__meta-data\">\n\t\t\t\t\t<span class=\"elementor-post-date\">\n\t\t\t28 avril 2026\t\t<\/span>\n\t\t\t\t<\/div>\n\t\t\t\t<div class=\"elementor-post__excerpt\">\n\t\t\t<p>\u201cEsta tercera edici\u00f3n de \u2018Prototeca\u2019 re\u00fane proyectos realizados por estudiantes de la Universidad de las Artes en el Laboratorio de Arte y Tecnolog\u00eda durante el 2025. Los trabajos dan cuenta de la variedad de devenires que ofrece el arte en su relaci\u00f3n con medios digitales y potencialidades de pensar el arte desde un campo expandido y cosmot\u00e9cnico\u201d. El texto de sala describe as\u00ed a la muestra inaugurada en el Fab.Lab. del MZ14.  <\/p>\n\t\t<\/div>\n\t\t\n\t\t<a class=\"elementor-post__read-more\" href=\"https:\/\/www.uartes.edu.ec\/sitio\/fr\/blog\/2026\/04\/28\/prototeca-iii-maquinas-tecnoviviales-reune-proyectos-de-estudiantes-de-arte-y-tecnologia\/\" aria-label=\"En savoir plus sur \u201cPrototeca III, m\u00e1quinas tecnoviviales\u201d re\u00fane proyectos de los estudiantes de Arte y Tecnolog\u00eda, asignatura Transversal\" tabindex=\"-1\" >\n\t\t\tLeer m\u00e1s\t\t<\/a>\n\n\t\t\t\t<\/div>\n\t\t\t\t<\/article>\n\t\t\t\t<article class=\"elementor-post elementor-grid-item post-89620 post type-post status-publish format-standard has-post-thumbnail hentry category-academico category-administrativos category-artes category-artes-escenicas category-artes-sonoras category-artes-visuales category-cine category-docentes category-estudiantes category-literatura category-sedes\" role=\"listitem\">\n\t\t\t\t<a class=\"elementor-post__thumbnail__link\" href=\"https:\/\/www.uartes.edu.ec\/sitio\/fr\/blog\/2026\/04\/23\/el-intercambio-de-libros-de-lanfor-abierta-tambien-llego-a-su-v-edicion-en-la-biblioteca-de-las-artes-hasta-este-25-de-abril\/\" tabindex=\"-1\" >\n\t\t\t<div class=\"elementor-post__thumbnail\"><img loading=\"lazy\" decoding=\"async\" width=\"300\" height=\"200\" src=\"https:\/\/www.uartes.edu.ec\/sitio\/wp-content\/uploads\/2026\/04\/Proyecto-Cambiar-tamano-de-imagen-2026-04-23T153150.306-300x200.jpeg\" class=\"attachment-medium size-medium wp-image-89622\" alt=\"\" srcset=\"https:\/\/www.uartes.edu.ec\/sitio\/wp-content\/uploads\/2026\/04\/Proyecto-Cambiar-tamano-de-imagen-2026-04-23T153150.306-300x200.jpeg 300w, https:\/\/www.uartes.edu.ec\/sitio\/wp-content\/uploads\/2026\/04\/Proyecto-Cambiar-tamano-de-imagen-2026-04-23T153150.306-644x429.jpeg 644w, https:\/\/www.uartes.edu.ec\/sitio\/wp-content\/uploads\/2026\/04\/Proyecto-Cambiar-tamano-de-imagen-2026-04-23T153150.306-768x512.jpeg 768w, https:\/\/www.uartes.edu.ec\/sitio\/wp-content\/uploads\/2026\/04\/Proyecto-Cambiar-tamano-de-imagen-2026-04-23T153150.306-1536x1024.jpeg 1536w, https:\/\/www.uartes.edu.ec\/sitio\/wp-content\/uploads\/2026\/04\/Proyecto-Cambiar-tamano-de-imagen-2026-04-23T153150.306-18x12.jpeg 18w, https:\/\/www.uartes.edu.ec\/sitio\/wp-content\/uploads\/2026\/04\/Proyecto-Cambiar-tamano-de-imagen-2026-04-23T153150.306-600x400.jpeg 600w, https:\/\/www.uartes.edu.ec\/sitio\/wp-content\/uploads\/2026\/04\/Proyecto-Cambiar-tamano-de-imagen-2026-04-23T153150.306-400x267.jpeg 400w, https:\/\/www.uartes.edu.ec\/sitio\/wp-content\/uploads\/2026\/04\/Proyecto-Cambiar-tamano-de-imagen-2026-04-23T153150.306-1320x880.jpeg 1320w, https:\/\/www.uartes.edu.ec\/sitio\/wp-content\/uploads\/2026\/04\/Proyecto-Cambiar-tamano-de-imagen-2026-04-23T153150.306.jpeg 2000w\" sizes=\"(max-width: 300px) 100vw, 300px\" \/><\/div>\n\t\t<\/a>\n\t\t\t\t<div class=\"elementor-post__text\">\n\t\t\t\t<h3 class=\"elementor-post__title\">\n\t\t\t<a href=\"https:\/\/www.uartes.edu.ec\/sitio\/fr\/blog\/2026\/04\/23\/el-intercambio-de-libros-de-lanfor-abierta-tambien-llego-a-su-v-edicion-en-la-biblioteca-de-las-artes-hasta-este-25-de-abril\/\" >\n\t\t\t\tEl intercambio de libros de Lanfor Abierta tambi\u00e9n lleg\u00f3 a su V edici\u00f3n; en la Biblioteca de las Artes hasta este s\u00e1bado\t\t\t<\/a>\n\t\t<\/h3>\n\t\t\t\t<div class=\"elementor-post__meta-data\">\n\t\t\t\t\t<span class=\"elementor-post-date\">\n\t\t\t23 avril 2026\t\t<\/span>\n\t\t\t\t<\/div>\n\t\t\t\t<div class=\"elementor-post__excerpt\">\n\t\t\t<p>El intercambio de libros, una cita imperdible para quienes gustan de la lectura y est\u00e1n dispuestos a compartir obras en buen estado y buscar aquellas que llamen su atenci\u00f3n, fue una de las primeras actividades que dio inicio ayer, 22 de abril, a la V edici\u00f3n de Lanfor Abierta. Organizada por la Biblioteca de las Artes por el D\u00eda Internacional del Libro, su programaci\u00f3n incluye lecturas, charlas y una jornada bibliotecol\u00f3gica.\u00a0 \u00a0<\/p>\n\t\t<\/div>\n\t\t\n\t\t<a class=\"elementor-post__read-more\" href=\"https:\/\/www.uartes.edu.ec\/sitio\/fr\/blog\/2026\/04\/23\/el-intercambio-de-libros-de-lanfor-abierta-tambien-llego-a-su-v-edicion-en-la-biblioteca-de-las-artes-hasta-este-25-de-abril\/\" aria-label=\"En savoir plus sur El intercambio de libros de Lanfor Abierta tambi\u00e9n lleg\u00f3 a su V edici\u00f3n; en la Biblioteca de las Artes hasta este s\u00e1bado\" tabindex=\"-1\" >\n\t\t\tLeer m\u00e1s\t\t<\/a>\n\n\t\t\t\t<\/div>\n\t\t\t\t<\/article>\n\t\t\t\t<\/div>\n\t\t\n\t\t\t\t\t\t<\/div>\n\t\t\t\t<\/div>\n\t\t\t\t\t<\/div>\n\t\t<\/div>\n\t\t\t\t\t<\/div>\n\t\t<\/section>\n\t\t\t\t<\/div>","protected":false},"excerpt":{"rendered":"<p>La Licenciatura en Artes Visuales articula las diferentes tradiciones y los enfoques inter y transdisciplinares del arte para formar artistas cr\u00edticos, capacitados para las demandas de la pr\u00e1ctica art\u00edstica de hoy. https:\/\/www.youtube.com\/watch?v=ul9RnejkeEE La carrera de Artes Visuales busca formar artistas con solidez intelectual, esp\u00edritu cr\u00edtico, mentalidad creadora, profundo sentido \u00e9tico y responsabilidad social. Su propuesta [&hellip;]<\/p>\n","protected":false},"author":1,"featured_media":8685,"parent":2985,"menu_order":0,"comment_status":"closed","ping_status":"closed","template":"elementor_header_footer","meta":{"_acf_changed":false,"_uag_custom_page_level_css":"","_monsterinsights_skip_tracking":false,"_monsterinsights_sitenote_active":false,"_monsterinsights_sitenote_note":"","_monsterinsights_sitenote_category":0,"cybocfi_hide_featured_image":"","footnotes":""},"class_list":["post-4415","page","type-page","status-publish","has-post-thumbnail","hentry"],"acf":[],"yoast_head":"<!-- This site is optimized with the Yoast SEO plugin v27.4 - https:\/\/yoast.com\/product\/yoast-seo-wordpress\/ -->\n<title>Universidad de las Artes - Licenciatura en Artes Visuales<\/title>\n<meta name=\"description\" content=\"Universidad de las Artes - Licenciatura en Artes Visuales\" \/>\n<meta name=\"robots\" content=\"index, follow, max-snippet:-1, max-image-preview:large, max-video-preview:-1\" \/>\n<link rel=\"canonical\" href=\"https:\/\/www.uartes.edu.ec\/sitio\/fr\/la-universidad\/pregrado\/licenciatura-en-artes-visuales\/\" \/>\n<meta property=\"og:locale\" content=\"fr_FR\" \/>\n<meta property=\"og:type\" content=\"article\" \/>\n<meta property=\"og:title\" content=\"Universidad de las Artes - Licenciatura en Artes Visuales\" \/>\n<meta property=\"og:description\" content=\"Universidad de las Artes - Licenciatura en Artes Visuales\" \/>\n<meta property=\"og:url\" content=\"https:\/\/www.uartes.edu.ec\/sitio\/fr\/la-universidad\/pregrado\/licenciatura-en-artes-visuales\/\" \/>\n<meta property=\"og:site_name\" content=\"Universidad de las Artes\" \/>\n<meta property=\"article:publisher\" content=\"https:\/\/www.facebook.com\/uartesec\" \/>\n<meta property=\"article:modified_time\" content=\"2024-11-29T21:36:36+00:00\" \/>\n<meta property=\"og:image\" content=\"https:\/\/www.uartes.edu.ec\/sitio\/wp-content\/uploads\/2020\/09\/ESCUELA-DE-ARTES-VISUALES.jpg\" \/>\n\t<meta property=\"og:image:width\" content=\"2000\" \/>\n\t<meta property=\"og:image:height\" content=\"1333\" \/>\n\t<meta property=\"og:image:type\" content=\"image\/jpeg\" \/>\n<meta name=\"twitter:card\" content=\"summary_large_image\" \/>\n<meta name=\"twitter:site\" content=\"@uartesec\" \/>\n<meta name=\"twitter:label1\" content=\"Dur\u00e9e de lecture estim\u00e9e\" \/>\n\t<meta name=\"twitter:data1\" content=\"8 minutes\" \/>\n<script type=\"application\/ld+json\" class=\"yoast-schema-graph\">{\"@context\":\"https:\\\/\\\/schema.org\",\"@graph\":[{\"@type\":\"WebPage\",\"@id\":\"https:\\\/\\\/www.uartes.edu.ec\\\/sitio\\\/fr\\\/la-universidad\\\/pregrado\\\/licenciatura-en-artes-visuales\\\/\",\"url\":\"https:\\\/\\\/www.uartes.edu.ec\\\/sitio\\\/fr\\\/la-universidad\\\/pregrado\\\/licenciatura-en-artes-visuales\\\/\",\"name\":\"Universidad de las Artes - Licenciatura en Artes Visuales\",\"isPartOf\":{\"@id\":\"https:\\\/\\\/www.uartes.edu.ec\\\/sitio\\\/fr\\\/#website\"},\"primaryImageOfPage\":{\"@id\":\"https:\\\/\\\/www.uartes.edu.ec\\\/sitio\\\/fr\\\/la-universidad\\\/pregrado\\\/licenciatura-en-artes-visuales\\\/#primaryimage\"},\"image\":{\"@id\":\"https:\\\/\\\/www.uartes.edu.ec\\\/sitio\\\/fr\\\/la-universidad\\\/pregrado\\\/licenciatura-en-artes-visuales\\\/#primaryimage\"},\"thumbnailUrl\":\"https:\\\/\\\/www.uartes.edu.ec\\\/sitio\\\/wp-content\\\/uploads\\\/2020\\\/09\\\/ESCUELA-DE-ARTES-VISUALES.jpg\",\"datePublished\":\"2019-09-20T21:51:55+00:00\",\"dateModified\":\"2024-11-29T21:36:36+00:00\",\"description\":\"Universidad de las Artes - Licenciatura en Artes Visuales\",\"breadcrumb\":{\"@id\":\"https:\\\/\\\/www.uartes.edu.ec\\\/sitio\\\/fr\\\/la-universidad\\\/pregrado\\\/licenciatura-en-artes-visuales\\\/#breadcrumb\"},\"inLanguage\":\"fr-FR\",\"potentialAction\":[{\"@type\":\"ReadAction\",\"target\":[\"https:\\\/\\\/www.uartes.edu.ec\\\/sitio\\\/fr\\\/la-universidad\\\/pregrado\\\/licenciatura-en-artes-visuales\\\/\"]}]},{\"@type\":\"ImageObject\",\"inLanguage\":\"fr-FR\",\"@id\":\"https:\\\/\\\/www.uartes.edu.ec\\\/sitio\\\/fr\\\/la-universidad\\\/pregrado\\\/licenciatura-en-artes-visuales\\\/#primaryimage\",\"url\":\"https:\\\/\\\/www.uartes.edu.ec\\\/sitio\\\/wp-content\\\/uploads\\\/2020\\\/09\\\/ESCUELA-DE-ARTES-VISUALES.jpg\",\"contentUrl\":\"https:\\\/\\\/www.uartes.edu.ec\\\/sitio\\\/wp-content\\\/uploads\\\/2020\\\/09\\\/ESCUELA-DE-ARTES-VISUALES.jpg\",\"width\":2000,\"height\":1333},{\"@type\":\"BreadcrumbList\",\"@id\":\"https:\\\/\\\/www.uartes.edu.ec\\\/sitio\\\/fr\\\/la-universidad\\\/pregrado\\\/licenciatura-en-artes-visuales\\\/#breadcrumb\",\"itemListElement\":[{\"@type\":\"ListItem\",\"position\":1,\"name\":\"Inicio\",\"item\":\"https:\\\/\\\/www.uartes.edu.ec\\\/sitio\\\/\"},{\"@type\":\"ListItem\",\"position\":2,\"name\":\"Universidad de las Artes\",\"item\":\"https:\\\/\\\/www.uartes.edu.ec\\\/sitio\\\/\"},{\"@type\":\"ListItem\",\"position\":3,\"name\":\"Pregrado\",\"item\":\"https:\\\/\\\/www.uartes.edu.ec\\\/sitio\\\/la-universidad\\\/pregrado\\\/\"},{\"@type\":\"ListItem\",\"position\":4,\"name\":\"Licenciatura en Artes Visuales\"}]},{\"@type\":\"WebSite\",\"@id\":\"https:\\\/\\\/www.uartes.edu.ec\\\/sitio\\\/fr\\\/#website\",\"url\":\"https:\\\/\\\/www.uartes.edu.ec\\\/sitio\\\/fr\\\/\",\"name\":\"Universidad de las Artes\",\"description\":\"Sitio oficial de la Universidad Nacional de las Artes del Ecuador\",\"publisher\":{\"@id\":\"https:\\\/\\\/www.uartes.edu.ec\\\/sitio\\\/fr\\\/#organization\"},\"potentialAction\":[{\"@type\":\"SearchAction\",\"target\":{\"@type\":\"EntryPoint\",\"urlTemplate\":\"https:\\\/\\\/www.uartes.edu.ec\\\/sitio\\\/fr\\\/?s={search_term_string}\"},\"query-input\":{\"@type\":\"PropertyValueSpecification\",\"valueRequired\":true,\"valueName\":\"search_term_string\"}}],\"inLanguage\":\"fr-FR\"},{\"@type\":\"Organization\",\"@id\":\"https:\\\/\\\/www.uartes.edu.ec\\\/sitio\\\/fr\\\/#organization\",\"name\":\"Universidad de las Artes\",\"url\":\"https:\\\/\\\/www.uartes.edu.ec\\\/sitio\\\/fr\\\/\",\"logo\":{\"@type\":\"ImageObject\",\"inLanguage\":\"fr-FR\",\"@id\":\"https:\\\/\\\/www.uartes.edu.ec\\\/sitio\\\/fr\\\/#\\\/schema\\\/logo\\\/image\\\/\",\"url\":\"https:\\\/\\\/www.uartes.edu.ec\\\/sitio\\\/wp-content\\\/uploads\\\/2022\\\/07\\\/logo-ua-horizontal.png\",\"contentUrl\":\"https:\\\/\\\/www.uartes.edu.ec\\\/sitio\\\/wp-content\\\/uploads\\\/2022\\\/07\\\/logo-ua-horizontal.png\",\"width\":800,\"height\":276,\"caption\":\"Universidad de las Artes\"},\"image\":{\"@id\":\"https:\\\/\\\/www.uartes.edu.ec\\\/sitio\\\/fr\\\/#\\\/schema\\\/logo\\\/image\\\/\"},\"sameAs\":[\"https:\\\/\\\/www.facebook.com\\\/uartesec\",\"https:\\\/\\\/x.com\\\/uartesec\",\"https:\\\/\\\/www.tiktok.com\\\/@uartesec\"]}]}<\/script>\n<!-- \/ Yoast SEO plugin. -->","yoast_head_json":{"title":"Universidad de las Artes - Licenciatura en Artes Visuales","description":"Universidad de las Artes - Licenciatura en Artes Visuales","robots":{"index":"index","follow":"follow","max-snippet":"max-snippet:-1","max-image-preview":"max-image-preview:large","max-video-preview":"max-video-preview:-1"},"canonical":"https:\/\/www.uartes.edu.ec\/sitio\/fr\/la-universidad\/pregrado\/licenciatura-en-artes-visuales\/","og_locale":"fr_FR","og_type":"article","og_title":"Universidad de las Artes - Licenciatura en Artes Visuales","og_description":"Universidad de las Artes - Licenciatura en Artes Visuales","og_url":"https:\/\/www.uartes.edu.ec\/sitio\/fr\/la-universidad\/pregrado\/licenciatura-en-artes-visuales\/","og_site_name":"Universidad de las Artes","article_publisher":"https:\/\/www.facebook.com\/uartesec","article_modified_time":"2024-11-29T21:36:36+00:00","og_image":[{"width":2000,"height":1333,"url":"https:\/\/www.uartes.edu.ec\/sitio\/wp-content\/uploads\/2020\/09\/ESCUELA-DE-ARTES-VISUALES.jpg","type":"image\/jpeg"}],"twitter_card":"summary_large_image","twitter_site":"@uartesec","twitter_misc":{"Dur\u00e9e de lecture estim\u00e9e":"8 minutes"},"schema":{"@context":"https:\/\/schema.org","@graph":[{"@type":"WebPage","@id":"https:\/\/www.uartes.edu.ec\/sitio\/fr\/la-universidad\/pregrado\/licenciatura-en-artes-visuales\/","url":"https:\/\/www.uartes.edu.ec\/sitio\/fr\/la-universidad\/pregrado\/licenciatura-en-artes-visuales\/","name":"Universidad de las Artes - Licenciatura en Artes Visuales","isPartOf":{"@id":"https:\/\/www.uartes.edu.ec\/sitio\/fr\/#website"},"primaryImageOfPage":{"@id":"https:\/\/www.uartes.edu.ec\/sitio\/fr\/la-universidad\/pregrado\/licenciatura-en-artes-visuales\/#primaryimage"},"image":{"@id":"https:\/\/www.uartes.edu.ec\/sitio\/fr\/la-universidad\/pregrado\/licenciatura-en-artes-visuales\/#primaryimage"},"thumbnailUrl":"https:\/\/www.uartes.edu.ec\/sitio\/wp-content\/uploads\/2020\/09\/ESCUELA-DE-ARTES-VISUALES.jpg","datePublished":"2019-09-20T21:51:55+00:00","dateModified":"2024-11-29T21:36:36+00:00","description":"Universidad de las Artes - Licenciatura en Artes Visuales","breadcrumb":{"@id":"https:\/\/www.uartes.edu.ec\/sitio\/fr\/la-universidad\/pregrado\/licenciatura-en-artes-visuales\/#breadcrumb"},"inLanguage":"fr-FR","potentialAction":[{"@type":"ReadAction","target":["https:\/\/www.uartes.edu.ec\/sitio\/fr\/la-universidad\/pregrado\/licenciatura-en-artes-visuales\/"]}]},{"@type":"ImageObject","inLanguage":"fr-FR","@id":"https:\/\/www.uartes.edu.ec\/sitio\/fr\/la-universidad\/pregrado\/licenciatura-en-artes-visuales\/#primaryimage","url":"https:\/\/www.uartes.edu.ec\/sitio\/wp-content\/uploads\/2020\/09\/ESCUELA-DE-ARTES-VISUALES.jpg","contentUrl":"https:\/\/www.uartes.edu.ec\/sitio\/wp-content\/uploads\/2020\/09\/ESCUELA-DE-ARTES-VISUALES.jpg","width":2000,"height":1333},{"@type":"BreadcrumbList","@id":"https:\/\/www.uartes.edu.ec\/sitio\/fr\/la-universidad\/pregrado\/licenciatura-en-artes-visuales\/#breadcrumb","itemListElement":[{"@type":"ListItem","position":1,"name":"Inicio","item":"https:\/\/www.uartes.edu.ec\/sitio\/"},{"@type":"ListItem","position":2,"name":"Universidad de las Artes","item":"https:\/\/www.uartes.edu.ec\/sitio\/"},{"@type":"ListItem","position":3,"name":"Pregrado","item":"https:\/\/www.uartes.edu.ec\/sitio\/la-universidad\/pregrado\/"},{"@type":"ListItem","position":4,"name":"Licenciatura en Artes Visuales"}]},{"@type":"WebSite","@id":"https:\/\/www.uartes.edu.ec\/sitio\/fr\/#website","url":"https:\/\/www.uartes.edu.ec\/sitio\/fr\/","name":"Universidad de las Artes","description":"Sitio oficial de la Universidad Nacional de las Artes del Ecuador","publisher":{"@id":"https:\/\/www.uartes.edu.ec\/sitio\/fr\/#organization"},"potentialAction":[{"@type":"SearchAction","target":{"@type":"EntryPoint","urlTemplate":"https:\/\/www.uartes.edu.ec\/sitio\/fr\/?s={search_term_string}"},"query-input":{"@type":"PropertyValueSpecification","valueRequired":true,"valueName":"search_term_string"}}],"inLanguage":"fr-FR"},{"@type":"Organization","@id":"https:\/\/www.uartes.edu.ec\/sitio\/fr\/#organization","name":"Universidad de las Artes","url":"https:\/\/www.uartes.edu.ec\/sitio\/fr\/","logo":{"@type":"ImageObject","inLanguage":"fr-FR","@id":"https:\/\/www.uartes.edu.ec\/sitio\/fr\/#\/schema\/logo\/image\/","url":"https:\/\/www.uartes.edu.ec\/sitio\/wp-content\/uploads\/2022\/07\/logo-ua-horizontal.png","contentUrl":"https:\/\/www.uartes.edu.ec\/sitio\/wp-content\/uploads\/2022\/07\/logo-ua-horizontal.png","width":800,"height":276,"caption":"Universidad de las Artes"},"image":{"@id":"https:\/\/www.uartes.edu.ec\/sitio\/fr\/#\/schema\/logo\/image\/"},"sameAs":["https:\/\/www.facebook.com\/uartesec","https:\/\/x.com\/uartesec","https:\/\/www.tiktok.com\/@uartesec"]}]}},"uagb_featured_image_src":{"full":["https:\/\/www.uartes.edu.ec\/sitio\/wp-content\/uploads\/2020\/09\/ESCUELA-DE-ARTES-VISUALES.jpg",2000,1333,false],"thumbnail":["https:\/\/www.uartes.edu.ec\/sitio\/wp-content\/uploads\/2020\/09\/ESCUELA-DE-ARTES-VISUALES-150x150.jpg",150,150,true],"medium":["https:\/\/www.uartes.edu.ec\/sitio\/wp-content\/uploads\/2020\/09\/ESCUELA-DE-ARTES-VISUALES-300x200.jpg",300,200,true],"medium_large":["https:\/\/www.uartes.edu.ec\/sitio\/wp-content\/uploads\/2020\/09\/ESCUELA-DE-ARTES-VISUALES-768x512.jpg",768,512,true],"large":["https:\/\/www.uartes.edu.ec\/sitio\/wp-content\/uploads\/2020\/09\/ESCUELA-DE-ARTES-VISUALES-644x429.jpg",644,429,true],"1536x1536":["https:\/\/www.uartes.edu.ec\/sitio\/wp-content\/uploads\/2020\/09\/ESCUELA-DE-ARTES-VISUALES-1536x1024.jpg",1536,1024,true],"2048x2048":["https:\/\/www.uartes.edu.ec\/sitio\/wp-content\/uploads\/2020\/09\/ESCUELA-DE-ARTES-VISUALES.jpg",2000,1333,false],"trp-custom-language-flag":["https:\/\/www.uartes.edu.ec\/sitio\/wp-content\/uploads\/2020\/09\/ESCUELA-DE-ARTES-VISUALES.jpg",18,12,false],"htmega_size_585x295":["https:\/\/www.uartes.edu.ec\/sitio\/wp-content\/uploads\/2020\/09\/ESCUELA-DE-ARTES-VISUALES-585x295.jpg",585,295,true],"htmega_size_1170x536":["https:\/\/www.uartes.edu.ec\/sitio\/wp-content\/uploads\/2020\/09\/ESCUELA-DE-ARTES-VISUALES-1170x536.jpg",1170,536,true],"htmega_size_396x360":["https:\/\/www.uartes.edu.ec\/sitio\/wp-content\/uploads\/2020\/09\/ESCUELA-DE-ARTES-VISUALES-396x360.jpg",396,360,true],"gb-block-post-grid-landscape":["https:\/\/www.uartes.edu.ec\/sitio\/wp-content\/uploads\/2020\/09\/ESCUELA-DE-ARTES-VISUALES.jpg",600,400,false],"gb-block-post-grid-square":["https:\/\/www.uartes.edu.ec\/sitio\/wp-content\/uploads\/2020\/09\/ESCUELA-DE-ARTES-VISUALES.jpg",600,400,false],"university-hub-thumb":["https:\/\/www.uartes.edu.ec\/sitio\/wp-content\/uploads\/2020\/09\/ESCUELA-DE-ARTES-VISUALES-400x267.jpg",400,267,true]},"uagb_author_info":{"display_name":"Universidad de las Artes","author_link":"https:\/\/www.uartes.edu.ec\/sitio\/fr\/blog\/author\/dircomadm\/"},"uagb_comment_info":0,"uagb_excerpt":"La Licenciatura en Artes Visuales articula las diferentes tradiciones y los enfoques inter y transdisciplinares del arte para formar artistas cr\u00edticos, capacitados para las demandas de la pr\u00e1ctica art\u00edstica de hoy. https:\/\/www.youtube.com\/watch?v=ul9RnejkeEE La carrera de Artes Visuales busca formar artistas con solidez intelectual, esp\u00edritu cr\u00edtico, mentalidad creadora, profundo sentido \u00e9tico y responsabilidad social. Su propuesta\u2026","featured_image_src":"https:\/\/www.uartes.edu.ec\/sitio\/wp-content\/uploads\/2020\/09\/ESCUELA-DE-ARTES-VISUALES.jpg","featured_image_src_square":"https:\/\/www.uartes.edu.ec\/sitio\/wp-content\/uploads\/2020\/09\/ESCUELA-DE-ARTES-VISUALES.jpg","publishpress_future_action":{"enabled":false,"date":"2026-05-08 08:36:05","action":"change-status","newStatus":"draft","terms":[],"taxonomy":"","extraData":[]},"publishpress_future_workflow_manual_trigger":{"enabledWorkflows":[]},"distributor_meta":false,"distributor_terms":false,"distributor_media":false,"distributor_original_site_name":"Universidad de las Artes","distributor_original_site_url":"https:\/\/www.uartes.edu.ec\/sitio\/fr","push-errors":false,"_links":{"self":[{"href":"https:\/\/www.uartes.edu.ec\/sitio\/fr\/wp-json\/wp\/v2\/pages\/4415","targetHints":{"allow":["GET"]}}],"collection":[{"href":"https:\/\/www.uartes.edu.ec\/sitio\/fr\/wp-json\/wp\/v2\/pages"}],"about":[{"href":"https:\/\/www.uartes.edu.ec\/sitio\/fr\/wp-json\/wp\/v2\/types\/page"}],"author":[{"embeddable":true,"href":"https:\/\/www.uartes.edu.ec\/sitio\/fr\/wp-json\/wp\/v2\/users\/1"}],"replies":[{"embeddable":true,"href":"https:\/\/www.uartes.edu.ec\/sitio\/fr\/wp-json\/wp\/v2\/comments?post=4415"}],"version-history":[{"count":55,"href":"https:\/\/www.uartes.edu.ec\/sitio\/fr\/wp-json\/wp\/v2\/pages\/4415\/revisions"}],"predecessor-version":[{"id":89479,"href":"https:\/\/www.uartes.edu.ec\/sitio\/fr\/wp-json\/wp\/v2\/pages\/4415\/revisions\/89479"}],"up":[{"embeddable":true,"href":"https:\/\/www.uartes.edu.ec\/sitio\/fr\/wp-json\/wp\/v2\/pages\/2985"}],"wp:featuredmedia":[{"embeddable":true,"href":"https:\/\/www.uartes.edu.ec\/sitio\/fr\/wp-json\/wp\/v2\/media\/8685"}],"wp:attachment":[{"href":"https:\/\/www.uartes.edu.ec\/sitio\/fr\/wp-json\/wp\/v2\/media?parent=4415"}],"curies":[{"name":"wp","href":"https:\/\/api.w.org\/{rel}","templated":true}]}}