{"id":4419,"date":"2019-09-20T16:51:55","date_gmt":"2019-09-20T21:51:55","guid":{"rendered":"http:\/\/www.uartes.edu.ec\/sitio\/la-universidad\/pregrado\/licenciatura-en-literatura\/"},"modified":"2024-11-29T16:39:17","modified_gmt":"2024-11-29T21:39:17","slug":"licenciatura-en-literatura","status":"publish","type":"page","link":"https:\/\/www.uartes.edu.ec\/sitio\/fr\/la-universidad\/pregrado\/licenciatura-en-literatura\/","title":{"rendered":"Licenciatura en Literatura"},"content":{"rendered":"<div data-elementor-type=\"wp-page\" data-elementor-id=\"4419\" class=\"elementor elementor-4419\" data-elementor-settings=\"{&quot;ha_cmc_init_switcher&quot;:&quot;no&quot;}\" data-elementor-post-type=\"page\">\n\t\t\t\t\t\t<section class=\"elementor-section elementor-top-section elementor-element elementor-element-c7b10f5 elementor-section-height-min-height elementor-section-boxed elementor-section-height-default elementor-section-items-middle\" data-id=\"c7b10f5\" data-element_type=\"section\" data-e-type=\"section\" data-settings=\"{&quot;background_background&quot;:&quot;classic&quot;,&quot;_ha_eqh_enable&quot;:false}\">\n\t\t\t\t\t\t<div class=\"elementor-container elementor-column-gap-default\">\n\t\t\t\t\t<div class=\"elementor-column elementor-col-100 elementor-top-column elementor-element elementor-element-44ca8b0\" data-id=\"44ca8b0\" data-element_type=\"column\" data-e-type=\"column\">\n\t\t\t<div class=\"elementor-widget-wrap\">\n\t\t\t\t\t\t\t<\/div>\n\t\t<\/div>\n\t\t\t\t\t<\/div>\n\t\t<\/section>\n\t\t\t\t<section class=\"elementor-section elementor-top-section elementor-element elementor-element-d7f3a31 elementor-section-boxed elementor-section-height-default elementor-section-height-default\" data-id=\"d7f3a31\" data-element_type=\"section\" data-e-type=\"section\" data-settings=\"{&quot;_ha_eqh_enable&quot;:false}\">\n\t\t\t\t\t\t<div class=\"elementor-container elementor-column-gap-no\">\n\t\t\t\t\t<div class=\"elementor-column elementor-col-100 elementor-top-column elementor-element elementor-element-578c013\" data-id=\"578c013\" data-element_type=\"column\" data-e-type=\"column\">\n\t\t\t<div class=\"elementor-widget-wrap elementor-element-populated\">\n\t\t\t\t\t\t<div class=\"elementor-element elementor-element-ceca629 elementor-widget elementor-widget-theme-post-title elementor-page-title elementor-widget-heading\" data-id=\"ceca629\" data-element_type=\"widget\" data-e-type=\"widget\" data-widget_type=\"theme-post-title.default\">\n\t\t\t\t<div class=\"elementor-widget-container\">\n\t\t\t\t\t<h1 class=\"elementor-heading-title elementor-size-default\">Licenciatura en Literatura<\/h1>\t\t\t\t<\/div>\n\t\t\t\t<\/div>\n\t\t\t\t<section class=\"elementor-section elementor-inner-section elementor-element elementor-element-8e33d1c elementor-section-content-middle elementor-section-boxed elementor-section-height-default elementor-section-height-default\" data-id=\"8e33d1c\" data-element_type=\"section\" data-e-type=\"section\" data-settings=\"{&quot;background_background&quot;:&quot;classic&quot;,&quot;_ha_eqh_enable&quot;:false}\">\n\t\t\t\t\t\t<div class=\"elementor-container elementor-column-gap-no\">\n\t\t\t\t\t<div class=\"elementor-column elementor-col-50 elementor-inner-column elementor-element elementor-element-59cf021\" data-id=\"59cf021\" data-element_type=\"column\" data-e-type=\"column\">\n\t\t\t<div class=\"elementor-widget-wrap elementor-element-populated\">\n\t\t\t\t\t\t<div class=\"elementor-element elementor-element-62b4596 elementor-widget elementor-widget-text-editor\" data-id=\"62b4596\" data-element_type=\"widget\" data-e-type=\"widget\" data-widget_type=\"text-editor.default\">\n\t\t\t\t<div class=\"elementor-widget-container\">\n\t\t\t\t\t\t\t\t\t<p><strong>La licenciatura en Literatura ense\u00f1a a sus estudiantes a gestionar las diversas actividades de la industria cultural contempor\u00e1nea que se producen alrededor de los textos.<\/strong><\/p>\t\t\t\t\t\t\t\t<\/div>\n\t\t\t\t<\/div>\n\t\t\t\t\t<\/div>\n\t\t<\/div>\n\t\t\t\t<div class=\"elementor-column elementor-col-50 elementor-inner-column elementor-element elementor-element-9bade74\" data-id=\"9bade74\" data-element_type=\"column\" data-e-type=\"column\">\n\t\t\t<div class=\"elementor-widget-wrap elementor-element-populated\">\n\t\t\t\t\t\t<div class=\"elementor-element elementor-element-88c95ee elementor-widget elementor-widget-video\" data-id=\"88c95ee\" data-element_type=\"widget\" data-e-type=\"widget\" data-settings=\"{&quot;image_overlay&quot;:{&quot;url&quot;:&quot;http:\\\/\\\/www.uartes.edu.ec\\\/sitio\\\/wp-content\\\/uploads\\\/2020\\\/10\\\/PREGRADO-LITERATURA-scaled.jpg&quot;,&quot;id&quot;:9479,&quot;size&quot;:&quot;&quot;},&quot;youtube_url&quot;:&quot;https:\\\/\\\/www.youtube.com\\\/watch?v=gAyJmJjm3mk&quot;,&quot;autoplay&quot;:&quot;yes&quot;,&quot;play_on_mobile&quot;:&quot;yes&quot;,&quot;lightbox&quot;:&quot;yes&quot;,&quot;show_image_overlay&quot;:&quot;yes&quot;,&quot;lazy_load&quot;:&quot;yes&quot;,&quot;video_type&quot;:&quot;youtube&quot;,&quot;controls&quot;:&quot;yes&quot;}\" data-widget_type=\"video.default\">\n\t\t\t\t<div class=\"elementor-widget-container\">\n\t\t\t\t\t\t\t<div class=\"elementor-wrapper elementor-open-lightbox\">\n\t\t\t\t\t\t\t<div class=\"elementor-custom-embed-image-overlay\" data-elementor-open-lightbox=\"yes\" data-elementor-lightbox=\"{&quot;type&quot;:&quot;video&quot;,&quot;videoType&quot;:&quot;youtube&quot;,&quot;url&quot;:&quot;https:\\\/\\\/www.youtube.com\\\/embed\\\/gAyJmJjm3mk?feature=oembed&amp;start&amp;end&amp;wmode=opaque&amp;loop=0&amp;controls=1&amp;mute=0&amp;rel=0&amp;cc_load_policy=0&quot;,&quot;autoplay&quot;:&quot;yes&quot;,&quot;modalOptions&quot;:{&quot;id&quot;:&quot;elementor-lightbox-88c95ee&quot;,&quot;entranceAnimation&quot;:&quot;&quot;,&quot;entranceAnimation_tablet&quot;:&quot;&quot;,&quot;entranceAnimation_mobile&quot;:&quot;&quot;,&quot;videoAspectRatio&quot;:&quot;169&quot;}}\" data-e-action-hash=\"#elementor-action%3Aaction%3Dlightbox%26settings%3DeyJ0eXBlIjoidmlkZW8iLCJ2aWRlb1R5cGUiOiJ5b3V0dWJlIiwidXJsIjoiaHR0cHM6XC9cL3d3dy55b3V0dWJlLmNvbVwvZW1iZWRcL2dBeUptSmptM21rP2ZlYXR1cmU9b2VtYmVkJnN0YXJ0JmVuZCZ3bW9kZT1vcGFxdWUmbG9vcD0wJmNvbnRyb2xzPTEmbXV0ZT0wJnJlbD0wJmNjX2xvYWRfcG9saWN5PTAiLCJhdXRvcGxheSI6InllcyIsIm1vZGFsT3B0aW9ucyI6eyJpZCI6ImVsZW1lbnRvci1saWdodGJveC04OGM5NWVlIiwiZW50cmFuY2VBbmltYXRpb24iOiIiLCJlbnRyYW5jZUFuaW1hdGlvbl90YWJsZXQiOiIiLCJlbnRyYW5jZUFuaW1hdGlvbl9tb2JpbGUiOiIiLCJ2aWRlb0FzcGVjdFJhdGlvIjoiMTY5In19\">\n\t\t\t\t\t\t\t\t\t\t\t<img fetchpriority=\"high\" decoding=\"async\" width=\"2560\" height=\"1706\" src=\"https:\/\/www.uartes.edu.ec\/sitio\/wp-content\/uploads\/2020\/10\/PREGRADO-LITERATURA-scaled.jpg\" class=\"attachment-full size-full wp-image-9479\" alt=\"\" srcset=\"https:\/\/www.uartes.edu.ec\/sitio\/wp-content\/uploads\/2020\/10\/PREGRADO-LITERATURA-scaled.jpg 2560w, https:\/\/www.uartes.edu.ec\/sitio\/wp-content\/uploads\/2020\/10\/PREGRADO-LITERATURA-300x200.jpg 300w, https:\/\/www.uartes.edu.ec\/sitio\/wp-content\/uploads\/2020\/10\/PREGRADO-LITERATURA-644x429.jpg 644w, https:\/\/www.uartes.edu.ec\/sitio\/wp-content\/uploads\/2020\/10\/PREGRADO-LITERATURA-768x512.jpg 768w, https:\/\/www.uartes.edu.ec\/sitio\/wp-content\/uploads\/2020\/10\/PREGRADO-LITERATURA-1536x1024.jpg 1536w, https:\/\/www.uartes.edu.ec\/sitio\/wp-content\/uploads\/2020\/10\/PREGRADO-LITERATURA-2048x1365.jpg 2048w, https:\/\/www.uartes.edu.ec\/sitio\/wp-content\/uploads\/2020\/10\/PREGRADO-LITERATURA-600x400.jpg 600w, https:\/\/www.uartes.edu.ec\/sitio\/wp-content\/uploads\/2020\/10\/PREGRADO-LITERATURA-400x267.jpg 400w, https:\/\/www.uartes.edu.ec\/sitio\/wp-content\/uploads\/2020\/10\/PREGRADO-LITERATURA-272x182.jpg 272w\" sizes=\"(max-width: 2560px) 100vw, 2560px\" \/>\t\t\t\t\t\t\t\t\t\t\t\t\t\t\t\t<div class=\"elementor-custom-embed-play\" role=\"button\" aria-label=\"Reproducir v\u00eddeo\" tabindex=\"0\">\n\t\t\t\t\t\t\t<svg aria-hidden=\"true\" class=\"e-font-icon-svg e-eicon-play\" viewbox=\"0 0 1000 1000\" xmlns=\"http:\/\/www.w3.org\/2000\/svg\"><path d=\"M838 162C746 71 633 25 500 25 371 25 258 71 163 162 71 254 25 367 25 500 25 633 71 746 163 837 254 929 367 979 500 979 633 979 746 933 838 837 929 746 975 633 975 500 975 367 929 254 838 162M808 192C892 279 933 379 933 500 933 621 892 725 808 808 725 892 621 938 500 938 379 938 279 896 196 808 113 725 67 621 67 500 67 379 108 279 196 192 279 108 383 62 500 62 621 62 721 108 808 192M438 392V642L642 517 438 392Z\"><\/path><\/svg>\t\t\t\t\t\t<\/div>\n\t\t\t\t\t\t\t\t\t<\/div>\n\t\t\t\t\t<\/div>\n\t\t\t\t\t\t<\/div>\n\t\t\t\t<\/div>\n\t\t\t\t\t<\/div>\n\t\t<\/div>\n\t\t\t\t\t<\/div>\n\t\t<\/section>\n\t\t\t\t<section class=\"elementor-section elementor-inner-section elementor-element elementor-element-aef1f26 elementor-section-boxed elementor-section-height-default elementor-section-height-default\" data-id=\"aef1f26\" data-element_type=\"section\" data-e-type=\"section\" data-settings=\"{&quot;_ha_eqh_enable&quot;:false}\">\n\t\t\t\t\t\t<div class=\"elementor-container elementor-column-gap-default\">\n\t\t\t\t\t<div class=\"elementor-column elementor-col-100 elementor-inner-column elementor-element elementor-element-48a8325\" data-id=\"48a8325\" data-element_type=\"column\" data-e-type=\"column\">\n\t\t\t<div class=\"elementor-widget-wrap elementor-element-populated\">\n\t\t\t\t\t\t<div class=\"elementor-element elementor-element-730a6dc2 elementor-widget elementor-widget-text-editor\" data-id=\"730a6dc2\" data-element_type=\"widget\" data-e-type=\"widget\" data-widget_type=\"text-editor.default\">\n\t\t\t\t<div class=\"elementor-widget-container\">\n\t\t\t\t\t\t\t\t\t\n<p>La carrera de Literatura de la Universidad de las Artes ofrece un espacio acad\u00e9mico innovador en el \u00e1mbito de las letras latinoamericanas y ecuatorianas, ya que busca formar investigadores, editores, creadores y cr\u00edticos literarios, quienes se inserten en los debates contempor\u00e1neos a trav\u00e9s de la valoraci\u00f3n, producci\u00f3n, edici\u00f3n y gesti\u00f3n de las diversas expresiones art\u00edsticas de la palabra; no solo las tradicionalmente occidentales, sino tambi\u00e9n otros relatos, como los obtenidos de las lenguas ancestrales y los que son producto de los cambios contempor\u00e1neos.<\/p>\n\n<h3 class=\"wp-block-heading\">Profil de sortie<\/h3>\n\n<p>Los graduados de la Escuela de Literatura de la Universidad de las Artes poseer\u00e1n, a m\u00e1s de los saberes propios de su carrera, un amplio conocimiento de otras disciplinas art\u00edsticas, por lo que ser\u00e1n capaces de insertarse en el mercado laboral ejecutando proyectos creativos; actividades gesti\u00f3n cultural, traducci\u00f3n y creaci\u00f3n de contenidos para diferentes plataformas comunicativas. Encontrar\u00e1n espacio, adem\u00e1s, en institutos de educaci\u00f3n e investigaci\u00f3n, bibliotecas, museos, organismos regionales e internacionales, ONG&#8217;s, fundaciones, centros culturales, etc. y la edici\u00f3n de textos. Su mirada amplia e intercultural buscar\u00e1 incentivar la conciencia y la sensibilidad social.<\/p>\n\n<h3 class=\"wp-block-heading\">L'\u00e9quipe enseignante<\/h3>\n\n<p>Los profesores de la carrera de Literatura son innovadores en esta disciplina:\u00a0 escritores con trayectoria art\u00edstica y acad\u00e9mica; editores; acad\u00e9micos investigadores y\/o.\u00a0 Son profesionales con grados de Maestr\u00edas y PhD, as\u00ed como especialistas en lenguas ancestrales y comunidades ind\u00edgenas.\u00a0 Entre los intereses de investigaci\u00f3n de los profesores de literatura se incluyen la literatura latinoamericana, los estudios comparatistas, los registros de la imaginaci\u00f3n fant\u00e1stica; el teatro colonial; la experimentaci\u00f3n ling\u00fc\u00edstica; la semi\u00f3tica y los estudios de la cultura; las expresiones orales y los saberes ancestrales; la educaci\u00f3n intercultural biling\u00fce, entre otros.<\/p>\n\n<h3 class=\"wp-block-heading\">Parcours<\/h3>\n\n<ul class=\"wp-block-list\">\n<li>EDICI\u00d3N Y CREACI\u00d3N<\/li>\n<li>PEDAGOG\u00cdA EN LITERATURA<\/li>\n<li>LENGUA Y LITERATURA KICHWA<\/li>\n<\/ul>\n<p>Pour plus d\u2019informations, \u00e9crivez \u00e0 <a href=\"mailto:escuela.literatura@uartes.edu.ec\">escuela.literatura@uartes.edu.ec<\/a> ou contactez le <a href=\"tel:+59342590700*3062\">(593)4-259-0700 ext 3062<\/a><\/p>\n\t\t\t\t\t\t\t\t<\/div>\n\t\t\t\t<\/div>\n\t\t\t\t<div class=\"elementor-element elementor-element-b0ced61 elementor-widget elementor-widget-heading\" data-id=\"b0ced61\" data-element_type=\"widget\" data-e-type=\"widget\" data-widget_type=\"heading.default\">\n\t\t\t\t<div class=\"elementor-widget-container\">\n\t\t\t\t\t<h3 class=\"elementor-heading-title elementor-size-default\">Ressources<\/h3>\t\t\t\t<\/div>\n\t\t\t\t<\/div>\n\t\t\t\t<div class=\"elementor-element elementor-element-abc3644 elementor-widget elementor-widget-shortcode\" data-id=\"abc3644\" data-element_type=\"widget\" data-e-type=\"widget\" data-widget_type=\"shortcode.default\">\n\t\t\t\t<div class=\"elementor-widget-container\">\n\t\t\t\t\t\t\t<div class=\"elementor-shortcode\"><div class='w3eden wpdm_package_shortcode'><!-- WPDM Link Template: Call to Action 3 -->\n\n<div class=\"well c2a3\">\n    <div class=\"media\">\n        <div class=\"mr-3\" align=\"left\">\n            <img decoding=\"async\" class=\"wpdm_icon\" alt=\"Ic\u00f4ne\" src=\"https:\/\/www.uartes.edu.ec\/sitio\/wp-content\/plugins\/download-manager\/assets\/file-type-icons\/pdf.svg\" \/>\n        <\/div>\n        <div class=\"media-body\">\n            <h3 class=\"media-heading\" style=\"padding-top: 0px;border:0px;margin: 0 0 5px 0;font-size:12pt;\">\n                <a style=\"font-weight: 700\" href=\"https:\/\/www.uartes.edu.ec\/sitio\/fr\/download\/20-07-malla-curricular-literatura\/\">Malla Curricular de Licenciatura en Literatura<\/a>\n                <span style=\"font-size:8pt;font-weight:300\" class=\"text-muted ml-4\">\n                    <i class=\"fas fa-hdd mr-1\"><\/i> 765.50 KB\n                    <i class=\"ml-3 far fa-arrow-alt-circle-down mr-1\"><\/i> 24512 t\u00e9l\u00e9chargements\n                <\/span>\n            <\/h3>\n            ...\n        <\/div>\n        <div class=\"ml-3\" align=\"right\">\n            <a class='wpdm-download-link download-on-click btn btn-primary btn-sm'  rel='nofollow' href='#' data-downloadurl=\"https:\/\/www.uartes.edu.ec\/sitio\/fr\/download\/20-07-malla-curricular-literatura\/?wpdmdl=7519&refresh=69f5d05befc721777717339\">T\u00e9l\u00e9charger<\/a>\n        <\/div>\n    <\/div>\n\n<\/div>\n<style>\n    .well.c2a3 .btn {\n        padding: 11px 30px;\n        font-size: 11pt;\n    }\n\n    .well.c2a3 .media-body {\n        font-size: 11pt;\n    }\n\n    .well.c2a3 .wpdm_icon {\n        height: 42px;\n        width: auto;\n    }<\/style>\n<\/div><\/div>\n\t\t\t\t\t\t<\/div>\n\t\t\t\t<\/div>\n\t\t\t\t\t<\/div>\n\t\t<\/div>\n\t\t\t\t\t<\/div>\n\t\t<\/section>\n\t\t\t\t\t<\/div>\n\t\t<\/div>\n\t\t\t\t\t<\/div>\n\t\t<\/section>\n\t\t\t\t<section class=\"elementor-section elementor-top-section elementor-element elementor-element-081de62 elementor-section-stretched elementor-section-boxed elementor-section-height-default elementor-section-height-default\" data-id=\"081de62\" data-element_type=\"section\" data-e-type=\"section\" data-settings=\"{&quot;background_background&quot;:&quot;classic&quot;,&quot;stretch_section&quot;:&quot;section-stretched&quot;,&quot;_ha_eqh_enable&quot;:false}\">\n\t\t\t\t\t\t\t<div class=\"elementor-background-overlay\"><\/div>\n\t\t\t\t\t\t\t<div class=\"elementor-container elementor-column-gap-default\">\n\t\t\t\t\t<div class=\"elementor-column elementor-col-100 elementor-top-column elementor-element elementor-element-0f4ef62\" data-id=\"0f4ef62\" data-element_type=\"column\" data-e-type=\"column\">\n\t\t\t<div class=\"elementor-widget-wrap elementor-element-populated\">\n\t\t\t\t\t\t<div class=\"elementor-element elementor-element-0875281 animated-fast elementor-invisible elementor-widget elementor-widget-heading\" data-id=\"0875281\" data-element_type=\"widget\" data-e-type=\"widget\" data-settings=\"{&quot;_animation&quot;:&quot;fadeInUp&quot;}\" data-widget_type=\"heading.default\">\n\t\t\t\t<div class=\"elementor-widget-container\">\n\t\t\t\t\t<h1 class=\"elementor-heading-title elementor-size-default\">Nos professeurs<\/h1>\t\t\t\t<\/div>\n\t\t\t\t<\/div>\n\t\t\t\t<div class=\"elementor-element elementor-element-07b250a elementor-grid-6 elementor-posts--align-center elementor-grid-tablet-2 elementor-grid-mobile-1 elementor-posts--thumbnail-top elementor-widget elementor-widget-posts\" data-id=\"07b250a\" data-element_type=\"widget\" data-e-type=\"widget\" data-settings=\"{&quot;classic_columns&quot;:&quot;6&quot;,&quot;classic_row_gap&quot;:{&quot;unit&quot;:&quot;px&quot;,&quot;size&quot;:45,&quot;sizes&quot;:[]},&quot;classic_columns_tablet&quot;:&quot;2&quot;,&quot;classic_columns_mobile&quot;:&quot;1&quot;,&quot;classic_row_gap_tablet&quot;:{&quot;unit&quot;:&quot;px&quot;,&quot;size&quot;:&quot;&quot;,&quot;sizes&quot;:[]},&quot;classic_row_gap_mobile&quot;:{&quot;unit&quot;:&quot;px&quot;,&quot;size&quot;:&quot;&quot;,&quot;sizes&quot;:[]}}\" data-widget_type=\"posts.classic\">\n\t\t\t\t<div class=\"elementor-widget-container\">\n\t\t\t\t\t\t\t<div class=\"elementor-posts-container elementor-posts elementor-posts--skin-classic elementor-grid\" role=\"list\">\n\t\t\t\t<article class=\"elementor-post elementor-grid-item post-17752 docs type-docs status-publish has-post-thumbnail hentry doc_category-literatura\" role=\"listitem\">\n\t\t\t\t<a class=\"elementor-post__thumbnail__link\" href=\"https:\/\/www.uartes.edu.ec\/sitio\/fr\/docs\/ana-camila-corral-escudero\/\" tabindex=\"-1\" >\n\t\t\t<div class=\"elementor-post__thumbnail\"><img decoding=\"async\" width=\"300\" height=\"300\" src=\"https:\/\/www.uartes.edu.ec\/sitio\/wp-content\/uploads\/2021\/11\/corralimage002-300x300.jpg\" class=\"attachment-medium size-medium wp-image-16938\" alt=\"\" srcset=\"https:\/\/www.uartes.edu.ec\/sitio\/wp-content\/uploads\/2021\/11\/corralimage002-300x300.jpg 300w, https:\/\/www.uartes.edu.ec\/sitio\/wp-content\/uploads\/2021\/11\/corralimage002-150x150.jpg 150w, https:\/\/www.uartes.edu.ec\/sitio\/wp-content\/uploads\/2021\/11\/corralimage002-60x60.jpg 60w, https:\/\/www.uartes.edu.ec\/sitio\/wp-content\/uploads\/2021\/11\/corralimage002-600x600.jpg 600w, https:\/\/www.uartes.edu.ec\/sitio\/wp-content\/uploads\/2021\/11\/corralimage002-100x100.jpg 100w, https:\/\/www.uartes.edu.ec\/sitio\/wp-content\/uploads\/2021\/11\/corralimage002.jpg 641w\" sizes=\"(max-width: 300px) 100vw, 300px\" \/><\/div>\n\t\t<\/a>\n\t\t\t\t<div class=\"elementor-post__text\">\n\t\t\t\t<h3 class=\"elementor-post__title\">\n\t\t\t<a href=\"https:\/\/www.uartes.edu.ec\/sitio\/fr\/docs\/ana-camila-corral-escudero\/\" >\n\t\t\t\tAna Camila Corral Escudero\t\t\t<\/a>\n\t\t<\/h3>\n\t\t\t\t<\/div>\n\t\t\t\t<\/article>\n\t\t\t\t<article class=\"elementor-post elementor-grid-item post-17723 docs type-docs status-publish has-post-thumbnail hentry doc_category-literatura\" role=\"listitem\">\n\t\t\t\t<a class=\"elementor-post__thumbnail__link\" href=\"https:\/\/www.uartes.edu.ec\/sitio\/fr\/docs\/carlos-andres-landazuri-suarez\/\" tabindex=\"-1\" >\n\t\t\t<div class=\"elementor-post__thumbnail\"><img decoding=\"async\" width=\"300\" height=\"300\" src=\"https:\/\/www.uartes.edu.ec\/sitio\/wp-content\/uploads\/2021\/12\/dp-Andre\u0301s-Landa\u0301zuri-Literatura-300x300.jpg\" class=\"attachment-medium size-medium wp-image-17719\" alt=\"\" srcset=\"https:\/\/www.uartes.edu.ec\/sitio\/wp-content\/uploads\/2021\/12\/dp-Andre\u0301s-Landa\u0301zuri-Literatura-300x300.jpg 300w, https:\/\/www.uartes.edu.ec\/sitio\/wp-content\/uploads\/2021\/12\/dp-Andre\u0301s-Landa\u0301zuri-Literatura-644x644.jpg 644w, https:\/\/www.uartes.edu.ec\/sitio\/wp-content\/uploads\/2021\/12\/dp-Andre\u0301s-Landa\u0301zuri-Literatura-150x150.jpg 150w, https:\/\/www.uartes.edu.ec\/sitio\/wp-content\/uploads\/2021\/12\/dp-Andre\u0301s-Landa\u0301zuri-Literatura-768x768.jpg 768w, https:\/\/www.uartes.edu.ec\/sitio\/wp-content\/uploads\/2021\/12\/dp-Andre\u0301s-Landa\u0301zuri-Literatura-60x60.jpg 60w, https:\/\/www.uartes.edu.ec\/sitio\/wp-content\/uploads\/2021\/12\/dp-Andre\u0301s-Landa\u0301zuri-Literatura-600x600.jpg 600w, https:\/\/www.uartes.edu.ec\/sitio\/wp-content\/uploads\/2021\/12\/dp-Andre\u0301s-Landa\u0301zuri-Literatura-100x100.jpg 100w, https:\/\/www.uartes.edu.ec\/sitio\/wp-content\/uploads\/2021\/12\/dp-Andre\u0301s-Landa\u0301zuri-Literatura.jpg 921w\" sizes=\"(max-width: 300px) 100vw, 300px\" \/><\/div>\n\t\t<\/a>\n\t\t\t\t<div class=\"elementor-post__text\">\n\t\t\t\t<h3 class=\"elementor-post__title\">\n\t\t\t<a href=\"https:\/\/www.uartes.edu.ec\/sitio\/fr\/docs\/carlos-andres-landazuri-suarez\/\" >\n\t\t\t\tCarlos Andr\u00e9s Land\u00e1zuri Su\u00e1rez\t\t\t<\/a>\n\t\t<\/h3>\n\t\t\t\t<\/div>\n\t\t\t\t<\/article>\n\t\t\t\t<article class=\"elementor-post elementor-grid-item post-25473 docs type-docs status-publish has-post-thumbnail hentry doc_category-comuna doc_category-literatura doc_tag-comunaestudiante\" role=\"listitem\">\n\t\t\t\t<a class=\"elementor-post__thumbnail__link\" href=\"https:\/\/www.uartes.edu.ec\/sitio\/fr\/docs\/cristian-agustin-alvarado-montalvo\/\" tabindex=\"-1\" >\n\t\t\t<div class=\"elementor-post__thumbnail\"><img loading=\"lazy\" decoding=\"async\" width=\"300\" height=\"300\" src=\"https:\/\/www.uartes.edu.ec\/sitio\/wp-content\/uploads\/2022\/07\/Foto-Cristian-Alvarado--300x300.jpg\" class=\"attachment-medium size-medium wp-image-25317\" alt=\"\" srcset=\"https:\/\/www.uartes.edu.ec\/sitio\/wp-content\/uploads\/2022\/07\/Foto-Cristian-Alvarado--300x300.jpg 300w, https:\/\/www.uartes.edu.ec\/sitio\/wp-content\/uploads\/2022\/07\/Foto-Cristian-Alvarado--644x644.jpg 644w, https:\/\/www.uartes.edu.ec\/sitio\/wp-content\/uploads\/2022\/07\/Foto-Cristian-Alvarado--150x150.jpg 150w, https:\/\/www.uartes.edu.ec\/sitio\/wp-content\/uploads\/2022\/07\/Foto-Cristian-Alvarado--768x768.jpg 768w, https:\/\/www.uartes.edu.ec\/sitio\/wp-content\/uploads\/2022\/07\/Foto-Cristian-Alvarado--60x60.jpg 60w, https:\/\/www.uartes.edu.ec\/sitio\/wp-content\/uploads\/2022\/07\/Foto-Cristian-Alvarado--600x600.jpg 600w, https:\/\/www.uartes.edu.ec\/sitio\/wp-content\/uploads\/2022\/07\/Foto-Cristian-Alvarado--100x100.jpg 100w, https:\/\/www.uartes.edu.ec\/sitio\/wp-content\/uploads\/2022\/07\/Foto-Cristian-Alvarado--560x560.jpg 560w, https:\/\/www.uartes.edu.ec\/sitio\/wp-content\/uploads\/2022\/07\/Foto-Cristian-Alvarado-.jpg 800w\" sizes=\"(max-width: 300px) 100vw, 300px\" \/><\/div>\n\t\t<\/a>\n\t\t\t\t<div class=\"elementor-post__text\">\n\t\t\t\t<h3 class=\"elementor-post__title\">\n\t\t\t<a href=\"https:\/\/www.uartes.edu.ec\/sitio\/fr\/docs\/cristian-agustin-alvarado-montalvo\/\" >\n\t\t\t\tCristian Agust\u00edn Alvarado Montalvo\t\t\t<\/a>\n\t\t<\/h3>\n\t\t\t\t<\/div>\n\t\t\t\t<\/article>\n\t\t\t\t<article class=\"elementor-post elementor-grid-item post-37832 docs type-docs status-publish has-post-thumbnail hentry doc_category-literatura\" role=\"listitem\">\n\t\t\t\t<a class=\"elementor-post__thumbnail__link\" href=\"https:\/\/www.uartes.edu.ec\/sitio\/fr\/docs\/jessica-zambrano-alvarado\/\" tabindex=\"-1\" >\n\t\t\t<div class=\"elementor-post__thumbnail\"><img loading=\"lazy\" decoding=\"async\" width=\"300\" height=\"300\" src=\"https:\/\/www.uartes.edu.ec\/sitio\/wp-content\/uploads\/2023\/01\/Jessica-Zambrano-300x300.jpg\" class=\"attachment-medium size-medium wp-image-37834\" alt=\"\" srcset=\"https:\/\/www.uartes.edu.ec\/sitio\/wp-content\/uploads\/2023\/01\/Jessica-Zambrano-300x300.jpg 300w, https:\/\/www.uartes.edu.ec\/sitio\/wp-content\/uploads\/2023\/01\/Jessica-Zambrano-644x644.jpg 644w, https:\/\/www.uartes.edu.ec\/sitio\/wp-content\/uploads\/2023\/01\/Jessica-Zambrano-150x150.jpg 150w, https:\/\/www.uartes.edu.ec\/sitio\/wp-content\/uploads\/2023\/01\/Jessica-Zambrano-768x768.jpg 768w, https:\/\/www.uartes.edu.ec\/sitio\/wp-content\/uploads\/2023\/01\/Jessica-Zambrano-60x60.jpg 60w, https:\/\/www.uartes.edu.ec\/sitio\/wp-content\/uploads\/2023\/01\/Jessica-Zambrano-600x600.jpg 600w, https:\/\/www.uartes.edu.ec\/sitio\/wp-content\/uploads\/2023\/01\/Jessica-Zambrano-100x100.jpg 100w, https:\/\/www.uartes.edu.ec\/sitio\/wp-content\/uploads\/2023\/01\/Jessica-Zambrano-560x560.jpg 560w, https:\/\/www.uartes.edu.ec\/sitio\/wp-content\/uploads\/2023\/01\/Jessica-Zambrano.jpg 800w\" sizes=\"(max-width: 300px) 100vw, 300px\" \/><\/div>\n\t\t<\/a>\n\t\t\t\t<div class=\"elementor-post__text\">\n\t\t\t\t<h3 class=\"elementor-post__title\">\n\t\t\t<a href=\"https:\/\/www.uartes.edu.ec\/sitio\/fr\/docs\/jessica-zambrano-alvarado\/\" >\n\t\t\t\tJessica Zambrano Alvarado\t\t\t<\/a>\n\t\t<\/h3>\n\t\t\t\t<\/div>\n\t\t\t\t<\/article>\n\t\t\t\t<article class=\"elementor-post elementor-grid-item post-17729 docs type-docs status-publish has-post-thumbnail hentry doc_category-literatura\" role=\"listitem\">\n\t\t\t\t<a class=\"elementor-post__thumbnail__link\" href=\"https:\/\/www.uartes.edu.ec\/sitio\/fr\/docs\/maria-alejandra-zambrano-murillo\/\" tabindex=\"-1\" >\n\t\t\t<div class=\"elementor-post__thumbnail\"><img loading=\"lazy\" decoding=\"async\" width=\"300\" height=\"300\" src=\"https:\/\/www.uartes.edu.ec\/sitio\/wp-content\/uploads\/2021\/11\/Maria-Alejandra-Zambrano-300x300.jpg\" class=\"attachment-medium size-medium wp-image-16809\" alt=\"\" srcset=\"https:\/\/www.uartes.edu.ec\/sitio\/wp-content\/uploads\/2021\/11\/Maria-Alejandra-Zambrano-300x300.jpg 300w, https:\/\/www.uartes.edu.ec\/sitio\/wp-content\/uploads\/2021\/11\/Maria-Alejandra-Zambrano-150x150.jpg 150w, https:\/\/www.uartes.edu.ec\/sitio\/wp-content\/uploads\/2021\/11\/Maria-Alejandra-Zambrano-60x60.jpg 60w, https:\/\/www.uartes.edu.ec\/sitio\/wp-content\/uploads\/2021\/11\/Maria-Alejandra-Zambrano-100x100.jpg 100w, https:\/\/www.uartes.edu.ec\/sitio\/wp-content\/uploads\/2021\/11\/Maria-Alejandra-Zambrano.jpg 500w\" sizes=\"(max-width: 300px) 100vw, 300px\" \/><\/div>\n\t\t<\/a>\n\t\t\t\t<div class=\"elementor-post__text\">\n\t\t\t\t<h3 class=\"elementor-post__title\">\n\t\t\t<a href=\"https:\/\/www.uartes.edu.ec\/sitio\/fr\/docs\/maria-alejandra-zambrano-murillo\/\" >\n\t\t\t\tMar\u00eda Alejandra Zambrano Murillo\t\t\t<\/a>\n\t\t<\/h3>\n\t\t\t\t<\/div>\n\t\t\t\t<\/article>\n\t\t\t\t<article class=\"elementor-post elementor-grid-item post-17739 docs type-docs status-publish has-post-thumbnail hentry doc_category-literatura\" role=\"listitem\">\n\t\t\t\t<a class=\"elementor-post__thumbnail__link\" href=\"https:\/\/www.uartes.edu.ec\/sitio\/fr\/docs\/maria-cecilia-velasco-andrade\/\" tabindex=\"-1\" >\n\t\t\t<div class=\"elementor-post__thumbnail\"><img loading=\"lazy\" decoding=\"async\" width=\"300\" height=\"300\" src=\"https:\/\/www.uartes.edu.ec\/sitio\/wp-content\/uploads\/2021\/05\/CECILIA-VELASCO-WEB-300x300.jpg\" class=\"attachment-medium size-medium wp-image-13812\" alt=\"\" srcset=\"https:\/\/www.uartes.edu.ec\/sitio\/wp-content\/uploads\/2021\/05\/CECILIA-VELASCO-WEB-300x300.jpg 300w, https:\/\/www.uartes.edu.ec\/sitio\/wp-content\/uploads\/2021\/05\/CECILIA-VELASCO-WEB-644x644.jpg 644w, https:\/\/www.uartes.edu.ec\/sitio\/wp-content\/uploads\/2021\/05\/CECILIA-VELASCO-WEB-150x150.jpg 150w, https:\/\/www.uartes.edu.ec\/sitio\/wp-content\/uploads\/2021\/05\/CECILIA-VELASCO-WEB-768x768.jpg 768w, https:\/\/www.uartes.edu.ec\/sitio\/wp-content\/uploads\/2021\/05\/CECILIA-VELASCO-WEB-60x60.jpg 60w, https:\/\/www.uartes.edu.ec\/sitio\/wp-content\/uploads\/2021\/05\/CECILIA-VELASCO-WEB-600x600.jpg 600w, https:\/\/www.uartes.edu.ec\/sitio\/wp-content\/uploads\/2021\/05\/CECILIA-VELASCO-WEB-100x100.jpg 100w, https:\/\/www.uartes.edu.ec\/sitio\/wp-content\/uploads\/2021\/05\/CECILIA-VELASCO-WEB.jpg 1000w\" sizes=\"(max-width: 300px) 100vw, 300px\" \/><\/div>\n\t\t<\/a>\n\t\t\t\t<div class=\"elementor-post__text\">\n\t\t\t\t<h3 class=\"elementor-post__title\">\n\t\t\t<a href=\"https:\/\/www.uartes.edu.ec\/sitio\/fr\/docs\/maria-cecilia-velasco-andrade\/\" >\n\t\t\t\tMar\u00eda Cecilia Velasco Andrade\t\t\t<\/a>\n\t\t<\/h3>\n\t\t\t\t<\/div>\n\t\t\t\t<\/article>\n\t\t\t\t<article class=\"elementor-post elementor-grid-item post-37840 docs type-docs status-publish has-post-thumbnail hentry doc_category-literatura\" role=\"listitem\">\n\t\t\t\t<a class=\"elementor-post__thumbnail__link\" href=\"https:\/\/www.uartes.edu.ec\/sitio\/fr\/docs\/maria-mercedes-salgado-vejarano\/\" tabindex=\"-1\" >\n\t\t\t<div class=\"elementor-post__thumbnail\"><img loading=\"lazy\" decoding=\"async\" width=\"300\" height=\"271\" src=\"https:\/\/www.uartes.edu.ec\/sitio\/wp-content\/uploads\/2023\/01\/self-mm-2026-300x271.jpg\" class=\"attachment-medium size-medium wp-image-88764\" alt=\"\" srcset=\"https:\/\/www.uartes.edu.ec\/sitio\/wp-content\/uploads\/2023\/01\/self-mm-2026-300x271.jpg 300w, https:\/\/www.uartes.edu.ec\/sitio\/wp-content\/uploads\/2023\/01\/self-mm-2026-644x581.jpg 644w, https:\/\/www.uartes.edu.ec\/sitio\/wp-content\/uploads\/2023\/01\/self-mm-2026-768x693.jpg 768w, https:\/\/www.uartes.edu.ec\/sitio\/wp-content\/uploads\/2023\/01\/self-mm-2026-1536x1385.jpg 1536w, https:\/\/www.uartes.edu.ec\/sitio\/wp-content\/uploads\/2023\/01\/self-mm-2026-13x12.jpg 13w, https:\/\/www.uartes.edu.ec\/sitio\/wp-content\/uploads\/2023\/01\/self-mm-2026-333x300.jpg 333w, https:\/\/www.uartes.edu.ec\/sitio\/wp-content\/uploads\/2023\/01\/self-mm-2026-1320x1191.jpg 1320w, https:\/\/www.uartes.edu.ec\/sitio\/wp-content\/uploads\/2023\/01\/self-mm-2026.jpg 1663w\" sizes=\"(max-width: 300px) 100vw, 300px\" \/><\/div>\n\t\t<\/a>\n\t\t\t\t<div class=\"elementor-post__text\">\n\t\t\t\t<h3 class=\"elementor-post__title\">\n\t\t\t<a href=\"https:\/\/www.uartes.edu.ec\/sitio\/fr\/docs\/maria-mercedes-salgado-vejarano\/\" >\n\t\t\t\tMar\u00eda Mercedes Salgado Vejarano\t\t\t<\/a>\n\t\t<\/h3>\n\t\t\t\t<\/div>\n\t\t\t\t<\/article>\n\t\t\t\t<article class=\"elementor-post elementor-grid-item post-17765 docs type-docs status-publish has-post-thumbnail hentry doc_category-literatura\" role=\"listitem\">\n\t\t\t\t<a class=\"elementor-post__thumbnail__link\" href=\"https:\/\/www.uartes.edu.ec\/sitio\/fr\/docs\/maria-paulina-briones-layana\/\" tabindex=\"-1\" >\n\t\t\t<div class=\"elementor-post__thumbnail\"><img loading=\"lazy\" decoding=\"async\" width=\"300\" height=\"300\" src=\"https:\/\/www.uartes.edu.ec\/sitio\/wp-content\/uploads\/2021\/12\/dp-Maria-Paulina-300x300.jpg\" class=\"attachment-medium size-medium wp-image-17716\" alt=\"\" srcset=\"https:\/\/www.uartes.edu.ec\/sitio\/wp-content\/uploads\/2021\/12\/dp-Maria-Paulina-300x300.jpg 300w, https:\/\/www.uartes.edu.ec\/sitio\/wp-content\/uploads\/2021\/12\/dp-Maria-Paulina-644x644.jpg 644w, https:\/\/www.uartes.edu.ec\/sitio\/wp-content\/uploads\/2021\/12\/dp-Maria-Paulina-150x150.jpg 150w, https:\/\/www.uartes.edu.ec\/sitio\/wp-content\/uploads\/2021\/12\/dp-Maria-Paulina-768x768.jpg 768w, https:\/\/www.uartes.edu.ec\/sitio\/wp-content\/uploads\/2021\/12\/dp-Maria-Paulina-60x60.jpg 60w, https:\/\/www.uartes.edu.ec\/sitio\/wp-content\/uploads\/2021\/12\/dp-Maria-Paulina-600x600.jpg 600w, https:\/\/www.uartes.edu.ec\/sitio\/wp-content\/uploads\/2021\/12\/dp-Maria-Paulina-100x100.jpg 100w, https:\/\/www.uartes.edu.ec\/sitio\/wp-content\/uploads\/2021\/12\/dp-Maria-Paulina.jpg 1000w\" sizes=\"(max-width: 300px) 100vw, 300px\" \/><\/div>\n\t\t<\/a>\n\t\t\t\t<div class=\"elementor-post__text\">\n\t\t\t\t<h3 class=\"elementor-post__title\">\n\t\t\t<a href=\"https:\/\/www.uartes.edu.ec\/sitio\/fr\/docs\/maria-paulina-briones-layana\/\" >\n\t\t\t\tMar\u00eda Paulina Briones Layana\t\t\t<\/a>\n\t\t<\/h3>\n\t\t\t\t<\/div>\n\t\t\t\t<\/article>\n\t\t\t\t<article class=\"elementor-post elementor-grid-item post-17773 docs type-docs status-publish has-post-thumbnail hentry doc_category-literatura\" role=\"listitem\">\n\t\t\t\t<a class=\"elementor-post__thumbnail__link\" href=\"https:\/\/www.uartes.edu.ec\/sitio\/fr\/docs\/mario-fernando-montenegro-sandoval\/\" tabindex=\"-1\" >\n\t\t\t<div class=\"elementor-post__thumbnail\"><img loading=\"lazy\" decoding=\"async\" width=\"300\" height=\"300\" src=\"https:\/\/www.uartes.edu.ec\/sitio\/wp-content\/uploads\/2021\/12\/fernando-montenegro-1-300x300.jpg\" class=\"attachment-medium size-medium wp-image-17774\" alt=\"\" srcset=\"https:\/\/www.uartes.edu.ec\/sitio\/wp-content\/uploads\/2021\/12\/fernando-montenegro-1-300x300.jpg 300w, https:\/\/www.uartes.edu.ec\/sitio\/wp-content\/uploads\/2021\/12\/fernando-montenegro-1-644x644.jpg 644w, https:\/\/www.uartes.edu.ec\/sitio\/wp-content\/uploads\/2021\/12\/fernando-montenegro-1-150x150.jpg 150w, https:\/\/www.uartes.edu.ec\/sitio\/wp-content\/uploads\/2021\/12\/fernando-montenegro-1-768x768.jpg 768w, https:\/\/www.uartes.edu.ec\/sitio\/wp-content\/uploads\/2021\/12\/fernando-montenegro-1-60x60.jpg 60w, https:\/\/www.uartes.edu.ec\/sitio\/wp-content\/uploads\/2021\/12\/fernando-montenegro-1-600x600.jpg 600w, https:\/\/www.uartes.edu.ec\/sitio\/wp-content\/uploads\/2021\/12\/fernando-montenegro-1-100x100.jpg 100w, https:\/\/www.uartes.edu.ec\/sitio\/wp-content\/uploads\/2021\/12\/fernando-montenegro-1.jpg 1000w\" sizes=\"(max-width: 300px) 100vw, 300px\" \/><\/div>\n\t\t<\/a>\n\t\t\t\t<div class=\"elementor-post__text\">\n\t\t\t\t<h3 class=\"elementor-post__title\">\n\t\t\t<a href=\"https:\/\/www.uartes.edu.ec\/sitio\/fr\/docs\/mario-fernando-montenegro-sandoval\/\" >\n\t\t\t\tMario Fernando Montenegro Sandoval\t\t\t<\/a>\n\t\t<\/h3>\n\t\t\t\t<\/div>\n\t\t\t\t<\/article>\n\t\t\t\t<article class=\"elementor-post elementor-grid-item post-13833 docs type-docs status-publish has-post-thumbnail hentry doc_category-literatura\" role=\"listitem\">\n\t\t\t\t<a class=\"elementor-post__thumbnail__link\" href=\"https:\/\/www.uartes.edu.ec\/sitio\/fr\/docs\/maritza-cino-alvear\/\" tabindex=\"-1\" >\n\t\t\t<div class=\"elementor-post__thumbnail\"><img loading=\"lazy\" decoding=\"async\" width=\"300\" height=\"300\" src=\"https:\/\/www.uartes.edu.ec\/sitio\/wp-content\/uploads\/2021\/05\/foto-3-mqritza-cino-300x300.jpg\" class=\"attachment-medium size-medium wp-image-13814\" alt=\"\" srcset=\"https:\/\/www.uartes.edu.ec\/sitio\/wp-content\/uploads\/2021\/05\/foto-3-mqritza-cino-300x300.jpg 300w, https:\/\/www.uartes.edu.ec\/sitio\/wp-content\/uploads\/2021\/05\/foto-3-mqritza-cino-150x150.jpg 150w, https:\/\/www.uartes.edu.ec\/sitio\/wp-content\/uploads\/2021\/05\/foto-3-mqritza-cino-60x60.jpg 60w, https:\/\/www.uartes.edu.ec\/sitio\/wp-content\/uploads\/2021\/05\/foto-3-mqritza-cino-100x100.jpg 100w, https:\/\/www.uartes.edu.ec\/sitio\/wp-content\/uploads\/2021\/05\/foto-3-mqritza-cino.jpg 504w\" sizes=\"(max-width: 300px) 100vw, 300px\" \/><\/div>\n\t\t<\/a>\n\t\t\t\t<div class=\"elementor-post__text\">\n\t\t\t\t<h3 class=\"elementor-post__title\">\n\t\t\t<a href=\"https:\/\/www.uartes.edu.ec\/sitio\/fr\/docs\/maritza-cino-alvear\/\" >\n\t\t\t\tMaritza Cino Alvear\t\t\t<\/a>\n\t\t<\/h3>\n\t\t\t\t<\/div>\n\t\t\t\t<\/article>\n\t\t\t\t<article class=\"elementor-post elementor-grid-item post-17748 docs type-docs status-publish has-post-thumbnail hentry doc_category-literatura doc_category-maestria-escritura-creativa doc_tag-coordinador-escritura-creativa\" role=\"listitem\">\n\t\t\t\t<a class=\"elementor-post__thumbnail__link\" href=\"https:\/\/www.uartes.edu.ec\/sitio\/fr\/docs\/miguel-aillon-valverde\/\" tabindex=\"-1\" >\n\t\t\t<div class=\"elementor-post__thumbnail\"><img loading=\"lazy\" decoding=\"async\" width=\"271\" height=\"271\" src=\"https:\/\/www.uartes.edu.ec\/sitio\/wp-content\/uploads\/2021\/08\/low_miguell-aillon.jpg\" class=\"attachment-medium size-medium wp-image-15369\" alt=\"\" srcset=\"https:\/\/www.uartes.edu.ec\/sitio\/wp-content\/uploads\/2021\/08\/low_miguell-aillon.jpg 271w, https:\/\/www.uartes.edu.ec\/sitio\/wp-content\/uploads\/2021\/08\/low_miguell-aillon-150x150.jpg 150w, https:\/\/www.uartes.edu.ec\/sitio\/wp-content\/uploads\/2021\/08\/low_miguell-aillon-12x12.jpg 12w, https:\/\/www.uartes.edu.ec\/sitio\/wp-content\/uploads\/2021\/08\/low_miguell-aillon-60x60.jpg 60w, https:\/\/www.uartes.edu.ec\/sitio\/wp-content\/uploads\/2021\/08\/low_miguell-aillon-100x100.jpg 100w\" sizes=\"(max-width: 271px) 100vw, 271px\" \/><\/div>\n\t\t<\/a>\n\t\t\t\t<div class=\"elementor-post__text\">\n\t\t\t\t<h3 class=\"elementor-post__title\">\n\t\t\t<a href=\"https:\/\/www.uartes.edu.ec\/sitio\/fr\/docs\/miguel-aillon-valverde\/\" >\n\t\t\t\tMiguel Aill\u00f3n Valverde\t\t\t<\/a>\n\t\t<\/h3>\n\t\t\t\t<\/div>\n\t\t\t\t<\/article>\n\t\t\t\t<article class=\"elementor-post elementor-grid-item post-37846 docs type-docs status-publish has-post-thumbnail hentry doc_category-literatura\" role=\"listitem\">\n\t\t\t\t<a class=\"elementor-post__thumbnail__link\" href=\"https:\/\/www.uartes.edu.ec\/sitio\/fr\/docs\/roberto-marcos-ramirez-paredes\/\" tabindex=\"-1\" >\n\t\t\t<div class=\"elementor-post__thumbnail\"><img loading=\"lazy\" decoding=\"async\" width=\"300\" height=\"300\" src=\"https:\/\/www.uartes.edu.ec\/sitio\/wp-content\/uploads\/2023\/01\/Roberto-Ramirez-300x300.jpg\" class=\"attachment-medium size-medium wp-image-37837\" alt=\"\" srcset=\"https:\/\/www.uartes.edu.ec\/sitio\/wp-content\/uploads\/2023\/01\/Roberto-Ramirez-300x300.jpg 300w, https:\/\/www.uartes.edu.ec\/sitio\/wp-content\/uploads\/2023\/01\/Roberto-Ramirez-644x644.jpg 644w, https:\/\/www.uartes.edu.ec\/sitio\/wp-content\/uploads\/2023\/01\/Roberto-Ramirez-150x150.jpg 150w, https:\/\/www.uartes.edu.ec\/sitio\/wp-content\/uploads\/2023\/01\/Roberto-Ramirez-768x768.jpg 768w, https:\/\/www.uartes.edu.ec\/sitio\/wp-content\/uploads\/2023\/01\/Roberto-Ramirez-60x60.jpg 60w, https:\/\/www.uartes.edu.ec\/sitio\/wp-content\/uploads\/2023\/01\/Roberto-Ramirez-600x600.jpg 600w, https:\/\/www.uartes.edu.ec\/sitio\/wp-content\/uploads\/2023\/01\/Roberto-Ramirez-100x100.jpg 100w, https:\/\/www.uartes.edu.ec\/sitio\/wp-content\/uploads\/2023\/01\/Roberto-Ramirez-560x560.jpg 560w, https:\/\/www.uartes.edu.ec\/sitio\/wp-content\/uploads\/2023\/01\/Roberto-Ramirez.jpg 800w\" sizes=\"(max-width: 300px) 100vw, 300px\" \/><\/div>\n\t\t<\/a>\n\t\t\t\t<div class=\"elementor-post__text\">\n\t\t\t\t<h3 class=\"elementor-post__title\">\n\t\t\t<a href=\"https:\/\/www.uartes.edu.ec\/sitio\/fr\/docs\/roberto-marcos-ramirez-paredes\/\" >\n\t\t\t\tRoberto Marcos Ram\u00edrez Paredes\t\t\t<\/a>\n\t\t<\/h3>\n\t\t\t\t<\/div>\n\t\t\t\t<\/article>\n\t\t\t\t<article class=\"elementor-post elementor-grid-item post-8064 docs type-docs status-publish has-post-thumbnail hentry doc_category-literatura\" role=\"listitem\">\n\t\t\t\t<a class=\"elementor-post__thumbnail__link\" href=\"https:\/\/www.uartes.edu.ec\/sitio\/fr\/docs\/siomara-espana\/\" tabindex=\"-1\" >\n\t\t\t<div class=\"elementor-post__thumbnail\"><img loading=\"lazy\" decoding=\"async\" width=\"300\" height=\"300\" src=\"https:\/\/www.uartes.edu.ec\/sitio\/wp-content\/uploads\/2021\/12\/dp-SIOMARA-ESPAN\u0303A--300x300.jpg\" class=\"attachment-medium size-medium wp-image-17714\" alt=\"\" srcset=\"https:\/\/www.uartes.edu.ec\/sitio\/wp-content\/uploads\/2021\/12\/dp-SIOMARA-ESPAN\u0303A--300x300.jpg 300w, https:\/\/www.uartes.edu.ec\/sitio\/wp-content\/uploads\/2021\/12\/dp-SIOMARA-ESPAN\u0303A--644x644.jpg 644w, https:\/\/www.uartes.edu.ec\/sitio\/wp-content\/uploads\/2021\/12\/dp-SIOMARA-ESPAN\u0303A--150x150.jpg 150w, https:\/\/www.uartes.edu.ec\/sitio\/wp-content\/uploads\/2021\/12\/dp-SIOMARA-ESPAN\u0303A--768x768.jpg 768w, https:\/\/www.uartes.edu.ec\/sitio\/wp-content\/uploads\/2021\/12\/dp-SIOMARA-ESPAN\u0303A--60x60.jpg 60w, https:\/\/www.uartes.edu.ec\/sitio\/wp-content\/uploads\/2021\/12\/dp-SIOMARA-ESPAN\u0303A--600x600.jpg 600w, https:\/\/www.uartes.edu.ec\/sitio\/wp-content\/uploads\/2021\/12\/dp-SIOMARA-ESPAN\u0303A--100x100.jpg 100w, https:\/\/www.uartes.edu.ec\/sitio\/wp-content\/uploads\/2021\/12\/dp-SIOMARA-ESPAN\u0303A-.jpg 1000w\" sizes=\"(max-width: 300px) 100vw, 300px\" \/><\/div>\n\t\t<\/a>\n\t\t\t\t<div class=\"elementor-post__text\">\n\t\t\t\t<h3 class=\"elementor-post__title\">\n\t\t\t<a href=\"https:\/\/www.uartes.edu.ec\/sitio\/fr\/docs\/siomara-espana\/\" >\n\t\t\t\tSiomara Espa\u00f1a Mu\u00f1oz\t\t\t<\/a>\n\t\t<\/h3>\n\t\t\t\t<\/div>\n\t\t\t\t<\/article>\n\t\t\t\t<article class=\"elementor-post elementor-grid-item post-37849 docs type-docs status-publish has-post-thumbnail hentry doc_category-literatura\" role=\"listitem\">\n\t\t\t\t<a class=\"elementor-post__thumbnail__link\" href=\"https:\/\/www.uartes.edu.ec\/sitio\/fr\/docs\/solange-pamela-rodriguez-pappe\/\" tabindex=\"-1\" >\n\t\t\t<div class=\"elementor-post__thumbnail\"><img loading=\"lazy\" decoding=\"async\" width=\"300\" height=\"300\" src=\"https:\/\/www.uartes.edu.ec\/sitio\/wp-content\/uploads\/2023\/01\/Solange-Rodriguez-300x300.jpg\" class=\"attachment-medium size-medium wp-image-37838\" alt=\"\" srcset=\"https:\/\/www.uartes.edu.ec\/sitio\/wp-content\/uploads\/2023\/01\/Solange-Rodriguez-300x300.jpg 300w, https:\/\/www.uartes.edu.ec\/sitio\/wp-content\/uploads\/2023\/01\/Solange-Rodriguez-644x644.jpg 644w, https:\/\/www.uartes.edu.ec\/sitio\/wp-content\/uploads\/2023\/01\/Solange-Rodriguez-150x150.jpg 150w, https:\/\/www.uartes.edu.ec\/sitio\/wp-content\/uploads\/2023\/01\/Solange-Rodriguez-768x768.jpg 768w, https:\/\/www.uartes.edu.ec\/sitio\/wp-content\/uploads\/2023\/01\/Solange-Rodriguez-60x60.jpg 60w, https:\/\/www.uartes.edu.ec\/sitio\/wp-content\/uploads\/2023\/01\/Solange-Rodriguez-600x600.jpg 600w, https:\/\/www.uartes.edu.ec\/sitio\/wp-content\/uploads\/2023\/01\/Solange-Rodriguez-100x100.jpg 100w, https:\/\/www.uartes.edu.ec\/sitio\/wp-content\/uploads\/2023\/01\/Solange-Rodriguez-560x560.jpg 560w, https:\/\/www.uartes.edu.ec\/sitio\/wp-content\/uploads\/2023\/01\/Solange-Rodriguez.jpg 800w\" sizes=\"(max-width: 300px) 100vw, 300px\" \/><\/div>\n\t\t<\/a>\n\t\t\t\t<div class=\"elementor-post__text\">\n\t\t\t\t<h3 class=\"elementor-post__title\">\n\t\t\t<a href=\"https:\/\/www.uartes.edu.ec\/sitio\/fr\/docs\/solange-pamela-rodriguez-pappe\/\" >\n\t\t\t\tSolange Pamela Rodr\u00edguez Pappe\t\t\t<\/a>\n\t\t<\/h3>\n\t\t\t\t<\/div>\n\t\t\t\t<\/article>\n\t\t\t\t<\/div>\n\t\t\n\t\t\t\t\t\t<\/div>\n\t\t\t\t<\/div>\n\t\t\t\t\t<\/div>\n\t\t<\/div>\n\t\t\t\t\t<\/div>\n\t\t<\/section>\n\t\t\t\t<section class=\"elementor-section elementor-top-section elementor-element elementor-element-69edefb elementor-section-stretched elementor-section-boxed elementor-section-height-default elementor-section-height-default\" data-id=\"69edefb\" data-element_type=\"section\" data-e-type=\"section\" data-settings=\"{&quot;background_background&quot;:&quot;classic&quot;,&quot;stretch_section&quot;:&quot;section-stretched&quot;,&quot;_ha_eqh_enable&quot;:false}\">\n\t\t\t\t\t\t\t<div class=\"elementor-background-overlay\"><\/div>\n\t\t\t\t\t\t\t<div class=\"elementor-container elementor-column-gap-default\">\n\t\t\t\t\t<div class=\"elementor-column elementor-col-100 elementor-top-column elementor-element elementor-element-fe98042\" data-id=\"fe98042\" data-element_type=\"column\" data-e-type=\"column\">\n\t\t\t<div class=\"elementor-widget-wrap elementor-element-populated\">\n\t\t\t\t\t\t<div class=\"elementor-element elementor-element-b599d84 elementor-invisible elementor-widget elementor-widget-heading\" data-id=\"b599d84\" data-element_type=\"widget\" data-e-type=\"widget\" data-settings=\"{&quot;_animation&quot;:&quot;fadeIn&quot;}\" data-widget_type=\"heading.default\">\n\t\t\t\t<div class=\"elementor-widget-container\">\n\t\t\t\t\t<h2 class=\"elementor-heading-title elementor-size-default\">Admission<\/h2>\t\t\t\t<\/div>\n\t\t\t\t<\/div>\n\t\t\t\t<div class=\"elementor-element elementor-element-c78d479 elementor-widget-divider--view-line elementor-invisible elementor-widget elementor-widget-divider\" data-id=\"c78d479\" data-element_type=\"widget\" data-e-type=\"widget\" data-settings=\"{&quot;_animation&quot;:&quot;fadeIn&quot;,&quot;_animation_delay&quot;:&quot;100&quot;}\" data-widget_type=\"divider.default\">\n\t\t\t\t<div class=\"elementor-widget-container\">\n\t\t\t\t\t\t\t<div class=\"elementor-divider\">\n\t\t\t<span class=\"elementor-divider-separator\">\n\t\t\t\t\t\t<\/span>\n\t\t<\/div>\n\t\t\t\t\t\t<\/div>\n\t\t\t\t<\/div>\n\t\t\t\t<div class=\"elementor-element elementor-element-eb1154e animated-fast elementor-invisible elementor-widget elementor-widget-heading\" data-id=\"eb1154e\" data-element_type=\"widget\" data-e-type=\"widget\" data-settings=\"{&quot;_animation&quot;:&quot;fadeInUp&quot;}\" data-widget_type=\"heading.default\">\n\t\t\t\t<div class=\"elementor-widget-container\">\n\t\t\t\t\t<h1 class=\"elementor-heading-title elementor-size-default\">Pr\u00eat pour candidater?<\/h1>\t\t\t\t<\/div>\n\t\t\t\t<\/div>\n\t\t\t\t<div class=\"elementor-element elementor-element-b9de3bd elementor-align-center elementor-invisible elementor-widget elementor-widget-button\" data-id=\"b9de3bd\" data-element_type=\"widget\" data-e-type=\"widget\" data-settings=\"{&quot;_animation&quot;:&quot;fadeInUp&quot;}\" data-widget_type=\"button.default\">\n\t\t\t\t<div class=\"elementor-widget-container\">\n\t\t\t\t\t\t\t\t\t<div class=\"elementor-button-wrapper\">\n\t\t\t\t\t<a class=\"elementor-button elementor-button-link elementor-size-sm elementor-animation-grow\" href=\"http:\/\/www.uartes.edu.ec\/sitio\/la-universidad\/pregrado\/admisiones\/#pasos\">\n\t\t\t\t\t\t<span class=\"elementor-button-content-wrapper\">\n\t\t\t\t\t\t\t\t\t<span class=\"elementor-button-text\">Processus d\u2019amission<\/span>\n\t\t\t\t\t<\/span>\n\t\t\t\t\t<\/a>\n\t\t\t\t<\/div>\n\t\t\t\t\t\t\t\t<\/div>\n\t\t\t\t<\/div>\n\t\t\t\t\t<\/div>\n\t\t<\/div>\n\t\t\t\t\t<\/div>\n\t\t<\/section>\n\t\t\t\t<section class=\"elementor-section elementor-top-section elementor-element elementor-element-d81501b elementor-section-boxed elementor-section-height-default elementor-section-height-default\" data-id=\"d81501b\" data-element_type=\"section\" data-e-type=\"section\" data-settings=\"{&quot;background_background&quot;:&quot;classic&quot;,&quot;_ha_eqh_enable&quot;:false}\">\n\t\t\t\t\t\t<div class=\"elementor-container elementor-column-gap-no\">\n\t\t\t\t\t<div class=\"elementor-column elementor-col-100 elementor-top-column elementor-element elementor-element-c1e0d1e\" data-id=\"c1e0d1e\" data-element_type=\"column\" data-e-type=\"column\">\n\t\t\t<div class=\"elementor-widget-wrap elementor-element-populated\">\n\t\t\t\t\t\t<div class=\"elementor-element elementor-element-ff2a7bc elementor-widget elementor-widget-heading\" data-id=\"ff2a7bc\" data-element_type=\"widget\" data-e-type=\"widget\" data-widget_type=\"heading.default\">\n\t\t\t\t<div class=\"elementor-widget-container\">\n\t\t\t\t\t<h2 class=\"elementor-heading-title elementor-size-large\">Nouveaut\u00e9s<\/h2>\t\t\t\t<\/div>\n\t\t\t\t<\/div>\n\t\t\t\t<div class=\"elementor-element elementor-element-7a5b4a8 elementor-grid-3 elementor-grid-tablet-2 elementor-grid-mobile-1 elementor-posts--thumbnail-top elementor-widget elementor-widget-posts\" data-id=\"7a5b4a8\" data-element_type=\"widget\" data-e-type=\"widget\" data-settings=\"{&quot;classic_columns&quot;:&quot;3&quot;,&quot;classic_columns_tablet&quot;:&quot;2&quot;,&quot;classic_columns_mobile&quot;:&quot;1&quot;,&quot;classic_row_gap&quot;:{&quot;unit&quot;:&quot;px&quot;,&quot;size&quot;:35,&quot;sizes&quot;:[]},&quot;classic_row_gap_tablet&quot;:{&quot;unit&quot;:&quot;px&quot;,&quot;size&quot;:&quot;&quot;,&quot;sizes&quot;:[]},&quot;classic_row_gap_mobile&quot;:{&quot;unit&quot;:&quot;px&quot;,&quot;size&quot;:&quot;&quot;,&quot;sizes&quot;:[]}}\" data-widget_type=\"posts.classic\">\n\t\t\t\t<div class=\"elementor-widget-container\">\n\t\t\t\t\t\t\t<div class=\"elementor-posts-container elementor-posts elementor-posts--skin-classic elementor-grid\" role=\"list\">\n\t\t\t\t<article class=\"elementor-post elementor-grid-item post-90070 post type-post status-publish format-standard has-post-thumbnail hentry category-academico category-administrativos category-artes-escenicas category-artes-sonoras category-artes-visuales category-cine category-docentes category-literatura category-maestrias tag-produccion\" role=\"listitem\">\n\t\t\t\t<a class=\"elementor-post__thumbnail__link\" href=\"https:\/\/www.uartes.edu.ec\/sitio\/fr\/blog\/2026\/04\/29\/manual-de-estilo-de-la-universidad-de-las-artes-tuvo-su-presentacion-oficial-se-puede-descargar-en-el-sitio-web\/\" tabindex=\"-1\" >\n\t\t\t<div class=\"elementor-post__thumbnail\"><img loading=\"lazy\" decoding=\"async\" width=\"300\" height=\"200\" src=\"https:\/\/www.uartes.edu.ec\/sitio\/wp-content\/uploads\/2026\/04\/01-MANUAL-DE-ESTILO-UARTES-300x200.jpg\" class=\"attachment-medium size-medium wp-image-90077\" alt=\"\" srcset=\"https:\/\/www.uartes.edu.ec\/sitio\/wp-content\/uploads\/2026\/04\/01-MANUAL-DE-ESTILO-UARTES-300x200.jpg 300w, https:\/\/www.uartes.edu.ec\/sitio\/wp-content\/uploads\/2026\/04\/01-MANUAL-DE-ESTILO-UARTES-644x429.jpg 644w, https:\/\/www.uartes.edu.ec\/sitio\/wp-content\/uploads\/2026\/04\/01-MANUAL-DE-ESTILO-UARTES-768x512.jpg 768w, https:\/\/www.uartes.edu.ec\/sitio\/wp-content\/uploads\/2026\/04\/01-MANUAL-DE-ESTILO-UARTES-1536x1024.jpg 1536w, https:\/\/www.uartes.edu.ec\/sitio\/wp-content\/uploads\/2026\/04\/01-MANUAL-DE-ESTILO-UARTES-18x12.jpg 18w, https:\/\/www.uartes.edu.ec\/sitio\/wp-content\/uploads\/2026\/04\/01-MANUAL-DE-ESTILO-UARTES-600x400.jpg 600w, https:\/\/www.uartes.edu.ec\/sitio\/wp-content\/uploads\/2026\/04\/01-MANUAL-DE-ESTILO-UARTES-400x267.jpg 400w, https:\/\/www.uartes.edu.ec\/sitio\/wp-content\/uploads\/2026\/04\/01-MANUAL-DE-ESTILO-UARTES.jpg 2000w\" sizes=\"(max-width: 300px) 100vw, 300px\" \/><\/div>\n\t\t<\/a>\n\t\t\t\t<div class=\"elementor-post__text\">\n\t\t\t\t<h3 class=\"elementor-post__title\">\n\t\t\t<a href=\"https:\/\/www.uartes.edu.ec\/sitio\/fr\/blog\/2026\/04\/29\/manual-de-estilo-de-la-universidad-de-las-artes-tuvo-su-presentacion-oficial-se-puede-descargar-en-el-sitio-web\/\" >\n\t\t\t\tManual de estilo de la Universidad de las Artes tuvo su presentaci\u00f3n oficial; se lo puede descargar en el sitio web del CEAT\t\t\t<\/a>\n\t\t<\/h3>\n\t\t\t\t<div class=\"elementor-post__meta-data\">\n\t\t\t\t\t<span class=\"elementor-post-date\">\n\t\t\t29 avril 2026\t\t<\/span>\n\t\t\t\t<\/div>\n\t\t\t\t<div class=\"elementor-post__excerpt\">\n\t\t\t<p>El manual de estilo de la Universidad de las Artes est\u00e1 ya alojado en la p\u00e1gina web del CEAT, listo para ser descargado. No obstante, el 24 de abril se realiz\u00f3 su presentaci\u00f3n impresa en la Biblioteca de las Artes con la asistencia de nuestras autoridades, docentes, estudiantes y administrativos. La obra es una herramienta que apunta a fortalecer la coherencia y la calidad en la redacci\u00f3n de documentos institucionales y acad\u00e9micos.<\/p>\n\t\t<\/div>\n\t\t\n\t\t<a class=\"elementor-post__read-more\" href=\"https:\/\/www.uartes.edu.ec\/sitio\/fr\/blog\/2026\/04\/29\/manual-de-estilo-de-la-universidad-de-las-artes-tuvo-su-presentacion-oficial-se-puede-descargar-en-el-sitio-web\/\" aria-label=\"En savoir plus sur Manual de estilo de la Universidad de las Artes tuvo su presentaci\u00f3n oficial; se lo puede descargar en el sitio web del CEAT\" tabindex=\"-1\" >\n\t\t\tLeer m\u00e1s\t\t<\/a>\n\n\t\t\t\t<\/div>\n\t\t\t\t<\/article>\n\t\t\t\t<article class=\"elementor-post elementor-grid-item post-89808 post type-post status-publish format-standard has-post-thumbnail hentry category-academico category-artes category-docentes category-estudiantes category-literatura tag-encuentro\" role=\"listitem\">\n\t\t\t\t<a class=\"elementor-post__thumbnail__link\" href=\"https:\/\/www.uartes.edu.ec\/sitio\/fr\/blog\/2026\/04\/26\/dialogo-e-integracion-en-la-bienvenida-de-la-escuela-de-literatura-a-sus-estudiantes-para-iniciar-el-is-2026\/\" tabindex=\"-1\" >\n\t\t\t<div class=\"elementor-post__thumbnail\"><img loading=\"lazy\" decoding=\"async\" width=\"300\" height=\"200\" src=\"https:\/\/www.uartes.edu.ec\/sitio\/wp-content\/uploads\/2026\/04\/Proyecto-Cambiar-tamano-de-imagen-2026-04-26T150000.611-300x200.jpeg\" class=\"attachment-medium size-medium wp-image-89810\" alt=\"\" srcset=\"https:\/\/www.uartes.edu.ec\/sitio\/wp-content\/uploads\/2026\/04\/Proyecto-Cambiar-tamano-de-imagen-2026-04-26T150000.611-300x200.jpeg 300w, https:\/\/www.uartes.edu.ec\/sitio\/wp-content\/uploads\/2026\/04\/Proyecto-Cambiar-tamano-de-imagen-2026-04-26T150000.611-644x429.jpeg 644w, https:\/\/www.uartes.edu.ec\/sitio\/wp-content\/uploads\/2026\/04\/Proyecto-Cambiar-tamano-de-imagen-2026-04-26T150000.611-768x512.jpeg 768w, https:\/\/www.uartes.edu.ec\/sitio\/wp-content\/uploads\/2026\/04\/Proyecto-Cambiar-tamano-de-imagen-2026-04-26T150000.611-1536x1024.jpeg 1536w, https:\/\/www.uartes.edu.ec\/sitio\/wp-content\/uploads\/2026\/04\/Proyecto-Cambiar-tamano-de-imagen-2026-04-26T150000.611-18x12.jpeg 18w, https:\/\/www.uartes.edu.ec\/sitio\/wp-content\/uploads\/2026\/04\/Proyecto-Cambiar-tamano-de-imagen-2026-04-26T150000.611-600x400.jpeg 600w, https:\/\/www.uartes.edu.ec\/sitio\/wp-content\/uploads\/2026\/04\/Proyecto-Cambiar-tamano-de-imagen-2026-04-26T150000.611-400x267.jpeg 400w, https:\/\/www.uartes.edu.ec\/sitio\/wp-content\/uploads\/2026\/04\/Proyecto-Cambiar-tamano-de-imagen-2026-04-26T150000.611-1320x880.jpeg 1320w, https:\/\/www.uartes.edu.ec\/sitio\/wp-content\/uploads\/2026\/04\/Proyecto-Cambiar-tamano-de-imagen-2026-04-26T150000.611.jpeg 2000w\" sizes=\"(max-width: 300px) 100vw, 300px\" \/><\/div>\n\t\t<\/a>\n\t\t\t\t<div class=\"elementor-post__text\">\n\t\t\t\t<h3 class=\"elementor-post__title\">\n\t\t\t<a href=\"https:\/\/www.uartes.edu.ec\/sitio\/fr\/blog\/2026\/04\/26\/dialogo-e-integracion-en-la-bienvenida-de-la-escuela-de-literatura-a-sus-estudiantes-para-iniciar-el-is-2026\/\" >\n\t\t\t\tDi\u00e1logo e integraci\u00f3n en la bienvenida de la Escuela de Literatura a sus estudiantes\t\t\t<\/a>\n\t\t<\/h3>\n\t\t\t\t<div class=\"elementor-post__meta-data\">\n\t\t\t\t\t<span class=\"elementor-post-date\">\n\t\t\t26 avril 2026\t\t<\/span>\n\t\t\t\t<\/div>\n\t\t\t\t<div class=\"elementor-post__excerpt\">\n\t\t\t<p>Como un espacio para el di\u00e1logo y la integraci\u00f3n concibi\u00f3 la Escuela de Literatura la bienvenida que dio a sus estudiantes en el inicio del IS 2026. Junto con su directora, Solange Rodr\u00edguez, y los coordinadores de las carreras de Literatura, Siomara Espa\u00f1a, y Educaci\u00f3n Art\u00edstica Intercultural, Jorge Tigrero, los alumnos fueron recibidos por la vicerrectora acad\u00e9mica Yulianela P\u00e9rez, rectora subrogante, y el vicerrector de Posgrados e Investigaci\u00f3n en Artes, Andrey Astaiza.<\/p>\n\t\t<\/div>\n\t\t\n\t\t<a class=\"elementor-post__read-more\" href=\"https:\/\/www.uartes.edu.ec\/sitio\/fr\/blog\/2026\/04\/26\/dialogo-e-integracion-en-la-bienvenida-de-la-escuela-de-literatura-a-sus-estudiantes-para-iniciar-el-is-2026\/\" aria-label=\"En savoir plus sur Di\u00e1logo e integraci\u00f3n en la bienvenida de la Escuela de Literatura a sus estudiantes\" tabindex=\"-1\" >\n\t\t\tLeer m\u00e1s\t\t<\/a>\n\n\t\t\t\t<\/div>\n\t\t\t\t<\/article>\n\t\t\t\t<article class=\"elementor-post elementor-grid-item post-89724 post type-post status-publish format-standard has-post-thumbnail hentry category-academico category-alumni category-artes category-docentes category-estudiantes category-literatura category-sedes tag-biblioteca\" role=\"listitem\">\n\t\t\t\t<a class=\"elementor-post__thumbnail__link\" href=\"https:\/\/www.uartes.edu.ec\/sitio\/fr\/blog\/2026\/04\/24\/inauguracion-del-fondo-bibliografico-de-gilda-holst-y-dialogo-sobre-bastards-cerraron-primera-jornada-de-lanfor-abierta\/\" tabindex=\"-1\" >\n\t\t\t<div class=\"elementor-post__thumbnail\"><img loading=\"lazy\" decoding=\"async\" width=\"300\" height=\"200\" src=\"https:\/\/www.uartes.edu.ec\/sitio\/wp-content\/uploads\/2026\/04\/Proyecto-Cambiar-tamano-de-imagen-2026-04-24T194627.773-300x200.jpeg\" class=\"attachment-medium size-medium wp-image-89725\" alt=\"\" srcset=\"https:\/\/www.uartes.edu.ec\/sitio\/wp-content\/uploads\/2026\/04\/Proyecto-Cambiar-tamano-de-imagen-2026-04-24T194627.773-300x200.jpeg 300w, https:\/\/www.uartes.edu.ec\/sitio\/wp-content\/uploads\/2026\/04\/Proyecto-Cambiar-tamano-de-imagen-2026-04-24T194627.773-644x429.jpeg 644w, https:\/\/www.uartes.edu.ec\/sitio\/wp-content\/uploads\/2026\/04\/Proyecto-Cambiar-tamano-de-imagen-2026-04-24T194627.773-768x512.jpeg 768w, https:\/\/www.uartes.edu.ec\/sitio\/wp-content\/uploads\/2026\/04\/Proyecto-Cambiar-tamano-de-imagen-2026-04-24T194627.773-1536x1024.jpeg 1536w, https:\/\/www.uartes.edu.ec\/sitio\/wp-content\/uploads\/2026\/04\/Proyecto-Cambiar-tamano-de-imagen-2026-04-24T194627.773-18x12.jpeg 18w, https:\/\/www.uartes.edu.ec\/sitio\/wp-content\/uploads\/2026\/04\/Proyecto-Cambiar-tamano-de-imagen-2026-04-24T194627.773-600x400.jpeg 600w, https:\/\/www.uartes.edu.ec\/sitio\/wp-content\/uploads\/2026\/04\/Proyecto-Cambiar-tamano-de-imagen-2026-04-24T194627.773-400x267.jpeg 400w, https:\/\/www.uartes.edu.ec\/sitio\/wp-content\/uploads\/2026\/04\/Proyecto-Cambiar-tamano-de-imagen-2026-04-24T194627.773-1320x880.jpeg 1320w, https:\/\/www.uartes.edu.ec\/sitio\/wp-content\/uploads\/2026\/04\/Proyecto-Cambiar-tamano-de-imagen-2026-04-24T194627.773.jpeg 2000w\" sizes=\"(max-width: 300px) 100vw, 300px\" \/><\/div>\n\t\t<\/a>\n\t\t\t\t<div class=\"elementor-post__text\">\n\t\t\t\t<h3 class=\"elementor-post__title\">\n\t\t\t<a href=\"https:\/\/www.uartes.edu.ec\/sitio\/fr\/blog\/2026\/04\/24\/inauguracion-del-fondo-bibliografico-de-gilda-holst-y-dialogo-sobre-bastards-cerraron-primera-jornada-de-lanfor-abierta\/\" >\n\t\t\t\tInauguraci\u00f3n del fondo bibliogr\u00e1fico de Gilda Holst y di\u00e1logo sobre \u201cBastard@s\u201d en el primer d\u00eda de Lanfor Abierta V\t\t\t<\/a>\n\t\t<\/h3>\n\t\t\t\t<div class=\"elementor-post__meta-data\">\n\t\t\t\t\t<span class=\"elementor-post-date\">\n\t\t\t24 avril 2026\t\t<\/span>\n\t\t\t\t<\/div>\n\t\t\t\t<div class=\"elementor-post__excerpt\">\n\t\t\t<p>La inauguraci\u00f3n del fondo bibliogr\u00e1fico de la escritora Gilda Holst y el di\u00e1logo sobre sus obras, as\u00ed como la presentaci\u00f3n del libro \u201cBastard@s\u201d, que editado por el docente Andr\u00e9s Land\u00e1zuri re\u00fane ensayos sobre literatura ecuatoriana del siglo XXI, cerraron la primera jornada de la V edici\u00f3n de Lanfor Abierta. Organizada por la Biblioteca de las Artes, en articulaci\u00f3n con la Escuela de Literatura, la cita celebra al libro en su d\u00eda internacional.<\/p>\n\t\t<\/div>\n\t\t\n\t\t<a class=\"elementor-post__read-more\" href=\"https:\/\/www.uartes.edu.ec\/sitio\/fr\/blog\/2026\/04\/24\/inauguracion-del-fondo-bibliografico-de-gilda-holst-y-dialogo-sobre-bastards-cerraron-primera-jornada-de-lanfor-abierta\/\" aria-label=\"En savoir plus sur Inauguraci\u00f3n del fondo bibliogr\u00e1fico de Gilda Holst y di\u00e1logo sobre \u201cBastard@s\u201d en el primer d\u00eda de Lanfor Abierta V\" tabindex=\"-1\" >\n\t\t\tLeer m\u00e1s\t\t<\/a>\n\n\t\t\t\t<\/div>\n\t\t\t\t<\/article>\n\t\t\t\t<\/div>\n\t\t\n\t\t\t\t\t\t<\/div>\n\t\t\t\t<\/div>\n\t\t\t\t\t<\/div>\n\t\t<\/div>\n\t\t\t\t\t<\/div>\n\t\t<\/section>\n\t\t\t\t<\/div>","protected":false},"excerpt":{"rendered":"<p>La licenciatura en Literatura ense\u00f1a a sus estudiantes a gestionar las diversas actividades de la industria cultural contempor\u00e1nea que se producen alrededor de los textos. https:\/\/www.youtube.com\/watch?v=gAyJmJjm3mk La carrera de Literatura de la Universidad de las Artes ofrece un espacio acad\u00e9mico innovador en el \u00e1mbito de las letras latinoamericanas y ecuatorianas, ya que busca formar investigadores, [&hellip;]<\/p>\n","protected":false},"author":1,"featured_media":8688,"parent":2985,"menu_order":4,"comment_status":"closed","ping_status":"closed","template":"elementor_header_footer","meta":{"_acf_changed":false,"_uag_custom_page_level_css":"","_monsterinsights_skip_tracking":false,"_monsterinsights_sitenote_active":false,"_monsterinsights_sitenote_note":"","_monsterinsights_sitenote_category":0,"cybocfi_hide_featured_image":"","footnotes":""},"class_list":["post-4419","page","type-page","status-publish","has-post-thumbnail","hentry"],"acf":[],"yoast_head":"<!-- This site is optimized with the Yoast SEO plugin v27.4 - https:\/\/yoast.com\/product\/yoast-seo-wordpress\/ -->\n<title>Universidad de las Artes - Licenciatura en Literatura<\/title>\n<meta name=\"description\" content=\"Universidad de las Artes - Licenciatura en Literatura\" \/>\n<meta name=\"robots\" content=\"index, follow, max-snippet:-1, max-image-preview:large, max-video-preview:-1\" \/>\n<link rel=\"canonical\" href=\"https:\/\/www.uartes.edu.ec\/sitio\/fr\/la-universidad\/pregrado\/licenciatura-en-literatura\/\" \/>\n<meta property=\"og:locale\" content=\"fr_FR\" \/>\n<meta property=\"og:type\" content=\"article\" \/>\n<meta property=\"og:title\" content=\"Universidad de las Artes - Licenciatura en Literatura\" \/>\n<meta property=\"og:description\" content=\"Universidad de las Artes - Licenciatura en Literatura\" \/>\n<meta property=\"og:url\" content=\"https:\/\/www.uartes.edu.ec\/sitio\/fr\/la-universidad\/pregrado\/licenciatura-en-literatura\/\" \/>\n<meta property=\"og:site_name\" content=\"Universidad de las Artes\" \/>\n<meta property=\"article:publisher\" content=\"https:\/\/www.facebook.com\/uartesec\" \/>\n<meta property=\"article:modified_time\" content=\"2024-11-29T21:39:17+00:00\" \/>\n<meta property=\"og:image\" content=\"https:\/\/www.uartes.edu.ec\/sitio\/wp-content\/uploads\/2020\/09\/ESCUELA-DE-LITERATURA.jpg\" \/>\n\t<meta property=\"og:image:width\" content=\"2000\" \/>\n\t<meta property=\"og:image:height\" content=\"1333\" \/>\n\t<meta property=\"og:image:type\" content=\"image\/jpeg\" \/>\n<meta name=\"twitter:card\" content=\"summary_large_image\" \/>\n<meta name=\"twitter:site\" content=\"@uartesec\" \/>\n<meta name=\"twitter:label1\" content=\"Dur\u00e9e de lecture estim\u00e9e\" \/>\n\t<meta name=\"twitter:data1\" content=\"7 minutes\" \/>\n<script type=\"application\/ld+json\" class=\"yoast-schema-graph\">{\"@context\":\"https:\\\/\\\/schema.org\",\"@graph\":[{\"@type\":\"WebPage\",\"@id\":\"https:\\\/\\\/www.uartes.edu.ec\\\/sitio\\\/fr\\\/la-universidad\\\/pregrado\\\/licenciatura-en-literatura\\\/\",\"url\":\"https:\\\/\\\/www.uartes.edu.ec\\\/sitio\\\/fr\\\/la-universidad\\\/pregrado\\\/licenciatura-en-literatura\\\/\",\"name\":\"Universidad de las Artes - Licenciatura en Literatura\",\"isPartOf\":{\"@id\":\"https:\\\/\\\/www.uartes.edu.ec\\\/sitio\\\/fr\\\/#website\"},\"primaryImageOfPage\":{\"@id\":\"https:\\\/\\\/www.uartes.edu.ec\\\/sitio\\\/fr\\\/la-universidad\\\/pregrado\\\/licenciatura-en-literatura\\\/#primaryimage\"},\"image\":{\"@id\":\"https:\\\/\\\/www.uartes.edu.ec\\\/sitio\\\/fr\\\/la-universidad\\\/pregrado\\\/licenciatura-en-literatura\\\/#primaryimage\"},\"thumbnailUrl\":\"https:\\\/\\\/www.uartes.edu.ec\\\/sitio\\\/wp-content\\\/uploads\\\/2020\\\/09\\\/ESCUELA-DE-LITERATURA.jpg\",\"datePublished\":\"2019-09-20T21:51:55+00:00\",\"dateModified\":\"2024-11-29T21:39:17+00:00\",\"description\":\"Universidad de las Artes - Licenciatura en Literatura\",\"breadcrumb\":{\"@id\":\"https:\\\/\\\/www.uartes.edu.ec\\\/sitio\\\/fr\\\/la-universidad\\\/pregrado\\\/licenciatura-en-literatura\\\/#breadcrumb\"},\"inLanguage\":\"fr-FR\",\"potentialAction\":[{\"@type\":\"ReadAction\",\"target\":[\"https:\\\/\\\/www.uartes.edu.ec\\\/sitio\\\/fr\\\/la-universidad\\\/pregrado\\\/licenciatura-en-literatura\\\/\"]}]},{\"@type\":\"ImageObject\",\"inLanguage\":\"fr-FR\",\"@id\":\"https:\\\/\\\/www.uartes.edu.ec\\\/sitio\\\/fr\\\/la-universidad\\\/pregrado\\\/licenciatura-en-literatura\\\/#primaryimage\",\"url\":\"https:\\\/\\\/www.uartes.edu.ec\\\/sitio\\\/wp-content\\\/uploads\\\/2020\\\/09\\\/ESCUELA-DE-LITERATURA.jpg\",\"contentUrl\":\"https:\\\/\\\/www.uartes.edu.ec\\\/sitio\\\/wp-content\\\/uploads\\\/2020\\\/09\\\/ESCUELA-DE-LITERATURA.jpg\",\"width\":2000,\"height\":1333},{\"@type\":\"BreadcrumbList\",\"@id\":\"https:\\\/\\\/www.uartes.edu.ec\\\/sitio\\\/fr\\\/la-universidad\\\/pregrado\\\/licenciatura-en-literatura\\\/#breadcrumb\",\"itemListElement\":[{\"@type\":\"ListItem\",\"position\":1,\"name\":\"Inicio\",\"item\":\"https:\\\/\\\/www.uartes.edu.ec\\\/sitio\\\/\"},{\"@type\":\"ListItem\",\"position\":2,\"name\":\"Universidad de las Artes\",\"item\":\"https:\\\/\\\/www.uartes.edu.ec\\\/sitio\\\/\"},{\"@type\":\"ListItem\",\"position\":3,\"name\":\"Pregrado\",\"item\":\"https:\\\/\\\/www.uartes.edu.ec\\\/sitio\\\/la-universidad\\\/pregrado\\\/\"},{\"@type\":\"ListItem\",\"position\":4,\"name\":\"Licenciatura en Literatura\"}]},{\"@type\":\"WebSite\",\"@id\":\"https:\\\/\\\/www.uartes.edu.ec\\\/sitio\\\/fr\\\/#website\",\"url\":\"https:\\\/\\\/www.uartes.edu.ec\\\/sitio\\\/fr\\\/\",\"name\":\"Universidad de las Artes\",\"description\":\"Sitio oficial de la Universidad Nacional de las Artes del Ecuador\",\"publisher\":{\"@id\":\"https:\\\/\\\/www.uartes.edu.ec\\\/sitio\\\/fr\\\/#organization\"},\"potentialAction\":[{\"@type\":\"SearchAction\",\"target\":{\"@type\":\"EntryPoint\",\"urlTemplate\":\"https:\\\/\\\/www.uartes.edu.ec\\\/sitio\\\/fr\\\/?s={search_term_string}\"},\"query-input\":{\"@type\":\"PropertyValueSpecification\",\"valueRequired\":true,\"valueName\":\"search_term_string\"}}],\"inLanguage\":\"fr-FR\"},{\"@type\":\"Organization\",\"@id\":\"https:\\\/\\\/www.uartes.edu.ec\\\/sitio\\\/fr\\\/#organization\",\"name\":\"Universidad de las Artes\",\"url\":\"https:\\\/\\\/www.uartes.edu.ec\\\/sitio\\\/fr\\\/\",\"logo\":{\"@type\":\"ImageObject\",\"inLanguage\":\"fr-FR\",\"@id\":\"https:\\\/\\\/www.uartes.edu.ec\\\/sitio\\\/fr\\\/#\\\/schema\\\/logo\\\/image\\\/\",\"url\":\"https:\\\/\\\/www.uartes.edu.ec\\\/sitio\\\/wp-content\\\/uploads\\\/2022\\\/07\\\/logo-ua-horizontal.png\",\"contentUrl\":\"https:\\\/\\\/www.uartes.edu.ec\\\/sitio\\\/wp-content\\\/uploads\\\/2022\\\/07\\\/logo-ua-horizontal.png\",\"width\":800,\"height\":276,\"caption\":\"Universidad de las Artes\"},\"image\":{\"@id\":\"https:\\\/\\\/www.uartes.edu.ec\\\/sitio\\\/fr\\\/#\\\/schema\\\/logo\\\/image\\\/\"},\"sameAs\":[\"https:\\\/\\\/www.facebook.com\\\/uartesec\",\"https:\\\/\\\/x.com\\\/uartesec\",\"https:\\\/\\\/www.tiktok.com\\\/@uartesec\"]}]}<\/script>\n<!-- \/ Yoast SEO plugin. -->","yoast_head_json":{"title":"Universidad de las Artes - Licenciatura en Literatura","description":"Universidad de las Artes - Licenciatura en Literatura","robots":{"index":"index","follow":"follow","max-snippet":"max-snippet:-1","max-image-preview":"max-image-preview:large","max-video-preview":"max-video-preview:-1"},"canonical":"https:\/\/www.uartes.edu.ec\/sitio\/fr\/la-universidad\/pregrado\/licenciatura-en-literatura\/","og_locale":"fr_FR","og_type":"article","og_title":"Universidad de las Artes - Licenciatura en Literatura","og_description":"Universidad de las Artes - Licenciatura en Literatura","og_url":"https:\/\/www.uartes.edu.ec\/sitio\/fr\/la-universidad\/pregrado\/licenciatura-en-literatura\/","og_site_name":"Universidad de las Artes","article_publisher":"https:\/\/www.facebook.com\/uartesec","article_modified_time":"2024-11-29T21:39:17+00:00","og_image":[{"width":2000,"height":1333,"url":"https:\/\/www.uartes.edu.ec\/sitio\/wp-content\/uploads\/2020\/09\/ESCUELA-DE-LITERATURA.jpg","type":"image\/jpeg"}],"twitter_card":"summary_large_image","twitter_site":"@uartesec","twitter_misc":{"Dur\u00e9e de lecture estim\u00e9e":"7 minutes"},"schema":{"@context":"https:\/\/schema.org","@graph":[{"@type":"WebPage","@id":"https:\/\/www.uartes.edu.ec\/sitio\/fr\/la-universidad\/pregrado\/licenciatura-en-literatura\/","url":"https:\/\/www.uartes.edu.ec\/sitio\/fr\/la-universidad\/pregrado\/licenciatura-en-literatura\/","name":"Universidad de las Artes - Licenciatura en Literatura","isPartOf":{"@id":"https:\/\/www.uartes.edu.ec\/sitio\/fr\/#website"},"primaryImageOfPage":{"@id":"https:\/\/www.uartes.edu.ec\/sitio\/fr\/la-universidad\/pregrado\/licenciatura-en-literatura\/#primaryimage"},"image":{"@id":"https:\/\/www.uartes.edu.ec\/sitio\/fr\/la-universidad\/pregrado\/licenciatura-en-literatura\/#primaryimage"},"thumbnailUrl":"https:\/\/www.uartes.edu.ec\/sitio\/wp-content\/uploads\/2020\/09\/ESCUELA-DE-LITERATURA.jpg","datePublished":"2019-09-20T21:51:55+00:00","dateModified":"2024-11-29T21:39:17+00:00","description":"Universidad de las Artes - Licenciatura en Literatura","breadcrumb":{"@id":"https:\/\/www.uartes.edu.ec\/sitio\/fr\/la-universidad\/pregrado\/licenciatura-en-literatura\/#breadcrumb"},"inLanguage":"fr-FR","potentialAction":[{"@type":"ReadAction","target":["https:\/\/www.uartes.edu.ec\/sitio\/fr\/la-universidad\/pregrado\/licenciatura-en-literatura\/"]}]},{"@type":"ImageObject","inLanguage":"fr-FR","@id":"https:\/\/www.uartes.edu.ec\/sitio\/fr\/la-universidad\/pregrado\/licenciatura-en-literatura\/#primaryimage","url":"https:\/\/www.uartes.edu.ec\/sitio\/wp-content\/uploads\/2020\/09\/ESCUELA-DE-LITERATURA.jpg","contentUrl":"https:\/\/www.uartes.edu.ec\/sitio\/wp-content\/uploads\/2020\/09\/ESCUELA-DE-LITERATURA.jpg","width":2000,"height":1333},{"@type":"BreadcrumbList","@id":"https:\/\/www.uartes.edu.ec\/sitio\/fr\/la-universidad\/pregrado\/licenciatura-en-literatura\/#breadcrumb","itemListElement":[{"@type":"ListItem","position":1,"name":"Inicio","item":"https:\/\/www.uartes.edu.ec\/sitio\/"},{"@type":"ListItem","position":2,"name":"Universidad de las Artes","item":"https:\/\/www.uartes.edu.ec\/sitio\/"},{"@type":"ListItem","position":3,"name":"Pregrado","item":"https:\/\/www.uartes.edu.ec\/sitio\/la-universidad\/pregrado\/"},{"@type":"ListItem","position":4,"name":"Licenciatura en Literatura"}]},{"@type":"WebSite","@id":"https:\/\/www.uartes.edu.ec\/sitio\/fr\/#website","url":"https:\/\/www.uartes.edu.ec\/sitio\/fr\/","name":"Universidad de las Artes","description":"Sitio oficial de la Universidad Nacional de las Artes del Ecuador","publisher":{"@id":"https:\/\/www.uartes.edu.ec\/sitio\/fr\/#organization"},"potentialAction":[{"@type":"SearchAction","target":{"@type":"EntryPoint","urlTemplate":"https:\/\/www.uartes.edu.ec\/sitio\/fr\/?s={search_term_string}"},"query-input":{"@type":"PropertyValueSpecification","valueRequired":true,"valueName":"search_term_string"}}],"inLanguage":"fr-FR"},{"@type":"Organization","@id":"https:\/\/www.uartes.edu.ec\/sitio\/fr\/#organization","name":"Universidad de las Artes","url":"https:\/\/www.uartes.edu.ec\/sitio\/fr\/","logo":{"@type":"ImageObject","inLanguage":"fr-FR","@id":"https:\/\/www.uartes.edu.ec\/sitio\/fr\/#\/schema\/logo\/image\/","url":"https:\/\/www.uartes.edu.ec\/sitio\/wp-content\/uploads\/2022\/07\/logo-ua-horizontal.png","contentUrl":"https:\/\/www.uartes.edu.ec\/sitio\/wp-content\/uploads\/2022\/07\/logo-ua-horizontal.png","width":800,"height":276,"caption":"Universidad de las Artes"},"image":{"@id":"https:\/\/www.uartes.edu.ec\/sitio\/fr\/#\/schema\/logo\/image\/"},"sameAs":["https:\/\/www.facebook.com\/uartesec","https:\/\/x.com\/uartesec","https:\/\/www.tiktok.com\/@uartesec"]}]}},"uagb_featured_image_src":{"full":["https:\/\/www.uartes.edu.ec\/sitio\/wp-content\/uploads\/2020\/09\/ESCUELA-DE-LITERATURA.jpg",2000,1333,false],"thumbnail":["https:\/\/www.uartes.edu.ec\/sitio\/wp-content\/uploads\/2020\/09\/ESCUELA-DE-LITERATURA-150x150.jpg",150,150,true],"medium":["https:\/\/www.uartes.edu.ec\/sitio\/wp-content\/uploads\/2020\/09\/ESCUELA-DE-LITERATURA-300x200.jpg",300,200,true],"medium_large":["https:\/\/www.uartes.edu.ec\/sitio\/wp-content\/uploads\/2020\/09\/ESCUELA-DE-LITERATURA-768x512.jpg",768,512,true],"large":["https:\/\/www.uartes.edu.ec\/sitio\/wp-content\/uploads\/2020\/09\/ESCUELA-DE-LITERATURA-644x429.jpg",644,429,true],"1536x1536":["https:\/\/www.uartes.edu.ec\/sitio\/wp-content\/uploads\/2020\/09\/ESCUELA-DE-LITERATURA-1536x1024.jpg",1536,1024,true],"2048x2048":["https:\/\/www.uartes.edu.ec\/sitio\/wp-content\/uploads\/2020\/09\/ESCUELA-DE-LITERATURA.jpg",2000,1333,false],"trp-custom-language-flag":["https:\/\/www.uartes.edu.ec\/sitio\/wp-content\/uploads\/2020\/09\/ESCUELA-DE-LITERATURA.jpg",18,12,false],"htmega_size_585x295":["https:\/\/www.uartes.edu.ec\/sitio\/wp-content\/uploads\/2020\/09\/ESCUELA-DE-LITERATURA-585x295.jpg",585,295,true],"htmega_size_1170x536":["https:\/\/www.uartes.edu.ec\/sitio\/wp-content\/uploads\/2020\/09\/ESCUELA-DE-LITERATURA-1170x536.jpg",1170,536,true],"htmega_size_396x360":["https:\/\/www.uartes.edu.ec\/sitio\/wp-content\/uploads\/2020\/09\/ESCUELA-DE-LITERATURA-396x360.jpg",396,360,true],"gb-block-post-grid-landscape":["https:\/\/www.uartes.edu.ec\/sitio\/wp-content\/uploads\/2020\/09\/ESCUELA-DE-LITERATURA.jpg",600,400,false],"gb-block-post-grid-square":["https:\/\/www.uartes.edu.ec\/sitio\/wp-content\/uploads\/2020\/09\/ESCUELA-DE-LITERATURA.jpg",600,400,false],"university-hub-thumb":["https:\/\/www.uartes.edu.ec\/sitio\/wp-content\/uploads\/2020\/09\/ESCUELA-DE-LITERATURA-400x267.jpg",400,267,true]},"uagb_author_info":{"display_name":"Universidad de las Artes","author_link":"https:\/\/www.uartes.edu.ec\/sitio\/fr\/blog\/author\/dircomadm\/"},"uagb_comment_info":0,"uagb_excerpt":"La licenciatura en Literatura ense\u00f1a a sus estudiantes a gestionar las diversas actividades de la industria cultural contempor\u00e1nea que se producen alrededor de los textos. https:\/\/www.youtube.com\/watch?v=gAyJmJjm3mk La carrera de Literatura de la Universidad de las Artes ofrece un espacio acad\u00e9mico innovador en el \u00e1mbito de las letras latinoamericanas y ecuatorianas, ya que busca formar investigadores,\u2026","featured_image_src":"https:\/\/www.uartes.edu.ec\/sitio\/wp-content\/uploads\/2020\/09\/ESCUELA-DE-LITERATURA.jpg","featured_image_src_square":"https:\/\/www.uartes.edu.ec\/sitio\/wp-content\/uploads\/2020\/09\/ESCUELA-DE-LITERATURA.jpg","publishpress_future_action":{"enabled":false,"date":"2026-05-09 05:22:21","action":"change-status","newStatus":"draft","terms":[],"taxonomy":"","extraData":[]},"publishpress_future_workflow_manual_trigger":{"enabledWorkflows":[]},"distributor_meta":false,"distributor_terms":false,"distributor_media":false,"distributor_original_site_name":"Universidad de las Artes","distributor_original_site_url":"https:\/\/www.uartes.edu.ec\/sitio\/fr","push-errors":false,"_links":{"self":[{"href":"https:\/\/www.uartes.edu.ec\/sitio\/fr\/wp-json\/wp\/v2\/pages\/4419","targetHints":{"allow":["GET"]}}],"collection":[{"href":"https:\/\/www.uartes.edu.ec\/sitio\/fr\/wp-json\/wp\/v2\/pages"}],"about":[{"href":"https:\/\/www.uartes.edu.ec\/sitio\/fr\/wp-json\/wp\/v2\/types\/page"}],"author":[{"embeddable":true,"href":"https:\/\/www.uartes.edu.ec\/sitio\/fr\/wp-json\/wp\/v2\/users\/1"}],"replies":[{"embeddable":true,"href":"https:\/\/www.uartes.edu.ec\/sitio\/fr\/wp-json\/wp\/v2\/comments?post=4419"}],"version-history":[{"count":50,"href":"https:\/\/www.uartes.edu.ec\/sitio\/fr\/wp-json\/wp\/v2\/pages\/4419\/revisions"}],"predecessor-version":[{"id":65434,"href":"https:\/\/www.uartes.edu.ec\/sitio\/fr\/wp-json\/wp\/v2\/pages\/4419\/revisions\/65434"}],"up":[{"embeddable":true,"href":"https:\/\/www.uartes.edu.ec\/sitio\/fr\/wp-json\/wp\/v2\/pages\/2985"}],"wp:featuredmedia":[{"embeddable":true,"href":"https:\/\/www.uartes.edu.ec\/sitio\/fr\/wp-json\/wp\/v2\/media\/8688"}],"wp:attachment":[{"href":"https:\/\/www.uartes.edu.ec\/sitio\/fr\/wp-json\/wp\/v2\/media?parent=4419"}],"curies":[{"name":"wp","href":"https:\/\/api.w.org\/{rel}","templated":true}]}}