{"id":4420,"date":"2019-09-20T16:51:55","date_gmt":"2019-09-20T21:51:55","guid":{"rendered":"http:\/\/www.uartes.edu.ec\/sitio\/la-universidad\/pregrado\/licenciatura-en-produccion-musical-y-sonora\/"},"modified":"2024-11-29T16:39:33","modified_gmt":"2024-11-29T21:39:33","slug":"licenciatura-en-produccion-musical-y-sonora","status":"publish","type":"page","link":"https:\/\/www.uartes.edu.ec\/sitio\/fr\/la-universidad\/pregrado\/licenciatura-en-produccion-musical-y-sonora\/","title":{"rendered":"Licence en Production Musicale et Sonore"},"content":{"rendered":"<div data-elementor-type=\"wp-page\" data-elementor-id=\"4420\" class=\"elementor elementor-4420\" data-elementor-settings=\"{&quot;ha_cmc_init_switcher&quot;:&quot;no&quot;}\" data-elementor-post-type=\"page\">\n\t\t\t\t\t\t<section class=\"elementor-section elementor-top-section elementor-element elementor-element-78b0613 elementor-section-height-min-height elementor-section-boxed elementor-section-height-default elementor-section-items-middle\" data-id=\"78b0613\" data-element_type=\"section\" data-e-type=\"section\" data-settings=\"{&quot;background_background&quot;:&quot;classic&quot;,&quot;_ha_eqh_enable&quot;:false}\">\n\t\t\t\t\t\t<div class=\"elementor-container elementor-column-gap-default\">\n\t\t\t\t\t<div class=\"elementor-column elementor-col-100 elementor-top-column elementor-element elementor-element-e324e09\" data-id=\"e324e09\" data-element_type=\"column\" data-e-type=\"column\">\n\t\t\t<div class=\"elementor-widget-wrap\">\n\t\t\t\t\t\t\t<\/div>\n\t\t<\/div>\n\t\t\t\t\t<\/div>\n\t\t<\/section>\n\t\t\t\t<section class=\"elementor-section elementor-top-section elementor-element elementor-element-b0ee2e1 elementor-section-boxed elementor-section-height-default elementor-section-height-default\" data-id=\"b0ee2e1\" data-element_type=\"section\" data-e-type=\"section\" data-settings=\"{&quot;_ha_eqh_enable&quot;:false}\">\n\t\t\t\t\t\t<div class=\"elementor-container elementor-column-gap-no\">\n\t\t\t\t\t<div class=\"elementor-column elementor-col-100 elementor-top-column elementor-element elementor-element-0276847\" data-id=\"0276847\" data-element_type=\"column\" data-e-type=\"column\">\n\t\t\t<div class=\"elementor-widget-wrap elementor-element-populated\">\n\t\t\t\t\t\t<div class=\"elementor-element elementor-element-5e49add elementor-widget elementor-widget-theme-post-title elementor-page-title elementor-widget-heading\" data-id=\"5e49add\" data-element_type=\"widget\" data-e-type=\"widget\" data-widget_type=\"theme-post-title.default\">\n\t\t\t\t<div class=\"elementor-widget-container\">\n\t\t\t\t\t<h1 class=\"elementor-heading-title elementor-size-default\">Licence en Production Musicale et Sonore<\/h1>\t\t\t\t<\/div>\n\t\t\t\t<\/div>\n\t\t\t\t<section class=\"elementor-section elementor-inner-section elementor-element elementor-element-33bd96f elementor-section-content-middle elementor-section-boxed elementor-section-height-default elementor-section-height-default\" data-id=\"33bd96f\" data-element_type=\"section\" data-e-type=\"section\" data-settings=\"{&quot;background_background&quot;:&quot;classic&quot;,&quot;_ha_eqh_enable&quot;:false}\">\n\t\t\t\t\t\t<div class=\"elementor-container elementor-column-gap-no\">\n\t\t\t\t\t<div class=\"elementor-column elementor-col-50 elementor-inner-column elementor-element elementor-element-8562982\" data-id=\"8562982\" data-element_type=\"column\" data-e-type=\"column\">\n\t\t\t<div class=\"elementor-widget-wrap elementor-element-populated\">\n\t\t\t\t\t\t<div class=\"elementor-element elementor-element-7cbe619 elementor-widget elementor-widget-text-editor\" data-id=\"7cbe619\" data-element_type=\"widget\" data-e-type=\"widget\" data-widget_type=\"text-editor.default\">\n\t\t\t\t<div class=\"elementor-widget-container\">\n\t\t\t\t\t\t\t\t\t<p><strong>La Licenciatura en Producci\u00f3n Musical forma productores vers\u00e1tiles, creadores e investigadores, quienes utilizan todos los medios tecnol\u00f3gicos y art\u00edsticos para generar nuevas propuestas.<\/strong><\/p>\t\t\t\t\t\t\t\t<\/div>\n\t\t\t\t<\/div>\n\t\t\t\t\t<\/div>\n\t\t<\/div>\n\t\t\t\t<div class=\"elementor-column elementor-col-50 elementor-inner-column elementor-element elementor-element-073bfbf\" data-id=\"073bfbf\" data-element_type=\"column\" data-e-type=\"column\">\n\t\t\t<div class=\"elementor-widget-wrap elementor-element-populated\">\n\t\t\t\t\t\t<div class=\"elementor-element elementor-element-0a6838e elementor-widget elementor-widget-video\" data-id=\"0a6838e\" data-element_type=\"widget\" data-e-type=\"widget\" data-settings=\"{&quot;image_overlay&quot;:{&quot;url&quot;:&quot;http:\\\/\\\/www.uartes.edu.ec\\\/sitio\\\/wp-content\\\/uploads\\\/2020\\\/10\\\/PREGRADO-PRODUCCION-MUSICAL-scaled.jpg&quot;,&quot;id&quot;:9480,&quot;size&quot;:&quot;&quot;},&quot;youtube_url&quot;:&quot;https:\\\/\\\/www.youtube.com\\\/watch?v=VXDpnP7rXec&quot;,&quot;autoplay&quot;:&quot;yes&quot;,&quot;play_on_mobile&quot;:&quot;yes&quot;,&quot;lightbox&quot;:&quot;yes&quot;,&quot;show_image_overlay&quot;:&quot;yes&quot;,&quot;lazy_load&quot;:&quot;yes&quot;,&quot;video_type&quot;:&quot;youtube&quot;,&quot;controls&quot;:&quot;yes&quot;}\" data-widget_type=\"video.default\">\n\t\t\t\t<div class=\"elementor-widget-container\">\n\t\t\t\t\t\t\t<div class=\"elementor-wrapper elementor-open-lightbox\">\n\t\t\t\t\t\t\t<div class=\"elementor-custom-embed-image-overlay\" data-elementor-open-lightbox=\"yes\" data-elementor-lightbox=\"{&quot;type&quot;:&quot;video&quot;,&quot;videoType&quot;:&quot;youtube&quot;,&quot;url&quot;:&quot;https:\\\/\\\/www.youtube.com\\\/embed\\\/VXDpnP7rXec?feature=oembed&amp;start&amp;end&amp;wmode=opaque&amp;loop=0&amp;controls=1&amp;mute=0&amp;rel=0&amp;cc_load_policy=0&quot;,&quot;autoplay&quot;:&quot;yes&quot;,&quot;modalOptions&quot;:{&quot;id&quot;:&quot;elementor-lightbox-0a6838e&quot;,&quot;entranceAnimation&quot;:&quot;&quot;,&quot;entranceAnimation_tablet&quot;:&quot;&quot;,&quot;entranceAnimation_mobile&quot;:&quot;&quot;,&quot;videoAspectRatio&quot;:&quot;169&quot;}}\" data-e-action-hash=\"#elementor-action%3Aaction%3Dlightbox%26settings%3DeyJ0eXBlIjoidmlkZW8iLCJ2aWRlb1R5cGUiOiJ5b3V0dWJlIiwidXJsIjoiaHR0cHM6XC9cL3d3dy55b3V0dWJlLmNvbVwvZW1iZWRcL1ZYRHBuUDdyWGVjP2ZlYXR1cmU9b2VtYmVkJnN0YXJ0JmVuZCZ3bW9kZT1vcGFxdWUmbG9vcD0wJmNvbnRyb2xzPTEmbXV0ZT0wJnJlbD0wJmNjX2xvYWRfcG9saWN5PTAiLCJhdXRvcGxheSI6InllcyIsIm1vZGFsT3B0aW9ucyI6eyJpZCI6ImVsZW1lbnRvci1saWdodGJveC0wYTY4MzhlIiwiZW50cmFuY2VBbmltYXRpb24iOiIiLCJlbnRyYW5jZUFuaW1hdGlvbl90YWJsZXQiOiIiLCJlbnRyYW5jZUFuaW1hdGlvbl9tb2JpbGUiOiIiLCJ2aWRlb0FzcGVjdFJhdGlvIjoiMTY5In19\">\n\t\t\t\t\t\t\t\t\t\t\t<img fetchpriority=\"high\" decoding=\"async\" width=\"2560\" height=\"1706\" src=\"https:\/\/www.uartes.edu.ec\/sitio\/wp-content\/uploads\/2020\/10\/PREGRADO-PRODUCCION-MUSICAL-scaled.jpg\" class=\"attachment-full size-full wp-image-9480\" alt=\"\" srcset=\"https:\/\/www.uartes.edu.ec\/sitio\/wp-content\/uploads\/2020\/10\/PREGRADO-PRODUCCION-MUSICAL-scaled.jpg 2560w, https:\/\/www.uartes.edu.ec\/sitio\/wp-content\/uploads\/2020\/10\/PREGRADO-PRODUCCION-MUSICAL-300x200.jpg 300w, https:\/\/www.uartes.edu.ec\/sitio\/wp-content\/uploads\/2020\/10\/PREGRADO-PRODUCCION-MUSICAL-644x429.jpg 644w, https:\/\/www.uartes.edu.ec\/sitio\/wp-content\/uploads\/2020\/10\/PREGRADO-PRODUCCION-MUSICAL-768x512.jpg 768w, https:\/\/www.uartes.edu.ec\/sitio\/wp-content\/uploads\/2020\/10\/PREGRADO-PRODUCCION-MUSICAL-1536x1024.jpg 1536w, https:\/\/www.uartes.edu.ec\/sitio\/wp-content\/uploads\/2020\/10\/PREGRADO-PRODUCCION-MUSICAL-2048x1365.jpg 2048w, https:\/\/www.uartes.edu.ec\/sitio\/wp-content\/uploads\/2020\/10\/PREGRADO-PRODUCCION-MUSICAL-600x400.jpg 600w, https:\/\/www.uartes.edu.ec\/sitio\/wp-content\/uploads\/2020\/10\/PREGRADO-PRODUCCION-MUSICAL-400x267.jpg 400w, https:\/\/www.uartes.edu.ec\/sitio\/wp-content\/uploads\/2020\/10\/PREGRADO-PRODUCCION-MUSICAL-272x182.jpg 272w\" sizes=\"(max-width: 2560px) 100vw, 2560px\" \/>\t\t\t\t\t\t\t\t\t\t\t\t\t\t\t\t<div class=\"elementor-custom-embed-play\" role=\"button\" aria-label=\"Play Video\" tabindex=\"0\" data-no-translation-aria-label=\"\">\n\t\t\t\t\t\t\t<svg aria-hidden=\"true\" class=\"e-font-icon-svg e-eicon-play\" viewbox=\"0 0 1000 1000\" xmlns=\"http:\/\/www.w3.org\/2000\/svg\"><path d=\"M838 162C746 71 633 25 500 25 371 25 258 71 163 162 71 254 25 367 25 500 25 633 71 746 163 837 254 929 367 979 500 979 633 979 746 933 838 837 929 746 975 633 975 500 975 367 929 254 838 162M808 192C892 279 933 379 933 500 933 621 892 725 808 808 725 892 621 938 500 938 379 938 279 896 196 808 113 725 67 621 67 500 67 379 108 279 196 192 279 108 383 62 500 62 621 62 721 108 808 192M438 392V642L642 517 438 392Z\"><\/path><\/svg>\t\t\t\t\t\t<\/div>\n\t\t\t\t\t\t\t\t\t<\/div>\n\t\t\t\t\t<\/div>\n\t\t\t\t\t\t<\/div>\n\t\t\t\t<\/div>\n\t\t\t\t\t<\/div>\n\t\t<\/div>\n\t\t\t\t\t<\/div>\n\t\t<\/section>\n\t\t\t\t<section class=\"elementor-section elementor-inner-section elementor-element elementor-element-264504f elementor-section-boxed elementor-section-height-default elementor-section-height-default\" data-id=\"264504f\" data-element_type=\"section\" data-e-type=\"section\" data-settings=\"{&quot;_ha_eqh_enable&quot;:false}\">\n\t\t\t\t\t\t<div class=\"elementor-container elementor-column-gap-default\">\n\t\t\t\t\t<div class=\"elementor-column elementor-col-100 elementor-inner-column elementor-element elementor-element-22c720b\" data-id=\"22c720b\" data-element_type=\"column\" data-e-type=\"column\">\n\t\t\t<div class=\"elementor-widget-wrap elementor-element-populated\">\n\t\t\t\t\t\t<div class=\"elementor-element elementor-element-499042ec elementor-widget elementor-widget-text-editor\" data-id=\"499042ec\" data-element_type=\"widget\" data-e-type=\"widget\" data-widget_type=\"text-editor.default\">\n\t\t\t\t<div class=\"elementor-widget-container\">\n\t\t\t\t\t\t\t\t\t\n<p>Ceci est un espace o\u00f9 la rencontre du ph\u00e9nom\u00e8ne sonore et acoustique devient possible. \u00c0 travers la communication, les technologies, les supports techniques et les modes de production \u00e0 proprement parler, l'\u00e9tudiant\u00b7e dipl\u00f4m\u00e9\u00b7e pourra ma\u00eetriser le domaine multidisciplinaire en adoptant des pratiques cl\u00e9s pour le d\u00e9veloppement des processus multim\u00e9dias. L'objectif principal de ce programme de formation est double : analyser et concevoir l'exercice sonore comme une proposition cr\u00e9ative interdisciplinaire, ainsi que ma\u00eetriser les nouvelles technologies appliqu\u00e9es au contexte sonore et artistique.<\/p>\n\n<h3>Profil de sortie<\/h3>\n\n<p>Le\/la dipl\u00f4m\u00e9\u20ac disposera d'une vari\u00e9t\u00e9 d'outils lui permettant de se d\u00e9velopper professionnellement dans des projets musicaux, sonores et multidisciplinaires. En plus de sa capacit\u00e9 \u00e0 r\u00e9aliser des productions compl\u00e8tes jusqu'\u00e0 la production d'un disque, \u00e0 faire des arrangements, \u00e0 g\u00e9rer des \u00e9quipements et des logiciels, et \u00e0 appliquer des concepts d'acoustique, entre autres, il\u00b7elle pourra proposer des cr\u00e9ations artistiques innovantes et s'ins\u00e9rer dans des domaines tels que : le cin\u00e9ma, le son en direct, le design sonore ou les arts de la sc\u00e8ne. Le\u00b7la dipl\u00f4m\u00e9\u00b7e est \u00e9galement form\u00e9\u00b7e pour int\u00e9grer la communaut\u00e9 acad\u00e9mique nationale et internationale en tant qu'enseignant\u00b7e ou chercheur\u00b7e dans le domaine sonore et artistique.<\/p>\n\n<h3>L'\u00e9quipe enseignante<\/h3>\n\n<p>L'\u00c9cole des Arts Sonores dispose d'une \u00e9quipe p\u00e9dagogique compos\u00e9e de musiciens et d'acad\u00e9miciens actifs sur la sc\u00e8ne nationale et internationale, avec une vaste exp\u00e9rience artistique et p\u00e9dagogique. Ce sont des professionnels titulaires de dipl\u00f4mes de master et de doctorat. Le corps enseignant m\u00e8ne diverses activit\u00e9s artistiques et techniques contribuant \u00e0 la sc\u00e8ne locale et internationale, telles que des concerts, la sonorisation d'espaces, la proposition de contenus, l'organisation d'ateliers et la tenue de conf\u00e9rences, en tant que musiciens, compositeurs et producteurs.<\/p>\n\n<h3>Parcours\u00a0<\/h3>\n\n<ul class=\"wp-block-list\">\n<li>SON EN DIRECT<\/li>\n<li>PRODUCTION SONORE POUR LE CIN\u00c9MA ET LES M\u00c9DIAS AUDIOVISUELS<\/li>\n<li>INNOVATION ET NOUVEAUX M\u00c9DIAS<\/li>\n<\/ul>\n<p>Pour plus d\u2019informations, \u00e9crivez \u00e0 <a href=\"mailto:escuela.artes-sonoras@uartes.edu.ec\">escuela.artes-sonoras@uartes.edu.ec<\/a> ou contactez le <a href=\"tel:+59342590700*3081\">(593)4-259-0700 ext 3081<\/a>.<\/p>\n\t\t\t\t\t\t\t\t<\/div>\n\t\t\t\t<\/div>\n\t\t\t\t<div class=\"elementor-element elementor-element-0ad0e63 elementor-widget elementor-widget-heading\" data-id=\"0ad0e63\" data-element_type=\"widget\" data-e-type=\"widget\" data-widget_type=\"heading.default\">\n\t\t\t\t<div class=\"elementor-widget-container\">\n\t\t\t\t\t<h3 class=\"elementor-heading-title elementor-size-default\">Ressources<\/h3>\t\t\t\t<\/div>\n\t\t\t\t<\/div>\n\t\t\t\t<div class=\"elementor-element elementor-element-0f1e4c0 elementor-widget elementor-widget-shortcode\" data-id=\"0f1e4c0\" data-element_type=\"widget\" data-e-type=\"widget\" data-widget_type=\"shortcode.default\">\n\t\t\t\t<div class=\"elementor-widget-container\">\n\t\t\t\t\t\t\t<div class=\"elementor-shortcode\"><div class='w3eden wpdm_package_shortcode'><!-- WPDM Link Template: Call to Action 3 -->\n\n<div class=\"well c2a3\">\n    <div class=\"media\">\n        <div class=\"mr-3\" align=\"left\">\n            <img decoding=\"async\" class=\"wpdm_icon\" alt=\"Ic\u00f4ne\" src=\"https:\/\/www.uartes.edu.ec\/sitio\/wp-content\/plugins\/download-manager\/assets\/file-type-icons\/pdf.svg\" \/>\n        <\/div>\n        <div class=\"media-body\">\n            <h3 class=\"media-heading\" style=\"padding-top: 0px;border:0px;margin: 0 0 5px 0;font-size:12pt;\">\n                <a style=\"font-weight: 700\" href=\"https:\/\/www.uartes.edu.ec\/sitio\/fr\/download\/malla-curricular-de-licenciatura-en-produccion-musical\/\">Malla Curricular de Licenciatura en Producci\u00f3n Musical<\/a>\n                <span style=\"font-size:8pt;font-weight:300\" class=\"text-muted ml-4\">\n                    <i class=\"fas fa-hdd mr-1\"><\/i> 75.64 KB\n                    <i class=\"ml-3 far fa-arrow-alt-circle-down mr-1\"><\/i> 26579 t\u00e9l\u00e9chargements\n                <\/span>\n            <\/h3>\n            ...\n        <\/div>\n        <div class=\"ml-3\" align=\"right\">\n            <a class='wpdm-download-link download-on-click btn btn-primary btn-sm'  rel='nofollow' href='#' data-downloadurl=\"https:\/\/www.uartes.edu.ec\/sitio\/fr\/download\/malla-curricular-de-licenciatura-en-produccion-musical\/?wpdmdl=9506&refresh=69f486206d83c1777632800\">T\u00e9l\u00e9charger<\/a>\n        <\/div>\n    <\/div>\n\n<\/div>\n<style>\n    .well.c2a3 .btn {\n        padding: 11px 30px;\n        font-size: 11pt;\n    }\n\n    .well.c2a3 .media-body {\n        font-size: 11pt;\n    }\n\n    .well.c2a3 .wpdm_icon {\n        height: 42px;\n        width: auto;\n    }<\/style>\n<\/div><\/div>\n\t\t\t\t\t\t<\/div>\n\t\t\t\t<\/div>\n\t\t\t\t\t<\/div>\n\t\t<\/div>\n\t\t\t\t\t<\/div>\n\t\t<\/section>\n\t\t\t\t<div class=\"elementor-element elementor-element-8cc8d37 elementor-cta--skin-cover elementor-cta--valign-middle elementor-widget elementor-widget-call-to-action\" data-id=\"8cc8d37\" data-element_type=\"widget\" data-e-type=\"widget\" data-widget_type=\"call-to-action.default\">\n\t\t\t\t<div class=\"elementor-widget-container\">\n\t\t\t\t\t\t\t<div class=\"elementor-cta\">\n\t\t\t\t\t<div class=\"elementor-cta__bg-wrapper\">\n\t\t\t\t<div class=\"elementor-cta__bg elementor-bg\" style=\"background-image: url(https:\/\/www.uartes.edu.ec\/sitio\/wp-content\/uploads\/2023\/06\/DOCENTE-EAS-CONSOLA-ESTUDIO-A-MZ14-768x511.jpg);\" role=\"img\" aria-label=\"DOCENTE-EAS-CONSOLA-ESTUDIO-A-MZ14\"><\/div>\n\t\t\t\t<div class=\"elementor-cta__bg-overlay\"><\/div>\n\t\t\t<\/div>\n\t\t\t\t\t\t\t<div class=\"elementor-cta__content\">\n\t\t\t\t\n\t\t\t\t\t\t\t\t\t<h3 class=\"elementor-cta__title elementor-cta__content-item elementor-content-item\">\n\t\t\t\t\t\tStudios d'Enregistrement\t\t\t\t\t<\/h3>\n\t\t\t\t\n\t\t\t\t\t\t\t\t\t<div class=\"elementor-cta__description elementor-cta__content-item elementor-content-item\">\n\t\t\t\t\t\tCliquez sur le lien suivant pour d\u00e9couvrir nos studios d'enregistrement et ce qu'ils vous proposent.\t\t\t\t\t<\/div>\n\t\t\t\t\n\t\t\t\t\t\t\t\t\t<div class=\"elementor-cta__button-wrapper elementor-cta__content-item elementor-content-item\">\n\t\t\t\t\t<a class=\"elementor-cta__button elementor-button elementor-size-md\" href=\"https:\/\/sonoras.uartes.edu.ec\/estudio-grabacion\/\">\n\t\t\t\t\t\tVenez nous rendre visite!\t\t\t\t\t<\/a>\n\t\t\t\t\t<\/div>\n\t\t\t\t\t\t\t<\/div>\n\t\t\t\t\t\t\t<div class=\"elementor-ribbon\">\n\t\t\t\t<div class=\"elementor-ribbon-inner\">\n\t\t\t\t\tEn mz14\t\t\t\t<\/div>\n\t\t\t<\/div>\n\t\t\t\t<\/div>\n\t\t\t\t\t\t<\/div>\n\t\t\t\t<\/div>\n\t\t\t\t\t<\/div>\n\t\t<\/div>\n\t\t\t\t\t<\/div>\n\t\t<\/section>\n\t\t\t\t<section class=\"elementor-section elementor-top-section elementor-element elementor-element-bad16ba elementor-section-stretched elementor-section-boxed elementor-section-height-default elementor-section-height-default\" data-id=\"bad16ba\" data-element_type=\"section\" data-e-type=\"section\" data-settings=\"{&quot;background_background&quot;:&quot;classic&quot;,&quot;stretch_section&quot;:&quot;section-stretched&quot;,&quot;_ha_eqh_enable&quot;:false}\">\n\t\t\t\t\t\t\t<div class=\"elementor-background-overlay\"><\/div>\n\t\t\t\t\t\t\t<div class=\"elementor-container elementor-column-gap-default\">\n\t\t\t\t\t<div class=\"elementor-column elementor-col-100 elementor-top-column elementor-element elementor-element-2df39d7\" data-id=\"2df39d7\" data-element_type=\"column\" data-e-type=\"column\">\n\t\t\t<div class=\"elementor-widget-wrap elementor-element-populated\">\n\t\t\t\t\t\t<div class=\"elementor-element elementor-element-39d81bf animated-fast elementor-invisible elementor-widget elementor-widget-heading\" data-id=\"39d81bf\" data-element_type=\"widget\" data-e-type=\"widget\" data-settings=\"{&quot;_animation&quot;:&quot;fadeInUp&quot;}\" data-widget_type=\"heading.default\">\n\t\t\t\t<div class=\"elementor-widget-container\">\n\t\t\t\t\t<h1 class=\"elementor-heading-title elementor-size-default\">Nos professeurs<\/h1>\t\t\t\t<\/div>\n\t\t\t\t<\/div>\n\t\t\t\t<div class=\"elementor-element elementor-element-c8f32ea elementor-grid-6 elementor-posts--align-center elementor-grid-tablet-2 elementor-grid-mobile-1 elementor-posts--thumbnail-top elementor-widget elementor-widget-posts\" data-id=\"c8f32ea\" data-element_type=\"widget\" data-e-type=\"widget\" data-settings=\"{&quot;classic_columns&quot;:&quot;6&quot;,&quot;classic_row_gap&quot;:{&quot;unit&quot;:&quot;px&quot;,&quot;size&quot;:45,&quot;sizes&quot;:[]},&quot;classic_columns_tablet&quot;:&quot;2&quot;,&quot;classic_columns_mobile&quot;:&quot;1&quot;,&quot;classic_row_gap_tablet&quot;:{&quot;unit&quot;:&quot;px&quot;,&quot;size&quot;:&quot;&quot;,&quot;sizes&quot;:[]},&quot;classic_row_gap_mobile&quot;:{&quot;unit&quot;:&quot;px&quot;,&quot;size&quot;:&quot;&quot;,&quot;sizes&quot;:[]}}\" data-widget_type=\"posts.classic\">\n\t\t\t\t<div class=\"elementor-widget-container\">\n\t\t\t\t\t\t\t<div class=\"elementor-posts-container elementor-posts elementor-posts--skin-classic elementor-grid\" role=\"list\">\n\t\t\t\t<article class=\"elementor-post elementor-grid-item post-18491 docs type-docs status-publish has-post-thumbnail hentry doc_category-produccion-musical\" role=\"listitem\">\n\t\t\t\t<a class=\"elementor-post__thumbnail__link\" href=\"https:\/\/www.uartes.edu.ec\/sitio\/fr\/docs\/bernarda-ubidia\/\" tabindex=\"-1\" >\n\t\t\t<div class=\"elementor-post__thumbnail\"><img decoding=\"async\" width=\"300\" height=\"300\" src=\"https:\/\/www.uartes.edu.ec\/sitio\/wp-content\/uploads\/2021\/12\/dp-Bernarda-Ubidia-300x300.jpg\" class=\"attachment-medium size-medium wp-image-18424\" alt=\"\" srcset=\"https:\/\/www.uartes.edu.ec\/sitio\/wp-content\/uploads\/2021\/12\/dp-Bernarda-Ubidia-300x300.jpg 300w, https:\/\/www.uartes.edu.ec\/sitio\/wp-content\/uploads\/2021\/12\/dp-Bernarda-Ubidia-644x644.jpg 644w, https:\/\/www.uartes.edu.ec\/sitio\/wp-content\/uploads\/2021\/12\/dp-Bernarda-Ubidia-150x150.jpg 150w, https:\/\/www.uartes.edu.ec\/sitio\/wp-content\/uploads\/2021\/12\/dp-Bernarda-Ubidia-768x768.jpg 768w, https:\/\/www.uartes.edu.ec\/sitio\/wp-content\/uploads\/2021\/12\/dp-Bernarda-Ubidia-60x60.jpg 60w, https:\/\/www.uartes.edu.ec\/sitio\/wp-content\/uploads\/2021\/12\/dp-Bernarda-Ubidia-600x600.jpg 600w, https:\/\/www.uartes.edu.ec\/sitio\/wp-content\/uploads\/2021\/12\/dp-Bernarda-Ubidia-100x100.jpg 100w, https:\/\/www.uartes.edu.ec\/sitio\/wp-content\/uploads\/2021\/12\/dp-Bernarda-Ubidia.jpg 956w\" sizes=\"(max-width: 300px) 100vw, 300px\" \/><\/div>\n\t\t<\/a>\n\t\t\t\t<div class=\"elementor-post__text\">\n\t\t\t\t<h3 class=\"elementor-post__title\">\n\t\t\t<a href=\"https:\/\/www.uartes.edu.ec\/sitio\/fr\/docs\/bernarda-ubidia\/\" >\n\t\t\t\tBernarda Ubidia Calisto\t\t\t<\/a>\n\t\t<\/h3>\n\t\t\t\t<\/div>\n\t\t\t\t<\/article>\n\t\t\t\t<article class=\"elementor-post elementor-grid-item post-53243 docs type-docs status-publish has-post-thumbnail hentry doc_category-produccion-musical\" role=\"listitem\">\n\t\t\t\t<a class=\"elementor-post__thumbnail__link\" href=\"https:\/\/www.uartes.edu.ec\/sitio\/fr\/docs\/camila-salome-guerrero-intriago\/\" tabindex=\"-1\" >\n\t\t\t<div class=\"elementor-post__thumbnail\"><img decoding=\"async\" width=\"300\" height=\"300\" src=\"https:\/\/www.uartes.edu.ec\/sitio\/wp-content\/uploads\/2024\/04\/CAMILA_GUERRERO-300x300.jpg\" class=\"attachment-medium size-medium wp-image-53156\" alt=\"\" srcset=\"https:\/\/www.uartes.edu.ec\/sitio\/wp-content\/uploads\/2024\/04\/CAMILA_GUERRERO-300x300.jpg 300w, https:\/\/www.uartes.edu.ec\/sitio\/wp-content\/uploads\/2024\/04\/CAMILA_GUERRERO-644x644.jpg 644w, https:\/\/www.uartes.edu.ec\/sitio\/wp-content\/uploads\/2024\/04\/CAMILA_GUERRERO-150x150.jpg 150w, https:\/\/www.uartes.edu.ec\/sitio\/wp-content\/uploads\/2024\/04\/CAMILA_GUERRERO-768x768.jpg 768w, https:\/\/www.uartes.edu.ec\/sitio\/wp-content\/uploads\/2024\/04\/CAMILA_GUERRERO-12x12.jpg 12w, https:\/\/www.uartes.edu.ec\/sitio\/wp-content\/uploads\/2024\/04\/CAMILA_GUERRERO-60x60.jpg 60w, https:\/\/www.uartes.edu.ec\/sitio\/wp-content\/uploads\/2024\/04\/CAMILA_GUERRERO-600x600.jpg 600w, https:\/\/www.uartes.edu.ec\/sitio\/wp-content\/uploads\/2024\/04\/CAMILA_GUERRERO-100x100.jpg 100w, https:\/\/www.uartes.edu.ec\/sitio\/wp-content\/uploads\/2024\/04\/CAMILA_GUERRERO.jpg 1000w\" sizes=\"(max-width: 300px) 100vw, 300px\" \/><\/div>\n\t\t<\/a>\n\t\t\t\t<div class=\"elementor-post__text\">\n\t\t\t\t<h3 class=\"elementor-post__title\">\n\t\t\t<a href=\"https:\/\/www.uartes.edu.ec\/sitio\/fr\/docs\/camila-salome-guerrero-intriago\/\" >\n\t\t\t\tCamila Salome Guerrero Intriago\t\t\t<\/a>\n\t\t<\/h3>\n\t\t\t\t<\/div>\n\t\t\t\t<\/article>\n\t\t\t\t<article class=\"elementor-post elementor-grid-item post-53248 docs type-docs status-publish has-post-thumbnail hentry doc_category-produccion-musical\" role=\"listitem\">\n\t\t\t\t<a class=\"elementor-post__thumbnail__link\" href=\"https:\/\/www.uartes.edu.ec\/sitio\/fr\/docs\/carlos-manuel-iturralde-muirragui\/\" tabindex=\"-1\" >\n\t\t\t<div class=\"elementor-post__thumbnail\"><img loading=\"lazy\" decoding=\"async\" width=\"300\" height=\"300\" src=\"https:\/\/www.uartes.edu.ec\/sitio\/wp-content\/uploads\/2024\/04\/CARLOS_ITURRALDE-300x300.jpg\" class=\"attachment-medium size-medium wp-image-53157\" alt=\"\" srcset=\"https:\/\/www.uartes.edu.ec\/sitio\/wp-content\/uploads\/2024\/04\/CARLOS_ITURRALDE-300x300.jpg 300w, https:\/\/www.uartes.edu.ec\/sitio\/wp-content\/uploads\/2024\/04\/CARLOS_ITURRALDE-644x644.jpg 644w, https:\/\/www.uartes.edu.ec\/sitio\/wp-content\/uploads\/2024\/04\/CARLOS_ITURRALDE-150x150.jpg 150w, https:\/\/www.uartes.edu.ec\/sitio\/wp-content\/uploads\/2024\/04\/CARLOS_ITURRALDE-768x768.jpg 768w, https:\/\/www.uartes.edu.ec\/sitio\/wp-content\/uploads\/2024\/04\/CARLOS_ITURRALDE-12x12.jpg 12w, https:\/\/www.uartes.edu.ec\/sitio\/wp-content\/uploads\/2024\/04\/CARLOS_ITURRALDE-60x60.jpg 60w, https:\/\/www.uartes.edu.ec\/sitio\/wp-content\/uploads\/2024\/04\/CARLOS_ITURRALDE-600x600.jpg 600w, https:\/\/www.uartes.edu.ec\/sitio\/wp-content\/uploads\/2024\/04\/CARLOS_ITURRALDE-100x100.jpg 100w, https:\/\/www.uartes.edu.ec\/sitio\/wp-content\/uploads\/2024\/04\/CARLOS_ITURRALDE.jpg 1000w\" sizes=\"(max-width: 300px) 100vw, 300px\" \/><\/div>\n\t\t<\/a>\n\t\t\t\t<div class=\"elementor-post__text\">\n\t\t\t\t<h3 class=\"elementor-post__title\">\n\t\t\t<a href=\"https:\/\/www.uartes.edu.ec\/sitio\/fr\/docs\/carlos-manuel-iturralde-muirragui\/\" >\n\t\t\t\tCarlos Manuel Iturralde Muirragui\t\t\t<\/a>\n\t\t<\/h3>\n\t\t\t\t<\/div>\n\t\t\t\t<\/article>\n\t\t\t\t<article class=\"elementor-post elementor-grid-item post-53250 docs type-docs status-publish has-post-thumbnail hentry doc_category-produccion-musical\" role=\"listitem\">\n\t\t\t\t<a class=\"elementor-post__thumbnail__link\" href=\"https:\/\/www.uartes.edu.ec\/sitio\/fr\/docs\/claudia-tamara-martinez-riofrio\/\" tabindex=\"-1\" >\n\t\t\t<div class=\"elementor-post__thumbnail\"><img loading=\"lazy\" decoding=\"async\" width=\"300\" height=\"300\" src=\"https:\/\/www.uartes.edu.ec\/sitio\/wp-content\/uploads\/2024\/04\/Claudia-Martinez-1-300x300.jpg\" class=\"attachment-medium size-medium wp-image-53159\" alt=\"\" srcset=\"https:\/\/www.uartes.edu.ec\/sitio\/wp-content\/uploads\/2024\/04\/Claudia-Martinez-1-300x300.jpg 300w, https:\/\/www.uartes.edu.ec\/sitio\/wp-content\/uploads\/2024\/04\/Claudia-Martinez-1-644x644.jpg 644w, https:\/\/www.uartes.edu.ec\/sitio\/wp-content\/uploads\/2024\/04\/Claudia-Martinez-1-150x150.jpg 150w, https:\/\/www.uartes.edu.ec\/sitio\/wp-content\/uploads\/2024\/04\/Claudia-Martinez-1-768x768.jpg 768w, https:\/\/www.uartes.edu.ec\/sitio\/wp-content\/uploads\/2024\/04\/Claudia-Martinez-1-12x12.jpg 12w, https:\/\/www.uartes.edu.ec\/sitio\/wp-content\/uploads\/2024\/04\/Claudia-Martinez-1-60x60.jpg 60w, https:\/\/www.uartes.edu.ec\/sitio\/wp-content\/uploads\/2024\/04\/Claudia-Martinez-1-600x600.jpg 600w, https:\/\/www.uartes.edu.ec\/sitio\/wp-content\/uploads\/2024\/04\/Claudia-Martinez-1-100x100.jpg 100w, https:\/\/www.uartes.edu.ec\/sitio\/wp-content\/uploads\/2024\/04\/Claudia-Martinez-1.jpg 1000w\" sizes=\"(max-width: 300px) 100vw, 300px\" \/><\/div>\n\t\t<\/a>\n\t\t\t\t<div class=\"elementor-post__text\">\n\t\t\t\t<h3 class=\"elementor-post__title\">\n\t\t\t<a href=\"https:\/\/www.uartes.edu.ec\/sitio\/fr\/docs\/claudia-tamara-martinez-riofrio\/\" >\n\t\t\t\tClaudia Tamara Martinez Riofrio\t\t\t<\/a>\n\t\t<\/h3>\n\t\t\t\t<\/div>\n\t\t\t\t<\/article>\n\t\t\t\t<article class=\"elementor-post elementor-grid-item post-18361 docs type-docs status-publish has-post-thumbnail hentry doc_category-produccion-musical\" role=\"listitem\">\n\t\t\t\t<a class=\"elementor-post__thumbnail__link\" href=\"https:\/\/www.uartes.edu.ec\/sitio\/fr\/docs\/daniel-orejuela-flores\/\" tabindex=\"-1\" >\n\t\t\t<div class=\"elementor-post__thumbnail\"><img loading=\"lazy\" decoding=\"async\" width=\"300\" height=\"300\" src=\"https:\/\/www.uartes.edu.ec\/sitio\/wp-content\/uploads\/2021\/12\/dp-Daniel-Orejuela-Flores-Produccio\u0301n-Musical-EAS-300x300.jpg\" class=\"attachment-medium size-medium wp-image-18345\" alt=\"\" srcset=\"https:\/\/www.uartes.edu.ec\/sitio\/wp-content\/uploads\/2021\/12\/dp-Daniel-Orejuela-Flores-Produccio\u0301n-Musical-EAS-300x300.jpg 300w, https:\/\/www.uartes.edu.ec\/sitio\/wp-content\/uploads\/2021\/12\/dp-Daniel-Orejuela-Flores-Produccio\u0301n-Musical-EAS-644x644.jpg 644w, https:\/\/www.uartes.edu.ec\/sitio\/wp-content\/uploads\/2021\/12\/dp-Daniel-Orejuela-Flores-Produccio\u0301n-Musical-EAS-150x150.jpg 150w, https:\/\/www.uartes.edu.ec\/sitio\/wp-content\/uploads\/2021\/12\/dp-Daniel-Orejuela-Flores-Produccio\u0301n-Musical-EAS-768x768.jpg 768w, https:\/\/www.uartes.edu.ec\/sitio\/wp-content\/uploads\/2021\/12\/dp-Daniel-Orejuela-Flores-Produccio\u0301n-Musical-EAS-60x60.jpg 60w, https:\/\/www.uartes.edu.ec\/sitio\/wp-content\/uploads\/2021\/12\/dp-Daniel-Orejuela-Flores-Produccio\u0301n-Musical-EAS-600x600.jpg 600w, https:\/\/www.uartes.edu.ec\/sitio\/wp-content\/uploads\/2021\/12\/dp-Daniel-Orejuela-Flores-Produccio\u0301n-Musical-EAS-100x100.jpg 100w, https:\/\/www.uartes.edu.ec\/sitio\/wp-content\/uploads\/2021\/12\/dp-Daniel-Orejuela-Flores-Produccio\u0301n-Musical-EAS.jpg 1000w\" sizes=\"(max-width: 300px) 100vw, 300px\" \/><\/div>\n\t\t<\/a>\n\t\t\t\t<div class=\"elementor-post__text\">\n\t\t\t\t<h3 class=\"elementor-post__title\">\n\t\t\t<a href=\"https:\/\/www.uartes.edu.ec\/sitio\/fr\/docs\/daniel-orejuela-flores\/\" >\n\t\t\t\tDaniel Fernando Orejuela Flores\t\t\t<\/a>\n\t\t<\/h3>\n\t\t\t\t<\/div>\n\t\t\t\t<\/article>\n\t\t\t\t<article class=\"elementor-post elementor-grid-item post-18365 docs type-docs status-publish has-post-thumbnail hentry doc_category-produccion-musical\" role=\"listitem\">\n\t\t\t\t<a class=\"elementor-post__thumbnail__link\" href=\"https:\/\/www.uartes.edu.ec\/sitio\/fr\/docs\/dario-jose-buitron-merlo\/\" tabindex=\"-1\" >\n\t\t\t<div class=\"elementor-post__thumbnail\"><img loading=\"lazy\" decoding=\"async\" width=\"300\" height=\"300\" src=\"https:\/\/www.uartes.edu.ec\/sitio\/wp-content\/uploads\/2024\/04\/DARIO-BUITRON-300x300.jpg\" class=\"attachment-medium size-medium wp-image-53160\" alt=\"\" srcset=\"https:\/\/www.uartes.edu.ec\/sitio\/wp-content\/uploads\/2024\/04\/DARIO-BUITRON-300x300.jpg 300w, https:\/\/www.uartes.edu.ec\/sitio\/wp-content\/uploads\/2024\/04\/DARIO-BUITRON-644x644.jpg 644w, https:\/\/www.uartes.edu.ec\/sitio\/wp-content\/uploads\/2024\/04\/DARIO-BUITRON-150x150.jpg 150w, https:\/\/www.uartes.edu.ec\/sitio\/wp-content\/uploads\/2024\/04\/DARIO-BUITRON-768x768.jpg 768w, https:\/\/www.uartes.edu.ec\/sitio\/wp-content\/uploads\/2024\/04\/DARIO-BUITRON-12x12.jpg 12w, https:\/\/www.uartes.edu.ec\/sitio\/wp-content\/uploads\/2024\/04\/DARIO-BUITRON-60x60.jpg 60w, https:\/\/www.uartes.edu.ec\/sitio\/wp-content\/uploads\/2024\/04\/DARIO-BUITRON-600x600.jpg 600w, https:\/\/www.uartes.edu.ec\/sitio\/wp-content\/uploads\/2024\/04\/DARIO-BUITRON-100x100.jpg 100w, https:\/\/www.uartes.edu.ec\/sitio\/wp-content\/uploads\/2024\/04\/DARIO-BUITRON.jpg 1000w\" sizes=\"(max-width: 300px) 100vw, 300px\" \/><\/div>\n\t\t<\/a>\n\t\t\t\t<div class=\"elementor-post__text\">\n\t\t\t\t<h3 class=\"elementor-post__title\">\n\t\t\t<a href=\"https:\/\/www.uartes.edu.ec\/sitio\/fr\/docs\/dario-jose-buitron-merlo\/\" >\n\t\t\t\tDar\u00edo Jos\u00e9 Buitr\u00f3n Merlo\t\t\t<\/a>\n\t\t<\/h3>\n\t\t\t\t<\/div>\n\t\t\t\t<\/article>\n\t\t\t\t<article class=\"elementor-post elementor-grid-item post-52806 docs type-docs status-publish has-post-thumbnail hentry doc_category-produccion-musical\" role=\"listitem\">\n\t\t\t\t<a class=\"elementor-post__thumbnail__link\" href=\"https:\/\/www.uartes.edu.ec\/sitio\/fr\/docs\/denisse-roxana-lalama-prieto\/\" tabindex=\"-1\" >\n\t\t\t<div class=\"elementor-post__thumbnail\"><img loading=\"lazy\" decoding=\"async\" width=\"300\" height=\"300\" src=\"https:\/\/www.uartes.edu.ec\/sitio\/wp-content\/uploads\/2024\/04\/DENISSE-LALAMA-FOTO-300x300.jpg\" class=\"attachment-medium size-medium wp-image-52801\" alt=\"\" srcset=\"https:\/\/www.uartes.edu.ec\/sitio\/wp-content\/uploads\/2024\/04\/DENISSE-LALAMA-FOTO-300x300.jpg 300w, https:\/\/www.uartes.edu.ec\/sitio\/wp-content\/uploads\/2024\/04\/DENISSE-LALAMA-FOTO-644x644.jpg 644w, https:\/\/www.uartes.edu.ec\/sitio\/wp-content\/uploads\/2024\/04\/DENISSE-LALAMA-FOTO-150x150.jpg 150w, https:\/\/www.uartes.edu.ec\/sitio\/wp-content\/uploads\/2024\/04\/DENISSE-LALAMA-FOTO-768x768.jpg 768w, https:\/\/www.uartes.edu.ec\/sitio\/wp-content\/uploads\/2024\/04\/DENISSE-LALAMA-FOTO-12x12.jpg 12w, https:\/\/www.uartes.edu.ec\/sitio\/wp-content\/uploads\/2024\/04\/DENISSE-LALAMA-FOTO-60x60.jpg 60w, https:\/\/www.uartes.edu.ec\/sitio\/wp-content\/uploads\/2024\/04\/DENISSE-LALAMA-FOTO-600x600.jpg 600w, https:\/\/www.uartes.edu.ec\/sitio\/wp-content\/uploads\/2024\/04\/DENISSE-LALAMA-FOTO-100x100.jpg 100w, https:\/\/www.uartes.edu.ec\/sitio\/wp-content\/uploads\/2024\/04\/DENISSE-LALAMA-FOTO.jpg 800w\" sizes=\"(max-width: 300px) 100vw, 300px\" \/><\/div>\n\t\t<\/a>\n\t\t\t\t<div class=\"elementor-post__text\">\n\t\t\t\t<h3 class=\"elementor-post__title\">\n\t\t\t<a href=\"https:\/\/www.uartes.edu.ec\/sitio\/fr\/docs\/denisse-roxana-lalama-prieto\/\" >\n\t\t\t\tDenisse Roxana Lalama Prieto\t\t\t<\/a>\n\t\t<\/h3>\n\t\t\t\t<\/div>\n\t\t\t\t<\/article>\n\t\t\t\t<article class=\"elementor-post elementor-grid-item post-53259 docs type-docs status-publish has-post-thumbnail hentry doc_category-maestria-composicion-musical doc_category-produccion-musical\" role=\"listitem\">\n\t\t\t\t<a class=\"elementor-post__thumbnail__link\" href=\"https:\/\/www.uartes.edu.ec\/sitio\/fr\/docs\/ana-gabriela-yanez-moncayo\/\" tabindex=\"-1\" >\n\t\t\t<div class=\"elementor-post__thumbnail\"><img loading=\"lazy\" decoding=\"async\" width=\"300\" height=\"300\" src=\"https:\/\/www.uartes.edu.ec\/sitio\/wp-content\/uploads\/2024\/07\/Gabriela-Yanez-300x300.jpg\" class=\"attachment-medium size-medium wp-image-85593\" alt=\"\" srcset=\"https:\/\/www.uartes.edu.ec\/sitio\/wp-content\/uploads\/2024\/07\/Gabriela-Yanez-300x300.jpg 300w, https:\/\/www.uartes.edu.ec\/sitio\/wp-content\/uploads\/2024\/07\/Gabriela-Yanez-644x644.jpg 644w, https:\/\/www.uartes.edu.ec\/sitio\/wp-content\/uploads\/2024\/07\/Gabriela-Yanez-150x150.jpg 150w, https:\/\/www.uartes.edu.ec\/sitio\/wp-content\/uploads\/2024\/07\/Gabriela-Yanez-768x768.jpg 768w, https:\/\/www.uartes.edu.ec\/sitio\/wp-content\/uploads\/2024\/07\/Gabriela-Yanez-12x12.jpg 12w, https:\/\/www.uartes.edu.ec\/sitio\/wp-content\/uploads\/2024\/07\/Gabriela-Yanez-60x60.jpg 60w, https:\/\/www.uartes.edu.ec\/sitio\/wp-content\/uploads\/2024\/07\/Gabriela-Yanez-600x600.jpg 600w, https:\/\/www.uartes.edu.ec\/sitio\/wp-content\/uploads\/2024\/07\/Gabriela-Yanez.jpg 1000w\" sizes=\"(max-width: 300px) 100vw, 300px\" \/><\/div>\n\t\t<\/a>\n\t\t\t\t<div class=\"elementor-post__text\">\n\t\t\t\t<h3 class=\"elementor-post__title\">\n\t\t\t<a href=\"https:\/\/www.uartes.edu.ec\/sitio\/fr\/docs\/ana-gabriela-yanez-moncayo\/\" >\n\t\t\t\tGabriela Y\u00e1nez\t\t\t<\/a>\n\t\t<\/h3>\n\t\t\t\t<\/div>\n\t\t\t\t<\/article>\n\t\t\t\t<article class=\"elementor-post elementor-grid-item post-18381 docs type-docs status-publish has-post-thumbnail hentry doc_category-produccion-musical\" role=\"listitem\">\n\t\t\t\t<a class=\"elementor-post__thumbnail__link\" href=\"https:\/\/www.uartes.edu.ec\/sitio\/fr\/docs\/ivonne-berenice-jerez-chacon\/\" tabindex=\"-1\" >\n\t\t\t<div class=\"elementor-post__thumbnail\"><img loading=\"lazy\" decoding=\"async\" width=\"300\" height=\"300\" src=\"https:\/\/www.uartes.edu.ec\/sitio\/wp-content\/uploads\/2024\/04\/Ivonne-Jerez-300x300.jpg\" class=\"attachment-medium size-medium wp-image-53166\" alt=\"\" srcset=\"https:\/\/www.uartes.edu.ec\/sitio\/wp-content\/uploads\/2024\/04\/Ivonne-Jerez-300x300.jpg 300w, https:\/\/www.uartes.edu.ec\/sitio\/wp-content\/uploads\/2024\/04\/Ivonne-Jerez-644x644.jpg 644w, https:\/\/www.uartes.edu.ec\/sitio\/wp-content\/uploads\/2024\/04\/Ivonne-Jerez-150x150.jpg 150w, https:\/\/www.uartes.edu.ec\/sitio\/wp-content\/uploads\/2024\/04\/Ivonne-Jerez-768x768.jpg 768w, https:\/\/www.uartes.edu.ec\/sitio\/wp-content\/uploads\/2024\/04\/Ivonne-Jerez-12x12.jpg 12w, https:\/\/www.uartes.edu.ec\/sitio\/wp-content\/uploads\/2024\/04\/Ivonne-Jerez-60x60.jpg 60w, https:\/\/www.uartes.edu.ec\/sitio\/wp-content\/uploads\/2024\/04\/Ivonne-Jerez-600x600.jpg 600w, https:\/\/www.uartes.edu.ec\/sitio\/wp-content\/uploads\/2024\/04\/Ivonne-Jerez-100x100.jpg 100w, https:\/\/www.uartes.edu.ec\/sitio\/wp-content\/uploads\/2024\/04\/Ivonne-Jerez.jpg 1000w\" sizes=\"(max-width: 300px) 100vw, 300px\" \/><\/div>\n\t\t<\/a>\n\t\t\t\t<div class=\"elementor-post__text\">\n\t\t\t\t<h3 class=\"elementor-post__title\">\n\t\t\t<a href=\"https:\/\/www.uartes.edu.ec\/sitio\/fr\/docs\/ivonne-berenice-jerez-chacon\/\" >\n\t\t\t\tIvonne Berenice Jerez Chac\u00f3n\t\t\t<\/a>\n\t\t<\/h3>\n\t\t\t\t<\/div>\n\t\t\t\t<\/article>\n\t\t\t\t<article class=\"elementor-post elementor-grid-item post-53254 docs type-docs status-publish has-post-thumbnail hentry doc_category-produccion-musical\" role=\"listitem\">\n\t\t\t\t<a class=\"elementor-post__thumbnail__link\" href=\"https:\/\/www.uartes.edu.ec\/sitio\/fr\/docs\/joanne-patricia-vance-mafla\/\" tabindex=\"-1\" >\n\t\t\t<div class=\"elementor-post__thumbnail\"><img loading=\"lazy\" decoding=\"async\" width=\"300\" height=\"300\" src=\"https:\/\/www.uartes.edu.ec\/sitio\/wp-content\/uploads\/2024\/05\/Joanne-Vance-foto-1-300x300.jpg\" class=\"attachment-medium size-medium wp-image-53257\" alt=\"\" srcset=\"https:\/\/www.uartes.edu.ec\/sitio\/wp-content\/uploads\/2024\/05\/Joanne-Vance-foto-1-300x300.jpg 300w, https:\/\/www.uartes.edu.ec\/sitio\/wp-content\/uploads\/2024\/05\/Joanne-Vance-foto-1-644x644.jpg 644w, https:\/\/www.uartes.edu.ec\/sitio\/wp-content\/uploads\/2024\/05\/Joanne-Vance-foto-1-150x150.jpg 150w, https:\/\/www.uartes.edu.ec\/sitio\/wp-content\/uploads\/2024\/05\/Joanne-Vance-foto-1-768x768.jpg 768w, https:\/\/www.uartes.edu.ec\/sitio\/wp-content\/uploads\/2024\/05\/Joanne-Vance-foto-1-12x12.jpg 12w, https:\/\/www.uartes.edu.ec\/sitio\/wp-content\/uploads\/2024\/05\/Joanne-Vance-foto-1-60x60.jpg 60w, https:\/\/www.uartes.edu.ec\/sitio\/wp-content\/uploads\/2024\/05\/Joanne-Vance-foto-1-600x600.jpg 600w, https:\/\/www.uartes.edu.ec\/sitio\/wp-content\/uploads\/2024\/05\/Joanne-Vance-foto-1-100x100.jpg 100w, https:\/\/www.uartes.edu.ec\/sitio\/wp-content\/uploads\/2024\/05\/Joanne-Vance-foto-1.jpg 1000w\" sizes=\"(max-width: 300px) 100vw, 300px\" \/><\/div>\n\t\t<\/a>\n\t\t\t\t<div class=\"elementor-post__text\">\n\t\t\t\t<h3 class=\"elementor-post__title\">\n\t\t\t<a href=\"https:\/\/www.uartes.edu.ec\/sitio\/fr\/docs\/joanne-patricia-vance-mafla\/\" >\n\t\t\t\tJoanne Patricia Vance Mafla\t\t\t<\/a>\n\t\t<\/h3>\n\t\t\t\t<\/div>\n\t\t\t\t<\/article>\n\t\t\t\t<article class=\"elementor-post elementor-grid-item post-18406 docs type-docs status-publish has-post-thumbnail hentry doc_category-produccion-musical\" role=\"listitem\">\n\t\t\t\t<a class=\"elementor-post__thumbnail__link\" href=\"https:\/\/www.uartes.edu.ec\/sitio\/fr\/docs\/antonio-cepeda\/\" tabindex=\"-1\" >\n\t\t\t<div class=\"elementor-post__thumbnail\"><img loading=\"lazy\" decoding=\"async\" width=\"300\" height=\"300\" src=\"https:\/\/www.uartes.edu.ec\/sitio\/wp-content\/uploads\/2021\/12\/dp-Antonio-Cepeda-300x300.jpg\" class=\"attachment-medium size-medium wp-image-18344\" alt=\"\" srcset=\"https:\/\/www.uartes.edu.ec\/sitio\/wp-content\/uploads\/2021\/12\/dp-Antonio-Cepeda-300x300.jpg 300w, https:\/\/www.uartes.edu.ec\/sitio\/wp-content\/uploads\/2021\/12\/dp-Antonio-Cepeda-644x644.jpg 644w, https:\/\/www.uartes.edu.ec\/sitio\/wp-content\/uploads\/2021\/12\/dp-Antonio-Cepeda-150x150.jpg 150w, https:\/\/www.uartes.edu.ec\/sitio\/wp-content\/uploads\/2021\/12\/dp-Antonio-Cepeda-768x768.jpg 768w, https:\/\/www.uartes.edu.ec\/sitio\/wp-content\/uploads\/2021\/12\/dp-Antonio-Cepeda-60x60.jpg 60w, https:\/\/www.uartes.edu.ec\/sitio\/wp-content\/uploads\/2021\/12\/dp-Antonio-Cepeda-600x600.jpg 600w, https:\/\/www.uartes.edu.ec\/sitio\/wp-content\/uploads\/2021\/12\/dp-Antonio-Cepeda-100x100.jpg 100w, https:\/\/www.uartes.edu.ec\/sitio\/wp-content\/uploads\/2021\/12\/dp-Antonio-Cepeda.jpg 1000w\" sizes=\"(max-width: 300px) 100vw, 300px\" \/><\/div>\n\t\t<\/a>\n\t\t\t\t<div class=\"elementor-post__text\">\n\t\t\t\t<h3 class=\"elementor-post__title\">\n\t\t\t<a href=\"https:\/\/www.uartes.edu.ec\/sitio\/fr\/docs\/antonio-cepeda\/\" >\n\t\t\t\tJos\u00e9 Antonio Cepeda Andrade\t\t\t<\/a>\n\t\t<\/h3>\n\t\t\t\t<\/div>\n\t\t\t\t<\/article>\n\t\t\t\t<article class=\"elementor-post elementor-grid-item post-18385 docs type-docs status-publish has-post-thumbnail hentry doc_category-maestria-composicion-musical doc_category-maestria-politicas-culturales doc_category-produccion-musical doc_tag-interno\" role=\"listitem\">\n\t\t\t\t<a class=\"elementor-post__thumbnail__link\" href=\"https:\/\/www.uartes.edu.ec\/sitio\/fr\/docs\/luis-perez-valero\/\" tabindex=\"-1\" >\n\t\t\t<div class=\"elementor-post__thumbnail\"><img loading=\"lazy\" decoding=\"async\" width=\"300\" height=\"300\" src=\"https:\/\/www.uartes.edu.ec\/sitio\/wp-content\/uploads\/2025\/09\/inveLUIS-PEREZ-VALERO-DIRECTOR-VPI-OK-300x300.jpg\" class=\"attachment-medium size-medium wp-image-79257\" alt=\"\" srcset=\"https:\/\/www.uartes.edu.ec\/sitio\/wp-content\/uploads\/2025\/09\/inveLUIS-PEREZ-VALERO-DIRECTOR-VPI-OK-300x300.jpg 300w, https:\/\/www.uartes.edu.ec\/sitio\/wp-content\/uploads\/2025\/09\/inveLUIS-PEREZ-VALERO-DIRECTOR-VPI-OK-644x644.jpg 644w, https:\/\/www.uartes.edu.ec\/sitio\/wp-content\/uploads\/2025\/09\/inveLUIS-PEREZ-VALERO-DIRECTOR-VPI-OK-150x150.jpg 150w, https:\/\/www.uartes.edu.ec\/sitio\/wp-content\/uploads\/2025\/09\/inveLUIS-PEREZ-VALERO-DIRECTOR-VPI-OK-768x768.jpg 768w, https:\/\/www.uartes.edu.ec\/sitio\/wp-content\/uploads\/2025\/09\/inveLUIS-PEREZ-VALERO-DIRECTOR-VPI-OK-12x12.jpg 12w, https:\/\/www.uartes.edu.ec\/sitio\/wp-content\/uploads\/2025\/09\/inveLUIS-PEREZ-VALERO-DIRECTOR-VPI-OK-60x60.jpg 60w, https:\/\/www.uartes.edu.ec\/sitio\/wp-content\/uploads\/2025\/09\/inveLUIS-PEREZ-VALERO-DIRECTOR-VPI-OK-600x600.jpg 600w, https:\/\/www.uartes.edu.ec\/sitio\/wp-content\/uploads\/2025\/09\/inveLUIS-PEREZ-VALERO-DIRECTOR-VPI-OK.jpg 1000w\" sizes=\"(max-width: 300px) 100vw, 300px\" \/><\/div>\n\t\t<\/a>\n\t\t\t\t<div class=\"elementor-post__text\">\n\t\t\t\t<h3 class=\"elementor-post__title\">\n\t\t\t<a href=\"https:\/\/www.uartes.edu.ec\/sitio\/fr\/docs\/luis-perez-valero\/\" >\n\t\t\t\tLuis P\u00e9rez Valero\t\t\t<\/a>\n\t\t<\/h3>\n\t\t\t\t<\/div>\n\t\t\t\t<\/article>\n\t\t\t\t<article class=\"elementor-post elementor-grid-item post-18390 docs type-docs status-publish has-post-thumbnail hentry doc_category-produccion-musical\" role=\"listitem\">\n\t\t\t\t<a class=\"elementor-post__thumbnail__link\" href=\"https:\/\/www.uartes.edu.ec\/sitio\/fr\/docs\/meining-cheung-ruiz\/\" tabindex=\"-1\" >\n\t\t\t<div class=\"elementor-post__thumbnail\"><img loading=\"lazy\" decoding=\"async\" width=\"300\" height=\"300\" src=\"https:\/\/www.uartes.edu.ec\/sitio\/wp-content\/uploads\/2021\/12\/dp-meining-cheung-300x300.jpg\" class=\"attachment-medium size-medium wp-image-18339\" alt=\"\" srcset=\"https:\/\/www.uartes.edu.ec\/sitio\/wp-content\/uploads\/2021\/12\/dp-meining-cheung-300x300.jpg 300w, https:\/\/www.uartes.edu.ec\/sitio\/wp-content\/uploads\/2021\/12\/dp-meining-cheung-150x150.jpg 150w, https:\/\/www.uartes.edu.ec\/sitio\/wp-content\/uploads\/2021\/12\/dp-meining-cheung-60x60.jpg 60w, https:\/\/www.uartes.edu.ec\/sitio\/wp-content\/uploads\/2021\/12\/dp-meining-cheung-100x100.jpg 100w, https:\/\/www.uartes.edu.ec\/sitio\/wp-content\/uploads\/2021\/12\/dp-meining-cheung.jpg 422w\" sizes=\"(max-width: 300px) 100vw, 300px\" \/><\/div>\n\t\t<\/a>\n\t\t\t\t<div class=\"elementor-post__text\">\n\t\t\t\t<h3 class=\"elementor-post__title\">\n\t\t\t<a href=\"https:\/\/www.uartes.edu.ec\/sitio\/fr\/docs\/meining-cheung-ruiz\/\" >\n\t\t\t\tMeining Marcela  Cheung Ru\u00edz\t\t\t<\/a>\n\t\t<\/h3>\n\t\t\t\t<\/div>\n\t\t\t\t<\/article>\n\t\t\t\t<article class=\"elementor-post elementor-grid-item post-18394 docs type-docs status-publish has-post-thumbnail hentry doc_category-produccion-musical\" role=\"listitem\">\n\t\t\t\t<a class=\"elementor-post__thumbnail__link\" href=\"https:\/\/www.uartes.edu.ec\/sitio\/fr\/docs\/omar-ivan-dominguez-castro\/\" tabindex=\"-1\" >\n\t\t\t<div class=\"elementor-post__thumbnail\"><img loading=\"lazy\" decoding=\"async\" width=\"300\" height=\"300\" src=\"https:\/\/www.uartes.edu.ec\/sitio\/wp-content\/uploads\/2021\/12\/dp-001_Omar-Domi\u0301nguez-300x300.jpg\" class=\"attachment-medium size-medium wp-image-18342\" alt=\"\" srcset=\"https:\/\/www.uartes.edu.ec\/sitio\/wp-content\/uploads\/2021\/12\/dp-001_Omar-Domi\u0301nguez-300x300.jpg 300w, https:\/\/www.uartes.edu.ec\/sitio\/wp-content\/uploads\/2021\/12\/dp-001_Omar-Domi\u0301nguez-150x150.jpg 150w, https:\/\/www.uartes.edu.ec\/sitio\/wp-content\/uploads\/2021\/12\/dp-001_Omar-Domi\u0301nguez-60x60.jpg 60w, https:\/\/www.uartes.edu.ec\/sitio\/wp-content\/uploads\/2021\/12\/dp-001_Omar-Domi\u0301nguez-100x100.jpg 100w, https:\/\/www.uartes.edu.ec\/sitio\/wp-content\/uploads\/2021\/12\/dp-001_Omar-Domi\u0301nguez.jpg 480w\" sizes=\"(max-width: 300px) 100vw, 300px\" \/><\/div>\n\t\t<\/a>\n\t\t\t\t<div class=\"elementor-post__text\">\n\t\t\t\t<h3 class=\"elementor-post__title\">\n\t\t\t<a href=\"https:\/\/www.uartes.edu.ec\/sitio\/fr\/docs\/omar-ivan-dominguez-castro\/\" >\n\t\t\t\tOmar Iv\u00e1n Dom\u00ednguez Castro\t\t\t<\/a>\n\t\t<\/h3>\n\t\t\t\t<\/div>\n\t\t\t\t<\/article>\n\t\t\t\t<article class=\"elementor-post elementor-grid-item post-18376 docs type-docs status-publish has-post-thumbnail hentry doc_category-produccion-musical\" role=\"listitem\">\n\t\t\t\t<a class=\"elementor-post__thumbnail__link\" href=\"https:\/\/www.uartes.edu.ec\/sitio\/fr\/docs\/pedro-alberto-segovia-gonzalez\/\" tabindex=\"-1\" >\n\t\t\t<div class=\"elementor-post__thumbnail\"><img loading=\"lazy\" decoding=\"async\" width=\"300\" height=\"300\" src=\"https:\/\/www.uartes.edu.ec\/sitio\/wp-content\/uploads\/2021\/11\/Pedro-Segovia-Gonza\u0301lez-1-300x300.jpg\" class=\"attachment-medium size-medium wp-image-16939\" alt=\"\" srcset=\"https:\/\/www.uartes.edu.ec\/sitio\/wp-content\/uploads\/2021\/11\/Pedro-Segovia-Gonza\u0301lez-1-300x300.jpg 300w, https:\/\/www.uartes.edu.ec\/sitio\/wp-content\/uploads\/2021\/11\/Pedro-Segovia-Gonza\u0301lez-1-150x150.jpg 150w, https:\/\/www.uartes.edu.ec\/sitio\/wp-content\/uploads\/2021\/11\/Pedro-Segovia-Gonza\u0301lez-1-60x60.jpg 60w, https:\/\/www.uartes.edu.ec\/sitio\/wp-content\/uploads\/2021\/11\/Pedro-Segovia-Gonza\u0301lez-1-100x100.jpg 100w, https:\/\/www.uartes.edu.ec\/sitio\/wp-content\/uploads\/2021\/11\/Pedro-Segovia-Gonza\u0301lez-1.jpg 311w\" sizes=\"(max-width: 300px) 100vw, 300px\" \/><\/div>\n\t\t<\/a>\n\t\t\t\t<div class=\"elementor-post__text\">\n\t\t\t\t<h3 class=\"elementor-post__title\">\n\t\t\t<a href=\"https:\/\/www.uartes.edu.ec\/sitio\/fr\/docs\/pedro-alberto-segovia-gonzalez\/\" >\n\t\t\t\tPedro Alberto Segovia Gonz\u00e1lez\t\t\t<\/a>\n\t\t<\/h3>\n\t\t\t\t<\/div>\n\t\t\t\t<\/article>\n\t\t\t\t<article class=\"elementor-post elementor-grid-item post-18397 docs type-docs status-publish has-post-thumbnail hentry doc_category-produccion-musical\" role=\"listitem\">\n\t\t\t\t<a class=\"elementor-post__thumbnail__link\" href=\"https:\/\/www.uartes.edu.ec\/sitio\/fr\/docs\/ruben-riera-2\/\" tabindex=\"-1\" >\n\t\t\t<div class=\"elementor-post__thumbnail\"><img loading=\"lazy\" decoding=\"async\" width=\"300\" height=\"300\" src=\"https:\/\/www.uartes.edu.ec\/sitio\/wp-content\/uploads\/2021\/12\/RUbenRiera-300x300.jpg\" class=\"attachment-medium size-medium wp-image-58782\" alt=\"\" srcset=\"https:\/\/www.uartes.edu.ec\/sitio\/wp-content\/uploads\/2021\/12\/RUbenRiera-300x300.jpg 300w, https:\/\/www.uartes.edu.ec\/sitio\/wp-content\/uploads\/2021\/12\/RUbenRiera-644x644.jpg 644w, https:\/\/www.uartes.edu.ec\/sitio\/wp-content\/uploads\/2021\/12\/RUbenRiera-150x150.jpg 150w, https:\/\/www.uartes.edu.ec\/sitio\/wp-content\/uploads\/2021\/12\/RUbenRiera-768x768.jpg 768w, https:\/\/www.uartes.edu.ec\/sitio\/wp-content\/uploads\/2021\/12\/RUbenRiera-12x12.jpg 12w, https:\/\/www.uartes.edu.ec\/sitio\/wp-content\/uploads\/2021\/12\/RUbenRiera-60x60.jpg 60w, https:\/\/www.uartes.edu.ec\/sitio\/wp-content\/uploads\/2021\/12\/RUbenRiera.jpg 1000w\" sizes=\"(max-width: 300px) 100vw, 300px\" \/><\/div>\n\t\t<\/a>\n\t\t\t\t<div class=\"elementor-post__text\">\n\t\t\t\t<h3 class=\"elementor-post__title\">\n\t\t\t<a href=\"https:\/\/www.uartes.edu.ec\/sitio\/fr\/docs\/ruben-riera-2\/\" >\n\t\t\t\tRub\u00e9n Julio Riera Esteban\t\t\t<\/a>\n\t\t<\/h3>\n\t\t\t\t<\/div>\n\t\t\t\t<\/article>\n\t\t\t\t<article class=\"elementor-post elementor-grid-item post-74356 docs type-docs status-publish has-post-thumbnail hentry doc_category-produccion-musical\" role=\"listitem\">\n\t\t\t\t<a class=\"elementor-post__thumbnail__link\" href=\"https:\/\/www.uartes.edu.ec\/sitio\/fr\/docs\/victor-hugo-herrera-recalde\/\" tabindex=\"-1\" >\n\t\t\t<div class=\"elementor-post__thumbnail\"><img loading=\"lazy\" decoding=\"async\" width=\"300\" height=\"300\" src=\"https:\/\/www.uartes.edu.ec\/sitio\/wp-content\/uploads\/2025\/04\/persona-placeholder-300x300.png\" class=\"attachment-medium size-medium wp-image-70621\" alt=\"\" srcset=\"https:\/\/www.uartes.edu.ec\/sitio\/wp-content\/uploads\/2025\/04\/persona-placeholder-300x300.png 300w, https:\/\/www.uartes.edu.ec\/sitio\/wp-content\/uploads\/2025\/04\/persona-placeholder-150x150.png 150w, https:\/\/www.uartes.edu.ec\/sitio\/wp-content\/uploads\/2025\/04\/persona-placeholder-12x12.png 12w, https:\/\/www.uartes.edu.ec\/sitio\/wp-content\/uploads\/2025\/04\/persona-placeholder-60x60.png 60w, https:\/\/www.uartes.edu.ec\/sitio\/wp-content\/uploads\/2025\/04\/persona-placeholder.png 512w\" sizes=\"(max-width: 300px) 100vw, 300px\" \/><\/div>\n\t\t<\/a>\n\t\t\t\t<div class=\"elementor-post__text\">\n\t\t\t\t<h3 class=\"elementor-post__title\">\n\t\t\t<a href=\"https:\/\/www.uartes.edu.ec\/sitio\/fr\/docs\/victor-hugo-herrera-recalde\/\" >\n\t\t\t\tV\u00edctor Hugo Herrera Recalde\t\t\t<\/a>\n\t\t<\/h3>\n\t\t\t\t<\/div>\n\t\t\t\t<\/article>\n\t\t\t\t<\/div>\n\t\t\n\t\t\t\t\t\t<\/div>\n\t\t\t\t<\/div>\n\t\t\t\t\t<\/div>\n\t\t<\/div>\n\t\t\t\t\t<\/div>\n\t\t<\/section>\n\t\t\t\t<section class=\"elementor-section elementor-top-section elementor-element elementor-element-a29b065 elementor-section-stretched elementor-section-boxed elementor-section-height-default elementor-section-height-default\" data-id=\"a29b065\" data-element_type=\"section\" data-e-type=\"section\" data-settings=\"{&quot;background_background&quot;:&quot;classic&quot;,&quot;stretch_section&quot;:&quot;section-stretched&quot;,&quot;_ha_eqh_enable&quot;:false}\">\n\t\t\t\t\t\t\t<div class=\"elementor-background-overlay\"><\/div>\n\t\t\t\t\t\t\t<div class=\"elementor-container elementor-column-gap-default\">\n\t\t\t\t\t<div class=\"elementor-column elementor-col-100 elementor-top-column elementor-element elementor-element-4512918\" data-id=\"4512918\" data-element_type=\"column\" data-e-type=\"column\">\n\t\t\t<div class=\"elementor-widget-wrap elementor-element-populated\">\n\t\t\t\t\t\t<div class=\"elementor-element elementor-element-f439f02 elementor-invisible elementor-widget elementor-widget-heading\" data-id=\"f439f02\" data-element_type=\"widget\" data-e-type=\"widget\" data-settings=\"{&quot;_animation&quot;:&quot;fadeIn&quot;}\" data-widget_type=\"heading.default\">\n\t\t\t\t<div class=\"elementor-widget-container\">\n\t\t\t\t\t<h2 class=\"elementor-heading-title elementor-size-default\">Admission<\/h2>\t\t\t\t<\/div>\n\t\t\t\t<\/div>\n\t\t\t\t<div class=\"elementor-element elementor-element-be0b481 elementor-widget-divider--view-line elementor-invisible elementor-widget elementor-widget-divider\" data-id=\"be0b481\" data-element_type=\"widget\" data-e-type=\"widget\" data-settings=\"{&quot;_animation&quot;:&quot;fadeIn&quot;,&quot;_animation_delay&quot;:&quot;100&quot;}\" data-widget_type=\"divider.default\">\n\t\t\t\t<div class=\"elementor-widget-container\">\n\t\t\t\t\t\t\t<div class=\"elementor-divider\">\n\t\t\t<span class=\"elementor-divider-separator\">\n\t\t\t\t\t\t<\/span>\n\t\t<\/div>\n\t\t\t\t\t\t<\/div>\n\t\t\t\t<\/div>\n\t\t\t\t<div class=\"elementor-element elementor-element-2fcc52c animated-fast elementor-invisible elementor-widget elementor-widget-heading\" data-id=\"2fcc52c\" data-element_type=\"widget\" data-e-type=\"widget\" data-settings=\"{&quot;_animation&quot;:&quot;fadeInUp&quot;}\" data-widget_type=\"heading.default\">\n\t\t\t\t<div class=\"elementor-widget-container\">\n\t\t\t\t\t<h1 class=\"elementor-heading-title elementor-size-default\">Pr\u00eat pour candidater?<\/h1>\t\t\t\t<\/div>\n\t\t\t\t<\/div>\n\t\t\t\t<div class=\"elementor-element elementor-element-c2eb13e elementor-align-center elementor-invisible elementor-widget elementor-widget-button\" data-id=\"c2eb13e\" data-element_type=\"widget\" data-e-type=\"widget\" data-settings=\"{&quot;_animation&quot;:&quot;fadeInUp&quot;}\" data-widget_type=\"button.default\">\n\t\t\t\t<div class=\"elementor-widget-container\">\n\t\t\t\t\t\t\t\t\t<div class=\"elementor-button-wrapper\">\n\t\t\t\t\t<a class=\"elementor-button elementor-button-link elementor-size-sm elementor-animation-grow\" href=\"http:\/\/www.uartes.edu.ec\/sitio\/la-universidad\/pregrado\/admisiones\/#pasos\">\n\t\t\t\t\t\t<span class=\"elementor-button-content-wrapper\">\n\t\t\t\t\t\t\t\t\t<span class=\"elementor-button-text\">Processus d\u2019amission<\/span>\n\t\t\t\t\t<\/span>\n\t\t\t\t\t<\/a>\n\t\t\t\t<\/div>\n\t\t\t\t\t\t\t\t<\/div>\n\t\t\t\t<\/div>\n\t\t\t\t\t<\/div>\n\t\t<\/div>\n\t\t\t\t\t<\/div>\n\t\t<\/section>\n\t\t\t\t<section class=\"elementor-section elementor-top-section elementor-element elementor-element-a5e358e elementor-section-boxed elementor-section-height-default elementor-section-height-default\" data-id=\"a5e358e\" data-element_type=\"section\" data-e-type=\"section\" data-settings=\"{&quot;background_background&quot;:&quot;classic&quot;,&quot;_ha_eqh_enable&quot;:false}\">\n\t\t\t\t\t\t<div class=\"elementor-container elementor-column-gap-no\">\n\t\t\t\t\t<div class=\"elementor-column elementor-col-100 elementor-top-column elementor-element elementor-element-37f0f03\" data-id=\"37f0f03\" data-element_type=\"column\" data-e-type=\"column\">\n\t\t\t<div class=\"elementor-widget-wrap elementor-element-populated\">\n\t\t\t\t\t\t<div class=\"elementor-element elementor-element-3d66e75 elementor-widget elementor-widget-heading\" data-id=\"3d66e75\" data-element_type=\"widget\" data-e-type=\"widget\" data-widget_type=\"heading.default\">\n\t\t\t\t<div class=\"elementor-widget-container\">\n\t\t\t\t\t<h2 class=\"elementor-heading-title elementor-size-large\">Nouveaut\u00e9s<\/h2>\t\t\t\t<\/div>\n\t\t\t\t<\/div>\n\t\t\t\t<div class=\"elementor-element elementor-element-37b8807 elementor-grid-3 elementor-grid-tablet-2 elementor-grid-mobile-1 elementor-posts--thumbnail-top elementor-widget elementor-widget-posts\" data-id=\"37b8807\" data-element_type=\"widget\" data-e-type=\"widget\" data-settings=\"{&quot;classic_columns&quot;:&quot;3&quot;,&quot;classic_columns_tablet&quot;:&quot;2&quot;,&quot;classic_columns_mobile&quot;:&quot;1&quot;,&quot;classic_row_gap&quot;:{&quot;unit&quot;:&quot;px&quot;,&quot;size&quot;:35,&quot;sizes&quot;:[]},&quot;classic_row_gap_tablet&quot;:{&quot;unit&quot;:&quot;px&quot;,&quot;size&quot;:&quot;&quot;,&quot;sizes&quot;:[]},&quot;classic_row_gap_mobile&quot;:{&quot;unit&quot;:&quot;px&quot;,&quot;size&quot;:&quot;&quot;,&quot;sizes&quot;:[]}}\" data-widget_type=\"posts.classic\">\n\t\t\t\t<div class=\"elementor-widget-container\">\n\t\t\t\t\t\t\t<div class=\"elementor-posts-container elementor-posts elementor-posts--skin-classic elementor-grid\" role=\"list\">\n\t\t\t\t<article class=\"elementor-post elementor-grid-item post-90070 post type-post status-publish format-standard has-post-thumbnail hentry category-academico category-administrativos category-artes-escenicas category-artes-sonoras category-artes-visuales category-cine category-docentes category-literatura category-maestrias tag-produccion\" role=\"listitem\">\n\t\t\t\t<a class=\"elementor-post__thumbnail__link\" href=\"https:\/\/www.uartes.edu.ec\/sitio\/fr\/blog\/2026\/04\/29\/manual-de-estilo-de-la-universidad-de-las-artes-tuvo-su-presentacion-oficial-se-puede-descargar-en-el-sitio-web\/\" tabindex=\"-1\" >\n\t\t\t<div class=\"elementor-post__thumbnail\"><img loading=\"lazy\" decoding=\"async\" width=\"300\" height=\"200\" src=\"https:\/\/www.uartes.edu.ec\/sitio\/wp-content\/uploads\/2026\/04\/01-MANUAL-DE-ESTILO-UARTES-300x200.jpg\" class=\"attachment-medium size-medium wp-image-90077\" alt=\"\" srcset=\"https:\/\/www.uartes.edu.ec\/sitio\/wp-content\/uploads\/2026\/04\/01-MANUAL-DE-ESTILO-UARTES-300x200.jpg 300w, https:\/\/www.uartes.edu.ec\/sitio\/wp-content\/uploads\/2026\/04\/01-MANUAL-DE-ESTILO-UARTES-644x429.jpg 644w, https:\/\/www.uartes.edu.ec\/sitio\/wp-content\/uploads\/2026\/04\/01-MANUAL-DE-ESTILO-UARTES-768x512.jpg 768w, https:\/\/www.uartes.edu.ec\/sitio\/wp-content\/uploads\/2026\/04\/01-MANUAL-DE-ESTILO-UARTES-1536x1024.jpg 1536w, https:\/\/www.uartes.edu.ec\/sitio\/wp-content\/uploads\/2026\/04\/01-MANUAL-DE-ESTILO-UARTES-18x12.jpg 18w, https:\/\/www.uartes.edu.ec\/sitio\/wp-content\/uploads\/2026\/04\/01-MANUAL-DE-ESTILO-UARTES-600x400.jpg 600w, https:\/\/www.uartes.edu.ec\/sitio\/wp-content\/uploads\/2026\/04\/01-MANUAL-DE-ESTILO-UARTES-400x267.jpg 400w, https:\/\/www.uartes.edu.ec\/sitio\/wp-content\/uploads\/2026\/04\/01-MANUAL-DE-ESTILO-UARTES.jpg 2000w\" sizes=\"(max-width: 300px) 100vw, 300px\" \/><\/div>\n\t\t<\/a>\n\t\t\t\t<div class=\"elementor-post__text\">\n\t\t\t\t<h3 class=\"elementor-post__title\">\n\t\t\t<a href=\"https:\/\/www.uartes.edu.ec\/sitio\/fr\/blog\/2026\/04\/29\/manual-de-estilo-de-la-universidad-de-las-artes-tuvo-su-presentacion-oficial-se-puede-descargar-en-el-sitio-web\/\" >\n\t\t\t\tManual de estilo de la Universidad de las Artes tuvo su presentaci\u00f3n oficial; se lo puede descargar en el sitio web del CEAT\t\t\t<\/a>\n\t\t<\/h3>\n\t\t\t\t<div class=\"elementor-post__meta-data\">\n\t\t\t\t\t<span class=\"elementor-post-date\">\n\t\t\t29 avril 2026\t\t<\/span>\n\t\t\t\t<\/div>\n\t\t\t\t<div class=\"elementor-post__excerpt\">\n\t\t\t<p>El manual de estilo de la Universidad de las Artes est\u00e1 ya alojado en la p\u00e1gina web del CEAT, listo para ser descargado. No obstante, el 24 de abril se realiz\u00f3 su presentaci\u00f3n impresa en la Biblioteca de las Artes con la asistencia de nuestras autoridades, docentes, estudiantes y administrativos. La obra es una herramienta que apunta a fortalecer la coherencia y la calidad en la redacci\u00f3n de documentos institucionales y acad\u00e9micos.<\/p>\n\t\t<\/div>\n\t\t\n\t\t<a class=\"elementor-post__read-more\" href=\"https:\/\/www.uartes.edu.ec\/sitio\/fr\/blog\/2026\/04\/29\/manual-de-estilo-de-la-universidad-de-las-artes-tuvo-su-presentacion-oficial-se-puede-descargar-en-el-sitio-web\/\" aria-label=\"En savoir plus sur Manual de estilo de la Universidad de las Artes tuvo su presentaci\u00f3n oficial; se lo puede descargar en el sitio web del CEAT\" tabindex=\"-1\" >\n\t\t\tLeer m\u00e1s\t\t<\/a>\n\n\t\t\t\t<\/div>\n\t\t\t\t<\/article>\n\t\t\t\t<article class=\"elementor-post elementor-grid-item post-90029 post type-post status-publish format-standard has-post-thumbnail hentry category-academico category-artes category-artes-sonoras category-docentes category-estudiantes category-sedes tag-encuentro\" role=\"listitem\">\n\t\t\t\t<a class=\"elementor-post__thumbnail__link\" href=\"https:\/\/www.uartes.edu.ec\/sitio\/fr\/blog\/2026\/04\/29\/baterista-mark-walker-dara-masterclass-en-las-jornadas-de-catedras-vivas-percusion-de-la-escuela-de-artes-sonoras\/\" tabindex=\"-1\" >\n\t\t\t<div class=\"elementor-post__thumbnail\"><img loading=\"lazy\" decoding=\"async\" width=\"300\" height=\"200\" src=\"https:\/\/www.uartes.edu.ec\/sitio\/wp-content\/uploads\/2026\/04\/Proyecto-Cambiar-tamano-de-imagen-2026-04-29T124638.562-300x200.jpeg\" class=\"attachment-medium size-medium wp-image-90052\" alt=\"\" srcset=\"https:\/\/www.uartes.edu.ec\/sitio\/wp-content\/uploads\/2026\/04\/Proyecto-Cambiar-tamano-de-imagen-2026-04-29T124638.562-300x200.jpeg 300w, https:\/\/www.uartes.edu.ec\/sitio\/wp-content\/uploads\/2026\/04\/Proyecto-Cambiar-tamano-de-imagen-2026-04-29T124638.562-644x429.jpeg 644w, https:\/\/www.uartes.edu.ec\/sitio\/wp-content\/uploads\/2026\/04\/Proyecto-Cambiar-tamano-de-imagen-2026-04-29T124638.562-768x512.jpeg 768w, https:\/\/www.uartes.edu.ec\/sitio\/wp-content\/uploads\/2026\/04\/Proyecto-Cambiar-tamano-de-imagen-2026-04-29T124638.562-1536x1024.jpeg 1536w, https:\/\/www.uartes.edu.ec\/sitio\/wp-content\/uploads\/2026\/04\/Proyecto-Cambiar-tamano-de-imagen-2026-04-29T124638.562-18x12.jpeg 18w, https:\/\/www.uartes.edu.ec\/sitio\/wp-content\/uploads\/2026\/04\/Proyecto-Cambiar-tamano-de-imagen-2026-04-29T124638.562-600x400.jpeg 600w, https:\/\/www.uartes.edu.ec\/sitio\/wp-content\/uploads\/2026\/04\/Proyecto-Cambiar-tamano-de-imagen-2026-04-29T124638.562-400x267.jpeg 400w, https:\/\/www.uartes.edu.ec\/sitio\/wp-content\/uploads\/2026\/04\/Proyecto-Cambiar-tamano-de-imagen-2026-04-29T124638.562.jpeg 2000w\" sizes=\"(max-width: 300px) 100vw, 300px\" \/><\/div>\n\t\t<\/a>\n\t\t\t\t<div class=\"elementor-post__text\">\n\t\t\t\t<h3 class=\"elementor-post__title\">\n\t\t\t<a href=\"https:\/\/www.uartes.edu.ec\/sitio\/fr\/blog\/2026\/04\/29\/baterista-mark-walker-dara-masterclass-en-las-jornadas-de-catedras-vivas-percusion-de-la-escuela-de-artes-sonoras\/\" >\n\t\t\t\tBaterista Mark Walker dar\u00e1 masterclass en jornadas \u201cC\u00e1tedras Vivas: Percusi\u00f3n\u201d\t\t\t<\/a>\n\t\t<\/h3>\n\t\t\t\t<div class=\"elementor-post__meta-data\">\n\t\t\t\t\t<span class=\"elementor-post-date\">\n\t\t\t29 avril 2026\t\t<\/span>\n\t\t\t\t<\/div>\n\t\t\t\t<div class=\"elementor-post__excerpt\">\n\t\t\t<p>La Universidad de las Artes, en el marco de sus jornadas de \u201cC\u00e1tedras Vivas: Percusi\u00f3n\u201d, impulsa un espacio de encuentro entre estudiantes, docentes y profesionales de la percusi\u00f3n, con el prop\u00f3sito de fortalecer el aprendizaje en contexto real, el intercambio de saberes y la conexi\u00f3n entre distintas generaciones de m\u00fasicos. Como parte de esta iniciativa, el 4 y 5 de mayo habr\u00e1 masterclasses de m\u00fasicos locales, di\u00e1logos y la participaci\u00f3n del reconocido baterista Mark Walker.<\/p>\n\t\t<\/div>\n\t\t\n\t\t<a class=\"elementor-post__read-more\" href=\"https:\/\/www.uartes.edu.ec\/sitio\/fr\/blog\/2026\/04\/29\/baterista-mark-walker-dara-masterclass-en-las-jornadas-de-catedras-vivas-percusion-de-la-escuela-de-artes-sonoras\/\" aria-label=\"En savoir plus sur Baterista Mark Walker dar\u00e1 masterclass en jornadas \u201cC\u00e1tedras Vivas: Percusi\u00f3n\u201d\" tabindex=\"-1\" >\n\t\t\tLeer m\u00e1s\t\t<\/a>\n\n\t\t\t\t<\/div>\n\t\t\t\t<\/article>\n\t\t\t\t<article class=\"elementor-post elementor-grid-item post-89831 post type-post status-publish format-standard has-post-thumbnail hentry category-academico category-artes category-artes-sonoras category-estudiantes tag-produccion\" role=\"listitem\">\n\t\t\t\t<a class=\"elementor-post__thumbnail__link\" href=\"https:\/\/www.uartes.edu.ec\/sitio\/fr\/blog\/2026\/04\/27\/de-la-residencia-internacional-starts-que-cumplio-en-brasil-anthony-tandazo-fue-invitado-a-eventos-en-europa\/\" tabindex=\"-1\" >\n\t\t\t<div class=\"elementor-post__thumbnail\"><img loading=\"lazy\" decoding=\"async\" width=\"300\" height=\"200\" src=\"https:\/\/www.uartes.edu.ec\/sitio\/wp-content\/uploads\/2026\/04\/Proyecto-Cambiar-tamano-de-imagen-2026-04-27T165951.002-300x200.jpeg\" class=\"attachment-medium size-medium wp-image-89850\" alt=\"\" srcset=\"https:\/\/www.uartes.edu.ec\/sitio\/wp-content\/uploads\/2026\/04\/Proyecto-Cambiar-tamano-de-imagen-2026-04-27T165951.002-300x200.jpeg 300w, https:\/\/www.uartes.edu.ec\/sitio\/wp-content\/uploads\/2026\/04\/Proyecto-Cambiar-tamano-de-imagen-2026-04-27T165951.002-644x429.jpeg 644w, https:\/\/www.uartes.edu.ec\/sitio\/wp-content\/uploads\/2026\/04\/Proyecto-Cambiar-tamano-de-imagen-2026-04-27T165951.002-768x512.jpeg 768w, https:\/\/www.uartes.edu.ec\/sitio\/wp-content\/uploads\/2026\/04\/Proyecto-Cambiar-tamano-de-imagen-2026-04-27T165951.002-1536x1024.jpeg 1536w, https:\/\/www.uartes.edu.ec\/sitio\/wp-content\/uploads\/2026\/04\/Proyecto-Cambiar-tamano-de-imagen-2026-04-27T165951.002-18x12.jpeg 18w, https:\/\/www.uartes.edu.ec\/sitio\/wp-content\/uploads\/2026\/04\/Proyecto-Cambiar-tamano-de-imagen-2026-04-27T165951.002-600x400.jpeg 600w, https:\/\/www.uartes.edu.ec\/sitio\/wp-content\/uploads\/2026\/04\/Proyecto-Cambiar-tamano-de-imagen-2026-04-27T165951.002-400x267.jpeg 400w, https:\/\/www.uartes.edu.ec\/sitio\/wp-content\/uploads\/2026\/04\/Proyecto-Cambiar-tamano-de-imagen-2026-04-27T165951.002.jpeg 2000w\" sizes=\"(max-width: 300px) 100vw, 300px\" \/><\/div>\n\t\t<\/a>\n\t\t\t\t<div class=\"elementor-post__text\">\n\t\t\t\t<h3 class=\"elementor-post__title\">\n\t\t\t<a href=\"https:\/\/www.uartes.edu.ec\/sitio\/fr\/blog\/2026\/04\/27\/de-la-residencia-internacional-starts-que-cumplio-en-brasil-anthony-tandazo-fue-invitado-a-eventos-en-europa\/\" >\n\t\t\t\tDe la residencia internacional STARTS que cumpli\u00f3 en Brasil, Anthony Tandazo fue invitado a eventos en Europa\t\t\t<\/a>\n\t\t<\/h3>\n\t\t\t\t<div class=\"elementor-post__meta-data\">\n\t\t\t\t\t<span class=\"elementor-post-date\">\n\t\t\t27 avril 2026\t\t<\/span>\n\t\t\t\t<\/div>\n\t\t\t\t<div class=\"elementor-post__excerpt\">\n\t\t\t<p>Anthony Tandazo gan\u00f3 en el 2025 la residencia internacional STARTS, la cual cumpli\u00f3 en dos fases en la Universidad de Fortaleza (UNIFOR) de Brasil. All\u00ed no solo termin\u00f3 de desarrollar su proyecto, sino que comparti\u00f3 su proceso art\u00edstico con estudiantes y artistas locales. Pero hay m\u00e1s, el estudiante de Artes Sonoras fue invitado a Europa para participar en el Festival IMPAKT, en Utrecht en Pa\u00edses Bajos, y Ocean Space, en Venecia. <\/p>\n\t\t<\/div>\n\t\t\n\t\t<a class=\"elementor-post__read-more\" href=\"https:\/\/www.uartes.edu.ec\/sitio\/fr\/blog\/2026\/04\/27\/de-la-residencia-internacional-starts-que-cumplio-en-brasil-anthony-tandazo-fue-invitado-a-eventos-en-europa\/\" aria-label=\"En savoir plus sur De la residencia internacional STARTS que cumpli\u00f3 en Brasil, Anthony Tandazo fue invitado a eventos en Europa\" tabindex=\"-1\" >\n\t\t\tLeer m\u00e1s\t\t<\/a>\n\n\t\t\t\t<\/div>\n\t\t\t\t<\/article>\n\t\t\t\t<\/div>\n\t\t\n\t\t\t\t\t\t<\/div>\n\t\t\t\t<\/div>\n\t\t\t\t\t<\/div>\n\t\t<\/div>\n\t\t\t\t\t<\/div>\n\t\t<\/section>\n\t\t\t\t<\/div>","protected":false},"excerpt":{"rendered":"<p>La Licenciatura en Producci\u00f3n Musical forma productores vers\u00e1tiles, creadores e investigadores, quienes utilizan todos los medios tecnol\u00f3gicos y art\u00edsticos para generar nuevas propuestas. https:\/\/www.youtube.com\/watch?v=VXDpnP7rXec Este es un espacio donde el encuentro del fen\u00f3meno sonoro y ac\u00fastico se hace posible. A trav\u00e9s de la comunicaci\u00f3n, las tecnolog\u00edas, los soportes t\u00e9cnicos y los modos de producci\u00f3n propiamente [&hellip;]<\/p>\n","protected":false},"author":1,"featured_media":8684,"parent":2985,"menu_order":5,"comment_status":"closed","ping_status":"closed","template":"elementor_header_footer","meta":{"_acf_changed":false,"_uag_custom_page_level_css":"","_monsterinsights_skip_tracking":false,"_monsterinsights_sitenote_active":false,"_monsterinsights_sitenote_note":"","_monsterinsights_sitenote_category":0,"cybocfi_hide_featured_image":"","footnotes":""},"class_list":["post-4420","page","type-page","status-publish","has-post-thumbnail","hentry"],"acf":[],"yoast_head":"<!-- This site is optimized with the Yoast SEO plugin v27.4 - https:\/\/yoast.com\/product\/yoast-seo-wordpress\/ -->\n<title>Universidad de las Artes - Licenciatura en Producci\u00f3n Musical y Sonora<\/title>\n<meta name=\"description\" content=\"Universidad de las Artes - Licenciatura en Producci\u00f3n Musical y Sonora\" \/>\n<meta name=\"robots\" content=\"index, follow, max-snippet:-1, max-image-preview:large, max-video-preview:-1\" \/>\n<link rel=\"canonical\" href=\"https:\/\/www.uartes.edu.ec\/sitio\/fr\/la-universidad\/pregrado\/licenciatura-en-produccion-musical-y-sonora\/\" \/>\n<meta property=\"og:locale\" content=\"fr_FR\" \/>\n<meta property=\"og:type\" content=\"article\" \/>\n<meta property=\"og:title\" content=\"Universidad de las Artes - Licenciatura en Producci\u00f3n Musical y Sonora\" \/>\n<meta property=\"og:description\" content=\"Universidad de las Artes - Licenciatura en Producci\u00f3n Musical y Sonora\" \/>\n<meta property=\"og:url\" content=\"https:\/\/www.uartes.edu.ec\/sitio\/fr\/la-universidad\/pregrado\/licenciatura-en-produccion-musical-y-sonora\/\" \/>\n<meta property=\"og:site_name\" content=\"Universidad de las Artes\" \/>\n<meta property=\"article:publisher\" content=\"https:\/\/www.facebook.com\/uartesec\" \/>\n<meta property=\"article:modified_time\" content=\"2024-11-29T21:39:33+00:00\" \/>\n<meta property=\"og:image\" content=\"https:\/\/www.uartes.edu.ec\/sitio\/wp-content\/uploads\/2020\/09\/ESCUELA-DE-ARTES-SONORAS-2.jpg\" \/>\n\t<meta property=\"og:image:width\" content=\"2000\" \/>\n\t<meta property=\"og:image:height\" content=\"1333\" \/>\n\t<meta property=\"og:image:type\" content=\"image\/jpeg\" \/>\n<meta name=\"twitter:card\" content=\"summary_large_image\" \/>\n<meta name=\"twitter:site\" content=\"@uartesec\" \/>\n<meta name=\"twitter:label1\" content=\"Dur\u00e9e de lecture estim\u00e9e\" \/>\n\t<meta name=\"twitter:data1\" content=\"8 minutes\" \/>\n<script type=\"application\/ld+json\" class=\"yoast-schema-graph\">{\"@context\":\"https:\\\/\\\/schema.org\",\"@graph\":[{\"@type\":\"WebPage\",\"@id\":\"https:\\\/\\\/www.uartes.edu.ec\\\/sitio\\\/fr\\\/la-universidad\\\/pregrado\\\/licenciatura-en-produccion-musical-y-sonora\\\/\",\"url\":\"https:\\\/\\\/www.uartes.edu.ec\\\/sitio\\\/fr\\\/la-universidad\\\/pregrado\\\/licenciatura-en-produccion-musical-y-sonora\\\/\",\"name\":\"Universidad de las Artes - Licenciatura en Producci\u00f3n Musical y Sonora\",\"isPartOf\":{\"@id\":\"https:\\\/\\\/www.uartes.edu.ec\\\/sitio\\\/fr\\\/#website\"},\"primaryImageOfPage\":{\"@id\":\"https:\\\/\\\/www.uartes.edu.ec\\\/sitio\\\/fr\\\/la-universidad\\\/pregrado\\\/licenciatura-en-produccion-musical-y-sonora\\\/#primaryimage\"},\"image\":{\"@id\":\"https:\\\/\\\/www.uartes.edu.ec\\\/sitio\\\/fr\\\/la-universidad\\\/pregrado\\\/licenciatura-en-produccion-musical-y-sonora\\\/#primaryimage\"},\"thumbnailUrl\":\"https:\\\/\\\/www.uartes.edu.ec\\\/sitio\\\/wp-content\\\/uploads\\\/2020\\\/09\\\/ESCUELA-DE-ARTES-SONORAS-2.jpg\",\"datePublished\":\"2019-09-20T21:51:55+00:00\",\"dateModified\":\"2024-11-29T21:39:33+00:00\",\"description\":\"Universidad de las Artes - Licenciatura en Producci\u00f3n Musical y Sonora\",\"breadcrumb\":{\"@id\":\"https:\\\/\\\/www.uartes.edu.ec\\\/sitio\\\/fr\\\/la-universidad\\\/pregrado\\\/licenciatura-en-produccion-musical-y-sonora\\\/#breadcrumb\"},\"inLanguage\":\"fr-FR\",\"potentialAction\":[{\"@type\":\"ReadAction\",\"target\":[\"https:\\\/\\\/www.uartes.edu.ec\\\/sitio\\\/fr\\\/la-universidad\\\/pregrado\\\/licenciatura-en-produccion-musical-y-sonora\\\/\"]}]},{\"@type\":\"ImageObject\",\"inLanguage\":\"fr-FR\",\"@id\":\"https:\\\/\\\/www.uartes.edu.ec\\\/sitio\\\/fr\\\/la-universidad\\\/pregrado\\\/licenciatura-en-produccion-musical-y-sonora\\\/#primaryimage\",\"url\":\"https:\\\/\\\/www.uartes.edu.ec\\\/sitio\\\/wp-content\\\/uploads\\\/2020\\\/09\\\/ESCUELA-DE-ARTES-SONORAS-2.jpg\",\"contentUrl\":\"https:\\\/\\\/www.uartes.edu.ec\\\/sitio\\\/wp-content\\\/uploads\\\/2020\\\/09\\\/ESCUELA-DE-ARTES-SONORAS-2.jpg\",\"width\":2000,\"height\":1333},{\"@type\":\"BreadcrumbList\",\"@id\":\"https:\\\/\\\/www.uartes.edu.ec\\\/sitio\\\/fr\\\/la-universidad\\\/pregrado\\\/licenciatura-en-produccion-musical-y-sonora\\\/#breadcrumb\",\"itemListElement\":[{\"@type\":\"ListItem\",\"position\":1,\"name\":\"Inicio\",\"item\":\"https:\\\/\\\/www.uartes.edu.ec\\\/sitio\\\/\"},{\"@type\":\"ListItem\",\"position\":2,\"name\":\"Universidad de las Artes\",\"item\":\"https:\\\/\\\/www.uartes.edu.ec\\\/sitio\\\/\"},{\"@type\":\"ListItem\",\"position\":3,\"name\":\"Pregrado\",\"item\":\"https:\\\/\\\/www.uartes.edu.ec\\\/sitio\\\/la-universidad\\\/pregrado\\\/\"},{\"@type\":\"ListItem\",\"position\":4,\"name\":\"Licenciatura en Producci\u00f3n Musical y Sonora\"}]},{\"@type\":\"WebSite\",\"@id\":\"https:\\\/\\\/www.uartes.edu.ec\\\/sitio\\\/fr\\\/#website\",\"url\":\"https:\\\/\\\/www.uartes.edu.ec\\\/sitio\\\/fr\\\/\",\"name\":\"Universidad de las Artes\",\"description\":\"Sitio oficial de la Universidad Nacional de las Artes del Ecuador\",\"publisher\":{\"@id\":\"https:\\\/\\\/www.uartes.edu.ec\\\/sitio\\\/fr\\\/#organization\"},\"potentialAction\":[{\"@type\":\"SearchAction\",\"target\":{\"@type\":\"EntryPoint\",\"urlTemplate\":\"https:\\\/\\\/www.uartes.edu.ec\\\/sitio\\\/fr\\\/?s={search_term_string}\"},\"query-input\":{\"@type\":\"PropertyValueSpecification\",\"valueRequired\":true,\"valueName\":\"search_term_string\"}}],\"inLanguage\":\"fr-FR\"},{\"@type\":\"Organization\",\"@id\":\"https:\\\/\\\/www.uartes.edu.ec\\\/sitio\\\/fr\\\/#organization\",\"name\":\"Universidad de las Artes\",\"url\":\"https:\\\/\\\/www.uartes.edu.ec\\\/sitio\\\/fr\\\/\",\"logo\":{\"@type\":\"ImageObject\",\"inLanguage\":\"fr-FR\",\"@id\":\"https:\\\/\\\/www.uartes.edu.ec\\\/sitio\\\/fr\\\/#\\\/schema\\\/logo\\\/image\\\/\",\"url\":\"https:\\\/\\\/www.uartes.edu.ec\\\/sitio\\\/wp-content\\\/uploads\\\/2022\\\/07\\\/logo-ua-horizontal.png\",\"contentUrl\":\"https:\\\/\\\/www.uartes.edu.ec\\\/sitio\\\/wp-content\\\/uploads\\\/2022\\\/07\\\/logo-ua-horizontal.png\",\"width\":800,\"height\":276,\"caption\":\"Universidad de las Artes\"},\"image\":{\"@id\":\"https:\\\/\\\/www.uartes.edu.ec\\\/sitio\\\/fr\\\/#\\\/schema\\\/logo\\\/image\\\/\"},\"sameAs\":[\"https:\\\/\\\/www.facebook.com\\\/uartesec\",\"https:\\\/\\\/x.com\\\/uartesec\",\"https:\\\/\\\/www.tiktok.com\\\/@uartesec\"]}]}<\/script>\n<!-- \/ Yoast SEO plugin. -->","yoast_head_json":{"title":"Universidad de las Artes - Licenciatura en Producci\u00f3n Musical y Sonora","description":"Universidad de las Artes - Licenciatura en Producci\u00f3n Musical y Sonora","robots":{"index":"index","follow":"follow","max-snippet":"max-snippet:-1","max-image-preview":"max-image-preview:large","max-video-preview":"max-video-preview:-1"},"canonical":"https:\/\/www.uartes.edu.ec\/sitio\/fr\/la-universidad\/pregrado\/licenciatura-en-produccion-musical-y-sonora\/","og_locale":"fr_FR","og_type":"article","og_title":"Universidad de las Artes - Licenciatura en Producci\u00f3n Musical y Sonora","og_description":"Universidad de las Artes - Licenciatura en Producci\u00f3n Musical y Sonora","og_url":"https:\/\/www.uartes.edu.ec\/sitio\/fr\/la-universidad\/pregrado\/licenciatura-en-produccion-musical-y-sonora\/","og_site_name":"Universidad de las Artes","article_publisher":"https:\/\/www.facebook.com\/uartesec","article_modified_time":"2024-11-29T21:39:33+00:00","og_image":[{"width":2000,"height":1333,"url":"https:\/\/www.uartes.edu.ec\/sitio\/wp-content\/uploads\/2020\/09\/ESCUELA-DE-ARTES-SONORAS-2.jpg","type":"image\/jpeg"}],"twitter_card":"summary_large_image","twitter_site":"@uartesec","twitter_misc":{"Dur\u00e9e de lecture estim\u00e9e":"8 minutes"},"schema":{"@context":"https:\/\/schema.org","@graph":[{"@type":"WebPage","@id":"https:\/\/www.uartes.edu.ec\/sitio\/fr\/la-universidad\/pregrado\/licenciatura-en-produccion-musical-y-sonora\/","url":"https:\/\/www.uartes.edu.ec\/sitio\/fr\/la-universidad\/pregrado\/licenciatura-en-produccion-musical-y-sonora\/","name":"Universidad de las Artes - Licenciatura en Producci\u00f3n Musical y Sonora","isPartOf":{"@id":"https:\/\/www.uartes.edu.ec\/sitio\/fr\/#website"},"primaryImageOfPage":{"@id":"https:\/\/www.uartes.edu.ec\/sitio\/fr\/la-universidad\/pregrado\/licenciatura-en-produccion-musical-y-sonora\/#primaryimage"},"image":{"@id":"https:\/\/www.uartes.edu.ec\/sitio\/fr\/la-universidad\/pregrado\/licenciatura-en-produccion-musical-y-sonora\/#primaryimage"},"thumbnailUrl":"https:\/\/www.uartes.edu.ec\/sitio\/wp-content\/uploads\/2020\/09\/ESCUELA-DE-ARTES-SONORAS-2.jpg","datePublished":"2019-09-20T21:51:55+00:00","dateModified":"2024-11-29T21:39:33+00:00","description":"Universidad de las Artes - Licenciatura en Producci\u00f3n Musical y Sonora","breadcrumb":{"@id":"https:\/\/www.uartes.edu.ec\/sitio\/fr\/la-universidad\/pregrado\/licenciatura-en-produccion-musical-y-sonora\/#breadcrumb"},"inLanguage":"fr-FR","potentialAction":[{"@type":"ReadAction","target":["https:\/\/www.uartes.edu.ec\/sitio\/fr\/la-universidad\/pregrado\/licenciatura-en-produccion-musical-y-sonora\/"]}]},{"@type":"ImageObject","inLanguage":"fr-FR","@id":"https:\/\/www.uartes.edu.ec\/sitio\/fr\/la-universidad\/pregrado\/licenciatura-en-produccion-musical-y-sonora\/#primaryimage","url":"https:\/\/www.uartes.edu.ec\/sitio\/wp-content\/uploads\/2020\/09\/ESCUELA-DE-ARTES-SONORAS-2.jpg","contentUrl":"https:\/\/www.uartes.edu.ec\/sitio\/wp-content\/uploads\/2020\/09\/ESCUELA-DE-ARTES-SONORAS-2.jpg","width":2000,"height":1333},{"@type":"BreadcrumbList","@id":"https:\/\/www.uartes.edu.ec\/sitio\/fr\/la-universidad\/pregrado\/licenciatura-en-produccion-musical-y-sonora\/#breadcrumb","itemListElement":[{"@type":"ListItem","position":1,"name":"Inicio","item":"https:\/\/www.uartes.edu.ec\/sitio\/"},{"@type":"ListItem","position":2,"name":"Universidad de las Artes","item":"https:\/\/www.uartes.edu.ec\/sitio\/"},{"@type":"ListItem","position":3,"name":"Pregrado","item":"https:\/\/www.uartes.edu.ec\/sitio\/la-universidad\/pregrado\/"},{"@type":"ListItem","position":4,"name":"Licenciatura en Producci\u00f3n Musical y Sonora"}]},{"@type":"WebSite","@id":"https:\/\/www.uartes.edu.ec\/sitio\/fr\/#website","url":"https:\/\/www.uartes.edu.ec\/sitio\/fr\/","name":"Universidad de las Artes","description":"Sitio oficial de la Universidad Nacional de las Artes del Ecuador","publisher":{"@id":"https:\/\/www.uartes.edu.ec\/sitio\/fr\/#organization"},"potentialAction":[{"@type":"SearchAction","target":{"@type":"EntryPoint","urlTemplate":"https:\/\/www.uartes.edu.ec\/sitio\/fr\/?s={search_term_string}"},"query-input":{"@type":"PropertyValueSpecification","valueRequired":true,"valueName":"search_term_string"}}],"inLanguage":"fr-FR"},{"@type":"Organization","@id":"https:\/\/www.uartes.edu.ec\/sitio\/fr\/#organization","name":"Universidad de las Artes","url":"https:\/\/www.uartes.edu.ec\/sitio\/fr\/","logo":{"@type":"ImageObject","inLanguage":"fr-FR","@id":"https:\/\/www.uartes.edu.ec\/sitio\/fr\/#\/schema\/logo\/image\/","url":"https:\/\/www.uartes.edu.ec\/sitio\/wp-content\/uploads\/2022\/07\/logo-ua-horizontal.png","contentUrl":"https:\/\/www.uartes.edu.ec\/sitio\/wp-content\/uploads\/2022\/07\/logo-ua-horizontal.png","width":800,"height":276,"caption":"Universidad de las Artes"},"image":{"@id":"https:\/\/www.uartes.edu.ec\/sitio\/fr\/#\/schema\/logo\/image\/"},"sameAs":["https:\/\/www.facebook.com\/uartesec","https:\/\/x.com\/uartesec","https:\/\/www.tiktok.com\/@uartesec"]}]}},"uagb_featured_image_src":{"full":["https:\/\/www.uartes.edu.ec\/sitio\/wp-content\/uploads\/2020\/09\/ESCUELA-DE-ARTES-SONORAS-2.jpg",2000,1333,false],"thumbnail":["https:\/\/www.uartes.edu.ec\/sitio\/wp-content\/uploads\/2020\/09\/ESCUELA-DE-ARTES-SONORAS-2-150x150.jpg",150,150,true],"medium":["https:\/\/www.uartes.edu.ec\/sitio\/wp-content\/uploads\/2020\/09\/ESCUELA-DE-ARTES-SONORAS-2-300x200.jpg",300,200,true],"medium_large":["https:\/\/www.uartes.edu.ec\/sitio\/wp-content\/uploads\/2020\/09\/ESCUELA-DE-ARTES-SONORAS-2-768x512.jpg",768,512,true],"large":["https:\/\/www.uartes.edu.ec\/sitio\/wp-content\/uploads\/2020\/09\/ESCUELA-DE-ARTES-SONORAS-2-644x429.jpg",644,429,true],"1536x1536":["https:\/\/www.uartes.edu.ec\/sitio\/wp-content\/uploads\/2020\/09\/ESCUELA-DE-ARTES-SONORAS-2-1536x1024.jpg",1536,1024,true],"2048x2048":["https:\/\/www.uartes.edu.ec\/sitio\/wp-content\/uploads\/2020\/09\/ESCUELA-DE-ARTES-SONORAS-2.jpg",2000,1333,false],"trp-custom-language-flag":["https:\/\/www.uartes.edu.ec\/sitio\/wp-content\/uploads\/2020\/09\/ESCUELA-DE-ARTES-SONORAS-2.jpg",18,12,false],"htmega_size_585x295":["https:\/\/www.uartes.edu.ec\/sitio\/wp-content\/uploads\/2020\/09\/ESCUELA-DE-ARTES-SONORAS-2-585x295.jpg",585,295,true],"htmega_size_1170x536":["https:\/\/www.uartes.edu.ec\/sitio\/wp-content\/uploads\/2020\/09\/ESCUELA-DE-ARTES-SONORAS-2-1170x536.jpg",1170,536,true],"htmega_size_396x360":["https:\/\/www.uartes.edu.ec\/sitio\/wp-content\/uploads\/2020\/09\/ESCUELA-DE-ARTES-SONORAS-2-396x360.jpg",396,360,true],"gb-block-post-grid-landscape":["https:\/\/www.uartes.edu.ec\/sitio\/wp-content\/uploads\/2020\/09\/ESCUELA-DE-ARTES-SONORAS-2.jpg",600,400,false],"gb-block-post-grid-square":["https:\/\/www.uartes.edu.ec\/sitio\/wp-content\/uploads\/2020\/09\/ESCUELA-DE-ARTES-SONORAS-2.jpg",600,400,false],"university-hub-thumb":["https:\/\/www.uartes.edu.ec\/sitio\/wp-content\/uploads\/2020\/09\/ESCUELA-DE-ARTES-SONORAS-2-400x267.jpg",400,267,true]},"uagb_author_info":{"display_name":"Universidad de las Artes","author_link":"https:\/\/www.uartes.edu.ec\/sitio\/fr\/blog\/author\/dircomadm\/"},"uagb_comment_info":0,"uagb_excerpt":"La Licenciatura en Producci\u00f3n Musical forma productores vers\u00e1tiles, creadores e investigadores, quienes utilizan todos los medios tecnol\u00f3gicos y art\u00edsticos para generar nuevas propuestas. https:\/\/www.youtube.com\/watch?v=VXDpnP7rXec Este es un espacio donde el encuentro del fen\u00f3meno sonoro y ac\u00fastico se hace posible. A trav\u00e9s de la comunicaci\u00f3n, las tecnolog\u00edas, los soportes t\u00e9cnicos y los modos de producci\u00f3n propiamente\u2026","featured_image_src":"https:\/\/www.uartes.edu.ec\/sitio\/wp-content\/uploads\/2020\/09\/ESCUELA-DE-ARTES-SONORAS-2.jpg","featured_image_src_square":"https:\/\/www.uartes.edu.ec\/sitio\/wp-content\/uploads\/2020\/09\/ESCUELA-DE-ARTES-SONORAS-2.jpg","publishpress_future_action":{"enabled":false,"date":"2026-05-08 05:53:21","action":"change-status","newStatus":"draft","terms":[],"taxonomy":"","extraData":[]},"publishpress_future_workflow_manual_trigger":{"enabledWorkflows":[]},"distributor_meta":false,"distributor_terms":false,"distributor_media":false,"distributor_original_site_name":"Universidad de las Artes","distributor_original_site_url":"https:\/\/www.uartes.edu.ec\/sitio\/fr","push-errors":false,"_links":{"self":[{"href":"https:\/\/www.uartes.edu.ec\/sitio\/fr\/wp-json\/wp\/v2\/pages\/4420","targetHints":{"allow":["GET"]}}],"collection":[{"href":"https:\/\/www.uartes.edu.ec\/sitio\/fr\/wp-json\/wp\/v2\/pages"}],"about":[{"href":"https:\/\/www.uartes.edu.ec\/sitio\/fr\/wp-json\/wp\/v2\/types\/page"}],"author":[{"embeddable":true,"href":"https:\/\/www.uartes.edu.ec\/sitio\/fr\/wp-json\/wp\/v2\/users\/1"}],"replies":[{"embeddable":true,"href":"https:\/\/www.uartes.edu.ec\/sitio\/fr\/wp-json\/wp\/v2\/comments?post=4420"}],"version-history":[{"count":46,"href":"https:\/\/www.uartes.edu.ec\/sitio\/fr\/wp-json\/wp\/v2\/pages\/4420\/revisions"}],"predecessor-version":[{"id":65437,"href":"https:\/\/www.uartes.edu.ec\/sitio\/fr\/wp-json\/wp\/v2\/pages\/4420\/revisions\/65437"}],"up":[{"embeddable":true,"href":"https:\/\/www.uartes.edu.ec\/sitio\/fr\/wp-json\/wp\/v2\/pages\/2985"}],"wp:featuredmedia":[{"embeddable":true,"href":"https:\/\/www.uartes.edu.ec\/sitio\/fr\/wp-json\/wp\/v2\/media\/8684"}],"wp:attachment":[{"href":"https:\/\/www.uartes.edu.ec\/sitio\/fr\/wp-json\/wp\/v2\/media?parent=4420"}],"curies":[{"name":"wp","href":"https:\/\/api.w.org\/{rel}","templated":true}]}}