{"id":44831,"date":"2023-07-21T09:05:05","date_gmt":"2023-07-21T14:05:05","guid":{"rendered":"https:\/\/www.uartes.edu.ec\/sitio\/?page_id=44831"},"modified":"2025-06-06T12:30:40","modified_gmt":"2025-06-06T17:30:40","slug":"grupos-de-investigacion-2","status":"publish","type":"page","link":"https:\/\/www.uartes.edu.ec\/sitio\/fr\/investigacion\/grupos\/","title":{"rendered":"Grupos de investigaci\u00f3n"},"content":{"rendered":"<div data-elementor-type=\"wp-page\" data-elementor-id=\"44831\" class=\"elementor elementor-44831\" data-elementor-settings=\"{&quot;ha_cmc_init_switcher&quot;:&quot;no&quot;}\" data-elementor-post-type=\"page\">\n\t\t\t\t<div class=\"elementor-element elementor-element-4a37a243 e-flex e-con-boxed e-con e-parent\" data-id=\"4a37a243\" data-element_type=\"container\" data-e-type=\"container\" data-settings=\"{&quot;_ha_eqh_enable&quot;:false}\">\n\t\t\t\t\t<div class=\"e-con-inner\">\n\t\t\t\t<div class=\"elementor-element elementor-element-d1ac3ea e-n-tabs-mobile elementor-widget elementor-widget-n-tabs\" data-id=\"d1ac3ea\" data-element_type=\"widget\" data-e-type=\"widget\" data-settings=\"{&quot;tabs_justify_horizontal&quot;:&quot;center&quot;,&quot;horizontal_scroll&quot;:&quot;disable&quot;}\" data-widget_type=\"nested-tabs.default\">\n\t\t\t\t<div class=\"elementor-widget-container\">\n\t\t\t\t\t\t\t<div class=\"e-n-tabs\" data-widget-number=\"219857898\" aria-label=\"Onglets. Ouvrez des \u00e9l\u00e9ments avec Entrer ou Espace, fermez-les avec Echape et naviguez \u00e0 l&#039;aide des touches fl\u00e9ch\u00e9es.\">\n\t\t\t<div class=\"e-n-tabs-heading\" role=\"tablist\">\n\t\t\t\t\t<button id=\"e-n-tab-title-2198578981\" data-tab-title-id=\"e-n-tab-title-2198578981\" class=\"e-n-tab-title\" aria-selected=\"true\" data-tab-index=\"1\" role=\"tab\" tabindex=\"0\" aria-controls=\"e-n-tab-content-2198578981\" style=\"--n-tabs-title-order: 1;\">\n\t\t\t\t\t\t<span class=\"e-n-tab-title-text\">\n\t\t\t\tActivos\t\t\t<\/span>\n\t\t<\/button>\n\t\t\t\t<button id=\"e-n-tab-title-2198578982\" data-tab-title-id=\"e-n-tab-title-2198578982\" class=\"e-n-tab-title\" aria-selected=\"false\" data-tab-index=\"2\" role=\"tab\" tabindex=\"-1\" aria-controls=\"e-n-tab-content-2198578982\" style=\"--n-tabs-title-order: 2;\">\n\t\t\t\t\t\t<span class=\"e-n-tab-title-text\">\n\t\t\t\tInactivos\t\t\t<\/span>\n\t\t<\/button>\n\t\t\t\t\t<\/div>\n\t\t\t<div class=\"e-n-tabs-content\">\n\t\t\t\t<div id=\"e-n-tab-content-2198578981\" role=\"tabpanel\" aria-labelledby=\"e-n-tab-title-2198578981\" data-tab-index=\"1\" style=\"--n-tabs-title-order: 1;\" class=\"e-active elementor-element elementor-element-67eb66b e-con-full e-flex e-con e-child\" data-id=\"67eb66b\" data-element_type=\"container\" data-e-type=\"container\" data-settings=\"{&quot;_ha_eqh_enable&quot;:false}\">\n\t\t\t\t<div class=\"elementor-element elementor-element-19d7c5b elementor-widget elementor-widget-n-accordion\" data-id=\"19d7c5b\" data-element_type=\"widget\" data-e-type=\"widget\" data-settings=\"{&quot;default_state&quot;:&quot;all_collapsed&quot;,&quot;max_items_expended&quot;:&quot;one&quot;,&quot;n_accordion_animation_duration&quot;:{&quot;unit&quot;:&quot;ms&quot;,&quot;size&quot;:400,&quot;sizes&quot;:[]}}\" data-widget_type=\"nested-accordion.default\">\n\t\t\t\t<div class=\"elementor-widget-container\">\n\t\t\t\t\t\t\t<div class=\"e-n-accordion\" aria-label=\"Accordion. Open links with Enter or Space, close with Escape, and navigate with Arrow Keys\">\n\t\t\t\t\t\t<details id=\"e-n-accordion-item-2700\" class=\"e-n-accordion-item\" >\n\t\t\t\t<summary class=\"e-n-accordion-item-title\" data-accordion-index=\"1\" tabindex=\"0\" aria-expanded=\"false\" aria-controls=\"e-n-accordion-item-2700\" >\n\t\t\t\t\t<span class='e-n-accordion-item-title-header'><div class=\"e-n-accordion-item-title-text\"> Interactividad digital y electr\u00f3nica audio reactiva <\/div><\/span>\n\t\t\t\t\t\t\t<span class='e-n-accordion-item-title-icon'>\n\t\t\t<span class='e-opened' ><i aria-hidden=\"true\" class=\"huge huge-user-group\"><\/i><\/span>\n\t\t\t<span class='e-closed'><i aria-hidden=\"true\" class=\"huge huge-user-group\"><\/i><\/span>\n\t\t<\/span>\n\n\t\t\t\t\t\t<\/summary>\n\t\t\t\t<div role=\"region\" aria-labelledby=\"e-n-accordion-item-2700\" class=\"elementor-element elementor-element-ded472d e-con-full e-flex e-con e-child\" data-id=\"ded472d\" data-element_type=\"container\" data-e-type=\"container\" data-settings=\"{&quot;_ha_eqh_enable&quot;:false}\">\n\t\t\t\t<div class=\"elementor-element elementor-element-03acef8 elementor-widget elementor-widget-text-editor\" data-id=\"03acef8\" data-element_type=\"widget\" data-e-type=\"widget\" data-widget_type=\"text-editor.default\">\n\t\t\t\t<div class=\"elementor-widget-container\">\n\t\t\t\t\t\t\t\t\t<ul>\n<li><strong>Code:<\/strong> \u00a0VPIA-2021-GI-01<\/li>\n<li><strong>Director del grupo:<\/strong> Adina Margarita Izarra de Riera<\/li>\n<li><strong>Unidad acad\u00e9mica: <\/strong>Sonoras<\/li>\n<li><strong style=\"color: var( --e-global-color-71b3e6d1 ); text-align: var(--text-align);\">Objetivos:<\/strong><span style=\"color: var( --e-global-color-71b3e6d1 ); text-align: var(--text-align);\">\u00a0<\/span>\n<ul>\n<li><span style=\"color: var( --e-global-color-71b3e6d1 ); text-align: var(--text-align);\">Realizar obras originales audiovisuales y composiciones musicales utilizando medios mixtos (electr\u00f3nicos y\/o ac\u00fasticos) para ser presentadas en diversos medios online y\/o conciertos en vivo<\/span><\/li>\n<li><span style=\"color: var( --e-global-color-71b3e6d1 ); text-align: var(--text-align);\">Grabar las obras<\/span><\/li>\n<li><span style=\"color: var( --e-global-color-71b3e6d1 ); text-align: var(--text-align);\">Publicar las obras<\/span><\/li>\n<\/ul>\n<\/li>\n<\/ul>\t\t\t\t\t\t\t\t<\/div>\n\t\t\t\t<\/div>\n\t\t\t\t<\/div>\n\t\t\t\t\t<\/details>\n\t\t\t\t\t\t<details id=\"e-n-accordion-item-2701\" class=\"e-n-accordion-item\" >\n\t\t\t\t<summary class=\"e-n-accordion-item-title\" data-accordion-index=\"2\" tabindex=\"-1\" aria-expanded=\"false\" aria-controls=\"e-n-accordion-item-2701\" >\n\t\t\t\t\t<span class='e-n-accordion-item-title-header'><div class=\"e-n-accordion-item-title-text\"> Producci\u00f3n, Industria y creaci\u00f3n sonora <\/div><\/span>\n\t\t\t\t\t\t\t<span class='e-n-accordion-item-title-icon'>\n\t\t\t<span class='e-opened' ><i aria-hidden=\"true\" class=\"huge huge-user-group\"><\/i><\/span>\n\t\t\t<span class='e-closed'><i aria-hidden=\"true\" class=\"huge huge-user-group\"><\/i><\/span>\n\t\t<\/span>\n\n\t\t\t\t\t\t<\/summary>\n\t\t\t\t<div role=\"region\" aria-labelledby=\"e-n-accordion-item-2701\" class=\"elementor-element elementor-element-b4ee8e4 e-con-full e-flex e-con e-child\" data-id=\"b4ee8e4\" data-element_type=\"container\" data-e-type=\"container\" data-settings=\"{&quot;_ha_eqh_enable&quot;:false}\">\n\t\t\t\t<div class=\"elementor-element elementor-element-87ea37d elementor-widget elementor-widget-text-editor\" data-id=\"87ea37d\" data-element_type=\"widget\" data-e-type=\"widget\" data-widget_type=\"text-editor.default\">\n\t\t\t\t<div class=\"elementor-widget-container\">\n\t\t\t\t\t\t\t\t\t<ul>\n<li><strong>Code:<\/strong> \u00a0VPIA-2021-GI-04<\/li>\n<li><strong>Director del grupo:<\/strong> Bernarda Ubidia Calisto<\/li>\n<li><strong>Unidad acad\u00e9mica: <\/strong>Sonoras<\/li>\n<li><strong style=\"color: var( --e-global-color-71b3e6d1 ); text-align: var(--text-align);\">Objetivos:<\/strong><span style=\"color: var( --e-global-color-71b3e6d1 ); text-align: var(--text-align);\">\u00a0<\/span>\n<ul>\n<li>Explorar procesos metodol\u00f3gicos y experimentales en la producci\u00f3n musical en el \u00e1mbito latinoamericano y ecuatoriano.<\/li>\n<li>Analizar y comparar cuantitativa y cualitativamente el desarrollo de la industria musical en el Ecuador.<\/li>\n<li>Crear y producir obra interdisciplinar con \u00e9nfasis en lo sonoro.<\/li>\n<\/ul>\n<\/li>\n<\/ul>\t\t\t\t\t\t\t\t<\/div>\n\t\t\t\t<\/div>\n\t\t\t\t<\/div>\n\t\t\t\t\t<\/details>\n\t\t\t\t\t\t<details id=\"e-n-accordion-item-2702\" class=\"e-n-accordion-item\" >\n\t\t\t\t<summary class=\"e-n-accordion-item-title\" data-accordion-index=\"3\" tabindex=\"-1\" aria-expanded=\"false\" aria-controls=\"e-n-accordion-item-2702\" >\n\t\t\t\t\t<span class='e-n-accordion-item-title-header'><div class=\"e-n-accordion-item-title-text\"> S\/Z \u2013 Producci\u00f3n m\u00fasical e investigaci\u00f3n en artes <\/div><\/span>\n\t\t\t\t\t\t\t<span class='e-n-accordion-item-title-icon'>\n\t\t\t<span class='e-opened' ><i aria-hidden=\"true\" class=\"huge huge-user-group\"><\/i><\/span>\n\t\t\t<span class='e-closed'><i aria-hidden=\"true\" class=\"huge huge-user-group\"><\/i><\/span>\n\t\t<\/span>\n\n\t\t\t\t\t\t<\/summary>\n\t\t\t\t<div role=\"region\" aria-labelledby=\"e-n-accordion-item-2702\" class=\"elementor-element elementor-element-a68897c e-con-full e-flex e-con e-child\" data-id=\"a68897c\" data-element_type=\"container\" data-e-type=\"container\" data-settings=\"{&quot;_ha_eqh_enable&quot;:false}\">\n\t\t\t\t<div class=\"elementor-element elementor-element-2093fd0 elementor-widget elementor-widget-text-editor\" data-id=\"2093fd0\" data-element_type=\"widget\" data-e-type=\"widget\" data-widget_type=\"text-editor.default\">\n\t\t\t\t<div class=\"elementor-widget-container\">\n\t\t\t\t\t\t\t\t\t<ul>\n<li><strong>Code:<\/strong>\u00a0 VPIA-2021-GI-10<\/li>\n<li><strong>Director del grupo:<\/strong> Luis Ram\u00f3n P\u00e9rez Valero<\/li>\n<li><strong>Unidad acad\u00e9mica: <\/strong>Sonoras<\/li>\n<li><strong style=\"color: var( --e-global-color-71b3e6d1 ); text-align: var(--text-align);\">Objetivos:<\/strong><span style=\"color: var( --e-global-color-71b3e6d1 ); text-align: var(--text-align);\">\u00a0<\/span>\n<ul>\n<li>Promover la investigaci\u00f3n musical en los \u00e1mbitos de la producci\u00f3n musical y la investigaci\u00f3n art\u00edstica, tanto desde una perspectiva te\u00f3rica como de creaci\u00f3n art\u00edstica.<\/li>\n<li>Establecer v\u00ednculos acad\u00e9micos y art\u00edsticos con individuos y colectivos de investigaci\u00f3n con los mismos intereses.<\/li>\n<li>Desarrollar actividades de difusi\u00f3n en torno a la investigaci\u00f3n en producci\u00f3n musical e investigaci\u00f3n en artes.<\/li>\n<\/ul>\n<\/li>\n<\/ul>\t\t\t\t\t\t\t\t<\/div>\n\t\t\t\t<\/div>\n\t\t\t\t<\/div>\n\t\t\t\t\t<\/details>\n\t\t\t\t\t\t<details id=\"e-n-accordion-item-2703\" class=\"e-n-accordion-item\" >\n\t\t\t\t<summary class=\"e-n-accordion-item-title\" data-accordion-index=\"4\" tabindex=\"-1\" aria-expanded=\"false\" aria-controls=\"e-n-accordion-item-2703\" >\n\t\t\t\t\t<span class='e-n-accordion-item-title-header'><div class=\"e-n-accordion-item-title-text\"> Observatorio de Pol\u00edticas y Econom\u00edas de la Cultura <\/div><\/span>\n\t\t\t\t\t\t\t<span class='e-n-accordion-item-title-icon'>\n\t\t\t<span class='e-opened' ><i aria-hidden=\"true\" class=\"huge huge-user-group\"><\/i><\/span>\n\t\t\t<span class='e-closed'><i aria-hidden=\"true\" class=\"huge huge-user-group\"><\/i><\/span>\n\t\t<\/span>\n\n\t\t\t\t\t\t<\/summary>\n\t\t\t\t<div role=\"region\" aria-labelledby=\"e-n-accordion-item-2703\" class=\"elementor-element elementor-element-edceb25 e-con-full e-flex e-con e-child\" data-id=\"edceb25\" data-element_type=\"container\" data-e-type=\"container\" data-settings=\"{&quot;_ha_eqh_enable&quot;:false}\">\n\t\t\t\t<div class=\"elementor-element elementor-element-c4b274e elementor-widget elementor-widget-text-editor\" data-id=\"c4b274e\" data-element_type=\"widget\" data-e-type=\"widget\" data-widget_type=\"text-editor.default\">\n\t\t\t\t<div class=\"elementor-widget-container\">\n\t\t\t\t\t\t\t\t\t<ul>\n<li><strong>Code:<\/strong> \u00a0VPIA-2021-GI-12<\/li>\n<li><strong>Director del grupo:<\/strong> Pablo Andr\u00e9s Cardoso Ter\u00e1n<\/li>\n<li><strong>Unidad acad\u00e9mica: <\/strong>Transversal<\/li>\n<li><strong style=\"color: var( --e-global-color-71b3e6d1 ); text-align: var(--text-align);\">Objectif g\u00e9n\u00e9ral:\u00a0<\/strong><span style=\"text-align: var(--text-align); color: var( --e-global-color-71b3e6d1 );\">\u00a0<\/span>\n<ul>\n<li>Generar un espacio para la investigaci\u00f3n y generaci\u00f3n de informaci\u00f3n relevante para el an\u00e1lisis, debate y divulgaci\u00f3n en materia de econom\u00eda y pol\u00edticas culturales, que aporte a la toma de decisiones por parte de los hacedores de pol\u00edtica y de diversos actores del sector cultural (gremios, colectivos, etc.)<\/li>\n<\/ul>\n<\/li>\n<li><strong style=\"color: var( --e-global-color-71b3e6d1 ); text-align: var(--text-align);\">Objetivos espec\u00edficos:\u00a0<\/strong><span style=\"text-align: var(--text-align); color: var( --e-global-color-71b3e6d1 );\">\u00a0<\/span>\n<ul>\n<li>Diagnosticar los procesos de construcci\u00f3n, implementaci\u00f3n de la pol\u00edtica p\u00fablica en el campo cultural para la formulaci\u00f3n de recomendaciones o lineamientos de pol\u00edticas p\u00fablicas, mediante la investigaci\u00f3n cient\u00edfica rigurosa.<\/li>\n<li>Levantar datos cuantitativos y cualitativos que puedan ser un insumo fundamental para la definici\u00f3n de pol\u00edticas p\u00fablicas en el campo cultural y art\u00edstico.<\/li>\n<li>Sistematizar informaci\u00f3n especializada y generar insumos que permita la toma de decisiones t\u00e9cnica e informada.<\/li>\n<li>Implementar espacios para la reflexi\u00f3n y di\u00e1logo, fundamentales en el ejercicio de una ciudadan\u00eda participativa y cr\u00edtica, a trav\u00e9s de din\u00e1micas de relacionamiento con universidades, empresas p\u00fablicas, privadas, barrios, colectivos sociales y sociedad en general.<\/li>\n<li>Encontrar espacios de interlocuci\u00f3n y de v\u00ednculo con actores e instituciones del sector cultural con el objetivo de propiciar di\u00e1logos constructivos que aporten a la situaci\u00f3n de los\/las trabajadores de la cultura del pa\u00eds y la regi\u00f3n.<\/li>\n<li>Establecer redes nacionales e internacionales de intercambio y articulaci\u00f3n que potencien las investigaciones y proyectos de los integrantes del grupo de investigaci\u00f3n.<\/li>\n<\/ul>\n<\/li>\n<\/ul>\t\t\t\t\t\t\t\t<\/div>\n\t\t\t\t<\/div>\n\t\t\t\t<\/div>\n\t\t\t\t\t<\/details>\n\t\t\t\t\t\t<details id=\"e-n-accordion-item-2704\" class=\"e-n-accordion-item\" >\n\t\t\t\t<summary class=\"e-n-accordion-item-title\" data-accordion-index=\"5\" tabindex=\"-1\" aria-expanded=\"false\" aria-controls=\"e-n-accordion-item-2704\" >\n\t\t\t\t\t<span class='e-n-accordion-item-title-header'><div class=\"e-n-accordion-item-title-text\"> Arte y Memoria Social <\/div><\/span>\n\t\t\t\t\t\t\t<span class='e-n-accordion-item-title-icon'>\n\t\t\t<span class='e-opened' ><i aria-hidden=\"true\" class=\"huge huge-user-group\"><\/i><\/span>\n\t\t\t<span class='e-closed'><i aria-hidden=\"true\" class=\"huge huge-user-group\"><\/i><\/span>\n\t\t<\/span>\n\n\t\t\t\t\t\t<\/summary>\n\t\t\t\t<div role=\"region\" aria-labelledby=\"e-n-accordion-item-2704\" class=\"elementor-element elementor-element-786d317 e-con-full e-flex e-con e-child\" data-id=\"786d317\" data-element_type=\"container\" data-e-type=\"container\" data-settings=\"{&quot;_ha_eqh_enable&quot;:false}\">\n\t\t\t\t<div class=\"elementor-element elementor-element-c61ad04 elementor-widget elementor-widget-text-editor\" data-id=\"c61ad04\" data-element_type=\"widget\" data-e-type=\"widget\" data-widget_type=\"text-editor.default\">\n\t\t\t\t<div class=\"elementor-widget-container\">\n\t\t\t\t\t\t\t\t\t<ul>\n<li><strong>Code:<\/strong> \u00a0VPIA-2021-GI-17<\/li>\n<li><strong>Director del grupo:<\/strong> Natalia Yolanda Tamayo Cruz<\/li>\n<li><strong>Unidad acad\u00e9mica: <\/strong>Transversal<\/li>\n<li><b>Obejtivo general:<\/b>\u00a0Generar un grupo de trabajo abierto a la reflexi\u00f3n, la creaci\u00f3n y la generaci\u00f3n de propuestas art\u00edsticas y acad\u00e9micas a trav\u00e9s de proyectos de investigaci\u00f3n que trabajen la memoria social y colectiva para emprender procesos que visibilicen y resignifiquen relatos que han sido construidos desde sectores hegem\u00f3nicos.<\/li>\n<li><strong style=\"color: var( --e-global-color-71b3e6d1 ); text-align: var(--text-align);\">Objetivos espec\u00edficos:<\/strong><span style=\"color: var( --e-global-color-71b3e6d1 ); text-align: var(--text-align);\">\u00a0<\/span>\n<ul>\n<li>Construir un espacio de producci\u00f3n de conocimiento comparativo con una din\u00e1mica de reflexi\u00f3n ampliada sobre la memoria social en di\u00e1logo con comunidades y colectivos sociales.<\/li>\n<li>Historizar la gesti\u00f3n de las artes como mecanismo que contribuya a visibilizar actividades, personajes y espacios que han contribuido a la historia cultural de la ciudad.<\/li>\n<li>Trabajar con archivos y bibliotecas como dispositivos a ser intervenidos para generar nuevos relatos que rompan con discursos hegem\u00f3nicos y que sirvan como detonantes de propuestas art\u00edsticas.<\/li>\n<li>Generar laboratorios interdisciplinarios de creaci\u00f3n teniendo como eje transversal la memoria social.<\/li>\n<li>Contribuir a la difusi\u00f3n y circulaci\u00f3n de contenidos que incorporen lecturas cr\u00edticas tomando el arte como eje articulador en la resignificaci\u00f3n de la memoria.<\/li>\n<\/ul>\n<\/li>\n<\/ul>\t\t\t\t\t\t\t\t<\/div>\n\t\t\t\t<\/div>\n\t\t\t\t<\/div>\n\t\t\t\t\t<\/details>\n\t\t\t\t\t\t<details id=\"e-n-accordion-item-2705\" class=\"e-n-accordion-item\" >\n\t\t\t\t<summary class=\"e-n-accordion-item-title\" data-accordion-index=\"6\" tabindex=\"-1\" aria-expanded=\"false\" aria-controls=\"e-n-accordion-item-2705\" >\n\t\t\t\t\t<span class='e-n-accordion-item-title-header'><div class=\"e-n-accordion-item-title-text\"> Primer borrador (Colecci\u00f3n de guiones cinematogr\u00e1ficos ecuatorianos)  <\/div><\/span>\n\t\t\t\t\t\t\t<span class='e-n-accordion-item-title-icon'>\n\t\t\t<span class='e-opened' ><i aria-hidden=\"true\" class=\"huge huge-user-group\"><\/i><\/span>\n\t\t\t<span class='e-closed'><i aria-hidden=\"true\" class=\"huge huge-user-group\"><\/i><\/span>\n\t\t<\/span>\n\n\t\t\t\t\t\t<\/summary>\n\t\t\t\t<div role=\"region\" aria-labelledby=\"e-n-accordion-item-2705\" class=\"elementor-element elementor-element-194dbd3 e-con-full e-flex e-con e-child\" data-id=\"194dbd3\" data-element_type=\"container\" data-e-type=\"container\" data-settings=\"{&quot;_ha_eqh_enable&quot;:false}\">\n\t\t\t\t<div class=\"elementor-element elementor-element-916d8b1 elementor-widget elementor-widget-text-editor\" data-id=\"916d8b1\" data-element_type=\"widget\" data-e-type=\"widget\" data-widget_type=\"text-editor.default\">\n\t\t\t\t<div class=\"elementor-widget-container\">\n\t\t\t\t\t\t\t\t\t<ul>\n<li><strong>Code:<\/strong> \u00a0VPIA-2021-GI-18<\/li>\n<li><strong>Director del grupo:<\/strong>\u00a0Fernando Xavier Mieles Pe\u00f1a<\/li>\n<li><strong>Unidad acad\u00e9mica: <\/strong>Cin\u00e9ma<\/li>\n<li><strong style=\"color: var( --e-global-color-71b3e6d1 ); text-align: var(--text-align);\">Objetivos:<\/strong><span style=\"color: var( --e-global-color-71b3e6d1 ); text-align: var(--text-align);\">\u00a0<\/span>Contribuir a la difusi\u00f3n del estudio que existe tanto en la escritura de guiones cinematogr\u00e1ficos como en la realizaci\u00f3n audiovisual de filmes ecuatorianos a partir del an\u00e1lisis del proceso creativo de las diversas escrituras tanto en papel como en pantalla.<\/li>\n<\/ul>\t\t\t\t\t\t\t\t<\/div>\n\t\t\t\t<\/div>\n\t\t\t\t<\/div>\n\t\t\t\t\t<\/details>\n\t\t\t\t\t\t<details id=\"e-n-accordion-item-2706\" class=\"e-n-accordion-item\" >\n\t\t\t\t<summary class=\"e-n-accordion-item-title\" data-accordion-index=\"7\" tabindex=\"-1\" aria-expanded=\"false\" aria-controls=\"e-n-accordion-item-2706\" >\n\t\t\t\t\t<span class='e-n-accordion-item-title-header'><div class=\"e-n-accordion-item-title-text\"> Minga Multimedia de Arte y Tecnolog\u00eda <\/div><\/span>\n\t\t\t\t\t\t\t<span class='e-n-accordion-item-title-icon'>\n\t\t\t<span class='e-opened' ><i aria-hidden=\"true\" class=\"huge huge-user-group\"><\/i><\/span>\n\t\t\t<span class='e-closed'><i aria-hidden=\"true\" class=\"huge huge-user-group\"><\/i><\/span>\n\t\t<\/span>\n\n\t\t\t\t\t\t<\/summary>\n\t\t\t\t<div role=\"region\" aria-labelledby=\"e-n-accordion-item-2706\" class=\"elementor-element elementor-element-e16cd8d e-con-full e-flex e-con e-child\" data-id=\"e16cd8d\" data-element_type=\"container\" data-e-type=\"container\" data-settings=\"{&quot;_ha_eqh_enable&quot;:false}\">\n\t\t\t\t<div class=\"elementor-element elementor-element-075dbeb elementor-widget elementor-widget-text-editor\" data-id=\"075dbeb\" data-element_type=\"widget\" data-e-type=\"widget\" data-widget_type=\"text-editor.default\">\n\t\t\t\t<div class=\"elementor-widget-container\">\n\t\t\t\t\t\t\t\t\t<ul>\n<li><strong>Code:<\/strong> \u00a0\u00a0VPIA-2021-GI-20<\/li>\n<li><strong>Director del grupo:<\/strong> Freddy Oswaldo Vallejos Palacios<\/li>\n<li><strong>Unidad acad\u00e9mica: <\/strong>Sonoras<\/li>\n<li><strong style=\"color: var( --e-global-color-71b3e6d1 ); text-align: var(--text-align);\">Objectif g\u00e9n\u00e9ral:\u00a0<\/strong>El objetivo de este grupo es generar un espacio inter y transdisciplinario de estudio, creaci\u00f3n y difusi\u00f3n de nuevas propuestas de exploraci\u00f3n del sonido en torno al arte, la tecnolog\u00eda, la escucha y la sociedad.<\/li>\n<li><strong style=\"color: var( --e-global-color-71b3e6d1 ); text-align: var(--text-align);\">Objetivos espec\u00edficos:<\/strong><span style=\"color: var( --e-global-color-71b3e6d1 ); text-align: var(--text-align);\">\u00a0<\/span>\n<ul>\n<li>Generar obras, proyectos, textos y productos culturales que exploren el cruce entre las artes, la tecnolog\u00eda y los nuevos medios.<\/li>\n<li>Articular espacios de intercambio, promoci\u00f3n y difusi\u00f3n para artistas y proyectos locales e internacionales que exploren los medios tecnol\u00f3gicos en conjunto con las artes.<\/li>\n<li>Reflexionar sobre el impacto de la t\u00e9cnica\/tecnolog\u00eda en la sociedad y en los procesos art\u00edsticos y creativos<\/li>\n<\/ul>\n<\/li>\n<\/ul>\t\t\t\t\t\t\t\t<\/div>\n\t\t\t\t<\/div>\n\t\t\t\t<\/div>\n\t\t\t\t\t<\/details>\n\t\t\t\t\t\t<details id=\"e-n-accordion-item-2707\" class=\"e-n-accordion-item\" >\n\t\t\t\t<summary class=\"e-n-accordion-item-title\" data-accordion-index=\"8\" tabindex=\"-1\" aria-expanded=\"false\" aria-controls=\"e-n-accordion-item-2707\" >\n\t\t\t\t\t<span class='e-n-accordion-item-title-header'><div class=\"e-n-accordion-item-title-text\"> Texto, archivo y memoria <\/div><\/span>\n\t\t\t\t\t\t\t<span class='e-n-accordion-item-title-icon'>\n\t\t\t<span class='e-opened' ><i aria-hidden=\"true\" class=\"huge huge-user-group\"><\/i><\/span>\n\t\t\t<span class='e-closed'><i aria-hidden=\"true\" class=\"huge huge-user-group\"><\/i><\/span>\n\t\t<\/span>\n\n\t\t\t\t\t\t<\/summary>\n\t\t\t\t<div role=\"region\" aria-labelledby=\"e-n-accordion-item-2707\" class=\"elementor-element elementor-element-15ee660 e-con-full e-flex e-con e-child\" data-id=\"15ee660\" data-element_type=\"container\" data-e-type=\"container\" data-settings=\"{&quot;_ha_eqh_enable&quot;:false}\">\n\t\t\t\t<div class=\"elementor-element elementor-element-b2982f4 elementor-widget elementor-widget-text-editor\" data-id=\"b2982f4\" data-element_type=\"widget\" data-e-type=\"widget\" data-widget_type=\"text-editor.default\">\n\t\t\t\t<div class=\"elementor-widget-container\">\n\t\t\t\t\t\t\t\t\t<ul>\n<li><strong>Code:<\/strong> \u00a0\u00a0VPIA-2021-GI-22<\/li>\n<li><strong>Director del grupo:<\/strong> Jorge Diego Massucco Paolinelli<\/li>\n<li><strong>Unidad acad\u00e9mica: <\/strong>Arts visuels<\/li>\n<li><strong style=\"color: var( --e-global-color-71b3e6d1 ); text-align: var(--text-align);\">Objetivos:<\/strong><span style=\"color: var( --e-global-color-71b3e6d1 ); text-align: var(--text-align);\">\u00a0<\/span>\n<ul>\n<li>Ampliar la noci\u00f3n de archivo para revitalizar sus aspectos convencionales hacia otros m\u00e1s experimentales en el contexto del arte.<\/li>\n<li>Explorar nuevas metodolog\u00edas de creaci\u00f3n art\u00edstica que profundicen el di\u00e1logo entre la materia concreta y el objeto digital.<\/li>\n<li>Socializar los hallazgos del grupo a trav\u00e9s de exposiciones individuales, colectivas y dem\u00e1s que sean sensibles a la transformaci\u00f3n y dinamismo que las mismas exigen.<\/li>\n<li>Trascender la conceptualizaci\u00f3n hegem\u00f3nica de memoria para descubrir, desde la singularidad de la pr\u00e1ctica art\u00edstica, formas divergentes que activen nuevos espacios de reflexi\u00f3n y contemplaci\u00f3n.<\/li>\n<\/ul>\n<\/li>\n<\/ul>\t\t\t\t\t\t\t\t<\/div>\n\t\t\t\t<\/div>\n\t\t\t\t<\/div>\n\t\t\t\t\t<\/details>\n\t\t\t\t\t\t<details id=\"e-n-accordion-item-2708\" class=\"e-n-accordion-item\" >\n\t\t\t\t<summary class=\"e-n-accordion-item-title\" data-accordion-index=\"9\" tabindex=\"-1\" aria-expanded=\"false\" aria-controls=\"e-n-accordion-item-2708\" >\n\t\t\t\t\t<span class='e-n-accordion-item-title-header'><div class=\"e-n-accordion-item-title-text\"> Fisura Epist\u00e9mica. Arte, ciencia y tecnolog\u00eda <\/div><\/span>\n\t\t\t\t\t\t\t<span class='e-n-accordion-item-title-icon'>\n\t\t\t<span class='e-opened' ><i aria-hidden=\"true\" class=\"huge huge-user-group\"><\/i><\/span>\n\t\t\t<span class='e-closed'><i aria-hidden=\"true\" class=\"huge huge-user-group\"><\/i><\/span>\n\t\t<\/span>\n\n\t\t\t\t\t\t<\/summary>\n\t\t\t\t<div role=\"region\" aria-labelledby=\"e-n-accordion-item-2708\" class=\"elementor-element elementor-element-4a9ee79 e-con-full e-flex e-con e-child\" data-id=\"4a9ee79\" data-element_type=\"container\" data-e-type=\"container\" data-settings=\"{&quot;_ha_eqh_enable&quot;:false}\">\n\t\t\t\t<div class=\"elementor-element elementor-element-7021b36 elementor-widget elementor-widget-text-editor\" data-id=\"7021b36\" data-element_type=\"widget\" data-e-type=\"widget\" data-widget_type=\"text-editor.default\">\n\t\t\t\t<div class=\"elementor-widget-container\">\n\t\t\t\t\t\t\t\t\t<ul>\n<li><strong>Code:<\/strong> \u00a0VPIA-2022-GI-02<\/li>\n<li><strong>Director del grupo:<\/strong> Cristian Alberto Villavicencio Ruiz<\/li>\n<li><strong>Unidad acad\u00e9mica: <\/strong>Arts visuels<\/li>\n<li><strong style=\"color: var( --e-global-color-71b3e6d1 ); text-align: var(--text-align);\">Objetivos:<\/strong><span style=\"color: var( --e-global-color-71b3e6d1 ); text-align: var(--text-align);\">\u00a0<\/span>\n<ul>\n<li>Analizar cr\u00edticamente, tanto desde la pr\u00e1ctica art\u00edstica como la teor\u00eda del arte, procesos epist\u00e9micos contempor\u00e1neos desde una visi\u00f3n situada (epistemolog\u00edas del sur).\u00a0<\/li>\n<li>Desarrollar producciones que aporten en la legitimaci\u00f3n social de la pr\u00e1ctica art\u00edstica como un proceso epist\u00e9mico y cognitivo.<\/li>\n<li>Analizar la confluencia entre arte, ciencia y tecnolog\u00eda.<\/li>\n<li>Desarrollar procesos de circulaci\u00f3n de obra art\u00edstica en espacios relevantes nacionales e internacionales.<\/li>\n<li>Desarrollar procesos de circulaci\u00f3n de obra te\u00f3rica o anal\u00edtica en publicaciones especializadas e indexadas.<\/li>\n<\/ul>\n<\/li>\n<\/ul>\t\t\t\t\t\t\t\t<\/div>\n\t\t\t\t<\/div>\n\t\t\t\t<\/div>\n\t\t\t\t\t<\/details>\n\t\t\t\t\t\t<details id=\"e-n-accordion-item-2709\" class=\"e-n-accordion-item\" >\n\t\t\t\t<summary class=\"e-n-accordion-item-title\" data-accordion-index=\"10\" tabindex=\"-1\" aria-expanded=\"false\" aria-controls=\"e-n-accordion-item-2709\" >\n\t\t\t\t\t<span class='e-n-accordion-item-title-header'><div class=\"e-n-accordion-item-title-text\"> Creaci\u00f3n Piloto <\/div><\/span>\n\t\t\t\t\t\t\t<span class='e-n-accordion-item-title-icon'>\n\t\t\t<span class='e-opened' ><i aria-hidden=\"true\" class=\"huge huge-user-group\"><\/i><\/span>\n\t\t\t<span class='e-closed'><i aria-hidden=\"true\" class=\"huge huge-user-group\"><\/i><\/span>\n\t\t<\/span>\n\n\t\t\t\t\t\t<\/summary>\n\t\t\t\t<div role=\"region\" aria-labelledby=\"e-n-accordion-item-2709\" class=\"elementor-element elementor-element-ee72b87 e-con-full e-flex e-con e-child\" data-id=\"ee72b87\" data-element_type=\"container\" data-e-type=\"container\" data-settings=\"{&quot;_ha_eqh_enable&quot;:false}\">\n\t\t\t\t<div class=\"elementor-element elementor-element-53019b4 elementor-widget elementor-widget-text-editor\" data-id=\"53019b4\" data-element_type=\"widget\" data-e-type=\"widget\" data-widget_type=\"text-editor.default\">\n\t\t\t\t<div class=\"elementor-widget-container\">\n\t\t\t\t\t\t\t\t\t<ul>\n<li><strong>Code:<\/strong> \u00a0VPIA-2022-GI-04<\/li>\n<li><strong>Director del grupo:<\/strong> Luis Miguel Cajiao Oviedo<\/li>\n<li><strong>Unidad acad\u00e9mica: <\/strong>Artes esc\u00e9nicas<\/li>\n<li><strong style=\"color: var( --e-global-color-71b3e6d1 ); text-align: var(--text-align);\">Objetivos:<\/strong><span style=\"color: var( --e-global-color-71b3e6d1 ); text-align: var(--text-align);\">\u00a0<\/span>\n<ul>\n<li>Desarrollar recursos metodol\u00f3gicos enfocados en la sistematizaci\u00f3n de los procesos de investigaci\u00f3n-creaci\u00f3n que devengan del di\u00e1logo interdisciplinario dentro de los procesos creativos.<\/li>\n<li>Abordar la investigaci\u00f3n y creaci\u00f3n art\u00edstica a partir del cruce de lenguajes disciplinares y sus implicaciones po\u00e9ticas en los espacios de experimentaci\u00f3n y estudio.<\/li>\n<li>Generar m\u00e9todos de transmisi\u00f3n de material creativo y pedag\u00f3gico como fuente de retroalimentaci\u00f3n y aprendizaje colectivo, creando instancias que potencien el di\u00e1logo e intercambio de saberes entre investigadorxs.<\/li>\n<li>Elaborar un registro reflexivo del proceso, que aporte en diferentes instancias pedag\u00f3gicas, a trav\u00e9s de la implementaci\u00f3n de herramientas espec\u00edficas de archivo y documentaci\u00f3n.<\/li>\n<li>Imbricar las pr\u00e1cticas esc\u00e9nicas con procesos de otras disciplinas, tales como la mediaci\u00f3n cultural o la museolog\u00eda.<\/li>\n<\/ul>\n<\/li>\n<\/ul>\t\t\t\t\t\t\t\t<\/div>\n\t\t\t\t<\/div>\n\t\t\t\t<\/div>\n\t\t\t\t\t<\/details>\n\t\t\t\t\t\t<details id=\"e-n-accordion-item-27010\" class=\"e-n-accordion-item\" >\n\t\t\t\t<summary class=\"e-n-accordion-item-title\" data-accordion-index=\"11\" tabindex=\"-1\" aria-expanded=\"false\" aria-controls=\"e-n-accordion-item-27010\" >\n\t\t\t\t\t<span class='e-n-accordion-item-title-header'><div class=\"e-n-accordion-item-title-text\"> Libre Libro: laboratorio experimental y colaborativo de investigaci\u00f3n interdisciplinaria sobre lecturas y pr\u00e1cticas editoriales <\/div><\/span>\n\t\t\t\t\t\t\t<span class='e-n-accordion-item-title-icon'>\n\t\t\t<span class='e-opened' ><i aria-hidden=\"true\" class=\"huge huge-user-group\"><\/i><\/span>\n\t\t\t<span class='e-closed'><i aria-hidden=\"true\" class=\"huge huge-user-group\"><\/i><\/span>\n\t\t<\/span>\n\n\t\t\t\t\t\t<\/summary>\n\t\t\t\t<div role=\"region\" aria-labelledby=\"e-n-accordion-item-27010\" class=\"elementor-element elementor-element-ca43a3e e-con-full e-flex e-con e-child\" data-id=\"ca43a3e\" data-element_type=\"container\" data-e-type=\"container\" data-settings=\"{&quot;_ha_eqh_enable&quot;:false}\">\n\t\t\t\t<div class=\"elementor-element elementor-element-872b5af elementor-widget elementor-widget-text-editor\" data-id=\"872b5af\" data-element_type=\"widget\" data-e-type=\"widget\" data-widget_type=\"text-editor.default\">\n\t\t\t\t<div class=\"elementor-widget-container\">\n\t\t\t\t\t\t\t\t\t<ul>\n<li><strong>Code:<\/strong>\u00a0 VPIA-2022-GI-05<\/li>\n<li><strong>Director del grupo:<\/strong> Ana Camila Corral Escudero<\/li>\n<li><strong>Unidad acad\u00e9mica: <\/strong>Litt\u00e9rature<\/li>\n<li><strong style=\"color: var( --e-global-color-71b3e6d1 ); text-align: var(--text-align);\">Objetivos:<\/strong><span style=\"color: var( --e-global-color-71b3e6d1 ); text-align: var(--text-align);\">\u00a0<\/span>\n<ul>\n<li>Generar espacios en los que se investigue, problematice y repiense las pr\u00e1cticas editoriales, sus h\u00e1bitos, materialidades y relaciones para la circulaci\u00f3n de conocimiento y desarrollo del esp\u00edritu cr\u00edtico, tanto de la comunidad universitaria como de la ciudadan\u00eda en general.<\/li>\n<li>Contribuir a la conceptualizaci\u00f3n y dimensionamiento de la lectura como una pr\u00e1ctica social y un derecho imprescindible para alcanzar el desarrollo a escala humana y reducir las brechas de desigualdad social a trav\u00e9s de la investigaci\u00f3n centrada en el Ecuador.<\/li>\n<li>Describir y analizar las distintas funciones, competencias y posturas \u00e9ticas, est\u00e9ticas y art\u00edsticas de algunos de los principales actores del libro y la lectura en el Ecuador a trav\u00e9s del registro, an\u00e1lisis y edici\u00f3n de las Memorias de Libre Libro 2022 y 2023.<\/li>\n<li>Fortalecer las redes de los diferentes actores del ecosistema editorial para discutir, reflexionar y dise\u00f1ar proyectos que trabajen en favor del derecho a la lectura y el sector editorial mediante actividades permanentes como seminarios y ciclos.<\/li>\n<li>Coordinar procesos de investigaci\u00f3n-creaci\u00f3n que diluciden c\u00f3mo la literatura, el cine, la ilustraci\u00f3n y el teatro infanto-juvenil salvaguardan el patrimonio material, inmaterial y cultural del Ecuador a la vez que cuestiona nociones coloniales y did\u00e1cticas sobre a) la memoria y la identidad, y, b) la subjetividad y los saberes infantes.<\/li>\n<li>Producir art\u00edculos indexados sobre literatura infantil y juvenil, mediaci\u00f3n lectora, publicaci\u00f3n y circulaci\u00f3n de obras para infancias en editoriales independientes.<\/li>\n<li>Crear obras art\u00edsticas transdisciplinarias-participativas basadas en pedagog\u00edas cr\u00edticas\/decoloniales.<\/li>\n<li>Generar y\/o participar de encuentros acad\u00e9micos en torno a artes, edici\u00f3n e infancias.<\/li>\n<li>Implementar un Diplomado sobre Mediaci\u00f3n Lectora (120 horas), ofrecido a trav\u00e9s de la plataforma de educaci\u00f3n continua que se realizar\u00e1 en 2025<\/li>\n<\/ul>\n<\/li>\n<\/ul>\t\t\t\t\t\t\t\t<\/div>\n\t\t\t\t<\/div>\n\t\t\t\t<\/div>\n\t\t\t\t\t<\/details>\n\t\t\t\t\t\t<details id=\"e-n-accordion-item-27011\" class=\"e-n-accordion-item\" >\n\t\t\t\t<summary class=\"e-n-accordion-item-title\" data-accordion-index=\"12\" tabindex=\"-1\" aria-expanded=\"false\" aria-controls=\"e-n-accordion-item-27011\" >\n\t\t\t\t\t<span class='e-n-accordion-item-title-header'><div class=\"e-n-accordion-item-title-text\"> AYLLU: Comunidad de interaprendizaje <\/div><\/span>\n\t\t\t\t\t\t\t<span class='e-n-accordion-item-title-icon'>\n\t\t\t<span class='e-opened' ><i aria-hidden=\"true\" class=\"huge huge-user-group\"><\/i><\/span>\n\t\t\t<span class='e-closed'><i aria-hidden=\"true\" class=\"huge huge-user-group\"><\/i><\/span>\n\t\t<\/span>\n\n\t\t\t\t\t\t<\/summary>\n\t\t\t\t<div role=\"region\" aria-labelledby=\"e-n-accordion-item-27011\" class=\"elementor-element elementor-element-e9bf533 e-con-full e-flex e-con e-child\" data-id=\"e9bf533\" data-element_type=\"container\" data-e-type=\"container\" data-settings=\"{&quot;_ha_eqh_enable&quot;:false}\">\n\t\t\t\t<div class=\"elementor-element elementor-element-828c1cb elementor-widget elementor-widget-text-editor\" data-id=\"828c1cb\" data-element_type=\"widget\" data-e-type=\"widget\" data-widget_type=\"text-editor.default\">\n\t\t\t\t<div class=\"elementor-widget-container\">\n\t\t\t\t\t\t\t\t\t<p><strong>Code:<\/strong> \u00a0VPIA-2022-GI-07<\/p>\n<ul>\n<li><strong>Director del grupo:<\/strong>\u00a0Pedro Jos\u00e9 Mujica Paredes<\/li>\n<li><strong>Unidad acad\u00e9mica: <\/strong>Litt\u00e9rature<\/li>\n<li><strong style=\"color: var( --e-global-color-71b3e6d1 ); text-align: var(--text-align);\">Objetivos generales:<\/strong><span style=\"color: var( --e-global-color-71b3e6d1 ); text-align: var(--text-align);\">\u00a0<\/span>\n<ul>\n<li>Promover po\u00e9ticas pedag\u00f3gicas creativas a partir de procesos formativos en artes para dinamizar espacios del debate educativo.<\/li>\n<li>Fomentar el rescate, el estudio, la interpretaci\u00f3n, la lectura cr\u00edtica y la difusi\u00f3n de la producci\u00f3n literaria latinoamericana vista desde una perspectiva amplia y diversa.<\/li>\n<\/ul>\n<\/li>\n<li><strong>Objetivos espec\u00edficos:<\/strong>\n<ul>\n<li>Crear did\u00e1cticas desde las po\u00e9ticas pedag\u00f3gicas a partir de procesos formativos en artes para dinamizar espacios del debate educativo.<\/li>\n<li>Divulgar los resultados desarrollados desde las po\u00e9ticas pedag\u00f3gicas a partir de procesos formativos en artes para dinamizar espacios del debate educativo.<\/li>\n<li>Generar estudios, aproximaciones y lecturas de literatura ecuatoriana y latinoamericana, tanto en el marco de su especificidad como en el de sus relaciones con otras manifestaciones culturales y art\u00edsticas.<\/li>\n<\/ul>\n<\/li>\n<\/ul>\t\t\t\t\t\t\t\t<\/div>\n\t\t\t\t<\/div>\n\t\t\t\t<\/div>\n\t\t\t\t\t<\/details>\n\t\t\t\t\t\t<details id=\"e-n-accordion-item-27012\" class=\"e-n-accordion-item\" >\n\t\t\t\t<summary class=\"e-n-accordion-item-title\" data-accordion-index=\"13\" tabindex=\"-1\" aria-expanded=\"false\" aria-controls=\"e-n-accordion-item-27012\" >\n\t\t\t\t\t<span class='e-n-accordion-item-title-header'><div class=\"e-n-accordion-item-title-text\"> Teor\u00edas y pr\u00e1cticas transversales sobre arte, cultura, epistemolog\u00edas y sociedad <\/div><\/span>\n\t\t\t\t\t\t\t<span class='e-n-accordion-item-title-icon'>\n\t\t\t<span class='e-opened' ><i aria-hidden=\"true\" class=\"huge huge-user-group\"><\/i><\/span>\n\t\t\t<span class='e-closed'><i aria-hidden=\"true\" class=\"huge huge-user-group\"><\/i><\/span>\n\t\t<\/span>\n\n\t\t\t\t\t\t<\/summary>\n\t\t\t\t<div role=\"region\" aria-labelledby=\"e-n-accordion-item-27012\" class=\"elementor-element elementor-element-3ac75dc e-con-full e-flex e-con e-child\" data-id=\"3ac75dc\" data-element_type=\"container\" data-e-type=\"container\" data-settings=\"{&quot;_ha_eqh_enable&quot;:false}\">\n\t\t\t\t<div class=\"elementor-element elementor-element-65e0ff2 elementor-widget elementor-widget-text-editor\" data-id=\"65e0ff2\" data-element_type=\"widget\" data-e-type=\"widget\" data-widget_type=\"text-editor.default\">\n\t\t\t\t<div class=\"elementor-widget-container\">\n\t\t\t\t\t\t\t\t\t<ul>\n<li><strong>Code:<\/strong> \u00a0VPIA-2023-GI-03<\/li>\n<li><strong>Director del grupo:<\/strong> Yamil Edinson Lambert Sarango<\/li>\n<li><strong>Unidad acad\u00e9mica: <\/strong>Transversal<\/li>\n<li><b>Objectif g\u00e9n\u00e9ral:\u00a0<\/b>Analizar desde perspectivas cr\u00edticas e interdisciplinarias diversos temas\/problemas que dialoguen en torno a las teor\u00edas cr\u00edticas, las pr\u00e1cticas art\u00edstico-culturales, las epistemolog\u00edas y la sociedad.\u00a0<\/li>\n<li><strong style=\"color: var( --e-global-color-71b3e6d1 ); text-align: var(--text-align);\">Objetivos espec\u00edficos:<\/strong><span style=\"color: var( --e-global-color-71b3e6d1 ); text-align: var(--text-align);\">\u00a0<\/span>\n<ul>\n<li>Generar pr\u00e1cticas que permitan la relaci\u00f3n entre los procesos-resultados de la investigaci\u00f3n y el campo de la docencia, la gesti\u00f3n y la vinculaci\u00f3n.<\/li>\n<li>Reflexionar en torno a problem\u00e1ticas y categor\u00edas \u201cuniversales\u201d de la disciplina est\u00e9tica y filos\u00f3fica del arte.<\/li>\n<li>Transversalizar saberes y quehaceres m\u00faltiples en el campo investigativocreativo a partir del an\u00e1lisis de varios ejes tem\u00e1ticos desde un enfoque cr\u00edticosituado.<\/li>\n<\/ul>\n<\/li>\n<\/ul>\t\t\t\t\t\t\t\t<\/div>\n\t\t\t\t<\/div>\n\t\t\t\t<\/div>\n\t\t\t\t\t<\/details>\n\t\t\t\t\t\t<details id=\"e-n-accordion-item-27013\" class=\"e-n-accordion-item\" >\n\t\t\t\t<summary class=\"e-n-accordion-item-title\" data-accordion-index=\"14\" tabindex=\"-1\" aria-expanded=\"false\" aria-controls=\"e-n-accordion-item-27013\" >\n\t\t\t\t\t<span class='e-n-accordion-item-title-header'><div class=\"e-n-accordion-item-title-text\"> A es E: Investigaci\u00f3n, Arte y Experiencia <\/div><\/span>\n\t\t\t\t\t\t\t<span class='e-n-accordion-item-title-icon'>\n\t\t\t<span class='e-opened' ><i aria-hidden=\"true\" class=\"huge huge-user-group\"><\/i><\/span>\n\t\t\t<span class='e-closed'><i aria-hidden=\"true\" class=\"huge huge-user-group\"><\/i><\/span>\n\t\t<\/span>\n\n\t\t\t\t\t\t<\/summary>\n\t\t\t\t<div role=\"region\" aria-labelledby=\"e-n-accordion-item-27013\" class=\"elementor-element elementor-element-1c1d40a e-con-full e-flex e-con e-child\" data-id=\"1c1d40a\" data-element_type=\"container\" data-e-type=\"container\" data-settings=\"{&quot;_ha_eqh_enable&quot;:false}\">\n\t\t\t\t<div class=\"elementor-element elementor-element-46dd84f elementor-widget elementor-widget-text-editor\" data-id=\"46dd84f\" data-element_type=\"widget\" data-e-type=\"widget\" data-widget_type=\"text-editor.default\">\n\t\t\t\t<div class=\"elementor-widget-container\">\n\t\t\t\t\t\t\t\t\t<ul>\n<li><strong>Code:<\/strong> \u00a0VPIA-2025-GI-01<\/li>\n<li><strong>Director del grupo:<\/strong> Julio Rusl\u00e1n Torres Leyva<\/li>\n<li><strong>Unidad acad\u00e9mica: <\/strong>Arts visuels<\/li>\n<li><strong style=\"color: var( --e-global-color-71b3e6d1 ); text-align: var(--text-align);\">Objetivos:<\/strong><span style=\"color: var( --e-global-color-71b3e6d1 ); text-align: var(--text-align);\">\u00a0<\/span>\n<ul>\n<li>Profundizar en la comprensi\u00f3n del arte y la pedagog\u00eda como formas de investigaci\u00f3n, a trav\u00e9s de la reflexi\u00f3n cr\u00edtica, contextualizada y sensible.<\/li>\n<li>Explorar diversos procesos, metodolog\u00edas y enfoques en la creaci\u00f3n art\u00edstica, basados en la investigaci\u00f3n y la experiencia.<\/li>\n<li>Desarrollar estrategias pedag\u00f3gicas que integren la investigaci\u00f3n, la experiencia y la creaci\u00f3n art\u00edstica.<\/li>\n<li>Promover el di\u00e1logo y la colaboraci\u00f3n entre artistas, investigadores y educadores de diferentes \u00e1reas y contextos socioculturales.<\/li>\n<li>Compartir los resultados de las investigaciones a trav\u00e9s de publicaciones, exposiciones, talleres y actividades de formatos diversos.<\/li>\n<\/ul>\n<\/li>\n<\/ul>\t\t\t\t\t\t\t\t<\/div>\n\t\t\t\t<\/div>\n\t\t\t\t<\/div>\n\t\t\t\t\t<\/details>\n\t\t\t\t\t\t<details id=\"e-n-accordion-item-27014\" class=\"e-n-accordion-item\" >\n\t\t\t\t<summary class=\"e-n-accordion-item-title\" data-accordion-index=\"15\" tabindex=\"-1\" aria-expanded=\"false\" aria-controls=\"e-n-accordion-item-27014\" >\n\t\t\t\t\t<span class='e-n-accordion-item-title-header'><div class=\"e-n-accordion-item-title-text\"> ARTEFACTO. Arte, T\u00e9cnica y Tiempo <\/div><\/span>\n\t\t\t\t\t\t\t<span class='e-n-accordion-item-title-icon'>\n\t\t\t<span class='e-opened' ><i aria-hidden=\"true\" class=\"huge huge-user-group\"><\/i><\/span>\n\t\t\t<span class='e-closed'><i aria-hidden=\"true\" class=\"huge huge-user-group\"><\/i><\/span>\n\t\t<\/span>\n\n\t\t\t\t\t\t<\/summary>\n\t\t\t\t<div role=\"region\" aria-labelledby=\"e-n-accordion-item-27014\" class=\"elementor-element elementor-element-25ddc68 e-con-full e-flex e-con e-child\" data-id=\"25ddc68\" data-element_type=\"container\" data-e-type=\"container\" data-settings=\"{&quot;_ha_eqh_enable&quot;:false}\">\n\t\t\t\t<div class=\"elementor-element elementor-element-2dd7a48 elementor-widget elementor-widget-text-editor\" data-id=\"2dd7a48\" data-element_type=\"widget\" data-e-type=\"widget\" data-widget_type=\"text-editor.default\">\n\t\t\t\t<div class=\"elementor-widget-container\">\n\t\t\t\t\t\t\t\t\t<ul>\n<li><strong>Code:<\/strong> \u00a0VPIA-2025-GI-02<\/li>\n<li><strong>Director del grupo:<\/strong> Ana Gabriela Rivadeneira Crespo<\/li>\n<li><strong>Unidad acad\u00e9mica: <\/strong>Cin\u00e9ma<\/li>\n<li><strong style=\"color: var( --e-global-color-71b3e6d1 ); text-align: var(--text-align);\">Objetivos:<\/strong><span style=\"color: var( --e-global-color-71b3e6d1 ); text-align: var(--text-align);\">\u00a0<\/span>\n<ul>\n<li>Generar un espacio de reflexi\u00f3n y creaci\u00f3n de procesos y pr\u00e1cticas art\u00edsticas situadas, inter y transdisciplinarias, donde la diversificaci\u00f3n de saberes y de t\u00e9cnicas tengan como objetivo principal la creaci\u00f3n art\u00edstica en cualquiera de sus disciplinas.<\/li>\n<li>Investigar y analizar las pr\u00e1cticas art\u00edsticas contempor\u00e1neas para actualizar e innovar la ense\u00f1anza art\u00edstica en instituciones de educaci\u00f3n superior en el Ecuador, la regi\u00f3n y el mundo.<\/li>\n<li>Desarrollar marcos te\u00f3ricos que permitan comprender las relaciones entre la investigaci\u00f3n art\u00edstica, la teor\u00eda contempor\u00e1nea, la ense\u00f1anza profesional del arte y la sociedad.<\/li>\n<li>Fomentar la colaboraci\u00f3n y el intercambio en red de conocimientos entre artistas, educadores y te\u00f3ricos del arte dentro y fuera del pa\u00eds generando acciones que favorezcan la investigaci\u00f3n en, sobre, para y a trav\u00e9s del arte.<\/li>\n<li>Suscitar espacios de encuentro que funcionen como dispositivos abiertos de dialogo e intercambio contributivo para propiciar procesos de Investigaci\u00f3n profesional y formativa, creaci\u00f3n y producci\u00f3n art\u00edstica con enfoques metodol\u00f3gicos interdisciplinares e innovadores.<\/li>\n<\/ul>\n<\/li>\n<\/ul>\t\t\t\t\t\t\t\t<\/div>\n\t\t\t\t<\/div>\n\t\t\t\t<\/div>\n\t\t\t\t\t<\/details>\n\t\t\t\t\t<\/div>\n\t\t\t\t\t\t<\/div>\n\t\t\t\t<\/div>\n\t\t\t\t<\/div>\n\t\t<div id=\"e-n-tab-content-2198578982\" role=\"tabpanel\" aria-labelledby=\"e-n-tab-title-2198578982\" data-tab-index=\"2\" style=\"--n-tabs-title-order: 2;\" class=\"elementor-element elementor-element-9335864 e-con-full e-flex e-con e-child\" data-id=\"9335864\" data-element_type=\"container\" data-e-type=\"container\" data-settings=\"{&quot;_ha_eqh_enable&quot;:false}\">\n\t\t\t\t<div class=\"elementor-element elementor-element-a819200 elementor-widget elementor-widget-text-editor\" data-id=\"a819200\" data-element_type=\"widget\" data-e-type=\"widget\" data-widget_type=\"text-editor.default\">\n\t\t\t\t<div class=\"elementor-widget-container\">\n\t\t\t\t\t\t\t\t\t<table width=\"576\">\n<tbody>\n<tr>\n<td width=\"43\">\n<p><strong>Nro.<\/strong><\/p>\n<\/td>\n<td width=\"98\">\n<p><strong>C\u00f3digo<\/strong><\/p>\n<\/td>\n<td width=\"236\">\n<p><strong>Nombre del grupo de investigaci\u00f3n<\/strong><\/p>\n<\/td>\n<td width=\"104\">\n<p><strong>Director<\/strong><\/p>\n<\/td>\n<td width=\"94\">\n<p><strong>Unidad acad\u00e9mica<\/strong><\/p>\n<\/td>\n<\/tr>\n<tr>\n<td colspan=\"5\" width=\"576\">\n<p style=\"text-align: center;\"><strong>2021<\/strong><\/p>\n<\/td>\n<\/tr>\n<tr>\n<td width=\"43\">\n<p>1<\/p>\n<\/td>\n<td width=\"98\">\n<p>VPIA-2021-GI-02<\/p>\n<\/td>\n<td width=\"236\">\n<p>M\u00fasica, identidad y migraciones<\/p>\n<\/td>\n<td width=\"104\">\n<p>Ana<\/p>\n<p>Carrillo Rosero<\/p>\n<\/td>\n<td width=\"94\">\n<p>Transversal<\/p>\n<\/td>\n<\/tr>\n<tr>\n<td width=\"43\">\n<p>2<\/p>\n<\/td>\n<td width=\"98\">\n<p>VPIA-2021-GI-03<\/p>\n<\/td>\n<td width=\"236\">\n<p>Cine de vanguardia contempor\u00e1neo: usos del archivo y etnograf\u00eda experimental<\/p>\n<\/td>\n<td width=\"104\">\n<p>Libertad<\/p>\n<p>Gills Arana<\/p>\n<\/td>\n<td width=\"94\">\n<p>Cin\u00e9ma<\/p>\n<\/td>\n<\/tr>\n<tr>\n<td width=\"43\">\n<p>3<\/p>\n<\/td>\n<td width=\"98\">\n<p>VPIA-2021-GI-05<\/p>\n<\/td>\n<td width=\"236\">\n<p>Grupo de Trabajo CLACSO: Artes, educaci\u00f3n y ciudadan\u00eda<\/p>\n<\/td>\n<td width=\"104\">\n<p>Janina<\/p>\n<p>Su\u00e1rez Pinz\u00f3n<\/p>\n<\/td>\n<td width=\"94\">\n<p>Niveau<\/p>\n<\/td>\n<\/tr>\n<tr>\n<td width=\"43\">\n<p>4<\/p>\n<\/td>\n<td width=\"98\">\n<p>VPIA-2021-GI-06<\/p>\n<\/td>\n<td width=\"236\">\n<p>Sonidos, sonoridades e iconograf\u00edas precolombinas y de la tradici\u00f3n oral andina<\/p>\n<p>del Ecuador<\/p>\n<\/td>\n<td width=\"104\">\n<p>Juan Carlos<\/p>\n<p>\u00a0Franco Cort\u00e9s<\/p>\n<\/td>\n<td width=\"94\">\n<p>Sonoras<\/p>\n<\/td>\n<\/tr>\n<tr>\n<td width=\"43\">\n<p>5<\/p>\n<\/td>\n<td width=\"98\">\n<p>VPIA-2021-GI-07<\/p>\n<\/td>\n<td width=\"236\">\n<p>Arte, lenguajes y reflexiones cr\u00edticas<\/p>\n<\/td>\n<td width=\"104\">\n<p>Saidel<\/p>\n<p>Brito Lorenzo<\/p>\n<\/td>\n<td width=\"94\">\n<p>Visuales<\/p>\n<\/td>\n<\/tr>\n<tr>\n<td width=\"43\">\n<p>6<\/p>\n<\/td>\n<td width=\"98\">\n<p>VPIA-2021-GI-08<\/p>\n<\/td>\n<td width=\"236\">\n<p>Naturaleza, Cultura y Sociedad<\/p>\n<\/td>\n<td width=\"104\">\n<p>Juan Carlos<\/p>\n<p>Gonz\u00e1lez Guzm\u00e1n<\/p>\n<\/td>\n<td width=\"94\">\n<p>Sonoras<\/p>\n<\/td>\n<\/tr>\n<tr>\n<td width=\"43\">\n<p>7<\/p>\n<\/td>\n<td width=\"98\">\n<p>VPIA-2021-GI-09<\/p>\n<\/td>\n<td width=\"236\">\n<p>La cr\u00edtica cinematogr\u00e1fica en Am\u00e9rica Latina<\/p>\n<\/td>\n<td width=\"104\">\n<p>Libertad<\/p>\n<p>Gills Arana<\/p>\n<\/td>\n<td width=\"94\">\n<p>Cin\u00e9ma<\/p>\n<\/td>\n<\/tr>\n<tr>\n<td width=\"43\">\n<p>8<\/p>\n<\/td>\n<td width=\"98\">\n<p>VPIA-2021-GI-11<\/p>\n<\/td>\n<td width=\"236\">\n<p>La filosof\u00eda y las artes<\/p>\n<\/td>\n<td width=\"104\">\n<p>Mar\u00eda del Pilar Gavilanes Rivadeneira<\/p>\n<\/td>\n<td width=\"94\">\n<p>Transversal<\/p>\n<\/td>\n<\/tr>\n<tr>\n<td width=\"43\">\n<p>9<\/p>\n<\/td>\n<td width=\"98\">\n<p>VPIA-2021-GI-13<\/p>\n<\/td>\n<td width=\"236\">\n<p>Derivas, desbordes y expansiones contempor\u00e1neas del teatro pol\u00edtico, el cine documental y otras disciplinas en torno al archivo, la historia y la memoria.<\/p>\n<\/td>\n<td width=\"104\">\n<p>Mar\u00eda del Pilar Aranda Garc\u00eda<\/p>\n<\/td>\n<td width=\"94\">\n<p>Esc\u00e9nicas<\/p>\n<\/td>\n<\/tr>\n<tr>\n<td width=\"43\">\n<p>10<\/p>\n<\/td>\n<td width=\"98\">\n<p>VPIA-2021-GI-14<\/p>\n<\/td>\n<td width=\"236\">\n<p>Patrimonio Musical Ecuatoriano (PME)<\/p>\n<\/td>\n<td width=\"104\">\n<p>Rafael<\/p>\n<p>Guzm\u00e1n Barrios<\/p>\n<\/td>\n<td width=\"94\">\n<p>Sonoras<\/p>\n<\/td>\n<\/tr>\n<tr>\n<td width=\"43\">\n<p>11<\/p>\n<\/td>\n<td width=\"98\">\n<p>VPIA-2021-GI-15<\/p>\n<\/td>\n<td width=\"236\">\n<p>Eco-l\u00f3gicas: relaciones expansivas, reequilibrio de los extractivismos y<br \/>derivaciones perform\u00e1ticas<\/p>\n<\/td>\n<td width=\"104\">\n<p>Sara Baranzoni\u00a0<\/p>\n<\/td>\n<td width=\"94\">\n<p>Esc\u00e9nicas<\/p>\n<\/td>\n<\/tr>\n<tr>\n<td width=\"43\">\n<p>12<\/p>\n<\/td>\n<td width=\"98\">\n<p>VPIA-2021-GI-16<\/p>\n<\/td>\n<td width=\"236\">\n<p>Visiones Decoloniales del Futuro<\/p>\n<\/td>\n<td width=\"104\">\n<p>Jorge<\/p>\n<p>Flores Velasco<\/p>\n<\/td>\n<td width=\"94\">\n<p>Cin\u00e9ma<\/p>\n<\/td>\n<\/tr>\n<tr>\n<td width=\"43\">\n<p>13<\/p>\n<\/td>\n<td width=\"98\">\n<p>VPIA-2021-GI-19<\/p>\n<\/td>\n<td width=\"236\">\n<p>Artes y migraciones en Am\u00e9rica Latina<\/p>\n<\/td>\n<td width=\"104\">\n<p>Juan Francisco Benavides Sol\u00e1<\/p>\n<\/td>\n<td width=\"94\">\n<p>Transversal<\/p>\n<\/td>\n<\/tr>\n<tr>\n<td width=\"43\">\n<p>14<\/p>\n<\/td>\n<td width=\"98\">\n<p>VPIA-2021-GI-21<\/p>\n<\/td>\n<td width=\"236\">\n<p>GRILIEC (Grupo de Investigaci\u00f3n de Literatura Ecuatoriana)<\/p>\n<\/td>\n<td width=\"104\">\n<p>Andr\u00e9s<\/p>\n<p>Land\u00e1zuri Su\u00e1rez<\/p>\n<\/td>\n<td width=\"94\">\n<p>Litt\u00e9rature<\/p>\n<\/td>\n<\/tr>\n<tr>\n<td width=\"43\">\n<p>15<\/p>\n<\/td>\n<td width=\"98\">\n<p>VPIA-2021-GI-23<\/p>\n<\/td>\n<td width=\"236\">\n<p>Fenomenolog\u00edas: percepci\u00f3n y problemas de la representaci\u00f3n<\/p>\n<\/td>\n<td width=\"104\">\n<p>Jos\u00e9<\/p>\n<p>Andrade Briones<\/p>\n<\/td>\n<td width=\"94\">\n<p>Esc\u00e9nicas<\/p>\n<\/td>\n<\/tr>\n<tr>\n<td width=\"43\">\n<p>16<\/p>\n<\/td>\n<td width=\"98\">\n<p>VPIA-2021-GI-24<\/p>\n<\/td>\n<td width=\"236\">\n<p>Pedagog\u00edas y did\u00e1cticas en artes esc\u00e9nicas expandidas<\/p>\n<\/td>\n<td width=\"104\">\n<p>Paula Andrea Gonz\u00e1lez Rodr\u00edguez<\/p>\n<\/td>\n<td width=\"94\">\n<p>Esc\u00e9nicas<\/p>\n<\/td>\n<\/tr>\n<tr>\n<td colspan=\"5\" width=\"576\">\n<p style=\"text-align: center;\"><strong>2022<\/strong><\/p>\n<\/td>\n<\/tr>\n<tr>\n<td width=\"43\">\n<p>17<\/p>\n<\/td>\n<td width=\"98\">\n<p>VPIA-2022-GI-01<\/p>\n<\/td>\n<td width=\"236\">\n<p>\u00c9ticas y est\u00e9ticas divergentes para la creaci\u00f3n esc\u00e9nica<\/p>\n<\/td>\n<td width=\"104\">\n<p>Sofia<\/p>\n<p>Mera Espinoza<\/p>\n<\/td>\n<td width=\"94\">\n<p>Esc\u00e9nicas<\/p>\n<\/td>\n<\/tr>\n<tr>\n<td width=\"43\">\n<p>18<\/p>\n<\/td>\n<td width=\"98\">\n<p>VPIA-2022-GI-03<\/p>\n<\/td>\n<td width=\"236\">\n<p>Literatura, ilustraci\u00f3n y cine infanto-juvenil en el Ecuador: historia, pr\u00e1cticas y po\u00e9ticas<\/p>\n<\/td>\n<td width=\"104\">\n<p>Alejandra<\/p>\n<p>Zambrano Murillo<\/p>\n<\/td>\n<td width=\"94\">\n<p>Litt\u00e9rature<\/p>\n<\/td>\n<\/tr>\n<tr>\n<td width=\"43\">\n<p>19<\/p>\n<\/td>\n<td width=\"98\">\n<p>VPIA-2022-GI-06<\/p>\n<\/td>\n<td width=\"236\">\n<p>Savia: tramas interculturales e interdisciplinares<\/p>\n<\/td>\n<td width=\"104\">\n<p>\u00c1ngel<\/p>\n<p>Jim\u00e9nez Gaona<\/p>\n<\/td>\n<td width=\"94\">\n<p>Litt\u00e9rature<\/p>\n<\/td>\n<\/tr>\n<tr>\n<td colspan=\"5\" width=\"576\">\n<p style=\"text-align: center;\"><strong>2023<\/strong><\/p>\n<\/td>\n<\/tr>\n<tr>\n<td width=\"43\">\n<p>20<\/p>\n<\/td>\n<td width=\"98\">\n<p>VPIA-2023-GI-01<\/p>\n<\/td>\n<td width=\"236\">\n<p>Atlas MnemoCine<\/p>\n<\/td>\n<td width=\"104\">\n<p>Priscila<\/p>\n<p>Aguirre Mart\u00ednez<\/p>\n<\/td>\n<td width=\"94\">\n<p>Cin\u00e9ma<\/p>\n<\/td>\n<\/tr>\n<tr>\n<td width=\"43\">\n<p>21<\/p>\n<\/td>\n<td width=\"98\">\n<p>VPIA-2023-GI-02<\/p>\n<\/td>\n<td width=\"236\">\n<p>GICEEA &#8211; Grupo de Investigaci\u00f3n-Creaci\u00f3n, Escrituras y Educaci\u00f3n en Artes<\/p>\n<\/td>\n<td width=\"104\">\n<p>Mario Madro\u00f1ero Morillo<\/p>\n<\/td>\n<td width=\"94\">\n<p>Transversal<\/p>\n<\/td>\n<\/tr>\n<tr>\n<td width=\"43\">\n<p>22<\/p>\n<\/td>\n<td width=\"98\">\n<p>VPIA-2023-GI-04<\/p>\n<\/td>\n<td width=\"236\">\n<p>Pedagog\u00edas otras: saberes, pr\u00e1cticas y est\u00e9ticas para la emancipaci\u00f3n y la re-existencia<\/p>\n<\/td>\n<td width=\"104\">\n<p>Ybelice<\/p>\n<p>Brice\u00f1o Linares<\/p>\n<\/td>\n<td width=\"94\">\n<p>Transversal<\/p>\n<\/td>\n<\/tr>\n<tr>\n<td width=\"43\">\n<p>23<\/p>\n<\/td>\n<td width=\"98\">\n<p>VPIA-2023-GI-05<\/p>\n<\/td>\n<td width=\"236\">\n<p>Mnemoficciones: especulaciones sobre la memoria teatral ind\u00edgena de nuestros territorios<\/p>\n<\/td>\n<td width=\"104\">\n<p>Mar\u00eda Dolores<\/p>\n<p>Ortiz Y\u00e9pez<\/p>\n<\/td>\n<td width=\"94\">\n<p>Esc\u00e9nicas<\/p>\n<\/td>\n<\/tr>\n<tr>\n<td colspan=\"5\" width=\"576\">\n<p style=\"text-align: center;\"><strong>2024<\/strong><\/p>\n<\/td>\n<\/tr>\n<tr>\n<td width=\"43\">\n<p>24<\/p>\n<\/td>\n<td width=\"98\">\n<p>VPIA-2024-GI-01<\/p>\n<\/td>\n<td width=\"236\">\n<p>Pedagog\u00edas de las Artes<\/p>\n<\/td>\n<td width=\"104\">\n<p>\u00c1ngela Arboleda Jim\u00e9nez<\/p>\n<\/td>\n<td width=\"94\">\n<p>Troisi\u00e8me cycle<\/p>\n<\/td>\n<\/tr>\n<\/tbody>\n<\/table>\t\t\t\t\t\t\t\t<\/div>\n\t\t\t\t<\/div>\n\t\t\t\t<\/div>\n\t\t\t\t\t<\/div>\n\t\t<\/div>\n\t\t\t\t\t\t<\/div>\n\t\t\t\t<\/div>\n\t\t\t\t\t<\/div>\n\t\t\t\t<\/div>\n\t\t\t\t<\/div>","protected":false},"excerpt":{"rendered":"<p>Activos Inactivos Interactividad digital y electr\u00f3nica audio reactiva C\u00f3digo: \u00a0VPIA-2021-GI-01 Director del grupo: Adina Margarita Izarra de Riera Unidad acad\u00e9mica: Sonoras Objetivos:\u00a0 Realizar obras originales audiovisuales y composiciones musicales utilizando medios mixtos (electr\u00f3nicos y\/o ac\u00fasticos) para ser presentadas en diversos medios online y\/o conciertos en vivo Grabar las obras Publicar las obras Producci\u00f3n, Industria y [&hellip;]<\/p>\n","protected":false},"author":1,"featured_media":45246,"parent":3003,"menu_order":8,"comment_status":"closed","ping_status":"closed","template":"","meta":{"_acf_changed":false,"_uag_custom_page_level_css":"","_monsterinsights_skip_tracking":false,"_monsterinsights_sitenote_active":false,"_monsterinsights_sitenote_note":"","_monsterinsights_sitenote_category":0,"cybocfi_hide_featured_image":"","footnotes":""},"class_list":["post-44831","page","type-page","status-publish","has-post-thumbnail","hentry"],"acf":[],"yoast_head":"<!-- This site is optimized with the Yoast SEO plugin v27.4 - https:\/\/yoast.com\/product\/yoast-seo-wordpress\/ -->\n<title>Universidad de las Artes - Grupos de investigaci\u00f3n<\/title>\n<meta name=\"description\" content=\"Universidad de las Artes - Grupos de investigaci\u00f3n\" \/>\n<meta name=\"robots\" content=\"index, follow, max-snippet:-1, max-image-preview:large, max-video-preview:-1\" \/>\n<link rel=\"canonical\" href=\"https:\/\/www.uartes.edu.ec\/sitio\/fr\/investigacion\/grupos\/\" \/>\n<meta property=\"og:locale\" content=\"fr_FR\" \/>\n<meta property=\"og:type\" content=\"article\" \/>\n<meta property=\"og:title\" content=\"Universidad de las Artes - Grupos de investigaci\u00f3n\" \/>\n<meta property=\"og:description\" content=\"Universidad de las Artes - Grupos de investigaci\u00f3n\" \/>\n<meta property=\"og:url\" content=\"https:\/\/www.uartes.edu.ec\/sitio\/fr\/investigacion\/grupos\/\" \/>\n<meta property=\"og:site_name\" content=\"Universidad de las Artes\" \/>\n<meta property=\"article:publisher\" content=\"https:\/\/www.facebook.com\/uartesec\" \/>\n<meta property=\"article:modified_time\" content=\"2025-06-06T17:30:40+00:00\" \/>\n<meta property=\"og:image\" content=\"https:\/\/www.uartes.edu.ec\/sitio\/wp-content\/uploads\/2023\/07\/ANTIEDIPO-6.jpg\" \/>\n\t<meta property=\"og:image:width\" content=\"2000\" \/>\n\t<meta property=\"og:image:height\" content=\"1333\" \/>\n\t<meta property=\"og:image:type\" content=\"image\/jpeg\" \/>\n<meta name=\"twitter:card\" content=\"summary_large_image\" \/>\n<meta name=\"twitter:site\" content=\"@uartesec\" \/>\n<meta name=\"twitter:label1\" content=\"Dur\u00e9e de lecture estim\u00e9e\" \/>\n\t<meta name=\"twitter:data1\" content=\"12 minutes\" \/>\n<script type=\"application\/ld+json\" class=\"yoast-schema-graph\">{\"@context\":\"https:\\\/\\\/schema.org\",\"@graph\":[{\"@type\":\"WebPage\",\"@id\":\"https:\\\/\\\/www.uartes.edu.ec\\\/sitio\\\/fr\\\/investigacion\\\/grupos\\\/\",\"url\":\"https:\\\/\\\/www.uartes.edu.ec\\\/sitio\\\/fr\\\/investigacion\\\/grupos\\\/\",\"name\":\"Universidad de las Artes - Grupos de investigaci\u00f3n\",\"isPartOf\":{\"@id\":\"https:\\\/\\\/www.uartes.edu.ec\\\/sitio\\\/fr\\\/#website\"},\"primaryImageOfPage\":{\"@id\":\"https:\\\/\\\/www.uartes.edu.ec\\\/sitio\\\/fr\\\/investigacion\\\/grupos\\\/#primaryimage\"},\"image\":{\"@id\":\"https:\\\/\\\/www.uartes.edu.ec\\\/sitio\\\/fr\\\/investigacion\\\/grupos\\\/#primaryimage\"},\"thumbnailUrl\":\"https:\\\/\\\/www.uartes.edu.ec\\\/sitio\\\/wp-content\\\/uploads\\\/2023\\\/07\\\/ANTIEDIPO-6.jpg\",\"datePublished\":\"2023-07-21T14:05:05+00:00\",\"dateModified\":\"2025-06-06T17:30:40+00:00\",\"description\":\"Universidad de las Artes - Grupos de investigaci\u00f3n\",\"breadcrumb\":{\"@id\":\"https:\\\/\\\/www.uartes.edu.ec\\\/sitio\\\/fr\\\/investigacion\\\/grupos\\\/#breadcrumb\"},\"inLanguage\":\"fr-FR\",\"potentialAction\":[{\"@type\":\"ReadAction\",\"target\":[\"https:\\\/\\\/www.uartes.edu.ec\\\/sitio\\\/fr\\\/investigacion\\\/grupos\\\/\"]}]},{\"@type\":\"ImageObject\",\"inLanguage\":\"fr-FR\",\"@id\":\"https:\\\/\\\/www.uartes.edu.ec\\\/sitio\\\/fr\\\/investigacion\\\/grupos\\\/#primaryimage\",\"url\":\"https:\\\/\\\/www.uartes.edu.ec\\\/sitio\\\/wp-content\\\/uploads\\\/2023\\\/07\\\/ANTIEDIPO-6.jpg\",\"contentUrl\":\"https:\\\/\\\/www.uartes.edu.ec\\\/sitio\\\/wp-content\\\/uploads\\\/2023\\\/07\\\/ANTIEDIPO-6.jpg\",\"width\":2000,\"height\":1333},{\"@type\":\"BreadcrumbList\",\"@id\":\"https:\\\/\\\/www.uartes.edu.ec\\\/sitio\\\/fr\\\/investigacion\\\/grupos\\\/#breadcrumb\",\"itemListElement\":[{\"@type\":\"ListItem\",\"position\":1,\"name\":\"Inicio\",\"item\":\"https:\\\/\\\/www.uartes.edu.ec\\\/sitio\\\/\"},{\"@type\":\"ListItem\",\"position\":2,\"name\":\"Universidad de las Artes\",\"item\":\"https:\\\/\\\/www.uartes.edu.ec\\\/sitio\\\/\"},{\"@type\":\"ListItem\",\"position\":3,\"name\":\"Investigaci\u00f3n\",\"item\":\"https:\\\/\\\/www.uartes.edu.ec\\\/sitio\\\/la-universidad\\\/investigacion\\\/\"},{\"@type\":\"ListItem\",\"position\":4,\"name\":\"Grupos de investigaci\u00f3n\"}]},{\"@type\":\"WebSite\",\"@id\":\"https:\\\/\\\/www.uartes.edu.ec\\\/sitio\\\/fr\\\/#website\",\"url\":\"https:\\\/\\\/www.uartes.edu.ec\\\/sitio\\\/fr\\\/\",\"name\":\"Universidad de las Artes\",\"description\":\"Sitio oficial de la Universidad Nacional de las Artes del Ecuador\",\"publisher\":{\"@id\":\"https:\\\/\\\/www.uartes.edu.ec\\\/sitio\\\/fr\\\/#organization\"},\"potentialAction\":[{\"@type\":\"SearchAction\",\"target\":{\"@type\":\"EntryPoint\",\"urlTemplate\":\"https:\\\/\\\/www.uartes.edu.ec\\\/sitio\\\/fr\\\/?s={search_term_string}\"},\"query-input\":{\"@type\":\"PropertyValueSpecification\",\"valueRequired\":true,\"valueName\":\"search_term_string\"}}],\"inLanguage\":\"fr-FR\"},{\"@type\":\"Organization\",\"@id\":\"https:\\\/\\\/www.uartes.edu.ec\\\/sitio\\\/fr\\\/#organization\",\"name\":\"Universidad de las Artes\",\"url\":\"https:\\\/\\\/www.uartes.edu.ec\\\/sitio\\\/fr\\\/\",\"logo\":{\"@type\":\"ImageObject\",\"inLanguage\":\"fr-FR\",\"@id\":\"https:\\\/\\\/www.uartes.edu.ec\\\/sitio\\\/fr\\\/#\\\/schema\\\/logo\\\/image\\\/\",\"url\":\"https:\\\/\\\/www.uartes.edu.ec\\\/sitio\\\/wp-content\\\/uploads\\\/2022\\\/07\\\/logo-ua-horizontal.png\",\"contentUrl\":\"https:\\\/\\\/www.uartes.edu.ec\\\/sitio\\\/wp-content\\\/uploads\\\/2022\\\/07\\\/logo-ua-horizontal.png\",\"width\":800,\"height\":276,\"caption\":\"Universidad de las Artes\"},\"image\":{\"@id\":\"https:\\\/\\\/www.uartes.edu.ec\\\/sitio\\\/fr\\\/#\\\/schema\\\/logo\\\/image\\\/\"},\"sameAs\":[\"https:\\\/\\\/www.facebook.com\\\/uartesec\",\"https:\\\/\\\/x.com\\\/uartesec\",\"https:\\\/\\\/www.tiktok.com\\\/@uartesec\"]}]}<\/script>\n<!-- \/ Yoast SEO plugin. -->","yoast_head_json":{"title":"Universidad de las Artes - Grupos de investigaci\u00f3n","description":"Universidad de las Artes - Grupos de investigaci\u00f3n","robots":{"index":"index","follow":"follow","max-snippet":"max-snippet:-1","max-image-preview":"max-image-preview:large","max-video-preview":"max-video-preview:-1"},"canonical":"https:\/\/www.uartes.edu.ec\/sitio\/fr\/investigacion\/grupos\/","og_locale":"fr_FR","og_type":"article","og_title":"Universidad de las Artes - Grupos de investigaci\u00f3n","og_description":"Universidad de las Artes - Grupos de investigaci\u00f3n","og_url":"https:\/\/www.uartes.edu.ec\/sitio\/fr\/investigacion\/grupos\/","og_site_name":"Universidad de las Artes","article_publisher":"https:\/\/www.facebook.com\/uartesec","article_modified_time":"2025-06-06T17:30:40+00:00","og_image":[{"width":2000,"height":1333,"url":"https:\/\/www.uartes.edu.ec\/sitio\/wp-content\/uploads\/2023\/07\/ANTIEDIPO-6.jpg","type":"image\/jpeg"}],"twitter_card":"summary_large_image","twitter_site":"@uartesec","twitter_misc":{"Dur\u00e9e de lecture estim\u00e9e":"12 minutes"},"schema":{"@context":"https:\/\/schema.org","@graph":[{"@type":"WebPage","@id":"https:\/\/www.uartes.edu.ec\/sitio\/fr\/investigacion\/grupos\/","url":"https:\/\/www.uartes.edu.ec\/sitio\/fr\/investigacion\/grupos\/","name":"Universidad de las Artes - Grupos de investigaci\u00f3n","isPartOf":{"@id":"https:\/\/www.uartes.edu.ec\/sitio\/fr\/#website"},"primaryImageOfPage":{"@id":"https:\/\/www.uartes.edu.ec\/sitio\/fr\/investigacion\/grupos\/#primaryimage"},"image":{"@id":"https:\/\/www.uartes.edu.ec\/sitio\/fr\/investigacion\/grupos\/#primaryimage"},"thumbnailUrl":"https:\/\/www.uartes.edu.ec\/sitio\/wp-content\/uploads\/2023\/07\/ANTIEDIPO-6.jpg","datePublished":"2023-07-21T14:05:05+00:00","dateModified":"2025-06-06T17:30:40+00:00","description":"Universidad de las Artes - Grupos de investigaci\u00f3n","breadcrumb":{"@id":"https:\/\/www.uartes.edu.ec\/sitio\/fr\/investigacion\/grupos\/#breadcrumb"},"inLanguage":"fr-FR","potentialAction":[{"@type":"ReadAction","target":["https:\/\/www.uartes.edu.ec\/sitio\/fr\/investigacion\/grupos\/"]}]},{"@type":"ImageObject","inLanguage":"fr-FR","@id":"https:\/\/www.uartes.edu.ec\/sitio\/fr\/investigacion\/grupos\/#primaryimage","url":"https:\/\/www.uartes.edu.ec\/sitio\/wp-content\/uploads\/2023\/07\/ANTIEDIPO-6.jpg","contentUrl":"https:\/\/www.uartes.edu.ec\/sitio\/wp-content\/uploads\/2023\/07\/ANTIEDIPO-6.jpg","width":2000,"height":1333},{"@type":"BreadcrumbList","@id":"https:\/\/www.uartes.edu.ec\/sitio\/fr\/investigacion\/grupos\/#breadcrumb","itemListElement":[{"@type":"ListItem","position":1,"name":"Inicio","item":"https:\/\/www.uartes.edu.ec\/sitio\/"},{"@type":"ListItem","position":2,"name":"Universidad de las Artes","item":"https:\/\/www.uartes.edu.ec\/sitio\/"},{"@type":"ListItem","position":3,"name":"Investigaci\u00f3n","item":"https:\/\/www.uartes.edu.ec\/sitio\/la-universidad\/investigacion\/"},{"@type":"ListItem","position":4,"name":"Grupos de investigaci\u00f3n"}]},{"@type":"WebSite","@id":"https:\/\/www.uartes.edu.ec\/sitio\/fr\/#website","url":"https:\/\/www.uartes.edu.ec\/sitio\/fr\/","name":"Universidad de las Artes","description":"Sitio oficial de la Universidad Nacional de las Artes del Ecuador","publisher":{"@id":"https:\/\/www.uartes.edu.ec\/sitio\/fr\/#organization"},"potentialAction":[{"@type":"SearchAction","target":{"@type":"EntryPoint","urlTemplate":"https:\/\/www.uartes.edu.ec\/sitio\/fr\/?s={search_term_string}"},"query-input":{"@type":"PropertyValueSpecification","valueRequired":true,"valueName":"search_term_string"}}],"inLanguage":"fr-FR"},{"@type":"Organization","@id":"https:\/\/www.uartes.edu.ec\/sitio\/fr\/#organization","name":"Universidad de las Artes","url":"https:\/\/www.uartes.edu.ec\/sitio\/fr\/","logo":{"@type":"ImageObject","inLanguage":"fr-FR","@id":"https:\/\/www.uartes.edu.ec\/sitio\/fr\/#\/schema\/logo\/image\/","url":"https:\/\/www.uartes.edu.ec\/sitio\/wp-content\/uploads\/2022\/07\/logo-ua-horizontal.png","contentUrl":"https:\/\/www.uartes.edu.ec\/sitio\/wp-content\/uploads\/2022\/07\/logo-ua-horizontal.png","width":800,"height":276,"caption":"Universidad de las Artes"},"image":{"@id":"https:\/\/www.uartes.edu.ec\/sitio\/fr\/#\/schema\/logo\/image\/"},"sameAs":["https:\/\/www.facebook.com\/uartesec","https:\/\/x.com\/uartesec","https:\/\/www.tiktok.com\/@uartesec"]}]}},"uagb_featured_image_src":{"full":["https:\/\/www.uartes.edu.ec\/sitio\/wp-content\/uploads\/2023\/07\/ANTIEDIPO-6.jpg",2000,1333,false],"thumbnail":["https:\/\/www.uartes.edu.ec\/sitio\/wp-content\/uploads\/2023\/07\/ANTIEDIPO-6-150x150.jpg",150,150,true],"medium":["https:\/\/www.uartes.edu.ec\/sitio\/wp-content\/uploads\/2023\/07\/ANTIEDIPO-6-300x200.jpg",300,200,true],"medium_large":["https:\/\/www.uartes.edu.ec\/sitio\/wp-content\/uploads\/2023\/07\/ANTIEDIPO-6-768x512.jpg",768,512,true],"large":["https:\/\/www.uartes.edu.ec\/sitio\/wp-content\/uploads\/2023\/07\/ANTIEDIPO-6-644x429.jpg",644,429,true],"1536x1536":["https:\/\/www.uartes.edu.ec\/sitio\/wp-content\/uploads\/2023\/07\/ANTIEDIPO-6-1536x1024.jpg",1536,1024,true],"2048x2048":["https:\/\/www.uartes.edu.ec\/sitio\/wp-content\/uploads\/2023\/07\/ANTIEDIPO-6.jpg",2000,1333,false],"trp-custom-language-flag":["https:\/\/www.uartes.edu.ec\/sitio\/wp-content\/uploads\/2023\/07\/ANTIEDIPO-6.jpg",18,12,false],"htmega_size_585x295":["https:\/\/www.uartes.edu.ec\/sitio\/wp-content\/uploads\/2023\/07\/ANTIEDIPO-6-585x295.jpg",585,295,true],"htmega_size_1170x536":["https:\/\/www.uartes.edu.ec\/sitio\/wp-content\/uploads\/2023\/07\/ANTIEDIPO-6-1170x536.jpg",1170,536,true],"htmega_size_396x360":["https:\/\/www.uartes.edu.ec\/sitio\/wp-content\/uploads\/2023\/07\/ANTIEDIPO-6-396x360.jpg",396,360,true],"gb-block-post-grid-landscape":["https:\/\/www.uartes.edu.ec\/sitio\/wp-content\/uploads\/2023\/07\/ANTIEDIPO-6-600x400.jpg",600,400,true],"gb-block-post-grid-square":["https:\/\/www.uartes.edu.ec\/sitio\/wp-content\/uploads\/2023\/07\/ANTIEDIPO-6-600x600.jpg",600,600,true],"university-hub-thumb":["https:\/\/www.uartes.edu.ec\/sitio\/wp-content\/uploads\/2023\/07\/ANTIEDIPO-6-400x267.jpg",400,267,true]},"uagb_author_info":{"display_name":"Universidad de las Artes","author_link":"https:\/\/www.uartes.edu.ec\/sitio\/fr\/blog\/author\/dircomadm\/"},"uagb_comment_info":0,"uagb_excerpt":"Activos Inactivos Interactividad digital y electr\u00f3nica audio reactiva C\u00f3digo: \u00a0VPIA-2021-GI-01 Director del grupo: Adina Margarita Izarra de Riera Unidad acad\u00e9mica: Sonoras Objetivos:\u00a0 Realizar obras originales audiovisuales y composiciones musicales utilizando medios mixtos (electr\u00f3nicos y\/o ac\u00fasticos) para ser presentadas en diversos medios online y\/o conciertos en vivo Grabar las obras Publicar las obras Producci\u00f3n, Industria y\u2026","featured_image_src":"https:\/\/www.uartes.edu.ec\/sitio\/wp-content\/uploads\/2023\/07\/ANTIEDIPO-6-600x400.jpg","featured_image_src_square":"https:\/\/www.uartes.edu.ec\/sitio\/wp-content\/uploads\/2023\/07\/ANTIEDIPO-6-600x600.jpg","publishpress_future_action":{"enabled":false,"date":"2026-05-08 07:12:13","action":"change-status","newStatus":"draft","terms":[],"taxonomy":"","extraData":[]},"publishpress_future_workflow_manual_trigger":{"enabledWorkflows":[]},"distributor_meta":false,"distributor_terms":false,"distributor_media":false,"distributor_original_site_name":"Universidad de las Artes","distributor_original_site_url":"https:\/\/www.uartes.edu.ec\/sitio\/fr","push-errors":false,"_links":{"self":[{"href":"https:\/\/www.uartes.edu.ec\/sitio\/fr\/wp-json\/wp\/v2\/pages\/44831","targetHints":{"allow":["GET"]}}],"collection":[{"href":"https:\/\/www.uartes.edu.ec\/sitio\/fr\/wp-json\/wp\/v2\/pages"}],"about":[{"href":"https:\/\/www.uartes.edu.ec\/sitio\/fr\/wp-json\/wp\/v2\/types\/page"}],"author":[{"embeddable":true,"href":"https:\/\/www.uartes.edu.ec\/sitio\/fr\/wp-json\/wp\/v2\/users\/1"}],"replies":[{"embeddable":true,"href":"https:\/\/www.uartes.edu.ec\/sitio\/fr\/wp-json\/wp\/v2\/comments?post=44831"}],"version-history":[{"count":25,"href":"https:\/\/www.uartes.edu.ec\/sitio\/fr\/wp-json\/wp\/v2\/pages\/44831\/revisions"}],"predecessor-version":[{"id":73101,"href":"https:\/\/www.uartes.edu.ec\/sitio\/fr\/wp-json\/wp\/v2\/pages\/44831\/revisions\/73101"}],"up":[{"embeddable":true,"href":"https:\/\/www.uartes.edu.ec\/sitio\/fr\/wp-json\/wp\/v2\/pages\/3003"}],"wp:featuredmedia":[{"embeddable":true,"href":"https:\/\/www.uartes.edu.ec\/sitio\/fr\/wp-json\/wp\/v2\/media\/45246"}],"wp:attachment":[{"href":"https:\/\/www.uartes.edu.ec\/sitio\/fr\/wp-json\/wp\/v2\/media?parent=44831"}],"curies":[{"name":"wp","href":"https:\/\/api.w.org\/{rel}","templated":true}]}}