{"id":44839,"date":"2023-07-19T16:55:33","date_gmt":"2023-07-19T21:55:33","guid":{"rendered":"https:\/\/www.uartes.edu.ec\/sitio\/?page_id=44839"},"modified":"2026-01-22T08:29:25","modified_gmt":"2026-01-22T13:29:25","slug":"direccion-de-politicas-de-investigacion-en-arte","status":"publish","type":"page","link":"https:\/\/www.uartes.edu.ec\/sitio\/fr\/investigacion\/direccion\/","title":{"rendered":"Direction de la politique de recherche artistique"},"content":{"rendered":"<div data-elementor-type=\"wp-page\" data-elementor-id=\"44839\" class=\"elementor elementor-44839\" data-elementor-settings=\"{&quot;ha_cmc_init_switcher&quot;:&quot;no&quot;}\" data-elementor-post-type=\"page\">\n\t\t\t\t<div class=\"elementor-element elementor-element-a3e2462 e-flex e-con-boxed e-con e-parent\" data-id=\"a3e2462\" data-element_type=\"container\" data-e-type=\"container\" data-settings=\"{&quot;_ha_eqh_enable&quot;:false}\">\n\t\t\t\t\t<div class=\"e-con-inner\">\n\t\t\t\t<div class=\"elementor-element elementor-element-46c2807 elementor-widget elementor-widget-text-editor\" data-id=\"46c2807\" data-element_type=\"widget\" data-e-type=\"widget\" data-widget_type=\"text-editor.default\">\n\t\t\t\t<div class=\"elementor-widget-container\">\n\t\t\t\t\t\t\t\t\t<h5><span lang=\"es\">Elle est charg\u00e9e de g\u00e9rer les processus d'appel \u00e0 candidature, de s\u00e9lection, de suivi et de diffusion des r\u00e9sultats des programmes et projets de recherche dans le domaine artistique et culturel qui sont d\u00e9velopp\u00e9s de mani\u00e8re int\u00e9grale dans l'institution, dans le cadre de la r\u00e9glementation du Syst\u00e8me d'Enseignement Sup\u00e9rieur ; de l'\u00e9laboration et du suivi des politiques et des lignes de recherche approuv\u00e9es par le Conseil de l'Universit\u00e9 et sous les directives du Vice-rectorat pour les \u00e9tudes de troisi\u00e8me cycle et la recherche dans le domaine des arts. Cette Direction exerce sa gestion en \u00e9troite liaison et de mani\u00e8re int\u00e9grale avec le Bureau du Vice-rectorat acad\u00e9mique et le Secr\u00e9tariat pour le rayonnement de la communaut\u00e9. Elle sera une unit\u00e9 d\u00e9pendante, organique et fonctionnelle du vice-rectorat pour les \u00e9tudes postuniversitaires et la recherche dans le domaine des arts. Les attributions et les responsabilit\u00e9s des unit\u00e9s op\u00e9rationnelles de gestion acad\u00e9mique sont d\u00e9finies dans le manuel de processus organique de l'universit\u00e9.<\/h5><\/span>\t\t\t\t\t\t\t\t<\/div>\n\t\t\t\t<\/div>\n\t\t\t\t\t<\/div>\n\t\t\t\t<\/div>\n\t\t<div class=\"elementor-element elementor-element-0fb2972 e-flex e-con-boxed e-con e-parent\" data-id=\"0fb2972\" data-element_type=\"container\" data-e-type=\"container\" data-settings=\"{&quot;_ha_eqh_enable&quot;:false}\">\n\t\t\t\t\t<div class=\"e-con-inner\">\n\t\t\t\t<div class=\"elementor-element elementor-element-07b61ba elementor-widget elementor-widget-heading\" data-id=\"07b61ba\" data-element_type=\"widget\" data-e-type=\"widget\" data-widget_type=\"heading.default\">\n\t\t\t\t<div class=\"elementor-widget-container\">\n\t\t\t\t\t<h1 class=\"elementor-heading-title elementor-size-large\">Vice-rectorat pour les \u00e9tudes de troisi\u00e8me cycle et la recherche dans le domaine des arts <\/h1>\t\t\t\t<\/div>\n\t\t\t\t<\/div>\n\t\t\t\t\t<\/div>\n\t\t\t\t<\/div>\n\t\t<div class=\"elementor-element elementor-element-c5ad2f6 e-flex e-con-boxed e-con e-parent\" data-id=\"c5ad2f6\" data-element_type=\"container\" data-e-type=\"container\" data-settings=\"{&quot;_ha_eqh_enable&quot;:false}\">\n\t\t\t\t\t<div class=\"e-con-inner\">\n\t\t<div class=\"elementor-element elementor-element-14f977b e-con-full e-flex e-con e-child\" data-id=\"14f977b\" data-element_type=\"container\" data-e-type=\"container\" data-settings=\"{&quot;_ha_eqh_enable&quot;:false}\">\n\t\t\t\t<div class=\"elementor-element elementor-element-5784f10 e-transform elementor-widget elementor-widget-image\" data-id=\"5784f10\" data-element_type=\"widget\" data-e-type=\"widget\" data-settings=\"{&quot;_transform_scale_effect&quot;:{&quot;unit&quot;:&quot;px&quot;,&quot;size&quot;:&quot;0.9&quot;,&quot;sizes&quot;:[]},&quot;_transform_scale_effect_tablet&quot;:{&quot;unit&quot;:&quot;px&quot;,&quot;size&quot;:&quot;&quot;,&quot;sizes&quot;:[]},&quot;_transform_scale_effect_mobile&quot;:{&quot;unit&quot;:&quot;px&quot;,&quot;size&quot;:&quot;&quot;,&quot;sizes&quot;:[]}}\" data-widget_type=\"image.default\">\n\t\t\t\t<div class=\"elementor-widget-container\">\n\t\t\t\t\t\t\t\t\t\t\t\t\t\t\t<img fetchpriority=\"high\" decoding=\"async\" width=\"644\" height=\"644\" src=\"https:\/\/www.uartes.edu.ec\/sitio\/wp-content\/uploads\/2021\/12\/ANDREY-ASTAIZA-644x644.jpg\" class=\"attachment-large size-large wp-image-83896\" alt=\"\" srcset=\"https:\/\/www.uartes.edu.ec\/sitio\/wp-content\/uploads\/2021\/12\/ANDREY-ASTAIZA-644x644.jpg 644w, https:\/\/www.uartes.edu.ec\/sitio\/wp-content\/uploads\/2021\/12\/ANDREY-ASTAIZA-300x300.jpg 300w, https:\/\/www.uartes.edu.ec\/sitio\/wp-content\/uploads\/2021\/12\/ANDREY-ASTAIZA-150x150.jpg 150w, https:\/\/www.uartes.edu.ec\/sitio\/wp-content\/uploads\/2021\/12\/ANDREY-ASTAIZA-768x768.jpg 768w, https:\/\/www.uartes.edu.ec\/sitio\/wp-content\/uploads\/2021\/12\/ANDREY-ASTAIZA-12x12.jpg 12w, https:\/\/www.uartes.edu.ec\/sitio\/wp-content\/uploads\/2021\/12\/ANDREY-ASTAIZA-60x60.jpg 60w, https:\/\/www.uartes.edu.ec\/sitio\/wp-content\/uploads\/2021\/12\/ANDREY-ASTAIZA-600x600.jpg 600w, https:\/\/www.uartes.edu.ec\/sitio\/wp-content\/uploads\/2021\/12\/ANDREY-ASTAIZA.jpg 1000w\" sizes=\"(max-width: 644px) 100vw, 644px\" \/>\t\t\t\t\t\t\t\t\t\t\t\t\t\t\t<\/div>\n\t\t\t\t<\/div>\n\t\t\t\t<\/div>\n\t\t<div class=\"elementor-element elementor-element-3502e2e e-con-full e-flex e-con e-child\" data-id=\"3502e2e\" data-element_type=\"container\" data-e-type=\"container\" data-settings=\"{&quot;_ha_eqh_enable&quot;:false}\">\n\t\t\t\t<div class=\"elementor-element elementor-element-70d951b elementor-widget elementor-widget-heading\" data-id=\"70d951b\" data-element_type=\"widget\" data-e-type=\"widget\" data-widget_type=\"heading.default\">\n\t\t\t\t<div class=\"elementor-widget-container\">\n\t\t\t\t\t<h3 class=\"elementor-heading-title elementor-size-large\">Andrey Astaiza Vallejo<\/h3>\t\t\t\t<\/div>\n\t\t\t\t<\/div>\n\t\t\t\t<div class=\"elementor-element elementor-element-cb0d148 elementor-widget elementor-widget-heading\" data-id=\"cb0d148\" data-element_type=\"widget\" data-e-type=\"widget\" data-widget_type=\"heading.default\">\n\t\t\t\t<div class=\"elementor-widget-container\">\n\t\t\t\t\t<h5 class=\"elementor-heading-title elementor-size-medium\">Vicerrectoa de posgrados e investigaci\u00f3n en artes\u00a0<\/h5>\t\t\t\t<\/div>\n\t\t\t\t<\/div>\n\t\t\t\t<div class=\"elementor-element elementor-element-bbf8d1b elementor-widget elementor-widget-text-editor\" data-id=\"bbf8d1b\" data-element_type=\"widget\" data-e-type=\"widget\" data-widget_type=\"text-editor.default\">\n\t\t\t\t<div class=\"elementor-widget-container\">\n\t\t\t\t\t\t\t\t\t<p>Docente universitario, m\u00fasico y gestor cultural. Doctor of Musical Arts por la University of California, Los Angeles (UCLA), posee una Maestr\u00eda en Ejecuci\u00f3n Musical por la University of Louisville y un Bachelor of Music in Performance por Arizona State University. Fue miembro de la Comisi\u00f3n Gestora que lider\u00f3 la creaci\u00f3n de la Universidad de las Artes, donde ha ejercido funciones directivas y actualmente se desempe\u00f1a como Vicerrector de Posgrado e Investigaci\u00f3n en Artes. Ha sido Rector del Conservatorio Superior Nacional de M\u00fasica de Quito y Director titular de la Banda Sinf\u00f3nica Metropolitana de Quito. Como int\u00e9rprete, ha sido solista con ensambles nacionales y ha explorado sonoridades que dialogan entre el gamel\u00e1n de Indonesia y la marimba colombo-ecuatoriana.<\/p><p><strong>Contacto: <\/strong><a href=\"mailto:vpia@uartes.edu.ec\"><strong>vpia@uartes.edu.ec<\/strong><\/a><\/p>\t\t\t\t\t\t\t\t<\/div>\n\t\t\t\t<\/div>\n\t\t\t\t<\/div>\n\t\t\t\t\t<\/div>\n\t\t\t\t<\/div>\n\t\t<div class=\"elementor-element elementor-element-62cf8c6 e-flex e-con-boxed e-con e-parent\" data-id=\"62cf8c6\" data-element_type=\"container\" data-e-type=\"container\" data-settings=\"{&quot;_ha_eqh_enable&quot;:false}\">\n\t\t\t\t\t<div class=\"e-con-inner\">\n\t\t\t\t<div class=\"elementor-element elementor-element-ccf3eef elementor-widget elementor-widget-heading\" data-id=\"ccf3eef\" data-element_type=\"widget\" data-e-type=\"widget\" data-widget_type=\"heading.default\">\n\t\t\t\t<div class=\"elementor-widget-container\">\n\t\t\t\t\t<h1 class=\"elementor-heading-title elementor-size-large\">Direction de la politique de recherche sur les arts<\/h1>\t\t\t\t<\/div>\n\t\t\t\t<\/div>\n\t\t\t\t\t<\/div>\n\t\t\t\t<\/div>\n\t\t<div class=\"elementor-element elementor-element-4f7d2f3 e-flex e-con-boxed e-con e-parent\" data-id=\"4f7d2f3\" data-element_type=\"container\" data-e-type=\"container\" data-settings=\"{&quot;background_background&quot;:&quot;classic&quot;,&quot;_ha_eqh_enable&quot;:false}\">\n\t\t\t\t\t<div class=\"e-con-inner\">\n\t\t<div class=\"elementor-element elementor-element-68442df e-con-full e-flex e-con e-child\" data-id=\"68442df\" data-element_type=\"container\" data-e-type=\"container\" data-settings=\"{&quot;_ha_eqh_enable&quot;:false}\">\n\t\t\t\t<div class=\"elementor-element elementor-element-2e669e1 e-transform elementor-widget elementor-widget-image\" data-id=\"2e669e1\" data-element_type=\"widget\" data-e-type=\"widget\" data-settings=\"{&quot;_transform_scale_effect&quot;:{&quot;unit&quot;:&quot;px&quot;,&quot;size&quot;:&quot;0.9&quot;,&quot;sizes&quot;:[]},&quot;_transform_scale_effect_tablet&quot;:{&quot;unit&quot;:&quot;px&quot;,&quot;size&quot;:&quot;&quot;,&quot;sizes&quot;:[]},&quot;_transform_scale_effect_mobile&quot;:{&quot;unit&quot;:&quot;px&quot;,&quot;size&quot;:&quot;&quot;,&quot;sizes&quot;:[]}}\" data-widget_type=\"image.default\">\n\t\t\t\t<div class=\"elementor-widget-container\">\n\t\t\t\t\t\t\t\t\t\t\t\t\t\t\t<img decoding=\"async\" width=\"644\" height=\"644\" src=\"https:\/\/www.uartes.edu.ec\/sitio\/wp-content\/uploads\/2025\/09\/inveLUIS-PEREZ-VALERO-DIRECTOR-VPI-OK-644x644.jpg\" class=\"attachment-large size-large wp-image-79257\" alt=\"\" srcset=\"https:\/\/www.uartes.edu.ec\/sitio\/wp-content\/uploads\/2025\/09\/inveLUIS-PEREZ-VALERO-DIRECTOR-VPI-OK-644x644.jpg 644w, https:\/\/www.uartes.edu.ec\/sitio\/wp-content\/uploads\/2025\/09\/inveLUIS-PEREZ-VALERO-DIRECTOR-VPI-OK-300x300.jpg 300w, https:\/\/www.uartes.edu.ec\/sitio\/wp-content\/uploads\/2025\/09\/inveLUIS-PEREZ-VALERO-DIRECTOR-VPI-OK-150x150.jpg 150w, https:\/\/www.uartes.edu.ec\/sitio\/wp-content\/uploads\/2025\/09\/inveLUIS-PEREZ-VALERO-DIRECTOR-VPI-OK-768x768.jpg 768w, https:\/\/www.uartes.edu.ec\/sitio\/wp-content\/uploads\/2025\/09\/inveLUIS-PEREZ-VALERO-DIRECTOR-VPI-OK-12x12.jpg 12w, https:\/\/www.uartes.edu.ec\/sitio\/wp-content\/uploads\/2025\/09\/inveLUIS-PEREZ-VALERO-DIRECTOR-VPI-OK-60x60.jpg 60w, https:\/\/www.uartes.edu.ec\/sitio\/wp-content\/uploads\/2025\/09\/inveLUIS-PEREZ-VALERO-DIRECTOR-VPI-OK-600x600.jpg 600w, https:\/\/www.uartes.edu.ec\/sitio\/wp-content\/uploads\/2025\/09\/inveLUIS-PEREZ-VALERO-DIRECTOR-VPI-OK.jpg 1000w\" sizes=\"(max-width: 644px) 100vw, 644px\" \/>\t\t\t\t\t\t\t\t\t\t\t\t\t\t\t<\/div>\n\t\t\t\t<\/div>\n\t\t\t\t<\/div>\n\t\t<div class=\"elementor-element elementor-element-7d23187 e-con-full e-flex e-con e-child\" data-id=\"7d23187\" data-element_type=\"container\" data-e-type=\"container\" data-settings=\"{&quot;_ha_eqh_enable&quot;:false}\">\n\t\t\t\t<div class=\"elementor-element elementor-element-c1b1ad4 elementor-widget elementor-widget-heading\" data-id=\"c1b1ad4\" data-element_type=\"widget\" data-e-type=\"widget\" data-widget_type=\"heading.default\">\n\t\t\t\t<div class=\"elementor-widget-container\">\n\t\t\t\t\t<h3 class=\"elementor-heading-title elementor-size-large\">Luis P\u00e9rez Valero<\/h3>\t\t\t\t<\/div>\n\t\t\t\t<\/div>\n\t\t\t\t<div class=\"elementor-element elementor-element-368d01b elementor-widget elementor-widget-heading\" data-id=\"368d01b\" data-element_type=\"widget\" data-e-type=\"widget\" data-widget_type=\"heading.default\">\n\t\t\t\t<div class=\"elementor-widget-container\">\n\t\t\t\t\t<h5 class=\"elementor-heading-title elementor-size-medium\">Director de pol\u00edticas de investigaci\u00f3n en artes<\/h5>\t\t\t\t<\/div>\n\t\t\t\t<\/div>\n\t\t\t\t<div class=\"elementor-element elementor-element-09c2db4 elementor-widget elementor-widget-text-editor\" data-id=\"09c2db4\" data-element_type=\"widget\" data-e-type=\"widget\" data-widget_type=\"text-editor.default\">\n\t\t\t\t<div class=\"elementor-widget-container\">\n\t\t\t\t\t\t\t\t\t<p>Doctor en m\u00fasica por la Pontificia Universidad Cat\u00f3lica Argentina \u201cSanta Mar\u00eda de los Buenos Aires\u201d. M\u00e1ster universitario en m\u00fasica espa\u00f1ola e hispanoamericana (Universidad Complutense de Madrid, 2012); Magister en m\u00fasica (Universidad Sim\u00f3n Bol\u00edvar, 2009); Licenciado en m\u00fasica menci\u00f3n composici\u00f3n (Instituto Universitario de Estudios Musicales-UNEARTE, 2005). Fue director y fundador del proyecto 0,02 m\u00fasica vocal contempor\u00e1nea. Realiz\u00f3 residencias art\u00edsticas en el Centro Nacional de las Artes y Escuela Superior de M\u00fasica (M\u00e9xico DF) y en la Asociaci\u00f3n Francesa de Acci\u00f3n Art\u00edstica de Ciudad de las Artes (Par\u00eds).<\/p><p><strong>Contacto: <\/strong><a href=\"mailto:politicas.investigacion@uartes.edu.ec\"><strong>politicas.investigacion@uartes.edu.ec<\/strong><\/a><\/p>\t\t\t\t\t\t\t\t<\/div>\n\t\t\t\t<\/div>\n\t\t\t\t<\/div>\n\t\t\t\t\t<\/div>\n\t\t\t\t<\/div>\n\t\t<div class=\"elementor-element elementor-element-af066c1 e-flex e-con-boxed e-con e-parent\" data-id=\"af066c1\" data-element_type=\"container\" data-e-type=\"container\" data-settings=\"{&quot;_ha_eqh_enable&quot;:false}\">\n\t\t\t\t\t<div class=\"e-con-inner\">\n\t\t<div class=\"elementor-element elementor-element-24bcb54 e-con-full e-flex e-con e-child\" data-id=\"24bcb54\" data-element_type=\"container\" data-e-type=\"container\" data-settings=\"{&quot;_ha_eqh_enable&quot;:false}\">\n\t\t\t\t<div class=\"elementor-element elementor-element-cda61e8 e-transform elementor-widget elementor-widget-image\" data-id=\"cda61e8\" data-element_type=\"widget\" data-e-type=\"widget\" data-settings=\"{&quot;_transform_scale_effect&quot;:{&quot;unit&quot;:&quot;px&quot;,&quot;size&quot;:&quot;0.9&quot;,&quot;sizes&quot;:[]},&quot;_transform_scale_effect_tablet&quot;:{&quot;unit&quot;:&quot;px&quot;,&quot;size&quot;:&quot;&quot;,&quot;sizes&quot;:[]},&quot;_transform_scale_effect_mobile&quot;:{&quot;unit&quot;:&quot;px&quot;,&quot;size&quot;:&quot;&quot;,&quot;sizes&quot;:[]}}\" data-widget_type=\"image.default\">\n\t\t\t\t<div class=\"elementor-widget-container\">\n\t\t\t\t\t\t\t\t\t\t\t\t\t\t\t<img decoding=\"async\" width=\"644\" height=\"644\" src=\"https:\/\/www.uartes.edu.ec\/sitio\/wp-content\/uploads\/2025\/05\/ASISTENTE-ADMINISTRATIVA-2-644x644.jpg\" class=\"attachment-large size-large wp-image-72552\" alt=\"\" srcset=\"https:\/\/www.uartes.edu.ec\/sitio\/wp-content\/uploads\/2025\/05\/ASISTENTE-ADMINISTRATIVA-2-644x644.jpg 644w, https:\/\/www.uartes.edu.ec\/sitio\/wp-content\/uploads\/2025\/05\/ASISTENTE-ADMINISTRATIVA-2-300x300.jpg 300w, https:\/\/www.uartes.edu.ec\/sitio\/wp-content\/uploads\/2025\/05\/ASISTENTE-ADMINISTRATIVA-2-150x150.jpg 150w, https:\/\/www.uartes.edu.ec\/sitio\/wp-content\/uploads\/2025\/05\/ASISTENTE-ADMINISTRATIVA-2-768x768.jpg 768w, https:\/\/www.uartes.edu.ec\/sitio\/wp-content\/uploads\/2025\/05\/ASISTENTE-ADMINISTRATIVA-2-12x12.jpg 12w, https:\/\/www.uartes.edu.ec\/sitio\/wp-content\/uploads\/2025\/05\/ASISTENTE-ADMINISTRATIVA-2-60x60.jpg 60w, https:\/\/www.uartes.edu.ec\/sitio\/wp-content\/uploads\/2025\/05\/ASISTENTE-ADMINISTRATIVA-2-600x600.jpg 600w, https:\/\/www.uartes.edu.ec\/sitio\/wp-content\/uploads\/2025\/05\/ASISTENTE-ADMINISTRATIVA-2.jpg 1000w\" sizes=\"(max-width: 644px) 100vw, 644px\" \/>\t\t\t\t\t\t\t\t\t\t\t\t\t\t\t<\/div>\n\t\t\t\t<\/div>\n\t\t\t\t<\/div>\n\t\t<div class=\"elementor-element elementor-element-70299b3 e-con-full e-flex e-con e-child\" data-id=\"70299b3\" data-element_type=\"container\" data-e-type=\"container\" data-settings=\"{&quot;_ha_eqh_enable&quot;:false}\">\n\t\t\t\t<div class=\"elementor-element elementor-element-bbfca34 elementor-widget elementor-widget-heading\" data-id=\"bbfca34\" data-element_type=\"widget\" data-e-type=\"widget\" data-widget_type=\"heading.default\">\n\t\t\t\t<div class=\"elementor-widget-container\">\n\t\t\t\t\t<h3 class=\"elementor-heading-title elementor-size-large\">Shirley Doyleth Quinto<\/h3>\t\t\t\t<\/div>\n\t\t\t\t<\/div>\n\t\t\t\t<div class=\"elementor-element elementor-element-8db62a4 elementor-widget elementor-widget-heading\" data-id=\"8db62a4\" data-element_type=\"widget\" data-e-type=\"widget\" data-widget_type=\"heading.default\">\n\t\t\t\t<div class=\"elementor-widget-container\">\n\t\t\t\t\t<h5 class=\"elementor-heading-title elementor-size-medium\">Assistante administrative \u00e0 la Direction des Politiques de Recherche Artistique<\/h5>\t\t\t\t<\/div>\n\t\t\t\t<\/div>\n\t\t\t\t<div class=\"elementor-element elementor-element-75e1025 elementor-widget elementor-widget-text-editor\" data-id=\"75e1025\" data-element_type=\"widget\" data-e-type=\"widget\" data-widget_type=\"text-editor.default\">\n\t\t\t\t<div class=\"elementor-widget-container\">\n\t\t\t\t\t\t\t\t\t<p>Maestr\u00eda en Administraci\u00f3n y Direcci\u00f3n de Empresas de la Universidad Internacional de la Rioja y especialista en Direcci\u00f3n y Gesti\u00f3n de Proyectos. Tiene experiencia como directora administrativa en el sector p\u00fablico, compras p\u00fablicas, procesos de control de calidad y administraci\u00f3n de bienes en el sector privado.<\/p><p><strong>Contacto: <a href=\"mailto:shirley.doyleth@uartes.edu.ec\">shirley.doyleth@uartes.edu.ec<\/a><\/strong><\/p>\t\t\t\t\t\t\t\t<\/div>\n\t\t\t\t<\/div>\n\t\t\t\t<\/div>\n\t\t\t\t\t<\/div>\n\t\t\t\t<\/div>\n\t\t<div class=\"elementor-element elementor-element-0c9ce09 e-flex e-con-boxed e-con e-parent\" data-id=\"0c9ce09\" data-element_type=\"container\" data-e-type=\"container\" data-settings=\"{&quot;background_background&quot;:&quot;classic&quot;,&quot;_ha_eqh_enable&quot;:false}\">\n\t\t\t\t\t<div class=\"e-con-inner\">\n\t\t<div class=\"elementor-element elementor-element-eb04a29 e-con-full e-flex e-con e-child\" data-id=\"eb04a29\" data-element_type=\"container\" data-e-type=\"container\" data-settings=\"{&quot;_ha_eqh_enable&quot;:false}\">\n\t\t\t\t<div class=\"elementor-element elementor-element-bbf220b e-transform elementor-widget elementor-widget-image\" data-id=\"bbf220b\" data-element_type=\"widget\" data-e-type=\"widget\" data-settings=\"{&quot;_transform_scale_effect&quot;:{&quot;unit&quot;:&quot;px&quot;,&quot;size&quot;:&quot;0.9&quot;,&quot;sizes&quot;:[]},&quot;_transform_scale_effect_tablet&quot;:{&quot;unit&quot;:&quot;px&quot;,&quot;size&quot;:&quot;&quot;,&quot;sizes&quot;:[]},&quot;_transform_scale_effect_mobile&quot;:{&quot;unit&quot;:&quot;px&quot;,&quot;size&quot;:&quot;&quot;,&quot;sizes&quot;:[]}}\" data-widget_type=\"image.default\">\n\t\t\t\t<div class=\"elementor-widget-container\">\n\t\t\t\t\t\t\t\t\t\t\t\t\t\t\t<img loading=\"lazy\" decoding=\"async\" width=\"644\" height=\"644\" src=\"https:\/\/www.uartes.edu.ec\/sitio\/wp-content\/uploads\/2026\/01\/Gabriela-Romero-644x644.jpg\" class=\"attachment-large size-large wp-image-84698\" alt=\"\" srcset=\"https:\/\/www.uartes.edu.ec\/sitio\/wp-content\/uploads\/2026\/01\/Gabriela-Romero-644x644.jpg 644w, https:\/\/www.uartes.edu.ec\/sitio\/wp-content\/uploads\/2026\/01\/Gabriela-Romero-300x300.jpg 300w, https:\/\/www.uartes.edu.ec\/sitio\/wp-content\/uploads\/2026\/01\/Gabriela-Romero-150x150.jpg 150w, https:\/\/www.uartes.edu.ec\/sitio\/wp-content\/uploads\/2026\/01\/Gabriela-Romero-768x768.jpg 768w, https:\/\/www.uartes.edu.ec\/sitio\/wp-content\/uploads\/2026\/01\/Gabriela-Romero-12x12.jpg 12w, https:\/\/www.uartes.edu.ec\/sitio\/wp-content\/uploads\/2026\/01\/Gabriela-Romero-60x60.jpg 60w, https:\/\/www.uartes.edu.ec\/sitio\/wp-content\/uploads\/2026\/01\/Gabriela-Romero-600x600.jpg 600w, https:\/\/www.uartes.edu.ec\/sitio\/wp-content\/uploads\/2026\/01\/Gabriela-Romero.jpg 1000w\" sizes=\"(max-width: 644px) 100vw, 644px\" \/>\t\t\t\t\t\t\t\t\t\t\t\t\t\t\t<\/div>\n\t\t\t\t<\/div>\n\t\t\t\t<\/div>\n\t\t<div class=\"elementor-element elementor-element-7fb5565 e-con-full e-flex e-con e-child\" data-id=\"7fb5565\" data-element_type=\"container\" data-e-type=\"container\" data-settings=\"{&quot;_ha_eqh_enable&quot;:false}\">\n\t\t\t\t<div class=\"elementor-element elementor-element-22dbee7 elementor-widget elementor-widget-heading\" data-id=\"22dbee7\" data-element_type=\"widget\" data-e-type=\"widget\" data-widget_type=\"heading.default\">\n\t\t\t\t<div class=\"elementor-widget-container\">\n\t\t\t\t\t<h3 class=\"elementor-heading-title elementor-size-large\">Gabriela Romero<\/h3>\t\t\t\t<\/div>\n\t\t\t\t<\/div>\n\t\t\t\t<div class=\"elementor-element elementor-element-7fa98c4 elementor-widget elementor-widget-heading\" data-id=\"7fa98c4\" data-element_type=\"widget\" data-e-type=\"widget\" data-widget_type=\"heading.default\">\n\t\t\t\t<div class=\"elementor-widget-container\">\n\t\t\t\t\t<h5 class=\"elementor-heading-title elementor-size-medium\">Analyste 1 de la Direction des Politiques de Recherche dans les Arts<\/h5>\t\t\t\t<\/div>\n\t\t\t\t<\/div>\n\t\t\t\t<div class=\"elementor-element elementor-element-f00dd73 elementor-widget elementor-widget-text-editor\" data-id=\"f00dd73\" data-element_type=\"widget\" data-e-type=\"widget\" data-widget_type=\"text-editor.default\">\n\t\t\t\t<div class=\"elementor-widget-container\">\n\t\t\t\t\t\t\t\t\t<p>Master en Artes y Educaci\u00f3n por la Pontificia Universidad Cat\u00f3lica del Ecuador. Con experiencia en procesos administrativos de investigaci\u00f3n y procesos pedag\u00f3gicos en artes.<\/p><p><strong>Contacto: <a href=\"mailto:gabriela.romero@uartes.edu.ec\">gabriela.romero@uartes.edu.ec<\/a><\/strong><\/p>\t\t\t\t\t\t\t\t<\/div>\n\t\t\t\t<\/div>\n\t\t\t\t<\/div>\n\t\t\t\t\t<\/div>\n\t\t\t\t<\/div>\n\t\t<div class=\"elementor-element elementor-element-0d59e23 e-flex e-con-boxed e-con e-parent\" data-id=\"0d59e23\" data-element_type=\"container\" data-e-type=\"container\" data-settings=\"{&quot;background_background&quot;:&quot;classic&quot;,&quot;_ha_eqh_enable&quot;:false}\">\n\t\t\t\t\t<div class=\"e-con-inner\">\n\t\t<div class=\"elementor-element elementor-element-8b412bb e-con-full e-flex e-con e-child\" data-id=\"8b412bb\" data-element_type=\"container\" data-e-type=\"container\" data-settings=\"{&quot;_ha_eqh_enable&quot;:false}\">\n\t\t\t\t<div class=\"elementor-element elementor-element-15b6d52 e-transform elementor-widget elementor-widget-image\" data-id=\"15b6d52\" data-element_type=\"widget\" data-e-type=\"widget\" data-settings=\"{&quot;_transform_scale_effect&quot;:{&quot;unit&quot;:&quot;px&quot;,&quot;size&quot;:&quot;0.9&quot;,&quot;sizes&quot;:[]},&quot;_transform_scale_effect_tablet&quot;:{&quot;unit&quot;:&quot;px&quot;,&quot;size&quot;:&quot;&quot;,&quot;sizes&quot;:[]},&quot;_transform_scale_effect_mobile&quot;:{&quot;unit&quot;:&quot;px&quot;,&quot;size&quot;:&quot;&quot;,&quot;sizes&quot;:[]}}\" data-widget_type=\"image.default\">\n\t\t\t\t<div class=\"elementor-widget-container\">\n\t\t\t\t\t\t\t\t\t\t\t\t\t\t\t<img loading=\"lazy\" decoding=\"async\" width=\"644\" height=\"644\" src=\"https:\/\/www.uartes.edu.ec\/sitio\/wp-content\/uploads\/2025\/12\/adriana-arias-644x644.jpg\" class=\"attachment-large size-large wp-image-83134\" alt=\"\" srcset=\"https:\/\/www.uartes.edu.ec\/sitio\/wp-content\/uploads\/2025\/12\/adriana-arias-644x644.jpg 644w, https:\/\/www.uartes.edu.ec\/sitio\/wp-content\/uploads\/2025\/12\/adriana-arias-300x300.jpg 300w, https:\/\/www.uartes.edu.ec\/sitio\/wp-content\/uploads\/2025\/12\/adriana-arias-150x150.jpg 150w, https:\/\/www.uartes.edu.ec\/sitio\/wp-content\/uploads\/2025\/12\/adriana-arias-768x768.jpg 768w, https:\/\/www.uartes.edu.ec\/sitio\/wp-content\/uploads\/2025\/12\/adriana-arias-12x12.jpg 12w, https:\/\/www.uartes.edu.ec\/sitio\/wp-content\/uploads\/2025\/12\/adriana-arias-60x60.jpg 60w, https:\/\/www.uartes.edu.ec\/sitio\/wp-content\/uploads\/2025\/12\/adriana-arias-600x600.jpg 600w, https:\/\/www.uartes.edu.ec\/sitio\/wp-content\/uploads\/2025\/12\/adriana-arias.jpg 1000w\" sizes=\"(max-width: 644px) 100vw, 644px\" \/>\t\t\t\t\t\t\t\t\t\t\t\t\t\t\t<\/div>\n\t\t\t\t<\/div>\n\t\t\t\t<\/div>\n\t\t<div class=\"elementor-element elementor-element-1cb5b50 e-con-full e-flex e-con e-child\" data-id=\"1cb5b50\" data-element_type=\"container\" data-e-type=\"container\" data-settings=\"{&quot;_ha_eqh_enable&quot;:false}\">\n\t\t\t\t<div class=\"elementor-element elementor-element-1395603 elementor-widget elementor-widget-heading\" data-id=\"1395603\" data-element_type=\"widget\" data-e-type=\"widget\" data-widget_type=\"heading.default\">\n\t\t\t\t<div class=\"elementor-widget-container\">\n\t\t\t\t\t<h3 class=\"elementor-heading-title elementor-size-large\">Adriana Arias Bayona<\/h3>\t\t\t\t<\/div>\n\t\t\t\t<\/div>\n\t\t\t\t<div class=\"elementor-element elementor-element-c34b179 elementor-widget elementor-widget-heading\" data-id=\"c34b179\" data-element_type=\"widget\" data-e-type=\"widget\" data-widget_type=\"heading.default\">\n\t\t\t\t<div class=\"elementor-widget-container\">\n\t\t\t\t\t<h5 class=\"elementor-heading-title elementor-size-medium\">Analyste 3 de la Direction des politiques de recherche artistique<\/h5>\t\t\t\t<\/div>\n\t\t\t\t<\/div>\n\t\t\t\t<div class=\"elementor-element elementor-element-c25bc02 elementor-widget elementor-widget-text-editor\" data-id=\"c25bc02\" data-element_type=\"widget\" data-e-type=\"widget\" data-widget_type=\"text-editor.default\">\n\t\t\t\t<div class=\"elementor-widget-container\">\n\t\t\t\t\t\t\t\t\t<p>Master en Administration des Organisations du secteur culturel et cr\u00e9atif \u00e0 l'Universidad de Buenos Aires et Ing\u00e9nieur en Gestion des Affaires Internationales \u00e0 l'Universidad T\u00e9cnica Federico Santa Mar\u00eda, campus de Guayaquil.<\/p><p>Exp\u00e9rience dans l'administration, la gestion culturelle, la production artistique, la coordination de la programmation, les projets artistiques et les expositions d'art contemporain.<\/p><p><strong>Contacto: <\/strong><a href=\"mailto:adriana.arias@uartes.edu.ec\"><strong>adriana.arias@uartes.edu.ec<\/strong><\/a><\/p>\t\t\t\t\t\t\t\t<\/div>\n\t\t\t\t<\/div>\n\t\t\t\t<\/div>\n\t\t\t\t\t<\/div>\n\t\t\t\t<\/div>\n\t\t<div class=\"elementor-element elementor-element-feb860e e-flex e-con-boxed e-con e-parent\" data-id=\"feb860e\" data-element_type=\"container\" data-e-type=\"container\" data-settings=\"{&quot;_ha_eqh_enable&quot;:false}\">\n\t\t\t\t\t<div class=\"e-con-inner\">\n\t\t\t\t<div class=\"elementor-element elementor-element-b9267bd elementor-widget elementor-widget-heading\" data-id=\"b9267bd\" data-element_type=\"widget\" data-e-type=\"widget\" data-widget_type=\"heading.default\">\n\t\t\t\t<div class=\"elementor-widget-container\">\n\t\t\t\t\t<h1 class=\"elementor-heading-title elementor-size-large\">Comit\u00e9 Consultivo de Posgrados e Investigaci\u00f3n<\/h1>\t\t\t\t<\/div>\n\t\t\t\t<\/div>\n\t\t\t\t<div class=\"elementor-element elementor-element-f1894df elementor-widget elementor-widget-text-editor\" data-id=\"f1894df\" data-element_type=\"widget\" data-e-type=\"widget\" data-widget_type=\"text-editor.default\">\n\t\t\t\t<div class=\"elementor-widget-container\">\n\t\t\t\t\t\t\t\t\t<p>Il s'agit d'un organe consultatif de l'Organe Coll\u00e9gial Sup\u00e9rieur, charg\u00e9 de proposer des politiques, des r\u00e8glements et des axes de recherche, d'\u00e9mettre des recommandations pour leur mise en \u0153uvre et d'apporter une assistance technique au d\u00e9veloppement des projets de recherche des enseignants, en collaboration avec la Direction de la Politique de Recherche en Arts. Il sera compos\u00e9 du Vice-recteur charg\u00e9 des \u00e9tudes postuniversitaires et de la recherche en arts ou de son d\u00e9l\u00e9gu\u00e9, d'un enseignant permanent d\u00e9l\u00e9gu\u00e9 par chacune des \u00e9coles et du d\u00e9partement transversal.<\/p>\t\t\t\t\t\t\t\t<\/div>\n\t\t\t\t<\/div>\n\t\t<div class=\"elementor-element elementor-element-ebd9486 e-grid e-con-full e-con e-child\" data-id=\"ebd9486\" data-element_type=\"container\" data-e-type=\"container\" data-settings=\"{&quot;_ha_eqh_enable&quot;:false}\">\n\t\t\t\t<div class=\"elementor-element elementor-element-0a0fc22 elementor-widget elementor-widget-ha-member happy-addon ha-member\" data-id=\"0a0fc22\" data-element_type=\"widget\" data-e-type=\"widget\" data-widget_type=\"ha-member.default\">\n\t\t\t\t<div class=\"elementor-widget-container\">\n\t\t\t\t\t\n\t\t\t\t\t<figure class=\"ha-member-figure\">\n\t\t\t\t<img loading=\"lazy\" decoding=\"async\" width=\"150\" height=\"150\" src=\"https:\/\/www.uartes.edu.ec\/sitio\/wp-content\/uploads\/2024\/08\/lesliegonzalez-150x150.jpg\" class=\"elementor-animation-disable-animation attachment-thumbnail size-thumbnail wp-image-60771\" alt=\"\" srcset=\"https:\/\/www.uartes.edu.ec\/sitio\/wp-content\/uploads\/2024\/08\/lesliegonzalez-150x150.jpg 150w, https:\/\/www.uartes.edu.ec\/sitio\/wp-content\/uploads\/2024\/08\/lesliegonzalez-300x300.jpg 300w, https:\/\/www.uartes.edu.ec\/sitio\/wp-content\/uploads\/2024\/08\/lesliegonzalez-644x644.jpg 644w, https:\/\/www.uartes.edu.ec\/sitio\/wp-content\/uploads\/2024\/08\/lesliegonzalez-768x768.jpg 768w, https:\/\/www.uartes.edu.ec\/sitio\/wp-content\/uploads\/2024\/08\/lesliegonzalez-12x12.jpg 12w, https:\/\/www.uartes.edu.ec\/sitio\/wp-content\/uploads\/2024\/08\/lesliegonzalez-60x60.jpg 60w, https:\/\/www.uartes.edu.ec\/sitio\/wp-content\/uploads\/2024\/08\/lesliegonzalez-600x600.jpg 600w, https:\/\/www.uartes.edu.ec\/sitio\/wp-content\/uploads\/2024\/08\/lesliegonzalez.jpg 1000w\" sizes=\"(max-width: 150px) 100vw, 150px\" \/>\t\t\t<\/figure>\n\t\t\n\t\t<div class=\"ha-member-body\">\n\t\t\t<h2 class=\"ha-member-name\">Leslie Daniela Gonz\u00e1lez<\/h2>\n\t\t\t\t\t\t\t<div class=\"ha-member-position\">D\u00e9l\u00e9gu\u00e9e de cin\u00e9ma<\/div>\n\t\t\t\n\t\t\t\n\t\t\t\n\t\t\t\t\t\t\t<div class=\"ha-member-links\">\n\t\t\t\t\t<a target=\"_blank\" rel=\"noopener\" href=\"mailto:le&#115;&#108;&#105;e.&#103;&#111;&#110;za&#108;&#101;&#122;&#064;&#117;&#097;&#114;t&#101;&#115;&#046;edu&#046;&#101;c\" class=\"elementor-repeater-item-aeafa59\"><i class=\"fa fa-envelope far\" aria-hidden=\"true\"><\/i><\/a>\t\t\t\t<\/div>\n\t\t\t\n\t\t\t\t\t<\/div>\n\t\t\t\t\t\t<\/div>\n\t\t\t\t<\/div>\n\t\t\t\t<div class=\"elementor-element elementor-element-9260735 elementor-widget elementor-widget-ha-member happy-addon ha-member\" data-id=\"9260735\" data-element_type=\"widget\" data-e-type=\"widget\" data-widget_type=\"ha-member.default\">\n\t\t\t\t<div class=\"elementor-widget-container\">\n\t\t\t\t\t\n\t\t\t\t\t<figure class=\"ha-member-figure\">\n\t\t\t\t<img loading=\"lazy\" decoding=\"async\" width=\"150\" height=\"150\" src=\"https:\/\/www.uartes.edu.ec\/sitio\/wp-content\/uploads\/2020\/09\/Juan-Francisco-Benavides-150x150.jpg\" class=\"elementor-animation-disable-animation attachment-thumbnail size-thumbnail wp-image-9006\" alt=\"\" srcset=\"https:\/\/www.uartes.edu.ec\/sitio\/wp-content\/uploads\/2020\/09\/Juan-Francisco-Benavides-150x150.jpg 150w, https:\/\/www.uartes.edu.ec\/sitio\/wp-content\/uploads\/2020\/09\/Juan-Francisco-Benavides-100x100.jpg 100w, https:\/\/www.uartes.edu.ec\/sitio\/wp-content\/uploads\/2020\/09\/Juan-Francisco-Benavides.jpg 300w\" sizes=\"(max-width: 150px) 100vw, 150px\" \/>\t\t\t<\/figure>\n\t\t\n\t\t<div class=\"ha-member-body\">\n\t\t\t<h2 class=\"ha-member-name\">Juan Benavides Sol\u00e1<\/h2>\n\t\t\t\t\t\t\t<div class=\"ha-member-position\">D\u00e9l\u00e9gu\u00e9 de Transversal<\/div>\n\t\t\t\n\t\t\t\n\t\t\t\n\t\t\t\t\t\t\t<div class=\"ha-member-links\">\n\t\t\t\t\t<a target=\"_blank\" rel=\"noopener\" href=\"mailto:&#106;uan.&#098;e&#110;av&#105;d&#101;s&#064;g&#109;a&#105;l.&#099;om\" class=\"elementor-repeater-item-aeafa59\"><i class=\"fa fa-envelope far\" aria-hidden=\"true\"><\/i><\/a>\t\t\t\t<\/div>\n\t\t\t\n\t\t\t\t\t<\/div>\n\t\t\t\t\t\t<\/div>\n\t\t\t\t<\/div>\n\t\t\t\t<div class=\"elementor-element elementor-element-89b644f elementor-widget elementor-widget-ha-member happy-addon ha-member\" data-id=\"89b644f\" data-element_type=\"widget\" data-e-type=\"widget\" data-widget_type=\"ha-member.default\">\n\t\t\t\t<div class=\"elementor-widget-container\">\n\t\t\t\t\t\n\t\t\t\t\t<figure class=\"ha-member-figure\">\n\t\t\t\t<img loading=\"lazy\" decoding=\"async\" width=\"150\" height=\"150\" src=\"https:\/\/www.uartes.edu.ec\/sitio\/wp-content\/uploads\/2021\/12\/dp-julian-martinez-2-150x150.jpg\" class=\"elementor-animation-disable-animation attachment-thumbnail size-thumbnail wp-image-17894\" alt=\"\" srcset=\"https:\/\/www.uartes.edu.ec\/sitio\/wp-content\/uploads\/2021\/12\/dp-julian-martinez-2-150x150.jpg 150w, https:\/\/www.uartes.edu.ec\/sitio\/wp-content\/uploads\/2021\/12\/dp-julian-martinez-2-300x300.jpg 300w, https:\/\/www.uartes.edu.ec\/sitio\/wp-content\/uploads\/2021\/12\/dp-julian-martinez-2-644x644.jpg 644w, https:\/\/www.uartes.edu.ec\/sitio\/wp-content\/uploads\/2021\/12\/dp-julian-martinez-2-768x768.jpg 768w, https:\/\/www.uartes.edu.ec\/sitio\/wp-content\/uploads\/2021\/12\/dp-julian-martinez-2-60x60.jpg 60w, https:\/\/www.uartes.edu.ec\/sitio\/wp-content\/uploads\/2021\/12\/dp-julian-martinez-2-600x600.jpg 600w, https:\/\/www.uartes.edu.ec\/sitio\/wp-content\/uploads\/2021\/12\/dp-julian-martinez-2-100x100.jpg 100w, https:\/\/www.uartes.edu.ec\/sitio\/wp-content\/uploads\/2021\/12\/dp-julian-martinez-2.jpg 1000w\" sizes=\"(max-width: 150px) 100vw, 150px\" \/>\t\t\t<\/figure>\n\t\t\n\t\t<div class=\"ha-member-body\">\n\t\t\t<h2 class=\"ha-member-name\">Juli\u00e1n Mart\u00ednez Santana <\/h2>\n\t\t\t\t\t\t\t<div class=\"ha-member-position\">D\u00e9l\u00e9gu\u00e9 pour les arts du spectacle<\/div>\n\t\t\t\n\t\t\t\n\t\t\t\n\t\t\t\t\t\t\t<div class=\"ha-member-links\">\n\t\t\t\t\t<a target=\"_blank\" rel=\"noopener\" href=\"mailto:ju&#108;ia&#110;.m&#097;rti&#110;&#101;z&#064;&#117;a&#114;t&#101;s.edu&#046;ec\" class=\"elementor-repeater-item-aeafa59\"><i class=\"fa fa-envelope far\" aria-hidden=\"true\"><\/i><\/a>\t\t\t\t<\/div>\n\t\t\t\n\t\t\t\t\t<\/div>\n\t\t\t\t\t\t<\/div>\n\t\t\t\t<\/div>\n\t\t\t\t<div class=\"elementor-element elementor-element-48ebd05 elementor-widget elementor-widget-ha-member happy-addon ha-member\" data-id=\"48ebd05\" data-element_type=\"widget\" data-e-type=\"widget\" data-widget_type=\"ha-member.default\">\n\t\t\t\t<div class=\"elementor-widget-container\">\n\t\t\t\t\t\n\t\t\t\t\t<figure class=\"ha-member-figure\">\n\t\t\t\t<img loading=\"lazy\" decoding=\"async\" width=\"150\" height=\"150\" src=\"https:\/\/www.uartes.edu.ec\/sitio\/wp-content\/uploads\/2025\/05\/SOLANGE-RODRIGUEZ-PAPPE-150x150.jpg\" class=\"elementor-animation-disable-animation attachment-thumbnail size-thumbnail wp-image-72558\" alt=\"\" srcset=\"https:\/\/www.uartes.edu.ec\/sitio\/wp-content\/uploads\/2025\/05\/SOLANGE-RODRIGUEZ-PAPPE-150x150.jpg 150w, https:\/\/www.uartes.edu.ec\/sitio\/wp-content\/uploads\/2025\/05\/SOLANGE-RODRIGUEZ-PAPPE-300x300.jpg 300w, https:\/\/www.uartes.edu.ec\/sitio\/wp-content\/uploads\/2025\/05\/SOLANGE-RODRIGUEZ-PAPPE-644x644.jpg 644w, https:\/\/www.uartes.edu.ec\/sitio\/wp-content\/uploads\/2025\/05\/SOLANGE-RODRIGUEZ-PAPPE-768x768.jpg 768w, https:\/\/www.uartes.edu.ec\/sitio\/wp-content\/uploads\/2025\/05\/SOLANGE-RODRIGUEZ-PAPPE-12x12.jpg 12w, https:\/\/www.uartes.edu.ec\/sitio\/wp-content\/uploads\/2025\/05\/SOLANGE-RODRIGUEZ-PAPPE-60x60.jpg 60w, https:\/\/www.uartes.edu.ec\/sitio\/wp-content\/uploads\/2025\/05\/SOLANGE-RODRIGUEZ-PAPPE-600x600.jpg 600w, https:\/\/www.uartes.edu.ec\/sitio\/wp-content\/uploads\/2025\/05\/SOLANGE-RODRIGUEZ-PAPPE.jpg 1000w\" sizes=\"(max-width: 150px) 100vw, 150px\" \/>\t\t\t<\/figure>\n\t\t\n\t\t<div class=\"ha-member-body\">\n\t\t\t<h2 class=\"ha-member-name\">Solange Rodr\u00edguez Pappe<\/h2>\n\t\t\t\t\t\t\t<div class=\"ha-member-position\">Delegada de Literatura<\/div>\n\t\t\t\n\t\t\t\n\t\t\t\n\t\t\t\t\t\t\t<div class=\"ha-member-links\">\n\t\t\t\t\t<a target=\"_blank\" rel=\"noopener\" href=\"mailto:&#115;&#111;l&#097;n&#103;&#101;.r&#111;&#100;r&#105;g&#117;&#101;&#122;&#064;&#117;&#097;rtes.e&#100;&#117;.&#101;c\" class=\"elementor-repeater-item-aeafa59\"><i class=\"fa fa-envelope far\" aria-hidden=\"true\"><\/i><\/a>\t\t\t\t<\/div>\n\t\t\t\n\t\t\t\t\t<\/div>\n\t\t\t\t\t\t<\/div>\n\t\t\t\t<\/div>\n\t\t\t\t<div class=\"elementor-element elementor-element-27dd473 elementor-widget elementor-widget-ha-member happy-addon ha-member\" data-id=\"27dd473\" data-element_type=\"widget\" data-e-type=\"widget\" data-widget_type=\"ha-member.default\">\n\t\t\t\t<div class=\"elementor-widget-container\">\n\t\t\t\t\t\n\t\t\t\t\t<figure class=\"ha-member-figure\">\n\t\t\t\t<img loading=\"lazy\" decoding=\"async\" width=\"150\" height=\"150\" src=\"https:\/\/www.uartes.edu.ec\/sitio\/wp-content\/uploads\/2021\/12\/dp-caguana1-150x150.jpg\" class=\"elementor-animation-disable-animation attachment-thumbnail size-thumbnail wp-image-18211\" alt=\"\" srcset=\"https:\/\/www.uartes.edu.ec\/sitio\/wp-content\/uploads\/2021\/12\/dp-caguana1-150x150.jpg 150w, https:\/\/www.uartes.edu.ec\/sitio\/wp-content\/uploads\/2021\/12\/dp-caguana1-300x300.jpg 300w, https:\/\/www.uartes.edu.ec\/sitio\/wp-content\/uploads\/2021\/12\/dp-caguana1-644x644.jpg 644w, https:\/\/www.uartes.edu.ec\/sitio\/wp-content\/uploads\/2021\/12\/dp-caguana1-768x768.jpg 768w, https:\/\/www.uartes.edu.ec\/sitio\/wp-content\/uploads\/2021\/12\/dp-caguana1-60x60.jpg 60w, https:\/\/www.uartes.edu.ec\/sitio\/wp-content\/uploads\/2021\/12\/dp-caguana1-600x600.jpg 600w, https:\/\/www.uartes.edu.ec\/sitio\/wp-content\/uploads\/2021\/12\/dp-caguana1-100x100.jpg 100w, https:\/\/www.uartes.edu.ec\/sitio\/wp-content\/uploads\/2021\/12\/dp-caguana1.jpg 1000w\" sizes=\"(max-width: 150px) 100vw, 150px\" \/>\t\t\t<\/figure>\n\t\t\n\t\t<div class=\"ha-member-body\">\n\t\t\t<h2 class=\"ha-member-name\">Juan Caguana Reino<\/h2>\n\t\t\t\t\t\t\t<div class=\"ha-member-position\">D\u00e9l\u00e9gu\u00e9 pour les arts visuels<\/div>\n\t\t\t\n\t\t\t\n\t\t\t\n\t\t\t\t\t\t\t<div class=\"ha-member-links\">\n\t\t\t\t\t<a target=\"_blank\" rel=\"noopener\" href=\"mailto:&#106;u&#097;&#110;&#046;&#099;agu&#097;&#110;&#097;&#064;ua&#114;&#116;es&#046;edu.ec\" class=\"elementor-repeater-item-3bd6a1b\"><i class=\"fa fa-envelope far\" aria-hidden=\"true\"><\/i><\/a>\t\t\t\t<\/div>\n\t\t\t\n\t\t\t\t\t<\/div>\n\t\t\t\t\t\t<\/div>\n\t\t\t\t<\/div>\n\t\t\t\t<div class=\"elementor-element elementor-element-5ce2a0f elementor-widget elementor-widget-ha-member happy-addon ha-member\" data-id=\"5ce2a0f\" data-element_type=\"widget\" data-e-type=\"widget\" data-widget_type=\"ha-member.default\">\n\t\t\t\t<div class=\"elementor-widget-container\">\n\t\t\t\t\t\n\t\t\t\t\t<figure class=\"ha-member-figure\">\n\t\t\t\t<img loading=\"lazy\" decoding=\"async\" width=\"150\" height=\"150\" src=\"https:\/\/www.uartes.edu.ec\/sitio\/wp-content\/uploads\/2025\/05\/RUBEN-RIERA-ESTEBAN-150x150.jpg\" class=\"elementor-animation-disable-animation attachment-thumbnail size-thumbnail wp-image-72557\" alt=\"\" srcset=\"https:\/\/www.uartes.edu.ec\/sitio\/wp-content\/uploads\/2025\/05\/RUBEN-RIERA-ESTEBAN-150x150.jpg 150w, https:\/\/www.uartes.edu.ec\/sitio\/wp-content\/uploads\/2025\/05\/RUBEN-RIERA-ESTEBAN-300x300.jpg 300w, https:\/\/www.uartes.edu.ec\/sitio\/wp-content\/uploads\/2025\/05\/RUBEN-RIERA-ESTEBAN-644x644.jpg 644w, https:\/\/www.uartes.edu.ec\/sitio\/wp-content\/uploads\/2025\/05\/RUBEN-RIERA-ESTEBAN-768x768.jpg 768w, https:\/\/www.uartes.edu.ec\/sitio\/wp-content\/uploads\/2025\/05\/RUBEN-RIERA-ESTEBAN-12x12.jpg 12w, https:\/\/www.uartes.edu.ec\/sitio\/wp-content\/uploads\/2025\/05\/RUBEN-RIERA-ESTEBAN-60x60.jpg 60w, https:\/\/www.uartes.edu.ec\/sitio\/wp-content\/uploads\/2025\/05\/RUBEN-RIERA-ESTEBAN-600x600.jpg 600w, https:\/\/www.uartes.edu.ec\/sitio\/wp-content\/uploads\/2025\/05\/RUBEN-RIERA-ESTEBAN.jpg 1000w\" sizes=\"(max-width: 150px) 100vw, 150px\" \/>\t\t\t<\/figure>\n\t\t\n\t\t<div class=\"ha-member-body\">\n\t\t\t<h2 class=\"ha-member-name\">Rub\u00e9n Riera Esteban <\/h2>\n\t\t\t\t\t\t\t<div class=\"ha-member-position\">Delegado de Artes Sonoras<\/div>\n\t\t\t\n\t\t\t\n\t\t\t\n\t\t\t\t\t\t\t<div class=\"ha-member-links\">\n\t\t\t\t\t<a target=\"_blank\" rel=\"noopener\" href=\"mailto:&#114;uben&#046;ri&#101;&#114;&#097;&#064;&#117;&#097;&#114;&#116;&#101;&#115;&#046;e&#100;u.&#101;&#099;\" class=\"elementor-repeater-item-aeafa59\"><i class=\"fa fa-envelope far\" aria-hidden=\"true\"><\/i><\/a>\t\t\t\t<\/div>\n\t\t\t\n\t\t\t\t\t<\/div>\n\t\t\t\t\t\t<\/div>\n\t\t\t\t<\/div>\n\t\t\t\t<\/div>\n\t\t\t\t\t<\/div>\n\t\t\t\t<\/div>\n\t\t\t\t<\/div>","protected":false},"excerpt":{"rendered":"<p>Se encarga de gestionar los procesos de convocatoria, selecci\u00f3n, seguimiento y difusi\u00f3n de resultados de los programas y proyectos de investigaci\u00f3n en el \u00e1mbito art\u00edstico-cultural que se desarrollen de manera integral en la instituci\u00f3n, en el marco de la normativa del Sistema de Educaci\u00f3n Superior; de elaboraci\u00f3n, y de seguimiento de las pol\u00edticas y l\u00edneas [&hellip;]<\/p>\n","protected":false},"author":1,"featured_media":45245,"parent":3003,"menu_order":1,"comment_status":"closed","ping_status":"closed","template":"","meta":{"_acf_changed":false,"_uag_custom_page_level_css":"","_monsterinsights_skip_tracking":false,"_monsterinsights_sitenote_active":false,"_monsterinsights_sitenote_note":"","_monsterinsights_sitenote_category":0,"cybocfi_hide_featured_image":"","footnotes":""},"class_list":["post-44839","page","type-page","status-publish","has-post-thumbnail","hentry"],"acf":[],"yoast_head":"<!-- This site is optimized with the Yoast SEO plugin v27.4 - https:\/\/yoast.com\/product\/yoast-seo-wordpress\/ -->\n<title>Universidad de las Artes - Direcci\u00f3n de Pol\u00edticas de Investigaci\u00f3n en Arte<\/title>\n<meta name=\"description\" content=\"Universidad de las Artes - Direcci\u00f3n de Pol\u00edticas de Investigaci\u00f3n en Arte\" \/>\n<meta name=\"robots\" content=\"index, follow, max-snippet:-1, max-image-preview:large, max-video-preview:-1\" \/>\n<link rel=\"canonical\" href=\"https:\/\/www.uartes.edu.ec\/sitio\/fr\/investigacion\/direccion\/\" \/>\n<meta property=\"og:locale\" content=\"fr_FR\" \/>\n<meta property=\"og:type\" content=\"article\" \/>\n<meta property=\"og:title\" content=\"Universidad de las Artes - Direcci\u00f3n de Pol\u00edticas de Investigaci\u00f3n en Arte\" \/>\n<meta property=\"og:description\" content=\"Universidad de las Artes - Direcci\u00f3n de Pol\u00edticas de Investigaci\u00f3n en Arte\" \/>\n<meta property=\"og:url\" content=\"https:\/\/www.uartes.edu.ec\/sitio\/fr\/investigacion\/direccion\/\" \/>\n<meta property=\"og:site_name\" content=\"Universidad de las Artes\" \/>\n<meta property=\"article:publisher\" content=\"https:\/\/www.facebook.com\/uartesec\" \/>\n<meta property=\"article:modified_time\" content=\"2026-01-22T13:29:25+00:00\" \/>\n<meta property=\"og:image\" content=\"https:\/\/www.uartes.edu.ec\/sitio\/wp-content\/uploads\/2023\/07\/ANTIEDIPO-4.jpg\" \/>\n\t<meta property=\"og:image:width\" content=\"2000\" \/>\n\t<meta property=\"og:image:height\" content=\"1333\" \/>\n\t<meta property=\"og:image:type\" content=\"image\/jpeg\" \/>\n<meta name=\"twitter:card\" content=\"summary_large_image\" \/>\n<meta name=\"twitter:site\" content=\"@uartesec\" \/>\n<meta name=\"twitter:label1\" content=\"Dur\u00e9e de lecture estim\u00e9e\" \/>\n\t<meta name=\"twitter:data1\" content=\"6 minutes\" \/>\n<script type=\"application\/ld+json\" class=\"yoast-schema-graph\">{\"@context\":\"https:\\\/\\\/schema.org\",\"@graph\":[{\"@type\":\"WebPage\",\"@id\":\"https:\\\/\\\/www.uartes.edu.ec\\\/sitio\\\/fr\\\/investigacion\\\/direccion\\\/\",\"url\":\"https:\\\/\\\/www.uartes.edu.ec\\\/sitio\\\/fr\\\/investigacion\\\/direccion\\\/\",\"name\":\"Universidad de las Artes - Direcci\u00f3n de Pol\u00edticas de Investigaci\u00f3n en Arte\",\"isPartOf\":{\"@id\":\"https:\\\/\\\/www.uartes.edu.ec\\\/sitio\\\/fr\\\/#website\"},\"primaryImageOfPage\":{\"@id\":\"https:\\\/\\\/www.uartes.edu.ec\\\/sitio\\\/fr\\\/investigacion\\\/direccion\\\/#primaryimage\"},\"image\":{\"@id\":\"https:\\\/\\\/www.uartes.edu.ec\\\/sitio\\\/fr\\\/investigacion\\\/direccion\\\/#primaryimage\"},\"thumbnailUrl\":\"https:\\\/\\\/www.uartes.edu.ec\\\/sitio\\\/wp-content\\\/uploads\\\/2023\\\/07\\\/ANTIEDIPO-4.jpg\",\"datePublished\":\"2023-07-19T21:55:33+00:00\",\"dateModified\":\"2026-01-22T13:29:25+00:00\",\"description\":\"Universidad de las Artes - Direcci\u00f3n de Pol\u00edticas de Investigaci\u00f3n en Arte\",\"breadcrumb\":{\"@id\":\"https:\\\/\\\/www.uartes.edu.ec\\\/sitio\\\/fr\\\/investigacion\\\/direccion\\\/#breadcrumb\"},\"inLanguage\":\"fr-FR\",\"potentialAction\":[{\"@type\":\"ReadAction\",\"target\":[\"https:\\\/\\\/www.uartes.edu.ec\\\/sitio\\\/fr\\\/investigacion\\\/direccion\\\/\"]}]},{\"@type\":\"ImageObject\",\"inLanguage\":\"fr-FR\",\"@id\":\"https:\\\/\\\/www.uartes.edu.ec\\\/sitio\\\/fr\\\/investigacion\\\/direccion\\\/#primaryimage\",\"url\":\"https:\\\/\\\/www.uartes.edu.ec\\\/sitio\\\/wp-content\\\/uploads\\\/2023\\\/07\\\/ANTIEDIPO-4.jpg\",\"contentUrl\":\"https:\\\/\\\/www.uartes.edu.ec\\\/sitio\\\/wp-content\\\/uploads\\\/2023\\\/07\\\/ANTIEDIPO-4.jpg\",\"width\":2000,\"height\":1333},{\"@type\":\"BreadcrumbList\",\"@id\":\"https:\\\/\\\/www.uartes.edu.ec\\\/sitio\\\/fr\\\/investigacion\\\/direccion\\\/#breadcrumb\",\"itemListElement\":[{\"@type\":\"ListItem\",\"position\":1,\"name\":\"Inicio\",\"item\":\"https:\\\/\\\/www.uartes.edu.ec\\\/sitio\\\/\"},{\"@type\":\"ListItem\",\"position\":2,\"name\":\"Universidad de las Artes\",\"item\":\"https:\\\/\\\/www.uartes.edu.ec\\\/sitio\\\/\"},{\"@type\":\"ListItem\",\"position\":3,\"name\":\"Investigaci\u00f3n\",\"item\":\"https:\\\/\\\/www.uartes.edu.ec\\\/sitio\\\/la-universidad\\\/investigacion\\\/\"},{\"@type\":\"ListItem\",\"position\":4,\"name\":\"Direcci\u00f3n de Pol\u00edticas de Investigaci\u00f3n en Arte\"}]},{\"@type\":\"WebSite\",\"@id\":\"https:\\\/\\\/www.uartes.edu.ec\\\/sitio\\\/fr\\\/#website\",\"url\":\"https:\\\/\\\/www.uartes.edu.ec\\\/sitio\\\/fr\\\/\",\"name\":\"Universidad de las Artes\",\"description\":\"Sitio oficial de la Universidad Nacional de las Artes del Ecuador\",\"publisher\":{\"@id\":\"https:\\\/\\\/www.uartes.edu.ec\\\/sitio\\\/fr\\\/#organization\"},\"potentialAction\":[{\"@type\":\"SearchAction\",\"target\":{\"@type\":\"EntryPoint\",\"urlTemplate\":\"https:\\\/\\\/www.uartes.edu.ec\\\/sitio\\\/fr\\\/?s={search_term_string}\"},\"query-input\":{\"@type\":\"PropertyValueSpecification\",\"valueRequired\":true,\"valueName\":\"search_term_string\"}}],\"inLanguage\":\"fr-FR\"},{\"@type\":\"Organization\",\"@id\":\"https:\\\/\\\/www.uartes.edu.ec\\\/sitio\\\/fr\\\/#organization\",\"name\":\"Universidad de las Artes\",\"url\":\"https:\\\/\\\/www.uartes.edu.ec\\\/sitio\\\/fr\\\/\",\"logo\":{\"@type\":\"ImageObject\",\"inLanguage\":\"fr-FR\",\"@id\":\"https:\\\/\\\/www.uartes.edu.ec\\\/sitio\\\/fr\\\/#\\\/schema\\\/logo\\\/image\\\/\",\"url\":\"https:\\\/\\\/www.uartes.edu.ec\\\/sitio\\\/wp-content\\\/uploads\\\/2022\\\/07\\\/logo-ua-horizontal.png\",\"contentUrl\":\"https:\\\/\\\/www.uartes.edu.ec\\\/sitio\\\/wp-content\\\/uploads\\\/2022\\\/07\\\/logo-ua-horizontal.png\",\"width\":800,\"height\":276,\"caption\":\"Universidad de las Artes\"},\"image\":{\"@id\":\"https:\\\/\\\/www.uartes.edu.ec\\\/sitio\\\/fr\\\/#\\\/schema\\\/logo\\\/image\\\/\"},\"sameAs\":[\"https:\\\/\\\/www.facebook.com\\\/uartesec\",\"https:\\\/\\\/x.com\\\/uartesec\",\"https:\\\/\\\/www.tiktok.com\\\/@uartesec\"]}]}<\/script>\n<!-- \/ Yoast SEO plugin. -->","yoast_head_json":{"title":"Universidad de las Artes - Direcci\u00f3n de Pol\u00edticas de Investigaci\u00f3n en Arte","description":"Universidad de las Artes - Direcci\u00f3n de Pol\u00edticas de Investigaci\u00f3n en Arte","robots":{"index":"index","follow":"follow","max-snippet":"max-snippet:-1","max-image-preview":"max-image-preview:large","max-video-preview":"max-video-preview:-1"},"canonical":"https:\/\/www.uartes.edu.ec\/sitio\/fr\/investigacion\/direccion\/","og_locale":"fr_FR","og_type":"article","og_title":"Universidad de las Artes - Direcci\u00f3n de Pol\u00edticas de Investigaci\u00f3n en Arte","og_description":"Universidad de las Artes - Direcci\u00f3n de Pol\u00edticas de Investigaci\u00f3n en Arte","og_url":"https:\/\/www.uartes.edu.ec\/sitio\/fr\/investigacion\/direccion\/","og_site_name":"Universidad de las Artes","article_publisher":"https:\/\/www.facebook.com\/uartesec","article_modified_time":"2026-01-22T13:29:25+00:00","og_image":[{"width":2000,"height":1333,"url":"https:\/\/www.uartes.edu.ec\/sitio\/wp-content\/uploads\/2023\/07\/ANTIEDIPO-4.jpg","type":"image\/jpeg"}],"twitter_card":"summary_large_image","twitter_site":"@uartesec","twitter_misc":{"Dur\u00e9e de lecture estim\u00e9e":"6 minutes"},"schema":{"@context":"https:\/\/schema.org","@graph":[{"@type":"WebPage","@id":"https:\/\/www.uartes.edu.ec\/sitio\/fr\/investigacion\/direccion\/","url":"https:\/\/www.uartes.edu.ec\/sitio\/fr\/investigacion\/direccion\/","name":"Universidad de las Artes - Direcci\u00f3n de Pol\u00edticas de Investigaci\u00f3n en Arte","isPartOf":{"@id":"https:\/\/www.uartes.edu.ec\/sitio\/fr\/#website"},"primaryImageOfPage":{"@id":"https:\/\/www.uartes.edu.ec\/sitio\/fr\/investigacion\/direccion\/#primaryimage"},"image":{"@id":"https:\/\/www.uartes.edu.ec\/sitio\/fr\/investigacion\/direccion\/#primaryimage"},"thumbnailUrl":"https:\/\/www.uartes.edu.ec\/sitio\/wp-content\/uploads\/2023\/07\/ANTIEDIPO-4.jpg","datePublished":"2023-07-19T21:55:33+00:00","dateModified":"2026-01-22T13:29:25+00:00","description":"Universidad de las Artes - Direcci\u00f3n de Pol\u00edticas de Investigaci\u00f3n en Arte","breadcrumb":{"@id":"https:\/\/www.uartes.edu.ec\/sitio\/fr\/investigacion\/direccion\/#breadcrumb"},"inLanguage":"fr-FR","potentialAction":[{"@type":"ReadAction","target":["https:\/\/www.uartes.edu.ec\/sitio\/fr\/investigacion\/direccion\/"]}]},{"@type":"ImageObject","inLanguage":"fr-FR","@id":"https:\/\/www.uartes.edu.ec\/sitio\/fr\/investigacion\/direccion\/#primaryimage","url":"https:\/\/www.uartes.edu.ec\/sitio\/wp-content\/uploads\/2023\/07\/ANTIEDIPO-4.jpg","contentUrl":"https:\/\/www.uartes.edu.ec\/sitio\/wp-content\/uploads\/2023\/07\/ANTIEDIPO-4.jpg","width":2000,"height":1333},{"@type":"BreadcrumbList","@id":"https:\/\/www.uartes.edu.ec\/sitio\/fr\/investigacion\/direccion\/#breadcrumb","itemListElement":[{"@type":"ListItem","position":1,"name":"Inicio","item":"https:\/\/www.uartes.edu.ec\/sitio\/"},{"@type":"ListItem","position":2,"name":"Universidad de las Artes","item":"https:\/\/www.uartes.edu.ec\/sitio\/"},{"@type":"ListItem","position":3,"name":"Investigaci\u00f3n","item":"https:\/\/www.uartes.edu.ec\/sitio\/la-universidad\/investigacion\/"},{"@type":"ListItem","position":4,"name":"Direcci\u00f3n de Pol\u00edticas de Investigaci\u00f3n en Arte"}]},{"@type":"WebSite","@id":"https:\/\/www.uartes.edu.ec\/sitio\/fr\/#website","url":"https:\/\/www.uartes.edu.ec\/sitio\/fr\/","name":"Universidad de las Artes","description":"Sitio oficial de la Universidad Nacional de las Artes del Ecuador","publisher":{"@id":"https:\/\/www.uartes.edu.ec\/sitio\/fr\/#organization"},"potentialAction":[{"@type":"SearchAction","target":{"@type":"EntryPoint","urlTemplate":"https:\/\/www.uartes.edu.ec\/sitio\/fr\/?s={search_term_string}"},"query-input":{"@type":"PropertyValueSpecification","valueRequired":true,"valueName":"search_term_string"}}],"inLanguage":"fr-FR"},{"@type":"Organization","@id":"https:\/\/www.uartes.edu.ec\/sitio\/fr\/#organization","name":"Universidad de las Artes","url":"https:\/\/www.uartes.edu.ec\/sitio\/fr\/","logo":{"@type":"ImageObject","inLanguage":"fr-FR","@id":"https:\/\/www.uartes.edu.ec\/sitio\/fr\/#\/schema\/logo\/image\/","url":"https:\/\/www.uartes.edu.ec\/sitio\/wp-content\/uploads\/2022\/07\/logo-ua-horizontal.png","contentUrl":"https:\/\/www.uartes.edu.ec\/sitio\/wp-content\/uploads\/2022\/07\/logo-ua-horizontal.png","width":800,"height":276,"caption":"Universidad de las Artes"},"image":{"@id":"https:\/\/www.uartes.edu.ec\/sitio\/fr\/#\/schema\/logo\/image\/"},"sameAs":["https:\/\/www.facebook.com\/uartesec","https:\/\/x.com\/uartesec","https:\/\/www.tiktok.com\/@uartesec"]}]}},"uagb_featured_image_src":{"full":["https:\/\/www.uartes.edu.ec\/sitio\/wp-content\/uploads\/2023\/07\/ANTIEDIPO-4.jpg",2000,1333,false],"thumbnail":["https:\/\/www.uartes.edu.ec\/sitio\/wp-content\/uploads\/2023\/07\/ANTIEDIPO-4-150x150.jpg",150,150,true],"medium":["https:\/\/www.uartes.edu.ec\/sitio\/wp-content\/uploads\/2023\/07\/ANTIEDIPO-4-300x200.jpg",300,200,true],"medium_large":["https:\/\/www.uartes.edu.ec\/sitio\/wp-content\/uploads\/2023\/07\/ANTIEDIPO-4-768x512.jpg",768,512,true],"large":["https:\/\/www.uartes.edu.ec\/sitio\/wp-content\/uploads\/2023\/07\/ANTIEDIPO-4-644x429.jpg",644,429,true],"1536x1536":["https:\/\/www.uartes.edu.ec\/sitio\/wp-content\/uploads\/2023\/07\/ANTIEDIPO-4-1536x1024.jpg",1536,1024,true],"2048x2048":["https:\/\/www.uartes.edu.ec\/sitio\/wp-content\/uploads\/2023\/07\/ANTIEDIPO-4.jpg",2000,1333,false],"trp-custom-language-flag":["https:\/\/www.uartes.edu.ec\/sitio\/wp-content\/uploads\/2023\/07\/ANTIEDIPO-4.jpg",18,12,false],"htmega_size_585x295":["https:\/\/www.uartes.edu.ec\/sitio\/wp-content\/uploads\/2023\/07\/ANTIEDIPO-4-585x295.jpg",585,295,true],"htmega_size_1170x536":["https:\/\/www.uartes.edu.ec\/sitio\/wp-content\/uploads\/2023\/07\/ANTIEDIPO-4-1170x536.jpg",1170,536,true],"htmega_size_396x360":["https:\/\/www.uartes.edu.ec\/sitio\/wp-content\/uploads\/2023\/07\/ANTIEDIPO-4-396x360.jpg",396,360,true],"gb-block-post-grid-landscape":["https:\/\/www.uartes.edu.ec\/sitio\/wp-content\/uploads\/2023\/07\/ANTIEDIPO-4-600x400.jpg",600,400,true],"gb-block-post-grid-square":["https:\/\/www.uartes.edu.ec\/sitio\/wp-content\/uploads\/2023\/07\/ANTIEDIPO-4-600x600.jpg",600,600,true],"university-hub-thumb":["https:\/\/www.uartes.edu.ec\/sitio\/wp-content\/uploads\/2023\/07\/ANTIEDIPO-4-400x267.jpg",400,267,true]},"uagb_author_info":{"display_name":"Universidad de las Artes","author_link":"https:\/\/www.uartes.edu.ec\/sitio\/fr\/blog\/author\/dircomadm\/"},"uagb_comment_info":0,"uagb_excerpt":"Se encarga de gestionar los procesos de convocatoria, selecci\u00f3n, seguimiento y difusi\u00f3n de resultados de los programas y proyectos de investigaci\u00f3n en el \u00e1mbito art\u00edstico-cultural que se desarrollen de manera integral en la instituci\u00f3n, en el marco de la normativa del Sistema de Educaci\u00f3n Superior; de elaboraci\u00f3n, y de seguimiento de las pol\u00edticas y l\u00edneas\u2026","featured_image_src":"https:\/\/www.uartes.edu.ec\/sitio\/wp-content\/uploads\/2023\/07\/ANTIEDIPO-4-600x400.jpg","featured_image_src_square":"https:\/\/www.uartes.edu.ec\/sitio\/wp-content\/uploads\/2023\/07\/ANTIEDIPO-4-600x600.jpg","publishpress_future_action":{"enabled":false,"date":"2026-05-09 07:14:28","action":"change-status","newStatus":"draft","terms":[],"taxonomy":"","extraData":[]},"publishpress_future_workflow_manual_trigger":{"enabledWorkflows":[]},"distributor_meta":false,"distributor_terms":false,"distributor_media":false,"distributor_original_site_name":"Universidad de las Artes","distributor_original_site_url":"https:\/\/www.uartes.edu.ec\/sitio\/fr","push-errors":false,"_links":{"self":[{"href":"https:\/\/www.uartes.edu.ec\/sitio\/fr\/wp-json\/wp\/v2\/pages\/44839","targetHints":{"allow":["GET"]}}],"collection":[{"href":"https:\/\/www.uartes.edu.ec\/sitio\/fr\/wp-json\/wp\/v2\/pages"}],"about":[{"href":"https:\/\/www.uartes.edu.ec\/sitio\/fr\/wp-json\/wp\/v2\/types\/page"}],"author":[{"embeddable":true,"href":"https:\/\/www.uartes.edu.ec\/sitio\/fr\/wp-json\/wp\/v2\/users\/1"}],"replies":[{"embeddable":true,"href":"https:\/\/www.uartes.edu.ec\/sitio\/fr\/wp-json\/wp\/v2\/comments?post=44839"}],"version-history":[{"count":171,"href":"https:\/\/www.uartes.edu.ec\/sitio\/fr\/wp-json\/wp\/v2\/pages\/44839\/revisions"}],"predecessor-version":[{"id":84737,"href":"https:\/\/www.uartes.edu.ec\/sitio\/fr\/wp-json\/wp\/v2\/pages\/44839\/revisions\/84737"}],"up":[{"embeddable":true,"href":"https:\/\/www.uartes.edu.ec\/sitio\/fr\/wp-json\/wp\/v2\/pages\/3003"}],"wp:featuredmedia":[{"embeddable":true,"href":"https:\/\/www.uartes.edu.ec\/sitio\/fr\/wp-json\/wp\/v2\/media\/45245"}],"wp:attachment":[{"href":"https:\/\/www.uartes.edu.ec\/sitio\/fr\/wp-json\/wp\/v2\/media?parent=44839"}],"curies":[{"name":"wp","href":"https:\/\/api.w.org\/{rel}","templated":true}]}}