{"id":4512,"date":"2019-10-17T11:10:47","date_gmt":"2019-10-17T16:10:47","guid":{"rendered":"http:\/\/www.uartes.edu.ec\/sitio\/la-universidad\/estudiantes\/vida-estudiantil\/pasantias\/"},"modified":"2026-08-25T09:50:02","modified_gmt":"2026-08-25T14:50:02","slug":"pasantias","status":"publish","type":"page","link":"https:\/\/www.uartes.edu.ec\/sitio\/fr\/la-universidad\/estudiantes\/bienestar-estudiantil\/pasantias\/","title":{"rendered":"Proc\u00e9dure de stages pr\u00e9professionnels"},"content":{"rendered":"<p class=\"wp-block-paragraph\">La Direction des Stages Pr\u00e9professionnels de l'Universit\u00e9 des Arts a pour mission de<\/p>\n\n\n\n<p class=\"wp-block-paragraph\"><em><strong>\"coordonner les processus de stages pr\u00e9professionnels en collaboration avec les \u00c9coles et les programmes d'\u00e9tudes. La Direction veillera \u00e0 ce que les stages pr\u00e9professionnels des \u00e9tudiants de l'Universit\u00e9 des Arts r\u00e9pondent aux exigences des programmes acad\u00e9miques et soient r\u00e9alis\u00e9s en \u00e9troite relation avec les processus de recherche et de lien avec la soci\u00e9t\u00e9; ceci afin de renforcer la gestion de l'universit\u00e9, conform\u00e9ment \u00e0 la r\u00e9glementation en vigueur et aux directives acad\u00e9miques du Conseil sup\u00e9rieur universitaire.\"<\/strong><\/em><\/p>\n\n\n\n<p class=\"wp-block-paragraph\">La Direction, en coordination avec le Secr\u00e9tariat de Lien avec la Soci\u00e9t\u00e9, proposera des lignes directrices pour la gestion des stages pr\u00e9professionnels en concertation avec le Vice-rectorat acad\u00e9mique et les unit\u00e9s acad\u00e9miques et autorit\u00e9s concern\u00e9es; elle proposera et g\u00e9rera la cr\u00e9ation et la mise en \u0153uvre d'un mod\u00e8le de gestion des stages pr\u00e9professionnels en coordination avec les unit\u00e9s concern\u00e9es; elle coordonnera avec les \u00e9coles et les unit\u00e9s acad\u00e9miques les processus de d\u00e9veloppement des stages pr\u00e9professionnels de l'Universit\u00e9 des Arts; elle g\u00e9rera les conventions pour la r\u00e9alisation des stages pr\u00e9professionnels; et supervisera la planification et la gestion des stages pr\u00e9professionnels, dans le cadre des programmes acad\u00e9miques, en coordination avec les diff\u00e9rentes unit\u00e9s acad\u00e9miques de l'Universit\u00e9 des Arts.<\/p>\n\n\n\n<div style=\"height:40px\" aria-hidden=\"true\" class=\"wp-block-spacer\"><\/div>\n\n\n\n<div class=\"wp-block-getwid-anchor\" id=\"docentes\"><\/div>\n\n\n\n<h3 class=\"wp-block-heading\">Enseignants responsables des stages pr\u00e9professionnels par \u00c9cole \/ Unit\u00e9<\/h3>\n\n\n\n<div style=\"height:40px\" aria-hidden=\"true\" class=\"wp-block-spacer\"><\/div>\n\n\n\n<div class=\"wp-block-columns is-layout-flex wp-container-core-columns-is-layout-8f761849 wp-block-columns-is-layout-flex\">\n<div class=\"wp-block-column is-layout-flow wp-block-column-is-layout-flow\">\n<div class=\"wp-block-uagb-image uagb-block-ad93d045 wp-block-uagb-image--layout-default wp-block-uagb-image--effect-static wp-block-uagb-image--align-none is-resized is-style-rounded\"><figure class=\"wp-block-uagb-image__figure\"><img loading=\"lazy\" decoding=\"async\" src=\"https:\/\/www.uartes.edu.ec\/sitio\/wp-content\/uploads\/2025\/03\/diego-uyana-300x300.jpeg\" alt=\"\" class=\"uag-image-69550\" width=\"300\" height=\"300\" title=\"diego uyana\" role=\"img\" \/><\/figure><\/div>\n\n\n\n<p class=\"has-text-align-center wp-block-paragraph\">Diego Uyana<br><strong>Arts Musicaux et Sonores<\/strong><\/p>\n\n\n\n<div class=\"wp-block-getwid-icon is-aligned-center\"><a href=\"mailto:diego.uyana@uartes.edu.ec\" class=\"wp-block-getwid-icon__wrapper has-text-color\" style=\"font-size:20px;padding:0px;color:#dd5f13\"><i class=\"far fa-envelope\"><\/i><\/a><\/div>\n<\/div>\n\n\n\n<div class=\"wp-block-column is-layout-flow wp-block-column-is-layout-flow\">\n<div class=\"wp-block-uagb-image uagb-block-23fded75 wp-block-uagb-image--layout-default wp-block-uagb-image--effect-static wp-block-uagb-image--align-none is-resized is-style-rounded\"><figure class=\"wp-block-uagb-image__figure\"><img loading=\"lazy\" decoding=\"async\" src=\"https:\/\/www.uartes.edu.ec\/sitio\/wp-content\/uploads\/2025\/03\/daniel-orejuela-300x300.jpeg\" alt=\"\" class=\"uag-image-69548\" width=\"300\" height=\"300\" title=\"daniel orejuela\" role=\"img\" \/><\/figure><\/div>\n\n\n\n<p class=\"has-text-align-center wp-block-paragraph\">Daniel Orejuela<br><strong>Production Musicale et Sonore<\/strong><\/p>\n\n\n\n<div class=\"wp-block-getwid-icon is-aligned-center\"><a href=\"mailto:daniel.orejuela@uartes.edu.ec\" class=\"wp-block-getwid-icon__wrapper has-text-color\" style=\"font-size:20px;padding:0px;color:#dd5f13\"><i class=\"far fa-envelope\"><\/i><\/a><\/div>\n<\/div>\n\n\n\n<div class=\"wp-block-column is-layout-flow wp-block-column-is-layout-flow\">\n<div class=\"wp-block-uagb-image uagb-block-4d5ef67d wp-block-uagb-image--layout-default wp-block-uagb-image--effect-static wp-block-uagb-image--align-none is-resized is-style-rounded\"><figure class=\"wp-block-uagb-image__figure\"><img loading=\"lazy\" decoding=\"async\" src=\"https:\/\/www.uartes.edu.ec\/sitio\/wp-content\/uploads\/2025\/03\/Lorena-delgado-300x300.jpeg\" alt=\"\" class=\"uag-image-69551\" width=\"300\" height=\"300\" title=\"Lorena delgado\" role=\"img\" \/><\/figure><\/div>\n\n\n\n<p class=\"has-text-align-center wp-block-paragraph\">Lorena Delgado<br><strong>Danse<\/strong><\/p>\n\n\n\n<div class=\"wp-block-getwid-icon is-aligned-center\"><a href=\"mailto:lorena.delgado@uartes.edu.ec\" class=\"wp-block-getwid-icon__wrapper has-text-color\" style=\"font-size:20px;padding:0px;color:#dd5f13\"><i class=\"far fa-envelope\"><\/i><\/a><\/div>\n<\/div>\n\n\n\n<div class=\"wp-block-column is-layout-flow wp-block-column-is-layout-flow\">\n<div class=\"wp-block-uagb-image uagb-block-60aec36d wp-block-uagb-image--layout-default wp-block-uagb-image--effect-static wp-block-uagb-image--align-none is-resized is-style-rounded\"><figure class=\"wp-block-uagb-image__figure\"><img loading=\"lazy\" decoding=\"async\" src=\"https:\/\/www.uartes.edu.ec\/sitio\/wp-content\/uploads\/2022\/10\/Vanessa-Guaman-Docente-de-Creacion-teatral-300x300.jpg\" alt=\"\" class=\"uag-image-29956\" width=\"300\" height=\"300\" title=\"Vanessa-Guaman-Docente-de-Creaci\u00f3n-teatral\" role=\"img\" \/><\/figure><\/div>\n\n\n\n<p class=\"has-text-align-center wp-block-paragraph\">Vanessa Guam\u00e1n<br><strong>Cr\u00e9ation Th\u00e9\u00e2trale<\/strong><\/p>\n\n\n\n<div class=\"wp-block-getwid-icon is-aligned-center\"><a href=\"mailto:vanessa.guaman@uartes.edu.ec\" class=\"wp-block-getwid-icon__wrapper has-text-color\" style=\"font-size:20px;padding:0px;color:#dd5f13\"><i class=\"far fa-envelope\"><\/i><\/a><\/div>\n<\/div>\n<\/div>\n\n\n\n<div class=\"wp-block-columns is-layout-flex wp-container-core-columns-is-layout-8f761849 wp-block-columns-is-layout-flex\">\n<div class=\"wp-block-column is-layout-flow wp-block-column-is-layout-flow\">\n<div class=\"wp-block-uagb-image uagb-block-571c6307 wp-block-uagb-image--layout-default wp-block-uagb-image--effect-static wp-block-uagb-image--align-none is-resized is-style-rounded\"><figure class=\"wp-block-uagb-image__figure\"><img loading=\"lazy\" decoding=\"async\" src=\"https:\/\/www.uartes.edu.ec\/sitio\/wp-content\/uploads\/2021\/12\/DP-aldo_barba-300x300.jpg\" alt=\"\" class=\"uag-image-18095\" width=\"300\" height=\"300\" title=\"DP-aldo_barba\" role=\"img\" \/><\/figure><\/div>\n\n\n\n<p class=\"has-text-align-center wp-block-paragraph\">Aldo Barba Ram\u00edrez<br><strong>Cin\u00e9ma<\/strong><\/p>\n\n\n\n<div class=\"wp-block-getwid-icon is-aligned-center\"><a href=\"mailto:practicaspreprofesionales.cine@uartes.edu.ec\" class=\"wp-block-getwid-icon__wrapper has-text-color\" style=\"font-size:20px;padding:0px;color:#dd5f13\"><i class=\"far fa-envelope\"><\/i><\/a><\/div>\n<\/div>\n\n\n\n<div class=\"wp-block-column is-layout-flow wp-block-column-is-layout-flow\">\n<div class=\"wp-block-uagb-image uagb-block-e4b4d3e2 wp-block-uagb-image--layout-default wp-block-uagb-image--effect-static wp-block-uagb-image--align-none is-resized is-style-rounded\"><figure class=\"wp-block-uagb-image__figure\"><img loading=\"lazy\" decoding=\"async\" src=\"https:\/\/www.uartes.edu.ec\/sitio\/wp-content\/uploads\/2026\/04\/nikita-felix-300x300.jpg\" alt=\"\" class=\"uag-image-89055\" width=\"644\" height=\"644\" title=\"nikita-felix\" role=\"img\" \/><\/figure><\/div>\n\n\n\n<p class=\"has-text-align-center wp-block-paragraph\">Nikita F\u00e9lix<br><strong>Arts Visuels<\/strong><\/p>\n\n\n\n<div class=\"wp-block-getwid-icon is-aligned-center\"><a href=\"mailto:nikita.felix@uartes.edu.ec\" class=\"wp-block-getwid-icon__wrapper has-text-color\" style=\"font-size:20px;padding:0px;color:#dd5f13\"><i class=\"far fa-envelope\"><\/i><\/a><\/div>\n<\/div>\n\n\n\n<div class=\"wp-block-column is-layout-flow wp-block-column-is-layout-flow\">\n<div class=\"wp-block-uagb-image uagb-block-593e5549 wp-block-uagb-image--layout-default wp-block-uagb-image--effect-static wp-block-uagb-image--align-none is-resized is-style-rounded\"><figure class=\"wp-block-uagb-image__figure\"><img loading=\"lazy\" decoding=\"async\" src=\"https:\/\/www.uartes.edu.ec\/sitio\/wp-content\/uploads\/2021\/12\/dp-Andre\u0301s-Landa\u0301zuri-Literatura-300x300.jpg\" alt=\"\" class=\"uag-image-17719\" width=\"300\" height=\"300\" title=\"\" role=\"presentation\" \/><\/figure><\/div>\n\n\n\n<p class=\"has-text-align-center wp-block-paragraph\">Andr\u00e9s Land\u00e1zuri<br><strong>Litt\u00e9rature<\/strong><\/p>\n\n\n\n<div class=\"wp-block-getwid-icon is-aligned-center\"><a href=\"mailto:andres.landazuri@uartes.edu.ec\" class=\"wp-block-getwid-icon__wrapper has-text-color\" style=\"font-size:20px;padding:0px;color:#dd5f13\"><i class=\"far fa-envelope\"><\/i><\/a><\/div>\n<\/div>\n\n\n\n<div class=\"wp-block-column is-layout-flow wp-block-column-is-layout-flow\">\n<div class=\"wp-block-uagb-image uagb-block-9817389b wp-block-uagb-image--layout-default wp-block-uagb-image--effect-static wp-block-uagb-image--align-none is-resized is-style-rounded\"><figure class=\"wp-block-uagb-image__figure\"><img loading=\"lazy\" decoding=\"async\" src=\"https:\/\/www.uartes.edu.ec\/sitio\/wp-content\/uploads\/2021\/08\/low_miguell-aillon.jpg\" alt=\"\" class=\"uag-image-15369\" width=\"644\" height=\"644\" title=\"low_miguell-aillon\" role=\"img\" \/><\/figure><\/div>\n\n\n\n<p class=\"has-text-align-center wp-block-paragraph\">Miguel Aill\u00f3n<br><strong>\u00c9ducation Artistique Interculturelle<\/strong><\/p>\n\n\n\n<div class=\"wp-block-getwid-icon is-aligned-center\"><a href=\"mailto:miguel.aillon@uartes.edu.ec\" class=\"wp-block-getwid-icon__wrapper has-text-color\" style=\"font-size:20px;padding:0px;color:#dd5f13\"><i class=\"far fa-envelope\"><\/i><\/a><\/div>\n<\/div>\n<\/div>\n\n\n\n<div style=\"height:40px\" aria-hidden=\"true\" class=\"wp-block-spacer\"><\/div>\n\n\n\n<div class=\"wp-block-getwid-accordion has-icon-left\" data-active-element=\"0\">\n<div class=\"wp-block-getwid-accordion__header-wrapper\"><h3 class=\"wp-block-getwid-accordion__header\"><a href=\"#\"><span class=\"wp-block-getwid-accordion__header-title\">Formulaires<\/span><span class=\"wp-block-getwid-accordion__icon is-active\"><i class=\"fas fa-plus\"><\/i><\/span><span class=\"wp-block-getwid-accordion__icon is-passive\"><i class=\"fas fa-minus\"><\/i><\/span><\/a><\/h3><\/div><div class=\"wp-block-getwid-accordion__content-wrapper\"><div class=\"wp-block-getwid-accordion__content\">\n<h3 id=\"documentos-habilitantes\" class=\"wp-block-heading\">Documents requis \u2013 Formats institutionnels des stages pr\u00e9professionnels<\/h3>\n\n\n\n<p class=\"wp-block-paragraph\">Les formats et la documentation officielle pour les processus de stages pr\u00e9professionnels sont \u00e9tablis et mis \u00e0 jour par la Direction des Stages Pr\u00e9professionnels de l'Universit\u00e9 des Arts.<\/p>\n\n\n\n<p class=\"wp-block-paragraph\">Vous trouverez ci-dessous les formulaires en vigueur pour l'enregistrement et la validation des heures de stages en milieu professionnel et de stages de service communautaire.<\/p>\n\n\n\n<div class=\"wp-block-getwid-anchor\" id=\"procedimiento\"><\/div>\n\n\n\n<div class=\"wp-block-group has-custom-css has-background has-normal-font-size is-vertical is-content-justification-left is-layout-flex wp-container-core-group-is-layout-df7bfe9b wp-block-group-is-layout-flex wp-custom-css-f8c3536b\" style=\"background-color:#f8fafc\">\n<h4 id=\"documentos-habilitantes\" class=\"wp-block-heading\"><strong>Versi\u00f3n 4.0<\/strong> \u2014 vigente desde el 25 de agosto de 2026.<\/h4>\n\n\n\n<h5 id=\"documentos-habilitantes\" class=\"wp-block-heading\">D\u00e9but de votre stage<\/h5>\n\n\n\n<ul class=\"wp-block-list\">\n<li><a href=\"https:\/\/www.uartes.edu.ec\/sitio\/?wpdmdl=95902\">Fiche de stage pr\u00e9professionnel<\/a><\/li>\n<\/ul>\n\n\n\n<h5 class=\"wp-block-heading\">Fin de votre stage<\/h5>\n\n\n\n<ul class=\"wp-block-list\">\n<li><a href=\"https:\/\/www.uartes.edu.ec\/sitio\/?wpdmdl=95904\">Rapport de cl\u00f4ture de stage pr\u00e9professionnel<\/a><\/li>\n\n\n\n<li><a href=\"https:\/\/www.uartes.edu.ec\/sitio\/?wpdmdl=95906\">Certificat de stage pr\u00e9professionnel \u2013 Entit\u00e9 d'accueil<\/a><\/li>\n<\/ul>\n<\/div>\n\n\n\n<div style=\"height:40px\" aria-hidden=\"true\" class=\"wp-block-spacer\"><\/div>\n\n\n\n<h4 class=\"wp-block-heading\">Consentement \u00e9clair\u00e9 pour les stages pr\u00e9professionnels<\/h4>\n\n\n\n<p class=\"wp-block-paragraph\">En conformit\u00e9 avec la Loi organique de protection des donn\u00e9es personnelles (LOPDP), la Direction des Stages Pr\u00e9professionnels met \u00e0 la disposition de la communaut\u00e9 \u00e9tudiante le formulaire de consentement \u00e9clair\u00e9 pour le traitement des donn\u00e9es personnelles dans le cadre des processus d'enregistrement et de validation des stages pr\u00e9professionnels.<\/p>\n\n\n\n<p class=\"wp-block-paragraph\"><strong>Comment proc\u00e9der?<\/strong><\/p>\n\n\n\n<p class=\"wp-block-paragraph\">T\u00e9l\u00e9chargez le document, signez-le manuellement et remettez-le en version papier \u00e0 la Direction des Stages Pr\u00e9professionnels. Sa pr\u00e9sentation est obligatoire pour compl\u00e9ter le processus.<\/p>\n\n\n\n<ul class=\"wp-block-list\">\n<li><a href=\"https:\/\/www.uartes.edu.ec\/sitio\/?wpdmdl=89803\">Consentement de protection des donn\u00e9es pour les stages pr\u00e9professionnels<\/a><\/li>\n<\/ul>\n\n\n\n<div style=\"height:40px\" aria-hidden=\"true\" class=\"wp-block-spacer\"><\/div>\n\n\n\n<h4 class=\"wp-block-heading\">Formats ant\u00e9rieurs<\/h4>\n\n\n\n<p class=\"wp-block-paragraph\" id=\"documentos-habilitantes\">Versi\u00f3n 3.0 \u2014 vigente desde el 1 de mayo al 24 de agosto de 2026.<\/p>\n\n\n\n<ul class=\"wp-block-list\">\n<li><a href=\"https:\/\/www.uartes.edu.ec\/sitio\/?wpdmdl=89820\">Fiche de stage pr\u00e9professionnel<\/a><\/li>\n\n\n\n<li><a href=\"https:\/\/www.uartes.edu.ec\/sitio\/?wpdmdl=89823\">Rapport de cl\u00f4ture de stage pr\u00e9professionnel<\/a><\/li>\n\n\n\n<li><a href=\"https:\/\/www.uartes.edu.ec\/sitio\/?wpdmdl=89825\">Certificat de stage pr\u00e9professionnel \u2013 Entit\u00e9 d'accueil<\/a><\/li>\n<\/ul>\n\n\n\n<p class=\"wp-block-paragraph\">Versi\u00f3n 2.0, actualizaci\u00f3n de formatos institucionales vigente desde el 27 de marzo de 2025 al 30 de abril de 2026.<\/p>\n\n\n\n<ul class=\"wp-block-list\">\n<li><a href=\"https:\/\/www.uartes.edu.ec\/sitio\/?wpdmdl=66185\">Annexe 1 \u2013 Rapport de stage pr\u00e9professionnel<\/a><\/li>\n\n\n\n<li><a href=\"https:\/\/www.uartes.edu.ec\/sitio\/?wpdmdl=66192\">Annexe 2 \u2013 Rapport de cl\u00f4ture de stage pr\u00e9professionnel<\/a><\/li>\n\n\n\n<li><a href=\"https:\/\/www.uartes.edu.ec\/sitio\/?wpdmdl=66191\">Annexe 3 \u2013 Certificat de stage pr\u00e9professionnel (entit\u00e9 d'accueil)<\/a><\/li>\n\n\n\n<li><a href=\"https:\/\/www.uartes.edu.ec\/sitio\/?wpdmdl=66186\">Fiche de stage pr\u00e9professionnel<\/a><\/li>\n<\/ul>\n\n\n\n<p class=\"wp-block-paragraph\">Version 1.0, formats institutionnels en vigueur du 1er novembre 2023 au 26 mars 2025.<\/p>\n<\/div><\/div>\n\n\n\n<div class=\"wp-block-getwid-accordion__header-wrapper\"><h3 class=\"wp-block-getwid-accordion__header\"><a href=\"#\"><span class=\"wp-block-getwid-accordion__header-title\">Proc\u00e9dure et enregistrement<\/span><span class=\"wp-block-getwid-accordion__icon is-active\"><i class=\"fas fa-plus\"><\/i><\/span><span class=\"wp-block-getwid-accordion__icon is-passive\"><i class=\"fas fa-minus\"><\/i><\/span><\/a><\/h3><\/div><div class=\"wp-block-getwid-accordion__content-wrapper\"><div class=\"wp-block-getwid-accordion__content\">\n<p class=\"wp-block-paragraph\">La Direction des Stages Pr\u00e9professionnels (JPPP) \u00e9tablira les proc\u00e9dures respectives pour la r\u00e9alisation des stages pr\u00e9professionnels \u00e0 l'Universit\u00e9 des Arts.<\/p>\n\n\n\n<p class=\"wp-block-paragraph\">Les stages pr\u00e9professionnels se subdivisent en deux composantes:<\/p>\n\n\n\n<ol class=\"wp-block-list\">\n<li>Stages en milieu professionnel, et<\/li>\n\n\n\n<li>Stages de service communautaire.<\/li>\n<\/ol>\n\n\n\n<p class=\"wp-block-paragraph\">Les \u00e9tudiantes et \u00e9tudiants doivent justifier:<\/p>\n\n\n\n<ol class=\"wp-block-list\">\n<li>Pour les stages en milieu professionnel, un minimum de 240 heures;<\/li>\n\n\n\n<li>Pour les stages de service communautaire, un minimum de 96 heures.<\/li>\n<\/ol>\n\n\n\n<p class=\"wp-block-paragraph\">Les milieux permettant d'effectuer les stages pr\u00e9professionnels en milieu professionnel ou de service communautaire peuvent \u00eatre:<\/p>\n\n\n\n<ul class=\"wp-block-list\">\n<li>L'Universit\u00e9 des Arts,<\/li>\n\n\n\n<li>Des organisations et institutions publiques et priv\u00e9es, nationales ou \u00e9trang\u00e8res,<\/li>\n\n\n\n<li>Des organisations culturelles, communautaires et organisations de la soci\u00e9t\u00e9 civile, nationales ou \u00e9trang\u00e8res,<\/li>\n\n\n\n<li>Des institutions \u00e9ducatives, nationales ou \u00e9trang\u00e8res.<\/li>\n<\/ul>\n\n\n\n<h4 class=\"wp-block-heading\">\u00c9tape 1: Processus d'enregistrement des stages pr\u00e9professionnels<\/h4>\n\n\n\n<p class=\"wp-block-paragraph\">Pour commencer son stage pr\u00e9professionnel (PPP), l'\u00e9tudiant(e) doit, par courrier \u00e9lectronique, demander \u00e0 son Enseignant Responsable des Stages Pr\u00e9professionnels du programme d'\u00e9tudes \/ d\u00e9partement l'approbation de ce stage ainsi que la d\u00e9signation d'un(e) enseignant(e) tuteur(trice) du programme d'\u00e9tudes \/ d\u00e9partement qui assurera l'accompagnement p\u00e9dagogique du stage ; ce n'est qu'ensuite qu'il\/elle pourra remplir les formulaires obligatoires.<\/p>\n\n\n\n<p class=\"wp-block-paragraph\">Les stages de service communautaire ne pourront \u00eatre r\u00e9alis\u00e9s que dans le cadre de projets institutionnels inscrits et en vigueur aupr\u00e8s de la Direction du Lien avec la Soci\u00e9t\u00e9 de l'UArtes. Les formulaires indiqueront comme entit\u00e9 d'accueil le directeur ou la directrice du projet de lien avec la soci\u00e9t\u00e9, ou les entit\u00e9s partenaires de ce projet.<\/p>\n\n\n\n<p class=\"wp-block-paragraph\">Il convient de noter que dans le cadre du cours \u00ab Laboratoire dans la Communaut\u00e9 \u00bb du cursus du D\u00e9partement transversal des Th\u00e9ories Critiques et Pratiques Exp\u00e9rimentales, les \u00e9tudiantes et \u00e9tudiants obtiendront 32 heures de stage de service communautaire.<\/p>\n\n\n\n<h4 class=\"wp-block-heading\">\u00c9tape 2: Planification des stages pr\u00e9professionnels<\/h4>\n\n\n\n<p class=\"wp-block-paragraph\">Avant le stage pr\u00e9professionnel, l'\u00e9tudiant doit tenir compte des \u00e9l\u00e9ments suivants:<\/p>\n\n\n\n<ol class=\"wp-block-list\">\n<li>Demander l'affectation d'un(e) enseignant(e) tuteur(trice) du programme d'\u00e9tudes \/ d\u00e9partement afin de garantir l'accompagnement p\u00e9dagogique pendant son stage pr\u00e9professionnel.<\/li>\n\n\n\n<li>Remplir la&nbsp;<a href=\"https:\/\/www.uartes.edu.ec\/sitio\/download\/ficha-de-practicas-preprofesionales-2\/?wpdmdl=66186&amp;masterkey=sAi3CjOqwls2Kos8lPKrUfbP58uLXSlg6rmClgvpxnV2jiW1QcXcJegfyC2fLKfO7tAgQHbhqoQmGm2uyZgkb1iEielG5-rNiFE4tiw75iw\"><strong>FICHE DE STAGE PR\u00c9PROFESSIONNEL<\/strong><\/a><strong>&nbsp;<\/strong>pour formaliser les heures qui seront r\u00e9alis\u00e9es selon&nbsp;<strong>le Plan d\u2019Activit\u00e9s<\/strong>. La FICHE DE STAGE PR\u00c9PROFESSIONNEL, au format PDF, sera  harge \u00e9lectroniquement par l\u2019Enseignant Responsable des Stages Pr\u00e9professionnels du programme d\u2019\u00e9tudes \/ d\u00e9partement. L\u2019\u00e9tudiant\u20ac  harger ace formulaire dans le dossier num\u00e9rique, situ\u00e9 dans le Module des Stages Pr\u00e9professionnels du SGA.<\/li>\n<\/ol>\n\n\n\n<h4 class=\"wp-block-heading\">\u00c9tape 3: Cl\u00f4ture et \u00e9valuation des stages pr\u00e9professionnels<\/h4>\n\n\n\n<ol class=\"wp-block-list\">\n<li>L'Enseignant(e) Tuteur(trice) du programme d'\u00e9tudes \/ d\u00e9partement signera \u00e9lectroniquement le&nbsp;<a href=\"https:\/\/www.uartes.edu.ec\/sitio\/download\/anexo-2-informe-de-cierre-de-practicas-preprofesionales\/?wpdmdl=66192&amp;masterkey=v_XnL9MObAZGZmoOKojtb5PGGUuNM970kp-Jvbp5sexfxNEaghj6T9TgGSQ3kvrEqX3jWKh_d8meaQq2QpnGMIajnQPFwryRLUBkKOKhd-A\"><strong>RAPPORT DE CL\u00d4TURE DE STAGE PR\u00c9PROFESSIONNEL<\/strong><\/a>&nbsp;afin d'attester de l'accompagnement p\u00e9dagogique fourni. Il\/elle \u00e9valuera \u00e9galement la performance de l'\u00e9tudiant(e) ainsi que la qualit\u00e9 des r\u00e9sultats obtenus durant la r\u00e9alisation des heures de stage pr\u00e9professionnel.<\/li>\n\n\n\n<li>Dans ce m\u00eame formulaire, l'\u00e9tudiant(e) d\u00e9taillera un r\u00e9sum\u00e9 des activit\u00e9s r\u00e9alis\u00e9es et joindra obligatoirement 6 (six) photos du d\u00e9roulement de son stage pr\u00e9professionnel. Ce formulaire sera charg\u00e9, au format PDF, dans le dossier num\u00e9rique, situ\u00e9 dans le Module des Stages Pr\u00e9professionnels du SGA.<\/li>\n\n\n\n<li>L'Entit\u00e9 d'Accueil d\u00e9livrera un&nbsp;<strong>CERTIFICAT DE STAGE PR\u00c9PROFESSIONNEL<\/strong>&nbsp;attestant que l'\u00e9tudiant(e) a accompli les heures pr\u00e9vues au sein de son institution. Ce document pourra \u00eatre sign\u00e9 manuellement ou \u00e9lectroniquement. L'\u00e9tudiant(e) le chargera, au format PDF, dans le dossier num\u00e9rique, situ\u00e9 dans le Module des Stages Pr\u00e9professionnels du SGA.<\/li>\n<\/ol>\n\n\n\n<h4 class=\"wp-block-heading\">\u00c9tape 4: Validation et certification des stages pr\u00e9professionnels<\/h4>\n\n\n\n<p class=\"wp-block-paragraph\">L'\u00e9tudiant(e) informera son Enseignant Responsable des Stages Pr\u00e9professionnels afin que celui-ci ou celle-ci valide les heures de stage pr\u00e9professionnel une fois tous les formulaires charg\u00e9s dans le dossier num\u00e9rique.<\/p>\n\n\n\n<p class=\"wp-block-paragraph\">Les documents originaux comportant des signatures manuscrites seront remis \u00e0 l'Enseignant Responsable des Stages Pr\u00e9professionnels pour archivage physique dans le dossier.<\/p>\n\n\n\n<p class=\"wp-block-paragraph\">Chaque Enseignant Responsable des Stages Pr\u00e9professionnels devra conserver, dans un dossier, l'ensemble de la documentation originale relative aux stages pr\u00e9professionnels jusqu'\u00e0 ce que l'\u00e9tudiant(e) ait accompli la totalit\u00e9 des heures r\u00e9glementaires.<\/p>\n\n\n\n<p class=\"wp-block-paragraph\">Une fois le dossier compl\u00e9t\u00e9, un PROC\u00c8S-VERBAL DE REMISE\/R\u00c9CEPTION et un INVENTAIRE DOCUMENTAIRE seront \u00e9mis \u00e0 l'attention de la Direction des Stages Pr\u00e9professionnels pour la conservation finale de la documentation physique.<\/p>\n\n\n\n<p class=\"wp-block-paragraph\">Lorsque l'\u00e9tudiant(e) a accompli la totalit\u00e9 des heures r\u00e9glementaires, l'Enseignant Responsable des Stages Pr\u00e9professionnels sollicite, par note de service, aupr\u00e8s de la Direction des Stages Pr\u00e9professionnels l'\u00e9mission du&nbsp;<strong>CERTIFICAT D'ACCOMPLISSEMENT DES STAGES PR\u00c9PROFESSIONNELS<\/strong>.<\/p>\n\n\n\n<p class=\"wp-block-paragraph\">Le certificat est \u00e9tabli par ordre d'arriv\u00e9e, apr\u00e8s v\u00e9rification des pi\u00e8ces justificatives, et sera d\u00e9pos\u00e9 dans le dossier num\u00e9rique situ\u00e9 dans le Module des Stages Pr\u00e9professionnels du SGA. La Direction des Stages Pr\u00e9professionnels dispose d'au moins une semaine pour finaliser l'\u00e9mission du certificat.<\/p>\n<\/div><\/div>\n\n\n\n<div class=\"wp-block-getwid-accordion__header-wrapper\"><h3 class=\"wp-block-getwid-accordion__header\"><a href=\"#\"><span class=\"wp-block-getwid-accordion__header-title\">Modalit\u00e9s<\/span><span class=\"wp-block-getwid-accordion__icon is-active\"><i class=\"fas fa-plus\"><\/i><\/span><span class=\"wp-block-getwid-accordion__icon is-passive\"><i class=\"fas fa-minus\"><\/i><\/span><\/a><\/h3><\/div><div class=\"wp-block-getwid-accordion__content-wrapper\"><div class=\"wp-block-getwid-accordion__content\">\n<p class=\"wp-block-paragraph\">Les modalit\u00e9s de stages pr\u00e9professionnels accept\u00e9es par l'Universit\u00e9 des Arts sont: <strong><\/strong><\/p>\n\n\n\n<ol style=\"list-style-type:lower-alpha\" class=\"wp-block-list\">\n<li><strong>Projets artistiques: <\/strong>Cela comprend la participation des \u00e9tudiants \u00e0 des projets cr\u00e9atifs communautaires ou individuels, d\u00e9velopp\u00e9s par des artistes, des collectifs artistiques ou des organisations culturelles, inscrits au Registre Unique des Artistes et Gestionnaires Culturels (RUAC) ou au Registre Unique des Contribuables (RUC), qui abordent des probl\u00e9matiques li\u00e9es \u00e0 la r\u00e9flexion et \u00e0 l'interpr\u00e9tation de la production artistique, de ses instruments et m\u00e9thodes, ainsi qu'\u00e0 la r\u00e9flexion depuis et sur la pratique artistique, conform\u00e9ment au profil de sortie.<\/li>\n\n\n\n<li><strong>Assistant de recherche:<\/strong>Cela comprend le travail des \u00e9tudiants au sein de projets de recherche de nature socioculturelle et artistique, men\u00e9s dans, \u00e0 travers et pour les arts, au sein des groupes et p\u00e9pini\u00e8res de recherche inscrits aupr\u00e8s du Vice-rectorat des \u00c9tudes doctorales et de la Recherche en Arts, ou leur participation \u00e0 des projets r\u00e9alis\u00e9s dans le cadre de r\u00e9seaux de coop\u00e9ration acad\u00e9mique interinstitutionnelle. Les assistants de recherche apporteront leur soutien aux activit\u00e9s li\u00e9es \u00e0 la collecte et au traitement de l'information et pourront participer aux processus de planification, d'ex\u00e9cution, de suivi et d'\u00e9valuation des projets, conform\u00e9ment au profil de sortie.<\/li>\n\n\n\n<li><strong>Assistanat d'enseignement \/ de chaire:<\/strong>Cela comprend la participation des \u00e9tudiants \u00e0 des activit\u00e9s acad\u00e9miques aupr\u00e8s des enseignants ou au sein des unit\u00e9s acad\u00e9miques de l'Universit\u00e9 des Arts. Les assistants de chaire s'impliqueront dans le soutien aux activit\u00e9s d'enseignement aupr\u00e8s de la personne<strong> <\/strong>responsable de la mati\u00e8re, du cours ou de son \u00e9quivalent, et d\u00e9velopperont des comp\u00e9tences de base en mati\u00e8re de planification et d'\u00e9valuation.<\/li>\n\n\n\n<li><strong>Gestion et production culturelle et artistique:<\/strong> Cela comprend la participation des \u00e9tudiants \u00e0 des projets et activit\u00e9s li\u00e9s \u00e0 l'exp\u00e9rimentation, \u00e0 la production et \u00e0 la diffusion de pratiques culturelles, artistiques et cr\u00e9atives, incluant des t\u00e2ches \u00e9ducatives, de recherche, d'interpr\u00e9tation, th\u00e9oriques et de gestion, ainsi que de pr\u00e9production, production et postproduction. Ces stages peuvent se d\u00e9rouler au sein de l'Universit\u00e9 des Arts ou dans des entit\u00e9s culturelles publiques, communautaires, sociales, culturelles ou priv\u00e9es, nationales ou \u00e9trang\u00e8res.<\/li>\n\n\n\n<li><strong>Projets li\u00e9s \u00e0 la communaut\u00e9:<\/strong>Cela comprend la participation des \u00e9tudiants \u00e0 des projets de lien avec la communaut\u00e9 et d'\u00e9ducation continue de l'Universit\u00e9 des Arts, d\u00fbment enregistr\u00e9s et men\u00e9s dans les territoires \u00e9tablis par le Secr\u00e9tariat du Lien avec la Soci\u00e9t\u00e9, en collaboration avec des entit\u00e9s publiques, communautaires ou priv\u00e9es.<\/li>\n<\/ol>\n<\/div><\/div>\n\n\n\n<div class=\"wp-block-getwid-accordion__header-wrapper\"><h3 class=\"wp-block-getwid-accordion__header\"><a href=\"#\"><span class=\"wp-block-getwid-accordion__header-title\">R\u00e9glementation<\/span><span class=\"wp-block-getwid-accordion__icon is-active\"><i class=\"fas fa-plus\"><\/i><\/span><span class=\"wp-block-getwid-accordion__icon is-passive\"><i class=\"fas fa-minus\"><\/i><\/span><\/a><\/h3><\/div><div class=\"wp-block-getwid-accordion__content-wrapper\"><div class=\"wp-block-getwid-accordion__content\">\n<ul class=\"wp-block-list\">\n<li><a href=\"https:\/\/www.uartes.edu.ec\/sitio\/?wpdmdl=89848\">Lignes directrices pour la r\u00e9alisation et la documentation des stages pr\u00e9professionnels<\/a><\/li>\n\n\n\n<li><a href=\"https:\/\/www.uartes.edu.ec\/sitio\/?wpdmdl=9065\">R\u00e8glement des stages pr\u00e9professionnels<\/a><\/li>\n\n\n\n<li><a href=\"https:\/\/www.uartes.edu.ec\/sitio\/?wpdmdl=74437\">UA-OCS-RSO-2025-52 \u2014 R\u00e9forme du r\u00e8glement des stages pr\u00e9professionnels de l'Universit\u00e9 des Arts<\/a><\/li>\n<\/ul>\n<\/div><\/div>\n\n\n\n<div class=\"wp-block-getwid-accordion__header-wrapper\"><h3 class=\"wp-block-getwid-accordion__header\"><a href=\"#\"><span class=\"wp-block-getwid-accordion__header-title\">Informations<\/span><span class=\"wp-block-getwid-accordion__icon is-active\"><i class=\"fas fa-plus\"><\/i><\/span><span class=\"wp-block-getwid-accordion__icon is-passive\"><i class=\"fas fa-minus\"><\/i><\/span><\/a><\/h3><\/div><div class=\"wp-block-getwid-accordion__content-wrapper\"><div class=\"wp-block-getwid-accordion__content\">\n<ul class=\"wp-block-list\">\n<li><a href=\"https:\/\/www.uartes.edu.ec\/sitio\/?wpdmdl=74822\">Informations sur les conventions.<\/a><\/li>\n<\/ul>\n<\/div><\/div>\n<\/div>\n\n\n\n<div style=\"height:40px\" aria-hidden=\"true\" class=\"wp-block-spacer\"><\/div>\n\n\n\n<!-- FlowPaper PDF flipbook plugin v.2.0.8 wordpress.org\/plugins\/flowpaper\/ -->\n<iframe title=\"FlowPaper flipbook pdf viewer\" width=\"100%\" height=\"570\" scrolling=\"no\" class=\"flowpaper-class\" frameborder=\"0\" allowfullscreen=\"true\" lightbox=\"false\" cover id src = \"https:\/\/75840744.flowpaper.com\/2026ACATLOGOCONVOCATORIAPPP\/\" seamless=\"seamless\" style=\"margin-bottom:0;display:block;\">Your browser does not seem to support iframes. <a href=\"https:\/\/75840744.flowpaper.com\/2026ACATLOGOCONVOCATORIAPPP\/\" target=\"_blank\">Click here to read this PDF<\/a>.<\/iframe>\n\r\n                <script>\r\n                document.addEventListener(\"DOMContentLoaded\", function(){\r\n                    var target_element, iframe_element;\r\n                    iframe_element = document.querySelector(\"iframe.flowpaper-class\");\r\n                    target_element = document.querySelector(\"\");\r\n                    iframe_element.style.height = target_element.offsetHeight + \"px\";\r\n                });\r\n                <\/script>\r\n            \n\n\n\n<h5 class=\"wp-block-heading has-text-align-center\"><a href=\"https:\/\/www.uartes.edu.ec\/sitio\/?wpdmdl=42300\">Catalogue d'appel \u00e0 candidatures pour les stages pr\u00e9professionnels<\/a><\/h5>","protected":false},"excerpt":{"rendered":"<p>La Jefatura de Pr\u00e1cticas Preprofesionales de la Universidad de las Artes tiene como misi\u00f3n \u201ccoordinar los procesos de pr\u00e1cticas preprofesionales en coordinaci\u00f3n con las Escuelas y Carreras. La Jefatura supervisar\u00e1 que las pr\u00e1cticas preprofesionales de los estudiantes de la Universidad de las Artes respondan a los requerimientos de los programas acad\u00e9micos y se ejecuten en [&hellip;]<\/p>\n","protected":false},"author":1,"featured_media":9074,"parent":2987,"menu_order":3,"comment_status":"closed","ping_status":"closed","template":"","meta":{"_acf_changed":false,"_uag_custom_page_level_css":"","_monsterinsights_skip_tracking":false,"cybocfi_hide_featured_image":"","footnotes":""},"class_list":["post-4512","page","type-page","status-publish","has-post-thumbnail","hentry"],"acf":[],"yoast_head":"<!-- This site is optimized with the Yoast SEO plugin v28.4 - https:\/\/yoast.com\/product\/yoast-seo-wordpress\/ -->\n<title>Universidad de las Artes - Procedimiento de Pr\u00e1cticas Preprofesionales<\/title>\n<meta name=\"description\" content=\"Universidad de las Artes - Procedimiento de Pr\u00e1cticas Preprofesionales\" \/>\n<meta name=\"robots\" content=\"index, follow, max-snippet:-1, max-image-preview:large, max-video-preview:-1\" \/>\n<link rel=\"canonical\" href=\"https:\/\/www.uartes.edu.ec\/sitio\/fr\/la-universidad\/estudiantes\/bienestar-estudiantil\/pasantias\/\" \/>\n<meta property=\"og:locale\" content=\"fr_FR\" \/>\n<meta property=\"og:type\" content=\"article\" \/>\n<meta property=\"og:title\" content=\"Universidad de las Artes - Procedimiento de Pr\u00e1cticas Preprofesionales\" \/>\n<meta property=\"og:description\" content=\"Universidad de las Artes - Procedimiento de Pr\u00e1cticas Preprofesionales\" \/>\n<meta property=\"og:url\" content=\"https:\/\/www.uartes.edu.ec\/sitio\/fr\/la-universidad\/estudiantes\/bienestar-estudiantil\/pasantias\/\" \/>\n<meta property=\"og:site_name\" content=\"Universidad de las Artes\" \/>\n<meta property=\"article:publisher\" content=\"https:\/\/www.facebook.com\/uartesec\" \/>\n<meta property=\"article:modified_time\" content=\"2026-08-25T14:50:02+00:00\" \/>\n<meta property=\"og:image\" content=\"https:\/\/www.uartes.edu.ec\/sitio\/wp-content\/uploads\/2020\/09\/pasantias.jpg\" \/>\n\t<meta property=\"og:image:width\" content=\"2000\" \/>\n\t<meta property=\"og:image:height\" content=\"1333\" \/>\n\t<meta property=\"og:image:type\" content=\"image\/jpeg\" \/>\n<meta name=\"twitter:card\" content=\"summary_large_image\" \/>\n<meta name=\"twitter:site\" content=\"@uartesec\" \/>\n<meta name=\"twitter:label1\" content=\"Dur\u00e9e de lecture estim\u00e9e\" \/>\n\t<meta name=\"twitter:data1\" content=\"10 minutes\" \/>\n<script type=\"application\/ld+json\" class=\"yoast-schema-graph\">{\"@context\":\"https:\\\/\\\/schema.org\",\"@graph\":[{\"@type\":\"WebPage\",\"@id\":\"https:\\\/\\\/www.uartes.edu.ec\\\/sitio\\\/fr\\\/la-universidad\\\/estudiantes\\\/bienestar-estudiantil\\\/pasantias\\\/\",\"url\":\"https:\\\/\\\/www.uartes.edu.ec\\\/sitio\\\/fr\\\/la-universidad\\\/estudiantes\\\/bienestar-estudiantil\\\/pasantias\\\/\",\"name\":\"Universidad de las Artes - Procedimiento de Pr\u00e1cticas Preprofesionales\",\"isPartOf\":{\"@id\":\"https:\\\/\\\/www.uartes.edu.ec\\\/sitio\\\/fr\\\/#website\"},\"primaryImageOfPage\":{\"@id\":\"https:\\\/\\\/www.uartes.edu.ec\\\/sitio\\\/fr\\\/la-universidad\\\/estudiantes\\\/bienestar-estudiantil\\\/pasantias\\\/#primaryimage\"},\"image\":{\"@id\":\"https:\\\/\\\/www.uartes.edu.ec\\\/sitio\\\/fr\\\/la-universidad\\\/estudiantes\\\/bienestar-estudiantil\\\/pasantias\\\/#primaryimage\"},\"thumbnailUrl\":\"https:\\\/\\\/www.uartes.edu.ec\\\/sitio\\\/wp-content\\\/uploads\\\/2020\\\/09\\\/pasantias.jpg\",\"datePublished\":\"2019-10-17T16:10:47+00:00\",\"dateModified\":\"2026-08-25T14:50:02+00:00\",\"description\":\"Universidad de las Artes - Procedimiento de Pr\u00e1cticas Preprofesionales\",\"breadcrumb\":{\"@id\":\"https:\\\/\\\/www.uartes.edu.ec\\\/sitio\\\/fr\\\/la-universidad\\\/estudiantes\\\/bienestar-estudiantil\\\/pasantias\\\/#breadcrumb\"},\"inLanguage\":\"fr-FR\",\"potentialAction\":[{\"@type\":\"ReadAction\",\"target\":[\"https:\\\/\\\/www.uartes.edu.ec\\\/sitio\\\/fr\\\/la-universidad\\\/estudiantes\\\/bienestar-estudiantil\\\/pasantias\\\/\"]}]},{\"@type\":\"ImageObject\",\"inLanguage\":\"fr-FR\",\"@id\":\"https:\\\/\\\/www.uartes.edu.ec\\\/sitio\\\/fr\\\/la-universidad\\\/estudiantes\\\/bienestar-estudiantil\\\/pasantias\\\/#primaryimage\",\"url\":\"https:\\\/\\\/www.uartes.edu.ec\\\/sitio\\\/wp-content\\\/uploads\\\/2020\\\/09\\\/pasantias.jpg\",\"contentUrl\":\"https:\\\/\\\/www.uartes.edu.ec\\\/sitio\\\/wp-content\\\/uploads\\\/2020\\\/09\\\/pasantias.jpg\",\"width\":2000,\"height\":1333},{\"@type\":\"BreadcrumbList\",\"@id\":\"https:\\\/\\\/www.uartes.edu.ec\\\/sitio\\\/fr\\\/la-universidad\\\/estudiantes\\\/bienestar-estudiantil\\\/pasantias\\\/#breadcrumb\",\"itemListElement\":[{\"@type\":\"ListItem\",\"position\":1,\"name\":\"Inicio\",\"item\":\"https:\\\/\\\/www.uartes.edu.ec\\\/sitio\\\/\"},{\"@type\":\"ListItem\",\"position\":2,\"name\":\"Universidad de las Artes\",\"item\":\"https:\\\/\\\/www.uartes.edu.ec\\\/sitio\\\/\"},{\"@type\":\"ListItem\",\"position\":3,\"name\":\"Estudiantes\",\"item\":\"https:\\\/\\\/www.uartes.edu.ec\\\/sitio\\\/la-universidad\\\/estudiantes\\\/\"},{\"@type\":\"ListItem\",\"position\":4,\"name\":\"Bienestar Estudiantil\",\"item\":\"https:\\\/\\\/www.uartes.edu.ec\\\/sitio\\\/la-universidad\\\/estudiantes\\\/bienestar-estudiantil\\\/\"},{\"@type\":\"ListItem\",\"position\":5,\"name\":\"Procedimiento de Pr\u00e1cticas Preprofesionales\"}]},{\"@type\":\"WebSite\",\"@id\":\"https:\\\/\\\/www.uartes.edu.ec\\\/sitio\\\/fr\\\/#website\",\"url\":\"https:\\\/\\\/www.uartes.edu.ec\\\/sitio\\\/fr\\\/\",\"name\":\"Universidad de las Artes\",\"description\":\"Sitio oficial de la Universidad Nacional de las Artes del Ecuador\",\"publisher\":{\"@id\":\"https:\\\/\\\/www.uartes.edu.ec\\\/sitio\\\/fr\\\/#organization\"},\"potentialAction\":[{\"@type\":\"SearchAction\",\"target\":{\"@type\":\"EntryPoint\",\"urlTemplate\":\"https:\\\/\\\/www.uartes.edu.ec\\\/sitio\\\/fr\\\/?s={search_term_string}\"},\"query-input\":{\"@type\":\"PropertyValueSpecification\",\"valueRequired\":true,\"valueName\":\"search_term_string\"}}],\"inLanguage\":\"fr-FR\"},{\"@type\":\"Organization\",\"@id\":\"https:\\\/\\\/www.uartes.edu.ec\\\/sitio\\\/fr\\\/#organization\",\"name\":\"Universidad de las Artes\",\"url\":\"https:\\\/\\\/www.uartes.edu.ec\\\/sitio\\\/fr\\\/\",\"logo\":{\"@type\":\"ImageObject\",\"inLanguage\":\"fr-FR\",\"@id\":\"https:\\\/\\\/www.uartes.edu.ec\\\/sitio\\\/fr\\\/#\\\/schema\\\/logo\\\/image\\\/\",\"url\":\"https:\\\/\\\/www.uartes.edu.ec\\\/sitio\\\/wp-content\\\/uploads\\\/2022\\\/07\\\/logo-ua-horizontal.png\",\"contentUrl\":\"https:\\\/\\\/www.uartes.edu.ec\\\/sitio\\\/wp-content\\\/uploads\\\/2022\\\/07\\\/logo-ua-horizontal.png\",\"width\":800,\"height\":276,\"caption\":\"Universidad de las Artes\"},\"image\":{\"@id\":\"https:\\\/\\\/www.uartes.edu.ec\\\/sitio\\\/fr\\\/#\\\/schema\\\/logo\\\/image\\\/\"},\"sameAs\":[\"https:\\\/\\\/www.facebook.com\\\/uartesec\",\"https:\\\/\\\/x.com\\\/uartesec\",\"https:\\\/\\\/www.tiktok.com\\\/@uartesec\"]}]}<\/script>\n<!-- \/ Yoast SEO plugin. -->","yoast_head_json":{"title":"Universidad de las Artes - Procedimiento de Pr\u00e1cticas Preprofesionales","description":"Universidad de las Artes - Procedimiento de Pr\u00e1cticas Preprofesionales","robots":{"index":"index","follow":"follow","max-snippet":"max-snippet:-1","max-image-preview":"max-image-preview:large","max-video-preview":"max-video-preview:-1"},"canonical":"https:\/\/www.uartes.edu.ec\/sitio\/fr\/la-universidad\/estudiantes\/bienestar-estudiantil\/pasantias\/","og_locale":"fr_FR","og_type":"article","og_title":"Universidad de las Artes - Procedimiento de Pr\u00e1cticas Preprofesionales","og_description":"Universidad de las Artes - Procedimiento de Pr\u00e1cticas Preprofesionales","og_url":"https:\/\/www.uartes.edu.ec\/sitio\/fr\/la-universidad\/estudiantes\/bienestar-estudiantil\/pasantias\/","og_site_name":"Universidad de las Artes","article_publisher":"https:\/\/www.facebook.com\/uartesec","article_modified_time":"2026-08-25T14:50:02+00:00","og_image":[{"width":2000,"height":1333,"url":"https:\/\/www.uartes.edu.ec\/sitio\/wp-content\/uploads\/2020\/09\/pasantias.jpg","type":"image\/jpeg"}],"twitter_card":"summary_large_image","twitter_site":"@uartesec","twitter_misc":{"Dur\u00e9e de lecture estim\u00e9e":"10 minutes"},"schema":{"@context":"https:\/\/schema.org","@graph":[{"@type":"WebPage","@id":"https:\/\/www.uartes.edu.ec\/sitio\/fr\/la-universidad\/estudiantes\/bienestar-estudiantil\/pasantias\/","url":"https:\/\/www.uartes.edu.ec\/sitio\/fr\/la-universidad\/estudiantes\/bienestar-estudiantil\/pasantias\/","name":"Universidad de las Artes - Procedimiento de Pr\u00e1cticas Preprofesionales","isPartOf":{"@id":"https:\/\/www.uartes.edu.ec\/sitio\/fr\/#website"},"primaryImageOfPage":{"@id":"https:\/\/www.uartes.edu.ec\/sitio\/fr\/la-universidad\/estudiantes\/bienestar-estudiantil\/pasantias\/#primaryimage"},"image":{"@id":"https:\/\/www.uartes.edu.ec\/sitio\/fr\/la-universidad\/estudiantes\/bienestar-estudiantil\/pasantias\/#primaryimage"},"thumbnailUrl":"https:\/\/www.uartes.edu.ec\/sitio\/wp-content\/uploads\/2020\/09\/pasantias.jpg","datePublished":"2019-10-17T16:10:47+00:00","dateModified":"2026-08-25T14:50:02+00:00","description":"Universidad de las Artes - Procedimiento de Pr\u00e1cticas Preprofesionales","breadcrumb":{"@id":"https:\/\/www.uartes.edu.ec\/sitio\/fr\/la-universidad\/estudiantes\/bienestar-estudiantil\/pasantias\/#breadcrumb"},"inLanguage":"fr-FR","potentialAction":[{"@type":"ReadAction","target":["https:\/\/www.uartes.edu.ec\/sitio\/fr\/la-universidad\/estudiantes\/bienestar-estudiantil\/pasantias\/"]}]},{"@type":"ImageObject","inLanguage":"fr-FR","@id":"https:\/\/www.uartes.edu.ec\/sitio\/fr\/la-universidad\/estudiantes\/bienestar-estudiantil\/pasantias\/#primaryimage","url":"https:\/\/www.uartes.edu.ec\/sitio\/wp-content\/uploads\/2020\/09\/pasantias.jpg","contentUrl":"https:\/\/www.uartes.edu.ec\/sitio\/wp-content\/uploads\/2020\/09\/pasantias.jpg","width":2000,"height":1333},{"@type":"BreadcrumbList","@id":"https:\/\/www.uartes.edu.ec\/sitio\/fr\/la-universidad\/estudiantes\/bienestar-estudiantil\/pasantias\/#breadcrumb","itemListElement":[{"@type":"ListItem","position":1,"name":"Inicio","item":"https:\/\/www.uartes.edu.ec\/sitio\/"},{"@type":"ListItem","position":2,"name":"Universidad de las Artes","item":"https:\/\/www.uartes.edu.ec\/sitio\/"},{"@type":"ListItem","position":3,"name":"Estudiantes","item":"https:\/\/www.uartes.edu.ec\/sitio\/la-universidad\/estudiantes\/"},{"@type":"ListItem","position":4,"name":"Bienestar Estudiantil","item":"https:\/\/www.uartes.edu.ec\/sitio\/la-universidad\/estudiantes\/bienestar-estudiantil\/"},{"@type":"ListItem","position":5,"name":"Procedimiento de Pr\u00e1cticas Preprofesionales"}]},{"@type":"WebSite","@id":"https:\/\/www.uartes.edu.ec\/sitio\/fr\/#website","url":"https:\/\/www.uartes.edu.ec\/sitio\/fr\/","name":"l'Universit\u00e9 des Arts","description":"Sitio oficial de la Universidad Nacional de las Artes del Ecuador","publisher":{"@id":"https:\/\/www.uartes.edu.ec\/sitio\/fr\/#organization"},"potentialAction":[{"@type":"SearchAction","target":{"@type":"EntryPoint","urlTemplate":"https:\/\/www.uartes.edu.ec\/sitio\/fr\/?s={search_term_string}"},"query-input":{"@type":"PropertyValueSpecification","valueRequired":true,"valueName":"search_term_string"}}],"inLanguage":"fr-FR"},{"@type":"Organization","@id":"https:\/\/www.uartes.edu.ec\/sitio\/fr\/#organization","name":"l'Universit\u00e9 des Arts","url":"https:\/\/www.uartes.edu.ec\/sitio\/fr\/","logo":{"@type":"ImageObject","inLanguage":"fr-FR","@id":"https:\/\/www.uartes.edu.ec\/sitio\/fr\/#\/schema\/logo\/image\/","url":"https:\/\/www.uartes.edu.ec\/sitio\/wp-content\/uploads\/2022\/07\/logo-ua-horizontal.png","contentUrl":"https:\/\/www.uartes.edu.ec\/sitio\/wp-content\/uploads\/2022\/07\/logo-ua-horizontal.png","width":800,"height":276,"caption":"Universidad de las Artes"},"image":{"@id":"https:\/\/www.uartes.edu.ec\/sitio\/fr\/#\/schema\/logo\/image\/"},"sameAs":["https:\/\/www.facebook.com\/uartesec","https:\/\/x.com\/uartesec","https:\/\/www.tiktok.com\/@uartesec"]}]}},"uagb_featured_image_src":{"full":["https:\/\/www.uartes.edu.ec\/sitio\/wp-content\/uploads\/2020\/09\/pasantias.jpg",2000,1333,false],"thumbnail":["https:\/\/www.uartes.edu.ec\/sitio\/wp-content\/uploads\/2020\/09\/pasantias-150x150.jpg",150,150,true],"medium":["https:\/\/www.uartes.edu.ec\/sitio\/wp-content\/uploads\/2020\/09\/pasantias-300x200.jpg",300,200,true],"medium_large":["https:\/\/www.uartes.edu.ec\/sitio\/wp-content\/uploads\/2020\/09\/pasantias-768x512.jpg",768,512,true],"large":["https:\/\/www.uartes.edu.ec\/sitio\/wp-content\/uploads\/2020\/09\/pasantias-644x429.jpg",644,429,true],"1536x1536":["https:\/\/www.uartes.edu.ec\/sitio\/wp-content\/uploads\/2020\/09\/pasantias-1536x1024.jpg",1536,1024,true],"2048x2048":["https:\/\/www.uartes.edu.ec\/sitio\/wp-content\/uploads\/2020\/09\/pasantias.jpg",2000,1333,false],"trp-custom-language-flag":["https:\/\/www.uartes.edu.ec\/sitio\/wp-content\/uploads\/2020\/09\/pasantias.jpg",18,12,false],"gb-block-post-grid-landscape":["https:\/\/www.uartes.edu.ec\/sitio\/wp-content\/uploads\/2020\/09\/pasantias.jpg",600,400,false],"gb-block-post-grid-square":["https:\/\/www.uartes.edu.ec\/sitio\/wp-content\/uploads\/2020\/09\/pasantias.jpg",600,400,false],"university-hub-thumb":["https:\/\/www.uartes.edu.ec\/sitio\/wp-content\/uploads\/2020\/09\/pasantias-400x267.jpg",400,267,true]},"uagb_author_info":{"display_name":"Universidad de las Artes","author_link":"https:\/\/www.uartes.edu.ec\/sitio\/fr\/blog\/author\/dircomadm\/"},"uagb_comment_info":0,"uagb_excerpt":"La Jefatura de Pr\u00e1cticas Preprofesionales de la Universidad de las Artes tiene como misi\u00f3n \u201ccoordinar los procesos de pr\u00e1cticas preprofesionales en coordinaci\u00f3n con las Escuelas y Carreras. La Jefatura supervisar\u00e1 que las pr\u00e1cticas preprofesionales de los estudiantes de la Universidad de las Artes respondan a los requerimientos de los programas acad\u00e9micos y se ejecuten en\u2026","featured_image_src":"https:\/\/www.uartes.edu.ec\/sitio\/wp-content\/uploads\/2020\/09\/pasantias.jpg","featured_image_src_square":"https:\/\/www.uartes.edu.ec\/sitio\/wp-content\/uploads\/2020\/09\/pasantias.jpg","publishpress_future_action":{"enabled":false,"date":"2026-09-13 09:29:06","action":"change-status","newStatus":"draft","terms":[],"taxonomy":"","extraData":[]},"publishpress_future_workflow_manual_trigger":{"enabledWorkflows":[]},"distributor_meta":false,"distributor_terms":false,"distributor_media":false,"distributor_original_site_name":"Universidad de las Artes","distributor_original_site_url":"https:\/\/www.uartes.edu.ec\/sitio\/fr","push-errors":false,"_links":{"self":[{"href":"https:\/\/www.uartes.edu.ec\/sitio\/fr\/wp-json\/wp\/v2\/pages\/4512","targetHints":{"allow":["GET"]}}],"collection":[{"href":"https:\/\/www.uartes.edu.ec\/sitio\/fr\/wp-json\/wp\/v2\/pages"}],"about":[{"href":"https:\/\/www.uartes.edu.ec\/sitio\/fr\/wp-json\/wp\/v2\/types\/page"}],"author":[{"embeddable":true,"href":"https:\/\/www.uartes.edu.ec\/sitio\/fr\/wp-json\/wp\/v2\/users\/1"}],"replies":[{"embeddable":true,"href":"https:\/\/www.uartes.edu.ec\/sitio\/fr\/wp-json\/wp\/v2\/comments?post=4512"}],"version-history":[{"count":141,"href":"https:\/\/www.uartes.edu.ec\/sitio\/fr\/wp-json\/wp\/v2\/pages\/4512\/revisions"}],"predecessor-version":[{"id":95915,"href":"https:\/\/www.uartes.edu.ec\/sitio\/fr\/wp-json\/wp\/v2\/pages\/4512\/revisions\/95915"}],"up":[{"embeddable":true,"href":"https:\/\/www.uartes.edu.ec\/sitio\/fr\/wp-json\/wp\/v2\/pages\/2987"}],"wp:featuredmedia":[{"embeddable":true,"href":"https:\/\/www.uartes.edu.ec\/sitio\/fr\/wp-json\/wp\/v2\/media\/9074"}],"wp:attachment":[{"href":"https:\/\/www.uartes.edu.ec\/sitio\/fr\/wp-json\/wp\/v2\/media?parent=4512"}],"curies":[{"name":"wp","href":"https:\/\/api.w.org\/{rel}","templated":true}]}}