{"id":4522,"date":"2019-10-17T11:34:00","date_gmt":"2019-10-17T16:34:48","guid":{"rendered":"http:\/\/www.uartes.edu.ec\/sitio\/la-universidad\/investigacion\/proyectos\/"},"modified":"2025-06-17T12:08:45","modified_gmt":"2025-06-17T17:08:45","slug":"proyectos","status":"publish","type":"page","link":"https:\/\/www.uartes.edu.ec\/sitio\/fr\/la-universidad\/investigacion\/proyectos\/","title":{"rendered":"Projets"},"content":{"rendered":"<div data-elementor-type=\"wp-page\" data-elementor-id=\"4522\" class=\"elementor elementor-4522\" data-elementor-settings=\"{&quot;ha_cmc_init_switcher&quot;:&quot;no&quot;}\" data-elementor-post-type=\"page\">\n\t\t\t\t<div class=\"elementor-element elementor-element-a92da4a e-flex e-con-boxed e-con e-parent\" data-id=\"a92da4a\" data-element_type=\"container\" data-e-type=\"container\" data-settings=\"{&quot;_ha_eqh_enable&quot;:false}\">\n\t\t\t\t\t<div class=\"e-con-inner\">\n\t\t\t\t<div class=\"elementor-element elementor-element-02238a5 elementor-widget elementor-widget-heading\" data-id=\"02238a5\" data-element_type=\"widget\" data-e-type=\"widget\" data-widget_type=\"heading.default\">\n\t\t\t\t<div class=\"elementor-widget-container\">\n\t\t\t\t\t<h2 class=\"elementor-heading-title elementor-size-default\">Proyectos activos en 2025-2027<\/h2>\t\t\t\t<\/div>\n\t\t\t\t<\/div>\n\t\t\t\t<div class=\"elementor-element elementor-element-173b9b3 elementor-widget elementor-widget-heading\" data-id=\"173b9b3\" data-element_type=\"widget\" data-e-type=\"widget\" data-widget_type=\"heading.default\">\n\t\t\t\t<div class=\"elementor-widget-container\">\n\t\t\t\t\t<h6 class=\"elementor-heading-title elementor-size-default\">Aprobados en la X Convocatoria.<\/h6>\t\t\t\t<\/div>\n\t\t\t\t<\/div>\n\t\t\t\t<div class=\"elementor-element elementor-element-63b8769 elementor-widget elementor-widget-n-accordion\" data-id=\"63b8769\" data-element_type=\"widget\" data-e-type=\"widget\" data-settings=\"{&quot;default_state&quot;:&quot;all_collapsed&quot;,&quot;max_items_expended&quot;:&quot;one&quot;,&quot;n_accordion_animation_duration&quot;:{&quot;unit&quot;:&quot;ms&quot;,&quot;size&quot;:400,&quot;sizes&quot;:[]}}\" data-widget_type=\"nested-accordion.default\">\n\t\t\t\t<div class=\"elementor-widget-container\">\n\t\t\t\t\t\t\t<div class=\"e-n-accordion\" aria-label=\"Accordion. Open links with Enter or Space, close with Escape, and navigate with Arrow Keys\">\n\t\t\t\t\t\t<details id=\"e-n-accordion-item-1040\" class=\"e-n-accordion-item\" >\n\t\t\t\t<summary class=\"e-n-accordion-item-title\" data-accordion-index=\"1\" tabindex=\"0\" aria-expanded=\"false\" aria-controls=\"e-n-accordion-item-1040\" >\n\t\t\t\t\t<span class='e-n-accordion-item-title-header'><div class=\"e-n-accordion-item-title-text\"> Arte, mujeres, memoria y espacio p\u00fablico en Am\u00e9rica latina <\/div><\/span>\n\t\t\t\t\t\t\t<span class='e-n-accordion-item-title-icon'>\n\t\t\t<span class='e-opened' ><svg aria-hidden=\"true\" class=\"e-font-icon-svg e-far-folder-open\" viewbox=\"0 0 576 512\" xmlns=\"http:\/\/www.w3.org\/2000\/svg\"><path d=\"M527.9 224H480v-48c0-26.5-21.5-48-48-48H272l-64-64H48C21.5 64 0 85.5 0 112v288c0 26.5 21.5 48 48 48h400c16.5 0 31.9-8.5 40.7-22.6l79.9-128c20-31.9-3-73.4-40.7-73.4zM48 118c0-3.3 2.7-6 6-6h134.1l64 64H426c3.3 0 6 2.7 6 6v42H152c-16.8 0-32.4 8.8-41.1 23.2L48 351.4zm400 282H72l77.2-128H528z\"><\/path><\/svg><\/span>\n\t\t\t<span class='e-closed'><svg aria-hidden=\"true\" class=\"e-font-icon-svg e-far-folder\" viewbox=\"0 0 512 512\" xmlns=\"http:\/\/www.w3.org\/2000\/svg\"><path d=\"M464 128H272l-54.63-54.63c-6-6-14.14-9.37-22.63-9.37H48C21.49 64 0 85.49 0 112v288c0 26.51 21.49 48 48 48h416c26.51 0 48-21.49 48-48V176c0-26.51-21.49-48-48-48zm0 272H48V112h140.12l54.63 54.63c6 6 14.14 9.37 22.63 9.37H464v224z\"><\/path><\/svg><\/span>\n\t\t<\/span>\n\n\t\t\t\t\t\t<\/summary>\n\t\t\t\t<div role=\"region\" aria-labelledby=\"e-n-accordion-item-1040\" class=\"elementor-element elementor-element-1079d07 e-con-full e-flex e-con e-child\" data-id=\"1079d07\" data-element_type=\"container\" data-e-type=\"container\" data-settings=\"{&quot;_ha_eqh_enable&quot;:false}\">\n\t\t\t\t<div class=\"elementor-element elementor-element-c4b5001 elementor-widget elementor-widget-text-editor\" data-id=\"c4b5001\" data-element_type=\"widget\" data-e-type=\"widget\" data-widget_type=\"text-editor.default\">\n\t\t\t\t<div class=\"elementor-widget-container\">\n\t\t\t\t\t\t\t\t\t<ul><li><strong>Code:<\/strong> VPIA-2025-01-PI<\/li><li><strong>Directeur:<\/strong> Marcos Natalia Carolina<\/li><li><strong>Unidad acad\u00e9mica: <\/strong>Transversal<\/li><li><strong>Co-investigadores: <\/strong>L\u00f3pez Jaramillo Mar\u00eda Fernanda, Icaza Guevara Mar\u00eda Jos\u00e9<\/li><li><strong>Ligne de recherche:<\/strong> ARTE, G\u00c9NERO, FEMINISMOS Y DIVERSIDAD SEXO GEN\u00c9RICA<\/li><li><strong>Colectivo\/individual:\u00a0<\/strong>Colectivo<\/li><li><strong>Financiado\/no financiado: <\/strong>No financiado<\/li><li><strong>Objectif g\u00e9n\u00e9ral:<\/strong> Establecer una plataforma itinerante para el an\u00e1lisis, la difusi\u00f3n y circulaci\u00f3n de la producci\u00f3n creativa de mujeres que desarrollan sus quehaceres art\u00edsticos y activistas desde el pensamiento cr\u00edtico, que intervienen en el espacio p\u00fablico latinoamericano aportando a los diversos procesos de (re)construcci\u00f3n de memoria colectiva en contextos locales, nacionales y regionales.<\/li><\/ul>\t\t\t\t\t\t\t\t<\/div>\n\t\t\t\t<\/div>\n\t\t\t\t<\/div>\n\t\t\t\t\t<\/details>\n\t\t\t\t\t\t<details id=\"e-n-accordion-item-1041\" class=\"e-n-accordion-item\" >\n\t\t\t\t<summary class=\"e-n-accordion-item-title\" data-accordion-index=\"2\" tabindex=\"-1\" aria-expanded=\"false\" aria-controls=\"e-n-accordion-item-1041\" >\n\t\t\t\t\t<span class='e-n-accordion-item-title-header'><div class=\"e-n-accordion-item-title-text\"> Artes, cultura y pol\u00edtica en am\u00e9rica latina: institucionalidad, actores y modos de producci\u00f3n <\/div><\/span>\n\t\t\t\t\t\t\t<span class='e-n-accordion-item-title-icon'>\n\t\t\t<span class='e-opened' ><svg aria-hidden=\"true\" class=\"e-font-icon-svg e-far-folder-open\" viewbox=\"0 0 576 512\" xmlns=\"http:\/\/www.w3.org\/2000\/svg\"><path d=\"M527.9 224H480v-48c0-26.5-21.5-48-48-48H272l-64-64H48C21.5 64 0 85.5 0 112v288c0 26.5 21.5 48 48 48h400c16.5 0 31.9-8.5 40.7-22.6l79.9-128c20-31.9-3-73.4-40.7-73.4zM48 118c0-3.3 2.7-6 6-6h134.1l64 64H426c3.3 0 6 2.7 6 6v42H152c-16.8 0-32.4 8.8-41.1 23.2L48 351.4zm400 282H72l77.2-128H528z\"><\/path><\/svg><\/span>\n\t\t\t<span class='e-closed'><svg aria-hidden=\"true\" class=\"e-font-icon-svg e-far-folder\" viewbox=\"0 0 512 512\" xmlns=\"http:\/\/www.w3.org\/2000\/svg\"><path d=\"M464 128H272l-54.63-54.63c-6-6-14.14-9.37-22.63-9.37H48C21.49 64 0 85.49 0 112v288c0 26.51 21.49 48 48 48h416c26.51 0 48-21.49 48-48V176c0-26.51-21.49-48-48-48zm0 272H48V112h140.12l54.63 54.63c6 6 14.14 9.37 22.63 9.37H464v224z\"><\/path><\/svg><\/span>\n\t\t<\/span>\n\n\t\t\t\t\t\t<\/summary>\n\t\t\t\t<div role=\"region\" aria-labelledby=\"e-n-accordion-item-1041\" class=\"elementor-element elementor-element-ddafc47 e-con-full e-flex e-con e-child\" data-id=\"ddafc47\" data-element_type=\"container\" data-e-type=\"container\" data-settings=\"{&quot;_ha_eqh_enable&quot;:false}\">\n\t\t\t\t<div class=\"elementor-element elementor-element-40dca3f elementor-widget elementor-widget-text-editor\" data-id=\"40dca3f\" data-element_type=\"widget\" data-e-type=\"widget\" data-widget_type=\"text-editor.default\">\n\t\t\t\t<div class=\"elementor-widget-container\">\n\t\t\t\t\t\t\t\t\t<ul><li><strong>Code: <\/strong>VPIA-2025-02-PI<\/li><li><strong>Directeur:<\/strong> Cardoso Teran Pablo Andres<\/li><li><strong>Unidad acad\u00e9mica: <\/strong>Transversal<\/li><li><strong>Co-investigadores:<\/strong>Icaza Guevara Mar\u00eda Jos\u00e9, Herrera R\u00edos William An\u00edbal, Su\u00e1rez Pinz\u00f3n Janina Fernanda<\/li><li><strong>Ligne de recherche:<\/strong> POL\u00cdTICAS DE LA CULTURA, CREATIVIDADES Y GESTI\u00d3N DE LAS ARTES<\/li><li><strong>Colectivo\/individual:\u00a0<\/strong>Colectivo<\/li><li><strong>Financiado\/no financiado: <\/strong>No financiado<\/li><li><strong>Objectif g\u00e9n\u00e9ral:<\/strong> Estudiar el impacto y alcance de las pol\u00edticas culturales ecuatorianas en los modos de producci\u00f3n y en las condiciones de acceso a las artes y la cultura en Ecuador y Am\u00e9rica Latina.<\/li><\/ul>\t\t\t\t\t\t\t\t<\/div>\n\t\t\t\t<\/div>\n\t\t\t\t<\/div>\n\t\t\t\t\t<\/details>\n\t\t\t\t\t\t<details id=\"e-n-accordion-item-1042\" class=\"e-n-accordion-item\" >\n\t\t\t\t<summary class=\"e-n-accordion-item-title\" data-accordion-index=\"3\" tabindex=\"-1\" aria-expanded=\"false\" aria-controls=\"e-n-accordion-item-1042\" >\n\t\t\t\t\t<span class='e-n-accordion-item-title-header'><div class=\"e-n-accordion-item-title-text\"> Cineteca UArtes. Archivo y memoria <\/div><\/span>\n\t\t\t\t\t\t\t<span class='e-n-accordion-item-title-icon'>\n\t\t\t<span class='e-opened' ><svg aria-hidden=\"true\" class=\"e-font-icon-svg e-far-folder-open\" viewbox=\"0 0 576 512\" xmlns=\"http:\/\/www.w3.org\/2000\/svg\"><path d=\"M527.9 224H480v-48c0-26.5-21.5-48-48-48H272l-64-64H48C21.5 64 0 85.5 0 112v288c0 26.5 21.5 48 48 48h400c16.5 0 31.9-8.5 40.7-22.6l79.9-128c20-31.9-3-73.4-40.7-73.4zM48 118c0-3.3 2.7-6 6-6h134.1l64 64H426c3.3 0 6 2.7 6 6v42H152c-16.8 0-32.4 8.8-41.1 23.2L48 351.4zm400 282H72l77.2-128H528z\"><\/path><\/svg><\/span>\n\t\t\t<span class='e-closed'><svg aria-hidden=\"true\" class=\"e-font-icon-svg e-far-folder\" viewbox=\"0 0 512 512\" xmlns=\"http:\/\/www.w3.org\/2000\/svg\"><path d=\"M464 128H272l-54.63-54.63c-6-6-14.14-9.37-22.63-9.37H48C21.49 64 0 85.49 0 112v288c0 26.51 21.49 48 48 48h416c26.51 0 48-21.49 48-48V176c0-26.51-21.49-48-48-48zm0 272H48V112h140.12l54.63 54.63c6 6 14.14 9.37 22.63 9.37H464v224z\"><\/path><\/svg><\/span>\n\t\t<\/span>\n\n\t\t\t\t\t\t<\/summary>\n\t\t\t\t<div role=\"region\" aria-labelledby=\"e-n-accordion-item-1042\" class=\"elementor-element elementor-element-86a1190 e-con-full e-flex e-con e-child\" data-id=\"86a1190\" data-element_type=\"container\" data-e-type=\"container\" data-settings=\"{&quot;_ha_eqh_enable&quot;:false}\">\n\t\t\t\t<div class=\"elementor-element elementor-element-d791824 elementor-widget elementor-widget-text-editor\" data-id=\"d791824\" data-element_type=\"widget\" data-e-type=\"widget\" data-widget_type=\"text-editor.default\">\n\t\t\t\t<div class=\"elementor-widget-container\">\n\t\t\t\t\t\t\t\t\t<ul><li><strong>Code: <\/strong>VPIA-2025-03-PI<\/li><li><strong>Directeur:<\/strong> Arcos Soto Abel<\/li><li><strong>Unidad acad\u00e9mica: <\/strong>Cin\u00e9ma<\/li><li><strong>Co-investigadores:\u00a0<\/strong>Cadena Espinel Arsenio Eduardo, Barba Ramirez Aldo Mauricio, Andrade Morales Javier Andr\u00e9s, P\u00e9rez Rodon Libia, Tome Julie Michele, Sarmiento Torres Manuel Eduardo, Mieles Pe\u00f1a Fernando Xavier, Vargas Hidalgo Pablo Fernando<\/li><li><strong>Ligne de recherche:<\/strong> ARTES, MEDIOS DIGITALES Y LENGUAJES TECNOL\u00d3GICOS<\/li><li><strong>Colectivo\/individual:\u00a0<\/strong>Colectivo<\/li><li><strong>Financiado\/no financiado: <\/strong>Financiado<\/li><li><strong>Objectif g\u00e9n\u00e9ral:<\/strong> Establecer una Cineteca en la Universidad de las Artes que garantice el dise\u00f1o e implementaci\u00f3n de bases normativas y t\u00e9cnicas para el almacenamiento, preservaci\u00f3n, catalogaci\u00f3n y difusi\u00f3n p\u00fablica de los productos audiovisuales y documentos generados en la carrera de cine de UArtes, as\u00ed como de futuros proyectos y colecciones audiovisuales de Guayaquil que se encuentren en riesgo de desaparici\u00f3n o deterioro. A su vez, se busca promover la producci\u00f3n de obras audiovisuales por parte de los integrantes del proyecto, a partir de la utilizaci\u00f3n de archivo personal, archivo familiar, archivo de relevancia social o found footage.<\/li><\/ul>\t\t\t\t\t\t\t\t<\/div>\n\t\t\t\t<\/div>\n\t\t\t\t<\/div>\n\t\t\t\t\t<\/details>\n\t\t\t\t\t\t<details id=\"e-n-accordion-item-1043\" class=\"e-n-accordion-item\" >\n\t\t\t\t<summary class=\"e-n-accordion-item-title\" data-accordion-index=\"4\" tabindex=\"-1\" aria-expanded=\"false\" aria-controls=\"e-n-accordion-item-1043\" >\n\t\t\t\t\t<span class='e-n-accordion-item-title-header'><div class=\"e-n-accordion-item-title-text\"> Colecci\u00f3n de guiones cinematogr\u00e1ficos ecuatorianos \u201cPrimer borrador\u201d <\/div><\/span>\n\t\t\t\t\t\t\t<span class='e-n-accordion-item-title-icon'>\n\t\t\t<span class='e-opened' ><svg aria-hidden=\"true\" class=\"e-font-icon-svg e-far-folder-open\" viewbox=\"0 0 576 512\" xmlns=\"http:\/\/www.w3.org\/2000\/svg\"><path d=\"M527.9 224H480v-48c0-26.5-21.5-48-48-48H272l-64-64H48C21.5 64 0 85.5 0 112v288c0 26.5 21.5 48 48 48h400c16.5 0 31.9-8.5 40.7-22.6l79.9-128c20-31.9-3-73.4-40.7-73.4zM48 118c0-3.3 2.7-6 6-6h134.1l64 64H426c3.3 0 6 2.7 6 6v42H152c-16.8 0-32.4 8.8-41.1 23.2L48 351.4zm400 282H72l77.2-128H528z\"><\/path><\/svg><\/span>\n\t\t\t<span class='e-closed'><svg aria-hidden=\"true\" class=\"e-font-icon-svg e-far-folder\" viewbox=\"0 0 512 512\" xmlns=\"http:\/\/www.w3.org\/2000\/svg\"><path d=\"M464 128H272l-54.63-54.63c-6-6-14.14-9.37-22.63-9.37H48C21.49 64 0 85.49 0 112v288c0 26.51 21.49 48 48 48h416c26.51 0 48-21.49 48-48V176c0-26.51-21.49-48-48-48zm0 272H48V112h140.12l54.63 54.63c6 6 14.14 9.37 22.63 9.37H464v224z\"><\/path><\/svg><\/span>\n\t\t<\/span>\n\n\t\t\t\t\t\t<\/summary>\n\t\t\t\t<div role=\"region\" aria-labelledby=\"e-n-accordion-item-1043\" class=\"elementor-element elementor-element-928554f e-con-full e-flex e-con e-child\" data-id=\"928554f\" data-element_type=\"container\" data-e-type=\"container\" data-settings=\"{&quot;_ha_eqh_enable&quot;:false}\">\n\t\t\t\t<div class=\"elementor-element elementor-element-69fe0fc elementor-widget elementor-widget-text-editor\" data-id=\"69fe0fc\" data-element_type=\"widget\" data-e-type=\"widget\" data-widget_type=\"text-editor.default\">\n\t\t\t\t<div class=\"elementor-widget-container\">\n\t\t\t\t\t\t\t\t\t<ul><li><strong>Code: <\/strong>VPIA-2025-04-PI<\/li><li><strong>Directeur:<\/strong> Mieles Pe\u00f1a Fernando Xavier<\/li><li><strong>Unidad acad\u00e9mica: <\/strong>Cin\u00e9ma<\/li><li><strong>Co-investigadores:\u00a0<\/strong>Gonz\u00e1lez Guti\u00e9rrez Leslie Daniela, Gonz\u00e1lez Castro Nadia Aracelly, Carrasco Escobar Mar\u00eda Isabel<\/li><li><strong>Ligne de recherche:<\/strong> PEDAGOG\u00cdAS CR\u00cdTICAS Y CREATIVAS DESDE LAS ARTES<\/li><li><strong>Colectivo\/individual:\u00a0<\/strong>Colectivo<\/li><li><strong>Financiado\/no financiado: <\/strong>No financiado<\/li><li><strong>Objectif g\u00e9n\u00e9ral:<\/strong> Contribuir a la difusi\u00f3n del estudio del trabajo creativo desde el an\u00e1lisis del proceso creativo de la escritura de guiones cinematogr\u00e1ficos.<\/li><\/ul>\t\t\t\t\t\t\t\t<\/div>\n\t\t\t\t<\/div>\n\t\t\t\t<\/div>\n\t\t\t\t\t<\/details>\n\t\t\t\t\t\t<details id=\"e-n-accordion-item-1044\" class=\"e-n-accordion-item\" >\n\t\t\t\t<summary class=\"e-n-accordion-item-title\" data-accordion-index=\"5\" tabindex=\"-1\" aria-expanded=\"false\" aria-controls=\"e-n-accordion-item-1044\" >\n\t\t\t\t\t<span class='e-n-accordion-item-title-header'><div class=\"e-n-accordion-item-title-text\"> Composici\u00f3n de obras musicales graduadas en dificultad, y con t\u00e9cnicas del siglo XX para ensembles de UArtes y agrupaciones ecuatorianas. Su edici\u00f3n, publicaci\u00f3n y grabaci\u00f3n <\/div><\/span>\n\t\t\t\t\t\t\t<span class='e-n-accordion-item-title-icon'>\n\t\t\t<span class='e-opened' ><svg aria-hidden=\"true\" class=\"e-font-icon-svg e-far-folder-open\" viewbox=\"0 0 576 512\" xmlns=\"http:\/\/www.w3.org\/2000\/svg\"><path d=\"M527.9 224H480v-48c0-26.5-21.5-48-48-48H272l-64-64H48C21.5 64 0 85.5 0 112v288c0 26.5 21.5 48 48 48h400c16.5 0 31.9-8.5 40.7-22.6l79.9-128c20-31.9-3-73.4-40.7-73.4zM48 118c0-3.3 2.7-6 6-6h134.1l64 64H426c3.3 0 6 2.7 6 6v42H152c-16.8 0-32.4 8.8-41.1 23.2L48 351.4zm400 282H72l77.2-128H528z\"><\/path><\/svg><\/span>\n\t\t\t<span class='e-closed'><svg aria-hidden=\"true\" class=\"e-font-icon-svg e-far-folder\" viewbox=\"0 0 512 512\" xmlns=\"http:\/\/www.w3.org\/2000\/svg\"><path d=\"M464 128H272l-54.63-54.63c-6-6-14.14-9.37-22.63-9.37H48C21.49 64 0 85.49 0 112v288c0 26.51 21.49 48 48 48h416c26.51 0 48-21.49 48-48V176c0-26.51-21.49-48-48-48zm0 272H48V112h140.12l54.63 54.63c6 6 14.14 9.37 22.63 9.37H464v224z\"><\/path><\/svg><\/span>\n\t\t<\/span>\n\n\t\t\t\t\t\t<\/summary>\n\t\t\t\t<div role=\"region\" aria-labelledby=\"e-n-accordion-item-1044\" class=\"elementor-element elementor-element-a855ec1 e-con-full e-flex e-con e-child\" data-id=\"a855ec1\" data-element_type=\"container\" data-e-type=\"container\" data-settings=\"{&quot;_ha_eqh_enable&quot;:false}\">\n\t\t\t\t<div class=\"elementor-element elementor-element-395d5c0 elementor-widget elementor-widget-text-editor\" data-id=\"395d5c0\" data-element_type=\"widget\" data-e-type=\"widget\" data-widget_type=\"text-editor.default\">\n\t\t\t\t<div class=\"elementor-widget-container\">\n\t\t\t\t\t\t\t\t\t<ul><li><strong>Code: <\/strong>VPIA-2025-05-PI<\/li><li><strong>Directeur:<\/strong> Izarra De Riera Adina Margarita<\/li><li><strong>Unidad acad\u00e9mica: <\/strong>Artes Sonoras<\/li><li><strong>Co-investigadores:\u00a0<\/strong>Riera Esteban Rub\u00e9n Julio, Astaiza Vallejo Andrey Mijail<\/li><li><strong>Ligne de recherche:<\/strong> PR\u00c1CTICAS ART\u00cdSTICAS EXPERIMENTALES<\/li><li><strong>Colectivo\/individual:\u00a0<\/strong>Colectivo<\/li><li><strong>Financiado\/no financiado: <\/strong>No financiado<\/li><li><strong>Objectif g\u00e9n\u00e9ral:<\/strong> Crear obras musicales graduadas en dificultad con t\u00e9cnicas del siglo XX para los ensembles de Uartes y agrupaciones ecuatorianas, y combinarlas con elementos electr\u00f3nicos.<\/li><\/ul>\t\t\t\t\t\t\t\t<\/div>\n\t\t\t\t<\/div>\n\t\t\t\t<\/div>\n\t\t\t\t\t<\/details>\n\t\t\t\t\t\t<details id=\"e-n-accordion-item-1045\" class=\"e-n-accordion-item\" >\n\t\t\t\t<summary class=\"e-n-accordion-item-title\" data-accordion-index=\"6\" tabindex=\"-1\" aria-expanded=\"false\" aria-controls=\"e-n-accordion-item-1045\" >\n\t\t\t\t\t<span class='e-n-accordion-item-title-header'><div class=\"e-n-accordion-item-title-text\"> Cosmovisiones de un sujeto contempor\u00e1neo: especulaciones desde la abstracci\u00f3n <\/div><\/span>\n\t\t\t\t\t\t\t<span class='e-n-accordion-item-title-icon'>\n\t\t\t<span class='e-opened' ><svg aria-hidden=\"true\" class=\"e-font-icon-svg e-far-folder-open\" viewbox=\"0 0 576 512\" xmlns=\"http:\/\/www.w3.org\/2000\/svg\"><path d=\"M527.9 224H480v-48c0-26.5-21.5-48-48-48H272l-64-64H48C21.5 64 0 85.5 0 112v288c0 26.5 21.5 48 48 48h400c16.5 0 31.9-8.5 40.7-22.6l79.9-128c20-31.9-3-73.4-40.7-73.4zM48 118c0-3.3 2.7-6 6-6h134.1l64 64H426c3.3 0 6 2.7 6 6v42H152c-16.8 0-32.4 8.8-41.1 23.2L48 351.4zm400 282H72l77.2-128H528z\"><\/path><\/svg><\/span>\n\t\t\t<span class='e-closed'><svg aria-hidden=\"true\" class=\"e-font-icon-svg e-far-folder\" viewbox=\"0 0 512 512\" xmlns=\"http:\/\/www.w3.org\/2000\/svg\"><path d=\"M464 128H272l-54.63-54.63c-6-6-14.14-9.37-22.63-9.37H48C21.49 64 0 85.49 0 112v288c0 26.51 21.49 48 48 48h416c26.51 0 48-21.49 48-48V176c0-26.51-21.49-48-48-48zm0 272H48V112h140.12l54.63 54.63c6 6 14.14 9.37 22.63 9.37H464v224z\"><\/path><\/svg><\/span>\n\t\t<\/span>\n\n\t\t\t\t\t\t<\/summary>\n\t\t\t\t<div role=\"region\" aria-labelledby=\"e-n-accordion-item-1045\" class=\"elementor-element elementor-element-3ec7136 e-con-full e-flex e-con e-child\" data-id=\"3ec7136\" data-element_type=\"container\" data-e-type=\"container\" data-settings=\"{&quot;_ha_eqh_enable&quot;:false}\">\n\t\t\t\t<div class=\"elementor-element elementor-element-7c5e128 elementor-widget elementor-widget-text-editor\" data-id=\"7c5e128\" data-element_type=\"widget\" data-e-type=\"widget\" data-widget_type=\"text-editor.default\">\n\t\t\t\t<div class=\"elementor-widget-container\">\n\t\t\t\t\t\t\t\t\t<ul><li><strong>Code: <\/strong>VPIA-2025-06-PI<\/li><li><strong>Directeur:<\/strong> Alvarado Garc\u00eda Daniel Javier<\/li><li><strong>Unidad acad\u00e9mica: <\/strong>Visuales\u00a0<\/li><li><strong style=\"color: var( --e-global-color-71b3e6d1 ); text-align: var(--text-align);\">Ligne de recherche:<\/strong><span style=\"color: var( --e-global-color-71b3e6d1 ); text-align: var(--text-align);\">\u00a0<\/span>PR\u00c1CTICAS ART\u00cdSTICAS EXPERIMENTALES<\/li><li><strong>Colectivo\/individual:\u00a0<\/strong>Individual<\/li><li><strong>Financiado\/no financiado: <\/strong>No financiado<\/li><li><strong>Objectif g\u00e9n\u00e9ral:<\/strong> Desarrollar un conjunto de obras art\u00edsticas de car\u00e1cter abstracto que recuperen para la contemporaneidad el potencial simb\u00f3lico de la tradici\u00f3n cultural de occidente vinculado al concepto de esquematismo, de cara a la formulaci\u00f3n especulativa de nuevas cosmovisiones en torno al sujeto y su relaci\u00f3n sensible con la sociedad actual.<\/li><\/ul>\t\t\t\t\t\t\t\t<\/div>\n\t\t\t\t<\/div>\n\t\t\t\t<\/div>\n\t\t\t\t\t<\/details>\n\t\t\t\t\t\t<details id=\"e-n-accordion-item-1046\" class=\"e-n-accordion-item\" >\n\t\t\t\t<summary class=\"e-n-accordion-item-title\" data-accordion-index=\"7\" tabindex=\"-1\" aria-expanded=\"false\" aria-controls=\"e-n-accordion-item-1046\" >\n\t\t\t\t\t<span class='e-n-accordion-item-title-header'><div class=\"e-n-accordion-item-title-text\"> Creaci\u00f3n musical ac\u00fastica y audiovisual basada en algoritmos de programaci\u00f3n <\/div><\/span>\n\t\t\t\t\t\t\t<span class='e-n-accordion-item-title-icon'>\n\t\t\t<span class='e-opened' ><svg aria-hidden=\"true\" class=\"e-font-icon-svg e-far-folder-open\" viewbox=\"0 0 576 512\" xmlns=\"http:\/\/www.w3.org\/2000\/svg\"><path d=\"M527.9 224H480v-48c0-26.5-21.5-48-48-48H272l-64-64H48C21.5 64 0 85.5 0 112v288c0 26.5 21.5 48 48 48h400c16.5 0 31.9-8.5 40.7-22.6l79.9-128c20-31.9-3-73.4-40.7-73.4zM48 118c0-3.3 2.7-6 6-6h134.1l64 64H426c3.3 0 6 2.7 6 6v42H152c-16.8 0-32.4 8.8-41.1 23.2L48 351.4zm400 282H72l77.2-128H528z\"><\/path><\/svg><\/span>\n\t\t\t<span class='e-closed'><svg aria-hidden=\"true\" class=\"e-font-icon-svg e-far-folder\" viewbox=\"0 0 512 512\" xmlns=\"http:\/\/www.w3.org\/2000\/svg\"><path d=\"M464 128H272l-54.63-54.63c-6-6-14.14-9.37-22.63-9.37H48C21.49 64 0 85.49 0 112v288c0 26.51 21.49 48 48 48h416c26.51 0 48-21.49 48-48V176c0-26.51-21.49-48-48-48zm0 272H48V112h140.12l54.63 54.63c6 6 14.14 9.37 22.63 9.37H464v224z\"><\/path><\/svg><\/span>\n\t\t<\/span>\n\n\t\t\t\t\t\t<\/summary>\n\t\t\t\t<div role=\"region\" aria-labelledby=\"e-n-accordion-item-1046\" class=\"elementor-element elementor-element-ff2ac47 e-con-full e-flex e-con e-child\" data-id=\"ff2ac47\" data-element_type=\"container\" data-e-type=\"container\" data-settings=\"{&quot;_ha_eqh_enable&quot;:false}\">\n\t\t\t\t<div class=\"elementor-element elementor-element-d82115a elementor-widget elementor-widget-text-editor\" data-id=\"d82115a\" data-element_type=\"widget\" data-e-type=\"widget\" data-widget_type=\"text-editor.default\">\n\t\t\t\t<div class=\"elementor-widget-container\">\n\t\t\t\t\t\t\t\t\t<ul><li><strong>Code: <\/strong>VPIA-2025-07-PI<\/li><li><strong>Directeur:<\/strong> Riera Esteban Rub\u00e9n Julio<\/li><li><strong>Unidad acad\u00e9mica: <\/strong>Artes Sonoras<\/li><li><strong>Co-investigadores:<\/strong>\u00a0Izarra De Riera Adina Margarita, Cheung Ru\u00edz Meining Marcela, Yanez Moncayo Ana Gabriela<\/li><li><strong style=\"color: var( --e-global-color-71b3e6d1 ); text-align: var(--text-align);\">Ligne de recherche:<\/strong><span style=\"color: var( --e-global-color-71b3e6d1 ); text-align: var(--text-align);\">\u00a0<\/span>ARTES, MEDIOS DIGITALES Y LENGUAJES TECNOL\u00d3GICOS<\/li><li><strong>Colectivo\/individual:\u00a0<\/strong>Colectivo<\/li><li><strong>Financiado\/no financiado: <\/strong>No financiado<\/li><li><strong>Objectif g\u00e9n\u00e9ral:<\/strong> Desarrollar un enfoque interdisciplinario que integre Musicolog\u00eda y Est\u00e9tica de la Grabaci\u00f3n, con \u00e9nfasis en las po\u00e9ticas sonoras y la interculturalidad, para contribuir al fortalecimiento de las funciones sustantivas de la Universidad de las Artes y generar un impacto acad\u00e9mico y cultural significativo.\u00a0<\/li><\/ul>\t\t\t\t\t\t\t\t<\/div>\n\t\t\t\t<\/div>\n\t\t\t\t<\/div>\n\t\t\t\t\t<\/details>\n\t\t\t\t\t\t<details id=\"e-n-accordion-item-1047\" class=\"e-n-accordion-item\" >\n\t\t\t\t<summary class=\"e-n-accordion-item-title\" data-accordion-index=\"8\" tabindex=\"-1\" aria-expanded=\"false\" aria-controls=\"e-n-accordion-item-1047\" >\n\t\t\t\t\t<span class='e-n-accordion-item-title-header'><div class=\"e-n-accordion-item-title-text\"> De musicolog\u00eda y producci\u00f3n musical <\/div><\/span>\n\t\t\t\t\t\t\t<span class='e-n-accordion-item-title-icon'>\n\t\t\t<span class='e-opened' ><svg aria-hidden=\"true\" class=\"e-font-icon-svg e-far-folder-open\" viewbox=\"0 0 576 512\" xmlns=\"http:\/\/www.w3.org\/2000\/svg\"><path d=\"M527.9 224H480v-48c0-26.5-21.5-48-48-48H272l-64-64H48C21.5 64 0 85.5 0 112v288c0 26.5 21.5 48 48 48h400c16.5 0 31.9-8.5 40.7-22.6l79.9-128c20-31.9-3-73.4-40.7-73.4zM48 118c0-3.3 2.7-6 6-6h134.1l64 64H426c3.3 0 6 2.7 6 6v42H152c-16.8 0-32.4 8.8-41.1 23.2L48 351.4zm400 282H72l77.2-128H528z\"><\/path><\/svg><\/span>\n\t\t\t<span class='e-closed'><svg aria-hidden=\"true\" class=\"e-font-icon-svg e-far-folder\" viewbox=\"0 0 512 512\" xmlns=\"http:\/\/www.w3.org\/2000\/svg\"><path d=\"M464 128H272l-54.63-54.63c-6-6-14.14-9.37-22.63-9.37H48C21.49 64 0 85.49 0 112v288c0 26.51 21.49 48 48 48h416c26.51 0 48-21.49 48-48V176c0-26.51-21.49-48-48-48zm0 272H48V112h140.12l54.63 54.63c6 6 14.14 9.37 22.63 9.37H464v224z\"><\/path><\/svg><\/span>\n\t\t<\/span>\n\n\t\t\t\t\t\t<\/summary>\n\t\t\t\t<div role=\"region\" aria-labelledby=\"e-n-accordion-item-1047\" class=\"elementor-element elementor-element-16d4fc0 e-con-full e-flex e-con e-child\" data-id=\"16d4fc0\" data-element_type=\"container\" data-e-type=\"container\" data-settings=\"{&quot;_ha_eqh_enable&quot;:false}\">\n\t\t\t\t<div class=\"elementor-element elementor-element-f836a02 elementor-widget elementor-widget-text-editor\" data-id=\"f836a02\" data-element_type=\"widget\" data-e-type=\"widget\" data-widget_type=\"text-editor.default\">\n\t\t\t\t<div class=\"elementor-widget-container\">\n\t\t\t\t\t\t\t\t\t<ul>\n<li><strong>Code: <\/strong>VPIA-2025-08-PI<\/li>\n<li><strong>Directeur:<\/strong> P\u00e9rez Valero Luis Ramon<\/li>\n<li><strong>Unidad acad\u00e9mica: <\/strong>Artes Sonoras<\/li>\n<li><strong>Co-investigadores:<\/strong>&nbsp;Cheung Ru\u00edz Meining Marcela, Segovia Gonz\u00e1lez Pedro Alberto, De Los Reyes L\u00f3pez Barri David Buenaventura, C\u00e1rdenas Van Wien Santiago<\/li>\n<li><strong style=\"color: var( --e-global-color-71b3e6d1 ); text-align: var(--text-align);\">Ligne de recherche:<\/strong><span style=\"color: var( --e-global-color-71b3e6d1 ); text-align: var(--text-align);\">&nbsp;<\/span>ARTES, MEDIOS DIGITALES Y LENGUAJES TECNOL\u00d3GICOS<\/li>\n<li><strong>Colectivo\/individual:&nbsp;<\/strong>Colectivo<\/li>\n<li><strong>Financiado\/no financiado: <\/strong>No financiado<\/li>\n<li><strong>Objectif g\u00e9n\u00e9ral:<\/strong> Desarrollar un enfoque interdisciplinario que integre Musicolog\u00eda y Est\u00e9tica de la Grabaci\u00f3n, con \u00e9nfasis en las po\u00e9ticas sonoras y la interculturalidad, para contribuir al fortalecimiento de las funciones sustantivas de la Universidad de las Artes y generar un impacto acad\u00e9mico y cultural significativo.&nbsp;<\/li>\n<\/ul>\t\t\t\t\t\t\t\t<\/div>\n\t\t\t\t<\/div>\n\t\t\t\t<\/div>\n\t\t\t\t\t<\/details>\n\t\t\t\t\t\t<details id=\"e-n-accordion-item-1048\" class=\"e-n-accordion-item\" >\n\t\t\t\t<summary class=\"e-n-accordion-item-title\" data-accordion-index=\"9\" tabindex=\"-1\" aria-expanded=\"false\" aria-controls=\"e-n-accordion-item-1048\" >\n\t\t\t\t\t<span class='e-n-accordion-item-title-header'><div class=\"e-n-accordion-item-title-text\"> Difusi\u00f3n, producci\u00f3n sonora y resonancias en comunidad <\/div><\/span>\n\t\t\t\t\t\t\t<span class='e-n-accordion-item-title-icon'>\n\t\t\t<span class='e-opened' ><svg aria-hidden=\"true\" class=\"e-font-icon-svg e-far-folder-open\" viewbox=\"0 0 576 512\" xmlns=\"http:\/\/www.w3.org\/2000\/svg\"><path d=\"M527.9 224H480v-48c0-26.5-21.5-48-48-48H272l-64-64H48C21.5 64 0 85.5 0 112v288c0 26.5 21.5 48 48 48h400c16.5 0 31.9-8.5 40.7-22.6l79.9-128c20-31.9-3-73.4-40.7-73.4zM48 118c0-3.3 2.7-6 6-6h134.1l64 64H426c3.3 0 6 2.7 6 6v42H152c-16.8 0-32.4 8.8-41.1 23.2L48 351.4zm400 282H72l77.2-128H528z\"><\/path><\/svg><\/span>\n\t\t\t<span class='e-closed'><svg aria-hidden=\"true\" class=\"e-font-icon-svg e-far-folder\" viewbox=\"0 0 512 512\" xmlns=\"http:\/\/www.w3.org\/2000\/svg\"><path d=\"M464 128H272l-54.63-54.63c-6-6-14.14-9.37-22.63-9.37H48C21.49 64 0 85.49 0 112v288c0 26.51 21.49 48 48 48h416c26.51 0 48-21.49 48-48V176c0-26.51-21.49-48-48-48zm0 272H48V112h140.12l54.63 54.63c6 6 14.14 9.37 22.63 9.37H464v224z\"><\/path><\/svg><\/span>\n\t\t<\/span>\n\n\t\t\t\t\t\t<\/summary>\n\t\t\t\t<div role=\"region\" aria-labelledby=\"e-n-accordion-item-1048\" class=\"elementor-element elementor-element-1f7bf0b e-con-full e-flex e-con e-child\" data-id=\"1f7bf0b\" data-element_type=\"container\" data-e-type=\"container\" data-settings=\"{&quot;_ha_eqh_enable&quot;:false}\">\n\t\t\t\t<div class=\"elementor-element elementor-element-aab9856 elementor-widget elementor-widget-text-editor\" data-id=\"aab9856\" data-element_type=\"widget\" data-e-type=\"widget\" data-widget_type=\"text-editor.default\">\n\t\t\t\t<div class=\"elementor-widget-container\">\n\t\t\t\t\t\t\t\t\t<ul><li><strong>Code: <\/strong>VPIA-2025-09-PI<\/li><li><strong>Directeur:<\/strong> Villafuerte Pe\u00f1a Jenny Mar\u00eda<\/li><li><strong>Unidad acad\u00e9mica: <\/strong>Artes Sonoras<\/li><li><strong>Co-investigadores:<\/strong>\u00a0Jerez Chacon Ivonne Berenice, Cepeda Andrade Jose Antonio, C\u00e1rdenas Van Wien Santiago, Ubidia Calisto Bernarda<\/li><li><strong style=\"color: var( --e-global-color-71b3e6d1 ); text-align: var(--text-align);\">Ligne de recherche:<\/strong><span style=\"color: var( --e-global-color-71b3e6d1 ); text-align: var(--text-align);\">\u00a0<\/span>ARTE, CIUDADAN\u00cdA Y ESPACIO P\u00daBLICO<\/li><li><strong>Colectivo\/individual:\u00a0<\/strong>Colectivo<\/li><li><strong>Financiado\/no financiado: <\/strong>Financiado<\/li><li><strong>Objectif g\u00e9n\u00e9ral:<\/strong> Promover la visibilidad, proyecci\u00f3n y difusi\u00f3n de productos art\u00edsticos y metodol\u00f3gicos derivados de procesos de investigaci\u00f3n y creaci\u00f3n interdisciplinaria, fortaleciendo la conexi\u00f3n entre la producci\u00f3n art\u00edstica y las comunidades acad\u00e9micas, profesionales y sociales, para generar un impacto cultural significativo y contribuir al cambio social a trav\u00e9s del arte y la investigaci\u00f3n.<\/li><\/ul>\t\t\t\t\t\t\t\t<\/div>\n\t\t\t\t<\/div>\n\t\t\t\t<\/div>\n\t\t\t\t\t<\/details>\n\t\t\t\t\t\t<details id=\"e-n-accordion-item-1049\" class=\"e-n-accordion-item\" >\n\t\t\t\t<summary class=\"e-n-accordion-item-title\" data-accordion-index=\"10\" tabindex=\"-1\" aria-expanded=\"false\" aria-controls=\"e-n-accordion-item-1049\" >\n\t\t\t\t\t<span class='e-n-accordion-item-title-header'><div class=\"e-n-accordion-item-title-text\"> Econom\u00eda, arte y tecnolog\u00eda: el oro y la data como instrumentos simb\u00f3licos de poder <\/div><\/span>\n\t\t\t\t\t\t\t<span class='e-n-accordion-item-title-icon'>\n\t\t\t<span class='e-opened' ><svg aria-hidden=\"true\" class=\"e-font-icon-svg e-far-folder-open\" viewbox=\"0 0 576 512\" xmlns=\"http:\/\/www.w3.org\/2000\/svg\"><path d=\"M527.9 224H480v-48c0-26.5-21.5-48-48-48H272l-64-64H48C21.5 64 0 85.5 0 112v288c0 26.5 21.5 48 48 48h400c16.5 0 31.9-8.5 40.7-22.6l79.9-128c20-31.9-3-73.4-40.7-73.4zM48 118c0-3.3 2.7-6 6-6h134.1l64 64H426c3.3 0 6 2.7 6 6v42H152c-16.8 0-32.4 8.8-41.1 23.2L48 351.4zm400 282H72l77.2-128H528z\"><\/path><\/svg><\/span>\n\t\t\t<span class='e-closed'><svg aria-hidden=\"true\" class=\"e-font-icon-svg e-far-folder\" viewbox=\"0 0 512 512\" xmlns=\"http:\/\/www.w3.org\/2000\/svg\"><path d=\"M464 128H272l-54.63-54.63c-6-6-14.14-9.37-22.63-9.37H48C21.49 64 0 85.49 0 112v288c0 26.51 21.49 48 48 48h416c26.51 0 48-21.49 48-48V176c0-26.51-21.49-48-48-48zm0 272H48V112h140.12l54.63 54.63c6 6 14.14 9.37 22.63 9.37H464v224z\"><\/path><\/svg><\/span>\n\t\t<\/span>\n\n\t\t\t\t\t\t<\/summary>\n\t\t\t\t<div role=\"region\" aria-labelledby=\"e-n-accordion-item-1049\" class=\"elementor-element elementor-element-c13e69a e-con-full e-flex e-con e-child\" data-id=\"c13e69a\" data-element_type=\"container\" data-e-type=\"container\" data-settings=\"{&quot;_ha_eqh_enable&quot;:false}\">\n\t\t\t\t<div class=\"elementor-element elementor-element-c0ff89b elementor-widget elementor-widget-text-editor\" data-id=\"c0ff89b\" data-element_type=\"widget\" data-e-type=\"widget\" data-widget_type=\"text-editor.default\">\n\t\t\t\t<div class=\"elementor-widget-container\">\n\t\t\t\t\t\t\t\t\t<ul>\n<li><strong>Code: <\/strong>VPIA-2025-10-PI<\/li>\n<li><strong>Directeur:<\/strong> Vallejos Palacios Fredy Oswaldo<\/li>\n<li><strong>Unidad acad\u00e9mica: <\/strong>Artes Sonoras<\/li>\n<li><strong>Co-investigadores:<\/strong>&nbsp;Barber\u00e1n Cevallos Jos\u00e9 David, Buitr\u00f3n Merlo Dar\u00edo Jos\u00e9, Ramirez Quichimbo Luis Alberto, De La Vera Villacis Coraima Analy, Santi Leon Rafael Eduardo, Cardoso Teran Pablo Andres, Alb\u00e1n Campa\u00f1a Mar\u00eda Grecia, Carrillo Rosero Ana Mar\u00eda<\/li>\n<li><strong style=\"color: var( --e-global-color-71b3e6d1 ); text-align: var(--text-align);\">Ligne de recherche:<\/strong><span style=\"color: var( --e-global-color-71b3e6d1 ); text-align: var(--text-align);\">&nbsp;<\/span>ARTES, MEDIOS DIGITALES Y LENGUAJES TECNOL\u00d3GICOS<\/li>\n<li><strong>Colectivo\/individual:&nbsp;<\/strong>Colectivo<\/li>\n<li><strong>Financiado\/no financiado: <\/strong>Financiado<\/li>\n<li><strong>Objectif g\u00e9n\u00e9ral:<\/strong> Analizar las relaciones presentes entre el extractivismo minero y el extractivismo de datos (miner\u00eda digital) en tanto formas de (post)colonialismo y acumulaci\u00f3n de capital, esto mediante la composici\u00f3n e interpretaci\u00f3n de una obra art\u00edstica interdisciplinar, as\u00ed como la escritura de textos formales y no formales que den cuenta del proceso de investigaci\u00f3n\/creaci\u00f3n.<\/li>\n<\/ul>\t\t\t\t\t\t\t\t<\/div>\n\t\t\t\t<\/div>\n\t\t\t\t<\/div>\n\t\t\t\t\t<\/details>\n\t\t\t\t\t\t<details id=\"e-n-accordion-item-10410\" class=\"e-n-accordion-item\" >\n\t\t\t\t<summary class=\"e-n-accordion-item-title\" data-accordion-index=\"11\" tabindex=\"-1\" aria-expanded=\"false\" aria-controls=\"e-n-accordion-item-10410\" >\n\t\t\t\t\t<span class='e-n-accordion-item-title-header'><div class=\"e-n-accordion-item-title-text\"> Ecro acci\u00f3n \/ fase 03: ecro expandido <\/div><\/span>\n\t\t\t\t\t\t\t<span class='e-n-accordion-item-title-icon'>\n\t\t\t<span class='e-opened' ><svg aria-hidden=\"true\" class=\"e-font-icon-svg e-far-folder-open\" viewbox=\"0 0 576 512\" xmlns=\"http:\/\/www.w3.org\/2000\/svg\"><path d=\"M527.9 224H480v-48c0-26.5-21.5-48-48-48H272l-64-64H48C21.5 64 0 85.5 0 112v288c0 26.5 21.5 48 48 48h400c16.5 0 31.9-8.5 40.7-22.6l79.9-128c20-31.9-3-73.4-40.7-73.4zM48 118c0-3.3 2.7-6 6-6h134.1l64 64H426c3.3 0 6 2.7 6 6v42H152c-16.8 0-32.4 8.8-41.1 23.2L48 351.4zm400 282H72l77.2-128H528z\"><\/path><\/svg><\/span>\n\t\t\t<span class='e-closed'><svg aria-hidden=\"true\" class=\"e-font-icon-svg e-far-folder\" viewbox=\"0 0 512 512\" xmlns=\"http:\/\/www.w3.org\/2000\/svg\"><path d=\"M464 128H272l-54.63-54.63c-6-6-14.14-9.37-22.63-9.37H48C21.49 64 0 85.49 0 112v288c0 26.51 21.49 48 48 48h416c26.51 0 48-21.49 48-48V176c0-26.51-21.49-48-48-48zm0 272H48V112h140.12l54.63 54.63c6 6 14.14 9.37 22.63 9.37H464v224z\"><\/path><\/svg><\/span>\n\t\t<\/span>\n\n\t\t\t\t\t\t<\/summary>\n\t\t\t\t<div role=\"region\" aria-labelledby=\"e-n-accordion-item-10410\" class=\"elementor-element elementor-element-352b4b1 e-con-full e-flex e-con e-child\" data-id=\"352b4b1\" data-element_type=\"container\" data-e-type=\"container\" data-settings=\"{&quot;_ha_eqh_enable&quot;:false}\">\n\t\t\t\t<div class=\"elementor-element elementor-element-7302475 elementor-widget elementor-widget-text-editor\" data-id=\"7302475\" data-element_type=\"widget\" data-e-type=\"widget\" data-widget_type=\"text-editor.default\">\n\t\t\t\t<div class=\"elementor-widget-container\">\n\t\t\t\t\t\t\t\t\t<ul><li><strong>Code: <\/strong>VPIA-2025-11-PI<\/li><li><strong>Directeur:<\/strong> Torres Leyva Julio Rusl\u00e1n<\/li><li><strong>Unidad acad\u00e9mica: <\/strong>Visuales\u00a0<\/li><li><strong style=\"color: var( --e-global-color-71b3e6d1 ); text-align: var(--text-align);\">Ligne de recherche:<\/strong><span style=\"color: var( --e-global-color-71b3e6d1 ); text-align: var(--text-align);\">\u00a0<\/span>PR\u00c1CTICAS ART\u00cdSTICAS EXPERIMENTALES<\/li><li><strong>Colectivo\/individual:\u00a0<\/strong>Individual<\/li><li><strong>Financiado\/no financiado: <\/strong>No financiado<\/li><li><strong>Objectif g\u00e9n\u00e9ral:<\/strong> Proponer una idea \u201cexpandida\u201d del Esquema Conceptual Referencial y Operativo (ECRO) que nos permita el abordaje, la comprensi\u00f3n y la producci\u00f3n simb\u00f3lica desde los procesos de creaci\u00f3n art\u00edstica contempor\u00e1nea, y que se adapte a una visi\u00f3n cr\u00edtica y sensible de la pedagog\u00eda del arte y sus necesidades en el contexto actual.<\/li><\/ul>\t\t\t\t\t\t\t\t<\/div>\n\t\t\t\t<\/div>\n\t\t\t\t<\/div>\n\t\t\t\t\t<\/details>\n\t\t\t\t\t\t<details id=\"e-n-accordion-item-10411\" class=\"e-n-accordion-item\" >\n\t\t\t\t<summary class=\"e-n-accordion-item-title\" data-accordion-index=\"12\" tabindex=\"-1\" aria-expanded=\"false\" aria-controls=\"e-n-accordion-item-10411\" >\n\t\t\t\t\t<span class='e-n-accordion-item-title-header'><div class=\"e-n-accordion-item-title-text\"> El conjunto de las cosas posibles <\/div><\/span>\n\t\t\t\t\t\t\t<span class='e-n-accordion-item-title-icon'>\n\t\t\t<span class='e-opened' ><svg aria-hidden=\"true\" class=\"e-font-icon-svg e-far-folder-open\" viewbox=\"0 0 576 512\" xmlns=\"http:\/\/www.w3.org\/2000\/svg\"><path d=\"M527.9 224H480v-48c0-26.5-21.5-48-48-48H272l-64-64H48C21.5 64 0 85.5 0 112v288c0 26.5 21.5 48 48 48h400c16.5 0 31.9-8.5 40.7-22.6l79.9-128c20-31.9-3-73.4-40.7-73.4zM48 118c0-3.3 2.7-6 6-6h134.1l64 64H426c3.3 0 6 2.7 6 6v42H152c-16.8 0-32.4 8.8-41.1 23.2L48 351.4zm400 282H72l77.2-128H528z\"><\/path><\/svg><\/span>\n\t\t\t<span class='e-closed'><svg aria-hidden=\"true\" class=\"e-font-icon-svg e-far-folder\" viewbox=\"0 0 512 512\" xmlns=\"http:\/\/www.w3.org\/2000\/svg\"><path d=\"M464 128H272l-54.63-54.63c-6-6-14.14-9.37-22.63-9.37H48C21.49 64 0 85.49 0 112v288c0 26.51 21.49 48 48 48h416c26.51 0 48-21.49 48-48V176c0-26.51-21.49-48-48-48zm0 272H48V112h140.12l54.63 54.63c6 6 14.14 9.37 22.63 9.37H464v224z\"><\/path><\/svg><\/span>\n\t\t<\/span>\n\n\t\t\t\t\t\t<\/summary>\n\t\t\t\t<div role=\"region\" aria-labelledby=\"e-n-accordion-item-10411\" class=\"elementor-element elementor-element-80dbc25 e-con-full e-flex e-con e-child\" data-id=\"80dbc25\" data-element_type=\"container\" data-e-type=\"container\" data-settings=\"{&quot;_ha_eqh_enable&quot;:false}\">\n\t\t\t\t<div class=\"elementor-element elementor-element-ead25cf elementor-widget elementor-widget-text-editor\" data-id=\"ead25cf\" data-element_type=\"widget\" data-e-type=\"widget\" data-widget_type=\"text-editor.default\">\n\t\t\t\t<div class=\"elementor-widget-container\">\n\t\t\t\t\t\t\t\t\t<ul><li><strong>Code: <\/strong>VPIA-2025-12-PI<\/li><li><strong>Directeur:<\/strong> Brito Lorenzo Saidel<\/li><li><strong>Unidad acad\u00e9mica: <\/strong>Visuales\u00a0<\/li><li><strong style=\"color: var( --e-global-color-71b3e6d1 ); text-align: var(--text-align);\">Ligne de recherche:<\/strong><span style=\"color: var( --e-global-color-71b3e6d1 ); text-align: var(--text-align);\">\u00a0<\/span>PR\u00c1CTICAS ART\u00cdSTICAS EXPERIMENTALES<\/li><li><strong>Colectivo\/individual:\u00a0<\/strong>Individual<\/li><li><strong>Financiado\/no financiado: <\/strong>No financiado<\/li><li><strong>Objectif g\u00e9n\u00e9ral:<\/strong> Desarrollar cuerpos de obras que permitan explorar y pensar las posibilidades de las artes visuales a partir de memorias individuales y sociales que incorporen los conceptos de Atlas, Caos y Azar.<\/li><\/ul>\t\t\t\t\t\t\t\t<\/div>\n\t\t\t\t<\/div>\n\t\t\t\t<\/div>\n\t\t\t\t\t<\/details>\n\t\t\t\t\t\t<details id=\"e-n-accordion-item-10412\" class=\"e-n-accordion-item\" >\n\t\t\t\t<summary class=\"e-n-accordion-item-title\" data-accordion-index=\"13\" tabindex=\"-1\" aria-expanded=\"false\" aria-controls=\"e-n-accordion-item-10412\" >\n\t\t\t\t\t<span class='e-n-accordion-item-title-header'><div class=\"e-n-accordion-item-title-text\"> El derecho a la remuneraci\u00f3n equitativa del autor de la obra audiovisual <\/div><\/span>\n\t\t\t\t\t\t\t<span class='e-n-accordion-item-title-icon'>\n\t\t\t<span class='e-opened' ><svg aria-hidden=\"true\" class=\"e-font-icon-svg e-far-folder-open\" viewbox=\"0 0 576 512\" xmlns=\"http:\/\/www.w3.org\/2000\/svg\"><path d=\"M527.9 224H480v-48c0-26.5-21.5-48-48-48H272l-64-64H48C21.5 64 0 85.5 0 112v288c0 26.5 21.5 48 48 48h400c16.5 0 31.9-8.5 40.7-22.6l79.9-128c20-31.9-3-73.4-40.7-73.4zM48 118c0-3.3 2.7-6 6-6h134.1l64 64H426c3.3 0 6 2.7 6 6v42H152c-16.8 0-32.4 8.8-41.1 23.2L48 351.4zm400 282H72l77.2-128H528z\"><\/path><\/svg><\/span>\n\t\t\t<span class='e-closed'><svg aria-hidden=\"true\" class=\"e-font-icon-svg e-far-folder\" viewbox=\"0 0 512 512\" xmlns=\"http:\/\/www.w3.org\/2000\/svg\"><path d=\"M464 128H272l-54.63-54.63c-6-6-14.14-9.37-22.63-9.37H48C21.49 64 0 85.49 0 112v288c0 26.51 21.49 48 48 48h416c26.51 0 48-21.49 48-48V176c0-26.51-21.49-48-48-48zm0 272H48V112h140.12l54.63 54.63c6 6 14.14 9.37 22.63 9.37H464v224z\"><\/path><\/svg><\/span>\n\t\t<\/span>\n\n\t\t\t\t\t\t<\/summary>\n\t\t\t\t<div role=\"region\" aria-labelledby=\"e-n-accordion-item-10412\" class=\"elementor-element elementor-element-65a38b9 e-con-full e-flex e-con e-child\" data-id=\"65a38b9\" data-element_type=\"container\" data-e-type=\"container\" data-settings=\"{&quot;_ha_eqh_enable&quot;:false}\">\n\t\t\t\t<div class=\"elementor-element elementor-element-97d2276 elementor-widget elementor-widget-text-editor\" data-id=\"97d2276\" data-element_type=\"widget\" data-e-type=\"widget\" data-widget_type=\"text-editor.default\">\n\t\t\t\t<div class=\"elementor-widget-container\">\n\t\t\t\t\t\t\t\t\t<ul><li><strong>Code: <\/strong>VPIA-2025-13-PI<\/li><li><strong>Directeur:<\/strong> Sarmiento Torres Manuel Eduardo<\/li><li><strong>Unidad acad\u00e9mica: <\/strong>Cin\u00e9ma<\/li><li><strong style=\"color: var( --e-global-color-71b3e6d1 ); text-align: var(--text-align);\">Ligne de recherche:<\/strong><span style=\"color: var( --e-global-color-71b3e6d1 ); text-align: var(--text-align);\">\u00a0<\/span>POL\u00cdTICAS DE LA CULTURA, CREATIVIDADES Y GESTI\u00d3N DE LAS ARTES<\/li><li><strong>Colectivo\/individual:\u00a0<\/strong>Individual<\/li><li><strong>Financiado\/no financiado: <\/strong>No financiado<\/li><li><strong>Objectif g\u00e9n\u00e9ral:<\/strong> Impulsar el reconocimiento y la implementaci\u00f3n efectiva del derecho a la remuneraci\u00f3n equitativa para los autores de obras audiovisuales en Ecuador, mediante el desarrollo de un debate acad\u00e9mico informado, la publicaci\u00f3n de materiales especializados y la formulaci\u00f3n de propuestas concretas de reforma legal que promuevan una distribuci\u00f3n justa de los ingresos en el sector audiovisual.<\/li><\/ul>\t\t\t\t\t\t\t\t<\/div>\n\t\t\t\t<\/div>\n\t\t\t\t<\/div>\n\t\t\t\t\t<\/details>\n\t\t\t\t\t\t<details id=\"e-n-accordion-item-10413\" class=\"e-n-accordion-item\" >\n\t\t\t\t<summary class=\"e-n-accordion-item-title\" data-accordion-index=\"14\" tabindex=\"-1\" aria-expanded=\"false\" aria-controls=\"e-n-accordion-item-10413\" >\n\t\t\t\t\t<span class='e-n-accordion-item-title-header'><div class=\"e-n-accordion-item-title-text\"> Escucha y registro de ecos cotidianos - historias que trascienden <\/div><\/span>\n\t\t\t\t\t\t\t<span class='e-n-accordion-item-title-icon'>\n\t\t\t<span class='e-opened' ><svg aria-hidden=\"true\" class=\"e-font-icon-svg e-far-folder-open\" viewbox=\"0 0 576 512\" xmlns=\"http:\/\/www.w3.org\/2000\/svg\"><path d=\"M527.9 224H480v-48c0-26.5-21.5-48-48-48H272l-64-64H48C21.5 64 0 85.5 0 112v288c0 26.5 21.5 48 48 48h400c16.5 0 31.9-8.5 40.7-22.6l79.9-128c20-31.9-3-73.4-40.7-73.4zM48 118c0-3.3 2.7-6 6-6h134.1l64 64H426c3.3 0 6 2.7 6 6v42H152c-16.8 0-32.4 8.8-41.1 23.2L48 351.4zm400 282H72l77.2-128H528z\"><\/path><\/svg><\/span>\n\t\t\t<span class='e-closed'><svg aria-hidden=\"true\" class=\"e-font-icon-svg e-far-folder\" viewbox=\"0 0 512 512\" xmlns=\"http:\/\/www.w3.org\/2000\/svg\"><path d=\"M464 128H272l-54.63-54.63c-6-6-14.14-9.37-22.63-9.37H48C21.49 64 0 85.49 0 112v288c0 26.51 21.49 48 48 48h416c26.51 0 48-21.49 48-48V176c0-26.51-21.49-48-48-48zm0 272H48V112h140.12l54.63 54.63c6 6 14.14 9.37 22.63 9.37H464v224z\"><\/path><\/svg><\/span>\n\t\t<\/span>\n\n\t\t\t\t\t\t<\/summary>\n\t\t\t\t<div role=\"region\" aria-labelledby=\"e-n-accordion-item-10413\" class=\"elementor-element elementor-element-97b9c66 e-con-full e-flex e-con e-child\" data-id=\"97b9c66\" data-element_type=\"container\" data-e-type=\"container\" data-settings=\"{&quot;_ha_eqh_enable&quot;:false}\">\n\t\t\t\t<div class=\"elementor-element elementor-element-170d592 elementor-widget elementor-widget-text-editor\" data-id=\"170d592\" data-element_type=\"widget\" data-e-type=\"widget\" data-widget_type=\"text-editor.default\">\n\t\t\t\t<div class=\"elementor-widget-container\">\n\t\t\t\t\t\t\t\t\t<ul><li><strong>Code: <\/strong>VPIA-2025-14-PI<\/li><li><strong>Directeur:<\/strong> Andrade Briones Jos\u00e9 Antonio<\/li><li><strong>Unidad acad\u00e9mica: <\/strong>Visuales\u00a0<\/li><li><strong>Co-investigadores:<\/strong>\u00a0Quezada Aguayo Silvia Gabriela<\/li><li><strong style=\"color: var( --e-global-color-71b3e6d1 ); text-align: var(--text-align);\">Ligne de recherche:<\/strong><span style=\"color: var( --e-global-color-71b3e6d1 ); text-align: var(--text-align);\">\u00a0<\/span>ARTE, CIUDADAN\u00cdA Y ESPACIO P\u00daBLICO<\/li><li><strong>Colectivo\/individual:\u00a0<\/strong>Individual<\/li><li><strong>Financiado\/no financiado: <\/strong>No financiado<\/li><li><strong>Objectif g\u00e9n\u00e9ral:<\/strong> Desarrollar un armado de largometraje compuesto de cortos documentales que visibilicen a personas significativas dentro de diversas comunidades, integrando procesos de investigaci\u00f3n, aprendizaje t\u00e9cnico y vinculaci\u00f3n comunitaria, donde se articule las tres funciones sustantivas de la Universidad: docencia, investigaci\u00f3n y vinculaci\u00f3n.<\/li><\/ul>\t\t\t\t\t\t\t\t<\/div>\n\t\t\t\t<\/div>\n\t\t\t\t<\/div>\n\t\t\t\t\t<\/details>\n\t\t\t\t\t\t<details id=\"e-n-accordion-item-10414\" class=\"e-n-accordion-item\" >\n\t\t\t\t<summary class=\"e-n-accordion-item-title\" data-accordion-index=\"15\" tabindex=\"-1\" aria-expanded=\"false\" aria-controls=\"e-n-accordion-item-10414\" >\n\t\t\t\t\t<span class='e-n-accordion-item-title-header'><div class=\"e-n-accordion-item-title-text\"> Exploraci\u00f3n discogr\u00e1fica en procesos formativos <\/div><\/span>\n\t\t\t\t\t\t\t<span class='e-n-accordion-item-title-icon'>\n\t\t\t<span class='e-opened' ><svg aria-hidden=\"true\" class=\"e-font-icon-svg e-far-folder-open\" viewbox=\"0 0 576 512\" xmlns=\"http:\/\/www.w3.org\/2000\/svg\"><path d=\"M527.9 224H480v-48c0-26.5-21.5-48-48-48H272l-64-64H48C21.5 64 0 85.5 0 112v288c0 26.5 21.5 48 48 48h400c16.5 0 31.9-8.5 40.7-22.6l79.9-128c20-31.9-3-73.4-40.7-73.4zM48 118c0-3.3 2.7-6 6-6h134.1l64 64H426c3.3 0 6 2.7 6 6v42H152c-16.8 0-32.4 8.8-41.1 23.2L48 351.4zm400 282H72l77.2-128H528z\"><\/path><\/svg><\/span>\n\t\t\t<span class='e-closed'><svg aria-hidden=\"true\" class=\"e-font-icon-svg e-far-folder\" viewbox=\"0 0 512 512\" xmlns=\"http:\/\/www.w3.org\/2000\/svg\"><path d=\"M464 128H272l-54.63-54.63c-6-6-14.14-9.37-22.63-9.37H48C21.49 64 0 85.49 0 112v288c0 26.51 21.49 48 48 48h416c26.51 0 48-21.49 48-48V176c0-26.51-21.49-48-48-48zm0 272H48V112h140.12l54.63 54.63c6 6 14.14 9.37 22.63 9.37H464v224z\"><\/path><\/svg><\/span>\n\t\t<\/span>\n\n\t\t\t\t\t\t<\/summary>\n\t\t\t\t<div role=\"region\" aria-labelledby=\"e-n-accordion-item-10414\" class=\"elementor-element elementor-element-f0be136 e-con-full e-flex e-con e-child\" data-id=\"f0be136\" data-element_type=\"container\" data-e-type=\"container\" data-settings=\"{&quot;_ha_eqh_enable&quot;:false}\">\n\t\t\t\t<div class=\"elementor-element elementor-element-25be611 elementor-widget elementor-widget-text-editor\" data-id=\"25be611\" data-element_type=\"widget\" data-e-type=\"widget\" data-widget_type=\"text-editor.default\">\n\t\t\t\t<div class=\"elementor-widget-container\">\n\t\t\t\t\t\t\t\t\t<ul><li><strong>Code: <\/strong>VPIA-2025-15-PI<\/li><li><strong>Directeur:<\/strong> Cepeda Andrade Jos\u00e9 Antonio<\/li><li><strong>Unidad acad\u00e9mica: <\/strong>Artes Sonoras<\/li><li><strong>Co-investigadores:<\/strong>\u00a0Vance Mafla Joanne Patricia, Villarreal Montenegro David Andr\u00e9s, Ubidia Calisto Bernarda<\/li><li><strong style=\"color: var( --e-global-color-71b3e6d1 ); text-align: var(--text-align);\">Ligne de recherche:<\/strong><span style=\"color: var( --e-global-color-71b3e6d1 ); text-align: var(--text-align);\">\u00a0<\/span>PR\u00c1CTICAS ART\u00cdSTICAS EXPERIMENTALES<\/li><li><strong>Colectivo\/individual:\u00a0<\/strong>Colectivo<\/li><li><strong>Financiado\/no financiado: <\/strong>No financiado<\/li><li><strong>Objectif g\u00e9n\u00e9ral:<\/strong> Replantear los procesos de ense\u00f1anza-aprendizaje en la producci\u00f3n musical mediante la integraci\u00f3n de la pr\u00e1ctica art\u00edstica y la labor docente, desde una perspectiva cr\u00edtica y decolonial, fomentando experiencias formativas vivenciales, colaborativas y contextualmente situadas que promuevan la creatividad, la singularidad expresiva y la retroalimentaci\u00f3n entre teor\u00eda, metodolog\u00eda y pr\u00e1ctica, para contribuir a la formaci\u00f3n de profesionales capaces de responder de manera \u00e9tica, cr\u00edtica e innovadora a los desaf\u00edos de la industria musical globalizada y al contexto cultural local.<\/li><\/ul>\t\t\t\t\t\t\t\t<\/div>\n\t\t\t\t<\/div>\n\t\t\t\t<\/div>\n\t\t\t\t\t<\/details>\n\t\t\t\t\t\t<details id=\"e-n-accordion-item-10415\" class=\"e-n-accordion-item\" >\n\t\t\t\t<summary class=\"e-n-accordion-item-title\" data-accordion-index=\"16\" tabindex=\"-1\" aria-expanded=\"false\" aria-controls=\"e-n-accordion-item-10415\" >\n\t\t\t\t\t<span class='e-n-accordion-item-title-header'><div class=\"e-n-accordion-item-title-text\"> Geometr\u00eda pol\u00edtica: afectividad <\/div><\/span>\n\t\t\t\t\t\t\t<span class='e-n-accordion-item-title-icon'>\n\t\t\t<span class='e-opened' ><svg aria-hidden=\"true\" class=\"e-font-icon-svg e-far-folder-open\" viewbox=\"0 0 576 512\" xmlns=\"http:\/\/www.w3.org\/2000\/svg\"><path d=\"M527.9 224H480v-48c0-26.5-21.5-48-48-48H272l-64-64H48C21.5 64 0 85.5 0 112v288c0 26.5 21.5 48 48 48h400c16.5 0 31.9-8.5 40.7-22.6l79.9-128c20-31.9-3-73.4-40.7-73.4zM48 118c0-3.3 2.7-6 6-6h134.1l64 64H426c3.3 0 6 2.7 6 6v42H152c-16.8 0-32.4 8.8-41.1 23.2L48 351.4zm400 282H72l77.2-128H528z\"><\/path><\/svg><\/span>\n\t\t\t<span class='e-closed'><svg aria-hidden=\"true\" class=\"e-font-icon-svg e-far-folder\" viewbox=\"0 0 512 512\" xmlns=\"http:\/\/www.w3.org\/2000\/svg\"><path d=\"M464 128H272l-54.63-54.63c-6-6-14.14-9.37-22.63-9.37H48C21.49 64 0 85.49 0 112v288c0 26.51 21.49 48 48 48h416c26.51 0 48-21.49 48-48V176c0-26.51-21.49-48-48-48zm0 272H48V112h140.12l54.63 54.63c6 6 14.14 9.37 22.63 9.37H464v224z\"><\/path><\/svg><\/span>\n\t\t<\/span>\n\n\t\t\t\t\t\t<\/summary>\n\t\t\t\t<div role=\"region\" aria-labelledby=\"e-n-accordion-item-10415\" class=\"elementor-element elementor-element-02a14bb e-con-full e-flex e-con e-child\" data-id=\"02a14bb\" data-element_type=\"container\" data-e-type=\"container\" data-settings=\"{&quot;_ha_eqh_enable&quot;:false}\">\n\t\t\t\t<div class=\"elementor-element elementor-element-c5117b3 elementor-widget elementor-widget-text-editor\" data-id=\"c5117b3\" data-element_type=\"widget\" data-e-type=\"widget\" data-widget_type=\"text-editor.default\">\n\t\t\t\t<div class=\"elementor-widget-container\">\n\t\t\t\t\t\t\t\t\t<ul><li><strong>Code: <\/strong>VPIA-2025-16-PI<\/li><li><strong>Directeur:<\/strong> Busquets Carballo Armando Agust\u00edn<\/li><li><strong>Unidad acad\u00e9mica: <\/strong>Visuales\u00a0<\/li><li><strong>Co-investigadores:<\/strong>\u00a0Pati\u00f1o Balda Jorge Antonio Xavier, Torres Leyva Julio Rusl\u00e1n<\/li><li><strong style=\"color: var( --e-global-color-71b3e6d1 ); text-align: var(--text-align);\">Ligne de recherche:<\/strong><span style=\"color: var( --e-global-color-71b3e6d1 ); text-align: var(--text-align);\">\u00a0<\/span>PR\u00c1CTICAS ART\u00cdSTICAS EXPERIMENTALES<\/li><li><strong>Colectivo\/individual:\u00a0<\/strong>Colectivo<\/li><li><strong>Financiado\/no financiado: <\/strong>No financiado<\/li><li><strong>Objectif g\u00e9n\u00e9ral:<\/strong> Examinar c\u00f3mo la abstracci\u00f3n geom\u00e9trica a trav\u00e9s de la expresi\u00f3n de la afectividad, se configura como una forma de resistencia a las estructuras de poder y las narrativas hegem\u00f3nicas, desafiando la noci\u00f3n tradicional de la geometr\u00eda como un lenguaje fr\u00edo, racional y descomprometido socialmente.<\/li><\/ul>\t\t\t\t\t\t\t\t<\/div>\n\t\t\t\t<\/div>\n\t\t\t\t<\/div>\n\t\t\t\t\t<\/details>\n\t\t\t\t\t\t<details id=\"e-n-accordion-item-10416\" class=\"e-n-accordion-item\" >\n\t\t\t\t<summary class=\"e-n-accordion-item-title\" data-accordion-index=\"17\" tabindex=\"-1\" aria-expanded=\"false\" aria-controls=\"e-n-accordion-item-10416\" >\n\t\t\t\t\t<span class='e-n-accordion-item-title-header'><div class=\"e-n-accordion-item-title-text\"> \u201cInmortalidad para todos: campa\u00f1a de concientizaci\u00f3n sobre la transcendencia a trav\u00e9s del arte\u201d <\/div><\/span>\n\t\t\t\t\t\t\t<span class='e-n-accordion-item-title-icon'>\n\t\t\t<span class='e-opened' ><svg aria-hidden=\"true\" class=\"e-font-icon-svg e-far-folder-open\" viewbox=\"0 0 576 512\" xmlns=\"http:\/\/www.w3.org\/2000\/svg\"><path d=\"M527.9 224H480v-48c0-26.5-21.5-48-48-48H272l-64-64H48C21.5 64 0 85.5 0 112v288c0 26.5 21.5 48 48 48h400c16.5 0 31.9-8.5 40.7-22.6l79.9-128c20-31.9-3-73.4-40.7-73.4zM48 118c0-3.3 2.7-6 6-6h134.1l64 64H426c3.3 0 6 2.7 6 6v42H152c-16.8 0-32.4 8.8-41.1 23.2L48 351.4zm400 282H72l77.2-128H528z\"><\/path><\/svg><\/span>\n\t\t\t<span class='e-closed'><svg aria-hidden=\"true\" class=\"e-font-icon-svg e-far-folder\" viewbox=\"0 0 512 512\" xmlns=\"http:\/\/www.w3.org\/2000\/svg\"><path d=\"M464 128H272l-54.63-54.63c-6-6-14.14-9.37-22.63-9.37H48C21.49 64 0 85.49 0 112v288c0 26.51 21.49 48 48 48h416c26.51 0 48-21.49 48-48V176c0-26.51-21.49-48-48-48zm0 272H48V112h140.12l54.63 54.63c6 6 14.14 9.37 22.63 9.37H464v224z\"><\/path><\/svg><\/span>\n\t\t<\/span>\n\n\t\t\t\t\t\t<\/summary>\n\t\t\t\t<div role=\"region\" aria-labelledby=\"e-n-accordion-item-10416\" class=\"elementor-element elementor-element-7c36373 e-con-full e-flex e-con e-child\" data-id=\"7c36373\" data-element_type=\"container\" data-e-type=\"container\" data-settings=\"{&quot;_ha_eqh_enable&quot;:false}\">\n\t\t\t\t<div class=\"elementor-element elementor-element-ad3ba20 elementor-widget elementor-widget-text-editor\" data-id=\"ad3ba20\" data-element_type=\"widget\" data-e-type=\"widget\" data-widget_type=\"text-editor.default\">\n\t\t\t\t<div class=\"elementor-widget-container\">\n\t\t\t\t\t\t\t\t\t<ul><li><strong>Code: <\/strong>VPIA-2025-17-PI<\/li><li><strong>Directeur:<\/strong> Uttermann Cevallos David Federico<\/li><li><strong>Unidad acad\u00e9mica: <\/strong>Visuales\u00a0<\/li><li><strong>Co-investigadores:<\/strong>\u00a0Hern\u00e1ndez Silva William, Brito Lorenzo Saidel, Busquets Carballo Armando Agust\u00edn, Aycart Larrea Jorge Alfredo, Benavides Sol\u00e1 Juan Francisco, Castillo Vera Ilich Bladimir<\/li><li><strong style=\"color: var( --e-global-color-71b3e6d1 ); text-align: var(--text-align);\">Ligne de recherche:<\/strong><span style=\"color: var( --e-global-color-71b3e6d1 ); text-align: var(--text-align);\">\u00a0<\/span>\u00a0ARTES, MEDIOS DIGITALES Y LENGUAJES TECNOL\u00d3GICOS<\/li><li><strong>Colectivo\/individual:\u00a0<\/strong>Colectivo<\/li><li><strong>Financiado\/no financiado: <\/strong>No financiado<\/li><li><strong>Objectif g\u00e9n\u00e9ral:<\/strong> Explorar la relaci\u00f3n entre arte, memoria y tecnolog\u00eda para cuestionar y resignificar la mortalidad humana, utilizando herramientas digitales y metodolog\u00edas art\u00edsticas que permitan preservar y transformar archivos personales y colectivos, fomentando un di\u00e1logo interdisciplinario sobre la trascendencia, la identidad y el impacto del transhumanismo en el arte contempor\u00e1neo.<\/li><\/ul>\t\t\t\t\t\t\t\t<\/div>\n\t\t\t\t<\/div>\n\t\t\t\t<\/div>\n\t\t\t\t\t<\/details>\n\t\t\t\t\t\t<details id=\"e-n-accordion-item-10417\" class=\"e-n-accordion-item\" >\n\t\t\t\t<summary class=\"e-n-accordion-item-title\" data-accordion-index=\"18\" tabindex=\"-1\" aria-expanded=\"false\" aria-controls=\"e-n-accordion-item-10417\" >\n\t\t\t\t\t<span class='e-n-accordion-item-title-header'><div class=\"e-n-accordion-item-title-text\"> Laboratorio de creaci\u00f3n, desarrollo y escritura de guiones cinematogr\u00e1ficos <\/div><\/span>\n\t\t\t\t\t\t\t<span class='e-n-accordion-item-title-icon'>\n\t\t\t<span class='e-opened' ><svg aria-hidden=\"true\" class=\"e-font-icon-svg e-far-folder-open\" viewbox=\"0 0 576 512\" xmlns=\"http:\/\/www.w3.org\/2000\/svg\"><path d=\"M527.9 224H480v-48c0-26.5-21.5-48-48-48H272l-64-64H48C21.5 64 0 85.5 0 112v288c0 26.5 21.5 48 48 48h400c16.5 0 31.9-8.5 40.7-22.6l79.9-128c20-31.9-3-73.4-40.7-73.4zM48 118c0-3.3 2.7-6 6-6h134.1l64 64H426c3.3 0 6 2.7 6 6v42H152c-16.8 0-32.4 8.8-41.1 23.2L48 351.4zm400 282H72l77.2-128H528z\"><\/path><\/svg><\/span>\n\t\t\t<span class='e-closed'><svg aria-hidden=\"true\" class=\"e-font-icon-svg e-far-folder\" viewbox=\"0 0 512 512\" xmlns=\"http:\/\/www.w3.org\/2000\/svg\"><path d=\"M464 128H272l-54.63-54.63c-6-6-14.14-9.37-22.63-9.37H48C21.49 64 0 85.49 0 112v288c0 26.51 21.49 48 48 48h416c26.51 0 48-21.49 48-48V176c0-26.51-21.49-48-48-48zm0 272H48V112h140.12l54.63 54.63c6 6 14.14 9.37 22.63 9.37H464v224z\"><\/path><\/svg><\/span>\n\t\t<\/span>\n\n\t\t\t\t\t\t<\/summary>\n\t\t\t\t<div role=\"region\" aria-labelledby=\"e-n-accordion-item-10417\" class=\"elementor-element elementor-element-61ba559 e-con-full e-flex e-con e-child\" data-id=\"61ba559\" data-element_type=\"container\" data-e-type=\"container\" data-settings=\"{&quot;_ha_eqh_enable&quot;:false}\">\n\t\t\t\t<div class=\"elementor-element elementor-element-bcfb12c elementor-widget elementor-widget-text-editor\" data-id=\"bcfb12c\" data-element_type=\"widget\" data-e-type=\"widget\" data-widget_type=\"text-editor.default\">\n\t\t\t\t<div class=\"elementor-widget-container\">\n\t\t\t\t\t\t\t\t\t<ul><li><strong>Code: <\/strong>VPIA-2025-18-PI<\/li><li><strong>Directeur:<\/strong> Tome Julie Michele<\/li><li><strong>Unidad acad\u00e9mica: <\/strong>Cin\u00e9ma<\/li><li><strong>Co-investigadores:<\/strong>\u00a0Izquierdo Salvador Javier Emilio, Andrade Morales Javier Andr\u00e9s, Arcos Soto Abel, Gonz\u00e1lez Guti\u00e9rrez Leslie Daniela<\/li><li><strong style=\"color: var( --e-global-color-71b3e6d1 ); text-align: var(--text-align);\">Ligne de recherche:<\/strong><span style=\"color: var( --e-global-color-71b3e6d1 ); text-align: var(--text-align);\">\u00a0<\/span>PR\u00c1CTICAS ART\u00cdSTICAS EXPERIMENTALES<\/li><li><strong>Colectivo\/individual:\u00a0<\/strong>Colectivo<\/li><li><strong>Financiado\/no financiado: <\/strong>No financiado<\/li><li><strong>Objectif g\u00e9n\u00e9ral:<\/strong> Fomentar la innovaci\u00f3n en la narrativa f\u00edlmica a trav\u00e9s de un espacio de experimentaci\u00f3n y colaboraci\u00f3n libre entre docentes, artistas y estudiantes, enfocado en el desarrollo de varios guiones cinematogr\u00e1ficos escritos por docentes y estudiantes de la UArtes, y de otras instituciones.<\/li><\/ul>\t\t\t\t\t\t\t\t<\/div>\n\t\t\t\t<\/div>\n\t\t\t\t<\/div>\n\t\t\t\t\t<\/details>\n\t\t\t\t\t\t<details id=\"e-n-accordion-item-10418\" class=\"e-n-accordion-item\" >\n\t\t\t\t<summary class=\"e-n-accordion-item-title\" data-accordion-index=\"19\" tabindex=\"-1\" aria-expanded=\"false\" aria-controls=\"e-n-accordion-item-10418\" >\n\t\t\t\t\t<span class='e-n-accordion-item-title-header'><div class=\"e-n-accordion-item-title-text\"> La cr\u00edtica como escritura <\/div><\/span>\n\t\t\t\t\t\t\t<span class='e-n-accordion-item-title-icon'>\n\t\t\t<span class='e-opened' ><svg aria-hidden=\"true\" class=\"e-font-icon-svg e-far-folder-open\" viewbox=\"0 0 576 512\" xmlns=\"http:\/\/www.w3.org\/2000\/svg\"><path d=\"M527.9 224H480v-48c0-26.5-21.5-48-48-48H272l-64-64H48C21.5 64 0 85.5 0 112v288c0 26.5 21.5 48 48 48h400c16.5 0 31.9-8.5 40.7-22.6l79.9-128c20-31.9-3-73.4-40.7-73.4zM48 118c0-3.3 2.7-6 6-6h134.1l64 64H426c3.3 0 6 2.7 6 6v42H152c-16.8 0-32.4 8.8-41.1 23.2L48 351.4zm400 282H72l77.2-128H528z\"><\/path><\/svg><\/span>\n\t\t\t<span class='e-closed'><svg aria-hidden=\"true\" class=\"e-font-icon-svg e-far-folder\" viewbox=\"0 0 512 512\" xmlns=\"http:\/\/www.w3.org\/2000\/svg\"><path d=\"M464 128H272l-54.63-54.63c-6-6-14.14-9.37-22.63-9.37H48C21.49 64 0 85.49 0 112v288c0 26.51 21.49 48 48 48h416c26.51 0 48-21.49 48-48V176c0-26.51-21.49-48-48-48zm0 272H48V112h140.12l54.63 54.63c6 6 14.14 9.37 22.63 9.37H464v224z\"><\/path><\/svg><\/span>\n\t\t<\/span>\n\n\t\t\t\t\t\t<\/summary>\n\t\t\t\t<div role=\"region\" aria-labelledby=\"e-n-accordion-item-10418\" class=\"elementor-element elementor-element-6a18a71 e-con-full e-flex e-con e-child\" data-id=\"6a18a71\" data-element_type=\"container\" data-e-type=\"container\" data-settings=\"{&quot;_ha_eqh_enable&quot;:false}\">\n\t\t\t\t<div class=\"elementor-element elementor-element-554d9da elementor-widget elementor-widget-text-editor\" data-id=\"554d9da\" data-element_type=\"widget\" data-e-type=\"widget\" data-widget_type=\"text-editor.default\">\n\t\t\t\t<div class=\"elementor-widget-container\">\n\t\t\t\t\t\t\t\t\t<ul><li><strong>Code: <\/strong>VPIA-2025-19-PI<\/li><li><strong>Directeur:<\/strong> Montenegro Sandoval Mario Fernando<\/li><li><strong>Unidad acad\u00e9mica: <\/strong>Litt\u00e9rature<\/li><li><strong>Co-investigadores:<\/strong>\u00a0P\u00e9rez Rodon Libia, Izquierdo Salvador Javier Emilio, \u00c1lvarez Pomares Mar\u00eda Guadalupe, D\u00edaz Mart\u00ednez Bertha Del Rocio<\/li><li><strong style=\"color: var( --e-global-color-71b3e6d1 ); text-align: var(--text-align);\">Ligne de recherche:<\/strong><span style=\"color: var( --e-global-color-71b3e6d1 ); text-align: var(--text-align);\">\u00a0<\/span>HISTORIA, EST\u00c9TICA Y FILOSOF\u00cdA DE LAS ARTES<\/li><li><strong>Colectivo\/individual:\u00a0<\/strong>Colectivo<\/li><li><strong>Financiado\/no financiado: <\/strong>Financiado<\/li><li><strong>Objectif g\u00e9n\u00e9ral:<\/strong> Construir y habitar un espacio experimental, reflexivo e interdisciplinario para ejercer la cr\u00edtica de arte a trav\u00e9s de una plataforma digital e impresa cuyos productos propicien la reflexi\u00f3n sobre el estado de este campo en el Ecuador, tanto desde la pr\u00e1ctica como a partir de la reflexi\u00f3n te\u00f3rica.\u00a0<\/li><\/ul>\t\t\t\t\t\t\t\t<\/div>\n\t\t\t\t<\/div>\n\t\t\t\t<\/div>\n\t\t\t\t\t<\/details>\n\t\t\t\t\t\t<details id=\"e-n-accordion-item-10419\" class=\"e-n-accordion-item\" >\n\t\t\t\t<summary class=\"e-n-accordion-item-title\" data-accordion-index=\"20\" tabindex=\"-1\" aria-expanded=\"false\" aria-controls=\"e-n-accordion-item-10419\" >\n\t\t\t\t\t<span class='e-n-accordion-item-title-header'><div class=\"e-n-accordion-item-title-text\"> La escritura musical como f\u00e1rmacon: modelizacio\u0301n y automatizaci\u00f3n de m\u00fasicas de tradici\u00f3n oral latinoamericanas. <\/div><\/span>\n\t\t\t\t\t\t\t<span class='e-n-accordion-item-title-icon'>\n\t\t\t<span class='e-opened' ><svg aria-hidden=\"true\" class=\"e-font-icon-svg e-far-folder-open\" viewbox=\"0 0 576 512\" xmlns=\"http:\/\/www.w3.org\/2000\/svg\"><path d=\"M527.9 224H480v-48c0-26.5-21.5-48-48-48H272l-64-64H48C21.5 64 0 85.5 0 112v288c0 26.5 21.5 48 48 48h400c16.5 0 31.9-8.5 40.7-22.6l79.9-128c20-31.9-3-73.4-40.7-73.4zM48 118c0-3.3 2.7-6 6-6h134.1l64 64H426c3.3 0 6 2.7 6 6v42H152c-16.8 0-32.4 8.8-41.1 23.2L48 351.4zm400 282H72l77.2-128H528z\"><\/path><\/svg><\/span>\n\t\t\t<span class='e-closed'><svg aria-hidden=\"true\" class=\"e-font-icon-svg e-far-folder\" viewbox=\"0 0 512 512\" xmlns=\"http:\/\/www.w3.org\/2000\/svg\"><path d=\"M464 128H272l-54.63-54.63c-6-6-14.14-9.37-22.63-9.37H48C21.49 64 0 85.49 0 112v288c0 26.51 21.49 48 48 48h416c26.51 0 48-21.49 48-48V176c0-26.51-21.49-48-48-48zm0 272H48V112h140.12l54.63 54.63c6 6 14.14 9.37 22.63 9.37H464v224z\"><\/path><\/svg><\/span>\n\t\t<\/span>\n\n\t\t\t\t\t\t<\/summary>\n\t\t\t\t<div role=\"region\" aria-labelledby=\"e-n-accordion-item-10419\" class=\"elementor-element elementor-element-53fe586 e-con-full e-flex e-con e-child\" data-id=\"53fe586\" data-element_type=\"container\" data-e-type=\"container\" data-settings=\"{&quot;_ha_eqh_enable&quot;:false}\">\n\t\t\t\t<div class=\"elementor-element elementor-element-1303cc9 elementor-widget elementor-widget-text-editor\" data-id=\"1303cc9\" data-element_type=\"widget\" data-e-type=\"widget\" data-widget_type=\"text-editor.default\">\n\t\t\t\t<div class=\"elementor-widget-container\">\n\t\t\t\t\t\t\t\t\t<ul><li><strong>Code: <\/strong>VPIA-2025-20-PI<\/li><li><strong>Directeur:<\/strong> Larrea Peralta Manuel Alejandro<\/li><li><strong>Unidad acad\u00e9mica: <\/strong>Artes Sonoras<\/li><li><strong>Co-investigadores:<\/strong>\u00a0Vallejos Palacios Fredy Oswaldo, Moreno Guerron Luis Carlos, Ocampo Cardona Javier Andres, Astaiza Vallejo Andrey Mijail, Alb\u00e1n Jaramillo Carlos Andr\u00e9s<\/li><li><strong style=\"color: var( --e-global-color-71b3e6d1 ); text-align: var(--text-align);\">Ligne de recherche:<\/strong><span style=\"color: var( --e-global-color-71b3e6d1 ); text-align: var(--text-align);\">\u00a0<\/span>PEDAGOG\u00cdAS CR\u00cdTICAS Y CREATIVAS DESDE LAS ARTES<\/li><li><strong>Colectivo\/individual:\u00a0<\/strong>Colectivo<\/li><li><strong>Financiado\/no financiado: <\/strong>No financiado<\/li><li><strong>Objectif g\u00e9n\u00e9ral:<\/strong> Retomar el aprendizaje y pr\u00e1ctica auditiva de tradiciones musicales \u00e1grafas de nuestros territorios para la ense\u00f1anza del entorno musical contempor\u00e1neo.<\/li><\/ul>\t\t\t\t\t\t\t\t<\/div>\n\t\t\t\t<\/div>\n\t\t\t\t<\/div>\n\t\t\t\t\t<\/details>\n\t\t\t\t\t\t<details id=\"e-n-accordion-item-10420\" class=\"e-n-accordion-item\" >\n\t\t\t\t<summary class=\"e-n-accordion-item-title\" data-accordion-index=\"21\" tabindex=\"-1\" aria-expanded=\"false\" aria-controls=\"e-n-accordion-item-10420\" >\n\t\t\t\t\t<span class='e-n-accordion-item-title-header'><div class=\"e-n-accordion-item-title-text\"> Malec\u00f3n bajo: narrativas de alienaci\u00f3n y redenci\u00f3n urbana desde el cine contempor\u00e1neo latinoamericano <\/div><\/span>\n\t\t\t\t\t\t\t<span class='e-n-accordion-item-title-icon'>\n\t\t\t<span class='e-opened' ><svg aria-hidden=\"true\" class=\"e-font-icon-svg e-far-folder-open\" viewbox=\"0 0 576 512\" xmlns=\"http:\/\/www.w3.org\/2000\/svg\"><path d=\"M527.9 224H480v-48c0-26.5-21.5-48-48-48H272l-64-64H48C21.5 64 0 85.5 0 112v288c0 26.5 21.5 48 48 48h400c16.5 0 31.9-8.5 40.7-22.6l79.9-128c20-31.9-3-73.4-40.7-73.4zM48 118c0-3.3 2.7-6 6-6h134.1l64 64H426c3.3 0 6 2.7 6 6v42H152c-16.8 0-32.4 8.8-41.1 23.2L48 351.4zm400 282H72l77.2-128H528z\"><\/path><\/svg><\/span>\n\t\t\t<span class='e-closed'><svg aria-hidden=\"true\" class=\"e-font-icon-svg e-far-folder\" viewbox=\"0 0 512 512\" xmlns=\"http:\/\/www.w3.org\/2000\/svg\"><path d=\"M464 128H272l-54.63-54.63c-6-6-14.14-9.37-22.63-9.37H48C21.49 64 0 85.49 0 112v288c0 26.51 21.49 48 48 48h416c26.51 0 48-21.49 48-48V176c0-26.51-21.49-48-48-48zm0 272H48V112h140.12l54.63 54.63c6 6 14.14 9.37 22.63 9.37H464v224z\"><\/path><\/svg><\/span>\n\t\t<\/span>\n\n\t\t\t\t\t\t<\/summary>\n\t\t\t\t<div role=\"region\" aria-labelledby=\"e-n-accordion-item-10420\" class=\"elementor-element elementor-element-8abf749 e-con-full e-flex e-con e-child\" data-id=\"8abf749\" data-element_type=\"container\" data-e-type=\"container\" data-settings=\"{&quot;_ha_eqh_enable&quot;:false}\">\n\t\t\t\t<div class=\"elementor-element elementor-element-6f873c2 elementor-widget elementor-widget-text-editor\" data-id=\"6f873c2\" data-element_type=\"widget\" data-e-type=\"widget\" data-widget_type=\"text-editor.default\">\n\t\t\t\t<div class=\"elementor-widget-container\">\n\t\t\t\t\t\t\t\t\t<ul><li><strong>Code: <\/strong>VPIA-2025-21-PI<\/li><li><strong>Directeur:<\/strong> Flores Velasco Jorge Antonio<\/li><li><strong>Unidad acad\u00e9mica: <\/strong>Cin\u00e9ma<\/li><li><strong style=\"color: var( --e-global-color-71b3e6d1 ); text-align: var(--text-align);\">Ligne de recherche:<\/strong><span style=\"color: var( --e-global-color-71b3e6d1 ); text-align: var(--text-align);\">\u00a0<\/span>ARTE REPRESENTACI\u00d3N, MEMORIA Y PATRIMONIO<\/li><li><strong>Colectivo\/individual:\u00a0<\/strong>Individual<\/li><li><strong>Financiado\/no financiado: <\/strong>No financiado<\/li><li><strong>Objectif g\u00e9n\u00e9ral:<\/strong> Desarrollar y estructurar un guion cinematogr\u00e1fico que explore temas de alienaci\u00f3n, identidad y redenci\u00f3n en un contexto urbano<\/li><\/ul>\t\t\t\t\t\t\t\t<\/div>\n\t\t\t\t<\/div>\n\t\t\t\t<\/div>\n\t\t\t\t\t<\/details>\n\t\t\t\t\t\t<details id=\"e-n-accordion-item-10421\" class=\"e-n-accordion-item\" >\n\t\t\t\t<summary class=\"e-n-accordion-item-title\" data-accordion-index=\"22\" tabindex=\"-1\" aria-expanded=\"false\" aria-controls=\"e-n-accordion-item-10421\" >\n\t\t\t\t\t<span class='e-n-accordion-item-title-header'><div class=\"e-n-accordion-item-title-text\"> Narrativas en el arte contempor\u00e1neo: museograf\u00eda, artes y tecnolog\u00edas <\/div><\/span>\n\t\t\t\t\t\t\t<span class='e-n-accordion-item-title-icon'>\n\t\t\t<span class='e-opened' ><svg aria-hidden=\"true\" class=\"e-font-icon-svg e-far-folder-open\" viewbox=\"0 0 576 512\" xmlns=\"http:\/\/www.w3.org\/2000\/svg\"><path d=\"M527.9 224H480v-48c0-26.5-21.5-48-48-48H272l-64-64H48C21.5 64 0 85.5 0 112v288c0 26.5 21.5 48 48 48h400c16.5 0 31.9-8.5 40.7-22.6l79.9-128c20-31.9-3-73.4-40.7-73.4zM48 118c0-3.3 2.7-6 6-6h134.1l64 64H426c3.3 0 6 2.7 6 6v42H152c-16.8 0-32.4 8.8-41.1 23.2L48 351.4zm400 282H72l77.2-128H528z\"><\/path><\/svg><\/span>\n\t\t\t<span class='e-closed'><svg aria-hidden=\"true\" class=\"e-font-icon-svg e-far-folder\" viewbox=\"0 0 512 512\" xmlns=\"http:\/\/www.w3.org\/2000\/svg\"><path d=\"M464 128H272l-54.63-54.63c-6-6-14.14-9.37-22.63-9.37H48C21.49 64 0 85.49 0 112v288c0 26.51 21.49 48 48 48h416c26.51 0 48-21.49 48-48V176c0-26.51-21.49-48-48-48zm0 272H48V112h140.12l54.63 54.63c6 6 14.14 9.37 22.63 9.37H464v224z\"><\/path><\/svg><\/span>\n\t\t<\/span>\n\n\t\t\t\t\t\t<\/summary>\n\t\t\t\t<div role=\"region\" aria-labelledby=\"e-n-accordion-item-10421\" class=\"elementor-element elementor-element-5af9afe e-con-full e-flex e-con e-child\" data-id=\"5af9afe\" data-element_type=\"container\" data-e-type=\"container\" data-settings=\"{&quot;_ha_eqh_enable&quot;:false}\">\n\t\t\t\t<div class=\"elementor-element elementor-element-84ab54e elementor-widget elementor-widget-text-editor\" data-id=\"84ab54e\" data-element_type=\"widget\" data-e-type=\"widget\" data-widget_type=\"text-editor.default\">\n\t\t\t\t<div class=\"elementor-widget-container\">\n\t\t\t\t\t\t\t\t\t<ul><li><strong>Code: <\/strong>VPIA-2025-22-PI<\/li><li><strong>Directeur:<\/strong> Fabre V\u00e1squez Mar\u00eda Gabriela<\/li><li><strong>Unidad acad\u00e9mica: <\/strong>Visuales\u00a0<\/li><li><strong>Co-investigadores:<\/strong>\u00a0Villavicencio Ruiz Cristian Alberto, Cruz Mendoza Ruth Laura\u00a0<\/li><li><strong style=\"color: var( --e-global-color-71b3e6d1 ); text-align: var(--text-align);\">Ligne de recherche:<\/strong><span style=\"color: var( --e-global-color-71b3e6d1 ); text-align: var(--text-align);\">\u00a0<\/span>ARTES, MEDIOS DIGITALES Y LENGUAJES TECNOL\u00d3GICOS<\/li><li><strong>Colectivo\/individual:\u00a0<\/strong>Colectivo<\/li><li><strong>Financiado\/no financiado: <\/strong>Financiado<\/li><li><strong>Objectif g\u00e9n\u00e9ral:<\/strong>\u00a0Expandir la noci\u00f3n de dise\u00f1o expositivo a trav\u00e9s de procesos art\u00edsticos que identifiquen los c\u00f3digos hist\u00f3ricos y contempor\u00e1neos de la puesta en escena del arte y la subviertan situada y creativamente, de manera que produzca pr\u00e1cticas art\u00edsticas que puedan ser circuladas en espacios relevantes de arte contempor\u00e1neo.\u00a0<\/li><\/ul>\t\t\t\t\t\t\t\t<\/div>\n\t\t\t\t<\/div>\n\t\t\t\t<\/div>\n\t\t\t\t\t<\/details>\n\t\t\t\t\t\t<details id=\"e-n-accordion-item-10422\" class=\"e-n-accordion-item\" >\n\t\t\t\t<summary class=\"e-n-accordion-item-title\" data-accordion-index=\"23\" tabindex=\"-1\" aria-expanded=\"false\" aria-controls=\"e-n-accordion-item-10422\" >\n\t\t\t\t\t<span class='e-n-accordion-item-title-header'><div class=\"e-n-accordion-item-title-text\"> Narrativas y pr\u00e1cticas curatoriales multisituadas entre los andes, la amazon\u00eda y el tr\u00f3pico <\/div><\/span>\n\t\t\t\t\t\t\t<span class='e-n-accordion-item-title-icon'>\n\t\t\t<span class='e-opened' ><svg aria-hidden=\"true\" class=\"e-font-icon-svg e-far-folder-open\" viewbox=\"0 0 576 512\" xmlns=\"http:\/\/www.w3.org\/2000\/svg\"><path d=\"M527.9 224H480v-48c0-26.5-21.5-48-48-48H272l-64-64H48C21.5 64 0 85.5 0 112v288c0 26.5 21.5 48 48 48h400c16.5 0 31.9-8.5 40.7-22.6l79.9-128c20-31.9-3-73.4-40.7-73.4zM48 118c0-3.3 2.7-6 6-6h134.1l64 64H426c3.3 0 6 2.7 6 6v42H152c-16.8 0-32.4 8.8-41.1 23.2L48 351.4zm400 282H72l77.2-128H528z\"><\/path><\/svg><\/span>\n\t\t\t<span class='e-closed'><svg aria-hidden=\"true\" class=\"e-font-icon-svg e-far-folder\" viewbox=\"0 0 512 512\" xmlns=\"http:\/\/www.w3.org\/2000\/svg\"><path d=\"M464 128H272l-54.63-54.63c-6-6-14.14-9.37-22.63-9.37H48C21.49 64 0 85.49 0 112v288c0 26.51 21.49 48 48 48h416c26.51 0 48-21.49 48-48V176c0-26.51-21.49-48-48-48zm0 272H48V112h140.12l54.63 54.63c6 6 14.14 9.37 22.63 9.37H464v224z\"><\/path><\/svg><\/span>\n\t\t<\/span>\n\n\t\t\t\t\t\t<\/summary>\n\t\t\t\t<div role=\"region\" aria-labelledby=\"e-n-accordion-item-10422\" class=\"elementor-element elementor-element-7b22c9c e-con-full e-flex e-con e-child\" data-id=\"7b22c9c\" data-element_type=\"container\" data-e-type=\"container\" data-settings=\"{&quot;_ha_eqh_enable&quot;:false}\">\n\t\t\t\t<div class=\"elementor-element elementor-element-28687a1 elementor-widget elementor-widget-text-editor\" data-id=\"28687a1\" data-element_type=\"widget\" data-e-type=\"widget\" data-widget_type=\"text-editor.default\">\n\t\t\t\t<div class=\"elementor-widget-container\">\n\t\t\t\t\t\t\t\t\t<ul><li><strong>Code: <\/strong>VPIA-2025-23-PI<\/li><li><strong>Directeur:<\/strong> L\u00f3pez Jaramillo Mar\u00eda Fernanda<\/li><li><strong>Unidad acad\u00e9mica: <\/strong>Transversal\u00a0<\/li><li><strong>Co-investigadores:<\/strong>\u00a0Fajardo Y\u00e9pez Mar\u00eda Graciela, Barber\u00e1n Cevallos Jos\u00e9 David, Madro\u00f1ero Morillo Mario Marino<\/li><li><strong style=\"color: var( --e-global-color-71b3e6d1 ); text-align: var(--text-align);\">Ligne de recherche:<\/strong><span style=\"color: var( --e-global-color-71b3e6d1 ); text-align: var(--text-align);\">\u00a0<\/span>PR\u00c1CTICAS ART\u00cdSTICAS EXPERIMENTALES<\/li><li><strong>Colectivo\/individual:\u00a0<\/strong>Colectivo<\/li><li><strong>Financiado\/no financiado: <\/strong>Financiado<\/li><li><strong>Objectif g\u00e9n\u00e9ral:<\/strong> Promover relaciones inter y transdisciplinares para la investigaci\u00f3n en las artes a nivel interinstitucional, a trav\u00e9s de una curadur\u00eda multisituada entre los Andes, la Amazon\u00eda y el Tr\u00f3pico para concebir narrativas, teor\u00edas y m\u00e9todos de investigaci\u00f3n creaci\u00f3n, en perspectiva de fortalecer procesos formativos y de gesti\u00f3n curatorial en contextos art\u00edsticos inter y transculturales.<\/li><\/ul>\t\t\t\t\t\t\t\t<\/div>\n\t\t\t\t<\/div>\n\t\t\t\t<\/div>\n\t\t\t\t\t<\/details>\n\t\t\t\t\t\t<details id=\"e-n-accordion-item-10423\" class=\"e-n-accordion-item\" >\n\t\t\t\t<summary class=\"e-n-accordion-item-title\" data-accordion-index=\"24\" tabindex=\"-1\" aria-expanded=\"false\" aria-controls=\"e-n-accordion-item-10423\" >\n\t\t\t\t\t<span class='e-n-accordion-item-title-header'><div class=\"e-n-accordion-item-title-text\"> Realidades expandidas: nuevas dimensiones del arte y la tecnolog\u00eda <\/div><\/span>\n\t\t\t\t\t\t\t<span class='e-n-accordion-item-title-icon'>\n\t\t\t<span class='e-opened' ><svg aria-hidden=\"true\" class=\"e-font-icon-svg e-far-folder-open\" viewbox=\"0 0 576 512\" xmlns=\"http:\/\/www.w3.org\/2000\/svg\"><path d=\"M527.9 224H480v-48c0-26.5-21.5-48-48-48H272l-64-64H48C21.5 64 0 85.5 0 112v288c0 26.5 21.5 48 48 48h400c16.5 0 31.9-8.5 40.7-22.6l79.9-128c20-31.9-3-73.4-40.7-73.4zM48 118c0-3.3 2.7-6 6-6h134.1l64 64H426c3.3 0 6 2.7 6 6v42H152c-16.8 0-32.4 8.8-41.1 23.2L48 351.4zm400 282H72l77.2-128H528z\"><\/path><\/svg><\/span>\n\t\t\t<span class='e-closed'><svg aria-hidden=\"true\" class=\"e-font-icon-svg e-far-folder\" viewbox=\"0 0 512 512\" xmlns=\"http:\/\/www.w3.org\/2000\/svg\"><path d=\"M464 128H272l-54.63-54.63c-6-6-14.14-9.37-22.63-9.37H48C21.49 64 0 85.49 0 112v288c0 26.51 21.49 48 48 48h416c26.51 0 48-21.49 48-48V176c0-26.51-21.49-48-48-48zm0 272H48V112h140.12l54.63 54.63c6 6 14.14 9.37 22.63 9.37H464v224z\"><\/path><\/svg><\/span>\n\t\t<\/span>\n\n\t\t\t\t\t\t<\/summary>\n\t\t\t\t<div role=\"region\" aria-labelledby=\"e-n-accordion-item-10423\" class=\"elementor-element elementor-element-d187d35 e-con-full e-flex e-con e-child\" data-id=\"d187d35\" data-element_type=\"container\" data-e-type=\"container\" data-settings=\"{&quot;_ha_eqh_enable&quot;:false}\">\n\t\t\t\t<div class=\"elementor-element elementor-element-41834c7 elementor-widget elementor-widget-text-editor\" data-id=\"41834c7\" data-element_type=\"widget\" data-e-type=\"widget\" data-widget_type=\"text-editor.default\">\n\t\t\t\t<div class=\"elementor-widget-container\">\n\t\t\t\t\t\t\t\t\t<ul><li><strong>Code: <\/strong>VPIA-2025-24-PI<\/li><li><strong>Directeur:<\/strong> Lambert Sarango Yamil Edinson<\/li><li><strong>Unidad acad\u00e9mica: <\/strong>Transversal<\/li><li><strong style=\"color: var( --e-global-color-71b3e6d1 ); text-align: var(--text-align);\">Ligne de recherche:<\/strong><span style=\"color: var( --e-global-color-71b3e6d1 ); text-align: var(--text-align);\">\u00a0<\/span>ARTES, MEDIOS DIGITALES Y LENGUAJES TECNOL\u00d3GICOS<\/li><li><strong>Colectivo\/individual:\u00a0<\/strong>Individual<\/li><li><strong>Financiado\/no financiado: <\/strong>No financiado<\/li><li><strong>Objectif g\u00e9n\u00e9ral:<\/strong> Explorar el impacto de la inteligencia artificial en la creaci\u00f3n art\u00edstica contempor\u00e1nea, analizando sus implicaciones en autor\u00eda, creatividad y autenticidad. El proyecto busca generar una comprensi\u00f3n cr\u00edtica de las nuevas din\u00e1micas entre arte y tecnolog\u00eda, involucrando tanto a audiencias acad\u00e9micas como no acad\u00e9micas. A trav\u00e9s de un enfoque multidisciplinario, se pretende sensibilizar al p\u00fablico sobre los avances tecnol\u00f3gicos en el arte, promoviendo una reflexi\u00f3n inclusiva sobre el futuro de la creatividad humana y el papel de la IA en la producci\u00f3n cultural.<\/li><\/ul>\t\t\t\t\t\t\t\t<\/div>\n\t\t\t\t<\/div>\n\t\t\t\t<\/div>\n\t\t\t\t\t<\/details>\n\t\t\t\t\t\t<details id=\"e-n-accordion-item-10424\" class=\"e-n-accordion-item\" >\n\t\t\t\t<summary class=\"e-n-accordion-item-title\" data-accordion-index=\"25\" tabindex=\"-1\" aria-expanded=\"false\" aria-controls=\"e-n-accordion-item-10424\" >\n\t\t\t\t\t<span class='e-n-accordion-item-title-header'><div class=\"e-n-accordion-item-title-text\"> S.e.r. so\u00f1ando en red (dream we must!) <\/div><\/span>\n\t\t\t\t\t\t\t<span class='e-n-accordion-item-title-icon'>\n\t\t\t<span class='e-opened' ><svg aria-hidden=\"true\" class=\"e-font-icon-svg e-far-folder-open\" viewbox=\"0 0 576 512\" xmlns=\"http:\/\/www.w3.org\/2000\/svg\"><path d=\"M527.9 224H480v-48c0-26.5-21.5-48-48-48H272l-64-64H48C21.5 64 0 85.5 0 112v288c0 26.5 21.5 48 48 48h400c16.5 0 31.9-8.5 40.7-22.6l79.9-128c20-31.9-3-73.4-40.7-73.4zM48 118c0-3.3 2.7-6 6-6h134.1l64 64H426c3.3 0 6 2.7 6 6v42H152c-16.8 0-32.4 8.8-41.1 23.2L48 351.4zm400 282H72l77.2-128H528z\"><\/path><\/svg><\/span>\n\t\t\t<span class='e-closed'><svg aria-hidden=\"true\" class=\"e-font-icon-svg e-far-folder\" viewbox=\"0 0 512 512\" xmlns=\"http:\/\/www.w3.org\/2000\/svg\"><path d=\"M464 128H272l-54.63-54.63c-6-6-14.14-9.37-22.63-9.37H48C21.49 64 0 85.49 0 112v288c0 26.51 21.49 48 48 48h416c26.51 0 48-21.49 48-48V176c0-26.51-21.49-48-48-48zm0 272H48V112h140.12l54.63 54.63c6 6 14.14 9.37 22.63 9.37H464v224z\"><\/path><\/svg><\/span>\n\t\t<\/span>\n\n\t\t\t\t\t\t<\/summary>\n\t\t\t\t<div role=\"region\" aria-labelledby=\"e-n-accordion-item-10424\" class=\"elementor-element elementor-element-e25320f e-con-full e-flex e-con e-child\" data-id=\"e25320f\" data-element_type=\"container\" data-e-type=\"container\" data-settings=\"{&quot;_ha_eqh_enable&quot;:false}\">\n\t\t\t\t<div class=\"elementor-element elementor-element-e20ddfd elementor-widget elementor-widget-text-editor\" data-id=\"e20ddfd\" data-element_type=\"widget\" data-e-type=\"widget\" data-widget_type=\"text-editor.default\">\n\t\t\t\t<div class=\"elementor-widget-container\">\n\t\t\t\t\t\t\t\t\t<ul><li><strong>Code: <\/strong>VPIA-2025-25-PI<\/li><li><strong>Directeur:<\/strong> Rivadeneira Crespo Ana Gabriela<\/li><li><strong>Unidad acad\u00e9mica: <\/strong>Cin\u00e9ma<\/li><li><strong>Co-investigadores:<\/strong>\u00a0Gavilanes Rivadeneira Mar\u00eda Del Pilar, Cruz Mendoza Ruth Laura, Cagigal Guayasam\u00edn Pedro Jos\u00e9, Briones Layana Mar\u00eda Paulina, Ripalda Zenck Juan Jos\u00e9<\/li><li><strong style=\"color: var( --e-global-color-71b3e6d1 ); text-align: var(--text-align);\">Ligne de recherche:<\/strong><span style=\"color: var( --e-global-color-71b3e6d1 ); text-align: var(--text-align);\">\u00a0<\/span>PR\u00c1CTICAS ART\u00cdSTICAS EXPERIMENTALES<\/li><li><strong>Colectivo\/individual:\u00a0<\/strong>Colectivo<\/li><li><strong>Financiado\/no financiado: <\/strong>Financiado<\/li><li><strong>Objectif g\u00e9n\u00e9ral:\u00a0<\/strong>Revalorizar la funci\u00f3n de los sue\u00f1os para preservar la capacidad de innovaci\u00f3n de la vida y resolver problemas situados. La investigaci\u00f3n art\u00edstica, te\u00f3rica y pedag\u00f3gica situada, contributiva y en red \u2013nutrida por interacciones entre saberes t\u00e9cnicos, art\u00edsticos y cient\u00edficos diversos\u2014buscar\u00e1 demostrar la hip\u00f3tesis de que el tiempo de los sue\u00f1os es el tiempo de la creaci\u00f3n, es decir, el tiempo de la generaci\u00f3n de conocimiento sensible situado que funciona como alternativa real frente a la homogeneizaci\u00f3n de tecnolog\u00edas, lenguajes, pr\u00e1cticas, formas y sistemas de pensamiento a la que la globalizaci\u00f3n y el mercado mundial nos conduce.\u00a0<\/li><\/ul>\t\t\t\t\t\t\t\t<\/div>\n\t\t\t\t<\/div>\n\t\t\t\t<\/div>\n\t\t\t\t\t<\/details>\n\t\t\t\t\t\t<details id=\"e-n-accordion-item-10425\" class=\"e-n-accordion-item\" >\n\t\t\t\t<summary class=\"e-n-accordion-item-title\" data-accordion-index=\"26\" tabindex=\"-1\" aria-expanded=\"false\" aria-controls=\"e-n-accordion-item-10425\" >\n\t\t\t\t\t<span class='e-n-accordion-item-title-header'><div class=\"e-n-accordion-item-title-text\"> Takiksapa - \"multinstrumentismo e interdisciplinariedad\" <\/div><\/span>\n\t\t\t\t\t\t\t<span class='e-n-accordion-item-title-icon'>\n\t\t\t<span class='e-opened' ><svg aria-hidden=\"true\" class=\"e-font-icon-svg e-far-folder-open\" viewbox=\"0 0 576 512\" xmlns=\"http:\/\/www.w3.org\/2000\/svg\"><path d=\"M527.9 224H480v-48c0-26.5-21.5-48-48-48H272l-64-64H48C21.5 64 0 85.5 0 112v288c0 26.5 21.5 48 48 48h400c16.5 0 31.9-8.5 40.7-22.6l79.9-128c20-31.9-3-73.4-40.7-73.4zM48 118c0-3.3 2.7-6 6-6h134.1l64 64H426c3.3 0 6 2.7 6 6v42H152c-16.8 0-32.4 8.8-41.1 23.2L48 351.4zm400 282H72l77.2-128H528z\"><\/path><\/svg><\/span>\n\t\t\t<span class='e-closed'><svg aria-hidden=\"true\" class=\"e-font-icon-svg e-far-folder\" viewbox=\"0 0 512 512\" xmlns=\"http:\/\/www.w3.org\/2000\/svg\"><path d=\"M464 128H272l-54.63-54.63c-6-6-14.14-9.37-22.63-9.37H48C21.49 64 0 85.49 0 112v288c0 26.51 21.49 48 48 48h416c26.51 0 48-21.49 48-48V176c0-26.51-21.49-48-48-48zm0 272H48V112h140.12l54.63 54.63c6 6 14.14 9.37 22.63 9.37H464v224z\"><\/path><\/svg><\/span>\n\t\t<\/span>\n\n\t\t\t\t\t\t<\/summary>\n\t\t\t\t<div role=\"region\" aria-labelledby=\"e-n-accordion-item-10425\" class=\"elementor-element elementor-element-89cfedc e-con-full e-flex e-con e-child\" data-id=\"89cfedc\" data-element_type=\"container\" data-e-type=\"container\" data-settings=\"{&quot;_ha_eqh_enable&quot;:false}\">\n\t\t\t\t<div class=\"elementor-element elementor-element-4932eff elementor-widget elementor-widget-text-editor\" data-id=\"4932eff\" data-element_type=\"widget\" data-e-type=\"widget\" data-widget_type=\"text-editor.default\">\n\t\t\t\t<div class=\"elementor-widget-container\">\n\t\t\t\t\t\t\t\t\t<ul><li><strong>Code: <\/strong>VPIA-2025-26-PI<\/li><li><strong>Directeur:<\/strong>\u00a0Moreno Guerron Luis Carlos<\/li><li><strong>Unidad acad\u00e9mica: <\/strong>Artes Sonoras<\/li><li><strong style=\"color: var( --e-global-color-71b3e6d1 ); text-align: var(--text-align);\">Ligne de recherche:<\/strong><span style=\"color: var( --e-global-color-71b3e6d1 ); text-align: var(--text-align);\">\u00a0<\/span>PEDAGOG\u00cdAS CR\u00cdTICAS Y CREATIVAS DESDE LAS ARTES<\/li><li><strong>Colectivo\/individual:\u00a0<\/strong>Individual<\/li><li><strong>Financiado\/no financiado: <\/strong>No financiado<\/li><li><strong>Objectif g\u00e9n\u00e9ral:<\/strong> Generar espacios de investigaci\u00f3n, aprendizaje y vinculaci\u00f3n a partir de la ense\u00f1anza del multinstrumentismo como forma de interdisciplinariedad en estudiantes de la Universidad de las Artes.<\/li><\/ul>\t\t\t\t\t\t\t\t<\/div>\n\t\t\t\t<\/div>\n\t\t\t\t<\/div>\n\t\t\t\t\t<\/details>\n\t\t\t\t\t\t<details id=\"e-n-accordion-item-10426\" class=\"e-n-accordion-item\" >\n\t\t\t\t<summary class=\"e-n-accordion-item-title\" data-accordion-index=\"27\" tabindex=\"-1\" aria-expanded=\"false\" aria-controls=\"e-n-accordion-item-10426\" >\n\t\t\t\t\t<span class='e-n-accordion-item-title-header'><div class=\"e-n-accordion-item-title-text\"> Trayectorias de vida. Puesta en valor de las historias de vida y organizaci\u00f3n de las mujeres en Guayaquil <\/div><\/span>\n\t\t\t\t\t\t\t<span class='e-n-accordion-item-title-icon'>\n\t\t\t<span class='e-opened' ><svg aria-hidden=\"true\" class=\"e-font-icon-svg e-far-folder-open\" viewbox=\"0 0 576 512\" xmlns=\"http:\/\/www.w3.org\/2000\/svg\"><path d=\"M527.9 224H480v-48c0-26.5-21.5-48-48-48H272l-64-64H48C21.5 64 0 85.5 0 112v288c0 26.5 21.5 48 48 48h400c16.5 0 31.9-8.5 40.7-22.6l79.9-128c20-31.9-3-73.4-40.7-73.4zM48 118c0-3.3 2.7-6 6-6h134.1l64 64H426c3.3 0 6 2.7 6 6v42H152c-16.8 0-32.4 8.8-41.1 23.2L48 351.4zm400 282H72l77.2-128H528z\"><\/path><\/svg><\/span>\n\t\t\t<span class='e-closed'><svg aria-hidden=\"true\" class=\"e-font-icon-svg e-far-folder\" viewbox=\"0 0 512 512\" xmlns=\"http:\/\/www.w3.org\/2000\/svg\"><path d=\"M464 128H272l-54.63-54.63c-6-6-14.14-9.37-22.63-9.37H48C21.49 64 0 85.49 0 112v288c0 26.51 21.49 48 48 48h416c26.51 0 48-21.49 48-48V176c0-26.51-21.49-48-48-48zm0 272H48V112h140.12l54.63 54.63c6 6 14.14 9.37 22.63 9.37H464v224z\"><\/path><\/svg><\/span>\n\t\t<\/span>\n\n\t\t\t\t\t\t<\/summary>\n\t\t\t\t<div role=\"region\" aria-labelledby=\"e-n-accordion-item-10426\" class=\"elementor-element elementor-element-8a31e42 e-con-full e-flex e-con e-child\" data-id=\"8a31e42\" data-element_type=\"container\" data-e-type=\"container\" data-settings=\"{&quot;_ha_eqh_enable&quot;:false}\">\n\t\t\t\t<div class=\"elementor-element elementor-element-f36abe4 elementor-widget elementor-widget-text-editor\" data-id=\"f36abe4\" data-element_type=\"widget\" data-e-type=\"widget\" data-widget_type=\"text-editor.default\">\n\t\t\t\t<div class=\"elementor-widget-container\">\n\t\t\t\t\t\t\t\t\t<ul><li><strong>Code: <\/strong>VPIA-2025-27-PI<\/li><li><strong>Directeur:<\/strong> Brice\u00f1o Linares Ybelice<\/li><li><strong>Unidad acad\u00e9mica: <\/strong>Transversal<\/li><li><strong>Co-investigadores:<\/strong>\u00a0Villarreal Freire Pamela Alejandra, Pico Salguero Nora Amaranta<\/li><li><strong style=\"color: var( --e-global-color-71b3e6d1 ); text-align: var(--text-align);\">Ligne de recherche:<\/strong><span style=\"color: var( --e-global-color-71b3e6d1 ); text-align: var(--text-align);\">\u00a0<\/span>ARTE REPRESENTACI\u00d3N, MEMORIA Y PATRIMONIO<\/li><li><strong>Colectivo\/individual:\u00a0<\/strong>Colectivo<\/li><li><strong>Financiado\/no financiado: <\/strong>No financiado<\/li><li><strong>Objectif g\u00e9n\u00e9ral:<\/strong> Promover la construcci\u00f3n de memoria colectiva sobre luchas y organizaci\u00f3n social de las mujeres en Guayaquil, en las \u00faltimas cuatro d\u00e9cadas, a trav\u00e9s de productos acad\u00e9micos y dispositivos art\u00edsticos\u00a0<\/li><\/ul>\t\t\t\t\t\t\t\t<\/div>\n\t\t\t\t<\/div>\n\t\t\t\t<\/div>\n\t\t\t\t\t<\/details>\n\t\t\t\t\t\t<details id=\"e-n-accordion-item-10427\" class=\"e-n-accordion-item\" >\n\t\t\t\t<summary class=\"e-n-accordion-item-title\" data-accordion-index=\"28\" tabindex=\"-1\" aria-expanded=\"false\" aria-controls=\"e-n-accordion-item-10427\" >\n\t\t\t\t\t<span class='e-n-accordion-item-title-header'><div class=\"e-n-accordion-item-title-text\"> Trompo: mediaci\u00f3n lectora para infancias <\/div><\/span>\n\t\t\t\t\t\t\t<span class='e-n-accordion-item-title-icon'>\n\t\t\t<span class='e-opened' ><svg aria-hidden=\"true\" class=\"e-font-icon-svg e-far-folder-open\" viewbox=\"0 0 576 512\" xmlns=\"http:\/\/www.w3.org\/2000\/svg\"><path d=\"M527.9 224H480v-48c0-26.5-21.5-48-48-48H272l-64-64H48C21.5 64 0 85.5 0 112v288c0 26.5 21.5 48 48 48h400c16.5 0 31.9-8.5 40.7-22.6l79.9-128c20-31.9-3-73.4-40.7-73.4zM48 118c0-3.3 2.7-6 6-6h134.1l64 64H426c3.3 0 6 2.7 6 6v42H152c-16.8 0-32.4 8.8-41.1 23.2L48 351.4zm400 282H72l77.2-128H528z\"><\/path><\/svg><\/span>\n\t\t\t<span class='e-closed'><svg aria-hidden=\"true\" class=\"e-font-icon-svg e-far-folder\" viewbox=\"0 0 512 512\" xmlns=\"http:\/\/www.w3.org\/2000\/svg\"><path d=\"M464 128H272l-54.63-54.63c-6-6-14.14-9.37-22.63-9.37H48C21.49 64 0 85.49 0 112v288c0 26.51 21.49 48 48 48h416c26.51 0 48-21.49 48-48V176c0-26.51-21.49-48-48-48zm0 272H48V112h140.12l54.63 54.63c6 6 14.14 9.37 22.63 9.37H464v224z\"><\/path><\/svg><\/span>\n\t\t<\/span>\n\n\t\t\t\t\t\t<\/summary>\n\t\t\t\t<div role=\"region\" aria-labelledby=\"e-n-accordion-item-10427\" class=\"elementor-element elementor-element-a243d86 e-con-full e-flex e-con e-child\" data-id=\"a243d86\" data-element_type=\"container\" data-e-type=\"container\" data-settings=\"{&quot;_ha_eqh_enable&quot;:false}\">\n\t\t\t\t<div class=\"elementor-element elementor-element-92d9ccf elementor-widget elementor-widget-text-editor\" data-id=\"92d9ccf\" data-element_type=\"widget\" data-e-type=\"widget\" data-widget_type=\"text-editor.default\">\n\t\t\t\t<div class=\"elementor-widget-container\">\n\t\t\t\t\t\t\t\t\t<ul><li><strong>Code: <\/strong>VPIA-2025-28-PI<\/li><li><strong>Directeur:<\/strong> Zambrano Murillo Maria Alejandra<\/li><li><strong>Unidad acad\u00e9mica: <\/strong>Litt\u00e9rature<\/li><li><strong>Co-investigadores:<\/strong>\u00a0Cort\u00e9s Tapia Benjamin, Gonz\u00e1lez Castro Nadia Aracelly, Alvarado Montalvo Cristian Agustin<\/li><li><strong style=\"color: var( --e-global-color-71b3e6d1 ); text-align: var(--text-align);\">Ligne de recherche:<\/strong><span style=\"color: var( --e-global-color-71b3e6d1 ); text-align: var(--text-align);\">\u00a0<\/span>PEDAGOG\u00cdAS CR\u00cdTICAS Y CREATIVAS DESDE LAS ARTES<\/li><li><strong>Colectivo\/individual:\u00a0<\/strong>Colectivo<\/li><li><strong>Financiado\/no financiado: <\/strong>Financiado<\/li><li><strong>Objectif g\u00e9n\u00e9ral:<\/strong> Analizar, problematizar y rebatir nociones coloniales presentes en la literatura infantil y juvenil ecuatoriana contempor\u00e1nea (2010-2025) por medio de a) procesos de investigaci\u00f3n formativa que activen el pensamiento relacional y la pluriversalidad, b) producci\u00f3n acad\u00e9mica pertinente y contextualiza en coautor\u00eda, c) creaci\u00f3n para p\u00fablico infantil en artes narrativas, esc\u00e9nicas y audiovisuales, y, d) proyectos de mediaci\u00f3n literaria en territorio con el fin de generar visiones alternativas y sensibles que tomen en cuenta el contexto sociocultural y pol\u00edtico del pa\u00eds as\u00ed como los saberes y sentires de las infancias hist\u00f3ricamente excluidas, criminalizadas y racializadas.\u00a0<\/li><\/ul>\t\t\t\t\t\t\t\t<\/div>\n\t\t\t\t<\/div>\n\t\t\t\t<\/div>\n\t\t\t\t\t<\/details>\n\t\t\t\t\t\t<details id=\"e-n-accordion-item-10428\" class=\"e-n-accordion-item\" >\n\t\t\t\t<summary class=\"e-n-accordion-item-title\" data-accordion-index=\"29\" tabindex=\"-1\" aria-expanded=\"false\" aria-controls=\"e-n-accordion-item-10428\" >\n\t\t\t\t\t<span class='e-n-accordion-item-title-header'><div class=\"e-n-accordion-item-title-text\"> Voces del CEAT. Cartograf\u00edas cr\u00edticas sobre las artes <\/div><\/span>\n\t\t\t\t\t\t\t<span class='e-n-accordion-item-title-icon'>\n\t\t\t<span class='e-opened' ><svg aria-hidden=\"true\" class=\"e-font-icon-svg e-far-folder-open\" viewbox=\"0 0 576 512\" xmlns=\"http:\/\/www.w3.org\/2000\/svg\"><path d=\"M527.9 224H480v-48c0-26.5-21.5-48-48-48H272l-64-64H48C21.5 64 0 85.5 0 112v288c0 26.5 21.5 48 48 48h400c16.5 0 31.9-8.5 40.7-22.6l79.9-128c20-31.9-3-73.4-40.7-73.4zM48 118c0-3.3 2.7-6 6-6h134.1l64 64H426c3.3 0 6 2.7 6 6v42H152c-16.8 0-32.4 8.8-41.1 23.2L48 351.4zm400 282H72l77.2-128H528z\"><\/path><\/svg><\/span>\n\t\t\t<span class='e-closed'><svg aria-hidden=\"true\" class=\"e-font-icon-svg e-far-folder\" viewbox=\"0 0 512 512\" xmlns=\"http:\/\/www.w3.org\/2000\/svg\"><path d=\"M464 128H272l-54.63-54.63c-6-6-14.14-9.37-22.63-9.37H48C21.49 64 0 85.49 0 112v288c0 26.51 21.49 48 48 48h416c26.51 0 48-21.49 48-48V176c0-26.51-21.49-48-48-48zm0 272H48V112h140.12l54.63 54.63c6 6 14.14 9.37 22.63 9.37H464v224z\"><\/path><\/svg><\/span>\n\t\t<\/span>\n\n\t\t\t\t\t\t<\/summary>\n\t\t\t\t<div role=\"region\" aria-labelledby=\"e-n-accordion-item-10428\" class=\"elementor-element elementor-element-f21c464 e-con-full e-flex e-con e-child\" data-id=\"f21c464\" data-element_type=\"container\" data-e-type=\"container\" data-settings=\"{&quot;_ha_eqh_enable&quot;:false}\">\n\t\t\t\t<div class=\"elementor-element elementor-element-620fbc6 elementor-widget elementor-widget-text-editor\" data-id=\"620fbc6\" data-element_type=\"widget\" data-e-type=\"widget\" data-widget_type=\"text-editor.default\">\n\t\t\t\t<div class=\"elementor-widget-container\">\n\t\t\t\t\t\t\t\t\t<ul><li><strong>Code: <\/strong>VPIA-2025-29-PI<\/li><li><strong>Directeur:<\/strong> Loreto Amoretti Marelis De Las Nieves<\/li><li><strong>Unidad acad\u00e9mica: <\/strong>Niveau<\/li><li><strong>Co-investigadores:<\/strong>\u00a0Parra Riera Arturo Mitchel, Orejuela Flores Daniel Fernando<\/li><li><strong style=\"color: var( --e-global-color-71b3e6d1 ); text-align: var(--text-align);\">Ligne de recherche:<\/strong><span style=\"color: var( --e-global-color-71b3e6d1 ); text-align: var(--text-align);\">\u00a0<\/span>PEDAGOG\u00cdAS CR\u00cdTICAS Y CREATIVAS DESDE LAS ARTES<\/li><li><strong>Colectivo\/individual:\u00a0<\/strong>Colectivo<\/li><li><strong>Financiado\/no financiado: <\/strong>No financiado<\/li><li><strong>Objectif g\u00e9n\u00e9ral:<\/strong> Articular la escritura acad\u00e9mica como una pr\u00e1ctica creativa y cr\u00edtica que dialogue y se entrelace con las din\u00e1micas de la producci\u00f3n musical y las artes sonoras, generando un marco conceptual y metodol\u00f3gico que permita visibilizar estas disciplinas como fuentes leg\u00edtimas de conocimiento en el \u00e1mbito acad\u00e9mico.\u00a0<\/li><\/ul>\t\t\t\t\t\t\t\t<\/div>\n\t\t\t\t<\/div>\n\t\t\t\t<\/div>\n\t\t\t\t\t<\/details>\n\t\t\t\t\t<\/div>\n\t\t\t\t\t\t<\/div>\n\t\t\t\t<\/div>\n\t\t\t\t<div class=\"elementor-element elementor-element-dde2fe1 elementor-widget elementor-widget-heading\" data-id=\"dde2fe1\" data-element_type=\"widget\" data-e-type=\"widget\" data-widget_type=\"heading.default\">\n\t\t\t\t<div class=\"elementor-widget-container\">\n\t\t\t\t\t<h2 class=\"elementor-heading-title elementor-size-default\">Proyectos activos hasta 2026<\/h2>\t\t\t\t<\/div>\n\t\t\t\t<\/div>\n\t\t\t\t<div class=\"elementor-element elementor-element-460cecc elementor-widget elementor-widget-heading\" data-id=\"460cecc\" data-element_type=\"widget\" data-e-type=\"widget\" data-widget_type=\"heading.default\">\n\t\t\t\t<div class=\"elementor-widget-container\">\n\t\t\t\t\t<h6 class=\"elementor-heading-title elementor-size-default\">Aprobados en las convocatorias de 2023 y 2024.<\/h6>\t\t\t\t<\/div>\n\t\t\t\t<\/div>\n\t\t\t\t<div class=\"elementor-element elementor-element-07c2fc6 elementor-widget elementor-widget-n-accordion\" data-id=\"07c2fc6\" data-element_type=\"widget\" data-e-type=\"widget\" data-settings=\"{&quot;default_state&quot;:&quot;all_collapsed&quot;,&quot;max_items_expended&quot;:&quot;one&quot;,&quot;n_accordion_animation_duration&quot;:{&quot;unit&quot;:&quot;ms&quot;,&quot;size&quot;:400,&quot;sizes&quot;:[]}}\" data-widget_type=\"nested-accordion.default\">\n\t\t\t\t<div class=\"elementor-widget-container\">\n\t\t\t\t\t\t\t<div class=\"e-n-accordion\" aria-label=\"Accordion. Open links with Enter or Space, close with Escape, and navigate with Arrow Keys\">\n\t\t\t\t\t\t<details id=\"e-n-accordion-item-8130\" class=\"e-n-accordion-item\" >\n\t\t\t\t<summary class=\"e-n-accordion-item-title\" data-accordion-index=\"1\" tabindex=\"0\" aria-expanded=\"false\" aria-controls=\"e-n-accordion-item-8130\" >\n\t\t\t\t\t<span class='e-n-accordion-item-title-header'><div class=\"e-n-accordion-item-title-text\"> El derecho a leer en Ecuador: Una aproximaci\u00f3n desde el sector editorial independiente <\/div><\/span>\n\t\t\t\t\t\t\t<span class='e-n-accordion-item-title-icon'>\n\t\t\t<span class='e-opened' ><svg aria-hidden=\"true\" class=\"e-font-icon-svg e-far-folder-open\" viewbox=\"0 0 576 512\" xmlns=\"http:\/\/www.w3.org\/2000\/svg\"><path d=\"M527.9 224H480v-48c0-26.5-21.5-48-48-48H272l-64-64H48C21.5 64 0 85.5 0 112v288c0 26.5 21.5 48 48 48h400c16.5 0 31.9-8.5 40.7-22.6l79.9-128c20-31.9-3-73.4-40.7-73.4zM48 118c0-3.3 2.7-6 6-6h134.1l64 64H426c3.3 0 6 2.7 6 6v42H152c-16.8 0-32.4 8.8-41.1 23.2L48 351.4zm400 282H72l77.2-128H528z\"><\/path><\/svg><\/span>\n\t\t\t<span class='e-closed'><svg aria-hidden=\"true\" class=\"e-font-icon-svg e-far-folder\" viewbox=\"0 0 512 512\" xmlns=\"http:\/\/www.w3.org\/2000\/svg\"><path d=\"M464 128H272l-54.63-54.63c-6-6-14.14-9.37-22.63-9.37H48C21.49 64 0 85.49 0 112v288c0 26.51 21.49 48 48 48h416c26.51 0 48-21.49 48-48V176c0-26.51-21.49-48-48-48zm0 272H48V112h140.12l54.63 54.63c6 6 14.14 9.37 22.63 9.37H464v224z\"><\/path><\/svg><\/span>\n\t\t<\/span>\n\n\t\t\t\t\t\t<\/summary>\n\t\t\t\t<div role=\"region\" aria-labelledby=\"e-n-accordion-item-8130\" class=\"elementor-element elementor-element-3e84a01 e-con-full e-flex e-con e-child\" data-id=\"3e84a01\" data-element_type=\"container\" data-e-type=\"container\" data-settings=\"{&quot;_ha_eqh_enable&quot;:false}\">\n\t\t\t\t<div class=\"elementor-element elementor-element-39b8ca0 elementor-widget elementor-widget-text-editor\" data-id=\"39b8ca0\" data-element_type=\"widget\" data-e-type=\"widget\" data-widget_type=\"text-editor.default\">\n\t\t\t\t<div class=\"elementor-widget-container\">\n\t\t\t\t\t\t\t\t\t<ul><li><strong>Code:<\/strong> VPIA-2023-06-PI<\/li><li><strong>Directeur:<\/strong> Corral Escudero Ana Camila<\/li><li><strong>Unidad acad\u00e9mica: <\/strong>Litt\u00e9rature<\/li><li><strong>Co-investigadores: <\/strong>\u00a0Montenegro Sandoval Mario Fernando, Zambrano Alvarado Jessica Thalia, Ibarra Rojas Mariam<\/li><li><strong>Ligne de recherche:<\/strong> ARTE, ECONOM\u00cdA, CIRCUITOS Y COMUNIDADES<\/li><li><strong>Colectivo\/individual:\u00a0<\/strong>Colectivo<\/li><li><strong>Financiado\/no financiado: <\/strong>Financiado<\/li><li><strong>Objectif g\u00e9n\u00e9ral:<\/strong> Problematizar las pr\u00e1cticas editoriales independientes y lectoras para comprender su importancia para la circulaci\u00f3n de conocimiento, la transformaci\u00f3n social y el desarrollo del esp\u00edritu cr\u00edtico en Ecuador, con especial \u00e9nfasis en los procesos ocurridos en torno al Encuentro de Editoriales Independientes y feria de publicaciones, Libre Libro, de la UArtes.\u00a0<\/li><\/ul>\t\t\t\t\t\t\t\t<\/div>\n\t\t\t\t<\/div>\n\t\t\t\t<\/div>\n\t\t\t\t\t<\/details>\n\t\t\t\t\t\t<details id=\"e-n-accordion-item-8131\" class=\"e-n-accordion-item\" >\n\t\t\t\t<summary class=\"e-n-accordion-item-title\" data-accordion-index=\"2\" tabindex=\"-1\" aria-expanded=\"false\" aria-controls=\"e-n-accordion-item-8131\" >\n\t\t\t\t\t<span class='e-n-accordion-item-title-header'><div class=\"e-n-accordion-item-title-text\"> Hoja en blanco: Laboratorio literario de investigaci\u00f3n\/creaci\u00f3n <\/div><\/span>\n\t\t\t\t\t\t\t<span class='e-n-accordion-item-title-icon'>\n\t\t\t<span class='e-opened' ><svg aria-hidden=\"true\" class=\"e-font-icon-svg e-far-folder-open\" viewbox=\"0 0 576 512\" xmlns=\"http:\/\/www.w3.org\/2000\/svg\"><path d=\"M527.9 224H480v-48c0-26.5-21.5-48-48-48H272l-64-64H48C21.5 64 0 85.5 0 112v288c0 26.5 21.5 48 48 48h400c16.5 0 31.9-8.5 40.7-22.6l79.9-128c20-31.9-3-73.4-40.7-73.4zM48 118c0-3.3 2.7-6 6-6h134.1l64 64H426c3.3 0 6 2.7 6 6v42H152c-16.8 0-32.4 8.8-41.1 23.2L48 351.4zm400 282H72l77.2-128H528z\"><\/path><\/svg><\/span>\n\t\t\t<span class='e-closed'><svg aria-hidden=\"true\" class=\"e-font-icon-svg e-far-folder\" viewbox=\"0 0 512 512\" xmlns=\"http:\/\/www.w3.org\/2000\/svg\"><path d=\"M464 128H272l-54.63-54.63c-6-6-14.14-9.37-22.63-9.37H48C21.49 64 0 85.49 0 112v288c0 26.51 21.49 48 48 48h416c26.51 0 48-21.49 48-48V176c0-26.51-21.49-48-48-48zm0 272H48V112h140.12l54.63 54.63c6 6 14.14 9.37 22.63 9.37H464v224z\"><\/path><\/svg><\/span>\n\t\t<\/span>\n\n\t\t\t\t\t\t<\/summary>\n\t\t\t\t<div role=\"region\" aria-labelledby=\"e-n-accordion-item-8131\" class=\"elementor-element elementor-element-25943a4 e-con-full e-flex e-con e-child\" data-id=\"25943a4\" data-element_type=\"container\" data-e-type=\"container\" data-settings=\"{&quot;_ha_eqh_enable&quot;:false}\">\n\t\t\t\t<div class=\"elementor-element elementor-element-694f76e elementor-widget elementor-widget-text-editor\" data-id=\"694f76e\" data-element_type=\"widget\" data-e-type=\"widget\" data-widget_type=\"text-editor.default\">\n\t\t\t\t<div class=\"elementor-widget-container\">\n\t\t\t\t\t\t\t\t\t<ul><li><strong>Code: <\/strong>VPIA-2023-13-PI<\/li><li><strong>Directeur:<\/strong> Land\u00e1zuri Su\u00e1rez Carlos Andr\u00e9s<\/li><li><strong>Unidad acad\u00e9mica: <\/strong>Litt\u00e9rature<\/li><li><strong>Co-investigadores:\u00a0<\/strong>Alvarado Montalvo Cristian Agustin, Velasco Andrade Mar\u00eda Cecilia, Ramirez Paredes Roberto Marcos, Espa\u00f1a Mu\u00f1oz Siomara Benedicta, Briones Layana Mar\u00eda Paulina, Jim\u00e9nez Gaona \u00c1ngel Dar\u00edo, Rodr\u00edguez Pappe Solange Pamela, Cino Alvear Maritza Marieta<\/li><li><strong>Ligne de recherche:<\/strong> ARTE REPRESENTACI\u00d3N, MEMORIA Y PATRIMONIO<\/li><li><strong>Colectivo\/individual:\u00a0<\/strong>Colectivo<\/li><li><strong>Financiado\/no financiado: <\/strong>Financiado<\/li><li><strong>Objectif g\u00e9n\u00e9ral:<\/strong> Renforcer la capacit\u00e9 de l'Ecole de Litt\u00e9rature de l'UArtes \u00e0 organiser et ex\u00e9cuter ses int\u00e9r\u00eats de recherche\/cr\u00e9ation afin d'encourager le sauvetage, l'\u00e9tude, l'interpr\u00e9tation, la lecture et l'interpr\u00e9tation critique de l'\u0153uvre d'art de l'UArtes.<\/li><\/ul>\t\t\t\t\t\t\t\t<\/div>\n\t\t\t\t<\/div>\n\t\t\t\t<\/div>\n\t\t\t\t\t<\/details>\n\t\t\t\t\t\t<details id=\"e-n-accordion-item-8132\" class=\"e-n-accordion-item\" >\n\t\t\t\t<summary class=\"e-n-accordion-item-title\" data-accordion-index=\"3\" tabindex=\"-1\" aria-expanded=\"false\" aria-controls=\"e-n-accordion-item-8132\" >\n\t\t\t\t\t<span class='e-n-accordion-item-title-header'><div class=\"e-n-accordion-item-title-text\"> Did\u00e1cticas desde el pensamiento art\u00edstico: Exploraci\u00f3n de las pedagog\u00edas creativas a partir de procesos formativos en artes con las comunidades  <\/div><\/span>\n\t\t\t\t\t\t\t<span class='e-n-accordion-item-title-icon'>\n\t\t\t<span class='e-opened' ><svg aria-hidden=\"true\" class=\"e-font-icon-svg e-far-folder-open\" viewbox=\"0 0 576 512\" xmlns=\"http:\/\/www.w3.org\/2000\/svg\"><path d=\"M527.9 224H480v-48c0-26.5-21.5-48-48-48H272l-64-64H48C21.5 64 0 85.5 0 112v288c0 26.5 21.5 48 48 48h400c16.5 0 31.9-8.5 40.7-22.6l79.9-128c20-31.9-3-73.4-40.7-73.4zM48 118c0-3.3 2.7-6 6-6h134.1l64 64H426c3.3 0 6 2.7 6 6v42H152c-16.8 0-32.4 8.8-41.1 23.2L48 351.4zm400 282H72l77.2-128H528z\"><\/path><\/svg><\/span>\n\t\t\t<span class='e-closed'><svg aria-hidden=\"true\" class=\"e-font-icon-svg e-far-folder\" viewbox=\"0 0 512 512\" xmlns=\"http:\/\/www.w3.org\/2000\/svg\"><path d=\"M464 128H272l-54.63-54.63c-6-6-14.14-9.37-22.63-9.37H48C21.49 64 0 85.49 0 112v288c0 26.51 21.49 48 48 48h416c26.51 0 48-21.49 48-48V176c0-26.51-21.49-48-48-48zm0 272H48V112h140.12l54.63 54.63c6 6 14.14 9.37 22.63 9.37H464v224z\"><\/path><\/svg><\/span>\n\t\t<\/span>\n\n\t\t\t\t\t\t<\/summary>\n\t\t\t\t<div role=\"region\" aria-labelledby=\"e-n-accordion-item-8132\" class=\"elementor-element elementor-element-f9e2e96 e-con-full e-flex e-con e-child\" data-id=\"f9e2e96\" data-element_type=\"container\" data-e-type=\"container\" data-settings=\"{&quot;_ha_eqh_enable&quot;:false}\">\n\t\t\t\t<div class=\"elementor-element elementor-element-774b3bc elementor-widget elementor-widget-text-editor\" data-id=\"774b3bc\" data-element_type=\"widget\" data-e-type=\"widget\" data-widget_type=\"text-editor.default\">\n\t\t\t\t<div class=\"elementor-widget-container\">\n\t\t\t\t\t\t\t\t\t<ul><li><strong>Code: <\/strong>VPIA-2024-01-PI<\/li><li><strong>Directeur:<\/strong> Mujica Paredes Pedro Jos\u00e9<\/li><li><strong>Unidad acad\u00e9mica: <\/strong>Litt\u00e9rature<\/li><li><strong>Co-investigadores:\u00a0<\/strong>Rocha Espinoza Juan Jose, S\u00e1nchez Quinchuela Carlos Patricio, Mogrovejo Rosero Jenny Monserratt, Tigrero Vaca Jorge William, Su\u00e1rez Pinz\u00f3n Janina Fernanda<\/li><li><strong>Ligne de recherche:<\/strong> PEDAGOG\u00cdAS CR\u00cdTICAS Y CREATIVAS DESDE LAS ARTES<\/li><li><strong>Colectivo\/individual:\u00a0<\/strong>Colectivo<\/li><li><strong>Financiado\/no financiado: <\/strong>No financiado<\/li><li><strong>Objectif g\u00e9n\u00e9ral:<\/strong> Desarrollar los aportes de propuestas pedag\u00f3gicas l\u00fadicas a partir de procesos formativos desde y con las artes desde un enfoque educativo disruptiva y vivencial partiendo de la experiencia comunitarias.<\/li><\/ul>\t\t\t\t\t\t\t\t<\/div>\n\t\t\t\t<\/div>\n\t\t\t\t<\/div>\n\t\t\t\t\t<\/details>\n\t\t\t\t\t\t<details id=\"e-n-accordion-item-8133\" class=\"e-n-accordion-item\" >\n\t\t\t\t<summary class=\"e-n-accordion-item-title\" data-accordion-index=\"4\" tabindex=\"-1\" aria-expanded=\"false\" aria-controls=\"e-n-accordion-item-8133\" >\n\t\t\t\t\t<span class='e-n-accordion-item-title-header'><div class=\"e-n-accordion-item-title-text\"> Dislocar: Transducciones para la accesibilidad en la creaci\u00f3n art\u00edstica  <\/div><\/span>\n\t\t\t\t\t\t\t<span class='e-n-accordion-item-title-icon'>\n\t\t\t<span class='e-opened' ><svg aria-hidden=\"true\" class=\"e-font-icon-svg e-far-folder-open\" viewbox=\"0 0 576 512\" xmlns=\"http:\/\/www.w3.org\/2000\/svg\"><path d=\"M527.9 224H480v-48c0-26.5-21.5-48-48-48H272l-64-64H48C21.5 64 0 85.5 0 112v288c0 26.5 21.5 48 48 48h400c16.5 0 31.9-8.5 40.7-22.6l79.9-128c20-31.9-3-73.4-40.7-73.4zM48 118c0-3.3 2.7-6 6-6h134.1l64 64H426c3.3 0 6 2.7 6 6v42H152c-16.8 0-32.4 8.8-41.1 23.2L48 351.4zm400 282H72l77.2-128H528z\"><\/path><\/svg><\/span>\n\t\t\t<span class='e-closed'><svg aria-hidden=\"true\" class=\"e-font-icon-svg e-far-folder\" viewbox=\"0 0 512 512\" xmlns=\"http:\/\/www.w3.org\/2000\/svg\"><path d=\"M464 128H272l-54.63-54.63c-6-6-14.14-9.37-22.63-9.37H48C21.49 64 0 85.49 0 112v288c0 26.51 21.49 48 48 48h416c26.51 0 48-21.49 48-48V176c0-26.51-21.49-48-48-48zm0 272H48V112h140.12l54.63 54.63c6 6 14.14 9.37 22.63 9.37H464v224z\"><\/path><\/svg><\/span>\n\t\t<\/span>\n\n\t\t\t\t\t\t<\/summary>\n\t\t\t\t<div role=\"region\" aria-labelledby=\"e-n-accordion-item-8133\" class=\"elementor-element elementor-element-9a2ea62 e-con-full e-flex e-con e-child\" data-id=\"9a2ea62\" data-element_type=\"container\" data-e-type=\"container\" data-settings=\"{&quot;_ha_eqh_enable&quot;:false}\">\n\t\t\t\t<div class=\"elementor-element elementor-element-903f3cf elementor-widget elementor-widget-text-editor\" data-id=\"903f3cf\" data-element_type=\"widget\" data-e-type=\"widget\" data-widget_type=\"text-editor.default\">\n\t\t\t\t<div class=\"elementor-widget-container\">\n\t\t\t\t\t\t\t\t\t<ul><li><strong>Code: <\/strong>VPIA-2024-02-PI<\/li><li><strong>Directeur:<\/strong> Mera Espinoza Sofia Guadalupe<\/li><li><strong>Unidad acad\u00e9mica: <\/strong>Esc\u00e9nicas<\/li><li><strong>Co-investigadores:\u00a0<\/strong>Ricaurte Bumachar Giovanna De Fatima, Ripalda Zenck Juan Jos\u00e9, Aguirre Mart\u00ednez Pricila Mar\u00eda<\/li><li><strong>Ligne de recherche:<\/strong> PR\u00c1CTICAS ART\u00cdSTICAS EXPERIMENTALES<\/li><li><strong>Colectivo\/individual:\u00a0<\/strong>Colectivo<\/li><li><strong>Financiado\/no financiado: <\/strong>Financiado<\/li><li><strong>Objectif g\u00e9n\u00e9ral:<\/strong> Desarrollar procesos transdisciplinares de creaci\u00f3n a trav\u00e9s de la exploraci\u00f3n de metodolog\u00edas para la transducci\u00f3n sensorial entre la imagen, el sonido y el movimiento con el fin de realizar una creaci\u00f3n accesible para personas con y sin discapacidad auditiva, visual y motora.<\/li><\/ul>\t\t\t\t\t\t\t\t<\/div>\n\t\t\t\t<\/div>\n\t\t\t\t<\/div>\n\t\t\t\t\t<\/details>\n\t\t\t\t\t\t<details id=\"e-n-accordion-item-8134\" class=\"e-n-accordion-item\" >\n\t\t\t\t<summary class=\"e-n-accordion-item-title\" data-accordion-index=\"5\" tabindex=\"-1\" aria-expanded=\"false\" aria-controls=\"e-n-accordion-item-8134\" >\n\t\t\t\t\t<span class='e-n-accordion-item-title-header'><div class=\"e-n-accordion-item-title-text\"> Atlas: Laboratorio de creaci\u00f3n e investigaci\u00f3n cinematogr\u00e1fica  <\/div><\/span>\n\t\t\t\t\t\t\t<span class='e-n-accordion-item-title-icon'>\n\t\t\t<span class='e-opened' ><svg aria-hidden=\"true\" class=\"e-font-icon-svg e-far-folder-open\" viewbox=\"0 0 576 512\" xmlns=\"http:\/\/www.w3.org\/2000\/svg\"><path d=\"M527.9 224H480v-48c0-26.5-21.5-48-48-48H272l-64-64H48C21.5 64 0 85.5 0 112v288c0 26.5 21.5 48 48 48h400c16.5 0 31.9-8.5 40.7-22.6l79.9-128c20-31.9-3-73.4-40.7-73.4zM48 118c0-3.3 2.7-6 6-6h134.1l64 64H426c3.3 0 6 2.7 6 6v42H152c-16.8 0-32.4 8.8-41.1 23.2L48 351.4zm400 282H72l77.2-128H528z\"><\/path><\/svg><\/span>\n\t\t\t<span class='e-closed'><svg aria-hidden=\"true\" class=\"e-font-icon-svg e-far-folder\" viewbox=\"0 0 512 512\" xmlns=\"http:\/\/www.w3.org\/2000\/svg\"><path d=\"M464 128H272l-54.63-54.63c-6-6-14.14-9.37-22.63-9.37H48C21.49 64 0 85.49 0 112v288c0 26.51 21.49 48 48 48h416c26.51 0 48-21.49 48-48V176c0-26.51-21.49-48-48-48zm0 272H48V112h140.12l54.63 54.63c6 6 14.14 9.37 22.63 9.37H464v224z\"><\/path><\/svg><\/span>\n\t\t<\/span>\n\n\t\t\t\t\t\t<\/summary>\n\t\t\t\t<div role=\"region\" aria-labelledby=\"e-n-accordion-item-8134\" class=\"elementor-element elementor-element-73ffeeb e-con-full e-flex e-con e-child\" data-id=\"73ffeeb\" data-element_type=\"container\" data-e-type=\"container\" data-settings=\"{&quot;_ha_eqh_enable&quot;:false}\">\n\t\t\t\t<div class=\"elementor-element elementor-element-b789b1b elementor-widget elementor-widget-text-editor\" data-id=\"b789b1b\" data-element_type=\"widget\" data-e-type=\"widget\" data-widget_type=\"text-editor.default\">\n\t\t\t\t<div class=\"elementor-widget-container\">\n\t\t\t\t\t\t\t\t\t<ul><li><strong>Code:<\/strong> VPIA-2023-01-PI<\/li><li><strong>Directeur:<\/strong> Falcon\u00ed Averhoff Diego Alonso<\/li><li><strong>Unidad acad\u00e9mica: <\/strong>Cin\u00e9ma<\/li><li><strong>Co-investigadores: <\/strong>\u00a0Aguirre Mart\u00ednez Pricila Mar\u00eda, Morales Bres Raymi Nicolas, Herrera Moreno Alicia Maria, Mej\u00eda Molina Tamara Vanessa\u00a0<\/li><li><strong>Ligne de recherche:<\/strong> ARTE REPRESENTACI\u00d3N, MEMORIA Y PATRIMONIO<\/li><li><strong>Colectivo\/individual:\u00a0<\/strong>Colectivo<\/li><li><strong>Financiado\/no financiado: <\/strong>Financiado<\/li><li><strong>Objectif g\u00e9n\u00e9ral:<\/strong> Mettre en place un laboratoire de cr\u00e9ation cin\u00e9matographique et de recherche acad\u00e9mique dans un r\u00e9seau qui encourage l'exp\u00e9rimentation de pratiques contre-h\u00e9g\u00e9moniques et innovantes, donnant lieu \u00e0 des formes filmiques et \u00e0 des textes th\u00e9oriques qui remettent en question et d\u00e9construisent les canons narratifs et esth\u00e9tiques du cin\u00e9ma industriel.<\/li><\/ul>\t\t\t\t\t\t\t\t<\/div>\n\t\t\t\t<\/div>\n\t\t\t\t<\/div>\n\t\t\t\t\t<\/details>\n\t\t\t\t\t\t<details id=\"e-n-accordion-item-8135\" class=\"e-n-accordion-item\" >\n\t\t\t\t<summary class=\"e-n-accordion-item-title\" data-accordion-index=\"6\" tabindex=\"-1\" aria-expanded=\"false\" aria-controls=\"e-n-accordion-item-8135\" >\n\t\t\t\t\t<span class='e-n-accordion-item-title-header'><div class=\"e-n-accordion-item-title-text\"> Creaci\u00f3n piloto: Di\u00e1logos y po\u00e9ticas para la creaci\u00f3n <\/div><\/span>\n\t\t\t\t\t\t\t<span class='e-n-accordion-item-title-icon'>\n\t\t\t<span class='e-opened' ><svg aria-hidden=\"true\" class=\"e-font-icon-svg e-far-folder-open\" viewbox=\"0 0 576 512\" xmlns=\"http:\/\/www.w3.org\/2000\/svg\"><path d=\"M527.9 224H480v-48c0-26.5-21.5-48-48-48H272l-64-64H48C21.5 64 0 85.5 0 112v288c0 26.5 21.5 48 48 48h400c16.5 0 31.9-8.5 40.7-22.6l79.9-128c20-31.9-3-73.4-40.7-73.4zM48 118c0-3.3 2.7-6 6-6h134.1l64 64H426c3.3 0 6 2.7 6 6v42H152c-16.8 0-32.4 8.8-41.1 23.2L48 351.4zm400 282H72l77.2-128H528z\"><\/path><\/svg><\/span>\n\t\t\t<span class='e-closed'><svg aria-hidden=\"true\" class=\"e-font-icon-svg e-far-folder\" viewbox=\"0 0 512 512\" xmlns=\"http:\/\/www.w3.org\/2000\/svg\"><path d=\"M464 128H272l-54.63-54.63c-6-6-14.14-9.37-22.63-9.37H48C21.49 64 0 85.49 0 112v288c0 26.51 21.49 48 48 48h416c26.51 0 48-21.49 48-48V176c0-26.51-21.49-48-48-48zm0 272H48V112h140.12l54.63 54.63c6 6 14.14 9.37 22.63 9.37H464v224z\"><\/path><\/svg><\/span>\n\t\t<\/span>\n\n\t\t\t\t\t\t<\/summary>\n\t\t\t\t<div role=\"region\" aria-labelledby=\"e-n-accordion-item-8135\" class=\"elementor-element elementor-element-737813b e-con-full e-flex e-con e-child\" data-id=\"737813b\" data-element_type=\"container\" data-e-type=\"container\" data-settings=\"{&quot;_ha_eqh_enable&quot;:false}\">\n\t\t\t\t<div class=\"elementor-element elementor-element-571d3c7 elementor-widget elementor-widget-text-editor\" data-id=\"571d3c7\" data-element_type=\"widget\" data-e-type=\"widget\" data-widget_type=\"text-editor.default\">\n\t\t\t\t<div class=\"elementor-widget-container\">\n\t\t\t\t\t\t\t\t\t<ul><li><strong>Code: <\/strong>VPIA-2023-05-PI<\/li><li><strong>Directeur:<\/strong> Cajiao Oviedo Luis Miguel<\/li><li><strong>Unidad acad\u00e9mica: <\/strong>Esc\u00e9nicas<\/li><li><strong>Co-investigadores:\u00a0<\/strong>Aranda Garc\u00eda Mar\u00eda Del Pilar, Santana Alarc\u00f3n Oscar Alberto, V\u00e1sconez Barrag\u00e1n Remigio Miguel. Delgado Espinoza Sandra Lorena, Masabanda Poaquiza Christian Omar, P\u00e9rez Valencia Vanessa Cristina\u00a0<\/li><li><strong>Ligne de recherche:<\/strong> PR\u00c1CTICAS ART\u00cdSTICAS EXPERIMENTALES<\/li><li><strong>Colectivo\/individual:\u00a0<\/strong>Colectivo<\/li><li><strong>Financiado\/no financiado: <\/strong>No financiado<\/li><li><strong>Objectif g\u00e9n\u00e9ral:<\/strong> Reconna\u00eetre les m\u00e9thodologies immerg\u00e9es dans les processus cr\u00e9atifs, bas\u00e9es sur un dialogue interdisciplinaire, feedback p\u00e9riodique, \u00e9tude et r\u00e9flexion \u00e0 travers des laboratoires d'exploration, pour g\u00e9n\u00e9rer et secouer le sens de la cr\u00e9ation des univers po\u00e9tiques possibles.<\/li><\/ul>\t\t\t\t\t\t\t\t<\/div>\n\t\t\t\t<\/div>\n\t\t\t\t<\/div>\n\t\t\t\t\t<\/details>\n\t\t\t\t\t\t<details id=\"e-n-accordion-item-8136\" class=\"e-n-accordion-item\" >\n\t\t\t\t<summary class=\"e-n-accordion-item-title\" data-accordion-index=\"7\" tabindex=\"-1\" aria-expanded=\"false\" aria-controls=\"e-n-accordion-item-8136\" >\n\t\t\t\t\t<span class='e-n-accordion-item-title-header'><div class=\"e-n-accordion-item-title-text\"> Encuentro de ciudades a trav\u00e9s de las artes <\/div><\/span>\n\t\t\t\t\t\t\t<span class='e-n-accordion-item-title-icon'>\n\t\t\t<span class='e-opened' ><svg aria-hidden=\"true\" class=\"e-font-icon-svg e-far-folder-open\" viewbox=\"0 0 576 512\" xmlns=\"http:\/\/www.w3.org\/2000\/svg\"><path d=\"M527.9 224H480v-48c0-26.5-21.5-48-48-48H272l-64-64H48C21.5 64 0 85.5 0 112v288c0 26.5 21.5 48 48 48h400c16.5 0 31.9-8.5 40.7-22.6l79.9-128c20-31.9-3-73.4-40.7-73.4zM48 118c0-3.3 2.7-6 6-6h134.1l64 64H426c3.3 0 6 2.7 6 6v42H152c-16.8 0-32.4 8.8-41.1 23.2L48 351.4zm400 282H72l77.2-128H528z\"><\/path><\/svg><\/span>\n\t\t\t<span class='e-closed'><svg aria-hidden=\"true\" class=\"e-font-icon-svg e-far-folder\" viewbox=\"0 0 512 512\" xmlns=\"http:\/\/www.w3.org\/2000\/svg\"><path d=\"M464 128H272l-54.63-54.63c-6-6-14.14-9.37-22.63-9.37H48C21.49 64 0 85.49 0 112v288c0 26.51 21.49 48 48 48h416c26.51 0 48-21.49 48-48V176c0-26.51-21.49-48-48-48zm0 272H48V112h140.12l54.63 54.63c6 6 14.14 9.37 22.63 9.37H464v224z\"><\/path><\/svg><\/span>\n\t\t<\/span>\n\n\t\t\t\t\t\t<\/summary>\n\t\t\t\t<div role=\"region\" aria-labelledby=\"e-n-accordion-item-8136\" class=\"elementor-element elementor-element-ca746b0 e-con-full e-flex e-con e-child\" data-id=\"ca746b0\" data-element_type=\"container\" data-e-type=\"container\" data-settings=\"{&quot;_ha_eqh_enable&quot;:false}\">\n\t\t\t\t<div class=\"elementor-element elementor-element-9d1b3cf elementor-widget elementor-widget-text-editor\" data-id=\"9d1b3cf\" data-element_type=\"widget\" data-e-type=\"widget\" data-widget_type=\"text-editor.default\">\n\t\t\t\t<div class=\"elementor-widget-container\">\n\t\t\t\t\t\t\t\t\t<ul><li><strong>Code: <\/strong>VPIA-2023-07-PI<\/li><li><strong>Directeur:<\/strong> L\u00f3pez Betancur Olga Del Pilar<\/li><li><strong>Unidad acad\u00e9mica: <\/strong>Transversal<\/li><li><strong>Co-investigadores:\u00a0<\/strong>Arboleda Jim\u00e9nez \u00c1ngela Idalia, Villavicencio Ruiz Cristian Alberto, Fabre V\u00e1squez Mar\u00eda Gabriela<\/li><li><strong>Ligne de recherche:<\/strong> PR\u00c1CTICAS ART\u00cdSTICAS EXPERIMENTALES<\/li><li><strong>Colectivo\/individual:\u00a0<\/strong>Colectivo<\/li><li><strong>Financiado\/no financiado: <\/strong>No financiado<\/li><li><strong>Objectif g\u00e9n\u00e9ral:<\/strong> Comprendre l'importance des dynamiques urbaines dans les pratiques artistiques et comment leur po\u00e9tique est d\u00e9termin\u00e9e par cette connaissance situ\u00e9e.\u00a0<\/li><\/ul>\t\t\t\t\t\t\t\t<\/div>\n\t\t\t\t<\/div>\n\t\t\t\t<\/div>\n\t\t\t\t\t<\/details>\n\t\t\t\t\t\t<details id=\"e-n-accordion-item-8137\" class=\"e-n-accordion-item\" >\n\t\t\t\t<summary class=\"e-n-accordion-item-title\" data-accordion-index=\"8\" tabindex=\"-1\" aria-expanded=\"false\" aria-controls=\"e-n-accordion-item-8137\" >\n\t\t\t\t\t<span class='e-n-accordion-item-title-header'><div class=\"e-n-accordion-item-title-text\"> Las narrativas visuales y textuales de los diarios El Comercio, El Tel\u00e9grafo y El Universo (1990-2022) sobre el sujeto subalterno, en el tratamiento de problem\u00e1ticas nacionales de impacto social <\/div><\/span>\n\t\t\t\t\t\t\t<span class='e-n-accordion-item-title-icon'>\n\t\t\t<span class='e-opened' ><svg aria-hidden=\"true\" class=\"e-font-icon-svg e-far-folder-open\" viewbox=\"0 0 576 512\" xmlns=\"http:\/\/www.w3.org\/2000\/svg\"><path d=\"M527.9 224H480v-48c0-26.5-21.5-48-48-48H272l-64-64H48C21.5 64 0 85.5 0 112v288c0 26.5 21.5 48 48 48h400c16.5 0 31.9-8.5 40.7-22.6l79.9-128c20-31.9-3-73.4-40.7-73.4zM48 118c0-3.3 2.7-6 6-6h134.1l64 64H426c3.3 0 6 2.7 6 6v42H152c-16.8 0-32.4 8.8-41.1 23.2L48 351.4zm400 282H72l77.2-128H528z\"><\/path><\/svg><\/span>\n\t\t\t<span class='e-closed'><svg aria-hidden=\"true\" class=\"e-font-icon-svg e-far-folder\" viewbox=\"0 0 512 512\" xmlns=\"http:\/\/www.w3.org\/2000\/svg\"><path d=\"M464 128H272l-54.63-54.63c-6-6-14.14-9.37-22.63-9.37H48C21.49 64 0 85.49 0 112v288c0 26.51 21.49 48 48 48h416c26.51 0 48-21.49 48-48V176c0-26.51-21.49-48-48-48zm0 272H48V112h140.12l54.63 54.63c6 6 14.14 9.37 22.63 9.37H464v224z\"><\/path><\/svg><\/span>\n\t\t<\/span>\n\n\t\t\t\t\t\t<\/summary>\n\t\t\t\t<div role=\"region\" aria-labelledby=\"e-n-accordion-item-8137\" class=\"elementor-element elementor-element-0bbac40 e-con-full e-flex e-con e-child\" data-id=\"0bbac40\" data-element_type=\"container\" data-e-type=\"container\" data-settings=\"{&quot;_ha_eqh_enable&quot;:false}\">\n\t\t\t\t<div class=\"elementor-element elementor-element-56f5fa3 elementor-widget elementor-widget-text-editor\" data-id=\"56f5fa3\" data-element_type=\"widget\" data-e-type=\"widget\" data-widget_type=\"text-editor.default\">\n\t\t\t\t<div class=\"elementor-widget-container\">\n\t\t\t\t\t\t\t\t\t<ul><li><strong>Code: <\/strong>VPIA-2023-19-PI<\/li><li><strong>Directeur:<\/strong>\u00a0P\u00e9rez Garc\u00eda Yulianela<\/li><li><strong>Unidad acad\u00e9mica: <\/strong>Transversal<\/li><li><strong>Co-investigadores:\u00a0<\/strong>Tamayo Cruz Natalia Yolanda, Fajardo Y\u00e9pez Mar\u00eda Graciela<\/li><li><strong>Ligne de recherche:<\/strong>\u00a0ARTE REPRESENTACI\u00d3N, MEMORIA Y PATRIMONIO<\/li><li><strong>Colectivo\/individual:\u00a0<\/strong>Colectivo<\/li><li><strong>Financiado\/no financiado: <\/strong>No financiado<\/li><li><strong>Objectif g\u00e9n\u00e9ral:<\/strong> D\u00e9construire les repr\u00e9sentations visuelles et discursives publi\u00e9es par les journaux El Comercio, El Tel\u00e9grafo et El Universo (1990-2022) sur des sujets subalternes, dans la couverture de questions d'impact social.<\/li><\/ul>\t\t\t\t\t\t\t\t<\/div>\n\t\t\t\t<\/div>\n\t\t\t\t<\/div>\n\t\t\t\t\t<\/details>\n\t\t\t\t\t\t<details id=\"e-n-accordion-item-8138\" class=\"e-n-accordion-item\" >\n\t\t\t\t<summary class=\"e-n-accordion-item-title\" data-accordion-index=\"9\" tabindex=\"-1\" aria-expanded=\"false\" aria-controls=\"e-n-accordion-item-8138\" >\n\t\t\t\t\t<span class='e-n-accordion-item-title-header'><div class=\"e-n-accordion-item-title-text\"> Mnemoficciones: Especulaciones sobre la memoria teatral ind\u00edgena de nuestros territorios <\/div><\/span>\n\t\t\t\t\t\t\t<span class='e-n-accordion-item-title-icon'>\n\t\t\t<span class='e-opened' ><svg aria-hidden=\"true\" class=\"e-font-icon-svg e-far-folder-open\" viewbox=\"0 0 576 512\" xmlns=\"http:\/\/www.w3.org\/2000\/svg\"><path d=\"M527.9 224H480v-48c0-26.5-21.5-48-48-48H272l-64-64H48C21.5 64 0 85.5 0 112v288c0 26.5 21.5 48 48 48h400c16.5 0 31.9-8.5 40.7-22.6l79.9-128c20-31.9-3-73.4-40.7-73.4zM48 118c0-3.3 2.7-6 6-6h134.1l64 64H426c3.3 0 6 2.7 6 6v42H152c-16.8 0-32.4 8.8-41.1 23.2L48 351.4zm400 282H72l77.2-128H528z\"><\/path><\/svg><\/span>\n\t\t\t<span class='e-closed'><svg aria-hidden=\"true\" class=\"e-font-icon-svg e-far-folder\" viewbox=\"0 0 512 512\" xmlns=\"http:\/\/www.w3.org\/2000\/svg\"><path d=\"M464 128H272l-54.63-54.63c-6-6-14.14-9.37-22.63-9.37H48C21.49 64 0 85.49 0 112v288c0 26.51 21.49 48 48 48h416c26.51 0 48-21.49 48-48V176c0-26.51-21.49-48-48-48zm0 272H48V112h140.12l54.63 54.63c6 6 14.14 9.37 22.63 9.37H464v224z\"><\/path><\/svg><\/span>\n\t\t<\/span>\n\n\t\t\t\t\t\t<\/summary>\n\t\t\t\t<div role=\"region\" aria-labelledby=\"e-n-accordion-item-8138\" class=\"elementor-element elementor-element-96b6320 e-con-full e-flex e-con e-child\" data-id=\"96b6320\" data-element_type=\"container\" data-e-type=\"container\" data-settings=\"{&quot;_ha_eqh_enable&quot;:false}\">\n\t\t\t\t<div class=\"elementor-element elementor-element-6e23959 elementor-widget elementor-widget-text-editor\" data-id=\"6e23959\" data-element_type=\"widget\" data-e-type=\"widget\" data-widget_type=\"text-editor.default\">\n\t\t\t\t<div class=\"elementor-widget-container\">\n\t\t\t\t\t\t\t\t\t<ul><li><strong>Code: <\/strong>VPIA-2023-20-PI<\/li><li><strong>Directeur:<\/strong> Ortiz Yepez Mar\u00eda Dolores<\/li><li><strong>Unidad acad\u00e9mica: <\/strong>Esc\u00e9nicas<\/li><li><strong>Co-investigadores:\u00a0<\/strong>Paez Quevedo Anibal Ernesto, V\u00e1sconez Barrag\u00e1n Remigio Miguel\u00a0<\/li><li><strong>Ligne de recherche:<\/strong> ARTE REPRESENTACI\u00d3N, MEMORIA Y PATRIMONIO<\/li><li><strong>Colectivo\/individual:\u00a0<\/strong>Colectivo<\/li><li><strong>Financiado\/no financiado: <\/strong>No financiado<\/li><li><strong>Objectif g\u00e9n\u00e9ral:<\/strong> Recr\u00e9er collectivement, corporellement et ludiquement, avec les spectateurs, la m\u00e9moire th\u00e9\u00e2trale, en recourant \u00e0 la fiction pour cr\u00e9er des sections d'histoires qui \u00e9tablissent des liens entre les mani\u00e8res de faire du th\u00e9\u00e2tre dans le pr\u00e9sent et les \u00e9l\u00e9ments th\u00e9\u00e2traux identifiables dans les vestiges ou les chroniques du pass\u00e9 pr\u00e9hispanique, dans le cadre d'une conf\u00e9rence performative<\/li><\/ul>\t\t\t\t\t\t\t\t<\/div>\n\t\t\t\t<\/div>\n\t\t\t\t<\/div>\n\t\t\t\t\t<\/details>\n\t\t\t\t\t\t<details id=\"e-n-accordion-item-8139\" class=\"e-n-accordion-item\" >\n\t\t\t\t<summary class=\"e-n-accordion-item-title\" data-accordion-index=\"10\" tabindex=\"-1\" aria-expanded=\"false\" aria-controls=\"e-n-accordion-item-8139\" >\n\t\t\t\t\t<span class='e-n-accordion-item-title-header'><div class=\"e-n-accordion-item-title-text\"> Poner el cuerpo: Arte, activismo y lucha social en Guayaquil 1918-1923 <\/div><\/span>\n\t\t\t\t\t\t\t<span class='e-n-accordion-item-title-icon'>\n\t\t\t<span class='e-opened' ><svg aria-hidden=\"true\" class=\"e-font-icon-svg e-far-folder-open\" viewbox=\"0 0 576 512\" xmlns=\"http:\/\/www.w3.org\/2000\/svg\"><path d=\"M527.9 224H480v-48c0-26.5-21.5-48-48-48H272l-64-64H48C21.5 64 0 85.5 0 112v288c0 26.5 21.5 48 48 48h400c16.5 0 31.9-8.5 40.7-22.6l79.9-128c20-31.9-3-73.4-40.7-73.4zM48 118c0-3.3 2.7-6 6-6h134.1l64 64H426c3.3 0 6 2.7 6 6v42H152c-16.8 0-32.4 8.8-41.1 23.2L48 351.4zm400 282H72l77.2-128H528z\"><\/path><\/svg><\/span>\n\t\t\t<span class='e-closed'><svg aria-hidden=\"true\" class=\"e-font-icon-svg e-far-folder\" viewbox=\"0 0 512 512\" xmlns=\"http:\/\/www.w3.org\/2000\/svg\"><path d=\"M464 128H272l-54.63-54.63c-6-6-14.14-9.37-22.63-9.37H48C21.49 64 0 85.49 0 112v288c0 26.51 21.49 48 48 48h416c26.51 0 48-21.49 48-48V176c0-26.51-21.49-48-48-48zm0 272H48V112h140.12l54.63 54.63c6 6 14.14 9.37 22.63 9.37H464v224z\"><\/path><\/svg><\/span>\n\t\t<\/span>\n\n\t\t\t\t\t\t<\/summary>\n\t\t\t\t<div role=\"region\" aria-labelledby=\"e-n-accordion-item-8139\" class=\"elementor-element elementor-element-9a8a5c7 e-con-full e-flex e-con e-child\" data-id=\"9a8a5c7\" data-element_type=\"container\" data-e-type=\"container\" data-settings=\"{&quot;_ha_eqh_enable&quot;:false}\">\n\t\t\t\t<div class=\"elementor-element elementor-element-ebcef37 elementor-widget elementor-widget-text-editor\" data-id=\"ebcef37\" data-element_type=\"widget\" data-e-type=\"widget\" data-widget_type=\"text-editor.default\">\n\t\t\t\t<div class=\"elementor-widget-container\">\n\t\t\t\t\t\t\t\t\t<ul><li><strong>Code: <\/strong>VPIA-2023-23-PI<\/li><li><strong>Directeur:<\/strong> Pepper Cevallos Carolina Alexandra<\/li><li><strong>Unidad acad\u00e9mica: <\/strong>Esc\u00e9nicas<\/li><li><strong>Co-investigadores:\u00a0<\/strong>Tamayo Cruz Natalia Yolanda, Riera Esteban Rub\u00e9n Julio, Febres Cordero Carlo Gloria Rebeca, Febres Cordero Carlo Aglae Josefin, S\u00e1nchez Moreta Aracelly Joselyn\u00a0<\/li><li><strong>Ligne de recherche:<\/strong> ARTE REPRESENTACI\u00d3N, MEMORIA Y PATRIMONIO<\/li><li><strong>Colectivo\/individual:\u00a0<\/strong>Colectivo<\/li><li><strong>Financiado\/no financiado: <\/strong>Financiado<\/li><li><strong>Objectif g\u00e9n\u00e9ral:<\/strong> Rendre visible la participation des femmes aux luttes sociales par le biais de l'art et de la litt\u00e9rature, en se basant sur les actions et les publications g\u00e9n\u00e9r\u00e9es par et sur les organisations La Aurora et Rosa Luxemburgo au cours de la p\u00e9riode 1918-1923.<\/li><\/ul>\t\t\t\t\t\t\t\t<\/div>\n\t\t\t\t<\/div>\n\t\t\t\t<\/div>\n\t\t\t\t\t<\/details>\n\t\t\t\t\t<\/div>\n\t\t\t\t\t\t<\/div>\n\t\t\t\t<\/div>\n\t\t\t\t<div class=\"elementor-element elementor-element-1d9c63c elementor-widget elementor-widget-heading\" data-id=\"1d9c63c\" data-element_type=\"widget\" data-e-type=\"widget\" data-widget_type=\"heading.default\">\n\t\t\t\t<div class=\"elementor-widget-container\">\n\t\t\t\t\t<h2 class=\"elementor-heading-title elementor-size-default\">Proyectos activos en 2025<\/h2>\t\t\t\t<\/div>\n\t\t\t\t<\/div>\n\t\t\t\t<div class=\"elementor-element elementor-element-0411a43 elementor-widget elementor-widget-heading\" data-id=\"0411a43\" data-element_type=\"widget\" data-e-type=\"widget\" data-widget_type=\"heading.default\">\n\t\t\t\t<div class=\"elementor-widget-container\">\n\t\t\t\t\t<h6 class=\"elementor-heading-title elementor-size-default\">Proyecto con financiamiento externo<\/h6>\t\t\t\t<\/div>\n\t\t\t\t<\/div>\n\t\t\t\t<div class=\"elementor-element elementor-element-d67993d elementor-widget elementor-widget-n-accordion\" data-id=\"d67993d\" data-element_type=\"widget\" data-e-type=\"widget\" data-settings=\"{&quot;default_state&quot;:&quot;all_collapsed&quot;,&quot;max_items_expended&quot;:&quot;one&quot;,&quot;n_accordion_animation_duration&quot;:{&quot;unit&quot;:&quot;ms&quot;,&quot;size&quot;:400,&quot;sizes&quot;:[]}}\" data-widget_type=\"nested-accordion.default\">\n\t\t\t\t<div class=\"elementor-widget-container\">\n\t\t\t\t\t\t\t<div class=\"e-n-accordion\" aria-label=\"Accordion. Open links with Enter or Space, close with Escape, and navigate with Arrow Keys\">\n\t\t\t\t\t\t<details id=\"e-n-accordion-item-2240\" class=\"e-n-accordion-item\" >\n\t\t\t\t<summary class=\"e-n-accordion-item-title\" data-accordion-index=\"1\" tabindex=\"0\" aria-expanded=\"false\" aria-controls=\"e-n-accordion-item-2240\" >\n\t\t\t\t\t<span class='e-n-accordion-item-title-header'><div class=\"e-n-accordion-item-title-text\"> Innovaci\u00f3n socio-cultural y pol\u00edticas del cuidado: construcci\u00f3n y difusi\u00f3n de etnograf\u00edas sensoriales basadas en la pr\u00e1ctica creativa, sobre las maternidades diversas en el Sur del Ecuador <\/div><\/span>\n\t\t\t\t\t\t\t<span class='e-n-accordion-item-title-icon'>\n\t\t\t<span class='e-opened' ><svg aria-hidden=\"true\" class=\"e-font-icon-svg e-far-folder-open\" viewbox=\"0 0 576 512\" xmlns=\"http:\/\/www.w3.org\/2000\/svg\"><path d=\"M527.9 224H480v-48c0-26.5-21.5-48-48-48H272l-64-64H48C21.5 64 0 85.5 0 112v288c0 26.5 21.5 48 48 48h400c16.5 0 31.9-8.5 40.7-22.6l79.9-128c20-31.9-3-73.4-40.7-73.4zM48 118c0-3.3 2.7-6 6-6h134.1l64 64H426c3.3 0 6 2.7 6 6v42H152c-16.8 0-32.4 8.8-41.1 23.2L48 351.4zm400 282H72l77.2-128H528z\"><\/path><\/svg><\/span>\n\t\t\t<span class='e-closed'><svg aria-hidden=\"true\" class=\"e-font-icon-svg e-far-folder\" viewbox=\"0 0 512 512\" xmlns=\"http:\/\/www.w3.org\/2000\/svg\"><path d=\"M464 128H272l-54.63-54.63c-6-6-14.14-9.37-22.63-9.37H48C21.49 64 0 85.49 0 112v288c0 26.51 21.49 48 48 48h416c26.51 0 48-21.49 48-48V176c0-26.51-21.49-48-48-48zm0 272H48V112h140.12l54.63 54.63c6 6 14.14 9.37 22.63 9.37H464v224z\"><\/path><\/svg><\/span>\n\t\t<\/span>\n\n\t\t\t\t\t\t<\/summary>\n\t\t\t\t<div role=\"region\" aria-labelledby=\"e-n-accordion-item-2240\" class=\"elementor-element elementor-element-ff7c8c1 e-con-full e-flex e-con e-child\" data-id=\"ff7c8c1\" data-element_type=\"container\" data-e-type=\"container\" data-settings=\"{&quot;_ha_eqh_enable&quot;:false}\">\n\t\t\t\t<div class=\"elementor-element elementor-element-49058ec elementor-widget elementor-widget-text-editor\" data-id=\"49058ec\" data-element_type=\"widget\" data-e-type=\"widget\" data-widget_type=\"text-editor.default\">\n\t\t\t\t<div class=\"elementor-widget-container\">\n\t\t\t\t\t\t\t\t\t<ul>\n<li><strong>Code:<\/strong> VPIA-2025-30-PI<\/li>\n<li><strong>Miembro UArtes:<\/strong> Luis P\u00e1ez Von Lippke<\/li>\n<li><strong>Co-investigadores: <\/strong>&nbsp;Liena Corral Maldonado, Ma. Teresa Galarza Neira,&nbsp;Ricardo Salcedo Martinez,&nbsp;Patricio Carpio Padilla,&nbsp;Paola V\u00e1zquez Neira<\/li>\n<li><strong>Ligne de recherche:<\/strong> ARTE REPRESENTACI\u00d3N, MEMORIA Y PATRIMONIO<\/li>\n<li><strong>Colectivo\/individual:&nbsp;<\/strong>Colectivo<\/li>\n<li><b>Financimiento: <\/b>Fondos externos<\/li>\n<li><strong>Objectif g\u00e9n\u00e9ral:<\/strong>&nbsp;Documentar, aportar a visibilizar y poner en valor las pr\u00e1cticas de cuidado materno de mujeres pertenecientes a la diversidad \u00e9tnicas radicadas en el Austro Ecuatoriano y en la ciudad de Guayaquil, a trav\u00e9s de la creaci\u00f3n de un repositorio y entorno digital compuesto por im\u00e1genes, sonidos, textos y objetos de arte textil, que constituya un espacio comunitario de interacci\u00f3n para compartir pr\u00e1cticas y experiencias de cuidado entre mujeres madres de diversas.<\/li>\n<\/ul>\t\t\t\t\t\t\t\t<\/div>\n\t\t\t\t<\/div>\n\t\t\t\t<\/div>\n\t\t\t\t\t<\/details>\n\t\t\t\t\t<\/div>\n\t\t\t\t\t\t<\/div>\n\t\t\t\t<\/div>\n\t\t\t\t\t<\/div>\n\t\t\t\t<\/div>\n\t\t\t\t<\/div>","protected":false},"excerpt":{"rendered":"<p>Proyectos activos en 2025-2027 Aprobados en la X Convocatoria. Arte, mujeres, memoria y espacio p\u00fablico en Am\u00e9rica latina C\u00f3digo: VPIA-2025-01-PI Director\/a: Marcos Natalia Carolina Unidad acad\u00e9mica: Transversal Co-investigadores: L\u00f3pez Jaramillo Mar\u00eda Fernanda, Icaza Guevara Mar\u00eda Jos\u00e9 L\u00ednea de investigaci\u00f3n: ARTE, G\u00c9NERO, FEMINISMOS Y DIVERSIDAD SEXO GEN\u00c9RICA Colectivo\/individual:\u00a0Colectivo Financiado\/no financiado: No financiado Objetivo general: Establecer una [&hellip;]<\/p>\n","protected":false},"author":1,"featured_media":11298,"parent":3003,"menu_order":5,"comment_status":"closed","ping_status":"closed","template":"","meta":{"_acf_changed":false,"_uag_custom_page_level_css":"","_monsterinsights_skip_tracking":false,"_monsterinsights_sitenote_active":false,"_monsterinsights_sitenote_note":"","_monsterinsights_sitenote_category":0,"cybocfi_hide_featured_image":"","footnotes":""},"class_list":["post-4522","page","type-page","status-publish","has-post-thumbnail","hentry"],"acf":[],"yoast_head":"<!-- This site is optimized with the Yoast SEO plugin v27.4 - https:\/\/yoast.com\/product\/yoast-seo-wordpress\/ -->\n<title>Universidad de las Artes - Proyectos<\/title>\n<meta name=\"description\" content=\"Universidad de las Artes - Proyectos\" \/>\n<meta name=\"robots\" content=\"index, follow, max-snippet:-1, max-image-preview:large, max-video-preview:-1\" \/>\n<link rel=\"canonical\" href=\"https:\/\/www.uartes.edu.ec\/sitio\/fr\/la-universidad\/investigacion\/proyectos\/\" \/>\n<meta property=\"og:locale\" content=\"fr_FR\" \/>\n<meta property=\"og:type\" content=\"article\" \/>\n<meta property=\"og:title\" content=\"Universidad de las Artes - Proyectos\" \/>\n<meta property=\"og:description\" content=\"Universidad de las Artes - Proyectos\" \/>\n<meta property=\"og:url\" content=\"https:\/\/www.uartes.edu.ec\/sitio\/fr\/la-universidad\/investigacion\/proyectos\/\" \/>\n<meta property=\"og:site_name\" content=\"Universidad de las Artes\" \/>\n<meta property=\"article:publisher\" content=\"https:\/\/www.facebook.com\/uartesec\" \/>\n<meta property=\"article:modified_time\" content=\"2025-06-17T17:08:45+00:00\" \/>\n<meta property=\"og:image\" content=\"https:\/\/www.uartes.edu.ec\/sitio\/wp-content\/uploads\/2020\/12\/17Constelaciones.jpg\" \/>\n\t<meta property=\"og:image:width\" content=\"2000\" \/>\n\t<meta property=\"og:image:height\" content=\"1333\" \/>\n\t<meta property=\"og:image:type\" content=\"image\/jpeg\" \/>\n<meta name=\"twitter:card\" content=\"summary_large_image\" \/>\n<meta name=\"twitter:site\" content=\"@uartesec\" \/>\n<meta name=\"twitter:label1\" content=\"Dur\u00e9e de lecture estim\u00e9e\" \/>\n\t<meta name=\"twitter:data1\" content=\"16 minutes\" \/>\n<script type=\"application\/ld+json\" class=\"yoast-schema-graph\">{\"@context\":\"https:\\\/\\\/schema.org\",\"@graph\":[{\"@type\":\"WebPage\",\"@id\":\"https:\\\/\\\/www.uartes.edu.ec\\\/sitio\\\/fr\\\/la-universidad\\\/investigacion\\\/proyectos\\\/\",\"url\":\"https:\\\/\\\/www.uartes.edu.ec\\\/sitio\\\/fr\\\/la-universidad\\\/investigacion\\\/proyectos\\\/\",\"name\":\"Universidad de las Artes - Proyectos\",\"isPartOf\":{\"@id\":\"https:\\\/\\\/www.uartes.edu.ec\\\/sitio\\\/fr\\\/#website\"},\"primaryImageOfPage\":{\"@id\":\"https:\\\/\\\/www.uartes.edu.ec\\\/sitio\\\/fr\\\/la-universidad\\\/investigacion\\\/proyectos\\\/#primaryimage\"},\"image\":{\"@id\":\"https:\\\/\\\/www.uartes.edu.ec\\\/sitio\\\/fr\\\/la-universidad\\\/investigacion\\\/proyectos\\\/#primaryimage\"},\"thumbnailUrl\":\"https:\\\/\\\/www.uartes.edu.ec\\\/sitio\\\/wp-content\\\/uploads\\\/2020\\\/12\\\/17Constelaciones.jpg\",\"datePublished\":\"2019-10-17T16:34:48+00:00\",\"dateModified\":\"2025-06-17T17:08:45+00:00\",\"description\":\"Universidad de las Artes - Proyectos\",\"breadcrumb\":{\"@id\":\"https:\\\/\\\/www.uartes.edu.ec\\\/sitio\\\/fr\\\/la-universidad\\\/investigacion\\\/proyectos\\\/#breadcrumb\"},\"inLanguage\":\"fr-FR\",\"potentialAction\":[{\"@type\":\"ReadAction\",\"target\":[\"https:\\\/\\\/www.uartes.edu.ec\\\/sitio\\\/fr\\\/la-universidad\\\/investigacion\\\/proyectos\\\/\"]}]},{\"@type\":\"ImageObject\",\"inLanguage\":\"fr-FR\",\"@id\":\"https:\\\/\\\/www.uartes.edu.ec\\\/sitio\\\/fr\\\/la-universidad\\\/investigacion\\\/proyectos\\\/#primaryimage\",\"url\":\"https:\\\/\\\/www.uartes.edu.ec\\\/sitio\\\/wp-content\\\/uploads\\\/2020\\\/12\\\/17Constelaciones.jpg\",\"contentUrl\":\"https:\\\/\\\/www.uartes.edu.ec\\\/sitio\\\/wp-content\\\/uploads\\\/2020\\\/12\\\/17Constelaciones.jpg\",\"width\":2000,\"height\":1333},{\"@type\":\"BreadcrumbList\",\"@id\":\"https:\\\/\\\/www.uartes.edu.ec\\\/sitio\\\/fr\\\/la-universidad\\\/investigacion\\\/proyectos\\\/#breadcrumb\",\"itemListElement\":[{\"@type\":\"ListItem\",\"position\":1,\"name\":\"Inicio\",\"item\":\"https:\\\/\\\/www.uartes.edu.ec\\\/sitio\\\/\"},{\"@type\":\"ListItem\",\"position\":2,\"name\":\"Universidad de las Artes\",\"item\":\"https:\\\/\\\/www.uartes.edu.ec\\\/sitio\\\/\"},{\"@type\":\"ListItem\",\"position\":3,\"name\":\"Investigaci\u00f3n\",\"item\":\"https:\\\/\\\/www.uartes.edu.ec\\\/sitio\\\/la-universidad\\\/investigacion\\\/\"},{\"@type\":\"ListItem\",\"position\":4,\"name\":\"Proyectos\"}]},{\"@type\":\"WebSite\",\"@id\":\"https:\\\/\\\/www.uartes.edu.ec\\\/sitio\\\/fr\\\/#website\",\"url\":\"https:\\\/\\\/www.uartes.edu.ec\\\/sitio\\\/fr\\\/\",\"name\":\"Universidad de las Artes\",\"description\":\"Sitio oficial de la Universidad Nacional de las Artes del Ecuador\",\"publisher\":{\"@id\":\"https:\\\/\\\/www.uartes.edu.ec\\\/sitio\\\/fr\\\/#organization\"},\"potentialAction\":[{\"@type\":\"SearchAction\",\"target\":{\"@type\":\"EntryPoint\",\"urlTemplate\":\"https:\\\/\\\/www.uartes.edu.ec\\\/sitio\\\/fr\\\/?s={search_term_string}\"},\"query-input\":{\"@type\":\"PropertyValueSpecification\",\"valueRequired\":true,\"valueName\":\"search_term_string\"}}],\"inLanguage\":\"fr-FR\"},{\"@type\":\"Organization\",\"@id\":\"https:\\\/\\\/www.uartes.edu.ec\\\/sitio\\\/fr\\\/#organization\",\"name\":\"Universidad de las Artes\",\"url\":\"https:\\\/\\\/www.uartes.edu.ec\\\/sitio\\\/fr\\\/\",\"logo\":{\"@type\":\"ImageObject\",\"inLanguage\":\"fr-FR\",\"@id\":\"https:\\\/\\\/www.uartes.edu.ec\\\/sitio\\\/fr\\\/#\\\/schema\\\/logo\\\/image\\\/\",\"url\":\"https:\\\/\\\/www.uartes.edu.ec\\\/sitio\\\/wp-content\\\/uploads\\\/2022\\\/07\\\/logo-ua-horizontal.png\",\"contentUrl\":\"https:\\\/\\\/www.uartes.edu.ec\\\/sitio\\\/wp-content\\\/uploads\\\/2022\\\/07\\\/logo-ua-horizontal.png\",\"width\":800,\"height\":276,\"caption\":\"Universidad de las Artes\"},\"image\":{\"@id\":\"https:\\\/\\\/www.uartes.edu.ec\\\/sitio\\\/fr\\\/#\\\/schema\\\/logo\\\/image\\\/\"},\"sameAs\":[\"https:\\\/\\\/www.facebook.com\\\/uartesec\",\"https:\\\/\\\/x.com\\\/uartesec\",\"https:\\\/\\\/www.tiktok.com\\\/@uartesec\"]}]}<\/script>\n<!-- \/ Yoast SEO plugin. -->","yoast_head_json":{"title":"Universidad de las Artes - Proyectos","description":"Universidad de las Artes - Proyectos","robots":{"index":"index","follow":"follow","max-snippet":"max-snippet:-1","max-image-preview":"max-image-preview:large","max-video-preview":"max-video-preview:-1"},"canonical":"https:\/\/www.uartes.edu.ec\/sitio\/fr\/la-universidad\/investigacion\/proyectos\/","og_locale":"fr_FR","og_type":"article","og_title":"Universidad de las Artes - Proyectos","og_description":"Universidad de las Artes - Proyectos","og_url":"https:\/\/www.uartes.edu.ec\/sitio\/fr\/la-universidad\/investigacion\/proyectos\/","og_site_name":"Universidad de las Artes","article_publisher":"https:\/\/www.facebook.com\/uartesec","article_modified_time":"2025-06-17T17:08:45+00:00","og_image":[{"width":2000,"height":1333,"url":"https:\/\/www.uartes.edu.ec\/sitio\/wp-content\/uploads\/2020\/12\/17Constelaciones.jpg","type":"image\/jpeg"}],"twitter_card":"summary_large_image","twitter_site":"@uartesec","twitter_misc":{"Dur\u00e9e de lecture estim\u00e9e":"16 minutes"},"schema":{"@context":"https:\/\/schema.org","@graph":[{"@type":"WebPage","@id":"https:\/\/www.uartes.edu.ec\/sitio\/fr\/la-universidad\/investigacion\/proyectos\/","url":"https:\/\/www.uartes.edu.ec\/sitio\/fr\/la-universidad\/investigacion\/proyectos\/","name":"Universidad de las Artes - Proyectos","isPartOf":{"@id":"https:\/\/www.uartes.edu.ec\/sitio\/fr\/#website"},"primaryImageOfPage":{"@id":"https:\/\/www.uartes.edu.ec\/sitio\/fr\/la-universidad\/investigacion\/proyectos\/#primaryimage"},"image":{"@id":"https:\/\/www.uartes.edu.ec\/sitio\/fr\/la-universidad\/investigacion\/proyectos\/#primaryimage"},"thumbnailUrl":"https:\/\/www.uartes.edu.ec\/sitio\/wp-content\/uploads\/2020\/12\/17Constelaciones.jpg","datePublished":"2019-10-17T16:34:48+00:00","dateModified":"2025-06-17T17:08:45+00:00","description":"Universidad de las Artes - Proyectos","breadcrumb":{"@id":"https:\/\/www.uartes.edu.ec\/sitio\/fr\/la-universidad\/investigacion\/proyectos\/#breadcrumb"},"inLanguage":"fr-FR","potentialAction":[{"@type":"ReadAction","target":["https:\/\/www.uartes.edu.ec\/sitio\/fr\/la-universidad\/investigacion\/proyectos\/"]}]},{"@type":"ImageObject","inLanguage":"fr-FR","@id":"https:\/\/www.uartes.edu.ec\/sitio\/fr\/la-universidad\/investigacion\/proyectos\/#primaryimage","url":"https:\/\/www.uartes.edu.ec\/sitio\/wp-content\/uploads\/2020\/12\/17Constelaciones.jpg","contentUrl":"https:\/\/www.uartes.edu.ec\/sitio\/wp-content\/uploads\/2020\/12\/17Constelaciones.jpg","width":2000,"height":1333},{"@type":"BreadcrumbList","@id":"https:\/\/www.uartes.edu.ec\/sitio\/fr\/la-universidad\/investigacion\/proyectos\/#breadcrumb","itemListElement":[{"@type":"ListItem","position":1,"name":"Inicio","item":"https:\/\/www.uartes.edu.ec\/sitio\/"},{"@type":"ListItem","position":2,"name":"Universidad de las Artes","item":"https:\/\/www.uartes.edu.ec\/sitio\/"},{"@type":"ListItem","position":3,"name":"Investigaci\u00f3n","item":"https:\/\/www.uartes.edu.ec\/sitio\/la-universidad\/investigacion\/"},{"@type":"ListItem","position":4,"name":"Proyectos"}]},{"@type":"WebSite","@id":"https:\/\/www.uartes.edu.ec\/sitio\/fr\/#website","url":"https:\/\/www.uartes.edu.ec\/sitio\/fr\/","name":"Universidad de las Artes","description":"Sitio oficial de la Universidad Nacional de las Artes del Ecuador","publisher":{"@id":"https:\/\/www.uartes.edu.ec\/sitio\/fr\/#organization"},"potentialAction":[{"@type":"SearchAction","target":{"@type":"EntryPoint","urlTemplate":"https:\/\/www.uartes.edu.ec\/sitio\/fr\/?s={search_term_string}"},"query-input":{"@type":"PropertyValueSpecification","valueRequired":true,"valueName":"search_term_string"}}],"inLanguage":"fr-FR"},{"@type":"Organization","@id":"https:\/\/www.uartes.edu.ec\/sitio\/fr\/#organization","name":"Universidad de las Artes","url":"https:\/\/www.uartes.edu.ec\/sitio\/fr\/","logo":{"@type":"ImageObject","inLanguage":"fr-FR","@id":"https:\/\/www.uartes.edu.ec\/sitio\/fr\/#\/schema\/logo\/image\/","url":"https:\/\/www.uartes.edu.ec\/sitio\/wp-content\/uploads\/2022\/07\/logo-ua-horizontal.png","contentUrl":"https:\/\/www.uartes.edu.ec\/sitio\/wp-content\/uploads\/2022\/07\/logo-ua-horizontal.png","width":800,"height":276,"caption":"Universidad de las Artes"},"image":{"@id":"https:\/\/www.uartes.edu.ec\/sitio\/fr\/#\/schema\/logo\/image\/"},"sameAs":["https:\/\/www.facebook.com\/uartesec","https:\/\/x.com\/uartesec","https:\/\/www.tiktok.com\/@uartesec"]}]}},"uagb_featured_image_src":{"full":["https:\/\/www.uartes.edu.ec\/sitio\/wp-content\/uploads\/2020\/12\/17Constelaciones.jpg",2000,1333,false],"thumbnail":["https:\/\/www.uartes.edu.ec\/sitio\/wp-content\/uploads\/2020\/12\/17Constelaciones-150x150.jpg",150,150,true],"medium":["https:\/\/www.uartes.edu.ec\/sitio\/wp-content\/uploads\/2020\/12\/17Constelaciones-300x200.jpg",300,200,true],"medium_large":["https:\/\/www.uartes.edu.ec\/sitio\/wp-content\/uploads\/2020\/12\/17Constelaciones-768x512.jpg",768,512,true],"large":["https:\/\/www.uartes.edu.ec\/sitio\/wp-content\/uploads\/2020\/12\/17Constelaciones-644x429.jpg",644,429,true],"1536x1536":["https:\/\/www.uartes.edu.ec\/sitio\/wp-content\/uploads\/2020\/12\/17Constelaciones-1536x1024.jpg",1536,1024,true],"2048x2048":["https:\/\/www.uartes.edu.ec\/sitio\/wp-content\/uploads\/2020\/12\/17Constelaciones.jpg",2000,1333,false],"trp-custom-language-flag":["https:\/\/www.uartes.edu.ec\/sitio\/wp-content\/uploads\/2020\/12\/17Constelaciones.jpg",18,12,false],"htmega_size_585x295":["https:\/\/www.uartes.edu.ec\/sitio\/wp-content\/uploads\/2020\/12\/17Constelaciones-585x295.jpg",585,295,true],"htmega_size_1170x536":["https:\/\/www.uartes.edu.ec\/sitio\/wp-content\/uploads\/2020\/12\/17Constelaciones-1170x536.jpg",1170,536,true],"htmega_size_396x360":["https:\/\/www.uartes.edu.ec\/sitio\/wp-content\/uploads\/2020\/12\/17Constelaciones-396x360.jpg",396,360,true],"gb-block-post-grid-landscape":["https:\/\/www.uartes.edu.ec\/sitio\/wp-content\/uploads\/2020\/12\/17Constelaciones.jpg",600,400,false],"gb-block-post-grid-square":["https:\/\/www.uartes.edu.ec\/sitio\/wp-content\/uploads\/2020\/12\/17Constelaciones.jpg",600,400,false],"university-hub-thumb":["https:\/\/www.uartes.edu.ec\/sitio\/wp-content\/uploads\/2020\/12\/17Constelaciones.jpg",400,267,false]},"uagb_author_info":{"display_name":"Universidad de las Artes","author_link":"https:\/\/www.uartes.edu.ec\/sitio\/fr\/blog\/author\/dircomadm\/"},"uagb_comment_info":0,"uagb_excerpt":"Proyectos activos en 2025-2027 Aprobados en la X Convocatoria. Arte, mujeres, memoria y espacio p\u00fablico en Am\u00e9rica latina C\u00f3digo: VPIA-2025-01-PI Director\/a: Marcos Natalia Carolina Unidad acad\u00e9mica: Transversal Co-investigadores: L\u00f3pez Jaramillo Mar\u00eda Fernanda, Icaza Guevara Mar\u00eda Jos\u00e9 L\u00ednea de investigaci\u00f3n: ARTE, G\u00c9NERO, FEMINISMOS Y DIVERSIDAD SEXO GEN\u00c9RICA Colectivo\/individual:\u00a0Colectivo Financiado\/no financiado: No financiado Objetivo general: Establecer una\u2026","featured_image_src":"https:\/\/www.uartes.edu.ec\/sitio\/wp-content\/uploads\/2020\/12\/17Constelaciones.jpg","featured_image_src_square":"https:\/\/www.uartes.edu.ec\/sitio\/wp-content\/uploads\/2020\/12\/17Constelaciones.jpg","publishpress_future_action":{"enabled":false,"date":"2026-05-08 08:36:08","action":"change-status","newStatus":"draft","terms":[],"taxonomy":"","extraData":[]},"publishpress_future_workflow_manual_trigger":{"enabledWorkflows":[]},"distributor_meta":false,"distributor_terms":false,"distributor_media":false,"distributor_original_site_name":"Universidad de las Artes","distributor_original_site_url":"https:\/\/www.uartes.edu.ec\/sitio\/fr","push-errors":false,"_links":{"self":[{"href":"https:\/\/www.uartes.edu.ec\/sitio\/fr\/wp-json\/wp\/v2\/pages\/4522","targetHints":{"allow":["GET"]}}],"collection":[{"href":"https:\/\/www.uartes.edu.ec\/sitio\/fr\/wp-json\/wp\/v2\/pages"}],"about":[{"href":"https:\/\/www.uartes.edu.ec\/sitio\/fr\/wp-json\/wp\/v2\/types\/page"}],"author":[{"embeddable":true,"href":"https:\/\/www.uartes.edu.ec\/sitio\/fr\/wp-json\/wp\/v2\/users\/1"}],"replies":[{"embeddable":true,"href":"https:\/\/www.uartes.edu.ec\/sitio\/fr\/wp-json\/wp\/v2\/comments?post=4522"}],"version-history":[{"count":116,"href":"https:\/\/www.uartes.edu.ec\/sitio\/fr\/wp-json\/wp\/v2\/pages\/4522\/revisions"}],"predecessor-version":[{"id":73744,"href":"https:\/\/www.uartes.edu.ec\/sitio\/fr\/wp-json\/wp\/v2\/pages\/4522\/revisions\/73744"}],"up":[{"embeddable":true,"href":"https:\/\/www.uartes.edu.ec\/sitio\/fr\/wp-json\/wp\/v2\/pages\/3003"}],"wp:featuredmedia":[{"embeddable":true,"href":"https:\/\/www.uartes.edu.ec\/sitio\/fr\/wp-json\/wp\/v2\/media\/11298"}],"wp:attachment":[{"href":"https:\/\/www.uartes.edu.ec\/sitio\/fr\/wp-json\/wp\/v2\/media?parent=4522"}],"curies":[{"name":"wp","href":"https:\/\/api.w.org\/{rel}","templated":true}]}}