{"id":4528,"date":"2019-10-17T12:08:07","date_gmt":"2019-10-17T17:08:07","guid":{"rendered":"http:\/\/www.uartes.edu.ec\/sitio\/la-universidad\/institucional\/relaciones-internacionales\/convenios-internacionales\/"},"modified":"2026-04-13T08:49:13","modified_gmt":"2026-04-13T13:49:13","slug":"convenios-internacionales","status":"publish","type":"page","link":"https:\/\/www.uartes.edu.ec\/sitio\/fr\/la-universidad\/la-universidad\/relaciones-internacionales\/convenios-internacionales\/","title":{"rendered":"Partenariats internationaux"},"content":{"rendered":"<p>L'UArtes a comme l'un de ses objectifs strat\u00e9giques de consolider des alliances strat\u00e9giques avec des acteurs sociaux du domaine international pour g\u00e9n\u00e9rer des processus favorisant la transformation socioculturelle dans diff\u00e9rents territoires. Dans ce sens, l'universit\u00e9 a sign\u00e9 des instruments de coop\u00e9ration avec des institutions \u00e9trang\u00e8res qui permettent \u00e0 la communaut\u00e9 universitaire de participer \u00e0 des programmes de mobilit\u00e9 acad\u00e9mique, des projets et des activit\u00e9s acad\u00e9miques, scientifiques, culturelles et artistiques, ainsi que d'acc\u00e9der \u00e0 des ressources bibliographiques, entre autres.<\/p>\n\n\n\n<p>Get to know the international cooperation agreements that are currently in effect.<\/p>\n\n\n\n<div style=\"height:50px\" aria-hidden=\"true\" class=\"wp-block-spacer\"><\/div>\n\n\n\n<div class=\"wp-block-getwid-tabs\" data-active-tab=\"0\"><ul class=\"wp-block-getwid-tabs__nav-links\"><\/ul>\n<div class=\"wp-block-getwid-tabs__nav-link\"><h4 class=\"wp-block-getwid-tabs__title-wrapper\"><a href=\"#\"><span class=\"wp-block-getwid-tabs__title\">Am\u00e9rica del Norte<\/span><\/a><\/h4><\/div><div class=\"wp-block-getwid-tabs__tab-content-wrapper\"><div class=\"wp-block-getwid-tabs__tab-content\">\n<figure class=\"wp-block-table is-style-stripes\"><table><tbody><tr><td>Stetson University<\/td><td>Memorando de Entendimiento<\/td><td><a href=\"https:\/\/www.stetson.edu\/home\/\">https:\/\/www.stetson.edu\/home\/<\/a><\/td><\/tr><tr><td>Sam Houston State University<\/td><td>Memorando de Entendimiento<\/td><td><a href=\"https:\/\/www.shsu.edu\/\">https:\/\/www.shsu.edu\/<\/a><\/td><\/tr><\/tbody><\/table><\/figure>\n<\/div><\/div>\n\n\n\n<div class=\"wp-block-getwid-tabs__nav-link\"><h4 class=\"wp-block-getwid-tabs__title-wrapper\"><a href=\"#\"><span class=\"wp-block-getwid-tabs__title\">Am\u00e9rica Latina y El Caribe<\/span><\/a><\/h4><\/div><div class=\"wp-block-getwid-tabs__tab-content-wrapper\"><div class=\"wp-block-getwid-tabs__tab-content\">\n<figure class=\"wp-block-table is-style-stripes\"><table><tbody><tr><td>Universidad Nacional de Tres de Febrero (UNTREF)<\/td><td>Convenio Marco<\/td><td><a href=\"https:\/\/www.untref.edu.ar\/\">https:\/\/www.untref.edu.ar\/<\/a><\/td><\/tr><tr><td>Universidad de Nari\u00f1o<\/td><td>Convenio Marco<\/td><td><a href=\"https:\/\/www.udenar.edu.co\/\">https:\/\/www.udenar.edu.co\/<\/a><\/td><\/tr><tr><td>Pontificia Universidad Javeriana \/ Facultad de Artes<\/td><td>Convenio Marco<\/td><td><a href=\"https:\/\/www.javeriana.edu.co\/home\">https:\/\/www.javeriana.edu.co\/home<\/a><\/td><\/tr><tr><td>Universidad Nacional de Colombia (UNAL)<\/td><td>Convenio Marco<\/td><td><a href=\"https:\/\/unal.edu.co\/\">https:\/\/unal.edu.co\/<\/a><\/td><\/tr><tr><td>Organizaci\u00f3n de Estados Iberoamericanos (OEI)<\/td><td>Convenio Marco, Convenio Espec\u00edfico<\/td><td><a href=\"https:\/\/oeiecuador.org\/\">https:\/\/oeiecuador.org\/<\/a><\/td><\/tr><tr><td>Universidad de las Artes de Cuba (ISA)<\/td><td>Convenio Marco<\/td><td><a href=\"http:\/\/www.isa.cult.cu\/\">http:\/\/www.isa.cult.cu\/<\/a><\/td><\/tr><tr><td>Universidad EAN<\/td><td>Convenio Marco, Convenio Espec\u00edfico<\/td><td><a href=\"https:\/\/universidadean.edu.co\">https:\/\/universidadean.edu.co<\/a><\/td><\/tr><tr><td>D\u00e9bora Arango<\/td><td>Convenio Marco, Convenio Espec\u00edfico<\/td><td><a href=\"https:\/\/www.deboraarango.edu.co\/inicio\/\">https:\/\/www.deboraarango.edu.co\/inicio\/<\/a><\/td><\/tr><tr><td>Alianza Francesa de Guayaquil<\/td><td>Convenio Marco<\/td><td><a href=\"https:\/\/afguayaquil.com\/\">https:\/\/afguayaquil.com\/<\/a><\/td><\/tr><tr><td>Universidad Nacional de las Artes de Argentina (UNA)<\/td><td>Convenio Marco, Acuerdo de movilidad estudiantil<\/td><td><a href=\"https:\/\/una.edu.ar\/\">https:\/\/una.edu.ar\/<\/a><\/td><\/tr><tr><td>Fundaci\u00f3n del Nuevo Cine Latinoamericano (FNCL)<\/td><td>Convenio Marco<\/td><td><a href=\"http:\/\/cinelatinoamericano.org\/fncl.aspx\">http:\/\/cinelatinoamericano.org\/fncl.aspx<\/a><\/td><\/tr><tr><td>Embajada de Indonesia en Ecuador<\/td><td>Acuerdo de Comodato de Gamel\u00e1n<\/td><td><a href=\"https:\/\/www.kemlu.go.id\/quito\/lc\">https:\/\/www.kemlu.go.id\/quito\/lc<\/a><\/td><\/tr><tr><td>Instituto Departamental de Bellas Artes de Cali<\/td><td>Convenio Marco<\/td><td><a href=\"https:\/\/bellasartes.edu.co\/\">https:\/\/bellasartes.edu.co\/<\/a><\/td><\/tr><tr><td>Instituto Tecnol\u00f3gico Metropolitano ITM<\/td><td>Convenio Marco<\/td><td><a href=\"https:\/\/www.itm.edu.co\/\">https:\/\/www.itm.edu.co\/<\/a><\/td><\/tr><tr><td>Instituto Confucio de la Universidad San Francisco de Quito<\/td><td>Convenio Espec\u00edfico<\/td><td><a href=\"https:\/\/www.usfq.edu.ec\/es\/instituto-confucio\">https:\/\/www.usfq.edu.ec\/es\/instituto-confucio<\/a><\/td><\/tr><tr><td>Universidad Aut\u00f3noma de la Ciudad de M\u00e9xico<\/td><td>Convenio Marco<\/td><td><a href=\"https:\/\/www.uacm.edu.mx\/\">https:\/\/www.uacm.edu.mx\/<\/a><\/td><\/tr><tr><td>Universidad de Guadalajara de M\u00e9xico<\/td><td>Convenio Marco<\/td><td><a href=\"https:\/\/www.udg.mx\/\">https:\/\/www.udg.mx\/<\/a><\/td><\/tr><tr><td>Fundaci\u00f3n Universitaria Bellas Artes (FUBA) de Medell\u00edn<\/td><td>Convenio Marco<\/td><td><a href=\"https:\/\/bellasartesmed.edu.co\/\">https:\/\/bellasartesmed.edu.co\/<\/a><\/td><\/tr><tr><td>Instituto Brasileiro<\/td><td>Convenio Marco de Cooperaci\u00f3n Interinstitucional<\/td><td><a href=\"https:\/\/ibec.edu.ec\/\">https:\/\/ibec.edu.ec\/<\/a><\/td><\/tr><tr><td>Universidad ICESI&nbsp;<\/td><td>Movilidad y Colaboraci\u00f3n Acad\u00e9mica<\/td><td><a href=\"https:\/\/www.icesi.edu.co\/\">https:\/\/www.icesi.edu.co\/<\/a><\/td><\/tr><tr><td>Corriente Alterna<\/td><td>Cooperaci\u00f3n y Movilidad Acad\u00e9mica<\/td><td><a href=\"https:\/\/www.corrientealterna.edu.pe\/\">https:\/\/www.corrientealterna.edu.pe\/<\/a><\/td><\/tr><tr><td>Centro Cultural Ecuatoriano Alem\u00e1n<\/td><td>Convenio Marco<\/td><td><a href=\"https:\/\/nam02.safelinks.protection.outlook.com\/?url=https%3A%2F%2Fcentroaleman.org%2Fquienes-somos%2F&amp;data=05%7C02%7Cernesto.monserratte%40uartes.edu.ec%7C16599e7570fb4a44c3dc08de9715035b%7C8b529685a31e40809b5e22c5f744b585%7C0%7C0%7C639114313662053969%7CUnknown%7CTWFpbGZsb3d8eyJFbXB0eU1hcGkiOnRydWUsIlYiOiIwLjAuMDAwMCIsIlAiOiJXaW4zMiIsIkFOIjoiTWFpbCIsIldUIjoyfQ%3D%3D%7C0%7C%7C%7C&amp;sdata=ZnvsYSvWPidELXFdBKb0rT5LvfHB0DLrCVWOXJwwTas%3D&amp;reserved=0\">https:\/\/centroaleman.org\/quienes-somos\/<\/a><\/td><\/tr><tr><td>Universidad Federal Fluminense<\/td><td>Acuerdo de Cooperaci\u00f3n<\/td><td><a href=\"https:\/\/nam02.safelinks.protection.outlook.com\/?url=https%3A%2F%2Fwww.uff.br%2F&amp;data=05%7C02%7Cernesto.monserratte%40uartes.edu.ec%7C16599e7570fb4a44c3dc08de9715035b%7C8b529685a31e40809b5e22c5f744b585%7C0%7C0%7C639114313662080659%7CUnknown%7CTWFpbGZsb3d8eyJFbXB0eU1hcGkiOnRydWUsIlYiOiIwLjAuMDAwMCIsIlAiOiJXaW4zMiIsIkFOIjoiTWFpbCIsIldUIjoyfQ%3D%3D%7C0%7C%7C%7C&amp;sdata=TsFztPXT0MOsH1%2B04KhvhDd1GcFPajgIZwmE4EMUqt0%3D&amp;reserved=0\">https:\/\/www.uff.br\/<\/a><\/td><\/tr><\/tbody><\/table><\/figure>\n<\/div><\/div>\n\n\n\n<div class=\"wp-block-getwid-tabs__nav-link\"><h4 class=\"wp-block-getwid-tabs__title-wrapper\"><a href=\"#\"><span class=\"wp-block-getwid-tabs__title\">Europa<\/span><\/a><\/h4><\/div><div class=\"wp-block-getwid-tabs__tab-content-wrapper\"><div class=\"wp-block-getwid-tabs__tab-content\">\n<figure class=\"wp-block-table is-style-stripes\"><table><tbody><tr><td>Universit\u00e9 Sorbonne Nouvelle Paris 3<\/td><td>Convenio Marco, Acuerdo de movilidad estudiantil<\/td><td><a href=\"http:\/\/www.univ-paris3.fr\/\">http:\/\/www.univ-paris3.fr\/<\/a><\/td><\/tr><tr><td>HOGENT University College Ghent (HOGENT \u2013 Universidad Ghent)<\/td><td>Memorando de Entendimiento, Acuerdo de movilidad estudiantil<\/td><td><a href=\"http:\/\/www.hogent.be\">http:\/\/www.hogent.be<\/a><\/td><\/tr><tr><td>Universidad Europea de Madrid (UEM)<\/td><td>Convenio Cooperaci\u00f3n Educativa<\/td><td><a href=\"https:\/\/universidadeuropea.com\/conocenos\/madrid\/\">https:\/\/universidadeuropea.com\/conocenos\/madrid\/<\/a><\/td><\/tr><tr><td>Bulegoa Z\/B<\/td><td>Convenio Marco<\/td><td><a href=\"https:\/\/bulegoa.org\/\">https:\/\/bulegoa.org\/<\/a><\/td><\/tr><tr><td>Conservatorio de M\u00fasica y Danza de Par\u00eds<\/td><td>Convenio Marco<\/td><td><a href=\"https:\/\/www.conservatoiredeparis.fr\/fr\">https:\/\/www.conservatoiredeparis.fr\/fr<\/a><\/td><\/tr><tr><td>Universidad Europea de Valencia<\/td><td>Convenio de Cooperaci\u00f3n Educativa<\/td><td><a href=\"https:\/\/nam02.safelinks.protection.outlook.com\/?url=https%3A%2F%2Funiversidadeuropea.com%2Fconocenos%2Fvalencia%2F&amp;data=05%7C02%7Cernesto.monserratte%40uartes.edu.ec%7C16599e7570fb4a44c3dc08de9715035b%7C8b529685a31e40809b5e22c5f744b585%7C0%7C0%7C639114313662149891%7CUnknown%7CTWFpbGZsb3d8eyJFbXB0eU1hcGkiOnRydWUsIlYiOiIwLjAuMDAwMCIsIlAiOiJXaW4zMiIsIkFOIjoiTWFpbCIsIldUIjoyfQ%3D%3D%7C0%7C%7C%7C&amp;sdata=az2HWYvLXNUyuMjRNDNV4UIaAHI2Kp%2FyvxI5A%2F1ArMQ%3D&amp;reserved=0\">https:\/\/universidadeuropea.com\/conocenos\/valencia\/<\/a><\/td><\/tr><\/tbody><\/table><\/figure>\n<\/div><\/div>\n\n\n\n<div class=\"wp-block-getwid-tabs__nav-link\"><h4 class=\"wp-block-getwid-tabs__title-wrapper\"><a href=\"#\"><span class=\"wp-block-getwid-tabs__title\">Asia<\/span><\/a><\/h4><\/div><div class=\"wp-block-getwid-tabs__tab-content-wrapper\"><div class=\"wp-block-getwid-tabs__tab-content\">\n<figure class=\"wp-block-table is-style-stripes\"><table><tbody><tr><td>South-Central Minzu University<\/td><td>Convenio Marco<\/td><td><a href=\"https:\/\/nam02.safelinks.protection.outlook.com\/?url=https%3A%2F%2Fwww.scuec.edu.cn%2Fiecen%2Findex.htm&amp;data=05%7C02%7Cernesto.monserratte%40uartes.edu.ec%7C16599e7570fb4a44c3dc08de9715035b%7C8b529685a31e40809b5e22c5f744b585%7C0%7C0%7C639114313662124352%7CUnknown%7CTWFpbGZsb3d8eyJFbXB0eU1hcGkiOnRydWUsIlYiOiIwLjAuMDAwMCIsIlAiOiJXaW4zMiIsIkFOIjoiTWFpbCIsIldUIjoyfQ%3D%3D%7C0%7C%7C%7C&amp;sdata=ZbDVWFzXMFMOMVl75ZtPzYmKUCeq%2FtC4%2Fd72UwgElHs%3D&amp;reserved=0\">https:\/\/www.scuec.edu.cn\/iecen\/<\/a><\/td><\/tr><\/tbody><\/table><\/figure>\n<\/div><\/div>\n<\/div>\n\n\n\n<div style=\"height:75px\" aria-hidden=\"true\" class=\"wp-block-spacer\"><\/div>\n\n\n\n<h3 class=\"wp-block-heading\">Conoce algunos de los beneficios a la comunidad UArtes derivados de nuestros convenios<\/h3>\n\n\n\n<div class=\"wp-block-getwid-toggle has-icon-left\">\n<div class=\"wp-block-getwid-toggle__row\"><div class=\"wp-block-getwid-toggle__header-wrapper\"><h4 class=\"wp-block-getwid-toggle__header\"><a href=\"#\"><span class=\"wp-block-getwid-toggle__header-title\">Convenio entre la UArtes y la Alianza Francesa de Guayaquil<\/span><span class=\"wp-block-getwid-toggle__icon is-active\"><i class=\"fas fa-plus\"><\/i><\/span><span class=\"wp-block-getwid-toggle__icon is-passive\"><i class=\"fas fa-minus\"><\/i><\/span><\/a><\/h4><\/div><div class=\"wp-block-getwid-toggle__content-wrapper\"><div class=\"wp-block-getwid-toggle__content\">\n<ul class=\"wp-block-list\">\n<li>50% de descuento a estudiantes, docentes y personal administrativo sobre la tarifa de inscripci\u00f3n a la mediateca de la Alianza Francesa: permite tener acceso a la Cultureth\u00e8que (biblioteca en l\u00ednea).&nbsp;<\/li>\n\n\n\n<li>10% de descuento a estudiantes, docentes y personal administrativo para rendir un examen de suficiencia B1 o B2. &nbsp;<\/li>\n\n\n\n<li>20% de descuento a 10 estudiantes de la UArtes para rendir un examen de suficiencia B1 o B2.&nbsp;<\/li>\n\n\n\n<li>10% de descuento a estudiantes, docentes y personal administrativo para tomar clases de franc\u00e9s de nivel C1 o C2. &nbsp;<\/li>\n\n\n\n<li>20% a 10 estudiantes de la UArtes para tomar clases de franc\u00e9s de nivel C1 o C2.<\/li>\n<\/ul>\n\n\n\n<h5 class=\"wp-block-heading\">Contacto:<\/h5>\n\n\n\n<p><a href=\"http:\/\/afguayaquil.org.ec\/\">http:\/\/afguayaquil.org.ec\/<\/a><\/p>\n\n\n\n<p><a href=\"mailto:info@afguayaquil.org.ec\">info@afguayaquil.org.ec<\/a><\/p>\n<\/div><\/div><\/div>\n\n\n\n<div class=\"wp-block-getwid-toggle__row\"><div class=\"wp-block-getwid-toggle__header-wrapper\"><h4 class=\"wp-block-getwid-toggle__header\"><a href=\"#\"><span class=\"wp-block-getwid-toggle__header-title\">Convenio Espec\u00edfico entre la UArtes y el Instituto Confucio de la Universidad San Francisco de Quito<\/span><span class=\"wp-block-getwid-toggle__icon is-active\"><i class=\"fas fa-plus\"><\/i><\/span><span class=\"wp-block-getwid-toggle__icon is-passive\"><i class=\"fas fa-minus\"><\/i><\/span><\/a><\/h4><\/div><div class=\"wp-block-getwid-toggle__content-wrapper\"><div class=\"wp-block-getwid-toggle__content\">\n<ul class=\"wp-block-list\">\n<li>50% de descuento sobre el valor regular del m\u00f3dulo de chino a los estudiantes, docentes, graduados y administrativos.<\/li>\n\n\n\n<li>Participaci\u00f3n en actividades art\u00edsticas y culturales organizadas por el Instituto Confucio relacionadas con la cultura de China.<\/li>\n\n\n\n<li>Se otorgar\u00e1n siete (7) becas completas (valor de registro, libros y colegiatura) para siete (7) estudiantes de la UArtes para cinco (5) m\u00f3dulos consecutivos de clases de chino en el Instituto Confucio USFQ. Estas becas se otorgar\u00e1n durante el a\u00f1o 2023 y la informaci\u00f3n ser\u00e1 proporcionada a los y las estudiantes de la UArtes pr\u00f3ximamente.<\/li>\n<\/ul>\n\n\n\n<h5 class=\"wp-block-heading\">Contacto:<\/h5>\n\n\n\n<p><a href=\"https:\/\/www.usfq.edu.ec\/es\/instituto-confucio\">https:\/\/www.usfq.edu.ec\/es\/instituto-confucio<\/a><\/p>\n\n\n\n<p><a href=\"mailto:iconfucio@usfq.edu.ec\">iconfucio@usfq.edu.ec<\/a><\/p>\n<\/div><\/div><\/div>\n\n\n\n<div class=\"wp-block-getwid-toggle__row\"><div class=\"wp-block-getwid-toggle__header-wrapper\"><h4 class=\"wp-block-getwid-toggle__header\"><a href=\"#\"><span class=\"wp-block-getwid-toggle__header-title\">Convenio Marco de Cooperaci\u00f3n Interinstitucional con el Instituto Brasileiro &#8211; Equatoriano de Cultura (IBEC)&nbsp;<\/span><span class=\"wp-block-getwid-toggle__icon is-active\"><i class=\"fas fa-plus\"><\/i><\/span><span class=\"wp-block-getwid-toggle__icon is-passive\"><i class=\"fas fa-minus\"><\/i><\/span><\/a><\/h4><\/div><div class=\"wp-block-getwid-toggle__content-wrapper\"><div class=\"wp-block-getwid-toggle__content\">\n<ul class=\"wp-block-list\">\n<li>30% de descuento sobre el valor regular de cada nivel a estudiantes, docentes, graduados y administrativos de la UArtes.<\/li>\n\n\n\n<li>Participaci\u00f3n en actividades art\u00edsticas y culturales organizadas por el IBEC relacionadas con la cultura de Brasil.<\/li>\n\n\n\n<li>Reconocimiento, para fines de homologaci\u00f3n en la UArtes, del certificado CELPE-BRAS y\/o el diploma del IBEC. En este \u00faltimo caso, los\/as estudiantes deben haber aprobado cinco niveles de los siete ofrecidos por el IBEC.&nbsp;<\/li>\n<\/ul>\n\n\n\n<h5 class=\"wp-block-heading\">Contacto:<\/h5>\n\n\n\n<p><a href=\"https:\/\/ibec.edu.ec\/\">https:\/\/ibec.edu.ec\/<\/a><\/p>\n\n\n\n<p><a href=\"mailto:info@ibec.edu.ec\">info@ibec.edu.ec<\/a><\/p>\n<\/div><\/div><\/div>\n\n\n\n<div class=\"wp-block-getwid-toggle__row\"><div class=\"wp-block-getwid-toggle__header-wrapper\"><h4 class=\"wp-block-getwid-toggle__header\"><a href=\"#\"><span class=\"wp-block-getwid-toggle__header-title\">Centro Cultural Ecuatoriano Alem\u00e1n<\/span><span class=\"wp-block-getwid-toggle__icon is-active\"><i class=\"fas fa-plus\"><\/i><\/span><span class=\"wp-block-getwid-toggle__icon is-passive\"><i class=\"fas fa-minus\"><\/i><\/span><\/a><\/h4><\/div><div class=\"wp-block-getwid-toggle__content-wrapper\"><div class=\"wp-block-getwid-toggle__content\">\n<ul class=\"wp-block-list\">\n<li>Descuento del 15% (para pagos en efectivo o transferencias) y&nbsp; del 8% (para pagos con tarjeta de d\u00e9bito o cr\u00e9dito), sobre el valor regular de cada curso a los estudiantes, profesores, administrativos y comunidad de graduados de la UArtes, y a sus familiares hasta el primer grado de consanguinidad.&nbsp;<\/li>\n\n\n\n<li>Participaci\u00f3n en actividades art\u00edsticas y culturales organizadas por el Centro Cultural Ecuatoriano Alem\u00e1n.&nbsp;<\/li>\n\n\n\n<li>Otorgamiento de diez (10) becas sobre el valor del curso para estudiantes de grado y posgrado de la UArtes de forma anual durante la vigencia del convenio, \u00fanicamente para el nivel inicial. Para el otorgamiento de las becas la Direcci\u00f3n de Relaciones Internacionales de la UArtes en conjunto con el CCEA lanzar\u00e1n convocatorias internas dirigidas a estudiantes de la UArtes.&nbsp;<\/li>\n\n\n\n<li>Descuento en tarifa de los ex\u00e1menes del Goethe-Institut a los estudiantes, profesores, administrativos y comunidad de graduados de UARTES, y a sus familiares hasta el primer grado de consanguinidad.&nbsp;<\/li>\n\n\n\n<li>Tarifas especiales en eventos&nbsp; con costo organizados por el CCEA a los profesores, estudiantes, administrativos y comunidad de graduados de UARTES, en funci\u00f3n de la disponibilidad.<\/li>\n\n\n\n<li>Socializaci\u00f3n de becas e intercambios acad\u00e9micos provenientes de los socios de la Red Kultura Alemana.&nbsp;<\/li>\n<\/ul>\n<\/div><\/div><\/div>\n<\/div>\n\n\n\n<div style=\"height:50px\" aria-hidden=\"true\" class=\"wp-block-spacer\"><\/div>\n\n\n\n<p>Pour plus d'informations, veuillez \u00e9crire \u00e0&nbsp;<a href=\"mailto:internacionales@uartes.edu.ec\">internacionales@uartes.edu.ec<\/a><\/p>\n\n\n\n<p><\/p>","protected":false},"excerpt":{"rendered":"<p>La UArtes tiene como uno de sus objetivos estrat\u00e9gicos el consolidar alianzas estrat\u00e9gicas con actores sociales del \u00e1mbito internacional para la generaci\u00f3n de procesos que favorezcan la transformaci\u00f3n sociocultural en distintos territorios. En este sentido, la Universidad ha suscrito instrumentos de cooperaci\u00f3n con instituciones extranjeras que permiten a la comunidad universitaria participar en programas de [&hellip;]<\/p>\n","protected":false},"author":1,"featured_media":9407,"parent":3047,"menu_order":0,"comment_status":"closed","ping_status":"closed","template":"","meta":{"_acf_changed":false,"_uag_custom_page_level_css":"","_monsterinsights_skip_tracking":false,"_monsterinsights_sitenote_active":false,"_monsterinsights_sitenote_note":"","_monsterinsights_sitenote_category":0,"cybocfi_hide_featured_image":"","footnotes":""},"class_list":["post-4528","page","type-page","status-publish","has-post-thumbnail","hentry"],"acf":[],"yoast_head":"<!-- This site is optimized with the Yoast SEO plugin v27.4 - https:\/\/yoast.com\/product\/yoast-seo-wordpress\/ -->\n<title>Universidad de las Artes - Convenios Internacionales<\/title>\n<meta name=\"description\" content=\"Universidad de las Artes - Convenios Internacionales\" \/>\n<meta name=\"robots\" content=\"index, follow, max-snippet:-1, max-image-preview:large, max-video-preview:-1\" \/>\n<link rel=\"canonical\" href=\"https:\/\/www.uartes.edu.ec\/sitio\/fr\/la-universidad\/la-universidad\/relaciones-internacionales\/convenios-internacionales\/\" \/>\n<meta property=\"og:locale\" content=\"fr_FR\" \/>\n<meta property=\"og:type\" content=\"article\" \/>\n<meta property=\"og:title\" content=\"Universidad de las Artes - Convenios Internacionales\" \/>\n<meta property=\"og:description\" content=\"Universidad de las Artes - Convenios Internacionales\" \/>\n<meta property=\"og:url\" content=\"https:\/\/www.uartes.edu.ec\/sitio\/fr\/la-universidad\/la-universidad\/relaciones-internacionales\/convenios-internacionales\/\" \/>\n<meta property=\"og:site_name\" content=\"Universidad de las Artes\" \/>\n<meta property=\"article:publisher\" content=\"https:\/\/www.facebook.com\/uartesec\" \/>\n<meta property=\"article:modified_time\" content=\"2026-04-13T13:49:13+00:00\" \/>\n<meta property=\"og:image\" content=\"https:\/\/www.uartes.edu.ec\/sitio\/wp-content\/uploads\/2020\/10\/firma-convenio.jpg\" \/>\n\t<meta property=\"og:image:width\" content=\"2000\" \/>\n\t<meta property=\"og:image:height\" content=\"1333\" \/>\n\t<meta property=\"og:image:type\" content=\"image\/jpeg\" \/>\n<meta name=\"twitter:card\" content=\"summary_large_image\" \/>\n<meta name=\"twitter:site\" content=\"@uartesec\" \/>\n<meta name=\"twitter:label1\" content=\"Dur\u00e9e de lecture estim\u00e9e\" \/>\n\t<meta name=\"twitter:data1\" content=\"8 minutes\" \/>\n<script type=\"application\/ld+json\" class=\"yoast-schema-graph\">{\"@context\":\"https:\\\/\\\/schema.org\",\"@graph\":[{\"@type\":\"WebPage\",\"@id\":\"https:\\\/\\\/www.uartes.edu.ec\\\/sitio\\\/fr\\\/la-universidad\\\/la-universidad\\\/relaciones-internacionales\\\/convenios-internacionales\\\/\",\"url\":\"https:\\\/\\\/www.uartes.edu.ec\\\/sitio\\\/fr\\\/la-universidad\\\/la-universidad\\\/relaciones-internacionales\\\/convenios-internacionales\\\/\",\"name\":\"Universidad de las Artes - Convenios Internacionales\",\"isPartOf\":{\"@id\":\"https:\\\/\\\/www.uartes.edu.ec\\\/sitio\\\/fr\\\/#website\"},\"primaryImageOfPage\":{\"@id\":\"https:\\\/\\\/www.uartes.edu.ec\\\/sitio\\\/fr\\\/la-universidad\\\/la-universidad\\\/relaciones-internacionales\\\/convenios-internacionales\\\/#primaryimage\"},\"image\":{\"@id\":\"https:\\\/\\\/www.uartes.edu.ec\\\/sitio\\\/fr\\\/la-universidad\\\/la-universidad\\\/relaciones-internacionales\\\/convenios-internacionales\\\/#primaryimage\"},\"thumbnailUrl\":\"https:\\\/\\\/www.uartes.edu.ec\\\/sitio\\\/wp-content\\\/uploads\\\/2020\\\/10\\\/firma-convenio.jpg\",\"datePublished\":\"2019-10-17T17:08:07+00:00\",\"dateModified\":\"2026-04-13T13:49:13+00:00\",\"description\":\"Universidad de las Artes - Convenios Internacionales\",\"breadcrumb\":{\"@id\":\"https:\\\/\\\/www.uartes.edu.ec\\\/sitio\\\/fr\\\/la-universidad\\\/la-universidad\\\/relaciones-internacionales\\\/convenios-internacionales\\\/#breadcrumb\"},\"inLanguage\":\"fr-FR\",\"potentialAction\":[{\"@type\":\"ReadAction\",\"target\":[\"https:\\\/\\\/www.uartes.edu.ec\\\/sitio\\\/fr\\\/la-universidad\\\/la-universidad\\\/relaciones-internacionales\\\/convenios-internacionales\\\/\"]}]},{\"@type\":\"ImageObject\",\"inLanguage\":\"fr-FR\",\"@id\":\"https:\\\/\\\/www.uartes.edu.ec\\\/sitio\\\/fr\\\/la-universidad\\\/la-universidad\\\/relaciones-internacionales\\\/convenios-internacionales\\\/#primaryimage\",\"url\":\"https:\\\/\\\/www.uartes.edu.ec\\\/sitio\\\/wp-content\\\/uploads\\\/2020\\\/10\\\/firma-convenio.jpg\",\"contentUrl\":\"https:\\\/\\\/www.uartes.edu.ec\\\/sitio\\\/wp-content\\\/uploads\\\/2020\\\/10\\\/firma-convenio.jpg\",\"width\":2000,\"height\":1333},{\"@type\":\"BreadcrumbList\",\"@id\":\"https:\\\/\\\/www.uartes.edu.ec\\\/sitio\\\/fr\\\/la-universidad\\\/la-universidad\\\/relaciones-internacionales\\\/convenios-internacionales\\\/#breadcrumb\",\"itemListElement\":[{\"@type\":\"ListItem\",\"position\":1,\"name\":\"Inicio\",\"item\":\"https:\\\/\\\/www.uartes.edu.ec\\\/sitio\\\/\"},{\"@type\":\"ListItem\",\"position\":2,\"name\":\"Universidad de las Artes\",\"item\":\"https:\\\/\\\/www.uartes.edu.ec\\\/sitio\\\/\"},{\"@type\":\"ListItem\",\"position\":3,\"name\":\"La Universidad\",\"item\":\"https:\\\/\\\/www.uartes.edu.ec\\\/sitio\\\/la-universidad\\\/la-universidad\\\/\"},{\"@type\":\"ListItem\",\"position\":4,\"name\":\"Relaciones Internacionales\",\"item\":\"https:\\\/\\\/www.uartes.edu.ec\\\/sitio\\\/la-universidad\\\/la-universidad\\\/relaciones-internacionales\\\/\"},{\"@type\":\"ListItem\",\"position\":5,\"name\":\"Convenios Internacionales\"}]},{\"@type\":\"WebSite\",\"@id\":\"https:\\\/\\\/www.uartes.edu.ec\\\/sitio\\\/fr\\\/#website\",\"url\":\"https:\\\/\\\/www.uartes.edu.ec\\\/sitio\\\/fr\\\/\",\"name\":\"Universidad de las Artes\",\"description\":\"Sitio oficial de la Universidad Nacional de las Artes del Ecuador\",\"publisher\":{\"@id\":\"https:\\\/\\\/www.uartes.edu.ec\\\/sitio\\\/fr\\\/#organization\"},\"potentialAction\":[{\"@type\":\"SearchAction\",\"target\":{\"@type\":\"EntryPoint\",\"urlTemplate\":\"https:\\\/\\\/www.uartes.edu.ec\\\/sitio\\\/fr\\\/?s={search_term_string}\"},\"query-input\":{\"@type\":\"PropertyValueSpecification\",\"valueRequired\":true,\"valueName\":\"search_term_string\"}}],\"inLanguage\":\"fr-FR\"},{\"@type\":\"Organization\",\"@id\":\"https:\\\/\\\/www.uartes.edu.ec\\\/sitio\\\/fr\\\/#organization\",\"name\":\"Universidad de las Artes\",\"url\":\"https:\\\/\\\/www.uartes.edu.ec\\\/sitio\\\/fr\\\/\",\"logo\":{\"@type\":\"ImageObject\",\"inLanguage\":\"fr-FR\",\"@id\":\"https:\\\/\\\/www.uartes.edu.ec\\\/sitio\\\/fr\\\/#\\\/schema\\\/logo\\\/image\\\/\",\"url\":\"https:\\\/\\\/www.uartes.edu.ec\\\/sitio\\\/wp-content\\\/uploads\\\/2022\\\/07\\\/logo-ua-horizontal.png\",\"contentUrl\":\"https:\\\/\\\/www.uartes.edu.ec\\\/sitio\\\/wp-content\\\/uploads\\\/2022\\\/07\\\/logo-ua-horizontal.png\",\"width\":800,\"height\":276,\"caption\":\"Universidad de las Artes\"},\"image\":{\"@id\":\"https:\\\/\\\/www.uartes.edu.ec\\\/sitio\\\/fr\\\/#\\\/schema\\\/logo\\\/image\\\/\"},\"sameAs\":[\"https:\\\/\\\/www.facebook.com\\\/uartesec\",\"https:\\\/\\\/x.com\\\/uartesec\",\"https:\\\/\\\/www.tiktok.com\\\/@uartesec\"]}]}<\/script>\n<!-- \/ Yoast SEO plugin. -->","yoast_head_json":{"title":"Universidad de las Artes - Convenios Internacionales","description":"Universidad de las Artes - Convenios Internacionales","robots":{"index":"index","follow":"follow","max-snippet":"max-snippet:-1","max-image-preview":"max-image-preview:large","max-video-preview":"max-video-preview:-1"},"canonical":"https:\/\/www.uartes.edu.ec\/sitio\/fr\/la-universidad\/la-universidad\/relaciones-internacionales\/convenios-internacionales\/","og_locale":"fr_FR","og_type":"article","og_title":"Universidad de las Artes - Convenios Internacionales","og_description":"Universidad de las Artes - Convenios Internacionales","og_url":"https:\/\/www.uartes.edu.ec\/sitio\/fr\/la-universidad\/la-universidad\/relaciones-internacionales\/convenios-internacionales\/","og_site_name":"Universidad de las Artes","article_publisher":"https:\/\/www.facebook.com\/uartesec","article_modified_time":"2026-04-13T13:49:13+00:00","og_image":[{"width":2000,"height":1333,"url":"https:\/\/www.uartes.edu.ec\/sitio\/wp-content\/uploads\/2020\/10\/firma-convenio.jpg","type":"image\/jpeg"}],"twitter_card":"summary_large_image","twitter_site":"@uartesec","twitter_misc":{"Dur\u00e9e de lecture estim\u00e9e":"8 minutes"},"schema":{"@context":"https:\/\/schema.org","@graph":[{"@type":"WebPage","@id":"https:\/\/www.uartes.edu.ec\/sitio\/fr\/la-universidad\/la-universidad\/relaciones-internacionales\/convenios-internacionales\/","url":"https:\/\/www.uartes.edu.ec\/sitio\/fr\/la-universidad\/la-universidad\/relaciones-internacionales\/convenios-internacionales\/","name":"Universidad de las Artes - Convenios Internacionales","isPartOf":{"@id":"https:\/\/www.uartes.edu.ec\/sitio\/fr\/#website"},"primaryImageOfPage":{"@id":"https:\/\/www.uartes.edu.ec\/sitio\/fr\/la-universidad\/la-universidad\/relaciones-internacionales\/convenios-internacionales\/#primaryimage"},"image":{"@id":"https:\/\/www.uartes.edu.ec\/sitio\/fr\/la-universidad\/la-universidad\/relaciones-internacionales\/convenios-internacionales\/#primaryimage"},"thumbnailUrl":"https:\/\/www.uartes.edu.ec\/sitio\/wp-content\/uploads\/2020\/10\/firma-convenio.jpg","datePublished":"2019-10-17T17:08:07+00:00","dateModified":"2026-04-13T13:49:13+00:00","description":"Universidad de las Artes - Convenios Internacionales","breadcrumb":{"@id":"https:\/\/www.uartes.edu.ec\/sitio\/fr\/la-universidad\/la-universidad\/relaciones-internacionales\/convenios-internacionales\/#breadcrumb"},"inLanguage":"fr-FR","potentialAction":[{"@type":"ReadAction","target":["https:\/\/www.uartes.edu.ec\/sitio\/fr\/la-universidad\/la-universidad\/relaciones-internacionales\/convenios-internacionales\/"]}]},{"@type":"ImageObject","inLanguage":"fr-FR","@id":"https:\/\/www.uartes.edu.ec\/sitio\/fr\/la-universidad\/la-universidad\/relaciones-internacionales\/convenios-internacionales\/#primaryimage","url":"https:\/\/www.uartes.edu.ec\/sitio\/wp-content\/uploads\/2020\/10\/firma-convenio.jpg","contentUrl":"https:\/\/www.uartes.edu.ec\/sitio\/wp-content\/uploads\/2020\/10\/firma-convenio.jpg","width":2000,"height":1333},{"@type":"BreadcrumbList","@id":"https:\/\/www.uartes.edu.ec\/sitio\/fr\/la-universidad\/la-universidad\/relaciones-internacionales\/convenios-internacionales\/#breadcrumb","itemListElement":[{"@type":"ListItem","position":1,"name":"Inicio","item":"https:\/\/www.uartes.edu.ec\/sitio\/"},{"@type":"ListItem","position":2,"name":"Universidad de las Artes","item":"https:\/\/www.uartes.edu.ec\/sitio\/"},{"@type":"ListItem","position":3,"name":"La Universidad","item":"https:\/\/www.uartes.edu.ec\/sitio\/la-universidad\/la-universidad\/"},{"@type":"ListItem","position":4,"name":"Relaciones Internacionales","item":"https:\/\/www.uartes.edu.ec\/sitio\/la-universidad\/la-universidad\/relaciones-internacionales\/"},{"@type":"ListItem","position":5,"name":"Convenios Internacionales"}]},{"@type":"WebSite","@id":"https:\/\/www.uartes.edu.ec\/sitio\/fr\/#website","url":"https:\/\/www.uartes.edu.ec\/sitio\/fr\/","name":"Universidad de las Artes","description":"Sitio oficial de la Universidad Nacional de las Artes del Ecuador","publisher":{"@id":"https:\/\/www.uartes.edu.ec\/sitio\/fr\/#organization"},"potentialAction":[{"@type":"SearchAction","target":{"@type":"EntryPoint","urlTemplate":"https:\/\/www.uartes.edu.ec\/sitio\/fr\/?s={search_term_string}"},"query-input":{"@type":"PropertyValueSpecification","valueRequired":true,"valueName":"search_term_string"}}],"inLanguage":"fr-FR"},{"@type":"Organization","@id":"https:\/\/www.uartes.edu.ec\/sitio\/fr\/#organization","name":"Universidad de las Artes","url":"https:\/\/www.uartes.edu.ec\/sitio\/fr\/","logo":{"@type":"ImageObject","inLanguage":"fr-FR","@id":"https:\/\/www.uartes.edu.ec\/sitio\/fr\/#\/schema\/logo\/image\/","url":"https:\/\/www.uartes.edu.ec\/sitio\/wp-content\/uploads\/2022\/07\/logo-ua-horizontal.png","contentUrl":"https:\/\/www.uartes.edu.ec\/sitio\/wp-content\/uploads\/2022\/07\/logo-ua-horizontal.png","width":800,"height":276,"caption":"Universidad de las Artes"},"image":{"@id":"https:\/\/www.uartes.edu.ec\/sitio\/fr\/#\/schema\/logo\/image\/"},"sameAs":["https:\/\/www.facebook.com\/uartesec","https:\/\/x.com\/uartesec","https:\/\/www.tiktok.com\/@uartesec"]}]}},"uagb_featured_image_src":{"full":["https:\/\/www.uartes.edu.ec\/sitio\/wp-content\/uploads\/2020\/10\/firma-convenio.jpg",2000,1333,false],"thumbnail":["https:\/\/www.uartes.edu.ec\/sitio\/wp-content\/uploads\/2020\/10\/firma-convenio-150x150.jpg",150,150,true],"medium":["https:\/\/www.uartes.edu.ec\/sitio\/wp-content\/uploads\/2020\/10\/firma-convenio-300x200.jpg",300,200,true],"medium_large":["https:\/\/www.uartes.edu.ec\/sitio\/wp-content\/uploads\/2020\/10\/firma-convenio-768x512.jpg",768,512,true],"large":["https:\/\/www.uartes.edu.ec\/sitio\/wp-content\/uploads\/2020\/10\/firma-convenio-644x429.jpg",644,429,true],"1536x1536":["https:\/\/www.uartes.edu.ec\/sitio\/wp-content\/uploads\/2020\/10\/firma-convenio-1536x1024.jpg",1536,1024,true],"2048x2048":["https:\/\/www.uartes.edu.ec\/sitio\/wp-content\/uploads\/2020\/10\/firma-convenio.jpg",2000,1333,false],"trp-custom-language-flag":["https:\/\/www.uartes.edu.ec\/sitio\/wp-content\/uploads\/2020\/10\/firma-convenio.jpg",18,12,false],"htmega_size_585x295":["https:\/\/www.uartes.edu.ec\/sitio\/wp-content\/uploads\/2020\/10\/firma-convenio-585x295.jpg",585,295,true],"htmega_size_1170x536":["https:\/\/www.uartes.edu.ec\/sitio\/wp-content\/uploads\/2020\/10\/firma-convenio-1170x536.jpg",1170,536,true],"htmega_size_396x360":["https:\/\/www.uartes.edu.ec\/sitio\/wp-content\/uploads\/2020\/10\/firma-convenio-396x360.jpg",396,360,true],"gb-block-post-grid-landscape":["https:\/\/www.uartes.edu.ec\/sitio\/wp-content\/uploads\/2020\/10\/firma-convenio.jpg",600,400,false],"gb-block-post-grid-square":["https:\/\/www.uartes.edu.ec\/sitio\/wp-content\/uploads\/2020\/10\/firma-convenio.jpg",600,400,false],"university-hub-thumb":["https:\/\/www.uartes.edu.ec\/sitio\/wp-content\/uploads\/2020\/10\/firma-convenio-400x267.jpg",400,267,true]},"uagb_author_info":{"display_name":"Universidad de las Artes","author_link":"https:\/\/www.uartes.edu.ec\/sitio\/fr\/blog\/author\/dircomadm\/"},"uagb_comment_info":0,"uagb_excerpt":"La UArtes tiene como uno de sus objetivos estrat\u00e9gicos el consolidar alianzas estrat\u00e9gicas con actores sociales del \u00e1mbito internacional para la generaci\u00f3n de procesos que favorezcan la transformaci\u00f3n sociocultural en distintos territorios. En este sentido, la Universidad ha suscrito instrumentos de cooperaci\u00f3n con instituciones extranjeras que permiten a la comunidad universitaria participar en programas de\u2026","featured_image_src":"https:\/\/www.uartes.edu.ec\/sitio\/wp-content\/uploads\/2020\/10\/firma-convenio.jpg","featured_image_src_square":"https:\/\/www.uartes.edu.ec\/sitio\/wp-content\/uploads\/2020\/10\/firma-convenio.jpg","publishpress_future_action":{"enabled":false,"date":"2026-05-06 20:21:26","action":"change-status","newStatus":"draft","terms":[],"taxonomy":"","extraData":[]},"publishpress_future_workflow_manual_trigger":{"enabledWorkflows":[]},"distributor_meta":false,"distributor_terms":false,"distributor_media":false,"distributor_original_site_name":"Universidad de las Artes","distributor_original_site_url":"https:\/\/www.uartes.edu.ec\/sitio\/fr","push-errors":false,"_links":{"self":[{"href":"https:\/\/www.uartes.edu.ec\/sitio\/fr\/wp-json\/wp\/v2\/pages\/4528","targetHints":{"allow":["GET"]}}],"collection":[{"href":"https:\/\/www.uartes.edu.ec\/sitio\/fr\/wp-json\/wp\/v2\/pages"}],"about":[{"href":"https:\/\/www.uartes.edu.ec\/sitio\/fr\/wp-json\/wp\/v2\/types\/page"}],"author":[{"embeddable":true,"href":"https:\/\/www.uartes.edu.ec\/sitio\/fr\/wp-json\/wp\/v2\/users\/1"}],"replies":[{"embeddable":true,"href":"https:\/\/www.uartes.edu.ec\/sitio\/fr\/wp-json\/wp\/v2\/comments?post=4528"}],"version-history":[{"count":25,"href":"https:\/\/www.uartes.edu.ec\/sitio\/fr\/wp-json\/wp\/v2\/pages\/4528\/revisions"}],"predecessor-version":[{"id":88992,"href":"https:\/\/www.uartes.edu.ec\/sitio\/fr\/wp-json\/wp\/v2\/pages\/4528\/revisions\/88992"}],"up":[{"embeddable":true,"href":"https:\/\/www.uartes.edu.ec\/sitio\/fr\/wp-json\/wp\/v2\/pages\/3047"}],"wp:featuredmedia":[{"embeddable":true,"href":"https:\/\/www.uartes.edu.ec\/sitio\/fr\/wp-json\/wp\/v2\/media\/9407"}],"wp:attachment":[{"href":"https:\/\/www.uartes.edu.ec\/sitio\/fr\/wp-json\/wp\/v2\/media?parent=4528"}],"curies":[{"name":"wp","href":"https:\/\/api.w.org\/{rel}","templated":true}]}}