{"id":51115,"date":"2024-03-01T13:15:25","date_gmt":"2024-03-01T18:15:25","guid":{"rendered":"https:\/\/www.uartes.edu.ec\/sitio\/?page_id=51115"},"modified":"2024-10-25T12:00:35","modified_gmt":"2024-10-25T17:00:35","slug":"acreditacion","status":"publish","type":"page","link":"https:\/\/www.uartes.edu.ec\/sitio\/fr\/acreditacion\/","title":{"rendered":"Accr\u00e9ditation 2024"},"content":{"rendered":"<div data-elementor-type=\"wp-page\" data-elementor-id=\"51115\" class=\"elementor elementor-51115\" data-elementor-settings=\"{&quot;ha_cmc_init_switcher&quot;:&quot;no&quot;}\" data-elementor-post-type=\"page\">\n\t\t\t\t<div class=\"elementor-element elementor-element-896028f e-flex e-con-boxed e-con e-parent\" data-id=\"896028f\" data-element_type=\"container\" data-e-type=\"container\" data-settings=\"{&quot;background_background&quot;:&quot;classic&quot;,&quot;_ha_eqh_enable&quot;:false}\">\n\t\t\t\t\t<div class=\"e-con-inner\">\n\t\t<div class=\"elementor-element elementor-element-16221d4 e-con-full e-flex e-con e-child\" data-id=\"16221d4\" data-element_type=\"container\" data-e-type=\"container\" data-settings=\"{&quot;_ha_eqh_enable&quot;:false}\">\n\t\t\t\t<\/div>\n\t\t\t\t\t<\/div>\n\t\t\t\t<\/div>\n\t\t<div class=\"elementor-element elementor-element-f43f438 e-flex e-con-boxed e-con e-parent\" data-id=\"f43f438\" data-element_type=\"container\" data-e-type=\"container\" data-settings=\"{&quot;background_background&quot;:&quot;classic&quot;,&quot;_ha_eqh_enable&quot;:false}\">\n\t\t\t\t\t<div class=\"e-con-inner\">\n\t\t\t\t<div class=\"elementor-element elementor-element-029800c elementor-widget elementor-widget-text-editor\" data-id=\"029800c\" data-element_type=\"widget\" data-e-type=\"widget\" data-widget_type=\"text-editor.default\">\n\t\t\t\t<div class=\"elementor-widget-container\">\n\t\t\t\t\t\t\t\t\t<p>L'accr\u00e9ditation est le prochain grand d\u00e9fi de l'Universidad de las Artes, auquel nous consacrerons une grande partie de cette ann\u00e9e. Mais de quoi s'agit-il ? Voici un guide de l'accr\u00e9ditation.<\/p>\t\t\t\t\t\t\t\t<\/div>\n\t\t\t\t<\/div>\n\t\t\t\t\t<\/div>\n\t\t\t\t<\/div>\n\t\t<div class=\"elementor-element elementor-element-95d2c31 e-flex e-con-boxed e-con e-parent\" data-id=\"95d2c31\" data-element_type=\"container\" data-e-type=\"container\" data-settings=\"{&quot;background_background&quot;:&quot;classic&quot;,&quot;_ha_eqh_enable&quot;:false}\">\n\t\t\t\t\t<div class=\"e-con-inner\">\n\t\t<div class=\"elementor-element elementor-element-baa1bce e-flex e-con-boxed e-con e-child\" data-id=\"baa1bce\" data-element_type=\"container\" data-e-type=\"container\" data-settings=\"{&quot;_ha_eqh_enable&quot;:false}\">\n\t\t\t\t\t<div class=\"e-con-inner\">\n\t\t\t\t<div class=\"elementor-element elementor-element-197d353 elementor-widget elementor-widget-image\" data-id=\"197d353\" data-element_type=\"widget\" data-e-type=\"widget\" data-widget_type=\"image.default\">\n\t\t\t\t<div class=\"elementor-widget-container\">\n\t\t\t\t\t\t\t\t\t\t\t\t<figure class=\"wp-caption\">\n\t\t\t\t\t\t\t\t\t\t<img fetchpriority=\"high\" decoding=\"async\" width=\"644\" height=\"429\" src=\"https:\/\/www.uartes.edu.ec\/sitio\/wp-content\/uploads\/2024\/03\/01-CARRERA-DE-ARTES-MUSICALES-Y-SONORAS-644x429.jpg\" class=\"attachment-large size-large wp-image-51168\" alt=\"\" srcset=\"https:\/\/www.uartes.edu.ec\/sitio\/wp-content\/uploads\/2024\/03\/01-CARRERA-DE-ARTES-MUSICALES-Y-SONORAS-644x429.jpg 644w, https:\/\/www.uartes.edu.ec\/sitio\/wp-content\/uploads\/2024\/03\/01-CARRERA-DE-ARTES-MUSICALES-Y-SONORAS-300x200.jpg 300w, https:\/\/www.uartes.edu.ec\/sitio\/wp-content\/uploads\/2024\/03\/01-CARRERA-DE-ARTES-MUSICALES-Y-SONORAS-768x512.jpg 768w, https:\/\/www.uartes.edu.ec\/sitio\/wp-content\/uploads\/2024\/03\/01-CARRERA-DE-ARTES-MUSICALES-Y-SONORAS-1536x1024.jpg 1536w, https:\/\/www.uartes.edu.ec\/sitio\/wp-content\/uploads\/2024\/03\/01-CARRERA-DE-ARTES-MUSICALES-Y-SONORAS-2048x1365.jpg 2048w, https:\/\/www.uartes.edu.ec\/sitio\/wp-content\/uploads\/2024\/03\/01-CARRERA-DE-ARTES-MUSICALES-Y-SONORAS-600x400.jpg 600w, https:\/\/www.uartes.edu.ec\/sitio\/wp-content\/uploads\/2024\/03\/01-CARRERA-DE-ARTES-MUSICALES-Y-SONORAS-400x267.jpg 400w, https:\/\/www.uartes.edu.ec\/sitio\/wp-content\/uploads\/2024\/03\/01-CARRERA-DE-ARTES-MUSICALES-Y-SONORAS-272x182.jpg 272w\" sizes=\"(max-width: 644px) 100vw, 644px\" \/>\t\t\t\t\t\t\t\t\t\t\t<figcaption class=\"widget-image-caption wp-caption-text\">Ensemble exp\u00e9rimental ludique de l'\u00e9cole des arts sonores UArtes.<\/figcaption>\n\t\t\t\t\t\t\t\t\t\t<\/figure>\n\t\t\t\t\t\t\t\t\t<\/div>\n\t\t\t\t<\/div>\n\t\t\t\t\t<\/div>\n\t\t\t\t<\/div>\n\t\t<div class=\"elementor-element elementor-element-b99f728 e-flex e-con-boxed e-con e-child\" data-id=\"b99f728\" data-element_type=\"container\" data-e-type=\"container\" data-settings=\"{&quot;_ha_eqh_enable&quot;:false}\">\n\t\t\t\t\t<div class=\"e-con-inner\">\n\t\t\t\t<div class=\"elementor-element elementor-element-a2ca7f7 elementor-widget elementor-widget-heading\" data-id=\"a2ca7f7\" data-element_type=\"widget\" data-e-type=\"widget\" data-widget_type=\"heading.default\">\n\t\t\t\t<div class=\"elementor-widget-container\">\n\t\t\t\t\t<h2 class=\"elementor-heading-title elementor-size-default\">On commence par le plus important : qu'est-ce que l'accr\u00e9ditation ?<\/h2>\t\t\t\t<\/div>\n\t\t\t\t<\/div>\n\t\t\t\t<div class=\"elementor-element elementor-element-2a868d0 elementor-widget elementor-widget-text-editor\" data-id=\"2a868d0\" data-element_type=\"widget\" data-e-type=\"widget\" data-widget_type=\"text-editor.default\">\n\t\t\t\t<div class=\"elementor-widget-container\">\n\t\t\t\t\t\t\t\t\t<p>L'accr\u00e9ditation est la reconnaissance par le Conseil pour l'Assurance de la Qualit\u00e9 dans l'Enseignement Sup\u00e9rieur (CACES) des Universit\u00e9s et des \u00c9coles Polytechniques (UEP) qui ont satisfait aux crit\u00e8res et aux normes de qualit\u00e9 d\u00e9termin\u00e9s dans son mod\u00e8le d'\u00e9valuation externe. Ces crit\u00e8res couvrent l'enseignement, la recherche et l'action communautaire, ainsi que les conditions institutionnelles qui permettent \u00e0 l'universit\u00e9 de fonctionner.<\/p>\t\t\t\t\t\t\t\t<\/div>\n\t\t\t\t<\/div>\n\t\t\t\t\t<\/div>\n\t\t\t\t<\/div>\n\t\t\t\t\t<\/div>\n\t\t\t\t<\/div>\n\t\t<div class=\"elementor-element elementor-element-509d871 e-flex e-con-boxed e-con e-parent\" data-id=\"509d871\" data-element_type=\"container\" data-e-type=\"container\" data-settings=\"{&quot;background_background&quot;:&quot;classic&quot;,&quot;_ha_eqh_enable&quot;:false}\">\n\t\t\t\t\t<div class=\"e-con-inner\">\n\t\t\t\t<div class=\"elementor-element elementor-element-3b365dc elementor-widget elementor-widget-heading\" data-id=\"3b365dc\" data-element_type=\"widget\" data-e-type=\"widget\" data-widget_type=\"heading.default\">\n\t\t\t\t<div class=\"elementor-widget-container\">\n\t\t\t\t\t<h2 class=\"elementor-heading-title elementor-size-default\">Notre mission et vision<\/h2>\t\t\t\t<\/div>\n\t\t\t\t<\/div>\n\t\t\t\t<div class=\"elementor-element elementor-element-25b3cf2 elementor-widget elementor-widget-video\" data-id=\"25b3cf2\" data-element_type=\"widget\" data-e-type=\"widget\" data-settings=\"{&quot;youtube_url&quot;:&quot;https:\\\/\\\/youtu.be\\\/680aYsr9VmQ&quot;,&quot;video_type&quot;:&quot;youtube&quot;,&quot;controls&quot;:&quot;yes&quot;}\" data-widget_type=\"video.default\">\n\t\t\t\t<div class=\"elementor-widget-container\">\n\t\t\t\t\t\t\t<div class=\"elementor-wrapper elementor-open-inline\">\n\t\t\t<div class=\"elementor-video\"><\/div>\t\t<\/div>\n\t\t\t\t\t\t<\/div>\n\t\t\t\t<\/div>\n\t\t\t\t\t<\/div>\n\t\t\t\t<\/div>\n\t\t<div class=\"elementor-element elementor-element-d22f560 e-flex e-con-boxed e-con e-parent\" data-id=\"d22f560\" data-element_type=\"container\" data-e-type=\"container\" data-settings=\"{&quot;background_background&quot;:&quot;classic&quot;,&quot;_ha_eqh_enable&quot;:false}\">\n\t\t\t\t\t<div class=\"e-con-inner\">\n\t\t<div class=\"elementor-element elementor-element-1f916cb e-flex e-con-boxed e-con e-child\" data-id=\"1f916cb\" data-element_type=\"container\" data-e-type=\"container\" data-settings=\"{&quot;_ha_eqh_enable&quot;:false}\">\n\t\t\t\t\t<div class=\"e-con-inner\">\n\t\t\t\t<div class=\"elementor-element elementor-element-e7825f9 elementor-widget elementor-widget-heading\" data-id=\"e7825f9\" data-element_type=\"widget\" data-e-type=\"widget\" data-widget_type=\"heading.default\">\n\t\t\t\t<div class=\"elementor-widget-container\">\n\t\t\t\t\t<h2 class=\"elementor-heading-title elementor-size-default\">Maintenant que nous connaissons son importance, \u00e0 quoi ressemblera ce processus?<\/h2>\t\t\t\t<\/div>\n\t\t\t\t<\/div>\n\t\t\t\t<div class=\"elementor-element elementor-element-bf60ab1 elementor-widget elementor-widget-text-editor\" data-id=\"bf60ab1\" data-element_type=\"widget\" data-e-type=\"widget\" data-widget_type=\"text-editor.default\">\n\t\t\t\t<div class=\"elementor-widget-container\">\n\t\t\t\t\t\t\t\t\t<p>Une analyse compl\u00e8te sera r\u00e9alis\u00e9e en trois phases : la soumission des informations, l'\u00e9valuation sur le terrain impliquant une v\u00e9rification technique et des visites d'\u00e9valuateurs externes, et la r\u00e9daction des rapports d'\u00e9valuation.<\/p><p>Les param\u00e8tres \u00e0 \u00e9valuer seront ceux de <em>l'enseignement, de la recherche, des actions communautaires et des conditions institutionnelles<\/em>. En outre, trois axes seront pris en compte pour l'\u00e9valuation: <em>La planification, l'ex\u00e9cution et les r\u00e9sultats<\/em>.<\/p>\t\t\t\t\t\t\t\t<\/div>\n\t\t\t\t<\/div>\n\t\t\t\t\t<\/div>\n\t\t\t\t<\/div>\n\t\t<div class=\"elementor-element elementor-element-662f02a e-flex e-con-boxed e-con e-child\" data-id=\"662f02a\" data-element_type=\"container\" data-e-type=\"container\" data-settings=\"{&quot;_ha_eqh_enable&quot;:false}\">\n\t\t\t\t\t<div class=\"e-con-inner\">\n\t\t\t\t<div class=\"elementor-element elementor-element-1ec19b9 elementor-widget elementor-widget-image\" data-id=\"1ec19b9\" data-element_type=\"widget\" data-e-type=\"widget\" data-widget_type=\"image.default\">\n\t\t\t\t<div class=\"elementor-widget-container\">\n\t\t\t\t\t\t\t\t\t\t\t\t<figure class=\"wp-caption\">\n\t\t\t\t\t\t\t\t\t\t<img decoding=\"async\" width=\"644\" height=\"429\" src=\"https:\/\/www.uartes.edu.ec\/sitio\/wp-content\/uploads\/2024\/03\/WHYKILL-644x429.jpg\" class=\"attachment-large size-large wp-image-51310\" alt=\"\" srcset=\"https:\/\/www.uartes.edu.ec\/sitio\/wp-content\/uploads\/2024\/03\/WHYKILL-644x429.jpg 644w, https:\/\/www.uartes.edu.ec\/sitio\/wp-content\/uploads\/2024\/03\/WHYKILL-300x200.jpg 300w, https:\/\/www.uartes.edu.ec\/sitio\/wp-content\/uploads\/2024\/03\/WHYKILL-768x512.jpg 768w, https:\/\/www.uartes.edu.ec\/sitio\/wp-content\/uploads\/2024\/03\/WHYKILL-1536x1024.jpg 1536w, https:\/\/www.uartes.edu.ec\/sitio\/wp-content\/uploads\/2024\/03\/WHYKILL-600x400.jpg 600w, https:\/\/www.uartes.edu.ec\/sitio\/wp-content\/uploads\/2024\/03\/WHYKILL-400x267.jpg 400w, https:\/\/www.uartes.edu.ec\/sitio\/wp-content\/uploads\/2024\/03\/WHYKILL-272x182.jpg 272w, https:\/\/www.uartes.edu.ec\/sitio\/wp-content\/uploads\/2024\/03\/WHYKILL.jpg 2000w\" sizes=\"(max-width: 644px) 100vw, 644px\" \/>\t\t\t\t\t\t\t\t\t\t\t<figcaption class=\"widget-image-caption wp-caption-text\">R\u00e9p\u00e9tition de la pi\u00e8ce \u00abWhy a kill o de c\u00f3mo las iguanas aprendieron a sobrevivir\u00bb avec l\u2019enseignant et artiste Benjam\u00edn Cort\u00e9s.<\/figcaption>\n\t\t\t\t\t\t\t\t\t\t<\/figure>\n\t\t\t\t\t\t\t\t\t<\/div>\n\t\t\t\t<\/div>\n\t\t\t\t\t<\/div>\n\t\t\t\t<\/div>\n\t\t\t\t\t<\/div>\n\t\t\t\t<\/div>\n\t\t<div class=\"elementor-element elementor-element-d098dde e-flex e-con-boxed e-con e-parent\" data-id=\"d098dde\" data-element_type=\"container\" data-e-type=\"container\" data-settings=\"{&quot;background_background&quot;:&quot;classic&quot;,&quot;_ha_eqh_enable&quot;:false}\">\n\t\t\t\t\t<div class=\"e-con-inner\">\n\t\t\t\t<div class=\"elementor-element elementor-element-24d349b elementor-widget elementor-widget-heading\" data-id=\"24d349b\" data-element_type=\"widget\" data-e-type=\"widget\" data-widget_type=\"heading.default\">\n\t\t\t\t<div class=\"elementor-widget-container\">\n\t\t\t\t\t<h2 class=\"elementor-heading-title elementor-size-default\">\u00c0 propos du processus d\u2019auto-\u00e9valuation<\/h2>\t\t\t\t<\/div>\n\t\t\t\t<\/div>\n\t\t\t\t<div class=\"elementor-element elementor-element-b90c9ed elementor-widget elementor-widget-shortcode\" data-id=\"b90c9ed\" data-element_type=\"widget\" data-e-type=\"widget\" data-widget_type=\"shortcode.default\">\n\t\t\t\t<div class=\"elementor-widget-container\">\n\t\t\t\t\t\t\t<div class=\"elementor-shortcode\"><div class='w3eden wpdm_packages_shortcode'>\n    <div class=''>\n\n        \n        <div id=\"content_wpdm_package_1\">\n            <div class='row'><div class='col-lg-12 col-md-12 col-12'><!-- WPDM Link Template: Call to Action 3 -->\n\n<div class=\"well c2a3\">\n    <div class=\"media\">\n        <div class=\"mr-3\" align=\"left\">\n            <img decoding=\"async\" class=\"wpdm_icon\" alt=\"Ic\u00f4ne\" src=\"https:\/\/www.uartes.edu.ec\/sitio\/wp-content\/plugins\/download-manager\/assets\/file-type-icons\/pdf.svg\" \/>\n        <\/div>\n        <div class=\"media-body\">\n            <h3 class=\"media-heading\" style=\"padding-top: 0px;border:0px;margin: 0 0 5px 0;font-size:12pt;\">\n                <a style=\"font-weight: 700\" href=\"https:\/\/www.uartes.edu.ec\/sitio\/fr\/download\/informe-de-autoevaluacion-institucional-modelo-caces-2023\/\">Informe preliminar de Autoevaluaci\u00f3n Institucional 2024 (modelo 2023)<\/a>\n                <span style=\"font-size:8pt;font-weight:300\" class=\"text-muted ml-4\">\n                    <i class=\"fas fa-hdd mr-1\"><\/i> 1.29 MB\n                    <i class=\"ml-3 far fa-arrow-alt-circle-down mr-1\"><\/i> 1854 t\u00e9l\u00e9chargements\n                <\/span>\n            <\/h3>\n            ...\n        <\/div>\n        <div class=\"ml-3\" align=\"right\">\n            <a class='wpdm-download-link download-on-click btn btn-primary btn-sm'  rel='nofollow' href='#' data-downloadurl=\"https:\/\/www.uartes.edu.ec\/sitio\/fr\/download\/informe-de-autoevaluacion-institucional-modelo-caces-2023\/?wpdmdl=69144&refresh=69f5fa229dcec1777728034\">T\u00e9l\u00e9charger<\/a>\n        <\/div>\n    <\/div>\n\n<\/div>\n<style>\n    .well.c2a3 .btn {\n        padding: 11px 30px;\n        font-size: 11pt;\n    }\n\n    .well.c2a3 .media-body {\n        font-size: 11pt;\n    }\n\n    .well.c2a3 .wpdm_icon {\n        height: 42px;\n        width: auto;\n    }<\/style>\n<\/div><div class='col-lg-12 col-md-12 col-12'><!-- WPDM Link Template: Call to Action 3 -->\n\n<div class=\"well c2a3\">\n    <div class=\"media\">\n        <div class=\"mr-3\" align=\"left\">\n            <img decoding=\"async\" class=\"wpdm_icon\" alt=\"Ic\u00f4ne\" src=\"https:\/\/www.uartes.edu.ec\/sitio\/wp-content\/plugins\/download-manager\/assets\/file-type-icons\/pdf.svg\" \/>\n        <\/div>\n        <div class=\"media-body\">\n            <h3 class=\"media-heading\" style=\"padding-top: 0px;border:0px;margin: 0 0 5px 0;font-size:12pt;\">\n                <a style=\"font-weight: 700\" href=\"https:\/\/www.uartes.edu.ec\/sitio\/fr\/download\/ua-ocs-rso-2022-063-2\/\">UA-OCS-RSO-2023-063 - Plan de Autoevaluaci\u00f3n Institucional<\/a>\n                <span style=\"font-size:8pt;font-weight:300\" class=\"text-muted ml-4\">\n                    <i class=\"fas fa-hdd mr-1\"><\/i> 731.11 KB\n                    <i class=\"ml-3 far fa-arrow-alt-circle-down mr-1\"><\/i> 1588 t\u00e9l\u00e9chargements\n                <\/span>\n            <\/h3>\n            \n\u201cArt\u00edculo Primero.-\u00a0 Aprobar el Plan de Autoevaluaci\u00f3n Institucional y los...\n        <\/div>\n        <div class=\"ml-3\" align=\"right\">\n            <a class='wpdm-download-link download-on-click btn btn-primary btn-sm'  rel='nofollow' href='#' data-downloadurl=\"https:\/\/www.uartes.edu.ec\/sitio\/fr\/download\/ua-ocs-rso-2022-063-2\/?wpdmdl=47986&refresh=69f5fa2404df01777728036\">T\u00e9l\u00e9charger<\/a>\n        <\/div>\n    <\/div>\n\n<\/div>\n<style>\n    .well.c2a3 .btn {\n        padding: 11px 30px;\n        font-size: 11pt;\n    }\n\n    .well.c2a3 .media-body {\n        font-size: 11pt;\n    }\n\n    .well.c2a3 .wpdm_icon {\n        height: 42px;\n        width: auto;\n    }<\/style>\n<\/div><div class='col-lg-12 col-md-12 col-12'><!-- WPDM Link Template: Call to Action 3 -->\n\n<div class=\"well c2a3\">\n    <div class=\"media\">\n        <div class=\"mr-3\" align=\"left\">\n            <img decoding=\"async\" class=\"wpdm_icon\" alt=\"Ic\u00f4ne\" src=\"https:\/\/www.uartes.edu.ec\/sitio\/wp-content\/plugins\/download-manager\/assets\/file-type-icons\/pdf.svg\" \/>\n        <\/div>\n        <div class=\"media-body\">\n            <h3 class=\"media-heading\" style=\"padding-top: 0px;border:0px;margin: 0 0 5px 0;font-size:12pt;\">\n                <a style=\"font-weight: 700\" href=\"https:\/\/www.uartes.edu.ec\/sitio\/fr\/download\/ua-ocs-rse-2024-013\/\">UA-OCS-RSE-2024-013 - Reglamento de Evaluaci\u00f3n Interna y Aseguramiento de la Calidad<\/a>\n                <span style=\"font-size:8pt;font-weight:300\" class=\"text-muted ml-4\">\n                    <i class=\"fas fa-hdd mr-1\"><\/i> 3.59 MB\n                    <i class=\"ml-3 far fa-arrow-alt-circle-down mr-1\"><\/i> 2566 t\u00e9l\u00e9chargements\n                <\/span>\n            <\/h3>\n            \n\u201cArt\u00edculo Primero. - Aprobar el Reglamento de Evaluaci\u00f3n Interna y Aseguramiento...\n        <\/div>\n        <div class=\"ml-3\" align=\"right\">\n            <a class='wpdm-download-link download-on-click btn btn-primary btn-sm'  rel='nofollow' href='#' data-downloadurl=\"https:\/\/www.uartes.edu.ec\/sitio\/fr\/download\/ua-ocs-rse-2024-013\/?wpdmdl=50726&refresh=69f5fa2574e2d1777728037\">T\u00e9l\u00e9charger<\/a>\n        <\/div>\n    <\/div>\n\n<\/div>\n<style>\n    .well.c2a3 .btn {\n        padding: 11px 30px;\n        font-size: 11pt;\n    }\n\n    .well.c2a3 .media-body {\n        font-size: 11pt;\n    }\n\n    .well.c2a3 .wpdm_icon {\n        height: 42px;\n        width: auto;\n    }<\/style>\n<\/div><\/div>            <div style='clear:both'><\/div><div class='text-center'><ul class='pagination wpdm-pagination pagination-centered text-center'><\/ul><\/div><div style='clear:both'><\/div>        <\/div>\n\n        <div style='clear:both'><\/div>\n    <\/div>\n<\/div>\n<\/div>\n\t\t\t\t\t\t<\/div>\n\t\t\t\t<\/div>\n\t\t\t\t\t<\/div>\n\t\t\t\t<\/div>\n\t\t<div class=\"elementor-element elementor-element-5483231 e-flex e-con-boxed e-con e-parent\" data-id=\"5483231\" data-element_type=\"container\" data-e-type=\"container\" data-settings=\"{&quot;background_background&quot;:&quot;classic&quot;,&quot;_ha_eqh_enable&quot;:false}\">\n\t\t\t\t\t<div class=\"e-con-inner\">\n\t\t<div class=\"elementor-element elementor-element-1950cc6 e-flex e-con-boxed e-con e-child\" data-id=\"1950cc6\" data-element_type=\"container\" data-e-type=\"container\" data-settings=\"{&quot;_ha_eqh_enable&quot;:false}\">\n\t\t\t\t\t<div class=\"e-con-inner\">\n\t\t\t\t<div class=\"elementor-element elementor-element-683021e elementor-widget elementor-widget-image\" data-id=\"683021e\" data-element_type=\"widget\" data-e-type=\"widget\" data-widget_type=\"image.default\">\n\t\t\t\t<div class=\"elementor-widget-container\">\n\t\t\t\t\t\t\t\t\t\t\t\t<figure class=\"wp-caption\">\n\t\t\t\t\t\t\t\t\t\t<img decoding=\"async\" width=\"644\" height=\"429\" src=\"https:\/\/www.uartes.edu.ec\/sitio\/wp-content\/uploads\/2024\/03\/PORTADA-IMAGENES-APARENTES-644x429.jpg\" class=\"attachment-large size-large wp-image-51309\" alt=\"\" srcset=\"https:\/\/www.uartes.edu.ec\/sitio\/wp-content\/uploads\/2024\/03\/PORTADA-IMAGENES-APARENTES-644x429.jpg 644w, https:\/\/www.uartes.edu.ec\/sitio\/wp-content\/uploads\/2024\/03\/PORTADA-IMAGENES-APARENTES-300x200.jpg 300w, https:\/\/www.uartes.edu.ec\/sitio\/wp-content\/uploads\/2024\/03\/PORTADA-IMAGENES-APARENTES-768x512.jpg 768w, https:\/\/www.uartes.edu.ec\/sitio\/wp-content\/uploads\/2024\/03\/PORTADA-IMAGENES-APARENTES-1536x1024.jpg 1536w, https:\/\/www.uartes.edu.ec\/sitio\/wp-content\/uploads\/2024\/03\/PORTADA-IMAGENES-APARENTES-600x400.jpg 600w, https:\/\/www.uartes.edu.ec\/sitio\/wp-content\/uploads\/2024\/03\/PORTADA-IMAGENES-APARENTES-400x267.jpg 400w, https:\/\/www.uartes.edu.ec\/sitio\/wp-content\/uploads\/2024\/03\/PORTADA-IMAGENES-APARENTES-272x182.jpg 272w, https:\/\/www.uartes.edu.ec\/sitio\/wp-content\/uploads\/2024\/03\/PORTADA-IMAGENES-APARENTES.jpg 2000w\" sizes=\"(max-width: 644px) 100vw, 644px\" \/>\t\t\t\t\t\t\t\t\t\t\t<figcaption class=\"widget-image-caption wp-caption-text\">Exposition \u00ab Im\u00e1genes aparentes \u00bb des \u00e9tudiants du Master en Photographie et Soci\u00e9t\u00e9 en Am\u00e9rique Latine.<\/figcaption>\n\t\t\t\t\t\t\t\t\t\t<\/figure>\n\t\t\t\t\t\t\t\t\t<\/div>\n\t\t\t\t<\/div>\n\t\t\t\t\t<\/div>\n\t\t\t\t<\/div>\n\t\t<div class=\"elementor-element elementor-element-59a9edb e-flex e-con-boxed e-con e-child\" data-id=\"59a9edb\" data-element_type=\"container\" data-e-type=\"container\" data-settings=\"{&quot;_ha_eqh_enable&quot;:false}\">\n\t\t\t\t\t<div class=\"e-con-inner\">\n\t\t\t\t<div class=\"elementor-element elementor-element-905af7f elementor-widget elementor-widget-heading\" data-id=\"905af7f\" data-element_type=\"widget\" data-e-type=\"widget\" data-widget_type=\"heading.default\">\n\t\t\t\t<div class=\"elementor-widget-container\">\n\t\t\t\t\t<h2 class=\"elementor-heading-title elementor-size-default\">Nous savons d\u00e9j\u00e0 quels aspects seront examin\u00e9s, mais qui seront les \u00e9valuateurs?<\/h2>\t\t\t\t<\/div>\n\t\t\t\t<\/div>\n\t\t\t\t<div class=\"elementor-element elementor-element-7080936 elementor-widget elementor-widget-text-editor\" data-id=\"7080936\" data-element_type=\"widget\" data-e-type=\"widget\" data-widget_type=\"text-editor.default\">\n\t\t\t\t<div class=\"elementor-widget-container\">\n\t\t\t\t\t\t\t\t\t<p>Le CACES, par l'interm\u00e9diaire de sa Commission Permanente des Universit\u00e9s et des \u00c9coles Polytechniques, d\u00e9finira les comit\u00e9s d'\u00e9valuation externe, qui seront compos\u00e9s d'\u00e9valuateurs nationaux ou internationaux ayant d\u00e9j\u00e0 particip\u00e9 \u00e0 des processus d'\u00e9valuation d'universit\u00e9s.<\/p>\t\t\t\t\t\t\t\t<\/div>\n\t\t\t\t<\/div>\n\t\t\t\t\t<\/div>\n\t\t\t\t<\/div>\n\t\t\t\t\t<\/div>\n\t\t\t\t<\/div>\n\t\t<div class=\"elementor-element elementor-element-e03afee e-con-full e-flex e-con e-parent\" data-id=\"e03afee\" data-element_type=\"container\" data-e-type=\"container\" data-settings=\"{&quot;background_background&quot;:&quot;classic&quot;,&quot;_ha_eqh_enable&quot;:false}\">\n\t\t\t\t<div class=\"elementor-element elementor-element-78ab461 elementor-cta--skin-cover elementor-cta--valign-middle elementor-animated-content elementor-bg-transform elementor-bg-transform-zoom-in elementor-widget elementor-widget-call-to-action\" data-id=\"78ab461\" data-element_type=\"widget\" data-e-type=\"widget\" data-widget_type=\"call-to-action.default\">\n\t\t\t\t<div class=\"elementor-widget-container\">\n\t\t\t\t\t\t\t<div class=\"elementor-cta\">\n\t\t\t\t\t<div class=\"elementor-cta__bg-wrapper\">\n\t\t\t\t<div class=\"elementor-cta__bg elementor-bg\" style=\"background-image: url(https:\/\/www.uartes.edu.ec\/sitio\/wp-content\/uploads\/2024\/03\/Fondo-acreditacion-644x268.jpg);\" role=\"img\" aria-label=\"Fondo-acreditacio\u0301n\"><\/div>\n\t\t\t\t<div class=\"elementor-cta__bg-overlay\"><\/div>\n\t\t\t<\/div>\n\t\t\t\t\t\t\t<div class=\"elementor-cta__content\">\n\t\t\t\t\n\t\t\t\t\t\t\t\t\t<h3 class=\"elementor-cta__title elementor-cta__content-item elementor-content-item elementor-animated-item--grow\">\n\t\t\t\t\t\tLe processus d'accr\u00e9ditation est essentiel pour notre vie universitaire\t\t\t\t\t<\/h3>\n\t\t\t\t\n\t\t\t\t\t\t\t\t\t<span class=\"elementor-cta__description elementor-cta__content-item elementor-content-item elementor-animated-item--grow\">\n\t\t\t\t\t\tT\u00e9l\u00e9chargez ce document et partagez-le avec la communaut\u00e9 UArtes.\t\t\t\t\t<\/span>\n\t\t\t\t\n\t\t\t\t\t\t\t\t\t<div class=\"elementor-cta__button-wrapper elementor-cta__content-item elementor-content-item elementor-animated-item--grow\">\n\t\t\t\t\t<a class=\"elementor-cta__button elementor-button elementor-size-lg\" href=\"https:\/\/www.uartes.edu.ec\/sitio\/download\/acreditacion-preguntas-fundamentales\/?wpdmdl=51379&#038;masterkey=L5GXf9vn5Dao1cntLXiSMontRYQaoOCBK6xIBUglHbZIHVOLrvBcDbujowcgitURaKh3SPXJG2FSPLBnoblufdrXtC7o6y0YPw-2tIKGAlM\">\n\t\t\t\t\t\tT\u00e9l\u00e9charger\t\t\t\t\t<\/a>\n\t\t\t\t\t<\/div>\n\t\t\t\t\t\t\t<\/div>\n\t\t\t\t\t\t<\/div>\n\t\t\t\t\t\t<\/div>\n\t\t\t\t<\/div>\n\t\t\t\t<\/div>\n\t\t<div class=\"elementor-element elementor-element-6c71951 e-flex e-con-boxed e-con e-parent\" data-id=\"6c71951\" data-element_type=\"container\" data-e-type=\"container\" data-settings=\"{&quot;background_background&quot;:&quot;classic&quot;,&quot;_ha_eqh_enable&quot;:false}\">\n\t\t\t\t\t<div class=\"e-con-inner\">\n\t\t<div class=\"elementor-element elementor-element-426fdc9 e-flex e-con-boxed e-con e-child\" data-id=\"426fdc9\" data-element_type=\"container\" data-e-type=\"container\" data-settings=\"{&quot;_ha_eqh_enable&quot;:false}\">\n\t\t\t\t\t<div class=\"e-con-inner\">\n\t\t\t\t<div class=\"elementor-element elementor-element-f2aa33a elementor-widget elementor-widget-heading\" data-id=\"f2aa33a\" data-element_type=\"widget\" data-e-type=\"widget\" data-widget_type=\"heading.default\">\n\t\t\t\t<div class=\"elementor-widget-container\">\n\t\t\t\t\t<h2 class=\"elementor-heading-title elementor-size-default\">Quelles sont les dates du processus d'\u00e9valuation externe pour l'accr\u00e9ditation?<\/h2>\t\t\t\t<\/div>\n\t\t\t\t<\/div>\n\t\t\t\t<div class=\"elementor-element elementor-element-1f3bc50 elementor-widget elementor-widget-text-editor\" data-id=\"1f3bc50\" data-element_type=\"widget\" data-e-type=\"widget\" data-widget_type=\"text-editor.default\">\n\t\t\t\t<div class=\"elementor-widget-container\">\n\t\t\t\t\t\t\t\t\t<p>L'\u00e9valuation externe par le CACES se d\u00e9roulera tout au long de l'ann\u00e9e 2024. Elle d\u00e9bute le 1er mars avec le t\u00e9l\u00e9chargement des informations et se termine en octobre avec la remise du rapport final. En mai et juin, l'UArtes sera visit\u00e9e par les repr\u00e9sentants du CACES et les \u00e9valuateurs externes.<\/p><p>Il faut ajouter que le processus d'\u00e9valuation externe pour l\u2019accr\u00e9ditation impliquera l' Universidad Nacional de Educaci\u00f3n, l\u2019 Universidad Regional Amaz\u00f3nica IKIAM, l\u2019 Universidad Yachay Tech et l\u2019 Universidad de las Artes.<\/p>\t\t\t\t\t\t\t\t<\/div>\n\t\t\t\t<\/div>\n\t\t\t\t\t<\/div>\n\t\t\t\t<\/div>\n\t\t<div class=\"elementor-element elementor-element-31a5940 e-flex e-con-boxed e-con e-child\" data-id=\"31a5940\" data-element_type=\"container\" data-e-type=\"container\" data-settings=\"{&quot;_ha_eqh_enable&quot;:false}\">\n\t\t\t\t\t<div class=\"e-con-inner\">\n\t\t\t\t<div class=\"elementor-element elementor-element-2863eff elementor-widget elementor-widget-image\" data-id=\"2863eff\" data-element_type=\"widget\" data-e-type=\"widget\" data-widget_type=\"image.default\">\n\t\t\t\t<div class=\"elementor-widget-container\">\n\t\t\t\t\t\t\t\t\t\t\t\t<figure class=\"wp-caption\">\n\t\t\t\t\t\t\t\t\t\t<img loading=\"lazy\" decoding=\"async\" width=\"644\" height=\"429\" src=\"https:\/\/www.uartes.edu.ec\/sitio\/wp-content\/uploads\/2024\/03\/ARTES-VISUALES-644x429.jpg\" class=\"attachment-large size-large wp-image-51311\" alt=\"\" srcset=\"https:\/\/www.uartes.edu.ec\/sitio\/wp-content\/uploads\/2024\/03\/ARTES-VISUALES-644x429.jpg 644w, https:\/\/www.uartes.edu.ec\/sitio\/wp-content\/uploads\/2024\/03\/ARTES-VISUALES-300x200.jpg 300w, https:\/\/www.uartes.edu.ec\/sitio\/wp-content\/uploads\/2024\/03\/ARTES-VISUALES-768x512.jpg 768w, https:\/\/www.uartes.edu.ec\/sitio\/wp-content\/uploads\/2024\/03\/ARTES-VISUALES-1536x1024.jpg 1536w, https:\/\/www.uartes.edu.ec\/sitio\/wp-content\/uploads\/2024\/03\/ARTES-VISUALES-600x400.jpg 600w, https:\/\/www.uartes.edu.ec\/sitio\/wp-content\/uploads\/2024\/03\/ARTES-VISUALES-400x267.jpg 400w, https:\/\/www.uartes.edu.ec\/sitio\/wp-content\/uploads\/2024\/03\/ARTES-VISUALES-272x182.jpg 272w, https:\/\/www.uartes.edu.ec\/sitio\/wp-content\/uploads\/2024\/03\/ARTES-VISUALES.jpg 2000w\" sizes=\"(max-width: 644px) 100vw, 644px\" \/>\t\t\t\t\t\t\t\t\t\t\t<figcaption class=\"widget-image-caption wp-caption-text\">\u00c9tudiant de l'\u00c9cole des Arts Visuels, b\u00e2timent \u00ab T\u00e1bara \u00bb.<\/figcaption>\n\t\t\t\t\t\t\t\t\t\t<\/figure>\n\t\t\t\t\t\t\t\t\t<\/div>\n\t\t\t\t<\/div>\n\t\t\t\t\t<\/div>\n\t\t\t\t<\/div>\n\t\t\t\t\t<\/div>\n\t\t\t\t<\/div>\n\t\t<div class=\"elementor-element elementor-element-af3e46b e-flex e-con-boxed e-con e-parent\" data-id=\"af3e46b\" data-element_type=\"container\" data-e-type=\"container\" data-settings=\"{&quot;background_background&quot;:&quot;classic&quot;,&quot;_ha_eqh_enable&quot;:false}\">\n\t\t\t\t\t<div class=\"e-con-inner\">\n\t\t\t\t<div class=\"elementor-element elementor-element-0ea14c1 elementor-widget elementor-widget-heading\" data-id=\"0ea14c1\" data-element_type=\"widget\" data-e-type=\"widget\" data-widget_type=\"heading.default\">\n\t\t\t\t<div class=\"elementor-widget-container\">\n\t\t\t\t\t<h2 class=\"elementor-heading-title elementor-size-default\">Accr\u00e9ditation 2024 \u2013 Plan d\u2019action<\/h2>\t\t\t\t<\/div>\n\t\t\t\t<\/div>\n\t\t\t\t<div class=\"elementor-element elementor-element-141bd3f elementor-widget elementor-widget-ha-horizontal-timeline happy-addon ha-horizontal-timeline\" data-id=\"141bd3f\" data-element_type=\"widget\" data-e-type=\"widget\" data-settings=\"{&quot;slides_to_show&quot;:&quot;4&quot;,&quot;slides_to_show_mobile&quot;:&quot;1&quot;,&quot;slides_to_scroll&quot;:&quot;yes&quot;,&quot;animation_speed&quot;:800,&quot;slides_to_show_tablet&quot;:3}\" data-widget_type=\"ha-horizontal-timeline.default\">\n\t\t\t\t<div class=\"elementor-widget-container\">\n\t\t\t\t\t\t\t<div class=\"ha-horizontal-timeline-wrapper ha-carousel\">\n\n\t\t\t\t\t\t\t<div class=\"ha-horizontal-timeline-block elementor-repeater-item-2b0e9c4\">\n\t\t\t\t\t<div class=\"ha-horizontal-timeline-icon-box\">\n\n\t\t\t\t\t\t<span class=\"ha-horizontal-timeline-date\">Octobre 2024<\/span>\n\n\t\t\t\t\t\t<div class=\"ha-horizontal-timeline-top-inner\">\n\t\t\t\t\t\t\t\t\t\t\t\t\t\t\t<div class=\"ha-horizontal-timeline-icon\">\n\t\t\t\t\t\t\t\t\t<i aria-hidden=\"true\" class=\"fas fa-calendar-alt\"><\/i>\t\t\t\t\t\t\t\t<\/div>\n\t\t\t\t\t\t\t\t\t\t\t\t\t\t<div class=\"ha-horizontal-timeline-tree\"><\/div>\n\t\t\t\t\t\t<\/div>\n\t\t\t\t\t<\/div>\n\n\t\t\t\t\t<div class=\"ha-horizontal-timeline-content\">\n\n\t\t\t\t\t\t\t\t\t\t\t\t\t<div class=\"ha-horizontal-timeline-arrow\"><\/div>\n\t\t\t\t\t\t\n\t\t\t\t\t\t<div class=\"ha-horizontal-timeline-inner\">\n\t\t\t\t\t\t\t\n\t\t\t\t\t\t\t<h4 class=\"ha-horizontal-timeline-title\">Rapport final<\/h4>\n\t\t\t\t\t\t\t\n\t\t\t\t\t\t\t<div class=\"ha-horizontal-timeline-description\"><p>Le rapport final de l'\u00e9valuation externe sera disponible le 31 octobre 2024.<\/p><\/div>\t\t\t\t\t\t<\/div>\n\t\t\t\t\t<\/div>\n\t\t\t\t<\/div>\n\n\t\t\t\t\t\t\t<div class=\"ha-horizontal-timeline-block elementor-repeater-item-f7dce47\">\n\t\t\t\t\t<div class=\"ha-horizontal-timeline-icon-box\">\n\n\t\t\t\t\t\t<span class=\"ha-horizontal-timeline-date\">Ao\u00fbt 2024<\/span>\n\n\t\t\t\t\t\t<div class=\"ha-horizontal-timeline-top-inner\">\n\t\t\t\t\t\t\t\t\t\t\t\t\t\t\t<div class=\"ha-horizontal-timeline-icon\">\n\t\t\t\t\t\t\t\t\t<i aria-hidden=\"true\" class=\"fas fa-calendar-alt\"><\/i>\t\t\t\t\t\t\t\t<\/div>\n\t\t\t\t\t\t\t\t\t\t\t\t\t\t<div class=\"ha-horizontal-timeline-tree\"><\/div>\n\t\t\t\t\t\t<\/div>\n\t\t\t\t\t<\/div>\n\n\t\t\t\t\t<div class=\"ha-horizontal-timeline-content\">\n\n\t\t\t\t\t\t\t\t\t\t\t\t\t<div class=\"ha-horizontal-timeline-arrow\"><\/div>\n\t\t\t\t\t\t\n\t\t\t\t\t\t<div class=\"ha-horizontal-timeline-inner\">\n\t\t\t\t\t\t\t\n\t\t\t\t\t\t\t<h4 class=\"ha-horizontal-timeline-title\">Notification et rapport pr\u00e9liminaire<\/h4>\n\t\t\t\t\t\t\t\n\t\t\t\t\t\t\t<div class=\"ha-horizontal-timeline-description\"><p>Le rapport pr\u00e9liminaire du CACES sera connu le 16 ao\u00fbt 2024.<\/p><p>Les remarques seront pibli\u00e9es du 19 au 30 ao\u00fbt 2024.<\/p><\/div>\t\t\t\t\t\t<\/div>\n\t\t\t\t\t<\/div>\n\t\t\t\t<\/div>\n\n\t\t\t\t\t\t\t<div class=\"ha-horizontal-timeline-block elementor-repeater-item-37c738c\">\n\t\t\t\t\t<div class=\"ha-horizontal-timeline-icon-box\">\n\n\t\t\t\t\t\t<span class=\"ha-horizontal-timeline-date\">Mai \u2013 Juin 2024<\/span>\n\n\t\t\t\t\t\t<div class=\"ha-horizontal-timeline-top-inner\">\n\t\t\t\t\t\t\t\t\t\t\t\t\t\t\t<div class=\"ha-horizontal-timeline-icon\">\n\t\t\t\t\t\t\t\t\t<i aria-hidden=\"true\" class=\"fas fa-calendar-alt\"><\/i>\t\t\t\t\t\t\t\t<\/div>\n\t\t\t\t\t\t\t\t\t\t\t\t\t\t<div class=\"ha-horizontal-timeline-tree\"><\/div>\n\t\t\t\t\t\t<\/div>\n\t\t\t\t\t<\/div>\n\n\t\t\t\t\t<div class=\"ha-horizontal-timeline-content\">\n\n\t\t\t\t\t\t\t\t\t\t\t\t\t<div class=\"ha-horizontal-timeline-arrow\"><\/div>\n\t\t\t\t\t\t\n\t\t\t\t\t\t<div class=\"ha-horizontal-timeline-inner\">\n\t\t\t\t\t\t\t\n\t\t\t\t\t\t\t<h4 class=\"ha-horizontal-timeline-title\">Visites techniques et visites sur place<\/h4>\n\t\t\t\t\t\t\t\n\t\t\t\t\t\t\t<div class=\"ha-horizontal-timeline-description\"><p><strong>Visite technique<\/strong><\/p><p>Du 6 au 10 mai se fera la visite technique dirig\u00e9e par le CACES.<\/p><p><strong>Visite sur place<\/strong><\/p><p>Du 24 au 28 juin, se fera la visite sur place dirig\u00e9e par le CACES.<\/p><\/div>\t\t\t\t\t\t<\/div>\n\t\t\t\t\t<\/div>\n\t\t\t\t<\/div>\n\n\t\t\t\t\t\t\t<div class=\"ha-horizontal-timeline-block elementor-repeater-item-2bd6db7\">\n\t\t\t\t\t<div class=\"ha-horizontal-timeline-icon-box\">\n\n\t\t\t\t\t\t<span class=\"ha-horizontal-timeline-date\">Avril 2024<\/span>\n\n\t\t\t\t\t\t<div class=\"ha-horizontal-timeline-top-inner\">\n\t\t\t\t\t\t\t\t\t\t\t\t\t\t\t<div class=\"ha-horizontal-timeline-icon\">\n\t\t\t\t\t\t\t\t\t<i aria-hidden=\"true\" class=\"fas fa-calendar-alt\"><\/i>\t\t\t\t\t\t\t\t<\/div>\n\t\t\t\t\t\t\t\t\t\t\t\t\t\t<div class=\"ha-horizontal-timeline-tree\"><\/div>\n\t\t\t\t\t\t<\/div>\n\t\t\t\t\t<\/div>\n\n\t\t\t\t\t<div class=\"ha-horizontal-timeline-content\">\n\n\t\t\t\t\t\t\t\t\t\t\t\t\t<div class=\"ha-horizontal-timeline-arrow\"><\/div>\n\t\t\t\t\t\t\n\t\t\t\t\t\t<div class=\"ha-horizontal-timeline-inner\">\n\t\t\t\t\t\t\t\n\t\t\t\t\t\t\t<h4 class=\"ha-horizontal-timeline-title\">T\u00e9l\u00e9chargement des informations manquantes<\/h4>\n\t\t\t\t\t\t\t\n\t\t\t\t\t\t\t<div class=\"ha-horizontal-timeline-description\"><p>Du 1er au 4 avril, les informations manquantes doivent \u00eatre t\u00e9l\u00e9charg\u00e9es.<\/p><\/div>\t\t\t\t\t\t<\/div>\n\t\t\t\t\t<\/div>\n\t\t\t\t<\/div>\n\n\t\t\t\t\t\t\t<div class=\"ha-horizontal-timeline-block elementor-repeater-item-7bb8bf0\">\n\t\t\t\t\t<div class=\"ha-horizontal-timeline-icon-box\">\n\n\t\t\t\t\t\t<span class=\"ha-horizontal-timeline-date\">Mars 2024<\/span>\n\n\t\t\t\t\t\t<div class=\"ha-horizontal-timeline-top-inner\">\n\t\t\t\t\t\t\t\t\t\t\t\t\t\t\t<div class=\"ha-horizontal-timeline-icon\">\n\t\t\t\t\t\t\t\t\t<i aria-hidden=\"true\" class=\"fas fa-calendar-alt\"><\/i>\t\t\t\t\t\t\t\t<\/div>\n\t\t\t\t\t\t\t\t\t\t\t\t\t\t<div class=\"ha-horizontal-timeline-tree\"><\/div>\n\t\t\t\t\t\t<\/div>\n\t\t\t\t\t<\/div>\n\n\t\t\t\t\t<div class=\"ha-horizontal-timeline-content\">\n\n\t\t\t\t\t\t\t\t\t\t\t\t\t<div class=\"ha-horizontal-timeline-arrow\"><\/div>\n\t\t\t\t\t\t\n\t\t\t\t\t\t<div class=\"ha-horizontal-timeline-inner\">\n\t\t\t\t\t\t\t\n\t\t\t\t\t\t\t<h4 class=\"ha-horizontal-timeline-title\">T\u00e9l\u00e9chargement des informations<\/h4>\n\t\t\t\t\t\t\t\n\t\t\t\t\t\t\t<div class=\"ha-horizontal-timeline-description\"><p>Du 1er au 22 mars le t\u00e9l\u00e9chargement des informations pour le processus d'analyse et la validation de l'information institutionnelle aupr\u00e8s du CACES.<\/p><\/div>\t\t\t\t\t\t<\/div>\n\t\t\t\t\t<\/div>\n\t\t\t\t<\/div>\n\n\t\t\t\t\t\t\t<div class=\"ha-horizontal-timeline-block elementor-repeater-item-eed4c11\">\n\t\t\t\t\t<div class=\"ha-horizontal-timeline-icon-box\">\n\n\t\t\t\t\t\t<span class=\"ha-horizontal-timeline-date\">Janvier 2024<\/span>\n\n\t\t\t\t\t\t<div class=\"ha-horizontal-timeline-top-inner\">\n\t\t\t\t\t\t\t\t\t\t\t\t\t\t\t<div class=\"ha-horizontal-timeline-icon\">\n\t\t\t\t\t\t\t\t\t<i aria-hidden=\"true\" class=\"fas fa-calendar-alt\"><\/i>\t\t\t\t\t\t\t\t<\/div>\n\t\t\t\t\t\t\t\t\t\t\t\t\t\t<div class=\"ha-horizontal-timeline-tree\"><\/div>\n\t\t\t\t\t\t<\/div>\n\t\t\t\t\t<\/div>\n\n\t\t\t\t\t<div class=\"ha-horizontal-timeline-content\">\n\n\t\t\t\t\t\t\t\t\t\t\t\t\t<div class=\"ha-horizontal-timeline-arrow\"><\/div>\n\t\t\t\t\t\t\n\t\t\t\t\t\t<div class=\"ha-horizontal-timeline-inner\">\n\t\t\t\t\t\t\t\n\t\t\t\t\t\t\t<h4 class=\"ha-horizontal-timeline-title\">Rapport dans le cadre Institutionnel d\u2019auto\u00e9valuation<\/h4>\n\t\t\t\t\t\t\t\n\t\t\t\t\t\t\t<div class=\"ha-horizontal-timeline-description\"><p>Au plus tard le 16 janvier 2024, un rapport final contenant les r\u00e9sultats de l'auto-\u00e9valuation<\/p><\/div>\t\t\t\t\t\t<\/div>\n\t\t\t\t\t<\/div>\n\t\t\t\t<\/div>\n\n\t\t\t\n\t\t<\/div>\n\n\t\t\t\t\t<button type=\"button\" class=\"slick-prev\"><svg aria-hidden=\"true\" class=\"e-font-icon-svg e-fas-chevron-left\" viewbox=\"0 0 320 512\" xmlns=\"http:\/\/www.w3.org\/2000\/svg\"><path d=\"M34.52 239.03L228.87 44.69c9.37-9.37 24.57-9.37 33.94 0l22.67 22.67c9.36 9.36 9.37 24.52.04 33.9L131.49 256l154.02 154.75c9.34 9.38 9.32 24.54-.04 33.9l-22.67 22.67c-9.37 9.37-24.57 9.37-33.94 0L34.52 272.97c-9.37-9.37-9.37-24.57 0-33.94z\"><\/path><\/svg><\/button>\n\t\t\n\t\t\t\t\t<button type=\"button\" class=\"slick-next\"><svg aria-hidden=\"true\" class=\"e-font-icon-svg e-fas-chevron-right\" viewbox=\"0 0 320 512\" xmlns=\"http:\/\/www.w3.org\/2000\/svg\"><path d=\"M285.476 272.971L91.132 467.314c-9.373 9.373-24.569 9.373-33.941 0l-22.667-22.667c-9.357-9.357-9.375-24.522-.04-33.901L188.505 256 34.484 101.255c-9.335-9.379-9.317-24.544.04-33.901l22.667-22.667c9.373-9.373 24.569-9.373 33.941 0L285.475 239.03c9.373 9.372 9.373 24.568.001 33.941z\"><\/path><\/svg><\/button>\n\t\t\n\t\t\t\t\t\t<\/div>\n\t\t\t\t<\/div>\n\t\t\t\t\t<\/div>\n\t\t\t\t<\/div>\n\t\t<div class=\"elementor-element elementor-element-e434559 e-flex e-con-boxed e-con e-parent\" data-id=\"e434559\" data-element_type=\"container\" data-e-type=\"container\" data-settings=\"{&quot;background_background&quot;:&quot;classic&quot;,&quot;_ha_eqh_enable&quot;:false}\">\n\t\t\t\t\t<div class=\"e-con-inner\">\n\t\t<div class=\"elementor-element elementor-element-4858844 e-flex e-con-boxed e-con e-child\" data-id=\"4858844\" data-element_type=\"container\" data-e-type=\"container\" data-settings=\"{&quot;_ha_eqh_enable&quot;:false}\">\n\t\t\t\t\t<div class=\"e-con-inner\">\n\t\t\t\t<div class=\"elementor-element elementor-element-87d17e3 elementor-widget elementor-widget-video\" data-id=\"87d17e3\" data-element_type=\"widget\" data-e-type=\"widget\" data-settings=\"{&quot;youtube_url&quot;:&quot;https:\\\/\\\/youtu.be\\\/Dhzc06WvDx4&quot;,&quot;show_image_overlay&quot;:&quot;yes&quot;,&quot;image_overlay&quot;:{&quot;url&quot;:&quot;&quot;,&quot;id&quot;:&quot;&quot;,&quot;size&quot;:&quot;&quot;},&quot;video_type&quot;:&quot;youtube&quot;,&quot;controls&quot;:&quot;yes&quot;}\" data-widget_type=\"video.default\">\n\t\t\t\t<div class=\"elementor-widget-container\">\n\t\t\t\t\t\t\t<div class=\"elementor-wrapper elementor-open-inline\">\n\t\t\t<div class=\"elementor-video\"><\/div>\t\t<\/div>\n\t\t\t\t\t\t<\/div>\n\t\t\t\t<\/div>\n\t\t\t\t\t<\/div>\n\t\t\t\t<\/div>\n\t\t<div class=\"elementor-element elementor-element-8d954b9 e-flex e-con-boxed e-con e-child\" data-id=\"8d954b9\" data-element_type=\"container\" data-e-type=\"container\" data-settings=\"{&quot;_ha_eqh_enable&quot;:false}\">\n\t\t\t\t\t<div class=\"e-con-inner\">\n\t\t\t\t<div class=\"elementor-element elementor-element-3e95164 elementor-widget elementor-widget-text-editor\" data-id=\"3e95164\" data-element_type=\"widget\" data-e-type=\"widget\" data-widget_type=\"text-editor.default\">\n\t\t\t\t<div class=\"elementor-widget-container\">\n\t\t\t\t\t\t\t\t\t<p><strong>L'UArtes reconna\u00eet l'importance de sa communaut\u00e9, <\/strong>qui la d\u00e9finit et la pousse \u00e0 s'am\u00e9liorer. Dans le cadre du processus d'accr\u00e9ditation, les autorit\u00e9s, le personnel acad\u00e9mique et de soutien acad\u00e9mique, le personnel administratif et les \u00e9tudiants seront \u00e9galement \u00e9valu\u00e9s.\u00a0 \u00a0<\/p><p>L'objectif de l'accr\u00e9ditation est de v\u00e9rifier que nos performances r\u00e9pondent aux caract\u00e9ristiques et aux normes de qualit\u00e9 \u00e9tablies, en s'assurant que nos activit\u00e9s sont en harmonie avec la mission, la vision, les buts et les objectifs de l'institution. \u00a0<\/p><p>L'accr\u00e9ditation garantit l'engagement de l'Universidad de las Artes en faveur de l'excellence \u00e9ducative aux yeux de la soci\u00e9t\u00e9.<\/p>\t\t\t\t\t\t\t\t<\/div>\n\t\t\t\t<\/div>\n\t\t\t\t\t<\/div>\n\t\t\t\t<\/div>\n\t\t\t\t\t<\/div>\n\t\t\t\t<\/div>\n\t\t<div class=\"elementor-element elementor-element-2bcdc74 e-flex e-con-boxed e-con e-parent\" data-id=\"2bcdc74\" data-element_type=\"container\" data-e-type=\"container\" data-settings=\"{&quot;background_background&quot;:&quot;classic&quot;,&quot;_ha_eqh_enable&quot;:false}\">\n\t\t\t\t\t<div class=\"e-con-inner\">\n\t\t<div class=\"elementor-element elementor-element-3d5dc2c e-con-full e-flex e-con e-child\" data-id=\"3d5dc2c\" data-element_type=\"container\" data-e-type=\"container\" data-settings=\"{&quot;_ha_eqh_enable&quot;:false}\">\n\t\t\t\t<div class=\"elementor-element elementor-element-3a5b1c5 elementor-widget elementor-widget-image\" data-id=\"3a5b1c5\" data-element_type=\"widget\" data-e-type=\"widget\" data-widget_type=\"image.default\">\n\t\t\t\t<div class=\"elementor-widget-container\">\n\t\t\t\t\t\t\t\t\t\t\t\t\t\t\t<img loading=\"lazy\" decoding=\"async\" width=\"300\" height=\"147\" src=\"https:\/\/www.uartes.edu.ec\/sitio\/wp-content\/uploads\/2024\/03\/texto-acredutaciOn-300x147.png\" class=\"attachment-medium size-medium wp-image-51240\" alt=\"\" srcset=\"https:\/\/www.uartes.edu.ec\/sitio\/wp-content\/uploads\/2024\/03\/texto-acredutaciOn-300x147.png 300w, https:\/\/www.uartes.edu.ec\/sitio\/wp-content\/uploads\/2024\/03\/texto-acredutaciOn-400x196.png 400w, https:\/\/www.uartes.edu.ec\/sitio\/wp-content\/uploads\/2024\/03\/texto-acredutaciOn.png 551w\" sizes=\"(max-width: 300px) 100vw, 300px\" \/>\t\t\t\t\t\t\t\t\t\t\t\t\t\t\t<\/div>\n\t\t\t\t<\/div>\n\t\t\t\t<\/div>\n\t\t\t\t\t<\/div>\n\t\t\t\t<\/div>\n\t\t\t\t<\/div>","protected":false},"excerpt":{"rendered":"<p>La acreditaci\u00f3n es el siguente gran reto de la Universidad de las Artes, al que nos dedicaremos gran parte de este a\u00f1o. Pero \u00bfde qu\u00e9 se trata? A continuaci\u00f3n te presentamos una gu\u00eda sobre la acreditaci\u00f3n. Ensamble L\u00fadico Experimental de la Escuela de Artes Sonoras UArtes. Empecemos con lo m\u00e1s importante: \u00bfQu\u00e9 significa la acreditaci\u00f3n? [&hellip;]<\/p>\n","protected":false},"author":1,"featured_media":51241,"parent":4149,"menu_order":12,"comment_status":"closed","ping_status":"closed","template":"elementor_header_footer","meta":{"_acf_changed":false,"_uag_custom_page_level_css":"","_monsterinsights_skip_tracking":false,"_monsterinsights_sitenote_active":false,"_monsterinsights_sitenote_note":"","_monsterinsights_sitenote_category":0,"cybocfi_hide_featured_image":"","footnotes":""},"class_list":["post-51115","page","type-page","status-publish","has-post-thumbnail","hentry"],"acf":[],"yoast_head":"<!-- This site is optimized with the Yoast SEO plugin v27.4 - https:\/\/yoast.com\/product\/yoast-seo-wordpress\/ -->\n<title>Universidad de las Artes - Acreditaci\u00f3n 2024<\/title>\n<meta name=\"description\" content=\"Universidad de las Artes - Acreditaci\u00f3n 2024\" \/>\n<meta name=\"robots\" content=\"index, follow, max-snippet:-1, max-image-preview:large, max-video-preview:-1\" \/>\n<link rel=\"canonical\" href=\"https:\/\/www.uartes.edu.ec\/sitio\/fr\/acreditacion\/\" \/>\n<meta property=\"og:locale\" content=\"fr_FR\" \/>\n<meta property=\"og:type\" content=\"article\" \/>\n<meta property=\"og:title\" content=\"Universidad de las Artes - Acreditaci\u00f3n 2024\" \/>\n<meta property=\"og:description\" content=\"Universidad de las Artes - Acreditaci\u00f3n 2024\" \/>\n<meta property=\"og:url\" content=\"https:\/\/www.uartes.edu.ec\/sitio\/fr\/acreditacion\/\" \/>\n<meta property=\"og:site_name\" content=\"Universidad de las Artes\" \/>\n<meta property=\"article:publisher\" content=\"https:\/\/www.facebook.com\/uartesec\" \/>\n<meta property=\"article:modified_time\" content=\"2024-10-25T17:00:35+00:00\" \/>\n<meta property=\"og:image\" content=\"https:\/\/www.uartes.edu.ec\/sitio\/wp-content\/uploads\/2024\/03\/Fondo-acreditacion.jpg\" \/>\n\t<meta property=\"og:image:width\" content=\"1200\" \/>\n\t<meta property=\"og:image:height\" content=\"500\" \/>\n\t<meta property=\"og:image:type\" content=\"image\/jpeg\" \/>\n<meta name=\"twitter:card\" content=\"summary_large_image\" \/>\n<meta name=\"twitter:site\" content=\"@uartesec\" \/>\n<meta name=\"twitter:label1\" content=\"Dur\u00e9e de lecture estim\u00e9e\" \/>\n\t<meta name=\"twitter:data1\" content=\"5 minutes\" \/>\n<script type=\"application\/ld+json\" class=\"yoast-schema-graph\">{\"@context\":\"https:\\\/\\\/schema.org\",\"@graph\":[{\"@type\":\"WebPage\",\"@id\":\"https:\\\/\\\/www.uartes.edu.ec\\\/sitio\\\/fr\\\/acreditacion\\\/\",\"url\":\"https:\\\/\\\/www.uartes.edu.ec\\\/sitio\\\/fr\\\/acreditacion\\\/\",\"name\":\"Universidad de las Artes - Acreditaci\u00f3n 2024\",\"isPartOf\":{\"@id\":\"https:\\\/\\\/www.uartes.edu.ec\\\/sitio\\\/fr\\\/#website\"},\"primaryImageOfPage\":{\"@id\":\"https:\\\/\\\/www.uartes.edu.ec\\\/sitio\\\/fr\\\/acreditacion\\\/#primaryimage\"},\"image\":{\"@id\":\"https:\\\/\\\/www.uartes.edu.ec\\\/sitio\\\/fr\\\/acreditacion\\\/#primaryimage\"},\"thumbnailUrl\":\"https:\\\/\\\/www.uartes.edu.ec\\\/sitio\\\/wp-content\\\/uploads\\\/2024\\\/03\\\/Fondo-acreditacion.jpg\",\"datePublished\":\"2024-03-01T18:15:25+00:00\",\"dateModified\":\"2024-10-25T17:00:35+00:00\",\"description\":\"Universidad de las Artes - Acreditaci\u00f3n 2024\",\"breadcrumb\":{\"@id\":\"https:\\\/\\\/www.uartes.edu.ec\\\/sitio\\\/fr\\\/acreditacion\\\/#breadcrumb\"},\"inLanguage\":\"fr-FR\",\"potentialAction\":[{\"@type\":\"ReadAction\",\"target\":[\"https:\\\/\\\/www.uartes.edu.ec\\\/sitio\\\/fr\\\/acreditacion\\\/\"]}]},{\"@type\":\"ImageObject\",\"inLanguage\":\"fr-FR\",\"@id\":\"https:\\\/\\\/www.uartes.edu.ec\\\/sitio\\\/fr\\\/acreditacion\\\/#primaryimage\",\"url\":\"https:\\\/\\\/www.uartes.edu.ec\\\/sitio\\\/wp-content\\\/uploads\\\/2024\\\/03\\\/Fondo-acreditacion.jpg\",\"contentUrl\":\"https:\\\/\\\/www.uartes.edu.ec\\\/sitio\\\/wp-content\\\/uploads\\\/2024\\\/03\\\/Fondo-acreditacion.jpg\",\"width\":1200,\"height\":500},{\"@type\":\"BreadcrumbList\",\"@id\":\"https:\\\/\\\/www.uartes.edu.ec\\\/sitio\\\/fr\\\/acreditacion\\\/#breadcrumb\",\"itemListElement\":[{\"@type\":\"ListItem\",\"position\":1,\"name\":\"Inicio\",\"item\":\"https:\\\/\\\/www.uartes.edu.ec\\\/sitio\\\/\"},{\"@type\":\"ListItem\",\"position\":2,\"name\":\"Universidad de las Artes\",\"item\":\"https:\\\/\\\/www.uartes.edu.ec\\\/sitio\\\/\"},{\"@type\":\"ListItem\",\"position\":3,\"name\":\"Institucional\",\"item\":\"https:\\\/\\\/www.uartes.edu.ec\\\/sitio\\\/la-universidad\\\/institucional\\\/\"},{\"@type\":\"ListItem\",\"position\":4,\"name\":\"Acreditaci\u00f3n 2024\"}]},{\"@type\":\"WebSite\",\"@id\":\"https:\\\/\\\/www.uartes.edu.ec\\\/sitio\\\/fr\\\/#website\",\"url\":\"https:\\\/\\\/www.uartes.edu.ec\\\/sitio\\\/fr\\\/\",\"name\":\"Universidad de las Artes\",\"description\":\"Sitio oficial de la Universidad Nacional de las Artes del Ecuador\",\"publisher\":{\"@id\":\"https:\\\/\\\/www.uartes.edu.ec\\\/sitio\\\/fr\\\/#organization\"},\"potentialAction\":[{\"@type\":\"SearchAction\",\"target\":{\"@type\":\"EntryPoint\",\"urlTemplate\":\"https:\\\/\\\/www.uartes.edu.ec\\\/sitio\\\/fr\\\/?s={search_term_string}\"},\"query-input\":{\"@type\":\"PropertyValueSpecification\",\"valueRequired\":true,\"valueName\":\"search_term_string\"}}],\"inLanguage\":\"fr-FR\"},{\"@type\":\"Organization\",\"@id\":\"https:\\\/\\\/www.uartes.edu.ec\\\/sitio\\\/fr\\\/#organization\",\"name\":\"Universidad de las Artes\",\"url\":\"https:\\\/\\\/www.uartes.edu.ec\\\/sitio\\\/fr\\\/\",\"logo\":{\"@type\":\"ImageObject\",\"inLanguage\":\"fr-FR\",\"@id\":\"https:\\\/\\\/www.uartes.edu.ec\\\/sitio\\\/fr\\\/#\\\/schema\\\/logo\\\/image\\\/\",\"url\":\"https:\\\/\\\/www.uartes.edu.ec\\\/sitio\\\/wp-content\\\/uploads\\\/2022\\\/07\\\/logo-ua-horizontal.png\",\"contentUrl\":\"https:\\\/\\\/www.uartes.edu.ec\\\/sitio\\\/wp-content\\\/uploads\\\/2022\\\/07\\\/logo-ua-horizontal.png\",\"width\":800,\"height\":276,\"caption\":\"Universidad de las Artes\"},\"image\":{\"@id\":\"https:\\\/\\\/www.uartes.edu.ec\\\/sitio\\\/fr\\\/#\\\/schema\\\/logo\\\/image\\\/\"},\"sameAs\":[\"https:\\\/\\\/www.facebook.com\\\/uartesec\",\"https:\\\/\\\/x.com\\\/uartesec\",\"https:\\\/\\\/www.tiktok.com\\\/@uartesec\"]}]}<\/script>\n<!-- \/ Yoast SEO plugin. -->","yoast_head_json":{"title":"Universidad de las Artes - Acreditaci\u00f3n 2024","description":"Universidad de las Artes - Acreditaci\u00f3n 2024","robots":{"index":"index","follow":"follow","max-snippet":"max-snippet:-1","max-image-preview":"max-image-preview:large","max-video-preview":"max-video-preview:-1"},"canonical":"https:\/\/www.uartes.edu.ec\/sitio\/fr\/acreditacion\/","og_locale":"fr_FR","og_type":"article","og_title":"Universidad de las Artes - Acreditaci\u00f3n 2024","og_description":"Universidad de las Artes - Acreditaci\u00f3n 2024","og_url":"https:\/\/www.uartes.edu.ec\/sitio\/fr\/acreditacion\/","og_site_name":"Universidad de las Artes","article_publisher":"https:\/\/www.facebook.com\/uartesec","article_modified_time":"2024-10-25T17:00:35+00:00","og_image":[{"width":1200,"height":500,"url":"https:\/\/www.uartes.edu.ec\/sitio\/wp-content\/uploads\/2024\/03\/Fondo-acreditacion.jpg","type":"image\/jpeg"}],"twitter_card":"summary_large_image","twitter_site":"@uartesec","twitter_misc":{"Dur\u00e9e de lecture estim\u00e9e":"5 minutes"},"schema":{"@context":"https:\/\/schema.org","@graph":[{"@type":"WebPage","@id":"https:\/\/www.uartes.edu.ec\/sitio\/fr\/acreditacion\/","url":"https:\/\/www.uartes.edu.ec\/sitio\/fr\/acreditacion\/","name":"Universidad de las Artes - Acreditaci\u00f3n 2024","isPartOf":{"@id":"https:\/\/www.uartes.edu.ec\/sitio\/fr\/#website"},"primaryImageOfPage":{"@id":"https:\/\/www.uartes.edu.ec\/sitio\/fr\/acreditacion\/#primaryimage"},"image":{"@id":"https:\/\/www.uartes.edu.ec\/sitio\/fr\/acreditacion\/#primaryimage"},"thumbnailUrl":"https:\/\/www.uartes.edu.ec\/sitio\/wp-content\/uploads\/2024\/03\/Fondo-acreditacion.jpg","datePublished":"2024-03-01T18:15:25+00:00","dateModified":"2024-10-25T17:00:35+00:00","description":"Universidad de las Artes - Acreditaci\u00f3n 2024","breadcrumb":{"@id":"https:\/\/www.uartes.edu.ec\/sitio\/fr\/acreditacion\/#breadcrumb"},"inLanguage":"fr-FR","potentialAction":[{"@type":"ReadAction","target":["https:\/\/www.uartes.edu.ec\/sitio\/fr\/acreditacion\/"]}]},{"@type":"ImageObject","inLanguage":"fr-FR","@id":"https:\/\/www.uartes.edu.ec\/sitio\/fr\/acreditacion\/#primaryimage","url":"https:\/\/www.uartes.edu.ec\/sitio\/wp-content\/uploads\/2024\/03\/Fondo-acreditacion.jpg","contentUrl":"https:\/\/www.uartes.edu.ec\/sitio\/wp-content\/uploads\/2024\/03\/Fondo-acreditacion.jpg","width":1200,"height":500},{"@type":"BreadcrumbList","@id":"https:\/\/www.uartes.edu.ec\/sitio\/fr\/acreditacion\/#breadcrumb","itemListElement":[{"@type":"ListItem","position":1,"name":"Inicio","item":"https:\/\/www.uartes.edu.ec\/sitio\/"},{"@type":"ListItem","position":2,"name":"Universidad de las Artes","item":"https:\/\/www.uartes.edu.ec\/sitio\/"},{"@type":"ListItem","position":3,"name":"Institucional","item":"https:\/\/www.uartes.edu.ec\/sitio\/la-universidad\/institucional\/"},{"@type":"ListItem","position":4,"name":"Acreditaci\u00f3n 2024"}]},{"@type":"WebSite","@id":"https:\/\/www.uartes.edu.ec\/sitio\/fr\/#website","url":"https:\/\/www.uartes.edu.ec\/sitio\/fr\/","name":"Universidad de las Artes","description":"Sitio oficial de la Universidad Nacional de las Artes del Ecuador","publisher":{"@id":"https:\/\/www.uartes.edu.ec\/sitio\/fr\/#organization"},"potentialAction":[{"@type":"SearchAction","target":{"@type":"EntryPoint","urlTemplate":"https:\/\/www.uartes.edu.ec\/sitio\/fr\/?s={search_term_string}"},"query-input":{"@type":"PropertyValueSpecification","valueRequired":true,"valueName":"search_term_string"}}],"inLanguage":"fr-FR"},{"@type":"Organization","@id":"https:\/\/www.uartes.edu.ec\/sitio\/fr\/#organization","name":"Universidad de las Artes","url":"https:\/\/www.uartes.edu.ec\/sitio\/fr\/","logo":{"@type":"ImageObject","inLanguage":"fr-FR","@id":"https:\/\/www.uartes.edu.ec\/sitio\/fr\/#\/schema\/logo\/image\/","url":"https:\/\/www.uartes.edu.ec\/sitio\/wp-content\/uploads\/2022\/07\/logo-ua-horizontal.png","contentUrl":"https:\/\/www.uartes.edu.ec\/sitio\/wp-content\/uploads\/2022\/07\/logo-ua-horizontal.png","width":800,"height":276,"caption":"Universidad de las Artes"},"image":{"@id":"https:\/\/www.uartes.edu.ec\/sitio\/fr\/#\/schema\/logo\/image\/"},"sameAs":["https:\/\/www.facebook.com\/uartesec","https:\/\/x.com\/uartesec","https:\/\/www.tiktok.com\/@uartesec"]}]}},"uagb_featured_image_src":{"full":["https:\/\/www.uartes.edu.ec\/sitio\/wp-content\/uploads\/2024\/03\/Fondo-acreditacion.jpg",1200,500,false],"thumbnail":["https:\/\/www.uartes.edu.ec\/sitio\/wp-content\/uploads\/2024\/03\/Fondo-acreditacion-150x150.jpg",150,150,true],"medium":["https:\/\/www.uartes.edu.ec\/sitio\/wp-content\/uploads\/2024\/03\/Fondo-acreditacion-300x125.jpg",300,125,true],"medium_large":["https:\/\/www.uartes.edu.ec\/sitio\/wp-content\/uploads\/2024\/03\/Fondo-acreditacion-768x320.jpg",768,320,true],"large":["https:\/\/www.uartes.edu.ec\/sitio\/wp-content\/uploads\/2024\/03\/Fondo-acreditacion-644x268.jpg",644,268,true],"1536x1536":["https:\/\/www.uartes.edu.ec\/sitio\/wp-content\/uploads\/2024\/03\/Fondo-acreditacion.jpg",1200,500,false],"2048x2048":["https:\/\/www.uartes.edu.ec\/sitio\/wp-content\/uploads\/2024\/03\/Fondo-acreditacion.jpg",1200,500,false],"trp-custom-language-flag":["https:\/\/www.uartes.edu.ec\/sitio\/wp-content\/uploads\/2024\/03\/Fondo-acreditacion.jpg",18,8,false],"htmega_size_585x295":["https:\/\/www.uartes.edu.ec\/sitio\/wp-content\/uploads\/2024\/03\/Fondo-acreditacion-585x295.jpg",585,295,true],"htmega_size_1170x536":["https:\/\/www.uartes.edu.ec\/sitio\/wp-content\/uploads\/2024\/03\/Fondo-acreditacion-1170x500.jpg",1170,500,true],"htmega_size_396x360":["https:\/\/www.uartes.edu.ec\/sitio\/wp-content\/uploads\/2024\/03\/Fondo-acreditacion-396x360.jpg",396,360,true],"gb-block-post-grid-landscape":["https:\/\/www.uartes.edu.ec\/sitio\/wp-content\/uploads\/2024\/03\/Fondo-acreditacion-600x400.jpg",600,400,true],"gb-block-post-grid-square":["https:\/\/www.uartes.edu.ec\/sitio\/wp-content\/uploads\/2024\/03\/Fondo-acreditacion-600x500.jpg",600,500,true],"university-hub-thumb":["https:\/\/www.uartes.edu.ec\/sitio\/wp-content\/uploads\/2024\/03\/Fondo-acreditacion-400x167.jpg",400,167,true]},"uagb_author_info":{"display_name":"Universidad de las Artes","author_link":"https:\/\/www.uartes.edu.ec\/sitio\/fr\/blog\/author\/dircomadm\/"},"uagb_comment_info":0,"uagb_excerpt":"La acreditaci\u00f3n es el siguente gran reto de la Universidad de las Artes, al que nos dedicaremos gran parte de este a\u00f1o. Pero \u00bfde qu\u00e9 se trata? A continuaci\u00f3n te presentamos una gu\u00eda sobre la acreditaci\u00f3n. Ensamble L\u00fadico Experimental de la Escuela de Artes Sonoras UArtes. Empecemos con lo m\u00e1s importante: \u00bfQu\u00e9 significa la acreditaci\u00f3n?\u2026","featured_image_src":"https:\/\/www.uartes.edu.ec\/sitio\/wp-content\/uploads\/2024\/03\/Fondo-acreditacion-600x400.jpg","featured_image_src_square":"https:\/\/www.uartes.edu.ec\/sitio\/wp-content\/uploads\/2024\/03\/Fondo-acreditacion-600x500.jpg","publishpress_future_action":{"enabled":false,"date":"2026-05-09 08:20:38","action":"change-status","newStatus":"draft","terms":[],"taxonomy":"","extraData":[]},"publishpress_future_workflow_manual_trigger":{"enabledWorkflows":[]},"distributor_meta":false,"distributor_terms":false,"distributor_media":false,"distributor_original_site_name":"Universidad de las Artes","distributor_original_site_url":"https:\/\/www.uartes.edu.ec\/sitio\/fr","push-errors":false,"_links":{"self":[{"href":"https:\/\/www.uartes.edu.ec\/sitio\/fr\/wp-json\/wp\/v2\/pages\/51115","targetHints":{"allow":["GET"]}}],"collection":[{"href":"https:\/\/www.uartes.edu.ec\/sitio\/fr\/wp-json\/wp\/v2\/pages"}],"about":[{"href":"https:\/\/www.uartes.edu.ec\/sitio\/fr\/wp-json\/wp\/v2\/types\/page"}],"author":[{"embeddable":true,"href":"https:\/\/www.uartes.edu.ec\/sitio\/fr\/wp-json\/wp\/v2\/users\/1"}],"replies":[{"embeddable":true,"href":"https:\/\/www.uartes.edu.ec\/sitio\/fr\/wp-json\/wp\/v2\/comments?post=51115"}],"version-history":[{"count":136,"href":"https:\/\/www.uartes.edu.ec\/sitio\/fr\/wp-json\/wp\/v2\/pages\/51115\/revisions"}],"predecessor-version":[{"id":63551,"href":"https:\/\/www.uartes.edu.ec\/sitio\/fr\/wp-json\/wp\/v2\/pages\/51115\/revisions\/63551"}],"up":[{"embeddable":true,"href":"https:\/\/www.uartes.edu.ec\/sitio\/fr\/wp-json\/wp\/v2\/pages\/4149"}],"wp:featuredmedia":[{"embeddable":true,"href":"https:\/\/www.uartes.edu.ec\/sitio\/fr\/wp-json\/wp\/v2\/media\/51241"}],"wp:attachment":[{"href":"https:\/\/www.uartes.edu.ec\/sitio\/fr\/wp-json\/wp\/v2\/media?parent=51115"}],"curies":[{"name":"wp","href":"https:\/\/api.w.org\/{rel}","templated":true}]}}