{"id":54472,"date":"2024-05-28T10:16:13","date_gmt":"2024-05-28T15:16:13","guid":{"rendered":"https:\/\/www.uartes.edu.ec\/sitio\/la-universidad\/la-universidad\/modelo-educativo\/"},"modified":"2025-07-22T09:05:02","modified_gmt":"2025-07-22T14:05:02","slug":"modelo-educativo","status":"publish","type":"page","link":"https:\/\/www.uartes.edu.ec\/sitio\/fr\/modelo-educativo\/","title":{"rendered":"Mod\u00e8le \u00e9ducatif et p\u00e9dagogique"},"content":{"rendered":"<h2 class=\"wp-block-heading\">Mod\u00e8le \u00e9ducatif<\/h2>\n\n\n\n<p>Le mod\u00e8le \u00e9ducatif de l'Universit\u00e9 des Arts d\u00e9finit les horizons philosophiques qui guident notre mission, en coh\u00e9rence avec la vision, la mission ainsi que les principes \u00e9thiques et directeurs de l'institution. Ce mod\u00e8le offre un cadre structurant pour l'ensemble des activit\u00e9s acad\u00e9miques et cr\u00e9atives, articul\u00e9es autour des trois fonctions fondamentales de l'enseignement sup\u00e9rieur : l'enseignement, la recherche et le lien avec la soci\u00e9t\u00e9.&nbsp;<\/p>\n\n\n\n<p>Notre d\u00e9marche part de la n\u00e9cessit\u00e9 de trouver un \u00e9quilibre entre les pratiques artistiques et \u00e9ducatives, tout en favorisant des relations \u00e9quitables qui reconnaissent les diff\u00e9rentes capacit\u00e9s individuelles et collectives des membres de la communaut\u00e9 universitaire de l'Universit\u00e9 des Arts dans la g\u00e9n\u00e9ration et la production de savoirs.<\/p>\n\n\n\n<p>\u00c0 cet effet, le mod\u00e8le repose sur trois piliers essentiels : <strong>sentipensar (sentir-penser), saber cuidar (savoir prendre soin) et saber crear (savoir cr\u00e9er)<\/strong>, Ces principes visent \u00e0 former des artistes d'excellence, dot\u00e9s d'une profondeur \u00e9thique et d'une sensibilit\u00e9 affirm\u00e9e, capables d'\u00e9laborer des propositions artistiques innovantes et pertinentes, qui contribuent de mani\u00e8re significative au d\u00e9veloppement culturel et \u00e0 la transformation sociale de notre pays.<\/p>\n\n\n\n<div style=\"height:40px\" aria-hidden=\"true\" class=\"wp-block-spacer\"><\/div>\n\n\n<section class='__wpdm_gb_section __wpdm_gb_package'><div class='w3eden wpdm_package_shortcode'><!-- WPDM Link Template: Call to Action 3 -->\n\n<div class=\"well c2a3\">\n    <div class=\"media\">\n        <div class=\"mr-3\" align=\"left\">\n            <img decoding=\"async\" class=\"wpdm_icon\" alt=\"Ic\u00f4ne\" src=\"https:\/\/www.uartes.edu.ec\/sitio\/wp-content\/plugins\/download-manager\/assets\/file-type-icons\/pdf.svg\" \/>\n        <\/div>\n        <div class=\"media-body\">\n            <h3 class=\"media-heading\" style=\"padding-top: 0px;border:0px;margin: 0 0 5px 0;font-size:12pt;\">\n                <a style=\"font-weight: 700\" href=\"https:\/\/www.uartes.edu.ec\/sitio\/fr\/download\/ua-ocs-rse-2023-087\/\">UA-OCS-RSE-2023-087 \u2013 Mod\u00e8le \u00e9ducatif et p\u00e9dagogique de l'Universit\u00e9 des Arts<\/a>\n                <span style=\"font-size:8pt;font-weight:300\" class=\"text-muted ml-4\">\n                    <i class=\"fas fa-hdd mr-1\"><\/i> 2.21 Mo\n                    <i class=\"ml-3 far fa-arrow-alt-circle-down mr-1\"><\/i> 5435 t\u00e9l\u00e9chargements\n                <\/span>\n            <\/h3>\n            \n\"Article premier. \u2013 Approuver le mod\u00e8le \u00e9ducatif et p\u00e9dagogique de l'Universit\u00e9\u2026\n        <\/div>\n        <div class=\"ml-3\" align=\"right\">\n            <a class='wpdm-download-link download-on-click btn btn-primary btn-sm'  rel='nofollow' href='#' data-downloadurl=\"https:\/\/www.uartes.edu.ec\/sitio\/fr\/download\/ua-ocs-rse-2023-087\/?wpdmdl=49405&#038;refresh=69f70aba4d2401777797818\">T\u00e9l\u00e9charger<\/a>\n        <\/div>\n    <\/div>\n\n<\/div>\n<style>\n    .well.c2a3 .btn {\n        padding: 11px 30px;\n        font-size: 11pt;\n    }\n\n    .well.c2a3 .media-body {\n        font-size: 11pt;\n    }\n\n    .well.c2a3 .wpdm_icon {\n        height: 42px;\n        width: auto;\n    }<\/style>\n<\/div><\/section>\n\n<section class='__wpdm_gb_section __wpdm_gb_package'><div class='w3eden wpdm_package_shortcode'><!-- WPDM Link Template: Call to Action 3 -->\n\n<div class=\"well c2a3\">\n    <div class=\"media\">\n        <div class=\"mr-3\" align=\"left\">\n            <img decoding=\"async\" class=\"wpdm_icon\" alt=\"Ic\u00f4ne\" src=\"https:\/\/www.uartes.edu.ec\/sitio\/wp-content\/plugins\/download-manager\/assets\/file-type-icons\/pdf.svg\" \/>\n        <\/div>\n        <div class=\"media-body\">\n            <h3 class=\"media-heading\" style=\"padding-top: 0px;border:0px;margin: 0 0 5px 0;font-size:12pt;\">\n                <a style=\"font-weight: 700\" href=\"https:\/\/www.uartes.edu.ec\/sitio\/fr\/download\/lineamientos-para-la-implementacion-del-modelo-educativo-y-pedagogico\/\">Lignes directrices pour la mise en \u0153uvre du mod\u00e8le \u00e9ducatif et p\u00e9dagogique<\/a>\n                <span style=\"font-size:8pt;font-weight:300\" class=\"text-muted ml-4\">\n                    <i class=\"fas fa-hdd mr-1\"><\/i> 1.05 Mo\n                    <i class=\"ml-3 far fa-arrow-alt-circle-down mr-1\"><\/i> 741 t\u00e9l\u00e9chargements\n                <\/span>\n            <\/h3>\n            &#8230;\n        <\/div>\n        <div class=\"ml-3\" align=\"right\">\n            <a class='wpdm-download-link download-on-click btn btn-primary btn-sm'  rel='nofollow' href='#' data-downloadurl=\"https:\/\/www.uartes.edu.ec\/sitio\/fr\/download\/lineamientos-para-la-implementacion-del-modelo-educativo-y-pedagogico\/?wpdmdl=75035&#038;refresh=69f70abbd6c4f1777797819\">T\u00e9l\u00e9charger<\/a>\n        <\/div>\n    <\/div>\n\n<\/div>\n<style>\n    .well.c2a3 .btn {\n        padding: 11px 30px;\n        font-size: 11pt;\n    }\n\n    .well.c2a3 .media-body {\n        font-size: 11pt;\n    }\n\n    .well.c2a3 .wpdm_icon {\n        height: 42px;\n        width: auto;\n    }<\/style>\n<\/div><\/section>\n\n\n<div style=\"height:40px\" aria-hidden=\"true\" class=\"wp-block-spacer\"><\/div>\n\n\n\n<h2 class=\"wp-block-heading\">Mod\u00e8le p\u00e9dagogique<\/h2>\n\n\n\n<p>Notre proposition p\u00e9dagogique vise \u00e0 offrir des outils concrets et des m\u00e9thodologies actives permettant de transposer la th\u00e9orie et la philosophie institutionnelles dans la pratique universitaire, afin de favoriser des apprentissages significatifs et transformateurs.<\/p>\n\n\n\n<p>Nous adoptons comme fondement&nbsp;<strong>l'apprentissage exp\u00e9rientiel<\/strong>, une approche qui prend appui sur l'exp\u00e9rience concr\u00e8te et mobilise les multiples dimensions du savoir pour \u00e9tablir des liens entre exp\u00e9riences et th\u00e9ories. Son objectif est de promouvoir une r\u00e9flexion \u00e9pist\u00e9mique et organique, ancr\u00e9e dans la confluence des trois axes du mod\u00e8le \u00e9ducatif.<\/p>\n\n\n\n<p>Ainsi, nous cherchons \u00e0 produire, \u00e0 partir de la personne et de son territoire en tenant compte de ses caract\u00e9ristiques individuelles et collectives, sociales et intellectuelles, de nouvelles perspectives et dynamiques en lien avec la cr\u00e9ation artistique, avec une pratique-apprentissage g\u00e9n\u00e9ratrice de savoirs, et avec les diff\u00e9rentes communaut\u00e9s du pays.<\/p>\n\n\n\n<div style=\"height:70px\" aria-hidden=\"true\" class=\"wp-block-spacer\"><\/div>\n\n\n\n<div class=\"wp-block-columns is-layout-flex wp-container-core-columns-is-layout-9d6595d7 wp-block-columns-is-layout-flex\">\n<div class=\"wp-block-column is-layout-flow wp-block-column-is-layout-flow\">\n<figure class=\"wp-block-image size-large\"><a href=\"https:\/\/www.uartes.edu.ec\/sitio\/wp-content\/uploads\/2024\/05\/16-MODELO-PEDAGOGICO-UARTES.jpg\"><img fetchpriority=\"high\" decoding=\"async\" width=\"644\" height=\"429\" src=\"https:\/\/www.uartes.edu.ec\/sitio\/wp-content\/uploads\/2024\/05\/16-MODELO-PEDAGOGICO-UARTES-644x429.jpg\" alt=\"\" class=\"wp-image-54491\" srcset=\"https:\/\/www.uartes.edu.ec\/sitio\/wp-content\/uploads\/2024\/05\/16-MODELO-PEDAGOGICO-UARTES-644x429.jpg 644w, https:\/\/www.uartes.edu.ec\/sitio\/wp-content\/uploads\/2024\/05\/16-MODELO-PEDAGOGICO-UARTES-300x200.jpg 300w, https:\/\/www.uartes.edu.ec\/sitio\/wp-content\/uploads\/2024\/05\/16-MODELO-PEDAGOGICO-UARTES-768x512.jpg 768w, https:\/\/www.uartes.edu.ec\/sitio\/wp-content\/uploads\/2024\/05\/16-MODELO-PEDAGOGICO-UARTES-1536x1024.jpg 1536w, https:\/\/www.uartes.edu.ec\/sitio\/wp-content\/uploads\/2024\/05\/16-MODELO-PEDAGOGICO-UARTES-18x12.jpg 18w, https:\/\/www.uartes.edu.ec\/sitio\/wp-content\/uploads\/2024\/05\/16-MODELO-PEDAGOGICO-UARTES-600x400.jpg 600w, https:\/\/www.uartes.edu.ec\/sitio\/wp-content\/uploads\/2024\/05\/16-MODELO-PEDAGOGICO-UARTES-400x267.jpg 400w, https:\/\/www.uartes.edu.ec\/sitio\/wp-content\/uploads\/2024\/05\/16-MODELO-PEDAGOGICO-UARTES-272x182.jpg 272w, https:\/\/www.uartes.edu.ec\/sitio\/wp-content\/uploads\/2024\/05\/16-MODELO-PEDAGOGICO-UARTES.jpg 2000w\" sizes=\"(max-width: 644px) 100vw, 644px\" \/><\/a><\/figure>\n<\/div>\n\n\n\n<div class=\"wp-block-column is-layout-flow wp-block-column-is-layout-flow\">\n<figure class=\"wp-block-image size-large\"><a href=\"https:\/\/www.uartes.edu.ec\/sitio\/wp-content\/uploads\/2024\/05\/13-MODELO-PEDAGOGICO-UARTES.jpg\"><img decoding=\"async\" width=\"644\" height=\"429\" src=\"https:\/\/www.uartes.edu.ec\/sitio\/wp-content\/uploads\/2024\/05\/13-MODELO-PEDAGOGICO-UARTES-644x429.jpg\" alt=\"\" class=\"wp-image-54490\" srcset=\"https:\/\/www.uartes.edu.ec\/sitio\/wp-content\/uploads\/2024\/05\/13-MODELO-PEDAGOGICO-UARTES-644x429.jpg 644w, https:\/\/www.uartes.edu.ec\/sitio\/wp-content\/uploads\/2024\/05\/13-MODELO-PEDAGOGICO-UARTES-300x200.jpg 300w, https:\/\/www.uartes.edu.ec\/sitio\/wp-content\/uploads\/2024\/05\/13-MODELO-PEDAGOGICO-UARTES-768x512.jpg 768w, https:\/\/www.uartes.edu.ec\/sitio\/wp-content\/uploads\/2024\/05\/13-MODELO-PEDAGOGICO-UARTES-1536x1024.jpg 1536w, https:\/\/www.uartes.edu.ec\/sitio\/wp-content\/uploads\/2024\/05\/13-MODELO-PEDAGOGICO-UARTES-18x12.jpg 18w, https:\/\/www.uartes.edu.ec\/sitio\/wp-content\/uploads\/2024\/05\/13-MODELO-PEDAGOGICO-UARTES-600x400.jpg 600w, https:\/\/www.uartes.edu.ec\/sitio\/wp-content\/uploads\/2024\/05\/13-MODELO-PEDAGOGICO-UARTES-400x267.jpg 400w, https:\/\/www.uartes.edu.ec\/sitio\/wp-content\/uploads\/2024\/05\/13-MODELO-PEDAGOGICO-UARTES-272x182.jpg 272w, https:\/\/www.uartes.edu.ec\/sitio\/wp-content\/uploads\/2024\/05\/13-MODELO-PEDAGOGICO-UARTES.jpg 2000w\" sizes=\"(max-width: 644px) 100vw, 644px\" \/><\/a><\/figure>\n<\/div>\n\n\n\n<div class=\"wp-block-column is-layout-flow wp-block-column-is-layout-flow\">\n<figure class=\"wp-block-image size-large\"><a href=\"https:\/\/www.uartes.edu.ec\/sitio\/wp-content\/uploads\/2024\/05\/17-MODELO-PEDAGOGICO-UARTES.jpg\"><img decoding=\"async\" width=\"644\" height=\"429\" src=\"https:\/\/www.uartes.edu.ec\/sitio\/wp-content\/uploads\/2024\/05\/17-MODELO-PEDAGOGICO-UARTES-644x429.jpg\" alt=\"\" class=\"wp-image-54489\" srcset=\"https:\/\/www.uartes.edu.ec\/sitio\/wp-content\/uploads\/2024\/05\/17-MODELO-PEDAGOGICO-UARTES-644x429.jpg 644w, https:\/\/www.uartes.edu.ec\/sitio\/wp-content\/uploads\/2024\/05\/17-MODELO-PEDAGOGICO-UARTES-300x200.jpg 300w, https:\/\/www.uartes.edu.ec\/sitio\/wp-content\/uploads\/2024\/05\/17-MODELO-PEDAGOGICO-UARTES-768x512.jpg 768w, https:\/\/www.uartes.edu.ec\/sitio\/wp-content\/uploads\/2024\/05\/17-MODELO-PEDAGOGICO-UARTES-1536x1024.jpg 1536w, https:\/\/www.uartes.edu.ec\/sitio\/wp-content\/uploads\/2024\/05\/17-MODELO-PEDAGOGICO-UARTES-18x12.jpg 18w, https:\/\/www.uartes.edu.ec\/sitio\/wp-content\/uploads\/2024\/05\/17-MODELO-PEDAGOGICO-UARTES-600x400.jpg 600w, https:\/\/www.uartes.edu.ec\/sitio\/wp-content\/uploads\/2024\/05\/17-MODELO-PEDAGOGICO-UARTES-400x267.jpg 400w, https:\/\/www.uartes.edu.ec\/sitio\/wp-content\/uploads\/2024\/05\/17-MODELO-PEDAGOGICO-UARTES-272x182.jpg 272w, https:\/\/www.uartes.edu.ec\/sitio\/wp-content\/uploads\/2024\/05\/17-MODELO-PEDAGOGICO-UARTES.jpg 2000w\" sizes=\"(max-width: 644px) 100vw, 644px\" \/><\/a><\/figure>\n<\/div>\n<\/div>\n\n\n\n<div style=\"height:70px\" aria-hidden=\"true\" class=\"wp-block-spacer\"><\/div>\n\n\n\n<figure class=\"wp-block-embed is-type-video is-provider-youtube wp-block-embed-youtube wp-embed-aspect-16-9 wp-has-aspect-ratio\"><div class=\"wp-block-embed__wrapper\">\n<iframe title=\"Nuevo Modelo Educativo y Pedag\u00f3gico UArtes\" width=\"771\" height=\"434\" src=\"https:\/\/www.youtube.com\/embed\/3hQPDN0RGBc?feature=oembed\" frameborder=\"0\" allow=\"accelerometer; autoplay; clipboard-write; encrypted-media; gyroscope; picture-in-picture; web-share\" referrerpolicy=\"strict-origin-when-cross-origin\" allowfullscreen><\/iframe>\n<\/div><\/figure>","protected":false},"excerpt":{"rendered":"<p>Modelo educativo El modelo educativo de la Universidad de las Artes define los horizontes filos\u00f3ficos de nuestra labor, \u00ad\u00adalineados con la visi\u00f3n, misi\u00f3n y los principios \u00e9ticos y rectores\u00ad\u00ad de la instituci\u00f3n. Este modelo proporciona un marco claro que orienta las actividades acad\u00e9micas y creativas, articuladas en las tres funciones sustantivas de la educaci\u00f3n superior: [&hellip;]<\/p>\n","protected":false},"author":1,"featured_media":0,"parent":2989,"menu_order":4,"comment_status":"closed","ping_status":"closed","template":"","meta":{"_acf_changed":false,"_uag_custom_page_level_css":"","_monsterinsights_skip_tracking":false,"_monsterinsights_sitenote_active":false,"_monsterinsights_sitenote_note":"","_monsterinsights_sitenote_category":0,"cybocfi_hide_featured_image":"","footnotes":""},"class_list":["post-54472","page","type-page","status-publish","hentry"],"acf":[],"yoast_head":"<!-- This site is optimized with the Yoast SEO plugin v27.4 - https:\/\/yoast.com\/product\/yoast-seo-wordpress\/ -->\n<title>Universidad de las Artes - Modelo educativo y pedag\u00f3gico<\/title>\n<meta name=\"description\" content=\"Universidad de las Artes - Modelo educativo y pedag\u00f3gico\" \/>\n<meta name=\"robots\" content=\"index, follow, max-snippet:-1, max-image-preview:large, max-video-preview:-1\" \/>\n<link rel=\"canonical\" href=\"https:\/\/www.uartes.edu.ec\/sitio\/fr\/modelo-educativo\/\" \/>\n<meta property=\"og:locale\" content=\"fr_FR\" \/>\n<meta property=\"og:type\" content=\"article\" \/>\n<meta property=\"og:title\" content=\"Universidad de las Artes - Modelo educativo y pedag\u00f3gico\" \/>\n<meta property=\"og:description\" content=\"Universidad de las Artes - Modelo educativo y pedag\u00f3gico\" \/>\n<meta property=\"og:url\" content=\"https:\/\/www.uartes.edu.ec\/sitio\/fr\/modelo-educativo\/\" \/>\n<meta property=\"og:site_name\" content=\"Universidad de las Artes\" \/>\n<meta property=\"article:publisher\" content=\"https:\/\/www.facebook.com\/uartesec\" \/>\n<meta property=\"article:modified_time\" content=\"2025-07-22T14:05:02+00:00\" \/>\n<meta property=\"og:image\" content=\"https:\/\/www.uartes.edu.ec\/sitio\/wp-content\/uploads\/2024\/05\/16-MODELO-PEDAGOGICO-UARTES-644x429.jpg\" \/>\n<meta name=\"twitter:card\" content=\"summary_large_image\" \/>\n<meta name=\"twitter:site\" content=\"@uartesec\" \/>\n<meta name=\"twitter:label1\" content=\"Dur\u00e9e de lecture estim\u00e9e\" \/>\n\t<meta name=\"twitter:data1\" content=\"2 minutes\" \/>\n<script type=\"application\/ld+json\" class=\"yoast-schema-graph\">{\"@context\":\"https:\\\/\\\/schema.org\",\"@graph\":[{\"@type\":\"WebPage\",\"@id\":\"https:\\\/\\\/www.uartes.edu.ec\\\/sitio\\\/fr\\\/modelo-educativo\\\/\",\"url\":\"https:\\\/\\\/www.uartes.edu.ec\\\/sitio\\\/fr\\\/modelo-educativo\\\/\",\"name\":\"Universidad de las Artes - Modelo educativo y pedag\u00f3gico\",\"isPartOf\":{\"@id\":\"https:\\\/\\\/www.uartes.edu.ec\\\/sitio\\\/fr\\\/#website\"},\"primaryImageOfPage\":{\"@id\":\"https:\\\/\\\/www.uartes.edu.ec\\\/sitio\\\/fr\\\/modelo-educativo\\\/#primaryimage\"},\"image\":{\"@id\":\"https:\\\/\\\/www.uartes.edu.ec\\\/sitio\\\/fr\\\/modelo-educativo\\\/#primaryimage\"},\"thumbnailUrl\":\"https:\\\/\\\/www.uartes.edu.ec\\\/sitio\\\/wp-content\\\/uploads\\\/2024\\\/05\\\/16-MODELO-PEDAGOGICO-UARTES-644x429.jpg\",\"datePublished\":\"2024-05-28T15:16:13+00:00\",\"dateModified\":\"2025-07-22T14:05:02+00:00\",\"description\":\"Universidad de las Artes - Modelo educativo y pedag\u00f3gico\",\"breadcrumb\":{\"@id\":\"https:\\\/\\\/www.uartes.edu.ec\\\/sitio\\\/fr\\\/modelo-educativo\\\/#breadcrumb\"},\"inLanguage\":\"fr-FR\",\"potentialAction\":[{\"@type\":\"ReadAction\",\"target\":[\"https:\\\/\\\/www.uartes.edu.ec\\\/sitio\\\/fr\\\/modelo-educativo\\\/\"]}]},{\"@type\":\"ImageObject\",\"inLanguage\":\"fr-FR\",\"@id\":\"https:\\\/\\\/www.uartes.edu.ec\\\/sitio\\\/fr\\\/modelo-educativo\\\/#primaryimage\",\"url\":\"https:\\\/\\\/www.uartes.edu.ec\\\/sitio\\\/wp-content\\\/uploads\\\/2024\\\/05\\\/16-MODELO-PEDAGOGICO-UARTES-644x429.jpg\",\"contentUrl\":\"https:\\\/\\\/www.uartes.edu.ec\\\/sitio\\\/wp-content\\\/uploads\\\/2024\\\/05\\\/16-MODELO-PEDAGOGICO-UARTES-644x429.jpg\"},{\"@type\":\"BreadcrumbList\",\"@id\":\"https:\\\/\\\/www.uartes.edu.ec\\\/sitio\\\/fr\\\/modelo-educativo\\\/#breadcrumb\",\"itemListElement\":[{\"@type\":\"ListItem\",\"position\":1,\"name\":\"Inicio\",\"item\":\"https:\\\/\\\/www.uartes.edu.ec\\\/sitio\\\/\"},{\"@type\":\"ListItem\",\"position\":2,\"name\":\"Universidad de las Artes\",\"item\":\"https:\\\/\\\/www.uartes.edu.ec\\\/sitio\\\/\"},{\"@type\":\"ListItem\",\"position\":3,\"name\":\"La Universidad\",\"item\":\"https:\\\/\\\/www.uartes.edu.ec\\\/sitio\\\/la-universidad\\\/la-universidad\\\/\"},{\"@type\":\"ListItem\",\"position\":4,\"name\":\"Modelo educativo y pedag\u00f3gico\"}]},{\"@type\":\"WebSite\",\"@id\":\"https:\\\/\\\/www.uartes.edu.ec\\\/sitio\\\/fr\\\/#website\",\"url\":\"https:\\\/\\\/www.uartes.edu.ec\\\/sitio\\\/fr\\\/\",\"name\":\"Universidad de las Artes\",\"description\":\"Sitio oficial de la Universidad Nacional de las Artes del Ecuador\",\"publisher\":{\"@id\":\"https:\\\/\\\/www.uartes.edu.ec\\\/sitio\\\/fr\\\/#organization\"},\"potentialAction\":[{\"@type\":\"SearchAction\",\"target\":{\"@type\":\"EntryPoint\",\"urlTemplate\":\"https:\\\/\\\/www.uartes.edu.ec\\\/sitio\\\/fr\\\/?s={search_term_string}\"},\"query-input\":{\"@type\":\"PropertyValueSpecification\",\"valueRequired\":true,\"valueName\":\"search_term_string\"}}],\"inLanguage\":\"fr-FR\"},{\"@type\":\"Organization\",\"@id\":\"https:\\\/\\\/www.uartes.edu.ec\\\/sitio\\\/fr\\\/#organization\",\"name\":\"Universidad de las Artes\",\"url\":\"https:\\\/\\\/www.uartes.edu.ec\\\/sitio\\\/fr\\\/\",\"logo\":{\"@type\":\"ImageObject\",\"inLanguage\":\"fr-FR\",\"@id\":\"https:\\\/\\\/www.uartes.edu.ec\\\/sitio\\\/fr\\\/#\\\/schema\\\/logo\\\/image\\\/\",\"url\":\"https:\\\/\\\/www.uartes.edu.ec\\\/sitio\\\/wp-content\\\/uploads\\\/2022\\\/07\\\/logo-ua-horizontal.png\",\"contentUrl\":\"https:\\\/\\\/www.uartes.edu.ec\\\/sitio\\\/wp-content\\\/uploads\\\/2022\\\/07\\\/logo-ua-horizontal.png\",\"width\":800,\"height\":276,\"caption\":\"Universidad de las Artes\"},\"image\":{\"@id\":\"https:\\\/\\\/www.uartes.edu.ec\\\/sitio\\\/fr\\\/#\\\/schema\\\/logo\\\/image\\\/\"},\"sameAs\":[\"https:\\\/\\\/www.facebook.com\\\/uartesec\",\"https:\\\/\\\/x.com\\\/uartesec\",\"https:\\\/\\\/www.tiktok.com\\\/@uartesec\"]}]}<\/script>\n<!-- \/ Yoast SEO plugin. -->","yoast_head_json":{"title":"Universidad de las Artes - Modelo educativo y pedag\u00f3gico","description":"Universidad de las Artes - Modelo educativo y pedag\u00f3gico","robots":{"index":"index","follow":"follow","max-snippet":"max-snippet:-1","max-image-preview":"max-image-preview:large","max-video-preview":"max-video-preview:-1"},"canonical":"https:\/\/www.uartes.edu.ec\/sitio\/fr\/modelo-educativo\/","og_locale":"fr_FR","og_type":"article","og_title":"Universidad de las Artes - Modelo educativo y pedag\u00f3gico","og_description":"Universidad de las Artes - Modelo educativo y pedag\u00f3gico","og_url":"https:\/\/www.uartes.edu.ec\/sitio\/fr\/modelo-educativo\/","og_site_name":"Universidad de las Artes","article_publisher":"https:\/\/www.facebook.com\/uartesec","article_modified_time":"2025-07-22T14:05:02+00:00","og_image":[{"url":"https:\/\/www.uartes.edu.ec\/sitio\/wp-content\/uploads\/2024\/05\/16-MODELO-PEDAGOGICO-UARTES-644x429.jpg","type":"","width":"","height":""}],"twitter_card":"summary_large_image","twitter_site":"@uartesec","twitter_misc":{"Dur\u00e9e de lecture estim\u00e9e":"2 minutes"},"schema":{"@context":"https:\/\/schema.org","@graph":[{"@type":"WebPage","@id":"https:\/\/www.uartes.edu.ec\/sitio\/fr\/modelo-educativo\/","url":"https:\/\/www.uartes.edu.ec\/sitio\/fr\/modelo-educativo\/","name":"Universidad de las Artes - Modelo educativo y pedag\u00f3gico","isPartOf":{"@id":"https:\/\/www.uartes.edu.ec\/sitio\/fr\/#website"},"primaryImageOfPage":{"@id":"https:\/\/www.uartes.edu.ec\/sitio\/fr\/modelo-educativo\/#primaryimage"},"image":{"@id":"https:\/\/www.uartes.edu.ec\/sitio\/fr\/modelo-educativo\/#primaryimage"},"thumbnailUrl":"https:\/\/www.uartes.edu.ec\/sitio\/wp-content\/uploads\/2024\/05\/16-MODELO-PEDAGOGICO-UARTES-644x429.jpg","datePublished":"2024-05-28T15:16:13+00:00","dateModified":"2025-07-22T14:05:02+00:00","description":"Universidad de las Artes - Modelo educativo y pedag\u00f3gico","breadcrumb":{"@id":"https:\/\/www.uartes.edu.ec\/sitio\/fr\/modelo-educativo\/#breadcrumb"},"inLanguage":"fr-FR","potentialAction":[{"@type":"ReadAction","target":["https:\/\/www.uartes.edu.ec\/sitio\/fr\/modelo-educativo\/"]}]},{"@type":"ImageObject","inLanguage":"fr-FR","@id":"https:\/\/www.uartes.edu.ec\/sitio\/fr\/modelo-educativo\/#primaryimage","url":"https:\/\/www.uartes.edu.ec\/sitio\/wp-content\/uploads\/2024\/05\/16-MODELO-PEDAGOGICO-UARTES-644x429.jpg","contentUrl":"https:\/\/www.uartes.edu.ec\/sitio\/wp-content\/uploads\/2024\/05\/16-MODELO-PEDAGOGICO-UARTES-644x429.jpg"},{"@type":"BreadcrumbList","@id":"https:\/\/www.uartes.edu.ec\/sitio\/fr\/modelo-educativo\/#breadcrumb","itemListElement":[{"@type":"ListItem","position":1,"name":"Inicio","item":"https:\/\/www.uartes.edu.ec\/sitio\/"},{"@type":"ListItem","position":2,"name":"Universidad de las Artes","item":"https:\/\/www.uartes.edu.ec\/sitio\/"},{"@type":"ListItem","position":3,"name":"La Universidad","item":"https:\/\/www.uartes.edu.ec\/sitio\/la-universidad\/la-universidad\/"},{"@type":"ListItem","position":4,"name":"Modelo educativo y pedag\u00f3gico"}]},{"@type":"WebSite","@id":"https:\/\/www.uartes.edu.ec\/sitio\/fr\/#website","url":"https:\/\/www.uartes.edu.ec\/sitio\/fr\/","name":"Universidad de las Artes","description":"Sitio oficial de la Universidad Nacional de las Artes del Ecuador","publisher":{"@id":"https:\/\/www.uartes.edu.ec\/sitio\/fr\/#organization"},"potentialAction":[{"@type":"SearchAction","target":{"@type":"EntryPoint","urlTemplate":"https:\/\/www.uartes.edu.ec\/sitio\/fr\/?s={search_term_string}"},"query-input":{"@type":"PropertyValueSpecification","valueRequired":true,"valueName":"search_term_string"}}],"inLanguage":"fr-FR"},{"@type":"Organization","@id":"https:\/\/www.uartes.edu.ec\/sitio\/fr\/#organization","name":"Universidad de las Artes","url":"https:\/\/www.uartes.edu.ec\/sitio\/fr\/","logo":{"@type":"ImageObject","inLanguage":"fr-FR","@id":"https:\/\/www.uartes.edu.ec\/sitio\/fr\/#\/schema\/logo\/image\/","url":"https:\/\/www.uartes.edu.ec\/sitio\/wp-content\/uploads\/2022\/07\/logo-ua-horizontal.png","contentUrl":"https:\/\/www.uartes.edu.ec\/sitio\/wp-content\/uploads\/2022\/07\/logo-ua-horizontal.png","width":800,"height":276,"caption":"Universidad de las Artes"},"image":{"@id":"https:\/\/www.uartes.edu.ec\/sitio\/fr\/#\/schema\/logo\/image\/"},"sameAs":["https:\/\/www.facebook.com\/uartesec","https:\/\/x.com\/uartesec","https:\/\/www.tiktok.com\/@uartesec"]}]}},"uagb_featured_image_src":{"full":false,"thumbnail":false,"medium":false,"medium_large":false,"large":false,"1536x1536":false,"2048x2048":false,"trp-custom-language-flag":false,"htmega_size_585x295":false,"htmega_size_1170x536":false,"htmega_size_396x360":false,"gb-block-post-grid-landscape":false,"gb-block-post-grid-square":false,"university-hub-thumb":false},"uagb_author_info":{"display_name":"Universidad de las Artes","author_link":"https:\/\/www.uartes.edu.ec\/sitio\/fr\/blog\/author\/dircomadm\/"},"uagb_comment_info":0,"uagb_excerpt":"Modelo educativo El modelo educativo de la Universidad de las Artes define los horizontes filos\u00f3ficos de nuestra labor, \u00ad\u00adalineados con la visi\u00f3n, misi\u00f3n y los principios \u00e9ticos y rectores\u00ad\u00ad de la instituci\u00f3n. Este modelo proporciona un marco claro que orienta las actividades acad\u00e9micas y creativas, articuladas en las tres funciones sustantivas de la educaci\u00f3n superior:\u2026","featured_image_src":null,"featured_image_src_square":null,"publishpress_future_action":{"enabled":false,"date":"2026-05-10 03:43:41","action":"change-status","newStatus":"draft","terms":[],"taxonomy":"","extraData":[]},"publishpress_future_workflow_manual_trigger":{"enabledWorkflows":[]},"distributor_meta":false,"distributor_terms":false,"distributor_media":false,"distributor_original_site_name":"Universidad de las Artes","distributor_original_site_url":"https:\/\/www.uartes.edu.ec\/sitio\/fr","push-errors":false,"_links":{"self":[{"href":"https:\/\/www.uartes.edu.ec\/sitio\/fr\/wp-json\/wp\/v2\/pages\/54472","targetHints":{"allow":["GET"]}}],"collection":[{"href":"https:\/\/www.uartes.edu.ec\/sitio\/fr\/wp-json\/wp\/v2\/pages"}],"about":[{"href":"https:\/\/www.uartes.edu.ec\/sitio\/fr\/wp-json\/wp\/v2\/types\/page"}],"author":[{"embeddable":true,"href":"https:\/\/www.uartes.edu.ec\/sitio\/fr\/wp-json\/wp\/v2\/users\/1"}],"replies":[{"embeddable":true,"href":"https:\/\/www.uartes.edu.ec\/sitio\/fr\/wp-json\/wp\/v2\/comments?post=54472"}],"version-history":[{"count":28,"href":"https:\/\/www.uartes.edu.ec\/sitio\/fr\/wp-json\/wp\/v2\/pages\/54472\/revisions"}],"predecessor-version":[{"id":75037,"href":"https:\/\/www.uartes.edu.ec\/sitio\/fr\/wp-json\/wp\/v2\/pages\/54472\/revisions\/75037"}],"up":[{"embeddable":true,"href":"https:\/\/www.uartes.edu.ec\/sitio\/fr\/wp-json\/wp\/v2\/pages\/2989"}],"wp:attachment":[{"href":"https:\/\/www.uartes.edu.ec\/sitio\/fr\/wp-json\/wp\/v2\/media?parent=54472"}],"curies":[{"name":"wp","href":"https:\/\/api.w.org\/{rel}","templated":true}]}}