{"id":64786,"date":"2024-11-18T16:26:16","date_gmt":"2024-11-18T21:26:16","guid":{"rendered":"https:\/\/www.uartes.edu.ec\/sitio\/la-universidad\/estudiantes\/bienestar-universitario\/programas-y-proyectos\/"},"modified":"2025-02-05T11:01:34","modified_gmt":"2025-02-05T16:01:34","slug":"programas-y-proyectos","status":"publish","type":"page","link":"https:\/\/www.uartes.edu.ec\/sitio\/fr\/la-universidad\/estudiantes\/bienestar-universitario\/programas-y-proyectos\/","title":{"rendered":"Programmes et Projets"},"content":{"rendered":"<p>Le Secr\u00e9tariat du Bien-\u00eatre de l'Universit\u00e9 assure la prise en charge et le suivi des \u00e9tudiants ayant des besoins \u00e9ducatifs sp\u00e9ciaux (SEN) associ\u00e9s ou non \u00e0 un handicap. Il a pour objectif d'orienter les efforts n\u00e9cessaires pour rendre op\u00e9rationnelle et efficace l'attention port\u00e9e \u00e0 tous les acteurs qui composent la communaut\u00e9 de l'Universit\u00e9 des Arts, y compris les besoins \u00e9ducatifs sp\u00e9ciaux, qu'ils soient temporaires ou permanents.<\/p>\n\n\n\n<p>Ainsi, la SBU g\u00e9n\u00e8re des projets et des programmes pour r\u00e9pondre aux besoins \u00e9ducatifs sp\u00e9ciaux de la communaut\u00e9 de l'UArts qui le n\u00e9cessitent, comme c'est le cas pour les personnes handicap\u00e9es.<\/p>\n\n\n\n<h3 class=\"wp-block-heading\">Programmes en cours<\/h3>\n\n\n\n<div style=\"height:30px\" aria-hidden=\"true\" class=\"wp-block-spacer\"><\/div>\n\n\n\n<figure class=\"wp-block-table is-style-stripes\"><table><tbody><tr><td>Programme de pr\u00e9vention et d'intervention contre le harc\u00e8lement \u00e0 l'Universit\u00e9 des Arts<\/td><td>Programme psycho-\u00e9ducatif visant \u00e0 pr\u00e9venir et \u00e0 intervenir dans les situations acad\u00e9miques qui g\u00e9n\u00e8rent du harc\u00e8lement dans les locaux de l'universit\u00e9.<\/td><\/tr><tr><td>Plan de bien-\u00eatre \u00e0 l\u2019universit\u00e9<\/td><td>Reconna\u00eetre les membres de la communaut\u00e9 universitaire dans toutes ses dimensions comme un \u00eatre int\u00e9gral, en promouvant un \u00e9quilibre qui contribue \u00e0 leur bien-\u00eatre et en mettant en \u0153uvre des strat\u00e9gies qui recherchent continuellement le bien-\u00eatre et l'excellence dans les services offerts par l'Universit\u00e9 des Arts.<\/td><\/tr><tr><td>Programme de pr\u00e9vention globale de la consommation et de l'abus d'alcool, de tabac et d'autres drogues<\/td><td>Promouvoir des initiatives pr\u00e9ventives et \u00e9ducatives contre la consommation et l'abus de boissons alcoolis\u00e9es, de tabac et d'autres drogues, et encourager des pratiques de vie saines au sein de la communaut\u00e9 universitaire. Ces activit\u00e9s, ainsi que d'autres, sont des strat\u00e9gies visant \u00e0 pr\u00e9server et \u00e0 am\u00e9liorer la sant\u00e9 et le bien-\u00eatre dans les environnements acad\u00e9miques et de travail de l'Universit\u00e9 des Arts.<\/td><\/tr><tr><td>Programme APOYARTE<\/td><td>Comme son nom l'indique, ce programme vise \u00e0 soutenir les besoins des \u00e9tudiants en situation de vuln\u00e9rabilit\u00e9 \u00e9conomique, en leur offrant des avantages transformateurs qui contribuent \u00e0 leur bien-\u00eatre et \u00e0 leur permanence pendant leur processus d'enseignement et d'apprentissage \u00e0 l'Universit\u00e9 des Arts.<\/td><\/tr><tr><td>Protocole d'orientation professionnelle pour le changement de carri\u00e8re<\/td><td>Orienter l'\u00e9tudiant de mani\u00e8re opportune dans l'exercice de r\u00e9flexion et d'auto-analyse pr\u00e9alable et n\u00e9cessaire \u00e0 la demande de changement de carri\u00e8re.<\/td><\/tr><tr><td>Plan de sant\u00e9 du d\u00e9partement de sant\u00e9 de l'universit\u00e9<\/td><td>Promouvoir la pr\u00e9vention et la promotion de la sant\u00e9 int\u00e9grale de la communaut\u00e9 universitaire.<\/td><\/tr><tr><td>Proc\u00e9dure d'intervention en cas d'urgence m\u00e9dicale<\/td><td>Plan visant \u00e0 r\u00e9duire au minimum le d\u00e9lai entre la survenue de l'urgence et le d\u00e9but des soins m\u00e9dicaux, ainsi qu'\u00e0 garantir un environnement s\u00fbr pour les personnes concern\u00e9es et le personnel de sant\u00e9 qui dispense les soins.<\/td><\/tr><tr><td>Proc\u00e9dure de validation des certificats m\u00e9dicaux externes<\/td><td>Joindre des documents<\/td><\/tr><tr><td>Lignes directrices pour l'attention port\u00e9e aux \u00e9tudiants ayant des besoins \u00e9ducatifs sp\u00e9ciaux (SEN) associ\u00e9s ou non \u00e0 un handicap<\/td><td>Outil qui contribue au droit effectif \u00e0 l'\u00e9ducation, \u00e0 l'\u00e9galit\u00e9 des chances, \u00e0 la participation et \u00e0 la non-discrimination des personnes ayant des besoins \u00e9ducatifs sp\u00e9ciaux (SEN) associ\u00e9s ou non \u00e0 un handicap, en garantissant leur acc\u00e8s, leur permanence et l'obtention d'un dipl\u00f4me \u00e0 l'Universit\u00e9 des Arts.<\/td><\/tr><tr><td>Programme OrientArte<\/td><td>Conseils et orientation pour guider les \u00e9tudiants de l'Universit\u00e9 des Arts vers le d\u00e9veloppement et l'autonomisation de leurs talents et comp\u00e9tences pour la construction de projets de vie significatifs, et une insertion efficace dans les sph\u00e8res du travail et de l'art.<\/td><\/tr><tr><td>Programme des clubs universitaires<\/td><td>Le programme CLUAB vise \u00e0 cr\u00e9er des espaces dont les activit\u00e9s d'int\u00e9r\u00eat commun entre ses membres permettent de renforcer les liens, l'affection et la connaissance ; \u00e0 promouvoir l'int\u00e9gration, les opportunit\u00e9s de croissance, la cr\u00e9ation d'un sens de la communaut\u00e9, le d\u00e9veloppement de la communaut\u00e9 et les liens sociaux.<\/td><\/tr><\/tbody><\/table><\/figure>\n\n\n\n<div style=\"height:60px\" aria-hidden=\"true\" class=\"wp-block-spacer\"><\/div>\n\n\n<div class='w3eden wpdm_packages_shortcode'>\n    <div class=''>\n\n        \n        <div id=\"content_wpdm_package_1\">\n            <div class='row'><div class='col-lg-12 col-md-6 col-12'><!-- WPDM Link Template: Call to Action 2 -->\n\n<div class=\"well c2a2\">\n    <div class=\"media\">\n        <div class=\"pull-left\" align=\"left\" style=\"margin-right: 10px\">\n            <a class='wpdm-download-link download-on-click btn btn-primary btn-sm'  rel='nofollow' href='#' data-downloadurl=\"https:\/\/www.uartes.edu.ec\/sitio\/fr\/download\/plan-de-bienestar-universitario\/?wpdmdl=64795&refresh=69f4fefb3d7f71777663739\">T\u00e9l\u00e9charger<\/a>\n        <\/div>\n\n        <div class=\"media-body\">\n            <h3 class=\"media-heading\" style=\"padding-top: 0px;border:0px;margin: 0 0 5px 0;font-size:12pt;\"><a style=\"font-weight: 700\" href=\"https:\/\/www.uartes.edu.ec\/sitio\/fr\/download\/plan-de-bienestar-universitario\/\">Plan de bien-\u00eatre \u00e0 l\u2019universit\u00e9<\/a> <span style=\"margin-left:30px;font-size:8pt;font-weight:300\"><i style=\"margin: 2px 0 0 5px;opacity:0.5\" class=\"fa fa-th-large\"><\/i> 631.69 KB <i style=\"margin: 2px 0 0 5px;opacity:0.5\" class=\"fa fa-download\"><\/i> 877 downloads<\/span><\/h3>\n            ...\n        <\/div>\n\n    <\/div>\n\n<\/div>\n<style>.well.c2a2 .btn.wpdm-download-link{ padding: 11px 30px;font-size: 11pt; } .well.c2a2 .media-body{ font-size: 11pt; }<\/style><\/div><\/div>            <div style='clear:both'><\/div><div class='text-center'><ul class='pagination wpdm-pagination pagination-centered text-center'><\/ul><\/div><div style='clear:both'><\/div>        <\/div>\n\n        <div style='clear:both'><\/div>\n    <\/div>\n<\/div>","protected":false},"excerpt":{"rendered":"<p>La Secretar\u00eda de Bienestar Universitario brinda atenci\u00f3n y seguimiento a estudiantes con necesidades educativas especiales (NEE) asociadas o no a la discapacidad. Tiene por objeto dirigir los esfuerzos necesarios, para hacer operativa, y eficiente una atenci\u00f3n que involucre a todos los actores que integran la comunidad de la Universidad de las Artes, incluye las necesidades [&hellip;]<\/p>\n","protected":false},"author":1,"featured_media":64879,"parent":62502,"menu_order":1,"comment_status":"closed","ping_status":"closed","template":"","meta":{"_acf_changed":false,"_uag_custom_page_level_css":"","_monsterinsights_skip_tracking":false,"_monsterinsights_sitenote_active":false,"_monsterinsights_sitenote_note":"","_monsterinsights_sitenote_category":0,"cybocfi_hide_featured_image":"","footnotes":""},"class_list":["post-64786","page","type-page","status-publish","has-post-thumbnail","hentry"],"acf":[],"yoast_head":"<!-- This site is optimized with the Yoast SEO plugin v27.4 - https:\/\/yoast.com\/product\/yoast-seo-wordpress\/ -->\n<title>Universidad de las Artes - Programas y Proyectos<\/title>\n<meta name=\"description\" content=\"Universidad de las Artes - Programas y Proyectos\" \/>\n<meta name=\"robots\" content=\"index, follow, max-snippet:-1, max-image-preview:large, max-video-preview:-1\" \/>\n<link rel=\"canonical\" href=\"https:\/\/www.uartes.edu.ec\/sitio\/fr\/la-universidad\/estudiantes\/bienestar-universitario\/programas-y-proyectos\/\" \/>\n<meta property=\"og:locale\" content=\"fr_FR\" \/>\n<meta property=\"og:type\" content=\"article\" \/>\n<meta property=\"og:title\" content=\"Universidad de las Artes - Programas y Proyectos\" \/>\n<meta property=\"og:description\" content=\"Universidad de las Artes - Programas y Proyectos\" \/>\n<meta property=\"og:url\" content=\"https:\/\/www.uartes.edu.ec\/sitio\/fr\/la-universidad\/estudiantes\/bienestar-universitario\/programas-y-proyectos\/\" \/>\n<meta property=\"og:site_name\" content=\"Universidad de las Artes\" \/>\n<meta property=\"article:publisher\" content=\"https:\/\/www.facebook.com\/uartesec\" \/>\n<meta property=\"article:modified_time\" content=\"2025-02-05T16:01:34+00:00\" \/>\n<meta property=\"og:image\" content=\"https:\/\/www.uartes.edu.ec\/sitio\/wp-content\/uploads\/2024\/11\/danza-bienestar.jpg\" \/>\n\t<meta property=\"og:image:width\" content=\"2000\" \/>\n\t<meta property=\"og:image:height\" content=\"1333\" \/>\n\t<meta property=\"og:image:type\" content=\"image\/jpeg\" \/>\n<meta name=\"twitter:card\" content=\"summary_large_image\" \/>\n<meta name=\"twitter:site\" content=\"@uartesec\" \/>\n<meta name=\"twitter:label1\" content=\"Dur\u00e9e de lecture estim\u00e9e\" \/>\n\t<meta name=\"twitter:data1\" content=\"3 minutes\" \/>\n<script type=\"application\/ld+json\" class=\"yoast-schema-graph\">{\"@context\":\"https:\\\/\\\/schema.org\",\"@graph\":[{\"@type\":\"WebPage\",\"@id\":\"https:\\\/\\\/www.uartes.edu.ec\\\/sitio\\\/fr\\\/la-universidad\\\/estudiantes\\\/bienestar-universitario\\\/programas-y-proyectos\\\/\",\"url\":\"https:\\\/\\\/www.uartes.edu.ec\\\/sitio\\\/fr\\\/la-universidad\\\/estudiantes\\\/bienestar-universitario\\\/programas-y-proyectos\\\/\",\"name\":\"Universidad de las Artes - Programas y Proyectos\",\"isPartOf\":{\"@id\":\"https:\\\/\\\/www.uartes.edu.ec\\\/sitio\\\/fr\\\/#website\"},\"primaryImageOfPage\":{\"@id\":\"https:\\\/\\\/www.uartes.edu.ec\\\/sitio\\\/fr\\\/la-universidad\\\/estudiantes\\\/bienestar-universitario\\\/programas-y-proyectos\\\/#primaryimage\"},\"image\":{\"@id\":\"https:\\\/\\\/www.uartes.edu.ec\\\/sitio\\\/fr\\\/la-universidad\\\/estudiantes\\\/bienestar-universitario\\\/programas-y-proyectos\\\/#primaryimage\"},\"thumbnailUrl\":\"https:\\\/\\\/www.uartes.edu.ec\\\/sitio\\\/wp-content\\\/uploads\\\/2024\\\/11\\\/danza-bienestar.jpg\",\"datePublished\":\"2024-11-18T21:26:16+00:00\",\"dateModified\":\"2025-02-05T16:01:34+00:00\",\"description\":\"Universidad de las Artes - Programas y Proyectos\",\"breadcrumb\":{\"@id\":\"https:\\\/\\\/www.uartes.edu.ec\\\/sitio\\\/fr\\\/la-universidad\\\/estudiantes\\\/bienestar-universitario\\\/programas-y-proyectos\\\/#breadcrumb\"},\"inLanguage\":\"fr-FR\",\"potentialAction\":[{\"@type\":\"ReadAction\",\"target\":[\"https:\\\/\\\/www.uartes.edu.ec\\\/sitio\\\/fr\\\/la-universidad\\\/estudiantes\\\/bienestar-universitario\\\/programas-y-proyectos\\\/\"]}]},{\"@type\":\"ImageObject\",\"inLanguage\":\"fr-FR\",\"@id\":\"https:\\\/\\\/www.uartes.edu.ec\\\/sitio\\\/fr\\\/la-universidad\\\/estudiantes\\\/bienestar-universitario\\\/programas-y-proyectos\\\/#primaryimage\",\"url\":\"https:\\\/\\\/www.uartes.edu.ec\\\/sitio\\\/wp-content\\\/uploads\\\/2024\\\/11\\\/danza-bienestar.jpg\",\"contentUrl\":\"https:\\\/\\\/www.uartes.edu.ec\\\/sitio\\\/wp-content\\\/uploads\\\/2024\\\/11\\\/danza-bienestar.jpg\",\"width\":2000,\"height\":1333},{\"@type\":\"BreadcrumbList\",\"@id\":\"https:\\\/\\\/www.uartes.edu.ec\\\/sitio\\\/fr\\\/la-universidad\\\/estudiantes\\\/bienestar-universitario\\\/programas-y-proyectos\\\/#breadcrumb\",\"itemListElement\":[{\"@type\":\"ListItem\",\"position\":1,\"name\":\"Inicio\",\"item\":\"https:\\\/\\\/www.uartes.edu.ec\\\/sitio\\\/\"},{\"@type\":\"ListItem\",\"position\":2,\"name\":\"Universidad de las Artes\",\"item\":\"https:\\\/\\\/www.uartes.edu.ec\\\/sitio\\\/\"},{\"@type\":\"ListItem\",\"position\":3,\"name\":\"Estudiantes\",\"item\":\"https:\\\/\\\/www.uartes.edu.ec\\\/sitio\\\/la-universidad\\\/estudiantes\\\/\"},{\"@type\":\"ListItem\",\"position\":4,\"name\":\"Bienestar Universitario\",\"item\":\"https:\\\/\\\/www.uartes.edu.ec\\\/sitio\\\/bienestar-universitario\\\/\"},{\"@type\":\"ListItem\",\"position\":5,\"name\":\"Programas y Proyectos\"}]},{\"@type\":\"WebSite\",\"@id\":\"https:\\\/\\\/www.uartes.edu.ec\\\/sitio\\\/fr\\\/#website\",\"url\":\"https:\\\/\\\/www.uartes.edu.ec\\\/sitio\\\/fr\\\/\",\"name\":\"Universidad de las Artes\",\"description\":\"Sitio oficial de la Universidad Nacional de las Artes del Ecuador\",\"publisher\":{\"@id\":\"https:\\\/\\\/www.uartes.edu.ec\\\/sitio\\\/fr\\\/#organization\"},\"potentialAction\":[{\"@type\":\"SearchAction\",\"target\":{\"@type\":\"EntryPoint\",\"urlTemplate\":\"https:\\\/\\\/www.uartes.edu.ec\\\/sitio\\\/fr\\\/?s={search_term_string}\"},\"query-input\":{\"@type\":\"PropertyValueSpecification\",\"valueRequired\":true,\"valueName\":\"search_term_string\"}}],\"inLanguage\":\"fr-FR\"},{\"@type\":\"Organization\",\"@id\":\"https:\\\/\\\/www.uartes.edu.ec\\\/sitio\\\/fr\\\/#organization\",\"name\":\"Universidad de las Artes\",\"url\":\"https:\\\/\\\/www.uartes.edu.ec\\\/sitio\\\/fr\\\/\",\"logo\":{\"@type\":\"ImageObject\",\"inLanguage\":\"fr-FR\",\"@id\":\"https:\\\/\\\/www.uartes.edu.ec\\\/sitio\\\/fr\\\/#\\\/schema\\\/logo\\\/image\\\/\",\"url\":\"https:\\\/\\\/www.uartes.edu.ec\\\/sitio\\\/wp-content\\\/uploads\\\/2022\\\/07\\\/logo-ua-horizontal.png\",\"contentUrl\":\"https:\\\/\\\/www.uartes.edu.ec\\\/sitio\\\/wp-content\\\/uploads\\\/2022\\\/07\\\/logo-ua-horizontal.png\",\"width\":800,\"height\":276,\"caption\":\"Universidad de las Artes\"},\"image\":{\"@id\":\"https:\\\/\\\/www.uartes.edu.ec\\\/sitio\\\/fr\\\/#\\\/schema\\\/logo\\\/image\\\/\"},\"sameAs\":[\"https:\\\/\\\/www.facebook.com\\\/uartesec\",\"https:\\\/\\\/x.com\\\/uartesec\",\"https:\\\/\\\/www.tiktok.com\\\/@uartesec\"]}]}<\/script>\n<!-- \/ Yoast SEO plugin. -->","yoast_head_json":{"title":"Universidad de las Artes - Programas y Proyectos","description":"Universidad de las Artes - Programas y Proyectos","robots":{"index":"index","follow":"follow","max-snippet":"max-snippet:-1","max-image-preview":"max-image-preview:large","max-video-preview":"max-video-preview:-1"},"canonical":"https:\/\/www.uartes.edu.ec\/sitio\/fr\/la-universidad\/estudiantes\/bienestar-universitario\/programas-y-proyectos\/","og_locale":"fr_FR","og_type":"article","og_title":"Universidad de las Artes - Programas y Proyectos","og_description":"Universidad de las Artes - Programas y Proyectos","og_url":"https:\/\/www.uartes.edu.ec\/sitio\/fr\/la-universidad\/estudiantes\/bienestar-universitario\/programas-y-proyectos\/","og_site_name":"Universidad de las Artes","article_publisher":"https:\/\/www.facebook.com\/uartesec","article_modified_time":"2025-02-05T16:01:34+00:00","og_image":[{"width":2000,"height":1333,"url":"https:\/\/www.uartes.edu.ec\/sitio\/wp-content\/uploads\/2024\/11\/danza-bienestar.jpg","type":"image\/jpeg"}],"twitter_card":"summary_large_image","twitter_site":"@uartesec","twitter_misc":{"Dur\u00e9e de lecture estim\u00e9e":"3 minutes"},"schema":{"@context":"https:\/\/schema.org","@graph":[{"@type":"WebPage","@id":"https:\/\/www.uartes.edu.ec\/sitio\/fr\/la-universidad\/estudiantes\/bienestar-universitario\/programas-y-proyectos\/","url":"https:\/\/www.uartes.edu.ec\/sitio\/fr\/la-universidad\/estudiantes\/bienestar-universitario\/programas-y-proyectos\/","name":"Universidad de las Artes - Programas y Proyectos","isPartOf":{"@id":"https:\/\/www.uartes.edu.ec\/sitio\/fr\/#website"},"primaryImageOfPage":{"@id":"https:\/\/www.uartes.edu.ec\/sitio\/fr\/la-universidad\/estudiantes\/bienestar-universitario\/programas-y-proyectos\/#primaryimage"},"image":{"@id":"https:\/\/www.uartes.edu.ec\/sitio\/fr\/la-universidad\/estudiantes\/bienestar-universitario\/programas-y-proyectos\/#primaryimage"},"thumbnailUrl":"https:\/\/www.uartes.edu.ec\/sitio\/wp-content\/uploads\/2024\/11\/danza-bienestar.jpg","datePublished":"2024-11-18T21:26:16+00:00","dateModified":"2025-02-05T16:01:34+00:00","description":"Universidad de las Artes - Programas y Proyectos","breadcrumb":{"@id":"https:\/\/www.uartes.edu.ec\/sitio\/fr\/la-universidad\/estudiantes\/bienestar-universitario\/programas-y-proyectos\/#breadcrumb"},"inLanguage":"fr-FR","potentialAction":[{"@type":"ReadAction","target":["https:\/\/www.uartes.edu.ec\/sitio\/fr\/la-universidad\/estudiantes\/bienestar-universitario\/programas-y-proyectos\/"]}]},{"@type":"ImageObject","inLanguage":"fr-FR","@id":"https:\/\/www.uartes.edu.ec\/sitio\/fr\/la-universidad\/estudiantes\/bienestar-universitario\/programas-y-proyectos\/#primaryimage","url":"https:\/\/www.uartes.edu.ec\/sitio\/wp-content\/uploads\/2024\/11\/danza-bienestar.jpg","contentUrl":"https:\/\/www.uartes.edu.ec\/sitio\/wp-content\/uploads\/2024\/11\/danza-bienestar.jpg","width":2000,"height":1333},{"@type":"BreadcrumbList","@id":"https:\/\/www.uartes.edu.ec\/sitio\/fr\/la-universidad\/estudiantes\/bienestar-universitario\/programas-y-proyectos\/#breadcrumb","itemListElement":[{"@type":"ListItem","position":1,"name":"Inicio","item":"https:\/\/www.uartes.edu.ec\/sitio\/"},{"@type":"ListItem","position":2,"name":"Universidad de las Artes","item":"https:\/\/www.uartes.edu.ec\/sitio\/"},{"@type":"ListItem","position":3,"name":"Estudiantes","item":"https:\/\/www.uartes.edu.ec\/sitio\/la-universidad\/estudiantes\/"},{"@type":"ListItem","position":4,"name":"Bienestar Universitario","item":"https:\/\/www.uartes.edu.ec\/sitio\/bienestar-universitario\/"},{"@type":"ListItem","position":5,"name":"Programas y Proyectos"}]},{"@type":"WebSite","@id":"https:\/\/www.uartes.edu.ec\/sitio\/fr\/#website","url":"https:\/\/www.uartes.edu.ec\/sitio\/fr\/","name":"Universidad de las Artes","description":"Sitio oficial de la Universidad Nacional de las Artes del Ecuador","publisher":{"@id":"https:\/\/www.uartes.edu.ec\/sitio\/fr\/#organization"},"potentialAction":[{"@type":"SearchAction","target":{"@type":"EntryPoint","urlTemplate":"https:\/\/www.uartes.edu.ec\/sitio\/fr\/?s={search_term_string}"},"query-input":{"@type":"PropertyValueSpecification","valueRequired":true,"valueName":"search_term_string"}}],"inLanguage":"fr-FR"},{"@type":"Organization","@id":"https:\/\/www.uartes.edu.ec\/sitio\/fr\/#organization","name":"Universidad de las Artes","url":"https:\/\/www.uartes.edu.ec\/sitio\/fr\/","logo":{"@type":"ImageObject","inLanguage":"fr-FR","@id":"https:\/\/www.uartes.edu.ec\/sitio\/fr\/#\/schema\/logo\/image\/","url":"https:\/\/www.uartes.edu.ec\/sitio\/wp-content\/uploads\/2022\/07\/logo-ua-horizontal.png","contentUrl":"https:\/\/www.uartes.edu.ec\/sitio\/wp-content\/uploads\/2022\/07\/logo-ua-horizontal.png","width":800,"height":276,"caption":"Universidad de las Artes"},"image":{"@id":"https:\/\/www.uartes.edu.ec\/sitio\/fr\/#\/schema\/logo\/image\/"},"sameAs":["https:\/\/www.facebook.com\/uartesec","https:\/\/x.com\/uartesec","https:\/\/www.tiktok.com\/@uartesec"]}]}},"uagb_featured_image_src":{"full":["https:\/\/www.uartes.edu.ec\/sitio\/wp-content\/uploads\/2024\/11\/danza-bienestar.jpg",2000,1333,false],"thumbnail":["https:\/\/www.uartes.edu.ec\/sitio\/wp-content\/uploads\/2024\/11\/danza-bienestar-150x150.jpg",150,150,true],"medium":["https:\/\/www.uartes.edu.ec\/sitio\/wp-content\/uploads\/2024\/11\/danza-bienestar-300x200.jpg",300,200,true],"medium_large":["https:\/\/www.uartes.edu.ec\/sitio\/wp-content\/uploads\/2024\/11\/danza-bienestar-768x512.jpg",768,512,true],"large":["https:\/\/www.uartes.edu.ec\/sitio\/wp-content\/uploads\/2024\/11\/danza-bienestar-644x429.jpg",644,429,true],"1536x1536":["https:\/\/www.uartes.edu.ec\/sitio\/wp-content\/uploads\/2024\/11\/danza-bienestar-1536x1024.jpg",1536,1024,true],"2048x2048":["https:\/\/www.uartes.edu.ec\/sitio\/wp-content\/uploads\/2024\/11\/danza-bienestar.jpg",2000,1333,false],"trp-custom-language-flag":["https:\/\/www.uartes.edu.ec\/sitio\/wp-content\/uploads\/2024\/11\/danza-bienestar-18x12.jpg",18,12,true],"htmega_size_585x295":["https:\/\/www.uartes.edu.ec\/sitio\/wp-content\/uploads\/2024\/11\/danza-bienestar-585x295.jpg",585,295,true],"htmega_size_1170x536":["https:\/\/www.uartes.edu.ec\/sitio\/wp-content\/uploads\/2024\/11\/danza-bienestar-1170x536.jpg",1170,536,true],"htmega_size_396x360":["https:\/\/www.uartes.edu.ec\/sitio\/wp-content\/uploads\/2024\/11\/danza-bienestar-396x360.jpg",396,360,true],"gb-block-post-grid-landscape":["https:\/\/www.uartes.edu.ec\/sitio\/wp-content\/uploads\/2024\/11\/danza-bienestar-600x400.jpg",600,400,true],"gb-block-post-grid-square":["https:\/\/www.uartes.edu.ec\/sitio\/wp-content\/uploads\/2024\/11\/danza-bienestar-600x600.jpg",600,600,true],"university-hub-thumb":["https:\/\/www.uartes.edu.ec\/sitio\/wp-content\/uploads\/2024\/11\/danza-bienestar-400x267.jpg",400,267,true]},"uagb_author_info":{"display_name":"Universidad de las Artes","author_link":"https:\/\/www.uartes.edu.ec\/sitio\/fr\/blog\/author\/dircomadm\/"},"uagb_comment_info":0,"uagb_excerpt":"La Secretar\u00eda de Bienestar Universitario brinda atenci\u00f3n y seguimiento a estudiantes con necesidades educativas especiales (NEE) asociadas o no a la discapacidad. Tiene por objeto dirigir los esfuerzos necesarios, para hacer operativa, y eficiente una atenci\u00f3n que involucre a todos los actores que integran la comunidad de la Universidad de las Artes, incluye las necesidades\u2026","featured_image_src":"https:\/\/www.uartes.edu.ec\/sitio\/wp-content\/uploads\/2024\/11\/danza-bienestar-600x400.jpg","featured_image_src_square":"https:\/\/www.uartes.edu.ec\/sitio\/wp-content\/uploads\/2024\/11\/danza-bienestar-600x600.jpg","publishpress_future_action":{"enabled":false,"date":"2026-05-08 14:29:00","action":"change-status","newStatus":"draft","terms":[],"taxonomy":"","extraData":[]},"publishpress_future_workflow_manual_trigger":{"enabledWorkflows":[]},"distributor_meta":false,"distributor_terms":false,"distributor_media":false,"distributor_original_site_name":"Universidad de las Artes","distributor_original_site_url":"https:\/\/www.uartes.edu.ec\/sitio\/fr","push-errors":false,"_links":{"self":[{"href":"https:\/\/www.uartes.edu.ec\/sitio\/fr\/wp-json\/wp\/v2\/pages\/64786","targetHints":{"allow":["GET"]}}],"collection":[{"href":"https:\/\/www.uartes.edu.ec\/sitio\/fr\/wp-json\/wp\/v2\/pages"}],"about":[{"href":"https:\/\/www.uartes.edu.ec\/sitio\/fr\/wp-json\/wp\/v2\/types\/page"}],"author":[{"embeddable":true,"href":"https:\/\/www.uartes.edu.ec\/sitio\/fr\/wp-json\/wp\/v2\/users\/1"}],"replies":[{"embeddable":true,"href":"https:\/\/www.uartes.edu.ec\/sitio\/fr\/wp-json\/wp\/v2\/comments?post=64786"}],"version-history":[{"count":9,"href":"https:\/\/www.uartes.edu.ec\/sitio\/fr\/wp-json\/wp\/v2\/pages\/64786\/revisions"}],"predecessor-version":[{"id":67889,"href":"https:\/\/www.uartes.edu.ec\/sitio\/fr\/wp-json\/wp\/v2\/pages\/64786\/revisions\/67889"}],"up":[{"embeddable":true,"href":"https:\/\/www.uartes.edu.ec\/sitio\/fr\/wp-json\/wp\/v2\/pages\/62502"}],"wp:featuredmedia":[{"embeddable":true,"href":"https:\/\/www.uartes.edu.ec\/sitio\/fr\/wp-json\/wp\/v2\/media\/64879"}],"wp:attachment":[{"href":"https:\/\/www.uartes.edu.ec\/sitio\/fr\/wp-json\/wp\/v2\/media?parent=64786"}],"curies":[{"name":"wp","href":"https:\/\/api.w.org\/{rel}","templated":true}]}}